{"id":17514,"date":"2025-01-06T11:18:33","date_gmt":"2025-01-06T10:18:33","guid":{"rendered":"https:\/\/syndicom.ch\/?post_type=glossar&#038;p=17514"},"modified":"2025-10-23T15:50:22","modified_gmt":"2025-10-23T13:50:22","slug":"centres-dappel-et-de-contact","status":"publish","type":"glossar","link":"https:\/\/syndicom.ch\/fr\/entree-glossaire\/centres-dappel-et-de-contact\/","title":{"rendered":"Centres d\u2019appel et de contact"},"content":{"rendered":"\n<div class=\"wp-block-group alignfull has-background-color has-primary-background-color has-text-color has-background has-link-color wp-elements-509bb12dca3438e385d034e9c6555709 is-layout-constrained wp-block-group-is-layout-constrained\">\n<div class=\"wp-block-group is-style-narrow is-layout-constrained wp-block-group-is-layout-constrained\">\n<h1 class=\"wp-block-heading\">CCT Centres d\u2019appel et de contact<\/h1>\n\n\n\n<div class=\"wp-block-columns is-layout-flex wp-container-core-columns-is-layout-9d6595d7 wp-block-columns-is-layout-flex\">\n<div class=\"wp-block-column is-layout-flow wp-block-column-is-layout-flow\" style=\"flex-basis:70%\">\n<p class=\"is-style-lead\">La convention collective de travail (CCT) a \u00e9t\u00e9 d\u00e9clar\u00e9e de force obligatoire par le Conseil f\u00e9d\u00e9ral au 1er juillet 2018 ; elle s\u2019applique donc de mani\u00e8re \u00e9gale \u00e0 toutes les entreprises de la branche, et par cons\u00e9quent aussi aux salari\u00e9-es de ces entreprises.&nbsp;<\/p>\n<\/div>\n<\/div>\n\n\n\n<div class=\"wp-block-columns is-layout-flex wp-container-core-columns-is-layout-9d6595d7 wp-block-columns-is-layout-flex\">\n<div class=\"wp-block-column is-layout-flow wp-block-column-is-layout-flow\" style=\"flex-basis:30%\">\n<p><strong>Validit\u00e9 CCT<\/strong><br>01.04.2024 &#8211; 31.12.2027<\/p>\n<\/div>\n\n\n\n<div class=\"wp-block-column is-layout-flow wp-block-column-is-layout-flow\" style=\"flex-basis:80%\">\n<div class=\"wp-block-buttons is-layout-flex wp-block-buttons-is-layout-flex\">\n<div class=\"wp-block-button is-style-external\"><a class=\"wp-block-button__link has-text-align-left wp-element-button\" href=\"https:\/\/syndicom.ch\/app\/uploads\/2024\/11\/syndiom-syndicat_2024_CCT_CC_associees.pdf\" target=\"_blank\" rel=\"noreferrer noopener\">CCT pour la branche des centres d\u2019appel et de contact<\/a><\/div>\n\n\n\n<div class=\"wp-block-button is-style-external\"><a class=\"wp-block-button__link has-text-align-left wp-element-button\" href=\"https:\/\/syndicom.ch\/app\/uploads\/2025\/01\/syndiom-syndicat_2024_CCT_CC_salaire.pdf\" target=\"_blank\" rel=\"noreferrer noopener\">Mesures salariales 2025\u20132027<\/a><\/div>\n<\/div>\n<\/div>\n\n\n\n<div class=\"wp-block-column is-layout-flow wp-block-column-is-layout-flow\" style=\"flex-basis:45%\">\n<p><\/p>\n<\/div>\n<\/div>\n<\/div>\n<\/div>\n\n\n\n<div class=\"wp-block-group alignfull has-background-background-color has-background is-layout-constrained wp-block-group-is-layout-constrained\">\n<div class=\"wp-block-group is-style-narrow is-layout-constrained wp-block-group-is-layout-constrained\">\n<div class=\"wp-block-columns has-tertiary-background-color has-background is-layout-flex wp-container-core-columns-is-layout-9d6595d7 wp-block-columns-is-layout-flex\">\n<div class=\"wp-block-column is-layout-flow wp-block-column-is-layout-flow\">\n<p>Es-tu employeur-euse et souhaites-tu savoir si ton entreprise, avec les activit\u00e9s propos\u00e9es et effectu\u00e9es, est soumise \u00e0 la convention collective de travail (CCT) d\u00e9clar\u00e9e de force obligatoire dans la branche des centres d\u2019appel et de contact ou as-tu des questions \u00e0 ce sujet?<\/p>\n\n\n\n<p>Dans ce cas, adresse-toi directement au secr\u00e9tariat comp\u00e9tent de la commission paritaire.<\/p>\n\n\n\n<p><strong><a href=\"tel:+4131 503 00 12\">031 503 00 12<\/a> &#8211; <a href=\"mailto:vollzug@syndicom.ch\">vollzug@syndicom.ch<\/a>&nbsp;&#8211; <a href=\"http:\/\/callcenter.vollzug.ch\" target=\"_blank\" rel=\"noreferrer noopener\"><\/a><a href=\"https:\/\/callcenter.vollzug.ch\/?l=fr\" target=\"_blank\" rel=\"noreferrer noopener\">callcenter.vollzug.ch<\/a><\/strong><\/p>\n<\/div>\n<\/div>\n\n\n\n<h2 class=\"wp-block-heading\">Ton syndicat de la branche des centres d&rsquo;appel et de contact<\/h2>\n\n\n\n<p>En tant que syndicat de la branche et partenaire social de contactswiss et CallNet.ch, syndicom participe au d\u00e9veloppement de la convention collective de travail (CCT) pour la branche des centres de contact et d\u2019appel. La CCT, qui s\u2019applique depuis septembre 2015, a constamment \u00e9t\u00e9 am\u00e9lior\u00e9e au fil des ann\u00e9es. Le 1er avril 2024, la CCT est entr\u00e9e en vigueur dans sa version r\u00e9vis\u00e9e.<\/p>\n\n\n\n<h2 class=\"wp-block-heading\">Progr\u00e8s pour toute une branche<\/h2>\n\n\n\n<p>Les centres de contact et d\u2019appel fournissent des prestations de toujours meilleure qualit\u00e9 pour l\u2019\u00e9conomie suisse, ce qui implique que les exigences pos\u00e9es au personnel ont augment\u00e9. Des normes minimales uniformes en mati\u00e8re de conditions de travail prot\u00e8gent le personnel de la sousench\u00e8re salariale et du dumping social. Ces normes servent aussi les entreprises, car elles fournissent une contribution \u00e0 la qualit\u00e9 et \u00e0 l\u2019attractivit\u00e9 de la branche.<\/p>\n\n\n\n<p>La t\u00e2che de syndicom consiste \u00e0 poursuivre le d\u00e9veloppement de la CCT dans l\u2019int\u00e9r\u00eat des employ\u00e9es et employ\u00e9s et de veiller avec la commission paritaire au respect des salaires et des conditions de travail d\u00e9finies dans la CCT. Pour fa\u00e7onner \u00e0 l\u2019avenir aussi le monde du travail en faveur du personnel, un syndicat fort form\u00e9 de membres actifs est indispensable.<\/p>\n\n\n\n<p>Gr\u00e2ce \u00e0 la d\u00e9claration de force obligatoire (DFO) du Conseil f\u00e9d\u00e9ral, la CCT r\u00e9git les conditions de travail de tous les collaborateurs de l\u2019ensemble de la branche. Cela signifie que les conditions de travail des travailleurs de cette branche sont r\u00e9glement\u00e9-es sur l\u2019ensemble du territoire et que des normes minimales uniformes sont fix\u00e9es. Ces normes minimales comportent un cadre contraignant pour les salaires, le temps de travail, les vacances et le maintien du salaire en cas de maladie ou d\u2019accident. <\/p>\n\n\n\n<p>Les dispositions \u00e9tendues de la CCT permettent en outre \u00e0 la commission paritaire de contr\u00f4ler et de sanctionner d\u00e9sormais par l\u2019interm\u00e9diaire de son organe d\u2019ex\u00e9cution les manquements survenus aussi dans les entreprises affili\u00e9es \u00e0 aucune association, ainsi que dans les entreprises de location de services. Cela conduit \u00e0 une am\u00e9lioration des conditions de travail pour toutes et tous.<\/p>\n<\/div>\n<\/div>\n","protected":false},"excerpt":{"rendered":"<p>CCT Centres d\u2019appel et de contact La convention collective de travail (CCT) a \u00e9t\u00e9 d\u00e9clar\u00e9e de force obligatoire par le Conseil f\u00e9d\u00e9ral au 1er juillet 2018 ; elle s\u2019applique donc de mani\u00e8re \u00e9gale \u00e0 toutes les entreprises de la branche, et par cons\u00e9quent aussi aux salari\u00e9-es de ces entreprises.&nbsp; Validit\u00e9 CCT01.04.2024 &#8211; 31.12.2027 Es-tu employeur-euse [&hellip;]<\/p>\n","protected":false},"featured_media":0,"template":"","meta":{"_acf_changed":false,"inline_featured_image":false,"_coblocks_attr":"","_coblocks_dimensions":"","_coblocks_responsive_height":"","_coblocks_accordion_ie_support":"","footnotes":""},"glossar-category":[93],"class_list":["post-17514","glossar","type-glossar","status-publish","hentry","glossar-category-gesamtarbeitsvertraege-gav-fr"],"acf":[],"yoast_head":"<!-- This site is optimized with the Yoast SEO plugin v27.3 - https:\/\/yoast.com\/product\/yoast-seo-wordpress\/ -->\n<title>Centres d\u2019appel et de contact - syndicom<\/title>\n<meta name=\"description\" content=\"Gr\u00e2ce \u00e0 l\u2019engagement tenace des membres syndicom, une CCT existe depuis 2015 dans les centres de contact et d\u2019appel.\" \/>\n<meta name=\"robots\" content=\"index, follow, max-snippet:-1, max-image-preview:large, max-video-preview:-1\" \/>\n<link rel=\"canonical\" href=\"https:\/\/syndicom.ch\/fr\/entree-glossaire\/centres-dappel-et-de-contact\/\" \/>\n<meta property=\"og:locale\" content=\"fr_FR\" \/>\n<meta property=\"og:type\" content=\"article\" \/>\n<meta property=\"og:title\" content=\"Centres d\u2019appel et de contact - syndicom\" \/>\n<meta property=\"og:description\" content=\"Gr\u00e2ce \u00e0 l\u2019engagement tenace des membres syndicom, une CCT existe depuis 2015 dans les centres de contact et d\u2019appel.\" \/>\n<meta property=\"og:url\" content=\"https:\/\/syndicom.ch\/fr\/entree-glossaire\/centres-dappel-et-de-contact\/\" \/>\n<meta property=\"og:site_name\" content=\"syndicom\" \/>\n<meta property=\"article:modified_time\" content=\"2025-10-23T13:50:22+00:00\" \/>\n<meta name=\"twitter:card\" content=\"summary_large_image\" \/>\n<script type=\"application\/ld+json\" class=\"yoast-schema-graph\">{\"@context\":\"https:\\\/\\\/schema.org\",\"@graph\":[{\"@type\":\"WebPage\",\"@id\":\"https:\\\/\\\/syndicom.ch\\\/fr\\\/entree-glossaire\\\/centres-dappel-et-de-contact\\\/\",\"url\":\"https:\\\/\\\/syndicom.ch\\\/fr\\\/entree-glossaire\\\/centres-dappel-et-de-contact\\\/\",\"name\":\"Centres d\u2019appel et de contact - syndicom\",\"isPartOf\":{\"@id\":\"https:\\\/\\\/syndicom.ch\\\/fr\\\/#website\"},\"datePublished\":\"2025-01-06T10:18:33+00:00\",\"dateModified\":\"2025-10-23T13:50:22+00:00\",\"description\":\"Gr\u00e2ce \u00e0 l\u2019engagement tenace des membres syndicom, une CCT existe depuis 2015 dans les centres de contact et d\u2019appel.\",\"breadcrumb\":{\"@id\":\"https:\\\/\\\/syndicom.ch\\\/fr\\\/entree-glossaire\\\/centres-dappel-et-de-contact\\\/#breadcrumb\"},\"inLanguage\":\"fr-FR\",\"potentialAction\":[{\"@type\":\"ReadAction\",\"target\":[\"https:\\\/\\\/syndicom.ch\\\/fr\\\/entree-glossaire\\\/centres-dappel-et-de-contact\\\/\"]}]},{\"@type\":\"BreadcrumbList\",\"@id\":\"https:\\\/\\\/syndicom.ch\\\/fr\\\/entree-glossaire\\\/centres-dappel-et-de-contact\\\/#breadcrumb\",\"itemListElement\":[{\"@type\":\"ListItem\",\"position\":1,\"name\":\"Page d'accueil\",\"item\":\"https:\\\/\\\/syndicom.ch\\\/fr\\\/\"},{\"@type\":\"ListItem\",\"position\":2,\"name\":\"Centres d\u2019appel et de contact\"}]},{\"@type\":\"WebSite\",\"@id\":\"https:\\\/\\\/syndicom.ch\\\/fr\\\/#website\",\"url\":\"https:\\\/\\\/syndicom.ch\\\/fr\\\/\",\"name\":\"syndicom\",\"description\":\"\",\"publisher\":{\"@id\":\"https:\\\/\\\/syndicom.ch\\\/fr\\\/#organization\"},\"potentialAction\":[{\"@type\":\"SearchAction\",\"target\":{\"@type\":\"EntryPoint\",\"urlTemplate\":\"https:\\\/\\\/syndicom.ch\\\/fr\\\/?s={search_term_string}\"},\"query-input\":{\"@type\":\"PropertyValueSpecification\",\"valueRequired\":true,\"valueName\":\"search_term_string\"}}],\"inLanguage\":\"fr-FR\"},{\"@type\":\"Organization\",\"@id\":\"https:\\\/\\\/syndicom.ch\\\/fr\\\/#organization\",\"name\":\"syndicom\",\"url\":\"https:\\\/\\\/syndicom.ch\\\/fr\\\/\",\"logo\":{\"@type\":\"ImageObject\",\"inLanguage\":\"fr-FR\",\"@id\":\"https:\\\/\\\/syndicom.ch\\\/fr\\\/#\\\/schema\\\/logo\\\/image\\\/\",\"url\":\"https:\\\/\\\/syndicom.ch\\\/app\\\/uploads\\\/2024\\\/06\\\/logo.svg\",\"contentUrl\":\"https:\\\/\\\/syndicom.ch\\\/app\\\/uploads\\\/2024\\\/06\\\/logo.svg\",\"width\":297,\"height\":51,\"caption\":\"syndicom\"},\"image\":{\"@id\":\"https:\\\/\\\/syndicom.ch\\\/fr\\\/#\\\/schema\\\/logo\\\/image\\\/\"}}]}<\/script>\n<!-- \/ Yoast SEO plugin. -->","yoast_head_json":{"title":"Centres d\u2019appel et de contact - syndicom","description":"Gr\u00e2ce \u00e0 l\u2019engagement tenace des membres syndicom, une CCT existe depuis 2015 dans les centres de contact et d\u2019appel.","robots":{"index":"index","follow":"follow","max-snippet":"max-snippet:-1","max-image-preview":"max-image-preview:large","max-video-preview":"max-video-preview:-1"},"canonical":"https:\/\/syndicom.ch\/fr\/entree-glossaire\/centres-dappel-et-de-contact\/","og_locale":"fr_FR","og_type":"article","og_title":"Centres d\u2019appel et de contact - syndicom","og_description":"Gr\u00e2ce \u00e0 l\u2019engagement tenace des membres syndicom, une CCT existe depuis 2015 dans les centres de contact et d\u2019appel.","og_url":"https:\/\/syndicom.ch\/fr\/entree-glossaire\/centres-dappel-et-de-contact\/","og_site_name":"syndicom","article_modified_time":"2025-10-23T13:50:22+00:00","twitter_card":"summary_large_image","schema":{"@context":"https:\/\/schema.org","@graph":[{"@type":"WebPage","@id":"https:\/\/syndicom.ch\/fr\/entree-glossaire\/centres-dappel-et-de-contact\/","url":"https:\/\/syndicom.ch\/fr\/entree-glossaire\/centres-dappel-et-de-contact\/","name":"Centres d\u2019appel et de contact - syndicom","isPartOf":{"@id":"https:\/\/syndicom.ch\/fr\/#website"},"datePublished":"2025-01-06T10:18:33+00:00","dateModified":"2025-10-23T13:50:22+00:00","description":"Gr\u00e2ce \u00e0 l\u2019engagement tenace des membres syndicom, une CCT existe depuis 2015 dans les centres de contact et d\u2019appel.","breadcrumb":{"@id":"https:\/\/syndicom.ch\/fr\/entree-glossaire\/centres-dappel-et-de-contact\/#breadcrumb"},"inLanguage":"fr-FR","potentialAction":[{"@type":"ReadAction","target":["https:\/\/syndicom.ch\/fr\/entree-glossaire\/centres-dappel-et-de-contact\/"]}]},{"@type":"BreadcrumbList","@id":"https:\/\/syndicom.ch\/fr\/entree-glossaire\/centres-dappel-et-de-contact\/#breadcrumb","itemListElement":[{"@type":"ListItem","position":1,"name":"Page d'accueil","item":"https:\/\/syndicom.ch\/fr\/"},{"@type":"ListItem","position":2,"name":"Centres d\u2019appel et de contact"}]},{"@type":"WebSite","@id":"https:\/\/syndicom.ch\/fr\/#website","url":"https:\/\/syndicom.ch\/fr\/","name":"syndicom","description":"","publisher":{"@id":"https:\/\/syndicom.ch\/fr\/#organization"},"potentialAction":[{"@type":"SearchAction","target":{"@type":"EntryPoint","urlTemplate":"https:\/\/syndicom.ch\/fr\/?s={search_term_string}"},"query-input":{"@type":"PropertyValueSpecification","valueRequired":true,"valueName":"search_term_string"}}],"inLanguage":"fr-FR"},{"@type":"Organization","@id":"https:\/\/syndicom.ch\/fr\/#organization","name":"syndicom","url":"https:\/\/syndicom.ch\/fr\/","logo":{"@type":"ImageObject","inLanguage":"fr-FR","@id":"https:\/\/syndicom.ch\/fr\/#\/schema\/logo\/image\/","url":"https:\/\/syndicom.ch\/app\/uploads\/2024\/06\/logo.svg","contentUrl":"https:\/\/syndicom.ch\/app\/uploads\/2024\/06\/logo.svg","width":297,"height":51,"caption":"syndicom"},"image":{"@id":"https:\/\/syndicom.ch\/fr\/#\/schema\/logo\/image\/"}}]}},"_links":{"self":[{"href":"https:\/\/syndicom.ch\/fr\/wp-json\/wp\/v2\/glossar\/17514","targetHints":{"allow":["GET"]}}],"collection":[{"href":"https:\/\/syndicom.ch\/fr\/wp-json\/wp\/v2\/glossar"}],"about":[{"href":"https:\/\/syndicom.ch\/fr\/wp-json\/wp\/v2\/types\/glossar"}],"version-history":[{"count":24,"href":"https:\/\/syndicom.ch\/fr\/wp-json\/wp\/v2\/glossar\/17514\/revisions"}],"predecessor-version":[{"id":49334,"href":"https:\/\/syndicom.ch\/fr\/wp-json\/wp\/v2\/glossar\/17514\/revisions\/49334"}],"wp:attachment":[{"href":"https:\/\/syndicom.ch\/fr\/wp-json\/wp\/v2\/media?parent=17514"}],"wp:term":[{"taxonomy":"glossar-category","embeddable":true,"href":"https:\/\/syndicom.ch\/fr\/wp-json\/wp\/v2\/glossar-category?post=17514"}],"curies":[{"name":"wp","href":"https:\/\/api.w.org\/{rel}","templated":true}]}}