{"id":8163,"date":"2024-09-09T16:16:41","date_gmt":"2024-09-09T14:16:41","guid":{"rendered":"https:\/\/newxeit.syndicom.ch\/?post_type=glossar&#038;p=8163"},"modified":"2025-10-24T15:23:28","modified_gmt":"2025-10-24T13:23:28","slug":"postfinance","status":"publish","type":"glossar","link":"https:\/\/syndicom.ch\/fr\/entree-glossaire\/postfinance\/","title":{"rendered":"PostFinance SA"},"content":{"rendered":"\n<div class=\"wp-block-group alignfull has-background-color has-primary-background-color has-text-color has-background has-link-color wp-elements-c3d46504355446d06677de33372cc179 is-layout-constrained wp-block-group-is-layout-constrained\">\n<div class=\"wp-block-group is-style-narrow is-layout-constrained wp-block-group-is-layout-constrained\">\n<h1 class=\"wp-block-heading\">CCT PostFinance SA<\/h1>\n\n\n\n<div class=\"wp-block-columns is-layout-flex wp-container-core-columns-is-layout-9d6595d7 wp-block-columns-is-layout-flex\">\n<div class=\"wp-block-column is-layout-flow wp-block-column-is-layout-flow\" style=\"flex-basis:70%\">\n<p class=\"is-style-lead\">Comme partenaire social, syndicom s\u2019engage pour des conditions de travail bonnes et \u00e9quitables. Il est l\u2019interlocuteur pour r\u00e9pondre aux questions sur les dispositions l\u00e9gales et les r\u00e8glements d\u2019entreprise.<\/p>\n<\/div>\n<\/div>\n\n\n\n<div class=\"wp-block-columns is-layout-flex wp-container-core-columns-is-layout-9d6595d7 wp-block-columns-is-layout-flex\">\n<div class=\"wp-block-column is-layout-flow wp-block-column-is-layout-flow\" style=\"flex-basis:30%\">\n<p><strong><strong><strong>Validit\u00e9 CCT<\/strong><\/strong><\/strong><br>01.01.2025 \u2013 31.12.2027<\/p>\n<\/div>\n\n\n\n<div class=\"wp-block-column is-layout-flow wp-block-column-is-layout-flow\" style=\"flex-basis:80%\">\n<div class=\"wp-block-buttons is-layout-flex wp-block-buttons-is-layout-flex\">\n<div class=\"wp-block-button is-style-external\"><a class=\"wp-block-button__link wp-element-button\" href=\"https:\/\/syndicom.ch\/app\/uploads\/2024\/11\/syndicom-syndicat-CCT-PostFinance-2025_fr.pdf\" target=\"_blank\" rel=\"noreferrer noopener\">CCT PostFinance SA<\/a><\/div>\n\n\n\n<div class=\"wp-block-button is-style-external\"><a class=\"wp-block-button__link wp-element-button\" href=\"https:\/\/syndicom.ch\/app\/uploads\/2025\/09\/syndicat-syndicom-sozialplan-2025-fr.pdf\" target=\"_blank\" rel=\"noreferrer noopener\">Plan social<\/a><\/div>\n<\/div>\n<\/div>\n\n\n\n<div class=\"wp-block-column is-layout-flow wp-block-column-is-layout-flow\" style=\"flex-basis:45%\">\n<p>La&nbsp;<a href=\"https:\/\/syndicom.ch\/fr\/entree-glossaire\/cct-faitiere-de-la-poste\/\" target=\"_blank\" rel=\"noreferrer noopener\"><mark style=\"background-color:rgba(0, 0, 0, 0)\" class=\"has-inline-color has-background-color\">\u21aa \u00abCCT fa\u00eeti\u00e8re\u00bb<\/mark><\/a>&nbsp;de la Poste chapeaute les CCT d\u2019entreprise.<\/p>\n<\/div>\n<\/div>\n<\/div>\n<\/div>\n\n\n\n<div class=\"wp-block-group alignfull has-background-background-color has-background is-layout-constrained wp-block-group-is-layout-constrained\">\n<div class=\"wp-block-group is-style-narrow is-layout-constrained wp-block-group-is-layout-constrained\">\n<div class=\"wp-block-columns has-tertiary-background-color has-background is-layout-flex wp-container-core-columns-is-layout-9d6595d7 wp-block-columns-is-layout-flex\">\n<div class=\"wp-block-column is-layout-flow wp-block-column-is-layout-flow\">\n<p>C&rsquo;est gr\u00e2ce \u00e0 ses nombreux membres \u00e0 la Poste que le syndicat syndicom a pu n\u00e9gocier cette convention collective de travail avec ses d\u00e9l\u00e9gu\u00e9-es et am\u00e9liorer tes conditions de travail. <a href=\"https:\/\/my.syndicom.ch\/adhesion\" target=\"_blank\" rel=\"noreferrer noopener\">Rejoins-nous<\/a> et renforce tes droits et le pouvoir des employ\u00e9-es de la Poste !<\/p>\n\n\n\n<p><a href=\"https:\/\/syndicom.ch\/fr\/offres-par-metier\/poste\/\" target=\"_blank\" rel=\"noreferrer noopener\">\u21aa D\u00e9couvre ici ce qu&rsquo;on a d\u00e9j\u00e0 fait pour toi en tant qu&#8217;employ\u00e9-e de la Poste.<\/a><\/p>\n<\/div>\n<\/div>\n\n\n\n<h2 class=\"wp-block-heading\">Ce que t\u2019apporte la CCT Poste CH<\/h2>\n\n\n\n<p>Avec la CCT PostFinance SA, les employ\u00e9-es b\u00e9n\u00e9ficient de meilleures conditions de travail par rapport aux dispositions l\u00e9gales minimales. Par exemple:<\/p>\n\n\n\n<ul class=\"wp-block-list\">\n<li class=\"is-style-check\">42 heures de travail par semaine (loi : 50 heures)<\/li>\n\n\n\n<li class=\"is-style-check\">6 \u00e0 7 semaines de vacances (loi : 4 semaines)<\/li>\n\n\n\n<li class=\"is-style-check\">13e salaire (loi : 12 mois)<\/li>\n\n\n\n<li class=\"is-style-check\">18 semaines de cong\u00e9 maternit\u00e9 et 4 semaines de cong\u00e9 paternit\u00e9 avec 100 % du salaire (loi : 14 et 2 semaines, 80 %)<\/li>\n\n\n\n<li class=\"is-style-check\">N\u00e9gociations salariales annuelles<\/li>\n\n\n\n<li class=\"is-style-check\">Primes de fid\u00e9lit\u00e9, et bien plus encore<\/li>\n<\/ul>\n\n\n\n<h2 class=\"wp-block-heading\">Pourquoi la CCT est-elle importante\u202f?<\/h2>\n\n\n\n<p>La CCT t\u2019offre de la stabilit\u00e9 dans un monde du travail en \u00e9volution permanente. Car elle r\u00e8gle les conditions de travail de l\u2019ensemble des collaborateur-trices assujetti-es \u00e0 la convention collective.<\/p>\n\n\n\n<p>Autrement dit\u202f: tu ne dois pas t\u2019engager seul-e pour obtenir des am\u00e9liorations. La CCT est le r\u00e9sultat de nos efforts communs \u2013 et tu peux avoir voix au chapitre\u202f!<\/p>\n<\/div>\n<\/div>\n","protected":false},"excerpt":{"rendered":"<p>CCT PostFinance SA Comme partenaire social, syndicom s\u2019engage pour des conditions de travail bonnes et \u00e9quitables. Il est l\u2019interlocuteur pour r\u00e9pondre aux questions sur les dispositions l\u00e9gales et les r\u00e8glements d\u2019entreprise. Validit\u00e9 CCT01.01.2025 \u2013 31.12.2027 La&nbsp;\u21aa \u00abCCT fa\u00eeti\u00e8re\u00bb&nbsp;de la Poste chapeaute les CCT d\u2019entreprise. C&rsquo;est gr\u00e2ce \u00e0 ses nombreux membres \u00e0 la Poste que le [&hellip;]<\/p>\n","protected":false},"featured_media":0,"template":"","meta":{"_acf_changed":false,"inline_featured_image":false,"_coblocks_attr":"","_coblocks_dimensions":"","_coblocks_responsive_height":"","_coblocks_accordion_ie_support":"","footnotes":""},"glossar-category":[93],"class_list":["post-8163","glossar","type-glossar","status-publish","hentry","glossar-category-gesamtarbeitsvertraege-gav-fr"],"acf":[],"yoast_head":"<!-- This site is optimized with the Yoast SEO plugin v27.3 - https:\/\/yoast.com\/product\/yoast-seo-wordpress\/ -->\n<title>PostFinance SA - syndicom<\/title>\n<meta name=\"description\" content=\"Avec la CCT PostFinance SA, les employ\u00e9-e-s b\u00e9n\u00e9ficient de meilleures conditions de travail par rapport aux dispositions l\u00e9gales minimales.\" \/>\n<meta name=\"robots\" content=\"index, follow, max-snippet:-1, max-image-preview:large, max-video-preview:-1\" \/>\n<link rel=\"canonical\" href=\"https:\/\/syndicom.ch\/fr\/entree-glossaire\/postfinance\/\" \/>\n<meta property=\"og:locale\" content=\"fr_FR\" \/>\n<meta property=\"og:type\" content=\"article\" \/>\n<meta property=\"og:title\" content=\"PostFinance SA - syndicom\" \/>\n<meta property=\"og:description\" content=\"Avec la CCT PostFinance SA, les employ\u00e9-e-s b\u00e9n\u00e9ficient de meilleures conditions de travail par rapport aux dispositions l\u00e9gales minimales.\" \/>\n<meta property=\"og:url\" content=\"https:\/\/syndicom.ch\/fr\/entree-glossaire\/postfinance\/\" \/>\n<meta property=\"og:site_name\" content=\"syndicom\" \/>\n<meta property=\"article:modified_time\" content=\"2025-10-24T13:23:28+00:00\" \/>\n<meta name=\"twitter:card\" content=\"summary_large_image\" \/>\n<meta name=\"twitter:label1\" content=\"Dur\u00e9e de lecture estim\u00e9e\" \/>\n\t<meta name=\"twitter:data1\" content=\"2 minutes\" \/>\n<script type=\"application\/ld+json\" class=\"yoast-schema-graph\">{\"@context\":\"https:\\\/\\\/schema.org\",\"@graph\":[{\"@type\":\"WebPage\",\"@id\":\"https:\\\/\\\/syndicom.ch\\\/fr\\\/entree-glossaire\\\/postfinance\\\/\",\"url\":\"https:\\\/\\\/syndicom.ch\\\/fr\\\/entree-glossaire\\\/postfinance\\\/\",\"name\":\"PostFinance SA - syndicom\",\"isPartOf\":{\"@id\":\"https:\\\/\\\/syndicom.ch\\\/fr\\\/#website\"},\"datePublished\":\"2024-09-09T14:16:41+00:00\",\"dateModified\":\"2025-10-24T13:23:28+00:00\",\"description\":\"Avec la CCT PostFinance SA, les employ\u00e9-e-s b\u00e9n\u00e9ficient de meilleures conditions de travail par rapport aux dispositions l\u00e9gales minimales.\",\"breadcrumb\":{\"@id\":\"https:\\\/\\\/syndicom.ch\\\/fr\\\/entree-glossaire\\\/postfinance\\\/#breadcrumb\"},\"inLanguage\":\"fr-FR\",\"potentialAction\":[{\"@type\":\"ReadAction\",\"target\":[\"https:\\\/\\\/syndicom.ch\\\/fr\\\/entree-glossaire\\\/postfinance\\\/\"]}]},{\"@type\":\"BreadcrumbList\",\"@id\":\"https:\\\/\\\/syndicom.ch\\\/fr\\\/entree-glossaire\\\/postfinance\\\/#breadcrumb\",\"itemListElement\":[{\"@type\":\"ListItem\",\"position\":1,\"name\":\"Page d'accueil\",\"item\":\"https:\\\/\\\/syndicom.ch\\\/fr\\\/\"},{\"@type\":\"ListItem\",\"position\":2,\"name\":\"PostFinance SA\"}]},{\"@type\":\"WebSite\",\"@id\":\"https:\\\/\\\/syndicom.ch\\\/fr\\\/#website\",\"url\":\"https:\\\/\\\/syndicom.ch\\\/fr\\\/\",\"name\":\"syndicom\",\"description\":\"\",\"publisher\":{\"@id\":\"https:\\\/\\\/syndicom.ch\\\/fr\\\/#organization\"},\"potentialAction\":[{\"@type\":\"SearchAction\",\"target\":{\"@type\":\"EntryPoint\",\"urlTemplate\":\"https:\\\/\\\/syndicom.ch\\\/fr\\\/?s={search_term_string}\"},\"query-input\":{\"@type\":\"PropertyValueSpecification\",\"valueRequired\":true,\"valueName\":\"search_term_string\"}}],\"inLanguage\":\"fr-FR\"},{\"@type\":\"Organization\",\"@id\":\"https:\\\/\\\/syndicom.ch\\\/fr\\\/#organization\",\"name\":\"syndicom\",\"url\":\"https:\\\/\\\/syndicom.ch\\\/fr\\\/\",\"logo\":{\"@type\":\"ImageObject\",\"inLanguage\":\"fr-FR\",\"@id\":\"https:\\\/\\\/syndicom.ch\\\/fr\\\/#\\\/schema\\\/logo\\\/image\\\/\",\"url\":\"https:\\\/\\\/syndicom.ch\\\/app\\\/uploads\\\/2024\\\/06\\\/logo.svg\",\"contentUrl\":\"https:\\\/\\\/syndicom.ch\\\/app\\\/uploads\\\/2024\\\/06\\\/logo.svg\",\"width\":297,\"height\":51,\"caption\":\"syndicom\"},\"image\":{\"@id\":\"https:\\\/\\\/syndicom.ch\\\/fr\\\/#\\\/schema\\\/logo\\\/image\\\/\"}}]}<\/script>\n<!-- \/ Yoast SEO plugin. -->","yoast_head_json":{"title":"PostFinance SA - syndicom","description":"Avec la CCT PostFinance SA, les employ\u00e9-e-s b\u00e9n\u00e9ficient de meilleures conditions de travail par rapport aux dispositions l\u00e9gales minimales.","robots":{"index":"index","follow":"follow","max-snippet":"max-snippet:-1","max-image-preview":"max-image-preview:large","max-video-preview":"max-video-preview:-1"},"canonical":"https:\/\/syndicom.ch\/fr\/entree-glossaire\/postfinance\/","og_locale":"fr_FR","og_type":"article","og_title":"PostFinance SA - syndicom","og_description":"Avec la CCT PostFinance SA, les employ\u00e9-e-s b\u00e9n\u00e9ficient de meilleures conditions de travail par rapport aux dispositions l\u00e9gales minimales.","og_url":"https:\/\/syndicom.ch\/fr\/entree-glossaire\/postfinance\/","og_site_name":"syndicom","article_modified_time":"2025-10-24T13:23:28+00:00","twitter_card":"summary_large_image","twitter_misc":{"Dur\u00e9e de lecture estim\u00e9e":"2 minutes"},"schema":{"@context":"https:\/\/schema.org","@graph":[{"@type":"WebPage","@id":"https:\/\/syndicom.ch\/fr\/entree-glossaire\/postfinance\/","url":"https:\/\/syndicom.ch\/fr\/entree-glossaire\/postfinance\/","name":"PostFinance SA - syndicom","isPartOf":{"@id":"https:\/\/syndicom.ch\/fr\/#website"},"datePublished":"2024-09-09T14:16:41+00:00","dateModified":"2025-10-24T13:23:28+00:00","description":"Avec la CCT PostFinance SA, les employ\u00e9-e-s b\u00e9n\u00e9ficient de meilleures conditions de travail par rapport aux dispositions l\u00e9gales minimales.","breadcrumb":{"@id":"https:\/\/syndicom.ch\/fr\/entree-glossaire\/postfinance\/#breadcrumb"},"inLanguage":"fr-FR","potentialAction":[{"@type":"ReadAction","target":["https:\/\/syndicom.ch\/fr\/entree-glossaire\/postfinance\/"]}]},{"@type":"BreadcrumbList","@id":"https:\/\/syndicom.ch\/fr\/entree-glossaire\/postfinance\/#breadcrumb","itemListElement":[{"@type":"ListItem","position":1,"name":"Page d'accueil","item":"https:\/\/syndicom.ch\/fr\/"},{"@type":"ListItem","position":2,"name":"PostFinance SA"}]},{"@type":"WebSite","@id":"https:\/\/syndicom.ch\/fr\/#website","url":"https:\/\/syndicom.ch\/fr\/","name":"syndicom","description":"","publisher":{"@id":"https:\/\/syndicom.ch\/fr\/#organization"},"potentialAction":[{"@type":"SearchAction","target":{"@type":"EntryPoint","urlTemplate":"https:\/\/syndicom.ch\/fr\/?s={search_term_string}"},"query-input":{"@type":"PropertyValueSpecification","valueRequired":true,"valueName":"search_term_string"}}],"inLanguage":"fr-FR"},{"@type":"Organization","@id":"https:\/\/syndicom.ch\/fr\/#organization","name":"syndicom","url":"https:\/\/syndicom.ch\/fr\/","logo":{"@type":"ImageObject","inLanguage":"fr-FR","@id":"https:\/\/syndicom.ch\/fr\/#\/schema\/logo\/image\/","url":"https:\/\/syndicom.ch\/app\/uploads\/2024\/06\/logo.svg","contentUrl":"https:\/\/syndicom.ch\/app\/uploads\/2024\/06\/logo.svg","width":297,"height":51,"caption":"syndicom"},"image":{"@id":"https:\/\/syndicom.ch\/fr\/#\/schema\/logo\/image\/"}}]}},"_links":{"self":[{"href":"https:\/\/syndicom.ch\/fr\/wp-json\/wp\/v2\/glossar\/8163","targetHints":{"allow":["GET"]}}],"collection":[{"href":"https:\/\/syndicom.ch\/fr\/wp-json\/wp\/v2\/glossar"}],"about":[{"href":"https:\/\/syndicom.ch\/fr\/wp-json\/wp\/v2\/types\/glossar"}],"version-history":[{"count":19,"href":"https:\/\/syndicom.ch\/fr\/wp-json\/wp\/v2\/glossar\/8163\/revisions"}],"predecessor-version":[{"id":49658,"href":"https:\/\/syndicom.ch\/fr\/wp-json\/wp\/v2\/glossar\/8163\/revisions\/49658"}],"wp:attachment":[{"href":"https:\/\/syndicom.ch\/fr\/wp-json\/wp\/v2\/media?parent=8163"}],"wp:term":[{"taxonomy":"glossar-category","embeddable":true,"href":"https:\/\/syndicom.ch\/fr\/wp-json\/wp\/v2\/glossar-category?post=8163"}],"curies":[{"name":"wp","href":"https:\/\/api.w.org\/{rel}","templated":true}]}}