{"id":16885,"date":"2024-11-22T10:34:08","date_gmt":"2024-11-22T09:34:08","guid":{"rendered":"https:\/\/syndicom.ch\/?page_id=16885"},"modified":"2026-02-04T14:27:42","modified_gmt":"2026-02-04T13:27:42","slug":"devenir-membre-swisscom","status":"publish","type":"page","link":"https:\/\/syndicom.ch\/fr\/devenir-membre-swisscom\/","title":{"rendered":"Devenir membre: Swisscom"},"content":{"rendered":"\n<div class=\"wp-block-group alignfull has-background-color has-primary-background-color has-text-color has-background has-link-color wp-elements-bb54f33deecedbb535e8bfb68596db91 is-layout-constrained wp-block-group-is-layout-constrained\">\n<div class=\"wp-block-group is-style-narrow is-layout-constrained wp-block-group-is-layout-constrained\">\n<div class=\"wp-block-columns is-layout-flex wp-container-core-columns-is-layout-9d6595d7 wp-block-columns-is-layout-flex\">\n<div class=\"wp-block-column is-layout-flow wp-block-column-is-layout-flow\" style=\"flex-basis:80%\">\n<h1 class=\"wp-block-heading\">Conditions de travail modernes. Travail flexible. Gr\u00e2ce \u00e0 syndicom!<\/h1>\n\n\n\n<div class=\"wp-block-buttons is-layout-flex wp-block-buttons-is-layout-flex\">\n<div class=\"wp-block-button\"><a class=\"wp-block-button__link wp-element-button\" href=\"https:\/\/my.syndicom.ch\/adhesion\" target=\"_blank\" rel=\"noreferrer noopener\">Devenir membre maintenant<\/a><\/div>\n<\/div>\n<\/div>\n<\/div>\n<\/div>\n<\/div>\n\n\n\n<div class=\"wp-block-group alignfull has-background-background-color has-background is-layout-constrained wp-block-group-is-layout-constrained\">\n<div class=\"wp-block-group is-style-narrow is-layout-constrained wp-block-group-is-layout-constrained\">\n<h2 class=\"wp-block-heading\"><strong>Qui sommes-nous et que faisons-nous pour toi?<\/strong><\/h2>\n\n\n\n<p>Nous avons n\u00e9goci\u00e9 <a href=\"https:\/\/syndicom.ch\/fr\/entree-glossaire\/swisscom\/\" target=\"_blank\" rel=\"noreferrer noopener\">ta nouvelle convention collective de travail (CCT)<\/a>. Elle t\u2019accorde plus de vacances, plus de conciliation entre vie priv\u00e9e et vie familiale et permet des mod\u00e8les de retraite partielle adapt\u00e9s aux diff\u00e9rentes \u00e9tapes de la vie.<\/p>\n\n\n\n<p>Nous avons \u00e9galement convenu avec Swisscom d\u2019\u00e9tudier des projets pilotes dans l&rsquo;entreprise pour r\u00e9duire le temps de travail. Nous sommes persuad\u00e9s que nous montrerons ainsi que la r\u00e9duction du temps de travail est non seulement viable pour l&rsquo;entreprise, mais m\u00eame b\u00e9n\u00e9fique.<\/p>\n\n\n\n<p>Nous avons besoin de toi pour cela, car nous devons retourner \u00e0 la table des n\u00e9gociations pour de nouveaux mod\u00e8les de temps de travail. Ton aide sera pr\u00e9cieuse. Plus les employ\u00e9-es de Swisscom sont impliqu\u00e9-es et deviennent membres de syndicom, plus les discussions seront fructueuses. <\/p>\n\n\n\n<p><strong>Peut-on compter sur toi? Fais valoir tes int\u00e9r\u00eats et deviens membre syndicom.\u202f<\/strong><\/p>\n\n\n\n<div class=\"wp-block-buttons is-content-justification-center is-layout-flex wp-container-core-buttons-is-layout-16018d1d wp-block-buttons-is-layout-flex\">\n<div class=\"wp-block-button\"><a class=\"wp-block-button__link wp-element-button\" href=\"https:\/\/my.syndicom.ch\/adhesion\" target=\"_blank\" rel=\"noreferrer noopener\">Devenir membre maintenant<\/a><\/div>\n<\/div>\n\n\n\n<div style=\"height:100px\" aria-hidden=\"true\" class=\"wp-block-spacer\"><\/div>\n\n\n\n<div class=\"wp-block-media-text\" style=\"grid-template-columns:15% auto\"><figure class=\"wp-block-media-text__media\"><img loading=\"lazy\" decoding=\"async\" width=\"954\" height=\"1024\" src=\"https:\/\/syndicom.ch\/app\/uploads\/2024\/08\/gewerkschaft-syndicom-icon-faust-954x1024.jpg\" alt=\"Blaues Faust Icon\" class=\"wp-image-2790 size-full\" srcset=\"https:\/\/syndicom.ch\/app\/uploads\/2024\/08\/gewerkschaft-syndicom-icon-faust-954x1024.jpg 954w, https:\/\/syndicom.ch\/app\/uploads\/2024\/08\/gewerkschaft-syndicom-icon-faust-279x300.jpg 279w, https:\/\/syndicom.ch\/app\/uploads\/2024\/08\/gewerkschaft-syndicom-icon-faust-768x825.jpg 768w, https:\/\/syndicom.ch\/app\/uploads\/2024\/08\/gewerkschaft-syndicom-icon-faust.jpg 1409w\" sizes=\"auto, (max-width: 954px) 100vw, 954px\" \/><\/figure><div class=\"wp-block-media-text__content\">\n<h3 class=\"wp-block-heading\"><strong><strong><strong>syndicom pour des conditions de travail favorables<\/strong><\/strong><\/strong><\/h3>\n\n\n\n<p>Comment veux-tu travailler aujourd\u2019hui et demain? R\u00e9duction du temps de travail, nouveaux mod\u00e8les de travail et flexibilit\u00e9 sont nos principales pr\u00e9occupations.<\/p>\n<\/div><\/div>\n\n\n\n<p><\/p>\n\n\n\n<div class=\"wp-block-media-text\" style=\"grid-template-columns:15% auto\"><figure class=\"wp-block-media-text__media\"><img loading=\"lazy\" decoding=\"async\" width=\"1001\" height=\"1024\" src=\"https:\/\/syndicom.ch\/app\/uploads\/2024\/08\/gewerkschaft-syndicom-icon-buecher-bildung-1001x1024.jpg\" alt=\"\" class=\"wp-image-2811 size-full\" srcset=\"https:\/\/syndicom.ch\/app\/uploads\/2024\/08\/gewerkschaft-syndicom-icon-buecher-bildung-1001x1024.jpg 1001w, https:\/\/syndicom.ch\/app\/uploads\/2024\/08\/gewerkschaft-syndicom-icon-buecher-bildung-293x300.jpg 293w, https:\/\/syndicom.ch\/app\/uploads\/2024\/08\/gewerkschaft-syndicom-icon-buecher-bildung-768x785.jpg 768w, https:\/\/syndicom.ch\/app\/uploads\/2024\/08\/gewerkschaft-syndicom-icon-buecher-bildung-1502x1536.jpg 1502w, https:\/\/syndicom.ch\/app\/uploads\/2024\/08\/gewerkschaft-syndicom-icon-buecher-bildung.jpg 1553w\" sizes=\"auto, (max-width: 1001px) 100vw, 1001px\" \/><\/figure><div class=\"wp-block-media-text__content\">\n<h3 class=\"wp-block-heading\"><strong><strong><strong><strong><strong><strong><strong>Ton perfectionnement nous tient \u00e0 c\u0153ur<\/strong><\/strong><\/strong><\/strong><\/strong><\/strong><\/strong><\/h3>\n\n\n\n<p>Tu connais d\u00e9j\u00e0 le perfectionnement par ann\u00e9e. Maintenant, nous te proposons des offres de <a href=\"https:\/\/syndicom.ch\/fr\/formation-continue-cours-education\/\">cours<\/a> passionnantes et un soutien financier.&nbsp;<\/p>\n<\/div><\/div>\n\n\n\n<p><\/p>\n\n\n\n<div class=\"wp-block-media-text\" style=\"grid-template-columns:15% auto\"><figure class=\"wp-block-media-text__media\"><img loading=\"lazy\" decoding=\"async\" width=\"1024\" height=\"1006\" src=\"https:\/\/syndicom.ch\/app\/uploads\/2024\/08\/gewerkschaft-syndicom-icon-superman-1024x1006.jpg\" alt=\"Hellblaues Icon eines Superhelden\" class=\"wp-image-2803 size-full\" srcset=\"https:\/\/syndicom.ch\/app\/uploads\/2024\/08\/gewerkschaft-syndicom-icon-superman-1024x1006.jpg 1024w, https:\/\/syndicom.ch\/app\/uploads\/2024\/08\/gewerkschaft-syndicom-icon-superman-300x295.jpg 300w, https:\/\/syndicom.ch\/app\/uploads\/2024\/08\/gewerkschaft-syndicom-icon-superman-768x755.jpg 768w, https:\/\/syndicom.ch\/app\/uploads\/2024\/08\/gewerkschaft-syndicom-icon-superman-1536x1510.jpg 1536w, https:\/\/syndicom.ch\/app\/uploads\/2024\/08\/gewerkschaft-syndicom-icon-superman.jpg 1567w\" sizes=\"auto, (max-width: 1024px) 100vw, 1024px\" \/><\/figure><div class=\"wp-block-media-text__content\">\n<h3 class=\"wp-block-heading\"><strong><strong><strong><strong><strong><strong><strong><strong><strong><strong><strong><strong>Ton opinion compte chez syndicom<\/strong><\/strong><\/strong><\/strong><\/strong><\/strong><\/strong><\/strong><\/strong><\/strong><\/strong><\/strong><\/h3>\n\n\n\n<p>Notre positionnement sur le temps de travail? Ce sont nos membres qui d\u00e9cident! Participe toi aussi \u00e0 la d\u00e9cision!&nbsp;<\/p>\n<\/div><\/div>\n<\/div>\n<\/div>\n\n\n\n<div class=\"wp-block-group alignfull has-background-color has-primary-background-color has-text-color has-background has-link-color wp-elements-06da54a0704675e7a8e6163fdd4e63ff is-layout-constrained wp-block-group-is-layout-constrained\"><div class=\"wp-block-quote-wrapper\">\n<blockquote class=\"wp-block-quote is-layout-flow wp-block-quote-is-layout-flow\">\n<p>Je travaille depuis 6&nbsp;ans chez Swisscom. Le travail s\u2019intensifie en permanence, le stress et la pression augmentent. syndicom s\u2019oppose concr\u00e8tement \u00e0 ces conditions en exigeant une r\u00e9duction de ton temps de travail \u00e0 35&nbsp;heures. Pour nous imposer dans les n\u00e9gociations, nous avons besoin de toi comme membre!<\/p>\n<\/blockquote>\n<\/div>\n\n\n<div class=\"wp-block-media-text is-vertically-aligned-center is-style-default\" style=\"grid-template-columns:15% auto\"><figure class=\"wp-block-media-text__media\"><img loading=\"lazy\" decoding=\"async\" width=\"1024\" height=\"1024\" src=\"https:\/\/syndicom.ch\/app\/uploads\/2025\/08\/gewerkschaft-syndicom-susanne-krueger-1024x1024.png\" alt=\"Susanne Kr\u00fcger\" class=\"wp-image-3107 size-full\" srcset=\"https:\/\/syndicom.ch\/app\/uploads\/2025\/08\/gewerkschaft-syndicom-susanne-krueger-1024x1024.png 1024w, https:\/\/syndicom.ch\/app\/uploads\/2025\/08\/gewerkschaft-syndicom-susanne-krueger-300x300.png 300w, https:\/\/syndicom.ch\/app\/uploads\/2025\/08\/gewerkschaft-syndicom-susanne-krueger-150x150.png 150w, https:\/\/syndicom.ch\/app\/uploads\/2025\/08\/gewerkschaft-syndicom-susanne-krueger-768x768.png 768w, https:\/\/syndicom.ch\/app\/uploads\/2025\/08\/gewerkschaft-syndicom-susanne-krueger.png 1080w\" sizes=\"auto, (max-width: 1024px) 100vw, 1024px\" \/><\/figure><div class=\"wp-block-media-text__content\">\n<p><strong>Susanne Kr\u00fcger<\/strong>, membre de la d\u00e9l\u00e9gation de n\u00e9gociation<\/p>\n<\/div><\/div>\n<\/div>\n\n\n\n<div class=\"wp-block-group alignfull has-background-background-color has-background is-layout-constrained wp-block-group-is-layout-constrained\">\n<div class=\"wp-block-group is-style-narrow is-layout-constrained wp-block-group-is-layout-constrained\">\n<h2 class=\"wp-block-heading\"><strong>Que co\u00fbte ton affiliation \u00e0 syndicom?<\/strong><\/h2>\n\n\n\n<p>Le montant de ta cotisation de membre d\u00e9pend de ton revenu annuel. Bon \u00e0 savoir: en tant que membre de syndicom, tu \u00e9conomises la contribution CCT.<\/p>\n\n\n\n<div class=\"wp-block-buttons is-layout-flex wp-block-buttons-is-layout-flex\">\n<div class=\"wp-block-button is-style-outline is-style-outline--1\"><a class=\"wp-block-button__link has-primary-color has-text-color has-link-color wp-element-button\" href=\"https:\/\/syndicom.ch\/fr\/faq-affiliation\/\" target=\"_blank\" rel=\"noreferrer noopener\">\u21aa Avantages et infos sur l&rsquo;adh\u00e9sion<\/a><\/div>\n<\/div>\n\n\n\n<h2 class=\"wp-block-heading\"><strong>Tu as des questions?<\/strong><\/h2>\n\n\n\n<p>Tu peux nous contacter \u00e0 tout moment: <a href=\"tel:+41 58 817 18 18\">+41 58 817 18 18<\/a>, <a href=\"mailto:&#105;&#99;&#116;&#64;&#115;&#121;&#110;&#100;&#105;&#99;&#111;&#109;&#46;&#99;&#104;\">&#105;&#99;&#116;&#64;&#115;&#121;&#110;&#100;&#105;&#99;&#111;&#109;&#46;&#99;&#104;<\/a><\/p>\n<\/div>\n<\/div>\n\n\n\n<div class=\"wp-block-group alignfull has-background-color has-primary-background-color has-text-color has-background has-link-color wp-elements-b7c1385887606160c5d58e4da172ca55 is-layout-constrained wp-block-group-is-layout-constrained\">\n<div class=\"wp-block-group is-style-narrow is-layout-constrained wp-block-group-is-layout-constrained\">\n<h2 class=\"wp-block-heading has-text-align-center\">Oui, je veux adh\u00e9rer!<\/h2>\n\n\n\n<p class=\"has-text-align-center\">Nous sommes forts dans la conclusion de conventions collectives de travail et offrons des avantages forts \u00e0 nos membres. Rends-nous encore plus forts \u2013 par ton adh\u00e9sion.<\/p>\n\n\n\n<div class=\"wp-block-buttons is-content-justification-center is-layout-flex wp-container-core-buttons-is-layout-16018d1d wp-block-buttons-is-layout-flex\">\n<div class=\"wp-block-button\"><a class=\"wp-block-button__link wp-element-button\" href=\"https:\/\/my.syndicom.ch\/adhesion\" target=\"_blank\" rel=\"noreferrer noopener\">Oui, je veux adh\u00e9rer!<\/a><\/div>\n\n\n\n<div class=\"wp-block-button is-style-outline is-style-outline--2\"><a class=\"wp-block-button__link wp-element-button\" href=\"https:\/\/syndicom.ch\/fr\/faq-affiliation\/\" target=\"_blank\" rel=\"noreferrer noopener\">Avantages et infos sur l&rsquo;adh\u00e9sion<\/a><\/div>\n<\/div>\n<\/div>\n<\/div>\n","protected":false},"excerpt":{"rendered":"<p>Conditions de travail modernes. Travail flexible. Gr\u00e2ce \u00e0 syndicom! Rends-nous encore plus forts \u2013 par ton adh\u00e9sion.<\/p>\n","protected":false},"author":3,"featured_media":46156,"parent":0,"menu_order":0,"comment_status":"closed","ping_status":"closed","template":"","meta":{"_acf_changed":false,"inline_featured_image":false,"_coblocks_attr":"","_coblocks_dimensions":"","_coblocks_responsive_height":"","_coblocks_accordion_ie_support":"","footnotes":""},"categories":[362,386,380],"class_list":["post-16885","page","type-page","status-publish","has-post-thumbnail","hentry","category-devenir-membre","category-offres-par-profession","category-ton-travail"],"acf":[],"yoast_head":"<!-- This site is optimized with the Yoast SEO plugin v27.3 - https:\/\/yoast.com\/product\/yoast-seo-wordpress\/ -->\n<title>Devenir membre: Swisscom - syndicom<\/title>\n<meta name=\"description\" content=\"Conditions de travail modernes. Travail flexible. Gr\u00e2ce \u00e0 syndicom! Rends-nous encore plus forts \u2013 par ton adh\u00e9sion.\" \/>\n<meta name=\"robots\" content=\"index, follow, max-snippet:-1, max-image-preview:large, max-video-preview:-1\" \/>\n<link rel=\"canonical\" href=\"https:\/\/syndicom.ch\/fr\/devenir-membre-swisscom\/\" \/>\n<meta property=\"og:locale\" content=\"fr_FR\" \/>\n<meta property=\"og:type\" content=\"article\" \/>\n<meta property=\"og:title\" content=\"Devenir membre: Swisscom - syndicom\" \/>\n<meta property=\"og:description\" content=\"Conditions de travail modernes. Travail flexible. Gr\u00e2ce \u00e0 syndicom! Rends-nous encore plus forts \u2013 par ton adh\u00e9sion.\" \/>\n<meta property=\"og:url\" content=\"https:\/\/syndicom.ch\/fr\/devenir-membre-swisscom\/\" \/>\n<meta property=\"og:site_name\" content=\"syndicom\" \/>\n<meta property=\"article:modified_time\" content=\"2026-02-04T13:27:42+00:00\" \/>\n<meta property=\"og:image\" content=\"https:\/\/syndicom.ch\/app\/uploads\/2025\/08\/syndicat-syndicom-icon-button-devenir-membre.png\" \/>\n\t<meta property=\"og:image:width\" content=\"776\" \/>\n\t<meta property=\"og:image:height\" content=\"765\" \/>\n\t<meta property=\"og:image:type\" content=\"image\/png\" \/>\n<meta name=\"twitter:card\" content=\"summary_large_image\" \/>\n<meta name=\"twitter:label1\" content=\"Dur\u00e9e de lecture estim\u00e9e\" \/>\n\t<meta name=\"twitter:data1\" content=\"3 minutes\" \/>\n<script type=\"application\/ld+json\" class=\"yoast-schema-graph\">{\"@context\":\"https:\\\/\\\/schema.org\",\"@graph\":[{\"@type\":\"WebPage\",\"@id\":\"https:\\\/\\\/syndicom.ch\\\/fr\\\/devenir-membre-swisscom\\\/\",\"url\":\"https:\\\/\\\/syndicom.ch\\\/fr\\\/devenir-membre-swisscom\\\/\",\"name\":\"Devenir membre: Swisscom - syndicom\",\"isPartOf\":{\"@id\":\"https:\\\/\\\/syndicom.ch\\\/fr\\\/#website\"},\"primaryImageOfPage\":{\"@id\":\"https:\\\/\\\/syndicom.ch\\\/fr\\\/devenir-membre-swisscom\\\/#primaryimage\"},\"image\":{\"@id\":\"https:\\\/\\\/syndicom.ch\\\/fr\\\/devenir-membre-swisscom\\\/#primaryimage\"},\"thumbnailUrl\":\"https:\\\/\\\/syndicom.ch\\\/app\\\/uploads\\\/2025\\\/08\\\/syndicat-syndicom-icon-button-devenir-membre.png\",\"datePublished\":\"2024-11-22T09:34:08+00:00\",\"dateModified\":\"2026-02-04T13:27:42+00:00\",\"description\":\"Conditions de travail modernes. Travail flexible. Gr\u00e2ce \u00e0 syndicom! Rends-nous encore plus forts \u2013 par ton adh\u00e9sion.\",\"breadcrumb\":{\"@id\":\"https:\\\/\\\/syndicom.ch\\\/fr\\\/devenir-membre-swisscom\\\/#breadcrumb\"},\"inLanguage\":\"fr-FR\",\"potentialAction\":[{\"@type\":\"ReadAction\",\"target\":[\"https:\\\/\\\/syndicom.ch\\\/fr\\\/devenir-membre-swisscom\\\/\"]}]},{\"@type\":\"ImageObject\",\"inLanguage\":\"fr-FR\",\"@id\":\"https:\\\/\\\/syndicom.ch\\\/fr\\\/devenir-membre-swisscom\\\/#primaryimage\",\"url\":\"https:\\\/\\\/syndicom.ch\\\/app\\\/uploads\\\/2025\\\/08\\\/syndicat-syndicom-icon-button-devenir-membre.png\",\"contentUrl\":\"https:\\\/\\\/syndicom.ch\\\/app\\\/uploads\\\/2025\\\/08\\\/syndicat-syndicom-icon-button-devenir-membre.png\",\"width\":776,\"height\":765},{\"@type\":\"BreadcrumbList\",\"@id\":\"https:\\\/\\\/syndicom.ch\\\/fr\\\/devenir-membre-swisscom\\\/#breadcrumb\",\"itemListElement\":[{\"@type\":\"ListItem\",\"position\":1,\"name\":\"Page d'accueil\",\"item\":\"https:\\\/\\\/syndicom.ch\\\/fr\\\/\"},{\"@type\":\"ListItem\",\"position\":2,\"name\":\"Devenir membre: Swisscom\"}]},{\"@type\":\"WebSite\",\"@id\":\"https:\\\/\\\/syndicom.ch\\\/fr\\\/#website\",\"url\":\"https:\\\/\\\/syndicom.ch\\\/fr\\\/\",\"name\":\"syndicom\",\"description\":\"\",\"publisher\":{\"@id\":\"https:\\\/\\\/syndicom.ch\\\/fr\\\/#organization\"},\"potentialAction\":[{\"@type\":\"SearchAction\",\"target\":{\"@type\":\"EntryPoint\",\"urlTemplate\":\"https:\\\/\\\/syndicom.ch\\\/fr\\\/?s={search_term_string}\"},\"query-input\":{\"@type\":\"PropertyValueSpecification\",\"valueRequired\":true,\"valueName\":\"search_term_string\"}}],\"inLanguage\":\"fr-FR\"},{\"@type\":\"Organization\",\"@id\":\"https:\\\/\\\/syndicom.ch\\\/fr\\\/#organization\",\"name\":\"syndicom\",\"url\":\"https:\\\/\\\/syndicom.ch\\\/fr\\\/\",\"logo\":{\"@type\":\"ImageObject\",\"inLanguage\":\"fr-FR\",\"@id\":\"https:\\\/\\\/syndicom.ch\\\/fr\\\/#\\\/schema\\\/logo\\\/image\\\/\",\"url\":\"https:\\\/\\\/syndicom.ch\\\/app\\\/uploads\\\/2024\\\/06\\\/logo.svg\",\"contentUrl\":\"https:\\\/\\\/syndicom.ch\\\/app\\\/uploads\\\/2024\\\/06\\\/logo.svg\",\"width\":297,\"height\":51,\"caption\":\"syndicom\"},\"image\":{\"@id\":\"https:\\\/\\\/syndicom.ch\\\/fr\\\/#\\\/schema\\\/logo\\\/image\\\/\"}}]}<\/script>\n<!-- \/ Yoast SEO plugin. -->","yoast_head_json":{"title":"Devenir membre: Swisscom - syndicom","description":"Conditions de travail modernes. Travail flexible. Gr\u00e2ce \u00e0 syndicom! Rends-nous encore plus forts \u2013 par ton adh\u00e9sion.","robots":{"index":"index","follow":"follow","max-snippet":"max-snippet:-1","max-image-preview":"max-image-preview:large","max-video-preview":"max-video-preview:-1"},"canonical":"https:\/\/syndicom.ch\/fr\/devenir-membre-swisscom\/","og_locale":"fr_FR","og_type":"article","og_title":"Devenir membre: Swisscom - syndicom","og_description":"Conditions de travail modernes. Travail flexible. Gr\u00e2ce \u00e0 syndicom! Rends-nous encore plus forts \u2013 par ton adh\u00e9sion.","og_url":"https:\/\/syndicom.ch\/fr\/devenir-membre-swisscom\/","og_site_name":"syndicom","article_modified_time":"2026-02-04T13:27:42+00:00","og_image":[{"width":776,"height":765,"url":"https:\/\/syndicom.ch\/app\/uploads\/2025\/08\/syndicat-syndicom-icon-button-devenir-membre.png","type":"image\/png"}],"twitter_card":"summary_large_image","twitter_misc":{"Dur\u00e9e de lecture estim\u00e9e":"3 minutes"},"schema":{"@context":"https:\/\/schema.org","@graph":[{"@type":"WebPage","@id":"https:\/\/syndicom.ch\/fr\/devenir-membre-swisscom\/","url":"https:\/\/syndicom.ch\/fr\/devenir-membre-swisscom\/","name":"Devenir membre: Swisscom - syndicom","isPartOf":{"@id":"https:\/\/syndicom.ch\/fr\/#website"},"primaryImageOfPage":{"@id":"https:\/\/syndicom.ch\/fr\/devenir-membre-swisscom\/#primaryimage"},"image":{"@id":"https:\/\/syndicom.ch\/fr\/devenir-membre-swisscom\/#primaryimage"},"thumbnailUrl":"https:\/\/syndicom.ch\/app\/uploads\/2025\/08\/syndicat-syndicom-icon-button-devenir-membre.png","datePublished":"2024-11-22T09:34:08+00:00","dateModified":"2026-02-04T13:27:42+00:00","description":"Conditions de travail modernes. Travail flexible. Gr\u00e2ce \u00e0 syndicom! Rends-nous encore plus forts \u2013 par ton adh\u00e9sion.","breadcrumb":{"@id":"https:\/\/syndicom.ch\/fr\/devenir-membre-swisscom\/#breadcrumb"},"inLanguage":"fr-FR","potentialAction":[{"@type":"ReadAction","target":["https:\/\/syndicom.ch\/fr\/devenir-membre-swisscom\/"]}]},{"@type":"ImageObject","inLanguage":"fr-FR","@id":"https:\/\/syndicom.ch\/fr\/devenir-membre-swisscom\/#primaryimage","url":"https:\/\/syndicom.ch\/app\/uploads\/2025\/08\/syndicat-syndicom-icon-button-devenir-membre.png","contentUrl":"https:\/\/syndicom.ch\/app\/uploads\/2025\/08\/syndicat-syndicom-icon-button-devenir-membre.png","width":776,"height":765},{"@type":"BreadcrumbList","@id":"https:\/\/syndicom.ch\/fr\/devenir-membre-swisscom\/#breadcrumb","itemListElement":[{"@type":"ListItem","position":1,"name":"Page d'accueil","item":"https:\/\/syndicom.ch\/fr\/"},{"@type":"ListItem","position":2,"name":"Devenir membre: Swisscom"}]},{"@type":"WebSite","@id":"https:\/\/syndicom.ch\/fr\/#website","url":"https:\/\/syndicom.ch\/fr\/","name":"syndicom","description":"","publisher":{"@id":"https:\/\/syndicom.ch\/fr\/#organization"},"potentialAction":[{"@type":"SearchAction","target":{"@type":"EntryPoint","urlTemplate":"https:\/\/syndicom.ch\/fr\/?s={search_term_string}"},"query-input":{"@type":"PropertyValueSpecification","valueRequired":true,"valueName":"search_term_string"}}],"inLanguage":"fr-FR"},{"@type":"Organization","@id":"https:\/\/syndicom.ch\/fr\/#organization","name":"syndicom","url":"https:\/\/syndicom.ch\/fr\/","logo":{"@type":"ImageObject","inLanguage":"fr-FR","@id":"https:\/\/syndicom.ch\/fr\/#\/schema\/logo\/image\/","url":"https:\/\/syndicom.ch\/app\/uploads\/2024\/06\/logo.svg","contentUrl":"https:\/\/syndicom.ch\/app\/uploads\/2024\/06\/logo.svg","width":297,"height":51,"caption":"syndicom"},"image":{"@id":"https:\/\/syndicom.ch\/fr\/#\/schema\/logo\/image\/"}}]}},"_links":{"self":[{"href":"https:\/\/syndicom.ch\/fr\/wp-json\/wp\/v2\/pages\/16885","targetHints":{"allow":["GET"]}}],"collection":[{"href":"https:\/\/syndicom.ch\/fr\/wp-json\/wp\/v2\/pages"}],"about":[{"href":"https:\/\/syndicom.ch\/fr\/wp-json\/wp\/v2\/types\/page"}],"author":[{"embeddable":true,"href":"https:\/\/syndicom.ch\/fr\/wp-json\/wp\/v2\/users\/3"}],"replies":[{"embeddable":true,"href":"https:\/\/syndicom.ch\/fr\/wp-json\/wp\/v2\/comments?post=16885"}],"version-history":[{"count":39,"href":"https:\/\/syndicom.ch\/fr\/wp-json\/wp\/v2\/pages\/16885\/revisions"}],"predecessor-version":[{"id":50436,"href":"https:\/\/syndicom.ch\/fr\/wp-json\/wp\/v2\/pages\/16885\/revisions\/50436"}],"wp:featuredmedia":[{"embeddable":true,"href":"https:\/\/syndicom.ch\/fr\/wp-json\/wp\/v2\/media\/46156"}],"wp:attachment":[{"href":"https:\/\/syndicom.ch\/fr\/wp-json\/wp\/v2\/media?parent=16885"}],"wp:term":[{"taxonomy":"category","embeddable":true,"href":"https:\/\/syndicom.ch\/fr\/wp-json\/wp\/v2\/categories?post=16885"}],"curies":[{"name":"wp","href":"https:\/\/api.w.org\/{rel}","templated":true}]}}