{"id":42014,"date":"2025-05-12T17:19:43","date_gmt":"2025-05-12T15:19:43","guid":{"rendered":"https:\/\/syndicom.ch\/?page_id=42014"},"modified":"2026-03-25T11:48:38","modified_gmt":"2026-03-25T10:48:38","slug":"salaire","status":"publish","type":"page","link":"https:\/\/syndicom.ch\/fr\/salaire\/","title":{"rendered":"Salaire"},"content":{"rendered":"\n<div class=\"wp-block-group alignfull has-primary-background-color has-background is-layout-constrained wp-block-group-is-layout-constrained\">\n<div class=\"wp-block-group is-style-narrow is-layout-constrained wp-block-group-is-layout-constrained\">\n<h1 class=\"wp-block-heading has-background-color has-text-color has-link-color wp-elements-1a7ba40db3d486cba090af1394b98654\">Nous nous battons pour des salaires \u00e9quitables<\/h1>\n\n\n\n<div class=\"wp-block-columns is-layout-flex wp-container-core-columns-is-layout-9d6595d7 wp-block-columns-is-layout-flex\">\n<div class=\"wp-block-column is-layout-flow wp-block-column-is-layout-flow\" style=\"flex-basis:66.66%\">\n<p class=\"is-style-lead has-background-color has-text-color has-link-color wp-elements-dbb7d5d70d07b63da06b935bb8a27e5b\">Le syndicat syndicom se bat pour des salaires \u00e9quitables, qu&rsquo;il s&rsquo;agisse d&rsquo;augmentations r\u00e9elles ou de salaires minimums.<\/p>\n<\/div>\n\n\n\n<div class=\"wp-block-column is-layout-flow wp-block-column-is-layout-flow\" style=\"flex-basis:33.33%\">\n<div class=\"wp-block-group is-vertical is-nowrap is-layout-flex wp-container-core-group-is-layout-fc43baa9 wp-block-group-is-layout-flex\">\n<p><a href=\"#einsatz\"><mark style=\"background-color:rgba(0, 0, 0, 0)\" class=\"has-inline-color has-background-color\">\u279c Notre engagement<\/mark><\/a><br><a href=\"#verifier-le-salaire\"><mark style=\"background-color:rgba(0, 0, 0, 0)\" class=\"has-inline-color has-background-color\">\u279c V\u00e9rifier le salaire<\/mark><\/a><mark style=\"background-color:rgba(0, 0, 0, 0)\" class=\"has-inline-color has-background-color\"><br><\/mark><a href=\"#FAQ-Salaire\"><mark style=\"background-color:rgba(0, 0, 0, 0)\" class=\"has-inline-color has-background-color\">\u279c FAQ Salaire<\/mark><\/a><\/p>\n<\/div>\n<\/div>\n<\/div>\n<\/div>\n<\/div>\n\n\n\n<div class=\"wp-block-group alignfull has-background-background-color has-background is-layout-constrained wp-block-group-is-layout-constrained\">\n<div id=\"einsatz\" class=\"wp-block-group is-style-narrow is-layout-constrained wp-block-group-is-layout-constrained\">\n<h2 class=\"wp-block-heading wp-block-coblocks-faq__title\" id=\"engagement\"><strong><strong>N\u00e9gociations salariales annuelles<\/strong><\/strong><\/h2>\n\n\n\n<p class=\"is-style-default\">Seules les <a href=\"https:\/\/syndicom.ch\/fr\/conventions-collectives-de-travail-cct\/\" target=\"_blank\" rel=\"noreferrer noopener\">conventions collectives de travail (CCT)<\/a> peuvent garantir des n\u00e9gociations salariales annuelles. Aucune loi ne prescrit un droit \u00e0 des n\u00e9gociations salariales ou m\u00eame \u00e0 des augmentations de salaire.<\/p>\n\n\n\n<p class=\"is-style-default\"><strong>C\u2019est un avantage acquis par les syndicats.<\/strong> <\/p>\n\n\n\n<p class=\"is-style-default\">Sans les dispositions de la <a href=\"https:\/\/syndicom.ch\/fr\/conventions-collectives-de-travail-cct\/\" target=\"_blank\" rel=\"noreferrer noopener\">CCT<\/a>, chacun-e devrait n\u00e9gocier pour lui\/elle-m\u00eame. Mais les individus ne sont jamais aussi forts qu\u2019un collectif. Les n\u00e9gociations salariales collectives sont clairement meilleures : elles donnent des r\u00e9sultats dont tout le monde profite : les augmentations g\u00e9n\u00e9rales de salaire.<\/p>\n\n\n\n<p class=\"is-style-default\">Pour les n\u00e9gociations salariales \u00e9galement, une d\u00e9l\u00e9gation de n\u00e9gociation est \u00e9lue et un paquet de revendications est d\u00e9termin\u00e9. Le r\u00e9sultat des n\u00e9gociations sur les salaires est soumis au m\u00eame processus d\u2019approbation que celui sur la <a href=\"https:\/\/syndicom.ch\/fr\/conventions-collectives-de-travail-cct\/\" target=\"_blank\" rel=\"noreferrer noopener\">CCT<\/a>.<\/p>\n\n\n\n<p class=\"has-text-align-center is-style-default\"><a href=\"https:\/\/syndicom.ch\/fr\/conventions-collectives-de-travail-cct\/#trouve-ta-cct\" target=\"_blank\" rel=\"noreferrer noopener\"><mark style=\"background-color:#0D7EAC\" class=\"has-inline-color has-background-color\">Qu&rsquo;est-ce qui est pr\u00e9vu dans ta convention collective de travail ?<br>V\u00e9rifie ici !<\/mark><\/a><\/p>\n<\/div>\n<\/div>\n\n\n\n<div class=\"wp-block-group alignfull has-primary-background-color has-background is-layout-constrained wp-block-group-is-layout-constrained\">\n<div class=\"wp-block-columns is-layout-flex wp-container-core-columns-is-layout-9d6595d7 wp-block-columns-is-layout-flex\">\n<div class=\"wp-block-column is-vertically-aligned-center is-layout-flow wp-block-column-is-layout-flow\" style=\"flex-basis:400px\">\n<figure class=\"wp-block-image aligncenter size-large is-resized\"><img loading=\"lazy\" decoding=\"async\" width=\"1024\" height=\"1024\" src=\"https:\/\/syndicom.ch\/app\/uploads\/2025\/07\/gewerkschaft-syndicom-matteo-antonini-kreis-1024x1024.png\" alt=\"\" class=\"wp-image-42490\" style=\"width:200px\" srcset=\"https:\/\/syndicom.ch\/app\/uploads\/2025\/07\/gewerkschaft-syndicom-matteo-antonini-kreis-1024x1024.png 1024w, https:\/\/syndicom.ch\/app\/uploads\/2025\/07\/gewerkschaft-syndicom-matteo-antonini-kreis-300x300.png 300w, https:\/\/syndicom.ch\/app\/uploads\/2025\/07\/gewerkschaft-syndicom-matteo-antonini-kreis-150x150.png 150w, https:\/\/syndicom.ch\/app\/uploads\/2025\/07\/gewerkschaft-syndicom-matteo-antonini-kreis-768x768.png 768w, https:\/\/syndicom.ch\/app\/uploads\/2025\/07\/gewerkschaft-syndicom-matteo-antonini-kreis.png 1080w\" sizes=\"auto, (max-width: 1024px) 100vw, 1024px\" \/><\/figure>\n<\/div>\n\n\n\n<div class=\"wp-block-column is-vertically-aligned-center is-layout-flow wp-block-column-is-layout-flow\">\n<p class=\"has-foreground-color has-text-color has-link-color wp-elements-e341ebdfb845609e68237477bcb75e6c\"><mark style=\"background-color:rgba(0, 0, 0, 0)\" class=\"has-inline-color has-background-color\">\u00ab Nous nous battons pour les salaires r\u00e9els, pour les salaires minimums \u2013 qui touchent les personnes les plus pr\u00e9caires, souvent les jeunes, les migrant-es, les personnes moins qualifi\u00e9es ou le personnel temporaire \u2013 et pour les salaires des professionnel-les ind\u00e9pendant-es. \u00bb<\/mark><\/p>\n\n\n\n<hr class=\"wp-block-separator has-text-color has-background-color has-alpha-channel-opacity has-background-background-color has-background is-style-wide\"\/>\n\n\n\n<p class=\"has-text-align-left has-foreground-color has-text-color has-link-color wp-elements-b90737d8771ebcde0fa36397cd135836\"><sub><mark style=\"background-color:rgba(0, 0, 0, 0)\" class=\"has-inline-color has-background-color\">Matteo Antonini, pr\u00e9sident syndicom<\/mark><\/sub><\/p>\n<\/div>\n<\/div>\n<\/div>\n\n\n\n<div class=\"wp-block-group alignfull has-background-background-color has-background is-layout-constrained wp-block-group-is-layout-constrained\">\n<div class=\"wp-block-group is-style-narrow is-layout-constrained wp-block-group-is-layout-constrained\">\n<h2 class=\"wp-block-heading wp-block-coblocks-faq__title\" id=\"verifier-le-salaire\"><strong><strong>Mon salaire est-il correct ?<\/strong><\/strong><\/h2>\n\n\n\n<hr class=\"wp-block-separator has-alpha-channel-opacity is-style-wide\"\/>\n\n\n\n<div class=\"wp-block-group is-style-narrow is-layout-constrained wp-block-group-is-layout-constrained\">\n<div class=\"wp-block-columns is-style-accordion has-background-background-color has-background is-layout-flex wp-container-core-columns-is-layout-9d6595d7 wp-block-columns-is-layout-flex\">\n<div class=\"wp-block-column has-background-background-color has-background is-layout-flow wp-block-column-is-layout-flow\">\n<h3 class=\"wp-block-heading has-primary-color has-text-color has-link-color wp-elements-99ef49c0b82786028edd10db1941f38d\"><strong><strong><strong><strong><strong><strong><strong><strong><strong><strong><strong><strong><mark style=\"background-color:#ffffff\" class=\"has-inline-color has-primary-color\"><a href=\"https:\/\/lohnrechner.ch\/\" target=\"_blank\" rel=\"noreferrer noopener nofollow\">Calculateur de salaire USS<\/a><\/mark><\/strong><\/strong><\/strong><\/strong><\/strong><\/strong><\/strong><\/strong><\/strong><\/strong><\/strong><\/strong><\/h3>\n<\/div>\n\n\n\n<div class=\"wp-block-column is-layout-flow wp-block-column-is-layout-flow\">\n<p class=\"is-style-default\">L&rsquo;Union syndicale suisse a cr\u00e9\u00e9 un outil qui permet de calculer les salaires habituels par secteur, profession et lieu de travail.<\/p>\n\n\n\n<div class=\"wp-block-buttons is-layout-flex wp-block-buttons-is-layout-flex\">\n<div class=\"wp-block-button is-style-outline is-style-outline--1\"><a class=\"wp-block-button__link has-primary-color has-primary-background-color has-text-color has-background has-link-color wp-element-button\" href=\"https:\/\/lohnrechner.ch\/\" target=\"_blank\" rel=\"noreferrer noopener nofollow\"><strong>Vers le calculateur de salaire USS<\/strong><\/a><\/div>\n<\/div>\n<\/div>\n<\/div>\n\n\n\n<hr class=\"wp-block-separator has-alpha-channel-opacity is-style-wide\"\/>\n\n\n\n<div class=\"wp-block-columns is-style-accordion has-background-background-color has-background is-layout-flex wp-container-core-columns-is-layout-9d6595d7 wp-block-columns-is-layout-flex\">\n<div class=\"wp-block-column has-background-background-color has-background is-layout-flow wp-block-column-is-layout-flow\">\n<h3 class=\"wp-block-heading has-primary-color has-text-color has-link-color wp-elements-12913d1b69308fb2b97ad43097f84f4a\"><strong><strong><strong><strong><strong><strong><strong><strong><strong><strong><strong><strong><mark style=\"background-color:#ffffff\" class=\"has-inline-color has-primary-color\"><a href=\"https:\/\/lohnrechner.ch\/?mtm_campaign=sgbhpde\" target=\"_blank\" rel=\"noreferrer noopener nofollow\"><strong><strong><strong><strong><strong><strong><strong><strong><strong><strong><strong><strong><mark style=\"background-color:rgba(0, 0, 0, 0)\" class=\"has-inline-color has-primary-color\"><\/mark><\/strong><\/strong><\/strong><\/strong><\/strong><\/strong><\/strong><\/strong><\/strong><\/strong><\/strong><\/strong><\/a><strong><strong><strong><a href=\"https:\/\/syndicom.ch\/fr\/campagnes\/calculateur-de-salaires-la-poste\/\" target=\"_blank\" rel=\"noreferrer noopener\">Calculateur de salaires pour les employ\u00e9-es de La Poste<\/a><\/strong><\/strong><\/strong><\/mark><\/strong><\/strong><\/strong><\/strong><\/strong><\/strong><\/strong><\/strong><\/strong><\/strong><\/strong><\/strong><\/h3>\n<\/div>\n\n\n\n<div class=\"wp-block-column is-layout-flow wp-block-column-is-layout-flow\">\n<p class=\"is-style-default\">V\u00e9rifie ton augmentation salariale avec notre calculateur.<\/p>\n\n\n\n<div class=\"wp-block-buttons is-layout-flex wp-block-buttons-is-layout-flex\">\n<div class=\"wp-block-button is-style-outline is-style-outline--2\"><a class=\"wp-block-button__link has-primary-color has-primary-background-color has-text-color has-background has-link-color wp-element-button\" href=\"https:\/\/syndicom.ch\/fr\/campagnes\/calculateur-de-salaires-la-poste\/\" target=\"_blank\" rel=\"noreferrer noopener\">vers le calculateur de salaire Poste<\/a><\/div>\n<\/div>\n<\/div>\n<\/div>\n\n\n\n<hr class=\"wp-block-separator has-alpha-channel-opacity is-style-wide\"\/>\n\n\n\n<div class=\"wp-block-columns is-style-accordion has-background-background-color has-background is-layout-flex wp-container-core-columns-is-layout-9d6595d7 wp-block-columns-is-layout-flex\">\n<div class=\"wp-block-column has-background-background-color has-background is-layout-flow wp-block-column-is-layout-flow\">\n<h3 class=\"wp-block-heading has-primary-color has-text-color has-link-color wp-elements-30e1247b24e0a6bad8ec236d989495d0\"><strong><strong><strong><strong><strong><strong><strong><strong><strong><strong><strong><strong><mark style=\"background-color:#ffffff\" class=\"has-inline-color has-primary-color\"><a href=\"https:\/\/lohnrechner.ch\/?mtm_campaign=sgbhpde\" target=\"_blank\" rel=\"noreferrer noopener nofollow\"><strong><strong><strong><strong><strong><strong><strong><strong><strong><strong><strong><strong><mark style=\"background-color:rgba(0, 0, 0, 0)\" class=\"has-inline-color has-primary-color\"><\/mark><\/strong><\/strong><\/strong><\/strong><\/strong><\/strong><\/strong><\/strong><\/strong><\/strong><\/strong><\/strong><\/a><strong><strong><strong><a href=\"https:\/\/syndicom.ch\/fr\/salaire\/honoraire-illustration\/\" type=\"link\" id=\"https:\/\/syndicom.ch\/fr\/salaire\/honoraire-illustration\/\" target=\"_blank\" rel=\"noreferrer noopener\">Recommandations d\u2019honoraires pour les illustratrices-teurs<\/a><\/strong><\/strong><\/strong><\/mark><\/strong><\/strong><\/strong><\/strong><\/strong><\/strong><\/strong><\/strong><\/strong><\/strong><\/strong><\/strong><\/h3>\n<\/div>\n\n\n\n<div class=\"wp-block-column is-layout-flow wp-block-column-is-layout-flow\">\n<p class=\"is-style-default\">Les illustratrices-teurs fournissons un travail professionnel, mais dans la pratique, les honoraires \u00e9quitables sont souvent l\u2019exception. Avec les recommandations nous nous engageons en faveur de conditions de travail transparentes et \u00e9quitables dans le domaine du design visuel.<\/p>\n\n\n\n<div class=\"wp-block-buttons is-layout-flex wp-block-buttons-is-layout-flex\">\n<div class=\"wp-block-button is-style-outline is-style-outline--3\"><a class=\"wp-block-button__link has-primary-color has-primary-background-color has-text-color has-background has-link-color wp-element-button\" href=\"https:\/\/syndicom.ch\/fr\/salaire\/honoraire-illustration\/\" target=\"_blank\" rel=\"noreferrer noopener\">vers <strong><strong><strong><strong><strong><strong><strong><strong><strong><strong><strong><strong><mark style=\"background-color:#ffffff\" class=\"has-inline-color has-primary-color\"><strong><strong><strong>les recommandations d\u2019honoraires<\/strong><\/strong><\/strong><\/mark><\/strong><\/strong><\/strong><\/strong><\/strong><\/strong><\/strong><\/strong><\/strong><\/strong><\/strong><\/strong><\/a><\/div>\n<\/div>\n<\/div>\n<\/div>\n\n\n\n<hr class=\"wp-block-separator has-alpha-channel-opacity is-style-wide\"\/>\n<\/div>\n<\/div>\n<\/div>\n\n\n\n<div class=\"wp-block-group alignfull is-layout-constrained wp-block-group-is-layout-constrained\">\n<div class=\"wp-block-group is-style-narrow is-layout-constrained wp-block-group-is-layout-constrained\">\n<div class=\"wp-block-group is-style-slider is-autoplay is-style-narrow-mid mb-0 mt-0 is-layout-constrained wp-block-group-is-layout-constrained\">\n<div class=\"wp-block-media-text is-stacked-on-mobile is-style-stacked coblocks-animate\" data-coblocks-animation=\"zoomIn\"><figure class=\"wp-block-media-text__media\"><\/figure><div class=\"wp-block-media-text__content\">\n<figure data-wp-context=\"{&quot;imageId&quot;:&quot;69f568eeabf48&quot;}\" data-wp-interactive=\"core\/image\" data-wp-key=\"69f568eeabf48\" class=\"wp-block-image size-full has-lightbox wp-lightbox-container\"><img loading=\"lazy\" decoding=\"async\" width=\"1447\" height=\"535\" data-wp-class--hide=\"state.isContentHidden\" data-wp-class--show=\"state.isContentVisible\" data-wp-init=\"callbacks.setButtonStyles\" data-wp-on--click=\"actions.showLightbox\" data-wp-on--load=\"callbacks.setButtonStyles\" data-wp-on-window--resize=\"callbacks.setButtonStyles\" src=\"https:\/\/syndicom.ch\/app\/uploads\/2026\/03\/syndicat-syndicom-bd-salaire-1.jpg\" alt=\"\" class=\"wp-image-59830\" srcset=\"https:\/\/syndicom.ch\/app\/uploads\/2026\/03\/syndicat-syndicom-bd-salaire-1.jpg 1447w, https:\/\/syndicom.ch\/app\/uploads\/2026\/03\/syndicat-syndicom-bd-salaire-1-300x111.jpg 300w, https:\/\/syndicom.ch\/app\/uploads\/2026\/03\/syndicat-syndicom-bd-salaire-1-1024x379.jpg 1024w, https:\/\/syndicom.ch\/app\/uploads\/2026\/03\/syndicat-syndicom-bd-salaire-1-768x284.jpg 768w\" sizes=\"auto, (max-width: 1447px) 100vw, 1447px\" \/><button\n\t\t\tclass=\"lightbox-trigger\"\n\t\t\ttype=\"button\"\n\t\t\taria-haspopup=\"dialog\"\n\t\t\taria-label=\"Agrandir\"\n\t\t\tdata-wp-init=\"callbacks.initTriggerButton\"\n\t\t\tdata-wp-on--click=\"actions.showLightbox\"\n\t\t\tdata-wp-style--right=\"state.imageButtonRight\"\n\t\t\tdata-wp-style--top=\"state.imageButtonTop\"\n\t\t>\n\t\t\t<svg xmlns=\"http:\/\/www.w3.org\/2000\/svg\" width=\"12\" height=\"12\" fill=\"none\" viewBox=\"0 0 12 12\">\n\t\t\t\t<path fill=\"#fff\" d=\"M2 0a2 2 0 0 0-2 2v2h1.5V2a.5.5 0 0 1 .5-.5h2V0H2Zm2 10.5H2a.5.5 0 0 1-.5-.5V8H0v2a2 2 0 0 0 2 2h2v-1.5ZM8 12v-1.5h2a.5.5 0 0 0 .5-.5V8H12v2a2 2 0 0 1-2 2H8Zm2-12a2 2 0 0 1 2 2v2h-1.5V2a.5.5 0 0 0-.5-.5H8V0h2Z\" \/>\n\t\t\t<\/svg>\n\t\t<\/button><\/figure>\n<\/div><\/div>\n\n\n\n<div class=\"wp-block-media-text is-stacked-on-mobile is-style-stacked coblocks-animate\" data-coblocks-animation=\"zoomIn\"><figure class=\"wp-block-media-text__media\"><\/figure><div class=\"wp-block-media-text__content\">\n<figure data-wp-context=\"{&quot;imageId&quot;:&quot;69f568eeac518&quot;}\" data-wp-interactive=\"core\/image\" data-wp-key=\"69f568eeac518\" class=\"wp-block-image size-full has-lightbox wp-lightbox-container\"><img loading=\"lazy\" decoding=\"async\" width=\"1438\" height=\"579\" data-wp-class--hide=\"state.isContentHidden\" data-wp-class--show=\"state.isContentVisible\" data-wp-init=\"callbacks.setButtonStyles\" data-wp-on--click=\"actions.showLightbox\" data-wp-on--load=\"callbacks.setButtonStyles\" data-wp-on-window--resize=\"callbacks.setButtonStyles\" src=\"https:\/\/syndicom.ch\/app\/uploads\/2026\/03\/syndicat-syndicom-bd-salaire-2.jpg\" alt=\"\" class=\"wp-image-59831\" srcset=\"https:\/\/syndicom.ch\/app\/uploads\/2026\/03\/syndicat-syndicom-bd-salaire-2.jpg 1438w, https:\/\/syndicom.ch\/app\/uploads\/2026\/03\/syndicat-syndicom-bd-salaire-2-300x121.jpg 300w, https:\/\/syndicom.ch\/app\/uploads\/2026\/03\/syndicat-syndicom-bd-salaire-2-1024x412.jpg 1024w, https:\/\/syndicom.ch\/app\/uploads\/2026\/03\/syndicat-syndicom-bd-salaire-2-768x309.jpg 768w\" sizes=\"auto, (max-width: 1438px) 100vw, 1438px\" \/><button\n\t\t\tclass=\"lightbox-trigger\"\n\t\t\ttype=\"button\"\n\t\t\taria-haspopup=\"dialog\"\n\t\t\taria-label=\"Agrandir\"\n\t\t\tdata-wp-init=\"callbacks.initTriggerButton\"\n\t\t\tdata-wp-on--click=\"actions.showLightbox\"\n\t\t\tdata-wp-style--right=\"state.imageButtonRight\"\n\t\t\tdata-wp-style--top=\"state.imageButtonTop\"\n\t\t>\n\t\t\t<svg xmlns=\"http:\/\/www.w3.org\/2000\/svg\" width=\"12\" height=\"12\" fill=\"none\" viewBox=\"0 0 12 12\">\n\t\t\t\t<path fill=\"#fff\" d=\"M2 0a2 2 0 0 0-2 2v2h1.5V2a.5.5 0 0 1 .5-.5h2V0H2Zm2 10.5H2a.5.5 0 0 1-.5-.5V8H0v2a2 2 0 0 0 2 2h2v-1.5ZM8 12v-1.5h2a.5.5 0 0 0 .5-.5V8H12v2a2 2 0 0 1-2 2H8Zm2-12a2 2 0 0 1 2 2v2h-1.5V2a.5.5 0 0 0-.5-.5H8V0h2Z\" \/>\n\t\t\t<\/svg>\n\t\t<\/button><\/figure>\n<\/div><\/div>\n\n\n\n<div class=\"wp-block-media-text is-stacked-on-mobile is-style-stacked coblocks-animate\" data-coblocks-animation=\"zoomIn\"><figure class=\"wp-block-media-text__media\"><\/figure><div class=\"wp-block-media-text__content\">\n<figure data-wp-context=\"{&quot;imageId&quot;:&quot;69f568eeaca8a&quot;}\" data-wp-interactive=\"core\/image\" data-wp-key=\"69f568eeaca8a\" class=\"wp-block-image size-full has-lightbox wp-lightbox-container\"><img loading=\"lazy\" decoding=\"async\" width=\"1420\" height=\"460\" data-wp-class--hide=\"state.isContentHidden\" data-wp-class--show=\"state.isContentVisible\" data-wp-init=\"callbacks.setButtonStyles\" data-wp-on--click=\"actions.showLightbox\" data-wp-on--load=\"callbacks.setButtonStyles\" data-wp-on-window--resize=\"callbacks.setButtonStyles\" src=\"https:\/\/syndicom.ch\/app\/uploads\/2026\/03\/syndicat-syndicom-bd-salaire-3.jpg\" alt=\"\" class=\"wp-image-59832\" srcset=\"https:\/\/syndicom.ch\/app\/uploads\/2026\/03\/syndicat-syndicom-bd-salaire-3.jpg 1420w, https:\/\/syndicom.ch\/app\/uploads\/2026\/03\/syndicat-syndicom-bd-salaire-3-300x97.jpg 300w, https:\/\/syndicom.ch\/app\/uploads\/2026\/03\/syndicat-syndicom-bd-salaire-3-1024x332.jpg 1024w, https:\/\/syndicom.ch\/app\/uploads\/2026\/03\/syndicat-syndicom-bd-salaire-3-768x249.jpg 768w\" sizes=\"auto, (max-width: 1420px) 100vw, 1420px\" \/><button\n\t\t\tclass=\"lightbox-trigger\"\n\t\t\ttype=\"button\"\n\t\t\taria-haspopup=\"dialog\"\n\t\t\taria-label=\"Agrandir\"\n\t\t\tdata-wp-init=\"callbacks.initTriggerButton\"\n\t\t\tdata-wp-on--click=\"actions.showLightbox\"\n\t\t\tdata-wp-style--right=\"state.imageButtonRight\"\n\t\t\tdata-wp-style--top=\"state.imageButtonTop\"\n\t\t>\n\t\t\t<svg xmlns=\"http:\/\/www.w3.org\/2000\/svg\" width=\"12\" height=\"12\" fill=\"none\" viewBox=\"0 0 12 12\">\n\t\t\t\t<path fill=\"#fff\" d=\"M2 0a2 2 0 0 0-2 2v2h1.5V2a.5.5 0 0 1 .5-.5h2V0H2Zm2 10.5H2a.5.5 0 0 1-.5-.5V8H0v2a2 2 0 0 0 2 2h2v-1.5ZM8 12v-1.5h2a.5.5 0 0 0 .5-.5V8H12v2a2 2 0 0 1-2 2H8Zm2-12a2 2 0 0 1 2 2v2h-1.5V2a.5.5 0 0 0-.5-.5H8V0h2Z\" \/>\n\t\t\t<\/svg>\n\t\t<\/button><\/figure>\n<\/div><\/div>\n\n\n\n<div class=\"wp-block-media-text is-stacked-on-mobile is-style-stacked coblocks-animate\" data-coblocks-animation=\"zoomIn\"><figure class=\"wp-block-media-text__media\"><\/figure><div class=\"wp-block-media-text__content\">\n<figure data-wp-context=\"{&quot;imageId&quot;:&quot;69f568eeacfef&quot;}\" data-wp-interactive=\"core\/image\" data-wp-key=\"69f568eeacfef\" class=\"wp-block-image size-full has-lightbox wp-lightbox-container\"><img loading=\"lazy\" decoding=\"async\" width=\"1439\" height=\"587\" data-wp-class--hide=\"state.isContentHidden\" data-wp-class--show=\"state.isContentVisible\" data-wp-init=\"callbacks.setButtonStyles\" data-wp-on--click=\"actions.showLightbox\" data-wp-on--load=\"callbacks.setButtonStyles\" data-wp-on-window--resize=\"callbacks.setButtonStyles\" src=\"https:\/\/syndicom.ch\/app\/uploads\/2026\/03\/syndicat-syndicom-bd-salaire-4.jpg\" alt=\"\" class=\"wp-image-59833\" srcset=\"https:\/\/syndicom.ch\/app\/uploads\/2026\/03\/syndicat-syndicom-bd-salaire-4.jpg 1439w, https:\/\/syndicom.ch\/app\/uploads\/2026\/03\/syndicat-syndicom-bd-salaire-4-300x122.jpg 300w, https:\/\/syndicom.ch\/app\/uploads\/2026\/03\/syndicat-syndicom-bd-salaire-4-1024x418.jpg 1024w, https:\/\/syndicom.ch\/app\/uploads\/2026\/03\/syndicat-syndicom-bd-salaire-4-768x313.jpg 768w\" sizes=\"auto, (max-width: 1439px) 100vw, 1439px\" \/><button\n\t\t\tclass=\"lightbox-trigger\"\n\t\t\ttype=\"button\"\n\t\t\taria-haspopup=\"dialog\"\n\t\t\taria-label=\"Agrandir\"\n\t\t\tdata-wp-init=\"callbacks.initTriggerButton\"\n\t\t\tdata-wp-on--click=\"actions.showLightbox\"\n\t\t\tdata-wp-style--right=\"state.imageButtonRight\"\n\t\t\tdata-wp-style--top=\"state.imageButtonTop\"\n\t\t>\n\t\t\t<svg xmlns=\"http:\/\/www.w3.org\/2000\/svg\" width=\"12\" height=\"12\" fill=\"none\" viewBox=\"0 0 12 12\">\n\t\t\t\t<path fill=\"#fff\" d=\"M2 0a2 2 0 0 0-2 2v2h1.5V2a.5.5 0 0 1 .5-.5h2V0H2Zm2 10.5H2a.5.5 0 0 1-.5-.5V8H0v2a2 2 0 0 0 2 2h2v-1.5ZM8 12v-1.5h2a.5.5 0 0 0 .5-.5V8H12v2a2 2 0 0 1-2 2H8Zm2-12a2 2 0 0 1 2 2v2h-1.5V2a.5.5 0 0 0-.5-.5H8V0h2Z\" \/>\n\t\t\t<\/svg>\n\t\t<\/button><\/figure>\n<\/div><\/div>\n\n\n\n<div class=\"wp-block-media-text is-stacked-on-mobile is-style-stacked coblocks-animate\" data-coblocks-animation=\"zoomIn\"><figure class=\"wp-block-media-text__media\"><\/figure><div class=\"wp-block-media-text__content\">\n<figure data-wp-context=\"{&quot;imageId&quot;:&quot;69f568eead54c&quot;}\" data-wp-interactive=\"core\/image\" data-wp-key=\"69f568eead54c\" class=\"wp-block-image size-full has-lightbox wp-lightbox-container\"><img loading=\"lazy\" decoding=\"async\" width=\"1429\" height=\"532\" data-wp-class--hide=\"state.isContentHidden\" data-wp-class--show=\"state.isContentVisible\" data-wp-init=\"callbacks.setButtonStyles\" data-wp-on--click=\"actions.showLightbox\" data-wp-on--load=\"callbacks.setButtonStyles\" data-wp-on-window--resize=\"callbacks.setButtonStyles\" src=\"https:\/\/syndicom.ch\/app\/uploads\/2026\/03\/syndicat-syndicom-bd-salaire-5.jpg\" alt=\"\" class=\"wp-image-59834\" srcset=\"https:\/\/syndicom.ch\/app\/uploads\/2026\/03\/syndicat-syndicom-bd-salaire-5.jpg 1429w, https:\/\/syndicom.ch\/app\/uploads\/2026\/03\/syndicat-syndicom-bd-salaire-5-300x112.jpg 300w, https:\/\/syndicom.ch\/app\/uploads\/2026\/03\/syndicat-syndicom-bd-salaire-5-1024x381.jpg 1024w, https:\/\/syndicom.ch\/app\/uploads\/2026\/03\/syndicat-syndicom-bd-salaire-5-768x286.jpg 768w\" sizes=\"auto, (max-width: 1429px) 100vw, 1429px\" \/><button\n\t\t\tclass=\"lightbox-trigger\"\n\t\t\ttype=\"button\"\n\t\t\taria-haspopup=\"dialog\"\n\t\t\taria-label=\"Agrandir\"\n\t\t\tdata-wp-init=\"callbacks.initTriggerButton\"\n\t\t\tdata-wp-on--click=\"actions.showLightbox\"\n\t\t\tdata-wp-style--right=\"state.imageButtonRight\"\n\t\t\tdata-wp-style--top=\"state.imageButtonTop\"\n\t\t>\n\t\t\t<svg xmlns=\"http:\/\/www.w3.org\/2000\/svg\" width=\"12\" height=\"12\" fill=\"none\" viewBox=\"0 0 12 12\">\n\t\t\t\t<path fill=\"#fff\" d=\"M2 0a2 2 0 0 0-2 2v2h1.5V2a.5.5 0 0 1 .5-.5h2V0H2Zm2 10.5H2a.5.5 0 0 1-.5-.5V8H0v2a2 2 0 0 0 2 2h2v-1.5ZM8 12v-1.5h2a.5.5 0 0 0 .5-.5V8H12v2a2 2 0 0 1-2 2H8Zm2-12a2 2 0 0 1 2 2v2h-1.5V2a.5.5 0 0 0-.5-.5H8V0h2Z\" \/>\n\t\t\t<\/svg>\n\t\t<\/button><\/figure>\n<\/div><\/div>\n\n\n\n<div class=\"wp-block-media-text is-stacked-on-mobile is-style-stacked coblocks-animate\" data-coblocks-animation=\"zoomIn\"><figure class=\"wp-block-media-text__media\"><\/figure><div class=\"wp-block-media-text__content\">\n<figure data-wp-context=\"{&quot;imageId&quot;:&quot;69f568eeadaaf&quot;}\" data-wp-interactive=\"core\/image\" data-wp-key=\"69f568eeadaaf\" class=\"wp-block-image size-full has-lightbox wp-lightbox-container\"><img loading=\"lazy\" decoding=\"async\" width=\"1449\" height=\"502\" data-wp-class--hide=\"state.isContentHidden\" data-wp-class--show=\"state.isContentVisible\" data-wp-init=\"callbacks.setButtonStyles\" data-wp-on--click=\"actions.showLightbox\" data-wp-on--load=\"callbacks.setButtonStyles\" data-wp-on-window--resize=\"callbacks.setButtonStyles\" src=\"https:\/\/syndicom.ch\/app\/uploads\/2026\/03\/syndicat-syndicom-bd-salaire-6.jpg\" alt=\"\" class=\"wp-image-59835\" srcset=\"https:\/\/syndicom.ch\/app\/uploads\/2026\/03\/syndicat-syndicom-bd-salaire-6.jpg 1449w, https:\/\/syndicom.ch\/app\/uploads\/2026\/03\/syndicat-syndicom-bd-salaire-6-300x104.jpg 300w, https:\/\/syndicom.ch\/app\/uploads\/2026\/03\/syndicat-syndicom-bd-salaire-6-1024x355.jpg 1024w, https:\/\/syndicom.ch\/app\/uploads\/2026\/03\/syndicat-syndicom-bd-salaire-6-768x266.jpg 768w\" sizes=\"auto, (max-width: 1449px) 100vw, 1449px\" \/><button\n\t\t\tclass=\"lightbox-trigger\"\n\t\t\ttype=\"button\"\n\t\t\taria-haspopup=\"dialog\"\n\t\t\taria-label=\"Agrandir\"\n\t\t\tdata-wp-init=\"callbacks.initTriggerButton\"\n\t\t\tdata-wp-on--click=\"actions.showLightbox\"\n\t\t\tdata-wp-style--right=\"state.imageButtonRight\"\n\t\t\tdata-wp-style--top=\"state.imageButtonTop\"\n\t\t>\n\t\t\t<svg xmlns=\"http:\/\/www.w3.org\/2000\/svg\" width=\"12\" height=\"12\" fill=\"none\" viewBox=\"0 0 12 12\">\n\t\t\t\t<path fill=\"#fff\" d=\"M2 0a2 2 0 0 0-2 2v2h1.5V2a.5.5 0 0 1 .5-.5h2V0H2Zm2 10.5H2a.5.5 0 0 1-.5-.5V8H0v2a2 2 0 0 0 2 2h2v-1.5ZM8 12v-1.5h2a.5.5 0 0 0 .5-.5V8H12v2a2 2 0 0 1-2 2H8Zm2-12a2 2 0 0 1 2 2v2h-1.5V2a.5.5 0 0 0-.5-.5H8V0h2Z\" \/>\n\t\t\t<\/svg>\n\t\t<\/button><\/figure>\n<\/div><\/div>\n\n\n\n<div class=\"wp-block-media-text is-stacked-on-mobile is-style-stacked coblocks-animate\" data-coblocks-animation=\"zoomIn\"><figure class=\"wp-block-media-text__media\"><\/figure><div class=\"wp-block-media-text__content\">\n<figure data-wp-context=\"{&quot;imageId&quot;:&quot;69f568eeae00a&quot;}\" data-wp-interactive=\"core\/image\" data-wp-key=\"69f568eeae00a\" class=\"wp-block-image size-full has-lightbox wp-lightbox-container\"><img loading=\"lazy\" decoding=\"async\" width=\"1456\" height=\"515\" data-wp-class--hide=\"state.isContentHidden\" data-wp-class--show=\"state.isContentVisible\" data-wp-init=\"callbacks.setButtonStyles\" data-wp-on--click=\"actions.showLightbox\" data-wp-on--load=\"callbacks.setButtonStyles\" data-wp-on-window--resize=\"callbacks.setButtonStyles\" src=\"https:\/\/syndicom.ch\/app\/uploads\/2026\/03\/syndicat-syndicom-bd-salaire-7.jpg\" alt=\"\" class=\"wp-image-59836\" srcset=\"https:\/\/syndicom.ch\/app\/uploads\/2026\/03\/syndicat-syndicom-bd-salaire-7.jpg 1456w, https:\/\/syndicom.ch\/app\/uploads\/2026\/03\/syndicat-syndicom-bd-salaire-7-300x106.jpg 300w, https:\/\/syndicom.ch\/app\/uploads\/2026\/03\/syndicat-syndicom-bd-salaire-7-1024x362.jpg 1024w, https:\/\/syndicom.ch\/app\/uploads\/2026\/03\/syndicat-syndicom-bd-salaire-7-768x272.jpg 768w\" sizes=\"auto, (max-width: 1456px) 100vw, 1456px\" \/><button\n\t\t\tclass=\"lightbox-trigger\"\n\t\t\ttype=\"button\"\n\t\t\taria-haspopup=\"dialog\"\n\t\t\taria-label=\"Agrandir\"\n\t\t\tdata-wp-init=\"callbacks.initTriggerButton\"\n\t\t\tdata-wp-on--click=\"actions.showLightbox\"\n\t\t\tdata-wp-style--right=\"state.imageButtonRight\"\n\t\t\tdata-wp-style--top=\"state.imageButtonTop\"\n\t\t>\n\t\t\t<svg xmlns=\"http:\/\/www.w3.org\/2000\/svg\" width=\"12\" height=\"12\" fill=\"none\" viewBox=\"0 0 12 12\">\n\t\t\t\t<path fill=\"#fff\" d=\"M2 0a2 2 0 0 0-2 2v2h1.5V2a.5.5 0 0 1 .5-.5h2V0H2Zm2 10.5H2a.5.5 0 0 1-.5-.5V8H0v2a2 2 0 0 0 2 2h2v-1.5ZM8 12v-1.5h2a.5.5 0 0 0 .5-.5V8H12v2a2 2 0 0 1-2 2H8Zm2-12a2 2 0 0 1 2 2v2h-1.5V2a.5.5 0 0 0-.5-.5H8V0h2Z\" \/>\n\t\t\t<\/svg>\n\t\t<\/button><\/figure>\n<\/div><\/div>\n\n\n\n<div class=\"wp-block-media-text is-stacked-on-mobile is-style-stacked coblocks-animate\" data-coblocks-animation=\"zoomIn\"><figure class=\"wp-block-media-text__media\"><\/figure><div class=\"wp-block-media-text__content\">\n<figure data-wp-context=\"{&quot;imageId&quot;:&quot;69f568eeae55f&quot;}\" data-wp-interactive=\"core\/image\" data-wp-key=\"69f568eeae55f\" class=\"wp-block-image size-full has-lightbox wp-lightbox-container\"><img loading=\"lazy\" decoding=\"async\" width=\"1450\" height=\"572\" data-wp-class--hide=\"state.isContentHidden\" data-wp-class--show=\"state.isContentVisible\" data-wp-init=\"callbacks.setButtonStyles\" data-wp-on--click=\"actions.showLightbox\" data-wp-on--load=\"callbacks.setButtonStyles\" data-wp-on-window--resize=\"callbacks.setButtonStyles\" src=\"https:\/\/syndicom.ch\/app\/uploads\/2026\/03\/syndicat-syndicom-bd-salaire-8.jpg\" alt=\"\" class=\"wp-image-59837\" srcset=\"https:\/\/syndicom.ch\/app\/uploads\/2026\/03\/syndicat-syndicom-bd-salaire-8.jpg 1450w, https:\/\/syndicom.ch\/app\/uploads\/2026\/03\/syndicat-syndicom-bd-salaire-8-300x118.jpg 300w, https:\/\/syndicom.ch\/app\/uploads\/2026\/03\/syndicat-syndicom-bd-salaire-8-1024x404.jpg 1024w, https:\/\/syndicom.ch\/app\/uploads\/2026\/03\/syndicat-syndicom-bd-salaire-8-768x303.jpg 768w\" sizes=\"auto, (max-width: 1450px) 100vw, 1450px\" \/><button\n\t\t\tclass=\"lightbox-trigger\"\n\t\t\ttype=\"button\"\n\t\t\taria-haspopup=\"dialog\"\n\t\t\taria-label=\"Agrandir\"\n\t\t\tdata-wp-init=\"callbacks.initTriggerButton\"\n\t\t\tdata-wp-on--click=\"actions.showLightbox\"\n\t\t\tdata-wp-style--right=\"state.imageButtonRight\"\n\t\t\tdata-wp-style--top=\"state.imageButtonTop\"\n\t\t>\n\t\t\t<svg xmlns=\"http:\/\/www.w3.org\/2000\/svg\" width=\"12\" height=\"12\" fill=\"none\" viewBox=\"0 0 12 12\">\n\t\t\t\t<path fill=\"#fff\" d=\"M2 0a2 2 0 0 0-2 2v2h1.5V2a.5.5 0 0 1 .5-.5h2V0H2Zm2 10.5H2a.5.5 0 0 1-.5-.5V8H0v2a2 2 0 0 0 2 2h2v-1.5ZM8 12v-1.5h2a.5.5 0 0 0 .5-.5V8H12v2a2 2 0 0 1-2 2H8Zm2-12a2 2 0 0 1 2 2v2h-1.5V2a.5.5 0 0 0-.5-.5H8V0h2Z\" \/>\n\t\t\t<\/svg>\n\t\t<\/button><\/figure>\n<\/div><\/div>\n<\/div>\n\n\n\n<p class=\"has-text-align-center\">\u00a9 Kati Rickenbach<br><strong><a href=\"https:\/\/syndicom.ch\/app\/uploads\/2026\/03\/syndicat-syndicom-bd-salaire-2025.pdf\" type=\"link\" id=\"https:\/\/syndicom.ch\/app\/uploads\/2026\/03\/syndicat-syndicom-bd-salaire-2025.pdf\" target=\"_blank\" rel=\"noreferrer noopener\">Toute la bande dessin\u00e9e sur une seule page<\/a><\/strong><\/p>\n\n\n\n<p class=\"has-text-align-center\"><\/p>\n<\/div>\n<\/div>\n\n\n\n<div class=\"wp-block-group alignfull has-background-color has-primary-background-color has-text-color has-background has-link-color wp-elements-f80a5f8d297e4773565989b3ed8b78f6 is-layout-constrained wp-block-group-is-layout-constrained\">\n<h2 class=\"wp-block-heading has-text-align-center\"><strong>Ensemble pour des salaires \u00e9quitables !<\/strong><\/h2>\n\n\n\n<p class=\"has-text-align-center\">En tant que membre de syndicom, tu renforces la lutte commune pour des salaires \u00e9quitables. Car plus on est nombreux, plus on peut exercer de pression lors des n\u00e9gociations salariales.<\/p>\n\n\n\n<div class=\"wp-block-buttons is-content-justification-center is-layout-flex wp-container-core-buttons-is-layout-16018d1d wp-block-buttons-is-layout-flex\">\n<div class=\"wp-block-button is-style-fill\"><a class=\"wp-block-button__link has-foreground-color has-secondary-background-color has-text-color has-background has-link-color has-text-align-left wp-element-button\" href=\"https:\/\/my.syndicom.ch\/mitgliedschaft\" target=\"_blank\" rel=\"noreferrer noopener\"><strong>D<\/strong>evenir <strong>membre<\/strong><\/a><\/div>\n\n\n\n<div class=\"wp-block-button is-style-outline is-style-outline--4\"><a class=\"wp-block-button__link has-tertiary-color has-tertiary-background-color has-text-color has-background has-link-color has-text-align-left wp-element-button\" href=\"https:\/\/syndicom.ch\/fr\/faq-affiliation\/\" target=\"_blank\" rel=\"noreferrer noopener\"><strong>Avantages et infos sur l\u2019adh\u00e9sion<\/strong><\/a><\/div>\n<\/div>\n<\/div>\n\n\n\n<div class=\"wp-block-group alignfull has-background-background-color has-background is-layout-constrained wp-block-group-is-layout-constrained\">\n<div class=\"wp-block-group is-style-narrow is-layout-constrained wp-block-group-is-layout-constrained\">\n<h2 class=\"wp-block-heading has-text-align-center\"><strong><strong><strong><strong>syndicom \u00e0 la manifestation pour les salaires :<\/strong><\/strong><\/strong><\/strong><\/h2>\n\n\n\n<div class=\"wp-block-group is-style-slider is-autoplay is-layout-constrained wp-container-core-group-is-layout-c266cdc3 wp-block-group-is-layout-constrained\">\n<div class=\"wp-block-group coblocks-animate is-layout-constrained wp-container-core-group-is-layout-5ca99053 wp-block-group-is-layout-constrained\" data-coblocks-animation=\"zoomIn\">\n<figure class=\"wp-block-image aligncenter size-full is-style-default\"><img loading=\"lazy\" decoding=\"async\" width=\"2560\" height=\"1707\" src=\"https:\/\/syndicom.ch\/app\/uploads\/2025\/07\/gewerkschaft-syndicom-lohndemo2023-zusteller-scaled.jpg\" alt=\"\" class=\"wp-image-41904\" srcset=\"https:\/\/syndicom.ch\/app\/uploads\/2025\/07\/gewerkschaft-syndicom-lohndemo2023-zusteller-scaled.jpg 2560w, https:\/\/syndicom.ch\/app\/uploads\/2025\/07\/gewerkschaft-syndicom-lohndemo2023-zusteller-300x200.jpg 300w, https:\/\/syndicom.ch\/app\/uploads\/2025\/07\/gewerkschaft-syndicom-lohndemo2023-zusteller-1024x683.jpg 1024w, https:\/\/syndicom.ch\/app\/uploads\/2025\/07\/gewerkschaft-syndicom-lohndemo2023-zusteller-768x512.jpg 768w, https:\/\/syndicom.ch\/app\/uploads\/2025\/07\/gewerkschaft-syndicom-lohndemo2023-zusteller-1536x1024.jpg 1536w, https:\/\/syndicom.ch\/app\/uploads\/2025\/07\/gewerkschaft-syndicom-lohndemo2023-zusteller-2048x1365.jpg 2048w\" sizes=\"auto, (max-width: 2560px) 100vw, 2560px\" \/><figcaption class=\"wp-element-caption\"> <\/figcaption><\/figure>\n<\/div>\n\n\n\n<div class=\"wp-block-group coblocks-animate is-layout-constrained wp-container-core-group-is-layout-5ca99053 wp-block-group-is-layout-constrained\" data-coblocks-animation=\"zoomIn\">\n<figure class=\"wp-block-image aligncenter size-full is-style-default coblocks-animate\" data-coblocks-animation=\"zoomIn\"><img loading=\"lazy\" decoding=\"async\" width=\"2560\" height=\"1890\" src=\"https:\/\/syndicom.ch\/app\/uploads\/2025\/07\/gewerkschaft-syndicom-lohndemo2023-allgemein-scaled.jpg\" alt=\"\" class=\"wp-image-41897\" srcset=\"https:\/\/syndicom.ch\/app\/uploads\/2025\/07\/gewerkschaft-syndicom-lohndemo2023-allgemein-scaled.jpg 2560w, https:\/\/syndicom.ch\/app\/uploads\/2025\/07\/gewerkschaft-syndicom-lohndemo2023-allgemein-300x222.jpg 300w, https:\/\/syndicom.ch\/app\/uploads\/2025\/07\/gewerkschaft-syndicom-lohndemo2023-allgemein-1024x756.jpg 1024w, https:\/\/syndicom.ch\/app\/uploads\/2025\/07\/gewerkschaft-syndicom-lohndemo2023-allgemein-768x567.jpg 768w, https:\/\/syndicom.ch\/app\/uploads\/2025\/07\/gewerkschaft-syndicom-lohndemo2023-allgemein-1536x1134.jpg 1536w, https:\/\/syndicom.ch\/app\/uploads\/2025\/07\/gewerkschaft-syndicom-lohndemo2023-allgemein-2048x1512.jpg 2048w\" sizes=\"auto, (max-width: 2560px) 100vw, 2560px\" \/><figcaption class=\"wp-element-caption\"> <\/figcaption><\/figure>\n<\/div>\n\n\n\n<div class=\"wp-block-group coblocks-animate is-layout-constrained wp-container-core-group-is-layout-5ca99053 wp-block-group-is-layout-constrained\" data-coblocks-animation=\"zoomIn\">\n<figure class=\"wp-block-image aligncenter size-full is-style-default coblocks-animate\" data-coblocks-animation=\"zoomIn\"><img loading=\"lazy\" decoding=\"async\" width=\"2560\" height=\"1707\" src=\"https:\/\/syndicom.ch\/app\/uploads\/2025\/07\/gewerkschaft-syndicom-lohndemo2023-pensionierte-scaled.jpg\" alt=\"\" class=\"wp-image-41893\" srcset=\"https:\/\/syndicom.ch\/app\/uploads\/2025\/07\/gewerkschaft-syndicom-lohndemo2023-pensionierte-scaled.jpg 2560w, https:\/\/syndicom.ch\/app\/uploads\/2025\/07\/gewerkschaft-syndicom-lohndemo2023-pensionierte-300x200.jpg 300w, https:\/\/syndicom.ch\/app\/uploads\/2025\/07\/gewerkschaft-syndicom-lohndemo2023-pensionierte-1024x683.jpg 1024w, https:\/\/syndicom.ch\/app\/uploads\/2025\/07\/gewerkschaft-syndicom-lohndemo2023-pensionierte-768x512.jpg 768w, https:\/\/syndicom.ch\/app\/uploads\/2025\/07\/gewerkschaft-syndicom-lohndemo2023-pensionierte-1536x1024.jpg 1536w, https:\/\/syndicom.ch\/app\/uploads\/2025\/07\/gewerkschaft-syndicom-lohndemo2023-pensionierte-2048x1365.jpg 2048w\" sizes=\"auto, (max-width: 2560px) 100vw, 2560px\" \/><figcaption class=\"wp-element-caption\"> <\/figcaption><\/figure>\n<\/div>\n\n\n\n<div class=\"wp-block-group coblocks-animate is-layout-constrained wp-container-core-group-is-layout-5ca99053 wp-block-group-is-layout-constrained\" data-coblocks-animation=\"zoomIn\">\n<figure class=\"wp-block-image aligncenter size-full is-style-default coblocks-animate\" data-coblocks-animation=\"zoomIn\"><img loading=\"lazy\" decoding=\"async\" width=\"2560\" height=\"1707\" src=\"https:\/\/syndicom.ch\/app\/uploads\/2025\/07\/gewerkschaft-syndicom-lohndemo2023-ict-scaled.jpg\" alt=\"\" class=\"wp-image-41889\" srcset=\"https:\/\/syndicom.ch\/app\/uploads\/2025\/07\/gewerkschaft-syndicom-lohndemo2023-ict-scaled.jpg 2560w, https:\/\/syndicom.ch\/app\/uploads\/2025\/07\/gewerkschaft-syndicom-lohndemo2023-ict-300x200.jpg 300w, https:\/\/syndicom.ch\/app\/uploads\/2025\/07\/gewerkschaft-syndicom-lohndemo2023-ict-1024x683.jpg 1024w, https:\/\/syndicom.ch\/app\/uploads\/2025\/07\/gewerkschaft-syndicom-lohndemo2023-ict-768x512.jpg 768w, https:\/\/syndicom.ch\/app\/uploads\/2025\/07\/gewerkschaft-syndicom-lohndemo2023-ict-1536x1024.jpg 1536w, https:\/\/syndicom.ch\/app\/uploads\/2025\/07\/gewerkschaft-syndicom-lohndemo2023-ict-2048x1365.jpg 2048w\" sizes=\"auto, (max-width: 2560px) 100vw, 2560px\" \/><figcaption class=\"wp-element-caption\"> <\/figcaption><\/figure>\n<\/div>\n\n\n\n<div class=\"wp-block-group coblocks-animate is-layout-constrained wp-container-core-group-is-layout-5ca99053 wp-block-group-is-layout-constrained\" data-coblocks-animation=\"zoomIn\">\n<figure class=\"wp-block-image aligncenter size-full is-style-default coblocks-animate\" data-coblocks-animation=\"zoomIn\"><img loading=\"lazy\" decoding=\"async\" width=\"2560\" height=\"1707\" src=\"https:\/\/syndicom.ch\/app\/uploads\/2025\/07\/gewerkschaft-syndicom-lohndemo2023-mindestlohn-scaled.jpg\" alt=\"\" class=\"wp-image-41885\" srcset=\"https:\/\/syndicom.ch\/app\/uploads\/2025\/07\/gewerkschaft-syndicom-lohndemo2023-mindestlohn-scaled.jpg 2560w, https:\/\/syndicom.ch\/app\/uploads\/2025\/07\/gewerkschaft-syndicom-lohndemo2023-mindestlohn-300x200.jpg 300w, https:\/\/syndicom.ch\/app\/uploads\/2025\/07\/gewerkschaft-syndicom-lohndemo2023-mindestlohn-1024x683.jpg 1024w, https:\/\/syndicom.ch\/app\/uploads\/2025\/07\/gewerkschaft-syndicom-lohndemo2023-mindestlohn-768x512.jpg 768w, https:\/\/syndicom.ch\/app\/uploads\/2025\/07\/gewerkschaft-syndicom-lohndemo2023-mindestlohn-1536x1024.jpg 1536w, https:\/\/syndicom.ch\/app\/uploads\/2025\/07\/gewerkschaft-syndicom-lohndemo2023-mindestlohn-2048x1365.jpg 2048w\" sizes=\"auto, (max-width: 2560px) 100vw, 2560px\" \/><figcaption class=\"wp-element-caption\"> <\/figcaption><\/figure>\n<\/div>\n\n\n\n<div class=\"wp-block-group coblocks-animate is-layout-constrained wp-container-core-group-is-layout-5ca99053 wp-block-group-is-layout-constrained\" data-coblocks-animation=\"zoomIn\">\n<figure class=\"wp-block-image aligncenter size-full is-style-default coblocks-animate\" data-coblocks-animation=\"zoomIn\"><img loading=\"lazy\" decoding=\"async\" width=\"2560\" height=\"1707\" src=\"https:\/\/syndicom.ch\/app\/uploads\/2025\/07\/gewerkschaft-syndicom-lohndemo2023-medien-scaled.jpg\" alt=\"\" class=\"wp-image-41877\" srcset=\"https:\/\/syndicom.ch\/app\/uploads\/2025\/07\/gewerkschaft-syndicom-lohndemo2023-medien-scaled.jpg 2560w, https:\/\/syndicom.ch\/app\/uploads\/2025\/07\/gewerkschaft-syndicom-lohndemo2023-medien-300x200.jpg 300w, https:\/\/syndicom.ch\/app\/uploads\/2025\/07\/gewerkschaft-syndicom-lohndemo2023-medien-1024x683.jpg 1024w, https:\/\/syndicom.ch\/app\/uploads\/2025\/07\/gewerkschaft-syndicom-lohndemo2023-medien-768x512.jpg 768w, https:\/\/syndicom.ch\/app\/uploads\/2025\/07\/gewerkschaft-syndicom-lohndemo2023-medien-1536x1024.jpg 1536w, https:\/\/syndicom.ch\/app\/uploads\/2025\/07\/gewerkschaft-syndicom-lohndemo2023-medien-2048x1365.jpg 2048w\" sizes=\"auto, (max-width: 2560px) 100vw, 2560px\" \/><figcaption class=\"wp-element-caption\"> <\/figcaption><\/figure>\n<\/div>\n<\/div>\n\n\n\n<p><\/p>\n\n\n\n<div class=\"wp-block-buttons alignwide is-content-justification-center is-layout-flex wp-container-core-buttons-is-layout-16018d1d wp-block-buttons-is-layout-flex\">\n<div class=\"wp-block-button is-style-outline is-style-outline--5\"><a class=\"wp-block-button__link has-primary-color has-text-color has-link-color has-text-align-center wp-element-button\" href=\"https:\/\/www.instagram.com\/stories\/highlights\/17858978538249403\/\" target=\"_blank\" rel=\"noreferrer noopener\"><strong>Plus de photos sur Instagram<\/strong><\/a><\/div>\n<\/div>\n<\/div>\n<\/div>\n\n\n\n<div class=\"wp-block-group alignfull has-background-background-color has-background is-layout-constrained wp-block-group-is-layout-constrained\">\n<div class=\"wp-block-group is-style-narrow is-layout-constrained wp-block-group-is-layout-constrained\">\n<h2 class=\"wp-block-heading wp-block-coblocks-faq__title\" id=\"FAQ-Salaire\"><mark style=\"background-color:rgba(0, 0, 0, 0)\" class=\"has-inline-color has-primary-color\">\u24d8&nbsp;<\/mark>En bref<\/h2>\n\n\n\n<div class=\"wp-block-group is-style-narrow is-layout-constrained wp-block-group-is-layout-constrained\">\n<div class=\"wp-block-columns is-style-accordion has-background-background-color has-background is-layout-flex wp-container-core-columns-is-layout-9d6595d7 wp-block-columns-is-layout-flex\">\n<div class=\"wp-block-column is-layout-flow wp-block-column-is-layout-flow\">\n<p class=\"has-foreground-color has-text-color has-link-color wp-elements-98c21c93898bdff34d9555285a87c556\"><strong><strong>Les points les plus importants sur la fiche de salaire<\/strong><\/strong><\/p>\n<\/div>\n\n\n\n<div class=\"wp-block-column is-layout-flow wp-block-column-is-layout-flow\">\n<ul class=\"wp-block-list\">\n<li><strong>AVS, AI, APG<\/strong> est le principal pilier de la pr\u00e9voyance sociale suisse (1er pilier). Taute personne exer\u00e7ant une activit\u00e9 lucrative en Suisse paie des cotisations \u00e0 l&rsquo;AVS ( Assurance-vieillesse et survivants), \u00e0 l&rsquo;AI (assurance-invalidit\u00e9) et aux APG (assurances perte de gains), pr\u00e9lev\u00e9es sur leur salaire. L&#8217;employeur s&rsquo;acquitte de l&rsquo;autre moiti\u00e9. Taux de cotisation fix\u00e9 par la Conf\u00e9d\u00e9ration : 10,6 % (AVS 8,7 % , AI 1,4 % APG 0,5%)<\/li>\n\n\n\n<li><strong>AC (Assurance ch\u00f4mage)<\/strong><br>L&rsquo; Assurance-ch\u00f4mage est une assurance sociale obligatoire, pay\u00e9e a part \u00e9gale par le ou la salari\u00e9-e et son employeur.<br>Jusqu&rsquo;\u00e0 un montant annuel maximal de 148&rsquo;200 francs, le taux de cotisation \u00e0 l&rsquo;AC est de 2,2 % du salaire annuel d\u00e9terminant, depuis janvier 2023.<\/li>\n\n\n\n<li><strong>Prevoyance professionnelle<\/strong> <br>La PP est le 2\u00e8me pilier des assurances sociales. Est assur\u00e9-e \u00e0 la PP tout salari\u00e9-\u00ade qui touche un salaire annuel sup\u00e9rieur a 22&rsquo;050 francs. <br>Elle doit donner aux assur\u00e9s la possibilite de maintenir de fa\u00e7on appropri\u00e9e leur niveau de vie anterieur \u00e0 la retraite. L&rsquo;objectif de la PP est d&rsquo;atteindre \u2013 par addition \u00e0 la rente AVC\/AI \u2013 60% du dernier salaire. De plus, le 2\u00e8me pilier couvre les risques de d\u00e9c\u00e8s et d&rsquo;invalidit\u00e9.<\/li>\n\n\n\n<li><strong>Assurances acddent non professionnelles (AANP) <\/strong><br>Toute personne qui travaille au moins 8 heures par semaine dans la m\u00eame entreprise est obligatoirement assur\u00e9e contre les accidents professionnels et non professionnels. Les primes AANP sont assum\u00e9es par l&#8217;employ\u00e9-e: l&#8217;employeur les paie avec l&rsquo;AAP en d\u00e9but d&rsquo;ann\u00e9e et pr\u00e9l\u00e8ve ensuite mensuellement l&rsquo;AANP sur le salaire.<\/li>\n\n\n\n<li><strong>Frais d&rsquo; execution CCT<\/strong><br>Les parties a une CCT pr\u00e9voient souvent des dispositions qui obligent les employeurs et les employ\u00e9-es soumis-es \u00e0 la convention \u00e0 verser des cotisations qui servent au financement de l&rsquo;ex\u00e9cution de la CCT, y compris son contr\u00f4le.<\/li>\n\n\n\n<li><strong>Allocations familiales<\/strong><br>La loi pr\u00e9voit une allocation mensuelle d&rsquo;au moins 200 francs pour les enfants jusqu&rsquo;\u00e0 16 ans et d&rsquo;au moins 250 francs pour les enfants jusqu&rsquo;\u00e0 25 ans encore en \u00e9tude ou formation. Les montants diff\u00e8rent selon les cantons et les employeurs.<\/li>\n<\/ul>\n\n\n\n<p class=\"is-style-default\"><a href=\"https:\/\/syndicom.ch\/fr\/magazine\/#ausgaben\" target=\"_blank\" rel=\"noreferrer noopener\"><sub>Ce texte a \u00e9t\u00e9 publi\u00e9 pour la premi\u00e8re fois dans le magazine syndicom n\u00b0 38\/2023.<\/sub><\/a><\/p>\n<\/div>\n<\/div>\n\n\n\n<hr class=\"wp-block-separator has-alpha-channel-opacity is-style-wide\"\/>\n\n\n\n<div class=\"wp-block-columns is-style-accordion has-background-background-color has-background is-layout-flex wp-container-core-columns-is-layout-9d6595d7 wp-block-columns-is-layout-flex\">\n<div class=\"wp-block-column is-layout-flow wp-block-column-is-layout-flow\">\n<p class=\"has-foreground-color has-text-color has-link-color wp-elements-716b2bbf68761b9f6d5c653324ec7ab1\"><strong>Analyses de salaire : qu\u2019est-ce que c\u2019est ?<\/strong><\/p>\n<\/div>\n\n\n\n<div class=\"wp-block-column is-layout-flow wp-block-column-is-layout-flow\">\n<p class=\"is-style-default\">L\u2019analyse des salaires montre si, dans une entreprise, les <a href=\"https:\/\/syndicom.ch\/fr\/femmes\/\" target=\"_blank\" rel=\"noreferrer noopener\">femmes<\/a> et les hommes touchent le m\u00eame salaire pour un travail \u00e9gal ou de valeur \u00e9gale. Ce n\u2019est qu\u2019avec une analyse des salaires \u00e0 l\u2019appui qu\u2019il est possible d\u2019agir de mani\u00e8re cibl\u00e9e contre les infractions afin de mettre fin \u00e0 la discrimination.<\/p>\n<\/div>\n<\/div>\n\n\n\n<hr class=\"wp-block-separator has-alpha-channel-opacity is-style-wide\"\/>\n\n\n\n<div class=\"wp-block-columns is-style-accordion has-background-background-color has-background is-layout-flex wp-container-core-columns-is-layout-9d6595d7 wp-block-columns-is-layout-flex\">\n<div class=\"wp-block-column is-vertically-aligned-center is-layout-flow wp-block-column-is-layout-flow\" style=\"flex-basis:334px\">\n<p class=\"has-foreground-color has-text-color has-link-color wp-elements-ccbe62e8b9e110e2fbea83f3a8dd6853\"><strong>Qu\u2019est-ce que l\u2019in\u00e9galit\u00e9 salariale ?<\/strong><\/p>\n<\/div>\n\n\n\n<div class=\"wp-block-column is-layout-flow wp-block-column-is-layout-flow\">\n<p>Le revenu des <a href=\"https:\/\/syndicom.ch\/fr\/femmes\/\" target=\"_blank\" rel=\"noreferrer noopener\">femmes<\/a> est en moyenne inf\u00e9rieur de 43,2 % \u00e0 celui des hommes (2022). Cet \u00e9cart a trois raisons :<\/p>\n\n\n\n<ul class=\"wp-block-list\">\n<li>Les <a href=\"https:\/\/syndicom.ch\/fr\/femmes\/\" target=\"_blank\" rel=\"noreferrer noopener\">femmes<\/a> continuent d\u2019assurer la majeure partie du travail non r\u00e9mun\u00e9r\u00e9, ce qui les emp\u00eache donc d\u2019accomplir plus de travail r\u00e9tribu\u00e9. La cons\u00e9quence logique est que les femmes ont des rentes vieillesse bien inf\u00e9rieures \u00e0 celles des hommes (34,6 % en 2022).<\/li>\n\n\n\n<li>Les <a href=\"https:\/\/syndicom.ch\/fr\/femmes\/\" target=\"_blank\" rel=\"noreferrer noopener\">femmes<\/a> sont statistiquement surrepr\u00e9sent\u00e9es dans les emplois mal r\u00e9mun\u00e9r\u00e9s et sous repr\u00e9sent\u00e9es dans les professions bien r\u00e9mun\u00e9r\u00e9es.<\/li>\n\n\n\n<li>La discrimination salariale persiste malgr\u00e9 la r\u00e9vision de la loi sur l\u2019\u00e9galit\u00e9.<\/li>\n<\/ul>\n<\/div>\n<\/div>\n\n\n\n<hr class=\"wp-block-separator has-alpha-channel-opacity is-style-wide\"\/>\n<\/div>\n\n\n\n<p><\/p>\n\n\n\n<p class=\"has-text-align-left\"><strong><strong>Plus d&rsquo;infos sur le salaire :<\/strong><\/strong><br><a href=\"https:\/\/syndicom.ch\/fr\/guide\/?gqs=&#038;catfilter=article-category%3A301\" target=\"_blank\" rel=\"noreferrer noopener\">\u279c R\u00e9ponses du service juridique<\/a><br><a href=\"https:\/\/www.uss.ch\/themes\/travail\/salaires-et-cct\" target=\"_blank\" rel=\"noreferrer noopener\">\u279c <\/a><a href=\"https:\/\/www.uss.ch\/themes\/travail\/salaires-et-cct\" target=\"_blank\" rel=\"noreferrer noopener nofollow\">Infos de l&rsquo;USS sur les salaires et CCT<\/a><\/p>\n\n\n\n<h2 class=\"wp-block-heading has-foreground-color has-text-color has-link-color wp-elements-445edbf9869a6b099c99edff2ca0edf6\"><strong><strong><strong>Dossiers et reportages : le magazine informe<\/strong><\/strong><\/strong><\/h2>\n\n\n\n<div data-wp-context=\"{}\" data-wp-interactive=\"core\/query\" data-wp-key=\"11\" data-wp-router-region=\"query-11\" class=\"wp-block-query alignfull is-layout-flow wp-block-query-is-layout-flow\">\n<div class=\"wp-block-group alignwide is-style-default is-layout-constrained wp-block-group-is-layout-constrained\"><ul class=\"columns-3 alignwide wp-block-post-template is-layout-grid wp-container-core-post-template-is-layout-2f3213d7 wp-block-post-template-is-layout-grid\"><li data-wp-key=\"post-template-item-59932\" class=\"wp-block-post post-59932 syn_magazine type-syn_magazine status-publish has-post-thumbnail hentry syn_magazine_category-salaire\">\n\n<div class=\"wp-block-media-text is-stacked-on-mobile is-style-logo has-background-background-color has-background\"><figure class=\"wp-block-media-text__media\"><\/figure><div class=\"wp-block-media-text__content\"><div class=\"has-text-align-right has-link-color wp-elements-7c87a679c4c3f9b0e01a5f088fd4271d wp-block-post-date has-text-color has-foreground-color\"><time datetime=\"2026-03-25T09:54:43+01:00\">25.3.2026<\/time><\/div>\n\n\n<div class=\"wp-block-cover is-light is-style-default\" style=\"min-height:270px;aspect-ratio:unset;\"><span aria-hidden=\"true\" class=\"wp-block-cover__background has-background-background-color has-background-dim-40 has-background-dim\"><\/span><img loading=\"lazy\" decoding=\"async\" width=\"1456\" height=\"515\" src=\"https:\/\/syndicom.ch\/app\/uploads\/2026\/03\/syndicat-syndicom-bd-salaire-7.jpg\" class=\"wp-block-cover__image-background wp-post-image\" alt=\"\" data-object-fit=\"cover\" data-object-position=\"44% 50%\" style=\"object-position:44% 50%;\" srcset=\"https:\/\/syndicom.ch\/app\/uploads\/2026\/03\/syndicat-syndicom-bd-salaire-7.jpg 1456w, https:\/\/syndicom.ch\/app\/uploads\/2026\/03\/syndicat-syndicom-bd-salaire-7-300x106.jpg 300w, https:\/\/syndicom.ch\/app\/uploads\/2026\/03\/syndicat-syndicom-bd-salaire-7-1024x362.jpg 1024w, https:\/\/syndicom.ch\/app\/uploads\/2026\/03\/syndicat-syndicom-bd-salaire-7-768x272.jpg 768w\" sizes=\"auto, (max-width: 1456px) 100vw, 1456px\" \/><div class=\"wp-block-cover__inner-container is-layout-constrained wp-block-cover-is-layout-constrained\">\n<p><br><br><\/p>\n\n\n<h3 class=\"has-text-align-left has-link-color alignwide wp-elements-f46cbe21f6e3b1156f862cc5a4549c11 wp-block-post-title has-text-color has-primary-color has-background has-background-background-color\"><a href=\"https:\/\/syndicom.ch\/fr\/magazine\/le-salaire-minimum-en-mauvaise-posture\/\" target=\"_blank\" >Le salaire minimum en mauvaise posture<\/a><\/h3><\/div><\/div>\n\n\n<a href=\"https:\/\/syndicom.ch\/fr\/magazine\/le-salaire-minimum-en-mauvaise-posture\/\"><\/a><div class=\"syn-post-terms\" style=\"display: none\"><a href=\"#\" class=\"syn-post-terms__link\" data-term-id=\"281\">Salaire<\/a> <\/div>\n\n<\/div><\/div>\n\n<\/li><li data-wp-key=\"post-template-item-47933\" class=\"wp-block-post post-47933 syn_magazine type-syn_magazine status-publish has-post-thumbnail hentry syn_magazine_category-salaire\">\n\n<div class=\"wp-block-media-text is-stacked-on-mobile is-style-logo has-background-background-color has-background\"><figure class=\"wp-block-media-text__media\"><\/figure><div class=\"wp-block-media-text__content\"><div class=\"has-text-align-right has-link-color wp-elements-7c87a679c4c3f9b0e01a5f088fd4271d wp-block-post-date has-text-color has-foreground-color\"><time datetime=\"2025-10-10T10:37:03+02:00\">10.10.2025<\/time><\/div>\n\n\n<div class=\"wp-block-cover is-light is-style-default\" style=\"min-height:270px;aspect-ratio:unset;\"><span aria-hidden=\"true\" class=\"wp-block-cover__background has-background-background-color has-background-dim-40 has-background-dim\"><\/span><img loading=\"lazy\" decoding=\"async\" width=\"2560\" height=\"1986\" src=\"https:\/\/syndicom.ch\/app\/uploads\/2025\/10\/syndicat-syndicom-evolution-salaires-2025-scaled.jpg\" class=\"wp-block-cover__image-background wp-post-image\" alt=\"\" data-object-fit=\"cover\" data-object-position=\"44% 50%\" style=\"object-position:44% 50%;\" srcset=\"https:\/\/syndicom.ch\/app\/uploads\/2025\/10\/syndicat-syndicom-evolution-salaires-2025-scaled.jpg 2560w, https:\/\/syndicom.ch\/app\/uploads\/2025\/10\/syndicat-syndicom-evolution-salaires-2025-300x233.jpg 300w, https:\/\/syndicom.ch\/app\/uploads\/2025\/10\/syndicat-syndicom-evolution-salaires-2025-1024x795.jpg 1024w, https:\/\/syndicom.ch\/app\/uploads\/2025\/10\/syndicat-syndicom-evolution-salaires-2025-768x596.jpg 768w, https:\/\/syndicom.ch\/app\/uploads\/2025\/10\/syndicat-syndicom-evolution-salaires-2025-1536x1192.jpg 1536w, https:\/\/syndicom.ch\/app\/uploads\/2025\/10\/syndicat-syndicom-evolution-salaires-2025-2048x1589.jpg 2048w\" sizes=\"auto, (max-width: 2560px) 100vw, 2560px\" \/><div class=\"wp-block-cover__inner-container is-layout-constrained wp-block-cover-is-layout-constrained\">\n<p><br><br><\/p>\n\n\n<h3 class=\"has-text-align-left has-link-color alignwide wp-elements-f46cbe21f6e3b1156f862cc5a4549c11 wp-block-post-title has-text-color has-primary-color has-background has-background-background-color\"><a href=\"https:\/\/syndicom.ch\/fr\/magazine\/rattraper-le-retard-salarial\/\" target=\"_blank\" >Rattraper le retard salarial<\/a><\/h3><\/div><\/div>\n\n\n<a href=\"https:\/\/syndicom.ch\/fr\/magazine\/rattraper-le-retard-salarial\/\"><\/a><div class=\"syn-post-terms\" style=\"display: none\"><a href=\"#\" class=\"syn-post-terms__link\" data-term-id=\"281\">Salaire<\/a> <\/div>\n\n<\/div><\/div>\n\n<\/li><li data-wp-key=\"post-template-item-46909\" class=\"wp-block-post post-46909 syn_magazine type-syn_magazine status-publish has-post-thumbnail hentry syn_magazine_category-commerce-du-livre syn_magazine_category-jeunesse syn_magazine_category-salaire syn_magazine_category-swisscom-fr\">\n\n<div class=\"wp-block-media-text is-stacked-on-mobile is-style-logo has-background-background-color has-background\"><figure class=\"wp-block-media-text__media\"><\/figure><div class=\"wp-block-media-text__content\"><div class=\"has-text-align-right has-link-color wp-elements-7c87a679c4c3f9b0e01a5f088fd4271d wp-block-post-date has-text-color has-foreground-color\"><time datetime=\"2025-09-02T16:32:55+02:00\">2.9.2025<\/time><\/div>\n\n\n<div class=\"wp-block-cover is-light is-style-default\" style=\"min-height:270px;aspect-ratio:unset;\"><span aria-hidden=\"true\" class=\"wp-block-cover__background has-background-background-color has-background-dim-40 has-background-dim\"><\/span><img loading=\"lazy\" decoding=\"async\" width=\"1067\" height=\"1067\" src=\"https:\/\/syndicom.ch\/app\/uploads\/2025\/09\/gewerkschaft-syndicom-icon-sorge-jugend.jpg\" class=\"wp-block-cover__image-background wp-post-image\" alt=\"\" data-object-fit=\"cover\" data-object-position=\"44% 50%\" style=\"object-position:44% 50%;\" srcset=\"https:\/\/syndicom.ch\/app\/uploads\/2025\/09\/gewerkschaft-syndicom-icon-sorge-jugend.jpg 1067w, https:\/\/syndicom.ch\/app\/uploads\/2025\/09\/gewerkschaft-syndicom-icon-sorge-jugend-300x300.jpg 300w, https:\/\/syndicom.ch\/app\/uploads\/2025\/09\/gewerkschaft-syndicom-icon-sorge-jugend-1024x1024.jpg 1024w, https:\/\/syndicom.ch\/app\/uploads\/2025\/09\/gewerkschaft-syndicom-icon-sorge-jugend-150x150.jpg 150w, https:\/\/syndicom.ch\/app\/uploads\/2025\/09\/gewerkschaft-syndicom-icon-sorge-jugend-768x768.jpg 768w\" sizes=\"auto, (max-width: 1067px) 100vw, 1067px\" \/><div class=\"wp-block-cover__inner-container is-layout-constrained wp-block-cover-is-layout-constrained\">\n<p><br><br><\/p>\n\n\n<h3 class=\"has-text-align-left has-link-color alignwide wp-elements-f46cbe21f6e3b1156f862cc5a4549c11 wp-block-post-title has-text-color has-primary-color has-background has-background-background-color\"><a href=\"https:\/\/syndicom.ch\/fr\/magazine\/nous-devons-faire-la-distinction-entre-travail-et-travail-salarie\/\" target=\"_blank\" >Nous devons faire la distinction entre travail et travail salari\u00e9\u202f<\/a><\/h3><\/div><\/div>\n\n\n<a href=\"https:\/\/syndicom.ch\/fr\/magazine\/nous-devons-faire-la-distinction-entre-travail-et-travail-salarie\/\"><\/a><div class=\"syn-post-terms\" style=\"display: none\"><a href=\"#\" class=\"syn-post-terms__link\" data-term-id=\"338\">Commerce du livre<\/a> <a href=\"#\" class=\"syn-post-terms__link\" data-term-id=\"332\">Jeunesse<\/a> <a href=\"#\" class=\"syn-post-terms__link\" data-term-id=\"281\">Salaire<\/a> <a href=\"#\" class=\"syn-post-terms__link\" data-term-id=\"344\">Swisscom<\/a> <\/div>\n\n<\/div><\/div>\n\n<\/li><\/ul><\/div>\n\n\n<nav class=\"has-link-color aligncenter wp-elements-45c78e18884f5b0a3d3f1b788580704f wp-block-query-pagination has-text-color has-background-color has-background has-background-background-color is-horizontal is-content-justification-center is-layout-flex wp-container-core-query-pagination-is-layout-2f0dc101 wp-block-query-pagination-is-layout-flex\" aria-label=\"Pagination\">\n\n\n<div class=\"wp-block-query-pagination-numbers\"><span data-wp-key=\"index-0\" aria-current=\"page\" class=\"page-numbers current\">1<\/span>\n<a data-wp-key=\"index-1\" data-wp-on--click=\"core\/query::actions.navigate\" class=\"page-numbers\" href=\"?query-11-page=2\">2<\/a><\/div>\n\n<a data-wp-key=\"query-pagination-next\" data-wp-on--click=\"core\/query::actions.navigate\" data-wp-on--mouseenter=\"core\/query::actions.prefetch\" data-wp-watch=\"core\/query::callbacks.prefetch\" href=\"\/fr\/wp-json\/wp\/v2\/pages\/42014?query-11-page=2\" class=\"wp-block-query-pagination-next\">Page suivante<span class='wp-block-query-pagination-next-arrow is-arrow-chevron' aria-hidden='true'>\u00bb<\/span><\/a>\n<\/nav>\n\n<\/div>\n\n\n\n<p class=\"has-tertiary-background-color has-background\"><strong><strong>Tu as des questions sur les salaires ?<\/strong><\/strong><br>N&rsquo;h\u00e9site pas \u00e0 nous contacter : Nous sommes l\u00e0 pour t&rsquo;aider ! <a href=\"https:\/\/syndicom.ch\/fr\/contact\/\" target=\"_blank\" rel=\"noreferrer noopener\">\u279c Adresse de contact<\/a><\/p>\n<\/div>\n<\/div>\n","protected":false},"excerpt":{"rendered":"<p>Le syndicat syndicom se bat pour des salaires \u00e9quitables, qu&rsquo;il s&rsquo;agisse d&rsquo;augmentations r\u00e9elles ou de salaires minimums.<\/p>\n","protected":false},"author":3,"featured_media":60534,"parent":0,"menu_order":0,"comment_status":"closed","ping_status":"closed","template":"","meta":{"_acf_changed":false,"inline_featured_image":false,"_coblocks_attr":"","_coblocks_dimensions":"","_coblocks_responsive_height":"","_coblocks_accordion_ie_support":"","footnotes":""},"categories":[380],"class_list":["post-42014","page","type-page","status-publish","has-post-thumbnail","hentry","category-ton-travail"],"acf":[],"yoast_head":"<!-- This site is optimized with the Yoast SEO plugin v27.3 - https:\/\/yoast.com\/product\/yoast-seo-wordpress\/ -->\n<title>Salaire - syndicom<\/title>\n<meta name=\"description\" content=\"Le syndicat syndicom se bat pour des salaires \u00e9quitables, qu&#039;il s&#039;agisse d&#039;augmentations r\u00e9elles ou de salaires minimums.\" \/>\n<meta name=\"robots\" content=\"noindex, nofollow\" \/>\n<meta property=\"og:locale\" content=\"fr_FR\" \/>\n<meta property=\"og:type\" content=\"article\" \/>\n<meta property=\"og:title\" content=\"Salaire - syndicom\" \/>\n<meta property=\"og:description\" content=\"Le syndicat syndicom se bat pour des salaires \u00e9quitables, qu&#039;il s&#039;agisse d&#039;augmentations r\u00e9elles ou de salaires minimums.\" \/>\n<meta property=\"og:url\" content=\"https:\/\/syndicom.ch\/fr\/salaire\/\" \/>\n<meta property=\"og:site_name\" content=\"syndicom\" \/>\n<meta property=\"article:modified_time\" content=\"2026-03-25T10:48:38+00:00\" \/>\n<meta property=\"og:image\" content=\"https:\/\/syndicom.ch\/app\/uploads\/2025\/07\/gewerkschaft-syndicom-lohndemo2023-allgemein-scaled.jpg\" \/>\n\t<meta property=\"og:image:width\" content=\"2560\" \/>\n\t<meta property=\"og:image:height\" content=\"1890\" \/>\n\t<meta property=\"og:image:type\" content=\"image\/jpeg\" \/>\n<meta name=\"twitter:card\" content=\"summary_large_image\" \/>\n<meta name=\"twitter:label1\" content=\"Dur\u00e9e de lecture estim\u00e9e\" \/>\n\t<meta name=\"twitter:data1\" content=\"9 minutes\" \/>\n<script type=\"application\/ld+json\" class=\"yoast-schema-graph\">{\"@context\":\"https:\\\/\\\/schema.org\",\"@graph\":[{\"@type\":\"WebPage\",\"@id\":\"https:\\\/\\\/syndicom.ch\\\/fr\\\/salaire\\\/\",\"url\":\"https:\\\/\\\/syndicom.ch\\\/fr\\\/salaire\\\/\",\"name\":\"Salaire - syndicom\",\"isPartOf\":{\"@id\":\"https:\\\/\\\/syndicom.ch\\\/fr\\\/#website\"},\"primaryImageOfPage\":{\"@id\":\"https:\\\/\\\/syndicom.ch\\\/fr\\\/salaire\\\/#primaryimage\"},\"image\":{\"@id\":\"https:\\\/\\\/syndicom.ch\\\/fr\\\/salaire\\\/#primaryimage\"},\"thumbnailUrl\":\"https:\\\/\\\/syndicom.ch\\\/app\\\/uploads\\\/2025\\\/07\\\/gewerkschaft-syndicom-lohndemo2023-allgemein-scaled.jpg\",\"datePublished\":\"2025-05-12T15:19:43+00:00\",\"dateModified\":\"2026-03-25T10:48:38+00:00\",\"description\":\"Le syndicat syndicom se bat pour des salaires \u00e9quitables, qu'il s'agisse d'augmentations r\u00e9elles ou de salaires minimums.\",\"breadcrumb\":{\"@id\":\"https:\\\/\\\/syndicom.ch\\\/fr\\\/salaire\\\/#breadcrumb\"},\"inLanguage\":\"fr-FR\",\"potentialAction\":[{\"@type\":\"ReadAction\",\"target\":[\"https:\\\/\\\/syndicom.ch\\\/fr\\\/salaire\\\/\"]}]},{\"@type\":\"ImageObject\",\"inLanguage\":\"fr-FR\",\"@id\":\"https:\\\/\\\/syndicom.ch\\\/fr\\\/salaire\\\/#primaryimage\",\"url\":\"https:\\\/\\\/syndicom.ch\\\/app\\\/uploads\\\/2025\\\/07\\\/gewerkschaft-syndicom-lohndemo2023-allgemein-scaled.jpg\",\"contentUrl\":\"https:\\\/\\\/syndicom.ch\\\/app\\\/uploads\\\/2025\\\/07\\\/gewerkschaft-syndicom-lohndemo2023-allgemein-scaled.jpg\",\"width\":2560,\"height\":1890},{\"@type\":\"BreadcrumbList\",\"@id\":\"https:\\\/\\\/syndicom.ch\\\/fr\\\/salaire\\\/#breadcrumb\",\"itemListElement\":[{\"@type\":\"ListItem\",\"position\":1,\"name\":\"Page d'accueil\",\"item\":\"https:\\\/\\\/syndicom.ch\\\/fr\\\/\"},{\"@type\":\"ListItem\",\"position\":2,\"name\":\"Salaire\"}]},{\"@type\":\"WebSite\",\"@id\":\"https:\\\/\\\/syndicom.ch\\\/fr\\\/#website\",\"url\":\"https:\\\/\\\/syndicom.ch\\\/fr\\\/\",\"name\":\"syndicom\",\"description\":\"\",\"publisher\":{\"@id\":\"https:\\\/\\\/syndicom.ch\\\/fr\\\/#organization\"},\"potentialAction\":[{\"@type\":\"SearchAction\",\"target\":{\"@type\":\"EntryPoint\",\"urlTemplate\":\"https:\\\/\\\/syndicom.ch\\\/fr\\\/?s={search_term_string}\"},\"query-input\":{\"@type\":\"PropertyValueSpecification\",\"valueRequired\":true,\"valueName\":\"search_term_string\"}}],\"inLanguage\":\"fr-FR\"},{\"@type\":\"Organization\",\"@id\":\"https:\\\/\\\/syndicom.ch\\\/fr\\\/#organization\",\"name\":\"syndicom\",\"url\":\"https:\\\/\\\/syndicom.ch\\\/fr\\\/\",\"logo\":{\"@type\":\"ImageObject\",\"inLanguage\":\"fr-FR\",\"@id\":\"https:\\\/\\\/syndicom.ch\\\/fr\\\/#\\\/schema\\\/logo\\\/image\\\/\",\"url\":\"https:\\\/\\\/syndicom.ch\\\/app\\\/uploads\\\/2024\\\/06\\\/logo.svg\",\"contentUrl\":\"https:\\\/\\\/syndicom.ch\\\/app\\\/uploads\\\/2024\\\/06\\\/logo.svg\",\"width\":297,\"height\":51,\"caption\":\"syndicom\"},\"image\":{\"@id\":\"https:\\\/\\\/syndicom.ch\\\/fr\\\/#\\\/schema\\\/logo\\\/image\\\/\"}}]}<\/script>\n<!-- \/ Yoast SEO plugin. -->","yoast_head_json":{"title":"Salaire - syndicom","description":"Le syndicat syndicom se bat pour des salaires \u00e9quitables, qu'il s'agisse d'augmentations r\u00e9elles ou de salaires minimums.","robots":{"index":"noindex","follow":"nofollow"},"og_locale":"fr_FR","og_type":"article","og_title":"Salaire - syndicom","og_description":"Le syndicat syndicom se bat pour des salaires \u00e9quitables, qu'il s'agisse d'augmentations r\u00e9elles ou de salaires minimums.","og_url":"https:\/\/syndicom.ch\/fr\/salaire\/","og_site_name":"syndicom","article_modified_time":"2026-03-25T10:48:38+00:00","og_image":[{"width":2560,"height":1890,"url":"https:\/\/syndicom.ch\/app\/uploads\/2025\/07\/gewerkschaft-syndicom-lohndemo2023-allgemein-scaled.jpg","type":"image\/jpeg"}],"twitter_card":"summary_large_image","twitter_misc":{"Dur\u00e9e de lecture estim\u00e9e":"9 minutes"},"schema":{"@context":"https:\/\/schema.org","@graph":[{"@type":"WebPage","@id":"https:\/\/syndicom.ch\/fr\/salaire\/","url":"https:\/\/syndicom.ch\/fr\/salaire\/","name":"Salaire - syndicom","isPartOf":{"@id":"https:\/\/syndicom.ch\/fr\/#website"},"primaryImageOfPage":{"@id":"https:\/\/syndicom.ch\/fr\/salaire\/#primaryimage"},"image":{"@id":"https:\/\/syndicom.ch\/fr\/salaire\/#primaryimage"},"thumbnailUrl":"https:\/\/syndicom.ch\/app\/uploads\/2025\/07\/gewerkschaft-syndicom-lohndemo2023-allgemein-scaled.jpg","datePublished":"2025-05-12T15:19:43+00:00","dateModified":"2026-03-25T10:48:38+00:00","description":"Le syndicat syndicom se bat pour des salaires \u00e9quitables, qu'il s'agisse d'augmentations r\u00e9elles ou de salaires minimums.","breadcrumb":{"@id":"https:\/\/syndicom.ch\/fr\/salaire\/#breadcrumb"},"inLanguage":"fr-FR","potentialAction":[{"@type":"ReadAction","target":["https:\/\/syndicom.ch\/fr\/salaire\/"]}]},{"@type":"ImageObject","inLanguage":"fr-FR","@id":"https:\/\/syndicom.ch\/fr\/salaire\/#primaryimage","url":"https:\/\/syndicom.ch\/app\/uploads\/2025\/07\/gewerkschaft-syndicom-lohndemo2023-allgemein-scaled.jpg","contentUrl":"https:\/\/syndicom.ch\/app\/uploads\/2025\/07\/gewerkschaft-syndicom-lohndemo2023-allgemein-scaled.jpg","width":2560,"height":1890},{"@type":"BreadcrumbList","@id":"https:\/\/syndicom.ch\/fr\/salaire\/#breadcrumb","itemListElement":[{"@type":"ListItem","position":1,"name":"Page d'accueil","item":"https:\/\/syndicom.ch\/fr\/"},{"@type":"ListItem","position":2,"name":"Salaire"}]},{"@type":"WebSite","@id":"https:\/\/syndicom.ch\/fr\/#website","url":"https:\/\/syndicom.ch\/fr\/","name":"syndicom","description":"","publisher":{"@id":"https:\/\/syndicom.ch\/fr\/#organization"},"potentialAction":[{"@type":"SearchAction","target":{"@type":"EntryPoint","urlTemplate":"https:\/\/syndicom.ch\/fr\/?s={search_term_string}"},"query-input":{"@type":"PropertyValueSpecification","valueRequired":true,"valueName":"search_term_string"}}],"inLanguage":"fr-FR"},{"@type":"Organization","@id":"https:\/\/syndicom.ch\/fr\/#organization","name":"syndicom","url":"https:\/\/syndicom.ch\/fr\/","logo":{"@type":"ImageObject","inLanguage":"fr-FR","@id":"https:\/\/syndicom.ch\/fr\/#\/schema\/logo\/image\/","url":"https:\/\/syndicom.ch\/app\/uploads\/2024\/06\/logo.svg","contentUrl":"https:\/\/syndicom.ch\/app\/uploads\/2024\/06\/logo.svg","width":297,"height":51,"caption":"syndicom"},"image":{"@id":"https:\/\/syndicom.ch\/fr\/#\/schema\/logo\/image\/"}}]}},"_links":{"self":[{"href":"https:\/\/syndicom.ch\/fr\/wp-json\/wp\/v2\/pages\/42014","targetHints":{"allow":["GET"]}}],"collection":[{"href":"https:\/\/syndicom.ch\/fr\/wp-json\/wp\/v2\/pages"}],"about":[{"href":"https:\/\/syndicom.ch\/fr\/wp-json\/wp\/v2\/types\/page"}],"author":[{"embeddable":true,"href":"https:\/\/syndicom.ch\/fr\/wp-json\/wp\/v2\/users\/3"}],"replies":[{"embeddable":true,"href":"https:\/\/syndicom.ch\/fr\/wp-json\/wp\/v2\/comments?post=42014"}],"version-history":[{"count":139,"href":"https:\/\/syndicom.ch\/fr\/wp-json\/wp\/v2\/pages\/42014\/revisions"}],"predecessor-version":[{"id":59959,"href":"https:\/\/syndicom.ch\/fr\/wp-json\/wp\/v2\/pages\/42014\/revisions\/59959"}],"wp:featuredmedia":[{"embeddable":true,"href":"https:\/\/syndicom.ch\/fr\/wp-json\/wp\/v2\/media\/60534"}],"wp:attachment":[{"href":"https:\/\/syndicom.ch\/fr\/wp-json\/wp\/v2\/media?parent=42014"}],"wp:term":[{"taxonomy":"category","embeddable":true,"href":"https:\/\/syndicom.ch\/fr\/wp-json\/wp\/v2\/categories?post=42014"}],"curies":[{"name":"wp","href":"https:\/\/api.w.org\/{rel}","templated":true}]}}