{"id":43066,"date":"2025-07-22T14:12:05","date_gmt":"2025-07-22T12:12:05","guid":{"rendered":"https:\/\/syndicom.ch\/?page_id=43066"},"modified":"2025-12-16T14:45:27","modified_gmt":"2025-12-16T13:45:27","slug":"cpposte","status":"publish","type":"page","link":"https:\/\/syndicom.ch\/fr\/cpposte\/","title":{"rendered":"Conseil de fondation de la CP Poste"},"content":{"rendered":"\n<div class=\"wp-block-group alignfull has-background-color has-primary-background-color has-text-color has-background has-link-color wp-elements-c8295d77bdc610eb36496c6ec09ad38e is-layout-constrained wp-block-group-is-layout-constrained\">\n<div class=\"wp-block-group is-style-narrow is-layout-constrained wp-block-group-is-layout-constrained\">\n<div class=\"wp-block-columns is-layout-flex wp-container-core-columns-is-layout-9d6595d7 wp-block-columns-is-layout-flex\">\n<div class=\"wp-block-column is-layout-flow wp-block-column-is-layout-flow\" style=\"flex-basis:70%\">\n<h1 class=\"wp-block-heading\">Conseil de fondation de la Caisse de pensions Poste<\/h1>\n\n\n\n<p class=\"is-style-lead\">En octobre 2025, les assur\u00e9-es de la CP Poste ont \u00e9lu leurs repr\u00e9sentation au conseil de fondation. syndicom a r\u00e9ussi \u00e0 garder ses trois si\u00e8ges.<\/p>\n<\/div>\n<\/div>\n<\/div>\n<\/div>\n\n\n\n<div class=\"wp-block-group alignfull has-background-background-color has-background is-layout-constrained wp-block-group-is-layout-constrained\">\n<div class=\"wp-block-group is-style-narrow is-layout-constrained wp-block-group-is-layout-constrained\">\n<h2 class=\"wp-block-heading\">Les repr\u00e9sentant-es de syndicom \u00e0 la CP Poste: engag\u00e9e pour des rentes \u00e9quitables<\/h2>\n\n\n\n<p>Trois membres de syndicom repr\u00e9sentent les requ\u00eates des employ\u00e9-es postaux au sein du conseil de fondation de la Caisse de pensions Poste. Ils-elles ont \u00e9t\u00e9 \u00e9lus par les assur\u00e9-es de la CP Poste sur une base d\u00e9mocratique pour un mandat de 4 ans (2026 &#8211; 2029).<\/p>\n\n\n\n<p>Les repr\u00e9sentant-es de syndicom connaissent la r\u00e9alit\u00e9 du terrain dans les entreprises et savent ce qui est essentiel pour les employ\u00e9-\u00e9s de la Poste. Ils-elles apportent une solide exp\u00e9rience et une v\u00e9ritable proximit\u00e9 avec les pr\u00e9occupations des employ\u00e9-es de la Poste.<\/p>\n\n\n\n<p>Ils-elles s\u2019engagent pour<\/p>\n\n\n\n<ul class=\"wp-block-list is-style-default\">\n<li class=\"is-style-check\">des conditions stables ;<\/li>\n\n\n\n<li class=\"is-style-check\">des strat\u00e9gies d\u2019investissement durables ;<\/li>\n\n\n\n<li class=\"is-style-check\">des rentes \u00e9quitables pour toutes et tous.<\/li>\n<\/ul>\n<\/div>\n<\/div>\n\n\n\n<div class=\"wp-block-group is-style-slider is-autoplay coblocks-animate is-layout-constrained wp-block-group-is-layout-constrained\" data-coblocks-animation=\"fadeIn\">\n<div class=\"wp-block-columns has-tertiary-background-color has-background coblocks-animate is-layout-flex wp-container-core-columns-is-layout-9d6595d7 wp-block-columns-is-layout-flex\" data-coblocks-animation=\"zoomIn\">\n<div class=\"wp-block-column is-layout-flow wp-block-column-is-layout-flow\" style=\"flex-basis:33.33%\">\n<figure class=\"wp-block-image aligncenter size-large is-resized\"><img loading=\"lazy\" decoding=\"async\" width=\"800\" height=\"800\" src=\"https:\/\/syndicom.ch\/app\/uploads\/2025\/07\/gewerkschaft-syndicom-pkpost25-daniela-wenger.png\" alt=\"\" class=\"wp-image-42788\" style=\"width:250px\" srcset=\"https:\/\/syndicom.ch\/app\/uploads\/2025\/07\/gewerkschaft-syndicom-pkpost25-daniela-wenger.png 800w, https:\/\/syndicom.ch\/app\/uploads\/2025\/07\/gewerkschaft-syndicom-pkpost25-daniela-wenger-300x300.png 300w, https:\/\/syndicom.ch\/app\/uploads\/2025\/07\/gewerkschaft-syndicom-pkpost25-daniela-wenger-150x150.png 150w, https:\/\/syndicom.ch\/app\/uploads\/2025\/07\/gewerkschaft-syndicom-pkpost25-daniela-wenger-768x768.png 768w\" sizes=\"auto, (max-width: 800px) 100vw, 800px\" \/><\/figure>\n<\/div>\n\n\n\n<div class=\"wp-block-column is-layout-flow wp-block-column-is-layout-flow\" style=\"flex-basis:66.66%\">\n<h3 class=\"wp-block-heading\"><strong>Daniela Wenger<\/strong><\/h3>\n\n\n\n<p>(sortante), *1971, Thoune BE \/ Glis VS<br>Sp\u00e9cialiste en immobilier (R\u00e9seauPostal PN43, Olten)<\/p>\n<\/div>\n<\/div>\n\n\n\n<div class=\"wp-block-columns has-tertiary-background-color has-background coblocks-animate is-layout-flex wp-container-core-columns-is-layout-9d6595d7 wp-block-columns-is-layout-flex\" data-coblocks-animation=\"zoomIn\">\n<div class=\"wp-block-column is-layout-flow wp-block-column-is-layout-flow\" style=\"flex-basis:33.33%\">\n<figure class=\"wp-block-image aligncenter size-large is-resized\"><img loading=\"lazy\" decoding=\"async\" width=\"1024\" height=\"1024\" src=\"https:\/\/syndicom.ch\/app\/uploads\/2025\/07\/gewerkschaft-syndicom-pkpost25-rene-frei-1024x1024.png\" alt=\"\" class=\"wp-image-42796\" style=\"width:250px\" srcset=\"https:\/\/syndicom.ch\/app\/uploads\/2025\/07\/gewerkschaft-syndicom-pkpost25-rene-frei-1024x1024.png 1024w, https:\/\/syndicom.ch\/app\/uploads\/2025\/07\/gewerkschaft-syndicom-pkpost25-rene-frei-300x300.png 300w, https:\/\/syndicom.ch\/app\/uploads\/2025\/07\/gewerkschaft-syndicom-pkpost25-rene-frei-150x150.png 150w, https:\/\/syndicom.ch\/app\/uploads\/2025\/07\/gewerkschaft-syndicom-pkpost25-rene-frei-768x768.png 768w, https:\/\/syndicom.ch\/app\/uploads\/2025\/07\/gewerkschaft-syndicom-pkpost25-rene-frei.png 1122w\" sizes=\"auto, (max-width: 1024px) 100vw, 1024px\" \/><\/figure>\n<\/div>\n\n\n\n<div class=\"wp-block-column is-layout-flow wp-block-column-is-layout-flow\" style=\"flex-basis:66.66%\">\n<h3 class=\"wp-block-heading\"><strong><strong><strong>Ren\u00e9 Frey<\/strong><\/strong><\/strong><\/h3>\n\n\n\n<p>(sortant), *1971, Oberurnen GL<br>Conseiller client\u00e8le (PostFinance, Horgen)<\/p>\n<\/div>\n<\/div>\n\n\n\n<div class=\"wp-block-columns has-tertiary-background-color has-background coblocks-animate is-layout-flex wp-container-core-columns-is-layout-9d6595d7 wp-block-columns-is-layout-flex\" data-coblocks-animation=\"zoomIn\">\n<div class=\"wp-block-column is-layout-flow wp-block-column-is-layout-flow\" style=\"flex-basis:33.33%\">\n<figure class=\"wp-block-image aligncenter size-large is-resized coblocks-animate\" data-coblocks-animation=\"zoomIn\"><img decoding=\"async\" src=\"https:\/\/syndicom.ch\/app\/uploads\/2025\/07\/gewerkschaft-syndicom-matteo-antonini-kreis-1024x1024.png\" alt=\"\" class=\"wp-image-52552\" style=\"width:250px\"\/><\/figure>\n<\/div>\n\n\n\n<div class=\"wp-block-column is-layout-flow wp-block-column-is-layout-flow\" style=\"flex-basis:66.66%\">\n<h3 class=\"wp-block-heading\"><strong><strong>Matteo Antonini<\/strong><\/strong><\/h3>\n\n\n\n<p>(sortant), *1980, Marly FR<br>Pr\u00e9sident de syndicom (syndicom, Berne)<\/p>\n<\/div>\n<\/div>\n<\/div>\n\n\n\n<div class=\"wp-block-group is-style-narrow is-layout-constrained wp-block-group-is-layout-constrained\">\n<p>N&rsquo;h\u00e9site pas \u00e0 nous envoyer tes questions sur la caisse de pension de la Poste : <a href=\"mailto:logistik@syndicom.ch\">logistik@syndicom.ch<\/a><\/p>\n<\/div>\n\n\n\n<div class=\"wp-block-group alignfull has-background-background-color has-background is-layout-constrained wp-block-group-is-layout-constrained\">\n<div class=\"wp-block-group is-style-narrow is-layout-constrained wp-block-group-is-layout-constrained\">\n<h2 class=\"wp-block-heading\">Conseil de fondation de la Caisse de pensions Poste<\/h2>\n\n\n\n<p>La Caisse de pensions Poste (CP Poste) repr\u00e9sente une composante centrale du deuxi\u00e8me pilier du syst\u00e8me de pr\u00e9voyance suisse. Chaque mois, les salari\u00e9-es et l\u2019employeur-euse versent conjointement des cotisations dans la caisse. Ce capital est investi \u00e0 long terme et vers\u00e9 sous forme de rente apr\u00e8s la retraite.<\/p>\n\n\n\n<p>Ce qui est d\u00e9terminant, c\u2019est de savoir qui d\u00e9cide de la mani\u00e8re dont ce patrimoine est g\u00e9r\u00e9 : <strong>le conseil de fondation<\/strong>. Il fixe la strat\u00e9gie, d\u00e9cide des prestations et trace les lignes directrices d\u2019une pr\u00e9voyance vieillesse s\u00e9curis\u00e9e.<\/p>\n\n\n\n<p>L\u2019employeur-euse repr\u00e9sente avant tout les int\u00e9r\u00eats de l\u2019entreprise au sein du conseil de fondation. Il est donc d\u2019autant plus important que les salari\u00e9-es disposent d\u2019une repr\u00e9sentation forte et comp\u00e9tente, qui s\u2019engage pour ses coll\u00e8gues. Les salari\u00e9-es occupent la moiti\u00e9 des si\u00e8ges \u2013 et participent ainsi \u00e0 d\u00e9finir l\u2019\u00e9quit\u00e9 de la CP Poste.<\/p>\n<\/div>\n<\/div>\n\n\n\n<p><\/p>\n","protected":false},"excerpt":{"rendered":"<p>En 2025, les assur\u00e9s de la CP Poste ont choisi leur repr\u00e9sentation au sein du conseil de fondation. syndicom y est repr\u00e9sent\u00e9 par 3 si\u00e8ges.<\/p>\n","protected":false},"author":3,"featured_media":2254,"parent":0,"menu_order":0,"comment_status":"closed","ping_status":"closed","template":"","meta":{"_acf_changed":false,"inline_featured_image":false,"_coblocks_attr":"","_coblocks_dimensions":"","_coblocks_responsive_height":"","_coblocks_accordion_ie_support":"","footnotes":""},"categories":[],"class_list":["post-43066","page","type-page","status-publish","has-post-thumbnail","hentry"],"acf":[],"yoast_head":"<!-- This site is optimized with the Yoast SEO plugin v27.3 - https:\/\/yoast.com\/product\/yoast-seo-wordpress\/ -->\n<title>Conseil de fondation de la CP Poste - syndicom<\/title>\n<meta name=\"description\" content=\"En 2025, les assur\u00e9s de la CP Poste ont choisi leur repr\u00e9sentation au sein du conseil de fondation. syndicom y est repr\u00e9sent\u00e9 par 3 si\u00e8ges.\" \/>\n<meta name=\"robots\" content=\"index, follow, max-snippet:-1, max-image-preview:large, max-video-preview:-1\" \/>\n<link rel=\"canonical\" href=\"https:\/\/syndicom.ch\/fr\/cpposte\/\" \/>\n<meta property=\"og:locale\" content=\"fr_FR\" \/>\n<meta property=\"og:type\" content=\"article\" \/>\n<meta property=\"og:title\" content=\"Conseil de fondation de la CP Poste - syndicom\" \/>\n<meta property=\"og:description\" content=\"En 2025, les assur\u00e9s de la CP Poste ont choisi leur repr\u00e9sentation au sein du conseil de fondation. syndicom y est repr\u00e9sent\u00e9 par 3 si\u00e8ges.\" \/>\n<meta property=\"og:url\" content=\"https:\/\/syndicom.ch\/fr\/cpposte\/\" \/>\n<meta property=\"og:site_name\" content=\"syndicom\" \/>\n<meta property=\"article:modified_time\" content=\"2025-12-16T13:45:27+00:00\" \/>\n<meta property=\"og:image\" content=\"https:\/\/syndicom.ch\/app\/uploads\/2024\/08\/gewerkschaft-syndicom-symbolbild-peko-post.jpg\" \/>\n\t<meta property=\"og:image:width\" content=\"700\" \/>\n\t<meta property=\"og:image:height\" content=\"400\" \/>\n\t<meta property=\"og:image:type\" content=\"image\/jpeg\" \/>\n<meta name=\"twitter:card\" content=\"summary_large_image\" \/>\n<meta name=\"twitter:label1\" content=\"Dur\u00e9e de lecture estim\u00e9e\" \/>\n\t<meta name=\"twitter:data1\" content=\"3 minutes\" \/>\n<script type=\"application\/ld+json\" class=\"yoast-schema-graph\">{\"@context\":\"https:\\\/\\\/schema.org\",\"@graph\":[{\"@type\":\"WebPage\",\"@id\":\"https:\\\/\\\/syndicom.ch\\\/fr\\\/cpposte\\\/\",\"url\":\"https:\\\/\\\/syndicom.ch\\\/fr\\\/cpposte\\\/\",\"name\":\"Conseil de fondation de la CP Poste - syndicom\",\"isPartOf\":{\"@id\":\"https:\\\/\\\/syndicom.ch\\\/fr\\\/#website\"},\"primaryImageOfPage\":{\"@id\":\"https:\\\/\\\/syndicom.ch\\\/fr\\\/cpposte\\\/#primaryimage\"},\"image\":{\"@id\":\"https:\\\/\\\/syndicom.ch\\\/fr\\\/cpposte\\\/#primaryimage\"},\"thumbnailUrl\":\"https:\\\/\\\/syndicom.ch\\\/app\\\/uploads\\\/2024\\\/08\\\/gewerkschaft-syndicom-symbolbild-peko-post.jpg\",\"datePublished\":\"2025-07-22T12:12:05+00:00\",\"dateModified\":\"2025-12-16T13:45:27+00:00\",\"description\":\"En 2025, les assur\u00e9s de la CP Poste ont choisi leur repr\u00e9sentation au sein du conseil de fondation. syndicom y est repr\u00e9sent\u00e9 par 3 si\u00e8ges.\",\"breadcrumb\":{\"@id\":\"https:\\\/\\\/syndicom.ch\\\/fr\\\/cpposte\\\/#breadcrumb\"},\"inLanguage\":\"fr-FR\",\"potentialAction\":[{\"@type\":\"ReadAction\",\"target\":[\"https:\\\/\\\/syndicom.ch\\\/fr\\\/cpposte\\\/\"]}]},{\"@type\":\"ImageObject\",\"inLanguage\":\"fr-FR\",\"@id\":\"https:\\\/\\\/syndicom.ch\\\/fr\\\/cpposte\\\/#primaryimage\",\"url\":\"https:\\\/\\\/syndicom.ch\\\/app\\\/uploads\\\/2024\\\/08\\\/gewerkschaft-syndicom-symbolbild-peko-post.jpg\",\"contentUrl\":\"https:\\\/\\\/syndicom.ch\\\/app\\\/uploads\\\/2024\\\/08\\\/gewerkschaft-syndicom-symbolbild-peko-post.jpg\",\"width\":700,\"height\":400},{\"@type\":\"BreadcrumbList\",\"@id\":\"https:\\\/\\\/syndicom.ch\\\/fr\\\/cpposte\\\/#breadcrumb\",\"itemListElement\":[{\"@type\":\"ListItem\",\"position\":1,\"name\":\"Page d'accueil\",\"item\":\"https:\\\/\\\/syndicom.ch\\\/fr\\\/\"},{\"@type\":\"ListItem\",\"position\":2,\"name\":\"Conseil de fondation de la CP Poste\"}]},{\"@type\":\"WebSite\",\"@id\":\"https:\\\/\\\/syndicom.ch\\\/fr\\\/#website\",\"url\":\"https:\\\/\\\/syndicom.ch\\\/fr\\\/\",\"name\":\"syndicom\",\"description\":\"\",\"publisher\":{\"@id\":\"https:\\\/\\\/syndicom.ch\\\/fr\\\/#organization\"},\"potentialAction\":[{\"@type\":\"SearchAction\",\"target\":{\"@type\":\"EntryPoint\",\"urlTemplate\":\"https:\\\/\\\/syndicom.ch\\\/fr\\\/?s={search_term_string}\"},\"query-input\":{\"@type\":\"PropertyValueSpecification\",\"valueRequired\":true,\"valueName\":\"search_term_string\"}}],\"inLanguage\":\"fr-FR\"},{\"@type\":\"Organization\",\"@id\":\"https:\\\/\\\/syndicom.ch\\\/fr\\\/#organization\",\"name\":\"syndicom\",\"url\":\"https:\\\/\\\/syndicom.ch\\\/fr\\\/\",\"logo\":{\"@type\":\"ImageObject\",\"inLanguage\":\"fr-FR\",\"@id\":\"https:\\\/\\\/syndicom.ch\\\/fr\\\/#\\\/schema\\\/logo\\\/image\\\/\",\"url\":\"https:\\\/\\\/syndicom.ch\\\/app\\\/uploads\\\/2024\\\/06\\\/logo.svg\",\"contentUrl\":\"https:\\\/\\\/syndicom.ch\\\/app\\\/uploads\\\/2024\\\/06\\\/logo.svg\",\"width\":297,\"height\":51,\"caption\":\"syndicom\"},\"image\":{\"@id\":\"https:\\\/\\\/syndicom.ch\\\/fr\\\/#\\\/schema\\\/logo\\\/image\\\/\"}}]}<\/script>\n<!-- \/ Yoast SEO plugin. -->","yoast_head_json":{"title":"Conseil de fondation de la CP Poste - syndicom","description":"En 2025, les assur\u00e9s de la CP Poste ont choisi leur repr\u00e9sentation au sein du conseil de fondation. syndicom y est repr\u00e9sent\u00e9 par 3 si\u00e8ges.","robots":{"index":"index","follow":"follow","max-snippet":"max-snippet:-1","max-image-preview":"max-image-preview:large","max-video-preview":"max-video-preview:-1"},"canonical":"https:\/\/syndicom.ch\/fr\/cpposte\/","og_locale":"fr_FR","og_type":"article","og_title":"Conseil de fondation de la CP Poste - syndicom","og_description":"En 2025, les assur\u00e9s de la CP Poste ont choisi leur repr\u00e9sentation au sein du conseil de fondation. syndicom y est repr\u00e9sent\u00e9 par 3 si\u00e8ges.","og_url":"https:\/\/syndicom.ch\/fr\/cpposte\/","og_site_name":"syndicom","article_modified_time":"2025-12-16T13:45:27+00:00","og_image":[{"width":700,"height":400,"url":"https:\/\/syndicom.ch\/app\/uploads\/2024\/08\/gewerkschaft-syndicom-symbolbild-peko-post.jpg","type":"image\/jpeg"}],"twitter_card":"summary_large_image","twitter_misc":{"Dur\u00e9e de lecture estim\u00e9e":"3 minutes"},"schema":{"@context":"https:\/\/schema.org","@graph":[{"@type":"WebPage","@id":"https:\/\/syndicom.ch\/fr\/cpposte\/","url":"https:\/\/syndicom.ch\/fr\/cpposte\/","name":"Conseil de fondation de la CP Poste - syndicom","isPartOf":{"@id":"https:\/\/syndicom.ch\/fr\/#website"},"primaryImageOfPage":{"@id":"https:\/\/syndicom.ch\/fr\/cpposte\/#primaryimage"},"image":{"@id":"https:\/\/syndicom.ch\/fr\/cpposte\/#primaryimage"},"thumbnailUrl":"https:\/\/syndicom.ch\/app\/uploads\/2024\/08\/gewerkschaft-syndicom-symbolbild-peko-post.jpg","datePublished":"2025-07-22T12:12:05+00:00","dateModified":"2025-12-16T13:45:27+00:00","description":"En 2025, les assur\u00e9s de la CP Poste ont choisi leur repr\u00e9sentation au sein du conseil de fondation. syndicom y est repr\u00e9sent\u00e9 par 3 si\u00e8ges.","breadcrumb":{"@id":"https:\/\/syndicom.ch\/fr\/cpposte\/#breadcrumb"},"inLanguage":"fr-FR","potentialAction":[{"@type":"ReadAction","target":["https:\/\/syndicom.ch\/fr\/cpposte\/"]}]},{"@type":"ImageObject","inLanguage":"fr-FR","@id":"https:\/\/syndicom.ch\/fr\/cpposte\/#primaryimage","url":"https:\/\/syndicom.ch\/app\/uploads\/2024\/08\/gewerkschaft-syndicom-symbolbild-peko-post.jpg","contentUrl":"https:\/\/syndicom.ch\/app\/uploads\/2024\/08\/gewerkschaft-syndicom-symbolbild-peko-post.jpg","width":700,"height":400},{"@type":"BreadcrumbList","@id":"https:\/\/syndicom.ch\/fr\/cpposte\/#breadcrumb","itemListElement":[{"@type":"ListItem","position":1,"name":"Page d'accueil","item":"https:\/\/syndicom.ch\/fr\/"},{"@type":"ListItem","position":2,"name":"Conseil de fondation de la CP Poste"}]},{"@type":"WebSite","@id":"https:\/\/syndicom.ch\/fr\/#website","url":"https:\/\/syndicom.ch\/fr\/","name":"syndicom","description":"","publisher":{"@id":"https:\/\/syndicom.ch\/fr\/#organization"},"potentialAction":[{"@type":"SearchAction","target":{"@type":"EntryPoint","urlTemplate":"https:\/\/syndicom.ch\/fr\/?s={search_term_string}"},"query-input":{"@type":"PropertyValueSpecification","valueRequired":true,"valueName":"search_term_string"}}],"inLanguage":"fr-FR"},{"@type":"Organization","@id":"https:\/\/syndicom.ch\/fr\/#organization","name":"syndicom","url":"https:\/\/syndicom.ch\/fr\/","logo":{"@type":"ImageObject","inLanguage":"fr-FR","@id":"https:\/\/syndicom.ch\/fr\/#\/schema\/logo\/image\/","url":"https:\/\/syndicom.ch\/app\/uploads\/2024\/06\/logo.svg","contentUrl":"https:\/\/syndicom.ch\/app\/uploads\/2024\/06\/logo.svg","width":297,"height":51,"caption":"syndicom"},"image":{"@id":"https:\/\/syndicom.ch\/fr\/#\/schema\/logo\/image\/"}}]}},"_links":{"self":[{"href":"https:\/\/syndicom.ch\/fr\/wp-json\/wp\/v2\/pages\/43066","targetHints":{"allow":["GET"]}}],"collection":[{"href":"https:\/\/syndicom.ch\/fr\/wp-json\/wp\/v2\/pages"}],"about":[{"href":"https:\/\/syndicom.ch\/fr\/wp-json\/wp\/v2\/types\/page"}],"author":[{"embeddable":true,"href":"https:\/\/syndicom.ch\/fr\/wp-json\/wp\/v2\/users\/3"}],"replies":[{"embeddable":true,"href":"https:\/\/syndicom.ch\/fr\/wp-json\/wp\/v2\/comments?post=43066"}],"version-history":[{"count":18,"href":"https:\/\/syndicom.ch\/fr\/wp-json\/wp\/v2\/pages\/43066\/revisions"}],"predecessor-version":[{"id":52574,"href":"https:\/\/syndicom.ch\/fr\/wp-json\/wp\/v2\/pages\/43066\/revisions\/52574"}],"wp:featuredmedia":[{"embeddable":true,"href":"https:\/\/syndicom.ch\/fr\/wp-json\/wp\/v2\/media\/2254"}],"wp:attachment":[{"href":"https:\/\/syndicom.ch\/fr\/wp-json\/wp\/v2\/media?parent=43066"}],"wp:term":[{"taxonomy":"category","embeddable":true,"href":"https:\/\/syndicom.ch\/fr\/wp-json\/wp\/v2\/categories?post=43066"}],"curies":[{"name":"wp","href":"https:\/\/api.w.org\/{rel}","templated":true}]}}