{"id":45039,"date":"2025-08-13T10:56:55","date_gmt":"2025-08-13T08:56:55","guid":{"rendered":"https:\/\/syndicom.ch\/?page_id=45039"},"modified":"2025-08-22T11:04:27","modified_gmt":"2025-08-22T09:04:27","slug":"ton-travail","status":"publish","type":"page","link":"https:\/\/syndicom.ch\/fr\/ton-travail\/","title":{"rendered":"Ton travail"},"content":{"rendered":"\n<div class=\"wp-block-group alignfull has-background-color has-primary-background-color has-text-color has-background has-link-color wp-elements-c8295d77bdc610eb36496c6ec09ad38e is-layout-constrained wp-block-group-is-layout-constrained\">\n<div class=\"wp-block-group is-style-narrow is-layout-constrained wp-block-group-is-layout-constrained\">\n<div class=\"wp-block-columns is-layout-flex wp-container-core-columns-is-layout-9d6595d7 wp-block-columns-is-layout-flex\">\n<div class=\"wp-block-column is-layout-flow wp-block-column-is-layout-flow\" style=\"flex-basis:70%\">\n<h1 class=\"wp-block-heading\">Ton travail<\/h1>\n\n\n\n<p class=\"is-style-lead\">De bonnes conditions de travail\u00a0? C\u2019est notre lutte \u2013 ensemble avec toi.<\/p>\n<\/div>\n<\/div>\n<\/div>\n<\/div>\n\n\n\n<div class=\"wp-block-group alignfull has-background-background-color has-background is-layout-constrained wp-block-group-is-layout-constrained\">\n<div class=\"wp-block-group is-style-narrow is-layout-constrained wp-block-group-is-layout-constrained\"><div class=\"wp-block-quote-wrapper\">\n<blockquote class=\"wp-block-quote is-layout-flow wp-block-quote-is-layout-flow\" style=\"color:#1D1C1B\">\n<p class=\"is-style-default\">Nous luttons pour des salaires d\u00e9cents, des conditions de travail s\u00fbres et le respect au travail. Car un bon travail n\u2019est pas un hasard\u00a0: il est le r\u00e9sultat d\u2019un engagement solidaire et de la force collective.<\/p>\n<\/blockquote>\n<\/div>\n\n\n<h2 class=\"wp-block-heading\"><strong><strong>Nous renfor\u00e7ons ta position professionnelle<\/strong><\/strong><\/h2>\n\n\n\n<div class=\"wp-block-columns is-layout-flex wp-container-core-columns-is-layout-9d6595d7 wp-block-columns-is-layout-flex\">\n<div class=\"wp-block-column is-layout-flow wp-block-column-is-layout-flow\" style=\"flex-basis:33.33%\">\n<figure class=\"wp-block-image aligncenter size-full is-resized is-style-default\"><img loading=\"lazy\" decoding=\"async\" width=\"1567\" height=\"1540\" src=\"https:\/\/syndicom.ch\/app\/uploads\/2024\/08\/gewerkschaft-syndicom-icon-superman.jpg\" alt=\"Hellblaues Icon eines Superhelden\" class=\"wp-image-2803\" style=\"width:150px\" srcset=\"https:\/\/syndicom.ch\/app\/uploads\/2024\/08\/gewerkschaft-syndicom-icon-superman.jpg 1567w, https:\/\/syndicom.ch\/app\/uploads\/2024\/08\/gewerkschaft-syndicom-icon-superman-300x295.jpg 300w, https:\/\/syndicom.ch\/app\/uploads\/2024\/08\/gewerkschaft-syndicom-icon-superman-1024x1006.jpg 1024w, https:\/\/syndicom.ch\/app\/uploads\/2024\/08\/gewerkschaft-syndicom-icon-superman-768x755.jpg 768w, https:\/\/syndicom.ch\/app\/uploads\/2024\/08\/gewerkschaft-syndicom-icon-superman-1536x1510.jpg 1536w\" sizes=\"auto, (max-width: 1567px) 100vw, 1567px\" \/><\/figure>\n<\/div>\n\n\n\n<div class=\"wp-block-column is-layout-flow wp-block-column-is-layout-flow\" style=\"flex-basis:66.66%\">\n<p><strong><strong>Dans la logistique, dans la branche des m\u00e9dias ou des TIC\u00a0: syndicom conna\u00eet les d\u00e9fis de ton quotidien professionnel.<\/strong><\/strong><\/p>\n<\/div>\n<\/div>\n\n\n\n<div class=\"wp-block-buttons is-content-justification-center is-layout-flex wp-container-core-buttons-is-layout-16018d1d wp-block-buttons-is-layout-flex\">\n<div class=\"wp-block-button is-style-outline is-style-outline--1\"><a class=\"wp-block-button__link has-primary-color has-text-color has-link-color wp-element-button\" href=\"https:\/\/syndicom.ch\/fr\/offres-par-metier\/\" target=\"_blank\" rel=\"noreferrer noopener\">Offres par m\u00e9tier<\/a><\/div>\n<\/div>\n\n\n\n<p>Nous te soutenons avec des conseils, des formations continues, un engagement syndical au sein de l\u2019entreprise et des n\u00e9gociations cibl\u00e9es pour de meilleures conditions de travail. Dans notre guide, tu trouveras des r\u00e9ponses aux questions qui se posent en droit du travail.<\/p>\n\n\n\n<div class=\"wp-block-buttons is-content-justification-center is-layout-flex wp-container-core-buttons-is-layout-16018d1d wp-block-buttons-is-layout-flex\">\n<div class=\"wp-block-button is-style-outline is-style-outline--2\"><a class=\"wp-block-button__link has-primary-color has-text-color has-link-color wp-element-button\" href=\"https:\/\/syndicom.ch\/fr\/guide\/\" target=\"_blank\" rel=\"noreferrer noopener\">Guide<\/a><\/div>\n<\/div>\n\n\n\n<p><strong>Notre objectif\u00a0:<\/strong> rendre tes conditions de travail plus \u00e9quitables et ton travail plus s\u00fbr.<\/p>\n\n\n\n<h2 class=\"wp-block-heading\"><strong><strong>Les conventions collectives de travail\u00a0: elles sont plus qu\u2019un contrat<\/strong><\/strong><\/h2>\n\n\n\n<div class=\"wp-block-columns is-layout-flex wp-container-core-columns-is-layout-9d6595d7 wp-block-columns-is-layout-flex\">\n<div class=\"wp-block-column is-layout-flow wp-block-column-is-layout-flow\" style=\"flex-basis:33.33%\">\n<figure class=\"wp-block-image aligncenter size-full is-resized\"><img loading=\"lazy\" decoding=\"async\" width=\"1403\" height=\"1566\" src=\"https:\/\/syndicom.ch\/app\/uploads\/2024\/08\/gewerkschaft-syndicom-icon-schirm-recht.jpg\" alt=\"Hellblaues Icon eines Regenschirms, dessen Stock ein Paragraphenzeichen ist\" class=\"wp-image-2815\" style=\"width:150px\" srcset=\"https:\/\/syndicom.ch\/app\/uploads\/2024\/08\/gewerkschaft-syndicom-icon-schirm-recht.jpg 1403w, https:\/\/syndicom.ch\/app\/uploads\/2024\/08\/gewerkschaft-syndicom-icon-schirm-recht-269x300.jpg 269w, https:\/\/syndicom.ch\/app\/uploads\/2024\/08\/gewerkschaft-syndicom-icon-schirm-recht-917x1024.jpg 917w, https:\/\/syndicom.ch\/app\/uploads\/2024\/08\/gewerkschaft-syndicom-icon-schirm-recht-768x857.jpg 768w, https:\/\/syndicom.ch\/app\/uploads\/2024\/08\/gewerkschaft-syndicom-icon-schirm-recht-1376x1536.jpg 1376w\" sizes=\"auto, (max-width: 1403px) 100vw, 1403px\" \/><\/figure>\n<\/div>\n\n\n\n<div class=\"wp-block-column is-layout-flow wp-block-column-is-layout-flow\" style=\"flex-basis:66.66%\">\n<p><strong><strong><strong>Nous nous engageons pour de bonnes conventions collectives de travail (CCT) plut\u00f4t que pour des contrats de travail individuels (arbitraires). Avec une CCT, tu as plus de s\u00e9curit\u00e9, plus de loisirs, et souvent un meilleur salaire.<\/strong><\/strong><\/strong><\/p>\n<\/div>\n<\/div>\n\n\n\n<div class=\"wp-block-buttons is-content-justification-center is-layout-flex wp-container-core-buttons-is-layout-16018d1d wp-block-buttons-is-layout-flex\">\n<div class=\"wp-block-button is-style-outline is-style-outline--3\"><a class=\"wp-block-button__link has-primary-color has-text-color has-link-color has-text-align-center wp-element-button\" href=\"https:\/\/syndicom.ch\/fr\/conventions-collectives-de-travail-cct\/\" target=\"_blank\" rel=\"noreferrer noopener\">Conventions collectives de travail<\/a><\/div>\n<\/div>\n\n\n\n<p>syndicom n\u00e9gocie dans ton entreprise, et le r\u00e9sultat est ta convention collective de travail (CCT). Avec une CCT, tu as plus de s\u00e9curit\u00e9, plus de loisirs, et souvent un meilleur salaire.<\/p>\n\n\n\n<p>En tant que syndicat, syndicom repr\u00e9sente les int\u00e9r\u00eats collectifs de ses membres. Plus nous sommes nombreux-euses, plus nous avons de poids dans les discussions et les n\u00e9gociations.<\/p>\n\n\n\n<p>En qualit\u00e9 de membre, tu participes aux d\u00e9cisions sur ce qui doit \u00eatre n\u00e9goci\u00e9 dans ta CCT et sur la direction \u00e0 prendre pour les revendications. Ton engagement et celui de tes coll\u00e8gues est d\u00e9terminant&nbsp;!<\/p>\n\n\n\n<h2 class=\"wp-block-heading\"><strong><strong>Des conditions \u00e9quitables. Obtenues ensemble<\/strong><\/strong>.<\/h2>\n\n\n\n<div class=\"wp-block-columns is-layout-flex wp-container-core-columns-is-layout-9d6595d7 wp-block-columns-is-layout-flex\">\n<div class=\"wp-block-column is-layout-flow wp-block-column-is-layout-flow\" style=\"flex-basis:33.33%\">\n<figure class=\"wp-block-image aligncenter size-full is-resized\"><img loading=\"lazy\" decoding=\"async\" width=\"1409\" height=\"1513\" src=\"https:\/\/syndicom.ch\/app\/uploads\/2024\/08\/gewerkschaft-syndicom-icon-faust.jpg\" alt=\"Blaues Faust Icon\" class=\"wp-image-2790\" style=\"width:150px\" srcset=\"https:\/\/syndicom.ch\/app\/uploads\/2024\/08\/gewerkschaft-syndicom-icon-faust.jpg 1409w, https:\/\/syndicom.ch\/app\/uploads\/2024\/08\/gewerkschaft-syndicom-icon-faust-279x300.jpg 279w, https:\/\/syndicom.ch\/app\/uploads\/2024\/08\/gewerkschaft-syndicom-icon-faust-954x1024.jpg 954w, https:\/\/syndicom.ch\/app\/uploads\/2024\/08\/gewerkschaft-syndicom-icon-faust-768x825.jpg 768w\" sizes=\"auto, (max-width: 1409px) 100vw, 1409px\" \/><\/figure>\n<\/div>\n\n\n\n<div class=\"wp-block-column is-layout-flow wp-block-column-is-layout-flow\" style=\"flex-basis:66.66%\">\n<p><strong><strong>En tant que syndicat, syndicom d\u00e9fend tes int\u00e9r\u00eats au travail\u00a0: au sein de l\u2019entreprise, devant les employeurs et en politique.<\/strong><\/strong><\/p>\n<\/div>\n<\/div>\n\n\n\n<p>Et avec nos campagnes, nous portons tes revendications aussi sur la place publique. Nous d\u00e9non\u00e7ons les dysfonctionnements, exigeons des am\u00e9liorations et montrons ce que la solidarit\u00e9 apporte.<\/p>\n\n\n\n<div class=\"wp-block-buttons is-content-justification-center is-layout-flex wp-container-core-buttons-is-layout-16018d1d wp-block-buttons-is-layout-flex\">\n<div class=\"wp-block-button is-style-outline is-style-outline--4\"><a class=\"wp-block-button__link has-primary-color has-text-color has-link-color has-text-align-center wp-element-button\" href=\"https:\/\/syndicom.ch\/fr\/campagnes\/\" target=\"_blank\" rel=\"noreferrer noopener\">Nos campagnes<\/a><\/div>\n<\/div>\n<\/div>\n<\/div>\n\n\n\n<div class=\"wp-block-group alignfull has-background-color has-primary-background-color has-text-color has-background has-link-color wp-elements-422dfc6c58aee58ad397a86cf421c70c is-layout-constrained wp-block-group-is-layout-constrained\">\n<div class=\"wp-block-group is-style-narrow is-layout-constrained wp-block-group-is-layout-constrained\">\n<h2 class=\"wp-block-heading has-text-align-center\"><strong><strong>L\u2019union fait la force.<\/strong><\/strong><\/h2>\n\n\n\n<p class=\"has-text-align-center\">Plus nous sommes nombreux-euses, plus notre position est forte et plus notre voix se fait entendre. Alors\u00a0: deviens membre\u00a0!<\/p>\n\n\n\n<div class=\"wp-block-buttons is-content-justification-center is-layout-flex wp-container-core-buttons-is-layout-16018d1d wp-block-buttons-is-layout-flex\">\n<div class=\"wp-block-button\"><a class=\"wp-block-button__link wp-element-button\" href=\"https:\/\/my.syndicom.ch\/adhesion\" target=\"_blank\" rel=\"noreferrer noopener\">Devenir membre maintenant<\/a><\/div>\n\n\n\n<div class=\"wp-block-button is-style-outline is-style-outline--5\"><a class=\"wp-block-button__link wp-element-button\" href=\"https:\/\/syndicom.ch\/fr\/contact\/\" target=\"_blank\" rel=\"noreferrer noopener\">Des questions ? Contacte-nous.<\/a><\/div>\n<\/div>\n<\/div>\n<\/div>\n","protected":false},"excerpt":{"rendered":"<p>Le syndicat syndicom lutte pour des salaires d\u00e9cents, des conditions de travail s\u00fbres et le respect au travail.<\/p>\n","protected":false},"author":3,"featured_media":0,"parent":0,"menu_order":0,"comment_status":"closed","ping_status":"closed","template":"","meta":{"_acf_changed":false,"inline_featured_image":false,"_coblocks_attr":"","_coblocks_dimensions":"","_coblocks_responsive_height":"","_coblocks_accordion_ie_support":"","footnotes":""},"categories":[],"class_list":["post-45039","page","type-page","status-publish","hentry"],"acf":[],"yoast_head":"<!-- This site is optimized with the Yoast SEO plugin v27.3 - https:\/\/yoast.com\/product\/yoast-seo-wordpress\/ -->\n<title>Ton travail - syndicom<\/title>\n<meta name=\"description\" content=\"Le syndicat syndicom lutte pour des salaires d\u00e9cents, des conditions de travail s\u00fbres et le respect au travail.\" \/>\n<meta name=\"robots\" content=\"index, follow, max-snippet:-1, max-image-preview:large, max-video-preview:-1\" \/>\n<link rel=\"canonical\" href=\"https:\/\/syndicom.ch\/fr\/ton-travail\/\" \/>\n<meta property=\"og:locale\" content=\"fr_FR\" \/>\n<meta property=\"og:type\" content=\"article\" \/>\n<meta property=\"og:title\" content=\"Ton travail - syndicom\" \/>\n<meta property=\"og:description\" content=\"Le syndicat syndicom lutte pour des salaires d\u00e9cents, des conditions de travail s\u00fbres et le respect au travail.\" \/>\n<meta property=\"og:url\" content=\"https:\/\/syndicom.ch\/fr\/ton-travail\/\" \/>\n<meta property=\"og:site_name\" content=\"syndicom\" \/>\n<meta property=\"article:modified_time\" content=\"2025-08-22T09:04:27+00:00\" \/>\n<meta property=\"og:image\" content=\"https:\/\/syndicom.ch\/app\/uploads\/2024\/08\/gewerkschaft-syndicom-icon-superman.jpg\" \/>\n<meta name=\"twitter:card\" content=\"summary_large_image\" \/>\n<meta name=\"twitter:label1\" content=\"Dur\u00e9e de lecture estim\u00e9e\" \/>\n\t<meta name=\"twitter:data1\" content=\"3 minutes\" \/>\n<script type=\"application\/ld+json\" class=\"yoast-schema-graph\">{\"@context\":\"https:\\\/\\\/schema.org\",\"@graph\":[{\"@type\":\"WebPage\",\"@id\":\"https:\\\/\\\/syndicom.ch\\\/fr\\\/ton-travail\\\/\",\"url\":\"https:\\\/\\\/syndicom.ch\\\/fr\\\/ton-travail\\\/\",\"name\":\"Ton travail - syndicom\",\"isPartOf\":{\"@id\":\"https:\\\/\\\/syndicom.ch\\\/fr\\\/#website\"},\"primaryImageOfPage\":{\"@id\":\"https:\\\/\\\/syndicom.ch\\\/fr\\\/ton-travail\\\/#primaryimage\"},\"image\":{\"@id\":\"https:\\\/\\\/syndicom.ch\\\/fr\\\/ton-travail\\\/#primaryimage\"},\"thumbnailUrl\":\"https:\\\/\\\/syndicom.ch\\\/app\\\/uploads\\\/2024\\\/08\\\/gewerkschaft-syndicom-icon-superman.jpg\",\"datePublished\":\"2025-08-13T08:56:55+00:00\",\"dateModified\":\"2025-08-22T09:04:27+00:00\",\"description\":\"Le syndicat syndicom lutte pour des salaires d\u00e9cents, des conditions de travail s\u00fbres et le respect au travail.\",\"breadcrumb\":{\"@id\":\"https:\\\/\\\/syndicom.ch\\\/fr\\\/ton-travail\\\/#breadcrumb\"},\"inLanguage\":\"fr-FR\",\"potentialAction\":[{\"@type\":\"ReadAction\",\"target\":[\"https:\\\/\\\/syndicom.ch\\\/fr\\\/ton-travail\\\/\"]}]},{\"@type\":\"ImageObject\",\"inLanguage\":\"fr-FR\",\"@id\":\"https:\\\/\\\/syndicom.ch\\\/fr\\\/ton-travail\\\/#primaryimage\",\"url\":\"https:\\\/\\\/syndicom.ch\\\/app\\\/uploads\\\/2024\\\/08\\\/gewerkschaft-syndicom-icon-superman.jpg\",\"contentUrl\":\"https:\\\/\\\/syndicom.ch\\\/app\\\/uploads\\\/2024\\\/08\\\/gewerkschaft-syndicom-icon-superman.jpg\"},{\"@type\":\"BreadcrumbList\",\"@id\":\"https:\\\/\\\/syndicom.ch\\\/fr\\\/ton-travail\\\/#breadcrumb\",\"itemListElement\":[{\"@type\":\"ListItem\",\"position\":1,\"name\":\"Page d'accueil\",\"item\":\"https:\\\/\\\/syndicom.ch\\\/fr\\\/\"},{\"@type\":\"ListItem\",\"position\":2,\"name\":\"Ton travail\"}]},{\"@type\":\"WebSite\",\"@id\":\"https:\\\/\\\/syndicom.ch\\\/fr\\\/#website\",\"url\":\"https:\\\/\\\/syndicom.ch\\\/fr\\\/\",\"name\":\"syndicom\",\"description\":\"\",\"publisher\":{\"@id\":\"https:\\\/\\\/syndicom.ch\\\/fr\\\/#organization\"},\"potentialAction\":[{\"@type\":\"SearchAction\",\"target\":{\"@type\":\"EntryPoint\",\"urlTemplate\":\"https:\\\/\\\/syndicom.ch\\\/fr\\\/?s={search_term_string}\"},\"query-input\":{\"@type\":\"PropertyValueSpecification\",\"valueRequired\":true,\"valueName\":\"search_term_string\"}}],\"inLanguage\":\"fr-FR\"},{\"@type\":\"Organization\",\"@id\":\"https:\\\/\\\/syndicom.ch\\\/fr\\\/#organization\",\"name\":\"syndicom\",\"url\":\"https:\\\/\\\/syndicom.ch\\\/fr\\\/\",\"logo\":{\"@type\":\"ImageObject\",\"inLanguage\":\"fr-FR\",\"@id\":\"https:\\\/\\\/syndicom.ch\\\/fr\\\/#\\\/schema\\\/logo\\\/image\\\/\",\"url\":\"https:\\\/\\\/syndicom.ch\\\/app\\\/uploads\\\/2024\\\/06\\\/logo.svg\",\"contentUrl\":\"https:\\\/\\\/syndicom.ch\\\/app\\\/uploads\\\/2024\\\/06\\\/logo.svg\",\"width\":297,\"height\":51,\"caption\":\"syndicom\"},\"image\":{\"@id\":\"https:\\\/\\\/syndicom.ch\\\/fr\\\/#\\\/schema\\\/logo\\\/image\\\/\"}}]}<\/script>\n<!-- \/ Yoast SEO plugin. -->","yoast_head_json":{"title":"Ton travail - syndicom","description":"Le syndicat syndicom lutte pour des salaires d\u00e9cents, des conditions de travail s\u00fbres et le respect au travail.","robots":{"index":"index","follow":"follow","max-snippet":"max-snippet:-1","max-image-preview":"max-image-preview:large","max-video-preview":"max-video-preview:-1"},"canonical":"https:\/\/syndicom.ch\/fr\/ton-travail\/","og_locale":"fr_FR","og_type":"article","og_title":"Ton travail - syndicom","og_description":"Le syndicat syndicom lutte pour des salaires d\u00e9cents, des conditions de travail s\u00fbres et le respect au travail.","og_url":"https:\/\/syndicom.ch\/fr\/ton-travail\/","og_site_name":"syndicom","article_modified_time":"2025-08-22T09:04:27+00:00","og_image":[{"url":"https:\/\/syndicom.ch\/app\/uploads\/2024\/08\/gewerkschaft-syndicom-icon-superman.jpg","type":"","width":"","height":""}],"twitter_card":"summary_large_image","twitter_misc":{"Dur\u00e9e de lecture estim\u00e9e":"3 minutes"},"schema":{"@context":"https:\/\/schema.org","@graph":[{"@type":"WebPage","@id":"https:\/\/syndicom.ch\/fr\/ton-travail\/","url":"https:\/\/syndicom.ch\/fr\/ton-travail\/","name":"Ton travail - syndicom","isPartOf":{"@id":"https:\/\/syndicom.ch\/fr\/#website"},"primaryImageOfPage":{"@id":"https:\/\/syndicom.ch\/fr\/ton-travail\/#primaryimage"},"image":{"@id":"https:\/\/syndicom.ch\/fr\/ton-travail\/#primaryimage"},"thumbnailUrl":"https:\/\/syndicom.ch\/app\/uploads\/2024\/08\/gewerkschaft-syndicom-icon-superman.jpg","datePublished":"2025-08-13T08:56:55+00:00","dateModified":"2025-08-22T09:04:27+00:00","description":"Le syndicat syndicom lutte pour des salaires d\u00e9cents, des conditions de travail s\u00fbres et le respect au travail.","breadcrumb":{"@id":"https:\/\/syndicom.ch\/fr\/ton-travail\/#breadcrumb"},"inLanguage":"fr-FR","potentialAction":[{"@type":"ReadAction","target":["https:\/\/syndicom.ch\/fr\/ton-travail\/"]}]},{"@type":"ImageObject","inLanguage":"fr-FR","@id":"https:\/\/syndicom.ch\/fr\/ton-travail\/#primaryimage","url":"https:\/\/syndicom.ch\/app\/uploads\/2024\/08\/gewerkschaft-syndicom-icon-superman.jpg","contentUrl":"https:\/\/syndicom.ch\/app\/uploads\/2024\/08\/gewerkschaft-syndicom-icon-superman.jpg"},{"@type":"BreadcrumbList","@id":"https:\/\/syndicom.ch\/fr\/ton-travail\/#breadcrumb","itemListElement":[{"@type":"ListItem","position":1,"name":"Page d'accueil","item":"https:\/\/syndicom.ch\/fr\/"},{"@type":"ListItem","position":2,"name":"Ton travail"}]},{"@type":"WebSite","@id":"https:\/\/syndicom.ch\/fr\/#website","url":"https:\/\/syndicom.ch\/fr\/","name":"syndicom","description":"","publisher":{"@id":"https:\/\/syndicom.ch\/fr\/#organization"},"potentialAction":[{"@type":"SearchAction","target":{"@type":"EntryPoint","urlTemplate":"https:\/\/syndicom.ch\/fr\/?s={search_term_string}"},"query-input":{"@type":"PropertyValueSpecification","valueRequired":true,"valueName":"search_term_string"}}],"inLanguage":"fr-FR"},{"@type":"Organization","@id":"https:\/\/syndicom.ch\/fr\/#organization","name":"syndicom","url":"https:\/\/syndicom.ch\/fr\/","logo":{"@type":"ImageObject","inLanguage":"fr-FR","@id":"https:\/\/syndicom.ch\/fr\/#\/schema\/logo\/image\/","url":"https:\/\/syndicom.ch\/app\/uploads\/2024\/06\/logo.svg","contentUrl":"https:\/\/syndicom.ch\/app\/uploads\/2024\/06\/logo.svg","width":297,"height":51,"caption":"syndicom"},"image":{"@id":"https:\/\/syndicom.ch\/fr\/#\/schema\/logo\/image\/"}}]}},"_links":{"self":[{"href":"https:\/\/syndicom.ch\/fr\/wp-json\/wp\/v2\/pages\/45039","targetHints":{"allow":["GET"]}}],"collection":[{"href":"https:\/\/syndicom.ch\/fr\/wp-json\/wp\/v2\/pages"}],"about":[{"href":"https:\/\/syndicom.ch\/fr\/wp-json\/wp\/v2\/types\/page"}],"author":[{"embeddable":true,"href":"https:\/\/syndicom.ch\/fr\/wp-json\/wp\/v2\/users\/3"}],"replies":[{"embeddable":true,"href":"https:\/\/syndicom.ch\/fr\/wp-json\/wp\/v2\/comments?post=45039"}],"version-history":[{"count":5,"href":"https:\/\/syndicom.ch\/fr\/wp-json\/wp\/v2\/pages\/45039\/revisions"}],"predecessor-version":[{"id":45044,"href":"https:\/\/syndicom.ch\/fr\/wp-json\/wp\/v2\/pages\/45039\/revisions\/45044"}],"wp:attachment":[{"href":"https:\/\/syndicom.ch\/fr\/wp-json\/wp\/v2\/media?parent=45039"}],"wp:term":[{"taxonomy":"category","embeddable":true,"href":"https:\/\/syndicom.ch\/fr\/wp-json\/wp\/v2\/categories?post=45039"}],"curies":[{"name":"wp","href":"https:\/\/api.w.org\/{rel}","templated":true}]}}