{"id":45065,"date":"2025-08-22T10:21:33","date_gmt":"2025-08-22T08:21:33","guid":{"rendered":"https:\/\/syndicom.ch\/?page_id=45065"},"modified":"2025-08-22T17:36:10","modified_gmt":"2025-08-22T15:36:10","slug":"nos-themes","status":"publish","type":"page","link":"https:\/\/syndicom.ch\/fr\/nos-themes\/","title":{"rendered":"Nos th\u00e8mes"},"content":{"rendered":"\n<div class=\"wp-block-group alignfull has-background-color has-primary-background-color has-text-color has-background has-link-color wp-elements-c8295d77bdc610eb36496c6ec09ad38e is-layout-constrained wp-block-group-is-layout-constrained\">\n<div class=\"wp-block-group is-style-narrow is-layout-constrained wp-block-group-is-layout-constrained\">\n<div class=\"wp-block-columns is-layout-flex wp-container-core-columns-is-layout-9d6595d7 wp-block-columns-is-layout-flex\">\n<div class=\"wp-block-column is-layout-flow wp-block-column-is-layout-flow\" style=\"flex-basis:70%\">\n<h1 class=\"wp-block-heading\">Nos th\u00e8mes<\/h1>\n\n\n\n<p class=\"is-style-lead\">Ensemble pour un meilleur travail \u00e0 l\u2019avenir<\/p>\n<\/div>\n<\/div>\n<\/div>\n<\/div>\n\n\n\n<div class=\"wp-block-group alignfull has-background-background-color has-background is-layout-constrained wp-block-group-is-layout-constrained\">\n<div class=\"wp-block-group is-style-narrow is-layout-constrained wp-block-group-is-layout-constrained\">\n<p><strong>En tant que syndicat, syndicom s\u2019att\u00e8le aux d\u00e9fis actuels du monde du travail.<\/strong> Nous nous occupons aussi bien des th\u00e8mes concernant les conditions de travail de notre \u00e9poque que des d\u00e9veloppements qui vont marquer notre soci\u00e9t\u00e9 et le march\u00e9 du travail \u00e0 l\u2019avenir.<\/p>\n\n\n\n<p>Nous nous engageons dans beaucoup de domaines qui comptent pour les travailleuses et travailleurs. Notre engagement vise non seulement \u00e0 am\u00e9liorer les conditions de travail et les salaires, mais il concerne aussi les grands th\u00e8mes d\u2019avenir comme les d\u00e9veloppements technologiques, la justice sociale et l\u2019\u00e9laboration de la politique du march\u00e9 du travail.<\/p>\n\n\n\n<p>Plus d&rsquo;infos sur ces th\u00e8mes :<\/p>\n\n\n\n<div class=\"wp-block-columns is-layout-flex wp-container-core-columns-is-layout-9d6595d7 wp-block-columns-is-layout-flex\">\n<div class=\"wp-block-column is-layout-flow wp-block-column-is-layout-flow\">\n<div class=\"wp-block-media-text is-stacked-on-mobile is-image-fill-element is-style-logo coblocks-animate\" style=\"grid-template-columns:18% auto\" data-coblocks-animation=\"zoomIn\"><figure class=\"wp-block-media-text__media\"><a href=\"https:\/\/syndicom.ch\/fr\/intelligence-artificielle\/\" target=\"_blank\" rel=\" noreferrer noopener\"><img loading=\"lazy\" decoding=\"async\" width=\"1024\" height=\"682\" src=\"https:\/\/syndicom.ch\/app\/uploads\/2025\/03\/gewerkschaft-syndicom-ki-kuenstliche-intelligenz-symbolbild-1024x682.jpg\" alt=\"\" class=\"wp-image-43748 size-full\" style=\"object-position:50% 50%\" srcset=\"https:\/\/syndicom.ch\/app\/uploads\/2025\/03\/gewerkschaft-syndicom-ki-kuenstliche-intelligenz-symbolbild-1024x682.jpg 1024w, https:\/\/syndicom.ch\/app\/uploads\/2025\/03\/gewerkschaft-syndicom-ki-kuenstliche-intelligenz-symbolbild-300x200.jpg 300w, https:\/\/syndicom.ch\/app\/uploads\/2025\/03\/gewerkschaft-syndicom-ki-kuenstliche-intelligenz-symbolbild-768x512.jpg 768w, https:\/\/syndicom.ch\/app\/uploads\/2025\/03\/gewerkschaft-syndicom-ki-kuenstliche-intelligenz-symbolbild.jpg 1280w\" sizes=\"auto, (max-width: 1024px) 100vw, 1024px\" \/><\/a><\/figure><div class=\"wp-block-media-text__content\">\n<h3 class=\"wp-block-heading has-text-align-center has-primary-color has-text-color has-link-color wp-elements-e963df3de50f098804eeaf3ea5c93fad\"><strong>Intelligence artificielle (IA)<\/strong><\/h3>\n<\/div><\/div>\n<\/div>\n\n\n\n<div class=\"wp-block-column is-layout-flow wp-block-column-is-layout-flow\">\n<div class=\"wp-block-media-text is-stacked-on-mobile is-image-fill-element is-style-logo coblocks-animate\" data-coblocks-animation=\"zoomIn\"><figure class=\"wp-block-media-text__media\"><a href=\"https:\/\/syndicom.ch\/fr\/femmes\/\" target=\"_blank\" rel=\" noreferrer noopener\"><img loading=\"lazy\" decoding=\"async\" width=\"691\" height=\"622\" src=\"https:\/\/syndicom.ch\/app\/uploads\/2025\/06\/gewerkschaft-syndicom-grafik-frau-mit-megafon-lila.jpg\" alt=\"\" class=\"wp-image-38888 size-full\" style=\"object-position:54% 27%\" srcset=\"https:\/\/syndicom.ch\/app\/uploads\/2025\/06\/gewerkschaft-syndicom-grafik-frau-mit-megafon-lila.jpg 691w, https:\/\/syndicom.ch\/app\/uploads\/2025\/06\/gewerkschaft-syndicom-grafik-frau-mit-megafon-lila-300x270.jpg 300w\" sizes=\"auto, (max-width: 691px) 100vw, 691px\" \/><\/a><\/figure><div class=\"wp-block-media-text__content\">\n<h3 class=\"wp-block-heading has-text-align-center has-primary-color has-text-color has-link-color wp-elements-5e9160210bdb7b2e8918716840a4d320\"><strong><strong><strong><strong>\u00c9galit\u00e9<\/strong><\/strong><\/strong><\/strong><\/h3>\n<\/div><\/div>\n<\/div>\n\n\n\n<div class=\"wp-block-column is-layout-flow wp-block-column-is-layout-flow\">\n<div class=\"wp-block-media-text is-stacked-on-mobile is-image-fill-element is-style-logo coblocks-animate\" style=\"grid-template-columns:85% auto\" data-coblocks-animation=\"zoomIn\"><figure class=\"wp-block-media-text__media\"><a href=\"https:\/\/syndicom.ch\/fr\/participation-dans-lentreprise\/\" target=\"_blank\" rel=\" noreferrer noopener\"><img loading=\"lazy\" decoding=\"async\" width=\"1024\" height=\"683\" src=\"https:\/\/syndicom.ch\/app\/uploads\/2025\/05\/gewerkschaft-syndicom-vertrauensleute-sessa-1024x683.jpg\" alt=\"\" class=\"wp-image-38069 size-full\" style=\"object-position:55% 58%\" srcset=\"https:\/\/syndicom.ch\/app\/uploads\/2025\/05\/gewerkschaft-syndicom-vertrauensleute-sessa-1024x683.jpg 1024w, https:\/\/syndicom.ch\/app\/uploads\/2025\/05\/gewerkschaft-syndicom-vertrauensleute-sessa-300x200.jpg 300w, https:\/\/syndicom.ch\/app\/uploads\/2025\/05\/gewerkschaft-syndicom-vertrauensleute-sessa-768x512.jpg 768w, https:\/\/syndicom.ch\/app\/uploads\/2025\/05\/gewerkschaft-syndicom-vertrauensleute-sessa-1536x1024.jpg 1536w, https:\/\/syndicom.ch\/app\/uploads\/2025\/05\/gewerkschaft-syndicom-vertrauensleute-sessa-2048x1365.jpg 2048w\" sizes=\"auto, (max-width: 1024px) 100vw, 1024px\" \/><\/a><\/figure><div class=\"wp-block-media-text__content\">\n<h3 class=\"wp-block-heading has-text-align-center has-primary-color has-text-color has-link-color wp-elements-1a54d4a4aff88f0fc3ebe8e1bbaa90a3\"><strong>Participation dans l\u2019entreprise<\/strong><\/h3>\n<\/div><\/div>\n<\/div>\n<\/div>\n\n\n\n<div class=\"wp-block-columns is-layout-flex wp-container-core-columns-is-layout-9d6595d7 wp-block-columns-is-layout-flex\">\n<div class=\"wp-block-column is-layout-flow wp-block-column-is-layout-flow\">\n<div class=\"wp-block-media-text is-stacked-on-mobile is-image-fill-element is-style-logo coblocks-animate\" style=\"grid-template-columns:18% auto\" data-coblocks-animation=\"zoomIn\"><figure class=\"wp-block-media-text__media\"><a href=\"https:\/\/syndicom.ch\/fr\/numerisation-du-monde-du-travail\/\" target=\"_blank\" rel=\" noreferrer noopener\"><img loading=\"lazy\" decoding=\"async\" width=\"1024\" height=\"683\" src=\"https:\/\/syndicom.ch\/app\/uploads\/2025\/03\/gewerkschaft-syndicom-arbeit-laptop-1024x683.jpg\" alt=\"\" class=\"wp-image-32338 size-full\" style=\"object-position:50% 50%\" srcset=\"https:\/\/syndicom.ch\/app\/uploads\/2025\/03\/gewerkschaft-syndicom-arbeit-laptop-1024x683.jpg 1024w, https:\/\/syndicom.ch\/app\/uploads\/2025\/03\/gewerkschaft-syndicom-arbeit-laptop-300x200.jpg 300w, https:\/\/syndicom.ch\/app\/uploads\/2025\/03\/gewerkschaft-syndicom-arbeit-laptop-768x512.jpg 768w, https:\/\/syndicom.ch\/app\/uploads\/2025\/03\/gewerkschaft-syndicom-arbeit-laptop-1536x1025.jpg 1536w, https:\/\/syndicom.ch\/app\/uploads\/2025\/03\/gewerkschaft-syndicom-arbeit-laptop-2048x1366.jpg 2048w\" sizes=\"auto, (max-width: 1024px) 100vw, 1024px\" \/><\/a><\/figure><div class=\"wp-block-media-text__content\">\n<h3 class=\"wp-block-heading has-text-align-center has-primary-color has-text-color has-link-color wp-elements-6ecdb55cc2b32ae4de65679701e3736c\"><strong>Num\u00e9risation du monde du travail<\/strong><\/h3>\n<\/div><\/div>\n<\/div>\n\n\n\n<div class=\"wp-block-column is-layout-flow wp-block-column-is-layout-flow\">\n<div class=\"wp-block-media-text is-stacked-on-mobile is-image-fill-element is-style-logo coblocks-animate\" data-coblocks-animation=\"zoomIn\"><figure class=\"wp-block-media-text__media\"><a href=\"https:\/\/syndicom.ch\/fr\/crowdworking-en-suisse\/\" target=\"_blank\" rel=\" noreferrer noopener\"><img loading=\"lazy\" decoding=\"async\" width=\"760\" height=\"506\" src=\"https:\/\/syndicom.ch\/app\/uploads\/2024\/08\/gewerkschaft-syndicom-crowdworking-symbolbild-colab-impacthub-zuerich-innen.jpg\" alt=\"Crowdworkerin Symboldbild syndicom\" class=\"wp-image-3009 size-full\" style=\"object-position:50% 50%\" srcset=\"https:\/\/syndicom.ch\/app\/uploads\/2024\/08\/gewerkschaft-syndicom-crowdworking-symbolbild-colab-impacthub-zuerich-innen.jpg 760w, https:\/\/syndicom.ch\/app\/uploads\/2024\/08\/gewerkschaft-syndicom-crowdworking-symbolbild-colab-impacthub-zuerich-innen-300x200.jpg 300w\" sizes=\"auto, (max-width: 760px) 100vw, 760px\" \/><\/a><\/figure><div class=\"wp-block-media-text__content\">\n<h3 class=\"wp-block-heading has-text-align-center has-primary-color has-text-color has-link-color wp-elements-95d5d88a2141134bf578d059f7b422e1\"><strong><strong><strong><strong>Crowdworking en Suisse<\/strong><\/strong><\/strong><\/strong><\/h3>\n<\/div><\/div>\n<\/div>\n\n\n\n<div class=\"wp-block-column is-layout-flow wp-block-column-is-layout-flow\"><\/div>\n<\/div>\n<\/div>\n<\/div>\n\n\n\n<div class=\"wp-block-group alignfull has-background-color has-primary-background-color has-text-color has-background has-link-color wp-elements-8ccb111678a71eae5691450f2c93efac is-layout-constrained wp-block-group-is-layout-constrained\">\n<div class=\"wp-block-group is-style-narrow is-layout-constrained wp-block-group-is-layout-constrained\">\n<h2 class=\"wp-block-heading has-text-align-center\"><strong>Tu souhaites t&rsquo;engager et contribuer \u00e0 fa\u00e7onner l&rsquo;avenir?<\/strong>\u00a0<\/h2>\n\n\n\n<p class=\"has-text-align-center\">Il y a plein de fa\u00e7ons de participer, selon ce qui t&rsquo;int\u00e9resse et le temps que tu as.<\/p>\n\n\n\n<div class=\"wp-block-buttons is-content-justification-center is-layout-flex wp-container-core-buttons-is-layout-16018d1d wp-block-buttons-is-layout-flex\">\n<div class=\"wp-block-button\"><a class=\"wp-block-button__link wp-element-button\" href=\"https:\/\/syndicomweb.typeform.com\/to\/lliphJ8g\" target=\"_blank\" rel=\"noreferrer noopener\"><strong>Inscris-toi via le formulaire<\/strong><\/a><\/div>\n\n\n\n<div class=\"wp-block-button is-style-outline is-style-outline--1\"><a class=\"wp-block-button__link wp-element-button\" href=\"https:\/\/syndicom.ch\/fr\/contact\/\" target=\"_blank\" rel=\"noreferrer noopener\">T&rsquo;as des questions ? Contacte-nous.<\/a><\/div>\n<\/div>\n<\/div>\n<\/div>\n\n\n\n<div class=\"wp-block-group alignfull has-background-background-color has-background is-layout-constrained wp-block-group-is-layout-constrained\">\n<div class=\"wp-block-group is-style-narrow is-layout-constrained wp-block-group-is-layout-constrained\">\n<h2 class=\"wp-block-heading\"><strong><strong>syndicom magazine&nbsp;: focus sur tes th\u00e8mes syndicaux<\/strong><\/strong><\/h2>\n\n\n\n<p>Notre monde du travail est en changement constant. Le magazine de syndicom couvre les d\u00e9veloppements actuels et te propose des articles de fond, des \u00e9clairages passionnants et des avis d\u2019expert-es. En tant que membre de syndicom, tu re\u00e7ois ce beau magazine de qualit\u00e9 quatre fois par an dans ta bo\u00eete aux lettres. En ligne, tu retrouves les articles actuels et des analyses approfondies<\/p>\n\n\n\n<div class=\"wp-block-buttons is-layout-flex wp-block-buttons-is-layout-flex\">\n<div class=\"wp-block-button is-style-outline is-style-outline--2\"><a class=\"wp-block-button__link has-primary-color has-text-color has-link-color wp-element-button\" href=\"https:\/\/syndicom.ch\/fr\/magazine\/\" target=\"_blank\" rel=\"noreferrer noopener\">vers le syndicom magazine<\/a><\/div>\n<\/div>\n<\/div>\n<\/div>\n","protected":false},"excerpt":{"rendered":"<p>En tant que syndicat, nous nous occupons aussi bien des th\u00e8mes concernant les conditions de travail de notre \u00e9poque.<\/p>\n","protected":false},"author":3,"featured_media":0,"parent":0,"menu_order":0,"comment_status":"closed","ping_status":"closed","template":"","meta":{"_acf_changed":false,"inline_featured_image":false,"_coblocks_attr":"","_coblocks_dimensions":"","_coblocks_responsive_height":"","_coblocks_accordion_ie_support":"","footnotes":""},"categories":[],"class_list":["post-45065","page","type-page","status-publish","hentry"],"acf":[],"yoast_head":"<!-- This site is optimized with the Yoast SEO plugin v27.3 - https:\/\/yoast.com\/product\/yoast-seo-wordpress\/ -->\n<title>Nos th\u00e8mes - syndicom<\/title>\n<meta name=\"description\" content=\"En tant que syndicat, nous nous occupons aussi bien des th\u00e8mes concernant les conditions de travail de notre \u00e9poque.\" \/>\n<meta name=\"robots\" content=\"index, follow, max-snippet:-1, max-image-preview:large, max-video-preview:-1\" \/>\n<link rel=\"canonical\" href=\"https:\/\/syndicom.ch\/fr\/nos-themes\/\" \/>\n<meta property=\"og:locale\" content=\"fr_FR\" \/>\n<meta property=\"og:type\" content=\"article\" \/>\n<meta property=\"og:title\" content=\"Nos th\u00e8mes - syndicom\" \/>\n<meta property=\"og:description\" content=\"En tant que syndicat, nous nous occupons aussi bien des th\u00e8mes concernant les conditions de travail de notre \u00e9poque.\" \/>\n<meta property=\"og:url\" content=\"https:\/\/syndicom.ch\/fr\/nos-themes\/\" \/>\n<meta property=\"og:site_name\" content=\"syndicom\" \/>\n<meta property=\"article:modified_time\" content=\"2025-08-22T15:36:10+00:00\" \/>\n<meta property=\"og:image\" content=\"https:\/\/syndicom.ch\/app\/uploads\/2025\/03\/gewerkschaft-syndicom-ki-kuenstliche-intelligenz-symbolbild-1024x682.jpg\" \/>\n<meta name=\"twitter:card\" content=\"summary_large_image\" \/>\n<meta name=\"twitter:label1\" content=\"Dur\u00e9e de lecture estim\u00e9e\" \/>\n\t<meta name=\"twitter:data1\" content=\"3 minutes\" \/>\n<script type=\"application\/ld+json\" class=\"yoast-schema-graph\">{\"@context\":\"https:\\\/\\\/schema.org\",\"@graph\":[{\"@type\":\"WebPage\",\"@id\":\"https:\\\/\\\/syndicom.ch\\\/fr\\\/nos-themes\\\/\",\"url\":\"https:\\\/\\\/syndicom.ch\\\/fr\\\/nos-themes\\\/\",\"name\":\"Nos th\u00e8mes - syndicom\",\"isPartOf\":{\"@id\":\"https:\\\/\\\/syndicom.ch\\\/fr\\\/#website\"},\"primaryImageOfPage\":{\"@id\":\"https:\\\/\\\/syndicom.ch\\\/fr\\\/nos-themes\\\/#primaryimage\"},\"image\":{\"@id\":\"https:\\\/\\\/syndicom.ch\\\/fr\\\/nos-themes\\\/#primaryimage\"},\"thumbnailUrl\":\"https:\\\/\\\/syndicom.ch\\\/app\\\/uploads\\\/2025\\\/03\\\/gewerkschaft-syndicom-ki-kuenstliche-intelligenz-symbolbild-1024x682.jpg\",\"datePublished\":\"2025-08-22T08:21:33+00:00\",\"dateModified\":\"2025-08-22T15:36:10+00:00\",\"description\":\"En tant que syndicat, nous nous occupons aussi bien des th\u00e8mes concernant les conditions de travail de notre \u00e9poque.\",\"breadcrumb\":{\"@id\":\"https:\\\/\\\/syndicom.ch\\\/fr\\\/nos-themes\\\/#breadcrumb\"},\"inLanguage\":\"fr-FR\",\"potentialAction\":[{\"@type\":\"ReadAction\",\"target\":[\"https:\\\/\\\/syndicom.ch\\\/fr\\\/nos-themes\\\/\"]}]},{\"@type\":\"ImageObject\",\"inLanguage\":\"fr-FR\",\"@id\":\"https:\\\/\\\/syndicom.ch\\\/fr\\\/nos-themes\\\/#primaryimage\",\"url\":\"https:\\\/\\\/syndicom.ch\\\/app\\\/uploads\\\/2025\\\/03\\\/gewerkschaft-syndicom-ki-kuenstliche-intelligenz-symbolbild-1024x682.jpg\",\"contentUrl\":\"https:\\\/\\\/syndicom.ch\\\/app\\\/uploads\\\/2025\\\/03\\\/gewerkschaft-syndicom-ki-kuenstliche-intelligenz-symbolbild-1024x682.jpg\"},{\"@type\":\"BreadcrumbList\",\"@id\":\"https:\\\/\\\/syndicom.ch\\\/fr\\\/nos-themes\\\/#breadcrumb\",\"itemListElement\":[{\"@type\":\"ListItem\",\"position\":1,\"name\":\"Page d'accueil\",\"item\":\"https:\\\/\\\/syndicom.ch\\\/fr\\\/\"},{\"@type\":\"ListItem\",\"position\":2,\"name\":\"Nos th\u00e8mes\"}]},{\"@type\":\"WebSite\",\"@id\":\"https:\\\/\\\/syndicom.ch\\\/fr\\\/#website\",\"url\":\"https:\\\/\\\/syndicom.ch\\\/fr\\\/\",\"name\":\"syndicom\",\"description\":\"\",\"publisher\":{\"@id\":\"https:\\\/\\\/syndicom.ch\\\/fr\\\/#organization\"},\"potentialAction\":[{\"@type\":\"SearchAction\",\"target\":{\"@type\":\"EntryPoint\",\"urlTemplate\":\"https:\\\/\\\/syndicom.ch\\\/fr\\\/?s={search_term_string}\"},\"query-input\":{\"@type\":\"PropertyValueSpecification\",\"valueRequired\":true,\"valueName\":\"search_term_string\"}}],\"inLanguage\":\"fr-FR\"},{\"@type\":\"Organization\",\"@id\":\"https:\\\/\\\/syndicom.ch\\\/fr\\\/#organization\",\"name\":\"syndicom\",\"url\":\"https:\\\/\\\/syndicom.ch\\\/fr\\\/\",\"logo\":{\"@type\":\"ImageObject\",\"inLanguage\":\"fr-FR\",\"@id\":\"https:\\\/\\\/syndicom.ch\\\/fr\\\/#\\\/schema\\\/logo\\\/image\\\/\",\"url\":\"https:\\\/\\\/syndicom.ch\\\/app\\\/uploads\\\/2024\\\/06\\\/logo.svg\",\"contentUrl\":\"https:\\\/\\\/syndicom.ch\\\/app\\\/uploads\\\/2024\\\/06\\\/logo.svg\",\"width\":297,\"height\":51,\"caption\":\"syndicom\"},\"image\":{\"@id\":\"https:\\\/\\\/syndicom.ch\\\/fr\\\/#\\\/schema\\\/logo\\\/image\\\/\"}}]}<\/script>\n<!-- \/ Yoast SEO plugin. -->","yoast_head_json":{"title":"Nos th\u00e8mes - syndicom","description":"En tant que syndicat, nous nous occupons aussi bien des th\u00e8mes concernant les conditions de travail de notre \u00e9poque.","robots":{"index":"index","follow":"follow","max-snippet":"max-snippet:-1","max-image-preview":"max-image-preview:large","max-video-preview":"max-video-preview:-1"},"canonical":"https:\/\/syndicom.ch\/fr\/nos-themes\/","og_locale":"fr_FR","og_type":"article","og_title":"Nos th\u00e8mes - syndicom","og_description":"En tant que syndicat, nous nous occupons aussi bien des th\u00e8mes concernant les conditions de travail de notre \u00e9poque.","og_url":"https:\/\/syndicom.ch\/fr\/nos-themes\/","og_site_name":"syndicom","article_modified_time":"2025-08-22T15:36:10+00:00","og_image":[{"url":"https:\/\/syndicom.ch\/app\/uploads\/2025\/03\/gewerkschaft-syndicom-ki-kuenstliche-intelligenz-symbolbild-1024x682.jpg","type":"","width":"","height":""}],"twitter_card":"summary_large_image","twitter_misc":{"Dur\u00e9e de lecture estim\u00e9e":"3 minutes"},"schema":{"@context":"https:\/\/schema.org","@graph":[{"@type":"WebPage","@id":"https:\/\/syndicom.ch\/fr\/nos-themes\/","url":"https:\/\/syndicom.ch\/fr\/nos-themes\/","name":"Nos th\u00e8mes - syndicom","isPartOf":{"@id":"https:\/\/syndicom.ch\/fr\/#website"},"primaryImageOfPage":{"@id":"https:\/\/syndicom.ch\/fr\/nos-themes\/#primaryimage"},"image":{"@id":"https:\/\/syndicom.ch\/fr\/nos-themes\/#primaryimage"},"thumbnailUrl":"https:\/\/syndicom.ch\/app\/uploads\/2025\/03\/gewerkschaft-syndicom-ki-kuenstliche-intelligenz-symbolbild-1024x682.jpg","datePublished":"2025-08-22T08:21:33+00:00","dateModified":"2025-08-22T15:36:10+00:00","description":"En tant que syndicat, nous nous occupons aussi bien des th\u00e8mes concernant les conditions de travail de notre \u00e9poque.","breadcrumb":{"@id":"https:\/\/syndicom.ch\/fr\/nos-themes\/#breadcrumb"},"inLanguage":"fr-FR","potentialAction":[{"@type":"ReadAction","target":["https:\/\/syndicom.ch\/fr\/nos-themes\/"]}]},{"@type":"ImageObject","inLanguage":"fr-FR","@id":"https:\/\/syndicom.ch\/fr\/nos-themes\/#primaryimage","url":"https:\/\/syndicom.ch\/app\/uploads\/2025\/03\/gewerkschaft-syndicom-ki-kuenstliche-intelligenz-symbolbild-1024x682.jpg","contentUrl":"https:\/\/syndicom.ch\/app\/uploads\/2025\/03\/gewerkschaft-syndicom-ki-kuenstliche-intelligenz-symbolbild-1024x682.jpg"},{"@type":"BreadcrumbList","@id":"https:\/\/syndicom.ch\/fr\/nos-themes\/#breadcrumb","itemListElement":[{"@type":"ListItem","position":1,"name":"Page d'accueil","item":"https:\/\/syndicom.ch\/fr\/"},{"@type":"ListItem","position":2,"name":"Nos th\u00e8mes"}]},{"@type":"WebSite","@id":"https:\/\/syndicom.ch\/fr\/#website","url":"https:\/\/syndicom.ch\/fr\/","name":"syndicom","description":"","publisher":{"@id":"https:\/\/syndicom.ch\/fr\/#organization"},"potentialAction":[{"@type":"SearchAction","target":{"@type":"EntryPoint","urlTemplate":"https:\/\/syndicom.ch\/fr\/?s={search_term_string}"},"query-input":{"@type":"PropertyValueSpecification","valueRequired":true,"valueName":"search_term_string"}}],"inLanguage":"fr-FR"},{"@type":"Organization","@id":"https:\/\/syndicom.ch\/fr\/#organization","name":"syndicom","url":"https:\/\/syndicom.ch\/fr\/","logo":{"@type":"ImageObject","inLanguage":"fr-FR","@id":"https:\/\/syndicom.ch\/fr\/#\/schema\/logo\/image\/","url":"https:\/\/syndicom.ch\/app\/uploads\/2024\/06\/logo.svg","contentUrl":"https:\/\/syndicom.ch\/app\/uploads\/2024\/06\/logo.svg","width":297,"height":51,"caption":"syndicom"},"image":{"@id":"https:\/\/syndicom.ch\/fr\/#\/schema\/logo\/image\/"}}]}},"_links":{"self":[{"href":"https:\/\/syndicom.ch\/fr\/wp-json\/wp\/v2\/pages\/45065","targetHints":{"allow":["GET"]}}],"collection":[{"href":"https:\/\/syndicom.ch\/fr\/wp-json\/wp\/v2\/pages"}],"about":[{"href":"https:\/\/syndicom.ch\/fr\/wp-json\/wp\/v2\/types\/page"}],"author":[{"embeddable":true,"href":"https:\/\/syndicom.ch\/fr\/wp-json\/wp\/v2\/users\/3"}],"replies":[{"embeddable":true,"href":"https:\/\/syndicom.ch\/fr\/wp-json\/wp\/v2\/comments?post=45065"}],"version-history":[{"count":13,"href":"https:\/\/syndicom.ch\/fr\/wp-json\/wp\/v2\/pages\/45065\/revisions"}],"predecessor-version":[{"id":45553,"href":"https:\/\/syndicom.ch\/fr\/wp-json\/wp\/v2\/pages\/45065\/revisions\/45553"}],"wp:attachment":[{"href":"https:\/\/syndicom.ch\/fr\/wp-json\/wp\/v2\/media?parent=45065"}],"wp:term":[{"taxonomy":"category","embeddable":true,"href":"https:\/\/syndicom.ch\/fr\/wp-json\/wp\/v2\/categories?post=45065"}],"curies":[{"name":"wp","href":"https:\/\/api.w.org\/{rel}","templated":true}]}}