{"id":45698,"date":"2025-08-21T14:52:40","date_gmt":"2025-08-21T12:52:40","guid":{"rendered":"https:\/\/syndicom.ch\/?page_id=45698"},"modified":"2026-01-28T16:50:17","modified_gmt":"2026-01-28T15:50:17","slug":"faq-affiliation","status":"publish","type":"page","link":"https:\/\/syndicom.ch\/fr\/faq-affiliation\/","title":{"rendered":"FAQ Affiliation"},"content":{"rendered":"\n<div class=\"wp-block-group alignfull has-background-color has-primary-background-color has-text-color has-background has-link-color wp-elements-8ece3e7bf215c59687ea08a29c2221c0 is-layout-constrained wp-block-group-is-layout-constrained\">\n<div class=\"wp-block-group is-style-narrow is-layout-constrained wp-block-group-is-layout-constrained\">\n<h1 class=\"wp-block-heading\">Affiliation \u00e0 syndicom<\/h1>\n\n\n\n<div class=\"wp-block-columns is-layout-flex wp-container-core-columns-is-layout-9d6595d7 wp-block-columns-is-layout-flex\">\n<div class=\"wp-block-column is-layout-flow wp-block-column-is-layout-flow\" style=\"flex-basis:66.66%\">\n<p class=\"is-style-lead\">Tu trouveras ici les r\u00e9ponses aux questions les plus importantes concernant l&rsquo;adh\u00e9sion \u00e0 syndicom : avantages, co\u00fbts, adh\u00e9sion et r\u00e9siliation.<\/p>\n<\/div>\n\n\n\n<div class=\"wp-block-column is-layout-flow wp-block-column-is-layout-flow\" style=\"flex-basis:33.33%\"><\/div>\n<\/div>\n<\/div>\n<\/div>\n\n\n\n<div class=\"wp-block-group alignfull has-background-background-color has-background is-layout-constrained wp-block-group-is-layout-constrained\">\n<div class=\"wp-block-group is-style-narrow is-layout-constrained wp-block-group-is-layout-constrained\">\n<div class=\"wp-block-group is-style-narrow is-layout-constrained wp-block-group-is-layout-constrained\">\n<div class=\"wp-block-columns is-not-stacked-on-mobile intro-ctas is-layout-flex wp-container-core-columns-is-layout-9d6595d7 wp-block-columns-is-layout-flex\">\n<div class=\"wp-block-column is-layout-flow wp-block-column-is-layout-flow\">\n<figure class=\"wp-block-image aligncenter size-full intro-icon has-lightbox\"><a href=\"#Pourquoi-devenir-membre\"><img loading=\"lazy\" decoding=\"async\" width=\"1500\" height=\"1500\" src=\"https:\/\/syndicom.ch\/app\/uploads\/2019\/01\/gewerkschaft-syndicom-symbol-empfehlung-tipp.png\" alt=\"\" class=\"wp-image-37466\" srcset=\"https:\/\/syndicom.ch\/app\/uploads\/2019\/01\/gewerkschaft-syndicom-symbol-empfehlung-tipp.png 1500w, https:\/\/syndicom.ch\/app\/uploads\/2019\/01\/gewerkschaft-syndicom-symbol-empfehlung-tipp-150x150.png 150w, https:\/\/syndicom.ch\/app\/uploads\/2019\/01\/gewerkschaft-syndicom-symbol-empfehlung-tipp-300x300.png 300w, https:\/\/syndicom.ch\/app\/uploads\/2019\/01\/gewerkschaft-syndicom-symbol-empfehlung-tipp-768x768.png 768w, https:\/\/syndicom.ch\/app\/uploads\/2019\/01\/gewerkschaft-syndicom-symbol-empfehlung-tipp-1024x1024.png 1024w\" sizes=\"auto, (max-width: 1500px) 100vw, 1500px\" \/><\/a><\/figure>\n\n\n\n<div class=\"wp-block-buttons is-content-justification-center is-layout-flex wp-container-core-buttons-is-layout-16018d1d wp-block-buttons-is-layout-flex\">\n<div class=\"wp-block-button is-style-underline\"><a class=\"wp-block-button__link has-primary-color has-background-background-color has-text-color has-background has-link-color wp-element-button\" href=\"#Pourquoi-devenir-membre\"><strong>Pourquoi devenir membre ?<\/strong><\/a><\/div>\n<\/div>\n<\/div>\n\n\n\n<div class=\"wp-block-column is-layout-flow wp-block-column-is-layout-flow\">\n<figure class=\"wp-block-image aligncenter size-full intro-icon has-lightbox\"><a href=\"#quels-avantages\"><img loading=\"lazy\" decoding=\"async\" width=\"500\" height=\"500\" src=\"https:\/\/syndicom.ch\/app\/uploads\/2025\/05\/gewerkschaft-syndicom-symbol-angebote.png\" alt=\"\" class=\"wp-image-36182\" srcset=\"https:\/\/syndicom.ch\/app\/uploads\/2025\/05\/gewerkschaft-syndicom-symbol-angebote.png 500w, https:\/\/syndicom.ch\/app\/uploads\/2025\/05\/gewerkschaft-syndicom-symbol-angebote-300x300.png 300w, https:\/\/syndicom.ch\/app\/uploads\/2025\/05\/gewerkschaft-syndicom-symbol-angebote-150x150.png 150w\" sizes=\"auto, (max-width: 500px) 100vw, 500px\" \/><\/a><\/figure>\n\n\n\n<div class=\"wp-block-buttons is-content-justification-center is-layout-flex wp-container-core-buttons-is-layout-16018d1d wp-block-buttons-is-layout-flex\">\n<div class=\"wp-block-button is-style-underline\"><a class=\"wp-block-button__link has-primary-color has-background-background-color has-text-color has-background has-link-color has-text-align-center wp-element-button\" href=\"#quels-avantages\"><strong><strong>Quels sont les avantages d&rsquo;\u00eatre membre ?<\/strong><\/strong><\/a><\/div>\n<\/div>\n<\/div>\n\n\n\n<div class=\"wp-block-column is-layout-flow wp-block-column-is-layout-flow\">\n<figure class=\"wp-block-image aligncenter size-full intro-icon has-lightbox\"><a href=\"#Comment-devenir-membre\"><img loading=\"lazy\" decoding=\"async\" width=\"1500\" height=\"1500\" src=\"https:\/\/syndicom.ch\/app\/uploads\/2025\/05\/gewerkschaft-syndicom-grafik-herz.png\" alt=\"\" class=\"wp-image-36113\" srcset=\"https:\/\/syndicom.ch\/app\/uploads\/2025\/05\/gewerkschaft-syndicom-grafik-herz.png 1500w, https:\/\/syndicom.ch\/app\/uploads\/2025\/05\/gewerkschaft-syndicom-grafik-herz-300x300.png 300w, https:\/\/syndicom.ch\/app\/uploads\/2025\/05\/gewerkschaft-syndicom-grafik-herz-1024x1024.png 1024w, https:\/\/syndicom.ch\/app\/uploads\/2025\/05\/gewerkschaft-syndicom-grafik-herz-150x150.png 150w, https:\/\/syndicom.ch\/app\/uploads\/2025\/05\/gewerkschaft-syndicom-grafik-herz-768x768.png 768w\" sizes=\"auto, (max-width: 1500px) 100vw, 1500px\" \/><\/a><\/figure>\n\n\n\n<div class=\"wp-block-buttons is-content-justification-center is-layout-flex wp-container-core-buttons-is-layout-16018d1d wp-block-buttons-is-layout-flex\">\n<div class=\"wp-block-button is-style-underline\"><a class=\"wp-block-button__link has-primary-color has-background-background-color has-text-color has-background has-link-color has-text-align-center wp-element-button\" href=\"#Comment-devenir-membre\"><strong><strong>Comment devenir membre ?<\/strong><\/strong><\/a><\/div>\n<\/div>\n<\/div>\n\n\n\n<div class=\"wp-block-column is-layout-flow wp-block-column-is-layout-flow\">\n<figure class=\"wp-block-image aligncenter size-full intro-icon has-lightbox\"><a href=\"#Combien-coute-la-cotisation\"><img loading=\"lazy\" decoding=\"async\" width=\"1733\" height=\"1795\" src=\"https:\/\/syndicom.ch\/app\/uploads\/2024\/08\/gewerkschaft-syndicom-icon-taschenrechner.jpg\" alt=\"\" class=\"wp-image-2823\" srcset=\"https:\/\/syndicom.ch\/app\/uploads\/2024\/08\/gewerkschaft-syndicom-icon-taschenrechner.jpg 1733w, https:\/\/syndicom.ch\/app\/uploads\/2024\/08\/gewerkschaft-syndicom-icon-taschenrechner-290x300.jpg 290w, https:\/\/syndicom.ch\/app\/uploads\/2024\/08\/gewerkschaft-syndicom-icon-taschenrechner-989x1024.jpg 989w, https:\/\/syndicom.ch\/app\/uploads\/2024\/08\/gewerkschaft-syndicom-icon-taschenrechner-768x795.jpg 768w, https:\/\/syndicom.ch\/app\/uploads\/2024\/08\/gewerkschaft-syndicom-icon-taschenrechner-1483x1536.jpg 1483w\" sizes=\"auto, (max-width: 1733px) 100vw, 1733px\" \/><\/a><\/figure>\n\n\n\n<div class=\"wp-block-buttons is-content-justification-center is-layout-flex wp-container-core-buttons-is-layout-16018d1d wp-block-buttons-is-layout-flex\">\n<div class=\"wp-block-button is-style-underline\"><a class=\"wp-block-button__link has-primary-color has-background-background-color has-text-color has-background has-link-color has-text-align-center wp-element-button\" href=\"#Combien-coute-la-cotisation\"><strong><strong>Combien co\u00fbte l&rsquo;adh\u00e9sion ?<\/strong><\/strong><\/a><\/div>\n<\/div>\n<\/div>\n\n\n\n<div class=\"wp-block-column is-layout-flow wp-block-column-is-layout-flow\">\n<figure class=\"wp-block-image aligncenter size-full intro-icon has-lightbox\"><a href=\"#Comment-puis-je-resilier-mon-affiliation\"><img loading=\"lazy\" decoding=\"async\" width=\"500\" height=\"500\" src=\"https:\/\/syndicom.ch\/app\/uploads\/2025\/06\/gewerkschaft-syndicom-icon-bildung.png\" alt=\"\" class=\"wp-image-41335\" srcset=\"https:\/\/syndicom.ch\/app\/uploads\/2025\/06\/gewerkschaft-syndicom-icon-bildung.png 500w, https:\/\/syndicom.ch\/app\/uploads\/2025\/06\/gewerkschaft-syndicom-icon-bildung-300x300.png 300w, https:\/\/syndicom.ch\/app\/uploads\/2025\/06\/gewerkschaft-syndicom-icon-bildung-150x150.png 150w\" sizes=\"auto, (max-width: 500px) 100vw, 500px\" \/><\/a><\/figure>\n\n\n\n<div class=\"wp-block-buttons is-content-justification-center is-layout-flex wp-container-core-buttons-is-layout-16018d1d wp-block-buttons-is-layout-flex\">\n<div class=\"wp-block-button is-style-underline\"><a class=\"wp-block-button__link has-primary-color has-background-background-color has-text-color has-background has-link-color has-text-align-center wp-element-button\" href=\"#Comment-puis-je-resilier-mon-affiliation\"><strong><strong>Comment je peux r\u00e9silier ?<\/strong><\/strong><\/a><\/div>\n<\/div>\n<\/div>\n<\/div>\n\n\n\n<h2 class=\"wp-block-heading\" id=\"Pourquoi-devenir-membre\"><strong>Pourquoi devenir membre ?<\/strong><\/h2>\n\n\n\n<p>Pourquoi devenir membre ? Seul-e face \u00e0 ton employeur ? Quel poids cela<br>aura-t-il ? Plus nombreux-ses nous sommes, plus nous avons de poids dans les discussions et les n\u00e9gociations.<\/p>\n\n\n\n<div class=\"wp-block-buttons is-content-justification-center is-layout-flex wp-container-core-buttons-is-layout-16018d1d wp-block-buttons-is-layout-flex\">\n<div class=\"wp-block-button is-style-outline is-style-outline--1\"><a class=\"wp-block-button__link has-primary-color has-text-color has-link-color has-text-align-center wp-element-button\" href=\"https:\/\/syndicom.ch\/fr\/devenir-membre\/\">Bonnes raisons de devenir membre<\/a><\/div>\n<\/div>\n\n\n\n<h2 class=\"wp-block-heading\" id=\"quels-avantages\">De quels avantages est-ce que je b\u00e9n\u00e9ficie en tant que membre ?<\/h2>\n\n\n\n<ul class=\"wp-block-list\">\n<li class=\"is-style-check\">conseil juridique pour toutes les questions professionnelles et de droit des assurances sociales<\/li>\n\n\n\n<li class=\"is-style-check\">acc\u00e8s aux cours de formation continue propos\u00e9s par Movendo et Helias <\/li>\n\n\n\n<li class=\"is-style-check\">conditions pr\u00e9f\u00e9rentielles collectives aupr\u00e8s de nos entreprises partenaires<\/li>\n\n\n\n<li class=\"is-style-check\">consultation de retraite gratuite<\/li>\n<\/ul>\n\n\n\n<div class=\"wp-block-buttons is-content-justification-center is-layout-flex wp-container-core-buttons-is-layout-16018d1d wp-block-buttons-is-layout-flex\">\n<div class=\"wp-block-button is-style-outline is-style-outline--2\"><a class=\"wp-block-button__link has-primary-color has-primary-background-color has-text-color has-background has-link-color wp-element-button\" href=\"https:\/\/syndicom.ch\/fr\/tes-avantages\/\" target=\"_blank\" rel=\"noreferrer noopener\">Tous les avantages en un coup d&rsquo;\u0153il<\/a><\/div>\n<\/div>\n\n\n\n<p><strong>Le plus important: <\/strong>tu n\u2019es plus seul-e. Les probl\u00e8mes avec l\u2019employeur ne sont plus du domaine priv\u00e9, mais sont r\u00e9solus par les partenaires sociaux. Tu peux compter sur un soutien fort et professionnel. Tes coll\u00e8gues aussi.<\/p>\n\n\n\n<h2 class=\"wp-block-heading\" id=\"Comment-devenir-membre\">Comment devenir membre ?<\/h2>\n\n\n\n<p>En remplissant ce formulaire. L\u2019adh\u00e9sion commence le 1er du mois suivant.<\/p>\n\n\n\n<div class=\"wp-block-buttons is-layout-flex wp-block-buttons-is-layout-flex\">\n<div class=\"wp-block-button\"><a class=\"wp-block-button__link wp-element-button\" href=\"https:\/\/my.syndicom.ch\/mitgliedschaft\" target=\"_blank\" rel=\"noreferrer noopener\">Remplis le formulaire maintenant<\/a><\/div>\n<\/div>\n<\/div>\n<\/div>\n<\/div>\n\n\n\n<div class=\"wp-block-group alignfull has-background-color has-primary-background-color has-text-color has-background has-link-color wp-elements-0620c98b93d2f0838094be468505d4c7 is-layout-constrained wp-block-group-is-layout-constrained\">\n<div class=\"wp-block-group is-style-narrow is-layout-constrained wp-block-group-is-layout-constrained\">\n<h2 class=\"wp-block-heading has-text-align-center\">T&rsquo;as d&rsquo;autres questions ?<\/h2>\n\n\n\n<p class=\"has-text-align-center\">Notre service des membres est \u00e0 ta disposition et t&rsquo;aide pour toutes tes questions.<\/p>\n\n\n\n<div class=\"wp-block-buttons is-content-justification-center is-layout-flex wp-container-core-buttons-is-layout-16018d1d wp-block-buttons-is-layout-flex\">\n<div class=\"wp-block-button\"><a class=\"wp-block-button__link wp-element-button\" href=\"https:\/\/syndicom.ch\/fr\/contact\/\" target=\"_blank\" rel=\"noreferrer noopener\">Contacte-nous.<\/a><\/div>\n\n\n\n<div class=\"wp-block-button is-style-outline is-style-outline--3\"><a class=\"wp-block-button__link wp-element-button\" href=\"https:\/\/syndicom.ch\/fr\/tes-avantages\/\" target=\"_blank\" rel=\"noreferrer noopener\">Avantages d&rsquo;une adh\u00e9sion<\/a><\/div>\n<\/div>\n<\/div>\n<\/div>\n\n\n\n<div class=\"wp-block-group alignfull has-background-background-color has-background is-layout-constrained wp-block-group-is-layout-constrained\">\n<div class=\"wp-block-group is-style-narrow is-layout-constrained wp-block-group-is-layout-constrained\">\n<div class=\"wp-block-group is-style-narrow is-layout-constrained wp-block-group-is-layout-constrained\">\n<h2 class=\"wp-block-heading\" id=\"Combien-coute-la-cotisation\">Combien co\u00fbte la cotisation de membre ?<\/h2>\n\n\n\n<p>La cotisation est sociale et \u00e9chelonn\u00e9e en fonction du revenu*. Les cotisations varient de 5 francs par mois pour les apprenti-es \u00e0 57 francs par mois pour les revenus \u00e9lev\u00e9s.<\/p>\n\n\n\n<p>Tu travailles dans une <a href=\"https:\/\/syndicom.ch\/fr\/conventions-collectives-de-travail-cct\/\" target=\"_blank\" rel=\"noreferrer noopener\">entreprise soumise \u00e0 une CCT<\/a> ? En tant que membre, on te rembourse la cotisation CCT, ce qui r\u00e9duit automatiquement ta cotisation.<\/p>\n\n\n<div  class=\"syn-block-pricing-calculator syn-pricing-calculator\" data-index=\"0\">\n    <div class=\"syn-pricing-calculator__range\">\n        <label for=\"syn_max_income\">Revenu annuel:<\/label>\n        CHF <span class=\"syn-pricing-calculator__income js-syn-pricing-calculator-income\">0<\/span>\n        <input type=\"range\" id=\"syn_max_income\" name=\"syn_max_income\" min=\"0\" max=\"200000\" step=\"1000\" value=\"0\">\n    <\/div>\n    <div class=\"syn-pricing-calculator__total\">\n        <p>Cotisation mensuelle:<span>CHF <strong><span class=\"js-syn-pricing-calculator-total\">\u2013<\/span><\/strong><\/span><\/p>\n    <\/div>\n    <script type=\"application\/json\">\n      [{\"max_income\":\"9999\",\"price\":\"15\"},{\"max_income\":\"19999\",\"price\":\"18\"},{\"max_income\":\"29999\",\"price\":\"25\"},{\"max_income\":\"39999\",\"price\":\"30\"},{\"max_income\":\"49999\",\"price\":\"33\"},{\"max_income\":\"59999\",\"price\":\"38\"},{\"max_income\":\"69999\",\"price\":\"41\"},{\"max_income\":\"79999\",\"price\":\"43\"},{\"max_income\":\"89999\",\"price\":\"47\"},{\"max_income\":\"99999\",\"price\":\"50\"},{\"max_income\":\"109999\",\"price\":\"53\"},{\"max_income\":\"119999\",\"price\":\"55\"},{\"max_income\":\"200000\",\"price\":\"57\"}]    <\/script>\n<\/div>\n\n\n<p>*Si tu es ind\u00e9pendant-e, tu peux d\u00e9duire 25 % de ton revenu annuel brut pour tes frais professionnels.<\/p>\n\n\n\n<p>En plus de la cotisation mensuelle, il peut y avoir des frais suppl\u00e9mentaires :<\/p>\n\n\n\n<ul class=\"wp-block-list\">\n<li>Pour les&nbsp;<a href=\"https:\/\/syndicom.ch\/fr\/tes-avantages\/offres-presse\/\" target=\"_blank\" rel=\"noreferrer noopener\">professionnel-les des m\u00e9dias<\/a>, il faut ajouter CHF 3 par mois pour le magazine \u00ab Edito \u2013 Le magazine suisse des m\u00e9dias \u00bb.<\/li>\n\n\n\n<li>CHF 5.80 par mois pour la&nbsp;<a href=\"https:\/\/syndicom.ch\/fr\/tes-avantages\/coop-protection-juridique\/\" target=\"_blank\" rel=\"noreferrer noopener\">protection juridique priv\u00e9e Coop<\/a>&nbsp;(si on la choisit).<\/li>\n<\/ul>\n\n\n\n<div class=\"wp-block-group alignfull syn-block-read-more is-layout-constrained wp-block-group-is-layout-constrained\">\n<div class=\"wp-block-group alignfull syn-block-read-more__content is-layout-constrained wp-block-group-is-layout-constrained\">\n<h3 class=\"wp-block-heading has-text-align-center\"><strong>Cotisations des membres<\/strong><\/h3>\n\n\n\n<p><em>Chiffres en CHF<\/em><\/p>\n\n\n\n<figure id=\"Jahreseinkommen-in-CHF\" class=\"wp-block-table is-style-stripes\"><table class=\"has-fixed-layout\"><thead><tr><th><strong>Revenu annuel (brut, sans primes)<\/strong><\/th><th class=\"has-text-align-center\" data-align=\"center\"><strong>Cotisation mensuelle<\/strong><\/th><\/tr><\/thead><tbody><tr><td>0 \u2013 9&rsquo;999.\u2013<\/td><td class=\"has-text-align-center\" data-align=\"center\">15<\/td><\/tr><tr><td>10&rsquo;000 \u2013 19&rsquo;999.\u2013<\/td><td class=\"has-text-align-center\" data-align=\"center\">18<\/td><\/tr><tr><td>20&rsquo;000 \u2013 29&rsquo;999.\u2013<\/td><td class=\"has-text-align-center\" data-align=\"center\">25<\/td><\/tr><tr><td>30&rsquo;000 \u2013 39&rsquo;999.\u2013<\/td><td class=\"has-text-align-center\" data-align=\"center\">30<\/td><\/tr><tr><td>40&rsquo;000 \u2013 49&rsquo;999.\u2013<\/td><td class=\"has-text-align-center\" data-align=\"center\">33<\/td><\/tr><tr><td>50&rsquo;000 \u2013 59&rsquo;999.\u2013<\/td><td class=\"has-text-align-center\" data-align=\"center\">38<\/td><\/tr><tr><td>60&rsquo;000 \u2013 69&rsquo;999.\u2013<\/td><td class=\"has-text-align-center\" data-align=\"center\">41<\/td><\/tr><tr><td>70&rsquo;000 \u2013 79&rsquo;999.\u2013<\/td><td class=\"has-text-align-center\" data-align=\"center\">43<\/td><\/tr><tr><td>80&rsquo;000 \u2013 89&rsquo;999.\u2013<\/td><td class=\"has-text-align-center\" data-align=\"center\">47<\/td><\/tr><tr><td>90&rsquo;000 \u2013 99&rsquo;999.\u2013<\/td><td class=\"has-text-align-center\" data-align=\"center\">50<\/td><\/tr><tr><td>100&rsquo;000 \u2013 109&rsquo;999<\/td><td class=\"has-text-align-center\" data-align=\"center\">53<\/td><\/tr><tr><td>110&rsquo;000 \u2013 119&rsquo;999<\/td><td class=\"has-text-align-center\" data-align=\"center\">55<\/td><\/tr><tr><td>\u00e0 partir de 120&rsquo;000<\/td><td class=\"has-text-align-center\" data-align=\"center\">57<\/td><\/tr><tr><td>Journaux et imprim\u00e9s priv\u00e9s \/ coursiers \u00e0 v\u00e9lo<\/td><td class=\"has-text-align-center\" data-align=\"center\">8<\/td><\/tr><tr><td>Personnes retrait\u00e9es<\/td><td class=\"has-text-align-center\" data-align=\"center\">16<\/td><\/tr><tr><td>Membres solidaires<\/td><td class=\"has-text-align-center\" data-align=\"center\">26<\/td><\/tr><tr><td>En formation<\/td><td class=\"has-text-align-center\" data-align=\"center\">5<\/td><\/tr><tr><td>Membres doubles<\/td><td class=\"has-text-align-center\" data-align=\"center\">30<\/td><\/tr><\/tbody><\/table><\/figure>\n\n\n\n<p><\/p>\n<\/div>\n\n\n\n<div class=\"wp-block-buttons is-content-justification-center is-layout-flex wp-container-core-buttons-is-layout-16018d1d wp-block-buttons-is-layout-flex\">\n<div class=\"wp-block-button is-style-outline is-style-outline--4\" id=\"mitgliederbeitrag\"><a class=\"wp-block-button__link has-primary-color has-text-color has-link-color wp-element-button\">Aper\u00e7u des cotisations des membres<\/a><\/div>\n\n\n\n<div class=\"wp-block-button is-style-outline is-style-outline--5\"><a class=\"wp-block-button__link has-primary-color has-text-color has-link-color wp-element-button\">Afficher moins<\/a><\/div>\n<\/div>\n\n\n\n<p><\/p>\n<\/div>\n<\/div>\n\n\n\n<div class=\"wp-block-columns has-tertiary-background-color has-background is-layout-flex wp-container-core-columns-is-layout-9d6595d7 wp-block-columns-is-layout-flex\">\n<div class=\"wp-block-column is-layout-flow wp-block-column-is-layout-flow\">\n<p><strong><strong>Le nouveau syst\u00e8me de cotisation \u00e0 partir du 1er janvier 2026<\/strong><\/strong><\/p>\n\n\n\n<p>Le nouveau syst\u00e8me de cotisation de syndicom sera introduit au 1er janvier 2026. La cotisation moyenne augmente mod\u00e9r\u00e9ment et reste inf\u00e9rieure \u00e0 l\u2019inflation des derni\u00e8res ann\u00e9es. Cela permet de maintenir une forte pr\u00e9sence syndicale, des services de qualit\u00e9 pour les membres et des prestations innovantes, tels que les conseils et la protection juridiques, la formation continue et des avantages pour la vie quotidienne et les loisirs.<\/p>\n<\/div>\n<\/div>\n\n\n\n<div class=\"wp-block-group is-style-narrow is-layout-constrained wp-block-group-is-layout-constrained\">\n<div class=\"wp-block-group is-style-narrow is-layout-constrained wp-block-group-is-layout-constrained\">\n<hr class=\"wp-block-separator has-alpha-channel-opacity is-style-wide\"\/>\n\n\n\n<div class=\"wp-block-columns is-style-accordion has-background-background-color has-background is-layout-flex wp-container-core-columns-is-layout-9d6595d7 wp-block-columns-is-layout-flex\">\n<div class=\"wp-block-column has-background-background-color has-background is-layout-flow wp-block-column-is-layout-flow\">\n<p class=\"has-foreground-color has-text-color has-link-color wp-elements-ff4d8c0444aaa70520e1b6d59e881ab5\"><strong><strong>La cotisation de membre peut-elle \u00eatre d\u00e9duite des imp\u00f4ts?<\/strong><\/strong><\/p>\n<\/div>\n\n\n\n<div class=\"wp-block-column is-layout-flow wp-block-column-is-layout-flow\">\n<p class=\"is-style-default\">Dans certains cantons oui, dans d\u2019autres non. Il existe m\u00eame des diff\u00e9rences entre les communes. C\u2019est pourquoi nous ne pouvons pas donner d\u2019indications valables de mani\u00e8re g\u00e9n\u00e9rale. Parfois, la cotisation est accept\u00e9e dans les frais professionnels, parfois comme contribution \u00e0 une organisation politique.<\/p>\n\n\n\n<p class=\"is-style-default\"><strong>Notre recommandation:<\/strong> \u00e7a ne co\u00fbte rien d\u2019essayer et d\u2019indiquer la cotisation syndicale dans la d\u00e9claration d\u2019imp\u00f4t.<\/p>\n<\/div>\n<\/div>\n\n\n\n<hr class=\"wp-block-separator has-alpha-channel-opacity is-style-wide\"\/>\n\n\n\n<div class=\"wp-block-columns is-style-accordion has-background-background-color has-background is-layout-flex wp-container-core-columns-is-layout-9d6595d7 wp-block-columns-is-layout-flex\">\n<div class=\"wp-block-column has-background-background-color has-background is-layout-flow wp-block-column-is-layout-flow\">\n<p class=\"has-foreground-color has-text-color has-link-color wp-elements-5ababbc51481ce617faff33096a18638\"><strong><strong><strong>Comment me rembourse-t-on la <a href=\"https:\/\/syndicom.ch\/fr\/conventions-collectives-de-travail-cct\/#FAQ-CCT\" target=\"_blank\" rel=\"noreferrer noopener\">contribution CCT<\/a> ?<\/strong><\/strong><\/strong><\/p>\n<\/div>\n\n\n\n<div class=\"wp-block-column is-layout-flow wp-block-column-is-layout-flow\">\n<p class=\"is-style-default\">syndicom rembourse \u00e0 ses membres la contribution aux frais d\u2019ex\u00e9cution pour l\u2019ann\u00e9e pr\u00e9c\u00e9dente, \u00e0 condition que les cotisations de membre aient \u00e9t\u00e9 pay\u00e9es. Le versement est effectu\u00e9 au cours du premier semestre de l\u2019ann\u00e9e suivante.<\/p>\n\n\n\n<p class=\"is-style-default\">Important, si tu as un contrat de travail \u00e0 la Poste, chez Swisscom, Skyguide ou T-Systems:&nbsp;La cotisation de membre est d\u00e9duite de ton salaire, la contribution aux frais d\u2019ex\u00e9cution est supprim\u00e9e.<\/p>\n<\/div>\n<\/div>\n\n\n\n<hr class=\"wp-block-separator has-alpha-channel-opacity is-style-wide\"\/>\n\n\n\n<div class=\"wp-block-columns is-style-accordion has-background-background-color has-background is-layout-flex wp-container-core-columns-is-layout-9d6595d7 wp-block-columns-is-layout-flex\">\n<div class=\"wp-block-column has-background-background-color has-background is-layout-flow wp-block-column-is-layout-flow\">\n<p class=\"has-foreground-color has-text-color has-link-color wp-elements-026bcd4900e9d35c00a5f2a339509508\"><strong><strong><strong><strong>Je suis inscrit-e \u00e0 l\u2019ORP, quel est le montant de la cotisation mensuelle?<\/strong><\/strong><\/strong><\/strong><\/p>\n<\/div>\n\n\n\n<div class=\"wp-block-column is-layout-flow wp-block-column-is-layout-flow\">\n<p class=\"is-style-default\">Nos membres inscrit-es \u00e0 la caisse de ch\u00f4mage paient une cotisation mensuelle forfaitaire de CHF 18. D\u00e8s que l\u2019administration des membres dispose d\u2019un d\u00e9compte de la caisse de ch\u00f4mage CCh, elle peut proc\u00e9der \u00e0 l\u2019adaptation.<\/p>\n<\/div>\n<\/div>\n\n\n\n<hr class=\"wp-block-separator has-alpha-channel-opacity is-style-wide\"\/>\n\n\n\n<div class=\"wp-block-columns is-style-accordion has-background-background-color has-background is-layout-flex wp-container-core-columns-is-layout-9d6595d7 wp-block-columns-is-layout-flex\">\n<div class=\"wp-block-column has-background-background-color has-background is-layout-flow wp-block-column-is-layout-flow\">\n<p class=\"has-foreground-color has-text-color has-link-color wp-elements-28aab01632bf13e7ccc9112421ee12ec\"><strong><strong><strong><strong><strong><strong><strong><strong>Combien je paierai apr\u00e8s ma retraite?<\/strong><\/strong><\/strong><\/strong><\/strong><\/strong><\/strong><\/strong><\/p>\n<\/div>\n\n\n\n<div class=\"wp-block-column is-layout-flow wp-block-column-is-layout-flow\">\n<p class=\"is-style-default\">Apr\u00e8s la retraite, la cotisation mensuelle s\u2019\u00e9l\u00e8ve \u00e0 CHF 16.\u2013. L\u2019assistance juridique professionnelle tombe, tu n\u2019en as plus besoin, mais tu continues \u00e0 b\u00e9n\u00e9ficier de toutes les autres offres.<\/p>\n<\/div>\n<\/div>\n\n\n\n<hr class=\"wp-block-separator has-alpha-channel-opacity is-style-wide\"\/>\n<\/div>\n\n\n\n<p><\/p>\n<\/div>\n\n\n\n<h2 class=\"wp-block-heading\" id=\"Comment-puis-je-resilier-mon-affiliation\"><strong><strong>Comment puis-je r\u00e9silier mon affiliation?<\/strong><\/strong><\/h2>\n\n\n\n<p class=\"is-style-default\">L\u2019affiliation se poursuit jusqu\u2019\u00e0 ce que la d\u00e9mission \u00e9crite et sign\u00e9e nous parvienne, conform\u00e9ment aux statuts. On peut d\u00e9missionner du syndicat pour la fin d\u2019un mois moyennant un pr\u00e9avis de 6 mois.<\/p>\n\n\n\n<div class=\"wp-block-buttons is-layout-flex wp-block-buttons-is-layout-flex\">\n<div class=\"wp-block-button is-style-external\"><a class=\"wp-block-button__link has-primary-color has-secondary-background-color has-text-color has-background has-link-color wp-element-button\" href=\"https:\/\/syndicom.ch\/fr\/au-sujet-de-syndicom\/\" target=\"_blank\" rel=\"noreferrer noopener\">Statuts de syndicom<\/a><\/div>\n<\/div>\n\n\n\n<p><\/p>\n\n\n\n<div class=\"wp-block-group is-style-narrow is-layout-constrained wp-block-group-is-layout-constrained\">\n<hr class=\"wp-block-separator has-alpha-channel-opacity is-style-wide\"\/>\n\n\n\n<div class=\"wp-block-columns is-style-accordion has-background-background-color has-background is-layout-flex wp-container-core-columns-is-layout-9d6595d7 wp-block-columns-is-layout-flex\">\n<div class=\"wp-block-column has-background-background-color has-background is-layout-flow wp-block-column-is-layout-flow\">\n<p class=\"has-foreground-color has-text-color has-link-color wp-elements-417959e8e5883784b2d0236f2dad86df\"><strong><strong>Je quitte la Suisse et \u00e9migre. Quel est le d\u00e9lai de pr\u00e9avis?<\/strong><\/strong><\/p>\n<\/div>\n\n\n\n<div class=\"wp-block-column is-layout-flow wp-block-column-is-layout-flow\">\n<p class=\"is-style-default\">L\u2019affiliation se poursuit jusqu\u2019\u00e0 ce que la d\u00e9mission \u00e9crite et sign\u00e9e nous parvienne, conform\u00e9ment aux statuts. On peut d\u00e9missionner du syndicat pour la fin d\u2019un mois moyennant un pr\u00e9avis de 6 mois.<\/p>\n<\/div>\n<\/div>\n\n\n\n<hr class=\"wp-block-separator has-alpha-channel-opacity is-style-wide\"\/>\n\n\n\n<div class=\"wp-block-columns is-style-accordion has-background-background-color has-background is-layout-flex wp-container-core-columns-is-layout-9d6595d7 wp-block-columns-is-layout-flex\">\n<div class=\"wp-block-column has-background-background-color has-background is-layout-flow wp-block-column-is-layout-flow\">\n<p class=\"has-foreground-color has-text-color has-link-color wp-elements-7bec0a99960eb43c6f95b9e409db6649\"><strong><strong><strong><strong>Je rejoins un autre syndicat de l\u2019USS. Y a-t-il aussi un d\u00e9lai de pr\u00e9avis?<\/strong><\/strong><\/strong><\/strong><\/p>\n<\/div>\n\n\n\n<div class=\"wp-block-column is-layout-flow wp-block-column-is-layout-flow\">\n<p class=\"is-style-default\">Non, \u00e0 condition qu\u2019il n\u2019y ait pas de d\u00e9lai d\u2019attente particulier. Si on passe d\u2019un syndicat de l\u2019USS \u00e0 un autre syndicat de l\u2019USS, la r\u00e8gle veut que le changement puisse s\u2019effectuer \u00e0 la fin d\u2019un mois. Si tu t\u2019affilies \u00e0 un autre syndicat de l\u2019USS, le nouveau syndicat doit nous l\u2019annoncer et confirmer ton adh\u00e9sion afin de pouvoir effectuer la mutation.<\/p>\n\n\n\n<p class=\"is-style-default\"><a href=\"https:\/\/www.uss.ch\/luss\/federations-affiliees\" target=\"_blank\" rel=\"noreferrer noopener nofollow\">https:\/\/www.uss.ch\/luss\/federations-affiliees<\/a><\/p>\n<\/div>\n<\/div>\n\n\n\n<hr class=\"wp-block-separator has-alpha-channel-opacity is-style-wide\"\/>\n<\/div>\n<\/div>\n<\/div>\n","protected":false},"excerpt":{"rendered":"<p>Tu trouveras ici les informations les plus importantes concernant l&rsquo;adh\u00e9sion \u00e0 syndicom : avantages, co\u00fbts, adh\u00e9sion et r\u00e9siliation.<\/p>\n","protected":false},"author":3,"featured_media":45638,"parent":0,"menu_order":0,"comment_status":"closed","ping_status":"closed","template":"","meta":{"_acf_changed":false,"inline_featured_image":false,"_coblocks_attr":"","_coblocks_dimensions":"","_coblocks_responsive_height":"","_coblocks_accordion_ie_support":"","footnotes":""},"categories":[362],"class_list":["post-45698","page","type-page","status-publish","has-post-thumbnail","hentry","category-devenir-membre"],"acf":[],"yoast_head":"<!-- This site is optimized with the Yoast SEO plugin v27.3 - https:\/\/yoast.com\/product\/yoast-seo-wordpress\/ -->\n<title>FAQ Affiliation - syndicom<\/title>\n<meta name=\"description\" content=\"Tu trouveras ici les informations les plus importantes concernant l&#039;adh\u00e9sion \u00e0 syndicom : avantages, co\u00fbts, adh\u00e9sion et r\u00e9siliation.\" \/>\n<meta name=\"robots\" content=\"index, follow, max-snippet:-1, max-image-preview:large, max-video-preview:-1\" \/>\n<link rel=\"canonical\" href=\"https:\/\/syndicom.ch\/fr\/faq-affiliation\/\" \/>\n<meta property=\"og:locale\" content=\"fr_FR\" \/>\n<meta property=\"og:type\" content=\"article\" \/>\n<meta property=\"og:title\" content=\"FAQ Affiliation - syndicom\" \/>\n<meta property=\"og:description\" content=\"Tu trouveras ici les informations les plus importantes concernant l&#039;adh\u00e9sion \u00e0 syndicom : avantages, co\u00fbts, adh\u00e9sion et r\u00e9siliation.\" \/>\n<meta property=\"og:url\" content=\"https:\/\/syndicom.ch\/fr\/faq-affiliation\/\" \/>\n<meta property=\"og:site_name\" content=\"syndicom\" \/>\n<meta property=\"article:modified_time\" content=\"2026-01-28T15:50:17+00:00\" \/>\n<meta property=\"og:image\" content=\"https:\/\/syndicom.ch\/app\/uploads\/2025\/08\/gewerkschaft-syndicom-fragen-mitgliedschaft-scaled.png\" \/>\n\t<meta property=\"og:image:width\" content=\"2560\" \/>\n\t<meta property=\"og:image:height\" content=\"1920\" \/>\n\t<meta property=\"og:image:type\" content=\"image\/png\" \/>\n<meta name=\"twitter:card\" content=\"summary_large_image\" \/>\n<meta name=\"twitter:label1\" content=\"Dur\u00e9e de lecture estim\u00e9e\" \/>\n\t<meta name=\"twitter:data1\" content=\"7 minutes\" \/>\n<script type=\"application\/ld+json\" class=\"yoast-schema-graph\">{\"@context\":\"https:\\\/\\\/schema.org\",\"@graph\":[{\"@type\":\"WebPage\",\"@id\":\"https:\\\/\\\/syndicom.ch\\\/fr\\\/faq-affiliation\\\/\",\"url\":\"https:\\\/\\\/syndicom.ch\\\/fr\\\/faq-affiliation\\\/\",\"name\":\"FAQ Affiliation - syndicom\",\"isPartOf\":{\"@id\":\"https:\\\/\\\/syndicom.ch\\\/fr\\\/#website\"},\"primaryImageOfPage\":{\"@id\":\"https:\\\/\\\/syndicom.ch\\\/fr\\\/faq-affiliation\\\/#primaryimage\"},\"image\":{\"@id\":\"https:\\\/\\\/syndicom.ch\\\/fr\\\/faq-affiliation\\\/#primaryimage\"},\"thumbnailUrl\":\"https:\\\/\\\/syndicom.ch\\\/app\\\/uploads\\\/2025\\\/08\\\/gewerkschaft-syndicom-fragen-mitgliedschaft-scaled.png\",\"datePublished\":\"2025-08-21T12:52:40+00:00\",\"dateModified\":\"2026-01-28T15:50:17+00:00\",\"description\":\"Tu trouveras ici les informations les plus importantes concernant l'adh\u00e9sion \u00e0 syndicom : avantages, co\u00fbts, adh\u00e9sion et r\u00e9siliation.\",\"breadcrumb\":{\"@id\":\"https:\\\/\\\/syndicom.ch\\\/fr\\\/faq-affiliation\\\/#breadcrumb\"},\"inLanguage\":\"fr-FR\",\"potentialAction\":[{\"@type\":\"ReadAction\",\"target\":[\"https:\\\/\\\/syndicom.ch\\\/fr\\\/faq-affiliation\\\/\"]}]},{\"@type\":\"ImageObject\",\"inLanguage\":\"fr-FR\",\"@id\":\"https:\\\/\\\/syndicom.ch\\\/fr\\\/faq-affiliation\\\/#primaryimage\",\"url\":\"https:\\\/\\\/syndicom.ch\\\/app\\\/uploads\\\/2025\\\/08\\\/gewerkschaft-syndicom-fragen-mitgliedschaft-scaled.png\",\"contentUrl\":\"https:\\\/\\\/syndicom.ch\\\/app\\\/uploads\\\/2025\\\/08\\\/gewerkschaft-syndicom-fragen-mitgliedschaft-scaled.png\",\"width\":2560,\"height\":1920},{\"@type\":\"BreadcrumbList\",\"@id\":\"https:\\\/\\\/syndicom.ch\\\/fr\\\/faq-affiliation\\\/#breadcrumb\",\"itemListElement\":[{\"@type\":\"ListItem\",\"position\":1,\"name\":\"Page d'accueil\",\"item\":\"https:\\\/\\\/syndicom.ch\\\/fr\\\/\"},{\"@type\":\"ListItem\",\"position\":2,\"name\":\"FAQ Affiliation\"}]},{\"@type\":\"WebSite\",\"@id\":\"https:\\\/\\\/syndicom.ch\\\/fr\\\/#website\",\"url\":\"https:\\\/\\\/syndicom.ch\\\/fr\\\/\",\"name\":\"syndicom\",\"description\":\"\",\"publisher\":{\"@id\":\"https:\\\/\\\/syndicom.ch\\\/fr\\\/#organization\"},\"potentialAction\":[{\"@type\":\"SearchAction\",\"target\":{\"@type\":\"EntryPoint\",\"urlTemplate\":\"https:\\\/\\\/syndicom.ch\\\/fr\\\/?s={search_term_string}\"},\"query-input\":{\"@type\":\"PropertyValueSpecification\",\"valueRequired\":true,\"valueName\":\"search_term_string\"}}],\"inLanguage\":\"fr-FR\"},{\"@type\":\"Organization\",\"@id\":\"https:\\\/\\\/syndicom.ch\\\/fr\\\/#organization\",\"name\":\"syndicom\",\"url\":\"https:\\\/\\\/syndicom.ch\\\/fr\\\/\",\"logo\":{\"@type\":\"ImageObject\",\"inLanguage\":\"fr-FR\",\"@id\":\"https:\\\/\\\/syndicom.ch\\\/fr\\\/#\\\/schema\\\/logo\\\/image\\\/\",\"url\":\"https:\\\/\\\/syndicom.ch\\\/app\\\/uploads\\\/2024\\\/06\\\/logo.svg\",\"contentUrl\":\"https:\\\/\\\/syndicom.ch\\\/app\\\/uploads\\\/2024\\\/06\\\/logo.svg\",\"width\":297,\"height\":51,\"caption\":\"syndicom\"},\"image\":{\"@id\":\"https:\\\/\\\/syndicom.ch\\\/fr\\\/#\\\/schema\\\/logo\\\/image\\\/\"}}]}<\/script>\n<!-- \/ Yoast SEO plugin. -->","yoast_head_json":{"title":"FAQ Affiliation - syndicom","description":"Tu trouveras ici les informations les plus importantes concernant l'adh\u00e9sion \u00e0 syndicom : avantages, co\u00fbts, adh\u00e9sion et r\u00e9siliation.","robots":{"index":"index","follow":"follow","max-snippet":"max-snippet:-1","max-image-preview":"max-image-preview:large","max-video-preview":"max-video-preview:-1"},"canonical":"https:\/\/syndicom.ch\/fr\/faq-affiliation\/","og_locale":"fr_FR","og_type":"article","og_title":"FAQ Affiliation - syndicom","og_description":"Tu trouveras ici les informations les plus importantes concernant l'adh\u00e9sion \u00e0 syndicom : avantages, co\u00fbts, adh\u00e9sion et r\u00e9siliation.","og_url":"https:\/\/syndicom.ch\/fr\/faq-affiliation\/","og_site_name":"syndicom","article_modified_time":"2026-01-28T15:50:17+00:00","og_image":[{"width":2560,"height":1920,"url":"https:\/\/syndicom.ch\/app\/uploads\/2025\/08\/gewerkschaft-syndicom-fragen-mitgliedschaft-scaled.png","type":"image\/png"}],"twitter_card":"summary_large_image","twitter_misc":{"Dur\u00e9e de lecture estim\u00e9e":"7 minutes"},"schema":{"@context":"https:\/\/schema.org","@graph":[{"@type":"WebPage","@id":"https:\/\/syndicom.ch\/fr\/faq-affiliation\/","url":"https:\/\/syndicom.ch\/fr\/faq-affiliation\/","name":"FAQ Affiliation - syndicom","isPartOf":{"@id":"https:\/\/syndicom.ch\/fr\/#website"},"primaryImageOfPage":{"@id":"https:\/\/syndicom.ch\/fr\/faq-affiliation\/#primaryimage"},"image":{"@id":"https:\/\/syndicom.ch\/fr\/faq-affiliation\/#primaryimage"},"thumbnailUrl":"https:\/\/syndicom.ch\/app\/uploads\/2025\/08\/gewerkschaft-syndicom-fragen-mitgliedschaft-scaled.png","datePublished":"2025-08-21T12:52:40+00:00","dateModified":"2026-01-28T15:50:17+00:00","description":"Tu trouveras ici les informations les plus importantes concernant l'adh\u00e9sion \u00e0 syndicom : avantages, co\u00fbts, adh\u00e9sion et r\u00e9siliation.","breadcrumb":{"@id":"https:\/\/syndicom.ch\/fr\/faq-affiliation\/#breadcrumb"},"inLanguage":"fr-FR","potentialAction":[{"@type":"ReadAction","target":["https:\/\/syndicom.ch\/fr\/faq-affiliation\/"]}]},{"@type":"ImageObject","inLanguage":"fr-FR","@id":"https:\/\/syndicom.ch\/fr\/faq-affiliation\/#primaryimage","url":"https:\/\/syndicom.ch\/app\/uploads\/2025\/08\/gewerkschaft-syndicom-fragen-mitgliedschaft-scaled.png","contentUrl":"https:\/\/syndicom.ch\/app\/uploads\/2025\/08\/gewerkschaft-syndicom-fragen-mitgliedschaft-scaled.png","width":2560,"height":1920},{"@type":"BreadcrumbList","@id":"https:\/\/syndicom.ch\/fr\/faq-affiliation\/#breadcrumb","itemListElement":[{"@type":"ListItem","position":1,"name":"Page d'accueil","item":"https:\/\/syndicom.ch\/fr\/"},{"@type":"ListItem","position":2,"name":"FAQ Affiliation"}]},{"@type":"WebSite","@id":"https:\/\/syndicom.ch\/fr\/#website","url":"https:\/\/syndicom.ch\/fr\/","name":"syndicom","description":"","publisher":{"@id":"https:\/\/syndicom.ch\/fr\/#organization"},"potentialAction":[{"@type":"SearchAction","target":{"@type":"EntryPoint","urlTemplate":"https:\/\/syndicom.ch\/fr\/?s={search_term_string}"},"query-input":{"@type":"PropertyValueSpecification","valueRequired":true,"valueName":"search_term_string"}}],"inLanguage":"fr-FR"},{"@type":"Organization","@id":"https:\/\/syndicom.ch\/fr\/#organization","name":"syndicom","url":"https:\/\/syndicom.ch\/fr\/","logo":{"@type":"ImageObject","inLanguage":"fr-FR","@id":"https:\/\/syndicom.ch\/fr\/#\/schema\/logo\/image\/","url":"https:\/\/syndicom.ch\/app\/uploads\/2024\/06\/logo.svg","contentUrl":"https:\/\/syndicom.ch\/app\/uploads\/2024\/06\/logo.svg","width":297,"height":51,"caption":"syndicom"},"image":{"@id":"https:\/\/syndicom.ch\/fr\/#\/schema\/logo\/image\/"}}]}},"_links":{"self":[{"href":"https:\/\/syndicom.ch\/fr\/wp-json\/wp\/v2\/pages\/45698","targetHints":{"allow":["GET"]}}],"collection":[{"href":"https:\/\/syndicom.ch\/fr\/wp-json\/wp\/v2\/pages"}],"about":[{"href":"https:\/\/syndicom.ch\/fr\/wp-json\/wp\/v2\/types\/page"}],"author":[{"embeddable":true,"href":"https:\/\/syndicom.ch\/fr\/wp-json\/wp\/v2\/users\/3"}],"replies":[{"embeddable":true,"href":"https:\/\/syndicom.ch\/fr\/wp-json\/wp\/v2\/comments?post=45698"}],"version-history":[{"count":56,"href":"https:\/\/syndicom.ch\/fr\/wp-json\/wp\/v2\/pages\/45698\/revisions"}],"predecessor-version":[{"id":56219,"href":"https:\/\/syndicom.ch\/fr\/wp-json\/wp\/v2\/pages\/45698\/revisions\/56219"}],"wp:featuredmedia":[{"embeddable":true,"href":"https:\/\/syndicom.ch\/fr\/wp-json\/wp\/v2\/media\/45638"}],"wp:attachment":[{"href":"https:\/\/syndicom.ch\/fr\/wp-json\/wp\/v2\/media?parent=45698"}],"wp:term":[{"taxonomy":"category","embeddable":true,"href":"https:\/\/syndicom.ch\/fr\/wp-json\/wp\/v2\/categories?post=45698"}],"curies":[{"name":"wp","href":"https:\/\/api.w.org\/{rel}","templated":true}]}}