{"id":5512,"date":"2024-07-22T14:44:03","date_gmt":"2024-07-22T12:44:03","guid":{"rendered":"https:\/\/projects.atxeit.ch\/syndicom\/?page_id=5512"},"modified":"2026-02-23T15:01:19","modified_gmt":"2026-02-23T14:01:19","slug":"la-nlpd","status":"publish","type":"page","link":"https:\/\/syndicom.ch\/fr\/la-nlpd\/","title":{"rendered":"La loi r\u00e9vis\u00e9e sur la protection des donn\u00e9es (nLPD)"},"content":{"rendered":"\n<div class=\"wp-block-group alignfull has-primary-background-color has-background is-layout-constrained wp-block-group-is-layout-constrained\">\n<div class=\"wp-block-group is-style-narrow is-layout-constrained wp-block-group-is-layout-constrained\">\n<h1 class=\"wp-block-heading has-background-color has-text-color has-link-color wp-elements-b6344674df031f7289a156ba262d28f8\">Protection de tes donn\u00e9es<\/h1>\n\n\n\n<div class=\"wp-block-columns is-layout-flex wp-container-core-columns-is-layout-9d6595d7 wp-block-columns-is-layout-flex\">\n<div class=\"wp-block-column is-layout-flow wp-block-column-is-layout-flow\" style=\"flex-basis:66.66%\">\n<p class=\"is-style-lead has-background-color has-text-color has-link-color wp-elements-a687a0108770e5a1dbbc7d89e205d3c1\">En tant que syndicat, syndicom attache beaucoup d\u2019importance \u00e0 la protection de tes donn\u00e9es. D\u00e9couvre ici ce que la nouvelle loi sur la protection des donn\u00e9es, entr\u00e9e en vigueur au 1er septembre 2023, signifie pour toi en tant que membre de syndicom.<\/p>\n<\/div>\n\n\n\n<div class=\"wp-block-column is-layout-flow wp-block-column-is-layout-flow\" style=\"flex-basis:33.33%\">\n<div class=\"wp-block-group is-vertical is-nowrap is-layout-flex wp-container-core-group-is-layout-fc43baa9 wp-block-group-is-layout-flex\">\n<p><\/p>\n<\/div>\n<\/div>\n<\/div>\n<\/div>\n<\/div>\n\n\n\n<div class=\"wp-block-group alignfull has-background-background-color has-background is-layout-constrained wp-block-group-is-layout-constrained\">\n<div class=\"wp-block-group is-style-narrow is-layout-constrained wp-block-group-is-layout-constrained\">\n<h2 class=\"wp-block-heading\">Tes donn\u00e9es sont sensibles<\/h2>\n\n\n\n<p>Les donn\u00e9es syndicales comptent parmi les donn\u00e9es sensibles, car elles concernent des questions et des activit\u00e9s politiques et id\u00e9ologiques. Cela signifie que des r\u00e8gles plus strictes s\u2019appliquent \u00e0 leur traitement, en particulier en ce qui concerne la divulgation \u00e0 des tiers.<\/p>\n\n\n\n<p>En adh\u00e9rant \u00e0 syndicom, tu consens express\u00e9ment au traitement de tes donn\u00e9es par syndicom.<\/p>\n\n\n\n<div class=\"wp-block-columns has-tertiary-background-color has-background is-layout-flex wp-container-core-columns-is-layout-9d6595d7 wp-block-columns-is-layout-flex\">\n<div class=\"wp-block-column is-layout-flow wp-block-column-is-layout-flow\">\n<div class=\"wp-block-group is-layout-constrained wp-block-group-is-layout-constrained\">\n<ul class=\"wp-block-list is-style-checkbox\">\n<li><a href=\"#Tes-droits\">Tes droits<\/a><\/li>\n\n\n\n<li><a href=\"#Quelles-donn\u00e9es-sont-collect\u00e9es-par-syndicom-et-\u00e0-quelles-fins\">Quelles donn\u00e9es sont-collect\u00e9es par syndicom et \u00e0 quelles fins <\/a>?<\/li>\n\n\n\n<li><a href=\"#A-quoi-doit-veiller-syndicom-lors-du-traitement\">A quoi doit veiller syndicom lors du traitement ?<\/a><\/li>\n\n\n\n<li><a href=\"#Tes-donn\u00e9es-sont-elles-transmises-\u00e0-des-tiers\">Tes donn\u00e9es sont-elles transmises \u00e0 des tiers ?<\/a><\/li>\n\n\n\n<li><a href=\"#A-qui-peux-tu-tadresser\">A qui peux-tu t&rsquo;adresser en mati\u00e8re de protection des donn\u00e9es chez syndicom ?<\/a><\/li>\n<\/ul>\n<\/div>\n<\/div>\n<\/div>\n<\/div>\n<\/div>\n\n\n\n<div class=\"wp-block-group alignfull has-background-background-color has-background is-layout-constrained wp-block-group-is-layout-constrained\">\n<div class=\"wp-block-group is-style-narrow is-layout-constrained wp-block-group-is-layout-constrained\">\n<h2 class=\"wp-block-heading\" id=\"Tes-droits\">Tes droits<\/h2>\n\n\n\n<div class=\"wp-block-columns is-layout-flex wp-container-core-columns-is-layout-9d6595d7 wp-block-columns-is-layout-flex\">\n<div class=\"wp-block-column is-layout-flow wp-block-column-is-layout-flow\">\n<div class=\"wp-block-group is-style-narrow is-layout-constrained wp-block-group-is-layout-constrained\">\n<div class=\"wp-block-columns is-style-accordion has-background-background-color has-background coblocks-animate is-layout-flex wp-container-core-columns-is-layout-9d6595d7 wp-block-columns-is-layout-flex\" data-coblocks-animation=\"zoomIn\">\n<div class=\"wp-block-column has-tertiary-background-color has-background is-layout-flow wp-block-column-is-layout-flow\">\n<h3 class=\"wp-block-heading has-primary-color has-text-color has-link-color wp-elements-6a252f271d8e05cb6112fe659eaed500\"><strong><strong>Droit d\u2019acc\u00e8s<\/strong><\/strong><\/h3>\n<\/div>\n\n\n\n<div class=\"wp-block-column is-layout-flow wp-block-column-is-layout-flow\">\n<p>Chez syndicom, tu peux \u00e0 tout moment demander des informations sur tes donn\u00e9es. Cela comprend<\/p>\n\n\n\n<ul class=\"wp-block-list\">\n<li>les donn\u00e9es personnelles trait\u00e9es<\/li>\n\n\n\n<li>la finalit\u00e9 du traitement<\/li>\n\n\n\n<li>la dur\u00e9e de conservation et les crit\u00e8res pour d\u00e9terminer la dur\u00e9e<\/li>\n\n\n\n<li>la provenance des donn\u00e9es<\/li>\n\n\n\n<li>ainsi que les \u00e9ventuels destinataires des donn\u00e9es ou leurs cat\u00e9gories.<\/li>\n<\/ul>\n<\/div>\n<\/div>\n\n\n\n<div class=\"wp-block-columns is-style-accordion has-background-background-color has-background is-layout-flex wp-container-core-columns-is-layout-9d6595d7 wp-block-columns-is-layout-flex\">\n<div class=\"wp-block-column has-tertiary-background-color has-background coblocks-animate is-layout-flow wp-block-column-is-layout-flow\" data-coblocks-animation=\"zoomIn\">\n<h3 class=\"wp-block-heading has-primary-color has-text-color has-link-color wp-elements-a8cd6733c1a8fa4dbd4cf6e0aedee888\"><strong><strong><strong><strong>Droit \u00e0 la rectification de donn\u00e9es inexactes<\/strong><\/strong><\/strong><\/strong><\/h3>\n<\/div>\n\n\n\n<div class=\"wp-block-column is-layout-flow wp-block-column-is-layout-flow\">\n<p class=\"is-style-default\">Tu peux demander que syndicom rectifie les donn\u00e9es personnelles inexactes ou erron\u00e9es.<\/p>\n<\/div>\n<\/div>\n<\/div>\n<\/div>\n\n\n\n<div class=\"wp-block-column is-layout-flow wp-block-column-is-layout-flow\">\n<div class=\"wp-block-group is-style-narrow is-layout-constrained wp-block-group-is-layout-constrained\">\n<div class=\"wp-block-columns is-style-accordion has-background-background-color has-background coblocks-animate is-layout-flex wp-container-core-columns-is-layout-9d6595d7 wp-block-columns-is-layout-flex\" data-coblocks-animation=\"zoomIn\">\n<div class=\"wp-block-column has-tertiary-background-color has-background is-layout-flow wp-block-column-is-layout-flow\">\n<h3 class=\"wp-block-heading has-primary-color has-text-color has-link-color wp-elements-ff6bf78d43f8e5fd0816d65e28a37d0d\"><strong>Droit \u00e0 la remise des donn\u00e9es<\/strong><\/h3>\n<\/div>\n\n\n\n<div class=\"wp-block-column is-layout-flow wp-block-column-is-layout-flow\">\n<p class=\"is-style-default\">Tu peux demander \u00e0 syndicom de te remettre gratuitement tes donn\u00e9es personnelles dans un format \u00e9lectronique courant.<\/p>\n<\/div>\n<\/div>\n\n\n\n<div class=\"wp-block-columns is-style-accordion has-background-background-color has-background coblocks-animate is-layout-flex wp-container-core-columns-is-layout-9d6595d7 wp-block-columns-is-layout-flex\" data-coblocks-animation=\"zoomIn\">\n<div class=\"wp-block-column is-layout-flow wp-block-column-is-layout-flow\">\n<h3 class=\"wp-block-heading has-primary-color has-text-color has-link-color wp-elements-1a23362c45b0467bc8c0e8457c8012e2\"><strong><strong>Droit \u00e0 la protection de ta personnalit\u00e9<\/strong><\/strong><\/h3>\n<\/div>\n\n\n\n<div class=\"wp-block-column is-layout-flow wp-block-column-is-layout-flow\">\n<p class=\"is-style-default\">Si syndicom ne respecte pas les dispositions l\u00e9gales lors du traitement de tes donn\u00e9es, les traite contre ton consentement explicite et les transmet \u00e0 des tiers non autoris\u00e9s, tu as le droit<\/p>\n\n\n\n<ul class=\"wp-block-list\">\n<li class=\"is-style-check\">d\u2019interdire leur traitement<\/li>\n\n\n\n<li class=\"is-style-check\">que leur transmission \u00e0 des tiers ou<\/li>\n\n\n\n<li class=\"is-style-check\">de demander la suppression ou la destruction des donn\u00e9es.<\/li>\n<\/ul>\n<\/div>\n<\/div>\n<\/div>\n<\/div>\n<\/div>\n\n\n\n<h2 class=\"wp-block-heading\" id=\"Quelles-donn\u00e9es-sont-collect\u00e9es-par-syndicom-et-\u00e0-quelles-fins\">Quelles donn\u00e9es sont trait\u00e9es par syndicom et \u00e0 quelles fins?<\/h2>\n\n\n\n<p>Tu as fourni les donn\u00e9es les plus importantes lors de ton adh\u00e9sion. En plus de tes donn\u00e9es personnelles telles que ton nom, ton adresse, tes coordonn\u00e9es (t\u00e9l\u00e9phone et e-mail), syndicom traite les donn\u00e9es suivantes:<\/p>\n\n\n\n<figure class=\"wp-block-table is-style-stripes coblocks-animate\" data-coblocks-animation=\"zoomIn\"><table class=\"has-fixed-layout\"><thead><tr><th><strong>Donn\u00e9es<\/strong><\/th><th><strong>Fin<\/strong><\/th><\/tr><\/thead><tbody><tr><td><strong><strong>Classe salariale<\/strong><\/strong><\/td><td>pour le montant de la cotisation de membre<\/td><\/tr><tr><td><strong><strong>Employeur, lieu de travail, service<\/strong><\/strong><\/td><td>pour d\u00e9terminer la comp\u00e9tence du-de la secr\u00e9taire r\u00e9gional-e, du secteur et de la section chez syndicom ainsi que l\u2019application de la CCT<\/td><\/tr><tr><td><strong><strong>Taux d&rsquo;occupation<\/strong><\/strong><\/td><td>pour le montant de la contribution aux frais d\u2019ex\u00e9cution et de son remboursement<\/td><\/tr><tr><td><strong><strong>Profession<\/strong><\/strong><\/td><td>travailleur-euse ind\u00e9pendant-e, en particulier la comp\u00e9tence au sein du secteur des m\u00e9dias, et pour l\u2019application de l\u2019\u00e9galit\u00e9 salariale<\/td><\/tr><tr><td><strong><strong><strong>En formation<\/strong><\/strong><\/strong><\/td><td>pour le montant de la cotisation de membre et les prestations du fonds de secours de syndicom conform\u00e9ment au r\u00e8glement y relatif<\/td><\/tr><tr><td><strong><strong>Nationalit\u00e9<\/strong><\/strong><\/td><td>pour le groupe d\u2019int\u00e9r\u00eat \u00ab migration&nbsp;\u00bb, l\u2019application de l\u2019\u00e9galit\u00e9 salariale et l\u2019\u00e9galit\u00e9 de traitement ainsi qu\u2019\u00e0 des fins statistiques<\/td><\/tr><tr><td><strong><strong>No personnel&nbsp;<\/strong><\/strong><\/td><td>pour la retenue directe de la cotisation de membre sur le salaire (uniquement pour la Poste et Swisscom et avec ton accord pr\u00e9alable)<\/td><\/tr><tr><td><strong><strong>Date de naissance<\/strong><\/strong><\/td><td>pour une identification claire, par ex. en cas de nom identique, pour souscrire une assurance coop protection juridique (\u00e2ge l\u00e9gal requis)<\/td><\/tr><tr><td><strong><strong>Genre<\/strong><\/strong><\/td><td>pour la formule d\u2019appel, pour la mise en \u0153uvre de l&rsquo;\u00e9galit\u00e9 salariale et de l&rsquo;\u00e9galit\u00e9 ainsi qu&rsquo;\u00e0 des fins statistiques, par ex. la composition des membres<\/td><\/tr><tr><td><strong><strong>Num\u00e9ro de compte<\/strong><\/strong><\/td><td>pour le remboursement des frais d&rsquo;ex\u00e9cution et des frais conform\u00e9ment au r\u00e8glement de protection juridique et du fonds de secours<\/td><\/tr><\/tbody><\/table><\/figure>\n\n\n\n<p>Cette liste n\u2019est pas exhaustive, car syndicom doit recueillir des donn\u00e9es suppl\u00e9mentaires pour la gestion des membres. Par exemple, <\/p>\n\n\n\n<ul class=\"wp-block-list\">\n<li>ta date d&rsquo;entr\u00e9e et de sortie<\/li>\n\n\n\n<li>les services et prestations sollicit\u00e9s<\/li>\n\n\n\n<li>la formation et le perfectionnement syndicaux suivis<\/li>\n\n\n\n<li>le nombre de cas juridiques avec d&rsquo;\u00e9ventuels d\u00e9lais de carence<\/li>\n\n\n\n<li>les contributions et rappels en suspens<\/li>\n\n\n\n<li>l\u2019activit\u00e9 pour syndicom<\/li>\n\n\n\n<li>les envois (par ex. magazine, newsletter). <\/li>\n<\/ul>\n\n\n\n<p>Ces donn\u00e9es sont de nature administrative, mais sont \u00e9galement utilis\u00e9es pour les statistiques internes et les \u00e9valuations des actions politiques.<\/p>\n\n\n\n<p>Pour d\u00e9velopper et coordonner les objectifs syndicaux, nous collaborons aussi avec d\u2019autres syndicats, en particulier avec <a href=\"https:\/\/www.uss.ch\/actualite\" target=\"_blank\" rel=\"noreferrer noopener\">l\u2019Union syndicale suisse (USS)<\/a> en tant qu\u2019organisation fa\u00eeti\u00e8re. Des donn\u00e9es sont \u00e9galement \u00e9chang\u00e9es et trait\u00e9es dans ce cadre.<\/p>\n\n\n\n<h2 class=\"wp-block-heading\" id=\"A-quoi-doit-veiller-syndicom-lors-du-traitement\">A quoi doit veiller syndicom lors du traitement?<\/h2>\n\n\n\n<ul class=\"wp-block-list\">\n<li class=\"is-style-check\">syndicom ne peut traiter tes donn\u00e9es qu&rsquo;aux fins n\u00e9cessaires aux activit\u00e9s syndicales. <\/li>\n\n\n\n<li class=\"is-style-check\">Le traitement doit \u00eatre conforme aux principes de la bonne foi et de la proportionnalit\u00e9. C\u2019est-\u00e0-dire qu\u2019aucune donn\u00e9e qui n\u2019est pas n\u00e9cessaire aux activit\u00e9s de syndicom n\u2019est trait\u00e9e. <\/li>\n\n\n\n<li class=\"is-style-check\">Les donn\u00e9es ne seront conserv\u00e9es que le temps n\u00e9cessaire \u00e0 la finalit\u00e9 du traitement. <\/li>\n\n\n\n<li class=\"is-style-check\">syndicom doit s\u2019assurer que les donn\u00e9es sont correctes et peuvent \u00eatre corrig\u00e9es, supprim\u00e9es ou d\u00e9truites \u00e0 tout moment.<\/li>\n<\/ul>\n\n\n\n<h2 class=\"wp-block-heading\" id=\"Tes-donn\u00e9es-sont-elles-transmises-\u00e0-des-tiers\">Tes donn\u00e9es sont-elles transmises \u00e0 des tiers?<\/h2>\n\n\n\n<p>syndicom veille \u00e0 ce que tes donn\u00e9es ne soient utilis\u00e9es que pour l&rsquo;activit\u00e9 syndicale et ne soient en principe pas transmises \u00e0 des tiers. <\/p>\n\n\n\n<p>syndicom travaille avec des tiers pour l\u2019envoi de&nbsp;nos magasines, pour les sondages et les offres des partenaires de services mentionn\u00e9s sur le site internet. Les tiers ne re\u00e7oivent que les donn\u00e9es n\u00e9cessaires \u00e0 la finalit\u00e9 correspondante et uniquement avec ton consentement pr\u00e9alable. syndicom veille \u00e0 ce que les tiers mandat\u00e9s garantissent \u00e9galement les dispositions requises relatives \u00e0 la protection des donn\u00e9es.<\/p>\n\n\n\n<p>Lorsque tu visites le site web de syndicom, des donn\u00e9es sont collect\u00e9es par des tiers \u00e0 des fins statistiques. Tu trouveras les informations correspondantes&nbsp;dans la <a href=\"https:\/\/syndicom.ch\/fr\/declaration-de-confidentialite\/\" target=\"_blank\" rel=\"noreferrer noopener\">d\u00e9claration de confidentialit\u00e9<\/a>.<\/p>\n\n\n\n<h2 class=\"wp-block-heading\" id=\"A-qui-peux-tu-tadresser\">\u00c0 qui peux-tu t\u2019adresser pour toute question li\u00e9e \u00e0 la protection des tes donn\u00e9es ?<\/h2>\n\n\n\n<p>Le comit\u00e9 directeur de syndicom est le responsable du traitement au sens de la nouvelle loi sur la protection des donn\u00e9es.<\/p>\n\n\n\n<p class=\"has-tertiary-background-color has-background\">Pour toute question ou demande de renseignements:<br><a href=\"mailto:&#112;&#114;&#105;&#118;&#97;&#99;&#121;&#64;&#115;&#121;&#110;&#100;&#105;&#99;&#111;&#109;&#46;&#99;&#104;\">&#112;&#114;&#105;&#118;&#97;&#99;&#121;&#64;&#115;&#121;&#110;&#100;&#105;&#99;&#111;&#109;&#46;&#99;&#104;<\/a>&nbsp;ou T\u00e9l. <a href=\"tel:+41 58 817 18 18\">+41 58 817 18 18<\/a><\/p>\n\n\n\n<p>Afin que syndicom puisse garantir l&rsquo;exactitude de tes donn\u00e9es, nous te demandons de nous informer imm\u00e9diatement de toute modification. Tu peux le faire directement sur <a href=\"https:\/\/my.syndicom.ch\/?l=fr\" target=\"_blank\" rel=\"noreferrer noopener\">my.syndicom.ch<\/a>&nbsp;ou par e-mail \u00e0&nbsp;<a href=\"mailto:&#105;&#110;&#102;&#111;&#64;&#115;&#121;&#110;&#100;&#105;&#99;&#111;&#109;&#46;&#99;&#104;\">&#105;&#110;&#102;&#111;&#64;&#115;&#121;&#110;&#100;&#105;&#99;&#111;&#109;&#46;&#99;&#104;<\/a>.<\/p>\n<\/div>\n<\/div>\n","protected":false},"excerpt":{"rendered":"<p>Protection de tes donn\u00e9es En tant que syndicat, syndicom attache beaucoup d\u2019importance \u00e0 la protection de tes donn\u00e9es. D\u00e9couvre ici ce que la nouvelle loi sur la protection des donn\u00e9es, entr\u00e9e en vigueur au 1er septembre 2023, signifie pour toi en tant que membre de syndicom. Tes donn\u00e9es sont sensibles Les donn\u00e9es syndicales comptent parmi [&hellip;]<\/p>\n","protected":false},"author":2,"featured_media":0,"parent":0,"menu_order":0,"comment_status":"closed","ping_status":"closed","template":"","meta":{"_acf_changed":false,"inline_featured_image":false,"_coblocks_attr":"","_coblocks_dimensions":"","_coblocks_responsive_height":"","_coblocks_accordion_ie_support":"","footnotes":""},"categories":[358],"class_list":["post-5512","page","type-page","status-publish","hentry","category-tes-avantages"],"acf":[],"yoast_head":"<!-- This site is optimized with the Yoast SEO plugin v27.3 - https:\/\/yoast.com\/product\/yoast-seo-wordpress\/ -->\n<title>La loi r\u00e9vis\u00e9e sur la protection des donn\u00e9es (nLPD) - syndicom<\/title>\n<meta name=\"description\" content=\"En tant que syndicat des m\u00e9dias et de la communication, syndicom attache beaucoup d\u2019importance \u00e0 la protection de tes donn\u00e9es.\" \/>\n<meta name=\"robots\" content=\"index, follow, max-snippet:-1, max-image-preview:large, max-video-preview:-1\" \/>\n<link rel=\"canonical\" href=\"https:\/\/syndicom.ch\/fr\/la-nlpd\/\" \/>\n<meta property=\"og:locale\" content=\"fr_FR\" \/>\n<meta property=\"og:type\" content=\"article\" \/>\n<meta property=\"og:title\" content=\"La loi r\u00e9vis\u00e9e sur la protection des donn\u00e9es (nLPD) - syndicom\" \/>\n<meta property=\"og:description\" content=\"En tant que syndicat des m\u00e9dias et de la communication, syndicom attache beaucoup d\u2019importance \u00e0 la protection de tes donn\u00e9es.\" \/>\n<meta property=\"og:url\" content=\"https:\/\/syndicom.ch\/fr\/la-nlpd\/\" \/>\n<meta property=\"og:site_name\" content=\"syndicom\" \/>\n<meta property=\"article:modified_time\" content=\"2026-02-23T14:01:19+00:00\" \/>\n<meta name=\"twitter:card\" content=\"summary_large_image\" \/>\n<meta name=\"twitter:label1\" content=\"Dur\u00e9e de lecture estim\u00e9e\" \/>\n\t<meta name=\"twitter:data1\" content=\"6 minutes\" \/>\n<script type=\"application\/ld+json\" class=\"yoast-schema-graph\">{\"@context\":\"https:\\\/\\\/schema.org\",\"@graph\":[{\"@type\":\"WebPage\",\"@id\":\"https:\\\/\\\/syndicom.ch\\\/fr\\\/la-nlpd\\\/\",\"url\":\"https:\\\/\\\/syndicom.ch\\\/fr\\\/la-nlpd\\\/\",\"name\":\"La loi r\u00e9vis\u00e9e sur la protection des donn\u00e9es (nLPD) - syndicom\",\"isPartOf\":{\"@id\":\"https:\\\/\\\/syndicom.ch\\\/fr\\\/#website\"},\"datePublished\":\"2024-07-22T12:44:03+00:00\",\"dateModified\":\"2026-02-23T14:01:19+00:00\",\"description\":\"En tant que syndicat des m\u00e9dias et de la communication, syndicom attache beaucoup d\u2019importance \u00e0 la protection de tes donn\u00e9es.\",\"breadcrumb\":{\"@id\":\"https:\\\/\\\/syndicom.ch\\\/fr\\\/la-nlpd\\\/#breadcrumb\"},\"inLanguage\":\"fr-FR\",\"potentialAction\":[{\"@type\":\"ReadAction\",\"target\":[\"https:\\\/\\\/syndicom.ch\\\/fr\\\/la-nlpd\\\/\"]}]},{\"@type\":\"BreadcrumbList\",\"@id\":\"https:\\\/\\\/syndicom.ch\\\/fr\\\/la-nlpd\\\/#breadcrumb\",\"itemListElement\":[{\"@type\":\"ListItem\",\"position\":1,\"name\":\"Page d'accueil\",\"item\":\"https:\\\/\\\/syndicom.ch\\\/fr\\\/\"},{\"@type\":\"ListItem\",\"position\":2,\"name\":\"La loi r\u00e9vis\u00e9e sur la protection des donn\u00e9es (nLPD)\"}]},{\"@type\":\"WebSite\",\"@id\":\"https:\\\/\\\/syndicom.ch\\\/fr\\\/#website\",\"url\":\"https:\\\/\\\/syndicom.ch\\\/fr\\\/\",\"name\":\"syndicom\",\"description\":\"\",\"publisher\":{\"@id\":\"https:\\\/\\\/syndicom.ch\\\/fr\\\/#organization\"},\"potentialAction\":[{\"@type\":\"SearchAction\",\"target\":{\"@type\":\"EntryPoint\",\"urlTemplate\":\"https:\\\/\\\/syndicom.ch\\\/fr\\\/?s={search_term_string}\"},\"query-input\":{\"@type\":\"PropertyValueSpecification\",\"valueRequired\":true,\"valueName\":\"search_term_string\"}}],\"inLanguage\":\"fr-FR\"},{\"@type\":\"Organization\",\"@id\":\"https:\\\/\\\/syndicom.ch\\\/fr\\\/#organization\",\"name\":\"syndicom\",\"url\":\"https:\\\/\\\/syndicom.ch\\\/fr\\\/\",\"logo\":{\"@type\":\"ImageObject\",\"inLanguage\":\"fr-FR\",\"@id\":\"https:\\\/\\\/syndicom.ch\\\/fr\\\/#\\\/schema\\\/logo\\\/image\\\/\",\"url\":\"https:\\\/\\\/syndicom.ch\\\/app\\\/uploads\\\/2024\\\/06\\\/logo.svg\",\"contentUrl\":\"https:\\\/\\\/syndicom.ch\\\/app\\\/uploads\\\/2024\\\/06\\\/logo.svg\",\"width\":297,\"height\":51,\"caption\":\"syndicom\"},\"image\":{\"@id\":\"https:\\\/\\\/syndicom.ch\\\/fr\\\/#\\\/schema\\\/logo\\\/image\\\/\"}}]}<\/script>\n<!-- \/ Yoast SEO plugin. -->","yoast_head_json":{"title":"La loi r\u00e9vis\u00e9e sur la protection des donn\u00e9es (nLPD) - syndicom","description":"En tant que syndicat des m\u00e9dias et de la communication, syndicom attache beaucoup d\u2019importance \u00e0 la protection de tes donn\u00e9es.","robots":{"index":"index","follow":"follow","max-snippet":"max-snippet:-1","max-image-preview":"max-image-preview:large","max-video-preview":"max-video-preview:-1"},"canonical":"https:\/\/syndicom.ch\/fr\/la-nlpd\/","og_locale":"fr_FR","og_type":"article","og_title":"La loi r\u00e9vis\u00e9e sur la protection des donn\u00e9es (nLPD) - syndicom","og_description":"En tant que syndicat des m\u00e9dias et de la communication, syndicom attache beaucoup d\u2019importance \u00e0 la protection de tes donn\u00e9es.","og_url":"https:\/\/syndicom.ch\/fr\/la-nlpd\/","og_site_name":"syndicom","article_modified_time":"2026-02-23T14:01:19+00:00","twitter_card":"summary_large_image","twitter_misc":{"Dur\u00e9e de lecture estim\u00e9e":"6 minutes"},"schema":{"@context":"https:\/\/schema.org","@graph":[{"@type":"WebPage","@id":"https:\/\/syndicom.ch\/fr\/la-nlpd\/","url":"https:\/\/syndicom.ch\/fr\/la-nlpd\/","name":"La loi r\u00e9vis\u00e9e sur la protection des donn\u00e9es (nLPD) - syndicom","isPartOf":{"@id":"https:\/\/syndicom.ch\/fr\/#website"},"datePublished":"2024-07-22T12:44:03+00:00","dateModified":"2026-02-23T14:01:19+00:00","description":"En tant que syndicat des m\u00e9dias et de la communication, syndicom attache beaucoup d\u2019importance \u00e0 la protection de tes donn\u00e9es.","breadcrumb":{"@id":"https:\/\/syndicom.ch\/fr\/la-nlpd\/#breadcrumb"},"inLanguage":"fr-FR","potentialAction":[{"@type":"ReadAction","target":["https:\/\/syndicom.ch\/fr\/la-nlpd\/"]}]},{"@type":"BreadcrumbList","@id":"https:\/\/syndicom.ch\/fr\/la-nlpd\/#breadcrumb","itemListElement":[{"@type":"ListItem","position":1,"name":"Page d'accueil","item":"https:\/\/syndicom.ch\/fr\/"},{"@type":"ListItem","position":2,"name":"La loi r\u00e9vis\u00e9e sur la protection des donn\u00e9es (nLPD)"}]},{"@type":"WebSite","@id":"https:\/\/syndicom.ch\/fr\/#website","url":"https:\/\/syndicom.ch\/fr\/","name":"syndicom","description":"","publisher":{"@id":"https:\/\/syndicom.ch\/fr\/#organization"},"potentialAction":[{"@type":"SearchAction","target":{"@type":"EntryPoint","urlTemplate":"https:\/\/syndicom.ch\/fr\/?s={search_term_string}"},"query-input":{"@type":"PropertyValueSpecification","valueRequired":true,"valueName":"search_term_string"}}],"inLanguage":"fr-FR"},{"@type":"Organization","@id":"https:\/\/syndicom.ch\/fr\/#organization","name":"syndicom","url":"https:\/\/syndicom.ch\/fr\/","logo":{"@type":"ImageObject","inLanguage":"fr-FR","@id":"https:\/\/syndicom.ch\/fr\/#\/schema\/logo\/image\/","url":"https:\/\/syndicom.ch\/app\/uploads\/2024\/06\/logo.svg","contentUrl":"https:\/\/syndicom.ch\/app\/uploads\/2024\/06\/logo.svg","width":297,"height":51,"caption":"syndicom"},"image":{"@id":"https:\/\/syndicom.ch\/fr\/#\/schema\/logo\/image\/"}}]}},"_links":{"self":[{"href":"https:\/\/syndicom.ch\/fr\/wp-json\/wp\/v2\/pages\/5512","targetHints":{"allow":["GET"]}}],"collection":[{"href":"https:\/\/syndicom.ch\/fr\/wp-json\/wp\/v2\/pages"}],"about":[{"href":"https:\/\/syndicom.ch\/fr\/wp-json\/wp\/v2\/types\/page"}],"author":[{"embeddable":true,"href":"https:\/\/syndicom.ch\/fr\/wp-json\/wp\/v2\/users\/2"}],"replies":[{"embeddable":true,"href":"https:\/\/syndicom.ch\/fr\/wp-json\/wp\/v2\/comments?post=5512"}],"version-history":[{"count":39,"href":"https:\/\/syndicom.ch\/fr\/wp-json\/wp\/v2\/pages\/5512\/revisions"}],"predecessor-version":[{"id":58287,"href":"https:\/\/syndicom.ch\/fr\/wp-json\/wp\/v2\/pages\/5512\/revisions\/58287"}],"wp:attachment":[{"href":"https:\/\/syndicom.ch\/fr\/wp-json\/wp\/v2\/media?parent=5512"}],"wp:term":[{"taxonomy":"category","embeddable":true,"href":"https:\/\/syndicom.ch\/fr\/wp-json\/wp\/v2\/categories?post=5512"}],"curies":[{"name":"wp","href":"https:\/\/api.w.org\/{rel}","templated":true}]}}