{"id":5535,"date":"2024-08-07T10:35:43","date_gmt":"2024-08-07T08:35:43","guid":{"rendered":"https:\/\/projects.atxeit.ch\/syndicom\/?page_id=5535"},"modified":"2026-04-10T14:49:49","modified_gmt":"2026-04-10T12:49:49","slug":"intelligence-artificielle","status":"publish","type":"page","link":"https:\/\/syndicom.ch\/fr\/intelligence-artificielle\/","title":{"rendered":"Intelligence artificielle"},"content":{"rendered":"\n<div class=\"wp-block-group alignfull has-primary-background-color has-background is-layout-constrained wp-block-group-is-layout-constrained\">\n<div class=\"wp-block-group is-style-narrow is-layout-constrained wp-block-group-is-layout-constrained\">\n<h1 class=\"wp-block-heading has-background-color has-text-color has-link-color wp-elements-ff6c3ff7fcc1bb6540a400de5e42ee9d\">Intelligence artificielle (IA)<\/h1>\n\n\n\n<div class=\"wp-block-columns is-layout-flex wp-container-core-columns-is-layout-9d6595d7 wp-block-columns-is-layout-flex\">\n<div class=\"wp-block-column is-layout-flow wp-block-column-is-layout-flow\" style=\"flex-basis:66.66%\">\n<p class=\"is-style-lead has-background-color has-text-color has-link-color wp-elements-71000fac55b248c48c9b1e61f483fa68\">L&rsquo;intelligence artificielle transforme profond\u00e9ment le monde du travail. Pour que cette transition se fasse de mani\u00e8re sociale et responsable, syndicom r\u00e9clame des r\u00e8gles claires, une v\u00e9ritable participation des et une protection efficace des travailleur-euses.<\/p>\n<\/div>\n\n\n\n<div class=\"wp-block-column is-layout-flow wp-block-column-is-layout-flow\" style=\"flex-basis:33.33%\">\n<div class=\"wp-block-group is-vertical is-nowrap is-layout-flex wp-container-core-group-is-layout-fc43baa9 wp-block-group-is-layout-flex\">\n<p><mark style=\"background-color:#0D7EAC\" class=\"has-inline-color has-background-color\"><a href=\"#revendications\" type=\"internal\" id=\"#revendications\"><mark style=\"background-color:rgba(0, 0, 0, 0)\" class=\"has-inline-color has-background-color\">\u279c Nos revendications<\/mark><\/a><mark style=\"background-color:rgba(0, 0, 0, 0)\" class=\"has-inline-color has-background-color\"><br><\/mark><\/mark><a href=\"#contextes\" type=\"internal\" id=\"#contextes\"><mark style=\"background-color:#0D7EAC\" class=\"has-inline-color has-background-color\">\u279c Contextes<\/mark><\/a><\/p>\n<\/div>\n<\/div>\n<\/div>\n<\/div>\n<\/div>\n\n\n\n<div class=\"wp-block-group alignfull has-background-background-color has-background is-layout-constrained wp-block-group-is-layout-constrained\">\n<div class=\"wp-block-group is-style-narrow is-layout-constrained wp-block-group-is-layout-constrained\">\n<div class=\"wp-block-columns has-tertiary-background-color has-background is-layout-flex wp-container-core-columns-is-layout-9d6595d7 wp-block-columns-is-layout-flex\">\n<div class=\"wp-block-column is-layout-flow wp-block-column-is-layout-flow\">\n<p><strong>Intelligence artificielle (IA) :<\/strong> terme g\u00e9n\u00e9rique pour des syst\u00e8mes qui peuvent imiter des capacit\u00e9s cognitives similaires \u00e0 l\u2019humain, comme apprendre, identifier des mod\u00e8les ou prendre des d\u00e9cisions. L\u2019IA est utilis\u00e9e dans beaucoup de domaines \u2013 de la traduction des langues \u00e0 la reconnaissance d\u2019images, en passant par le pilotage de v\u00e9hicules autonomes.<\/p>\n<\/div>\n<\/div>\n\n\n\n<h2 class=\"wp-block-heading\" id=\"revendications\">Nos revendications dans le domaine de l&rsquo;IA<\/h2>\n\n\n\n<p>syndicom s&rsquo;engage pour une utilisation de l&rsquo;IA socialement, juridiquement et \u00e9cologiquement responsable.<\/p>\n\n\n\n<p>\u00c0 cet \u00e9gard, les points suivants sont particuli\u00e8rement importants pour syndicom :<\/p>\n\n\n\n<div class=\"wp-block-group is-style-narrow is-layout-constrained wp-block-group-is-layout-constrained\">\n<hr class=\"wp-block-separator has-alpha-channel-opacity is-style-wide\"\/>\n\n\n\n<div class=\"wp-block-columns is-style-accordion has-background-background-color has-background is-layout-flex wp-container-core-columns-is-layout-9d6595d7 wp-block-columns-is-layout-flex\">\n<div class=\"wp-block-column has-background-background-color has-background is-layout-flow wp-block-column-is-layout-flow\">\n<h3 class=\"wp-block-heading has-primary-color has-text-color has-link-color wp-elements-69e33a176f02204f082a8b2cb8096053\">Participation et conditions de travail \u00e9quitables<\/h3>\n<\/div>\n\n\n\n<div class=\"wp-block-column is-layout-flow wp-block-column-is-layout-flow\">\n<p class=\"is-style-default\">En cas d\u2019introduction de l\u2019IA sur le lieu de travail, les employ\u00e9-es devraient \u00eatre impliqu\u00e9-es suffisamment t\u00f4t. <\/p>\n\n\n\n<p class=\"is-style-default\">syndicom exige des droits de participation contraignants pour les travailleur-euses lorsque des syst\u00e8mes d\u2019IA sont mis en place au sein d\u2019entreprises. L\u2019IA ne doit pas \u00eatre introduite sans consultation des employ\u00e9-es. Les gains de productivit\u00e9 technologiques doivent en outre profiter \u00e0 toutes et tous, par exemple sous forme de r\u00e9duction du temps de travail, d\u2019\u00e9volution salariale ou de formation continue. Ils ne doivent pas conduire unilat\u00e9ralement \u00e0 la suppression d\u2019emplois ou \u00e0 la d\u00e9t\u00e9rioration des conditions de travail.<\/p>\n<\/div>\n<\/div>\n\n\n\n<hr class=\"wp-block-separator has-alpha-channel-opacity is-style-wide\"\/>\n\n\n\n<div class=\"wp-block-columns is-style-accordion has-background-background-color has-background is-layout-flex wp-container-core-columns-is-layout-9d6595d7 wp-block-columns-is-layout-flex\">\n<div class=\"wp-block-column has-background-background-color has-background is-layout-flow wp-block-column-is-layout-flow\">\n<h3 class=\"wp-block-heading has-primary-color has-text-color has-link-color wp-elements-94428f253a364dc651bb8e633a515dbb\">Protection des donn\u00e9es et droits de la personnalit\u00e9<\/h3>\n<\/div>\n\n\n\n<div class=\"wp-block-column is-layout-flow wp-block-column-is-layout-flow\">\n<p class=\"is-style-default\">L\u2019utilisation de l\u2019IA ne doit pas entra\u00eener une surveillance accrue sur le lieu de travail ou porter atteinte aux droits de la personnalit\u00e9. <\/p>\n\n\n\n<p class=\"is-style-default\">Nous exigeons des conditions strictes pour prot\u00e9ger la sph\u00e8re priv\u00e9e des employ\u00e9-es. Il faut des r\u00e8gles claires et une consultation notamment en mati\u00e8re d\u2019\u00e9valuations de donn\u00e9es du personnel, qui sont assist\u00e9es par l\u2019IA (p. ex. contr\u00f4le de la performance). <\/p>\n\n\n\n<p class=\"is-style-default\">Les syst\u00e8mes d\u2019IA doivent \u00eatre au service de l\u2019humain, et non pas \u00eatre utilis\u00e9s \u00e0 des fins de contr\u00f4le total ou de discrimination des travailleur-euses.<\/p>\n<\/div>\n<\/div>\n\n\n\n<hr class=\"wp-block-separator has-alpha-channel-opacity is-style-wide\"\/>\n\n\n\n<div class=\"wp-block-columns is-style-accordion has-background-background-color has-background is-layout-flex wp-container-core-columns-is-layout-9d6595d7 wp-block-columns-is-layout-flex\">\n<div class=\"wp-block-column has-background-background-color has-background is-layout-flow wp-block-column-is-layout-flow\">\n<h3 class=\"wp-block-heading has-primary-color has-text-color has-link-color wp-elements-11df6ac3375f7ab2b705f214c518a12b\">Protection de la propri\u00e9t\u00e9 intellectuelle<\/h3>\n<\/div>\n\n\n\n<div class=\"wp-block-column is-layout-flow wp-block-column-is-layout-flow\">\n<p class=\"is-style-default\">Le travail cr\u00e9atif et scientifique ne doit pas \u00eatre exploit\u00e9 par les syst\u00e8mes d\u2019IA.<\/p>\n\n\n\n<p class=\"is-style-default\">syndicom exige des dispositions l\u00e9gales claires qui prot\u00e8gent efficacement les droits d\u2019auteur-trice aussi \u00e0 l\u2019\u00e8re de l\u2019IA, p. ex. par la cr\u00e9ation d\u2019une base l\u00e9gale qui permette l\u2019utilisation collective pour l\u2019apprentissage automatique (machine learning). Le recours sans autorisation \u00e0 des oeuvres prot\u00e9g\u00e9es par le droit d\u2019auteur-trice pour entra\u00eener les mod\u00e8les d\u2019IA est interdit. Les entreprises qui utilisent l\u2019IA dans les processus cr\u00e9atifs doivent garantir que toute utilisation de l\u2019IA repose toujours et imp\u00e9rativement sur une prestation cr\u00e9ative humaine. Pour pr\u00e9server le travail de cr\u00e9ation en tant que prestation culturelle, syndicom s\u2019engage au niveau politique pour la promotion des comp\u00e9tences photographiques et m\u00e9diatiques.<\/p>\n<\/div>\n<\/div>\n\n\n\n<hr class=\"wp-block-separator has-alpha-channel-opacity is-style-wide\"\/>\n\n\n\n<div class=\"wp-block-columns is-style-accordion has-background-background-color has-background is-layout-flex wp-container-core-columns-is-layout-9d6595d7 wp-block-columns-is-layout-flex\">\n<div class=\"wp-block-column has-background-background-color has-background is-layout-flow wp-block-column-is-layout-flow\">\n<h3 class=\"wp-block-heading has-primary-color has-text-color has-link-color wp-elements-5a2d26fc1f0c43d56d231c9d182845fb\">Durabilit\u00e9 et r\u00e9gulation<\/h3>\n<\/div>\n\n\n\n<div class=\"wp-block-column is-layout-flow wp-block-column-is-layout-flow\">\n<p class=\"is-style-default\">La politique est appel\u00e9e \u00e0 cr\u00e9er des r\u00e8gles contraignantes pour l\u2019IA, qui tiennent compte d\u2019aspects sociaux et \u00e9cologiques. <\/p>\n\n\n\n<p class=\"is-style-default\">syndicom soutient les initiatives favorables \u00e0 un d\u00e9veloppement durable de l\u2019IA \u2013 entre autres, les incitations pour les technologies \u00e9conomes en \u00e9nergie, les sources d\u2019\u00e9nergie renouvelables et les mesures visant \u00e0 r\u00e9duire l\u2019empreinte carbone des grands centres de donn\u00e9es et des mod\u00e8les d\u2019IA. Il faut globalement un cadre contraignant (national et international), qui impose des normes \u00e9thiques pour l\u2019IA et pr\u00e9voie des sanctions efficaces en cas d\u2019infractions. C\u2019est la seule mani\u00e8re de garantir que l\u2019IA soit utilis\u00e9e pour le bien de la soci\u00e9t\u00e9 et qu\u2019elle ne serve pas uniquement les int\u00e9r\u00eats du profit. C\u2019est pourquoi syndicom exige des entreprises qu\u2019elles pratiquent la limitation et la minimisation des donn\u00e9es, conform\u00e9ment \u00e0 la LPD.<\/p>\n<\/div>\n<\/div>\n\n\n\n<hr class=\"wp-block-separator has-alpha-channel-opacity is-style-wide\"\/>\n\n\n\n<div class=\"wp-block-columns is-style-accordion has-background-background-color has-background is-layout-flex wp-container-core-columns-is-layout-9d6595d7 wp-block-columns-is-layout-flex\">\n<div class=\"wp-block-column has-background-background-color has-background is-layout-flow wp-block-column-is-layout-flow\">\n<h3 class=\"wp-block-heading has-primary-color has-text-color has-link-color wp-elements-563ded997e80264825ec98df1bcdbbd2\">Transparence<\/h3>\n<\/div>\n\n\n\n<div class=\"wp-block-column is-layout-flow wp-block-column-is-layout-flow\">\n<p class=\"is-style-default\">les entreprises doivent signaler o\u00f9 et comment elles utilisent les syst\u00e8mes d\u2019IA. Les contenus g\u00e9n\u00e9r\u00e9s par l\u2019IA dans les m\u00e9dias et la communication doivent \u00eatre clairement signal\u00e9s comme tels pour que les utilisateur-trices et les employ\u00e9-es reconnaissent imm\u00e9diatement s\u2019ils ou elles ont affaire \u00e0 des contenus humains ou g\u00e9n\u00e9r\u00e9s par l\u2019IA. <\/p>\n\n\n\n<p class=\"is-style-default\">Nous r\u00e9clamons des obligations de transparence, qui emp\u00eachent que l\u2019IA soit utilis\u00e9e de mani\u00e8re opaque \u00e0 des fins de tromperie ou de dissimulation. La transparence cr\u00e9e la confiance et permet aux utilisateur-trices et aux personnes concern\u00e9es de comprendre et d\u2019interroger les r\u00e9sultats de l\u2019IA. La transparence est indispensable pour garantir l\u2019\u00e9quit\u00e9 et pour clarifier les responsabilit\u00e9s.<\/p>\n<\/div>\n<\/div>\n\n\n\n<hr class=\"wp-block-separator has-alpha-channel-opacity is-style-wide\"\/>\n<\/div>\n<\/div>\n<\/div>\n\n\n\n<div class=\"wp-block-group alignfull has-background-color has-primary-background-color has-text-color has-background has-link-color wp-elements-08ad0e6a59695f458b7742959d5fe610 is-layout-constrained wp-block-group-is-layout-constrained\">\n<h2 class=\"wp-block-heading has-text-align-center\">L&rsquo;intelligence artificielle change notre monde du travail.<\/h2>\n\n\n\n<p class=\"has-text-align-center\">En tant que membre, tu profites de notre engagement actif pour une r\u00e9glementation \u00e9quitable de l&rsquo;IA.<\/p>\n\n\n\n<div class=\"wp-block-group is-style-narrow is-layout-constrained wp-block-group-is-layout-constrained\">\n<div class=\"wp-block-buttons is-content-justification-center is-layout-flex wp-container-core-buttons-is-layout-16018d1d wp-block-buttons-is-layout-flex\">\n<div class=\"wp-block-button is-style-syn-member-cta\"><a class=\"wp-block-button__link wp-element-button\" href=\"https:\/\/my.syndicom.ch\/adhesion\" target=\"_blank\" rel=\"noreferrer noopener\">Deviens membre maintenant<\/a><\/div>\n<\/div>\n<\/div>\n<\/div>\n\n\n\n<div class=\"wp-block-group alignfull has-background-background-color has-background is-layout-constrained wp-block-group-is-layout-constrained\">\n<div class=\"wp-block-group is-style-narrow is-layout-constrained wp-block-group-is-layout-constrained\">\n<h2 class=\"wp-block-heading has-foreground-color has-text-color has-link-color wp-elements-e575d52bae4c4a608d8519187c302b25\" id=\"contextes\"><strong><strong>Contextes et reportages : le magazine informe<\/strong><\/strong><\/h2>\n\n\n\n<div data-wp-context=\"{}\" data-wp-interactive=\"core\/query\" data-wp-key=\"11\" data-wp-router-region=\"query-11\" class=\"wp-block-query alignfull is-layout-flow wp-block-query-is-layout-flow\">\n<div class=\"wp-block-group alignwide is-style-default is-layout-constrained wp-block-group-is-layout-constrained\"><ul class=\"columns-3 alignwide wp-block-post-template is-layout-grid wp-container-core-post-template-is-layout-2f3213d7 wp-block-post-template-is-layout-grid\"><li data-wp-key=\"post-template-item-47522\" class=\"wp-block-post post-47522 syn_magazine type-syn_magazine status-publish has-post-thumbnail hentry syn_magazine_category-intelligence-artificielle-ia syn_magazine_category-presse\">\n\n<div class=\"wp-block-media-text is-stacked-on-mobile is-style-logo has-background-background-color has-background\"><figure class=\"wp-block-media-text__media\"><\/figure><div class=\"wp-block-media-text__content\"><div class=\"has-text-align-right has-link-color wp-elements-7c87a679c4c3f9b0e01a5f088fd4271d wp-block-post-date has-text-color has-foreground-color\"><time datetime=\"2025-10-07T14:10:16+02:00\">7.10.2025<\/time><\/div>\n\n\n<div class=\"wp-block-cover is-light is-style-default\" style=\"min-height:270px;aspect-ratio:unset;\"><span aria-hidden=\"true\" class=\"wp-block-cover__background has-background-background-color has-background-dim-40 has-background-dim\"><\/span><img loading=\"lazy\" decoding=\"async\" width=\"750\" height=\"535\" src=\"https:\/\/syndicom.ch\/app\/uploads\/2025\/10\/gewerkschaft-syndicom-HITZIG_cDaniel-Rihs.webp\" class=\"wp-block-cover__image-background wp-post-image\" alt=\"\" data-object-fit=\"cover\" data-object-position=\"44% 50%\" style=\"object-position:44% 50%;\" srcset=\"https:\/\/syndicom.ch\/app\/uploads\/2025\/10\/gewerkschaft-syndicom-HITZIG_cDaniel-Rihs.webp 750w, https:\/\/syndicom.ch\/app\/uploads\/2025\/10\/gewerkschaft-syndicom-HITZIG_cDaniel-Rihs-300x214.webp 300w\" sizes=\"auto, (max-width: 750px) 100vw, 750px\" \/><div class=\"wp-block-cover__inner-container is-layout-constrained wp-block-cover-is-layout-constrained\">\n<p><br><br><\/p>\n\n\n<h3 class=\"has-text-align-left has-link-color alignwide wp-elements-f46cbe21f6e3b1156f862cc5a4549c11 wp-block-post-title has-text-color has-primary-color has-background has-background-background-color\"><a href=\"https:\/\/syndicom.ch\/fr\/magazine\/conseil-suisse-de-la-presse-nouveaux-defis-entre-ia-et-fake-news\/\" target=\"_blank\" >Conseil suisse de la presse<\/a><\/h3><\/div><\/div>\n\n\n<a href=\"https:\/\/syndicom.ch\/fr\/magazine\/conseil-suisse-de-la-presse-nouveaux-defis-entre-ia-et-fake-news\/\"><\/a><div class=\"syn-post-terms\" style=\"display: none\"><a href=\"#\" class=\"syn-post-terms__link\" data-term-id=\"272\">Intelligence artificielle (IA)<\/a> <a href=\"#\" class=\"syn-post-terms__link\" data-term-id=\"283\">Presse<\/a> <\/div>\n\n<\/div><\/div>\n\n<\/li><li data-wp-key=\"post-template-item-46588\" class=\"wp-block-post post-46588 syn_magazine type-syn_magazine status-publish has-post-thumbnail hentry syn_magazine_category-intelligence-artificielle-ia\">\n\n<div class=\"wp-block-media-text is-stacked-on-mobile is-style-logo has-background-background-color has-background\"><figure class=\"wp-block-media-text__media\"><\/figure><div class=\"wp-block-media-text__content\"><div class=\"has-text-align-right has-link-color wp-elements-7c87a679c4c3f9b0e01a5f088fd4271d wp-block-post-date has-text-color has-foreground-color\"><time datetime=\"2025-08-25T10:02:23+02:00\">25.8.2025<\/time><\/div>\n\n\n<div class=\"wp-block-cover is-light is-style-default\" style=\"min-height:270px;aspect-ratio:unset;\"><span aria-hidden=\"true\" class=\"wp-block-cover__background has-background-background-color has-background-dim-40 has-background-dim\"><\/span><img loading=\"lazy\" decoding=\"async\" width=\"2560\" height=\"1208\" src=\"https:\/\/syndicom.ch\/app\/uploads\/2025\/09\/gewerkschaft-syndicom-ki-gipfeltreffen-juli2025.jpg\" class=\"wp-block-cover__image-background wp-post-image\" alt=\"\" data-object-fit=\"cover\" data-object-position=\"44% 50%\" style=\"object-position:44% 50%;\" srcset=\"https:\/\/syndicom.ch\/app\/uploads\/2025\/09\/gewerkschaft-syndicom-ki-gipfeltreffen-juli2025.jpg 2560w, https:\/\/syndicom.ch\/app\/uploads\/2025\/09\/gewerkschaft-syndicom-ki-gipfeltreffen-juli2025-300x142.jpg 300w, https:\/\/syndicom.ch\/app\/uploads\/2025\/09\/gewerkschaft-syndicom-ki-gipfeltreffen-juli2025-1024x483.jpg 1024w, https:\/\/syndicom.ch\/app\/uploads\/2025\/09\/gewerkschaft-syndicom-ki-gipfeltreffen-juli2025-768x362.jpg 768w, https:\/\/syndicom.ch\/app\/uploads\/2025\/09\/gewerkschaft-syndicom-ki-gipfeltreffen-juli2025-1536x725.jpg 1536w, https:\/\/syndicom.ch\/app\/uploads\/2025\/09\/gewerkschaft-syndicom-ki-gipfeltreffen-juli2025-2048x966.jpg 2048w\" sizes=\"auto, (max-width: 2560px) 100vw, 2560px\" \/><div class=\"wp-block-cover__inner-container is-layout-constrained wp-block-cover-is-layout-constrained\">\n<p><br><br><\/p>\n\n\n<h3 class=\"has-text-align-left has-link-color alignwide wp-elements-f46cbe21f6e3b1156f862cc5a4549c11 wp-block-post-title has-text-color has-primary-color has-background has-background-background-color\"><a href=\"https:\/\/syndicom.ch\/fr\/magazine\/remettre-lintelligence-artificielle-a-sa-place\/\" target=\"_blank\" >Remettre l\u2019intelligence artificielle \u00e0 sa place<\/a><\/h3><\/div><\/div>\n\n\n<a href=\"https:\/\/syndicom.ch\/fr\/magazine\/remettre-lintelligence-artificielle-a-sa-place\/\"><\/a><div class=\"syn-post-terms\" style=\"display: none\"><a href=\"#\" class=\"syn-post-terms__link\" data-term-id=\"272\">Intelligence artificielle (IA)<\/a> <\/div>\n\n<\/div><\/div>\n\n<\/li><li data-wp-key=\"post-template-item-45821\" class=\"wp-block-post post-45821 syn_magazine type-syn_magazine status-publish has-post-thumbnail hentry syn_magazine_category-aide-a-la-presse syn_magazine_category-intelligence-artificielle-ia syn_magazine_category-presse\">\n\n<div class=\"wp-block-media-text is-stacked-on-mobile is-style-logo has-background-background-color has-background\"><figure class=\"wp-block-media-text__media\"><\/figure><div class=\"wp-block-media-text__content\"><div class=\"has-text-align-right has-link-color wp-elements-7c87a679c4c3f9b0e01a5f088fd4271d wp-block-post-date has-text-color has-foreground-color\"><time datetime=\"2025-08-12T13:50:43+02:00\">12.8.2025<\/time><\/div>\n\n\n<div class=\"wp-block-cover is-light is-style-default\" style=\"min-height:270px;aspect-ratio:unset;\"><span aria-hidden=\"true\" class=\"wp-block-cover__background has-background-background-color has-background-dim-40 has-background-dim\"><\/span><img loading=\"lazy\" decoding=\"async\" width=\"2560\" height=\"1707\" src=\"https:\/\/syndicom.ch\/app\/uploads\/2024\/08\/gewerkschaft-syndicom-stephanie-vonarburg-scaled.jpg\" class=\"wp-block-cover__image-background wp-post-image\" alt=\"Stephanie Vonarburg\" data-object-fit=\"cover\" data-object-position=\"44% 50%\" style=\"object-position:44% 50%;\" srcset=\"https:\/\/syndicom.ch\/app\/uploads\/2024\/08\/gewerkschaft-syndicom-stephanie-vonarburg-scaled.jpg 2560w, https:\/\/syndicom.ch\/app\/uploads\/2024\/08\/gewerkschaft-syndicom-stephanie-vonarburg-2048x1365.jpg 2048w, https:\/\/syndicom.ch\/app\/uploads\/2024\/08\/gewerkschaft-syndicom-stephanie-vonarburg-300x200.jpg 300w, https:\/\/syndicom.ch\/app\/uploads\/2024\/08\/gewerkschaft-syndicom-stephanie-vonarburg-768x512.jpg 768w, https:\/\/syndicom.ch\/app\/uploads\/2024\/08\/gewerkschaft-syndicom-stephanie-vonarburg-1024x683.jpg 1024w, https:\/\/syndicom.ch\/app\/uploads\/2024\/08\/gewerkschaft-syndicom-stephanie-vonarburg-1536x1024.jpg 1536w, https:\/\/syndicom.ch\/app\/uploads\/2024\/08\/gewerkschaft-syndicom-stephanie-vonarburg-430x287.jpg 430w, https:\/\/syndicom.ch\/app\/uploads\/2024\/08\/gewerkschaft-syndicom-stephanie-vonarburg-600x400.jpg 600w\" sizes=\"auto, (max-width: 2560px) 100vw, 2560px\" \/><div class=\"wp-block-cover__inner-container is-layout-constrained wp-block-cover-is-layout-constrained\">\n<p><br><br><\/p>\n\n\n<h3 class=\"has-text-align-left has-link-color alignwide wp-elements-f46cbe21f6e3b1156f862cc5a4549c11 wp-block-post-title has-text-color has-primary-color has-background has-background-background-color\"><a href=\"https:\/\/syndicom.ch\/fr\/magazine\/quand-les-geants-de-la-tech-passeront-a-la-caisse\/\" target=\"_blank\" >Quand les g\u00e9ants de la tech passeront \u00e0 la caisse<\/a><\/h3><\/div><\/div>\n\n\n<a href=\"https:\/\/syndicom.ch\/fr\/magazine\/quand-les-geants-de-la-tech-passeront-a-la-caisse\/\"><\/a><div class=\"syn-post-terms\" style=\"display: none\"><a href=\"#\" class=\"syn-post-terms__link\" data-term-id=\"365\">Aide \u00e0 la presse<\/a> <a href=\"#\" class=\"syn-post-terms__link\" data-term-id=\"272\">Intelligence artificielle (IA)<\/a> <a href=\"#\" class=\"syn-post-terms__link\" data-term-id=\"283\">Presse<\/a> <\/div>\n\n<\/div><\/div>\n\n<\/li><\/ul><\/div>\n\n\n<nav class=\"has-link-color aligncenter wp-elements-45c78e18884f5b0a3d3f1b788580704f wp-block-query-pagination has-text-color has-background-color has-background has-background-background-color is-horizontal is-content-justification-center is-layout-flex wp-container-core-query-pagination-is-layout-2f0dc101 wp-block-query-pagination-is-layout-flex\" aria-label=\"Pagination\">\n\n\n<div class=\"wp-block-query-pagination-numbers\"><span data-wp-key=\"index-0\" aria-current=\"page\" class=\"page-numbers current\">1<\/span>\n<a data-wp-key=\"index-1\" data-wp-on--click=\"core\/query::actions.navigate\" class=\"page-numbers\" href=\"?query-11-page=2\">2<\/a><\/div>\n\n<a data-wp-key=\"query-pagination-next\" data-wp-on--click=\"core\/query::actions.navigate\" data-wp-on--mouseenter=\"core\/query::actions.prefetch\" data-wp-watch=\"core\/query::callbacks.prefetch\" href=\"\/fr\/wp-json\/wp\/v2\/pages\/5535?query-11-page=2\" class=\"wp-block-query-pagination-next\">Page suivante<span class='wp-block-query-pagination-next-arrow is-arrow-chevron' aria-hidden='true'>\u00bb<\/span><\/a>\n<\/nav>\n\n<\/div>\n<\/div>\n\n\n\n<div style=\"height:100px\" aria-hidden=\"true\" class=\"wp-block-spacer\"><\/div>\n\n\n\n<div class=\"wp-block-columns has-tertiary-background-color has-background is-layout-flex wp-container-core-columns-is-layout-9d6595d7 wp-block-columns-is-layout-flex\">\n<div class=\"wp-block-column is-layout-flow wp-block-column-is-layout-flow\">\n<h2 class=\"wp-block-heading has-text-align-center\"><strong><strong>Tu as des questions sur l&rsquo;intelligence artificielle ?<\/strong><\/strong><\/h2>\n\n\n\n<p class=\"has-text-align-center\">N\u2019h\u00e9site pas \u00e0 nous contacter : Nous sommes l\u00e0 pour t\u2019aider !\u00a0<a href=\"https:\/\/syndicom.ch\/fr\/contact\/\" target=\"_blank\" rel=\"noreferrer noopener\">\u279c Adresse de contact<\/a><\/p>\n<\/div>\n<\/div>\n<\/div>\n\n\n\n\n\n\n\n\n\n<p><\/p>\n","protected":false},"excerpt":{"rendered":"<p>Intelligence artificielle (IA) L&rsquo;intelligence artificielle transforme profond\u00e9ment le monde du travail. Pour que cette transition se fasse de mani\u00e8re sociale et responsable, syndicom r\u00e9clame des r\u00e8gles claires, une v\u00e9ritable participation des et une protection efficace des travailleur-euses. \u279c Nos revendications\u279c Contextes Intelligence artificielle (IA) : terme g\u00e9n\u00e9rique pour des syst\u00e8mes qui peuvent imiter des capacit\u00e9s [&hellip;]<\/p>\n","protected":false},"author":2,"featured_media":43750,"parent":0,"menu_order":0,"comment_status":"closed","ping_status":"closed","template":"","meta":{"_acf_changed":false,"inline_featured_image":false,"_coblocks_attr":"","_coblocks_dimensions":"","_coblocks_responsive_height":"","_coblocks_accordion_ie_support":"","footnotes":""},"categories":[378],"class_list":["post-5535","page","type-page","status-publish","has-post-thumbnail","hentry","category-nos-themes"],"acf":[],"yoast_head":"<!-- This site is optimized with the Yoast SEO plugin v27.3 - https:\/\/yoast.com\/product\/yoast-seo-wordpress\/ -->\n<title>Intelligence artificielle - syndicom<\/title>\n<meta name=\"description\" content=\"L\u2019humain avant la machinePrincipes directeurs pour une intelligence artificielle avec responsabilit\u00e9 sociale.\" \/>\n<meta name=\"robots\" content=\"index, follow, max-snippet:-1, max-image-preview:large, max-video-preview:-1\" \/>\n<link rel=\"canonical\" href=\"https:\/\/syndicom.ch\/fr\/intelligence-artificielle\/\" \/>\n<link rel=\"next\" href=\"https:\/\/syndicom.ch\/fr\/intelligence-artificielle\/5535\/?query-1-page=2\" \/>\n<meta property=\"og:locale\" content=\"fr_FR\" \/>\n<meta property=\"og:type\" content=\"article\" \/>\n<meta property=\"og:title\" content=\"Intelligence artificielle - syndicom\" \/>\n<meta property=\"og:description\" content=\"L\u2019humain avant la machinePrincipes directeurs pour une intelligence artificielle avec responsabilit\u00e9 sociale.\" \/>\n<meta property=\"og:url\" content=\"https:\/\/syndicom.ch\/fr\/intelligence-artificielle\/\" \/>\n<meta property=\"og:site_name\" content=\"syndicom\" \/>\n<meta property=\"article:modified_time\" content=\"2026-04-10T12:49:49+00:00\" \/>\n<meta property=\"og:image\" content=\"https:\/\/syndicom.ch\/app\/uploads\/2025\/03\/gewerkschaft-syndicom-ki-kuenstliche-intelligenz-symbolbild.jpg\" \/>\n\t<meta property=\"og:image:width\" content=\"1280\" \/>\n\t<meta property=\"og:image:height\" content=\"853\" \/>\n\t<meta property=\"og:image:type\" content=\"image\/jpeg\" \/>\n<meta name=\"twitter:card\" content=\"summary_large_image\" \/>\n<meta name=\"twitter:label1\" content=\"Dur\u00e9e de lecture estim\u00e9e\" \/>\n\t<meta name=\"twitter:data1\" content=\"29 minutes\" \/>\n<script type=\"application\/ld+json\" class=\"yoast-schema-graph\">{\"@context\":\"https:\\\/\\\/schema.org\",\"@graph\":[{\"@type\":\"WebPage\",\"@id\":\"https:\\\/\\\/syndicom.ch\\\/fr\\\/intelligence-artificielle\\\/\",\"url\":\"https:\\\/\\\/syndicom.ch\\\/fr\\\/intelligence-artificielle\\\/\",\"name\":\"Intelligence artificielle - syndicom\",\"isPartOf\":{\"@id\":\"https:\\\/\\\/syndicom.ch\\\/fr\\\/#website\"},\"primaryImageOfPage\":{\"@id\":\"https:\\\/\\\/syndicom.ch\\\/fr\\\/intelligence-artificielle\\\/#primaryimage\"},\"image\":{\"@id\":\"https:\\\/\\\/syndicom.ch\\\/fr\\\/intelligence-artificielle\\\/#primaryimage\"},\"thumbnailUrl\":\"https:\\\/\\\/syndicom.ch\\\/app\\\/uploads\\\/2025\\\/03\\\/gewerkschaft-syndicom-ki-kuenstliche-intelligenz-symbolbild.jpg\",\"datePublished\":\"2024-08-07T08:35:43+00:00\",\"dateModified\":\"2026-04-10T12:49:49+00:00\",\"description\":\"L\u2019humain avant la machinePrincipes directeurs pour une intelligence artificielle avec responsabilit\u00e9 sociale.\",\"breadcrumb\":{\"@id\":\"https:\\\/\\\/syndicom.ch\\\/fr\\\/intelligence-artificielle\\\/#breadcrumb\"},\"inLanguage\":\"fr-FR\",\"potentialAction\":[{\"@type\":\"ReadAction\",\"target\":[\"https:\\\/\\\/syndicom.ch\\\/fr\\\/intelligence-artificielle\\\/\"]}]},{\"@type\":\"ImageObject\",\"inLanguage\":\"fr-FR\",\"@id\":\"https:\\\/\\\/syndicom.ch\\\/fr\\\/intelligence-artificielle\\\/#primaryimage\",\"url\":\"https:\\\/\\\/syndicom.ch\\\/app\\\/uploads\\\/2025\\\/03\\\/gewerkschaft-syndicom-ki-kuenstliche-intelligenz-symbolbild.jpg\",\"contentUrl\":\"https:\\\/\\\/syndicom.ch\\\/app\\\/uploads\\\/2025\\\/03\\\/gewerkschaft-syndicom-ki-kuenstliche-intelligenz-symbolbild.jpg\",\"width\":1280,\"height\":853},{\"@type\":\"BreadcrumbList\",\"@id\":\"https:\\\/\\\/syndicom.ch\\\/fr\\\/intelligence-artificielle\\\/#breadcrumb\",\"itemListElement\":[{\"@type\":\"ListItem\",\"position\":1,\"name\":\"Page d'accueil\",\"item\":\"https:\\\/\\\/syndicom.ch\\\/fr\\\/\"},{\"@type\":\"ListItem\",\"position\":2,\"name\":\"Intelligence artificielle\"}]},{\"@type\":\"WebSite\",\"@id\":\"https:\\\/\\\/syndicom.ch\\\/fr\\\/#website\",\"url\":\"https:\\\/\\\/syndicom.ch\\\/fr\\\/\",\"name\":\"syndicom\",\"description\":\"\",\"publisher\":{\"@id\":\"https:\\\/\\\/syndicom.ch\\\/fr\\\/#organization\"},\"potentialAction\":[{\"@type\":\"SearchAction\",\"target\":{\"@type\":\"EntryPoint\",\"urlTemplate\":\"https:\\\/\\\/syndicom.ch\\\/fr\\\/?s={search_term_string}\"},\"query-input\":{\"@type\":\"PropertyValueSpecification\",\"valueRequired\":true,\"valueName\":\"search_term_string\"}}],\"inLanguage\":\"fr-FR\"},{\"@type\":\"Organization\",\"@id\":\"https:\\\/\\\/syndicom.ch\\\/fr\\\/#organization\",\"name\":\"syndicom\",\"url\":\"https:\\\/\\\/syndicom.ch\\\/fr\\\/\",\"logo\":{\"@type\":\"ImageObject\",\"inLanguage\":\"fr-FR\",\"@id\":\"https:\\\/\\\/syndicom.ch\\\/fr\\\/#\\\/schema\\\/logo\\\/image\\\/\",\"url\":\"https:\\\/\\\/syndicom.ch\\\/app\\\/uploads\\\/2024\\\/06\\\/logo.svg\",\"contentUrl\":\"https:\\\/\\\/syndicom.ch\\\/app\\\/uploads\\\/2024\\\/06\\\/logo.svg\",\"width\":297,\"height\":51,\"caption\":\"syndicom\"},\"image\":{\"@id\":\"https:\\\/\\\/syndicom.ch\\\/fr\\\/#\\\/schema\\\/logo\\\/image\\\/\"}}]}<\/script>\n<!-- \/ Yoast SEO plugin. -->","yoast_head_json":{"title":"Intelligence artificielle - syndicom","description":"L\u2019humain avant la machinePrincipes directeurs pour une intelligence artificielle avec responsabilit\u00e9 sociale.","robots":{"index":"index","follow":"follow","max-snippet":"max-snippet:-1","max-image-preview":"max-image-preview:large","max-video-preview":"max-video-preview:-1"},"canonical":"https:\/\/syndicom.ch\/fr\/intelligence-artificielle\/","next":"https:\/\/syndicom.ch\/fr\/intelligence-artificielle\/5535?query-1-page=2","og_locale":"fr_FR","og_type":"article","og_title":"Intelligence artificielle - syndicom","og_description":"L\u2019humain avant la machinePrincipes directeurs pour une intelligence artificielle avec responsabilit\u00e9 sociale.","og_url":"https:\/\/syndicom.ch\/fr\/intelligence-artificielle\/","og_site_name":"syndicom","article_modified_time":"2026-04-10T12:49:49+00:00","og_image":[{"width":1280,"height":853,"url":"https:\/\/syndicom.ch\/app\/uploads\/2025\/03\/gewerkschaft-syndicom-ki-kuenstliche-intelligenz-symbolbild.jpg","type":"image\/jpeg"}],"twitter_card":"summary_large_image","twitter_misc":{"Dur\u00e9e de lecture estim\u00e9e":"29 minutes"},"schema":{"@context":"https:\/\/schema.org","@graph":[{"@type":"WebPage","@id":"https:\/\/syndicom.ch\/fr\/intelligence-artificielle\/","url":"https:\/\/syndicom.ch\/fr\/intelligence-artificielle\/","name":"Intelligence artificielle - syndicom","isPartOf":{"@id":"https:\/\/syndicom.ch\/fr\/#website"},"primaryImageOfPage":{"@id":"https:\/\/syndicom.ch\/fr\/intelligence-artificielle\/#primaryimage"},"image":{"@id":"https:\/\/syndicom.ch\/fr\/intelligence-artificielle\/#primaryimage"},"thumbnailUrl":"https:\/\/syndicom.ch\/app\/uploads\/2025\/03\/gewerkschaft-syndicom-ki-kuenstliche-intelligenz-symbolbild.jpg","datePublished":"2024-08-07T08:35:43+00:00","dateModified":"2026-04-10T12:49:49+00:00","description":"L\u2019humain avant la machinePrincipes directeurs pour une intelligence artificielle avec responsabilit\u00e9 sociale.","breadcrumb":{"@id":"https:\/\/syndicom.ch\/fr\/intelligence-artificielle\/#breadcrumb"},"inLanguage":"fr-FR","potentialAction":[{"@type":"ReadAction","target":["https:\/\/syndicom.ch\/fr\/intelligence-artificielle\/"]}]},{"@type":"ImageObject","inLanguage":"fr-FR","@id":"https:\/\/syndicom.ch\/fr\/intelligence-artificielle\/#primaryimage","url":"https:\/\/syndicom.ch\/app\/uploads\/2025\/03\/gewerkschaft-syndicom-ki-kuenstliche-intelligenz-symbolbild.jpg","contentUrl":"https:\/\/syndicom.ch\/app\/uploads\/2025\/03\/gewerkschaft-syndicom-ki-kuenstliche-intelligenz-symbolbild.jpg","width":1280,"height":853},{"@type":"BreadcrumbList","@id":"https:\/\/syndicom.ch\/fr\/intelligence-artificielle\/#breadcrumb","itemListElement":[{"@type":"ListItem","position":1,"name":"Page d'accueil","item":"https:\/\/syndicom.ch\/fr\/"},{"@type":"ListItem","position":2,"name":"Intelligence artificielle"}]},{"@type":"WebSite","@id":"https:\/\/syndicom.ch\/fr\/#website","url":"https:\/\/syndicom.ch\/fr\/","name":"syndicom","description":"","publisher":{"@id":"https:\/\/syndicom.ch\/fr\/#organization"},"potentialAction":[{"@type":"SearchAction","target":{"@type":"EntryPoint","urlTemplate":"https:\/\/syndicom.ch\/fr\/?s={search_term_string}"},"query-input":{"@type":"PropertyValueSpecification","valueRequired":true,"valueName":"search_term_string"}}],"inLanguage":"fr-FR"},{"@type":"Organization","@id":"https:\/\/syndicom.ch\/fr\/#organization","name":"syndicom","url":"https:\/\/syndicom.ch\/fr\/","logo":{"@type":"ImageObject","inLanguage":"fr-FR","@id":"https:\/\/syndicom.ch\/fr\/#\/schema\/logo\/image\/","url":"https:\/\/syndicom.ch\/app\/uploads\/2024\/06\/logo.svg","contentUrl":"https:\/\/syndicom.ch\/app\/uploads\/2024\/06\/logo.svg","width":297,"height":51,"caption":"syndicom"},"image":{"@id":"https:\/\/syndicom.ch\/fr\/#\/schema\/logo\/image\/"}}]}},"_links":{"self":[{"href":"https:\/\/syndicom.ch\/fr\/wp-json\/wp\/v2\/pages\/5535","targetHints":{"allow":["GET"]}}],"collection":[{"href":"https:\/\/syndicom.ch\/fr\/wp-json\/wp\/v2\/pages"}],"about":[{"href":"https:\/\/syndicom.ch\/fr\/wp-json\/wp\/v2\/types\/page"}],"author":[{"embeddable":true,"href":"https:\/\/syndicom.ch\/fr\/wp-json\/wp\/v2\/users\/2"}],"replies":[{"embeddable":true,"href":"https:\/\/syndicom.ch\/fr\/wp-json\/wp\/v2\/comments?post=5535"}],"version-history":[{"count":108,"href":"https:\/\/syndicom.ch\/fr\/wp-json\/wp\/v2\/pages\/5535\/revisions"}],"predecessor-version":[{"id":60776,"href":"https:\/\/syndicom.ch\/fr\/wp-json\/wp\/v2\/pages\/5535\/revisions\/60776"}],"wp:featuredmedia":[{"embeddable":true,"href":"https:\/\/syndicom.ch\/fr\/wp-json\/wp\/v2\/media\/43750"}],"wp:attachment":[{"href":"https:\/\/syndicom.ch\/fr\/wp-json\/wp\/v2\/media?parent=5535"}],"wp:term":[{"taxonomy":"category","embeddable":true,"href":"https:\/\/syndicom.ch\/fr\/wp-json\/wp\/v2\/categories?post=5535"}],"curies":[{"name":"wp","href":"https:\/\/api.w.org\/{rel}","templated":true}]}}