{"id":5841,"date":"2024-07-24T15:00:45","date_gmt":"2024-07-24T13:00:45","guid":{"rendered":"https:\/\/projects.atxeit.ch\/syndicom\/?page_id=5841"},"modified":"2026-04-30T16:07:36","modified_gmt":"2026-04-30T14:07:36","slug":"femmes","status":"publish","type":"page","link":"https:\/\/syndicom.ch\/fr\/femmes\/","title":{"rendered":"\u00c9galit\u00e9"},"content":{"rendered":"\n<div class=\"wp-block-cover alignfull is-light has-parallax is-style-default mb-0 mt-0\" style=\"min-height:538px;aspect-ratio:unset;\"><div class=\"wp-block-cover__image-background wp-image-57498 size-full has-parallax\" style=\"background-position:50% 50%;background-image:url(https:\/\/syndicom.ch\/app\/uploads\/2026\/02\/gewerkschaft-syndicom-frauenstreik-2019-scaled.jpg)\"><\/div><span aria-hidden=\"true\" class=\"wp-block-cover__background has-rosa-background-color has-background-dim-20 has-background-dim\"><\/span><div class=\"wp-block-cover__inner-container is-layout-constrained wp-block-cover-is-layout-constrained\">\n<div class=\"wp-block-group is-content-justification-center is-layout-constrained wp-block-group-is-layout-constrained\">\n<div class=\"wp-block-group is-layout-constrained wp-block-group-is-layout-constrained\">\n<div class=\"wp-block-columns is-layout-flex wp-container-core-columns-is-layout-9d6595d7 wp-block-columns-is-layout-flex\">\n<div class=\"wp-block-column is-layout-flow wp-block-column-is-layout-flow\" style=\"flex-basis:100%\">\n<div class=\"wp-block-group is-layout-constrained wp-block-group-is-layout-constrained\">\n<div class=\"wp-block-columns is-layout-flex wp-container-core-columns-is-layout-9d6595d7 wp-block-columns-is-layout-flex\">\n<div class=\"wp-block-column is-layout-flow wp-block-column-is-layout-flow\" style=\"flex-basis:100%\">\n<h1 class=\"wp-block-heading is-style-lead has-background-color has-text-color has-link-color wp-elements-6aa943c01c6d36a552f709a8e3c575d8\"><strong><strong><mark style=\"background-color:#746C9B\" class=\"has-inline-color has-background-color\">Droits \u00e9gaux \u2013 obtenus ensemble !<\/mark><\/strong><\/strong><\/h1>\n<\/div>\n<\/div>\n\n\n\n<div class=\"wp-block-columns is-layout-flex wp-container-core-columns-is-layout-9d6595d7 wp-block-columns-is-layout-flex\">\n<div class=\"wp-block-column is-layout-flow wp-block-column-is-layout-flow\" style=\"flex-basis:66.66%\">\n<p class=\"is-style-lead has-background-color has-text-color has-link-color wp-elements-bd90252e7386c30b5a49d064e8f0d13f\"><mark style=\"background-color:#746C9B\" class=\"has-inline-color has-background-color\">Les personnes FINTAQ (femmes, personnes intersexes, non-binaires, transgenres, agenres et queers) continuent \u00e0 \u00eatre discrimin\u00e9es \u2013 dans le monde du travail, sur les plans de la pr\u00e9voyance vieillesse et de conciliation entre profession et famille. C\u2019est pourquoi nous nous engageons ensemble : pour de meilleurs salaires, pour des horaires de travail \u00e9quitables et pour le respect sur le lieu de travail.<\/mark><\/p>\n<\/div>\n<\/div>\n\n\n\n<div class=\"wp-block-group is-style-default is-nowrap is-layout-flex wp-container-core-group-is-layout-ad2f72ca wp-block-group-is-layout-flex\">\n<p><a href=\"#events\" type=\"internal\" id=\"#events\"><mark style=\"background-color:#746C9B\" class=\"has-inline-color has-background-color\">\u279c <\/mark><\/a><strong><a href=\"#events\" type=\"internal\" id=\"#events\"><mark style=\"background-color:#746C9B\" class=\"has-inline-color has-background-color\">\u00c9v\u00e9nements<\/mark><\/a><\/strong> &shy; <a href=\"#care\" type=\"internal\" id=\"#care\"><mark style=\"background-color:#746C9B\" class=\"has-inline-color has-background-color\">\u279c <\/mark><\/a><strong><a href=\"#care\" type=\"internal\" id=\"#care\"><mark style=\"background-color:#746C9B\" class=\"has-inline-color has-background-color\">Travail de care<\/mark><\/a><\/strong> &shy;  <a href=\"#revendications\" type=\"internal\" id=\"#revendications\"><mark style=\"background-color:#746C9B\" class=\"has-inline-color has-background-color\">\u279c<\/mark><\/a><strong><a href=\"#revendications\" type=\"internal\" id=\"#revendications\"><mark style=\"background-color:#746C9B\" class=\"has-inline-color has-background-color\"> Nos revendications<\/mark><\/a><\/strong> &shy; <a href=\"#reportages\" type=\"internal\" id=\"#reportages\"><mark style=\"background-color:#746C9B\" class=\"has-inline-color has-background-color\">\u279c <\/mark><\/a><strong><a href=\"#reportages\" type=\"internal\" id=\"#reportages\"><mark style=\"background-color:#746C9B\" class=\"has-inline-color has-background-color\">Contextes et reportages<\/mark><\/a><\/strong><\/p>\n<\/div>\n<\/div>\n<\/div>\n<\/div>\n<\/div>\n<\/div>\n<\/div><\/div>\n\n\n\n<div class=\"wp-block-group alignfull has-background-background-color has-background is-layout-constrained wp-block-group-is-layout-constrained\">\n<div class=\"wp-block-group is-style-narrow is-layout-constrained wp-block-group-is-layout-constrained\">\n<h2 class=\"wp-block-heading has-text-align-center has-background-color has-rosa-background-color has-text-color has-background has-link-color wp-elements-033906142b16c5a89e4224702d11db6a\" id=\"events\"><strong>L\u2019\u00e9galit\u00e9 n\u2019est pas un \u00e9v\u00e9nement ponctuel \u2013 c\u2019est une t\u00e2che permanente<\/strong><\/h2>\n\n\n\n<p>L\u2019\u00e9galit\u00e9 ne vas pas de soi. 8 mars, 14 juin, quotidiennement : nous nous engageons et revendiquons les m\u00eames droits pour toutes les personnes.<\/p>\n\n\n\n<p>Mais nous devons montrer et faire entendre nos revendications de mani\u00e8re visible. <strong>Rejoins-nous et lutte avec nous pour l\u2019\u00e9galit\u00e9 !<\/strong><\/p>\n\n\n\n<p class=\"has-text-align-left has-tertiary-background-color has-background\"><em><em>Les \u00e9v\u00e9nements auxquels nous participons seront publi\u00e9s ici d\u00e8s que possible.<\/em><\/em><\/p>\n<\/div>\n<\/div>\n\n\n\n<div class=\"wp-block-group alignfull has-background-background-color has-background is-layout-constrained wp-block-group-is-layout-constrained\">\n<div class=\"wp-block-group is-style-narrow is-layout-constrained wp-block-group-is-layout-constrained\">\n<h2 class=\"wp-block-heading has-text-align-center has-background-color has-rosa-background-color has-text-color has-background has-link-color wp-elements-424f6ecf66f2bf633680799b7dfaec7e\" id=\"care\">Travail de care&nbsp;: <br>invisible, impay\u00e9, indispensable<\/h2>\n\n\n\n<p><strong><strong>Le travail de care fait fonctionner notre soci\u00e9t\u00e9.<\/strong><br><strong>Pourtant, il est in\u00e9galement r\u00e9parti et souvent invisible.<\/strong><br><strong>Cela a des cons\u00e9quences concr\u00e8tes pour le quotidien, pour le travail et pour les revenus.<\/strong><\/strong><\/p>\n\n\n\n<h3 class=\"wp-block-heading\">Qu\u2019est-ce que le travail de care&nbsp;?<\/h3>\n\n\n\n<p>Le travail de care comprend toutes les activit\u00e9s qui consistent \u00e0 s\u2019occuper et \u00e0 prendre soin d\u2019autrui et \u00e0 organiser le quotidien. Il comporte des t\u00e2ches physiques, \u00e9motionnelles et organisationnelles.<\/p>\n\n\n\n<p>Il peut \u00eatre r\u00e9mun\u00e9r\u00e9 ou non r\u00e9mun\u00e9r\u00e9.<\/p>\n\n\n\n<div class=\"wp-block-columns is-layout-flex wp-container-core-columns-is-layout-9d6595d7 wp-block-columns-is-layout-flex\">\n<div class=\"wp-block-column is-layout-flow wp-block-column-is-layout-flow\">\n<p><strong>Travail de care r\u00e9mun\u00e9r\u00e9&nbsp;:<\/strong><\/p>\n\n\n\n<ul class=\"wp-block-list\">\n<li>Soins, assistance \u00e0 autrui, garde d\u2019enfants, travail social, \u00e9ducation<\/li>\n\n\n\n<li>Partie du service public et des infrastructures publiques<\/li>\n<\/ul>\n<\/div>\n\n\n\n<div class=\"wp-block-column is-layout-flow wp-block-column-is-layout-flow\">\n<p><strong>Travail de care non r\u00e9mun\u00e9r\u00e9&nbsp;:<\/strong><\/p>\n\n\n\n<ul class=\"wp-block-list\">\n<li>Kind- Garde d\u2019enfants<\/li>\n\n\n\n<li>Prise en charge de proches<\/li>\n\n\n\n<li>T\u00e2ches m\u00e9nag\u00e8res et organisation du quotidienerbetreuung<\/li>\n<\/ul>\n<\/div>\n<\/div>\n\n\n\n<p>Sans travail de care non r\u00e9mun\u00e9r\u00e9, le travail r\u00e9mun\u00e9r\u00e9 ne fonctionnerait pas.<\/p>\n\n\n\n<h3 class=\"wp-block-heading\">Les chiffres et la r\u00e9alit\u00e9<\/h3>\n\n\n\n<ul class=\"wp-block-list\">\n<li>12,2 milliards d\u2019heures de travail non r\u00e9mun\u00e9r\u00e9 en Suisse par ann\u00e9e<\/li>\n\n\n\n<li>Les femmes en effectuent environ deux tiers<\/li>\n\n\n\n<li>Valeur totale&nbsp;: 450 milliards de francs<\/li>\n<\/ul>\n\n\n\n<p>En 2024, environ 8,1 milliards d\u2019heures ont \u00e9t\u00e9 travaill\u00e9es.<br>Le travail de care non r\u00e9mun\u00e9r\u00e9 est nettement sup\u00e9rieur au travail r\u00e9mun\u00e9r\u00e9.<\/p>\n\n\n\n<h3 class=\"wp-block-heading\">Pourquoi cela nous concerne toutes et tous&nbsp;?<\/h3>\n\n\n\n<p>syndicom n\u2019organise pas les professions classiques du \u00ab&nbsp;care&nbsp;\u00bb.<br>Pourtant, le <em>care<\/em> concerne l\u2019ensemble des membres du syndicat.<\/p>\n\n\n\n<p>Parce que nos membres effectuent aussi du travail de care \u2013 avant ou apr\u00e8s le travail, durant le weekend, ou en plus du travail r\u00e9mun\u00e9r\u00e9.<\/p>\n\n\n\n<p>Le travail de care est \u00e0 la base de tout travail r\u00e9mun\u00e9r\u00e9.<\/p>\n\n\n\n<p class=\"has-text-align-center\"><strong>Exemples&nbsp;:<\/strong><\/p>\n<\/div>\n\n\n\n<div class=\"wp-block-group is-style-slider is-autoplay is-style-narrow-mid is-layout-constrained wp-block-group-is-layout-constrained\">\n<div class=\"wp-block-media-text is-stacked-on-mobile is-style-stacked-spacious coblocks-animate\" data-coblocks-animation=\"zoomIn\"><figure class=\"wp-block-media-text__media\"><\/figure><div class=\"wp-block-media-text__content\">\n<p class=\"has-foreground-color has-text-color has-link-color wp-elements-93a2214ffaed6df2f30939008cfa9d91\"><strong>Logistique&nbsp;:<\/strong><\/p>\n\n\n\n<ul class=\"wp-block-list\">\n<li>horaires de travail irr\u00e9guliers<\/li>\n\n\n\n<li>les t\u00e2ches de garde et de soin doivent \u00eatre anticip\u00e9es<\/li>\n<\/ul>\n<\/div><\/div>\n\n\n\n<div class=\"wp-block-media-text is-stacked-on-mobile is-style-stacked-spacious coblocks-animate\" data-coblocks-animation=\"zoomIn\"><figure class=\"wp-block-media-text__media\"><\/figure><div class=\"wp-block-media-text__content\">\n<p><strong>TIC&nbsp;:<\/strong><\/p>\n\n\n\n<ul class=\"wp-block-list\">\n<li>grande flexibilit\u00e9 et disponibilit\u00e9<\/li>\n\n\n\n<li>le care est souvent r\u00e9alis\u00e9 \u00e0 titre accessoire<\/li>\n<\/ul>\n<\/div><\/div>\n\n\n\n<div class=\"wp-block-media-text is-stacked-on-mobile is-style-stacked-spacious coblocks-animate\" data-coblocks-animation=\"zoomIn\"><figure class=\"wp-block-media-text__media\"><\/figure><div class=\"wp-block-media-text__content\">\n<p><strong>M\u00e9dias&nbsp;:<\/strong><\/p>\n\n\n\n<ul class=\"wp-block-list\">\n<li>horaires de travail irr\u00e9guliers<\/li>\n\n\n\n<li>revenus incertains<\/li>\n<\/ul>\n<\/div><\/div>\n<\/div>\n\n\n\n<div class=\"wp-block-group is-style-narrow is-layout-constrained wp-block-group-is-layout-constrained\">\n<p><\/p>\n<\/div>\n\n\n\n<div class=\"wp-block-group is-style-narrow is-layout-constrained wp-block-group-is-layout-constrained\">\n<p>Diff\u00e9rents types d\u2019emplois \u2013 m\u00eame d\u00e9pendance au travail de care.<\/p>\n\n\n\n<h3 class=\"wp-block-heading\">Cons\u00e9quences<\/h3>\n\n\n\n<ul class=\"wp-block-list\">\n<li>Teilzeitfalle und geringePi\u00e8ge du temps partiel et revenu plus faibleres Einkommen<\/li>\n\n\n\n<li>R\u00e9partition in\u00e9gale du travailbeit<\/li>\n\n\n\n<li>Plus grand risque de pauvret\u00e9 \u00e0 la retraite<\/li>\n\n\n\n<li>Charge multiple et pression due au manque de temps<\/li>\n<\/ul>\n\n\n\n<p>Les femmes et les personnes FINTA* sont particuli\u00e8rement concern\u00e9es.<\/p>\n\n\n\n<h3 class=\"wp-block-heading\">Le travail de care est un enjeu politique<\/h3>\n\n\n\n<p>Le travail de care n\u2019est pas une affaire priv\u00e9e.<\/p>\n\n\n\n<p>Sa r\u00e9partition d\u00e9pend de conditions-cadres&nbsp;:<\/p>\n\n\n\n<ul class=\"wp-block-list\">\n<li>Horaires de travail<\/li>\n\n\n\n<li>Salaires<\/li>\n\n\n\n<li>T\u00e2ches de garde et de soin<\/li>\n\n\n\n<li>Service public<\/li>\n<\/ul>\n\n\n\n<p>Lorsque des \u00e9conomies sont r\u00e9alis\u00e9es dans le service public&nbsp;:<\/p>\n\n\n\n<ul class=\"wp-block-list\">\n<li>les familles doivent en faire plus<\/li>\n\n\n\n<li>le travail non r\u00e9mun\u00e9r\u00e9 augmente<\/li>\n\n\n\n<li>la pression augmente sur les travailleur-euses<\/li>\n\n\n\n<li>le travail de care non r\u00e9mun\u00e9r\u00e9 augmente.<\/li>\n<\/ul>\n\n\n\n<h3 class=\"wp-block-heading\">Que pouvons-nous faire&nbsp;?<\/h3>\n\n\n\n<div class=\"wp-block-group is-style-narrow is-layout-constrained wp-block-group-is-layout-constrained\">\n<hr class=\"wp-block-separator has-alpha-channel-opacity is-style-wide\"\/>\n\n\n\n<div class=\"wp-block-columns is-style-accordion has-background-background-color has-background is-layout-flex wp-container-core-columns-is-layout-9d6595d7 wp-block-columns-is-layout-flex\">\n<div class=\"wp-block-column has-background-background-color has-background is-layout-flow wp-block-column-is-layout-flow\">\n<p class=\"has-foreground-color has-text-color has-link-color wp-elements-c32a53d3211fab8eeb71cab82494e677\"><strong><strong>Parle du travail de care<\/strong><\/strong><\/p>\n<\/div>\n\n\n\n<div class=\"wp-block-column is-layout-flow wp-block-column-is-layout-flow\">\n<p class=\"is-style-default\">Parle avec tes coll\u00e8gues de tes obligations, des difficult\u00e9s rencontr\u00e9es ou des conflits li\u00e9s \u00e0 la gestion du temps. Partage tes exp\u00e9riences et \u00e9change avec d\u2019autres personnes. Beaucoup plus de gens qu\u2019on pense vivent le m\u00eame genre de situation.<\/p>\n<\/div>\n<\/div>\n\n\n\n<hr class=\"wp-block-separator has-alpha-channel-opacity is-style-wide\"\/>\n\n\n\n<div class=\"wp-block-columns is-style-accordion has-background-background-color has-background is-layout-flex wp-container-core-columns-is-layout-9d6595d7 wp-block-columns-is-layout-flex\">\n<div class=\"wp-block-column has-background-background-color has-background is-layout-flow wp-block-column-is-layout-flow\">\n<p class=\"has-foreground-color has-text-color has-link-color wp-elements-259a2dd674ad7758e18e3d3a78966745\"><strong><strong>Pose des limites<\/strong><\/strong><\/p>\n<\/div>\n\n\n\n<div class=\"wp-block-column is-layout-flow wp-block-column-is-layout-flow\">\n<p class=\"is-style-default\">N\u2019accepte pas des r\u00e9unions t\u00f4t le matin ou tard le soir, m\u00eame si elles se d\u00e9roulent en ligne. Ne travaille pas pendant tes heures libres et ne cherche pas \u00e0 effectuer du travail de care \u00ab&nbsp;accessoirement&nbsp;\u00bb. Inscris tes obligations de <em>care<\/em> dans ton agenda. C\u2019est l\u00e9gitime et cela rend visible le travail non r\u00e9mun\u00e9r\u00e9.<\/p>\n<\/div>\n<\/div>\n\n\n\n<hr class=\"wp-block-separator has-alpha-channel-opacity is-style-wide\"\/>\n\n\n\n<div class=\"wp-block-columns is-style-accordion has-background-background-color has-background is-layout-flex wp-container-core-columns-is-layout-9d6595d7 wp-block-columns-is-layout-flex\">\n<div class=\"wp-block-column has-background-background-color has-background is-layout-flow wp-block-column-is-layout-flow\">\n<p class=\"has-foreground-color has-text-color has-link-color wp-elements-0b270928babe718faaca431adf055097\"><strong><strong>Utilise tes droits<\/strong><\/strong><\/p>\n<\/div>\n\n\n\n<div class=\"wp-block-column is-layout-flow wp-block-column-is-layout-flow\">\n<p class=\"is-style-default\">Informe-toi sur le contenu de ton contrat de travail ou de ta CCT, et revendique tes droits. Tu as droit \u00e0 des jours de cong\u00e9 pour t\u2019occuper de proches ou d\u2019enfants malades. Si des horaires de travail flexibles sont pr\u00e9vus, tu peux en faire r\u00e9ellement usage.<\/p>\n<\/div>\n<\/div>\n\n\n\n<hr class=\"wp-block-separator has-alpha-channel-opacity is-style-wide\"\/>\n\n\n\n<div class=\"wp-block-columns is-style-accordion has-background-background-color has-background is-layout-flex wp-container-core-columns-is-layout-9d6595d7 wp-block-columns-is-layout-flex\">\n<div class=\"wp-block-column has-background-background-color has-background is-layout-flow wp-block-column-is-layout-flow\">\n<p class=\"has-foreground-color has-text-color has-link-color wp-elements-62a48d0371ee686d62a4174706beefad\"><strong><strong>Fa\u00e7onne tes conditions de travail<\/strong><\/strong><\/p>\n<\/div>\n\n\n\n<div class=\"wp-block-column is-layout-flow wp-block-column-is-layout-flow\">\n<p class=\"is-style-default\">Engage-toi. Des th\u00e8mes comme la garde d\u2019enfants, les jours libres, les horaires de travail flexibles ou le cong\u00e9 parental peuvent \u00eatre r\u00e9gl\u00e9s par exemple dans des conventions collectives de travail. Tu peux contribuer \u00e0 fa\u00e7onner tes conditions de travail.<\/p>\n<\/div>\n<\/div>\n\n\n\n<hr class=\"wp-block-separator has-alpha-channel-opacity is-style-wide\"\/>\n\n\n\n<div class=\"wp-block-columns is-style-accordion has-background-background-color has-background is-layout-flex wp-container-core-columns-is-layout-9d6595d7 wp-block-columns-is-layout-flex\">\n<div class=\"wp-block-column has-background-background-color has-background is-layout-flow wp-block-column-is-layout-flow\">\n<p class=\"has-foreground-color has-text-color has-link-color wp-elements-1600cc54c914bd85b226dcd5681b2121\"><strong><strong>Syndique-toi<\/strong><\/strong><\/p>\n<\/div>\n\n\n\n<div class=\"wp-block-column is-layout-flow wp-block-column-is-layout-flow\">\n<p class=\"is-style-default\">Parle avec tes coll\u00e8gues de d\u00e9fis communs. Ensemble, il est possible de trouver et d\u2019imposer des solutions. Le travail de care n\u2019est pas un probl\u00e8me individuel, mais un probl\u00e8me structurel.<\/p>\n<\/div>\n<\/div>\n\n\n\n<hr class=\"wp-block-separator has-alpha-channel-opacity is-style-wide\"\/>\n<\/div>\n\n\n\n<p>Le care, ce n\u2019est pas un probl\u00e8me individuel.<\/p>\n\n\n\n<h3 class=\"wp-block-heading\">Les prochaines \u00e9tapes&nbsp;?<\/h3>\n\n\n\n<p>Nous nous engageons pour que le travail de care devienne visible et pour qu\u2019il soit r\u00e9parti de mani\u00e8re plus \u00e9quitable.<\/p>\n\n\n\n<p>La gr\u00e8ve f\u00e9ministe fait partie de cet engagement.<\/p>\n<\/div>\n<\/div>\n\n\n\n<div class=\"wp-block-group alignfull has-background-color has-rosa-background-color has-text-color has-background has-link-color wp-elements-2f9fc23df76c984ce4bad74ef575443b is-layout-constrained wp-block-group-is-layout-constrained\">\n<div class=\"wp-block-group is-style-narrow is-layout-constrained wp-block-group-is-layout-constrained\">\n<h2 class=\"wp-block-heading has-text-align-center\"><strong>Engage-toi avec nous pour l\u2019\u00e9galit\u00e9  !<\/strong><\/h2>\n\n\n\n<p class=\"has-text-align-center\"><a href=\"mailto:gleichstellung@syndicom.ch\"><mark style=\"background-color:rgba(0, 0, 0, 0)\" class=\"has-inline-color has-background-color\"><strong>N&rsquo;h\u00e9site pas \u00e0 nous envoyer un message !<\/strong><\/mark><\/a><\/p>\n<\/div>\n<\/div>\n\n\n\n<div class=\"wp-block-group alignfull has-background-background-color has-background is-layout-constrained wp-block-group-is-layout-constrained\">\n<div class=\"wp-block-group is-style-narrow is-layout-constrained wp-block-group-is-layout-constrained\">\n<h2 class=\"wp-block-heading has-text-align-center has-background-color has-rosa-background-color has-text-color has-background has-link-color wp-elements-24853b2fbae452c859550692e5244bfc\" id=\"revendications\"><strong><strong><strong>Nos revendications<\/strong><\/strong><\/strong><\/h2>\n\n\n\n<h3 class=\"wp-block-heading\"><strong><strong>Salaire !<\/strong><\/strong><\/h3>\n\n\n\n<ul class=\"wp-block-list\">\n<li class=\"is-style-check\">Salaire \u00e9gal pour travail \u00e9gal<\/li>\n\n\n\n<li class=\"is-style-check\">Transparence salariale et droits de contr\u00f4le pour les syndicats et les commissions du personnel<\/li>\n\n\n\n<li class=\"is-style-check\">Conventions collectives de travail dans toutes les branches<\/li>\n\n\n\n<li class=\"is-style-check\">Meilleures rentes plut\u00f4t que leur d\u00e9mant\u00e8lement, aussi pour les personnes \u00e0 temps partiel<\/li>\n<\/ul>\n\n\n\n<p><\/p>\n\n\n\n<h3 class=\"wp-block-heading\"><strong><strong>Temps !<\/strong><\/strong><\/h3>\n\n\n\n<ul class=\"wp-block-list\">\n<li class=\"is-style-check\">Droit \u00e0 une r\u00e9duction temporaire du taux d&rsquo;occupation<\/li>\n\n\n\n<li class=\"is-style-check\">Cong\u00e9 parental plus long<\/li>\n\n\n\n<li class=\"is-style-check\">Garde d&rsquo;enfants en entreprise ou soutien financier<\/li>\n\n\n\n<li class=\"is-style-check\">Horaires de travail planifiables, adapt\u00e9s aux familles avec mod\u00e8les flexibles<\/li>\n<\/ul>\n\n\n\n<p><\/p>\n\n\n\n<h3 class=\"wp-block-heading\"><strong><strong>Respect !<\/strong><\/strong><\/h3>\n\n\n\n<ul class=\"wp-block-list\">\n<li class=\"is-style-check\">Tol\u00e9rance z\u00e9ro face au sexisme, \u00e0 la violence sexualis\u00e9e et au harc\u00e8lement<\/li>\n\n\n\n<li class=\"is-style-check\">Concepts de pr\u00e9vention et de sanction dans les entreprises<\/li>\n\n\n\n<li class=\"is-style-check\">Promotion et soutien cibl\u00e9s de FINTAQ dans les entreprises<\/li>\n\n\n\n<li class=\"is-style-check\">Une meilleure protection de la sant\u00e9 sur le lieu de travail<\/li>\n\n\n\n<li class=\"is-style-check\">Prise en compte du travail de care dans le syst\u00e8me salarial<\/li>\n<\/ul>\n<\/div>\n<\/div>\n\n\n\n<div class=\"wp-block-group alignfull has-background-background-color has-background is-layout-constrained wp-block-group-is-layout-constrained\">\n<div class=\"wp-block-group is-style-narrow is-layout-constrained wp-block-group-is-layout-constrained\">\n<h2 class=\"wp-block-heading has-text-align-center has-background-color has-rosa-background-color has-text-color has-background has-link-color wp-elements-3399825dbe7cddaba164be77262078c0\" id=\"reportages\">Contextes et reportages :<br>Le magazine rend compte<\/h2>\n\n\n\n<p class=\"has-text-align-center\" id=\"reportagen\"><\/p>\n\n\n\n<div data-wp-context=\"{}\" data-wp-interactive=\"core\/query\" data-wp-key=\"11\" data-wp-router-region=\"query-11\" class=\"wp-block-query alignfull is-layout-flow wp-block-query-is-layout-flow\">\n<div class=\"wp-block-group alignwide is-style-default is-layout-constrained wp-block-group-is-layout-constrained\"><ul class=\"columns-3 alignwide wp-block-post-template is-layout-grid wp-container-core-post-template-is-layout-2f3213d7 wp-block-post-template-is-layout-grid\"><li data-wp-key=\"post-template-item-54298\" class=\"wp-block-post post-54298 syn_magazine type-syn_magazine status-publish has-post-thumbnail hentry syn_magazine_category-egalite\">\n\n<div class=\"wp-block-media-text is-stacked-on-mobile is-style-logo has-background-background-color has-background\"><figure class=\"wp-block-media-text__media\"><\/figure><div class=\"wp-block-media-text__content\"><div class=\"has-text-align-right has-link-color wp-elements-7c87a679c4c3f9b0e01a5f088fd4271d wp-block-post-date has-text-color has-foreground-color\"><time datetime=\"2026-01-12T10:56:54+01:00\">12.1.2026<\/time><\/div>\n\n\n<div class=\"wp-block-cover is-light is-style-default\" style=\"min-height:270px;aspect-ratio:unset;\"><span aria-hidden=\"true\" class=\"wp-block-cover__background has-background-background-color has-background-dim-40 has-background-dim\"><\/span><img loading=\"lazy\" decoding=\"async\" width=\"1181\" height=\"788\" src=\"https:\/\/syndicom.ch\/app\/uploads\/2026\/01\/gewerkschaft-syndicom-femkongress-sgb-2025.jpg\" class=\"wp-block-cover__image-background wp-post-image\" alt=\"\" data-object-fit=\"cover\" data-object-position=\"44% 50%\" style=\"object-position:44% 50%;\" srcset=\"https:\/\/syndicom.ch\/app\/uploads\/2026\/01\/gewerkschaft-syndicom-femkongress-sgb-2025.jpg 1181w, https:\/\/syndicom.ch\/app\/uploads\/2026\/01\/gewerkschaft-syndicom-femkongress-sgb-2025-300x200.jpg 300w, https:\/\/syndicom.ch\/app\/uploads\/2026\/01\/gewerkschaft-syndicom-femkongress-sgb-2025-1024x683.jpg 1024w, https:\/\/syndicom.ch\/app\/uploads\/2026\/01\/gewerkschaft-syndicom-femkongress-sgb-2025-768x512.jpg 768w\" sizes=\"auto, (max-width: 1181px) 100vw, 1181px\" \/><div class=\"wp-block-cover__inner-container is-layout-constrained wp-block-cover-is-layout-constrained\">\n<p><br><br><\/p>\n\n\n<h3 class=\"has-text-align-left has-link-color alignwide wp-elements-f46cbe21f6e3b1156f862cc5a4549c11 wp-block-post-title has-text-color has-primary-color has-background has-background-background-color\"><a href=\"https:\/\/syndicom.ch\/fr\/magazine\/congres-feministe-uss-2025\/\" target=\"_blank\" >Congr\u00e8s f\u00e9ministe USS 2025<\/a><\/h3><\/div><\/div>\n\n\n<a href=\"https:\/\/syndicom.ch\/fr\/magazine\/congres-feministe-uss-2025\/\"><\/a><div class=\"syn-post-terms\" style=\"display: none\"><a href=\"#\" class=\"syn-post-terms__link\" data-term-id=\"328\">\u00c9galit\u00e9<\/a> <\/div>\n\n<\/div><\/div>\n\n<\/li><li data-wp-key=\"post-template-item-52082\" class=\"wp-block-post post-52082 syn_magazine type-syn_magazine status-publish has-post-thumbnail hentry syn_magazine_category-egalite\">\n\n<div class=\"wp-block-media-text is-stacked-on-mobile is-style-logo has-background-background-color has-background\"><figure class=\"wp-block-media-text__media\"><\/figure><div class=\"wp-block-media-text__content\"><div class=\"has-text-align-right has-link-color wp-elements-7c87a679c4c3f9b0e01a5f088fd4271d wp-block-post-date has-text-color has-foreground-color\"><time datetime=\"2025-12-05T14:58:56+01:00\">5.12.2025<\/time><\/div>\n\n\n<div class=\"wp-block-cover is-light is-style-default\" style=\"min-height:270px;aspect-ratio:unset;\"><span aria-hidden=\"true\" class=\"wp-block-cover__background has-background-background-color has-background-dim-40 has-background-dim\"><\/span><img loading=\"lazy\" decoding=\"async\" width=\"2560\" height=\"1920\" src=\"https:\/\/syndicom.ch\/app\/uploads\/2025\/12\/gewerkschaft-syndicom-workshop-renten-grif-scaled.jpg\" class=\"wp-block-cover__image-background wp-post-image\" alt=\"\" data-object-fit=\"cover\" data-object-position=\"44% 50%\" style=\"object-position:44% 50%;\" srcset=\"https:\/\/syndicom.ch\/app\/uploads\/2025\/12\/gewerkschaft-syndicom-workshop-renten-grif-scaled.jpg 2560w, https:\/\/syndicom.ch\/app\/uploads\/2025\/12\/gewerkschaft-syndicom-workshop-renten-grif-300x225.jpg 300w, https:\/\/syndicom.ch\/app\/uploads\/2025\/12\/gewerkschaft-syndicom-workshop-renten-grif-1024x768.jpg 1024w, https:\/\/syndicom.ch\/app\/uploads\/2025\/12\/gewerkschaft-syndicom-workshop-renten-grif-768x576.jpg 768w, https:\/\/syndicom.ch\/app\/uploads\/2025\/12\/gewerkschaft-syndicom-workshop-renten-grif-1536x1152.jpg 1536w, https:\/\/syndicom.ch\/app\/uploads\/2025\/12\/gewerkschaft-syndicom-workshop-renten-grif-2048x1536.jpg 2048w\" sizes=\"auto, (max-width: 2560px) 100vw, 2560px\" \/><div class=\"wp-block-cover__inner-container is-layout-constrained wp-block-cover-is-layout-constrained\">\n<p><br><br><\/p>\n\n\n<h3 class=\"has-text-align-left has-link-color alignwide wp-elements-f46cbe21f6e3b1156f862cc5a4549c11 wp-block-post-title has-text-color has-primary-color has-background has-background-background-color\"><a href=\"https:\/\/syndicom.ch\/fr\/magazine\/retraite-des-femmes\/\" target=\"_blank\" >\u00ab\u2009Les femmes doivent savoir qu\u2019elles ne sont pas coupables des lacunes dans leur pr\u00e9voyance\u2009!\u2009\u00bb<\/a><\/h3><\/div><\/div>\n\n\n<a href=\"https:\/\/syndicom.ch\/fr\/magazine\/retraite-des-femmes\/\"><\/a><div class=\"syn-post-terms\" style=\"display: none\"><a href=\"#\" class=\"syn-post-terms__link\" data-term-id=\"328\">\u00c9galit\u00e9<\/a> <\/div>\n\n<\/div><\/div>\n\n<\/li><li data-wp-key=\"post-template-item-46738\" class=\"wp-block-post post-46738 syn_magazine type-syn_magazine status-publish has-post-thumbnail hentry syn_magazine_category-egalite\">\n\n<div class=\"wp-block-media-text is-stacked-on-mobile is-style-logo has-background-background-color has-background\"><figure class=\"wp-block-media-text__media\"><\/figure><div class=\"wp-block-media-text__content\"><div class=\"has-text-align-right has-link-color wp-elements-7c87a679c4c3f9b0e01a5f088fd4271d wp-block-post-date has-text-color has-foreground-color\"><time datetime=\"2025-08-28T15:51:04+02:00\">28.8.2025<\/time><\/div>\n\n\n<div class=\"wp-block-cover is-light is-style-default\" style=\"min-height:270px;aspect-ratio:unset;\"><span aria-hidden=\"true\" class=\"wp-block-cover__background has-background-background-color has-background-dim-40 has-background-dim\"><\/span><img loading=\"lazy\" decoding=\"async\" width=\"2560\" height=\"2560\" src=\"https:\/\/syndicom.ch\/app\/uploads\/2025\/08\/gewerkschaft-syndicom-grafik-carearbeit-scaled.png\" class=\"wp-block-cover__image-background wp-post-image\" alt=\"\" data-object-fit=\"cover\" data-object-position=\"44% 50%\" style=\"object-position:44% 50%;\" srcset=\"https:\/\/syndicom.ch\/app\/uploads\/2025\/08\/gewerkschaft-syndicom-grafik-carearbeit-scaled.png 2560w, https:\/\/syndicom.ch\/app\/uploads\/2025\/08\/gewerkschaft-syndicom-grafik-carearbeit-300x300.png 300w, https:\/\/syndicom.ch\/app\/uploads\/2025\/08\/gewerkschaft-syndicom-grafik-carearbeit-1024x1024.png 1024w, https:\/\/syndicom.ch\/app\/uploads\/2025\/08\/gewerkschaft-syndicom-grafik-carearbeit-150x150.png 150w, https:\/\/syndicom.ch\/app\/uploads\/2025\/08\/gewerkschaft-syndicom-grafik-carearbeit-768x768.png 768w, https:\/\/syndicom.ch\/app\/uploads\/2025\/08\/gewerkschaft-syndicom-grafik-carearbeit-1536x1536.png 1536w, https:\/\/syndicom.ch\/app\/uploads\/2025\/08\/gewerkschaft-syndicom-grafik-carearbeit-2048x2048.png 2048w\" sizes=\"auto, (max-width: 2560px) 100vw, 2560px\" \/><div class=\"wp-block-cover__inner-container is-layout-constrained wp-block-cover-is-layout-constrained\">\n<p><br><br><\/p>\n\n\n<h3 class=\"has-text-align-left has-link-color alignwide wp-elements-f46cbe21f6e3b1156f862cc5a4549c11 wp-block-post-title has-text-color has-primary-color has-background has-background-background-color\"><a href=\"https:\/\/syndicom.ch\/fr\/magazine\/payer-le-care-a-sa-juste-valeur\/\" target=\"_blank\" >Payer le care\u2009\u00e0 sa juste valeur<\/a><\/h3><\/div><\/div>\n\n\n<a href=\"https:\/\/syndicom.ch\/fr\/magazine\/payer-le-care-a-sa-juste-valeur\/\"><\/a><div class=\"syn-post-terms\" style=\"display: none\"><a href=\"#\" class=\"syn-post-terms__link\" data-term-id=\"328\">\u00c9galit\u00e9<\/a> <\/div>\n\n<\/div><\/div>\n\n<\/li><\/ul><\/div>\n\n\n<nav class=\"has-link-color aligncenter wp-elements-45c78e18884f5b0a3d3f1b788580704f wp-block-query-pagination has-text-color has-background-color has-background has-background-background-color is-horizontal is-content-justification-center is-layout-flex wp-container-core-query-pagination-is-layout-2f0dc101 wp-block-query-pagination-is-layout-flex\" aria-label=\"Pagination\">\n\n\n<div class=\"wp-block-query-pagination-numbers\"><span data-wp-key=\"index-0\" aria-current=\"page\" class=\"page-numbers current\">1<\/span>\n<a data-wp-key=\"index-1\" data-wp-on--click=\"core\/query::actions.navigate\" class=\"page-numbers\" href=\"?query-11-page=2\">2<\/a><\/div>\n\n<a data-wp-key=\"query-pagination-next\" data-wp-on--click=\"core\/query::actions.navigate\" data-wp-on--mouseenter=\"core\/query::actions.prefetch\" data-wp-watch=\"core\/query::callbacks.prefetch\" href=\"\/fr\/wp-json\/wp\/v2\/pages\/5841?query-11-page=2\" class=\"wp-block-query-pagination-next\">Page suivante<span class='wp-block-query-pagination-next-arrow is-arrow-chevron' aria-hidden='true'>\u00bb<\/span><\/a>\n<\/nav>\n\n<\/div>\n<\/div>\n<\/div>\n\n\n","protected":false},"excerpt":{"rendered":"<p>L\u2019\u00e9galit\u00e9 n\u2019est pas un \u00e9v\u00e9nement ponctuel \u2013 c\u2019est une t\u00e2che permanente L\u2019\u00e9galit\u00e9 ne vas pas de soi. 8 mars, 14 juin, quotidiennement : nous nous engageons et revendiquons les m\u00eames droits pour toutes les personnes. Mais nous devons montrer et faire entendre nos revendications de mani\u00e8re visible. Rejoins-nous et lutte avec nous pour l\u2019\u00e9galit\u00e9 ! [&hellip;]<\/p>\n","protected":false},"author":2,"featured_media":0,"parent":0,"menu_order":0,"comment_status":"closed","ping_status":"closed","template":"","meta":{"_acf_changed":false,"inline_featured_image":false,"_coblocks_attr":"","_coblocks_dimensions":"","_coblocks_responsive_height":"","_coblocks_accordion_ie_support":"","footnotes":""},"categories":[],"class_list":["post-5841","page","type-page","status-publish","hentry"],"acf":[],"yoast_head":"<!-- This site is optimized with the Yoast SEO plugin v27.3 - https:\/\/yoast.com\/product\/yoast-seo-wordpress\/ -->\n<title>\u00c9galit\u00e9 - syndicom<\/title>\n<meta name=\"description\" content=\"Ton affiliation compte et fait la diff\u00e9rence! Souhaites-tu t\u2019impliquer au sein d\u2019un groupe de syndicom pour l\u2019\u00e9galit\u00e9 ou en apprendre plus?\" \/>\n<meta name=\"robots\" content=\"index, follow, max-snippet:-1, max-image-preview:large, max-video-preview:-1\" \/>\n<link rel=\"canonical\" href=\"https:\/\/syndicom.ch\/fr\/femmes\/\" \/>\n<link rel=\"next\" href=\"https:\/\/syndicom.ch\/fr\/femmes\/5841\/?query-11-page=2\" \/>\n<meta property=\"og:locale\" content=\"fr_FR\" \/>\n<meta property=\"og:type\" content=\"article\" \/>\n<meta property=\"og:title\" content=\"\u00c9galit\u00e9 - syndicom\" \/>\n<meta property=\"og:description\" content=\"Ton affiliation compte et fait la diff\u00e9rence! Souhaites-tu t\u2019impliquer au sein d\u2019un groupe de syndicom pour l\u2019\u00e9galit\u00e9 ou en apprendre plus?\" \/>\n<meta property=\"og:url\" content=\"https:\/\/syndicom.ch\/fr\/femmes\/\" \/>\n<meta property=\"og:site_name\" content=\"syndicom\" \/>\n<meta property=\"article:modified_time\" content=\"2026-04-30T14:07:36+00:00\" \/>\n<meta property=\"og:image\" content=\"https:\/\/syndicom.ch\/app\/uploads\/2025\/11\/gewerkschaft-syndicom-femkongress-sgb-2025-aktion-1024x678.jpg\" \/>\n<meta name=\"twitter:card\" content=\"summary_large_image\" \/>\n<meta name=\"twitter:label1\" content=\"Dur\u00e9e de lecture estim\u00e9e\" \/>\n\t<meta name=\"twitter:data1\" content=\"7 minutes\" \/>\n<script type=\"application\/ld+json\" class=\"yoast-schema-graph\">{\"@context\":\"https:\\\/\\\/schema.org\",\"@graph\":[{\"@type\":\"WebPage\",\"@id\":\"https:\\\/\\\/syndicom.ch\\\/fr\\\/femmes\\\/\",\"url\":\"https:\\\/\\\/syndicom.ch\\\/fr\\\/femmes\\\/\",\"name\":\"\u00c9galit\u00e9 - syndicom\",\"isPartOf\":{\"@id\":\"https:\\\/\\\/syndicom.ch\\\/fr\\\/#website\"},\"primaryImageOfPage\":{\"@id\":\"https:\\\/\\\/syndicom.ch\\\/fr\\\/femmes\\\/#primaryimage\"},\"image\":{\"@id\":\"https:\\\/\\\/syndicom.ch\\\/fr\\\/femmes\\\/#primaryimage\"},\"thumbnailUrl\":\"https:\\\/\\\/syndicom.ch\\\/app\\\/uploads\\\/2025\\\/11\\\/gewerkschaft-syndicom-femkongress-sgb-2025-aktion-1024x678.jpg\",\"datePublished\":\"2024-07-24T13:00:45+00:00\",\"dateModified\":\"2026-04-30T14:07:36+00:00\",\"description\":\"Ton affiliation compte et fait la diff\u00e9rence! Souhaites-tu t\u2019impliquer au sein d\u2019un groupe de syndicom pour l\u2019\u00e9galit\u00e9 ou en apprendre plus?\",\"breadcrumb\":{\"@id\":\"https:\\\/\\\/syndicom.ch\\\/fr\\\/femmes\\\/#breadcrumb\"},\"inLanguage\":\"fr-FR\",\"potentialAction\":[{\"@type\":\"ReadAction\",\"target\":[\"https:\\\/\\\/syndicom.ch\\\/fr\\\/femmes\\\/\"]}]},{\"@type\":\"ImageObject\",\"inLanguage\":\"fr-FR\",\"@id\":\"https:\\\/\\\/syndicom.ch\\\/fr\\\/femmes\\\/#primaryimage\",\"url\":\"https:\\\/\\\/syndicom.ch\\\/app\\\/uploads\\\/2025\\\/11\\\/gewerkschaft-syndicom-femkongress-sgb-2025-aktion-1024x678.jpg\",\"contentUrl\":\"https:\\\/\\\/syndicom.ch\\\/app\\\/uploads\\\/2025\\\/11\\\/gewerkschaft-syndicom-femkongress-sgb-2025-aktion-1024x678.jpg\"},{\"@type\":\"BreadcrumbList\",\"@id\":\"https:\\\/\\\/syndicom.ch\\\/fr\\\/femmes\\\/#breadcrumb\",\"itemListElement\":[{\"@type\":\"ListItem\",\"position\":1,\"name\":\"Page d'accueil\",\"item\":\"https:\\\/\\\/syndicom.ch\\\/fr\\\/\"},{\"@type\":\"ListItem\",\"position\":2,\"name\":\"\u00c9galit\u00e9\"}]},{\"@type\":\"WebSite\",\"@id\":\"https:\\\/\\\/syndicom.ch\\\/fr\\\/#website\",\"url\":\"https:\\\/\\\/syndicom.ch\\\/fr\\\/\",\"name\":\"syndicom\",\"description\":\"\",\"publisher\":{\"@id\":\"https:\\\/\\\/syndicom.ch\\\/fr\\\/#organization\"},\"potentialAction\":[{\"@type\":\"SearchAction\",\"target\":{\"@type\":\"EntryPoint\",\"urlTemplate\":\"https:\\\/\\\/syndicom.ch\\\/fr\\\/?s={search_term_string}\"},\"query-input\":{\"@type\":\"PropertyValueSpecification\",\"valueRequired\":true,\"valueName\":\"search_term_string\"}}],\"inLanguage\":\"fr-FR\"},{\"@type\":\"Organization\",\"@id\":\"https:\\\/\\\/syndicom.ch\\\/fr\\\/#organization\",\"name\":\"syndicom\",\"url\":\"https:\\\/\\\/syndicom.ch\\\/fr\\\/\",\"logo\":{\"@type\":\"ImageObject\",\"inLanguage\":\"fr-FR\",\"@id\":\"https:\\\/\\\/syndicom.ch\\\/fr\\\/#\\\/schema\\\/logo\\\/image\\\/\",\"url\":\"https:\\\/\\\/syndicom.ch\\\/app\\\/uploads\\\/2024\\\/06\\\/logo.svg\",\"contentUrl\":\"https:\\\/\\\/syndicom.ch\\\/app\\\/uploads\\\/2024\\\/06\\\/logo.svg\",\"width\":297,\"height\":51,\"caption\":\"syndicom\"},\"image\":{\"@id\":\"https:\\\/\\\/syndicom.ch\\\/fr\\\/#\\\/schema\\\/logo\\\/image\\\/\"}}]}<\/script>\n<!-- \/ Yoast SEO plugin. -->","yoast_head_json":{"title":"\u00c9galit\u00e9 - syndicom","description":"Ton affiliation compte et fait la diff\u00e9rence! Souhaites-tu t\u2019impliquer au sein d\u2019un groupe de syndicom pour l\u2019\u00e9galit\u00e9 ou en apprendre plus?","robots":{"index":"index","follow":"follow","max-snippet":"max-snippet:-1","max-image-preview":"max-image-preview:large","max-video-preview":"max-video-preview:-1"},"canonical":"https:\/\/syndicom.ch\/fr\/femmes\/","next":"https:\/\/syndicom.ch\/fr\/femmes\/5841?query-11-page=2","og_locale":"fr_FR","og_type":"article","og_title":"\u00c9galit\u00e9 - syndicom","og_description":"Ton affiliation compte et fait la diff\u00e9rence! Souhaites-tu t\u2019impliquer au sein d\u2019un groupe de syndicom pour l\u2019\u00e9galit\u00e9 ou en apprendre plus?","og_url":"https:\/\/syndicom.ch\/fr\/femmes\/","og_site_name":"syndicom","article_modified_time":"2026-04-30T14:07:36+00:00","og_image":[{"url":"https:\/\/syndicom.ch\/app\/uploads\/2025\/11\/gewerkschaft-syndicom-femkongress-sgb-2025-aktion-1024x678.jpg","type":"","width":"","height":""}],"twitter_card":"summary_large_image","twitter_misc":{"Dur\u00e9e de lecture estim\u00e9e":"7 minutes"},"schema":{"@context":"https:\/\/schema.org","@graph":[{"@type":"WebPage","@id":"https:\/\/syndicom.ch\/fr\/femmes\/","url":"https:\/\/syndicom.ch\/fr\/femmes\/","name":"\u00c9galit\u00e9 - syndicom","isPartOf":{"@id":"https:\/\/syndicom.ch\/fr\/#website"},"primaryImageOfPage":{"@id":"https:\/\/syndicom.ch\/fr\/femmes\/#primaryimage"},"image":{"@id":"https:\/\/syndicom.ch\/fr\/femmes\/#primaryimage"},"thumbnailUrl":"https:\/\/syndicom.ch\/app\/uploads\/2025\/11\/gewerkschaft-syndicom-femkongress-sgb-2025-aktion-1024x678.jpg","datePublished":"2024-07-24T13:00:45+00:00","dateModified":"2026-04-30T14:07:36+00:00","description":"Ton affiliation compte et fait la diff\u00e9rence! Souhaites-tu t\u2019impliquer au sein d\u2019un groupe de syndicom pour l\u2019\u00e9galit\u00e9 ou en apprendre plus?","breadcrumb":{"@id":"https:\/\/syndicom.ch\/fr\/femmes\/#breadcrumb"},"inLanguage":"fr-FR","potentialAction":[{"@type":"ReadAction","target":["https:\/\/syndicom.ch\/fr\/femmes\/"]}]},{"@type":"ImageObject","inLanguage":"fr-FR","@id":"https:\/\/syndicom.ch\/fr\/femmes\/#primaryimage","url":"https:\/\/syndicom.ch\/app\/uploads\/2025\/11\/gewerkschaft-syndicom-femkongress-sgb-2025-aktion-1024x678.jpg","contentUrl":"https:\/\/syndicom.ch\/app\/uploads\/2025\/11\/gewerkschaft-syndicom-femkongress-sgb-2025-aktion-1024x678.jpg"},{"@type":"BreadcrumbList","@id":"https:\/\/syndicom.ch\/fr\/femmes\/#breadcrumb","itemListElement":[{"@type":"ListItem","position":1,"name":"Page d'accueil","item":"https:\/\/syndicom.ch\/fr\/"},{"@type":"ListItem","position":2,"name":"\u00c9galit\u00e9"}]},{"@type":"WebSite","@id":"https:\/\/syndicom.ch\/fr\/#website","url":"https:\/\/syndicom.ch\/fr\/","name":"syndicom","description":"","publisher":{"@id":"https:\/\/syndicom.ch\/fr\/#organization"},"potentialAction":[{"@type":"SearchAction","target":{"@type":"EntryPoint","urlTemplate":"https:\/\/syndicom.ch\/fr\/?s={search_term_string}"},"query-input":{"@type":"PropertyValueSpecification","valueRequired":true,"valueName":"search_term_string"}}],"inLanguage":"fr-FR"},{"@type":"Organization","@id":"https:\/\/syndicom.ch\/fr\/#organization","name":"syndicom","url":"https:\/\/syndicom.ch\/fr\/","logo":{"@type":"ImageObject","inLanguage":"fr-FR","@id":"https:\/\/syndicom.ch\/fr\/#\/schema\/logo\/image\/","url":"https:\/\/syndicom.ch\/app\/uploads\/2024\/06\/logo.svg","contentUrl":"https:\/\/syndicom.ch\/app\/uploads\/2024\/06\/logo.svg","width":297,"height":51,"caption":"syndicom"},"image":{"@id":"https:\/\/syndicom.ch\/fr\/#\/schema\/logo\/image\/"}}]}},"_links":{"self":[{"href":"https:\/\/syndicom.ch\/fr\/wp-json\/wp\/v2\/pages\/5841","targetHints":{"allow":["GET"]}}],"collection":[{"href":"https:\/\/syndicom.ch\/fr\/wp-json\/wp\/v2\/pages"}],"about":[{"href":"https:\/\/syndicom.ch\/fr\/wp-json\/wp\/v2\/types\/page"}],"author":[{"embeddable":true,"href":"https:\/\/syndicom.ch\/fr\/wp-json\/wp\/v2\/users\/2"}],"replies":[{"embeddable":true,"href":"https:\/\/syndicom.ch\/fr\/wp-json\/wp\/v2\/comments?post=5841"}],"version-history":[{"count":52,"href":"https:\/\/syndicom.ch\/fr\/wp-json\/wp\/v2\/pages\/5841\/revisions"}],"predecessor-version":[{"id":62004,"href":"https:\/\/syndicom.ch\/fr\/wp-json\/wp\/v2\/pages\/5841\/revisions\/62004"}],"wp:attachment":[{"href":"https:\/\/syndicom.ch\/fr\/wp-json\/wp\/v2\/media?parent=5841"}],"wp:term":[{"taxonomy":"category","embeddable":true,"href":"https:\/\/syndicom.ch\/fr\/wp-json\/wp\/v2\/categories?post=5841"}],"curies":[{"name":"wp","href":"https:\/\/api.w.org\/{rel}","templated":true}]}}