{"id":5964,"date":"2024-07-25T17:58:41","date_gmt":"2024-07-25T15:58:41","guid":{"rendered":"https:\/\/projects.atxeit.ch\/syndicom\/?page_id=5964"},"modified":"2026-03-09T10:33:04","modified_gmt":"2026-03-09T09:33:04","slug":"campagnes","status":"publish","type":"page","link":"https:\/\/syndicom.ch\/fr\/campagnes\/","title":{"rendered":"Campagnes"},"content":{"rendered":"\n<div class=\"wp-block-group alignfull has-primary-background-color has-background is-layout-constrained wp-block-group-is-layout-constrained\">\n<div class=\"wp-block-group is-style-narrow is-layout-constrained wp-block-group-is-layout-constrained\">\n<h1 class=\"wp-block-heading has-background-color has-text-color has-link-color wp-elements-2cdf156a8c2e369af662a8dfa04e6d5d\"><strong>Ensemble, nous sommes fort-es<\/strong><\/h1>\n\n\n\n<div class=\"wp-block-columns is-layout-flex wp-container-core-columns-is-layout-9d6595d7 wp-block-columns-is-layout-flex\">\n<div class=\"wp-block-column is-layout-flow wp-block-column-is-layout-flow\" style=\"flex-basis:66.66%\">\n<p class=\"is-style-lead has-background-color has-text-color has-link-color wp-elements-c9f7ab0cf5013afbbb9047adfa096633\">En tant que syndicat, nous nous battons pour les int\u00e9r\u00eats et les droits des travailleur-euses.<\/p>\n<\/div>\n\n\n\n<div class=\"wp-block-column is-layout-flow wp-block-column-is-layout-flow\" style=\"flex-basis:33.33%\">\n<div class=\"wp-block-group is-vertical is-nowrap is-layout-flex wp-container-core-group-is-layout-fc43baa9 wp-block-group-is-layout-flex\">\n<p><\/p>\n<\/div>\n<\/div>\n<\/div>\n<\/div>\n<\/div>\n\n\n\n<div class=\"wp-block-group alignfull has-background-background-color has-background is-layout-constrained wp-block-group-is-layout-constrained\">\n<div class=\"wp-block-group is-style-narrow is-layout-constrained wp-block-group-is-layout-constrained\">\n<h2 class=\"wp-block-heading\" id=\"Kampagnen-Sektor-Logistik\"><strong>Nos campagnes actuelles<\/strong><\/h2>\n\n\n\n<div class=\"wp-block-group is-style-slider is-autoplay is-style-narrow-mid is-layout-constrained wp-block-group-is-layout-constrained\">\n<div class=\"wp-block-media-text is-stacked-on-mobile is-style-stacked-spacious coblocks-animate\" data-coblocks-animation=\"zoomIn\"><figure class=\"wp-block-media-text__media\"><\/figure><div class=\"wp-block-media-text__content\">\n<h3 class=\"wp-block-heading has-foreground-color has-text-color has-link-color wp-elements-01c0095ce38a648c73c97f488452646a\"><strong><strong><strong><strong><strong><strong><strong><strong><strong><strong><strong>Renforcer cablex \u2013 garantir les emplois<\/strong><\/strong><\/strong><\/strong><\/strong><\/strong><\/strong><\/strong><\/strong><\/strong><\/strong><\/h3>\n\n\n\n<p>Avec notre p\u00e9tition, nous exigeons de Swisscom et de cablex qu\u2019ils mettent fin \u00e0 la pression ruineuse sur les prix, qu\u2019ils attribuent \u00e0 cablex des mandats couvrant les co\u00fbts et qu\u2019ils fassent preuve de transparence.<\/p>\n\n\n\n<div class=\"wp-block-buttons is-layout-flex wp-block-buttons-is-layout-flex\">\n<div class=\"wp-block-button is-style-outline is-style-outline--1\"><a class=\"wp-block-button__link has-primary-color has-primary-background-color has-text-color has-background has-link-color wp-element-button\" href=\"https:\/\/syndicom.ch\/fr\/campagnes\/petition-cablex-emplois\/\" target=\"_blank\" rel=\"noreferrer noopener\">Signer la p\u00e9tition<\/a><\/div>\n<\/div>\n<\/div><\/div>\n\n\n\n<div class=\"wp-block-media-text is-stacked-on-mobile is-style-stacked-spacious coblocks-animate\" data-coblocks-animation=\"zoomIn\"><figure class=\"wp-block-media-text__media\"><\/figure><div class=\"wp-block-media-text__content\">\n<div class=\"wp-block-group is-style-default is-nowrap is-layout-flex wp-container-core-group-is-layout-ad2f72ca wp-block-group-is-layout-flex\">\n<h3 class=\"wp-block-heading has-foreground-color has-text-color has-link-color wp-elements-5cb7b421fe6a53eebe1fde2869100c60\"><strong><strong><strong><strong><strong><strong><strong><strong><strong><strong><strong>Convention collective de travail (CCT) pour la presse<\/strong><\/strong><\/strong><\/strong><\/strong><\/strong><\/strong><\/strong><\/strong><\/strong><\/strong><\/h3>\n<\/div>\n\n\n\n<p class=\"is-style-default\">Une bonne CCT pour des m\u00e9dias de Suisse al\u00e9manique et du Tessin.<\/p>\n\n\n\n<div class=\"wp-block-buttons is-layout-flex wp-block-buttons-is-layout-flex\">\n<div class=\"wp-block-button is-style-outline is-style-outline--2\"><a class=\"wp-block-button__link has-primary-color has-primary-background-color has-text-color has-background has-link-color wp-element-button\" href=\"https:\/\/syndicom.ch\/fr\/campagnes\/cct-presse-suisse-alemanique-tessin\/\" target=\"_blank\" rel=\"noreferrer noopener\"><strong>Pourquoi une CCT ?<\/strong><\/a><\/div>\n<\/div>\n<\/div><\/div>\n<\/div>\n<\/div>\n<\/div>\n\n\n\n<div class=\"wp-block-group alignfull has-background-background-color has-background is-layout-constrained wp-block-group-is-layout-constrained\">\n<div class=\"wp-block-group is-style-narrow is-layout-constrained wp-block-group-is-layout-constrained\">\n<h2 class=\"wp-block-heading\"><strong><strong>Signe maintenant<\/strong><\/strong><\/h2>\n\n\n\n<p><\/p>\n<\/div>\n\n\n\n<div class=\"wp-block-group is-style-narrow is-layout-constrained wp-block-group-is-layout-constrained\">\n<div class=\"wp-block-group is-style-slider is-autoplay is-style-narrow-mid is-layout-constrained wp-block-group-is-layout-constrained\">\n<div class=\"wp-block-media-text alignwide is-stacked-on-mobile is-vertically-aligned-center is-style-default coblocks-animate\" style=\"grid-template-columns:26% auto\" data-coblocks-animation=\"zoomIn\"><figure class=\"wp-block-media-text__media\"><a href=\"https:\/\/syndicom.ch\/app\/uploads\/2026\/01\/syndicat-syndicom-initiative-loyers-feuille-signatures.pdf\" target=\"_blank\" rel=\" noreferrer noopener\"><img loading=\"lazy\" decoding=\"async\" width=\"384\" height=\"277\" src=\"https:\/\/syndicom.ch\/app\/uploads\/2026\/01\/syndicat-syndicom-initiative-loyers.jpg\" alt=\"\" class=\"wp-image-56312 size-full\" srcset=\"https:\/\/syndicom.ch\/app\/uploads\/2026\/01\/syndicat-syndicom-initiative-loyers.jpg 384w, https:\/\/syndicom.ch\/app\/uploads\/2026\/01\/syndicat-syndicom-initiative-loyers-300x216.jpg 300w\" sizes=\"auto, (max-width: 384px) 100vw, 384px\" \/><\/a><\/figure><div class=\"wp-block-media-text__content\">\n<h3 class=\"wp-block-heading\"><mark style=\"background-color:#ffffff\" class=\"has-inline-color has-foreground-color\"><a href=\"https:\/\/syndicom.ch\/app\/uploads\/2026\/01\/syndicat-syndicom-initiative-loyers-feuille-signatures.pdf\" target=\"_blank\" rel=\"noreferrer noopener nofollow\"><strong><strong><strong><strong><strong><strong><strong><strong><strong><strong><strong><strong><mark style=\"background-color:#ffffff\" class=\"has-inline-color has-foreground-color\">Pour des loyers justes et abordables<\/mark><\/strong><\/strong><\/strong><\/strong><\/strong><\/strong><\/strong><\/strong><\/strong><\/strong><\/strong><\/strong><\/a><\/mark><\/h3>\n\n\n\n<p>L&rsquo;initiative sur les loyers demande des v\u00e9rifications automatiques et r\u00e9guli\u00e8res des loyers.<\/p>\n\n\n\n<p><sup>Plus d&rsquo;infos sur : <a href=\"http:\/\/initiative-loyers.ch\" target=\"_blank\" rel=\"noreferrer noopener nofollow\">initiative-loyers.ch<\/a><\/sup><\/p>\n\n\n\n<div class=\"wp-block-buttons is-content-justification-center is-layout-flex wp-container-core-buttons-is-layout-16018d1d wp-block-buttons-is-layout-flex\">\n<div class=\"wp-block-button is-style-outline is-style-outline--3\"><a class=\"wp-block-button__link has-primary-color has-primary-background-color has-text-color has-background has-link-color has-text-align-left wp-element-button\" href=\"https:\/\/syndicom.ch\/app\/uploads\/2026\/01\/syndicat-syndicom-initiative-loyers-feuille-signatures.pdf\" target=\"_blank\" rel=\"noreferrer noopener nofollow\">Signe maintenant l&rsquo;initiative sur les loyers<\/a><\/div>\n<\/div>\n<\/div><\/div>\n<\/div>\n<\/div>\n<\/div>\n\n\n\n<div class=\"wp-block-group alignfull has-background-color has-primary-background-color has-text-color has-background has-link-color wp-elements-dd0ffc2463c83ef6514ee310ce50f6f2 is-layout-constrained wp-block-group-is-layout-constrained\">\n<div class=\"wp-block-group is-style-narrow is-layout-constrained wp-block-group-is-layout-constrained\">\n<figure class=\"wp-block-image aligncenter size-large box-icon\"><img loading=\"lazy\" decoding=\"async\" width=\"43\" height=\"44\" src=\"https:\/\/syndicom.ch\/app\/uploads\/2024\/07\/info-alert.svg\" alt=\"\" class=\"wp-image-897\"\/><\/figure>\n\n\n\n<h2 class=\"wp-block-heading has-text-align-center\">Nous comptons sur toi pour nos campagnes<\/h2>\n\n\n\n<p class=\"has-text-align-center\">Tu veux participer \u00e0 des manifestations ou t&rsquo;engager dans le travail syndical au sein de ton entreprise ou de ton groupe professionnel ?<\/p>\n\n\n\n<div class=\"wp-block-buttons is-content-justification-center is-layout-flex wp-container-core-buttons-is-layout-16018d1d wp-block-buttons-is-layout-flex\">\n<div class=\"wp-block-button\"><a class=\"wp-block-button__link wp-element-button\" href=\"https:\/\/syndicomweb.typeform.com\/to\/lliphJ8g\" target=\"_blank\" rel=\"noreferrer noopener nofollow\">Engage-toi!<\/a><\/div>\n\n\n\n<div class=\"wp-block-button is-style-outline is-style-outline--4\"><a class=\"wp-block-button__link wp-element-button\" href=\"https:\/\/syndicom.ch\/fr\/contact\/\" target=\"_blank\" rel=\"noreferrer noopener\">Des questions ? Contacte-nous.<\/a><\/div>\n<\/div>\n<\/div>\n<\/div>\n\n\n\n<div class=\"wp-block-group alignfull has-background-background-color has-background is-layout-constrained wp-block-group-is-layout-constrained\">\n<div class=\"wp-block-group is-style-narrow is-layout-constrained wp-block-group-is-layout-constrained\">\n<h2 class=\"wp-block-heading\" id=\"Kampagnen-Sektor-Logistik\"><strong>Ce que nous avons d\u00e9j\u00e0 r\u00e9alis\u00e9<\/strong><\/h2>\n\n\n\n<div class=\"wp-block-group is-style-slider is-autoplay is-style-narrow-mid is-layout-constrained wp-block-group-is-layout-constrained\">\n<div class=\"wp-block-media-text is-stacked-on-mobile is-style-stacked-spacious coblocks-animate\" style=\"grid-template-columns:58% auto\" data-coblocks-animation=\"zoomIn\"><figure class=\"wp-block-media-text__media\"><\/figure><div class=\"wp-block-media-text__content\">\n<div class=\"wp-block-group is-style-default is-nowrap is-layout-flex wp-container-core-group-is-layout-ad2f72ca wp-block-group-is-layout-flex\">\n<figure class=\"wp-block-image size-full is-style-default wp-container-content-1387b69e\"><img loading=\"lazy\" decoding=\"async\" width=\"1831\" height=\"1231\" src=\"https:\/\/syndicom.ch\/app\/uploads\/2026\/01\/syndicat-syndicom-initiative-ssr-logo.jpg\" alt=\"\" class=\"wp-image-53603\" srcset=\"https:\/\/syndicom.ch\/app\/uploads\/2026\/01\/syndicat-syndicom-initiative-ssr-logo.jpg 1831w, https:\/\/syndicom.ch\/app\/uploads\/2026\/01\/syndicat-syndicom-initiative-ssr-logo-300x202.jpg 300w, https:\/\/syndicom.ch\/app\/uploads\/2026\/01\/syndicat-syndicom-initiative-ssr-logo-1024x688.jpg 1024w, https:\/\/syndicom.ch\/app\/uploads\/2026\/01\/syndicat-syndicom-initiative-ssr-logo-768x516.jpg 768w, https:\/\/syndicom.ch\/app\/uploads\/2026\/01\/syndicat-syndicom-initiative-ssr-logo-1536x1033.jpg 1536w\" sizes=\"auto, (max-width: 1831px) 100vw, 1831px\" \/><\/figure>\n\n\n\n<h3 class=\"wp-block-heading has-foreground-color has-text-color has-link-color wp-elements-3803ea70a528231a04be42da4c834b30\"><strong><strong><strong><strong><strong><strong><strong><strong><strong><strong><strong><strong><strong><mark style=\"background-color:#ffffff\" class=\"has-inline-color has-foreground-color\"><strong><strong><strong><mark style=\"background-color:#ffffff\" class=\"has-inline-color has-foreground-color\">Non \u00e0 l&rsquo;initiative anti-SSR<\/mark><\/strong><\/strong><\/strong><\/mark><\/strong><\/strong><\/strong><\/strong><\/strong><\/strong><\/strong><\/strong><\/strong><\/strong><\/strong><\/strong><\/strong><\/h3>\n\n\n\n<hr class=\"wp-block-separator has-alpha-channel-opacity is-style-wide\"\/>\n<\/div>\n\n\n\n<p>mars 2026 | La Suisse a clairement refus\u00e9 l\u2019initiative \u00ab 200 francs \u00e7a suffit \u00bb.<\/p>\n\n\n\n<div class=\"wp-block-buttons is-layout-flex wp-block-buttons-is-layout-flex\">\n<div class=\"wp-block-button is-style-outline is-style-outline--5\"><a class=\"wp-block-button__link has-primary-color has-primary-background-color has-text-color has-background has-link-color wp-element-button\" href=\"https:\/\/syndicom.ch\/fr\/initiative-anti-ssr\/\" target=\"_blank\" rel=\"noreferrer noopener\">Merci pour votre vote !<\/a><\/div>\n<\/div>\n<\/div><\/div>\n\n\n\n<div class=\"wp-block-media-text is-stacked-on-mobile is-style-stacked-spacious coblocks-animate\" data-coblocks-animation=\"zoomIn\"><figure class=\"wp-block-media-text__media\"><\/figure><div class=\"wp-block-media-text__content\">\n<h3 class=\"wp-block-heading has-foreground-color has-text-color has-link-color wp-elements-5aef2830f72570868a92e941c156457a\"><strong><strong><strong><strong><strong><strong><strong><strong><strong><strong>\u00c9lections du conseil de fondation de la CP Poste<\/strong><\/strong><\/strong><\/strong><\/strong><\/strong><\/strong><\/strong><\/strong><\/strong><\/h3>\n\n\n\n<p>octobre 2025 | Les assur\u00e9-es de la Caisse de pensions <a href=\"https:\/\/syndicom.ch\/fr\/offres-par-metier\/poste\/\" target=\"_blank\" rel=\"noreferrer noopener\">Poste<\/a> (CP Poste) ont \u00e9lu leurs repr\u00e9sentation au conseil de fondation. syndicom a r\u00e9ussi \u00e0 garder ses trois si\u00e8ges.<\/p>\n\n\n\n<div class=\"wp-block-buttons is-layout-flex wp-block-buttons-is-layout-flex\">\n<div class=\"wp-block-button is-style-outline is-style-outline--6\"><a class=\"wp-block-button__link has-primary-color has-primary-background-color has-text-color has-background has-link-color wp-element-button\" href=\"https:\/\/syndicom.ch\/fr\/cpposte\/\" target=\"_blank\" rel=\"noreferrer noopener\">les repr\u00e9sentant-es de syndicom \u00e0 la CP Poste<\/a><\/div>\n<\/div>\n<\/div><\/div>\n\n\n\n<div class=\"wp-block-media-text is-stacked-on-mobile is-style-stacked-spacious coblocks-animate\" data-coblocks-animation=\"zoomIn\"><figure class=\"wp-block-media-text__media\"><\/figure><div class=\"wp-block-media-text__content\">\n<div class=\"wp-block-group is-style-default is-nowrap is-layout-flex wp-container-core-group-is-layout-ad2f72ca wp-block-group-is-layout-flex\">\n<figure class=\"wp-block-image size-full is-style-default wp-container-content-1387b69e\"><img loading=\"lazy\" decoding=\"async\" width=\"494\" height=\"435\" src=\"https:\/\/syndicom.ch\/app\/uploads\/2025\/02\/gewerkschaft-syndicom-petition-swisscom-beschaeftigungssicherheit_weiss.png\" alt=\"\" class=\"wp-image-24418\" srcset=\"https:\/\/syndicom.ch\/app\/uploads\/2025\/02\/gewerkschaft-syndicom-petition-swisscom-beschaeftigungssicherheit_weiss.png 494w, https:\/\/syndicom.ch\/app\/uploads\/2025\/02\/gewerkschaft-syndicom-petition-swisscom-beschaeftigungssicherheit_weiss-300x264.png 300w\" sizes=\"auto, (max-width: 494px) 100vw, 494px\" \/><\/figure>\n\n\n\n<h3 class=\"wp-block-heading has-foreground-color has-text-color has-link-color wp-elements-dfd1af28cd78828067771c5333d85810\"><strong><strong><strong><strong><strong><strong><strong>P\u00e9tition<\/strong><\/strong><\/strong><\/strong><\/strong><\/strong> <strong><strong><strong><strong><strong><strong>\u00ab<\/strong><\/strong><\/strong><\/strong><\/strong><\/strong>R<strong><strong><strong>enforcer la s\u00e9curit\u00e9 de l\u2019emploi chez Swisscom!<strong><strong><strong>\u00bb<\/strong><\/strong><\/strong><\/strong><\/strong><\/strong><\/strong><\/h3>\n<\/div>\n\n\n\n<p class=\"is-style-default\">mai 2025 | Ensemble, nous avons envoy\u00e9 un signal fort&nbsp;: nous avons d\u00e9pos\u00e9 officiellement notre p\u00e9tition munie de&nbsp;1585 signatures !&nbsp;Elle vise \u00e0 renforcer la s\u00e9curit\u00e9 de l\u2019emploi chez <a href=\"https:\/\/syndicom.ch\/fr\/devenir-membre-swisscom\/\" target=\"_blank\" rel=\"noreferrer noopener\">Swisscom<\/a>.<\/p>\n\n\n\n<div class=\"wp-block-buttons is-layout-flex wp-block-buttons-is-layout-flex\">\n<div class=\"wp-block-button is-style-outline is-style-outline--7\"><a class=\"wp-block-button__link has-primary-color has-primary-background-color has-text-color has-background has-link-color wp-element-button\" href=\"https:\/\/syndicom.ch\/fr\/campagnes\/petition-swisscom\/\" target=\"_blank\" rel=\"noreferrer noopener\">vers la p\u00e9tition<\/a><\/div>\n<\/div>\n<\/div><\/div>\n\n\n\n<div class=\"wp-block-media-text is-stacked-on-mobile is-style-stacked-spacious coblocks-animate\" style=\"grid-template-columns:58% auto\" data-coblocks-animation=\"zoomIn\"><figure class=\"wp-block-media-text__media\"><\/figure><div class=\"wp-block-media-text__content\">\n<div class=\"wp-block-group is-vertical is-layout-flex wp-container-core-group-is-layout-76a81b31 wp-block-group-is-layout-flex\">\n<h3 class=\"wp-block-heading\"><strong><strong><strong><strong><strong><strong><strong><strong><strong><strong><strong><strong><strong><strong><strong><strong><strong><strong><strong><strong><strong>P\u00e9tition \u00abPour le maintien de toutes les filiales de la Poste et pour un service public fort!\u00bb<\/strong><\/strong><\/strong><\/strong><\/strong><\/strong><\/strong><\/strong><\/strong><\/strong><\/strong><\/strong><\/strong><\/strong><\/strong><\/strong><\/strong><\/strong><\/strong><\/strong><\/strong><\/h3>\n\n\n\n<p>d\u00e9cembre 2024 | 10 390 personnes, dont une grande partie du personnel de <a href=\"https:\/\/syndicom.ch\/fr\/offres-par-metier\/poste\/\" target=\"_blank\" rel=\"noreferrer noopener\">R\u00e9seauPostal<\/a>, ont sign\u00e9 la p\u00e9tition \u00abPour le maintien de toutes les filiales de la Poste et pour un service public fort!\u00bb&nbsp;du syndicat syndicom.<\/p>\n\n\n\n<div class=\"wp-block-buttons is-layout-flex wp-block-buttons-is-layout-flex\">\n<div class=\"wp-block-button is-style-outline is-style-outline--8\"><a class=\"wp-block-button__link has-primary-color has-primary-background-color has-text-color has-background has-link-color wp-element-button\" href=\"https:\/\/syndicom.ch\/fr\/campagnes\/petition-maintien-de-toutes-les-filiales-de-la-poste\/\" target=\"_blank\" rel=\"noreferrer noopener\">vers la p\u00e9tition<\/a><\/div>\n<\/div>\n<\/div>\n<\/div><\/div>\n\n\n\n<div class=\"wp-block-media-text is-stacked-on-mobile is-style-stacked-spacious coblocks-animate\" style=\"grid-template-columns:58% auto\" data-coblocks-animation=\"zoomIn\"><figure class=\"wp-block-media-text__media\"><\/figure><div class=\"wp-block-media-text__content\">\n<div class=\"wp-block-group is-style-default is-nowrap is-layout-flex wp-container-core-group-is-layout-ad2f72ca wp-block-group-is-layout-flex\">\n<figure class=\"wp-block-image size-full is-style-default wp-container-content-1387b69e\"><img decoding=\"async\" src=\"https:\/\/syndicom.ch\/app\/uploads\/2024\/11\/gewerkschaft-syndicom-gav-von-morgen.jpg\" alt=\"\" class=\"wp-image-10548\"\/><\/figure>\n\n\n\n<h3 class=\"wp-block-heading has-foreground-color has-text-color has-link-color wp-elements-2878cdd0cd7fff0ab7f09872e501d010\"><strong><strong><strong><strong><strong><strong><strong><strong><strong><strong><strong><strong><strong>La CCT de demain<\/strong><\/strong><\/strong><\/strong><\/strong><\/strong><\/strong><\/strong><\/strong><\/strong><\/strong><\/strong><\/strong><\/h3>\n\n\n\n<hr class=\"wp-block-separator has-alpha-channel-opacity is-style-wide\"\/>\n<\/div>\n\n\n\n<p>septembre 2024 | syndicom a ren\u00e9goci\u00e9 avec La <a href=\"https:\/\/syndicom.ch\/fr\/offres-par-metier\/poste\/\" target=\"_blank\" rel=\"noreferrer noopener\">Poste<\/a> la convention collective de travail (CCT) 2025.<\/p>\n\n\n\n<div class=\"wp-block-buttons is-layout-flex wp-block-buttons-is-layout-flex\">\n<div class=\"wp-block-button is-style-outline is-style-outline--9\"><a class=\"wp-block-button__link has-primary-color has-primary-background-color has-text-color has-background has-link-color wp-element-button\" href=\"https:\/\/syndicom.ch\/fr\/entree-glossaire\/cct-faitiere-de-la-poste\/\" target=\"_blank\" rel=\"noreferrer noopener\">vers la CCT<\/a><\/div>\n<\/div>\n<\/div><\/div>\n<\/div>\n<\/div>\n<\/div>\n\n\n\n<div class=\"wp-block-group alignfull is-style-narrower has-background-background-color has-background is-layout-constrained wp-block-group-is-layout-constrained\">\n<div class=\"wp-block-group is-style-narrow is-layout-constrained wp-block-group-is-layout-constrained\">\n<h2 class=\"wp-block-heading has-text-align-left\"><strong><strong>Ton contact pour les campagnes de syndicom<\/strong><\/strong><\/h2>\n\n\n\n\n\n<div class=\"wp-block-group is-style-row-2 is-nowrap is-layout-flex wp-container-core-group-is-layout-64989fb1 wp-block-group-is-layout-flex\"><div class=\"wp-block-custom-person-item\"><div class=\"person-image\"><a class=\"employee-lightbox\" href=\"https:\/\/syndicom.ch\/app\/uploads\/2024\/07\/gewerkschaft-syndicom-dominik-fitze-1.jpg\" data-gallery=\"person-69f568f317643\" ><img loading=\"lazy\" decoding=\"async\" src=\"https:\/\/syndicom.ch\/app\/uploads\/2024\/07\/gewerkschaft-syndicom-dominik-fitze-1.jpg\" class=\"attachment-post-thumbnail size-post-thumbnail wp-post-image \" \/><\/a><\/div><div class=\"meta-holder\"><h3 class=\"person-name\">Dominik Fitze<\/h3><div class=\"person-role\">Porte-parole secteur TIC<\/div><div class=\"person-email\"><a href=\"mailto:&#100;&#111;&#109;&#105;&#110;&#105;&#107;&#46;&#102;&#105;&#116;&#122;&#101;&#64;&#115;&#121;&#110;&#100;&#105;&#99;&#111;&#109;&#46;&#99;&#104;\">&#100;&#111;&#109;&#105;&#110;&#105;&#107;&#46;&#102;&#105;&#116;&#122;&#101;&#64;&#115;&#121;&#110;&#100;&#105;&#99;&#111;&#109;&#46;&#99;&#104;<\/a><\/div><div><a href=\"tel:+41 58 817 18 14\" class=\"person-phone\">+41 58 817 18 14<\/a><\/div><\/div><\/div>\n\n<div class=\"wp-block-custom-person-item\"><div class=\"person-image\"><a class=\"employee-lightbox\" href=\"https:\/\/syndicom.ch\/app\/uploads\/2024\/12\/gewerkschaft-syndicom-catalina-gajardo.jpg\" data-gallery=\"person-69f568f317c29\" ><img loading=\"lazy\" decoding=\"async\" src=\"https:\/\/syndicom.ch\/app\/uploads\/2024\/12\/gewerkschaft-syndicom-catalina-gajardo.jpg\" class=\"attachment-post-thumbnail size-post-thumbnail wp-post-image \" \/><\/a><\/div><div class=\"meta-holder\"><h3 class=\"person-name\">Catalina Gajardo Hofmann<\/h3><div class=\"person-role\">Porte-parole secteur M\u00e9dia<\/div><div class=\"person-email\"><a href=\"mailto:&#99;&#97;&#116;&#97;&#108;&#105;&#110;&#97;&#46;&#103;&#97;&#106;&#97;&#114;&#100;&#111;&#64;&#115;&#121;&#110;&#100;&#105;&#99;&#111;&#109;&#46;&#99;&#104;\">&#99;&#97;&#116;&#97;&#108;&#105;&#110;&#97;&#46;&#103;&#97;&#106;&#97;&#114;&#100;&#111;&#64;&#115;&#121;&#110;&#100;&#105;&#99;&#111;&#109;&#46;&#99;&#104;<\/a><\/div><div><a href=\"tel:+41 58 817 18 31\" class=\"person-phone\">+41 58 817 18 31<\/a><\/div><div class=\"person-workdays\">Jours de travail: mercredi-vendredi<\/div><\/div><\/div>\n\n<div class=\"wp-block-custom-person-item\"><div class=\"person-image\"><a class=\"employee-lightbox\" href=\"https:\/\/syndicom.ch\/app\/uploads\/2024\/08\/gewerkschaft-syndicom-matthias-loosli.jpg\" data-gallery=\"person-69f568f3181d9\" ><img loading=\"lazy\" decoding=\"async\" src=\"https:\/\/syndicom.ch\/app\/uploads\/2024\/08\/gewerkschaft-syndicom-matthias-loosli.jpg\" class=\"attachment-post-thumbnail size-post-thumbnail wp-post-image \" \/><\/a><\/div><div class=\"meta-holder\"><h3 class=\"person-name\">Matthias Loosli<\/h3><div class=\"person-role\">Porte-parole secteur Logistique\/Poste<\/div><div class=\"person-email\"><a href=\"mailto:&#109;&#97;&#116;&#116;&#104;&#105;&#97;&#115;&#46;&#108;&#111;&#111;&#115;&#108;&#105;&#64;&#115;&#121;&#110;&#100;&#105;&#99;&#111;&#109;&#46;&#99;&#104;\">&#109;&#97;&#116;&#116;&#104;&#105;&#97;&#115;&#46;&#108;&#111;&#111;&#115;&#108;&#105;&#64;&#115;&#121;&#110;&#100;&#105;&#99;&#111;&#109;&#46;&#99;&#104;<\/a><\/div><div><a href=\"tel:+41 58 817 18 64\" class=\"person-phone\">+41 58 817 18 64<\/a><\/div><div class=\"person-workdays\">Jours de travail: Lundi \u2013 jeudi<\/div><\/div><\/div>\n\n\n<div class=\"wp-block-group employee-more-info is-layout-constrained wp-block-group-is-layout-constrained\">\n<div class=\"wp-block-columns has-tertiary-background-color has-background is-layout-flex wp-container-core-columns-is-layout-9d6595d7 wp-block-columns-is-layout-flex\">\n<div class=\"wp-block-column has-tertiary-background-color has-background is-layout-flow wp-block-column-is-layout-flow\">\n<p><a href=\"https:\/\/syndicom.ch\/fr\/au-sujet-de-syndicom\/\" target=\"_blank\" rel=\"noreferrer noopener\">Plus d&rsquo;informations sur syndicom.<\/a><\/p>\n<\/div>\n<\/div>\n<\/div>\n<\/div>\n<\/div>\n<\/div>\n","protected":false},"excerpt":{"rendered":"<p>Ensemble, nous sommes fort-es En tant que syndicat, nous nous battons pour les int\u00e9r\u00eats et les droits des travailleur-euses. Nos campagnes actuelles Renforcer cablex \u2013 garantir les emplois Avec notre p\u00e9tition, nous exigeons de Swisscom et de cablex qu\u2019ils mettent fin \u00e0 la pression ruineuse sur les prix, qu\u2019ils attribuent \u00e0 cablex des mandats couvrant [&hellip;]<\/p>\n","protected":false},"author":2,"featured_media":8410,"parent":0,"menu_order":0,"comment_status":"closed","ping_status":"closed","template":"","meta":{"_acf_changed":false,"inline_featured_image":false,"_coblocks_attr":"","_coblocks_dimensions":"","_coblocks_responsive_height":"","_coblocks_accordion_ie_support":"","footnotes":""},"categories":[],"class_list":["post-5964","page","type-page","status-publish","has-post-thumbnail","hentry"],"acf":[],"yoast_head":"<!-- This site is optimized with the Yoast SEO plugin v27.3 - https:\/\/yoast.com\/product\/yoast-seo-wordpress\/ -->\n<title>Campagnes - syndicom<\/title>\n<meta name=\"description\" content=\"En tant que syndicat, nous nous battons pour les int\u00e9r\u00eats et les droits des travailleurs et travailleuses. Tu trouveras ici les campagnes et actions actuellement en cours.\" \/>\n<meta name=\"robots\" content=\"index, follow, max-snippet:-1, max-image-preview:large, max-video-preview:-1\" \/>\n<link rel=\"canonical\" href=\"https:\/\/syndicom.ch\/fr\/campagnes\/\" \/>\n<meta property=\"og:locale\" content=\"fr_FR\" \/>\n<meta property=\"og:type\" content=\"article\" \/>\n<meta property=\"og:title\" content=\"Campagnes - syndicom\" \/>\n<meta property=\"og:description\" content=\"En tant que syndicat, nous nous battons pour les int\u00e9r\u00eats et les droits des travailleurs et travailleuses. Tu trouveras ici les campagnes et actions actuellement en cours.\" \/>\n<meta property=\"og:url\" content=\"https:\/\/syndicom.ch\/fr\/campagnes\/\" \/>\n<meta property=\"og:site_name\" content=\"syndicom\" \/>\n<meta property=\"article:modified_time\" content=\"2026-03-09T09:33:04+00:00\" \/>\n<meta property=\"og:image\" content=\"https:\/\/syndicom.ch\/app\/uploads\/2024\/11\/gewerkschaft-syndicom-icon.jpg\" \/>\n\t<meta property=\"og:image:width\" content=\"1667\" \/>\n\t<meta property=\"og:image:height\" content=\"1667\" \/>\n\t<meta property=\"og:image:type\" content=\"image\/jpeg\" \/>\n<meta name=\"twitter:card\" content=\"summary_large_image\" \/>\n<meta name=\"twitter:label1\" content=\"Dur\u00e9e de lecture estim\u00e9e\" \/>\n\t<meta name=\"twitter:data1\" content=\"7 minutes\" \/>\n<script type=\"application\/ld+json\" class=\"yoast-schema-graph\">{\"@context\":\"https:\\\/\\\/schema.org\",\"@graph\":[{\"@type\":\"WebPage\",\"@id\":\"https:\\\/\\\/syndicom.ch\\\/fr\\\/campagnes\\\/\",\"url\":\"https:\\\/\\\/syndicom.ch\\\/fr\\\/campagnes\\\/\",\"name\":\"Campagnes - syndicom\",\"isPartOf\":{\"@id\":\"https:\\\/\\\/syndicom.ch\\\/fr\\\/#website\"},\"primaryImageOfPage\":{\"@id\":\"https:\\\/\\\/syndicom.ch\\\/fr\\\/campagnes\\\/#primaryimage\"},\"image\":{\"@id\":\"https:\\\/\\\/syndicom.ch\\\/fr\\\/campagnes\\\/#primaryimage\"},\"thumbnailUrl\":\"https:\\\/\\\/syndicom.ch\\\/app\\\/uploads\\\/2024\\\/11\\\/gewerkschaft-syndicom-icon.jpg\",\"datePublished\":\"2024-07-25T15:58:41+00:00\",\"dateModified\":\"2026-03-09T09:33:04+00:00\",\"description\":\"En tant que syndicat, nous nous battons pour les int\u00e9r\u00eats et les droits des travailleurs et travailleuses. Tu trouveras ici les campagnes et actions actuellement en cours.\",\"breadcrumb\":{\"@id\":\"https:\\\/\\\/syndicom.ch\\\/fr\\\/campagnes\\\/#breadcrumb\"},\"inLanguage\":\"fr-FR\",\"potentialAction\":[{\"@type\":\"ReadAction\",\"target\":[\"https:\\\/\\\/syndicom.ch\\\/fr\\\/campagnes\\\/\"]}]},{\"@type\":\"ImageObject\",\"inLanguage\":\"fr-FR\",\"@id\":\"https:\\\/\\\/syndicom.ch\\\/fr\\\/campagnes\\\/#primaryimage\",\"url\":\"https:\\\/\\\/syndicom.ch\\\/app\\\/uploads\\\/2024\\\/11\\\/gewerkschaft-syndicom-icon.jpg\",\"contentUrl\":\"https:\\\/\\\/syndicom.ch\\\/app\\\/uploads\\\/2024\\\/11\\\/gewerkschaft-syndicom-icon.jpg\",\"width\":1667,\"height\":1667},{\"@type\":\"BreadcrumbList\",\"@id\":\"https:\\\/\\\/syndicom.ch\\\/fr\\\/campagnes\\\/#breadcrumb\",\"itemListElement\":[{\"@type\":\"ListItem\",\"position\":1,\"name\":\"Page d'accueil\",\"item\":\"https:\\\/\\\/syndicom.ch\\\/fr\\\/\"},{\"@type\":\"ListItem\",\"position\":2,\"name\":\"Campagnes\"}]},{\"@type\":\"WebSite\",\"@id\":\"https:\\\/\\\/syndicom.ch\\\/fr\\\/#website\",\"url\":\"https:\\\/\\\/syndicom.ch\\\/fr\\\/\",\"name\":\"syndicom\",\"description\":\"\",\"publisher\":{\"@id\":\"https:\\\/\\\/syndicom.ch\\\/fr\\\/#organization\"},\"potentialAction\":[{\"@type\":\"SearchAction\",\"target\":{\"@type\":\"EntryPoint\",\"urlTemplate\":\"https:\\\/\\\/syndicom.ch\\\/fr\\\/?s={search_term_string}\"},\"query-input\":{\"@type\":\"PropertyValueSpecification\",\"valueRequired\":true,\"valueName\":\"search_term_string\"}}],\"inLanguage\":\"fr-FR\"},{\"@type\":\"Organization\",\"@id\":\"https:\\\/\\\/syndicom.ch\\\/fr\\\/#organization\",\"name\":\"syndicom\",\"url\":\"https:\\\/\\\/syndicom.ch\\\/fr\\\/\",\"logo\":{\"@type\":\"ImageObject\",\"inLanguage\":\"fr-FR\",\"@id\":\"https:\\\/\\\/syndicom.ch\\\/fr\\\/#\\\/schema\\\/logo\\\/image\\\/\",\"url\":\"https:\\\/\\\/syndicom.ch\\\/app\\\/uploads\\\/2024\\\/06\\\/logo.svg\",\"contentUrl\":\"https:\\\/\\\/syndicom.ch\\\/app\\\/uploads\\\/2024\\\/06\\\/logo.svg\",\"width\":297,\"height\":51,\"caption\":\"syndicom\"},\"image\":{\"@id\":\"https:\\\/\\\/syndicom.ch\\\/fr\\\/#\\\/schema\\\/logo\\\/image\\\/\"}}]}<\/script>\n<!-- \/ Yoast SEO plugin. -->","yoast_head_json":{"title":"Campagnes - syndicom","description":"En tant que syndicat, nous nous battons pour les int\u00e9r\u00eats et les droits des travailleurs et travailleuses. Tu trouveras ici les campagnes et actions actuellement en cours.","robots":{"index":"index","follow":"follow","max-snippet":"max-snippet:-1","max-image-preview":"max-image-preview:large","max-video-preview":"max-video-preview:-1"},"canonical":"https:\/\/syndicom.ch\/fr\/campagnes\/","og_locale":"fr_FR","og_type":"article","og_title":"Campagnes - syndicom","og_description":"En tant que syndicat, nous nous battons pour les int\u00e9r\u00eats et les droits des travailleurs et travailleuses. Tu trouveras ici les campagnes et actions actuellement en cours.","og_url":"https:\/\/syndicom.ch\/fr\/campagnes\/","og_site_name":"syndicom","article_modified_time":"2026-03-09T09:33:04+00:00","og_image":[{"width":1667,"height":1667,"url":"https:\/\/syndicom.ch\/app\/uploads\/2024\/11\/gewerkschaft-syndicom-icon.jpg","type":"image\/jpeg"}],"twitter_card":"summary_large_image","twitter_misc":{"Dur\u00e9e de lecture estim\u00e9e":"7 minutes"},"schema":{"@context":"https:\/\/schema.org","@graph":[{"@type":"WebPage","@id":"https:\/\/syndicom.ch\/fr\/campagnes\/","url":"https:\/\/syndicom.ch\/fr\/campagnes\/","name":"Campagnes - syndicom","isPartOf":{"@id":"https:\/\/syndicom.ch\/fr\/#website"},"primaryImageOfPage":{"@id":"https:\/\/syndicom.ch\/fr\/campagnes\/#primaryimage"},"image":{"@id":"https:\/\/syndicom.ch\/fr\/campagnes\/#primaryimage"},"thumbnailUrl":"https:\/\/syndicom.ch\/app\/uploads\/2024\/11\/gewerkschaft-syndicom-icon.jpg","datePublished":"2024-07-25T15:58:41+00:00","dateModified":"2026-03-09T09:33:04+00:00","description":"En tant que syndicat, nous nous battons pour les int\u00e9r\u00eats et les droits des travailleurs et travailleuses. Tu trouveras ici les campagnes et actions actuellement en cours.","breadcrumb":{"@id":"https:\/\/syndicom.ch\/fr\/campagnes\/#breadcrumb"},"inLanguage":"fr-FR","potentialAction":[{"@type":"ReadAction","target":["https:\/\/syndicom.ch\/fr\/campagnes\/"]}]},{"@type":"ImageObject","inLanguage":"fr-FR","@id":"https:\/\/syndicom.ch\/fr\/campagnes\/#primaryimage","url":"https:\/\/syndicom.ch\/app\/uploads\/2024\/11\/gewerkschaft-syndicom-icon.jpg","contentUrl":"https:\/\/syndicom.ch\/app\/uploads\/2024\/11\/gewerkschaft-syndicom-icon.jpg","width":1667,"height":1667},{"@type":"BreadcrumbList","@id":"https:\/\/syndicom.ch\/fr\/campagnes\/#breadcrumb","itemListElement":[{"@type":"ListItem","position":1,"name":"Page d'accueil","item":"https:\/\/syndicom.ch\/fr\/"},{"@type":"ListItem","position":2,"name":"Campagnes"}]},{"@type":"WebSite","@id":"https:\/\/syndicom.ch\/fr\/#website","url":"https:\/\/syndicom.ch\/fr\/","name":"syndicom","description":"","publisher":{"@id":"https:\/\/syndicom.ch\/fr\/#organization"},"potentialAction":[{"@type":"SearchAction","target":{"@type":"EntryPoint","urlTemplate":"https:\/\/syndicom.ch\/fr\/?s={search_term_string}"},"query-input":{"@type":"PropertyValueSpecification","valueRequired":true,"valueName":"search_term_string"}}],"inLanguage":"fr-FR"},{"@type":"Organization","@id":"https:\/\/syndicom.ch\/fr\/#organization","name":"syndicom","url":"https:\/\/syndicom.ch\/fr\/","logo":{"@type":"ImageObject","inLanguage":"fr-FR","@id":"https:\/\/syndicom.ch\/fr\/#\/schema\/logo\/image\/","url":"https:\/\/syndicom.ch\/app\/uploads\/2024\/06\/logo.svg","contentUrl":"https:\/\/syndicom.ch\/app\/uploads\/2024\/06\/logo.svg","width":297,"height":51,"caption":"syndicom"},"image":{"@id":"https:\/\/syndicom.ch\/fr\/#\/schema\/logo\/image\/"}}]}},"_links":{"self":[{"href":"https:\/\/syndicom.ch\/fr\/wp-json\/wp\/v2\/pages\/5964","targetHints":{"allow":["GET"]}}],"collection":[{"href":"https:\/\/syndicom.ch\/fr\/wp-json\/wp\/v2\/pages"}],"about":[{"href":"https:\/\/syndicom.ch\/fr\/wp-json\/wp\/v2\/types\/page"}],"author":[{"embeddable":true,"href":"https:\/\/syndicom.ch\/fr\/wp-json\/wp\/v2\/users\/2"}],"replies":[{"embeddable":true,"href":"https:\/\/syndicom.ch\/fr\/wp-json\/wp\/v2\/comments?post=5964"}],"version-history":[{"count":296,"href":"https:\/\/syndicom.ch\/fr\/wp-json\/wp\/v2\/pages\/5964\/revisions"}],"predecessor-version":[{"id":59261,"href":"https:\/\/syndicom.ch\/fr\/wp-json\/wp\/v2\/pages\/5964\/revisions\/59261"}],"wp:featuredmedia":[{"embeddable":true,"href":"https:\/\/syndicom.ch\/fr\/wp-json\/wp\/v2\/media\/8410"}],"wp:attachment":[{"href":"https:\/\/syndicom.ch\/fr\/wp-json\/wp\/v2\/media?parent=5964"}],"wp:term":[{"taxonomy":"category","embeddable":true,"href":"https:\/\/syndicom.ch\/fr\/wp-json\/wp\/v2\/categories?post=5964"}],"curies":[{"name":"wp","href":"https:\/\/api.w.org\/{rel}","templated":true}]}}