{"id":5993,"date":"2024-07-24T14:43:21","date_gmt":"2024-07-24T12:43:21","guid":{"rendered":"https:\/\/projects.atxeit.ch\/syndicom\/?page_id=5993"},"modified":"2026-04-14T10:41:09","modified_gmt":"2026-04-14T08:41:09","slug":"jeunesse","status":"publish","type":"page","link":"https:\/\/syndicom.ch\/fr\/jeunesse\/","title":{"rendered":"Jeunesse"},"content":{"rendered":"\n<div class=\"wp-block-group alignfull has-primary-background-color has-background is-layout-constrained wp-block-group-is-layout-constrained\">\n<div class=\"wp-block-group is-style-narrow is-layout-constrained wp-block-group-is-layout-constrained\">\n<h1 class=\"wp-block-heading has-background-color has-text-color has-link-color wp-elements-ff12e4214cfe9718df89e6e2f2738394\">Travaillez intelligemment. Restez forts. Rendez la formation \u00e9quitable. Avec votre syndicat !<\/h1>\n\n\n\n<div class=\"wp-block-columns is-layout-flex wp-container-core-columns-is-layout-9d6595d7 wp-block-columns-is-layout-flex\">\n<div class=\"wp-block-column is-layout-flow wp-block-column-is-layout-flow\" style=\"flex-basis:66.66%\">\n<p class=\"is-style-lead has-background-color has-text-color has-link-color wp-elements-eb6b48081997525d52dc6ba692871572\">Le groupe d\u2019int\u00e9r\u00eat (GI) Jeunesse de syndicom regroupe tous les membres du syndicat \u00e2g\u00e9s de moins de 30 ans. Que ce soit pendant ou apr\u00e8s l\u2019apprentissage ou la formation, nous d\u00e9fendons les droits des travailleurs dans les secteurs de la logistique, des TIC et des m\u00e9dias. Nous luttons ensemble pour de meilleures conditions de travail et de formation et nous vous aidons \u00e0 faire valoir vos droits.<\/p>\n<\/div>\n\n\n\n<div class=\"wp-block-column is-layout-flow wp-block-column-is-layout-flow\" style=\"flex-basis:33.33%\">\n<div class=\"wp-block-group is-vertical is-nowrap is-layout-flex wp-container-core-group-is-layout-fc43baa9 wp-block-group-is-layout-flex\">\n<p><sup><a href=\"#syndicat\" type=\"internal\" id=\"#syndicat\"><mark style=\"background-color:#0D7EAC\" class=\"has-inline-color has-background-color\">\u279c Qu&rsquo;est-ce qu&rsquo;un syndicat ?<\/mark><\/a><mark style=\"background-color:#0D7EAC\" class=\"has-inline-color has-background-color\"><br><\/mark><a href=\"#formation\" type=\"internal\" id=\"#formation\"><mark style=\"background-color:#0D7EAC\" class=\"has-inline-color has-background-color\">\u279c Formation plut\u00f4t qu\u2019exploitation : vos droits pendant l\u2019apprentissage<\/mark><\/a><mark style=\"background-color:#0D7EAC\" class=\"has-inline-color has-background-color\"><br><\/mark><a href=\"#vie-professionelle\" type=\"internal\" id=\"#vie-professionelle\"><mark style=\"background-color:#0D7EAC\" class=\"has-inline-color has-background-color\">\u279c Entr\u00e9e dans la vie professionnelle<\/mark><\/a><br><a href=\"#adhesion\" type=\"internal\" id=\"#adhesion\"><mark style=\"background-color:#0D7EAC\" class=\"has-inline-color has-background-color\">\u279c L\u2019union fait la force : pourquoi cela vaut la peine d\u2019adh\u00e9rer<\/mark><\/a><\/sup><\/p>\n<\/div>\n<\/div>\n<\/div>\n<\/div>\n<\/div>\n\n\n\n<div class=\"wp-block-group alignfull has-background-background-color has-background is-layout-constrained wp-block-group-is-layout-constrained\">\n<div class=\"wp-block-group is-style-narrow is-layout-constrained wp-block-group-is-layout-constrained\">\n<h2 class=\"wp-block-heading\" id=\"syndicat\"><strong>Qu&rsquo;est-ce qu&rsquo;un syndicat ?<\/strong><\/h2>\n\n\n\n<p>Les travailleurs-euses s\u2019organisent au sein d\u2019un syndicat afin d\u2019obtenir ensemble de meilleures conditions de travail. <strong>Notre outil le plus puissant est la convention collective de travail (CCT). <\/strong>Une CCT s\u2019applique \u00e0 tous-tes les employ\u00e9-es d\u2019un secteur ou d\u2019une entreprise donn\u00e9-e. <strong>Elle garantit que tous-tes les employ\u00e9-es b\u00e9n\u00e9ficient des m\u00eames droits. <\/strong>Elle peut \u00e9galement r\u00e9glementer le <strong>montant des salaires<\/strong>, le <strong>nombre de jours de vacances <\/strong>et les <strong>horaires de travail<\/strong>. Nous soutenons et accompagnons les employ\u00e9-es afin de faire valoir leurs revendications aupr\u00e8s des employeurs. <strong>Nous luttons \u00e9galement aux c\u00f4t\u00e9s des travailleurs-euses dans les entreprises o\u00f9 nous n\u2019avons pas de CCT.<\/strong><\/p>\n\n\n\n<div class=\"wp-block-group is-style-default is-nowrap is-layout-flex wp-container-core-group-is-layout-ad2f72ca wp-block-group-is-layout-flex\">\n<p>Votre entreprise est-elle couverte par une CCT ?<\/p>\n\n\n\n<div class=\"wp-block-group is-layout-constrained wp-block-group-is-layout-constrained\">\n<div class=\"wp-block-buttons is-layout-flex wp-block-buttons-is-layout-flex\">\n<div class=\"wp-block-button is-style-outline is-style-outline--1\"><a class=\"wp-block-button__link has-primary-color has-text-color has-link-color wp-element-button\" href=\"https:\/\/syndicom.ch\/fr\/conventions-collectives-de-travail-cct\/\" target=\"_blank\" rel=\"noreferrer noopener\">Vous trouverez ici toutes nos CCT<\/a><\/div>\n<\/div>\n<\/div>\n<\/div>\n\n\n\n<div style=\"height:100px\" aria-hidden=\"true\" class=\"wp-block-spacer\"><\/div>\n\n\n\n<h3 class=\"wp-block-heading has-text-align-center\"><strong>C\u2019est pourquoi nos membres s\u2019engagent \u00e0 nos c\u00f4t\u00e9s<\/strong><\/h3>\n\n\n\n<div class=\"wp-block-query alignfull is-layout-flow wp-block-query-is-layout-flow\">\n<div class=\"wp-block-group alignwide is-style-default is-layout-constrained wp-block-group-is-layout-constrained\"><ul class=\"columns-3 alignwide wp-block-post-template is-layout-grid wp-container-core-post-template-is-layout-2f3213d7 wp-block-post-template-is-layout-grid\"><li class=\"wp-block-post post-46909 syn_magazine type-syn_magazine status-publish has-post-thumbnail hentry syn_magazine_category-commerce-du-livre syn_magazine_category-jeunesse syn_magazine_category-salaire syn_magazine_category-swisscom-fr\">\n\n<div class=\"wp-block-media-text is-stacked-on-mobile is-style-logo\"><figure class=\"wp-block-media-text__media\"><\/figure><div class=\"wp-block-media-text__content\"><div class=\"has-text-align-right wp-block-post-date\"><time datetime=\"2025-09-02T16:32:55+02:00\">2.9.2025<\/time><\/div>\n\n\n<div class=\"wp-block-cover is-light is-style-default\" style=\"min-height:270px;aspect-ratio:unset;\"><span aria-hidden=\"true\" class=\"wp-block-cover__background has-background-background-color has-background-dim-40 has-background-dim\"><\/span><img loading=\"lazy\" decoding=\"async\" width=\"1067\" height=\"1067\" src=\"https:\/\/syndicom.ch\/app\/uploads\/2025\/09\/gewerkschaft-syndicom-icon-sorge-jugend.jpg\" class=\"wp-block-cover__image-background wp-post-image\" alt=\"\" data-object-fit=\"cover\" data-object-position=\"44% 50%\" style=\"object-position:44% 50%;\" srcset=\"https:\/\/syndicom.ch\/app\/uploads\/2025\/09\/gewerkschaft-syndicom-icon-sorge-jugend.jpg 1067w, https:\/\/syndicom.ch\/app\/uploads\/2025\/09\/gewerkschaft-syndicom-icon-sorge-jugend-300x300.jpg 300w, https:\/\/syndicom.ch\/app\/uploads\/2025\/09\/gewerkschaft-syndicom-icon-sorge-jugend-1024x1024.jpg 1024w, https:\/\/syndicom.ch\/app\/uploads\/2025\/09\/gewerkschaft-syndicom-icon-sorge-jugend-150x150.jpg 150w, https:\/\/syndicom.ch\/app\/uploads\/2025\/09\/gewerkschaft-syndicom-icon-sorge-jugend-768x768.jpg 768w\" sizes=\"auto, (max-width: 1067px) 100vw, 1067px\" \/><div class=\"wp-block-cover__inner-container is-layout-constrained wp-block-cover-is-layout-constrained\">\n<p><br><br><\/p>\n\n\n<h3 class=\"has-text-align-left has-link-color alignwide wp-elements-f46cbe21f6e3b1156f862cc5a4549c11 wp-block-post-title has-text-color has-primary-color has-background has-background-background-color\"><a href=\"https:\/\/syndicom.ch\/fr\/magazine\/nous-devons-faire-la-distinction-entre-travail-et-travail-salarie\/\" target=\"_blank\" >Nous devons faire la distinction entre travail et travail salari\u00e9\u202f<\/a><\/h3><\/div><\/div>\n\n\n<a href=\"https:\/\/syndicom.ch\/fr\/magazine\/nous-devons-faire-la-distinction-entre-travail-et-travail-salarie\/\"><\/a><div class=\"syn-post-terms\" style=\"display: none\"><a href=\"#\" class=\"syn-post-terms__link\" data-term-id=\"338\">Commerce du livre<\/a> <a href=\"#\" class=\"syn-post-terms__link\" data-term-id=\"332\">Jeunesse<\/a> <a href=\"#\" class=\"syn-post-terms__link\" data-term-id=\"281\">Salaire<\/a> <a href=\"#\" class=\"syn-post-terms__link\" data-term-id=\"344\">Swisscom<\/a> <\/div>\n\n<\/div><\/div>\n\n<\/li><li class=\"wp-block-post post-38367 syn_magazine type-syn_magazine status-publish has-post-thumbnail hentry syn_magazine_category-commerce-du-livre syn_magazine_category-jeunesse syn_magazine_category-portrait\">\n\n<div class=\"wp-block-media-text is-stacked-on-mobile is-style-logo\"><figure class=\"wp-block-media-text__media\"><\/figure><div class=\"wp-block-media-text__content\"><div class=\"has-text-align-right wp-block-post-date\"><time datetime=\"2025-06-04T14:50:52+02:00\">4.6.2025<\/time><\/div>\n\n\n<div class=\"wp-block-cover is-light is-style-default\" style=\"min-height:270px;aspect-ratio:unset;\"><span aria-hidden=\"true\" class=\"wp-block-cover__background has-background-background-color has-background-dim-40 has-background-dim\"><\/span><img loading=\"lazy\" decoding=\"async\" width=\"2560\" height=\"1902\" src=\"https:\/\/syndicom.ch\/app\/uploads\/2025\/06\/gewerkschaft-syndicom-portrait-zoe-sutter-scaled.jpg\" class=\"wp-block-cover__image-background wp-post-image\" alt=\"\" data-object-fit=\"cover\" data-object-position=\"44% 50%\" style=\"object-position:44% 50%;\" srcset=\"https:\/\/syndicom.ch\/app\/uploads\/2025\/06\/gewerkschaft-syndicom-portrait-zoe-sutter-scaled.jpg 2560w, https:\/\/syndicom.ch\/app\/uploads\/2025\/06\/gewerkschaft-syndicom-portrait-zoe-sutter-300x223.jpg 300w, https:\/\/syndicom.ch\/app\/uploads\/2025\/06\/gewerkschaft-syndicom-portrait-zoe-sutter-1024x761.jpg 1024w, https:\/\/syndicom.ch\/app\/uploads\/2025\/06\/gewerkschaft-syndicom-portrait-zoe-sutter-768x571.jpg 768w, https:\/\/syndicom.ch\/app\/uploads\/2025\/06\/gewerkschaft-syndicom-portrait-zoe-sutter-1536x1141.jpg 1536w, https:\/\/syndicom.ch\/app\/uploads\/2025\/06\/gewerkschaft-syndicom-portrait-zoe-sutter-2048x1521.jpg 2048w\" sizes=\"auto, (max-width: 2560px) 100vw, 2560px\" \/><div class=\"wp-block-cover__inner-container is-layout-constrained wp-block-cover-is-layout-constrained\">\n<p><br><br><\/p>\n\n\n<h3 class=\"has-text-align-left has-link-color alignwide wp-elements-f46cbe21f6e3b1156f862cc5a4549c11 wp-block-post-title has-text-color has-primary-color has-background has-background-background-color\"><a href=\"https:\/\/syndicom.ch\/fr\/magazine\/portrait-zoe-sutter\/\" target=\"_blank\" >\u00ab\u00a0Je me sentais compl\u00e8tement impuissante\u00a0\u00bb<\/a><\/h3><\/div><\/div>\n\n\n<a href=\"https:\/\/syndicom.ch\/fr\/magazine\/portrait-zoe-sutter\/\"><\/a><div class=\"syn-post-terms\" style=\"display: none\"><a href=\"#\" class=\"syn-post-terms__link\" data-term-id=\"338\">Commerce du livre<\/a> <a href=\"#\" class=\"syn-post-terms__link\" data-term-id=\"332\">Jeunesse<\/a> <a href=\"#\" class=\"syn-post-terms__link\" data-term-id=\"247\">Portrait<\/a> <\/div>\n\n<\/div><\/div>\n\n<\/li><\/ul><\/div>\n\n\n\n\n<\/div>\n\n\n\n<div style=\"height:151px\" aria-hidden=\"true\" class=\"wp-block-spacer\"><\/div>\n\n\n\n<h2 class=\"wp-block-heading\" id=\"formation\"><strong><strong>Focus sur les apprenti-es : la formation plut\u00f4t que l\u2019exploitation<\/strong><\/strong><\/h2>\n\n\n\n<p>La Suisse est fi\u00e8re de son syst\u00e8me d\u2019apprentissage ! Nous estimons que les apprentis apportent une contribution extr\u00eamement importante \u00e0 leurs entreprises. <a href=\"https:\/\/www.hefp.swiss\/recherche\/enquete-sur-les-couts-et-benefices\/2025\" target=\"_blank\" rel=\"noreferrer noopener nofollow\">Selon certaines estimations, les apprenti-es g\u00e9n\u00e8rent 5,7 milliards de francs suisses pour l\u2019\u00e9conomie suisse !<\/a> Cela a un prix : <strong>de nombreux apprenti-es se plaignent d\u2019\u00e9puisement et de stress. <\/strong>C\u2019est un signal d\u2019alarme clair !<a id=\"_msocom_1\"><\/a><\/p>\n\n\n\n<p><a href=\"https:\/\/syndicom.ch\/fr\/guide\/?gqs=jeu&#038;catfilter=\" type=\"link\" id=\"https:\/\/syndicom.ch\/fr\/guide\/?gqs=jeu&amp;catfilter=\" target=\"_blank\" rel=\"noreferrer noopener\"><a href=\"https:\/\/www.hefp.swiss\/recherche\/enquete-sur-les-couts-et-benefices\/2025\">Nous r\u00e9pondons ici \u00e0 toutes vos questions concernant l\u2019apprentissage.<\/a><\/a><\/p>\n\n\n\n<p><strong>Vous n\u2019\u00eates pas oblig\u00e9-e de dire oui \u00e0 tout ! <\/strong>En tant qu\u2019apprenti-e, des r\u00e8gles particuli\u00e8res s\u2019appliquent \u00e0 vous. Surtout si vous n\u2019avez pas encore 18 ans. Votre formation est l\u2019objectif prioritaire. C\u2019est pourquoi il est important que vous connaissiez vos droits. Dans ce guide pratique, vous trouverez gratuitement de nombreuses r\u00e9ponses \u00e0 vos questions, de A \u00e0 Z : <a href=\"http:\/\/www.droits-des-apprentis.ch\" type=\"link\" id=\"www.droits-des-apprentis.ch\" target=\"_blank\" rel=\"noreferrer noopener nofollow\">www.droits-des-apprentis.ch<\/a><\/p>\n\n\n\n<p><\/p>\n\n\n\n<h3 class=\"wp-block-heading has-text-align-center\"><strong><strong>Nous t&rsquo;aidons \u00e0 faire valoir tes droits<\/strong><\/strong><br><strong><strong>\u2013 pendant et apr\u00e8s la formation<\/strong><\/strong><\/h3>\n\n\n\n<p class=\"has-text-align-center\">\u00a9 Samira Belorf<br><strong><a href=\"https:\/\/syndicom.ch\/app\/uploads\/2025\/07\/syndicat-syndicom-jeunesse-bd.pdf\" type=\"link\" id=\"https:\/\/syndicom.ch\/app\/uploads\/2025\/07\/syndicat-syndicom-jeunesse-bd.pdf\" target=\"_blank\" rel=\"noreferrer noopener\"><strong><strong>Bande dessin\u00e9e compl\u00e8te sur une page<\/strong><\/strong><\/a><\/strong><\/p>\n\n\n\n<div class=\"wp-block-group is-style-slider is-autoplay is-style-narrow-mid is-layout-constrained wp-block-group-is-layout-constrained\">\n<div class=\"wp-block-group coblocks-animate is-layout-constrained wp-block-group-is-layout-constrained\" data-coblocks-animation=\"zoomIn\">\n<figure data-wp-context=\"{&quot;imageId&quot;:&quot;69f5691fe1d38&quot;}\" data-wp-interactive=\"core\/image\" data-wp-key=\"69f5691fe1d38\" class=\"wp-block-image aligncenter size-full has-lightbox wp-lightbox-container\"><img loading=\"lazy\" decoding=\"async\" width=\"2148\" height=\"1037\" data-wp-class--hide=\"state.isContentHidden\" data-wp-class--show=\"state.isContentVisible\" data-wp-init=\"callbacks.setButtonStyles\" data-wp-on--click=\"actions.showLightbox\" data-wp-on--load=\"callbacks.setButtonStyles\" data-wp-on-window--resize=\"callbacks.setButtonStyles\" src=\"https:\/\/syndicom.ch\/app\/uploads\/2025\/07\/syndicat-syndicom-jeunesse-bd-1.jpg\" alt=\"\" class=\"wp-image-42945\" srcset=\"https:\/\/syndicom.ch\/app\/uploads\/2025\/07\/syndicat-syndicom-jeunesse-bd-1.jpg 2148w, https:\/\/syndicom.ch\/app\/uploads\/2025\/07\/syndicat-syndicom-jeunesse-bd-1-300x145.jpg 300w, https:\/\/syndicom.ch\/app\/uploads\/2025\/07\/syndicat-syndicom-jeunesse-bd-1-1024x494.jpg 1024w, https:\/\/syndicom.ch\/app\/uploads\/2025\/07\/syndicat-syndicom-jeunesse-bd-1-768x371.jpg 768w, https:\/\/syndicom.ch\/app\/uploads\/2025\/07\/syndicat-syndicom-jeunesse-bd-1-1536x742.jpg 1536w, https:\/\/syndicom.ch\/app\/uploads\/2025\/07\/syndicat-syndicom-jeunesse-bd-1-2048x989.jpg 2048w\" sizes=\"auto, (max-width: 2148px) 100vw, 2148px\" \/><button\n\t\t\tclass=\"lightbox-trigger\"\n\t\t\ttype=\"button\"\n\t\t\taria-haspopup=\"dialog\"\n\t\t\taria-label=\"Agrandir\"\n\t\t\tdata-wp-init=\"callbacks.initTriggerButton\"\n\t\t\tdata-wp-on--click=\"actions.showLightbox\"\n\t\t\tdata-wp-style--right=\"state.imageButtonRight\"\n\t\t\tdata-wp-style--top=\"state.imageButtonTop\"\n\t\t>\n\t\t\t<svg xmlns=\"http:\/\/www.w3.org\/2000\/svg\" width=\"12\" height=\"12\" fill=\"none\" viewBox=\"0 0 12 12\">\n\t\t\t\t<path fill=\"#fff\" d=\"M2 0a2 2 0 0 0-2 2v2h1.5V2a.5.5 0 0 1 .5-.5h2V0H2Zm2 10.5H2a.5.5 0 0 1-.5-.5V8H0v2a2 2 0 0 0 2 2h2v-1.5ZM8 12v-1.5h2a.5.5 0 0 0 .5-.5V8H12v2a2 2 0 0 1-2 2H8Zm2-12a2 2 0 0 1 2 2v2h-1.5V2a.5.5 0 0 0-.5-.5H8V0h2Z\" \/>\n\t\t\t<\/svg>\n\t\t<\/button><\/figure>\n<\/div>\n\n\n\n<div class=\"wp-block-group coblocks-animate is-layout-constrained wp-block-group-is-layout-constrained\" data-coblocks-animation=\"zoomIn\">\n<figure data-wp-context=\"{&quot;imageId&quot;:&quot;69f5691fe211c&quot;}\" data-wp-interactive=\"core\/image\" data-wp-key=\"69f5691fe211c\" class=\"wp-block-image aligncenter size-full has-lightbox wp-lightbox-container\"><img loading=\"lazy\" decoding=\"async\" width=\"2096\" height=\"1327\" data-wp-class--hide=\"state.isContentHidden\" data-wp-class--show=\"state.isContentVisible\" data-wp-init=\"callbacks.setButtonStyles\" data-wp-on--click=\"actions.showLightbox\" data-wp-on--load=\"callbacks.setButtonStyles\" data-wp-on-window--resize=\"callbacks.setButtonStyles\" src=\"https:\/\/syndicom.ch\/app\/uploads\/2025\/07\/syndicat-syndicom-jeunesse-bd-2.jpg\" alt=\"\" class=\"wp-image-42949\" srcset=\"https:\/\/syndicom.ch\/app\/uploads\/2025\/07\/syndicat-syndicom-jeunesse-bd-2.jpg 2096w, https:\/\/syndicom.ch\/app\/uploads\/2025\/07\/syndicat-syndicom-jeunesse-bd-2-300x190.jpg 300w, https:\/\/syndicom.ch\/app\/uploads\/2025\/07\/syndicat-syndicom-jeunesse-bd-2-1024x648.jpg 1024w, https:\/\/syndicom.ch\/app\/uploads\/2025\/07\/syndicat-syndicom-jeunesse-bd-2-768x486.jpg 768w, https:\/\/syndicom.ch\/app\/uploads\/2025\/07\/syndicat-syndicom-jeunesse-bd-2-1536x972.jpg 1536w, https:\/\/syndicom.ch\/app\/uploads\/2025\/07\/syndicat-syndicom-jeunesse-bd-2-2048x1297.jpg 2048w\" sizes=\"auto, (max-width: 2096px) 100vw, 2096px\" \/><button\n\t\t\tclass=\"lightbox-trigger\"\n\t\t\ttype=\"button\"\n\t\t\taria-haspopup=\"dialog\"\n\t\t\taria-label=\"Agrandir\"\n\t\t\tdata-wp-init=\"callbacks.initTriggerButton\"\n\t\t\tdata-wp-on--click=\"actions.showLightbox\"\n\t\t\tdata-wp-style--right=\"state.imageButtonRight\"\n\t\t\tdata-wp-style--top=\"state.imageButtonTop\"\n\t\t>\n\t\t\t<svg xmlns=\"http:\/\/www.w3.org\/2000\/svg\" width=\"12\" height=\"12\" fill=\"none\" viewBox=\"0 0 12 12\">\n\t\t\t\t<path fill=\"#fff\" d=\"M2 0a2 2 0 0 0-2 2v2h1.5V2a.5.5 0 0 1 .5-.5h2V0H2Zm2 10.5H2a.5.5 0 0 1-.5-.5V8H0v2a2 2 0 0 0 2 2h2v-1.5ZM8 12v-1.5h2a.5.5 0 0 0 .5-.5V8H12v2a2 2 0 0 1-2 2H8Zm2-12a2 2 0 0 1 2 2v2h-1.5V2a.5.5 0 0 0-.5-.5H8V0h2Z\" \/>\n\t\t\t<\/svg>\n\t\t<\/button><\/figure>\n<\/div>\n\n\n\n<div class=\"wp-block-group coblocks-animate is-layout-constrained wp-block-group-is-layout-constrained\" data-coblocks-animation=\"zoomIn\">\n<figure data-wp-context=\"{&quot;imageId&quot;:&quot;69f5691fe24a7&quot;}\" data-wp-interactive=\"core\/image\" data-wp-key=\"69f5691fe24a7\" class=\"wp-block-image aligncenter size-full has-lightbox wp-lightbox-container\"><img loading=\"lazy\" decoding=\"async\" width=\"2052\" height=\"1122\" data-wp-class--hide=\"state.isContentHidden\" data-wp-class--show=\"state.isContentVisible\" data-wp-init=\"callbacks.setButtonStyles\" data-wp-on--click=\"actions.showLightbox\" data-wp-on--load=\"callbacks.setButtonStyles\" data-wp-on-window--resize=\"callbacks.setButtonStyles\" src=\"https:\/\/syndicom.ch\/app\/uploads\/2025\/07\/syndicat-syndicom-jeunesse-bd-3.jpg\" alt=\"\" class=\"wp-image-42953\" srcset=\"https:\/\/syndicom.ch\/app\/uploads\/2025\/07\/syndicat-syndicom-jeunesse-bd-3.jpg 2052w, https:\/\/syndicom.ch\/app\/uploads\/2025\/07\/syndicat-syndicom-jeunesse-bd-3-300x164.jpg 300w, https:\/\/syndicom.ch\/app\/uploads\/2025\/07\/syndicat-syndicom-jeunesse-bd-3-1024x560.jpg 1024w, https:\/\/syndicom.ch\/app\/uploads\/2025\/07\/syndicat-syndicom-jeunesse-bd-3-768x420.jpg 768w, https:\/\/syndicom.ch\/app\/uploads\/2025\/07\/syndicat-syndicom-jeunesse-bd-3-1536x840.jpg 1536w, https:\/\/syndicom.ch\/app\/uploads\/2025\/07\/syndicat-syndicom-jeunesse-bd-3-2048x1120.jpg 2048w\" sizes=\"auto, (max-width: 2052px) 100vw, 2052px\" \/><button\n\t\t\tclass=\"lightbox-trigger\"\n\t\t\ttype=\"button\"\n\t\t\taria-haspopup=\"dialog\"\n\t\t\taria-label=\"Agrandir\"\n\t\t\tdata-wp-init=\"callbacks.initTriggerButton\"\n\t\t\tdata-wp-on--click=\"actions.showLightbox\"\n\t\t\tdata-wp-style--right=\"state.imageButtonRight\"\n\t\t\tdata-wp-style--top=\"state.imageButtonTop\"\n\t\t>\n\t\t\t<svg xmlns=\"http:\/\/www.w3.org\/2000\/svg\" width=\"12\" height=\"12\" fill=\"none\" viewBox=\"0 0 12 12\">\n\t\t\t\t<path fill=\"#fff\" d=\"M2 0a2 2 0 0 0-2 2v2h1.5V2a.5.5 0 0 1 .5-.5h2V0H2Zm2 10.5H2a.5.5 0 0 1-.5-.5V8H0v2a2 2 0 0 0 2 2h2v-1.5ZM8 12v-1.5h2a.5.5 0 0 0 .5-.5V8H12v2a2 2 0 0 1-2 2H8Zm2-12a2 2 0 0 1 2 2v2h-1.5V2a.5.5 0 0 0-.5-.5H8V0h2Z\" \/>\n\t\t\t<\/svg>\n\t\t<\/button><\/figure>\n<\/div>\n\n\n\n<div class=\"wp-block-group coblocks-animate is-layout-constrained wp-block-group-is-layout-constrained\" data-coblocks-animation=\"zoomIn\">\n<figure data-wp-context=\"{&quot;imageId&quot;:&quot;69f5691fe2822&quot;}\" data-wp-interactive=\"core\/image\" data-wp-key=\"69f5691fe2822\" class=\"wp-block-image aligncenter size-full has-lightbox wp-lightbox-container\"><img loading=\"lazy\" decoding=\"async\" width=\"2088\" height=\"1249\" data-wp-class--hide=\"state.isContentHidden\" data-wp-class--show=\"state.isContentVisible\" data-wp-init=\"callbacks.setButtonStyles\" data-wp-on--click=\"actions.showLightbox\" data-wp-on--load=\"callbacks.setButtonStyles\" data-wp-on-window--resize=\"callbacks.setButtonStyles\" src=\"https:\/\/syndicom.ch\/app\/uploads\/2025\/07\/syndicat-syndicom-jeunesse-bd-4.jpg\" alt=\"\" class=\"wp-image-42957\" srcset=\"https:\/\/syndicom.ch\/app\/uploads\/2025\/07\/syndicat-syndicom-jeunesse-bd-4.jpg 2088w, https:\/\/syndicom.ch\/app\/uploads\/2025\/07\/syndicat-syndicom-jeunesse-bd-4-300x179.jpg 300w, https:\/\/syndicom.ch\/app\/uploads\/2025\/07\/syndicat-syndicom-jeunesse-bd-4-1024x613.jpg 1024w, https:\/\/syndicom.ch\/app\/uploads\/2025\/07\/syndicat-syndicom-jeunesse-bd-4-768x459.jpg 768w, https:\/\/syndicom.ch\/app\/uploads\/2025\/07\/syndicat-syndicom-jeunesse-bd-4-1536x919.jpg 1536w, https:\/\/syndicom.ch\/app\/uploads\/2025\/07\/syndicat-syndicom-jeunesse-bd-4-2048x1225.jpg 2048w\" sizes=\"auto, (max-width: 2088px) 100vw, 2088px\" \/><button\n\t\t\tclass=\"lightbox-trigger\"\n\t\t\ttype=\"button\"\n\t\t\taria-haspopup=\"dialog\"\n\t\t\taria-label=\"Agrandir\"\n\t\t\tdata-wp-init=\"callbacks.initTriggerButton\"\n\t\t\tdata-wp-on--click=\"actions.showLightbox\"\n\t\t\tdata-wp-style--right=\"state.imageButtonRight\"\n\t\t\tdata-wp-style--top=\"state.imageButtonTop\"\n\t\t>\n\t\t\t<svg xmlns=\"http:\/\/www.w3.org\/2000\/svg\" width=\"12\" height=\"12\" fill=\"none\" viewBox=\"0 0 12 12\">\n\t\t\t\t<path fill=\"#fff\" d=\"M2 0a2 2 0 0 0-2 2v2h1.5V2a.5.5 0 0 1 .5-.5h2V0H2Zm2 10.5H2a.5.5 0 0 1-.5-.5V8H0v2a2 2 0 0 0 2 2h2v-1.5ZM8 12v-1.5h2a.5.5 0 0 0 .5-.5V8H12v2a2 2 0 0 1-2 2H8Zm2-12a2 2 0 0 1 2 2v2h-1.5V2a.5.5 0 0 0-.5-.5H8V0h2Z\" \/>\n\t\t\t<\/svg>\n\t\t<\/button><\/figure>\n<\/div>\n\n\n\n<div class=\"wp-block-group coblocks-animate is-layout-constrained wp-block-group-is-layout-constrained\" data-coblocks-animation=\"zoomIn\">\n<figure data-wp-context=\"{&quot;imageId&quot;:&quot;69f5691fe2b60&quot;}\" data-wp-interactive=\"core\/image\" data-wp-key=\"69f5691fe2b60\" class=\"wp-block-image aligncenter size-full has-lightbox wp-lightbox-container\"><img loading=\"lazy\" decoding=\"async\" width=\"2206\" height=\"1439\" data-wp-class--hide=\"state.isContentHidden\" data-wp-class--show=\"state.isContentVisible\" data-wp-init=\"callbacks.setButtonStyles\" data-wp-on--click=\"actions.showLightbox\" data-wp-on--load=\"callbacks.setButtonStyles\" data-wp-on-window--resize=\"callbacks.setButtonStyles\" src=\"https:\/\/syndicom.ch\/app\/uploads\/2025\/07\/syndicat-syndicom-jeunesse-bd-5.jpg\" alt=\"\" class=\"wp-image-42961\" srcset=\"https:\/\/syndicom.ch\/app\/uploads\/2025\/07\/syndicat-syndicom-jeunesse-bd-5.jpg 2206w, https:\/\/syndicom.ch\/app\/uploads\/2025\/07\/syndicat-syndicom-jeunesse-bd-5-300x196.jpg 300w, https:\/\/syndicom.ch\/app\/uploads\/2025\/07\/syndicat-syndicom-jeunesse-bd-5-1024x668.jpg 1024w, https:\/\/syndicom.ch\/app\/uploads\/2025\/07\/syndicat-syndicom-jeunesse-bd-5-768x501.jpg 768w, https:\/\/syndicom.ch\/app\/uploads\/2025\/07\/syndicat-syndicom-jeunesse-bd-5-1536x1002.jpg 1536w, https:\/\/syndicom.ch\/app\/uploads\/2025\/07\/syndicat-syndicom-jeunesse-bd-5-2048x1336.jpg 2048w\" sizes=\"auto, (max-width: 2206px) 100vw, 2206px\" \/><button\n\t\t\tclass=\"lightbox-trigger\"\n\t\t\ttype=\"button\"\n\t\t\taria-haspopup=\"dialog\"\n\t\t\taria-label=\"Agrandir\"\n\t\t\tdata-wp-init=\"callbacks.initTriggerButton\"\n\t\t\tdata-wp-on--click=\"actions.showLightbox\"\n\t\t\tdata-wp-style--right=\"state.imageButtonRight\"\n\t\t\tdata-wp-style--top=\"state.imageButtonTop\"\n\t\t>\n\t\t\t<svg xmlns=\"http:\/\/www.w3.org\/2000\/svg\" width=\"12\" height=\"12\" fill=\"none\" viewBox=\"0 0 12 12\">\n\t\t\t\t<path fill=\"#fff\" d=\"M2 0a2 2 0 0 0-2 2v2h1.5V2a.5.5 0 0 1 .5-.5h2V0H2Zm2 10.5H2a.5.5 0 0 1-.5-.5V8H0v2a2 2 0 0 0 2 2h2v-1.5ZM8 12v-1.5h2a.5.5 0 0 0 .5-.5V8H12v2a2 2 0 0 1-2 2H8Zm2-12a2 2 0 0 1 2 2v2h-1.5V2a.5.5 0 0 0-.5-.5H8V0h2Z\" \/>\n\t\t\t<\/svg>\n\t\t<\/button><\/figure>\n<\/div>\n\n\n\n<div class=\"wp-block-group coblocks-animate is-layout-constrained wp-block-group-is-layout-constrained\" data-coblocks-animation=\"zoomIn\">\n<figure data-wp-context=\"{&quot;imageId&quot;:&quot;69f5691fe2e98&quot;}\" data-wp-interactive=\"core\/image\" data-wp-key=\"69f5691fe2e98\" class=\"wp-block-image aligncenter size-full has-lightbox wp-lightbox-container\"><img loading=\"lazy\" decoding=\"async\" width=\"1189\" height=\"681\" data-wp-class--hide=\"state.isContentHidden\" data-wp-class--show=\"state.isContentVisible\" data-wp-init=\"callbacks.setButtonStyles\" data-wp-on--click=\"actions.showLightbox\" data-wp-on--load=\"callbacks.setButtonStyles\" data-wp-on-window--resize=\"callbacks.setButtonStyles\" src=\"https:\/\/syndicom.ch\/app\/uploads\/2025\/07\/syndicat-syndicom-jeunesse-bd-6.jpg\" alt=\"\" class=\"wp-image-42965\" srcset=\"https:\/\/syndicom.ch\/app\/uploads\/2025\/07\/syndicat-syndicom-jeunesse-bd-6.jpg 1189w, https:\/\/syndicom.ch\/app\/uploads\/2025\/07\/syndicat-syndicom-jeunesse-bd-6-300x172.jpg 300w, https:\/\/syndicom.ch\/app\/uploads\/2025\/07\/syndicat-syndicom-jeunesse-bd-6-1024x586.jpg 1024w, https:\/\/syndicom.ch\/app\/uploads\/2025\/07\/syndicat-syndicom-jeunesse-bd-6-768x440.jpg 768w\" sizes=\"auto, (max-width: 1189px) 100vw, 1189px\" \/><button\n\t\t\tclass=\"lightbox-trigger\"\n\t\t\ttype=\"button\"\n\t\t\taria-haspopup=\"dialog\"\n\t\t\taria-label=\"Agrandir\"\n\t\t\tdata-wp-init=\"callbacks.initTriggerButton\"\n\t\t\tdata-wp-on--click=\"actions.showLightbox\"\n\t\t\tdata-wp-style--right=\"state.imageButtonRight\"\n\t\t\tdata-wp-style--top=\"state.imageButtonTop\"\n\t\t>\n\t\t\t<svg xmlns=\"http:\/\/www.w3.org\/2000\/svg\" width=\"12\" height=\"12\" fill=\"none\" viewBox=\"0 0 12 12\">\n\t\t\t\t<path fill=\"#fff\" d=\"M2 0a2 2 0 0 0-2 2v2h1.5V2a.5.5 0 0 1 .5-.5h2V0H2Zm2 10.5H2a.5.5 0 0 1-.5-.5V8H0v2a2 2 0 0 0 2 2h2v-1.5ZM8 12v-1.5h2a.5.5 0 0 0 .5-.5V8H12v2a2 2 0 0 1-2 2H8Zm2-12a2 2 0 0 1 2 2v2h-1.5V2a.5.5 0 0 0-.5-.5H8V0h2Z\" \/>\n\t\t\t<\/svg>\n\t\t<\/button><\/figure>\n<\/div>\n<\/div>\n\n\n\n<div style=\"height:100px\" aria-hidden=\"true\" class=\"wp-block-spacer\"><\/div>\n\n\n\n<h2 class=\"wp-block-heading\" id=\"vie-professionelle\"><strong><strong>Entr\u00e9e dans la vie professionnelle<\/strong><\/strong><\/h2>\n\n\n\n<p>Vous avez termin\u00e9 votre apprentissage et vos \u00e9tudes avec succ\u00e8s ? C&rsquo;est maintenant que la vie professionnelle commence vraiment. Voici les domaines dans lesquels nous nous engageons :<\/p>\n\n\n\n<div class=\"wp-block-group is-style-narrow is-layout-constrained wp-block-group-is-layout-constrained\">\n<hr class=\"wp-block-separator has-alpha-channel-opacity is-style-wide\"\/>\n\n\n\n<div class=\"wp-block-columns is-style-accordion has-background-background-color has-background is-layout-flex wp-container-core-columns-is-layout-9d6595d7 wp-block-columns-is-layout-flex\">\n<div class=\"wp-block-column has-background-background-color has-background is-layout-flow wp-block-column-is-layout-flow\">\n<h3 class=\"wp-block-heading has-primary-color has-text-color has-link-color wp-elements-683b1a93d5564704bd83778c71040d36\"><strong><strong>\u00c9galit\u00e9<\/strong><\/strong><\/h3>\n<\/div>\n\n\n\n<div class=\"wp-block-column is-layout-flow wp-block-column-is-layout-flow\">\n<p class=\"is-style-default\">Malheureusement, c&rsquo;est un sujet r\u00e9current chez nous : les personnes FINTA (femmes, personnes inter, non binaires, trans et agenres) continuent d&rsquo;\u00eatre victimes de discrimination. <a href=\"https:\/\/syndicom.ch\/fr\/femmes\/\" type=\"page\" id=\"5841\" target=\"_blank\" rel=\"noreferrer noopener\">Vous trouverez ici notre engagement contre la discrimination fond\u00e9e sur le genre sur le lieu de travail.<\/a><\/p>\n\n\n\n<p class=\"is-style-default\">Si vous souhaitez vous engager en faveur d\u2019un monde du travail f\u00e9ministe, notre commission des femmes est ouverte \u00e0 toutes les personnes FINTA: <a href=\"mailto:gleichstellung@syndicom.ch\">gleichstellung@syndicom.ch<\/a><\/p>\n<\/div>\n<\/div>\n\n\n\n<hr class=\"wp-block-separator has-alpha-channel-opacity is-style-wide\"\/>\n\n\n\n<div class=\"wp-block-columns is-style-accordion has-background-background-color has-background is-layout-flex wp-container-core-columns-is-layout-9d6595d7 wp-block-columns-is-layout-flex\">\n<div class=\"wp-block-column has-background-background-color has-background is-layout-flow wp-block-column-is-layout-flow\">\n<h3 class=\"wp-block-heading has-primary-color has-text-color has-link-color wp-elements-948fd2c77160e7364b914ffb93dcb474\"><strong><strong><strong>Salaires<\/strong><\/strong><\/strong><\/h3>\n<\/div>\n\n\n\n<div class=\"wp-block-column is-layout-flow wp-block-column-is-layout-flow\">\n<p class=\"is-style-default\">Tout le monde devrait pouvoir vivre de son salaire. Les jeunes travailleurs, les femmes et les migrant-es, en particulier, occupent souvent des emplois \u00e0 bas salaire. C\u2019est pourquoi nous nous engageons en faveur de salaires \u00e9quitables et de bons salaires minimums : <a href=\"https:\/\/syndicom.ch\/fr\/salaire\/\" target=\"_blank\" rel=\"noreferrer noopener\">syndicom.ch\/fr\/salaire\/<\/a><\/p>\n<\/div>\n<\/div>\n\n\n\n<hr class=\"wp-block-separator has-alpha-channel-opacity is-style-wide\"\/>\n\n\n\n<div class=\"wp-block-columns is-style-accordion has-background-background-color has-background is-layout-flex wp-container-core-columns-is-layout-9d6595d7 wp-block-columns-is-layout-flex\">\n<div class=\"wp-block-column has-background-background-color has-background is-layout-flow wp-block-column-is-layout-flow\">\n<h3 class=\"wp-block-heading has-primary-color has-text-color has-link-color wp-elements-f58a7ead9e0c0bf1999f045570052aed\"><strong><strong><strong><strong>La g\u00e9n\u00e9ration des stages ?<\/strong><\/strong><\/strong><\/strong><\/h3>\n<\/div>\n\n\n\n<div class=\"wp-block-column is-layout-flow wp-block-column-is-layout-flow\">\n<p class=\"is-style-default\">Vous avez termin\u00e9 votre formation ou vos \u00e9tudes, mais vous ne trouvez pas d&#8217;emploi fixe et vous passez d&rsquo;un stage \u00e0 l&rsquo;autre ? Vous n&rsquo;\u00eates pas le seul \u00e0 \u00eatre confront\u00e9 \u00e0 ce probl\u00e8me. En Suisse, les stages ne sont malheureusement pas r\u00e9glement\u00e9s par la loi. Soyez conscient de votre valeur ! <\/p>\n\n\n\n<p class=\"is-style-default\">Important : un stage <strong>doit vous faciliter l&rsquo;entr\u00e9e dans la vie professionnelle <\/strong>et <strong>non exploiter <\/strong>votre main-d&rsquo;\u0153uvre. Un bon stage doit avoir un caract\u00e8re formateur. Cela implique un <strong>domaine d&rsquo;activit\u00e9 clairement d\u00e9fini<\/strong>, une <strong>dur\u00e9e limit\u00e9e <\/strong>\u00e0 un an au maximum et <strong>des vacances pay\u00e9es.<\/strong><\/p>\n<\/div>\n<\/div>\n\n\n\n<hr class=\"wp-block-separator has-alpha-channel-opacity is-style-wide\"\/>\n\n\n\n<div class=\"wp-block-columns is-style-accordion has-background-background-color has-background is-layout-flex wp-container-core-columns-is-layout-9d6595d7 wp-block-columns-is-layout-flex\">\n<div class=\"wp-block-column has-background-background-color has-background is-layout-flow wp-block-column-is-layout-flow\">\n<h3 class=\"wp-block-heading has-primary-color has-text-color has-link-color wp-elements-8ae1dc5bcb9b8c20e7ac610bd8b930e8\"><strong><strong><strong><strong><strong>Professionnels des m\u00e9dias de moins de 30 ans<\/strong><\/strong><\/strong><\/strong><\/strong><\/h3>\n<\/div>\n\n\n\n<div class=\"wp-block-column is-layout-flow wp-block-column-is-layout-flow\">\n<p class=\"is-style-default\">En tant que syndicat des professionnels des m\u00e9dias, nous luttons pour des conditions de travail \u00e9quitables dans le secteur des m\u00e9dias. L\u2019acc\u00e8s au journalisme est devenu particuli\u00e8rement difficile pour les d\u00e9butants. C\u2019est pourquoi nous travaillons en \u00e9troite collaboration avec les Jeunes journalistes suisses (JJS):  <a href=\"https:\/\/www.jjs.ch\/\" target=\"_blank\" rel=\"noreferrer noopener nofollow\">www.jjs.ch<\/a><\/p>\n<\/div>\n<\/div>\n\n\n\n<hr class=\"wp-block-separator has-alpha-channel-opacity is-style-wide\"\/>\n<\/div>\n<\/div>\n<\/div>\n\n\n\n<p><\/p>\n\n\n\n<div class=\"wp-block-group alignfull has-tertiary-background-color has-background is-layout-constrained wp-block-group-is-layout-constrained\">\n<div class=\"wp-block-group is-style-narrow is-layout-constrained wp-block-group-is-layout-constrained\">\n<div class=\"wp-block-group is-style-narrow is-layout-constrained wp-block-group-is-layout-constrained\">\n<h2 class=\"wp-block-heading\" id=\"adhesion\"><strong><strong>Adh\u00e9sion : l\u2019union fait la force !<\/strong><\/strong><\/h2>\n\n\n\n<p>Qu&rsquo;il s&rsquo;agisse des cong\u00e9s pay\u00e9s, de la semaine de 5 jours, de l&rsquo;AVS ou de la journ\u00e9e de 8 heures : nous, les syndicats, avons obtenu tout cela en nous unissant. Plus nous sommes nombreux, plus il nous est facile de nous engager ensemble pour de bonnes conditions de travail et des salaires \u00e9quitables. Que ce soit en tant que membre passif ou membre actif: <strong>ensemble, nous sommes plus fort-es que seul-es !<\/strong><\/p>\n\n\n\n<div class=\"wp-block-group is-style-default is-nowrap is-layout-flex wp-container-core-group-is-layout-ad2f72ca wp-block-group-is-layout-flex\">\n<p>Quels sont les avantages de votre adh\u00e9sion ?<\/p>\n\n\n\n<div class=\"wp-block-group is-layout-constrained wp-block-group-is-layout-constrained\">\n<div class=\"wp-block-buttons is-layout-flex wp-block-buttons-is-layout-flex\">\n<div class=\"wp-block-button is-style-outline is-style-outline--2\"><a class=\"wp-block-button__link has-primary-color has-text-color has-link-color wp-element-button\" href=\"https:\/\/syndicom.ch\/fr\/faq-affiliation\/\" target=\"_blank\" rel=\"noreferrer noopener\">Vous trouverez les r\u00e9ponses ici.<\/a><\/div>\n<\/div>\n<\/div>\n<\/div>\n<\/div>\n<\/div>\n<\/div>\n\n\n\n<p><\/p>\n\n\n\n<div class=\"wp-block-group alignfull has-background-background-color has-background is-layout-constrained wp-block-group-is-layout-constrained\">\n<div class=\"wp-block-group is-style-narrow is-layout-constrained wp-block-group-is-layout-constrained\">\n<div class=\"wp-block-group is-style-narrow is-layout-constrained wp-block-group-is-layout-constrained\">\n<h3 class=\"wp-block-heading\"><strong><strong>Tu as des questions sur la jeunesse, des id\u00e9es pour un projet ou tu souhaites t&rsquo;engager toi-m\u00eame pour la jeunesse ?<\/strong><\/strong><\/h3>\n\n\n\n<div class=\"wp-block-group is-style-default is-nowrap is-layout-flex wp-container-core-group-is-layout-ad2f72ca wp-block-group-is-layout-flex\">\n<figure data-wp-context=\"{&quot;imageId&quot;:&quot;69f5691fe58d7&quot;}\" data-wp-interactive=\"core\/image\" data-wp-key=\"69f5691fe58d7\" class=\"wp-block-image size-full is-style-default has-lightbox wp-container-content-29dca9c1 wp-lightbox-container\"><img decoding=\"async\" data-wp-class--hide=\"state.isContentHidden\" data-wp-class--show=\"state.isContentVisible\" data-wp-init=\"callbacks.setButtonStyles\" data-wp-on--click=\"actions.showLightbox\" data-wp-on--load=\"callbacks.setButtonStyles\" data-wp-on-window--resize=\"callbacks.setButtonStyles\" src=\"https:\/\/syndicom.ch\/app\/uploads\/2025\/01\/gewerkschaft-syndicom-jane-bossard-scaled.jpg\" alt=\"Jeannine \u00abJane\u00bb Bossard\" class=\"wp-image-2639\" style=\"aspect-ratio:1;object-fit:cover\"\/><button\n\t\t\tclass=\"lightbox-trigger\"\n\t\t\ttype=\"button\"\n\t\t\taria-haspopup=\"dialog\"\n\t\t\taria-label=\"Agrandir\"\n\t\t\tdata-wp-init=\"callbacks.initTriggerButton\"\n\t\t\tdata-wp-on--click=\"actions.showLightbox\"\n\t\t\tdata-wp-style--right=\"state.imageButtonRight\"\n\t\t\tdata-wp-style--top=\"state.imageButtonTop\"\n\t\t>\n\t\t\t<svg xmlns=\"http:\/\/www.w3.org\/2000\/svg\" width=\"12\" height=\"12\" fill=\"none\" viewBox=\"0 0 12 12\">\n\t\t\t\t<path fill=\"#fff\" d=\"M2 0a2 2 0 0 0-2 2v2h1.5V2a.5.5 0 0 1 .5-.5h2V0H2Zm2 10.5H2a.5.5 0 0 1-.5-.5V8H0v2a2 2 0 0 0 2 2h2v-1.5ZM8 12v-1.5h2a.5.5 0 0 0 .5-.5V8H12v2a2 2 0 0 1-2 2H8Zm2-12a2 2 0 0 1 2 2v2h-1.5V2a.5.5 0 0 0-.5-.5H8V0h2Z\" \/>\n\t\t\t<\/svg>\n\t\t<\/button><\/figure>\n\n\n\n<div class=\"wp-block-group is-layout-constrained wp-block-group-is-layout-constrained\">\n<p>Alors contacte <strong>Jeannine \u00ab Jane \u00bb Bossard<\/strong>, secr\u00e9taire de la jeunesse:<br><br>E-mail: <a href=\"mailto:jugend@syndicom.ch\">jugend@syndicom.ch<\/a><br>T\u00e9l\u00e9phone: <a href=\"tel:+41 58 817 18 18\">+41 58 817 18 18<\/a><\/p>\n<\/div>\n<\/div>\n<\/div>\n<\/div>\n<\/div>\n","protected":false},"excerpt":{"rendered":"<p>La jeunesse de syndicom. Nos principales pr\u00e9occupations : de meilleures conditions de travail pour les apprentis et les jeunes travailleurs!<\/p>\n","protected":false},"author":2,"featured_media":0,"parent":0,"menu_order":0,"comment_status":"closed","ping_status":"closed","template":"","meta":{"_acf_changed":false,"inline_featured_image":false,"_coblocks_attr":"","_coblocks_dimensions":"","_coblocks_responsive_height":"","_coblocks_accordion_ie_support":"","footnotes":""},"categories":[],"class_list":["post-5993","page","type-page","status-publish","hentry"],"acf":[],"yoast_head":"<!-- This site is optimized with the Yoast SEO plugin v27.3 - https:\/\/yoast.com\/product\/yoast-seo-wordpress\/ -->\n<title>Jeunesse - syndicom<\/title>\n<meta name=\"description\" content=\"La jeunesse de syndicom. Nos principales pr\u00e9occupations : de meilleures conditions de travail pour les apprentis et les jeunes travailleurs!\" \/>\n<meta name=\"robots\" content=\"index, follow, max-snippet:-1, max-image-preview:large, max-video-preview:-1\" \/>\n<link rel=\"canonical\" href=\"https:\/\/syndicom.ch\/fr\/jeunesse\/\" \/>\n<meta property=\"og:locale\" content=\"fr_FR\" \/>\n<meta property=\"og:type\" content=\"article\" \/>\n<meta property=\"og:title\" content=\"Jeunesse - syndicom\" \/>\n<meta property=\"og:description\" content=\"La jeunesse de syndicom. Nos principales pr\u00e9occupations : de meilleures conditions de travail pour les apprentis et les jeunes travailleurs!\" \/>\n<meta property=\"og:url\" content=\"https:\/\/syndicom.ch\/fr\/jeunesse\/\" \/>\n<meta property=\"og:site_name\" content=\"syndicom\" \/>\n<meta property=\"article:modified_time\" content=\"2026-04-14T08:41:09+00:00\" \/>\n<meta property=\"og:image\" content=\"https:\/\/syndicom.ch\/app\/uploads\/2025\/07\/syndicat-syndicom-jeunesse-bd-1.jpg\" \/>\n<meta name=\"twitter:card\" content=\"summary_large_image\" \/>\n<meta name=\"twitter:label1\" content=\"Dur\u00e9e de lecture estim\u00e9e\" \/>\n\t<meta name=\"twitter:data1\" content=\"6 minutes\" \/>\n<script type=\"application\/ld+json\" class=\"yoast-schema-graph\">{\"@context\":\"https:\\\/\\\/schema.org\",\"@graph\":[{\"@type\":\"WebPage\",\"@id\":\"https:\\\/\\\/syndicom.ch\\\/fr\\\/jeunesse\\\/\",\"url\":\"https:\\\/\\\/syndicom.ch\\\/fr\\\/jeunesse\\\/\",\"name\":\"Jeunesse - syndicom\",\"isPartOf\":{\"@id\":\"https:\\\/\\\/syndicom.ch\\\/fr\\\/#website\"},\"primaryImageOfPage\":{\"@id\":\"https:\\\/\\\/syndicom.ch\\\/fr\\\/jeunesse\\\/#primaryimage\"},\"image\":{\"@id\":\"https:\\\/\\\/syndicom.ch\\\/fr\\\/jeunesse\\\/#primaryimage\"},\"thumbnailUrl\":\"https:\\\/\\\/syndicom.ch\\\/app\\\/uploads\\\/2025\\\/07\\\/syndicat-syndicom-jeunesse-bd-1.jpg\",\"datePublished\":\"2024-07-24T12:43:21+00:00\",\"dateModified\":\"2026-04-14T08:41:09+00:00\",\"description\":\"La jeunesse de syndicom. Nos principales pr\u00e9occupations : de meilleures conditions de travail pour les apprentis et les jeunes travailleurs!\",\"breadcrumb\":{\"@id\":\"https:\\\/\\\/syndicom.ch\\\/fr\\\/jeunesse\\\/#breadcrumb\"},\"inLanguage\":\"fr-FR\",\"potentialAction\":[{\"@type\":\"ReadAction\",\"target\":[\"https:\\\/\\\/syndicom.ch\\\/fr\\\/jeunesse\\\/\"]}]},{\"@type\":\"ImageObject\",\"inLanguage\":\"fr-FR\",\"@id\":\"https:\\\/\\\/syndicom.ch\\\/fr\\\/jeunesse\\\/#primaryimage\",\"url\":\"https:\\\/\\\/syndicom.ch\\\/app\\\/uploads\\\/2025\\\/07\\\/syndicat-syndicom-jeunesse-bd-1.jpg\",\"contentUrl\":\"https:\\\/\\\/syndicom.ch\\\/app\\\/uploads\\\/2025\\\/07\\\/syndicat-syndicom-jeunesse-bd-1.jpg\"},{\"@type\":\"BreadcrumbList\",\"@id\":\"https:\\\/\\\/syndicom.ch\\\/fr\\\/jeunesse\\\/#breadcrumb\",\"itemListElement\":[{\"@type\":\"ListItem\",\"position\":1,\"name\":\"Page d'accueil\",\"item\":\"https:\\\/\\\/syndicom.ch\\\/fr\\\/\"},{\"@type\":\"ListItem\",\"position\":2,\"name\":\"Jeunesse\"}]},{\"@type\":\"WebSite\",\"@id\":\"https:\\\/\\\/syndicom.ch\\\/fr\\\/#website\",\"url\":\"https:\\\/\\\/syndicom.ch\\\/fr\\\/\",\"name\":\"syndicom\",\"description\":\"\",\"publisher\":{\"@id\":\"https:\\\/\\\/syndicom.ch\\\/fr\\\/#organization\"},\"potentialAction\":[{\"@type\":\"SearchAction\",\"target\":{\"@type\":\"EntryPoint\",\"urlTemplate\":\"https:\\\/\\\/syndicom.ch\\\/fr\\\/?s={search_term_string}\"},\"query-input\":{\"@type\":\"PropertyValueSpecification\",\"valueRequired\":true,\"valueName\":\"search_term_string\"}}],\"inLanguage\":\"fr-FR\"},{\"@type\":\"Organization\",\"@id\":\"https:\\\/\\\/syndicom.ch\\\/fr\\\/#organization\",\"name\":\"syndicom\",\"url\":\"https:\\\/\\\/syndicom.ch\\\/fr\\\/\",\"logo\":{\"@type\":\"ImageObject\",\"inLanguage\":\"fr-FR\",\"@id\":\"https:\\\/\\\/syndicom.ch\\\/fr\\\/#\\\/schema\\\/logo\\\/image\\\/\",\"url\":\"https:\\\/\\\/syndicom.ch\\\/app\\\/uploads\\\/2024\\\/06\\\/logo.svg\",\"contentUrl\":\"https:\\\/\\\/syndicom.ch\\\/app\\\/uploads\\\/2024\\\/06\\\/logo.svg\",\"width\":297,\"height\":51,\"caption\":\"syndicom\"},\"image\":{\"@id\":\"https:\\\/\\\/syndicom.ch\\\/fr\\\/#\\\/schema\\\/logo\\\/image\\\/\"}}]}<\/script>\n<!-- \/ Yoast SEO plugin. -->","yoast_head_json":{"title":"Jeunesse - syndicom","description":"La jeunesse de syndicom. Nos principales pr\u00e9occupations : de meilleures conditions de travail pour les apprentis et les jeunes travailleurs!","robots":{"index":"index","follow":"follow","max-snippet":"max-snippet:-1","max-image-preview":"max-image-preview:large","max-video-preview":"max-video-preview:-1"},"canonical":"https:\/\/syndicom.ch\/fr\/jeunesse\/","og_locale":"fr_FR","og_type":"article","og_title":"Jeunesse - syndicom","og_description":"La jeunesse de syndicom. Nos principales pr\u00e9occupations : de meilleures conditions de travail pour les apprentis et les jeunes travailleurs!","og_url":"https:\/\/syndicom.ch\/fr\/jeunesse\/","og_site_name":"syndicom","article_modified_time":"2026-04-14T08:41:09+00:00","og_image":[{"url":"https:\/\/syndicom.ch\/app\/uploads\/2025\/07\/syndicat-syndicom-jeunesse-bd-1.jpg","type":"","width":"","height":""}],"twitter_card":"summary_large_image","twitter_misc":{"Dur\u00e9e de lecture estim\u00e9e":"6 minutes"},"schema":{"@context":"https:\/\/schema.org","@graph":[{"@type":"WebPage","@id":"https:\/\/syndicom.ch\/fr\/jeunesse\/","url":"https:\/\/syndicom.ch\/fr\/jeunesse\/","name":"Jeunesse - syndicom","isPartOf":{"@id":"https:\/\/syndicom.ch\/fr\/#website"},"primaryImageOfPage":{"@id":"https:\/\/syndicom.ch\/fr\/jeunesse\/#primaryimage"},"image":{"@id":"https:\/\/syndicom.ch\/fr\/jeunesse\/#primaryimage"},"thumbnailUrl":"https:\/\/syndicom.ch\/app\/uploads\/2025\/07\/syndicat-syndicom-jeunesse-bd-1.jpg","datePublished":"2024-07-24T12:43:21+00:00","dateModified":"2026-04-14T08:41:09+00:00","description":"La jeunesse de syndicom. Nos principales pr\u00e9occupations : de meilleures conditions de travail pour les apprentis et les jeunes travailleurs!","breadcrumb":{"@id":"https:\/\/syndicom.ch\/fr\/jeunesse\/#breadcrumb"},"inLanguage":"fr-FR","potentialAction":[{"@type":"ReadAction","target":["https:\/\/syndicom.ch\/fr\/jeunesse\/"]}]},{"@type":"ImageObject","inLanguage":"fr-FR","@id":"https:\/\/syndicom.ch\/fr\/jeunesse\/#primaryimage","url":"https:\/\/syndicom.ch\/app\/uploads\/2025\/07\/syndicat-syndicom-jeunesse-bd-1.jpg","contentUrl":"https:\/\/syndicom.ch\/app\/uploads\/2025\/07\/syndicat-syndicom-jeunesse-bd-1.jpg"},{"@type":"BreadcrumbList","@id":"https:\/\/syndicom.ch\/fr\/jeunesse\/#breadcrumb","itemListElement":[{"@type":"ListItem","position":1,"name":"Page d'accueil","item":"https:\/\/syndicom.ch\/fr\/"},{"@type":"ListItem","position":2,"name":"Jeunesse"}]},{"@type":"WebSite","@id":"https:\/\/syndicom.ch\/fr\/#website","url":"https:\/\/syndicom.ch\/fr\/","name":"syndicom","description":"","publisher":{"@id":"https:\/\/syndicom.ch\/fr\/#organization"},"potentialAction":[{"@type":"SearchAction","target":{"@type":"EntryPoint","urlTemplate":"https:\/\/syndicom.ch\/fr\/?s={search_term_string}"},"query-input":{"@type":"PropertyValueSpecification","valueRequired":true,"valueName":"search_term_string"}}],"inLanguage":"fr-FR"},{"@type":"Organization","@id":"https:\/\/syndicom.ch\/fr\/#organization","name":"syndicom","url":"https:\/\/syndicom.ch\/fr\/","logo":{"@type":"ImageObject","inLanguage":"fr-FR","@id":"https:\/\/syndicom.ch\/fr\/#\/schema\/logo\/image\/","url":"https:\/\/syndicom.ch\/app\/uploads\/2024\/06\/logo.svg","contentUrl":"https:\/\/syndicom.ch\/app\/uploads\/2024\/06\/logo.svg","width":297,"height":51,"caption":"syndicom"},"image":{"@id":"https:\/\/syndicom.ch\/fr\/#\/schema\/logo\/image\/"}}]}},"_links":{"self":[{"href":"https:\/\/syndicom.ch\/fr\/wp-json\/wp\/v2\/pages\/5993","targetHints":{"allow":["GET"]}}],"collection":[{"href":"https:\/\/syndicom.ch\/fr\/wp-json\/wp\/v2\/pages"}],"about":[{"href":"https:\/\/syndicom.ch\/fr\/wp-json\/wp\/v2\/types\/page"}],"author":[{"embeddable":true,"href":"https:\/\/syndicom.ch\/fr\/wp-json\/wp\/v2\/users\/2"}],"replies":[{"embeddable":true,"href":"https:\/\/syndicom.ch\/fr\/wp-json\/wp\/v2\/comments?post=5993"}],"version-history":[{"count":44,"href":"https:\/\/syndicom.ch\/fr\/wp-json\/wp\/v2\/pages\/5993\/revisions"}],"predecessor-version":[{"id":60931,"href":"https:\/\/syndicom.ch\/fr\/wp-json\/wp\/v2\/pages\/5993\/revisions\/60931"}],"wp:attachment":[{"href":"https:\/\/syndicom.ch\/fr\/wp-json\/wp\/v2\/media?parent=5993"}],"wp:term":[{"taxonomy":"category","embeddable":true,"href":"https:\/\/syndicom.ch\/fr\/wp-json\/wp\/v2\/categories?post=5993"}],"curies":[{"name":"wp","href":"https:\/\/api.w.org\/{rel}","templated":true}]}}