{"id":61730,"date":"2026-04-24T13:26:14","date_gmt":"2026-04-24T11:26:14","guid":{"rendered":"https:\/\/syndicom.ch\/?page_id=61730"},"modified":"2026-04-27T10:21:37","modified_gmt":"2026-04-27T08:21:37","slug":"non-a-linitiative-du-chaos","status":"publish","type":"page","link":"https:\/\/syndicom.ch\/fr\/non-a-linitiative-du-chaos\/","title":{"rendered":"NON \u00e0 l\u2019initiative du chaos"},"content":{"rendered":"\n<div class=\"wp-block-group alignfull has-primary-background-color has-background is-layout-constrained wp-block-group-is-layout-constrained\">\n<div class=\"wp-block-group is-style-narrow is-layout-constrained wp-block-group-is-layout-constrained\">\n<h1 class=\"wp-block-heading has-background-color has-text-color has-link-color wp-elements-db871ff9e5f2d4a6ba7e3009358c8ecc\"><strong><strong>NON \u00e0 l\u2019initiative du chaos le 14 juin 2026<\/strong><\/strong><\/h1>\n\n\n\n<div class=\"wp-block-columns is-layout-flex wp-container-core-columns-is-layout-9d6595d7 wp-block-columns-is-layout-flex\">\n<div class=\"wp-block-column is-layout-flow wp-block-column-is-layout-flow\" style=\"flex-basis:66.66%\">\n<p class=\"is-style-lead has-background-color has-text-color has-link-color wp-elements-3b95da306a42e64a7da6bf7b13a13a42\">Le 14 juin, nous votons sur l\u2019initiative du chaos. syndicom dit Non, car l\u2019initiative met en danger nos salaires, nos rentes et nos emplois.<\/p>\n<\/div>\n\n\n\n<div class=\"wp-block-column is-layout-flow wp-block-column-is-layout-flow\" style=\"flex-basis:33.33%\">\n<div class=\"wp-block-group is-vertical is-nowrap is-layout-flex wp-container-core-group-is-layout-fc43baa9 wp-block-group-is-layout-flex\">\n<p><sup><a href=\"#de-quoi-il-agit\" type=\"internal\" id=\"#de-quoi-il-agit\"><mark style=\"background-color:#0D7EAC\" class=\"has-inline-color has-background-color\">\u279c De quoi est-il question&nbsp;?<\/mark><\/a><br><a href=\"#Nos-raisons-de-voter-non\" type=\"internal\" id=\"#Nos-raisons-de-voter-non\"><mark style=\"background-color:#0D7EAC\" class=\"has-inline-color has-background-color\">\u279c C&rsquo;est pourquoi nous disons non<\/mark><\/a><br><a href=\"#ton-soutien\" type=\"internal\" id=\"#ton-soutien\"><mark style=\"background-color:rgba(0, 0, 0, 0)\" class=\"has-inline-color has-background-color\">\u279c Ton soutien est important<\/mark><\/a><\/sup><\/p>\n<\/div>\n<\/div>\n<\/div>\n<\/div>\n<\/div>\n\n\n\n<div class=\"wp-block-group alignfull has-background-background-color has-background is-layout-constrained wp-block-group-is-layout-constrained\">\n<div class=\"wp-block-group is-style-narrow is-layout-constrained wp-block-group-is-layout-constrained\">\n<div class=\"wp-block-group is-style-narrow is-layout-constrained wp-block-group-is-layout-constrained\">\n<h2 class=\"wp-block-heading has-text-align-center has-background-color has-primary-background-color has-text-color has-background has-link-color wp-elements-1e04dfe57b7987afc061c7daab552c5c\" id=\"de-quoi-il-agit\"><strong><strong>De quoi est-il question&nbsp;?<\/strong><\/strong><\/h2>\n\n\n\n<p>Le 14 juin prochain, nous votons en Suisse sur l\u2019initiative populaire \u00ab&nbsp;Pas de Suisse \u00e0 10&nbsp;millions&nbsp;! (initiative pour la durabilit\u00e9)\u00bb, l\u2019initiative dite du chaos.<\/p>\n\n\n\n<p>L\u2019initiative veut limiter l\u2019immigration et a donc pour objectif de d\u00e9noncer la libre circulation des personnes et, partant, les accords bilat\u00e9raux avec l\u2019Union europ\u00e9enne. Cela aurait des cons\u00e9quences d\u00e9sastreuses pour de nombreux domaines de notre quotidien et du monde professionnel.<\/p>\n\n\n\n<p>Cette initiative met en danger<\/p>\n\n\n\n<ul class=\"wp-block-list\">\n<li class=\"is-style-check\">les salaires<\/li>\n\n\n\n<li class=\"is-style-check\">les rentes<\/li>\n\n\n\n<li class=\"is-style-check\">les emplois et<\/li>\n\n\n\n<li class=\"is-style-check\">le service public.<\/li>\n<\/ul>\n<\/div>\n<\/div>\n<\/div>\n\n\n\n<figure data-wp-context=\"{&quot;imageId&quot;:&quot;69f5eb96bc3bc&quot;}\" data-wp-interactive=\"core\/image\" data-wp-key=\"69f5eb96bc3bc\" class=\"wp-block-image alignwide size-full has-lightbox wp-lightbox-container\"><img loading=\"lazy\" decoding=\"async\" width=\"2560\" height=\"1739\" data-wp-class--hide=\"state.isContentHidden\" data-wp-class--show=\"state.isContentVisible\" data-wp-init=\"callbacks.setButtonStyles\" data-wp-on--click=\"actions.showLightbox\" data-wp-on--load=\"callbacks.setButtonStyles\" data-wp-on-window--resize=\"callbacks.setButtonStyles\" src=\"https:\/\/syndicom.ch\/app\/uploads\/2026\/04\/syndicat-syndicom-uss-initiative-chaos-2026-visual-femme-scaled.jpg\" alt=\"\" class=\"wp-image-61748\" srcset=\"https:\/\/syndicom.ch\/app\/uploads\/2026\/04\/syndicat-syndicom-uss-initiative-chaos-2026-visual-femme-scaled.jpg 2560w, https:\/\/syndicom.ch\/app\/uploads\/2026\/04\/syndicat-syndicom-uss-initiative-chaos-2026-visual-femme-300x204.jpg 300w, https:\/\/syndicom.ch\/app\/uploads\/2026\/04\/syndicat-syndicom-uss-initiative-chaos-2026-visual-femme-1024x696.jpg 1024w, https:\/\/syndicom.ch\/app\/uploads\/2026\/04\/syndicat-syndicom-uss-initiative-chaos-2026-visual-femme-768x522.jpg 768w, https:\/\/syndicom.ch\/app\/uploads\/2026\/04\/syndicat-syndicom-uss-initiative-chaos-2026-visual-femme-1536x1043.jpg 1536w, https:\/\/syndicom.ch\/app\/uploads\/2026\/04\/syndicat-syndicom-uss-initiative-chaos-2026-visual-femme-2048x1391.jpg 2048w\" sizes=\"auto, (max-width: 2560px) 100vw, 2560px\" \/><button\n\t\t\tclass=\"lightbox-trigger\"\n\t\t\ttype=\"button\"\n\t\t\taria-haspopup=\"dialog\"\n\t\t\taria-label=\"Agrandir\"\n\t\t\tdata-wp-init=\"callbacks.initTriggerButton\"\n\t\t\tdata-wp-on--click=\"actions.showLightbox\"\n\t\t\tdata-wp-style--right=\"state.imageButtonRight\"\n\t\t\tdata-wp-style--top=\"state.imageButtonTop\"\n\t\t>\n\t\t\t<svg xmlns=\"http:\/\/www.w3.org\/2000\/svg\" width=\"12\" height=\"12\" fill=\"none\" viewBox=\"0 0 12 12\">\n\t\t\t\t<path fill=\"#fff\" d=\"M2 0a2 2 0 0 0-2 2v2h1.5V2a.5.5 0 0 1 .5-.5h2V0H2Zm2 10.5H2a.5.5 0 0 1-.5-.5V8H0v2a2 2 0 0 0 2 2h2v-1.5ZM8 12v-1.5h2a.5.5 0 0 0 .5-.5V8H12v2a2 2 0 0 1-2 2H8Zm2-12a2 2 0 0 1 2 2v2h-1.5V2a.5.5 0 0 0-.5-.5H8V0h2Z\" \/>\n\t\t\t<\/svg>\n\t\t<\/button><\/figure>\n\n\n\n<div class=\"wp-block-group alignfull has-background-background-color has-background is-layout-constrained wp-block-group-is-layout-constrained\">\n<div class=\"wp-block-group is-style-narrow is-layout-constrained wp-block-group-is-layout-constrained\">\n<div class=\"wp-block-group is-style-narrow is-layout-constrained wp-block-group-is-layout-constrained\">\n<h2 class=\"wp-block-heading has-text-align-center has-background-color has-primary-background-color has-text-color has-background has-link-color wp-elements-ef6f144f774f2835ef7520fa7d832352\" id=\"Nos-raisons-de-voter-non\"><strong><strong>C\u2019est pourquoi syndicom dit Non le 14 juin<\/strong><\/strong><\/h2>\n\n\n\n<p>La Suisse doit relever de vrais d\u00e9fis. Mais cette initiative ne les r\u00e9sout pas. Elle cr\u00e9e de nouveaux probl\u00e8mes&nbsp;: plus d\u2019ins\u00e9curit\u00e9s, plus de pressions sur les travailleur-euses et plus de difficult\u00e9s pour le pays au quotidien.<\/p>\n\n\n\n<div class=\"wp-block-group is-nowrap is-layout-flex wp-container-core-group-is-layout-ad2f72ca wp-block-group-is-layout-flex\">\n<div class=\"wp-block-group is-layout-constrained wp-container-core-group-is-layout-6fdff0fd wp-block-group-is-layout-constrained\">\n<figure data-wp-context=\"{&quot;imageId&quot;:&quot;69f5eb96bcb2b&quot;}\" data-wp-interactive=\"core\/image\" data-wp-key=\"69f5eb96bcb2b\" class=\"wp-block-image size-full has-lightbox wp-lightbox-container\"><img loading=\"lazy\" decoding=\"async\" width=\"1074\" height=\"873\" data-wp-class--hide=\"state.isContentHidden\" data-wp-class--show=\"state.isContentVisible\" data-wp-init=\"callbacks.setButtonStyles\" data-wp-on--click=\"actions.showLightbox\" data-wp-on--load=\"callbacks.setButtonStyles\" data-wp-on-window--resize=\"callbacks.setButtonStyles\" src=\"https:\/\/syndicom.ch\/app\/uploads\/2026\/04\/syndicat-syndicom-uss-initiative-chaos-2026-logo.png\" alt=\"\" class=\"wp-image-61749\" srcset=\"https:\/\/syndicom.ch\/app\/uploads\/2026\/04\/syndicat-syndicom-uss-initiative-chaos-2026-logo.png 1074w, https:\/\/syndicom.ch\/app\/uploads\/2026\/04\/syndicat-syndicom-uss-initiative-chaos-2026-logo-300x244.png 300w, https:\/\/syndicom.ch\/app\/uploads\/2026\/04\/syndicat-syndicom-uss-initiative-chaos-2026-logo-1024x832.png 1024w, https:\/\/syndicom.ch\/app\/uploads\/2026\/04\/syndicat-syndicom-uss-initiative-chaos-2026-logo-768x624.png 768w\" sizes=\"auto, (max-width: 1074px) 100vw, 1074px\" \/><button\n\t\t\tclass=\"lightbox-trigger\"\n\t\t\ttype=\"button\"\n\t\t\taria-haspopup=\"dialog\"\n\t\t\taria-label=\"Agrandir\"\n\t\t\tdata-wp-init=\"callbacks.initTriggerButton\"\n\t\t\tdata-wp-on--click=\"actions.showLightbox\"\n\t\t\tdata-wp-style--right=\"state.imageButtonRight\"\n\t\t\tdata-wp-style--top=\"state.imageButtonTop\"\n\t\t>\n\t\t\t<svg xmlns=\"http:\/\/www.w3.org\/2000\/svg\" width=\"12\" height=\"12\" fill=\"none\" viewBox=\"0 0 12 12\">\n\t\t\t\t<path fill=\"#fff\" d=\"M2 0a2 2 0 0 0-2 2v2h1.5V2a.5.5 0 0 1 .5-.5h2V0H2Zm2 10.5H2a.5.5 0 0 1-.5-.5V8H0v2a2 2 0 0 0 2 2h2v-1.5ZM8 12v-1.5h2a.5.5 0 0 0 .5-.5V8H12v2a2 2 0 0 1-2 2H8Zm2-12a2 2 0 0 1 2 2v2h-1.5V2a.5.5 0 0 0-.5-.5H8V0h2Z\" \/>\n\t\t\t<\/svg>\n\t\t<\/button><\/figure>\n<\/div>\n\n\n\n<h3 class=\"wp-block-heading has-primary-color has-text-color has-link-color wp-elements-f10d34cd1dd3a92e9a6ee64e864b9a58\">NON<strong>, parce que les emplois seront menac\u00e9s<\/strong><\/h3>\n<\/div>\n\n\n\n<p>Beaucoup d\u2019entreprises en Suisse coop\u00e8rent de mani\u00e8re \u00e9troite avec l\u2019Europe. Si cette coop\u00e9ration se d\u00e9t\u00e9riore, c\u2019est mauvais pour l\u2019\u00e9conomie. Il y aura moins d\u2019investissements, et les entreprises seront plus enclines \u00e0 supprimer des emplois ou \u00e0 d\u00e9localiser leurs activit\u00e9s \u00e0 l\u2019\u00e9tranger. Cela mettra en danger les emplois en Suisse.<\/p>\n\n\n\n<hr class=\"wp-block-separator has-alpha-channel-opacity is-style-wide\"\/>\n\n\n\n<div class=\"wp-block-group is-nowrap is-layout-flex wp-container-core-group-is-layout-ad2f72ca wp-block-group-is-layout-flex\">\n<div class=\"wp-block-group is-layout-constrained wp-container-core-group-is-layout-6fdff0fd wp-block-group-is-layout-constrained\">\n<figure data-wp-context=\"{&quot;imageId&quot;:&quot;69f5eb96bd032&quot;}\" data-wp-interactive=\"core\/image\" data-wp-key=\"69f5eb96bd032\" class=\"wp-block-image size-full has-lightbox wp-lightbox-container\"><img loading=\"lazy\" decoding=\"async\" width=\"1074\" height=\"873\" data-wp-class--hide=\"state.isContentHidden\" data-wp-class--show=\"state.isContentVisible\" data-wp-init=\"callbacks.setButtonStyles\" data-wp-on--click=\"actions.showLightbox\" data-wp-on--load=\"callbacks.setButtonStyles\" data-wp-on-window--resize=\"callbacks.setButtonStyles\" src=\"https:\/\/syndicom.ch\/app\/uploads\/2026\/04\/syndicat-syndicom-uss-initiative-chaos-2026-logo.png\" alt=\"\" class=\"wp-image-61749\" srcset=\"https:\/\/syndicom.ch\/app\/uploads\/2026\/04\/syndicat-syndicom-uss-initiative-chaos-2026-logo.png 1074w, https:\/\/syndicom.ch\/app\/uploads\/2026\/04\/syndicat-syndicom-uss-initiative-chaos-2026-logo-300x244.png 300w, https:\/\/syndicom.ch\/app\/uploads\/2026\/04\/syndicat-syndicom-uss-initiative-chaos-2026-logo-1024x832.png 1024w, https:\/\/syndicom.ch\/app\/uploads\/2026\/04\/syndicat-syndicom-uss-initiative-chaos-2026-logo-768x624.png 768w\" sizes=\"auto, (max-width: 1074px) 100vw, 1074px\" \/><button\n\t\t\tclass=\"lightbox-trigger\"\n\t\t\ttype=\"button\"\n\t\t\taria-haspopup=\"dialog\"\n\t\t\taria-label=\"Agrandir\"\n\t\t\tdata-wp-init=\"callbacks.initTriggerButton\"\n\t\t\tdata-wp-on--click=\"actions.showLightbox\"\n\t\t\tdata-wp-style--right=\"state.imageButtonRight\"\n\t\t\tdata-wp-style--top=\"state.imageButtonTop\"\n\t\t>\n\t\t\t<svg xmlns=\"http:\/\/www.w3.org\/2000\/svg\" width=\"12\" height=\"12\" fill=\"none\" viewBox=\"0 0 12 12\">\n\t\t\t\t<path fill=\"#fff\" d=\"M2 0a2 2 0 0 0-2 2v2h1.5V2a.5.5 0 0 1 .5-.5h2V0H2Zm2 10.5H2a.5.5 0 0 1-.5-.5V8H0v2a2 2 0 0 0 2 2h2v-1.5ZM8 12v-1.5h2a.5.5 0 0 0 .5-.5V8H12v2a2 2 0 0 1-2 2H8Zm2-12a2 2 0 0 1 2 2v2h-1.5V2a.5.5 0 0 0-.5-.5H8V0h2Z\" \/>\n\t\t\t<\/svg>\n\t\t<\/button><\/figure>\n<\/div>\n\n\n\n<h3 class=\"wp-block-heading has-primary-color has-text-color has-link-color wp-elements-1e47f3954438d0cf640d647416bb64c2\">NON<strong>, parce que les salaires doivent rester mieux prot\u00e9g\u00e9s<\/strong><\/h3>\n<\/div>\n\n\n\n<p>Des r\u00e8gles existent aujourd\u2019hui pour \u00e9viter que les entreprises ne paient des salaires plus bas. Ces r\u00e8gles sont importantes pour toutes et tous les travailleur-euses. Si cette protection s\u2019affaiblit, les entreprises pourront plus facilement faire pression sur les salaires. Au final, beaucoup de personnes gagneront moins ou auront de plus mauvaises conditions de travail.<\/p>\n\n\n\n<hr class=\"wp-block-separator has-alpha-channel-opacity is-style-wide\"\/>\n\n\n\n<div class=\"wp-block-group is-nowrap is-layout-flex wp-container-core-group-is-layout-ad2f72ca wp-block-group-is-layout-flex\">\n<div class=\"wp-block-group is-layout-constrained wp-container-core-group-is-layout-6fdff0fd wp-block-group-is-layout-constrained\">\n<figure data-wp-context=\"{&quot;imageId&quot;:&quot;69f5eb96bd51d&quot;}\" data-wp-interactive=\"core\/image\" data-wp-key=\"69f5eb96bd51d\" class=\"wp-block-image size-full has-lightbox wp-lightbox-container\"><img loading=\"lazy\" decoding=\"async\" width=\"1074\" height=\"873\" data-wp-class--hide=\"state.isContentHidden\" data-wp-class--show=\"state.isContentVisible\" data-wp-init=\"callbacks.setButtonStyles\" data-wp-on--click=\"actions.showLightbox\" data-wp-on--load=\"callbacks.setButtonStyles\" data-wp-on-window--resize=\"callbacks.setButtonStyles\" src=\"https:\/\/syndicom.ch\/app\/uploads\/2026\/04\/syndicat-syndicom-uss-initiative-chaos-2026-logo.png\" alt=\"\" class=\"wp-image-61749\" srcset=\"https:\/\/syndicom.ch\/app\/uploads\/2026\/04\/syndicat-syndicom-uss-initiative-chaos-2026-logo.png 1074w, https:\/\/syndicom.ch\/app\/uploads\/2026\/04\/syndicat-syndicom-uss-initiative-chaos-2026-logo-300x244.png 300w, https:\/\/syndicom.ch\/app\/uploads\/2026\/04\/syndicat-syndicom-uss-initiative-chaos-2026-logo-1024x832.png 1024w, https:\/\/syndicom.ch\/app\/uploads\/2026\/04\/syndicat-syndicom-uss-initiative-chaos-2026-logo-768x624.png 768w\" sizes=\"auto, (max-width: 1074px) 100vw, 1074px\" \/><button\n\t\t\tclass=\"lightbox-trigger\"\n\t\t\ttype=\"button\"\n\t\t\taria-haspopup=\"dialog\"\n\t\t\taria-label=\"Agrandir\"\n\t\t\tdata-wp-init=\"callbacks.initTriggerButton\"\n\t\t\tdata-wp-on--click=\"actions.showLightbox\"\n\t\t\tdata-wp-style--right=\"state.imageButtonRight\"\n\t\t\tdata-wp-style--top=\"state.imageButtonTop\"\n\t\t>\n\t\t\t<svg xmlns=\"http:\/\/www.w3.org\/2000\/svg\" width=\"12\" height=\"12\" fill=\"none\" viewBox=\"0 0 12 12\">\n\t\t\t\t<path fill=\"#fff\" d=\"M2 0a2 2 0 0 0-2 2v2h1.5V2a.5.5 0 0 1 .5-.5h2V0H2Zm2 10.5H2a.5.5 0 0 1-.5-.5V8H0v2a2 2 0 0 0 2 2h2v-1.5ZM8 12v-1.5h2a.5.5 0 0 0 .5-.5V8H12v2a2 2 0 0 1-2 2H8Zm2-12a2 2 0 0 1 2 2v2h-1.5V2a.5.5 0 0 0-.5-.5H8V0h2Z\" \/>\n\t\t\t<\/svg>\n\t\t<\/button><\/figure>\n<\/div>\n\n\n\n<h3 class=\"wp-block-heading has-primary-color has-text-color has-link-color wp-elements-49d2743a860505f365766def91862719\">NON<strong>, parce que l\u2019AVS et les rentes ont besoin d\u2019argent<\/strong><\/h3>\n<\/div>\n\n\n\n<p>L\u2019AVS et les rentes ne fonctionnent que si suffisamment de personnes travaillent et versent des cotisations. Or cela deviendra plus difficile si moins de personnes en \u00e2ge de travailler viennent en Suisse. Il viendra \u00e0 manquer de l\u2019argent dont nous avons besoin pour l\u2019AVS et pour nos rentes.<\/p>\n\n\n\n<hr class=\"wp-block-separator has-alpha-channel-opacity is-style-wide\"\/>\n\n\n\n<div class=\"wp-block-group is-nowrap is-layout-flex wp-container-core-group-is-layout-ad2f72ca wp-block-group-is-layout-flex\">\n<div class=\"wp-block-group is-layout-constrained wp-container-core-group-is-layout-6fdff0fd wp-block-group-is-layout-constrained\">\n<figure data-wp-context=\"{&quot;imageId&quot;:&quot;69f5eb96bd9fc&quot;}\" data-wp-interactive=\"core\/image\" data-wp-key=\"69f5eb96bd9fc\" class=\"wp-block-image size-full has-lightbox wp-lightbox-container\"><img loading=\"lazy\" decoding=\"async\" width=\"1074\" height=\"873\" data-wp-class--hide=\"state.isContentHidden\" data-wp-class--show=\"state.isContentVisible\" data-wp-init=\"callbacks.setButtonStyles\" data-wp-on--click=\"actions.showLightbox\" data-wp-on--load=\"callbacks.setButtonStyles\" data-wp-on-window--resize=\"callbacks.setButtonStyles\" src=\"https:\/\/syndicom.ch\/app\/uploads\/2026\/04\/syndicat-syndicom-uss-initiative-chaos-2026-logo.png\" alt=\"\" class=\"wp-image-61749\" srcset=\"https:\/\/syndicom.ch\/app\/uploads\/2026\/04\/syndicat-syndicom-uss-initiative-chaos-2026-logo.png 1074w, https:\/\/syndicom.ch\/app\/uploads\/2026\/04\/syndicat-syndicom-uss-initiative-chaos-2026-logo-300x244.png 300w, https:\/\/syndicom.ch\/app\/uploads\/2026\/04\/syndicat-syndicom-uss-initiative-chaos-2026-logo-1024x832.png 1024w, https:\/\/syndicom.ch\/app\/uploads\/2026\/04\/syndicat-syndicom-uss-initiative-chaos-2026-logo-768x624.png 768w\" sizes=\"auto, (max-width: 1074px) 100vw, 1074px\" \/><button\n\t\t\tclass=\"lightbox-trigger\"\n\t\t\ttype=\"button\"\n\t\t\taria-haspopup=\"dialog\"\n\t\t\taria-label=\"Agrandir\"\n\t\t\tdata-wp-init=\"callbacks.initTriggerButton\"\n\t\t\tdata-wp-on--click=\"actions.showLightbox\"\n\t\t\tdata-wp-style--right=\"state.imageButtonRight\"\n\t\t\tdata-wp-style--top=\"state.imageButtonTop\"\n\t\t>\n\t\t\t<svg xmlns=\"http:\/\/www.w3.org\/2000\/svg\" width=\"12\" height=\"12\" fill=\"none\" viewBox=\"0 0 12 12\">\n\t\t\t\t<path fill=\"#fff\" d=\"M2 0a2 2 0 0 0-2 2v2h1.5V2a.5.5 0 0 1 .5-.5h2V0H2Zm2 10.5H2a.5.5 0 0 1-.5-.5V8H0v2a2 2 0 0 0 2 2h2v-1.5ZM8 12v-1.5h2a.5.5 0 0 0 .5-.5V8H12v2a2 2 0 0 1-2 2H8Zm2-12a2 2 0 0 1 2 2v2h-1.5V2a.5.5 0 0 0-.5-.5H8V0h2Z\" \/>\n\t\t\t<\/svg>\n\t\t<\/button><\/figure>\n<\/div>\n\n\n\n<h3 class=\"wp-block-heading has-primary-color has-text-color has-link-color wp-elements-3a288632cfd630900868461fb1521f5f\">NON<strong>, parce que le syst\u00e8me de sant\u00e9 conna\u00eet une p\u00e9nurie de personnel<\/strong><\/h3>\n<\/div>\n\n\n\n<p>Il manque aujourd\u2019hui d\u00e9j\u00e0 du personnel dans beaucoup d\u2019h\u00f4pitaux, d\u2019EMS et de cabinets m\u00e9dicaux. Une grande partie des m\u00e9decins et du personnel infirmier viennent de l\u2019\u00e9tranger. S\u2019il devenait plus compliqu\u00e9 pour ces personnes sp\u00e9cialis\u00e9es de travailler en Suisse, la p\u00e9nurie de personnel s\u2019aggraverait. En fin de compte, cela aura des cons\u00e9quences n\u00e9gatives pour toutes celles et ceux qui ont besoin de bons soins m\u00e9dicaux.<\/p>\n\n\n\n<hr class=\"wp-block-separator has-alpha-channel-opacity is-style-wide\"\/>\n\n\n\n<p class=\"has-text-align-center has-tertiary-background-color has-background\">D\u2019autres informations et arguments d\u00e9taill\u00e9s sont disponibles ici&nbsp;:<br><a href=\"https:\/\/chaos-non.ch\/\" type=\"link\" id=\"https:\/\/chaos-non.ch\/\" target=\"_blank\" rel=\"noreferrer noopener nofollow\">chaos-non.ch<\/a><\/p>\n<\/div>\n<\/div>\n<\/div>\n\n\n\n<div class=\"wp-block-group alignfull has-background-background-color has-background is-layout-constrained wp-block-group-is-layout-constrained\">\n<div class=\"wp-block-group is-style-narrow is-layout-constrained wp-block-group-is-layout-constrained\">\n<div class=\"wp-block-group is-style-narrow is-layout-constrained wp-block-group-is-layout-constrained\">\n<h2 class=\"wp-block-heading has-text-align-center has-background-color has-primary-background-color has-text-color has-background has-link-color wp-elements-e17fa9f1d399f6c692c04b0ea95c4e4d\" id=\"ton-soutien\">Ton soutien est important<\/h2>\n\n\n\n<p><\/p>\n\n\n\n<p>Pour que nous gagnions cette votation, nous avons besoin de toi. Ensemble, nous pouvons changer beaucoup de choses.<\/p>\n\n\n\n<hr class=\"wp-block-separator has-alpha-channel-opacity is-style-wide\"\/>\n\n\n\n<div class=\"wp-block-group is-style-narrow is-layout-constrained wp-block-group-is-layout-constrained\">\n<div class=\"wp-block-columns is-style-accordion has-background-background-color has-background is-layout-flex wp-container-core-columns-is-layout-9d6595d7 wp-block-columns-is-layout-flex\">\n<div class=\"wp-block-column has-background-background-color has-background is-layout-flow wp-block-column-is-layout-flow\">\n<div class=\"wp-block-group is-nowrap is-layout-flex wp-container-core-group-is-layout-ad2f72ca wp-block-group-is-layout-flex\"><div class=\"wp-block-coblocks-icon is-style-outlined\">\n\t\t\t\t<div class=\"wp-block-coblocks-icon__inner has-text-color has-primary-color\" style=\"height: 60px; width: 60px;\">\n\t\t\t\t\t<svg fill=\"none\" viewBox=\"0 0 24 24\" xmlns=\"http:\/\/www.w3.org\/2000\/svg\"><path d=\"m12 0.0585938c-6.5916562 0-11.9414062 5.34975-11.9414062 11.9414062s5.34975 11.9414062 11.9414062 11.9414062 11.9414062-5.34975 11.9414062-11.9414062-5.34975-11.9414062-11.9414062-11.9414062zm0 21.7138671c-5.3870691 0-9.7724609-4.3853918-9.7724609-9.7724609s4.3853918-9.7724609 9.7724609-9.7724609 9.7724609 4.3853918 9.7724609 9.7724609-4.3853918 9.7724609-9.7724609 9.7724609zm4.59-14.1924609-6.59 6.59-2.59-2.58-1.41 1.41 4 4 8-8z\" fill=\"currentColor\" \/><\/svg>\n\t\t\t\t<\/div>\n\t\t\t<\/div>\n\n\n<p class=\"has-primary-color has-text-color has-link-color wp-elements-1cbc4dc544e3a0718a7ed2e8dc7ed4f9\"><strong>Parle de la votation autour de toi<\/strong><\/p>\n<\/div>\n<\/div>\n\n\n\n<div class=\"wp-block-column is-layout-flow wp-block-column-is-layout-flow\">\n<p class=\"is-style-default\">Explique \u00e0 tes ami-es, \u00e0 ta famille ou \u00e0 tes coll\u00e8gues pourquoi un NON \u00e0 l\u2019initiative du chaos est important. De bons arguments aident \u00e0 convaincre. <a href=\"#Nos-raisons-de-voter-non\" target=\"_blank\" rel=\"noreferrer noopener\">\u279c les bons arguments<\/a><\/p>\n<\/div>\n<\/div>\n\n\n\n<hr class=\"wp-block-separator has-alpha-channel-opacity is-style-wide\"\/>\n\n\n\n<div class=\"wp-block-columns is-style-accordion has-background-background-color has-background is-layout-flex wp-container-core-columns-is-layout-9d6595d7 wp-block-columns-is-layout-flex\">\n<div class=\"wp-block-column has-background-background-color has-background is-layout-flow wp-block-column-is-layout-flow\">\n<div class=\"wp-block-group is-nowrap is-layout-flex wp-container-core-group-is-layout-ad2f72ca wp-block-group-is-layout-flex\"><div class=\"wp-block-coblocks-icon is-style-outlined\">\n\t\t\t\t<div class=\"wp-block-coblocks-icon__inner has-text-color has-primary-color\" style=\"height: 60px; width: 60px;\">\n\t\t\t\t\t<svg fill=\"none\" viewBox=\"0 0 24 24\" xmlns=\"http:\/\/www.w3.org\/2000\/svg\"><path d=\"m12 0.0585938c-6.5916562 0-11.9414062 5.34975-11.9414062 11.9414062s5.34975 11.9414062 11.9414062 11.9414062 11.9414062-5.34975 11.9414062-11.9414062-5.34975-11.9414062-11.9414062-11.9414062zm0 21.7138671c-5.3870691 0-9.7724609-4.3853918-9.7724609-9.7724609s4.3853918-9.7724609 9.7724609-9.7724609 9.7724609 4.3853918 9.7724609 9.7724609-4.3853918 9.7724609-9.7724609 9.7724609zm4.59-14.1924609-6.59 6.59-2.59-2.58-1.41 1.41 4 4 8-8z\" fill=\"currentColor\" \/><\/svg>\n\t\t\t\t<\/div>\n\t\t\t<\/div>\n\n\n<p class=\"has-primary-color has-text-color has-link-color wp-elements-572dc6395229bce55f13ed0e774b8f39\"><strong><strong>Partage nos posts sur les r\u00e9seaux sociaux<\/strong><\/strong><\/p>\n<\/div>\n<\/div>\n\n\n\n<div class=\"wp-block-column is-layout-flow wp-block-column-is-layout-flow\">\n<p class=\"is-style-default\">Sur nos r\u00e9seaux sociaux, tu trouveras des vid\u00e9os, des arguments et des infos concernant les actions : <a href=\"https:\/\/linktr.ee\/syndicomsocials\" target=\"_blank\" rel=\"noreferrer noopener nofollow\">https:\/\/linktr.ee\/syndicomsocials<\/a> Merci de partager &amp; liker !<\/p>\n\n\n\n<p class=\"is-style-default\"><\/p>\n<\/div>\n<\/div>\n\n\n\n<hr class=\"wp-block-separator has-alpha-channel-opacity is-style-wide\"\/>\n\n\n\n<div class=\"wp-block-columns is-style-accordion has-background-background-color has-background is-layout-flex wp-container-core-columns-is-layout-9d6595d7 wp-block-columns-is-layout-flex\">\n<div class=\"wp-block-column has-background-background-color has-background is-layout-flow wp-block-column-is-layout-flow\">\n<div class=\"wp-block-group is-nowrap is-layout-flex wp-container-core-group-is-layout-ad2f72ca wp-block-group-is-layout-flex\"><div class=\"wp-block-coblocks-icon is-style-outlined\">\n\t\t\t\t<div class=\"wp-block-coblocks-icon__inner has-text-color has-primary-color\" style=\"height: 60px; width: 60px;\">\n\t\t\t\t\t<svg fill=\"none\" viewBox=\"0 0 24 24\" xmlns=\"http:\/\/www.w3.org\/2000\/svg\"><path d=\"m12 0.0585938c-6.5916562 0-11.9414062 5.34975-11.9414062 11.9414062s5.34975 11.9414062 11.9414062 11.9414062 11.9414062-5.34975 11.9414062-11.9414062-5.34975-11.9414062-11.9414062-11.9414062zm0 21.7138671c-5.3870691 0-9.7724609-4.3853918-9.7724609-9.7724609s4.3853918-9.7724609 9.7724609-9.7724609 9.7724609 4.3853918 9.7724609 9.7724609-4.3853918 9.7724609-9.7724609 9.7724609zm4.59-14.1924609-6.59 6.59-2.59-2.58-1.41 1.41 4 4 8-8z\" fill=\"currentColor\" \/><\/svg>\n\t\t\t\t<\/div>\n\t\t\t<\/div>\n\n\n<p class=\"has-primary-color has-text-color has-link-color wp-elements-e2ec6ab2bfbc9c0daa8d5732f34a72b7\"><strong><strong><strong>N&rsquo;oublie pas : vote NON<\/strong><\/strong><\/strong><\/p>\n<\/div>\n<\/div>\n\n\n\n<div class=\"wp-block-column is-layout-flow wp-block-column-is-layout-flow\">\n<p class=\"is-style-default\">Concernant la question : \u00abAcceptez-vous l\u2019initiative populaire \u2039 Pas de Suisse \u00e0 10 millions ! (initiative pour la durabilit\u00e9) \u203a ?\u00bb, <strong>coche NON<\/strong>.<\/p>\n\n\n\n<p>Renvoie \u00e0 temps tes documents de vote :<br>\u2709\ufe0f par <strong>courrier A<\/strong> : au plus tard le 11 juin | par <strong>courrier B<\/strong> : au plus tard le 9 juin.<\/p>\n\n\n\n<p class=\"is-style-default\">\ud83d\uddf3\ufe0f Ou rends-toi au <strong>bureau de vote<\/strong><br>Dans l\u2019enveloppe de vote, tu verras quand et o\u00f9 tu peux voter.<\/p>\n<\/div>\n<\/div>\n\n\n\n<hr class=\"wp-block-separator has-alpha-channel-opacity is-style-wide\"\/>\n\n\n\n<p><strong>Un grand merci pour ton soutien !<\/strong><br>Ensemble, nous r\u00e9ussirons \u00e0 imposer un NON le 14 juin.<\/p>\n<\/div>\n<\/div>\n<\/div>\n<\/div>\n\n\n\n<figure data-wp-context=\"{&quot;imageId&quot;:&quot;69f5eb96c023c&quot;}\" data-wp-interactive=\"core\/image\" data-wp-key=\"69f5eb96c023c\" class=\"wp-block-image alignwide size-full has-lightbox wp-lightbox-container\"><img loading=\"lazy\" decoding=\"async\" width=\"1500\" height=\"1439\" data-wp-class--hide=\"state.isContentHidden\" data-wp-class--show=\"state.isContentVisible\" data-wp-init=\"callbacks.setButtonStyles\" data-wp-on--click=\"actions.showLightbox\" data-wp-on--load=\"callbacks.setButtonStyles\" data-wp-on-window--resize=\"callbacks.setButtonStyles\" src=\"https:\/\/syndicom.ch\/app\/uploads\/2026\/04\/gewerkschaft-syndicom-sgb-chaos-initiative-2026-foto-syndicom.jpg\" alt=\"\" class=\"wp-image-61714\" srcset=\"https:\/\/syndicom.ch\/app\/uploads\/2026\/04\/gewerkschaft-syndicom-sgb-chaos-initiative-2026-foto-syndicom.jpg 1500w, https:\/\/syndicom.ch\/app\/uploads\/2026\/04\/gewerkschaft-syndicom-sgb-chaos-initiative-2026-foto-syndicom-300x288.jpg 300w, https:\/\/syndicom.ch\/app\/uploads\/2026\/04\/gewerkschaft-syndicom-sgb-chaos-initiative-2026-foto-syndicom-1024x982.jpg 1024w, https:\/\/syndicom.ch\/app\/uploads\/2026\/04\/gewerkschaft-syndicom-sgb-chaos-initiative-2026-foto-syndicom-768x737.jpg 768w\" sizes=\"auto, (max-width: 1500px) 100vw, 1500px\" \/><button\n\t\t\tclass=\"lightbox-trigger\"\n\t\t\ttype=\"button\"\n\t\t\taria-haspopup=\"dialog\"\n\t\t\taria-label=\"Agrandir\"\n\t\t\tdata-wp-init=\"callbacks.initTriggerButton\"\n\t\t\tdata-wp-on--click=\"actions.showLightbox\"\n\t\t\tdata-wp-style--right=\"state.imageButtonRight\"\n\t\t\tdata-wp-style--top=\"state.imageButtonTop\"\n\t\t>\n\t\t\t<svg xmlns=\"http:\/\/www.w3.org\/2000\/svg\" width=\"12\" height=\"12\" fill=\"none\" viewBox=\"0 0 12 12\">\n\t\t\t\t<path fill=\"#fff\" d=\"M2 0a2 2 0 0 0-2 2v2h1.5V2a.5.5 0 0 1 .5-.5h2V0H2Zm2 10.5H2a.5.5 0 0 1-.5-.5V8H0v2a2 2 0 0 0 2 2h2v-1.5ZM8 12v-1.5h2a.5.5 0 0 0 .5-.5V8H12v2a2 2 0 0 1-2 2H8Zm2-12a2 2 0 0 1 2 2v2h-1.5V2a.5.5 0 0 0-.5-.5H8V0h2Z\" \/>\n\t\t\t<\/svg>\n\t\t<\/button><\/figure>\n","protected":false},"excerpt":{"rendered":"<p>Le 14 juin, nous votons sur l\u2019initiative du chaos. syndicom dit Non, car l\u2019initiative met en danger nos salaires, nos rentes et nos emplois.<\/p>\n","protected":false},"author":3,"featured_media":61749,"parent":0,"menu_order":0,"comment_status":"closed","ping_status":"closed","template":"","meta":{"_acf_changed":false,"inline_featured_image":false,"_coblocks_attr":"","_coblocks_dimensions":"","_coblocks_responsive_height":"","_coblocks_accordion_ie_support":"","footnotes":""},"categories":[],"class_list":["post-61730","page","type-page","status-publish","has-post-thumbnail","hentry"],"acf":[],"yoast_head":"<!-- This site is optimized with the Yoast SEO plugin v27.3 - https:\/\/yoast.com\/product\/yoast-seo-wordpress\/ -->\n<title>NON \u00e0 l\u2019initiative du chaos - syndicom<\/title>\n<meta name=\"description\" content=\"Le 14 juin, nous votons sur l\u2019initiative du chaos. syndicom dit Non, car l\u2019initiative met en danger nos salaires, nos rentes et nos emplois.\" \/>\n<meta name=\"robots\" content=\"index, follow, max-snippet:-1, max-image-preview:large, max-video-preview:-1\" \/>\n<link rel=\"canonical\" href=\"https:\/\/syndicom.ch\/fr\/non-a-linitiative-du-chaos\/\" \/>\n<meta property=\"og:locale\" content=\"fr_FR\" \/>\n<meta property=\"og:type\" content=\"article\" \/>\n<meta property=\"og:title\" content=\"NON \u00e0 l\u2019initiative du chaos - syndicom\" \/>\n<meta property=\"og:description\" content=\"Le 14 juin, nous votons sur l\u2019initiative du chaos. syndicom dit Non, car l\u2019initiative met en danger nos salaires, nos rentes et nos emplois.\" \/>\n<meta property=\"og:url\" content=\"https:\/\/syndicom.ch\/fr\/non-a-linitiative-du-chaos\/\" \/>\n<meta property=\"og:site_name\" content=\"syndicom\" \/>\n<meta property=\"article:modified_time\" content=\"2026-04-27T08:21:37+00:00\" \/>\n<meta property=\"og:image\" content=\"https:\/\/syndicom.ch\/app\/uploads\/2026\/04\/syndicat-syndicom-uss-initiative-chaos-2026-logo.png\" \/>\n\t<meta property=\"og:image:width\" content=\"1074\" \/>\n\t<meta property=\"og:image:height\" content=\"873\" \/>\n\t<meta property=\"og:image:type\" content=\"image\/png\" \/>\n<meta name=\"twitter:card\" content=\"summary_large_image\" \/>\n<meta name=\"twitter:label1\" content=\"Dur\u00e9e de lecture estim\u00e9e\" \/>\n\t<meta name=\"twitter:data1\" content=\"5 minutes\" \/>\n<script type=\"application\/ld+json\" class=\"yoast-schema-graph\">{\"@context\":\"https:\\\/\\\/schema.org\",\"@graph\":[{\"@type\":\"WebPage\",\"@id\":\"https:\\\/\\\/syndicom.ch\\\/fr\\\/non-a-linitiative-du-chaos\\\/\",\"url\":\"https:\\\/\\\/syndicom.ch\\\/fr\\\/non-a-linitiative-du-chaos\\\/\",\"name\":\"NON \u00e0 l\u2019initiative du chaos - syndicom\",\"isPartOf\":{\"@id\":\"https:\\\/\\\/syndicom.ch\\\/fr\\\/#website\"},\"primaryImageOfPage\":{\"@id\":\"https:\\\/\\\/syndicom.ch\\\/fr\\\/non-a-linitiative-du-chaos\\\/#primaryimage\"},\"image\":{\"@id\":\"https:\\\/\\\/syndicom.ch\\\/fr\\\/non-a-linitiative-du-chaos\\\/#primaryimage\"},\"thumbnailUrl\":\"https:\\\/\\\/syndicom.ch\\\/app\\\/uploads\\\/2026\\\/04\\\/syndicat-syndicom-uss-initiative-chaos-2026-logo.png\",\"datePublished\":\"2026-04-24T11:26:14+00:00\",\"dateModified\":\"2026-04-27T08:21:37+00:00\",\"description\":\"Le 14 juin, nous votons sur l\u2019initiative du chaos. syndicom dit Non, car l\u2019initiative met en danger nos salaires, nos rentes et nos emplois.\",\"breadcrumb\":{\"@id\":\"https:\\\/\\\/syndicom.ch\\\/fr\\\/non-a-linitiative-du-chaos\\\/#breadcrumb\"},\"inLanguage\":\"fr-FR\",\"potentialAction\":[{\"@type\":\"ReadAction\",\"target\":[\"https:\\\/\\\/syndicom.ch\\\/fr\\\/non-a-linitiative-du-chaos\\\/\"]}]},{\"@type\":\"ImageObject\",\"inLanguage\":\"fr-FR\",\"@id\":\"https:\\\/\\\/syndicom.ch\\\/fr\\\/non-a-linitiative-du-chaos\\\/#primaryimage\",\"url\":\"https:\\\/\\\/syndicom.ch\\\/app\\\/uploads\\\/2026\\\/04\\\/syndicat-syndicom-uss-initiative-chaos-2026-logo.png\",\"contentUrl\":\"https:\\\/\\\/syndicom.ch\\\/app\\\/uploads\\\/2026\\\/04\\\/syndicat-syndicom-uss-initiative-chaos-2026-logo.png\",\"width\":1074,\"height\":873},{\"@type\":\"BreadcrumbList\",\"@id\":\"https:\\\/\\\/syndicom.ch\\\/fr\\\/non-a-linitiative-du-chaos\\\/#breadcrumb\",\"itemListElement\":[{\"@type\":\"ListItem\",\"position\":1,\"name\":\"Page d'accueil\",\"item\":\"https:\\\/\\\/syndicom.ch\\\/fr\\\/\"},{\"@type\":\"ListItem\",\"position\":2,\"name\":\"NON \u00e0 l\u2019initiative du chaos\"}]},{\"@type\":\"WebSite\",\"@id\":\"https:\\\/\\\/syndicom.ch\\\/fr\\\/#website\",\"url\":\"https:\\\/\\\/syndicom.ch\\\/fr\\\/\",\"name\":\"syndicom\",\"description\":\"\",\"publisher\":{\"@id\":\"https:\\\/\\\/syndicom.ch\\\/fr\\\/#organization\"},\"potentialAction\":[{\"@type\":\"SearchAction\",\"target\":{\"@type\":\"EntryPoint\",\"urlTemplate\":\"https:\\\/\\\/syndicom.ch\\\/fr\\\/?s={search_term_string}\"},\"query-input\":{\"@type\":\"PropertyValueSpecification\",\"valueRequired\":true,\"valueName\":\"search_term_string\"}}],\"inLanguage\":\"fr-FR\"},{\"@type\":\"Organization\",\"@id\":\"https:\\\/\\\/syndicom.ch\\\/fr\\\/#organization\",\"name\":\"syndicom\",\"url\":\"https:\\\/\\\/syndicom.ch\\\/fr\\\/\",\"logo\":{\"@type\":\"ImageObject\",\"inLanguage\":\"fr-FR\",\"@id\":\"https:\\\/\\\/syndicom.ch\\\/fr\\\/#\\\/schema\\\/logo\\\/image\\\/\",\"url\":\"https:\\\/\\\/syndicom.ch\\\/app\\\/uploads\\\/2024\\\/06\\\/logo.svg\",\"contentUrl\":\"https:\\\/\\\/syndicom.ch\\\/app\\\/uploads\\\/2024\\\/06\\\/logo.svg\",\"width\":297,\"height\":51,\"caption\":\"syndicom\"},\"image\":{\"@id\":\"https:\\\/\\\/syndicom.ch\\\/fr\\\/#\\\/schema\\\/logo\\\/image\\\/\"}}]}<\/script>\n<!-- \/ Yoast SEO plugin. -->","yoast_head_json":{"title":"NON \u00e0 l\u2019initiative du chaos - syndicom","description":"Le 14 juin, nous votons sur l\u2019initiative du chaos. syndicom dit Non, car l\u2019initiative met en danger nos salaires, nos rentes et nos emplois.","robots":{"index":"index","follow":"follow","max-snippet":"max-snippet:-1","max-image-preview":"max-image-preview:large","max-video-preview":"max-video-preview:-1"},"canonical":"https:\/\/syndicom.ch\/fr\/non-a-linitiative-du-chaos\/","og_locale":"fr_FR","og_type":"article","og_title":"NON \u00e0 l\u2019initiative du chaos - syndicom","og_description":"Le 14 juin, nous votons sur l\u2019initiative du chaos. syndicom dit Non, car l\u2019initiative met en danger nos salaires, nos rentes et nos emplois.","og_url":"https:\/\/syndicom.ch\/fr\/non-a-linitiative-du-chaos\/","og_site_name":"syndicom","article_modified_time":"2026-04-27T08:21:37+00:00","og_image":[{"width":1074,"height":873,"url":"https:\/\/syndicom.ch\/app\/uploads\/2026\/04\/syndicat-syndicom-uss-initiative-chaos-2026-logo.png","type":"image\/png"}],"twitter_card":"summary_large_image","twitter_misc":{"Dur\u00e9e de lecture estim\u00e9e":"5 minutes"},"schema":{"@context":"https:\/\/schema.org","@graph":[{"@type":"WebPage","@id":"https:\/\/syndicom.ch\/fr\/non-a-linitiative-du-chaos\/","url":"https:\/\/syndicom.ch\/fr\/non-a-linitiative-du-chaos\/","name":"NON \u00e0 l\u2019initiative du chaos - syndicom","isPartOf":{"@id":"https:\/\/syndicom.ch\/fr\/#website"},"primaryImageOfPage":{"@id":"https:\/\/syndicom.ch\/fr\/non-a-linitiative-du-chaos\/#primaryimage"},"image":{"@id":"https:\/\/syndicom.ch\/fr\/non-a-linitiative-du-chaos\/#primaryimage"},"thumbnailUrl":"https:\/\/syndicom.ch\/app\/uploads\/2026\/04\/syndicat-syndicom-uss-initiative-chaos-2026-logo.png","datePublished":"2026-04-24T11:26:14+00:00","dateModified":"2026-04-27T08:21:37+00:00","description":"Le 14 juin, nous votons sur l\u2019initiative du chaos. syndicom dit Non, car l\u2019initiative met en danger nos salaires, nos rentes et nos emplois.","breadcrumb":{"@id":"https:\/\/syndicom.ch\/fr\/non-a-linitiative-du-chaos\/#breadcrumb"},"inLanguage":"fr-FR","potentialAction":[{"@type":"ReadAction","target":["https:\/\/syndicom.ch\/fr\/non-a-linitiative-du-chaos\/"]}]},{"@type":"ImageObject","inLanguage":"fr-FR","@id":"https:\/\/syndicom.ch\/fr\/non-a-linitiative-du-chaos\/#primaryimage","url":"https:\/\/syndicom.ch\/app\/uploads\/2026\/04\/syndicat-syndicom-uss-initiative-chaos-2026-logo.png","contentUrl":"https:\/\/syndicom.ch\/app\/uploads\/2026\/04\/syndicat-syndicom-uss-initiative-chaos-2026-logo.png","width":1074,"height":873},{"@type":"BreadcrumbList","@id":"https:\/\/syndicom.ch\/fr\/non-a-linitiative-du-chaos\/#breadcrumb","itemListElement":[{"@type":"ListItem","position":1,"name":"Page d'accueil","item":"https:\/\/syndicom.ch\/fr\/"},{"@type":"ListItem","position":2,"name":"NON \u00e0 l\u2019initiative du chaos"}]},{"@type":"WebSite","@id":"https:\/\/syndicom.ch\/fr\/#website","url":"https:\/\/syndicom.ch\/fr\/","name":"syndicom","description":"","publisher":{"@id":"https:\/\/syndicom.ch\/fr\/#organization"},"potentialAction":[{"@type":"SearchAction","target":{"@type":"EntryPoint","urlTemplate":"https:\/\/syndicom.ch\/fr\/?s={search_term_string}"},"query-input":{"@type":"PropertyValueSpecification","valueRequired":true,"valueName":"search_term_string"}}],"inLanguage":"fr-FR"},{"@type":"Organization","@id":"https:\/\/syndicom.ch\/fr\/#organization","name":"syndicom","url":"https:\/\/syndicom.ch\/fr\/","logo":{"@type":"ImageObject","inLanguage":"fr-FR","@id":"https:\/\/syndicom.ch\/fr\/#\/schema\/logo\/image\/","url":"https:\/\/syndicom.ch\/app\/uploads\/2024\/06\/logo.svg","contentUrl":"https:\/\/syndicom.ch\/app\/uploads\/2024\/06\/logo.svg","width":297,"height":51,"caption":"syndicom"},"image":{"@id":"https:\/\/syndicom.ch\/fr\/#\/schema\/logo\/image\/"}}]}},"_links":{"self":[{"href":"https:\/\/syndicom.ch\/fr\/wp-json\/wp\/v2\/pages\/61730","targetHints":{"allow":["GET"]}}],"collection":[{"href":"https:\/\/syndicom.ch\/fr\/wp-json\/wp\/v2\/pages"}],"about":[{"href":"https:\/\/syndicom.ch\/fr\/wp-json\/wp\/v2\/types\/page"}],"author":[{"embeddable":true,"href":"https:\/\/syndicom.ch\/fr\/wp-json\/wp\/v2\/users\/3"}],"replies":[{"embeddable":true,"href":"https:\/\/syndicom.ch\/fr\/wp-json\/wp\/v2\/comments?post=61730"}],"version-history":[{"count":11,"href":"https:\/\/syndicom.ch\/fr\/wp-json\/wp\/v2\/pages\/61730\/revisions"}],"predecessor-version":[{"id":61779,"href":"https:\/\/syndicom.ch\/fr\/wp-json\/wp\/v2\/pages\/61730\/revisions\/61779"}],"wp:featuredmedia":[{"embeddable":true,"href":"https:\/\/syndicom.ch\/fr\/wp-json\/wp\/v2\/media\/61749"}],"wp:attachment":[{"href":"https:\/\/syndicom.ch\/fr\/wp-json\/wp\/v2\/media?parent=61730"}],"wp:term":[{"taxonomy":"category","embeddable":true,"href":"https:\/\/syndicom.ch\/fr\/wp-json\/wp\/v2\/categories?post=61730"}],"curies":[{"name":"wp","href":"https:\/\/api.w.org\/{rel}","templated":true}]}}