{"id":6189,"date":"2024-07-30T13:27:17","date_gmt":"2024-07-30T11:27:17","guid":{"rendered":"https:\/\/projects.atxeit.ch\/syndicom\/?page_id=6189"},"modified":"2026-02-23T15:02:32","modified_gmt":"2026-02-23T14:02:32","slug":"participation-dans-lentreprise","status":"publish","type":"page","link":"https:\/\/syndicom.ch\/fr\/participation-dans-lentreprise\/","title":{"rendered":"Participation dans l&rsquo;entreprise"},"content":{"rendered":"\n<div class=\"wp-block-group alignfull has-primary-background-color has-background is-layout-constrained wp-block-group-is-layout-constrained\">\n<div class=\"wp-block-group is-style-narrow is-layout-constrained wp-block-group-is-layout-constrained\">\n<h1 class=\"wp-block-heading has-background-color has-text-color has-link-color wp-elements-c3c0132e20a3c4012d28f542a56b0e88\">Participation dans l&rsquo;entreprise<\/h1>\n\n\n\n<div class=\"wp-block-columns is-layout-flex wp-container-core-columns-is-layout-9d6595d7 wp-block-columns-is-layout-flex\">\n<div class=\"wp-block-column is-layout-flow wp-block-column-is-layout-flow\" style=\"flex-basis:66.66%\">\n<p class=\"is-style-lead has-background-color has-text-color has-link-color wp-elements-f6d602741e2c94b3537b9ed7c99d47d4\">La participation dans l&rsquo;entreprise renforce les droits des employ\u00e9-es. syndicom informe, soutient et montre comment tu peux participer activement \u00e0 la discussion et \u00e0 l&rsquo;organisation.<\/p>\n<\/div>\n\n\n\n<div class=\"wp-block-column is-layout-flow wp-block-column-is-layout-flow\" style=\"flex-basis:33.33%\">\n<div class=\"wp-block-group is-vertical is-nowrap is-layout-flex wp-container-core-group-is-layout-fc43baa9 wp-block-group-is-layout-flex\">\n<p><mark style=\"background-color:#0D7EAC\" class=\"has-inline-color has-background-color\"><a href=\"#introduction\"><mark style=\"background-color:rgba(0, 0, 0, 0)\" class=\"has-inline-color has-background-color\">\u279c Introduction<\/mark><\/a><br><a href=\"#faq-participation\"><mark style=\"background-color:rgba(0, 0, 0, 0)\" class=\"has-inline-color has-background-color\">\u279c Point Info<\/mark> Participation<\/a><br><a href=\"#syndicom-magazine\"><mark style=\"background-color:rgba(0, 0, 0, 0)\" class=\"has-inline-color has-background-color\">\u279c du syndicom magazine<\/mark><\/a><\/mark><\/p>\n<\/div>\n<\/div>\n<\/div>\n<\/div>\n<\/div>\n\n\n\n<div class=\"wp-block-group alignfull has-background-background-color has-background is-layout-constrained wp-block-group-is-layout-constrained\">\n<div class=\"wp-block-group is-style-narrow is-layout-constrained wp-block-group-is-layout-constrained\">\n<div class=\"wp-block-columns has-primary-background-color has-background is-layout-flex wp-container-core-columns-is-layout-9d6595d7 wp-block-columns-is-layout-flex\">\n<div class=\"wp-block-column is-vertically-aligned-top has-primary-background-color has-background is-layout-flow wp-block-column-is-layout-flow\" style=\"flex-basis:30%\">\n<figure class=\"wp-block-image aligncenter size-full\"><img decoding=\"async\" src=\"https:\/\/syndicom.ch\/app\/uploads\/2025\/07\/gewerkschaft-syndicom-matteo-antonini-kreis.png\" alt=\"\" class=\"wp-image-42492\"\/><\/figure>\n<\/div>\n\n\n\n<div class=\"wp-block-column is-layout-flow wp-block-column-is-layout-flow\" style=\"flex-basis:80%\">\n<p class=\"has-background-color has-text-color has-link-color wp-elements-a57d93d363e45cc78c2cd8f37bd22605\" id=\"introduction\"><strong>Matteo Antonini<\/strong>, pr\u00e9sident syndicom<\/p>\n\n\n\n<p class=\"has-background-color has-text-color has-link-color wp-elements-5ca4fa6145fe4f99919cebbdeba814e0\" id=\"introduction\">\u00ab La participation \u00e0 tous les niveaux \u2013 dans les syndicats, la soci\u00e9t\u00e9 civile et en politique \u2013 commence sur le lieu de travail, o\u00f9 nous passons la majeure partie de notre temps. Il est important que la convention collective de travail reconnaisse et prot\u00e8ge le travail des repr\u00e9sentant-es du personnel.<\/p>\n\n\n\n<p class=\"has-background-color has-text-color has-link-color wp-elements-e095865bf08da9dbd9ddb3ed96ce4ec8\">\u00catre libre, c\u2019est participer. Sur le lieu de travail, chacun-e dispose du droit de vote.<\/p>\n\n\n\n<p class=\"has-background-color has-text-color has-link-color wp-elements-e5823d142c757a68be684e62f7035e6a\">Posez votre candidature, votez, participez ! Faites usage de votre libert\u00e9! \u00bb<\/p>\n<\/div>\n<\/div>\n<\/div>\n<\/div>\n\n\n\n<div class=\"wp-block-group alignfull has-background-color has-primary-background-color has-text-color has-background has-link-color wp-elements-a88162fd5bfc95625bc9e7dc90721a89 is-layout-constrained wp-block-group-is-layout-constrained\">\n<div class=\"wp-block-group is-style-narrow is-layout-constrained wp-block-group-is-layout-constrained\">\n<h2 class=\"wp-block-heading has-text-align-center\"><strong>Tu souhaites t&rsquo;engager et contribuer \u00e0 fa\u00e7onner l&rsquo;avenir ?<\/strong><\/h2>\n\n\n\n<p class=\"has-text-align-center\">Il existe de nombreuses fa\u00e7ons de t&rsquo;impliquer. Selon tes int\u00e9r\u00eats et ton temps disponible.<\/p>\n\n\n\n<div class=\"wp-block-buttons is-content-justification-center is-layout-flex wp-container-core-buttons-is-layout-16018d1d wp-block-buttons-is-layout-flex\">\n<div class=\"wp-block-button\"><a class=\"wp-block-button__link wp-element-button\" href=\"https:\/\/syndicomweb.typeform.com\/to\/lliphJ8g\" target=\"_blank\" rel=\"noreferrer noopener\">Signale-toi via le formulaire<\/a><\/div>\n\n\n\n<div class=\"wp-block-button is-style-outline is-style-outline--1\"><a class=\"wp-block-button__link wp-element-button\" href=\"https:\/\/syndicom.ch\/fr\/contact\/\" target=\"_blank\" rel=\"noreferrer noopener\">Des questions ? Contactez-nous.<\/a><\/div>\n<\/div>\n<\/div>\n<\/div>\n\n\n\n<div class=\"wp-block-group alignfull has-background-background-color has-background is-layout-constrained wp-block-group-is-layout-constrained\">\n<div class=\"wp-block-group is-style-narrow is-layout-constrained wp-block-group-is-layout-constrained\">\n<h2 class=\"wp-block-heading has-text-align-left\" id=\"faq-participation\"><mark style=\"background-color:rgba(0, 0, 0, 0)\" class=\"has-inline-color has-primary-color\">\u24d8<\/mark> Point Info Participation dans l&rsquo;entreprise<\/h2>\n\n\n\n<h3 class=\"wp-block-heading\">T\u00e9l\u00e9chargements<\/h3>\n\n\n\n<div class=\"wp-block-buttons is-layout-flex wp-block-buttons-is-layout-flex\">\n<div class=\"wp-block-button is-style-external\"><a class=\"wp-block-button__link has-primary-color has-text-color has-link-color wp-element-button\" href=\"https:\/\/syndicom.ch\/app\/uploads\/2025\/07\/syndicat-syndicom-chiffres-participation.pdf\" target=\"_blank\" rel=\"noreferrer noopener\">Chiffres et faits<\/a><\/div>\n\n\n\n<div class=\"wp-block-button is-style-external\"><a class=\"wp-block-button__link wp-element-button\" href=\"https:\/\/syndicom.ch\/app\/uploads\/2025\/11\/syndicat-syndicom-manuel-representation-personnel.pdf\" target=\"_blank\" rel=\"noreferrer noopener\">Manuel pour la repr\u00e9sentation du personnel<br>Un m\u00e9mento pour la participation et le travail pratique de la repr\u00e9sentation du personnel dans les entreprises<\/a><\/div>\n<\/div>\n\n\n\n<p><\/p>\n\n\n\n<div class=\"wp-block-coblocks-faq\" itemscope itemtype=\"https:\/\/schema.org\/FAQPage\">\n<h3 class=\"wp-block-heading wp-block-coblocks-faq__title\">FAQ Participation dans l&rsquo;entreprise<\/h3>\n\n\n\n<details class=\"wp-block-coblocks-faq-item\" itemprop=\"mainEntity\" itemscope itemtype=\"https:\/\/schema.org\/Question\"><summary class=\"wp-block-coblocks-faq-item__question\" itemprop=\"name\"><div class=\"wp-block-coblocks-faq-item__question__content\">Comment fonctionne la participation ?<\/div><svg fill=\"none\" viewBox=\"0 0 24 24\" xmlns=\"http:\/\/www.w3.org\/2000\/svg\" width=\"24\" height=\"24\" class=\"wp-block-coblocks-faq-item__question__icon\" aria-hidden=\"true\"><path fill=\"currentColor\" fill-rule=\"evenodd\" clip-rule=\"evenodd\" d=\"M19.39 14.99l-1.41 1.41L12 10.43 6.02 16.4l-1.41-1.41L12 7.6l7.39 7.39z\"><\/path><\/svg><\/summary><div class=\"wp-block-coblocks-faq-item__answer\" itemprop=\"acceptedAnswer\" itemscope itemtype=\"https:\/\/schema.org\/Answer\"><div itemprop=\"text\">\n<p>La loi sur la participation \u2013 dans son entier, loi f\u00e9d\u00e9rale sur l\u2019information et la consultation des travailleurs dans les entreprises \u2013 s\u2019applique \u00e0 toutes les entreprises priv\u00e9es en Suisse. En substance, elle prescrit que les travailleurs-euses doivent \u00eatre syst\u00e9matiquement consult\u00e9-es dans toutes les questions li\u00e9es \u00e0 la s\u00e9curit\u00e9 et \u00e0 la protection du travail et lors de licenciements collectifs.<\/p>\n\n\n\n<p>La repr\u00e9sentation du personnel peut avoir lieu par le biais d\u2019une commission du personnel (CoPe) ou d\u2019un comit\u00e9 d\u2019entreprise (CoEnt). En ce qui concerne les entreprises publiques comme La Poste et Swisscom, la participation au sein de l\u2019entreprise est d\u00e9finie de mani\u00e8re tr\u00e8s d\u00e9taill\u00e9e dans les conventions collectives de travail.<\/p>\n<\/div><\/div><\/details>\n\n\n\n<details class=\"wp-block-coblocks-faq-item\" itemprop=\"mainEntity\" itemscope itemtype=\"https:\/\/schema.org\/Question\"><summary class=\"wp-block-coblocks-faq-item__question\" itemprop=\"name\"><div class=\"wp-block-coblocks-faq-item__question__content\"><strong><strong>Loi de participation<\/strong><\/strong><\/div><svg fill=\"none\" viewBox=\"0 0 24 24\" xmlns=\"http:\/\/www.w3.org\/2000\/svg\" width=\"24\" height=\"24\" class=\"wp-block-coblocks-faq-item__question__icon\" aria-hidden=\"true\"><path fill=\"currentColor\" fill-rule=\"evenodd\" clip-rule=\"evenodd\" d=\"M19.39 14.99l-1.41 1.41L12 10.43 6.02 16.4l-1.41-1.41L12 7.6l7.39 7.39z\"><\/path><\/svg><\/summary><div class=\"wp-block-coblocks-faq-item__answer\" itemprop=\"acceptedAnswer\" itemscope itemtype=\"https:\/\/schema.org\/Answer\"><div itemprop=\"text\">\n<p>La loi f\u00e9d\u00e9rale du 17 d\u00e9cembre 1993 sur l\u2019information et la consultation des travailleurs dans les entreprises (loi sur la participation) r\u00e9git la participation des travailleur-euses dans l\u2019entreprise \u2013 et ce, quelle que soit sa taille.<\/p>\n\n\n\n<p><a href=\"https:\/\/www.fedlex.admin.ch\/eli\/cc\/1994\/1037_1037_1037\/fr\" target=\"_blank\" rel=\"noreferrer noopener nofollow\"><strong>Loi de participation<\/strong><\/a><\/p>\n<\/div><\/div><\/details>\n\n\n\n<details class=\"wp-block-coblocks-faq-item\" itemprop=\"mainEntity\" itemscope itemtype=\"https:\/\/schema.org\/Question\"><summary class=\"wp-block-coblocks-faq-item__question\" itemprop=\"name\"><div class=\"wp-block-coblocks-faq-item__question__content\"><strong>Qu\u2019est-ce qu\u2019une repr\u00e9sentation du personnel (RP)?<\/strong><\/div><svg fill=\"none\" viewBox=\"0 0 24 24\" xmlns=\"http:\/\/www.w3.org\/2000\/svg\" width=\"24\" height=\"24\" class=\"wp-block-coblocks-faq-item__question__icon\" aria-hidden=\"true\"><path fill=\"currentColor\" fill-rule=\"evenodd\" clip-rule=\"evenodd\" d=\"M19.39 14.99l-1.41 1.41L12 10.43 6.02 16.4l-1.41-1.41L12 7.6l7.39 7.39z\"><\/path><\/svg><\/summary><div class=\"wp-block-coblocks-faq-item__answer\" itemprop=\"acceptedAnswer\" itemscope itemtype=\"https:\/\/schema.org\/Answer\"><div itemprop=\"text\">\n<p>La repr\u00e9sentation du personnel (<strong>RP<\/strong>) est un terme g\u00e9n\u00e9ral et transversal d\u00e9signant un organe collectif de participation sur le lieu de travail.<\/p>\n\n\n\n<p>Certaines repr\u00e9sentations du personnel sont \u00e9galement appel\u00e9es<\/p>\n\n\n\n<ul class=\"wp-block-list\">\n<li>commissions du personnel (CoPe)<\/li>\n\n\n\n<li>commissions d&rsquo;entreprise (CoEnt)<\/li>\n\n\n\n<li>repr\u00e9sentations des travailleuses et travailleurs (RT)<\/li>\n\n\n\n<li>repr\u00e9sentations des salari\u00e9s<\/li>\n<\/ul>\n\n\n\n<p><strong>Ind\u00e9pendamment de leur d\u00e9signation, toutes repr\u00e9sentent les int\u00e9r\u00eats sp\u00e9cifiques des employ\u00e9-es vis-\u00e0-vis de l&rsquo;entreprise.<\/strong><\/p>\n\n\n\n<p>La repr\u00e9sentation du personnel repr\u00e9sente les int\u00e9r\u00eats des employ\u00e9-es vis-\u00e0-vis de la direction du site. Les membres de la RP sont \u00e9lus par les employ\u00e9-es d\u2019un site. Elle se compose d\u2019au moins trois personnes et a une fonction importante dans le contr<\/p>\n<\/div><\/div><\/details>\n\n\n\n<details class=\"wp-block-coblocks-faq-item\" itemprop=\"mainEntity\" itemscope itemtype=\"https:\/\/schema.org\/Question\"><summary class=\"wp-block-coblocks-faq-item__question\" itemprop=\"name\"><div class=\"wp-block-coblocks-faq-item__question__content\">Comit\u00e9 de branche ou d\u2019entreprise (CE)<\/div><svg fill=\"none\" viewBox=\"0 0 24 24\" xmlns=\"http:\/\/www.w3.org\/2000\/svg\" width=\"24\" height=\"24\" class=\"wp-block-coblocks-faq-item__question__icon\" aria-hidden=\"true\"><path fill=\"currentColor\" fill-rule=\"evenodd\" clip-rule=\"evenodd\" d=\"M19.39 14.99l-1.41 1.41L12 10.43 6.02 16.4l-1.41-1.41L12 7.6l7.39 7.39z\"><\/path><\/svg><\/summary><div class=\"wp-block-coblocks-faq-item__answer\" itemprop=\"acceptedAnswer\" itemscope itemtype=\"https:\/\/schema.org\/Answer\"><div itemprop=\"text\">\n<p>Les comit\u00e9s de branche ou, \u00e0 d\u00e9faut, les comit\u00e9s d\u2019entreprise (CE), sont une forme particuli\u00e8re de participation syndicale. Ils existent par exemple \u00e0 La Poste, chez Swisscom et chez Sunrise.<\/p>\n\n\n\n<p>Ils repr\u00e9sentent les membres sur place et \u00e9laborent les revendications pour les n\u00e9gociations <a href=\"https:\/\/syndicom.ch\/fr\/conventions-collectives-de-travail-cct\/\" target=\"_blank\" rel=\"noreferrer noopener\">CCT<\/a> en \u00e9troite collaboration avec les <a href=\"https:\/\/syndicom.ch\/fr\/contact\/\" target=\"_blank\" rel=\"noreferrer noopener\">secr\u00e9taires r\u00e9gionaux<\/a> et la centrale de syndicom.<\/p>\n<\/div><\/div><\/details>\n\n\n\n<details class=\"wp-block-coblocks-faq-item\" itemprop=\"mainEntity\" itemscope itemtype=\"https:\/\/schema.org\/Question\"><summary class=\"wp-block-coblocks-faq-item__question\" itemprop=\"name\"><div class=\"wp-block-coblocks-faq-item__question__content\">Que fait une repr\u00e9sentation du personnel pour moi ?<\/div><svg fill=\"none\" viewBox=\"0 0 24 24\" xmlns=\"http:\/\/www.w3.org\/2000\/svg\" width=\"24\" height=\"24\" class=\"wp-block-coblocks-faq-item__question__icon\" aria-hidden=\"true\"><path fill=\"currentColor\" fill-rule=\"evenodd\" clip-rule=\"evenodd\" d=\"M19.39 14.99l-1.41 1.41L12 10.43 6.02 16.4l-1.41-1.41L12 7.6l7.39 7.39z\"><\/path><\/svg><\/summary><div class=\"wp-block-coblocks-faq-item__answer\" itemprop=\"acceptedAnswer\" itemscope itemtype=\"https:\/\/schema.org\/Answer\"><div itemprop=\"text\">\n<p>Les membres de la <a href=\"#representation-du-personnel\"><\/a><a href=\"#representation-du-personnel\">repr\u00e9sentation du personnel (RP)<\/a> prennent note de tes requ\u00eates et souhaits, identifient les possibilit\u00e9s d\u2019am\u00e9lioration et les d\u00e9fendent face \u00e0 la direction de l\u2019entreprise.<\/p>\n\n\n\n<p>Tu peux adresser toutes tes demandes aux membres de la <a href=\"#representation-du-personnel\"><\/a><a href=\"#representation-du-personnel\"><\/a><a href=\"#representation-du-personnel\">repr\u00e9sentation du personnel (RP)<\/a>. Les questions qui reviennent le plus souvent concernent l\u2019organisation du temps de travail et l\u2019am\u00e9nagement des plans d\u2019affectation, la s\u00e9curit\u00e9 au travail et la pr\u00e9vention des accidents et des maladies professionnelles, la planification et l\u2019am\u00e9nagement des salles communes et des salles de pause ainsi que de l\u2019environnement de travail. <\/p>\n\n\n\n<p>Les employ\u00e9-es se sentent souvent impuissant-es, les hi\u00e9rarchies sont inatteignables et les d\u00e9cisions semblent \u00eatre prises de mani\u00e8re arbitraire : une <a href=\"#representation-du-personnel\"><\/a><a href=\"#representation-du-personnel\">repr\u00e9sentation du personnel (RP)<\/a> fait le lien et remonte tes pr\u00e9occupations. D\u2019o\u00f9 l\u2019importance de soutenir les coll\u00e8gues qui se pr\u00e9sentent lors des \u00e9lections.<\/p>\n<\/div><\/div><\/details>\n\n\n\n<details class=\"wp-block-coblocks-faq-item\" itemprop=\"mainEntity\" itemscope itemtype=\"https:\/\/schema.org\/Question\"><summary class=\"wp-block-coblocks-faq-item__question\" itemprop=\"name\"><div class=\"wp-block-coblocks-faq-item__question__content\">Comment puis-je cr\u00e9er une repr\u00e9sentation du personnel dans mon entreprise ?<\/div><svg fill=\"none\" viewBox=\"0 0 24 24\" xmlns=\"http:\/\/www.w3.org\/2000\/svg\" width=\"24\" height=\"24\" class=\"wp-block-coblocks-faq-item__question__icon\" aria-hidden=\"true\"><path fill=\"currentColor\" fill-rule=\"evenodd\" clip-rule=\"evenodd\" d=\"M19.39 14.99l-1.41 1.41L12 10.43 6.02 16.4l-1.41-1.41L12 7.6l7.39 7.39z\"><\/path><\/svg><\/summary><div class=\"wp-block-coblocks-faq-item__answer\" itemprop=\"acceptedAnswer\" itemscope itemtype=\"https:\/\/schema.org\/Answer\"><div itemprop=\"text\">\n<p>Parles-en \u00e0 tes coll\u00e8gues. Un cinqui\u00e8me des coll\u00e8gues (ou 100 employ\u00e9-es sur plus de 500 dans l\u2019entreprise) doivent r\u00e9clamer une <a href=\"#representation-du-personnel\"><\/a><a href=\"#representation-du-personnel\">repr\u00e9sentation du personnel (RP)<\/a>. Assurez-vous que cela se concr\u00e9tise par le biais d\u2019une p\u00e9tition remise \u00e0 l\u2019employeur et exigez l\u2019organisation d\u2019un vote \u00e0 bulletin secret. Si la majorit\u00e9 souhaite une repr\u00e9sentation, les personnes int\u00e9ress\u00e9es peuvent se pr\u00e9senter \u00e0 l\u2019\u00e9lection.<\/p>\n\n\n\n<p>D\u00e8s que la <a href=\"#representation-du-personnel\"><\/a><a href=\"#representation-du-personnel\">repr\u00e9sentation du personnel (RP)<\/a> est \u00e9lue, il est utile de n\u00e9gocier avec l\u2019employeur un r\u00e8glement sur la participation. Les membres de syndicom au sein de la <a href=\"#representation-du-personnel\"><\/a><a href=\"#representation-du-personnel\">repr\u00e9sentation du personnel (RP)<\/a> peuvent s\u2019adresser \u00e0 nos <a href=\"https:\/\/syndicom.ch\/fr\/contact\/\" target=\"_blank\" rel=\"noreferrer noopener\">secr\u00e9taires r\u00e9gionaux-ales<\/a> pour s\u2019informer sur la proc\u00e9dure et pour \u00eatre conseill\u00e9-es et accompagn\u00e9-es dans leurs d\u00e9marches.<\/p>\n<\/div><\/div><\/details>\n\n\n\n<details class=\"wp-block-coblocks-faq-item\" itemprop=\"mainEntity\" itemscope itemtype=\"https:\/\/schema.org\/Question\"><summary class=\"wp-block-coblocks-faq-item__question\" itemprop=\"name\"><div class=\"wp-block-coblocks-faq-item__question__content\">Droits et obligations l\u00e9gaux d&rsquo;une repr\u00e9sentation du personnel<\/div><svg fill=\"none\" viewBox=\"0 0 24 24\" xmlns=\"http:\/\/www.w3.org\/2000\/svg\" width=\"24\" height=\"24\" class=\"wp-block-coblocks-faq-item__question__icon\" aria-hidden=\"true\"><path fill=\"currentColor\" fill-rule=\"evenodd\" clip-rule=\"evenodd\" d=\"M19.39 14.99l-1.41 1.41L12 10.43 6.02 16.4l-1.41-1.41L12 7.6l7.39 7.39z\"><\/path><\/svg><\/summary><div class=\"wp-block-coblocks-faq-item__answer\" itemprop=\"acceptedAnswer\" itemscope itemtype=\"https:\/\/schema.org\/Answer\"><div itemprop=\"text\">\n<p>Selon l\u2019article 9 de la loi sur la participation, la <a href=\"#representation-du-personnel\"><\/a><a href=\"#representation-du-personnel\">repr\u00e9sentation du personnel (RP)<\/a> a le droit d\u2019\u00eatre inform\u00e9e \u00e0 temps et de mani\u00e8re compl\u00e8te sur toutes les affaires dont elle doit avoir connaissance pour pouvoir s\u2019acquitter correctement de ses t\u00e2ches.<\/p>\n\n\n\n<p>En outre, elle doit \u00eatre r\u00e9guli\u00e8rement inform\u00e9e par l\u2019employeur des r\u00e9percussions de la marche des affaires sur les collaborateurs et l\u2019emploi. Les droits de participation d\u00e9coulent de l\u2019article 10 de la loi sur la participation et concernent les domaines de la s\u00e9curit\u00e9 au travail, de la protection des travailleurs, du transfert d\u2019entreprises, des licenciements collectifs et de la pr\u00e9voyance professionnelle.<\/p>\n\n\n\n<p>L\u2019initiative de constituer une repr\u00e9sentation des travailleur-euses doit \u00eatre prise par les travailleur-euses. Dans les entreprises comptant au moins 50 travailleurs, ceux-ci peuvent, conform\u00e9ment \u00e0 l\u2019article 3 de la loi sur la participation, d\u00e9signer en leur sein une ou plusieurs repr\u00e9sentations.<\/p>\n<\/div><\/div><\/details>\n\n\n\n<details class=\"wp-block-coblocks-faq-item\" itemprop=\"mainEntity\" itemscope itemtype=\"https:\/\/schema.org\/Question\"><summary class=\"wp-block-coblocks-faq-item__question\" itemprop=\"name\"><div class=\"wp-block-coblocks-faq-item__question__content\">Le travail au sein de la repr\u00e9sentation du personnel compte-t-il comme du temps de travail ?<\/div><svg fill=\"none\" viewBox=\"0 0 24 24\" xmlns=\"http:\/\/www.w3.org\/2000\/svg\" width=\"24\" height=\"24\" class=\"wp-block-coblocks-faq-item__question__icon\" aria-hidden=\"true\"><path fill=\"currentColor\" fill-rule=\"evenodd\" clip-rule=\"evenodd\" d=\"M19.39 14.99l-1.41 1.41L12 10.43 6.02 16.4l-1.41-1.41L12 7.6l7.39 7.39z\"><\/path><\/svg><\/summary><div class=\"wp-block-coblocks-faq-item__answer\" itemprop=\"acceptedAnswer\" itemscope itemtype=\"https:\/\/schema.org\/Answer\"><div itemprop=\"text\">\n<p>Oui. Le temps imparti pour les accomplir est en g\u00e9n\u00e9ral fix\u00e9 dans la <a href=\"https:\/\/syndicom.ch\/fr\/conventions-collectives-de-travail-cct\/\" target=\"_blank\" rel=\"noreferrer noopener\">convention collective de travail (CCT)<\/a> ou dans le r\u00e8glement sur la participation.<\/p>\n<\/div><\/div><\/details>\n\n\n\n<details class=\"wp-block-coblocks-faq-item\" itemprop=\"mainEntity\" itemscope itemtype=\"https:\/\/schema.org\/Question\"><summary class=\"wp-block-coblocks-faq-item__question\" itemprop=\"name\"><div class=\"wp-block-coblocks-faq-item__question__content\">Lorsque je m\u2019engage pour les int\u00e9r\u00eats de mes coll\u00e8gues, est-ce que je ne risque pas d\u2019\u00eatre licenci\u00e9-e par mon employeur ?<\/div><svg fill=\"none\" viewBox=\"0 0 24 24\" xmlns=\"http:\/\/www.w3.org\/2000\/svg\" width=\"24\" height=\"24\" class=\"wp-block-coblocks-faq-item__question__icon\" aria-hidden=\"true\"><path fill=\"currentColor\" fill-rule=\"evenodd\" clip-rule=\"evenodd\" d=\"M19.39 14.99l-1.41 1.41L12 10.43 6.02 16.4l-1.41-1.41L12 7.6l7.39 7.39z\"><\/path><\/svg><\/summary><div class=\"wp-block-coblocks-faq-item__answer\" itemprop=\"acceptedAnswer\" itemscope itemtype=\"https:\/\/schema.org\/Answer\"><div itemprop=\"text\">\n<p>Non, comme membre de la repr\u00e9sentation du personnel, tu b\u00e9n\u00e9ficies d\u2019une protection l\u00e9gale sp\u00e9ciale. L\u2019employeur ne peut pas t\u2019emp\u00eacher de t\u2019engager dans cette fonction et ne peut pas non plus te licencier pour cette raison \u2013 m\u00eame lorsque tu quittes la repr\u00e9sentation du personnel.<\/p>\n\n\n\n<p>Cela vaut du reste aussi lorsque tu te pr\u00e9sentes \u00e0 l\u2019\u00e9lection, et n\u2019es pas \u00e9lu-e.<\/p>\n<\/div><\/div><\/details>\n\n\n\n<details class=\"wp-block-coblocks-faq-item\" itemprop=\"mainEntity\" itemscope itemtype=\"https:\/\/schema.org\/Question\"><summary class=\"wp-block-coblocks-faq-item__question\" itemprop=\"name\"><div class=\"wp-block-coblocks-faq-item__question__content\">Faut-il que je poss\u00e8de un passeport suisse pour participer \u00e0 la repr\u00e9sentation du personnel ?<\/div><svg fill=\"none\" viewBox=\"0 0 24 24\" xmlns=\"http:\/\/www.w3.org\/2000\/svg\" width=\"24\" height=\"24\" class=\"wp-block-coblocks-faq-item__question__icon\" aria-hidden=\"true\"><path fill=\"currentColor\" fill-rule=\"evenodd\" clip-rule=\"evenodd\" d=\"M19.39 14.99l-1.41 1.41L12 10.43 6.02 16.4l-1.41-1.41L12 7.6l7.39 7.39z\"><\/path><\/svg><\/summary><div class=\"wp-block-coblocks-faq-item__answer\" itemprop=\"acceptedAnswer\" itemscope itemtype=\"https:\/\/schema.org\/Answer\"><div itemprop=\"text\">\n<p>Non, la participation au sein d\u2019une <a href=\"#representation-du-personnel\">repr\u00e9sentation du personnel (RP)<\/a> n\u2019est en aucun cas sujette \u00e0 de telles restrictions. Tous les employ\u00e9-es peuvent se pr\u00e9senter pour \u00eatre \u00e9lus-es.<\/p>\n<\/div><\/div><\/details>\n<\/div>\n\n\n\n<p><a href=\"https:\/\/syndicom.ch\/fr\/guide\/?gqs=&#038;catfilter=article-category%3A302\" target=\"_blank\" rel=\"noreferrer noopener\">\u21aa Tu trouveras d&rsquo;autres r\u00e9ponses dans notre guide juridique.<\/a><\/p>\n<\/div>\n<\/div>\n\n\n\n<p><\/p>\n\n\n\n<div class=\"wp-block-group alignfull has-background-color has-primary-background-color has-text-color has-background has-link-color wp-elements-4234f1f05dcb75149c11e5b2f34e7a3b is-layout-constrained wp-block-group-is-layout-constrained\">\n<div class=\"wp-block-group is-style-narrow is-layout-constrained wp-block-group-is-layout-constrained\">\n<figure class=\"wp-block-image aligncenter size-large box-icon\"><img loading=\"lazy\" decoding=\"async\" width=\"43\" height=\"44\" src=\"https:\/\/syndicom.ch\/app\/uploads\/2024\/07\/info-alert.svg\" alt=\"\" class=\"wp-image-897\"\/><\/figure>\n\n\n\n<h2 class=\"wp-block-heading has-text-align-center\"><a href=\"https:\/\/open.spotify.com\/episode\/3S2Ahzf4rdxxY2StvFzmdJ?go=1&amp;sp_cid=a7fdfd89d038a1a8bec060814877b4e7&amp;utm_source=embed_player_p&amp;utm_medium=desktop\" target=\"_blank\" rel=\"noreferrer noopener\">Podcast \u00ab Que dit Virginie ? \u00bb<\/a><\/h2>\n\n\n\n<p class=\"has-text-align-center\">Virginie &amp; P&rsquo;tit Jean expliquent pourquoi les CoPe sont si importants !<\/p>\n\n\n\n<div class=\"wp-block-buttons is-content-justification-center is-layout-flex wp-container-core-buttons-is-layout-16018d1d wp-block-buttons-is-layout-flex\">\n<div class=\"wp-block-button\"><a rel=\"\" target=\"\" href=\"https:\/\/open.spotify.com\/episode\/3S2Ahzf4rdxxY2StvFzmdJ?go=1&#038;sp_cid=a7fdfd89d038a1a8bec060814877b4e7&#038;utm_source=embed_player_p&#038;utm_medium=desktop&#038;nd=1&#038;dlsi=5980a1e81a394226\" class=\"wp-block-button__link wp-element-button\">Vers l&rsquo;\u00e9pisode du podcast<\/a><\/div>\n<\/div>\n<\/div>\n<\/div>\n\n\n\n<div class=\"wp-block-group alignfull has-background-background-color has-background is-layout-constrained wp-block-group-is-layout-constrained\">\n<div class=\"wp-block-group is-style-narrow is-layout-constrained wp-block-group-is-layout-constrained\">\n<h2 class=\"wp-block-heading has-text-align-left\" id=\"syndicom-magazine\">Du syndicom magazine sur le sujet<\/h2>\n\n\n\n<div data-wp-context=\"{}\" data-wp-interactive=\"core\/query\" data-wp-key=\"0\" data-wp-router-region=\"query-0\" class=\"wp-block-query is-layout-flow wp-block-query-is-layout-flow\">\n<div class=\"wp-block-group alignwide is-style-default is-layout-constrained wp-block-group-is-layout-constrained\"><ul class=\"columns-3 alignwide wp-block-post-template is-layout-grid wp-container-core-post-template-is-layout-2f3213d7 wp-block-post-template-is-layout-grid\"><li data-wp-key=\"post-template-item-38212\" class=\"wp-block-post post-38212 syn_magazine type-syn_magazine status-publish has-post-thumbnail hentry syn_magazine_category-mitbestimmung-fr syn_magazine_category-portrait syn_magazine_category-presse\">\n\n<div class=\"wp-block-media-text is-stacked-on-mobile is-style-logo\"><figure  class=\"wp-block-media-text__media\"><img loading=\"lazy\" decoding=\"async\" width=\"2560\" height=\"1707\" alt=\"\" src=\"https:\/\/syndicom.ch\/app\/uploads\/2025\/05\/gewerkschaft-syndicom-portrait-barbara-roelli-scaled.jpg\" class=\"wp-image-38078 size-full\" srcset=\"https:\/\/syndicom.ch\/app\/uploads\/2025\/05\/gewerkschaft-syndicom-portrait-barbara-roelli-scaled.jpg 2560w, https:\/\/syndicom.ch\/app\/uploads\/2025\/05\/gewerkschaft-syndicom-portrait-barbara-roelli-300x200.jpg 300w, https:\/\/syndicom.ch\/app\/uploads\/2025\/05\/gewerkschaft-syndicom-portrait-barbara-roelli-1024x683.jpg 1024w, https:\/\/syndicom.ch\/app\/uploads\/2025\/05\/gewerkschaft-syndicom-portrait-barbara-roelli-768x512.jpg 768w, https:\/\/syndicom.ch\/app\/uploads\/2025\/05\/gewerkschaft-syndicom-portrait-barbara-roelli-1536x1024.jpg 1536w, https:\/\/syndicom.ch\/app\/uploads\/2025\/05\/gewerkschaft-syndicom-portrait-barbara-roelli-2048x1365.jpg 2048w\" sizes=\"auto, (max-width: 2560px) 100vw, 2560px\" \/><\/figure><div class=\"wp-block-media-text__content\"><div class=\"has-text-align-left wp-block-post-date\"><time datetime=\"2025-05-28T12:39:49+02:00\">28 mai 2025<\/time><\/div>\n\n<h3 class=\"has-link-color wp-elements-e0fea9949ff33616516a5cc208365ab5 wp-block-post-title has-text-color has-primary-color\"><a href=\"https:\/\/syndicom.ch\/fr\/magazine\/portrait-barbara-roelli\/\" target=\"_self\" >\u00ab\u2009Pour beaucoup, le journalisme est une vocation plus qu\u2019une profession\u2009\u00bb<\/a><\/h3>\n\n<a href=\"https:\/\/syndicom.ch\/fr\/magazine\/portrait-barbara-roelli\/\"><div class=\"wp-block-post-excerpt\"><p class=\"wp-block-post-excerpt__excerpt\">Apr\u00e8s avoir \u00e9t\u00e9 licenci\u00e9e, la journaliste Barbara Roelli a rejoint syndicom et se bat depuis pour des conditions de travail justes <\/p><\/div><\/a><div class=\"syn-post-terms\" style=\"display: none\"><a href=\"#\" class=\"syn-post-terms__link\" data-term-id=\"256\">Participation<\/a> <a href=\"#\" class=\"syn-post-terms__link\" data-term-id=\"247\">Portrait<\/a> <a href=\"#\" class=\"syn-post-terms__link\" data-term-id=\"283\">Presse<\/a> <\/div>\n\n<\/div><\/div>\n\n<\/li><li data-wp-key=\"post-template-item-38073\" class=\"wp-block-post post-38073 syn_magazine type-syn_magazine status-publish has-post-thumbnail hentry syn_magazine_category-mitbestimmung-fr syn_magazine_category-portrait syn_magazine_category-poste\">\n\n<div class=\"wp-block-media-text is-stacked-on-mobile is-style-logo\"><figure  class=\"wp-block-media-text__media\"><img loading=\"lazy\" decoding=\"async\" width=\"2560\" height=\"1707\" alt=\"\" src=\"https:\/\/syndicom.ch\/app\/uploads\/2025\/05\/gewerkschaft-syndicom-vertrauensleute-sessa-scaled.jpg\" class=\"wp-image-38071 size-full\" srcset=\"https:\/\/syndicom.ch\/app\/uploads\/2025\/05\/gewerkschaft-syndicom-vertrauensleute-sessa-scaled.jpg 2560w, https:\/\/syndicom.ch\/app\/uploads\/2025\/05\/gewerkschaft-syndicom-vertrauensleute-sessa-300x200.jpg 300w, https:\/\/syndicom.ch\/app\/uploads\/2025\/05\/gewerkschaft-syndicom-vertrauensleute-sessa-1024x683.jpg 1024w, https:\/\/syndicom.ch\/app\/uploads\/2025\/05\/gewerkschaft-syndicom-vertrauensleute-sessa-768x512.jpg 768w, https:\/\/syndicom.ch\/app\/uploads\/2025\/05\/gewerkschaft-syndicom-vertrauensleute-sessa-1536x1024.jpg 1536w, https:\/\/syndicom.ch\/app\/uploads\/2025\/05\/gewerkschaft-syndicom-vertrauensleute-sessa-2048x1365.jpg 2048w\" sizes=\"auto, (max-width: 2560px) 100vw, 2560px\" \/><\/figure><div class=\"wp-block-media-text__content\"><div class=\"has-text-align-left wp-block-post-date\"><time datetime=\"2025-05-28T12:07:56+02:00\">28 mai 2025<\/time><\/div>\n\n<h3 class=\"has-link-color wp-elements-e0fea9949ff33616516a5cc208365ab5 wp-block-post-title has-text-color has-primary-color\"><a href=\"https:\/\/syndicom.ch\/fr\/magazine\/cours-personnes-de-confiance\/\" target=\"_self\" >\u00ab\u2009Nous sommes le pont entre les coll\u00e8gues et le syndicat\u2009\u00bb<\/a><\/h3>\n\n<a href=\"https:\/\/syndicom.ch\/fr\/magazine\/cours-personnes-de-confiance\/\"><div class=\"wp-block-post-excerpt\"><p class=\"wp-block-post-excerpt__excerpt\">Un cours destin\u00e9 aux personnes de confiance renforce l&rsquo;engagement et les connaissances des membres de syndicom. <\/p><\/div><\/a><div class=\"syn-post-terms\" style=\"display: none\"><a href=\"#\" class=\"syn-post-terms__link\" data-term-id=\"256\">Participation<\/a> <a href=\"#\" class=\"syn-post-terms__link\" data-term-id=\"247\">Portrait<\/a> <a href=\"#\" class=\"syn-post-terms__link\" data-term-id=\"276\">Poste<\/a> <\/div>\n\n<\/div><\/div>\n\n<\/li><li data-wp-key=\"post-template-item-33175\" class=\"wp-block-post post-33175 syn_magazine type-syn_magazine status-publish has-post-thumbnail hentry syn_magazine_category-mitbestimmung-fr syn_magazine_category-portrait syn_magazine_category-poste\">\n\n<div class=\"wp-block-media-text is-stacked-on-mobile is-style-logo\"><figure  class=\"wp-block-media-text__media\"><img loading=\"lazy\" decoding=\"async\" width=\"2560\" height=\"1299\" alt=\"\" src=\"https:\/\/syndicom.ch\/app\/uploads\/2025\/04\/gewerkschaft-syndicom-portrait-mauro-masone-graziella-zinnai-scaled.jpg\" class=\"wp-image-33170 size-full\" srcset=\"https:\/\/syndicom.ch\/app\/uploads\/2025\/04\/gewerkschaft-syndicom-portrait-mauro-masone-graziella-zinnai-scaled.jpg 2560w, https:\/\/syndicom.ch\/app\/uploads\/2025\/04\/gewerkschaft-syndicom-portrait-mauro-masone-graziella-zinnai-300x152.jpg 300w, https:\/\/syndicom.ch\/app\/uploads\/2025\/04\/gewerkschaft-syndicom-portrait-mauro-masone-graziella-zinnai-1024x519.jpg 1024w, https:\/\/syndicom.ch\/app\/uploads\/2025\/04\/gewerkschaft-syndicom-portrait-mauro-masone-graziella-zinnai-768x390.jpg 768w, https:\/\/syndicom.ch\/app\/uploads\/2025\/04\/gewerkschaft-syndicom-portrait-mauro-masone-graziella-zinnai-1536x779.jpg 1536w, https:\/\/syndicom.ch\/app\/uploads\/2025\/04\/gewerkschaft-syndicom-portrait-mauro-masone-graziella-zinnai-2048x1039.jpg 2048w\" sizes=\"auto, (max-width: 2560px) 100vw, 2560px\" \/><\/figure><div class=\"wp-block-media-text__content\"><div class=\"has-text-align-left wp-block-post-date\"><time datetime=\"2024-07-29T11:03:53+02:00\">29 juillet 2024<\/time><\/div>\n\n<h3 class=\"has-link-color wp-elements-e0fea9949ff33616516a5cc208365ab5 wp-block-post-title has-text-color has-primary-color\"><a href=\"https:\/\/syndicom.ch\/fr\/magazine\/portrait-mauro-masone-graziella-zinnai\/\" target=\"_self\" >\u00ab\u2009Ce sont les gens qui font avancer les choses \u00bb<\/a><\/h3>\n\n<a href=\"https:\/\/syndicom.ch\/fr\/magazine\/portrait-mauro-masone-graziella-zinnai\/\"><div class=\"wp-block-post-excerpt\"><p class=\"wp-block-post-excerpt__excerpt\">Graziella Zinnai et Mauro Masone, membres de syndicom, s&rsquo;engagent syndicalement &#8211; pour un avenir \u00e9quitable pour tous. <\/p><\/div><\/a><div class=\"syn-post-terms\" style=\"display: none\"><a href=\"#\" class=\"syn-post-terms__link\" data-term-id=\"256\">Participation<\/a> <a href=\"#\" class=\"syn-post-terms__link\" data-term-id=\"247\">Portrait<\/a> <a href=\"#\" class=\"syn-post-terms__link\" data-term-id=\"276\">Poste<\/a> <\/div>\n\n<\/div><\/div>\n\n<\/li><\/ul><\/div>\n\n\n<nav class=\"wp-block-query-pagination is-layout-flex wp-block-query-pagination-is-layout-flex\" aria-label=\"Pagination\">\n\n\n<div class=\"wp-block-query-pagination-numbers\"><span data-wp-key=\"index-0\" aria-current=\"page\" class=\"page-numbers current\">1<\/span>\n<a data-wp-key=\"index-1\" data-wp-on--click=\"core\/query::actions.navigate\" class=\"page-numbers\" href=\"?query-0-page=2\">2<\/a><\/div>\n\n<a data-wp-key=\"query-pagination-next\" data-wp-on--click=\"core\/query::actions.navigate\" data-wp-on--mouseenter=\"core\/query::actions.prefetch\" data-wp-watch=\"core\/query::callbacks.prefetch\" href=\"\/fr\/wp-json\/wp\/v2\/pages\/6189?query-0-page=2\" class=\"wp-block-query-pagination-next\">Page suivante<\/a>\n<\/nav><\/div>\n<\/div>\n<\/div>\n","protected":false},"excerpt":{"rendered":"<p>La participation dans l&rsquo;entreprise renforce les droits des employ\u00e9-es. syndicom informe, soutient et montre comment tu peux participer activement \u00e0 la discussion et \u00e0 l&rsquo;organisation.<\/p>\n","protected":false},"author":2,"featured_media":0,"parent":0,"menu_order":0,"comment_status":"closed","ping_status":"closed","template":"","meta":{"_acf_changed":false,"inline_featured_image":false,"_coblocks_attr":"","_coblocks_dimensions":"","_coblocks_responsive_height":"","_coblocks_accordion_ie_support":"","footnotes":""},"categories":[378],"class_list":["post-6189","page","type-page","status-publish","hentry","category-nos-themes"],"acf":[],"yoast_head":"<!-- This site is optimized with the Yoast SEO plugin v27.3 - https:\/\/yoast.com\/product\/yoast-seo-wordpress\/ -->\n<title>Participation dans l&#039;entreprise - syndicom<\/title>\n<meta name=\"description\" content=\"syndicom explique comment la participation des travailleurs fonctionne et comment les employ\u00e9s peuvent s&#039;impliquer dans leur entreprise.\" \/>\n<meta name=\"robots\" content=\"index, follow, max-snippet:-1, max-image-preview:large, max-video-preview:-1\" \/>\n<link rel=\"canonical\" href=\"https:\/\/syndicom.ch\/fr\/participation-dans-lentreprise\/\" \/>\n<link rel=\"next\" href=\"https:\/\/syndicom.ch\/fr\/participation-dans-lentreprise\/6189\/?query-0-page=2\" \/>\n<meta property=\"og:locale\" content=\"fr_FR\" \/>\n<meta property=\"og:type\" content=\"article\" \/>\n<meta property=\"og:title\" content=\"Participation dans l&#039;entreprise - syndicom\" \/>\n<meta property=\"og:description\" content=\"syndicom explique comment la participation des travailleurs fonctionne et comment les employ\u00e9s peuvent s&#039;impliquer dans leur entreprise.\" \/>\n<meta property=\"og:url\" content=\"https:\/\/syndicom.ch\/fr\/participation-dans-lentreprise\/\" \/>\n<meta property=\"og:site_name\" content=\"syndicom\" \/>\n<meta property=\"article:modified_time\" content=\"2026-02-23T14:02:32+00:00\" \/>\n<meta property=\"og:image\" content=\"https:\/\/syndicom.ch\/app\/uploads\/2025\/07\/gewerkschaft-syndicom-matteo-antonini-kreis.png\" \/>\n<meta name=\"twitter:card\" content=\"summary_large_image\" \/>\n<meta name=\"twitter:label1\" content=\"Dur\u00e9e de lecture estim\u00e9e\" \/>\n\t<meta name=\"twitter:data1\" content=\"13 minutes\" \/>\n<script type=\"application\/ld+json\" class=\"yoast-schema-graph\">{\"@context\":\"https:\\\/\\\/schema.org\",\"@graph\":[{\"@type\":\"WebPage\",\"@id\":\"https:\\\/\\\/syndicom.ch\\\/fr\\\/participation-dans-lentreprise\\\/\",\"url\":\"https:\\\/\\\/syndicom.ch\\\/fr\\\/participation-dans-lentreprise\\\/\",\"name\":\"Participation dans l'entreprise - syndicom\",\"isPartOf\":{\"@id\":\"https:\\\/\\\/syndicom.ch\\\/fr\\\/#website\"},\"primaryImageOfPage\":{\"@id\":\"https:\\\/\\\/syndicom.ch\\\/fr\\\/participation-dans-lentreprise\\\/#primaryimage\"},\"image\":{\"@id\":\"https:\\\/\\\/syndicom.ch\\\/fr\\\/participation-dans-lentreprise\\\/#primaryimage\"},\"thumbnailUrl\":\"https:\\\/\\\/syndicom.ch\\\/app\\\/uploads\\\/2025\\\/07\\\/gewerkschaft-syndicom-matteo-antonini-kreis.png\",\"datePublished\":\"2024-07-30T11:27:17+00:00\",\"dateModified\":\"2026-02-23T14:02:32+00:00\",\"description\":\"syndicom explique comment la participation des travailleurs fonctionne et comment les employ\u00e9s peuvent s'impliquer dans leur entreprise.\",\"breadcrumb\":{\"@id\":\"https:\\\/\\\/syndicom.ch\\\/fr\\\/participation-dans-lentreprise\\\/#breadcrumb\"},\"inLanguage\":\"fr-FR\",\"potentialAction\":[{\"@type\":\"ReadAction\",\"target\":[\"https:\\\/\\\/syndicom.ch\\\/fr\\\/participation-dans-lentreprise\\\/\"]}]},{\"@type\":\"ImageObject\",\"inLanguage\":\"fr-FR\",\"@id\":\"https:\\\/\\\/syndicom.ch\\\/fr\\\/participation-dans-lentreprise\\\/#primaryimage\",\"url\":\"https:\\\/\\\/syndicom.ch\\\/app\\\/uploads\\\/2025\\\/07\\\/gewerkschaft-syndicom-matteo-antonini-kreis.png\",\"contentUrl\":\"https:\\\/\\\/syndicom.ch\\\/app\\\/uploads\\\/2025\\\/07\\\/gewerkschaft-syndicom-matteo-antonini-kreis.png\"},{\"@type\":\"BreadcrumbList\",\"@id\":\"https:\\\/\\\/syndicom.ch\\\/fr\\\/participation-dans-lentreprise\\\/#breadcrumb\",\"itemListElement\":[{\"@type\":\"ListItem\",\"position\":1,\"name\":\"Page d'accueil\",\"item\":\"https:\\\/\\\/syndicom.ch\\\/fr\\\/\"},{\"@type\":\"ListItem\",\"position\":2,\"name\":\"Participation dans l&#8217;entreprise\"}]},{\"@type\":\"WebSite\",\"@id\":\"https:\\\/\\\/syndicom.ch\\\/fr\\\/#website\",\"url\":\"https:\\\/\\\/syndicom.ch\\\/fr\\\/\",\"name\":\"syndicom\",\"description\":\"\",\"publisher\":{\"@id\":\"https:\\\/\\\/syndicom.ch\\\/fr\\\/#organization\"},\"potentialAction\":[{\"@type\":\"SearchAction\",\"target\":{\"@type\":\"EntryPoint\",\"urlTemplate\":\"https:\\\/\\\/syndicom.ch\\\/fr\\\/?s={search_term_string}\"},\"query-input\":{\"@type\":\"PropertyValueSpecification\",\"valueRequired\":true,\"valueName\":\"search_term_string\"}}],\"inLanguage\":\"fr-FR\"},{\"@type\":\"Organization\",\"@id\":\"https:\\\/\\\/syndicom.ch\\\/fr\\\/#organization\",\"name\":\"syndicom\",\"url\":\"https:\\\/\\\/syndicom.ch\\\/fr\\\/\",\"logo\":{\"@type\":\"ImageObject\",\"inLanguage\":\"fr-FR\",\"@id\":\"https:\\\/\\\/syndicom.ch\\\/fr\\\/#\\\/schema\\\/logo\\\/image\\\/\",\"url\":\"https:\\\/\\\/syndicom.ch\\\/app\\\/uploads\\\/2024\\\/06\\\/logo.svg\",\"contentUrl\":\"https:\\\/\\\/syndicom.ch\\\/app\\\/uploads\\\/2024\\\/06\\\/logo.svg\",\"width\":297,\"height\":51,\"caption\":\"syndicom\"},\"image\":{\"@id\":\"https:\\\/\\\/syndicom.ch\\\/fr\\\/#\\\/schema\\\/logo\\\/image\\\/\"}}]}<\/script>\n<!-- \/ Yoast SEO plugin. -->","yoast_head_json":{"title":"Participation dans l'entreprise - syndicom","description":"syndicom explique comment la participation des travailleurs fonctionne et comment les employ\u00e9s peuvent s'impliquer dans leur entreprise.","robots":{"index":"index","follow":"follow","max-snippet":"max-snippet:-1","max-image-preview":"max-image-preview:large","max-video-preview":"max-video-preview:-1"},"canonical":"https:\/\/syndicom.ch\/fr\/participation-dans-lentreprise\/","next":"https:\/\/syndicom.ch\/fr\/participation-dans-lentreprise\/6189?query-0-page=2","og_locale":"fr_FR","og_type":"article","og_title":"Participation dans l'entreprise - syndicom","og_description":"syndicom explique comment la participation des travailleurs fonctionne et comment les employ\u00e9s peuvent s'impliquer dans leur entreprise.","og_url":"https:\/\/syndicom.ch\/fr\/participation-dans-lentreprise\/","og_site_name":"syndicom","article_modified_time":"2026-02-23T14:02:32+00:00","og_image":[{"url":"https:\/\/syndicom.ch\/app\/uploads\/2025\/07\/gewerkschaft-syndicom-matteo-antonini-kreis.png","type":"","width":"","height":""}],"twitter_card":"summary_large_image","twitter_misc":{"Dur\u00e9e de lecture estim\u00e9e":"13 minutes"},"schema":{"@context":"https:\/\/schema.org","@graph":[{"@type":"WebPage","@id":"https:\/\/syndicom.ch\/fr\/participation-dans-lentreprise\/","url":"https:\/\/syndicom.ch\/fr\/participation-dans-lentreprise\/","name":"Participation dans l'entreprise - syndicom","isPartOf":{"@id":"https:\/\/syndicom.ch\/fr\/#website"},"primaryImageOfPage":{"@id":"https:\/\/syndicom.ch\/fr\/participation-dans-lentreprise\/#primaryimage"},"image":{"@id":"https:\/\/syndicom.ch\/fr\/participation-dans-lentreprise\/#primaryimage"},"thumbnailUrl":"https:\/\/syndicom.ch\/app\/uploads\/2025\/07\/gewerkschaft-syndicom-matteo-antonini-kreis.png","datePublished":"2024-07-30T11:27:17+00:00","dateModified":"2026-02-23T14:02:32+00:00","description":"syndicom explique comment la participation des travailleurs fonctionne et comment les employ\u00e9s peuvent s'impliquer dans leur entreprise.","breadcrumb":{"@id":"https:\/\/syndicom.ch\/fr\/participation-dans-lentreprise\/#breadcrumb"},"inLanguage":"fr-FR","potentialAction":[{"@type":"ReadAction","target":["https:\/\/syndicom.ch\/fr\/participation-dans-lentreprise\/"]}]},{"@type":"ImageObject","inLanguage":"fr-FR","@id":"https:\/\/syndicom.ch\/fr\/participation-dans-lentreprise\/#primaryimage","url":"https:\/\/syndicom.ch\/app\/uploads\/2025\/07\/gewerkschaft-syndicom-matteo-antonini-kreis.png","contentUrl":"https:\/\/syndicom.ch\/app\/uploads\/2025\/07\/gewerkschaft-syndicom-matteo-antonini-kreis.png"},{"@type":"BreadcrumbList","@id":"https:\/\/syndicom.ch\/fr\/participation-dans-lentreprise\/#breadcrumb","itemListElement":[{"@type":"ListItem","position":1,"name":"Page d'accueil","item":"https:\/\/syndicom.ch\/fr\/"},{"@type":"ListItem","position":2,"name":"Participation dans l&#8217;entreprise"}]},{"@type":"WebSite","@id":"https:\/\/syndicom.ch\/fr\/#website","url":"https:\/\/syndicom.ch\/fr\/","name":"syndicom","description":"","publisher":{"@id":"https:\/\/syndicom.ch\/fr\/#organization"},"potentialAction":[{"@type":"SearchAction","target":{"@type":"EntryPoint","urlTemplate":"https:\/\/syndicom.ch\/fr\/?s={search_term_string}"},"query-input":{"@type":"PropertyValueSpecification","valueRequired":true,"valueName":"search_term_string"}}],"inLanguage":"fr-FR"},{"@type":"Organization","@id":"https:\/\/syndicom.ch\/fr\/#organization","name":"syndicom","url":"https:\/\/syndicom.ch\/fr\/","logo":{"@type":"ImageObject","inLanguage":"fr-FR","@id":"https:\/\/syndicom.ch\/fr\/#\/schema\/logo\/image\/","url":"https:\/\/syndicom.ch\/app\/uploads\/2024\/06\/logo.svg","contentUrl":"https:\/\/syndicom.ch\/app\/uploads\/2024\/06\/logo.svg","width":297,"height":51,"caption":"syndicom"},"image":{"@id":"https:\/\/syndicom.ch\/fr\/#\/schema\/logo\/image\/"}}]}},"_links":{"self":[{"href":"https:\/\/syndicom.ch\/fr\/wp-json\/wp\/v2\/pages\/6189","targetHints":{"allow":["GET"]}}],"collection":[{"href":"https:\/\/syndicom.ch\/fr\/wp-json\/wp\/v2\/pages"}],"about":[{"href":"https:\/\/syndicom.ch\/fr\/wp-json\/wp\/v2\/types\/page"}],"author":[{"embeddable":true,"href":"https:\/\/syndicom.ch\/fr\/wp-json\/wp\/v2\/users\/2"}],"replies":[{"embeddable":true,"href":"https:\/\/syndicom.ch\/fr\/wp-json\/wp\/v2\/comments?post=6189"}],"version-history":[{"count":197,"href":"https:\/\/syndicom.ch\/fr\/wp-json\/wp\/v2\/pages\/6189\/revisions"}],"predecessor-version":[{"id":58296,"href":"https:\/\/syndicom.ch\/fr\/wp-json\/wp\/v2\/pages\/6189\/revisions\/58296"}],"wp:attachment":[{"href":"https:\/\/syndicom.ch\/fr\/wp-json\/wp\/v2\/media?parent=6189"}],"wp:term":[{"taxonomy":"category","embeddable":true,"href":"https:\/\/syndicom.ch\/fr\/wp-json\/wp\/v2\/categories?post=6189"}],"curies":[{"name":"wp","href":"https:\/\/api.w.org\/{rel}","templated":true}]}}