{"id":6515,"date":"2024-10-18T12:42:29","date_gmt":"2024-10-18T10:42:29","guid":{"rendered":"https:\/\/projects.atxeit.ch\/syndicom\/?page_id=6515"},"modified":"2026-03-03T09:10:27","modified_gmt":"2026-03-03T08:10:27","slug":"congres-2025","status":"publish","type":"page","link":"https:\/\/syndicom.ch\/fr\/au-sujet-de-syndicom\/congres-2025\/","title":{"rendered":"Congr\u00e8s 2025"},"content":{"rendered":"\n<div class=\"wp-block-group alignfull has-background-color has-primary-background-color has-text-color has-background has-link-color wp-elements-4f4ff62c65137da73298227cb731603b is-layout-constrained wp-block-group-is-layout-constrained\">\n<div class=\"wp-block-group is-style-narrow is-layout-constrained wp-block-group-is-layout-constrained\">\n<div class=\"wp-block-columns is-layout-flex wp-container-core-columns-is-layout-9d6595d7 wp-block-columns-is-layout-flex\">\n<div class=\"wp-block-column is-layout-flow wp-block-column-is-layout-flow\" style=\"flex-basis:70%\">\n<h1 class=\"wp-block-heading\">Congr\u00e8s&nbsp;2025<\/h1>\n\n\n\n<p class=\"is-style-lead\"><strong>L&rsquo;union fait la force pour nos droits et pour l&rsquo;avenir !<\/strong><\/p>\n\n\n\n<p>5e congr\u00e8s syndicom les 20 et 21 juin \u00e0 Baden<\/p>\n<\/div>\n\n\n\n<div class=\"wp-block-column is-layout-flow wp-block-column-is-layout-flow\" style=\"flex-basis:20%\">\n<figure class=\"wp-block-image aligncenter size-full\"><img loading=\"lazy\" decoding=\"async\" width=\"625\" height=\"763\" src=\"https:\/\/syndicom.ch\/app\/uploads\/2025\/06\/syndicat-syndicom-congres25-slogan.jpg\" alt=\"\" class=\"wp-image-39950\" srcset=\"https:\/\/syndicom.ch\/app\/uploads\/2025\/06\/syndicat-syndicom-congres25-slogan.jpg 625w, https:\/\/syndicom.ch\/app\/uploads\/2025\/06\/syndicat-syndicom-congres25-slogan-246x300.jpg 246w\" sizes=\"auto, (max-width: 625px) 100vw, 625px\" \/><\/figure>\n<\/div>\n<\/div>\n<\/div>\n<\/div>\n\n\n\n<div class=\"wp-block-group alignfull has-background-background-color has-background is-layout-constrained wp-block-group-is-layout-constrained\">\n<div class=\"wp-block-group is-style-narrow is-layout-constrained wp-block-group-is-layout-constrained\">\n<div class=\"wp-block-columns intro-ctas is-layout-flex wp-container-core-columns-is-layout-9d6595d7 wp-block-columns-is-layout-flex\">\n<div class=\"wp-block-column is-layout-flow wp-block-column-is-layout-flow\">\n<figure class=\"wp-block-image aligncenter size-full intro-icon\"><a href=\"#Infos\"><img loading=\"lazy\" decoding=\"async\" width=\"500\" height=\"500\" src=\"https:\/\/syndicom.ch\/app\/uploads\/2025\/06\/gewerkschaft-syndicom-icon-medienmitteilung.png\" alt=\"\" class=\"wp-image-39688\" srcset=\"https:\/\/syndicom.ch\/app\/uploads\/2025\/06\/gewerkschaft-syndicom-icon-medienmitteilung.png 500w, https:\/\/syndicom.ch\/app\/uploads\/2025\/06\/gewerkschaft-syndicom-icon-medienmitteilung-300x300.png 300w, https:\/\/syndicom.ch\/app\/uploads\/2025\/06\/gewerkschaft-syndicom-icon-medienmitteilung-150x150.png 150w\" sizes=\"auto, (max-width: 500px) 100vw, 500px\" \/><\/a><\/figure>\n\n\n\n<div class=\"wp-block-buttons is-content-justification-center is-layout-flex wp-container-core-buttons-is-layout-16018d1d wp-block-buttons-is-layout-flex\">\n<div class=\"wp-block-button is-style-outline is-style-outline--1\"><a class=\"wp-block-button__link has-primary-color has-foreground-background-color has-text-color has-background has-link-color wp-element-button\" href=\"#Infos\">Infos<\/a><\/div>\n<\/div>\n<\/div>\n\n\n\n<div class=\"wp-block-column is-layout-flow wp-block-column-is-layout-flow\">\n<figure class=\"wp-block-image aligncenter size-full intro-icon\"><a href=\"#Downloads\"><img loading=\"lazy\" decoding=\"async\" width=\"500\" height=\"500\" src=\"https:\/\/syndicom.ch\/app\/uploads\/2025\/06\/gewerkschaft-syndicom-icon-download.png\" alt=\"\" class=\"wp-image-39692\" srcset=\"https:\/\/syndicom.ch\/app\/uploads\/2025\/06\/gewerkschaft-syndicom-icon-download.png 500w, https:\/\/syndicom.ch\/app\/uploads\/2025\/06\/gewerkschaft-syndicom-icon-download-300x300.png 300w, https:\/\/syndicom.ch\/app\/uploads\/2025\/06\/gewerkschaft-syndicom-icon-download-150x150.png 150w\" sizes=\"auto, (max-width: 500px) 100vw, 500px\" \/><\/a><\/figure>\n\n\n\n<div class=\"wp-block-buttons is-content-justification-center is-layout-flex wp-container-core-buttons-is-layout-16018d1d wp-block-buttons-is-layout-flex\">\n<div class=\"wp-block-button is-style-outline is-style-outline--2\"><a class=\"wp-block-button__link has-primary-color has-text-color has-link-color has-text-align-center wp-element-button\" href=\"#Downloads\"><strong><strong>T\u00e9l\u00e9&shy;chargements<\/strong><\/strong><\/a><\/div>\n<\/div>\n<\/div>\n\n\n\n<div class=\"wp-block-column is-layout-flow wp-block-column-is-layout-flow\">\n<figure class=\"wp-block-image aligncenter size-full intro-icon\"><a href=\"#Photos\"><img loading=\"lazy\" decoding=\"async\" width=\"500\" height=\"500\" src=\"https:\/\/syndicom.ch\/app\/uploads\/2025\/06\/gewerkschaft-syndicom-icon-fotogalerie.png\" alt=\"\" class=\"wp-image-39697\" srcset=\"https:\/\/syndicom.ch\/app\/uploads\/2025\/06\/gewerkschaft-syndicom-icon-fotogalerie.png 500w, https:\/\/syndicom.ch\/app\/uploads\/2025\/06\/gewerkschaft-syndicom-icon-fotogalerie-300x300.png 300w, https:\/\/syndicom.ch\/app\/uploads\/2025\/06\/gewerkschaft-syndicom-icon-fotogalerie-150x150.png 150w\" sizes=\"auto, (max-width: 500px) 100vw, 500px\" \/><\/a><\/figure>\n\n\n\n<div class=\"wp-block-buttons is-content-justification-center is-layout-flex wp-container-core-buttons-is-layout-16018d1d wp-block-buttons-is-layout-flex\">\n<div class=\"wp-block-button is-style-outline is-style-outline--3\"><a class=\"wp-block-button__link has-primary-color has-text-color has-link-color has-text-align-center wp-element-button\" href=\"#Photos\">Photos &amp; Vid\u00e9os<\/a><\/div>\n<\/div>\n<\/div>\n<\/div>\n<\/div>\n<\/div>\n\n\n\n<div class=\"wp-block-group alignfull has-background-background-color has-background is-layout-constrained wp-block-group-is-layout-constrained\">\n<div class=\"wp-block-group is-style-narrow is-layout-constrained wp-block-group-is-layout-constrained\">\n<h2 class=\"wp-block-heading\" id=\"Infos\">Infos<\/h2>\n\n\n\n<p><strong>L&rsquo;union fait la force \u2013 pour nos droits et pour l&rsquo;avenir ! 176 d\u00e9l\u00e9gu\u00e9-es se sont r\u00e9uni-es les 20 et 21 juin \u00e0 Baden pour le 5e congr\u00e8s de syndicom. Les nouveaux statuts adopt\u00e9s renforcent le syndicat et sa mission au service de ses membres.<\/strong><\/p>\n\n\n\n<p>Les d\u00e9l\u00e9gu\u00e9-es ont notamment \u00e9lu les membres de la direction, dont le pr\u00e9sident Matteo Antonini et la vice-pr\u00e9sidente Stephanie Vonarburg. Avec l&rsquo;\u00e9lection de Teresa Dos Santos Lima-Matteo et Brigitte Reinhard, les femmes sont d\u00e9sormais majoritaires \u00e0 la t\u00eate du syndicat. Le comit\u00e9 central, largement repr\u00e9sentatif, a \u00e9galement \u00e9t\u00e9 \u00e9lu.<\/p>\n\n\n\n<p>Le service public et les revendications des branches des technologies de l&rsquo;information et de la communication, de la logistique et des m\u00e9dias sont au centre du travail syndical de syndicom. L&rsquo;intelligence artificielle change le monde et il est indispensable que nous puissions n\u00e9gocier nos conditions de travail dans toutes les branches avec nos partenaires sociaux. Pour cela, nous avons besoin de r\u00e9ponses claires \u00e0 nos revendications pour un service public fort et durable. Le conseiller f\u00e9d\u00e9ral Albert R\u00f6sti a assist\u00e9 au congr\u00e8s samedi et a \u00e9t\u00e9 confront\u00e9 aux questions et aux attentes des membres de syndicom. Il a r\u00e9affirm\u00e9 sa conviction quant \u00e0 l&rsquo;importance du service public, mais n&rsquo;a pas r\u00e9pondu \u00e0 la question de savoir comment il entendait mettre un terme au d\u00e9mant\u00e8lement. Les d\u00e9l\u00e9gu\u00e9-es lui ont remis une r\u00e9solution d\u00e9taill\u00e9e ainsi que les revendications concr\u00e8tes du syndicat.<\/p>\n\n\n\n<div style=\"height:100px\" aria-hidden=\"true\" class=\"wp-block-spacer\"><\/div>\n\n\n\n<div class=\"wp-block-columns has-foreground-color has-text-color has-link-color wp-elements-b08ab975d3222111c7ff61089c825453 is-layout-flex wp-container-core-columns-is-layout-9d6595d7 wp-block-columns-is-layout-flex\">\n<div class=\"wp-block-column is-layout-flow wp-block-column-is-layout-flow\" style=\"flex-basis:33.33%\">\n<figure class=\"wp-block-image size-full\"><img loading=\"lazy\" decoding=\"async\" width=\"2560\" height=\"1707\" src=\"https:\/\/syndicom.ch\/app\/uploads\/2025\/06\/gewerkschaft-syndicom-kongress25-maillard-scaled.jpg\" alt=\"Gewerkschaft syndicom Kongress 2025 Baden\" class=\"wp-image-40440\" srcset=\"https:\/\/syndicom.ch\/app\/uploads\/2025\/06\/gewerkschaft-syndicom-kongress25-maillard-scaled.jpg 2560w, https:\/\/syndicom.ch\/app\/uploads\/2025\/06\/gewerkschaft-syndicom-kongress25-maillard-300x200.jpg 300w, https:\/\/syndicom.ch\/app\/uploads\/2025\/06\/gewerkschaft-syndicom-kongress25-maillard-1024x683.jpg 1024w, https:\/\/syndicom.ch\/app\/uploads\/2025\/06\/gewerkschaft-syndicom-kongress25-maillard-768x512.jpg 768w, https:\/\/syndicom.ch\/app\/uploads\/2025\/06\/gewerkschaft-syndicom-kongress25-maillard-1536x1024.jpg 1536w, https:\/\/syndicom.ch\/app\/uploads\/2025\/06\/gewerkschaft-syndicom-kongress25-maillard-2048x1365.jpg 2048w\" sizes=\"auto, (max-width: 2560px) 100vw, 2560px\" \/><figcaption class=\"wp-element-caption\">Pierre-Yves Maillard \u00a9Frantisek Matous<\/figcaption><\/figure>\n<\/div>\n\n\n\n<div class=\"wp-block-column is-layout-flow wp-block-column-is-layout-flow\" style=\"flex-basis:66.66%\">\n<p><strong>Pierre-Yves Maillard<\/strong><br>Pr\u00e9sident de l\u2019USS<\/p>\n\n\n\n<p class=\"has-foreground-color has-text-color has-link-color wp-elements-0d6c21cf224d1aa5b6149845e43e9af4\">\u00ab\u2009La victoire avec les rentes AVS montre que le monde syndical peut gagner dans ce pays. Coll\u00e8gues, votre engagement est essentiel\u2009!\u2009\u00bb<\/p>\n<\/div>\n<\/div>\n\n\n\n<div class=\"wp-block-columns has-foreground-color has-text-color has-link-color wp-elements-3e60ca342578194aef3e5e9b4945f9a0 is-layout-flex wp-container-core-columns-is-layout-9d6595d7 wp-block-columns-is-layout-flex\">\n<div class=\"wp-block-column is-layout-flow wp-block-column-is-layout-flow\" style=\"flex-basis:33.33%\">\n<figure class=\"wp-block-image size-full\"><img loading=\"lazy\" decoding=\"async\" width=\"2560\" height=\"1708\" src=\"https:\/\/syndicom.ch\/app\/uploads\/2025\/06\/gewerkschaft-syndicom-kongress25-silvia-dellAquila-scaled.jpg\" alt=\"\" class=\"wp-image-40556\" srcset=\"https:\/\/syndicom.ch\/app\/uploads\/2025\/06\/gewerkschaft-syndicom-kongress25-silvia-dellAquila-scaled.jpg 2560w, https:\/\/syndicom.ch\/app\/uploads\/2025\/06\/gewerkschaft-syndicom-kongress25-silvia-dellAquila-300x200.jpg 300w, https:\/\/syndicom.ch\/app\/uploads\/2025\/06\/gewerkschaft-syndicom-kongress25-silvia-dellAquila-1024x683.jpg 1024w, https:\/\/syndicom.ch\/app\/uploads\/2025\/06\/gewerkschaft-syndicom-kongress25-silvia-dellAquila-768x512.jpg 768w, https:\/\/syndicom.ch\/app\/uploads\/2025\/06\/gewerkschaft-syndicom-kongress25-silvia-dellAquila-1536x1025.jpg 1536w, https:\/\/syndicom.ch\/app\/uploads\/2025\/06\/gewerkschaft-syndicom-kongress25-silvia-dellAquila-2048x1366.jpg 2048w\" sizes=\"auto, (max-width: 2560px) 100vw, 2560px\" \/><figcaption class=\"wp-element-caption\">Silvia Dell\u2019Aquila \u00a9Frantisek Matous<\/figcaption><\/figure>\n<\/div>\n\n\n\n<div class=\"wp-block-column is-layout-flow wp-block-column-is-layout-flow\" style=\"flex-basis:66.66%\">\n<p><strong>Silvia Dell\u2019Aquila<\/strong><br>Pr\u00e9sidente de l\u2019Union syndicale argovienne<\/p>\n\n\n\n<p class=\"has-foreground-color has-text-color has-link-color wp-elements-98e7730aaff58094e7d0b38182a906c8\">\u00ab Le travail syndical dans un canton argovien \u00e0 majorit\u00e9 bourgeoise n\u2019est pas facile, malgr\u00e9 notre longue tradition industrielle. Mais le mouvement n\u2019a jamais baiss\u00e9 les bras\u2009: nous luttons encore plus fort en faveur des travailleur-euses\u2009!\u2009\u00bb<\/p>\n<\/div>\n<\/div>\n\n\n\n<div class=\"wp-block-columns is-layout-flex wp-container-core-columns-is-layout-9d6595d7 wp-block-columns-is-layout-flex\">\n<div class=\"wp-block-column is-layout-flow wp-block-column-is-layout-flow\">\n<h3 class=\"wp-block-heading\"><strong>Pour un service public fort et tourn\u00e9 vers l\u2019avenir !<\/strong><\/h3>\n\n\n\n<figure class=\"wp-block-image aligncenter size-large\"><img loading=\"lazy\" decoding=\"async\" width=\"1024\" height=\"683\" src=\"https:\/\/syndicom.ch\/app\/uploads\/2025\/06\/gewerkschaft-syndicom-kongress25-br-roesti-petition-1024x683.jpg\" alt=\"\" class=\"wp-image-40509\" srcset=\"https:\/\/syndicom.ch\/app\/uploads\/2025\/06\/gewerkschaft-syndicom-kongress25-br-roesti-petition-1024x683.jpg 1024w, https:\/\/syndicom.ch\/app\/uploads\/2025\/06\/gewerkschaft-syndicom-kongress25-br-roesti-petition-300x200.jpg 300w, https:\/\/syndicom.ch\/app\/uploads\/2025\/06\/gewerkschaft-syndicom-kongress25-br-roesti-petition-768x512.jpg 768w, https:\/\/syndicom.ch\/app\/uploads\/2025\/06\/gewerkschaft-syndicom-kongress25-br-roesti-petition-1536x1025.jpg 1536w, https:\/\/syndicom.ch\/app\/uploads\/2025\/06\/gewerkschaft-syndicom-kongress25-br-roesti-petition.jpg 1920w\" sizes=\"auto, (max-width: 1024px) 100vw, 1024px\" \/><figcaption class=\"wp-element-caption\">\u00a9Marcel L\u00fcthy<\/figcaption><\/figure>\n\n\n\n<p>Nous remettons au conseiller f\u00e9d\u00e9ral Albert R\u00f6sti notre <a href=\"https:\/\/syndicom.ch\/app\/uploads\/2025\/06\/syndicat-syndicom-congres-2025-resolution-servicepublic.pdf\" target=\"_blank\" rel=\"noreferrer noopener\">r\u00e9solution \u00ab Pour un service public fort et tourn\u00e9 vers l\u2019avenir ! \u00bb<\/a>.<\/p>\n\n\n\n<p><strong>Stephanie Vonaburg<\/strong>, vice-pr\u00e9sidente de syndicom et responsable du secteur M\u00e9dias: \u00ab\u2009Nous sommes d\u2019accord sur l\u2019importance du service public. Mais ce sont dans les d\u00e9tails que se cache l\u2019essentiel. Nous vous remettons notre r\u00e9solution, avec nos propositions concr\u00e8tes et pistes d\u2019action, et vous demandons de la prendre au s\u00e9rieux.\u2009\u00bb<\/p>\n\n\n\n<p><strong>Albert R\u00f6sti<\/strong>, Conseiller f\u00e9d\u00e9ral\u2009: \u00ab\u2009Je suis tr\u00e8s conscient de mes responsabilit\u00e9s pour tout ce qui touche le service comme bien commun des citoyen-nes. Je suis constamment \u00e0 la recherche de la solution optimale, qui serve toutes et tous mais qui soit \u00e9conomiquement. O\u00f9 pouvons-nous r\u00e9duire les co\u00fbts qui sont \u00e9lev\u00e9s, sans r\u00e9duire le service\u2009? Je ne suis pas forc\u00e9ment un lib\u00e9ral absolu.\u2009\u00bb<\/p>\n<\/div>\n<\/div>\n\n\n\n<h3 class=\"wp-block-heading\"><strong>Les nouvelles personnes \u00e9lues au comit\u00e9 directeur sont :<\/strong><\/h3>\n\n\n\n<div class=\"wp-block-columns has-primary-background-color has-background is-layout-flex wp-container-core-columns-is-layout-9d6595d7 wp-block-columns-is-layout-flex\">\n<div class=\"wp-block-column is-layout-flow wp-block-column-is-layout-flow\" style=\"flex-basis:33.33%\">\n<figure class=\"wp-block-image aligncenter size-full\"><a href=\"https:\/\/syndicom.ch\/app\/uploads\/2024\/08\/gewerkschaft-syndicom-teresa-dos-santos-lima-matteo.jpg\" target=\"_blank\" rel=\" noreferrer noopener\"><img loading=\"lazy\" decoding=\"async\" width=\"500\" height=\"500\" src=\"https:\/\/syndicom.ch\/app\/uploads\/2025\/06\/gewerkschaft-syndicom-teresa-dos-santos-lima-matteo-umrandet.png\" alt=\"\" class=\"wp-image-40533\" srcset=\"https:\/\/syndicom.ch\/app\/uploads\/2025\/06\/gewerkschaft-syndicom-teresa-dos-santos-lima-matteo-umrandet.png 500w, https:\/\/syndicom.ch\/app\/uploads\/2025\/06\/gewerkschaft-syndicom-teresa-dos-santos-lima-matteo-umrandet-300x300.png 300w, https:\/\/syndicom.ch\/app\/uploads\/2025\/06\/gewerkschaft-syndicom-teresa-dos-santos-lima-matteo-umrandet-150x150.png 150w\" sizes=\"auto, (max-width: 500px) 100vw, 500px\" \/><\/a><\/figure>\n<\/div>\n\n\n\n<div class=\"wp-block-column is-layout-flow wp-block-column-is-layout-flow\" style=\"flex-basis:66.66%\">\n<p class=\"has-background-color has-text-color has-link-color wp-elements-8334907bd7ed18fa19e2a87b3e3794cd\"><strong>Teresa Dos Santos Lima-Matteo<\/strong><\/p>\n\n\n\n<p class=\"has-background-color has-text-color has-link-color wp-elements-c67f922204c1fe384237c3c2bc42a60d\">\u00ab Ensemble avec mon \u00e9quipe motiv\u00e9e, je m\u2019engage avec d\u00e9termination pour am\u00e9liorer et d\u00e9velopper constamment les conditions de travail ainsi que les droits et la protection des travailleuses et travailleurs de la branche TIC en pleine mutation. \u00bb<\/p>\n<\/div>\n<\/div>\n\n\n\n<div class=\"wp-block-columns is-style-default has-background-color has-primary-background-color has-text-color has-background has-link-color wp-elements-caa9eba95ffba19ebb2b66652e4f2add is-layout-flex wp-container-core-columns-is-layout-9d6595d7 wp-block-columns-is-layout-flex\">\n<div class=\"wp-block-column is-layout-flow wp-block-column-is-layout-flow\" style=\"flex-basis:33.33%\">\n<figure class=\"wp-block-image aligncenter size-full\"><a href=\"https:\/\/syndicom.ch\/app\/uploads\/2025\/06\/gewerkschaft-syndicom-brigitte-reinhard.jpg\" target=\"_blank\" rel=\" noreferrer noopener\"><img loading=\"lazy\" decoding=\"async\" width=\"500\" height=\"500\" src=\"https:\/\/syndicom.ch\/app\/uploads\/2025\/06\/gewerkschaft-syndicom-brigitte-reinhard-umrandet.png\" alt=\"\" class=\"wp-image-40568\" srcset=\"https:\/\/syndicom.ch\/app\/uploads\/2025\/06\/gewerkschaft-syndicom-brigitte-reinhard-umrandet.png 500w, https:\/\/syndicom.ch\/app\/uploads\/2025\/06\/gewerkschaft-syndicom-brigitte-reinhard-umrandet-300x300.png 300w, https:\/\/syndicom.ch\/app\/uploads\/2025\/06\/gewerkschaft-syndicom-brigitte-reinhard-umrandet-150x150.png 150w\" sizes=\"auto, (max-width: 500px) 100vw, 500px\" \/><\/a><\/figure>\n<\/div>\n\n\n\n<div class=\"wp-block-column is-layout-flow wp-block-column-is-layout-flow\" style=\"flex-basis:66.66%\">\n<p><strong>Brigitte Reinhard<\/strong><\/p>\n\n\n\n<p>\u00ab En tant qu\u2019\u00e9conomiste d\u2019entreprise, mon objectif est d\u2019utiliser les ressources du syndicat de mani\u00e8re responsable afin que nous puissions obtenir des am\u00e9liorations concr\u00e8tes pour nos membres, aussi en cette p\u00e9riode mouvement\u00e9e. Car l\u00e0 o\u00f9 d\u2019autres ne voient que des difficult\u00e9s, il y a souvent de nouvelles possibilit\u00e9s \u2013 comme Einstein l\u2019a justement dit. \u00bb<\/p>\n<\/div>\n<\/div>\n\n\n\n<p><\/p>\n<\/div>\n<\/div>\n\n\n\n<div class=\"wp-block-group alignfull has-background-background-color has-background is-layout-constrained wp-block-group-is-layout-constrained\">\n<div class=\"wp-block-group is-style-narrow is-layout-constrained wp-block-group-is-layout-constrained\">\n<h2 class=\"wp-block-heading has-text-align-left\" id=\"Downloads\"><strong><strong>T\u00e9l\u00e9&shy;chargements<\/strong><\/strong><\/h2>\n\n\n\n<div class=\"wp-block-buttons is-layout-flex wp-block-buttons-is-layout-flex\">\n<div class=\"wp-block-button is-style-external\"><a class=\"wp-block-button__link wp-element-button\" href=\"https:\/\/syndicom.ch\/app\/uploads\/2025\/06\/syndicat-syndicom-comptes-annuels-2024.pdf\" target=\"_blank\" rel=\"noreferrer noopener\">Comptes annuels 2024 unis <br>de l&rsquo;association syndicom et du fonds de secours<\/a><\/div>\n<\/div>\n\n\n\n<hr class=\"wp-block-separator has-text-color has-primary-color has-alpha-channel-opacity has-primary-background-color has-background is-style-wide\"\/>\n\n\n\n<div class=\"wp-block-buttons is-layout-flex wp-block-buttons-is-layout-flex\">\n<div class=\"wp-block-button is-style-external\"><a class=\"wp-block-button__link wp-element-button\" href=\"https:\/\/syndicom.ch\/app\/uploads\/2025\/05\/syndicat-syndicom-congres-2025-rapports-d\u2018activite.pdf\" target=\"_blank\" rel=\"noreferrer noopener\">Rapport annuel \/ Rapports d&rsquo;activit\u00e9<\/a><\/div>\n<\/div>\n\n\n\n<hr class=\"wp-block-separator has-text-color has-primary-color has-alpha-channel-opacity has-primary-background-color has-background is-style-wide\"\/>\n\n\n\n<div class=\"wp-block-buttons is-layout-flex wp-block-buttons-is-layout-flex\">\n<div class=\"wp-block-button is-style-external\"><a class=\"wp-block-button__link wp-element-button\" href=\"https:\/\/syndicom.ch\/app\/uploads\/2025\/07\/gewerkschaft-syndicom-kongress25-beschluesse.pdf\" target=\"_blank\" rel=\"noreferrer noopener\">D\u00e9cisions du congr\u00e8s<\/a><\/div>\n<\/div>\n\n\n\n<h3 class=\"wp-block-heading\"><strong>R\u00e9solutions adopt\u00e9es<\/strong><\/h3>\n\n\n\n<div class=\"wp-block-buttons is-layout-flex wp-block-buttons-is-layout-flex\">\n<div class=\"wp-block-button is-style-external\"><a class=\"wp-block-button__link wp-element-button\" href=\"https:\/\/syndicom.ch\/app\/uploads\/2025\/06\/syndicat-syndicom-congres-2025-resolution-servicepublic.pdf\" target=\"_blank\" rel=\"noreferrer noopener\">Pour un service public fort et tourn\u00e9 vers l\u2019avenir !<\/a><\/div>\n<\/div>\n\n\n\n<hr class=\"wp-block-separator has-text-color has-primary-color has-alpha-channel-opacity has-primary-background-color has-background is-style-wide\"\/>\n\n\n\n<div class=\"wp-block-buttons is-layout-flex wp-block-buttons-is-layout-flex\">\n<div class=\"wp-block-button is-style-external\"><a class=\"wp-block-button__link wp-element-button\" href=\"https:\/\/syndicom.ch\/app\/uploads\/2025\/06\/syndicat-syndicom-congres-2025-resolution-service-public.pdf\" target=\"_blank\" rel=\"noreferrer noopener\">Exploiter les opportunit\u00e9s pour les retrait\u00e9s dans la transformation num\u00e9rique du service public<\/a><\/div>\n<\/div>\n\n\n\n<hr class=\"wp-block-separator has-text-color has-primary-color has-alpha-channel-opacity has-primary-background-color has-background is-style-wide\"\/>\n\n\n\n<div class=\"wp-block-buttons is-layout-flex wp-block-buttons-is-layout-flex\">\n<div class=\"wp-block-button is-style-external\"><a class=\"wp-block-button__link wp-element-button\" href=\"https:\/\/syndicom.ch\/app\/uploads\/2025\/06\/syndicat-syndicom-congres-2025-resolution-regulation-ia.pdf\" target=\"_blank\" rel=\"noreferrer noopener\">Renforcer les droits de participation des travailleurs-euses! R\u00e9guler en Suisse l\u2019IA avec une obligation de rendre compte<\/a><\/div>\n<\/div>\n\n\n\n<hr class=\"wp-block-separator has-text-color has-primary-color has-alpha-channel-opacity has-primary-background-color has-background is-style-wide\"\/>\n\n\n\n<div class=\"wp-block-buttons is-layout-flex wp-block-buttons-is-layout-flex\">\n<div class=\"wp-block-button is-style-external\"><a class=\"wp-block-button__link wp-element-button\" href=\"https:\/\/syndicom.ch\/app\/uploads\/2025\/06\/syndicat-syndicom-congres-2025-resolution-politique-medias.pdf\" target=\"_blank\" rel=\"noreferrer noopener\">Pour une nouvelle politique des m\u00e9dias<\/a><\/div>\n<\/div>\n\n\n\n<hr class=\"wp-block-separator has-text-color has-primary-color has-alpha-channel-opacity has-primary-background-color has-background is-style-wide\"\/>\n\n\n\n<div class=\"wp-block-buttons is-layout-flex wp-block-buttons-is-layout-flex\">\n<div class=\"wp-block-button is-style-external\"><a class=\"wp-block-button__link wp-element-button\" href=\"https:\/\/syndicom.ch\/app\/uploads\/2025\/06\/syndicat-syndicom-congres-2025-resolution-ia.pdf\" target=\"_blank\" rel=\"noreferrer noopener\">syndicom d\u00e9fend les int\u00e9r\u00eats de ses membres face aux fournisseurs de mod\u00e8les d&rsquo;IA<\/a><\/div>\n<\/div>\n\n\n\n<hr class=\"wp-block-separator has-text-color has-primary-color has-alpha-channel-opacity has-primary-background-color has-background is-style-wide\"\/>\n\n\n\n<div class=\"wp-block-buttons is-layout-flex wp-block-buttons-is-layout-flex\">\n<div class=\"wp-block-button is-style-external\"><a class=\"wp-block-button__link wp-element-button\" href=\"https:\/\/syndicom.ch\/app\/uploads\/2025\/06\/syndicat-syndicom-congres-2025-resolutions-femmes-guerre.pdf\" target=\"_blank\" rel=\"noreferrer noopener\">Solidarit\u00e9 avec les femmes et les filles dans les r\u00e9gions en guerre !<\/a><\/div>\n<\/div>\n\n\n\n<hr class=\"wp-block-separator has-text-color has-primary-color has-alpha-channel-opacity has-primary-background-color has-background is-style-wide\"\/>\n\n\n\n<div class=\"wp-block-buttons is-layout-flex wp-block-buttons-is-layout-flex\">\n<div class=\"wp-block-button is-style-external\"><a class=\"wp-block-button__link wp-element-button\" href=\"https:\/\/syndicom.ch\/app\/uploads\/2025\/06\/gewerkschaft-syndicom-kongress-2025-resolution-lohngleichheit.pdf\" target=\"_blank\" rel=\"noreferrer noopener\">Il est temps d\u2018instaurer l&rsquo;\u00e9galit\u00e9 salariale. Stop aux diff\u00e9rences de salaire !<\/a><\/div>\n<\/div>\n\n\n\n<hr class=\"wp-block-separator has-text-color has-primary-color has-alpha-channel-opacity has-primary-background-color has-background is-style-wide\"\/>\n\n\n\n<div class=\"wp-block-buttons is-layout-flex wp-block-buttons-is-layout-flex\">\n<div class=\"wp-block-button is-style-external\"><a class=\"wp-block-button__link wp-element-button\" href=\"https:\/\/syndicom.ch\/app\/uploads\/2025\/06\/syndicat-syndicom-congres-2025-resolutions-souverainete-numerique.pdf\" target=\"_blank\" rel=\"noreferrer noopener\">Souverainet\u00e9 num\u00e9rique de la Suisse<\/a><\/div>\n<\/div>\n\n\n\n<hr class=\"wp-block-separator has-text-color has-primary-color has-alpha-channel-opacity has-primary-background-color has-background is-style-wide\"\/>\n\n\n\n<div class=\"wp-block-buttons is-layout-flex wp-block-buttons-is-layout-flex\">\n<div class=\"wp-block-button is-style-external\"><a class=\"wp-block-button__link wp-element-button\" href=\"https:\/\/syndicom.ch\/app\/uploads\/2025\/06\/syndicat-syndicom-congres-2025-resolution-gaza-cd.pdf\" target=\"_blank\" rel=\"noreferrer noopener\"><strong>Solidarit\u00e9 avec Gaza \u2013 Le Conseil f\u00e9d\u00e9ral suisse doit enfin agir<\/strong><\/a><\/div>\n<\/div>\n\n\n\n<hr class=\"wp-block-separator has-text-color has-primary-color has-alpha-channel-opacity has-primary-background-color has-background is-style-wide\"\/>\n<\/div>\n<\/div>\n\n\n\n<div class=\"wp-block-group alignfull has-background-background-color has-background is-layout-constrained wp-block-group-is-layout-constrained\">\n<div class=\"wp-block-group is-style-narrow is-layout-constrained wp-block-group-is-layout-constrained\">\n<h2 class=\"wp-block-heading has-text-align-left\" id=\"Photos\">Photos &amp; Vid\u00e9os<\/h2>\n\n\n\n<div class=\"wp-block-columns has-primary-background-color has-background is-layout-flex wp-container-core-columns-is-layout-9d6595d7 wp-block-columns-is-layout-flex\">\n<div class=\"wp-block-column is-layout-flow wp-block-column-is-layout-flow\">\n<h3 class=\"wp-block-heading has-background-color has-text-color has-link-color wp-elements-ac5aa9905e6734b0948bf5f5cc44da28\"><strong>Revue en vid\u00e9o des 4 derni\u00e8res ann\u00e9es<\/strong>:<\/h3>\n\n\n\n<figure class=\"wp-block-video\"><video height=\"720\" style=\"aspect-ratio: 1280 \/ 720;\" width=\"1280\" controls src=\"https:\/\/syndicom.ch\/app\/uploads\/2025\/06\/gewerkschaft-syndicom-videorueckblick-2025.mp4\"><\/video><\/figure>\n<\/div>\n<\/div>\n\n\n\n<div class=\"wp-block-buttons is-content-justification-center is-layout-flex wp-container-core-buttons-is-layout-16018d1d wp-block-buttons-is-layout-flex\">\n<div class=\"wp-block-button is-style-outline is-style-outline--4\"><a class=\"wp-block-button__link has-primary-color has-primary-background-color has-text-color has-background has-link-color has-text-align-center wp-element-button\" href=\"https:\/\/www.instagram.com\/stories\/highlights\/18070005850826365\/\" target=\"_blank\" rel=\"noreferrer noopener\">plus de photos sur Instagram<\/a><\/div>\n<\/div>\n\n\n\n<p><\/p>\n\n\n\n<figure class=\"wp-block-gallery has-nested-images columns-3 is-style-default wp-block-gallery-5 is-layout-flex wp-block-gallery-is-layout-flex\">\n<figure data-wp-context=\"{&quot;imageId&quot;:&quot;69f5792cc6834&quot;}\" data-wp-interactive=\"core\/image\" data-wp-key=\"69f5792cc6834\" class=\"wp-block-image size-full has-lightbox wp-lightbox-container\"><img loading=\"lazy\" decoding=\"async\" width=\"2560\" height=\"1707\" data-wp-class--hide=\"state.isContentHidden\" data-wp-class--show=\"state.isContentVisible\" data-wp-init=\"callbacks.setButtonStyles\" data-wp-on--click=\"actions.showLightbox\" data-wp-on--load=\"callbacks.setButtonStyles\" data-wp-on-window--resize=\"callbacks.setButtonStyles\" data-id=\"40452\" src=\"https:\/\/syndicom.ch\/app\/uploads\/2025\/06\/gewerkschaft-syndicom-kongress25-matteoantonini-video-scaled.jpg\" alt=\"Gewerkschaft syndicom Kongress 2025 Baden, Video\u00fcbertragung von Matteo Antonini Pr\u00e4sident\" class=\"wp-image-40452\" srcset=\"https:\/\/syndicom.ch\/app\/uploads\/2025\/06\/gewerkschaft-syndicom-kongress25-matteoantonini-video-scaled.jpg 2560w, https:\/\/syndicom.ch\/app\/uploads\/2025\/06\/gewerkschaft-syndicom-kongress25-matteoantonini-video-300x200.jpg 300w, https:\/\/syndicom.ch\/app\/uploads\/2025\/06\/gewerkschaft-syndicom-kongress25-matteoantonini-video-1024x683.jpg 1024w, https:\/\/syndicom.ch\/app\/uploads\/2025\/06\/gewerkschaft-syndicom-kongress25-matteoantonini-video-768x512.jpg 768w, https:\/\/syndicom.ch\/app\/uploads\/2025\/06\/gewerkschaft-syndicom-kongress25-matteoantonini-video-1536x1024.jpg 1536w, https:\/\/syndicom.ch\/app\/uploads\/2025\/06\/gewerkschaft-syndicom-kongress25-matteoantonini-video-2048x1365.jpg 2048w\" sizes=\"auto, (max-width: 2560px) 100vw, 2560px\" \/><button\n\t\t\tclass=\"lightbox-trigger\"\n\t\t\ttype=\"button\"\n\t\t\taria-haspopup=\"dialog\"\n\t\t\taria-label=\"Agrandir\"\n\t\t\tdata-wp-init=\"callbacks.initTriggerButton\"\n\t\t\tdata-wp-on--click=\"actions.showLightbox\"\n\t\t\tdata-wp-style--right=\"state.imageButtonRight\"\n\t\t\tdata-wp-style--top=\"state.imageButtonTop\"\n\t\t>\n\t\t\t<svg xmlns=\"http:\/\/www.w3.org\/2000\/svg\" width=\"12\" height=\"12\" fill=\"none\" viewBox=\"0 0 12 12\">\n\t\t\t\t<path fill=\"#fff\" d=\"M2 0a2 2 0 0 0-2 2v2h1.5V2a.5.5 0 0 1 .5-.5h2V0H2Zm2 10.5H2a.5.5 0 0 1-.5-.5V8H0v2a2 2 0 0 0 2 2h2v-1.5ZM8 12v-1.5h2a.5.5 0 0 0 .5-.5V8H12v2a2 2 0 0 1-2 2H8Zm2-12a2 2 0 0 1 2 2v2h-1.5V2a.5.5 0 0 0-.5-.5H8V0h2Z\" \/>\n\t\t\t<\/svg>\n\t\t<\/button><figcaption class=\"wp-element-caption\">Matteo Antonini \u00a9Frantisek Matous<\/figcaption><\/figure>\n\n\n\n<figure data-wp-context=\"{&quot;imageId&quot;:&quot;69f5792cc6b5c&quot;}\" data-wp-interactive=\"core\/image\" data-wp-key=\"69f5792cc6b5c\" class=\"wp-block-image size-full has-lightbox wp-lightbox-container\"><img loading=\"lazy\" decoding=\"async\" width=\"2560\" height=\"1708\" data-wp-class--hide=\"state.isContentHidden\" data-wp-class--show=\"state.isContentVisible\" data-wp-init=\"callbacks.setButtonStyles\" data-wp-on--click=\"actions.showLightbox\" data-wp-on--load=\"callbacks.setButtonStyles\" data-wp-on-window--resize=\"callbacks.setButtonStyles\" data-id=\"40448\" src=\"https:\/\/syndicom.ch\/app\/uploads\/2025\/06\/gewerkschaft-syndicom-kongress25-dolmetscher-scaled.jpg\" alt=\"Gewerkschaft syndicom Kongress 2025 Baden\" class=\"wp-image-40448\" srcset=\"https:\/\/syndicom.ch\/app\/uploads\/2025\/06\/gewerkschaft-syndicom-kongress25-dolmetscher-scaled.jpg 2560w, https:\/\/syndicom.ch\/app\/uploads\/2025\/06\/gewerkschaft-syndicom-kongress25-dolmetscher-300x200.jpg 300w, https:\/\/syndicom.ch\/app\/uploads\/2025\/06\/gewerkschaft-syndicom-kongress25-dolmetscher-1024x683.jpg 1024w, https:\/\/syndicom.ch\/app\/uploads\/2025\/06\/gewerkschaft-syndicom-kongress25-dolmetscher-768x512.jpg 768w, https:\/\/syndicom.ch\/app\/uploads\/2025\/06\/gewerkschaft-syndicom-kongress25-dolmetscher-1536x1025.jpg 1536w, https:\/\/syndicom.ch\/app\/uploads\/2025\/06\/gewerkschaft-syndicom-kongress25-dolmetscher-2048x1366.jpg 2048w\" sizes=\"auto, (max-width: 2560px) 100vw, 2560px\" \/><button\n\t\t\tclass=\"lightbox-trigger\"\n\t\t\ttype=\"button\"\n\t\t\taria-haspopup=\"dialog\"\n\t\t\taria-label=\"Agrandir\"\n\t\t\tdata-wp-init=\"callbacks.initTriggerButton\"\n\t\t\tdata-wp-on--click=\"actions.showLightbox\"\n\t\t\tdata-wp-style--right=\"state.imageButtonRight\"\n\t\t\tdata-wp-style--top=\"state.imageButtonTop\"\n\t\t>\n\t\t\t<svg xmlns=\"http:\/\/www.w3.org\/2000\/svg\" width=\"12\" height=\"12\" fill=\"none\" viewBox=\"0 0 12 12\">\n\t\t\t\t<path fill=\"#fff\" d=\"M2 0a2 2 0 0 0-2 2v2h1.5V2a.5.5 0 0 1 .5-.5h2V0H2Zm2 10.5H2a.5.5 0 0 1-.5-.5V8H0v2a2 2 0 0 0 2 2h2v-1.5ZM8 12v-1.5h2a.5.5 0 0 0 .5-.5V8H12v2a2 2 0 0 1-2 2H8Zm2-12a2 2 0 0 1 2 2v2h-1.5V2a.5.5 0 0 0-.5-.5H8V0h2Z\" \/>\n\t\t\t<\/svg>\n\t\t<\/button><figcaption class=\"wp-element-caption\">\u00a9Frantisek Matous<\/figcaption><\/figure>\n\n\n\n<figure data-wp-context=\"{&quot;imageId&quot;:&quot;69f5792cc6db9&quot;}\" data-wp-interactive=\"core\/image\" data-wp-key=\"69f5792cc6db9\" class=\"wp-block-image size-full has-lightbox wp-lightbox-container\"><img loading=\"lazy\" decoding=\"async\" width=\"2560\" height=\"1707\" data-wp-class--hide=\"state.isContentHidden\" data-wp-class--show=\"state.isContentVisible\" data-wp-init=\"callbacks.setButtonStyles\" data-wp-on--click=\"actions.showLightbox\" data-wp-on--load=\"callbacks.setButtonStyles\" data-wp-on-window--resize=\"callbacks.setButtonStyles\" data-id=\"40440\" src=\"https:\/\/syndicom.ch\/app\/uploads\/2025\/06\/gewerkschaft-syndicom-kongress25-maillard-scaled.jpg\" alt=\"Gewerkschaft syndicom Kongress 2025 Baden\" class=\"wp-image-40440\" srcset=\"https:\/\/syndicom.ch\/app\/uploads\/2025\/06\/gewerkschaft-syndicom-kongress25-maillard-scaled.jpg 2560w, https:\/\/syndicom.ch\/app\/uploads\/2025\/06\/gewerkschaft-syndicom-kongress25-maillard-300x200.jpg 300w, https:\/\/syndicom.ch\/app\/uploads\/2025\/06\/gewerkschaft-syndicom-kongress25-maillard-1024x683.jpg 1024w, https:\/\/syndicom.ch\/app\/uploads\/2025\/06\/gewerkschaft-syndicom-kongress25-maillard-768x512.jpg 768w, https:\/\/syndicom.ch\/app\/uploads\/2025\/06\/gewerkschaft-syndicom-kongress25-maillard-1536x1024.jpg 1536w, https:\/\/syndicom.ch\/app\/uploads\/2025\/06\/gewerkschaft-syndicom-kongress25-maillard-2048x1365.jpg 2048w\" sizes=\"auto, (max-width: 2560px) 100vw, 2560px\" \/><button\n\t\t\tclass=\"lightbox-trigger\"\n\t\t\ttype=\"button\"\n\t\t\taria-haspopup=\"dialog\"\n\t\t\taria-label=\"Agrandir\"\n\t\t\tdata-wp-init=\"callbacks.initTriggerButton\"\n\t\t\tdata-wp-on--click=\"actions.showLightbox\"\n\t\t\tdata-wp-style--right=\"state.imageButtonRight\"\n\t\t\tdata-wp-style--top=\"state.imageButtonTop\"\n\t\t>\n\t\t\t<svg xmlns=\"http:\/\/www.w3.org\/2000\/svg\" width=\"12\" height=\"12\" fill=\"none\" viewBox=\"0 0 12 12\">\n\t\t\t\t<path fill=\"#fff\" d=\"M2 0a2 2 0 0 0-2 2v2h1.5V2a.5.5 0 0 1 .5-.5h2V0H2Zm2 10.5H2a.5.5 0 0 1-.5-.5V8H0v2a2 2 0 0 0 2 2h2v-1.5ZM8 12v-1.5h2a.5.5 0 0 0 .5-.5V8H12v2a2 2 0 0 1-2 2H8Zm2-12a2 2 0 0 1 2 2v2h-1.5V2a.5.5 0 0 0-.5-.5H8V0h2Z\" \/>\n\t\t\t<\/svg>\n\t\t<\/button><figcaption class=\"wp-element-caption\">Pierre-Yves Maillard \u00a9Frantisek Matous<\/figcaption><\/figure>\n\n\n\n<figure data-wp-context=\"{&quot;imageId&quot;:&quot;69f5792cc70aa&quot;}\" data-wp-interactive=\"core\/image\" data-wp-key=\"69f5792cc70aa\" class=\"wp-block-image size-full has-lightbox wp-lightbox-container\"><img loading=\"lazy\" decoding=\"async\" width=\"2560\" height=\"1707\" data-wp-class--hide=\"state.isContentHidden\" data-wp-class--show=\"state.isContentVisible\" data-wp-init=\"callbacks.setButtonStyles\" data-wp-on--click=\"actions.showLightbox\" data-wp-on--load=\"callbacks.setButtonStyles\" data-wp-on-window--resize=\"callbacks.setButtonStyles\" data-id=\"40954\" src=\"https:\/\/syndicom.ch\/app\/uploads\/2025\/06\/gewerkschaft-syndicom-kongress25-abstimmung4-scaled.jpg\" alt=\"Gewerkschaft syndicom Kongress 2025 Baden, Abstimmung\" class=\"wp-image-40954\" srcset=\"https:\/\/syndicom.ch\/app\/uploads\/2025\/06\/gewerkschaft-syndicom-kongress25-abstimmung4-scaled.jpg 2560w, https:\/\/syndicom.ch\/app\/uploads\/2025\/06\/gewerkschaft-syndicom-kongress25-abstimmung4-300x200.jpg 300w, https:\/\/syndicom.ch\/app\/uploads\/2025\/06\/gewerkschaft-syndicom-kongress25-abstimmung4-1024x683.jpg 1024w, https:\/\/syndicom.ch\/app\/uploads\/2025\/06\/gewerkschaft-syndicom-kongress25-abstimmung4-768x512.jpg 768w, https:\/\/syndicom.ch\/app\/uploads\/2025\/06\/gewerkschaft-syndicom-kongress25-abstimmung4-1536x1024.jpg 1536w, https:\/\/syndicom.ch\/app\/uploads\/2025\/06\/gewerkschaft-syndicom-kongress25-abstimmung4-2048x1365.jpg 2048w\" sizes=\"auto, (max-width: 2560px) 100vw, 2560px\" \/><button\n\t\t\tclass=\"lightbox-trigger\"\n\t\t\ttype=\"button\"\n\t\t\taria-haspopup=\"dialog\"\n\t\t\taria-label=\"Agrandir\"\n\t\t\tdata-wp-init=\"callbacks.initTriggerButton\"\n\t\t\tdata-wp-on--click=\"actions.showLightbox\"\n\t\t\tdata-wp-style--right=\"state.imageButtonRight\"\n\t\t\tdata-wp-style--top=\"state.imageButtonTop\"\n\t\t>\n\t\t\t<svg xmlns=\"http:\/\/www.w3.org\/2000\/svg\" width=\"12\" height=\"12\" fill=\"none\" viewBox=\"0 0 12 12\">\n\t\t\t\t<path fill=\"#fff\" d=\"M2 0a2 2 0 0 0-2 2v2h1.5V2a.5.5 0 0 1 .5-.5h2V0H2Zm2 10.5H2a.5.5 0 0 1-.5-.5V8H0v2a2 2 0 0 0 2 2h2v-1.5ZM8 12v-1.5h2a.5.5 0 0 0 .5-.5V8H12v2a2 2 0 0 1-2 2H8Zm2-12a2 2 0 0 1 2 2v2h-1.5V2a.5.5 0 0 0-.5-.5H8V0h2Z\" \/>\n\t\t\t<\/svg>\n\t\t<\/button><figcaption class=\"wp-element-caption\">\u00a9Frantisek Matous<\/figcaption><\/figure>\n\n\n\n<figure data-wp-context=\"{&quot;imageId&quot;:&quot;69f5792cc738a&quot;}\" data-wp-interactive=\"core\/image\" data-wp-key=\"69f5792cc738a\" class=\"wp-block-image size-full has-lightbox wp-lightbox-container\"><img loading=\"lazy\" decoding=\"async\" width=\"1920\" height=\"1281\" data-wp-class--hide=\"state.isContentHidden\" data-wp-class--show=\"state.isContentVisible\" data-wp-init=\"callbacks.setButtonStyles\" data-wp-on--click=\"actions.showLightbox\" data-wp-on--load=\"callbacks.setButtonStyles\" data-wp-on-window--resize=\"callbacks.setButtonStyles\" data-id=\"40436\" src=\"https:\/\/syndicom.ch\/app\/uploads\/2025\/06\/gewerkschaft-syndicom-kongress25-leute3.jpg\" alt=\"Gewerkschaft syndicom Kongress 2025 Baden, Personen\" class=\"wp-image-40436\" srcset=\"https:\/\/syndicom.ch\/app\/uploads\/2025\/06\/gewerkschaft-syndicom-kongress25-leute3.jpg 1920w, https:\/\/syndicom.ch\/app\/uploads\/2025\/06\/gewerkschaft-syndicom-kongress25-leute3-300x200.jpg 300w, https:\/\/syndicom.ch\/app\/uploads\/2025\/06\/gewerkschaft-syndicom-kongress25-leute3-1024x683.jpg 1024w, https:\/\/syndicom.ch\/app\/uploads\/2025\/06\/gewerkschaft-syndicom-kongress25-leute3-768x512.jpg 768w, https:\/\/syndicom.ch\/app\/uploads\/2025\/06\/gewerkschaft-syndicom-kongress25-leute3-1536x1025.jpg 1536w\" sizes=\"auto, (max-width: 1920px) 100vw, 1920px\" \/><button\n\t\t\tclass=\"lightbox-trigger\"\n\t\t\ttype=\"button\"\n\t\t\taria-haspopup=\"dialog\"\n\t\t\taria-label=\"Agrandir\"\n\t\t\tdata-wp-init=\"callbacks.initTriggerButton\"\n\t\t\tdata-wp-on--click=\"actions.showLightbox\"\n\t\t\tdata-wp-style--right=\"state.imageButtonRight\"\n\t\t\tdata-wp-style--top=\"state.imageButtonTop\"\n\t\t>\n\t\t\t<svg xmlns=\"http:\/\/www.w3.org\/2000\/svg\" width=\"12\" height=\"12\" fill=\"none\" viewBox=\"0 0 12 12\">\n\t\t\t\t<path fill=\"#fff\" d=\"M2 0a2 2 0 0 0-2 2v2h1.5V2a.5.5 0 0 1 .5-.5h2V0H2Zm2 10.5H2a.5.5 0 0 1-.5-.5V8H0v2a2 2 0 0 0 2 2h2v-1.5ZM8 12v-1.5h2a.5.5 0 0 0 .5-.5V8H12v2a2 2 0 0 1-2 2H8Zm2-12a2 2 0 0 1 2 2v2h-1.5V2a.5.5 0 0 0-.5-.5H8V0h2Z\" \/>\n\t\t\t<\/svg>\n\t\t<\/button><figcaption class=\"wp-element-caption\">\u00a9Marcel L\u00fcthy<\/figcaption><\/figure>\n\n\n\n<figure data-wp-context=\"{&quot;imageId&quot;:&quot;69f5792cc766c&quot;}\" data-wp-interactive=\"core\/image\" data-wp-key=\"69f5792cc766c\" class=\"wp-block-image size-full has-lightbox wp-lightbox-container\"><img loading=\"lazy\" decoding=\"async\" width=\"1920\" height=\"1280\" data-wp-class--hide=\"state.isContentHidden\" data-wp-class--show=\"state.isContentVisible\" data-wp-init=\"callbacks.setButtonStyles\" data-wp-on--click=\"actions.showLightbox\" data-wp-on--load=\"callbacks.setButtonStyles\" data-wp-on-window--resize=\"callbacks.setButtonStyles\" data-id=\"40432\" src=\"https:\/\/syndicom.ch\/app\/uploads\/2025\/06\/gewerkschaft-syndicom-kongress25-leute1.jpg\" alt=\"Gewerkschaft syndicom Kongress 2025 Baden, Leute\" class=\"wp-image-40432\" srcset=\"https:\/\/syndicom.ch\/app\/uploads\/2025\/06\/gewerkschaft-syndicom-kongress25-leute1.jpg 1920w, https:\/\/syndicom.ch\/app\/uploads\/2025\/06\/gewerkschaft-syndicom-kongress25-leute1-300x200.jpg 300w, https:\/\/syndicom.ch\/app\/uploads\/2025\/06\/gewerkschaft-syndicom-kongress25-leute1-1024x683.jpg 1024w, https:\/\/syndicom.ch\/app\/uploads\/2025\/06\/gewerkschaft-syndicom-kongress25-leute1-768x512.jpg 768w, https:\/\/syndicom.ch\/app\/uploads\/2025\/06\/gewerkschaft-syndicom-kongress25-leute1-1536x1024.jpg 1536w\" sizes=\"auto, (max-width: 1920px) 100vw, 1920px\" \/><button\n\t\t\tclass=\"lightbox-trigger\"\n\t\t\ttype=\"button\"\n\t\t\taria-haspopup=\"dialog\"\n\t\t\taria-label=\"Agrandir\"\n\t\t\tdata-wp-init=\"callbacks.initTriggerButton\"\n\t\t\tdata-wp-on--click=\"actions.showLightbox\"\n\t\t\tdata-wp-style--right=\"state.imageButtonRight\"\n\t\t\tdata-wp-style--top=\"state.imageButtonTop\"\n\t\t>\n\t\t\t<svg xmlns=\"http:\/\/www.w3.org\/2000\/svg\" width=\"12\" height=\"12\" fill=\"none\" viewBox=\"0 0 12 12\">\n\t\t\t\t<path fill=\"#fff\" d=\"M2 0a2 2 0 0 0-2 2v2h1.5V2a.5.5 0 0 1 .5-.5h2V0H2Zm2 10.5H2a.5.5 0 0 1-.5-.5V8H0v2a2 2 0 0 0 2 2h2v-1.5ZM8 12v-1.5h2a.5.5 0 0 0 .5-.5V8H12v2a2 2 0 0 1-2 2H8Zm2-12a2 2 0 0 1 2 2v2h-1.5V2a.5.5 0 0 0-.5-.5H8V0h2Z\" \/>\n\t\t\t<\/svg>\n\t\t<\/button><figcaption class=\"wp-element-caption\">\u00a9Marcel L\u00fcthy<\/figcaption><\/figure>\n\n\n\n<figure data-wp-context=\"{&quot;imageId&quot;:&quot;69f5792cc7950&quot;}\" data-wp-interactive=\"core\/image\" data-wp-key=\"69f5792cc7950\" class=\"wp-block-image size-full has-lightbox wp-lightbox-container\"><img loading=\"lazy\" decoding=\"async\" width=\"1920\" height=\"1280\" data-wp-class--hide=\"state.isContentHidden\" data-wp-class--show=\"state.isContentVisible\" data-wp-init=\"callbacks.setButtonStyles\" data-wp-on--click=\"actions.showLightbox\" data-wp-on--load=\"callbacks.setButtonStyles\" data-wp-on-window--resize=\"callbacks.setButtonStyles\" data-id=\"41441\" src=\"https:\/\/syndicom.ch\/app\/uploads\/2025\/06\/gewerkschaft-syndicom-kongress25-redner.jpg\" alt=\"Gewerkschaft syndicom Kongress 2025 Baden, Person am Rednerpult\" class=\"wp-image-41441\" srcset=\"https:\/\/syndicom.ch\/app\/uploads\/2025\/06\/gewerkschaft-syndicom-kongress25-redner.jpg 1920w, https:\/\/syndicom.ch\/app\/uploads\/2025\/06\/gewerkschaft-syndicom-kongress25-redner-300x200.jpg 300w, https:\/\/syndicom.ch\/app\/uploads\/2025\/06\/gewerkschaft-syndicom-kongress25-redner-1024x683.jpg 1024w, https:\/\/syndicom.ch\/app\/uploads\/2025\/06\/gewerkschaft-syndicom-kongress25-redner-768x512.jpg 768w, https:\/\/syndicom.ch\/app\/uploads\/2025\/06\/gewerkschaft-syndicom-kongress25-redner-1536x1024.jpg 1536w\" sizes=\"auto, (max-width: 1920px) 100vw, 1920px\" \/><button\n\t\t\tclass=\"lightbox-trigger\"\n\t\t\ttype=\"button\"\n\t\t\taria-haspopup=\"dialog\"\n\t\t\taria-label=\"Agrandir\"\n\t\t\tdata-wp-init=\"callbacks.initTriggerButton\"\n\t\t\tdata-wp-on--click=\"actions.showLightbox\"\n\t\t\tdata-wp-style--right=\"state.imageButtonRight\"\n\t\t\tdata-wp-style--top=\"state.imageButtonTop\"\n\t\t>\n\t\t\t<svg xmlns=\"http:\/\/www.w3.org\/2000\/svg\" width=\"12\" height=\"12\" fill=\"none\" viewBox=\"0 0 12 12\">\n\t\t\t\t<path fill=\"#fff\" d=\"M2 0a2 2 0 0 0-2 2v2h1.5V2a.5.5 0 0 1 .5-.5h2V0H2Zm2 10.5H2a.5.5 0 0 1-.5-.5V8H0v2a2 2 0 0 0 2 2h2v-1.5ZM8 12v-1.5h2a.5.5 0 0 0 .5-.5V8H12v2a2 2 0 0 1-2 2H8Zm2-12a2 2 0 0 1 2 2v2h-1.5V2a.5.5 0 0 0-.5-.5H8V0h2Z\" \/>\n\t\t\t<\/svg>\n\t\t<\/button><figcaption class=\"wp-element-caption\">\u00a9Marcel L\u00fcthy<\/figcaption><\/figure>\n\n\n\n<figure data-wp-context=\"{&quot;imageId&quot;:&quot;69f5792cc7c1f&quot;}\" data-wp-interactive=\"core\/image\" data-wp-key=\"69f5792cc7c1f\" class=\"wp-block-image size-full has-lightbox wp-lightbox-container\"><img loading=\"lazy\" decoding=\"async\" width=\"1920\" height=\"1280\" data-wp-class--hide=\"state.isContentHidden\" data-wp-class--show=\"state.isContentVisible\" data-wp-init=\"callbacks.setButtonStyles\" data-wp-on--click=\"actions.showLightbox\" data-wp-on--load=\"callbacks.setButtonStyles\" data-wp-on-window--resize=\"callbacks.setButtonStyles\" data-id=\"40428\" src=\"https:\/\/syndicom.ch\/app\/uploads\/2025\/06\/gewerkschaft-syndicom-kongress25-leute.jpg\" alt=\"Gewerkschaft syndicom Kongress 2025 Baden, Personen\" class=\"wp-image-40428\" srcset=\"https:\/\/syndicom.ch\/app\/uploads\/2025\/06\/gewerkschaft-syndicom-kongress25-leute.jpg 1920w, https:\/\/syndicom.ch\/app\/uploads\/2025\/06\/gewerkschaft-syndicom-kongress25-leute-300x200.jpg 300w, https:\/\/syndicom.ch\/app\/uploads\/2025\/06\/gewerkschaft-syndicom-kongress25-leute-1024x683.jpg 1024w, https:\/\/syndicom.ch\/app\/uploads\/2025\/06\/gewerkschaft-syndicom-kongress25-leute-768x512.jpg 768w, https:\/\/syndicom.ch\/app\/uploads\/2025\/06\/gewerkschaft-syndicom-kongress25-leute-1536x1024.jpg 1536w\" sizes=\"auto, (max-width: 1920px) 100vw, 1920px\" \/><button\n\t\t\tclass=\"lightbox-trigger\"\n\t\t\ttype=\"button\"\n\t\t\taria-haspopup=\"dialog\"\n\t\t\taria-label=\"Agrandir\"\n\t\t\tdata-wp-init=\"callbacks.initTriggerButton\"\n\t\t\tdata-wp-on--click=\"actions.showLightbox\"\n\t\t\tdata-wp-style--right=\"state.imageButtonRight\"\n\t\t\tdata-wp-style--top=\"state.imageButtonTop\"\n\t\t>\n\t\t\t<svg xmlns=\"http:\/\/www.w3.org\/2000\/svg\" width=\"12\" height=\"12\" fill=\"none\" viewBox=\"0 0 12 12\">\n\t\t\t\t<path fill=\"#fff\" d=\"M2 0a2 2 0 0 0-2 2v2h1.5V2a.5.5 0 0 1 .5-.5h2V0H2Zm2 10.5H2a.5.5 0 0 1-.5-.5V8H0v2a2 2 0 0 0 2 2h2v-1.5ZM8 12v-1.5h2a.5.5 0 0 0 .5-.5V8H12v2a2 2 0 0 1-2 2H8Zm2-12a2 2 0 0 1 2 2v2h-1.5V2a.5.5 0 0 0-.5-.5H8V0h2Z\" \/>\n\t\t\t<\/svg>\n\t\t<\/button><figcaption class=\"wp-element-caption\">\u00a9Marcel L\u00fcthy<\/figcaption><\/figure>\n\n\n\n<figure data-wp-context=\"{&quot;imageId&quot;:&quot;69f5792cc7f0f&quot;}\" data-wp-interactive=\"core\/image\" data-wp-key=\"69f5792cc7f0f\" class=\"wp-block-image size-full has-lightbox wp-lightbox-container\"><img loading=\"lazy\" decoding=\"async\" width=\"2560\" height=\"1707\" data-wp-class--hide=\"state.isContentHidden\" data-wp-class--show=\"state.isContentVisible\" data-wp-init=\"callbacks.setButtonStyles\" data-wp-on--click=\"actions.showLightbox\" data-wp-on--load=\"callbacks.setButtonStyles\" data-wp-on-window--resize=\"callbacks.setButtonStyles\" data-id=\"40946\" src=\"https:\/\/syndicom.ch\/app\/uploads\/2025\/06\/gewerkschaft-syndicom-kongress25-abstimmung2-scaled.jpg\" alt=\"Gewerkschaft syndicom Kongress 2025 Baden, Abstimmung\" class=\"wp-image-40946\" srcset=\"https:\/\/syndicom.ch\/app\/uploads\/2025\/06\/gewerkschaft-syndicom-kongress25-abstimmung2-scaled.jpg 2560w, https:\/\/syndicom.ch\/app\/uploads\/2025\/06\/gewerkschaft-syndicom-kongress25-abstimmung2-300x200.jpg 300w, https:\/\/syndicom.ch\/app\/uploads\/2025\/06\/gewerkschaft-syndicom-kongress25-abstimmung2-1024x683.jpg 1024w, https:\/\/syndicom.ch\/app\/uploads\/2025\/06\/gewerkschaft-syndicom-kongress25-abstimmung2-768x512.jpg 768w, https:\/\/syndicom.ch\/app\/uploads\/2025\/06\/gewerkschaft-syndicom-kongress25-abstimmung2-1536x1024.jpg 1536w, https:\/\/syndicom.ch\/app\/uploads\/2025\/06\/gewerkschaft-syndicom-kongress25-abstimmung2-2048x1365.jpg 2048w\" sizes=\"auto, (max-width: 2560px) 100vw, 2560px\" \/><button\n\t\t\tclass=\"lightbox-trigger\"\n\t\t\ttype=\"button\"\n\t\t\taria-haspopup=\"dialog\"\n\t\t\taria-label=\"Agrandir\"\n\t\t\tdata-wp-init=\"callbacks.initTriggerButton\"\n\t\t\tdata-wp-on--click=\"actions.showLightbox\"\n\t\t\tdata-wp-style--right=\"state.imageButtonRight\"\n\t\t\tdata-wp-style--top=\"state.imageButtonTop\"\n\t\t>\n\t\t\t<svg xmlns=\"http:\/\/www.w3.org\/2000\/svg\" width=\"12\" height=\"12\" fill=\"none\" viewBox=\"0 0 12 12\">\n\t\t\t\t<path fill=\"#fff\" d=\"M2 0a2 2 0 0 0-2 2v2h1.5V2a.5.5 0 0 1 .5-.5h2V0H2Zm2 10.5H2a.5.5 0 0 1-.5-.5V8H0v2a2 2 0 0 0 2 2h2v-1.5ZM8 12v-1.5h2a.5.5 0 0 0 .5-.5V8H12v2a2 2 0 0 1-2 2H8Zm2-12a2 2 0 0 1 2 2v2h-1.5V2a.5.5 0 0 0-.5-.5H8V0h2Z\" \/>\n\t\t\t<\/svg>\n\t\t<\/button><figcaption class=\"wp-element-caption\">\u00a9Frantisek Matous<\/figcaption><\/figure>\n\n\n\n<figure data-wp-context=\"{&quot;imageId&quot;:&quot;69f5792cc8219&quot;}\" data-wp-interactive=\"core\/image\" data-wp-key=\"69f5792cc8219\" class=\"wp-block-image size-full has-lightbox wp-lightbox-container\"><img loading=\"lazy\" decoding=\"async\" width=\"2560\" height=\"1708\" data-wp-class--hide=\"state.isContentHidden\" data-wp-class--show=\"state.isContentVisible\" data-wp-init=\"callbacks.setButtonStyles\" data-wp-on--click=\"actions.showLightbox\" data-wp-on--load=\"callbacks.setButtonStyles\" data-wp-on-window--resize=\"callbacks.setButtonStyles\" data-id=\"40424\" src=\"https:\/\/syndicom.ch\/app\/uploads\/2025\/06\/gewerkschaft-syndicom-kongress25-davidroth-scaled.jpg\" alt=\"Gewerkschaft syndicom Kongress 2025 Baden, Rede David Roth\" class=\"wp-image-40424\" srcset=\"https:\/\/syndicom.ch\/app\/uploads\/2025\/06\/gewerkschaft-syndicom-kongress25-davidroth-scaled.jpg 2560w, https:\/\/syndicom.ch\/app\/uploads\/2025\/06\/gewerkschaft-syndicom-kongress25-davidroth-300x200.jpg 300w, https:\/\/syndicom.ch\/app\/uploads\/2025\/06\/gewerkschaft-syndicom-kongress25-davidroth-1024x683.jpg 1024w, https:\/\/syndicom.ch\/app\/uploads\/2025\/06\/gewerkschaft-syndicom-kongress25-davidroth-768x512.jpg 768w, https:\/\/syndicom.ch\/app\/uploads\/2025\/06\/gewerkschaft-syndicom-kongress25-davidroth-1536x1025.jpg 1536w, https:\/\/syndicom.ch\/app\/uploads\/2025\/06\/gewerkschaft-syndicom-kongress25-davidroth-2048x1366.jpg 2048w\" sizes=\"auto, (max-width: 2560px) 100vw, 2560px\" \/><button\n\t\t\tclass=\"lightbox-trigger\"\n\t\t\ttype=\"button\"\n\t\t\taria-haspopup=\"dialog\"\n\t\t\taria-label=\"Agrandir\"\n\t\t\tdata-wp-init=\"callbacks.initTriggerButton\"\n\t\t\tdata-wp-on--click=\"actions.showLightbox\"\n\t\t\tdata-wp-style--right=\"state.imageButtonRight\"\n\t\t\tdata-wp-style--top=\"state.imageButtonTop\"\n\t\t>\n\t\t\t<svg xmlns=\"http:\/\/www.w3.org\/2000\/svg\" width=\"12\" height=\"12\" fill=\"none\" viewBox=\"0 0 12 12\">\n\t\t\t\t<path fill=\"#fff\" d=\"M2 0a2 2 0 0 0-2 2v2h1.5V2a.5.5 0 0 1 .5-.5h2V0H2Zm2 10.5H2a.5.5 0 0 1-.5-.5V8H0v2a2 2 0 0 0 2 2h2v-1.5ZM8 12v-1.5h2a.5.5 0 0 0 .5-.5V8H12v2a2 2 0 0 1-2 2H8Zm2-12a2 2 0 0 1 2 2v2h-1.5V2a.5.5 0 0 0-.5-.5H8V0h2Z\" \/>\n\t\t\t<\/svg>\n\t\t<\/button><figcaption class=\"wp-element-caption\">David Roth \u00a9Frantisek Matous<\/figcaption><\/figure>\n\n\n\n<figure data-wp-context=\"{&quot;imageId&quot;:&quot;69f5792cc84e3&quot;}\" data-wp-interactive=\"core\/image\" data-wp-key=\"69f5792cc84e3\" class=\"wp-block-image size-full has-lightbox wp-lightbox-container\"><img loading=\"lazy\" decoding=\"async\" width=\"2560\" height=\"1707\" data-wp-class--hide=\"state.isContentHidden\" data-wp-class--show=\"state.isContentVisible\" data-wp-init=\"callbacks.setButtonStyles\" data-wp-on--click=\"actions.showLightbox\" data-wp-on--load=\"callbacks.setButtonStyles\" data-wp-on-window--resize=\"callbacks.setButtonStyles\" data-id=\"40420\" src=\"https:\/\/syndicom.ch\/app\/uploads\/2025\/06\/gewerkschaft-syndicom-kongress25-danielhuegli-teresa-dossantos-scaled.jpg\" alt=\"\" class=\"wp-image-40420\" srcset=\"https:\/\/syndicom.ch\/app\/uploads\/2025\/06\/gewerkschaft-syndicom-kongress25-danielhuegli-teresa-dossantos-scaled.jpg 2560w, https:\/\/syndicom.ch\/app\/uploads\/2025\/06\/gewerkschaft-syndicom-kongress25-danielhuegli-teresa-dossantos-300x200.jpg 300w, https:\/\/syndicom.ch\/app\/uploads\/2025\/06\/gewerkschaft-syndicom-kongress25-danielhuegli-teresa-dossantos-1024x683.jpg 1024w, https:\/\/syndicom.ch\/app\/uploads\/2025\/06\/gewerkschaft-syndicom-kongress25-danielhuegli-teresa-dossantos-768x512.jpg 768w, https:\/\/syndicom.ch\/app\/uploads\/2025\/06\/gewerkschaft-syndicom-kongress25-danielhuegli-teresa-dossantos-1536x1024.jpg 1536w, https:\/\/syndicom.ch\/app\/uploads\/2025\/06\/gewerkschaft-syndicom-kongress25-danielhuegli-teresa-dossantos-2048x1365.jpg 2048w\" sizes=\"auto, (max-width: 2560px) 100vw, 2560px\" \/><button\n\t\t\tclass=\"lightbox-trigger\"\n\t\t\ttype=\"button\"\n\t\t\taria-haspopup=\"dialog\"\n\t\t\taria-label=\"Agrandir\"\n\t\t\tdata-wp-init=\"callbacks.initTriggerButton\"\n\t\t\tdata-wp-on--click=\"actions.showLightbox\"\n\t\t\tdata-wp-style--right=\"state.imageButtonRight\"\n\t\t\tdata-wp-style--top=\"state.imageButtonTop\"\n\t\t>\n\t\t\t<svg xmlns=\"http:\/\/www.w3.org\/2000\/svg\" width=\"12\" height=\"12\" fill=\"none\" viewBox=\"0 0 12 12\">\n\t\t\t\t<path fill=\"#fff\" d=\"M2 0a2 2 0 0 0-2 2v2h1.5V2a.5.5 0 0 1 .5-.5h2V0H2Zm2 10.5H2a.5.5 0 0 1-.5-.5V8H0v2a2 2 0 0 0 2 2h2v-1.5ZM8 12v-1.5h2a.5.5 0 0 0 .5-.5V8H12v2a2 2 0 0 1-2 2H8Zm2-12a2 2 0 0 1 2 2v2h-1.5V2a.5.5 0 0 0-.5-.5H8V0h2Z\" \/>\n\t\t\t<\/svg>\n\t\t<\/button><figcaption class=\"wp-element-caption\">Daniel H\u00fcgli &amp; Teresa Teresa Dos Santos Lima-Matteo \u00a9Frantisek Matous <\/figcaption><\/figure>\n\n\n\n<figure data-wp-context=\"{&quot;imageId&quot;:&quot;69f5792cc87af&quot;}\" data-wp-interactive=\"core\/image\" data-wp-key=\"69f5792cc87af\" class=\"wp-block-image size-full has-lightbox wp-lightbox-container\"><img loading=\"lazy\" decoding=\"async\" width=\"2560\" height=\"1707\" data-wp-class--hide=\"state.isContentHidden\" data-wp-class--show=\"state.isContentVisible\" data-wp-init=\"callbacks.setButtonStyles\" data-wp-on--click=\"actions.showLightbox\" data-wp-on--load=\"callbacks.setButtonStyles\" data-wp-on-window--resize=\"callbacks.setButtonStyles\" data-id=\"40942\" src=\"https:\/\/syndicom.ch\/app\/uploads\/2025\/06\/gewerkschaft-syndicom-kongress25-abstimmung1-scaled.jpg\" alt=\"Gewerkschaft syndicom Kongress 2025 Baden\" class=\"wp-image-40942\" srcset=\"https:\/\/syndicom.ch\/app\/uploads\/2025\/06\/gewerkschaft-syndicom-kongress25-abstimmung1-scaled.jpg 2560w, https:\/\/syndicom.ch\/app\/uploads\/2025\/06\/gewerkschaft-syndicom-kongress25-abstimmung1-300x200.jpg 300w, https:\/\/syndicom.ch\/app\/uploads\/2025\/06\/gewerkschaft-syndicom-kongress25-abstimmung1-1024x683.jpg 1024w, https:\/\/syndicom.ch\/app\/uploads\/2025\/06\/gewerkschaft-syndicom-kongress25-abstimmung1-768x512.jpg 768w, https:\/\/syndicom.ch\/app\/uploads\/2025\/06\/gewerkschaft-syndicom-kongress25-abstimmung1-1536x1024.jpg 1536w, https:\/\/syndicom.ch\/app\/uploads\/2025\/06\/gewerkschaft-syndicom-kongress25-abstimmung1-2048x1365.jpg 2048w\" sizes=\"auto, (max-width: 2560px) 100vw, 2560px\" \/><button\n\t\t\tclass=\"lightbox-trigger\"\n\t\t\ttype=\"button\"\n\t\t\taria-haspopup=\"dialog\"\n\t\t\taria-label=\"Agrandir\"\n\t\t\tdata-wp-init=\"callbacks.initTriggerButton\"\n\t\t\tdata-wp-on--click=\"actions.showLightbox\"\n\t\t\tdata-wp-style--right=\"state.imageButtonRight\"\n\t\t\tdata-wp-style--top=\"state.imageButtonTop\"\n\t\t>\n\t\t\t<svg xmlns=\"http:\/\/www.w3.org\/2000\/svg\" width=\"12\" height=\"12\" fill=\"none\" viewBox=\"0 0 12 12\">\n\t\t\t\t<path fill=\"#fff\" d=\"M2 0a2 2 0 0 0-2 2v2h1.5V2a.5.5 0 0 1 .5-.5h2V0H2Zm2 10.5H2a.5.5 0 0 1-.5-.5V8H0v2a2 2 0 0 0 2 2h2v-1.5ZM8 12v-1.5h2a.5.5 0 0 0 .5-.5V8H12v2a2 2 0 0 1-2 2H8Zm2-12a2 2 0 0 1 2 2v2h-1.5V2a.5.5 0 0 0-.5-.5H8V0h2Z\" \/>\n\t\t\t<\/svg>\n\t\t<\/button><figcaption class=\"wp-element-caption\">\u00a9Frantisek Matous<\/figcaption><\/figure>\n\n\n\n<figure data-wp-context=\"{&quot;imageId&quot;:&quot;69f5792cc8a84&quot;}\" data-wp-interactive=\"core\/image\" data-wp-key=\"69f5792cc8a84\" class=\"wp-block-image size-full has-lightbox wp-lightbox-container\"><img loading=\"lazy\" decoding=\"async\" width=\"2560\" height=\"1707\" data-wp-class--hide=\"state.isContentHidden\" data-wp-class--show=\"state.isContentVisible\" data-wp-init=\"callbacks.setButtonStyles\" data-wp-on--click=\"actions.showLightbox\" data-wp-on--load=\"callbacks.setButtonStyles\" data-wp-on-window--resize=\"callbacks.setButtonStyles\" data-id=\"40970\" src=\"https:\/\/syndicom.ch\/app\/uploads\/2025\/06\/gewerkschaft-syndicom-kongress25-stephanie-vonarburg-scaled.jpg\" alt=\"Gewerkschaft syndicom Kongress 2025 Baden\" class=\"wp-image-40970\" srcset=\"https:\/\/syndicom.ch\/app\/uploads\/2025\/06\/gewerkschaft-syndicom-kongress25-stephanie-vonarburg-scaled.jpg 2560w, https:\/\/syndicom.ch\/app\/uploads\/2025\/06\/gewerkschaft-syndicom-kongress25-stephanie-vonarburg-300x200.jpg 300w, https:\/\/syndicom.ch\/app\/uploads\/2025\/06\/gewerkschaft-syndicom-kongress25-stephanie-vonarburg-1024x683.jpg 1024w, https:\/\/syndicom.ch\/app\/uploads\/2025\/06\/gewerkschaft-syndicom-kongress25-stephanie-vonarburg-768x512.jpg 768w, https:\/\/syndicom.ch\/app\/uploads\/2025\/06\/gewerkschaft-syndicom-kongress25-stephanie-vonarburg-1536x1024.jpg 1536w, https:\/\/syndicom.ch\/app\/uploads\/2025\/06\/gewerkschaft-syndicom-kongress25-stephanie-vonarburg-2048x1365.jpg 2048w\" sizes=\"auto, (max-width: 2560px) 100vw, 2560px\" \/><button\n\t\t\tclass=\"lightbox-trigger\"\n\t\t\ttype=\"button\"\n\t\t\taria-haspopup=\"dialog\"\n\t\t\taria-label=\"Agrandir\"\n\t\t\tdata-wp-init=\"callbacks.initTriggerButton\"\n\t\t\tdata-wp-on--click=\"actions.showLightbox\"\n\t\t\tdata-wp-style--right=\"state.imageButtonRight\"\n\t\t\tdata-wp-style--top=\"state.imageButtonTop\"\n\t\t>\n\t\t\t<svg xmlns=\"http:\/\/www.w3.org\/2000\/svg\" width=\"12\" height=\"12\" fill=\"none\" viewBox=\"0 0 12 12\">\n\t\t\t\t<path fill=\"#fff\" d=\"M2 0a2 2 0 0 0-2 2v2h1.5V2a.5.5 0 0 1 .5-.5h2V0H2Zm2 10.5H2a.5.5 0 0 1-.5-.5V8H0v2a2 2 0 0 0 2 2h2v-1.5ZM8 12v-1.5h2a.5.5 0 0 0 .5-.5V8H12v2a2 2 0 0 1-2 2H8Zm2-12a2 2 0 0 1 2 2v2h-1.5V2a.5.5 0 0 0-.5-.5H8V0h2Z\" \/>\n\t\t\t<\/svg>\n\t\t<\/button><figcaption class=\"wp-element-caption\">Stephanie Vonarburg \u00a9Frantisek Matous<\/figcaption><\/figure>\n\n\n\n<figure data-wp-context=\"{&quot;imageId&quot;:&quot;69f5792cc8d50&quot;}\" data-wp-interactive=\"core\/image\" data-wp-key=\"69f5792cc8d50\" class=\"wp-block-image size-full has-lightbox wp-lightbox-container\"><img loading=\"lazy\" decoding=\"async\" width=\"2560\" height=\"1707\" data-wp-class--hide=\"state.isContentHidden\" data-wp-class--show=\"state.isContentVisible\" data-wp-init=\"callbacks.setButtonStyles\" data-wp-on--click=\"actions.showLightbox\" data-wp-on--load=\"callbacks.setButtonStyles\" data-wp-on-window--resize=\"callbacks.setButtonStyles\" data-id=\"40978\" src=\"https:\/\/syndicom.ch\/app\/uploads\/2025\/06\/gewerkschaft-syndicom-kongress25-leute4-scaled.jpg\" alt=\"Gewerkschaft syndicom Kongress 2025 Baden, Leute in der Diskussion\" class=\"wp-image-40978\" srcset=\"https:\/\/syndicom.ch\/app\/uploads\/2025\/06\/gewerkschaft-syndicom-kongress25-leute4-scaled.jpg 2560w, https:\/\/syndicom.ch\/app\/uploads\/2025\/06\/gewerkschaft-syndicom-kongress25-leute4-300x200.jpg 300w, https:\/\/syndicom.ch\/app\/uploads\/2025\/06\/gewerkschaft-syndicom-kongress25-leute4-1024x683.jpg 1024w, https:\/\/syndicom.ch\/app\/uploads\/2025\/06\/gewerkschaft-syndicom-kongress25-leute4-768x512.jpg 768w, https:\/\/syndicom.ch\/app\/uploads\/2025\/06\/gewerkschaft-syndicom-kongress25-leute4-1536x1024.jpg 1536w, https:\/\/syndicom.ch\/app\/uploads\/2025\/06\/gewerkschaft-syndicom-kongress25-leute4-2048x1366.jpg 2048w\" sizes=\"auto, (max-width: 2560px) 100vw, 2560px\" \/><button\n\t\t\tclass=\"lightbox-trigger\"\n\t\t\ttype=\"button\"\n\t\t\taria-haspopup=\"dialog\"\n\t\t\taria-label=\"Agrandir\"\n\t\t\tdata-wp-init=\"callbacks.initTriggerButton\"\n\t\t\tdata-wp-on--click=\"actions.showLightbox\"\n\t\t\tdata-wp-style--right=\"state.imageButtonRight\"\n\t\t\tdata-wp-style--top=\"state.imageButtonTop\"\n\t\t>\n\t\t\t<svg xmlns=\"http:\/\/www.w3.org\/2000\/svg\" width=\"12\" height=\"12\" fill=\"none\" viewBox=\"0 0 12 12\">\n\t\t\t\t<path fill=\"#fff\" d=\"M2 0a2 2 0 0 0-2 2v2h1.5V2a.5.5 0 0 1 .5-.5h2V0H2Zm2 10.5H2a.5.5 0 0 1-.5-.5V8H0v2a2 2 0 0 0 2 2h2v-1.5ZM8 12v-1.5h2a.5.5 0 0 0 .5-.5V8H12v2a2 2 0 0 1-2 2H8Zm2-12a2 2 0 0 1 2 2v2h-1.5V2a.5.5 0 0 0-.5-.5H8V0h2Z\" \/>\n\t\t\t<\/svg>\n\t\t<\/button><figcaption class=\"wp-element-caption\">\u00a9Frantisek Matous<\/figcaption><\/figure>\n\n\n\n<figure data-wp-context=\"{&quot;imageId&quot;:&quot;69f5792cc901c&quot;}\" data-wp-interactive=\"core\/image\" data-wp-key=\"69f5792cc901c\" class=\"wp-block-image size-full has-lightbox wp-lightbox-container\"><img loading=\"lazy\" decoding=\"async\" width=\"1920\" height=\"1280\" data-wp-class--hide=\"state.isContentHidden\" data-wp-class--show=\"state.isContentVisible\" data-wp-init=\"callbacks.setButtonStyles\" data-wp-on--click=\"actions.showLightbox\" data-wp-on--load=\"callbacks.setButtonStyles\" data-wp-on-window--resize=\"callbacks.setButtonStyles\" data-id=\"41449\" src=\"https:\/\/syndicom.ch\/app\/uploads\/2025\/06\/gewerkschaft-syndicom-kongress25-rednerin1.jpg\" alt=\"Gewerkschaft syndicom Kongress 2025 Baden, Person am Rednerpult\" class=\"wp-image-41449\" srcset=\"https:\/\/syndicom.ch\/app\/uploads\/2025\/06\/gewerkschaft-syndicom-kongress25-rednerin1.jpg 1920w, https:\/\/syndicom.ch\/app\/uploads\/2025\/06\/gewerkschaft-syndicom-kongress25-rednerin1-300x200.jpg 300w, https:\/\/syndicom.ch\/app\/uploads\/2025\/06\/gewerkschaft-syndicom-kongress25-rednerin1-1024x683.jpg 1024w, https:\/\/syndicom.ch\/app\/uploads\/2025\/06\/gewerkschaft-syndicom-kongress25-rednerin1-768x512.jpg 768w, https:\/\/syndicom.ch\/app\/uploads\/2025\/06\/gewerkschaft-syndicom-kongress25-rednerin1-1536x1024.jpg 1536w\" sizes=\"auto, (max-width: 1920px) 100vw, 1920px\" \/><button\n\t\t\tclass=\"lightbox-trigger\"\n\t\t\ttype=\"button\"\n\t\t\taria-haspopup=\"dialog\"\n\t\t\taria-label=\"Agrandir\"\n\t\t\tdata-wp-init=\"callbacks.initTriggerButton\"\n\t\t\tdata-wp-on--click=\"actions.showLightbox\"\n\t\t\tdata-wp-style--right=\"state.imageButtonRight\"\n\t\t\tdata-wp-style--top=\"state.imageButtonTop\"\n\t\t>\n\t\t\t<svg xmlns=\"http:\/\/www.w3.org\/2000\/svg\" width=\"12\" height=\"12\" fill=\"none\" viewBox=\"0 0 12 12\">\n\t\t\t\t<path fill=\"#fff\" d=\"M2 0a2 2 0 0 0-2 2v2h1.5V2a.5.5 0 0 1 .5-.5h2V0H2Zm2 10.5H2a.5.5 0 0 1-.5-.5V8H0v2a2 2 0 0 0 2 2h2v-1.5ZM8 12v-1.5h2a.5.5 0 0 0 .5-.5V8H12v2a2 2 0 0 1-2 2H8Zm2-12a2 2 0 0 1 2 2v2h-1.5V2a.5.5 0 0 0-.5-.5H8V0h2Z\" \/>\n\t\t\t<\/svg>\n\t\t<\/button><figcaption class=\"wp-element-caption\">\u00a9Marcel L\u00fcthy<\/figcaption><\/figure>\n\n\n\n<figure data-wp-context=\"{&quot;imageId&quot;:&quot;69f5792cc92ec&quot;}\" data-wp-interactive=\"core\/image\" data-wp-key=\"69f5792cc92ec\" class=\"wp-block-image size-full has-lightbox wp-lightbox-container\"><img loading=\"lazy\" decoding=\"async\" width=\"2560\" height=\"1707\" data-wp-class--hide=\"state.isContentHidden\" data-wp-class--show=\"state.isContentVisible\" data-wp-init=\"callbacks.setButtonStyles\" data-wp-on--click=\"actions.showLightbox\" data-wp-on--load=\"callbacks.setButtonStyles\" data-wp-on-window--resize=\"callbacks.setButtonStyles\" data-id=\"40966\" src=\"https:\/\/syndicom.ch\/app\/uploads\/2025\/06\/gewerkschaft-syndicom-kongress25-saal-scaled.jpg\" alt=\"Gewerkschaft syndicom Kongress 2025 Baden, Saal\" class=\"wp-image-40966\" srcset=\"https:\/\/syndicom.ch\/app\/uploads\/2025\/06\/gewerkschaft-syndicom-kongress25-saal-scaled.jpg 2560w, https:\/\/syndicom.ch\/app\/uploads\/2025\/06\/gewerkschaft-syndicom-kongress25-saal-300x200.jpg 300w, https:\/\/syndicom.ch\/app\/uploads\/2025\/06\/gewerkschaft-syndicom-kongress25-saal-1024x683.jpg 1024w, https:\/\/syndicom.ch\/app\/uploads\/2025\/06\/gewerkschaft-syndicom-kongress25-saal-768x512.jpg 768w, https:\/\/syndicom.ch\/app\/uploads\/2025\/06\/gewerkschaft-syndicom-kongress25-saal-1536x1024.jpg 1536w, https:\/\/syndicom.ch\/app\/uploads\/2025\/06\/gewerkschaft-syndicom-kongress25-saal-2048x1365.jpg 2048w\" sizes=\"auto, (max-width: 2560px) 100vw, 2560px\" \/><button\n\t\t\tclass=\"lightbox-trigger\"\n\t\t\ttype=\"button\"\n\t\t\taria-haspopup=\"dialog\"\n\t\t\taria-label=\"Agrandir\"\n\t\t\tdata-wp-init=\"callbacks.initTriggerButton\"\n\t\t\tdata-wp-on--click=\"actions.showLightbox\"\n\t\t\tdata-wp-style--right=\"state.imageButtonRight\"\n\t\t\tdata-wp-style--top=\"state.imageButtonTop\"\n\t\t>\n\t\t\t<svg xmlns=\"http:\/\/www.w3.org\/2000\/svg\" width=\"12\" height=\"12\" fill=\"none\" viewBox=\"0 0 12 12\">\n\t\t\t\t<path fill=\"#fff\" d=\"M2 0a2 2 0 0 0-2 2v2h1.5V2a.5.5 0 0 1 .5-.5h2V0H2Zm2 10.5H2a.5.5 0 0 1-.5-.5V8H0v2a2 2 0 0 0 2 2h2v-1.5ZM8 12v-1.5h2a.5.5 0 0 0 .5-.5V8H12v2a2 2 0 0 1-2 2H8Zm2-12a2 2 0 0 1 2 2v2h-1.5V2a.5.5 0 0 0-.5-.5H8V0h2Z\" \/>\n\t\t\t<\/svg>\n\t\t<\/button><figcaption class=\"wp-element-caption\">\u00a9Frantisek Matous<\/figcaption><\/figure>\n\n\n\n<figure data-wp-context=\"{&quot;imageId&quot;:&quot;69f5792cc95c1&quot;}\" data-wp-interactive=\"core\/image\" data-wp-key=\"69f5792cc95c1\" class=\"wp-block-image size-full has-lightbox wp-lightbox-container\"><img loading=\"lazy\" decoding=\"async\" width=\"2560\" height=\"1707\" data-wp-class--hide=\"state.isContentHidden\" data-wp-class--show=\"state.isContentVisible\" data-wp-init=\"callbacks.setButtonStyles\" data-wp-on--click=\"actions.showLightbox\" data-wp-on--load=\"callbacks.setButtonStyles\" data-wp-on-window--resize=\"callbacks.setButtonStyles\" data-id=\"40962\" src=\"https:\/\/syndicom.ch\/app\/uploads\/2025\/06\/gewerkschaft-syndicom-kongress25-leute2-scaled.jpg\" alt=\"Gewerkschaft syndicom Kongress 2025 Baden\" class=\"wp-image-40962\" srcset=\"https:\/\/syndicom.ch\/app\/uploads\/2025\/06\/gewerkschaft-syndicom-kongress25-leute2-scaled.jpg 2560w, https:\/\/syndicom.ch\/app\/uploads\/2025\/06\/gewerkschaft-syndicom-kongress25-leute2-300x200.jpg 300w, https:\/\/syndicom.ch\/app\/uploads\/2025\/06\/gewerkschaft-syndicom-kongress25-leute2-1024x683.jpg 1024w, https:\/\/syndicom.ch\/app\/uploads\/2025\/06\/gewerkschaft-syndicom-kongress25-leute2-768x512.jpg 768w, https:\/\/syndicom.ch\/app\/uploads\/2025\/06\/gewerkschaft-syndicom-kongress25-leute2-1536x1024.jpg 1536w, https:\/\/syndicom.ch\/app\/uploads\/2025\/06\/gewerkschaft-syndicom-kongress25-leute2-2048x1366.jpg 2048w\" sizes=\"auto, (max-width: 2560px) 100vw, 2560px\" \/><button\n\t\t\tclass=\"lightbox-trigger\"\n\t\t\ttype=\"button\"\n\t\t\taria-haspopup=\"dialog\"\n\t\t\taria-label=\"Agrandir\"\n\t\t\tdata-wp-init=\"callbacks.initTriggerButton\"\n\t\t\tdata-wp-on--click=\"actions.showLightbox\"\n\t\t\tdata-wp-style--right=\"state.imageButtonRight\"\n\t\t\tdata-wp-style--top=\"state.imageButtonTop\"\n\t\t>\n\t\t\t<svg xmlns=\"http:\/\/www.w3.org\/2000\/svg\" width=\"12\" height=\"12\" fill=\"none\" viewBox=\"0 0 12 12\">\n\t\t\t\t<path fill=\"#fff\" d=\"M2 0a2 2 0 0 0-2 2v2h1.5V2a.5.5 0 0 1 .5-.5h2V0H2Zm2 10.5H2a.5.5 0 0 1-.5-.5V8H0v2a2 2 0 0 0 2 2h2v-1.5ZM8 12v-1.5h2a.5.5 0 0 0 .5-.5V8H12v2a2 2 0 0 1-2 2H8Zm2-12a2 2 0 0 1 2 2v2h-1.5V2a.5.5 0 0 0-.5-.5H8V0h2Z\" \/>\n\t\t\t<\/svg>\n\t\t<\/button><figcaption class=\"wp-element-caption\">\u00a9Frantisek Matous<\/figcaption><\/figure>\n\n\n\n<figure data-wp-context=\"{&quot;imageId&quot;:&quot;69f5792cc988f&quot;}\" data-wp-interactive=\"core\/image\" data-wp-key=\"69f5792cc988f\" class=\"wp-block-image size-full has-lightbox wp-lightbox-container\"><img loading=\"lazy\" decoding=\"async\" width=\"1920\" height=\"1280\" data-wp-class--hide=\"state.isContentHidden\" data-wp-class--show=\"state.isContentVisible\" data-wp-init=\"callbacks.setButtonStyles\" data-wp-on--click=\"actions.showLightbox\" data-wp-on--load=\"callbacks.setButtonStyles\" data-wp-on-window--resize=\"callbacks.setButtonStyles\" data-id=\"41445\" src=\"https:\/\/syndicom.ch\/app\/uploads\/2025\/06\/gewerkschaft-syndicom-kongress25-rednerin.jpg\" alt=\"Gewerkschaft syndicom Kongress 2025 Baden, Person am Rednerpult\" class=\"wp-image-41445\" srcset=\"https:\/\/syndicom.ch\/app\/uploads\/2025\/06\/gewerkschaft-syndicom-kongress25-rednerin.jpg 1920w, https:\/\/syndicom.ch\/app\/uploads\/2025\/06\/gewerkschaft-syndicom-kongress25-rednerin-300x200.jpg 300w, https:\/\/syndicom.ch\/app\/uploads\/2025\/06\/gewerkschaft-syndicom-kongress25-rednerin-1024x683.jpg 1024w, https:\/\/syndicom.ch\/app\/uploads\/2025\/06\/gewerkschaft-syndicom-kongress25-rednerin-768x512.jpg 768w, https:\/\/syndicom.ch\/app\/uploads\/2025\/06\/gewerkschaft-syndicom-kongress25-rednerin-1536x1024.jpg 1536w\" sizes=\"auto, (max-width: 1920px) 100vw, 1920px\" \/><button\n\t\t\tclass=\"lightbox-trigger\"\n\t\t\ttype=\"button\"\n\t\t\taria-haspopup=\"dialog\"\n\t\t\taria-label=\"Agrandir\"\n\t\t\tdata-wp-init=\"callbacks.initTriggerButton\"\n\t\t\tdata-wp-on--click=\"actions.showLightbox\"\n\t\t\tdata-wp-style--right=\"state.imageButtonRight\"\n\t\t\tdata-wp-style--top=\"state.imageButtonTop\"\n\t\t>\n\t\t\t<svg xmlns=\"http:\/\/www.w3.org\/2000\/svg\" width=\"12\" height=\"12\" fill=\"none\" viewBox=\"0 0 12 12\">\n\t\t\t\t<path fill=\"#fff\" d=\"M2 0a2 2 0 0 0-2 2v2h1.5V2a.5.5 0 0 1 .5-.5h2V0H2Zm2 10.5H2a.5.5 0 0 1-.5-.5V8H0v2a2 2 0 0 0 2 2h2v-1.5ZM8 12v-1.5h2a.5.5 0 0 0 .5-.5V8H12v2a2 2 0 0 1-2 2H8Zm2-12a2 2 0 0 1 2 2v2h-1.5V2a.5.5 0 0 0-.5-.5H8V0h2Z\" \/>\n\t\t\t<\/svg>\n\t\t<\/button><figcaption class=\"wp-element-caption\">\u00a9Marcel L\u00fcthy<\/figcaption><\/figure>\n\n\n\n<figure data-wp-context=\"{&quot;imageId&quot;:&quot;69f5792cc9b5e&quot;}\" data-wp-interactive=\"core\/image\" data-wp-key=\"69f5792cc9b5e\" class=\"wp-block-image size-full has-lightbox wp-lightbox-container\"><img loading=\"lazy\" decoding=\"async\" width=\"2560\" height=\"1707\" data-wp-class--hide=\"state.isContentHidden\" data-wp-class--show=\"state.isContentVisible\" data-wp-init=\"callbacks.setButtonStyles\" data-wp-on--click=\"actions.showLightbox\" data-wp-on--load=\"callbacks.setButtonStyles\" data-wp-on-window--resize=\"callbacks.setButtonStyles\" data-id=\"40958\" src=\"https:\/\/syndicom.ch\/app\/uploads\/2025\/06\/gewerkschaft-syndicom-kongress25-davidroth1-scaled.jpg\" alt=\"Gewerkschaft syndicom Kongress 2025 Baden\" class=\"wp-image-40958\" srcset=\"https:\/\/syndicom.ch\/app\/uploads\/2025\/06\/gewerkschaft-syndicom-kongress25-davidroth1-scaled.jpg 2560w, https:\/\/syndicom.ch\/app\/uploads\/2025\/06\/gewerkschaft-syndicom-kongress25-davidroth1-300x200.jpg 300w, https:\/\/syndicom.ch\/app\/uploads\/2025\/06\/gewerkschaft-syndicom-kongress25-davidroth1-1024x683.jpg 1024w, https:\/\/syndicom.ch\/app\/uploads\/2025\/06\/gewerkschaft-syndicom-kongress25-davidroth1-768x512.jpg 768w, https:\/\/syndicom.ch\/app\/uploads\/2025\/06\/gewerkschaft-syndicom-kongress25-davidroth1-1536x1024.jpg 1536w, https:\/\/syndicom.ch\/app\/uploads\/2025\/06\/gewerkschaft-syndicom-kongress25-davidroth1-2048x1365.jpg 2048w\" sizes=\"auto, (max-width: 2560px) 100vw, 2560px\" \/><button\n\t\t\tclass=\"lightbox-trigger\"\n\t\t\ttype=\"button\"\n\t\t\taria-haspopup=\"dialog\"\n\t\t\taria-label=\"Agrandir\"\n\t\t\tdata-wp-init=\"callbacks.initTriggerButton\"\n\t\t\tdata-wp-on--click=\"actions.showLightbox\"\n\t\t\tdata-wp-style--right=\"state.imageButtonRight\"\n\t\t\tdata-wp-style--top=\"state.imageButtonTop\"\n\t\t>\n\t\t\t<svg xmlns=\"http:\/\/www.w3.org\/2000\/svg\" width=\"12\" height=\"12\" fill=\"none\" viewBox=\"0 0 12 12\">\n\t\t\t\t<path fill=\"#fff\" d=\"M2 0a2 2 0 0 0-2 2v2h1.5V2a.5.5 0 0 1 .5-.5h2V0H2Zm2 10.5H2a.5.5 0 0 1-.5-.5V8H0v2a2 2 0 0 0 2 2h2v-1.5ZM8 12v-1.5h2a.5.5 0 0 0 .5-.5V8H12v2a2 2 0 0 1-2 2H8Zm2-12a2 2 0 0 1 2 2v2h-1.5V2a.5.5 0 0 0-.5-.5H8V0h2Z\" \/>\n\t\t\t<\/svg>\n\t\t<\/button><figcaption class=\"wp-element-caption\">David Roth \u00a9Frantisek Matous<\/figcaption><\/figure>\n\n\n\n<figure data-wp-context=\"{&quot;imageId&quot;:&quot;69f5792cc9e45&quot;}\" data-wp-interactive=\"core\/image\" data-wp-key=\"69f5792cc9e45\" class=\"wp-block-image size-full has-lightbox wp-lightbox-container\"><img loading=\"lazy\" decoding=\"async\" width=\"2560\" height=\"1707\" data-wp-class--hide=\"state.isContentHidden\" data-wp-class--show=\"state.isContentVisible\" data-wp-init=\"callbacks.setButtonStyles\" data-wp-on--click=\"actions.showLightbox\" data-wp-on--load=\"callbacks.setButtonStyles\" data-wp-on-window--resize=\"callbacks.setButtonStyles\" data-id=\"40950\" src=\"https:\/\/syndicom.ch\/app\/uploads\/2025\/06\/gewerkschaft-syndicom-kongress25-abstimmung3-scaled.jpg\" alt=\"Gewerkschaft syndicom Kongress 2025 Baden, Abstimmung\" class=\"wp-image-40950\" srcset=\"https:\/\/syndicom.ch\/app\/uploads\/2025\/06\/gewerkschaft-syndicom-kongress25-abstimmung3-scaled.jpg 2560w, https:\/\/syndicom.ch\/app\/uploads\/2025\/06\/gewerkschaft-syndicom-kongress25-abstimmung3-300x200.jpg 300w, https:\/\/syndicom.ch\/app\/uploads\/2025\/06\/gewerkschaft-syndicom-kongress25-abstimmung3-1024x683.jpg 1024w, https:\/\/syndicom.ch\/app\/uploads\/2025\/06\/gewerkschaft-syndicom-kongress25-abstimmung3-768x512.jpg 768w, https:\/\/syndicom.ch\/app\/uploads\/2025\/06\/gewerkschaft-syndicom-kongress25-abstimmung3-1536x1024.jpg 1536w, https:\/\/syndicom.ch\/app\/uploads\/2025\/06\/gewerkschaft-syndicom-kongress25-abstimmung3-2048x1365.jpg 2048w\" sizes=\"auto, (max-width: 2560px) 100vw, 2560px\" \/><button\n\t\t\tclass=\"lightbox-trigger\"\n\t\t\ttype=\"button\"\n\t\t\taria-haspopup=\"dialog\"\n\t\t\taria-label=\"Agrandir\"\n\t\t\tdata-wp-init=\"callbacks.initTriggerButton\"\n\t\t\tdata-wp-on--click=\"actions.showLightbox\"\n\t\t\tdata-wp-style--right=\"state.imageButtonRight\"\n\t\t\tdata-wp-style--top=\"state.imageButtonTop\"\n\t\t>\n\t\t\t<svg xmlns=\"http:\/\/www.w3.org\/2000\/svg\" width=\"12\" height=\"12\" fill=\"none\" viewBox=\"0 0 12 12\">\n\t\t\t\t<path fill=\"#fff\" d=\"M2 0a2 2 0 0 0-2 2v2h1.5V2a.5.5 0 0 1 .5-.5h2V0H2Zm2 10.5H2a.5.5 0 0 1-.5-.5V8H0v2a2 2 0 0 0 2 2h2v-1.5ZM8 12v-1.5h2a.5.5 0 0 0 .5-.5V8H12v2a2 2 0 0 1-2 2H8Zm2-12a2 2 0 0 1 2 2v2h-1.5V2a.5.5 0 0 0-.5-.5H8V0h2Z\" \/>\n\t\t\t<\/svg>\n\t\t<\/button><figcaption class=\"wp-element-caption\">\u00a9Frantisek Matous<\/figcaption><\/figure>\n\n\n\n<figure data-wp-context=\"{&quot;imageId&quot;:&quot;69f5792cca118&quot;}\" data-wp-interactive=\"core\/image\" data-wp-key=\"69f5792cca118\" class=\"wp-block-image size-full has-lightbox wp-lightbox-container\"><img loading=\"lazy\" decoding=\"async\" width=\"2560\" height=\"1707\" data-wp-class--hide=\"state.isContentHidden\" data-wp-class--show=\"state.isContentVisible\" data-wp-init=\"callbacks.setButtonStyles\" data-wp-on--click=\"actions.showLightbox\" data-wp-on--load=\"callbacks.setButtonStyles\" data-wp-on-window--resize=\"callbacks.setButtonStyles\" data-id=\"40938\" src=\"https:\/\/syndicom.ch\/app\/uploads\/2025\/06\/gewerkschaft-syndicom-kongress25-bruno-weideli-scaled.jpg\" alt=\"Gewerkschaft syndicom Kongress 2025 Baden, Bruno Weideli\" class=\"wp-image-40938\" srcset=\"https:\/\/syndicom.ch\/app\/uploads\/2025\/06\/gewerkschaft-syndicom-kongress25-bruno-weideli-scaled.jpg 2560w, https:\/\/syndicom.ch\/app\/uploads\/2025\/06\/gewerkschaft-syndicom-kongress25-bruno-weideli-300x200.jpg 300w, https:\/\/syndicom.ch\/app\/uploads\/2025\/06\/gewerkschaft-syndicom-kongress25-bruno-weideli-1024x683.jpg 1024w, https:\/\/syndicom.ch\/app\/uploads\/2025\/06\/gewerkschaft-syndicom-kongress25-bruno-weideli-768x512.jpg 768w, https:\/\/syndicom.ch\/app\/uploads\/2025\/06\/gewerkschaft-syndicom-kongress25-bruno-weideli-1536x1024.jpg 1536w, https:\/\/syndicom.ch\/app\/uploads\/2025\/06\/gewerkschaft-syndicom-kongress25-bruno-weideli-2048x1365.jpg 2048w\" sizes=\"auto, (max-width: 2560px) 100vw, 2560px\" \/><button\n\t\t\tclass=\"lightbox-trigger\"\n\t\t\ttype=\"button\"\n\t\t\taria-haspopup=\"dialog\"\n\t\t\taria-label=\"Agrandir\"\n\t\t\tdata-wp-init=\"callbacks.initTriggerButton\"\n\t\t\tdata-wp-on--click=\"actions.showLightbox\"\n\t\t\tdata-wp-style--right=\"state.imageButtonRight\"\n\t\t\tdata-wp-style--top=\"state.imageButtonTop\"\n\t\t>\n\t\t\t<svg xmlns=\"http:\/\/www.w3.org\/2000\/svg\" width=\"12\" height=\"12\" fill=\"none\" viewBox=\"0 0 12 12\">\n\t\t\t\t<path fill=\"#fff\" d=\"M2 0a2 2 0 0 0-2 2v2h1.5V2a.5.5 0 0 1 .5-.5h2V0H2Zm2 10.5H2a.5.5 0 0 1-.5-.5V8H0v2a2 2 0 0 0 2 2h2v-1.5ZM8 12v-1.5h2a.5.5 0 0 0 .5-.5V8H12v2a2 2 0 0 1-2 2H8Zm2-12a2 2 0 0 1 2 2v2h-1.5V2a.5.5 0 0 0-.5-.5H8V0h2Z\" \/>\n\t\t\t<\/svg>\n\t\t<\/button><figcaption class=\"wp-element-caption\">\u00a9Frantisek Matous<\/figcaption><\/figure>\n\n\n\n<figure data-wp-context=\"{&quot;imageId&quot;:&quot;69f5792cca3ee&quot;}\" data-wp-interactive=\"core\/image\" data-wp-key=\"69f5792cca3ee\" class=\"wp-block-image size-full has-lightbox wp-lightbox-container\"><img loading=\"lazy\" decoding=\"async\" width=\"1920\" height=\"1281\" data-wp-class--hide=\"state.isContentHidden\" data-wp-class--show=\"state.isContentVisible\" data-wp-init=\"callbacks.setButtonStyles\" data-wp-on--click=\"actions.showLightbox\" data-wp-on--load=\"callbacks.setButtonStyles\" data-wp-on-window--resize=\"callbacks.setButtonStyles\" data-id=\"41437\" src=\"https:\/\/syndicom.ch\/app\/uploads\/2025\/06\/gewerkschaft-syndicom-kongress25-geschenk.jpg\" alt=\"Gewerkschaft syndicom Kongress 2025 Baden, Geschenk\" class=\"wp-image-41437\" srcset=\"https:\/\/syndicom.ch\/app\/uploads\/2025\/06\/gewerkschaft-syndicom-kongress25-geschenk.jpg 1920w, https:\/\/syndicom.ch\/app\/uploads\/2025\/06\/gewerkschaft-syndicom-kongress25-geschenk-300x200.jpg 300w, https:\/\/syndicom.ch\/app\/uploads\/2025\/06\/gewerkschaft-syndicom-kongress25-geschenk-1024x683.jpg 1024w, https:\/\/syndicom.ch\/app\/uploads\/2025\/06\/gewerkschaft-syndicom-kongress25-geschenk-768x512.jpg 768w, https:\/\/syndicom.ch\/app\/uploads\/2025\/06\/gewerkschaft-syndicom-kongress25-geschenk-1536x1025.jpg 1536w\" sizes=\"auto, (max-width: 1920px) 100vw, 1920px\" \/><button\n\t\t\tclass=\"lightbox-trigger\"\n\t\t\ttype=\"button\"\n\t\t\taria-haspopup=\"dialog\"\n\t\t\taria-label=\"Agrandir\"\n\t\t\tdata-wp-init=\"callbacks.initTriggerButton\"\n\t\t\tdata-wp-on--click=\"actions.showLightbox\"\n\t\t\tdata-wp-style--right=\"state.imageButtonRight\"\n\t\t\tdata-wp-style--top=\"state.imageButtonTop\"\n\t\t>\n\t\t\t<svg xmlns=\"http:\/\/www.w3.org\/2000\/svg\" width=\"12\" height=\"12\" fill=\"none\" viewBox=\"0 0 12 12\">\n\t\t\t\t<path fill=\"#fff\" d=\"M2 0a2 2 0 0 0-2 2v2h1.5V2a.5.5 0 0 1 .5-.5h2V0H2Zm2 10.5H2a.5.5 0 0 1-.5-.5V8H0v2a2 2 0 0 0 2 2h2v-1.5ZM8 12v-1.5h2a.5.5 0 0 0 .5-.5V8H12v2a2 2 0 0 1-2 2H8Zm2-12a2 2 0 0 1 2 2v2h-1.5V2a.5.5 0 0 0-.5-.5H8V0h2Z\" \/>\n\t\t\t<\/svg>\n\t\t<\/button><figcaption class=\"wp-element-caption\">\u00a9Marcel L\u00fcthy<\/figcaption><\/figure>\n\n\n\n<figure data-wp-context=\"{&quot;imageId&quot;:&quot;69f5792cca6eb&quot;}\" data-wp-interactive=\"core\/image\" data-wp-key=\"69f5792cca6eb\" class=\"wp-block-image size-full has-lightbox wp-lightbox-container\"><img loading=\"lazy\" decoding=\"async\" width=\"2560\" height=\"1707\" data-wp-class--hide=\"state.isContentHidden\" data-wp-class--show=\"state.isContentVisible\" data-wp-init=\"callbacks.setButtonStyles\" data-wp-on--click=\"actions.showLightbox\" data-wp-on--load=\"callbacks.setButtonStyles\" data-wp-on-window--resize=\"callbacks.setButtonStyles\" data-id=\"41631\" src=\"https:\/\/syndicom.ch\/app\/uploads\/2025\/07\/gewerkschaft-syndicom-kongress25-redner4-scaled.jpg\" alt=\"Gewerkschaft syndicom Kongress 2025 Baden, Redner\" class=\"wp-image-41631\" srcset=\"https:\/\/syndicom.ch\/app\/uploads\/2025\/07\/gewerkschaft-syndicom-kongress25-redner4-scaled.jpg 2560w, https:\/\/syndicom.ch\/app\/uploads\/2025\/07\/gewerkschaft-syndicom-kongress25-redner4-300x200.jpg 300w, https:\/\/syndicom.ch\/app\/uploads\/2025\/07\/gewerkschaft-syndicom-kongress25-redner4-1024x683.jpg 1024w, https:\/\/syndicom.ch\/app\/uploads\/2025\/07\/gewerkschaft-syndicom-kongress25-redner4-768x512.jpg 768w, https:\/\/syndicom.ch\/app\/uploads\/2025\/07\/gewerkschaft-syndicom-kongress25-redner4-1536x1024.jpg 1536w, https:\/\/syndicom.ch\/app\/uploads\/2025\/07\/gewerkschaft-syndicom-kongress25-redner4-2048x1365.jpg 2048w\" sizes=\"auto, (max-width: 2560px) 100vw, 2560px\" \/><button\n\t\t\tclass=\"lightbox-trigger\"\n\t\t\ttype=\"button\"\n\t\t\taria-haspopup=\"dialog\"\n\t\t\taria-label=\"Agrandir\"\n\t\t\tdata-wp-init=\"callbacks.initTriggerButton\"\n\t\t\tdata-wp-on--click=\"actions.showLightbox\"\n\t\t\tdata-wp-style--right=\"state.imageButtonRight\"\n\t\t\tdata-wp-style--top=\"state.imageButtonTop\"\n\t\t>\n\t\t\t<svg xmlns=\"http:\/\/www.w3.org\/2000\/svg\" width=\"12\" height=\"12\" fill=\"none\" viewBox=\"0 0 12 12\">\n\t\t\t\t<path fill=\"#fff\" d=\"M2 0a2 2 0 0 0-2 2v2h1.5V2a.5.5 0 0 1 .5-.5h2V0H2Zm2 10.5H2a.5.5 0 0 1-.5-.5V8H0v2a2 2 0 0 0 2 2h2v-1.5ZM8 12v-1.5h2a.5.5 0 0 0 .5-.5V8H12v2a2 2 0 0 1-2 2H8Zm2-12a2 2 0 0 1 2 2v2h-1.5V2a.5.5 0 0 0-.5-.5H8V0h2Z\" \/>\n\t\t\t<\/svg>\n\t\t<\/button><figcaption class=\"wp-element-caption\">\u00a9Frantisek Matous<\/figcaption><\/figure>\n\n\n\n<figure data-wp-context=\"{&quot;imageId&quot;:&quot;69f5792cca9b4&quot;}\" data-wp-interactive=\"core\/image\" data-wp-key=\"69f5792cca9b4\" class=\"wp-block-image size-full has-lightbox wp-lightbox-container\"><img loading=\"lazy\" decoding=\"async\" width=\"1920\" height=\"1281\" data-wp-class--hide=\"state.isContentHidden\" data-wp-class--show=\"state.isContentVisible\" data-wp-init=\"callbacks.setButtonStyles\" data-wp-on--click=\"actions.showLightbox\" data-wp-on--load=\"callbacks.setButtonStyles\" data-wp-on-window--resize=\"callbacks.setButtonStyles\" data-id=\"41690\" src=\"https:\/\/syndicom.ch\/app\/uploads\/2025\/07\/gewerkschaft-syndicom-kongress25-leute20.jpg\" alt=\"Gewerkschaft syndicom Kongress 2025 Baden, Teilnehmerin\" class=\"wp-image-41690\" srcset=\"https:\/\/syndicom.ch\/app\/uploads\/2025\/07\/gewerkschaft-syndicom-kongress25-leute20.jpg 1920w, https:\/\/syndicom.ch\/app\/uploads\/2025\/07\/gewerkschaft-syndicom-kongress25-leute20-300x200.jpg 300w, https:\/\/syndicom.ch\/app\/uploads\/2025\/07\/gewerkschaft-syndicom-kongress25-leute20-1024x683.jpg 1024w, https:\/\/syndicom.ch\/app\/uploads\/2025\/07\/gewerkschaft-syndicom-kongress25-leute20-768x512.jpg 768w, https:\/\/syndicom.ch\/app\/uploads\/2025\/07\/gewerkschaft-syndicom-kongress25-leute20-1536x1025.jpg 1536w\" sizes=\"auto, (max-width: 1920px) 100vw, 1920px\" \/><button\n\t\t\tclass=\"lightbox-trigger\"\n\t\t\ttype=\"button\"\n\t\t\taria-haspopup=\"dialog\"\n\t\t\taria-label=\"Agrandir\"\n\t\t\tdata-wp-init=\"callbacks.initTriggerButton\"\n\t\t\tdata-wp-on--click=\"actions.showLightbox\"\n\t\t\tdata-wp-style--right=\"state.imageButtonRight\"\n\t\t\tdata-wp-style--top=\"state.imageButtonTop\"\n\t\t>\n\t\t\t<svg xmlns=\"http:\/\/www.w3.org\/2000\/svg\" width=\"12\" height=\"12\" fill=\"none\" viewBox=\"0 0 12 12\">\n\t\t\t\t<path fill=\"#fff\" d=\"M2 0a2 2 0 0 0-2 2v2h1.5V2a.5.5 0 0 1 .5-.5h2V0H2Zm2 10.5H2a.5.5 0 0 1-.5-.5V8H0v2a2 2 0 0 0 2 2h2v-1.5ZM8 12v-1.5h2a.5.5 0 0 0 .5-.5V8H12v2a2 2 0 0 1-2 2H8Zm2-12a2 2 0 0 1 2 2v2h-1.5V2a.5.5 0 0 0-.5-.5H8V0h2Z\" \/>\n\t\t\t<\/svg>\n\t\t<\/button><figcaption class=\"wp-element-caption\">\u00a9Marcel L\u00fcthy<\/figcaption><\/figure>\n\n\n\n<figure data-wp-context=\"{&quot;imageId&quot;:&quot;69f5792ccac7a&quot;}\" data-wp-interactive=\"core\/image\" data-wp-key=\"69f5792ccac7a\" class=\"wp-block-image size-full has-lightbox wp-lightbox-container\"><img loading=\"lazy\" decoding=\"async\" width=\"2560\" height=\"1707\" data-wp-class--hide=\"state.isContentHidden\" data-wp-class--show=\"state.isContentVisible\" data-wp-init=\"callbacks.setButtonStyles\" data-wp-on--click=\"actions.showLightbox\" data-wp-on--load=\"callbacks.setButtonStyles\" data-wp-on-window--resize=\"callbacks.setButtonStyles\" data-id=\"41611\" src=\"https:\/\/syndicom.ch\/app\/uploads\/2025\/07\/gewerkschaft-syndicom-kongress25-leute8-scaled.jpg\" alt=\"Gewerkschaft syndicom Kongress 2025 Baden, Leute in der Diskussion\" class=\"wp-image-41611\" srcset=\"https:\/\/syndicom.ch\/app\/uploads\/2025\/07\/gewerkschaft-syndicom-kongress25-leute8-scaled.jpg 2560w, https:\/\/syndicom.ch\/app\/uploads\/2025\/07\/gewerkschaft-syndicom-kongress25-leute8-300x200.jpg 300w, https:\/\/syndicom.ch\/app\/uploads\/2025\/07\/gewerkschaft-syndicom-kongress25-leute8-1024x683.jpg 1024w, https:\/\/syndicom.ch\/app\/uploads\/2025\/07\/gewerkschaft-syndicom-kongress25-leute8-768x512.jpg 768w, https:\/\/syndicom.ch\/app\/uploads\/2025\/07\/gewerkschaft-syndicom-kongress25-leute8-1536x1024.jpg 1536w, https:\/\/syndicom.ch\/app\/uploads\/2025\/07\/gewerkschaft-syndicom-kongress25-leute8-2048x1365.jpg 2048w\" sizes=\"auto, (max-width: 2560px) 100vw, 2560px\" \/><button\n\t\t\tclass=\"lightbox-trigger\"\n\t\t\ttype=\"button\"\n\t\t\taria-haspopup=\"dialog\"\n\t\t\taria-label=\"Agrandir\"\n\t\t\tdata-wp-init=\"callbacks.initTriggerButton\"\n\t\t\tdata-wp-on--click=\"actions.showLightbox\"\n\t\t\tdata-wp-style--right=\"state.imageButtonRight\"\n\t\t\tdata-wp-style--top=\"state.imageButtonTop\"\n\t\t>\n\t\t\t<svg xmlns=\"http:\/\/www.w3.org\/2000\/svg\" width=\"12\" height=\"12\" fill=\"none\" viewBox=\"0 0 12 12\">\n\t\t\t\t<path fill=\"#fff\" d=\"M2 0a2 2 0 0 0-2 2v2h1.5V2a.5.5 0 0 1 .5-.5h2V0H2Zm2 10.5H2a.5.5 0 0 1-.5-.5V8H0v2a2 2 0 0 0 2 2h2v-1.5ZM8 12v-1.5h2a.5.5 0 0 0 .5-.5V8H12v2a2 2 0 0 1-2 2H8Zm2-12a2 2 0 0 1 2 2v2h-1.5V2a.5.5 0 0 0-.5-.5H8V0h2Z\" \/>\n\t\t\t<\/svg>\n\t\t<\/button><figcaption class=\"wp-element-caption\">\u00a9Frantisek Matous<\/figcaption><\/figure>\n\n\n\n<figure data-wp-context=\"{&quot;imageId&quot;:&quot;69f5792ccaf32&quot;}\" data-wp-interactive=\"core\/image\" data-wp-key=\"69f5792ccaf32\" class=\"wp-block-image size-full has-lightbox wp-lightbox-container\"><img loading=\"lazy\" decoding=\"async\" width=\"2560\" height=\"1707\" data-wp-class--hide=\"state.isContentHidden\" data-wp-class--show=\"state.isContentVisible\" data-wp-init=\"callbacks.setButtonStyles\" data-wp-on--click=\"actions.showLightbox\" data-wp-on--load=\"callbacks.setButtonStyles\" data-wp-on-window--resize=\"callbacks.setButtonStyles\" data-id=\"41607\" src=\"https:\/\/syndicom.ch\/app\/uploads\/2025\/07\/gewerkschaft-syndicom-kongress25-leute7-scaled.jpg\" alt=\"Gewerkschaft syndicom Kongress 2025 Baden, Teilnehmer\" class=\"wp-image-41607\" srcset=\"https:\/\/syndicom.ch\/app\/uploads\/2025\/07\/gewerkschaft-syndicom-kongress25-leute7-scaled.jpg 2560w, https:\/\/syndicom.ch\/app\/uploads\/2025\/07\/gewerkschaft-syndicom-kongress25-leute7-300x200.jpg 300w, https:\/\/syndicom.ch\/app\/uploads\/2025\/07\/gewerkschaft-syndicom-kongress25-leute7-1024x683.jpg 1024w, https:\/\/syndicom.ch\/app\/uploads\/2025\/07\/gewerkschaft-syndicom-kongress25-leute7-768x512.jpg 768w, https:\/\/syndicom.ch\/app\/uploads\/2025\/07\/gewerkschaft-syndicom-kongress25-leute7-1536x1024.jpg 1536w, https:\/\/syndicom.ch\/app\/uploads\/2025\/07\/gewerkschaft-syndicom-kongress25-leute7-2048x1365.jpg 2048w\" sizes=\"auto, (max-width: 2560px) 100vw, 2560px\" \/><button\n\t\t\tclass=\"lightbox-trigger\"\n\t\t\ttype=\"button\"\n\t\t\taria-haspopup=\"dialog\"\n\t\t\taria-label=\"Agrandir\"\n\t\t\tdata-wp-init=\"callbacks.initTriggerButton\"\n\t\t\tdata-wp-on--click=\"actions.showLightbox\"\n\t\t\tdata-wp-style--right=\"state.imageButtonRight\"\n\t\t\tdata-wp-style--top=\"state.imageButtonTop\"\n\t\t>\n\t\t\t<svg xmlns=\"http:\/\/www.w3.org\/2000\/svg\" width=\"12\" height=\"12\" fill=\"none\" viewBox=\"0 0 12 12\">\n\t\t\t\t<path fill=\"#fff\" d=\"M2 0a2 2 0 0 0-2 2v2h1.5V2a.5.5 0 0 1 .5-.5h2V0H2Zm2 10.5H2a.5.5 0 0 1-.5-.5V8H0v2a2 2 0 0 0 2 2h2v-1.5ZM8 12v-1.5h2a.5.5 0 0 0 .5-.5V8H12v2a2 2 0 0 1-2 2H8Zm2-12a2 2 0 0 1 2 2v2h-1.5V2a.5.5 0 0 0-.5-.5H8V0h2Z\" \/>\n\t\t\t<\/svg>\n\t\t<\/button><figcaption class=\"wp-element-caption\">\u00a9Frantisek Matous<\/figcaption><\/figure>\n\n\n\n<figure data-wp-context=\"{&quot;imageId&quot;:&quot;69f5792ccb1ec&quot;}\" data-wp-interactive=\"core\/image\" data-wp-key=\"69f5792ccb1ec\" class=\"wp-block-image size-full has-lightbox wp-lightbox-container\"><img loading=\"lazy\" decoding=\"async\" width=\"1920\" height=\"1280\" data-wp-class--hide=\"state.isContentHidden\" data-wp-class--show=\"state.isContentVisible\" data-wp-init=\"callbacks.setButtonStyles\" data-wp-on--click=\"actions.showLightbox\" data-wp-on--load=\"callbacks.setButtonStyles\" data-wp-on-window--resize=\"callbacks.setButtonStyles\" data-id=\"41619\" src=\"https:\/\/syndicom.ch\/app\/uploads\/2025\/07\/gewerkschaft-syndicom-kongress25-redner1.jpg\" alt=\"Gewerkschaft syndicom Kongress 2025 Baden, Redner\" class=\"wp-image-41619\" srcset=\"https:\/\/syndicom.ch\/app\/uploads\/2025\/07\/gewerkschaft-syndicom-kongress25-redner1.jpg 1920w, https:\/\/syndicom.ch\/app\/uploads\/2025\/07\/gewerkschaft-syndicom-kongress25-redner1-300x200.jpg 300w, https:\/\/syndicom.ch\/app\/uploads\/2025\/07\/gewerkschaft-syndicom-kongress25-redner1-1024x683.jpg 1024w, https:\/\/syndicom.ch\/app\/uploads\/2025\/07\/gewerkschaft-syndicom-kongress25-redner1-768x512.jpg 768w, https:\/\/syndicom.ch\/app\/uploads\/2025\/07\/gewerkschaft-syndicom-kongress25-redner1-1536x1024.jpg 1536w\" sizes=\"auto, (max-width: 1920px) 100vw, 1920px\" \/><button\n\t\t\tclass=\"lightbox-trigger\"\n\t\t\ttype=\"button\"\n\t\t\taria-haspopup=\"dialog\"\n\t\t\taria-label=\"Agrandir\"\n\t\t\tdata-wp-init=\"callbacks.initTriggerButton\"\n\t\t\tdata-wp-on--click=\"actions.showLightbox\"\n\t\t\tdata-wp-style--right=\"state.imageButtonRight\"\n\t\t\tdata-wp-style--top=\"state.imageButtonTop\"\n\t\t>\n\t\t\t<svg xmlns=\"http:\/\/www.w3.org\/2000\/svg\" width=\"12\" height=\"12\" fill=\"none\" viewBox=\"0 0 12 12\">\n\t\t\t\t<path fill=\"#fff\" d=\"M2 0a2 2 0 0 0-2 2v2h1.5V2a.5.5 0 0 1 .5-.5h2V0H2Zm2 10.5H2a.5.5 0 0 1-.5-.5V8H0v2a2 2 0 0 0 2 2h2v-1.5ZM8 12v-1.5h2a.5.5 0 0 0 .5-.5V8H12v2a2 2 0 0 1-2 2H8Zm2-12a2 2 0 0 1 2 2v2h-1.5V2a.5.5 0 0 0-.5-.5H8V0h2Z\" \/>\n\t\t\t<\/svg>\n\t\t<\/button><figcaption class=\"wp-element-caption\">\u00a9Marcel L\u00fcthy<\/figcaption><\/figure>\n\n\n\n<figure data-wp-context=\"{&quot;imageId&quot;:&quot;69f5792ccb4b6&quot;}\" data-wp-interactive=\"core\/image\" data-wp-key=\"69f5792ccb4b6\" class=\"wp-block-image size-full has-lightbox wp-lightbox-container\"><img loading=\"lazy\" decoding=\"async\" width=\"2560\" height=\"1707\" data-wp-class--hide=\"state.isContentHidden\" data-wp-class--show=\"state.isContentVisible\" data-wp-init=\"callbacks.setButtonStyles\" data-wp-on--click=\"actions.showLightbox\" data-wp-on--load=\"callbacks.setButtonStyles\" data-wp-on-window--resize=\"callbacks.setButtonStyles\" data-id=\"41603\" src=\"https:\/\/syndicom.ch\/app\/uploads\/2025\/07\/gewerkschaft-syndicom-kongress25-leute6-scaled.jpg\" alt=\"Gewerkschaft syndicom Kongress 2025 Baden, Teilnehmerin\" class=\"wp-image-41603\" srcset=\"https:\/\/syndicom.ch\/app\/uploads\/2025\/07\/gewerkschaft-syndicom-kongress25-leute6-scaled.jpg 2560w, https:\/\/syndicom.ch\/app\/uploads\/2025\/07\/gewerkschaft-syndicom-kongress25-leute6-300x200.jpg 300w, https:\/\/syndicom.ch\/app\/uploads\/2025\/07\/gewerkschaft-syndicom-kongress25-leute6-1024x683.jpg 1024w, https:\/\/syndicom.ch\/app\/uploads\/2025\/07\/gewerkschaft-syndicom-kongress25-leute6-768x512.jpg 768w, https:\/\/syndicom.ch\/app\/uploads\/2025\/07\/gewerkschaft-syndicom-kongress25-leute6-1536x1024.jpg 1536w, https:\/\/syndicom.ch\/app\/uploads\/2025\/07\/gewerkschaft-syndicom-kongress25-leute6-2048x1365.jpg 2048w\" sizes=\"auto, (max-width: 2560px) 100vw, 2560px\" \/><button\n\t\t\tclass=\"lightbox-trigger\"\n\t\t\ttype=\"button\"\n\t\t\taria-haspopup=\"dialog\"\n\t\t\taria-label=\"Agrandir\"\n\t\t\tdata-wp-init=\"callbacks.initTriggerButton\"\n\t\t\tdata-wp-on--click=\"actions.showLightbox\"\n\t\t\tdata-wp-style--right=\"state.imageButtonRight\"\n\t\t\tdata-wp-style--top=\"state.imageButtonTop\"\n\t\t>\n\t\t\t<svg xmlns=\"http:\/\/www.w3.org\/2000\/svg\" width=\"12\" height=\"12\" fill=\"none\" viewBox=\"0 0 12 12\">\n\t\t\t\t<path fill=\"#fff\" d=\"M2 0a2 2 0 0 0-2 2v2h1.5V2a.5.5 0 0 1 .5-.5h2V0H2Zm2 10.5H2a.5.5 0 0 1-.5-.5V8H0v2a2 2 0 0 0 2 2h2v-1.5ZM8 12v-1.5h2a.5.5 0 0 0 .5-.5V8H12v2a2 2 0 0 1-2 2H8Zm2-12a2 2 0 0 1 2 2v2h-1.5V2a.5.5 0 0 0-.5-.5H8V0h2Z\" \/>\n\t\t\t<\/svg>\n\t\t<\/button><figcaption class=\"wp-element-caption\">\u00a9Frantisek Matous<\/figcaption><\/figure>\n\n\n\n<figure data-wp-context=\"{&quot;imageId&quot;:&quot;69f5792ccb77e&quot;}\" data-wp-interactive=\"core\/image\" data-wp-key=\"69f5792ccb77e\" class=\"wp-block-image size-full has-lightbox wp-lightbox-container\"><img loading=\"lazy\" decoding=\"async\" width=\"2560\" height=\"1707\" data-wp-class--hide=\"state.isContentHidden\" data-wp-class--show=\"state.isContentVisible\" data-wp-init=\"callbacks.setButtonStyles\" data-wp-on--click=\"actions.showLightbox\" data-wp-on--load=\"callbacks.setButtonStyles\" data-wp-on-window--resize=\"callbacks.setButtonStyles\" data-id=\"41599\" src=\"https:\/\/syndicom.ch\/app\/uploads\/2025\/07\/gewerkschaft-syndicom-kongress25-leute5-scaled.jpg\" alt=\"Gewerkschaft syndicom Kongress 2025 Baden, Teilnehmer\" class=\"wp-image-41599\" srcset=\"https:\/\/syndicom.ch\/app\/uploads\/2025\/07\/gewerkschaft-syndicom-kongress25-leute5-scaled.jpg 2560w, https:\/\/syndicom.ch\/app\/uploads\/2025\/07\/gewerkschaft-syndicom-kongress25-leute5-300x200.jpg 300w, https:\/\/syndicom.ch\/app\/uploads\/2025\/07\/gewerkschaft-syndicom-kongress25-leute5-1024x683.jpg 1024w, https:\/\/syndicom.ch\/app\/uploads\/2025\/07\/gewerkschaft-syndicom-kongress25-leute5-768x512.jpg 768w, https:\/\/syndicom.ch\/app\/uploads\/2025\/07\/gewerkschaft-syndicom-kongress25-leute5-1536x1024.jpg 1536w, https:\/\/syndicom.ch\/app\/uploads\/2025\/07\/gewerkschaft-syndicom-kongress25-leute5-2048x1365.jpg 2048w\" sizes=\"auto, (max-width: 2560px) 100vw, 2560px\" \/><button\n\t\t\tclass=\"lightbox-trigger\"\n\t\t\ttype=\"button\"\n\t\t\taria-haspopup=\"dialog\"\n\t\t\taria-label=\"Agrandir\"\n\t\t\tdata-wp-init=\"callbacks.initTriggerButton\"\n\t\t\tdata-wp-on--click=\"actions.showLightbox\"\n\t\t\tdata-wp-style--right=\"state.imageButtonRight\"\n\t\t\tdata-wp-style--top=\"state.imageButtonTop\"\n\t\t>\n\t\t\t<svg xmlns=\"http:\/\/www.w3.org\/2000\/svg\" width=\"12\" height=\"12\" fill=\"none\" viewBox=\"0 0 12 12\">\n\t\t\t\t<path fill=\"#fff\" d=\"M2 0a2 2 0 0 0-2 2v2h1.5V2a.5.5 0 0 1 .5-.5h2V0H2Zm2 10.5H2a.5.5 0 0 1-.5-.5V8H0v2a2 2 0 0 0 2 2h2v-1.5ZM8 12v-1.5h2a.5.5 0 0 0 .5-.5V8H12v2a2 2 0 0 1-2 2H8Zm2-12a2 2 0 0 1 2 2v2h-1.5V2a.5.5 0 0 0-.5-.5H8V0h2Z\" \/>\n\t\t\t<\/svg>\n\t\t<\/button><figcaption class=\"wp-element-caption\">\u00a9Frantisek Matous<\/figcaption><\/figure>\n\n\n\n<figure data-wp-context=\"{&quot;imageId&quot;:&quot;69f5792ccba43&quot;}\" data-wp-interactive=\"core\/image\" data-wp-key=\"69f5792ccba43\" class=\"wp-block-image size-full has-lightbox wp-lightbox-container\"><img loading=\"lazy\" decoding=\"async\" width=\"1920\" height=\"1281\" data-wp-class--hide=\"state.isContentHidden\" data-wp-class--show=\"state.isContentVisible\" data-wp-init=\"callbacks.setButtonStyles\" data-wp-on--click=\"actions.showLightbox\" data-wp-on--load=\"callbacks.setButtonStyles\" data-wp-on-window--resize=\"callbacks.setButtonStyles\" data-id=\"41685\" src=\"https:\/\/syndicom.ch\/app\/uploads\/2025\/07\/gewerkschaft-syndicom-kongress25-redner6.jpg\" alt=\"Gewerkschaft syndicom Kongress 2025 Baden, Redner\" class=\"wp-image-41685\" srcset=\"https:\/\/syndicom.ch\/app\/uploads\/2025\/07\/gewerkschaft-syndicom-kongress25-redner6.jpg 1920w, https:\/\/syndicom.ch\/app\/uploads\/2025\/07\/gewerkschaft-syndicom-kongress25-redner6-300x200.jpg 300w, https:\/\/syndicom.ch\/app\/uploads\/2025\/07\/gewerkschaft-syndicom-kongress25-redner6-1024x683.jpg 1024w, https:\/\/syndicom.ch\/app\/uploads\/2025\/07\/gewerkschaft-syndicom-kongress25-redner6-768x512.jpg 768w, https:\/\/syndicom.ch\/app\/uploads\/2025\/07\/gewerkschaft-syndicom-kongress25-redner6-1536x1025.jpg 1536w\" sizes=\"auto, (max-width: 1920px) 100vw, 1920px\" \/><button\n\t\t\tclass=\"lightbox-trigger\"\n\t\t\ttype=\"button\"\n\t\t\taria-haspopup=\"dialog\"\n\t\t\taria-label=\"Agrandir\"\n\t\t\tdata-wp-init=\"callbacks.initTriggerButton\"\n\t\t\tdata-wp-on--click=\"actions.showLightbox\"\n\t\t\tdata-wp-style--right=\"state.imageButtonRight\"\n\t\t\tdata-wp-style--top=\"state.imageButtonTop\"\n\t\t>\n\t\t\t<svg xmlns=\"http:\/\/www.w3.org\/2000\/svg\" width=\"12\" height=\"12\" fill=\"none\" viewBox=\"0 0 12 12\">\n\t\t\t\t<path fill=\"#fff\" d=\"M2 0a2 2 0 0 0-2 2v2h1.5V2a.5.5 0 0 1 .5-.5h2V0H2Zm2 10.5H2a.5.5 0 0 1-.5-.5V8H0v2a2 2 0 0 0 2 2h2v-1.5ZM8 12v-1.5h2a.5.5 0 0 0 .5-.5V8H12v2a2 2 0 0 1-2 2H8Zm2-12a2 2 0 0 1 2 2v2h-1.5V2a.5.5 0 0 0-.5-.5H8V0h2Z\" \/>\n\t\t\t<\/svg>\n\t\t<\/button><figcaption class=\"wp-element-caption\">\u00a9Marcel L\u00fcthy<\/figcaption><\/figure>\n\n\n\n<figure data-wp-context=\"{&quot;imageId&quot;:&quot;69f5792ccbd0e&quot;}\" data-wp-interactive=\"core\/image\" data-wp-key=\"69f5792ccbd0e\" class=\"wp-block-image size-full has-lightbox wp-lightbox-container\"><img loading=\"lazy\" decoding=\"async\" width=\"2560\" height=\"1707\" data-wp-class--hide=\"state.isContentHidden\" data-wp-class--show=\"state.isContentVisible\" data-wp-init=\"callbacks.setButtonStyles\" data-wp-on--click=\"actions.showLightbox\" data-wp-on--load=\"callbacks.setButtonStyles\" data-wp-on-window--resize=\"callbacks.setButtonStyles\" data-id=\"41681\" src=\"https:\/\/syndicom.ch\/app\/uploads\/2025\/07\/gewerkschaft-syndicom-kongress25-leute19-scaled.jpg\" alt=\"Gewerkschaft syndicom Kongress 2025 Baden, Personen in der Diskussion\" class=\"wp-image-41681\" srcset=\"https:\/\/syndicom.ch\/app\/uploads\/2025\/07\/gewerkschaft-syndicom-kongress25-leute19-scaled.jpg 2560w, https:\/\/syndicom.ch\/app\/uploads\/2025\/07\/gewerkschaft-syndicom-kongress25-leute19-300x200.jpg 300w, https:\/\/syndicom.ch\/app\/uploads\/2025\/07\/gewerkschaft-syndicom-kongress25-leute19-1024x683.jpg 1024w, https:\/\/syndicom.ch\/app\/uploads\/2025\/07\/gewerkschaft-syndicom-kongress25-leute19-768x512.jpg 768w, https:\/\/syndicom.ch\/app\/uploads\/2025\/07\/gewerkschaft-syndicom-kongress25-leute19-1536x1024.jpg 1536w, https:\/\/syndicom.ch\/app\/uploads\/2025\/07\/gewerkschaft-syndicom-kongress25-leute19-2048x1365.jpg 2048w\" sizes=\"auto, (max-width: 2560px) 100vw, 2560px\" \/><button\n\t\t\tclass=\"lightbox-trigger\"\n\t\t\ttype=\"button\"\n\t\t\taria-haspopup=\"dialog\"\n\t\t\taria-label=\"Agrandir\"\n\t\t\tdata-wp-init=\"callbacks.initTriggerButton\"\n\t\t\tdata-wp-on--click=\"actions.showLightbox\"\n\t\t\tdata-wp-style--right=\"state.imageButtonRight\"\n\t\t\tdata-wp-style--top=\"state.imageButtonTop\"\n\t\t>\n\t\t\t<svg xmlns=\"http:\/\/www.w3.org\/2000\/svg\" width=\"12\" height=\"12\" fill=\"none\" viewBox=\"0 0 12 12\">\n\t\t\t\t<path fill=\"#fff\" d=\"M2 0a2 2 0 0 0-2 2v2h1.5V2a.5.5 0 0 1 .5-.5h2V0H2Zm2 10.5H2a.5.5 0 0 1-.5-.5V8H0v2a2 2 0 0 0 2 2h2v-1.5ZM8 12v-1.5h2a.5.5 0 0 0 .5-.5V8H12v2a2 2 0 0 1-2 2H8Zm2-12a2 2 0 0 1 2 2v2h-1.5V2a.5.5 0 0 0-.5-.5H8V0h2Z\" \/>\n\t\t\t<\/svg>\n\t\t<\/button><figcaption class=\"wp-element-caption\">\u00a9Frantisek Matous<\/figcaption><\/figure>\n\n\n\n<figure data-wp-context=\"{&quot;imageId&quot;:&quot;69f5792ccbfd0&quot;}\" data-wp-interactive=\"core\/image\" data-wp-key=\"69f5792ccbfd0\" class=\"wp-block-image size-full has-lightbox wp-lightbox-container\"><img loading=\"lazy\" decoding=\"async\" width=\"2560\" height=\"1707\" data-wp-class--hide=\"state.isContentHidden\" data-wp-class--show=\"state.isContentVisible\" data-wp-init=\"callbacks.setButtonStyles\" data-wp-on--click=\"actions.showLightbox\" data-wp-on--load=\"callbacks.setButtonStyles\" data-wp-on-window--resize=\"callbacks.setButtonStyles\" data-id=\"41673\" src=\"https:\/\/syndicom.ch\/app\/uploads\/2025\/07\/gewerkschaft-syndicom-kongress25-leute17-scaled.jpg\" alt=\"Gewerkschaft syndicom Kongress 2025 Baden, Teilnehmer:innen\" class=\"wp-image-41673\" srcset=\"https:\/\/syndicom.ch\/app\/uploads\/2025\/07\/gewerkschaft-syndicom-kongress25-leute17-scaled.jpg 2560w, https:\/\/syndicom.ch\/app\/uploads\/2025\/07\/gewerkschaft-syndicom-kongress25-leute17-300x200.jpg 300w, https:\/\/syndicom.ch\/app\/uploads\/2025\/07\/gewerkschaft-syndicom-kongress25-leute17-1024x683.jpg 1024w, https:\/\/syndicom.ch\/app\/uploads\/2025\/07\/gewerkschaft-syndicom-kongress25-leute17-768x512.jpg 768w, https:\/\/syndicom.ch\/app\/uploads\/2025\/07\/gewerkschaft-syndicom-kongress25-leute17-1536x1024.jpg 1536w, https:\/\/syndicom.ch\/app\/uploads\/2025\/07\/gewerkschaft-syndicom-kongress25-leute17-2048x1365.jpg 2048w\" sizes=\"auto, (max-width: 2560px) 100vw, 2560px\" \/><button\n\t\t\tclass=\"lightbox-trigger\"\n\t\t\ttype=\"button\"\n\t\t\taria-haspopup=\"dialog\"\n\t\t\taria-label=\"Agrandir\"\n\t\t\tdata-wp-init=\"callbacks.initTriggerButton\"\n\t\t\tdata-wp-on--click=\"actions.showLightbox\"\n\t\t\tdata-wp-style--right=\"state.imageButtonRight\"\n\t\t\tdata-wp-style--top=\"state.imageButtonTop\"\n\t\t>\n\t\t\t<svg xmlns=\"http:\/\/www.w3.org\/2000\/svg\" width=\"12\" height=\"12\" fill=\"none\" viewBox=\"0 0 12 12\">\n\t\t\t\t<path fill=\"#fff\" d=\"M2 0a2 2 0 0 0-2 2v2h1.5V2a.5.5 0 0 1 .5-.5h2V0H2Zm2 10.5H2a.5.5 0 0 1-.5-.5V8H0v2a2 2 0 0 0 2 2h2v-1.5ZM8 12v-1.5h2a.5.5 0 0 0 .5-.5V8H12v2a2 2 0 0 1-2 2H8Zm2-12a2 2 0 0 1 2 2v2h-1.5V2a.5.5 0 0 0-.5-.5H8V0h2Z\" \/>\n\t\t\t<\/svg>\n\t\t<\/button><figcaption class=\"wp-element-caption\">\u00a9Frantisek Matous<\/figcaption><\/figure>\n\n\n\n<figure data-wp-context=\"{&quot;imageId&quot;:&quot;69f5792ccc29d&quot;}\" data-wp-interactive=\"core\/image\" data-wp-key=\"69f5792ccc29d\" class=\"wp-block-image size-full has-lightbox wp-lightbox-container\"><img loading=\"lazy\" decoding=\"async\" width=\"2560\" height=\"1707\" data-wp-class--hide=\"state.isContentHidden\" data-wp-class--show=\"state.isContentVisible\" data-wp-init=\"callbacks.setButtonStyles\" data-wp-on--click=\"actions.showLightbox\" data-wp-on--load=\"callbacks.setButtonStyles\" data-wp-on-window--resize=\"callbacks.setButtonStyles\" data-id=\"41677\" src=\"https:\/\/syndicom.ch\/app\/uploads\/2025\/07\/gewerkschaft-syndicom-kongress25-leute18-scaled.jpg\" alt=\"Gewerkschaft syndicom Kongress 2025 Baden, Teilnehmer:innen\" class=\"wp-image-41677\" srcset=\"https:\/\/syndicom.ch\/app\/uploads\/2025\/07\/gewerkschaft-syndicom-kongress25-leute18-scaled.jpg 2560w, https:\/\/syndicom.ch\/app\/uploads\/2025\/07\/gewerkschaft-syndicom-kongress25-leute18-300x200.jpg 300w, https:\/\/syndicom.ch\/app\/uploads\/2025\/07\/gewerkschaft-syndicom-kongress25-leute18-1024x683.jpg 1024w, https:\/\/syndicom.ch\/app\/uploads\/2025\/07\/gewerkschaft-syndicom-kongress25-leute18-768x512.jpg 768w, https:\/\/syndicom.ch\/app\/uploads\/2025\/07\/gewerkschaft-syndicom-kongress25-leute18-1536x1024.jpg 1536w, https:\/\/syndicom.ch\/app\/uploads\/2025\/07\/gewerkschaft-syndicom-kongress25-leute18-2048x1365.jpg 2048w\" sizes=\"auto, (max-width: 2560px) 100vw, 2560px\" \/><button\n\t\t\tclass=\"lightbox-trigger\"\n\t\t\ttype=\"button\"\n\t\t\taria-haspopup=\"dialog\"\n\t\t\taria-label=\"Agrandir\"\n\t\t\tdata-wp-init=\"callbacks.initTriggerButton\"\n\t\t\tdata-wp-on--click=\"actions.showLightbox\"\n\t\t\tdata-wp-style--right=\"state.imageButtonRight\"\n\t\t\tdata-wp-style--top=\"state.imageButtonTop\"\n\t\t>\n\t\t\t<svg xmlns=\"http:\/\/www.w3.org\/2000\/svg\" width=\"12\" height=\"12\" fill=\"none\" viewBox=\"0 0 12 12\">\n\t\t\t\t<path fill=\"#fff\" d=\"M2 0a2 2 0 0 0-2 2v2h1.5V2a.5.5 0 0 1 .5-.5h2V0H2Zm2 10.5H2a.5.5 0 0 1-.5-.5V8H0v2a2 2 0 0 0 2 2h2v-1.5ZM8 12v-1.5h2a.5.5 0 0 0 .5-.5V8H12v2a2 2 0 0 1-2 2H8Zm2-12a2 2 0 0 1 2 2v2h-1.5V2a.5.5 0 0 0-.5-.5H8V0h2Z\" \/>\n\t\t\t<\/svg>\n\t\t<\/button><figcaption class=\"wp-element-caption\">\u00a9Frantisek Matous<\/figcaption><\/figure>\n\n\n\n<figure data-wp-context=\"{&quot;imageId&quot;:&quot;69f5792ccc585&quot;}\" data-wp-interactive=\"core\/image\" data-wp-key=\"69f5792ccc585\" class=\"wp-block-image size-full has-lightbox wp-lightbox-container\"><img loading=\"lazy\" decoding=\"async\" width=\"2560\" height=\"1707\" data-wp-class--hide=\"state.isContentHidden\" data-wp-class--show=\"state.isContentVisible\" data-wp-init=\"callbacks.setButtonStyles\" data-wp-on--click=\"actions.showLightbox\" data-wp-on--load=\"callbacks.setButtonStyles\" data-wp-on-window--resize=\"callbacks.setButtonStyles\" data-id=\"41669\" src=\"https:\/\/syndicom.ch\/app\/uploads\/2025\/07\/gewerkschaft-syndicom-kongress25-leute16-scaled.jpg\" alt=\"Gewerkschaft syndicom Kongress 2025 Baden, Teilnehmer:innen\" class=\"wp-image-41669\" srcset=\"https:\/\/syndicom.ch\/app\/uploads\/2025\/07\/gewerkschaft-syndicom-kongress25-leute16-scaled.jpg 2560w, https:\/\/syndicom.ch\/app\/uploads\/2025\/07\/gewerkschaft-syndicom-kongress25-leute16-300x200.jpg 300w, https:\/\/syndicom.ch\/app\/uploads\/2025\/07\/gewerkschaft-syndicom-kongress25-leute16-1024x683.jpg 1024w, https:\/\/syndicom.ch\/app\/uploads\/2025\/07\/gewerkschaft-syndicom-kongress25-leute16-768x512.jpg 768w, https:\/\/syndicom.ch\/app\/uploads\/2025\/07\/gewerkschaft-syndicom-kongress25-leute16-1536x1024.jpg 1536w, https:\/\/syndicom.ch\/app\/uploads\/2025\/07\/gewerkschaft-syndicom-kongress25-leute16-2048x1365.jpg 2048w\" sizes=\"auto, (max-width: 2560px) 100vw, 2560px\" \/><button\n\t\t\tclass=\"lightbox-trigger\"\n\t\t\ttype=\"button\"\n\t\t\taria-haspopup=\"dialog\"\n\t\t\taria-label=\"Agrandir\"\n\t\t\tdata-wp-init=\"callbacks.initTriggerButton\"\n\t\t\tdata-wp-on--click=\"actions.showLightbox\"\n\t\t\tdata-wp-style--right=\"state.imageButtonRight\"\n\t\t\tdata-wp-style--top=\"state.imageButtonTop\"\n\t\t>\n\t\t\t<svg xmlns=\"http:\/\/www.w3.org\/2000\/svg\" width=\"12\" height=\"12\" fill=\"none\" viewBox=\"0 0 12 12\">\n\t\t\t\t<path fill=\"#fff\" d=\"M2 0a2 2 0 0 0-2 2v2h1.5V2a.5.5 0 0 1 .5-.5h2V0H2Zm2 10.5H2a.5.5 0 0 1-.5-.5V8H0v2a2 2 0 0 0 2 2h2v-1.5ZM8 12v-1.5h2a.5.5 0 0 0 .5-.5V8H12v2a2 2 0 0 1-2 2H8Zm2-12a2 2 0 0 1 2 2v2h-1.5V2a.5.5 0 0 0-.5-.5H8V0h2Z\" \/>\n\t\t\t<\/svg>\n\t\t<\/button><figcaption class=\"wp-element-caption\"> \u00a9Frantisek Matous<\/figcaption><\/figure>\n\n\n\n<figure data-wp-context=\"{&quot;imageId&quot;:&quot;69f5792ccc86f&quot;}\" data-wp-interactive=\"core\/image\" data-wp-key=\"69f5792ccc86f\" class=\"wp-block-image size-full has-lightbox wp-lightbox-container\"><img loading=\"lazy\" decoding=\"async\" width=\"2560\" height=\"1707\" data-wp-class--hide=\"state.isContentHidden\" data-wp-class--show=\"state.isContentVisible\" data-wp-init=\"callbacks.setButtonStyles\" data-wp-on--click=\"actions.showLightbox\" data-wp-on--load=\"callbacks.setButtonStyles\" data-wp-on-window--resize=\"callbacks.setButtonStyles\" data-id=\"41665\" src=\"https:\/\/syndicom.ch\/app\/uploads\/2025\/07\/gewerkschaft-syndicom-kongress25-leute15-scaled.jpg\" alt=\"Gewerkschaft syndicom Kongress 2025 Baden, Teilnehmer\" class=\"wp-image-41665\" srcset=\"https:\/\/syndicom.ch\/app\/uploads\/2025\/07\/gewerkschaft-syndicom-kongress25-leute15-scaled.jpg 2560w, https:\/\/syndicom.ch\/app\/uploads\/2025\/07\/gewerkschaft-syndicom-kongress25-leute15-300x200.jpg 300w, https:\/\/syndicom.ch\/app\/uploads\/2025\/07\/gewerkschaft-syndicom-kongress25-leute15-1024x683.jpg 1024w, https:\/\/syndicom.ch\/app\/uploads\/2025\/07\/gewerkschaft-syndicom-kongress25-leute15-768x512.jpg 768w, https:\/\/syndicom.ch\/app\/uploads\/2025\/07\/gewerkschaft-syndicom-kongress25-leute15-1536x1024.jpg 1536w, https:\/\/syndicom.ch\/app\/uploads\/2025\/07\/gewerkschaft-syndicom-kongress25-leute15-2048x1365.jpg 2048w\" sizes=\"auto, (max-width: 2560px) 100vw, 2560px\" \/><button\n\t\t\tclass=\"lightbox-trigger\"\n\t\t\ttype=\"button\"\n\t\t\taria-haspopup=\"dialog\"\n\t\t\taria-label=\"Agrandir\"\n\t\t\tdata-wp-init=\"callbacks.initTriggerButton\"\n\t\t\tdata-wp-on--click=\"actions.showLightbox\"\n\t\t\tdata-wp-style--right=\"state.imageButtonRight\"\n\t\t\tdata-wp-style--top=\"state.imageButtonTop\"\n\t\t>\n\t\t\t<svg xmlns=\"http:\/\/www.w3.org\/2000\/svg\" width=\"12\" height=\"12\" fill=\"none\" viewBox=\"0 0 12 12\">\n\t\t\t\t<path fill=\"#fff\" d=\"M2 0a2 2 0 0 0-2 2v2h1.5V2a.5.5 0 0 1 .5-.5h2V0H2Zm2 10.5H2a.5.5 0 0 1-.5-.5V8H0v2a2 2 0 0 0 2 2h2v-1.5ZM8 12v-1.5h2a.5.5 0 0 0 .5-.5V8H12v2a2 2 0 0 1-2 2H8Zm2-12a2 2 0 0 1 2 2v2h-1.5V2a.5.5 0 0 0-.5-.5H8V0h2Z\" \/>\n\t\t\t<\/svg>\n\t\t<\/button><figcaption class=\"wp-element-caption\">\u00a9Frantisek Matous<\/figcaption><\/figure>\n\n\n\n<figure data-wp-context=\"{&quot;imageId&quot;:&quot;69f5792cccb34&quot;}\" data-wp-interactive=\"core\/image\" data-wp-key=\"69f5792cccb34\" class=\"wp-block-image size-full has-lightbox wp-lightbox-container\"><img loading=\"lazy\" decoding=\"async\" width=\"1920\" height=\"1281\" data-wp-class--hide=\"state.isContentHidden\" data-wp-class--show=\"state.isContentVisible\" data-wp-init=\"callbacks.setButtonStyles\" data-wp-on--click=\"actions.showLightbox\" data-wp-on--load=\"callbacks.setButtonStyles\" data-wp-on-window--resize=\"callbacks.setButtonStyles\" data-id=\"41661\" src=\"https:\/\/syndicom.ch\/app\/uploads\/2025\/07\/gewerkschaft-syndicom-kongress25-leute14.jpg\" alt=\"Gewerkschaft syndicom Kongress 2025 Baden, Teilnehmer:innen\" class=\"wp-image-41661\" srcset=\"https:\/\/syndicom.ch\/app\/uploads\/2025\/07\/gewerkschaft-syndicom-kongress25-leute14.jpg 1920w, https:\/\/syndicom.ch\/app\/uploads\/2025\/07\/gewerkschaft-syndicom-kongress25-leute14-300x200.jpg 300w, https:\/\/syndicom.ch\/app\/uploads\/2025\/07\/gewerkschaft-syndicom-kongress25-leute14-1024x683.jpg 1024w, https:\/\/syndicom.ch\/app\/uploads\/2025\/07\/gewerkschaft-syndicom-kongress25-leute14-768x512.jpg 768w, https:\/\/syndicom.ch\/app\/uploads\/2025\/07\/gewerkschaft-syndicom-kongress25-leute14-1536x1025.jpg 1536w\" sizes=\"auto, (max-width: 1920px) 100vw, 1920px\" \/><button\n\t\t\tclass=\"lightbox-trigger\"\n\t\t\ttype=\"button\"\n\t\t\taria-haspopup=\"dialog\"\n\t\t\taria-label=\"Agrandir\"\n\t\t\tdata-wp-init=\"callbacks.initTriggerButton\"\n\t\t\tdata-wp-on--click=\"actions.showLightbox\"\n\t\t\tdata-wp-style--right=\"state.imageButtonRight\"\n\t\t\tdata-wp-style--top=\"state.imageButtonTop\"\n\t\t>\n\t\t\t<svg xmlns=\"http:\/\/www.w3.org\/2000\/svg\" width=\"12\" height=\"12\" fill=\"none\" viewBox=\"0 0 12 12\">\n\t\t\t\t<path fill=\"#fff\" d=\"M2 0a2 2 0 0 0-2 2v2h1.5V2a.5.5 0 0 1 .5-.5h2V0H2Zm2 10.5H2a.5.5 0 0 1-.5-.5V8H0v2a2 2 0 0 0 2 2h2v-1.5ZM8 12v-1.5h2a.5.5 0 0 0 .5-.5V8H12v2a2 2 0 0 1-2 2H8Zm2-12a2 2 0 0 1 2 2v2h-1.5V2a.5.5 0 0 0-.5-.5H8V0h2Z\" \/>\n\t\t\t<\/svg>\n\t\t<\/button><figcaption class=\"wp-element-caption\">\u00a9Marcel L\u00fcthy<\/figcaption><\/figure>\n\n\n\n<figure data-wp-context=\"{&quot;imageId&quot;:&quot;69f5792cccdf2&quot;}\" data-wp-interactive=\"core\/image\" data-wp-key=\"69f5792cccdf2\" class=\"wp-block-image size-full has-lightbox wp-lightbox-container\"><img loading=\"lazy\" decoding=\"async\" width=\"2560\" height=\"1707\" data-wp-class--hide=\"state.isContentHidden\" data-wp-class--show=\"state.isContentVisible\" data-wp-init=\"callbacks.setButtonStyles\" data-wp-on--click=\"actions.showLightbox\" data-wp-on--load=\"callbacks.setButtonStyles\" data-wp-on-window--resize=\"callbacks.setButtonStyles\" data-id=\"41694\" src=\"https:\/\/syndicom.ch\/app\/uploads\/2025\/07\/gewerkschaft-syndicom-kongress25-leute21-scaled.jpg\" alt=\"Gewerkschaft syndicom Kongress 2025 Baden, Teilnehmer\" class=\"wp-image-41694\" srcset=\"https:\/\/syndicom.ch\/app\/uploads\/2025\/07\/gewerkschaft-syndicom-kongress25-leute21-scaled.jpg 2560w, https:\/\/syndicom.ch\/app\/uploads\/2025\/07\/gewerkschaft-syndicom-kongress25-leute21-300x200.jpg 300w, https:\/\/syndicom.ch\/app\/uploads\/2025\/07\/gewerkschaft-syndicom-kongress25-leute21-1024x683.jpg 1024w, https:\/\/syndicom.ch\/app\/uploads\/2025\/07\/gewerkschaft-syndicom-kongress25-leute21-768x512.jpg 768w, https:\/\/syndicom.ch\/app\/uploads\/2025\/07\/gewerkschaft-syndicom-kongress25-leute21-1536x1024.jpg 1536w, https:\/\/syndicom.ch\/app\/uploads\/2025\/07\/gewerkschaft-syndicom-kongress25-leute21-2048x1365.jpg 2048w\" sizes=\"auto, (max-width: 2560px) 100vw, 2560px\" \/><button\n\t\t\tclass=\"lightbox-trigger\"\n\t\t\ttype=\"button\"\n\t\t\taria-haspopup=\"dialog\"\n\t\t\taria-label=\"Agrandir\"\n\t\t\tdata-wp-init=\"callbacks.initTriggerButton\"\n\t\t\tdata-wp-on--click=\"actions.showLightbox\"\n\t\t\tdata-wp-style--right=\"state.imageButtonRight\"\n\t\t\tdata-wp-style--top=\"state.imageButtonTop\"\n\t\t>\n\t\t\t<svg xmlns=\"http:\/\/www.w3.org\/2000\/svg\" width=\"12\" height=\"12\" fill=\"none\" viewBox=\"0 0 12 12\">\n\t\t\t\t<path fill=\"#fff\" d=\"M2 0a2 2 0 0 0-2 2v2h1.5V2a.5.5 0 0 1 .5-.5h2V0H2Zm2 10.5H2a.5.5 0 0 1-.5-.5V8H0v2a2 2 0 0 0 2 2h2v-1.5ZM8 12v-1.5h2a.5.5 0 0 0 .5-.5V8H12v2a2 2 0 0 1-2 2H8Zm2-12a2 2 0 0 1 2 2v2h-1.5V2a.5.5 0 0 0-.5-.5H8V0h2Z\" \/>\n\t\t\t<\/svg>\n\t\t<\/button><figcaption class=\"wp-element-caption\">\u00a9Frantisek Matous<\/figcaption><\/figure>\n\n\n\n<figure data-wp-context=\"{&quot;imageId&quot;:&quot;69f5792ccd0b1&quot;}\" data-wp-interactive=\"core\/image\" data-wp-key=\"69f5792ccd0b1\" class=\"wp-block-image size-full has-lightbox wp-lightbox-container\"><img loading=\"lazy\" decoding=\"async\" width=\"2560\" height=\"1707\" data-wp-class--hide=\"state.isContentHidden\" data-wp-class--show=\"state.isContentVisible\" data-wp-init=\"callbacks.setButtonStyles\" data-wp-on--click=\"actions.showLightbox\" data-wp-on--load=\"callbacks.setButtonStyles\" data-wp-on-window--resize=\"callbacks.setButtonStyles\" data-id=\"41615\" src=\"https:\/\/syndicom.ch\/app\/uploads\/2025\/07\/gewerkschaft-syndicom-kongress25-leute9-scaled.jpg\" alt=\"Gewerkschaft syndicom Kongress 2025 Baden, Leute in der Diskussion\" class=\"wp-image-41615\" srcset=\"https:\/\/syndicom.ch\/app\/uploads\/2025\/07\/gewerkschaft-syndicom-kongress25-leute9-scaled.jpg 2560w, https:\/\/syndicom.ch\/app\/uploads\/2025\/07\/gewerkschaft-syndicom-kongress25-leute9-300x200.jpg 300w, https:\/\/syndicom.ch\/app\/uploads\/2025\/07\/gewerkschaft-syndicom-kongress25-leute9-1024x683.jpg 1024w, https:\/\/syndicom.ch\/app\/uploads\/2025\/07\/gewerkschaft-syndicom-kongress25-leute9-768x512.jpg 768w, https:\/\/syndicom.ch\/app\/uploads\/2025\/07\/gewerkschaft-syndicom-kongress25-leute9-1536x1024.jpg 1536w, https:\/\/syndicom.ch\/app\/uploads\/2025\/07\/gewerkschaft-syndicom-kongress25-leute9-2048x1366.jpg 2048w\" sizes=\"auto, (max-width: 2560px) 100vw, 2560px\" \/><button\n\t\t\tclass=\"lightbox-trigger\"\n\t\t\ttype=\"button\"\n\t\t\taria-haspopup=\"dialog\"\n\t\t\taria-label=\"Agrandir\"\n\t\t\tdata-wp-init=\"callbacks.initTriggerButton\"\n\t\t\tdata-wp-on--click=\"actions.showLightbox\"\n\t\t\tdata-wp-style--right=\"state.imageButtonRight\"\n\t\t\tdata-wp-style--top=\"state.imageButtonTop\"\n\t\t>\n\t\t\t<svg xmlns=\"http:\/\/www.w3.org\/2000\/svg\" width=\"12\" height=\"12\" fill=\"none\" viewBox=\"0 0 12 12\">\n\t\t\t\t<path fill=\"#fff\" d=\"M2 0a2 2 0 0 0-2 2v2h1.5V2a.5.5 0 0 1 .5-.5h2V0H2Zm2 10.5H2a.5.5 0 0 1-.5-.5V8H0v2a2 2 0 0 0 2 2h2v-1.5ZM8 12v-1.5h2a.5.5 0 0 0 .5-.5V8H12v2a2 2 0 0 1-2 2H8Zm2-12a2 2 0 0 1 2 2v2h-1.5V2a.5.5 0 0 0-.5-.5H8V0h2Z\" \/>\n\t\t\t<\/svg>\n\t\t<\/button><figcaption class=\"wp-element-caption\">\u00a9Frantisek Matous<\/figcaption><\/figure>\n\n\n\n<figure data-wp-context=\"{&quot;imageId&quot;:&quot;69f5792ccd377&quot;}\" data-wp-interactive=\"core\/image\" data-wp-key=\"69f5792ccd377\" class=\"wp-block-image size-full has-lightbox wp-lightbox-container\"><img loading=\"lazy\" decoding=\"async\" width=\"1280\" height=\"1920\" data-wp-class--hide=\"state.isContentHidden\" data-wp-class--show=\"state.isContentVisible\" data-wp-init=\"callbacks.setButtonStyles\" data-wp-on--click=\"actions.showLightbox\" data-wp-on--load=\"callbacks.setButtonStyles\" data-wp-on-window--resize=\"callbacks.setButtonStyles\" data-id=\"41639\" src=\"https:\/\/syndicom.ch\/app\/uploads\/2025\/07\/gewerkschaft-syndicom-kongress25-rednerin2.jpg\" alt=\"Gewerkschaft syndicom Kongress 2025 Baden, Rednerin\" class=\"wp-image-41639\" srcset=\"https:\/\/syndicom.ch\/app\/uploads\/2025\/07\/gewerkschaft-syndicom-kongress25-rednerin2.jpg 1280w, https:\/\/syndicom.ch\/app\/uploads\/2025\/07\/gewerkschaft-syndicom-kongress25-rednerin2-200x300.jpg 200w, https:\/\/syndicom.ch\/app\/uploads\/2025\/07\/gewerkschaft-syndicom-kongress25-rednerin2-683x1024.jpg 683w, https:\/\/syndicom.ch\/app\/uploads\/2025\/07\/gewerkschaft-syndicom-kongress25-rednerin2-768x1152.jpg 768w, https:\/\/syndicom.ch\/app\/uploads\/2025\/07\/gewerkschaft-syndicom-kongress25-rednerin2-1024x1536.jpg 1024w\" sizes=\"auto, (max-width: 1280px) 100vw, 1280px\" \/><button\n\t\t\tclass=\"lightbox-trigger\"\n\t\t\ttype=\"button\"\n\t\t\taria-haspopup=\"dialog\"\n\t\t\taria-label=\"Agrandir\"\n\t\t\tdata-wp-init=\"callbacks.initTriggerButton\"\n\t\t\tdata-wp-on--click=\"actions.showLightbox\"\n\t\t\tdata-wp-style--right=\"state.imageButtonRight\"\n\t\t\tdata-wp-style--top=\"state.imageButtonTop\"\n\t\t>\n\t\t\t<svg xmlns=\"http:\/\/www.w3.org\/2000\/svg\" width=\"12\" height=\"12\" fill=\"none\" viewBox=\"0 0 12 12\">\n\t\t\t\t<path fill=\"#fff\" d=\"M2 0a2 2 0 0 0-2 2v2h1.5V2a.5.5 0 0 1 .5-.5h2V0H2Zm2 10.5H2a.5.5 0 0 1-.5-.5V8H0v2a2 2 0 0 0 2 2h2v-1.5ZM8 12v-1.5h2a.5.5 0 0 0 .5-.5V8H12v2a2 2 0 0 1-2 2H8Zm2-12a2 2 0 0 1 2 2v2h-1.5V2a.5.5 0 0 0-.5-.5H8V0h2Z\" \/>\n\t\t\t<\/svg>\n\t\t<\/button><figcaption class=\"wp-element-caption\">\u00a9Marcel L\u00fcthy<\/figcaption><\/figure>\n\n\n\n<figure data-wp-context=\"{&quot;imageId&quot;:&quot;69f5792ccd63a&quot;}\" data-wp-interactive=\"core\/image\" data-wp-key=\"69f5792ccd63a\" class=\"wp-block-image size-full has-lightbox wp-lightbox-container\"><img loading=\"lazy\" decoding=\"async\" width=\"1280\" height=\"1920\" data-wp-class--hide=\"state.isContentHidden\" data-wp-class--show=\"state.isContentVisible\" data-wp-init=\"callbacks.setButtonStyles\" data-wp-on--click=\"actions.showLightbox\" data-wp-on--load=\"callbacks.setButtonStyles\" data-wp-on-window--resize=\"callbacks.setButtonStyles\" data-id=\"41635\" src=\"https:\/\/syndicom.ch\/app\/uploads\/2025\/07\/gewerkschaft-syndicom-kongress25-redner5.jpg\" alt=\"Gewerkschaft syndicom Kongress 2025 Baden, Redner\" class=\"wp-image-41635\" srcset=\"https:\/\/syndicom.ch\/app\/uploads\/2025\/07\/gewerkschaft-syndicom-kongress25-redner5.jpg 1280w, https:\/\/syndicom.ch\/app\/uploads\/2025\/07\/gewerkschaft-syndicom-kongress25-redner5-200x300.jpg 200w, https:\/\/syndicom.ch\/app\/uploads\/2025\/07\/gewerkschaft-syndicom-kongress25-redner5-683x1024.jpg 683w, https:\/\/syndicom.ch\/app\/uploads\/2025\/07\/gewerkschaft-syndicom-kongress25-redner5-768x1152.jpg 768w, https:\/\/syndicom.ch\/app\/uploads\/2025\/07\/gewerkschaft-syndicom-kongress25-redner5-1024x1536.jpg 1024w\" sizes=\"auto, (max-width: 1280px) 100vw, 1280px\" \/><button\n\t\t\tclass=\"lightbox-trigger\"\n\t\t\ttype=\"button\"\n\t\t\taria-haspopup=\"dialog\"\n\t\t\taria-label=\"Agrandir\"\n\t\t\tdata-wp-init=\"callbacks.initTriggerButton\"\n\t\t\tdata-wp-on--click=\"actions.showLightbox\"\n\t\t\tdata-wp-style--right=\"state.imageButtonRight\"\n\t\t\tdata-wp-style--top=\"state.imageButtonTop\"\n\t\t>\n\t\t\t<svg xmlns=\"http:\/\/www.w3.org\/2000\/svg\" width=\"12\" height=\"12\" fill=\"none\" viewBox=\"0 0 12 12\">\n\t\t\t\t<path fill=\"#fff\" d=\"M2 0a2 2 0 0 0-2 2v2h1.5V2a.5.5 0 0 1 .5-.5h2V0H2Zm2 10.5H2a.5.5 0 0 1-.5-.5V8H0v2a2 2 0 0 0 2 2h2v-1.5ZM8 12v-1.5h2a.5.5 0 0 0 .5-.5V8H12v2a2 2 0 0 1-2 2H8Zm2-12a2 2 0 0 1 2 2v2h-1.5V2a.5.5 0 0 0-.5-.5H8V0h2Z\" \/>\n\t\t\t<\/svg>\n\t\t<\/button><figcaption class=\"wp-element-caption\">\u00a9Marcel L\u00fcthy<\/figcaption><\/figure>\n\n\n\n<figure data-wp-context=\"{&quot;imageId&quot;:&quot;69f5792ccd911&quot;}\" data-wp-interactive=\"core\/image\" data-wp-key=\"69f5792ccd911\" class=\"wp-block-image size-full has-lightbox wp-lightbox-container\"><img loading=\"lazy\" decoding=\"async\" width=\"1280\" height=\"1920\" data-wp-class--hide=\"state.isContentHidden\" data-wp-class--show=\"state.isContentVisible\" data-wp-init=\"callbacks.setButtonStyles\" data-wp-on--click=\"actions.showLightbox\" data-wp-on--load=\"callbacks.setButtonStyles\" data-wp-on-window--resize=\"callbacks.setButtonStyles\" data-id=\"41653\" src=\"https:\/\/syndicom.ch\/app\/uploads\/2025\/07\/gewerkschaft-syndicom-kongress25-leute12.jpg\" alt=\"Gewerkschaft syndicom Kongress 2025 Baden, Teilnehmer\" class=\"wp-image-41653\" srcset=\"https:\/\/syndicom.ch\/app\/uploads\/2025\/07\/gewerkschaft-syndicom-kongress25-leute12.jpg 1280w, https:\/\/syndicom.ch\/app\/uploads\/2025\/07\/gewerkschaft-syndicom-kongress25-leute12-200x300.jpg 200w, https:\/\/syndicom.ch\/app\/uploads\/2025\/07\/gewerkschaft-syndicom-kongress25-leute12-683x1024.jpg 683w, https:\/\/syndicom.ch\/app\/uploads\/2025\/07\/gewerkschaft-syndicom-kongress25-leute12-768x1152.jpg 768w, https:\/\/syndicom.ch\/app\/uploads\/2025\/07\/gewerkschaft-syndicom-kongress25-leute12-1024x1536.jpg 1024w\" sizes=\"auto, (max-width: 1280px) 100vw, 1280px\" \/><button\n\t\t\tclass=\"lightbox-trigger\"\n\t\t\ttype=\"button\"\n\t\t\taria-haspopup=\"dialog\"\n\t\t\taria-label=\"Agrandir\"\n\t\t\tdata-wp-init=\"callbacks.initTriggerButton\"\n\t\t\tdata-wp-on--click=\"actions.showLightbox\"\n\t\t\tdata-wp-style--right=\"state.imageButtonRight\"\n\t\t\tdata-wp-style--top=\"state.imageButtonTop\"\n\t\t>\n\t\t\t<svg xmlns=\"http:\/\/www.w3.org\/2000\/svg\" width=\"12\" height=\"12\" fill=\"none\" viewBox=\"0 0 12 12\">\n\t\t\t\t<path fill=\"#fff\" d=\"M2 0a2 2 0 0 0-2 2v2h1.5V2a.5.5 0 0 1 .5-.5h2V0H2Zm2 10.5H2a.5.5 0 0 1-.5-.5V8H0v2a2 2 0 0 0 2 2h2v-1.5ZM8 12v-1.5h2a.5.5 0 0 0 .5-.5V8H12v2a2 2 0 0 1-2 2H8Zm2-12a2 2 0 0 1 2 2v2h-1.5V2a.5.5 0 0 0-.5-.5H8V0h2Z\" \/>\n\t\t\t<\/svg>\n\t\t<\/button><figcaption class=\"wp-element-caption\">\u00a9Marcel L\u00fcthy<\/figcaption><\/figure>\n\n\n\n<figure data-wp-context=\"{&quot;imageId&quot;:&quot;69f5792ccdc01&quot;}\" data-wp-interactive=\"core\/image\" data-wp-key=\"69f5792ccdc01\" class=\"wp-block-image size-full has-lightbox wp-lightbox-container\"><img loading=\"lazy\" decoding=\"async\" width=\"1280\" height=\"1920\" data-wp-class--hide=\"state.isContentHidden\" data-wp-class--show=\"state.isContentVisible\" data-wp-init=\"callbacks.setButtonStyles\" data-wp-on--click=\"actions.showLightbox\" data-wp-on--load=\"callbacks.setButtonStyles\" data-wp-on-window--resize=\"callbacks.setButtonStyles\" data-id=\"41649\" src=\"https:\/\/syndicom.ch\/app\/uploads\/2025\/07\/gewerkschaft-syndicom-kongress25-leute11.jpg\" alt=\"Gewerkschaft syndicom Kongress 2025 Baden, Teilnehmer\" class=\"wp-image-41649\" srcset=\"https:\/\/syndicom.ch\/app\/uploads\/2025\/07\/gewerkschaft-syndicom-kongress25-leute11.jpg 1280w, https:\/\/syndicom.ch\/app\/uploads\/2025\/07\/gewerkschaft-syndicom-kongress25-leute11-200x300.jpg 200w, https:\/\/syndicom.ch\/app\/uploads\/2025\/07\/gewerkschaft-syndicom-kongress25-leute11-683x1024.jpg 683w, https:\/\/syndicom.ch\/app\/uploads\/2025\/07\/gewerkschaft-syndicom-kongress25-leute11-768x1152.jpg 768w, https:\/\/syndicom.ch\/app\/uploads\/2025\/07\/gewerkschaft-syndicom-kongress25-leute11-1024x1536.jpg 1024w\" sizes=\"auto, (max-width: 1280px) 100vw, 1280px\" \/><button\n\t\t\tclass=\"lightbox-trigger\"\n\t\t\ttype=\"button\"\n\t\t\taria-haspopup=\"dialog\"\n\t\t\taria-label=\"Agrandir\"\n\t\t\tdata-wp-init=\"callbacks.initTriggerButton\"\n\t\t\tdata-wp-on--click=\"actions.showLightbox\"\n\t\t\tdata-wp-style--right=\"state.imageButtonRight\"\n\t\t\tdata-wp-style--top=\"state.imageButtonTop\"\n\t\t>\n\t\t\t<svg xmlns=\"http:\/\/www.w3.org\/2000\/svg\" width=\"12\" height=\"12\" fill=\"none\" viewBox=\"0 0 12 12\">\n\t\t\t\t<path fill=\"#fff\" d=\"M2 0a2 2 0 0 0-2 2v2h1.5V2a.5.5 0 0 1 .5-.5h2V0H2Zm2 10.5H2a.5.5 0 0 1-.5-.5V8H0v2a2 2 0 0 0 2 2h2v-1.5ZM8 12v-1.5h2a.5.5 0 0 0 .5-.5V8H12v2a2 2 0 0 1-2 2H8Zm2-12a2 2 0 0 1 2 2v2h-1.5V2a.5.5 0 0 0-.5-.5H8V0h2Z\" \/>\n\t\t\t<\/svg>\n\t\t<\/button><figcaption class=\"wp-element-caption\">\u00a9Marcel L\u00fcthy<\/figcaption><\/figure>\n\n\n\n<figure data-wp-context=\"{&quot;imageId&quot;:&quot;69f5792ccded7&quot;}\" data-wp-interactive=\"core\/image\" data-wp-key=\"69f5792ccded7\" class=\"wp-block-image size-full has-lightbox wp-lightbox-container\"><img loading=\"lazy\" decoding=\"async\" width=\"1280\" height=\"1920\" data-wp-class--hide=\"state.isContentHidden\" data-wp-class--show=\"state.isContentVisible\" data-wp-init=\"callbacks.setButtonStyles\" data-wp-on--click=\"actions.showLightbox\" data-wp-on--load=\"callbacks.setButtonStyles\" data-wp-on-window--resize=\"callbacks.setButtonStyles\" data-id=\"41645\" src=\"https:\/\/syndicom.ch\/app\/uploads\/2025\/07\/gewerkschaft-syndicom-kongress25-leute10.jpg\" alt=\"Gewerkschaft syndicom Kongress 2025 Baden, Teilnehmer\" class=\"wp-image-41645\" srcset=\"https:\/\/syndicom.ch\/app\/uploads\/2025\/07\/gewerkschaft-syndicom-kongress25-leute10.jpg 1280w, https:\/\/syndicom.ch\/app\/uploads\/2025\/07\/gewerkschaft-syndicom-kongress25-leute10-200x300.jpg 200w, https:\/\/syndicom.ch\/app\/uploads\/2025\/07\/gewerkschaft-syndicom-kongress25-leute10-683x1024.jpg 683w, https:\/\/syndicom.ch\/app\/uploads\/2025\/07\/gewerkschaft-syndicom-kongress25-leute10-768x1152.jpg 768w, https:\/\/syndicom.ch\/app\/uploads\/2025\/07\/gewerkschaft-syndicom-kongress25-leute10-1024x1536.jpg 1024w\" sizes=\"auto, (max-width: 1280px) 100vw, 1280px\" \/><button\n\t\t\tclass=\"lightbox-trigger\"\n\t\t\ttype=\"button\"\n\t\t\taria-haspopup=\"dialog\"\n\t\t\taria-label=\"Agrandir\"\n\t\t\tdata-wp-init=\"callbacks.initTriggerButton\"\n\t\t\tdata-wp-on--click=\"actions.showLightbox\"\n\t\t\tdata-wp-style--right=\"state.imageButtonRight\"\n\t\t\tdata-wp-style--top=\"state.imageButtonTop\"\n\t\t>\n\t\t\t<svg xmlns=\"http:\/\/www.w3.org\/2000\/svg\" width=\"12\" height=\"12\" fill=\"none\" viewBox=\"0 0 12 12\">\n\t\t\t\t<path fill=\"#fff\" d=\"M2 0a2 2 0 0 0-2 2v2h1.5V2a.5.5 0 0 1 .5-.5h2V0H2Zm2 10.5H2a.5.5 0 0 1-.5-.5V8H0v2a2 2 0 0 0 2 2h2v-1.5ZM8 12v-1.5h2a.5.5 0 0 0 .5-.5V8H12v2a2 2 0 0 1-2 2H8Zm2-12a2 2 0 0 1 2 2v2h-1.5V2a.5.5 0 0 0-.5-.5H8V0h2Z\" \/>\n\t\t\t<\/svg>\n\t\t<\/button><figcaption class=\"wp-element-caption\">\u00a9Marcel L\u00fcthy<\/figcaption><\/figure>\n\n\n\n<figure data-wp-context=\"{&quot;imageId&quot;:&quot;69f5792cce1a2&quot;}\" data-wp-interactive=\"core\/image\" data-wp-key=\"69f5792cce1a2\" class=\"wp-block-image size-full has-lightbox wp-lightbox-container\"><img loading=\"lazy\" decoding=\"async\" width=\"1280\" height=\"1920\" data-wp-class--hide=\"state.isContentHidden\" data-wp-class--show=\"state.isContentVisible\" data-wp-init=\"callbacks.setButtonStyles\" data-wp-on--click=\"actions.showLightbox\" data-wp-on--load=\"callbacks.setButtonStyles\" data-wp-on-window--resize=\"callbacks.setButtonStyles\" data-id=\"41627\" src=\"https:\/\/syndicom.ch\/app\/uploads\/2025\/07\/gewerkschaft-syndicom-kongress25-redner3.jpg\" alt=\"Gewerkschaft syndicom Kongress 2025 Baden, Redner\" class=\"wp-image-41627\" srcset=\"https:\/\/syndicom.ch\/app\/uploads\/2025\/07\/gewerkschaft-syndicom-kongress25-redner3.jpg 1280w, https:\/\/syndicom.ch\/app\/uploads\/2025\/07\/gewerkschaft-syndicom-kongress25-redner3-200x300.jpg 200w, https:\/\/syndicom.ch\/app\/uploads\/2025\/07\/gewerkschaft-syndicom-kongress25-redner3-683x1024.jpg 683w, https:\/\/syndicom.ch\/app\/uploads\/2025\/07\/gewerkschaft-syndicom-kongress25-redner3-768x1152.jpg 768w, https:\/\/syndicom.ch\/app\/uploads\/2025\/07\/gewerkschaft-syndicom-kongress25-redner3-1024x1536.jpg 1024w\" sizes=\"auto, (max-width: 1280px) 100vw, 1280px\" \/><button\n\t\t\tclass=\"lightbox-trigger\"\n\t\t\ttype=\"button\"\n\t\t\taria-haspopup=\"dialog\"\n\t\t\taria-label=\"Agrandir\"\n\t\t\tdata-wp-init=\"callbacks.initTriggerButton\"\n\t\t\tdata-wp-on--click=\"actions.showLightbox\"\n\t\t\tdata-wp-style--right=\"state.imageButtonRight\"\n\t\t\tdata-wp-style--top=\"state.imageButtonTop\"\n\t\t>\n\t\t\t<svg xmlns=\"http:\/\/www.w3.org\/2000\/svg\" width=\"12\" height=\"12\" fill=\"none\" viewBox=\"0 0 12 12\">\n\t\t\t\t<path fill=\"#fff\" d=\"M2 0a2 2 0 0 0-2 2v2h1.5V2a.5.5 0 0 1 .5-.5h2V0H2Zm2 10.5H2a.5.5 0 0 1-.5-.5V8H0v2a2 2 0 0 0 2 2h2v-1.5ZM8 12v-1.5h2a.5.5 0 0 0 .5-.5V8H12v2a2 2 0 0 1-2 2H8Zm2-12a2 2 0 0 1 2 2v2h-1.5V2a.5.5 0 0 0-.5-.5H8V0h2Z\" \/>\n\t\t\t<\/svg>\n\t\t<\/button><figcaption class=\"wp-element-caption\">\u00a9Marcel L\u00fcthy<\/figcaption><\/figure>\n\n\n\n<figure data-wp-context=\"{&quot;imageId&quot;:&quot;69f5792cce475&quot;}\" data-wp-interactive=\"core\/image\" data-wp-key=\"69f5792cce475\" class=\"wp-block-image size-full has-lightbox wp-lightbox-container\"><img loading=\"lazy\" decoding=\"async\" width=\"1280\" height=\"1920\" data-wp-class--hide=\"state.isContentHidden\" data-wp-class--show=\"state.isContentVisible\" data-wp-init=\"callbacks.setButtonStyles\" data-wp-on--click=\"actions.showLightbox\" data-wp-on--load=\"callbacks.setButtonStyles\" data-wp-on-window--resize=\"callbacks.setButtonStyles\" data-id=\"41623\" src=\"https:\/\/syndicom.ch\/app\/uploads\/2025\/07\/gewerkschaft-syndicom-kongress25-redner2.jpg\" alt=\"Gewerkschaft syndicom Kongress 2025 Baden, Redner\" class=\"wp-image-41623\" srcset=\"https:\/\/syndicom.ch\/app\/uploads\/2025\/07\/gewerkschaft-syndicom-kongress25-redner2.jpg 1280w, https:\/\/syndicom.ch\/app\/uploads\/2025\/07\/gewerkschaft-syndicom-kongress25-redner2-200x300.jpg 200w, https:\/\/syndicom.ch\/app\/uploads\/2025\/07\/gewerkschaft-syndicom-kongress25-redner2-683x1024.jpg 683w, https:\/\/syndicom.ch\/app\/uploads\/2025\/07\/gewerkschaft-syndicom-kongress25-redner2-768x1152.jpg 768w, https:\/\/syndicom.ch\/app\/uploads\/2025\/07\/gewerkschaft-syndicom-kongress25-redner2-1024x1536.jpg 1024w\" sizes=\"auto, (max-width: 1280px) 100vw, 1280px\" \/><button\n\t\t\tclass=\"lightbox-trigger\"\n\t\t\ttype=\"button\"\n\t\t\taria-haspopup=\"dialog\"\n\t\t\taria-label=\"Agrandir\"\n\t\t\tdata-wp-init=\"callbacks.initTriggerButton\"\n\t\t\tdata-wp-on--click=\"actions.showLightbox\"\n\t\t\tdata-wp-style--right=\"state.imageButtonRight\"\n\t\t\tdata-wp-style--top=\"state.imageButtonTop\"\n\t\t>\n\t\t\t<svg xmlns=\"http:\/\/www.w3.org\/2000\/svg\" width=\"12\" height=\"12\" fill=\"none\" viewBox=\"0 0 12 12\">\n\t\t\t\t<path fill=\"#fff\" d=\"M2 0a2 2 0 0 0-2 2v2h1.5V2a.5.5 0 0 1 .5-.5h2V0H2Zm2 10.5H2a.5.5 0 0 1-.5-.5V8H0v2a2 2 0 0 0 2 2h2v-1.5ZM8 12v-1.5h2a.5.5 0 0 0 .5-.5V8H12v2a2 2 0 0 1-2 2H8Zm2-12a2 2 0 0 1 2 2v2h-1.5V2a.5.5 0 0 0-.5-.5H8V0h2Z\" \/>\n\t\t\t<\/svg>\n\t\t<\/button><figcaption class=\"wp-element-caption\">\u00a9Marcel L\u00fcthy<\/figcaption><\/figure>\n<\/figure>\n<\/div>\n<\/div>\n","protected":false},"excerpt":{"rendered":"<p>Congr\u00e8s&nbsp;2025 L&rsquo;union fait la force pour nos droits et pour l&rsquo;avenir ! 5e congr\u00e8s syndicom les 20 et 21 juin \u00e0 Baden Infos L&rsquo;union fait la force \u2013 pour nos droits et pour l&rsquo;avenir ! 176 d\u00e9l\u00e9gu\u00e9-es se sont r\u00e9uni-es les 20 et 21 juin \u00e0 Baden pour le 5e congr\u00e8s de syndicom. Les nouveaux [&hellip;]<\/p>\n","protected":false},"author":2,"featured_media":0,"parent":39190,"menu_order":0,"comment_status":"closed","ping_status":"closed","template":"","meta":{"_acf_changed":false,"inline_featured_image":false,"_coblocks_attr":"","_coblocks_dimensions":"","_coblocks_responsive_height":"","_coblocks_accordion_ie_support":"","footnotes":""},"categories":[],"class_list":["post-6515","page","type-page","status-publish","hentry"],"acf":[],"yoast_head":"<!-- This site is optimized with the Yoast SEO plugin v27.3 - https:\/\/yoast.com\/product\/yoast-seo-wordpress\/ -->\n<title>Congr\u00e8s 2025 - syndicom<\/title>\n<meta name=\"robots\" content=\"index, follow, max-snippet:-1, max-image-preview:large, max-video-preview:-1\" \/>\n<link rel=\"canonical\" href=\"https:\/\/syndicom.ch\/fr\/au-sujet-de-syndicom\/congres-2025\/\" \/>\n<meta property=\"og:locale\" content=\"fr_FR\" \/>\n<meta property=\"og:type\" content=\"article\" \/>\n<meta property=\"og:title\" content=\"Congr\u00e8s 2025 - syndicom\" \/>\n<meta property=\"og:description\" content=\"Congr\u00e8s&nbsp;2025 L&rsquo;union fait la force pour nos droits et pour l&rsquo;avenir ! 5e congr\u00e8s syndicom les 20 et 21 juin \u00e0 Baden Infos L&rsquo;union fait la force \u2013 pour nos droits et pour l&rsquo;avenir ! 176 d\u00e9l\u00e9gu\u00e9-es se sont r\u00e9uni-es les 20 et 21 juin \u00e0 Baden pour le 5e congr\u00e8s de syndicom. Les nouveaux [&hellip;]\" \/>\n<meta property=\"og:url\" content=\"https:\/\/syndicom.ch\/fr\/au-sujet-de-syndicom\/congres-2025\/\" \/>\n<meta property=\"og:site_name\" content=\"syndicom\" \/>\n<meta property=\"article:modified_time\" content=\"2026-03-03T08:10:27+00:00\" \/>\n<meta property=\"og:image\" content=\"https:\/\/syndicom.ch\/app\/uploads\/2025\/06\/syndicat-syndicom-congres25-slogan.jpg\" \/>\n<meta name=\"twitter:card\" content=\"summary_large_image\" \/>\n<meta name=\"twitter:label1\" content=\"Dur\u00e9e de lecture estim\u00e9e\" \/>\n\t<meta name=\"twitter:data1\" content=\"16 minutes\" \/>\n<script type=\"application\/ld+json\" class=\"yoast-schema-graph\">{\"@context\":\"https:\\\/\\\/schema.org\",\"@graph\":[{\"@type\":\"WebPage\",\"@id\":\"https:\\\/\\\/syndicom.ch\\\/fr\\\/au-sujet-de-syndicom\\\/congres-2025\\\/\",\"url\":\"https:\\\/\\\/syndicom.ch\\\/fr\\\/au-sujet-de-syndicom\\\/congres-2025\\\/\",\"name\":\"Congr\u00e8s 2025 - syndicom\",\"isPartOf\":{\"@id\":\"https:\\\/\\\/syndicom.ch\\\/fr\\\/#website\"},\"primaryImageOfPage\":{\"@id\":\"https:\\\/\\\/syndicom.ch\\\/fr\\\/au-sujet-de-syndicom\\\/congres-2025\\\/#primaryimage\"},\"image\":{\"@id\":\"https:\\\/\\\/syndicom.ch\\\/fr\\\/au-sujet-de-syndicom\\\/congres-2025\\\/#primaryimage\"},\"thumbnailUrl\":\"https:\\\/\\\/syndicom.ch\\\/app\\\/uploads\\\/2025\\\/06\\\/syndicat-syndicom-congres25-slogan.jpg\",\"datePublished\":\"2024-10-18T10:42:29+00:00\",\"dateModified\":\"2026-03-03T08:10:27+00:00\",\"breadcrumb\":{\"@id\":\"https:\\\/\\\/syndicom.ch\\\/fr\\\/au-sujet-de-syndicom\\\/congres-2025\\\/#breadcrumb\"},\"inLanguage\":\"fr-FR\",\"potentialAction\":[{\"@type\":\"ReadAction\",\"target\":[\"https:\\\/\\\/syndicom.ch\\\/fr\\\/au-sujet-de-syndicom\\\/congres-2025\\\/\"]}]},{\"@type\":\"ImageObject\",\"inLanguage\":\"fr-FR\",\"@id\":\"https:\\\/\\\/syndicom.ch\\\/fr\\\/au-sujet-de-syndicom\\\/congres-2025\\\/#primaryimage\",\"url\":\"https:\\\/\\\/syndicom.ch\\\/app\\\/uploads\\\/2025\\\/06\\\/syndicat-syndicom-congres25-slogan.jpg\",\"contentUrl\":\"https:\\\/\\\/syndicom.ch\\\/app\\\/uploads\\\/2025\\\/06\\\/syndicat-syndicom-congres25-slogan.jpg\"},{\"@type\":\"BreadcrumbList\",\"@id\":\"https:\\\/\\\/syndicom.ch\\\/fr\\\/au-sujet-de-syndicom\\\/congres-2025\\\/#breadcrumb\",\"itemListElement\":[{\"@type\":\"ListItem\",\"position\":1,\"name\":\"Page d'accueil\",\"item\":\"https:\\\/\\\/syndicom.ch\\\/fr\\\/\"},{\"@type\":\"ListItem\",\"position\":2,\"name\":\"Au sujet de syndicom\",\"item\":\"https:\\\/\\\/syndicom.ch\\\/fr\\\/au-sujet-de-syndicom\\\/\"},{\"@type\":\"ListItem\",\"position\":3,\"name\":\"Congr\u00e8s 2025\"}]},{\"@type\":\"WebSite\",\"@id\":\"https:\\\/\\\/syndicom.ch\\\/fr\\\/#website\",\"url\":\"https:\\\/\\\/syndicom.ch\\\/fr\\\/\",\"name\":\"syndicom\",\"description\":\"\",\"publisher\":{\"@id\":\"https:\\\/\\\/syndicom.ch\\\/fr\\\/#organization\"},\"potentialAction\":[{\"@type\":\"SearchAction\",\"target\":{\"@type\":\"EntryPoint\",\"urlTemplate\":\"https:\\\/\\\/syndicom.ch\\\/fr\\\/?s={search_term_string}\"},\"query-input\":{\"@type\":\"PropertyValueSpecification\",\"valueRequired\":true,\"valueName\":\"search_term_string\"}}],\"inLanguage\":\"fr-FR\"},{\"@type\":\"Organization\",\"@id\":\"https:\\\/\\\/syndicom.ch\\\/fr\\\/#organization\",\"name\":\"syndicom\",\"url\":\"https:\\\/\\\/syndicom.ch\\\/fr\\\/\",\"logo\":{\"@type\":\"ImageObject\",\"inLanguage\":\"fr-FR\",\"@id\":\"https:\\\/\\\/syndicom.ch\\\/fr\\\/#\\\/schema\\\/logo\\\/image\\\/\",\"url\":\"https:\\\/\\\/syndicom.ch\\\/app\\\/uploads\\\/2024\\\/06\\\/logo.svg\",\"contentUrl\":\"https:\\\/\\\/syndicom.ch\\\/app\\\/uploads\\\/2024\\\/06\\\/logo.svg\",\"width\":297,\"height\":51,\"caption\":\"syndicom\"},\"image\":{\"@id\":\"https:\\\/\\\/syndicom.ch\\\/fr\\\/#\\\/schema\\\/logo\\\/image\\\/\"}}]}<\/script>\n<!-- \/ Yoast SEO plugin. -->","yoast_head_json":{"title":"Congr\u00e8s 2025 - syndicom","robots":{"index":"index","follow":"follow","max-snippet":"max-snippet:-1","max-image-preview":"max-image-preview:large","max-video-preview":"max-video-preview:-1"},"canonical":"https:\/\/syndicom.ch\/fr\/au-sujet-de-syndicom\/congres-2025\/","og_locale":"fr_FR","og_type":"article","og_title":"Congr\u00e8s 2025 - syndicom","og_description":"Congr\u00e8s&nbsp;2025 L&rsquo;union fait la force pour nos droits et pour l&rsquo;avenir ! 5e congr\u00e8s syndicom les 20 et 21 juin \u00e0 Baden Infos L&rsquo;union fait la force \u2013 pour nos droits et pour l&rsquo;avenir ! 176 d\u00e9l\u00e9gu\u00e9-es se sont r\u00e9uni-es les 20 et 21 juin \u00e0 Baden pour le 5e congr\u00e8s de syndicom. Les nouveaux [&hellip;]","og_url":"https:\/\/syndicom.ch\/fr\/au-sujet-de-syndicom\/congres-2025\/","og_site_name":"syndicom","article_modified_time":"2026-03-03T08:10:27+00:00","og_image":[{"url":"https:\/\/syndicom.ch\/app\/uploads\/2025\/06\/syndicat-syndicom-congres25-slogan.jpg","type":"","width":"","height":""}],"twitter_card":"summary_large_image","twitter_misc":{"Dur\u00e9e de lecture estim\u00e9e":"16 minutes"},"schema":{"@context":"https:\/\/schema.org","@graph":[{"@type":"WebPage","@id":"https:\/\/syndicom.ch\/fr\/au-sujet-de-syndicom\/congres-2025\/","url":"https:\/\/syndicom.ch\/fr\/au-sujet-de-syndicom\/congres-2025\/","name":"Congr\u00e8s 2025 - syndicom","isPartOf":{"@id":"https:\/\/syndicom.ch\/fr\/#website"},"primaryImageOfPage":{"@id":"https:\/\/syndicom.ch\/fr\/au-sujet-de-syndicom\/congres-2025\/#primaryimage"},"image":{"@id":"https:\/\/syndicom.ch\/fr\/au-sujet-de-syndicom\/congres-2025\/#primaryimage"},"thumbnailUrl":"https:\/\/syndicom.ch\/app\/uploads\/2025\/06\/syndicat-syndicom-congres25-slogan.jpg","datePublished":"2024-10-18T10:42:29+00:00","dateModified":"2026-03-03T08:10:27+00:00","breadcrumb":{"@id":"https:\/\/syndicom.ch\/fr\/au-sujet-de-syndicom\/congres-2025\/#breadcrumb"},"inLanguage":"fr-FR","potentialAction":[{"@type":"ReadAction","target":["https:\/\/syndicom.ch\/fr\/au-sujet-de-syndicom\/congres-2025\/"]}]},{"@type":"ImageObject","inLanguage":"fr-FR","@id":"https:\/\/syndicom.ch\/fr\/au-sujet-de-syndicom\/congres-2025\/#primaryimage","url":"https:\/\/syndicom.ch\/app\/uploads\/2025\/06\/syndicat-syndicom-congres25-slogan.jpg","contentUrl":"https:\/\/syndicom.ch\/app\/uploads\/2025\/06\/syndicat-syndicom-congres25-slogan.jpg"},{"@type":"BreadcrumbList","@id":"https:\/\/syndicom.ch\/fr\/au-sujet-de-syndicom\/congres-2025\/#breadcrumb","itemListElement":[{"@type":"ListItem","position":1,"name":"Page d'accueil","item":"https:\/\/syndicom.ch\/fr\/"},{"@type":"ListItem","position":2,"name":"Au sujet de syndicom","item":"https:\/\/syndicom.ch\/fr\/au-sujet-de-syndicom\/"},{"@type":"ListItem","position":3,"name":"Congr\u00e8s 2025"}]},{"@type":"WebSite","@id":"https:\/\/syndicom.ch\/fr\/#website","url":"https:\/\/syndicom.ch\/fr\/","name":"syndicom","description":"","publisher":{"@id":"https:\/\/syndicom.ch\/fr\/#organization"},"potentialAction":[{"@type":"SearchAction","target":{"@type":"EntryPoint","urlTemplate":"https:\/\/syndicom.ch\/fr\/?s={search_term_string}"},"query-input":{"@type":"PropertyValueSpecification","valueRequired":true,"valueName":"search_term_string"}}],"inLanguage":"fr-FR"},{"@type":"Organization","@id":"https:\/\/syndicom.ch\/fr\/#organization","name":"syndicom","url":"https:\/\/syndicom.ch\/fr\/","logo":{"@type":"ImageObject","inLanguage":"fr-FR","@id":"https:\/\/syndicom.ch\/fr\/#\/schema\/logo\/image\/","url":"https:\/\/syndicom.ch\/app\/uploads\/2024\/06\/logo.svg","contentUrl":"https:\/\/syndicom.ch\/app\/uploads\/2024\/06\/logo.svg","width":297,"height":51,"caption":"syndicom"},"image":{"@id":"https:\/\/syndicom.ch\/fr\/#\/schema\/logo\/image\/"}}]}},"_links":{"self":[{"href":"https:\/\/syndicom.ch\/fr\/wp-json\/wp\/v2\/pages\/6515","targetHints":{"allow":["GET"]}}],"collection":[{"href":"https:\/\/syndicom.ch\/fr\/wp-json\/wp\/v2\/pages"}],"about":[{"href":"https:\/\/syndicom.ch\/fr\/wp-json\/wp\/v2\/types\/page"}],"author":[{"embeddable":true,"href":"https:\/\/syndicom.ch\/fr\/wp-json\/wp\/v2\/users\/2"}],"replies":[{"embeddable":true,"href":"https:\/\/syndicom.ch\/fr\/wp-json\/wp\/v2\/comments?post=6515"}],"version-history":[{"count":62,"href":"https:\/\/syndicom.ch\/fr\/wp-json\/wp\/v2\/pages\/6515\/revisions"}],"predecessor-version":[{"id":58853,"href":"https:\/\/syndicom.ch\/fr\/wp-json\/wp\/v2\/pages\/6515\/revisions\/58853"}],"up":[{"embeddable":true,"href":"https:\/\/syndicom.ch\/fr\/wp-json\/wp\/v2\/pages\/39190"}],"wp:attachment":[{"href":"https:\/\/syndicom.ch\/fr\/wp-json\/wp\/v2\/media?parent=6515"}],"wp:term":[{"taxonomy":"category","embeddable":true,"href":"https:\/\/syndicom.ch\/fr\/wp-json\/wp\/v2\/categories?post=6515"}],"curies":[{"name":"wp","href":"https:\/\/api.w.org\/{rel}","templated":true}]}}