{"id":7319,"date":"2024-08-05T13:43:41","date_gmt":"2024-08-05T11:43:41","guid":{"rendered":"https:\/\/projects.atxeit.ch\/syndicom\/?page_id=7319"},"modified":"2026-04-02T09:30:49","modified_gmt":"2026-04-02T07:30:49","slug":"sections","status":"publish","type":"page","link":"https:\/\/syndicom.ch\/fr\/sections\/","title":{"rendered":"Sections"},"content":{"rendered":"\n<div class=\"wp-block-group alignfull has-primary-background-color has-background is-layout-constrained wp-block-group-is-layout-constrained\">\n<div class=\"wp-block-group is-style-narrow is-layout-constrained wp-block-group-is-layout-constrained\">\n<h1 class=\"wp-block-heading has-background-color has-text-color has-link-color wp-elements-5b7f6c6c3364f464a4105626720d99f3\">Sections \u2013 ton syndicat dans ta r\u00e9gion<\/h1>\n\n\n\n<div class=\"wp-block-columns is-layout-flex wp-container-core-columns-is-layout-9d6595d7 wp-block-columns-is-layout-flex\">\n<div class=\"wp-block-column is-layout-flow wp-block-column-is-layout-flow\" style=\"flex-basis:66.66%\">\n<p class=\"is-style-lead has-background-color has-text-color has-link-color wp-elements-6e07282852ea072b565ce645d60f8abb\">Nos sections s&rsquo;occupent de te permettre de t&rsquo;engager, de rencontrer et d&rsquo;\u00e9changer avec des coll\u00e8gues de syndicom dans la politique syndicale locale.<\/p>\n<\/div>\n\n\n\n<div class=\"wp-block-column is-layout-flow wp-block-column-is-layout-flow\" style=\"flex-basis:33.33%\">\n<div class=\"wp-block-group is-vertical is-nowrap is-layout-flex wp-container-core-group-is-layout-fc43baa9 wp-block-group-is-layout-flex\">\n<p><sup><a href=\"https:\/\/syndicom.ch\/lang-de\/sektionen\/#Sektionen-Region-Zuerich\" target=\"_blank\" rel=\"noreferrer noopener\"><mark style=\"background-color:#0D7EAC\" class=\"has-inline-color has-background-color\">\u279c Zurich \/ Suisse orientale<\/mark><\/a><br><a href=\"https:\/\/syndicom.ch\/lang-de\/sektionen\/#Sektionen-Region-Nordwestschweiz\" target=\"_blank\" rel=\"noreferrer noopener\"><mark style=\"background-color:rgba(0, 0, 0, 0)\" class=\"has-inline-color has-background-color\">\u279c Nord-Ouest \/ Suisse centrale<\/mark><\/a><br><a href=\"https:\/\/syndicom.ch\/lang-de\/sektionen\/#Sektionen-Region-Bern\" target=\"_blank\" rel=\"noreferrer noopener\"><mark style=\"background-color:rgba(0, 0, 0, 0)\" class=\"has-inline-color has-background-color\">\u279c Berne \/ Haut-Valais<\/mark><\/a><br><a href=\"#Suisse-romande\"><mark style=\"background-color:rgba(0, 0, 0, 0)\" class=\"has-inline-color has-background-color\">\u279c Romandie<\/mark><\/a><br><a href=\"https:\/\/syndicom.ch\/fr\/sections\/?syn-lang=it\" target=\"_blank\" rel=\"noreferrer noopener\"><mark style=\"background-color:rgba(0, 0, 0, 0)\" class=\"has-inline-color has-background-color\">\u279c Tessin<\/mark><\/a><\/sup><\/p>\n<\/div>\n<\/div>\n<\/div>\n<\/div>\n<\/div>\n\n\n\n<div class=\"wp-block-group alignfull has-background-background-color has-background is-layout-constrained wp-block-group-is-layout-constrained\">\n<div class=\"wp-block-group is-style-narrow is-layout-constrained wp-block-group-is-layout-constrained\">\n<h2 class=\"wp-block-heading\" id=\"Suisse-romande\">Sections en Suisse romande<\/h2>\n\n\n\n<div class=\"wp-block-group is-style-narrow is-layout-constrained wp-block-group-is-layout-constrained\">\n<hr class=\"wp-block-separator has-alpha-channel-opacity is-style-wide\"\/>\n\n\n\n<div class=\"wp-block-columns is-style-accordion has-background-background-color has-background is-layout-flex wp-container-core-columns-is-layout-9d6595d7 wp-block-columns-is-layout-flex\">\n<div class=\"wp-block-column has-background-background-color has-background is-layout-flow wp-block-column-is-layout-flow\">\n<h3 class=\"wp-block-heading has-primary-color has-text-color has-link-color wp-elements-182871cf9a2ed025fbcade037e0c7fa5\"><strong>syndicom Section Arc Jurassien M\u00e9dia-Poste-T\u00e9l\u00e9com<\/strong><\/h3>\n<\/div>\n\n\n\n<div class=\"wp-block-column is-layout-flow wp-block-column-is-layout-flow\">\n<p class=\"is-style-default\">R\u00e9my B\u00fcrki, pr\u00e9sident<br>Rue des Contours 10, 2822 Courroux<br><a href=\"mailto:&#97;&#114;&#99;&#46;&#106;&#117;&#46;&#115;&#121;&#110;&#100;&#105;&#99;&#111;&#109;&#64;&#98;&#108;&#117;&#101;&#119;&#105;&#110;&#46;&#99;&#104;\">&#97;&#114;&#99;&#46;&#106;&#117;&#46;&#115;&#121;&#110;&#100;&#105;&#99;&#111;&#109;&#64;&#98;&#108;&#117;&#101;&#119;&#105;&#110;&#46;&#99;&#104;<\/a><\/p>\n<\/div>\n<\/div>\n\n\n\n<hr class=\"wp-block-separator has-alpha-channel-opacity is-style-wide\"\/>\n\n\n\n<div class=\"wp-block-columns is-style-accordion has-background-background-color has-background is-layout-flex wp-container-core-columns-is-layout-9d6595d7 wp-block-columns-is-layout-flex\">\n<div class=\"wp-block-column has-background-background-color has-background is-layout-flow wp-block-column-is-layout-flow\">\n<h3 class=\"wp-block-heading has-primary-color has-text-color has-link-color wp-elements-aef76486f8f21c6e245053f10c72b9f8\"><strong><strong>syndicom Section Fribourg <\/strong><\/strong><\/h3>\n<\/div>\n\n\n\n<div class=\"wp-block-column is-layout-flow wp-block-column-is-layout-flow\">\n<p class=\"is-style-default\">Bernard Menoud, pr\u00e9sident<br>Rue du Mont-Tendre 18, 1530 Payerne<br><a href=\"mailto:&#98;&#101;&#114;&#110;&#97;&#114;&#100;&#46;&#109;&#101;&#110;&#111;&#117;&#100;&#64;&#103;&#109;&#97;&#105;&#108;&#46;&#99;&#111;&#109;\">&#98;&#101;&#114;&#110;&#97;&#114;&#100;&#46;&#109;&#101;&#110;&#111;&#117;&#100;&#64;&#103;&#109;&#97;&#105;&#108;&#46;&#99;&#111;&#109;<\/a><\/p>\n<\/div>\n<\/div>\n\n\n\n<hr class=\"wp-block-separator has-alpha-channel-opacity is-style-wide\"\/>\n\n\n\n<div class=\"wp-block-columns is-style-accordion has-background-background-color has-background is-layout-flex wp-container-core-columns-is-layout-9d6595d7 wp-block-columns-is-layout-flex\">\n<div class=\"wp-block-column has-background-background-color has-background is-layout-flow wp-block-column-is-layout-flow\">\n<h3 class=\"wp-block-heading has-primary-color has-text-color has-link-color wp-elements-f39a545766c84a00b5fc0ad61cc3de37\"><strong><strong><strong>syndicom Section Gen\u00e8ve-La C\u00f4te<\/strong><\/strong><\/strong><\/h3>\n<\/div>\n\n\n\n<div class=\"wp-block-column is-layout-flow wp-block-column-is-layout-flow\">\n<p class=\"is-style-default\">Victor Narciso, pr\u00e9sident<br><a href=\"mailto:&#112;&#114;&#101;&#115;&#105;&#100;&#101;&#110;&#99;&#101;&#64;&#115;&#121;&#110;&#100;&#105;&#99;&#111;&#109;&#103;&#101;&#46;&#99;&#104;\">&#112;&#114;&#101;&#115;&#105;&#100;&#101;&#110;&#99;&#101;&#64;&#115;&#121;&#110;&#100;&#105;&#99;&#111;&#109;&#103;&#101;&#46;&#99;&#104;<\/a><\/p>\n<\/div>\n<\/div>\n\n\n\n<hr class=\"wp-block-separator has-alpha-channel-opacity is-style-wide\"\/>\n\n\n\n<div class=\"wp-block-columns is-style-accordion has-background-background-color has-background is-layout-flex wp-container-core-columns-is-layout-9d6595d7 wp-block-columns-is-layout-flex\">\n<div class=\"wp-block-column has-background-background-color has-background is-layout-flow wp-block-column-is-layout-flow\">\n<h3 class=\"wp-block-heading has-primary-color has-text-color has-link-color wp-elements-41db91d0905ab3e0bcf8bf963b4134de\"><strong><strong><strong><strong>syndicom Section Valais<\/strong><\/strong><\/strong><\/strong><\/h3>\n<\/div>\n\n\n\n<div class=\"wp-block-column is-layout-flow wp-block-column-is-layout-flow\">\n<p class=\"is-style-default\">Roger Morand, pr\u00e9sident<br>Chemin du Milieu 85, 1920 Martigny<br><a href=\"mailto:&#114;&#111;&#103;&#101;&#114;&#45;&#109;&#111;&#114;&#97;&#110;&#100;&#64;&#98;&#108;&#117;&#101;&#119;&#105;&#110;&#46;&#99;&#104;\">&#114;&#111;&#103;&#101;&#114;&#45;&#109;&#111;&#114;&#97;&#110;&#100;&#64;&#98;&#108;&#117;&#101;&#119;&#105;&#110;&#46;&#99;&#104;<\/a><\/p>\n<\/div>\n<\/div>\n\n\n\n<hr class=\"wp-block-separator has-alpha-channel-opacity is-style-wide\"\/>\n\n\n\n<div class=\"wp-block-columns is-style-accordion has-background-background-color has-background is-layout-flex wp-container-core-columns-is-layout-9d6595d7 wp-block-columns-is-layout-flex\">\n<div class=\"wp-block-column has-background-background-color has-background is-layout-flow wp-block-column-is-layout-flow\">\n<h3 class=\"wp-block-heading has-primary-color has-text-color has-link-color wp-elements-70d251c8a1b7107d23a115b08c3fe3ab\"><strong><strong><strong><strong><strong>Section Vaudoise Poste<\/strong><\/strong><\/strong><\/strong><\/strong><\/h3>\n<\/div>\n\n\n\n<div class=\"wp-block-column is-layout-flow wp-block-column-is-layout-flow\">\n<p class=\"is-style-default\">Patrick Savary<br>Route de Susc\u00e9vaz 1, 1438 Mathod<br><a href=\"mailto:&#112;&#97;&#100;&#111;&#109;&#64;&#103;&#114;&#101;&#101;&#110;&#109;&#97;&#105;&#108;&#46;&#99;&#104;\">&#112;&#97;&#100;&#111;&#109;&#64;&#103;&#114;&#101;&#101;&#110;&#109;&#97;&#105;&#108;&#46;&#99;&#104;<\/a><\/p>\n<\/div>\n<\/div>\n\n\n\n<hr class=\"wp-block-separator has-alpha-channel-opacity is-style-wide\"\/>\n\n\n\n<div class=\"wp-block-columns is-style-accordion has-background-background-color has-background is-layout-flex wp-container-core-columns-is-layout-9d6595d7 wp-block-columns-is-layout-flex\">\n<div class=\"wp-block-column has-background-background-color has-background is-layout-flow wp-block-column-is-layout-flow\">\n<h3 class=\"wp-block-heading has-primary-color has-text-color has-link-color wp-elements-2dd452283d13fd05b5699bab72c99d33\"><strong><strong><strong><strong><strong><strong>syndicom Section Vaud T\u00e9l\u00e9com<\/strong><\/strong><\/strong><\/strong><\/strong><\/strong><\/h3>\n<\/div>\n\n\n\n<div class=\"wp-block-column is-layout-flow wp-block-column-is-layout-flow\">\n<p class=\"is-style-default\">Jacques Rufer, pr\u00e9sident<br>c\/o syndicom, Rue Pichard 7, 1003 Lausanne<br><a href=\"mailto:&#106;&#97;&#114;&#117;&#109;&#97;&#105;&#108;&#98;&#111;&#120;&#64;&#103;&#109;&#97;&#105;&#108;&#46;&#99;&#111;&#109;\">&#106;&#97;&#114;&#117;&#109;&#97;&#105;&#108;&#98;&#111;&#120;&#64;&#103;&#109;&#97;&#105;&#108;&#46;&#99;&#111;&#109;<\/a><\/p>\n<\/div>\n<\/div>\n\n\n\n<hr class=\"wp-block-separator has-alpha-channel-opacity is-style-wide\"\/>\n\n\n\n<div class=\"wp-block-columns is-style-accordion has-background-background-color has-background is-layout-flex wp-container-core-columns-is-layout-9d6595d7 wp-block-columns-is-layout-flex\">\n<div class=\"wp-block-column has-background-background-color has-background is-layout-flow wp-block-column-is-layout-flow\">\n<h3 class=\"wp-block-heading has-primary-color has-text-color has-link-color wp-elements-5cb7328fb7901f394bac0fdf7957fe3a\"><strong><strong><strong><strong><strong><strong><strong>syndicom Section Vaud\/Lausanne IGE<\/strong><\/strong><\/strong><\/strong><\/strong><\/strong><\/strong><\/h3>\n<\/div>\n\n\n\n<div class=\"wp-block-column is-layout-flow wp-block-column-is-layout-flow\">\n<p class=\"is-style-default\"><\/p>\n<\/div>\n<\/div>\n\n\n\n<hr class=\"wp-block-separator has-alpha-channel-opacity is-style-wide\"\/>\n\n\n\n<div class=\"wp-block-columns is-style-accordion has-background-background-color has-background is-layout-flex wp-container-core-columns-is-layout-9d6595d7 wp-block-columns-is-layout-flex\">\n<div class=\"wp-block-column has-background-background-color has-background is-layout-flow wp-block-column-is-layout-flow\">\n<h3 class=\"wp-block-heading has-primary-color has-text-color has-link-color wp-elements-8d7e6617922591989b8784b51e668fbe\"><strong><strong><strong><strong><strong><strong><strong><strong>syndicom Section Presse et m\u00e9dias \u00e9lectroniques Suisse romande<\/strong><\/strong><\/strong><\/strong><\/strong><\/strong><\/strong><\/strong><\/h3>\n<\/div>\n\n\n\n<div class=\"wp-block-column is-layout-flow wp-block-column-is-layout-flow\">\n<p class=\"is-style-default\">Mathilde Matras<br>c\/o syndicom, Rue Pichard 7, 1003 Lausanne<br><a href=\"mailto:&#109;&#97;&#116;&#104;&#105;&#108;&#100;&#101;&#46;&#109;&#97;&#116;&#114;&#97;&#115;&#64;&#115;&#121;&#110;&#100;&#105;&#99;&#111;&#109;&#46;&#99;&#104;\">&#109;&#97;&#116;&#104;&#105;&#108;&#100;&#101;&#46;&#109;&#97;&#116;&#114;&#97;&#115;&#64;&#115;&#121;&#110;&#100;&#105;&#99;&#111;&#109;&#46;&#99;&#104;<\/a><\/p>\n<\/div>\n<\/div>\n\n\n\n<hr class=\"wp-block-separator has-alpha-channel-opacity is-style-wide\"\/>\n\n\n\n<div class=\"wp-block-columns is-style-accordion has-background-background-color has-background is-layout-flex wp-container-core-columns-is-layout-9d6595d7 wp-block-columns-is-layout-flex\">\n<div class=\"wp-block-column has-background-background-color has-background is-layout-flow wp-block-column-is-layout-flow\">\n<h3 class=\"wp-block-heading has-primary-color has-text-color has-link-color wp-elements-429efde4f12dbc3153bb238ea3f17fbc\"><strong><strong><strong><strong><strong><strong><strong><strong><strong>syndicom Section Skyguide Suisse romande<\/strong><\/strong><\/strong><\/strong><\/strong><\/strong><\/strong><\/strong><\/strong><\/h3>\n<\/div>\n\n\n\n<div class=\"wp-block-column is-layout-flow wp-block-column-is-layout-flow\">\n<p class=\"is-style-default\">Youssef Bahhaouy<br>c\/o Skyguide, Route de Pr\u00e9-Bois 17, PO Box 796, 1215 Gen\u00e8ve 15<br><a href=\"mailto:&#115;&#121;&#110;&#100;&#105;&#99;&#111;&#109;&#46;&#103;&#118;&#97;&#64;&#115;&#107;&#121;&#103;&#117;&#105;&#100;&#101;&#46;&#99;&#104;\">&#115;&#121;&#110;&#100;&#105;&#99;&#111;&#109;&#46;&#103;&#118;&#97;&#64;&#115;&#107;&#121;&#103;&#117;&#105;&#100;&#101;&#46;&#99;&#104;<\/a><\/p>\n<\/div>\n<\/div>\n\n\n\n<hr class=\"wp-block-separator has-alpha-channel-opacity is-style-wide\"\/>\n<\/div>\n<\/div>\n<\/div>\n","protected":false},"excerpt":{"rendered":"<p>Sections \u2013 ton syndicat dans ta r\u00e9gion Nos sections s&rsquo;occupent de te permettre de t&rsquo;engager, de rencontrer et d&rsquo;\u00e9changer avec des coll\u00e8gues de syndicom dans la politique syndicale locale. \u279c Zurich \/ Suisse orientale\u279c Nord-Ouest \/ Suisse centrale\u279c Berne \/ Haut-Valais\u279c Romandie\u279c Tessin Sections en Suisse romande syndicom Section Arc Jurassien M\u00e9dia-Poste-T\u00e9l\u00e9com R\u00e9my B\u00fcrki, pr\u00e9sidentRue [&hellip;]<\/p>\n","protected":false},"author":2,"featured_media":0,"parent":0,"menu_order":0,"comment_status":"closed","ping_status":"closed","template":"","meta":{"_acf_changed":false,"inline_featured_image":false,"_coblocks_attr":"","_coblocks_dimensions":"","_coblocks_responsive_height":"","_coblocks_accordion_ie_support":"","footnotes":""},"categories":[],"class_list":["post-7319","page","type-page","status-publish","hentry"],"acf":[],"yoast_head":"<!-- This site is optimized with the Yoast SEO plugin v27.3 - https:\/\/yoast.com\/product\/yoast-seo-wordpress\/ -->\n<title>Sections - syndicom<\/title>\n<meta name=\"description\" content=\"En Suisse al\u00e9manique, en Suisse romande et au Tessin, nos sections s&#039;occupent de te permettre de t&#039;engager, de rencontrer et d&#039;\u00e9changer ...\" \/>\n<meta name=\"robots\" content=\"index, follow, max-snippet:-1, max-image-preview:large, max-video-preview:-1\" \/>\n<link rel=\"canonical\" href=\"https:\/\/syndicom.ch\/fr\/sections\/\" \/>\n<meta property=\"og:locale\" content=\"fr_FR\" \/>\n<meta property=\"og:type\" content=\"article\" \/>\n<meta property=\"og:title\" content=\"Sections - syndicom\" \/>\n<meta property=\"og:description\" content=\"En Suisse al\u00e9manique, en Suisse romande et au Tessin, nos sections s&#039;occupent de te permettre de t&#039;engager, de rencontrer et d&#039;\u00e9changer ...\" \/>\n<meta property=\"og:url\" content=\"https:\/\/syndicom.ch\/fr\/sections\/\" \/>\n<meta property=\"og:site_name\" content=\"syndicom\" \/>\n<meta property=\"article:modified_time\" content=\"2026-04-02T07:30:49+00:00\" \/>\n<meta name=\"twitter:card\" content=\"summary_large_image\" \/>\n<meta name=\"twitter:label1\" content=\"Dur\u00e9e de lecture estim\u00e9e\" \/>\n\t<meta name=\"twitter:data1\" content=\"1 minute\" \/>\n<script type=\"application\/ld+json\" class=\"yoast-schema-graph\">{\"@context\":\"https:\\\/\\\/schema.org\",\"@graph\":[{\"@type\":\"WebPage\",\"@id\":\"https:\\\/\\\/syndicom.ch\\\/fr\\\/sections\\\/\",\"url\":\"https:\\\/\\\/syndicom.ch\\\/fr\\\/sections\\\/\",\"name\":\"Sections - syndicom\",\"isPartOf\":{\"@id\":\"https:\\\/\\\/syndicom.ch\\\/fr\\\/#website\"},\"datePublished\":\"2024-08-05T11:43:41+00:00\",\"dateModified\":\"2026-04-02T07:30:49+00:00\",\"description\":\"En Suisse al\u00e9manique, en Suisse romande et au Tessin, nos sections s'occupent de te permettre de t'engager, de rencontrer et d'\u00e9changer ...\",\"breadcrumb\":{\"@id\":\"https:\\\/\\\/syndicom.ch\\\/fr\\\/sections\\\/#breadcrumb\"},\"inLanguage\":\"fr-FR\",\"potentialAction\":[{\"@type\":\"ReadAction\",\"target\":[\"https:\\\/\\\/syndicom.ch\\\/fr\\\/sections\\\/\"]}]},{\"@type\":\"BreadcrumbList\",\"@id\":\"https:\\\/\\\/syndicom.ch\\\/fr\\\/sections\\\/#breadcrumb\",\"itemListElement\":[{\"@type\":\"ListItem\",\"position\":1,\"name\":\"Page d'accueil\",\"item\":\"https:\\\/\\\/syndicom.ch\\\/fr\\\/\"},{\"@type\":\"ListItem\",\"position\":2,\"name\":\"Sections\"}]},{\"@type\":\"WebSite\",\"@id\":\"https:\\\/\\\/syndicom.ch\\\/fr\\\/#website\",\"url\":\"https:\\\/\\\/syndicom.ch\\\/fr\\\/\",\"name\":\"syndicom\",\"description\":\"\",\"publisher\":{\"@id\":\"https:\\\/\\\/syndicom.ch\\\/fr\\\/#organization\"},\"potentialAction\":[{\"@type\":\"SearchAction\",\"target\":{\"@type\":\"EntryPoint\",\"urlTemplate\":\"https:\\\/\\\/syndicom.ch\\\/fr\\\/?s={search_term_string}\"},\"query-input\":{\"@type\":\"PropertyValueSpecification\",\"valueRequired\":true,\"valueName\":\"search_term_string\"}}],\"inLanguage\":\"fr-FR\"},{\"@type\":\"Organization\",\"@id\":\"https:\\\/\\\/syndicom.ch\\\/fr\\\/#organization\",\"name\":\"syndicom\",\"url\":\"https:\\\/\\\/syndicom.ch\\\/fr\\\/\",\"logo\":{\"@type\":\"ImageObject\",\"inLanguage\":\"fr-FR\",\"@id\":\"https:\\\/\\\/syndicom.ch\\\/fr\\\/#\\\/schema\\\/logo\\\/image\\\/\",\"url\":\"https:\\\/\\\/syndicom.ch\\\/app\\\/uploads\\\/2024\\\/06\\\/logo.svg\",\"contentUrl\":\"https:\\\/\\\/syndicom.ch\\\/app\\\/uploads\\\/2024\\\/06\\\/logo.svg\",\"width\":297,\"height\":51,\"caption\":\"syndicom\"},\"image\":{\"@id\":\"https:\\\/\\\/syndicom.ch\\\/fr\\\/#\\\/schema\\\/logo\\\/image\\\/\"}}]}<\/script>\n<!-- \/ Yoast SEO plugin. -->","yoast_head_json":{"title":"Sections - syndicom","description":"En Suisse al\u00e9manique, en Suisse romande et au Tessin, nos sections s'occupent de te permettre de t'engager, de rencontrer et d'\u00e9changer ...","robots":{"index":"index","follow":"follow","max-snippet":"max-snippet:-1","max-image-preview":"max-image-preview:large","max-video-preview":"max-video-preview:-1"},"canonical":"https:\/\/syndicom.ch\/fr\/sections\/","og_locale":"fr_FR","og_type":"article","og_title":"Sections - syndicom","og_description":"En Suisse al\u00e9manique, en Suisse romande et au Tessin, nos sections s'occupent de te permettre de t'engager, de rencontrer et d'\u00e9changer ...","og_url":"https:\/\/syndicom.ch\/fr\/sections\/","og_site_name":"syndicom","article_modified_time":"2026-04-02T07:30:49+00:00","twitter_card":"summary_large_image","twitter_misc":{"Dur\u00e9e de lecture estim\u00e9e":"1 minute"},"schema":{"@context":"https:\/\/schema.org","@graph":[{"@type":"WebPage","@id":"https:\/\/syndicom.ch\/fr\/sections\/","url":"https:\/\/syndicom.ch\/fr\/sections\/","name":"Sections - syndicom","isPartOf":{"@id":"https:\/\/syndicom.ch\/fr\/#website"},"datePublished":"2024-08-05T11:43:41+00:00","dateModified":"2026-04-02T07:30:49+00:00","description":"En Suisse al\u00e9manique, en Suisse romande et au Tessin, nos sections s'occupent de te permettre de t'engager, de rencontrer et d'\u00e9changer ...","breadcrumb":{"@id":"https:\/\/syndicom.ch\/fr\/sections\/#breadcrumb"},"inLanguage":"fr-FR","potentialAction":[{"@type":"ReadAction","target":["https:\/\/syndicom.ch\/fr\/sections\/"]}]},{"@type":"BreadcrumbList","@id":"https:\/\/syndicom.ch\/fr\/sections\/#breadcrumb","itemListElement":[{"@type":"ListItem","position":1,"name":"Page d'accueil","item":"https:\/\/syndicom.ch\/fr\/"},{"@type":"ListItem","position":2,"name":"Sections"}]},{"@type":"WebSite","@id":"https:\/\/syndicom.ch\/fr\/#website","url":"https:\/\/syndicom.ch\/fr\/","name":"syndicom","description":"","publisher":{"@id":"https:\/\/syndicom.ch\/fr\/#organization"},"potentialAction":[{"@type":"SearchAction","target":{"@type":"EntryPoint","urlTemplate":"https:\/\/syndicom.ch\/fr\/?s={search_term_string}"},"query-input":{"@type":"PropertyValueSpecification","valueRequired":true,"valueName":"search_term_string"}}],"inLanguage":"fr-FR"},{"@type":"Organization","@id":"https:\/\/syndicom.ch\/fr\/#organization","name":"syndicom","url":"https:\/\/syndicom.ch\/fr\/","logo":{"@type":"ImageObject","inLanguage":"fr-FR","@id":"https:\/\/syndicom.ch\/fr\/#\/schema\/logo\/image\/","url":"https:\/\/syndicom.ch\/app\/uploads\/2024\/06\/logo.svg","contentUrl":"https:\/\/syndicom.ch\/app\/uploads\/2024\/06\/logo.svg","width":297,"height":51,"caption":"syndicom"},"image":{"@id":"https:\/\/syndicom.ch\/fr\/#\/schema\/logo\/image\/"}}]}},"_links":{"self":[{"href":"https:\/\/syndicom.ch\/fr\/wp-json\/wp\/v2\/pages\/7319","targetHints":{"allow":["GET"]}}],"collection":[{"href":"https:\/\/syndicom.ch\/fr\/wp-json\/wp\/v2\/pages"}],"about":[{"href":"https:\/\/syndicom.ch\/fr\/wp-json\/wp\/v2\/types\/page"}],"author":[{"embeddable":true,"href":"https:\/\/syndicom.ch\/fr\/wp-json\/wp\/v2\/users\/2"}],"replies":[{"embeddable":true,"href":"https:\/\/syndicom.ch\/fr\/wp-json\/wp\/v2\/comments?post=7319"}],"version-history":[{"count":88,"href":"https:\/\/syndicom.ch\/fr\/wp-json\/wp\/v2\/pages\/7319\/revisions"}],"predecessor-version":[{"id":60232,"href":"https:\/\/syndicom.ch\/fr\/wp-json\/wp\/v2\/pages\/7319\/revisions\/60232"}],"wp:attachment":[{"href":"https:\/\/syndicom.ch\/fr\/wp-json\/wp\/v2\/media?parent=7319"}],"wp:term":[{"taxonomy":"category","embeddable":true,"href":"https:\/\/syndicom.ch\/fr\/wp-json\/wp\/v2\/categories?post=7319"}],"curies":[{"name":"wp","href":"https:\/\/api.w.org\/{rel}","templated":true}]}}