{"id":7856,"date":"2024-10-28T14:25:29","date_gmt":"2024-10-28T13:25:29","guid":{"rendered":"https:\/\/newxeit.syndicom.ch\/?page_id=7856"},"modified":"2026-02-23T15:59:35","modified_gmt":"2026-02-23T14:59:35","slug":"offres-par-metier","status":"publish","type":"page","link":"https:\/\/syndicom.ch\/fr\/offres-par-metier\/","title":{"rendered":"Offres par m\u00e9tier"},"content":{"rendered":"\n<div class=\"wp-block-group alignfull has-primary-background-color has-background is-layout-constrained wp-block-group-is-layout-constrained\">\n<div class=\"wp-block-group is-style-narrow is-layout-constrained wp-block-group-is-layout-constrained\">\n<h1 class=\"wp-block-heading has-background-color has-text-color has-link-color wp-elements-3809252cfd2fc52f9f83a9085558089e\"><strong>Offres par profession<\/strong><\/h1>\n\n\n\n<div class=\"wp-block-columns is-layout-flex wp-container-core-columns-is-layout-9d6595d7 wp-block-columns-is-layout-flex\">\n<div class=\"wp-block-column is-layout-flow wp-block-column-is-layout-flow\" style=\"flex-basis:66.66%\">\n<p class=\"is-style-lead has-background-color has-text-color has-link-color wp-elements-39c35a68f7f1c25ad5758cf0b81fe01f\">syndicom est ton syndicat dans les secteurs Logistique, TIC et M\u00e9dias. <\/p>\n\n\n\n<p class=\"is-style-lead has-background-color has-text-color has-link-color wp-elements-e3eea3a04949801cdd42d2e57a3e0905\"><strong>Nous nous engageons pour toi<\/strong> ! Pour <mark style=\"background-color:rgba(0, 0, 0, 0)\" class=\"has-inline-color has-secondary-color\">\u2713<\/mark> des salaires \u00e9quitables <mark style=\"background-color:rgba(0, 0, 0, 0)\" class=\"has-inline-color has-secondary-color\">\u2713<\/mark> des conventions collectives de travail (CCT) solides <mark style=\"background-color:rgba(0, 0, 0, 0)\" class=\"has-inline-color has-secondary-color\">\u2713<\/mark> de meilleures conditions de travail<\/p>\n<\/div>\n\n\n\n<div class=\"wp-block-column is-layout-flow wp-block-column-is-layout-flow\" style=\"flex-basis:33.33%\">\n<div class=\"wp-block-group is-vertical is-nowrap is-layout-flex wp-container-core-group-is-layout-fc43baa9 wp-block-group-is-layout-flex\">\n<p><a href=\"#offre\"><mark style=\"background-color:rgba(0, 0, 0, 0)\" class=\"has-inline-color has-background-color\">\u279c D\u00e9couvre notre offre<\/mark><\/a><br><br><a href=\"https:\/\/syndicom.ch\/fr\/conventions-collectives-de-travail-cct\/#trouve-ta-cct\" target=\"_blank\" rel=\"noreferrer noopener\"><mark style=\"background-color:rgba(0, 0, 0, 0)\" class=\"has-inline-color has-background-color\">\u279c Trouver ici ta convention collective de travail<\/mark><\/a><\/p>\n<\/div>\n<\/div>\n<\/div>\n<\/div>\n<\/div>\n\n\n\n<div class=\"wp-block-group alignfull has-background-background-color has-background is-layout-constrained wp-block-group-is-layout-constrained\">\n<div class=\"wp-block-group is-style-narrow is-layout-constrained wp-block-group-is-layout-constrained\">\n<h2 class=\"wp-block-heading\" id=\"offre\">D\u00e9couvre nos offres adapt\u00e9es \u00e0 ton m\u00e9tier ou ton employeur<\/h2>\n\n\n\n<div class=\"wp-block-columns is-layout-flex wp-container-core-columns-is-layout-9d6595d7 wp-block-columns-is-layout-flex\">\n<div class=\"wp-block-column is-layout-flow wp-block-column-is-layout-flow\" style=\"flex-basis:200px\">\n<p><strong><strong>Je travaille<\/strong>&#8230;<\/strong><\/p>\n<\/div>\n\n\n\n<div class=\"wp-block-column is-layout-flow wp-block-column-is-layout-flow\">\n<ul class=\"wp-block-list is-style-linklist\">\n<li><strong><strong><a href=\"https:\/\/syndicom.ch\/fr\/offres-par-metier\/poste\/\" target=\"_blank\" rel=\"noreferrer noopener\">\u00e0 La Poste<\/a><\/strong><\/strong><\/li>\n\n\n\n<li><a href=\"https:\/\/syndicom.ch\/fr\/offres-par-metier\/syndicat-it\/\" target=\"_blank\" rel=\"noreferrer noopener\"><\/a><strong><strong><a href=\"https:\/\/syndicom.ch\/fr\/offres-par-metier\/syndicat-it\/\" target=\"_blank\" rel=\"noreferrer noopener\">dans la branche IT<\/a><\/strong><\/strong><\/li>\n\n\n\n<li><strong><a href=\"https:\/\/syndicom.ch\/fr\/offres-par-metier\/presse\/\" target=\"_blank\" rel=\"noreferrer noopener\"><mark style=\"background-color:rgba(0, 0, 0, 0)\" class=\"has-inline-color has-primary-color\">dans les m\u00e9dias imprim\u00e9s ou num\u00e9riques (en tant que journaliste, photographe, r\u00e9dacteur, animateur radio)<\/mark><\/a><\/strong><\/li>\n\n\n\n<li class=\"has-primary-color has-text-color has-link-color wp-elements-e9d3df5622e7ec5266dabb97ab33d421\"><strong><a href=\"https:\/\/syndicom.ch\/fr\/devenir-membre-illustrateurs\/\" target=\"_blank\" rel=\"noreferrer noopener\">comme illustrateur-trice<\/a><\/strong><\/li>\n\n\n\n<li><strong><a href=\"https:\/\/syndicom.ch\/fr\/offres-par-metier\/coursier-distributeur\/\" target=\"_blank\" rel=\"noreferrer noopener\">comme distributeur-trice ou coursier-\u00e8re<\/a><\/strong><\/li>\n\n\n\n<li><strong><a href=\"https:\/\/syndicom.ch\/fr\/devenir-membre-swisscom\/\" target=\"_blank\" rel=\"noreferrer noopener\">chez Swisscom<\/a><\/strong><\/li>\n<\/ul>\n<\/div>\n<\/div>\n<\/div>\n<\/div>\n\n\n\n<div class=\"wp-block-group alignfull has-tertiary-background-color has-background is-layout-constrained wp-block-group-is-layout-constrained\">\n<div class=\"wp-block-group is-style-narrow is-layout-constrained wp-block-group-is-layout-constrained\">\n<p>Ton m\u00e9tier ou ton employeur n&rsquo;appara\u00eet pas ici ? Utilise la recherche g\u00e9n\u00e9rale pour trouver les offres qui te correspondent.<\/p>\n\n\n<form role=\"search\" method=\"get\" action=\"https:\/\/syndicom.ch\/fr\/\" class=\"wp-block-search__button-outside wp-block-search__icon-button wp-block-search\"    ><label class=\"wp-block-search__label screen-reader-text\" for=\"wp-block-search__input-1\" >Rechercher<\/label><div class=\"wp-block-search__inside-wrapper\" ><input class=\"wp-block-search__input\" id=\"wp-block-search__input-1\" placeholder=\"\" value=\"\" type=\"search\" name=\"s\" required \/><button aria-label=\"Suchen\" class=\"wp-block-search__button has-icon wp-element-button\" type=\"submit\" ><svg class=\"search-icon\" viewBox=\"0 0 24 24\" width=\"24\" height=\"24\">\n\t\t\t\t\t<path d=\"M13 5c-3.3 0-6 2.7-6 6 0 1.4.5 2.7 1.3 3.7l-3.8 3.8 1.1 1.1 3.8-3.8c1 .8 2.3 1.3 3.7 1.3 3.3 0 6-2.7 6-6S16.3 5 13 5zm0 10.5c-2.5 0-4.5-2-4.5-4.5s2-4.5 4.5-4.5 4.5 2 4.5 4.5-2 4.5-4.5 4.5z\"><\/path>\n\t\t\t\t<\/svg><\/button><\/div><\/form>\n\n\n<p>Ou contacte-nous : c&rsquo;est avec plaisir que nous t&rsquo;aiderons ! <a href=\"https:\/\/syndicom.ch\/fr\/contact\/\" target=\"_blank\" rel=\"noreferrer noopener\">\u279c Adresse de contact<\/a><\/p>\n<\/div>\n<\/div>\n\n\n\n<div class=\"wp-block-group alignfull is-layout-constrained wp-block-group-is-layout-constrained\"><\/div>\n","protected":false},"excerpt":{"rendered":"<p>Offres par profession syndicom est ton syndicat dans les secteurs Logistique, TIC et M\u00e9dias. Nous nous engageons pour toi ! Pour \u2713 des salaires \u00e9quitables \u2713 des conventions collectives de travail (CCT) solides \u2713 de meilleures conditions de travail \u279c D\u00e9couvre notre offre \u279c Trouver ici ta convention collective de travail D\u00e9couvre nos offres adapt\u00e9es [&hellip;]<\/p>\n","protected":false},"author":2,"featured_media":0,"parent":0,"menu_order":0,"comment_status":"closed","ping_status":"closed","template":"","meta":{"_acf_changed":false,"inline_featured_image":false,"_coblocks_attr":"","_coblocks_dimensions":"","_coblocks_responsive_height":"","_coblocks_accordion_ie_support":"","footnotes":""},"categories":[380],"class_list":["post-7856","page","type-page","status-publish","hentry","category-ton-travail"],"acf":[],"yoast_head":"<!-- This site is optimized with the Yoast SEO plugin v27.3 - https:\/\/yoast.com\/product\/yoast-seo-wordpress\/ -->\n<title>Offres par m\u00e9tier - syndicom<\/title>\n<meta name=\"description\" content=\"Tu trouveras ici nos offres par profession \/ employeur et tu peux utiliser les filtres et la recherche pour t&#039;aider.\" \/>\n<meta name=\"robots\" content=\"index, follow, max-snippet:-1, max-image-preview:large, max-video-preview:-1\" \/>\n<link rel=\"canonical\" href=\"https:\/\/syndicom.ch\/fr\/offres-par-metier\/\" \/>\n<meta property=\"og:locale\" content=\"fr_FR\" \/>\n<meta property=\"og:type\" content=\"article\" \/>\n<meta property=\"og:title\" content=\"Offres par m\u00e9tier - syndicom\" \/>\n<meta property=\"og:description\" content=\"Tu trouveras ici nos offres par profession \/ employeur et tu peux utiliser les filtres et la recherche pour t&#039;aider.\" \/>\n<meta property=\"og:url\" content=\"https:\/\/syndicom.ch\/fr\/offres-par-metier\/\" \/>\n<meta property=\"og:site_name\" content=\"syndicom\" \/>\n<meta property=\"article:modified_time\" content=\"2026-02-23T14:59:35+00:00\" \/>\n<meta property=\"og:image\" content=\"https:\/\/syndicom.ch\/app\/uploads\/2025\/07\/gewerkschaft-syndicom-post-logo-symbolbild-1024x683.jpg\" \/>\n<meta name=\"twitter:card\" content=\"summary_large_image\" \/>\n<meta name=\"twitter:label1\" content=\"Dur\u00e9e de lecture estim\u00e9e\" \/>\n\t<meta name=\"twitter:data1\" content=\"3 minutes\" \/>\n<script type=\"application\/ld+json\" class=\"yoast-schema-graph\">{\"@context\":\"https:\\\/\\\/schema.org\",\"@graph\":[{\"@type\":\"WebPage\",\"@id\":\"https:\\\/\\\/syndicom.ch\\\/fr\\\/offres-par-metier\\\/\",\"url\":\"https:\\\/\\\/syndicom.ch\\\/fr\\\/offres-par-metier\\\/\",\"name\":\"Offres par m\u00e9tier - syndicom\",\"isPartOf\":{\"@id\":\"https:\\\/\\\/syndicom.ch\\\/fr\\\/#website\"},\"primaryImageOfPage\":{\"@id\":\"https:\\\/\\\/syndicom.ch\\\/fr\\\/offres-par-metier\\\/#primaryimage\"},\"image\":{\"@id\":\"https:\\\/\\\/syndicom.ch\\\/fr\\\/offres-par-metier\\\/#primaryimage\"},\"thumbnailUrl\":\"https:\\\/\\\/syndicom.ch\\\/app\\\/uploads\\\/2025\\\/07\\\/gewerkschaft-syndicom-post-logo-symbolbild-1024x683.jpg\",\"datePublished\":\"2024-10-28T13:25:29+00:00\",\"dateModified\":\"2026-02-23T14:59:35+00:00\",\"description\":\"Tu trouveras ici nos offres par profession \\\/ employeur et tu peux utiliser les filtres et la recherche pour t'aider.\",\"breadcrumb\":{\"@id\":\"https:\\\/\\\/syndicom.ch\\\/fr\\\/offres-par-metier\\\/#breadcrumb\"},\"inLanguage\":\"fr-FR\",\"potentialAction\":[{\"@type\":\"ReadAction\",\"target\":[\"https:\\\/\\\/syndicom.ch\\\/fr\\\/offres-par-metier\\\/\"]}]},{\"@type\":\"ImageObject\",\"inLanguage\":\"fr-FR\",\"@id\":\"https:\\\/\\\/syndicom.ch\\\/fr\\\/offres-par-metier\\\/#primaryimage\",\"url\":\"https:\\\/\\\/syndicom.ch\\\/app\\\/uploads\\\/2025\\\/07\\\/gewerkschaft-syndicom-post-logo-symbolbild-1024x683.jpg\",\"contentUrl\":\"https:\\\/\\\/syndicom.ch\\\/app\\\/uploads\\\/2025\\\/07\\\/gewerkschaft-syndicom-post-logo-symbolbild-1024x683.jpg\"},{\"@type\":\"BreadcrumbList\",\"@id\":\"https:\\\/\\\/syndicom.ch\\\/fr\\\/offres-par-metier\\\/#breadcrumb\",\"itemListElement\":[{\"@type\":\"ListItem\",\"position\":1,\"name\":\"Page d'accueil\",\"item\":\"https:\\\/\\\/syndicom.ch\\\/fr\\\/\"},{\"@type\":\"ListItem\",\"position\":2,\"name\":\"Offres par m\u00e9tier\"}]},{\"@type\":\"WebSite\",\"@id\":\"https:\\\/\\\/syndicom.ch\\\/fr\\\/#website\",\"url\":\"https:\\\/\\\/syndicom.ch\\\/fr\\\/\",\"name\":\"syndicom\",\"description\":\"\",\"publisher\":{\"@id\":\"https:\\\/\\\/syndicom.ch\\\/fr\\\/#organization\"},\"potentialAction\":[{\"@type\":\"SearchAction\",\"target\":{\"@type\":\"EntryPoint\",\"urlTemplate\":\"https:\\\/\\\/syndicom.ch\\\/fr\\\/?s={search_term_string}\"},\"query-input\":{\"@type\":\"PropertyValueSpecification\",\"valueRequired\":true,\"valueName\":\"search_term_string\"}}],\"inLanguage\":\"fr-FR\"},{\"@type\":\"Organization\",\"@id\":\"https:\\\/\\\/syndicom.ch\\\/fr\\\/#organization\",\"name\":\"syndicom\",\"url\":\"https:\\\/\\\/syndicom.ch\\\/fr\\\/\",\"logo\":{\"@type\":\"ImageObject\",\"inLanguage\":\"fr-FR\",\"@id\":\"https:\\\/\\\/syndicom.ch\\\/fr\\\/#\\\/schema\\\/logo\\\/image\\\/\",\"url\":\"https:\\\/\\\/syndicom.ch\\\/app\\\/uploads\\\/2024\\\/06\\\/logo.svg\",\"contentUrl\":\"https:\\\/\\\/syndicom.ch\\\/app\\\/uploads\\\/2024\\\/06\\\/logo.svg\",\"width\":297,\"height\":51,\"caption\":\"syndicom\"},\"image\":{\"@id\":\"https:\\\/\\\/syndicom.ch\\\/fr\\\/#\\\/schema\\\/logo\\\/image\\\/\"}}]}<\/script>\n<!-- \/ Yoast SEO plugin. -->","yoast_head_json":{"title":"Offres par m\u00e9tier - syndicom","description":"Tu trouveras ici nos offres par profession \/ employeur et tu peux utiliser les filtres et la recherche pour t'aider.","robots":{"index":"index","follow":"follow","max-snippet":"max-snippet:-1","max-image-preview":"max-image-preview:large","max-video-preview":"max-video-preview:-1"},"canonical":"https:\/\/syndicom.ch\/fr\/offres-par-metier\/","og_locale":"fr_FR","og_type":"article","og_title":"Offres par m\u00e9tier - syndicom","og_description":"Tu trouveras ici nos offres par profession \/ employeur et tu peux utiliser les filtres et la recherche pour t'aider.","og_url":"https:\/\/syndicom.ch\/fr\/offres-par-metier\/","og_site_name":"syndicom","article_modified_time":"2026-02-23T14:59:35+00:00","og_image":[{"url":"https:\/\/syndicom.ch\/app\/uploads\/2025\/07\/gewerkschaft-syndicom-post-logo-symbolbild-1024x683.jpg","type":"","width":"","height":""}],"twitter_card":"summary_large_image","twitter_misc":{"Dur\u00e9e de lecture estim\u00e9e":"3 minutes"},"schema":{"@context":"https:\/\/schema.org","@graph":[{"@type":"WebPage","@id":"https:\/\/syndicom.ch\/fr\/offres-par-metier\/","url":"https:\/\/syndicom.ch\/fr\/offres-par-metier\/","name":"Offres par m\u00e9tier - syndicom","isPartOf":{"@id":"https:\/\/syndicom.ch\/fr\/#website"},"primaryImageOfPage":{"@id":"https:\/\/syndicom.ch\/fr\/offres-par-metier\/#primaryimage"},"image":{"@id":"https:\/\/syndicom.ch\/fr\/offres-par-metier\/#primaryimage"},"thumbnailUrl":"https:\/\/syndicom.ch\/app\/uploads\/2025\/07\/gewerkschaft-syndicom-post-logo-symbolbild-1024x683.jpg","datePublished":"2024-10-28T13:25:29+00:00","dateModified":"2026-02-23T14:59:35+00:00","description":"Tu trouveras ici nos offres par profession \/ employeur et tu peux utiliser les filtres et la recherche pour t'aider.","breadcrumb":{"@id":"https:\/\/syndicom.ch\/fr\/offres-par-metier\/#breadcrumb"},"inLanguage":"fr-FR","potentialAction":[{"@type":"ReadAction","target":["https:\/\/syndicom.ch\/fr\/offres-par-metier\/"]}]},{"@type":"ImageObject","inLanguage":"fr-FR","@id":"https:\/\/syndicom.ch\/fr\/offres-par-metier\/#primaryimage","url":"https:\/\/syndicom.ch\/app\/uploads\/2025\/07\/gewerkschaft-syndicom-post-logo-symbolbild-1024x683.jpg","contentUrl":"https:\/\/syndicom.ch\/app\/uploads\/2025\/07\/gewerkschaft-syndicom-post-logo-symbolbild-1024x683.jpg"},{"@type":"BreadcrumbList","@id":"https:\/\/syndicom.ch\/fr\/offres-par-metier\/#breadcrumb","itemListElement":[{"@type":"ListItem","position":1,"name":"Page d'accueil","item":"https:\/\/syndicom.ch\/fr\/"},{"@type":"ListItem","position":2,"name":"Offres par m\u00e9tier"}]},{"@type":"WebSite","@id":"https:\/\/syndicom.ch\/fr\/#website","url":"https:\/\/syndicom.ch\/fr\/","name":"syndicom","description":"","publisher":{"@id":"https:\/\/syndicom.ch\/fr\/#organization"},"potentialAction":[{"@type":"SearchAction","target":{"@type":"EntryPoint","urlTemplate":"https:\/\/syndicom.ch\/fr\/?s={search_term_string}"},"query-input":{"@type":"PropertyValueSpecification","valueRequired":true,"valueName":"search_term_string"}}],"inLanguage":"fr-FR"},{"@type":"Organization","@id":"https:\/\/syndicom.ch\/fr\/#organization","name":"syndicom","url":"https:\/\/syndicom.ch\/fr\/","logo":{"@type":"ImageObject","inLanguage":"fr-FR","@id":"https:\/\/syndicom.ch\/fr\/#\/schema\/logo\/image\/","url":"https:\/\/syndicom.ch\/app\/uploads\/2024\/06\/logo.svg","contentUrl":"https:\/\/syndicom.ch\/app\/uploads\/2024\/06\/logo.svg","width":297,"height":51,"caption":"syndicom"},"image":{"@id":"https:\/\/syndicom.ch\/fr\/#\/schema\/logo\/image\/"}}]}},"_links":{"self":[{"href":"https:\/\/syndicom.ch\/fr\/wp-json\/wp\/v2\/pages\/7856","targetHints":{"allow":["GET"]}}],"collection":[{"href":"https:\/\/syndicom.ch\/fr\/wp-json\/wp\/v2\/pages"}],"about":[{"href":"https:\/\/syndicom.ch\/fr\/wp-json\/wp\/v2\/types\/page"}],"author":[{"embeddable":true,"href":"https:\/\/syndicom.ch\/fr\/wp-json\/wp\/v2\/users\/2"}],"replies":[{"embeddable":true,"href":"https:\/\/syndicom.ch\/fr\/wp-json\/wp\/v2\/comments?post=7856"}],"version-history":[{"count":53,"href":"https:\/\/syndicom.ch\/fr\/wp-json\/wp\/v2\/pages\/7856\/revisions"}],"predecessor-version":[{"id":58338,"href":"https:\/\/syndicom.ch\/fr\/wp-json\/wp\/v2\/pages\/7856\/revisions\/58338"}],"wp:attachment":[{"href":"https:\/\/syndicom.ch\/fr\/wp-json\/wp\/v2\/media?parent=7856"}],"wp:term":[{"taxonomy":"category","embeddable":true,"href":"https:\/\/syndicom.ch\/fr\/wp-json\/wp\/v2\/categories?post=7856"}],"curies":[{"name":"wp","href":"https:\/\/api.w.org\/{rel}","templated":true}]}}