{"id":8026,"date":"2024-09-09T08:59:38","date_gmt":"2024-09-09T06:59:38","guid":{"rendered":"https:\/\/newxeit.syndicom.ch\/?page_id=8026"},"modified":"2026-02-23T14:57:50","modified_gmt":"2026-02-23T13:57:50","slug":"conventions-collectives-de-travail-cct","status":"publish","type":"page","link":"https:\/\/syndicom.ch\/fr\/conventions-collectives-de-travail-cct\/","title":{"rendered":"Conventions collectives de travail (CCT)"},"content":{"rendered":"\n<div class=\"wp-block-group alignfull has-primary-background-color has-background is-layout-constrained wp-block-group-is-layout-constrained\">\n<div class=\"wp-block-group is-style-narrow is-layout-constrained wp-block-group-is-layout-constrained\">\n<h1 class=\"wp-block-heading has-background-color has-text-color has-link-color wp-elements-b25f52c4ef42e87710727b9b38349a4c\">Conventions collectives de travail (CCT)<\/h1>\n\n\n\n<div class=\"wp-block-columns is-layout-flex wp-container-core-columns-is-layout-9d6595d7 wp-block-columns-is-layout-flex\">\n<div class=\"wp-block-column is-layout-flow wp-block-column-is-layout-flow\" style=\"flex-basis:66.66%\">\n<p class=\"is-style-lead has-background-color has-text-color has-link-color wp-elements-f04558d26483410c072e27ddbb18efa7\">Ton syndicat syndicom n\u00e9gocie des conventions collectives de travail (CCT) progressistes.<\/p>\n<\/div>\n\n\n\n<div class=\"wp-block-column is-layout-flow wp-block-column-is-layout-flow\" style=\"flex-basis:33.33%\">\n<div class=\"wp-block-group is-vertical is-nowrap is-layout-flex wp-container-core-group-is-layout-fc43baa9 wp-block-group-is-layout-flex\">\n<p><a href=\"#FAQ-CCT\"><mark style=\"background-color:#0D7EAC\" class=\"has-inline-color has-background-color\">\u279c <\/mark><\/a><a href=\"#FAQ-CCT\"><mark style=\"background-color:rgba(0, 0, 0, 0)\" class=\"has-inline-color has-background-color\">C&rsquo;est quoi une CCT ?<\/mark><\/a><br><mark style=\"background-color:#0D7EAC\" class=\"has-inline-color has-background-color\"><a href=\"#trouve-ta-cct\"><mark style=\"background-color:rgba(0, 0, 0, 0)\" class=\"has-inline-color has-background-color\">\u279c <\/mark><\/a><a href=\"#trouve-ta-cct\"><mark style=\"background-color:rgba(0, 0, 0, 0)\" class=\"has-inline-color has-background-color\">Trouve ta CCT<\/mark><\/a><\/mark><\/p>\n<\/div>\n<\/div>\n<\/div>\n<\/div>\n<\/div>\n\n\n\n<div class=\"wp-block-group alignfull has-background-background-color has-background is-layout-constrained wp-block-group-is-layout-constrained\">\n<div class=\"wp-block-group is-style-narrow is-layout-constrained wp-block-group-is-layout-constrained\">\n<h2 class=\"wp-block-heading wp-block-coblocks-faq__title\" id=\"FAQ-CCT\"><mark style=\"background-color:rgba(0, 0, 0, 0)\" class=\"has-inline-color has-primary-color\">\u24d8&nbsp;<\/mark>La convention collective de travail (CCT) en bref<\/h2>\n\n\n\n<div class=\"wp-block-group is-style-narrow is-layout-constrained wp-block-group-is-layout-constrained\">\n<div class=\"wp-block-columns is-style-accordion has-background-background-color has-background is-layout-flex wp-container-core-columns-is-layout-9d6595d7 wp-block-columns-is-layout-flex\">\n<div class=\"wp-block-column is-layout-flow wp-block-column-is-layout-flow\">\n<p class=\"has-foreground-color has-text-color has-link-color wp-elements-15e15f5bddd9ad84d2228da1248031c9\"><strong>Qu\u2019est-ce qu\u2019une CCT ?<\/strong><\/p>\n<\/div>\n\n\n\n<div class=\"wp-block-column is-layout-flow wp-block-column-is-layout-flow\">\n<p class=\"is-style-default\">La convention collective de travail (CCT) est un contrat conclu entre un employeur et un ou plusieurs syndicats. Ou, mieux encore, c\u2019est une convention entre plusieurs associations patronales et syndicats.<\/p>\n\n\n\n<p class=\"is-style-default\">L\u2019objectif: r\u00e9glementer de mani\u00e8re contraignante et progressiste les conditions de travail des employ\u00e9-es et les droits des parties contractuelles \u2013 cela au-del\u00e0 de ce que pr\u00e9voient le Code des obligations et la loi sur le travail. Ces lois s\u2019appliquent lorsqu\u2019il n\u2019y a pas encore de CCT.<\/p>\n\n\n\n<p class=\"is-style-default\">Gr\u00e2ce \u00e0 une CCT, les contrats de travail des employ\u00e9-es sont r\u00e9gl\u00e9s collectivement et sont identiques sur de nombreux points. Les principales exceptions concernent les salaires (montant individuel) et le droit aux vacances, qui d\u00e9pend de l\u2019\u00e2ge.<\/p>\n<\/div>\n<\/div>\n\n\n\n<hr class=\"wp-block-separator has-alpha-channel-opacity is-style-wide\"\/>\n\n\n\n<div class=\"wp-block-columns is-style-accordion has-background-background-color has-background is-layout-flex wp-container-core-columns-is-layout-9d6595d7 wp-block-columns-is-layout-flex\">\n<div class=\"wp-block-column is-layout-flow wp-block-column-is-layout-flow\">\n<p class=\"has-foreground-color has-text-color has-link-color wp-elements-67740475c0fb6d78a5f50588e62d56aa\"><strong>Qu\u2019est-ce que r\u00e8gle la CCT ?<\/strong><\/p>\n<\/div>\n\n\n\n<div class=\"wp-block-column is-layout-flow wp-block-column-is-layout-flow\">\n<p class=\"is-style-default\">Dans la partie g\u00e9n\u00e9rale, la CCT clarifie les conditions sur lesquelles les parties contractuelles se sont entendues, \u00e0 savoir la participation, le respect de la paix du travail ou la garantie des n\u00e9gociations salariales annuelles : \u00e0 qui la CCT s\u2019applique-t-elle ? Quels sont les droits et devoirs des employeurs, des employ\u00e9-es et des syndicats ?<\/p>\n\n\n\n<p class=\"is-style-default\">Les conditions de travail concr\u00e8tes se trouvent dans la seconde partie, dite \u00ab normative \u00bb, c\u2019est autour de celle-ci que se cristallisent les conflits. Le syst\u00e8me salarial et le temps de travail, la saisie du temps, les allocations et les frais, l\u2019\u00e9galit\u00e9, etc.<\/p>\n<\/div>\n<\/div>\n\n\n\n<hr class=\"wp-block-separator has-alpha-channel-opacity is-style-wide\"\/>\n\n\n\n<div class=\"wp-block-columns is-style-accordion has-background-background-color has-background is-layout-flex wp-container-core-columns-is-layout-9d6595d7 wp-block-columns-is-layout-flex\">\n<div class=\"wp-block-column is-vertically-aligned-center is-layout-flow wp-block-column-is-layout-flow\" style=\"flex-basis:334px\">\n<p class=\"has-foreground-color has-text-color has-link-color wp-elements-6dbd219c4f1d71a1a6b2f7962ee3be5e\"><strong>Qu\u2019est-ce que l\u2019obligation g\u00e9n\u00e9rale \u00ab dfog \u00bb ?<\/strong><\/p>\n<\/div>\n\n\n\n<div class=\"wp-block-column is-layout-flow wp-block-column-is-layout-flow\">\n<p class=\"is-style-default\">Les CCT, qui sont d\u00e9clar\u00e9es de force obligatoire g\u00e9n\u00e9rale (\u00ab dfog \u00bb), s\u2019appliquent \u00e0 toutes les entreprises de la branche concern\u00e9e. La CCT la plus importante est celle du secteur de la construction. Chaque entreprise du secteur doit respecter les conditions de travail convenues. Les CCT \u00e9tendues sont mises en \u0153uvre par le Conseil f\u00e9d\u00e9ral.<\/p>\n<\/div>\n<\/div>\n\n\n\n<hr class=\"wp-block-separator has-alpha-channel-opacity is-style-wide\"\/>\n\n\n\n<div class=\"wp-block-columns is-style-accordion has-background-background-color has-background is-layout-flex wp-container-core-columns-is-layout-9d6595d7 wp-block-columns-is-layout-flex\">\n<div class=\"wp-block-column is-layout-flow wp-block-column-is-layout-flow\">\n<p class=\"has-foreground-color has-text-color has-link-color wp-elements-11882ddf206a66bcb7c015ff4efc6eca\"><strong>Comment se n\u00e9gocie une CCT ?<\/strong><\/p>\n<\/div>\n\n\n\n<div class=\"wp-block-column is-layout-flow wp-block-column-is-layout-flow\">\n<p class=\"is-style-default\">Les deux parties contractantes mettent en place une d\u00e9l\u00e9gation de n\u00e9gociation. Du c\u00f4t\u00e9 du syndicat, celle-ci se compose de secr\u00e9taires \u00e0 plein temps de la branche concern\u00e9e et d\u2019employ\u00e9-es de l\u2019entreprise. Ces coll\u00e8gues sont \u00e9lu-es, par exemple, lors d\u2019une conf\u00e9rence d\u2019entreprise. Celle-ci octroie \u00e0 syndicom un mandat de n\u00e9gociation. La participation de tous les membres garantit que le r\u00e9sultat final repose sur un large consensus.<\/p>\n<\/div>\n<\/div>\n\n\n\n<hr class=\"wp-block-separator has-alpha-channel-opacity is-style-wide\"\/>\n\n\n\n<div class=\"wp-block-columns is-style-accordion has-background-background-color has-background is-layout-flex wp-container-core-columns-is-layout-9d6595d7 wp-block-columns-is-layout-flex\">\n<div class=\"wp-block-column is-layout-flow wp-block-column-is-layout-flow\">\n<p class=\"has-foreground-color has-text-color has-link-color wp-elements-1602fb3892e5b7e99c62b5c0ffb9675d\"><strong>Comment une CCT est-elle appliqu\u00e9e ?<\/strong><\/p>\n<\/div>\n\n\n\n<div class=\"wp-block-column is-layout-flow wp-block-column-is-layout-flow\">\n<p class=\"is-style-default\">Les secr\u00e9taires syndicaux-ales contr\u00f4lent au moyen des documents contractuels et salariaux ainsi que sur place si la CCT est correctement mise en \u0153uvre. En tant que partenaire social, syndicom dispose de droits garantis d\u2019acc\u00e8s et de participation. Les commissions du personnel jouent, elles aussi, un r\u00f4le essentiel. Elles sont en g\u00e9n\u00e9ral les premi\u00e8res \u00e0 constater si les conditions de travail s\u2019\u00e9cartent de ce qui a \u00e9t\u00e9 n\u00e9goci\u00e9.<\/p>\n<\/div>\n<\/div>\n\n\n\n<hr class=\"wp-block-separator has-alpha-channel-opacity is-style-wide\"\/>\n\n\n\n<div class=\"wp-block-columns is-style-accordion has-background-background-color has-background is-layout-flex wp-container-core-columns-is-layout-9d6595d7 wp-block-columns-is-layout-flex\">\n<div class=\"wp-block-column is-layout-flow wp-block-column-is-layout-flow\">\n<p class=\"has-foreground-color has-text-color has-link-color wp-elements-a189defc67916fb0bb900bf36d3ecb9d\"><strong>Qu\u2019est-ce que la contribution CCT ?<\/strong><\/p>\n<\/div>\n\n\n\n<div class=\"wp-block-column is-layout-flow wp-block-column-is-layout-flow\">\n<ul class=\"wp-block-list\">\n<li>Les membres du syndicat paient une cotisation de membre mensuelle. <\/li>\n\n\n\n<li>Les personnes qui ne sont pas affili\u00e9es au syndicat paient chaque mois une contribution CCT ou une contribution aux frais d\u2019ex\u00e9cution.<\/li>\n<\/ul>\n\n\n\n<p>Les non-membres participent ainsi aussi aux co\u00fbts support\u00e9s par les syndicats pour la n\u00e9gociation et l\u2019application des conventions collectives. C\u2019est une question d\u2019\u00e9quit\u00e9 : la CCT profite \u00e0 tout le monde, il est juste que toutes et tous y contribuent. <\/p>\n\n\n\n<p>Cet argent alimente un fonds qui sert aux syndicats pour financer des <a href=\"https:\/\/syndicom.ch\/fr\/formation-continue-cours-education\/\" target=\"_blank\" rel=\"noreferrer noopener\">cours<\/a>, destin\u00e9s \u00e0 tous les coll\u00e8gues, concernant la CCT, son application et sa mise en \u0153uvre.<\/p>\n\n\n\n<p>En principe, le paiement de cette contribution ne donne pas droit \u00e0 d\u2019autres prestations syndicales. Elle ne permet pas non plus de participer aux d\u00e9cisions sur le contenu de la CCT. Les personnes qui veulent avoir pleinement leur mot \u00e0 dire doivent \u00eatre membres du syndicat ou le devenir: <a href=\"https:\/\/my.syndicom.ch\/adhesion\" target=\"_blank\" rel=\"noreferrer noopener\">Pas encore membre ? Deviens membre maintenant !<\/a><\/p>\n\n\n\n<p>syndicom rembourse \u00e0 tous ses membres la <a href=\"https:\/\/syndicom.ch\/fr\/faq-affiliation\/\" target=\"_blank\" rel=\"noreferrer noopener\">cotisation CCT<\/a> qui leur a \u00e9t\u00e9 \u00e9ventuellement d\u00e9duite du salaire.<\/p>\n<\/div>\n<\/div>\n\n\n\n<hr class=\"wp-block-separator has-alpha-channel-opacity is-style-wide\"\/>\n\n\n\n<div class=\"wp-block-columns is-style-accordion has-background-background-color has-background is-layout-flex wp-container-core-columns-is-layout-9d6595d7 wp-block-columns-is-layout-flex\">\n<div class=\"wp-block-column is-layout-flow wp-block-column-is-layout-flow\">\n<p class=\"has-foreground-color has-text-color has-link-color wp-elements-3926da553320b9031483797f91c56db8\"><strong>Dans mon entreprise, il n\u2019y a pas encore de CCT. Que puis-je faire pour changer la situation ?<\/strong><\/p>\n<\/div>\n\n\n\n<div class=\"wp-block-column is-layout-flow wp-block-column-is-layout-flow\">\n<p>Contacte nos <a href=\"https:\/\/syndicom.ch\/fr\/secretariats\/\" target=\"_blank\" rel=\"noreferrer noopener\">secr\u00e9taires r\u00e9gionaux-ales<\/a> ! Ils et elles t\u2019expliqueront la marche \u00e0 suivre \u00e9tape par \u00e9tape et te soutiendront.<\/p>\n<\/div>\n<\/div>\n\n\n\n<hr class=\"wp-block-separator has-alpha-channel-opacity is-style-wide\"\/>\n<\/div>\n\n\n\n<p class=\"has-text-align-left\" id=\"gav-suche\"><\/p>\n<\/div>\n<\/div>\n\n\n\n<div class=\"wp-block-group alignfull has-background-color has-primary-background-color has-text-color has-background has-link-color wp-elements-f9b130a213a1a7f7c54001bc50979e80 is-layout-constrained wp-block-group-is-layout-constrained\">\n<div class=\"wp-block-group is-style-narrow is-layout-constrained wp-block-group-is-layout-constrained\">\n<h2 class=\"wp-block-heading has-text-align-center\">Personnelle, rapide, directe<\/h2>\n\n\n\n<p class=\"has-text-align-center\">Tu veux en savoir plus sur le syndicat syndicom ? Tu as des questions ou des probl\u00e8mes et tu souhaites \u00eatre conseill\u00e9 ? Contacte-nous, nous sommes l\u00e0 pour toi.<\/p>\n\n\n\n<div class=\"wp-block-buttons is-content-justification-center is-layout-flex wp-container-core-buttons-is-layout-16018d1d wp-block-buttons-is-layout-flex\">\n<div class=\"wp-block-button\"><a class=\"wp-block-button__link wp-element-button\" href=\"https:\/\/syndicom.ch\/fr\/contact\/\" target=\"_blank\" rel=\"noreferrer noopener\">Contacte-nous<\/a><\/div>\n\n\n\n<div class=\"wp-block-button is-style-outline is-style-outline--1\"><a class=\"wp-block-button__link wp-element-button\" href=\"https:\/\/syndicom.ch\/fr\/faq-affiliation\/\" target=\"_blank\" rel=\"noreferrer noopener\">Avantages et infos sur l\u2019adh\u00e9sion<\/a><\/div>\n<\/div>\n<\/div>\n<\/div>\n\n\n\n<div class=\"wp-block-group alignfull has-background-background-color has-background is-layout-constrained wp-block-group-is-layout-constrained\">\n<div id=\"trouve-ta-cct\" class=\"wp-block-group is-style-narrow is-layout-constrained wp-block-group-is-layout-constrained\">\n<h2 class=\"wp-block-heading\">Nos conventions collectives en un coup d&rsquo;\u0153il<\/h2>\n\n\n\n<p><mark style=\"background-color:rgba(0, 0, 0, 0)\" class=\"has-inline-color has-foreground-color\"><strong><strong>Pour toi, une CCT de syndicom signifie<\/strong><\/strong><\/mark><\/p>\n\n\n\n<ul class=\"wp-block-list\">\n<li class=\"is-style-check\"><mark style=\"background-color:rgba(0, 0, 0, 0)\" class=\"has-inline-color has-foreground-color\"><mark style=\"background-color:rgba(0, 0, 0, 0)\" class=\"has-inline-color has-foreground-color\">des meilleures conditions salariales<\/mark><\/mark><\/li>\n\n\n\n<li class=\"is-style-check\"><mark style=\"background-color:rgba(0, 0, 0, 0)\" class=\"has-inline-color has-foreground-color\"><mark style=\"background-color:rgba(0, 0, 0, 0)\" class=\"has-inline-color has-foreground-color\">une compensation annuelle du rench\u00e9rissement gr\u00e2ce \u00e0 des n\u00e9gociations salariales obligatoires<\/mark><\/mark><\/li>\n\n\n\n<li class=\"is-style-check\"><mark style=\"background-color:rgba(0, 0, 0, 0)\" class=\"has-inline-color has-foreground-color\"><mark style=\"background-color:rgba(0, 0, 0, 0)\" class=\"has-inline-color has-foreground-color\">des droits de participation de la repr\u00e9sentation des travailleur-euses de ton entreprise.<\/mark><\/mark><\/li>\n<\/ul>\n\n\n<div  class=\"syn-block-search\" data-target-id=\"Finde deinen Gesamtarbeitsvertrag\">\n    <form method=\"GET\">\n        <button type=\"submit\" class=\"syn-block-search__button\">\n            <svg xmlns=\"http:\/\/www.w3.org\/2000\/svg\" width=\"34\" height=\"35\" viewBox=\"0 0 34 35\"><g transform=\"translate(5464 13900.09)\"><circle cx=\"13\" cy=\"13\" r=\"13\" transform=\"translate(-5464 -13900.09)\" fill=\"#fff\"\/><path d=\"M13,2A11,11,0,0,0,5.222,20.778,11,11,0,1,0,20.778,5.222,10.928,10.928,0,0,0,13,2m0-2A13,13,0,1,1,0,13,13,13,0,0,1,13,0Z\" transform=\"translate(-5464 -13900.09)\" fill=\"#575757\"\/><path d=\"M11,13a1,1,0,0,1-.737-.324l-11-12A1,1,0,0,1-.676-.737,1,1,0,0,1,.737-.676l11,12A1,1,0,0,1,11,13Z\" transform=\"translate(-5442 -13878.09)\" fill=\"#575757\"\/><\/g><\/svg>\n        <\/button>\n        <input class=\"syn-block-search__input\" type=\"text\" name=\"gqs\" placeholder=\"Rechercher\" value=\"\" \/>\n    <\/form>\n<\/div>\n\n\n<p><\/p>\n\n\n\n<div class=\"wp-block-columns is-layout-flex wp-container-core-columns-is-layout-9d6595d7 wp-block-columns-is-layout-flex\">\n<div class=\"wp-block-column is-layout-flow wp-block-column-is-layout-flow\">\n<div class=\"wp-block-query location-query is-layout-flow wp-block-query-is-layout-flow\"><ul class=\"location-item wp-block-post-template is-layout-flow wp-block-post-template-is-layout-flow\"><li class=\"wp-block-post post-23325 glossar type-glossar status-publish hentry glossar-category-gesamtarbeitsvertraege-gav-fr\">\n<h3 class=\"wp-block-post-title\"><a href=\"https:\/\/syndicom.ch\/fr\/entree-glossaire\/cablex\/\" target=\"_blank\" >Cablex<\/a><\/h3>\n\n\n<\/li><li class=\"wp-block-post post-8167 glossar type-glossar status-publish hentry glossar-category-gesamtarbeitsvertraege-gav-fr\">\n<h3 class=\"wp-block-post-title\"><a href=\"https:\/\/syndicom.ch\/fr\/entree-glossaire\/carpostal\/\" target=\"_blank\" >CarPostal SA<\/a><\/h3>\n\n\n<\/li><li class=\"wp-block-post post-17514 glossar type-glossar status-publish hentry glossar-category-gesamtarbeitsvertraege-gav-fr\">\n<h3 class=\"wp-block-post-title\"><a href=\"https:\/\/syndicom.ch\/fr\/entree-glossaire\/centres-dappel-et-de-contact\/\" target=\"_blank\" >Centres d\u2019appel et de contact<\/a><\/h3>\n\n\n<\/li><li class=\"wp-block-post post-8072 glossar type-glossar status-publish hentry glossar-category-gesamtarbeitsvertraege-gav-fr\">\n<h3 class=\"wp-block-post-title\"><a href=\"https:\/\/syndicom.ch\/fr\/entree-glossaire\/coursiers-a-velo\/\" target=\"_blank\" >Coursiers \u00e0 v\u00e9lo<\/a><\/h3>\n\n\n<\/li><li class=\"wp-block-post post-23320 glossar type-glossar status-publish hentry glossar-category-gesamtarbeitsvertraege-gav-fr\">\n<h3 class=\"wp-block-post-title\"><a href=\"https:\/\/syndicom.ch\/fr\/entree-glossaire\/detecon\/\" target=\"_blank\" >Detecon<\/a><\/h3>\n\n\n<\/li><li class=\"wp-block-post post-23364 glossar type-glossar status-publish hentry glossar-category-gesamtarbeitsvertraege-gav-fr\">\n<h3 class=\"wp-block-post-title\"><a href=\"https:\/\/syndicom.ch\/fr\/entree-glossaire\/entrepreneurs-carpostal\/\" target=\"_blank\" >Entrepreneurs CarPostal<\/a><\/h3>\n\n\n<\/li><li class=\"wp-block-post post-23329 glossar type-glossar status-publish hentry glossar-category-gesamtarbeitsvertraege-gav-fr\">\n<h3 class=\"wp-block-post-title\"><a href=\"https:\/\/syndicom.ch\/fr\/entree-glossaire\/fulfillment-ms-direct\/\" target=\"_blank\" >Fulfillment (MS Direct)<\/a><\/h3>\n\n\n<\/li><li class=\"wp-block-post post-23334 glossar type-glossar status-publish hentry glossar-category-gesamtarbeitsvertraege-gav-fr\">\n<h3 class=\"wp-block-post-title\"><a href=\"https:\/\/syndicom.ch\/fr\/entree-glossaire\/industrie-graphique\/\" target=\"_blank\" >Industrie graphique<\/a><\/h3>\n\n\n<\/li><li class=\"wp-block-post post-8171 glossar type-glossar status-publish hentry glossar-category-gesamtarbeitsvertraege-gav-fr\">\n<h3 class=\"wp-block-post-title\"><a href=\"https:\/\/syndicom.ch\/fr\/entree-glossaire\/infrastructure-de-reseau\/\" target=\"_blank\" >Infrastructure de r\u00e9seau<\/a><\/h3>\n\n\n<\/li><li class=\"wp-block-post post-8138 glossar type-glossar status-publish hentry glossar-category-gesamtarbeitsvertraege-gav-fr\">\n<h3 class=\"wp-block-post-title\"><a href=\"https:\/\/syndicom.ch\/fr\/entree-glossaire\/livre-et-diffusion-de-medias\/\" target=\"_blank\" >Livre et diffusion de m\u00e9dias<\/a><\/h3>\n\n\n<\/li><li class=\"wp-block-post post-8176 glossar type-glossar status-publish hentry glossar-category-gesamtarbeitsvertraege-gav-fr\">\n<h3 class=\"wp-block-post-title\"><a href=\"https:\/\/syndicom.ch\/fr\/entree-glossaire\/localsearch\/\" target=\"_blank\" >localsearch<\/a><\/h3>\n\n\n<\/li><li class=\"wp-block-post post-23347 glossar type-glossar status-publish hentry glossar-category-gesamtarbeitsvertraege-gav-fr\">\n<h3 class=\"wp-block-post-title\"><a href=\"https:\/\/syndicom.ch\/fr\/entree-glossaire\/planzer\/\" target=\"_blank\" >Planzer Colis<\/a><\/h3>\n\n\n<\/li><li class=\"wp-block-post post-8050 glossar type-glossar status-publish hentry glossar-category-gesamtarbeitsvertraege-gav-fr\">\n<h3 class=\"wp-block-post-title\"><a href=\"https:\/\/syndicom.ch\/fr\/entree-glossaire\/cct-faitiere-de-la-poste\/\" target=\"_blank\" >Poste CCT fa\u00eeti\u00e8re<\/a><\/h3>\n\n\n<\/li><li class=\"wp-block-post post-23355 glossar type-glossar status-publish hentry glossar-category-gesamtarbeitsvertraege-gav-fr\">\n<h3 class=\"wp-block-post-title\"><a href=\"https:\/\/syndicom.ch\/fr\/entree-glossaire\/poste-ch\/\" target=\"_blank\" >Poste CH SA<\/a><\/h3>\n\n\n<\/li><li class=\"wp-block-post post-23387 glossar type-glossar status-publish hentry glossar-category-gesamtarbeitsvertraege-gav-fr\">\n<h3 class=\"wp-block-post-title\"><a href=\"https:\/\/syndicom.ch\/fr\/entree-glossaire\/ims\/\" target=\"_blank\" >Poste Immobilier Management et Services (IMS) SA<\/a><\/h3>\n\n\n<\/li><li class=\"wp-block-post post-8163 glossar type-glossar status-publish hentry glossar-category-gesamtarbeitsvertraege-gav-fr\">\n<h3 class=\"wp-block-post-title\"><a href=\"https:\/\/syndicom.ch\/fr\/entree-glossaire\/postfinance\/\" target=\"_blank\" >PostFinance SA<\/a><\/h3>\n\n\n<\/li><li class=\"wp-block-post post-8121 glossar type-glossar status-publish hentry glossar-category-gesamtarbeitsvertraege-gav-fr\">\n<h3 class=\"wp-block-post-title\"><a href=\"https:\/\/syndicom.ch\/fr\/entree-glossaire\/presto\/\" target=\"_blank\" >Presto (distribution matinale)<\/a><\/h3>\n\n\n<\/li><li class=\"wp-block-post post-8102 glossar type-glossar status-publish hentry glossar-category-gesamtarbeitsvertraege-gav-fr\">\n<h3 class=\"wp-block-post-title\"><a href=\"https:\/\/syndicom.ch\/fr\/entree-glossaire\/skyguide\/\" target=\"_blank\" >Skyguide<\/a><\/h3>\n\n\n<\/li><li class=\"wp-block-post post-8098 glossar type-glossar status-publish hentry glossar-category-gesamtarbeitsvertraege-gav-fr\">\n<h3 class=\"wp-block-post-title\"><a href=\"https:\/\/syndicom.ch\/fr\/entree-glossaire\/smood\/\" target=\"_blank\" >Smood SA<\/a><\/h3>\n\n\n<\/li><li class=\"wp-block-post post-23371 glossar type-glossar status-publish hentry glossar-category-gesamtarbeitsvertraege-gav-fr\">\n<h3 class=\"wp-block-post-title\"><a href=\"https:\/\/syndicom.ch\/fr\/entree-glossaire\/sps\/\" target=\"_blank\" >SPS Switzerland SA<\/a><\/h3>\n\n\n<\/li><li class=\"wp-block-post post-8094 glossar type-glossar status-publish hentry glossar-category-gesamtarbeitsvertraege-gav-fr\">\n<h3 class=\"wp-block-post-title\"><a href=\"https:\/\/syndicom.ch\/fr\/entree-glossaire\/sunrise\/\" target=\"_blank\" >Sunrise<\/a><\/h3>\n\n\n<\/li><li class=\"wp-block-post post-8150 glossar type-glossar status-publish hentry glossar-category-gesamtarbeitsvertraege-gav-fr\">\n<h3 class=\"wp-block-post-title\"><a href=\"https:\/\/syndicom.ch\/fr\/entree-glossaire\/swiss-post-cargo-ch-sa\/\" target=\"_blank\" >Swiss Post Cargo CH SA<\/a><\/h3>\n\n\n<\/li><li class=\"wp-block-post post-8090 glossar type-glossar status-publish hentry glossar-category-gesamtarbeitsvertraege-gav-fr\">\n<h3 class=\"wp-block-post-title\"><a href=\"https:\/\/syndicom.ch\/fr\/entree-glossaire\/swisscom\/\" target=\"_blank\" >Swisscom<\/a><\/h3>\n\n\n<\/li><li class=\"wp-block-post post-8086 glossar type-glossar status-publish hentry glossar-category-gesamtarbeitsvertraege-gav-fr\">\n<h3 class=\"wp-block-post-title\"><a href=\"https:\/\/syndicom.ch\/fr\/entree-glossaire\/t-systems\/\" target=\"_blank\" >T-Systems AG<\/a><\/h3>\n\n\n<\/li><li class=\"wp-block-post post-23373 glossar type-glossar status-publish hentry glossar-category-gesamtarbeitsvertraege-gav-fr\">\n<h3 class=\"wp-block-post-title\"><a href=\"https:\/\/syndicom.ch\/fr\/entree-glossaire\/wagner\/\" target=\"_blank\" >WAGNER SA<\/a><\/h3>\n\n\n<\/li><\/ul>\n\n\n\n<\/div>\n<\/div>\n\n\n\n<div class=\"wp-block-column is-layout-flow wp-block-column-is-layout-flow\">\n<div class=\"wp-block-group alignfull has-tertiary-background-color has-background is-layout-constrained wp-block-group-is-layout-constrained\">\n<div class=\"wp-block-group is-style-narrow is-layout-constrained wp-block-group-is-layout-constrained\">\n<p><strong>Ton contrat de travail n&rsquo;est pas dans la liste ?<\/strong> Contacte-nous : c&rsquo;est avec plaisir que nous t&rsquo;aiderons ! <a href=\"https:\/\/syndicom.ch\/fr\/contact\/\" target=\"_blank\" rel=\"noreferrer noopener\">\u279c Adresse de contact<\/a><\/p>\n<\/div>\n<\/div>\n<\/div>\n<\/div>\n<\/div>\n<\/div>\n","protected":false},"excerpt":{"rendered":"<p>Conventions collectives de travail (CCT) Ton syndicat syndicom n\u00e9gocie des conventions collectives de travail (CCT) progressistes. \u279c C&rsquo;est quoi une CCT ?\u279c Trouve ta CCT \u24d8&nbsp;La convention collective de travail (CCT) en bref Qu\u2019est-ce qu\u2019une CCT ? La convention collective de travail (CCT) est un contrat conclu entre un employeur et un ou plusieurs syndicats. [&hellip;]<\/p>\n","protected":false},"author":2,"featured_media":0,"parent":0,"menu_order":0,"comment_status":"closed","ping_status":"closed","template":"","meta":{"_acf_changed":false,"inline_featured_image":false,"_coblocks_attr":"","_coblocks_dimensions":"","_coblocks_responsive_height":"","_coblocks_accordion_ie_support":"","footnotes":""},"categories":[380],"class_list":["post-8026","page","type-page","status-publish","hentry","category-ton-travail"],"acf":[],"yoast_head":"<!-- This site is optimized with the Yoast SEO plugin v27.3 - https:\/\/yoast.com\/product\/yoast-seo-wordpress\/ -->\n<title>Conventions collectives de travail (CCT) - syndicom<\/title>\n<meta name=\"description\" content=\"Pour toi, une CCT de syndicom signifie: de meilleures conditions salariales, une compensation annuelle du rench\u00e9rissement gr\u00e2ce \u00e0 des n\u00e9gociations ...\" \/>\n<meta name=\"robots\" content=\"index, follow, max-snippet:-1, max-image-preview:large, max-video-preview:-1\" \/>\n<link rel=\"canonical\" href=\"https:\/\/syndicom.ch\/fr\/conventions-collectives-de-travail-cct\/\" \/>\n<meta property=\"og:locale\" content=\"fr_FR\" \/>\n<meta property=\"og:type\" content=\"article\" \/>\n<meta property=\"og:title\" content=\"Conventions collectives de travail (CCT) - syndicom\" \/>\n<meta property=\"og:description\" content=\"Pour toi, une CCT de syndicom signifie: de meilleures conditions salariales, une compensation annuelle du rench\u00e9rissement gr\u00e2ce \u00e0 des n\u00e9gociations ...\" \/>\n<meta property=\"og:url\" content=\"https:\/\/syndicom.ch\/fr\/conventions-collectives-de-travail-cct\/\" \/>\n<meta property=\"og:site_name\" content=\"syndicom\" \/>\n<meta property=\"article:modified_time\" content=\"2026-02-23T13:57:50+00:00\" \/>\n<meta name=\"twitter:card\" content=\"summary_large_image\" \/>\n<script type=\"application\/ld+json\" class=\"yoast-schema-graph\">{\"@context\":\"https:\\\/\\\/schema.org\",\"@graph\":[{\"@type\":\"WebPage\",\"@id\":\"https:\\\/\\\/syndicom.ch\\\/fr\\\/conventions-collectives-de-travail-cct\\\/\",\"url\":\"https:\\\/\\\/syndicom.ch\\\/fr\\\/conventions-collectives-de-travail-cct\\\/\",\"name\":\"Conventions collectives de travail (CCT) - syndicom\",\"isPartOf\":{\"@id\":\"https:\\\/\\\/syndicom.ch\\\/fr\\\/#website\"},\"datePublished\":\"2024-09-09T06:59:38+00:00\",\"dateModified\":\"2026-02-23T13:57:50+00:00\",\"description\":\"Pour toi, une CCT de syndicom signifie: de meilleures conditions salariales, une compensation annuelle du rench\u00e9rissement gr\u00e2ce \u00e0 des n\u00e9gociations ...\",\"breadcrumb\":{\"@id\":\"https:\\\/\\\/syndicom.ch\\\/fr\\\/conventions-collectives-de-travail-cct\\\/#breadcrumb\"},\"inLanguage\":\"fr-FR\",\"potentialAction\":[{\"@type\":\"ReadAction\",\"target\":[\"https:\\\/\\\/syndicom.ch\\\/fr\\\/conventions-collectives-de-travail-cct\\\/\"]}]},{\"@type\":\"BreadcrumbList\",\"@id\":\"https:\\\/\\\/syndicom.ch\\\/fr\\\/conventions-collectives-de-travail-cct\\\/#breadcrumb\",\"itemListElement\":[{\"@type\":\"ListItem\",\"position\":1,\"name\":\"Page d'accueil\",\"item\":\"https:\\\/\\\/syndicom.ch\\\/fr\\\/\"},{\"@type\":\"ListItem\",\"position\":2,\"name\":\"Conventions collectives de travail (CCT)\"}]},{\"@type\":\"WebSite\",\"@id\":\"https:\\\/\\\/syndicom.ch\\\/fr\\\/#website\",\"url\":\"https:\\\/\\\/syndicom.ch\\\/fr\\\/\",\"name\":\"syndicom\",\"description\":\"\",\"publisher\":{\"@id\":\"https:\\\/\\\/syndicom.ch\\\/fr\\\/#organization\"},\"potentialAction\":[{\"@type\":\"SearchAction\",\"target\":{\"@type\":\"EntryPoint\",\"urlTemplate\":\"https:\\\/\\\/syndicom.ch\\\/fr\\\/?s={search_term_string}\"},\"query-input\":{\"@type\":\"PropertyValueSpecification\",\"valueRequired\":true,\"valueName\":\"search_term_string\"}}],\"inLanguage\":\"fr-FR\"},{\"@type\":\"Organization\",\"@id\":\"https:\\\/\\\/syndicom.ch\\\/fr\\\/#organization\",\"name\":\"syndicom\",\"url\":\"https:\\\/\\\/syndicom.ch\\\/fr\\\/\",\"logo\":{\"@type\":\"ImageObject\",\"inLanguage\":\"fr-FR\",\"@id\":\"https:\\\/\\\/syndicom.ch\\\/fr\\\/#\\\/schema\\\/logo\\\/image\\\/\",\"url\":\"https:\\\/\\\/syndicom.ch\\\/app\\\/uploads\\\/2024\\\/06\\\/logo.svg\",\"contentUrl\":\"https:\\\/\\\/syndicom.ch\\\/app\\\/uploads\\\/2024\\\/06\\\/logo.svg\",\"width\":297,\"height\":51,\"caption\":\"syndicom\"},\"image\":{\"@id\":\"https:\\\/\\\/syndicom.ch\\\/fr\\\/#\\\/schema\\\/logo\\\/image\\\/\"}}]}<\/script>\n<!-- \/ Yoast SEO plugin. -->","yoast_head_json":{"title":"Conventions collectives de travail (CCT) - syndicom","description":"Pour toi, une CCT de syndicom signifie: de meilleures conditions salariales, une compensation annuelle du rench\u00e9rissement gr\u00e2ce \u00e0 des n\u00e9gociations ...","robots":{"index":"index","follow":"follow","max-snippet":"max-snippet:-1","max-image-preview":"max-image-preview:large","max-video-preview":"max-video-preview:-1"},"canonical":"https:\/\/syndicom.ch\/fr\/conventions-collectives-de-travail-cct\/","og_locale":"fr_FR","og_type":"article","og_title":"Conventions collectives de travail (CCT) - syndicom","og_description":"Pour toi, une CCT de syndicom signifie: de meilleures conditions salariales, une compensation annuelle du rench\u00e9rissement gr\u00e2ce \u00e0 des n\u00e9gociations ...","og_url":"https:\/\/syndicom.ch\/fr\/conventions-collectives-de-travail-cct\/","og_site_name":"syndicom","article_modified_time":"2026-02-23T13:57:50+00:00","twitter_card":"summary_large_image","schema":{"@context":"https:\/\/schema.org","@graph":[{"@type":"WebPage","@id":"https:\/\/syndicom.ch\/fr\/conventions-collectives-de-travail-cct\/","url":"https:\/\/syndicom.ch\/fr\/conventions-collectives-de-travail-cct\/","name":"Conventions collectives de travail (CCT) - syndicom","isPartOf":{"@id":"https:\/\/syndicom.ch\/fr\/#website"},"datePublished":"2024-09-09T06:59:38+00:00","dateModified":"2026-02-23T13:57:50+00:00","description":"Pour toi, une CCT de syndicom signifie: de meilleures conditions salariales, une compensation annuelle du rench\u00e9rissement gr\u00e2ce \u00e0 des n\u00e9gociations ...","breadcrumb":{"@id":"https:\/\/syndicom.ch\/fr\/conventions-collectives-de-travail-cct\/#breadcrumb"},"inLanguage":"fr-FR","potentialAction":[{"@type":"ReadAction","target":["https:\/\/syndicom.ch\/fr\/conventions-collectives-de-travail-cct\/"]}]},{"@type":"BreadcrumbList","@id":"https:\/\/syndicom.ch\/fr\/conventions-collectives-de-travail-cct\/#breadcrumb","itemListElement":[{"@type":"ListItem","position":1,"name":"Page d'accueil","item":"https:\/\/syndicom.ch\/fr\/"},{"@type":"ListItem","position":2,"name":"Conventions collectives de travail (CCT)"}]},{"@type":"WebSite","@id":"https:\/\/syndicom.ch\/fr\/#website","url":"https:\/\/syndicom.ch\/fr\/","name":"syndicom","description":"","publisher":{"@id":"https:\/\/syndicom.ch\/fr\/#organization"},"potentialAction":[{"@type":"SearchAction","target":{"@type":"EntryPoint","urlTemplate":"https:\/\/syndicom.ch\/fr\/?s={search_term_string}"},"query-input":{"@type":"PropertyValueSpecification","valueRequired":true,"valueName":"search_term_string"}}],"inLanguage":"fr-FR"},{"@type":"Organization","@id":"https:\/\/syndicom.ch\/fr\/#organization","name":"syndicom","url":"https:\/\/syndicom.ch\/fr\/","logo":{"@type":"ImageObject","inLanguage":"fr-FR","@id":"https:\/\/syndicom.ch\/fr\/#\/schema\/logo\/image\/","url":"https:\/\/syndicom.ch\/app\/uploads\/2024\/06\/logo.svg","contentUrl":"https:\/\/syndicom.ch\/app\/uploads\/2024\/06\/logo.svg","width":297,"height":51,"caption":"syndicom"},"image":{"@id":"https:\/\/syndicom.ch\/fr\/#\/schema\/logo\/image\/"}}]}},"_links":{"self":[{"href":"https:\/\/syndicom.ch\/fr\/wp-json\/wp\/v2\/pages\/8026","targetHints":{"allow":["GET"]}}],"collection":[{"href":"https:\/\/syndicom.ch\/fr\/wp-json\/wp\/v2\/pages"}],"about":[{"href":"https:\/\/syndicom.ch\/fr\/wp-json\/wp\/v2\/types\/page"}],"author":[{"embeddable":true,"href":"https:\/\/syndicom.ch\/fr\/wp-json\/wp\/v2\/users\/2"}],"replies":[{"embeddable":true,"href":"https:\/\/syndicom.ch\/fr\/wp-json\/wp\/v2\/comments?post=8026"}],"version-history":[{"count":123,"href":"https:\/\/syndicom.ch\/fr\/wp-json\/wp\/v2\/pages\/8026\/revisions"}],"predecessor-version":[{"id":58272,"href":"https:\/\/syndicom.ch\/fr\/wp-json\/wp\/v2\/pages\/8026\/revisions\/58272"}],"wp:attachment":[{"href":"https:\/\/syndicom.ch\/fr\/wp-json\/wp\/v2\/media?parent=8026"}],"wp:term":[{"taxonomy":"category","embeddable":true,"href":"https:\/\/syndicom.ch\/fr\/wp-json\/wp\/v2\/categories?post=8026"}],"curies":[{"name":"wp","href":"https:\/\/api.w.org\/{rel}","templated":true}]}}