{"id":8155,"date":"2024-07-18T08:45:03","date_gmt":"2024-07-18T06:45:03","guid":{"rendered":"https:\/\/newxeit.syndicom.ch\/?page_id=8155"},"modified":"2026-04-10T11:15:23","modified_gmt":"2026-04-10T09:15:23","slug":"service-de-presse","status":"publish","type":"page","link":"https:\/\/syndicom.ch\/fr\/service-de-presse\/","title":{"rendered":"Service de presse"},"content":{"rendered":"\n<div class=\"wp-block-group alignfull has-background-color has-primary-background-color has-text-color has-background has-link-color wp-elements-fb115a0c7fbe3d7eb763845e5d56a57b is-layout-constrained wp-block-group-is-layout-constrained\">\n<div class=\"wp-block-group is-style-narrow is-layout-constrained wp-block-group-is-layout-constrained\">\n<h1 class=\"wp-block-heading\"><strong>Bienvenue au service de presse syndicom<\/strong><\/h1>\n\n\n\n<div class=\"wp-block-columns is-layout-flex wp-container-core-columns-is-layout-9d6595d7 wp-block-columns-is-layout-flex\">\n<div class=\"wp-block-column is-layout-flow wp-block-column-is-layout-flow\" style=\"flex-basis:66.66%\">\n<p class=\"is-style-lead\">Ici tu trouveras les communiqu\u00e9s de presse de nos secteurs, les derni\u00e8res nouvelles sur les campagnes nationales et r\u00e9gionales et les coordonn\u00e9es de nos porte-paroles.<\/p>\n<\/div>\n\n\n\n<div class=\"wp-block-column is-layout-flow wp-block-column-is-layout-flow\" style=\"flex-basis:33.33%\">\n<p><a href=\"#porte-paroles\"><mark style=\"background-color:rgba(0, 0, 0, 0)\" class=\"has-inline-color has-background-color\">\u279c Porte-paroles <\/mark><\/a><br><a href=\"#Communique-de-presse\"><mark style=\"background-color:rgba(0, 0, 0, 0)\" class=\"has-inline-color has-background-color\">\u279c Communiqu\u00e9s de presse <\/mark><\/a><br><a href=\"https:\/\/syndicom.ch\/fr\/offres-par-metier\/presse\/\" target=\"_blank\" rel=\"noreferrer noopener\"><mark style=\"background-color:rgba(0, 0, 0, 0)\" class=\"has-inline-color has-background-color\">\u279c Notre engagement pour les m\u00e9dias <\/mark><\/a><\/p>\n<\/div>\n<\/div>\n<\/div>\n<\/div>\n\n\n\n<div class=\"wp-block-group alignfull is-layout-constrained wp-block-group-is-layout-constrained\">\n<div class=\"wp-block-group alignfull has-background-background-color has-background is-layout-constrained wp-block-group-is-layout-constrained\">\n<div class=\"wp-block-group is-style-narrow is-layout-constrained wp-block-group-is-layout-constrained\">\n<h2 class=\"wp-block-heading has-text-align-left\" id=\"porte-paroles\">Ton contact pour les demandes des m\u00e9dias<\/h2>\n\n\n\n<p>Merci de ton int\u00e9r\u00eat pour syndicom. Si tu as des questions, n&rsquo;h\u00e9site pas \u00e0 contacter les personnes suivantes :<\/p>\n\n\n\n<div class=\"wp-block-group is-style-row-2 is-nowrap is-layout-flex wp-container-core-group-is-layout-64989fb1 wp-block-group-is-layout-flex\"><div class=\"wp-block-custom-person-item\"><div class=\"person-image\"><a class=\"employee-lightbox\" href=\"https:\/\/syndicom.ch\/app\/uploads\/2024\/08\/gewerkschaft-syndicom-romi-hofers-scaled.jpg\" data-gallery=\"person-69f568ee25cb8\" ><img loading=\"lazy\" decoding=\"async\" src=\"https:\/\/syndicom.ch\/app\/uploads\/2024\/08\/gewerkschaft-syndicom-romi-hofers-scaled.jpg\" class=\"attachment-post-thumbnail size-post-thumbnail wp-post-image \" \/><\/a><\/div><div class=\"meta-holder\"><h3 class=\"person-name\">Romi Hofer<\/h3><div class=\"person-role\">Responsable de la communication<\/div><div class=\"person-email\"><a href=\"mailto:&#114;&#111;&#109;&#105;&#46;&#104;&#111;&#102;&#101;&#114;&#64;&#115;&#121;&#110;&#100;&#105;&#99;&#111;&#109;&#46;&#99;&#104;\">&#114;&#111;&#109;&#105;&#46;&#104;&#111;&#102;&#101;&#114;&#64;&#115;&#121;&#110;&#100;&#105;&#99;&#111;&#109;&#46;&#99;&#104;<\/a><\/div><div><a href=\"tel:+41 58 817 18 18\" class=\"person-phone\">+41 58 817 18 18<\/a><\/div><\/div><\/div>\n\n<div class=\"wp-block-custom-person-item\"><div class=\"person-image\"><a class=\"employee-lightbox\" href=\"https:\/\/syndicom.ch\/app\/uploads\/2024\/07\/gewerkschaft-syndicom-dominik-fitze-1.jpg\" data-gallery=\"person-69f568ee262ef\" ><img loading=\"lazy\" decoding=\"async\" src=\"https:\/\/syndicom.ch\/app\/uploads\/2024\/07\/gewerkschaft-syndicom-dominik-fitze-1.jpg\" class=\"attachment-post-thumbnail size-post-thumbnail wp-post-image \" \/><\/a><\/div><div class=\"meta-holder\"><h3 class=\"person-name\">Dominik Fitze<\/h3><div class=\"person-role\">Porte-parole secteur TIC<\/div><div class=\"person-email\"><a href=\"mailto:&#100;&#111;&#109;&#105;&#110;&#105;&#107;&#46;&#102;&#105;&#116;&#122;&#101;&#64;&#115;&#121;&#110;&#100;&#105;&#99;&#111;&#109;&#46;&#99;&#104;\">&#100;&#111;&#109;&#105;&#110;&#105;&#107;&#46;&#102;&#105;&#116;&#122;&#101;&#64;&#115;&#121;&#110;&#100;&#105;&#99;&#111;&#109;&#46;&#99;&#104;<\/a><\/div><div><a href=\"tel:+41 58 817 18 14\" class=\"person-phone\">+41 58 817 18 14<\/a><\/div><\/div><\/div>\n\n<div class=\"wp-block-custom-person-item\"><div class=\"person-image\"><a class=\"employee-lightbox\" href=\"https:\/\/syndicom.ch\/app\/uploads\/2024\/12\/gewerkschaft-syndicom-catalina-gajardo.jpg\" data-gallery=\"person-69f568ee268d4\" ><img loading=\"lazy\" decoding=\"async\" src=\"https:\/\/syndicom.ch\/app\/uploads\/2024\/12\/gewerkschaft-syndicom-catalina-gajardo.jpg\" class=\"attachment-post-thumbnail size-post-thumbnail wp-post-image \" \/><\/a><\/div><div class=\"meta-holder\"><h3 class=\"person-name\">Catalina Gajardo Hofmann<\/h3><div class=\"person-role\">Porte-parole secteur M\u00e9dia<\/div><div class=\"person-email\"><a href=\"mailto:&#99;&#97;&#116;&#97;&#108;&#105;&#110;&#97;&#46;&#103;&#97;&#106;&#97;&#114;&#100;&#111;&#64;&#115;&#121;&#110;&#100;&#105;&#99;&#111;&#109;&#46;&#99;&#104;\">&#99;&#97;&#116;&#97;&#108;&#105;&#110;&#97;&#46;&#103;&#97;&#106;&#97;&#114;&#100;&#111;&#64;&#115;&#121;&#110;&#100;&#105;&#99;&#111;&#109;&#46;&#99;&#104;<\/a><\/div><div><a href=\"tel:+41 58 817 18 31\" class=\"person-phone\">+41 58 817 18 31<\/a><\/div><div class=\"person-workdays\">Jours de travail: mercredi-vendredi<\/div><\/div><\/div>\n\n<div class=\"wp-block-custom-person-item\"><div class=\"person-image\"><a class=\"employee-lightbox\" href=\"https:\/\/syndicom.ch\/app\/uploads\/2024\/08\/gewerkschaft-syndicom-matthias-loosli.jpg\" data-gallery=\"person-69f568ee26ebc\" ><img loading=\"lazy\" decoding=\"async\" src=\"https:\/\/syndicom.ch\/app\/uploads\/2024\/08\/gewerkschaft-syndicom-matthias-loosli.jpg\" class=\"attachment-post-thumbnail size-post-thumbnail wp-post-image \" \/><\/a><\/div><div class=\"meta-holder\"><h3 class=\"person-name\">Matthias Loosli<\/h3><div class=\"person-role\">Porte-parole secteur Logistique\/Poste<\/div><div class=\"person-email\"><a href=\"mailto:&#109;&#97;&#116;&#116;&#104;&#105;&#97;&#115;&#46;&#108;&#111;&#111;&#115;&#108;&#105;&#64;&#115;&#121;&#110;&#100;&#105;&#99;&#111;&#109;&#46;&#99;&#104;\">&#109;&#97;&#116;&#116;&#104;&#105;&#97;&#115;&#46;&#108;&#111;&#111;&#115;&#108;&#105;&#64;&#115;&#121;&#110;&#100;&#105;&#99;&#111;&#109;&#46;&#99;&#104;<\/a><\/div><div><a href=\"tel:+41 58 817 18 64\" class=\"person-phone\">+41 58 817 18 64<\/a><\/div><div class=\"person-workdays\">Jours de travail: Lundi \u2013 jeudi<\/div><\/div><\/div><\/div>\n\n\n\n<p><strong>Plus d&rsquo;informations:<br><\/strong>sur <a href=\"https:\/\/syndicom.ch\/fr\/au-sujet-de-syndicom\/\" target=\"_blank\" rel=\"noreferrer noopener\">syndicom<\/a> et notre <a href=\"https:\/\/syndicom.ch\/fr\/offres-par-metier\/presse\/\" target=\"_blank\" rel=\"noreferrer noopener\">engagement pour les professionnels des m\u00e9dias<\/a><\/p>\n<\/div>\n<\/div>\n<\/div>\n\n\n\n<div class=\"wp-block-group alignfull has-background-color has-tertiary-background-color has-text-color has-background has-link-color wp-elements-3f496e147566bdcdadb914d4b0d0fa40 is-layout-constrained wp-block-group-is-layout-constrained\">\n<div class=\"wp-block-group is-style-narrow is-layout-constrained wp-block-group-is-layout-constrained\">\n<h2 class=\"wp-block-heading has-text-align-center has-foreground-color has-text-color has-link-color wp-elements-b9c240ad10da96c0b54f21a86abedc50\"><strong>Restez bien inform\u00e9.<\/strong><\/h2>\n\n\n\n<p class=\"has-text-align-center has-foreground-color has-text-color has-link-color wp-elements-89f38d00f4b2b624d22c489a17a546ec\">Inscris-toi \u00e0 notre liste de diffusion et re\u00e7ois les derni\u00e8res nouvelles directement dans ta bo\u00eete mail.<\/p>\n\n\n\n<div class=\"wp-block-buttons is-content-justification-center is-layout-flex wp-container-core-buttons-is-layout-16018d1d wp-block-buttons-is-layout-flex\">\n<div class=\"wp-block-button is-style-outline is-style-outline--1\"><a class=\"wp-block-button__link has-primary-color has-text-color has-link-color wp-element-button\" href=\"https:\/\/syndicom.ch\/fr\/newsletter\/\" target=\"_blank\" rel=\"noreferrer noopener\">S&rsquo;abonner aux communiqu\u00e9s de presse<\/a><\/div>\n<\/div>\n<\/div>\n<\/div>\n\n\n\n<div class=\"wp-block-group alignfull has-background-background-color has-background is-layout-constrained wp-block-group-is-layout-constrained\">\n<div class=\"wp-block-group is-style-narrow is-layout-constrained wp-block-group-is-layout-constrained\">\n<h2 class=\"wp-block-heading has-text-align-left\" id=\"Communique-de-presse\"><strong>Communiqu\u00e9s de presse<\/strong><\/h2>\n\n\n<form method=\"get\"><div class=\"course-filters\"><input type=\"text\" class=\"guide-search\" name=\"gqs\" placeholder=\"Rechercher\" value=\"\" \/><input value=\"\" class=\"guide-search-submit\" type=\"submit\" \/><div class=\"redirect-dropdown\"><div class=\"redirect-dropdown-label\" data-fallback=\"Cat\u00e9gorie\"><span>Cat\u00e9gorie<\/span><span class=\"arrow\"><svg xmlns=\"http:\/\/www.w3.org\/2000\/svg\" width=\"28.61\" height=\"19.994\" viewBox=\"0 0 28.61 19.994\"><path d=\"M1360.519-349.127a2.494,2.494,0,0,1-1.888-.86,2.5,2.5,0,0,1,.247-3.527l11.134-9.675-10.776-9.868a2.5,2.5,0,0,1-.155-3.532,2.5,2.5,0,0,1,3.532-.155l14.909,13.653-15.364,13.352A2.49,2.49,0,0,1,1360.519-349.127Z\" transform=\"translate(401.385 1371.219) rotate(-91)\" fill=\"#fff\"\/><\/svg><\/span><\/div><div class=\"redirect-dropdown-items\"><div data-cat=\"pressrelease-category\" data-val=\"*\" class=\"query-filter\" data-slug=\"*\">Voir tout<\/div><div data-cat=\"pressrelease-category\" data-val=\"125\" class=\"query-filter \" data-slug=\"ueber-uns-fr\">\u00e0 notre sujet<\/div><div data-cat=\"pressrelease-category\" data-val=\"120\" class=\"query-filter \" data-slug=\"medienmitteilung-fr\">Communiqu\u00e9 de presse<\/div><div data-cat=\"pressrelease-category\" data-val=\"112\" class=\"query-filter \" data-slug=\"frauen-fr\">Femmes<\/div><div data-cat=\"pressrelease-category\" data-val=\"289\" class=\"query-filter \" data-slug=\"ia\">IA<\/div><div data-cat=\"pressrelease-category\" data-val=\"113\" class=\"query-filter \" data-slug=\"logistik-fr\">Logistique<\/div><div data-cat=\"pressrelease-category\" data-val=\"115\" class=\"query-filter \" data-slug=\"medien-fr\">M\u00e9dias<\/div><div data-cat=\"pressrelease-category\" data-val=\"127\" class=\"query-filter \" data-slug=\"news-fr\">News<\/div><div data-cat=\"pressrelease-category\" data-val=\"122\" class=\"query-filter \" data-slug=\"resolution-fr\">R\u00e9solution<\/div><div data-cat=\"pressrelease-category\" data-val=\"117\" class=\"query-filter \" data-slug=\"ict-fr\">TIC<\/div><div data-cat=\"pressrelease-category\" data-val=\"124\" class=\"query-filter \" data-slug=\"sgb-fr\">USS<\/div><\/div><\/div><input type=\"hidden\" name=\"catfilter\" value=\"\"><\/div><\/form>\n\n\n<div data-wp-context=\"{}\" data-wp-interactive=\"core\/query\" data-wp-key=\"0\" data-wp-router-region=\"query-0\" class=\"wp-block-query is-layout-flow wp-block-query-is-layout-flow\">\n<div class=\"wp-block-group is-layout-constrained wp-block-group-is-layout-constrained\"><ul class=\"wp-block-post-template is-layout-flow wp-block-post-template-is-layout-flow\"><li data-wp-key=\"post-template-item-61978\" class=\"wp-block-post post-61978 pressrelease type-pressrelease status-publish hentry pressrelease-category-medienmitteilung-fr pressrelease-category-medien-fr\">\n\n<div class=\"wp-block-media-text is-stacked-on-mobile is-vertically-aligned-center is-style-logo\" style=\"grid-template-columns:15% auto\"><figure class=\"wp-block-media-text__media\"><\/figure><div class=\"wp-block-media-text__content\">\n<div class=\"wp-block-columns are-vertically-aligned-top is-style-logo is-layout-flex wp-container-core-columns-is-layout-9d6595d7 wp-block-columns-is-layout-flex\">\n<div class=\"wp-block-column is-layout-flow wp-block-column-is-layout-flow\" style=\"flex-basis:80%\"><h3 class=\"has-link-color wp-elements-e0fea9949ff33616516a5cc208365ab5 wp-block-post-title has-text-color has-primary-color\"><a href=\"https:\/\/syndicom.ch\/fr\/communique-de-presse\/oui-a-laccord-de-branche-pour-les-medias\/\" target=\"_self\" >syndicom dit Oui \u00e0 l\u2019accord de branche pour les m\u00e9dias<\/a><\/h3>\n\n<div class=\"wp-block-post-date\"><time datetime=\"2026-04-29T10:54:19+02:00\">29 avril 2026<\/time><\/div>\n\n<a href=\"https:\/\/syndicom.ch\/fr\/communique-de-presse\/oui-a-laccord-de-branche-pour-les-medias\/\"><div class=\"wp-block-post-excerpt\"><p class=\"wp-block-post-excerpt__excerpt\">syndicom a approuv\u00e9 le 28 avril 2026 l\u2019accord de branche visant \u00e0 r\u00e9gler des conditions de travail minimales dans les m\u00e9dias. <\/p><\/div><\/a><div class=\"syn-post-terms\" style=\"display: none\"><a href=\"#\" class=\"syn-post-terms__link\" data-term-id=\"120\">Communiqu\u00e9 de presse<\/a> <a href=\"#\" class=\"syn-post-terms__link\" data-term-id=\"115\">M\u00e9dias<\/a> <\/div>\n\n<div class=\"taxonomy-pressrelease-category wp-block-post-terms\"><a href=\"https:\/\/syndicom.ch\/fr\/pressrelease-category\/medienmitteilung-fr\/\" rel=\"tag\">Communiqu\u00e9 de presse<\/a><span class=\"wp-block-post-terms__separator\"> <\/span><a href=\"https:\/\/syndicom.ch\/fr\/pressrelease-category\/medien-fr\/\" rel=\"tag\">M\u00e9dias<\/a><\/div>\n\n\n<p><\/p>\n<\/div>\n\n\n\n<div class=\"wp-block-column is-layout-flow wp-block-column-is-layout-flow\" style=\"flex-basis:20%\"><\/div>\n<\/div>\n<\/div><\/div>\n\n\n\n<p><\/p>\n\n\n<div class=\"taxonomy-pressrelease-category wp-block-post-terms\"><a href=\"https:\/\/syndicom.ch\/fr\/pressrelease-category\/medienmitteilung-fr\/\" rel=\"tag\">Communiqu\u00e9 de presse<\/a><span class=\"wp-block-post-terms__separator\"> <\/span><a href=\"https:\/\/syndicom.ch\/fr\/pressrelease-category\/medien-fr\/\" rel=\"tag\">M\u00e9dias<\/a><\/div>\n\n<div class=\"taxonomy-pressrelease-category wp-block-post-terms\"><a href=\"https:\/\/syndicom.ch\/fr\/pressrelease-category\/medienmitteilung-fr\/\" rel=\"tag\">Communiqu\u00e9 de presse<\/a><span class=\"wp-block-post-terms__separator\"> <\/span><a href=\"https:\/\/syndicom.ch\/fr\/pressrelease-category\/medien-fr\/\" rel=\"tag\">M\u00e9dias<\/a><\/div>\n<\/li><li data-wp-key=\"post-template-item-61374\" class=\"wp-block-post post-61374 pressrelease type-pressrelease status-publish hentry pressrelease-category-medienmitteilung-fr pressrelease-category-logistik-fr\">\n\n<div class=\"wp-block-media-text is-stacked-on-mobile is-vertically-aligned-center is-style-logo\" style=\"grid-template-columns:15% auto\"><figure class=\"wp-block-media-text__media\"><\/figure><div class=\"wp-block-media-text__content\">\n<div class=\"wp-block-columns are-vertically-aligned-top is-style-logo is-layout-flex wp-container-core-columns-is-layout-9d6595d7 wp-block-columns-is-layout-flex\">\n<div class=\"wp-block-column is-layout-flow wp-block-column-is-layout-flow\" style=\"flex-basis:80%\"><h3 class=\"has-link-color wp-elements-e0fea9949ff33616516a5cc208365ab5 wp-block-post-title has-text-color has-primary-color\"><a href=\"https:\/\/syndicom.ch\/fr\/communique-de-presse\/cooperation-de-la-migros-avec-justeat\/\" target=\"_self\" >Coop\u00e9ration de la Migros avec Just Eat<\/a><\/h3>\n\n<div class=\"wp-block-post-date\"><time datetime=\"2026-04-21T07:30:00+02:00\">21 avril 2026<\/time><\/div>\n\n<a href=\"https:\/\/syndicom.ch\/fr\/communique-de-presse\/cooperation-de-la-migros-avec-justeat\/\"><div class=\"wp-block-post-excerpt\"><p class=\"wp-block-post-excerpt__excerpt\">syndicom exige que la Migros oblige son nouveau partenaire \u00e0 n\u00e9gocier une convention collective de travail. <\/p><\/div><\/a><div class=\"syn-post-terms\" style=\"display: none\"><a href=\"#\" class=\"syn-post-terms__link\" data-term-id=\"120\">Communiqu\u00e9 de presse<\/a> <a href=\"#\" class=\"syn-post-terms__link\" data-term-id=\"113\">Logistique<\/a> <\/div>\n\n<div class=\"taxonomy-pressrelease-category wp-block-post-terms\"><a href=\"https:\/\/syndicom.ch\/fr\/pressrelease-category\/medienmitteilung-fr\/\" rel=\"tag\">Communiqu\u00e9 de presse<\/a><span class=\"wp-block-post-terms__separator\"> <\/span><a href=\"https:\/\/syndicom.ch\/fr\/pressrelease-category\/logistik-fr\/\" rel=\"tag\">Logistique<\/a><\/div>\n\n\n<p><\/p>\n<\/div>\n\n\n\n<div class=\"wp-block-column is-layout-flow wp-block-column-is-layout-flow\" style=\"flex-basis:20%\"><\/div>\n<\/div>\n<\/div><\/div>\n\n\n\n<p><\/p>\n\n\n<div class=\"taxonomy-pressrelease-category wp-block-post-terms\"><a href=\"https:\/\/syndicom.ch\/fr\/pressrelease-category\/medienmitteilung-fr\/\" rel=\"tag\">Communiqu\u00e9 de presse<\/a><span class=\"wp-block-post-terms__separator\"> <\/span><a href=\"https:\/\/syndicom.ch\/fr\/pressrelease-category\/logistik-fr\/\" rel=\"tag\">Logistique<\/a><\/div>\n\n<div class=\"taxonomy-pressrelease-category wp-block-post-terms\"><a href=\"https:\/\/syndicom.ch\/fr\/pressrelease-category\/medienmitteilung-fr\/\" rel=\"tag\">Communiqu\u00e9 de presse<\/a><span class=\"wp-block-post-terms__separator\"> <\/span><a href=\"https:\/\/syndicom.ch\/fr\/pressrelease-category\/logistik-fr\/\" rel=\"tag\">Logistique<\/a><\/div>\n<\/li><li data-wp-key=\"post-template-item-60720\" class=\"wp-block-post post-60720 pressrelease type-pressrelease status-publish hentry pressrelease-category-medienmitteilung-fr pressrelease-category-medien-fr\">\n\n<div class=\"wp-block-media-text is-stacked-on-mobile is-vertically-aligned-center is-style-logo\" style=\"grid-template-columns:15% auto\"><figure class=\"wp-block-media-text__media\"><\/figure><div class=\"wp-block-media-text__content\">\n<div class=\"wp-block-columns are-vertically-aligned-top is-style-logo is-layout-flex wp-container-core-columns-is-layout-9d6595d7 wp-block-columns-is-layout-flex\">\n<div class=\"wp-block-column is-layout-flow wp-block-column-is-layout-flow\" style=\"flex-basis:80%\"><h3 class=\"has-link-color wp-elements-e0fea9949ff33616516a5cc208365ab5 wp-block-post-title has-text-color has-primary-color\"><a href=\"https:\/\/syndicom.ch\/fr\/communique-de-presse\/licenciement-telebielingue-mandat-syndicom\/\" target=\"_self\" >Licenciement chez TeleBielingue : les employ\u00e9-es mandatent syndicom<\/a><\/h3>\n\n<div class=\"wp-block-post-date\"><time datetime=\"2026-04-10T11:06:01+02:00\">10 avril 2026<\/time><\/div>\n\n<a href=\"https:\/\/syndicom.ch\/fr\/communique-de-presse\/licenciement-telebielingue-mandat-syndicom\/\"><div class=\"wp-block-post-excerpt\"><p class=\"wp-block-post-excerpt__excerpt\">\u00c0 l\u2019assembl\u00e9e du personnel, les travailleur-euses de TeleBielingue ont charg\u00e9 le syndicat syndicom de repr\u00e9senter leurs int\u00e9r\u00eats. <\/p><\/div><\/a><div class=\"syn-post-terms\" style=\"display: none\"><a href=\"#\" class=\"syn-post-terms__link\" data-term-id=\"120\">Communiqu\u00e9 de presse<\/a> <a href=\"#\" class=\"syn-post-terms__link\" data-term-id=\"115\">M\u00e9dias<\/a> <\/div>\n\n<div class=\"taxonomy-pressrelease-category wp-block-post-terms\"><a href=\"https:\/\/syndicom.ch\/fr\/pressrelease-category\/medienmitteilung-fr\/\" rel=\"tag\">Communiqu\u00e9 de presse<\/a><span class=\"wp-block-post-terms__separator\"> <\/span><a href=\"https:\/\/syndicom.ch\/fr\/pressrelease-category\/medien-fr\/\" rel=\"tag\">M\u00e9dias<\/a><\/div>\n\n\n<p><\/p>\n<\/div>\n\n\n\n<div class=\"wp-block-column is-layout-flow wp-block-column-is-layout-flow\" style=\"flex-basis:20%\"><\/div>\n<\/div>\n<\/div><\/div>\n\n\n\n<p><\/p>\n\n\n<div class=\"taxonomy-pressrelease-category wp-block-post-terms\"><a href=\"https:\/\/syndicom.ch\/fr\/pressrelease-category\/medienmitteilung-fr\/\" rel=\"tag\">Communiqu\u00e9 de presse<\/a><span class=\"wp-block-post-terms__separator\"> <\/span><a href=\"https:\/\/syndicom.ch\/fr\/pressrelease-category\/medien-fr\/\" rel=\"tag\">M\u00e9dias<\/a><\/div>\n\n<div class=\"taxonomy-pressrelease-category wp-block-post-terms\"><a href=\"https:\/\/syndicom.ch\/fr\/pressrelease-category\/medienmitteilung-fr\/\" rel=\"tag\">Communiqu\u00e9 de presse<\/a><span class=\"wp-block-post-terms__separator\"> <\/span><a href=\"https:\/\/syndicom.ch\/fr\/pressrelease-category\/medien-fr\/\" rel=\"tag\">M\u00e9dias<\/a><\/div>\n<\/li><\/ul><\/div>\n\n\n<nav class=\"wp-block-query-pagination is-layout-flex wp-block-query-pagination-is-layout-flex\" aria-label=\"Pagination\">\n\n\n<div class=\"wp-block-query-pagination-numbers\"><span data-wp-key=\"index-0\" aria-current=\"page\" class=\"page-numbers current\">1<\/span>\n<a data-wp-key=\"index-1\" data-wp-on--click=\"core\/query::actions.navigate\" class=\"page-numbers\" href=\"?query-0-page=2\">2<\/a>\n<a data-wp-key=\"index-2\" data-wp-on--click=\"core\/query::actions.navigate\" class=\"page-numbers\" href=\"?query-0-page=3\">3<\/a>\n<span data-wp-key=\"index-3\" class=\"page-numbers dots\">\u2026<\/span>\n<a data-wp-key=\"index-4\" data-wp-on--click=\"core\/query::actions.navigate\" class=\"page-numbers\" href=\"?query-0-page=29\">29<\/a><\/div>\n\n<a data-wp-key=\"query-pagination-next\" data-wp-on--click=\"core\/query::actions.navigate\" data-wp-on--mouseenter=\"core\/query::actions.prefetch\" data-wp-watch=\"core\/query::callbacks.prefetch\" href=\"\/fr\/wp-json\/wp\/v2\/pages\/8155?query-0-page=2\" class=\"wp-block-query-pagination-next\">Page suivante<\/a>\n<\/nav><\/div>\n<\/div>\n<\/div>\n","protected":false},"excerpt":{"rendered":"<p>Bienvenue au service de presse syndicom Ici tu trouveras les communiqu\u00e9s de presse de nos secteurs, les derni\u00e8res nouvelles sur les campagnes nationales et r\u00e9gionales et les coordonn\u00e9es de nos porte-paroles. \u279c Porte-paroles \u279c Communiqu\u00e9s de presse \u279c Notre engagement pour les m\u00e9dias Ton contact pour les demandes des m\u00e9dias Merci de ton int\u00e9r\u00eat pour [&hellip;]<\/p>\n","protected":false},"author":3,"featured_media":0,"parent":0,"menu_order":0,"comment_status":"closed","ping_status":"closed","template":"","meta":{"_acf_changed":false,"inline_featured_image":false,"_coblocks_attr":"","_coblocks_dimensions":"","_coblocks_responsive_height":"","_coblocks_accordion_ie_support":"","footnotes":""},"categories":[],"class_list":["post-8155","page","type-page","status-publish","hentry"],"acf":[],"yoast_head":"<!-- This site is optimized with the Yoast SEO plugin v27.3 - https:\/\/yoast.com\/product\/yoast-seo-wordpress\/ -->\n<title>Service de presse - syndicom<\/title>\n<meta name=\"description\" content=\"Ton contact pour les demandes des m\u00e9dias et les communiqu\u00e9s de presse concernant les actions et les campagnes de syndicom.\" \/>\n<meta name=\"robots\" content=\"index, follow, max-snippet:-1, max-image-preview:large, max-video-preview:-1\" \/>\n<link rel=\"canonical\" href=\"https:\/\/syndicom.ch\/fr\/service-de-presse\/\" \/>\n<link rel=\"next\" href=\"https:\/\/syndicom.ch\/fr\/service-de-presse\/8155\/?query-0-page=2\" \/>\n<meta property=\"og:locale\" content=\"fr_FR\" \/>\n<meta property=\"og:type\" content=\"article\" \/>\n<meta property=\"og:title\" content=\"Service de presse - syndicom\" \/>\n<meta property=\"og:description\" content=\"Ton contact pour les demandes des m\u00e9dias et les communiqu\u00e9s de presse concernant les actions et les campagnes de syndicom.\" \/>\n<meta property=\"og:url\" content=\"https:\/\/syndicom.ch\/fr\/service-de-presse\/\" \/>\n<meta property=\"og:site_name\" content=\"syndicom\" \/>\n<meta property=\"article:modified_time\" content=\"2026-04-10T09:15:23+00:00\" \/>\n<meta name=\"twitter:card\" content=\"summary_large_image\" \/>\n<meta name=\"twitter:label1\" content=\"Dur\u00e9e de lecture estim\u00e9e\" \/>\n\t<meta name=\"twitter:data1\" content=\"1 minute\" \/>\n<script type=\"application\/ld+json\" class=\"yoast-schema-graph\">{\"@context\":\"https:\\\/\\\/schema.org\",\"@graph\":[{\"@type\":\"WebPage\",\"@id\":\"https:\\\/\\\/syndicom.ch\\\/fr\\\/service-de-presse\\\/\",\"url\":\"https:\\\/\\\/syndicom.ch\\\/fr\\\/service-de-presse\\\/\",\"name\":\"Service de presse - syndicom\",\"isPartOf\":{\"@id\":\"https:\\\/\\\/syndicom.ch\\\/fr\\\/#website\"},\"datePublished\":\"2024-07-18T06:45:03+00:00\",\"dateModified\":\"2026-04-10T09:15:23+00:00\",\"description\":\"Ton contact pour les demandes des m\u00e9dias et les communiqu\u00e9s de presse concernant les actions et les campagnes de syndicom.\",\"breadcrumb\":{\"@id\":\"https:\\\/\\\/syndicom.ch\\\/fr\\\/service-de-presse\\\/#breadcrumb\"},\"inLanguage\":\"fr-FR\",\"potentialAction\":[{\"@type\":\"ReadAction\",\"target\":[\"https:\\\/\\\/syndicom.ch\\\/fr\\\/service-de-presse\\\/\"]}]},{\"@type\":\"BreadcrumbList\",\"@id\":\"https:\\\/\\\/syndicom.ch\\\/fr\\\/service-de-presse\\\/#breadcrumb\",\"itemListElement\":[{\"@type\":\"ListItem\",\"position\":1,\"name\":\"Page d'accueil\",\"item\":\"https:\\\/\\\/syndicom.ch\\\/fr\\\/\"},{\"@type\":\"ListItem\",\"position\":2,\"name\":\"Service de presse\"}]},{\"@type\":\"WebSite\",\"@id\":\"https:\\\/\\\/syndicom.ch\\\/fr\\\/#website\",\"url\":\"https:\\\/\\\/syndicom.ch\\\/fr\\\/\",\"name\":\"syndicom\",\"description\":\"\",\"publisher\":{\"@id\":\"https:\\\/\\\/syndicom.ch\\\/fr\\\/#organization\"},\"potentialAction\":[{\"@type\":\"SearchAction\",\"target\":{\"@type\":\"EntryPoint\",\"urlTemplate\":\"https:\\\/\\\/syndicom.ch\\\/fr\\\/?s={search_term_string}\"},\"query-input\":{\"@type\":\"PropertyValueSpecification\",\"valueRequired\":true,\"valueName\":\"search_term_string\"}}],\"inLanguage\":\"fr-FR\"},{\"@type\":\"Organization\",\"@id\":\"https:\\\/\\\/syndicom.ch\\\/fr\\\/#organization\",\"name\":\"syndicom\",\"url\":\"https:\\\/\\\/syndicom.ch\\\/fr\\\/\",\"logo\":{\"@type\":\"ImageObject\",\"inLanguage\":\"fr-FR\",\"@id\":\"https:\\\/\\\/syndicom.ch\\\/fr\\\/#\\\/schema\\\/logo\\\/image\\\/\",\"url\":\"https:\\\/\\\/syndicom.ch\\\/app\\\/uploads\\\/2024\\\/06\\\/logo.svg\",\"contentUrl\":\"https:\\\/\\\/syndicom.ch\\\/app\\\/uploads\\\/2024\\\/06\\\/logo.svg\",\"width\":297,\"height\":51,\"caption\":\"syndicom\"},\"image\":{\"@id\":\"https:\\\/\\\/syndicom.ch\\\/fr\\\/#\\\/schema\\\/logo\\\/image\\\/\"}}]}<\/script>\n<!-- \/ Yoast SEO plugin. -->","yoast_head_json":{"title":"Service de presse - syndicom","description":"Ton contact pour les demandes des m\u00e9dias et les communiqu\u00e9s de presse concernant les actions et les campagnes de syndicom.","robots":{"index":"index","follow":"follow","max-snippet":"max-snippet:-1","max-image-preview":"max-image-preview:large","max-video-preview":"max-video-preview:-1"},"canonical":"https:\/\/syndicom.ch\/fr\/service-de-presse\/","next":"https:\/\/syndicom.ch\/fr\/service-de-presse\/8155?query-0-page=2","og_locale":"fr_FR","og_type":"article","og_title":"Service de presse - syndicom","og_description":"Ton contact pour les demandes des m\u00e9dias et les communiqu\u00e9s de presse concernant les actions et les campagnes de syndicom.","og_url":"https:\/\/syndicom.ch\/fr\/service-de-presse\/","og_site_name":"syndicom","article_modified_time":"2026-04-10T09:15:23+00:00","twitter_card":"summary_large_image","twitter_misc":{"Dur\u00e9e de lecture estim\u00e9e":"1 minute"},"schema":{"@context":"https:\/\/schema.org","@graph":[{"@type":"WebPage","@id":"https:\/\/syndicom.ch\/fr\/service-de-presse\/","url":"https:\/\/syndicom.ch\/fr\/service-de-presse\/","name":"Service de presse - syndicom","isPartOf":{"@id":"https:\/\/syndicom.ch\/fr\/#website"},"datePublished":"2024-07-18T06:45:03+00:00","dateModified":"2026-04-10T09:15:23+00:00","description":"Ton contact pour les demandes des m\u00e9dias et les communiqu\u00e9s de presse concernant les actions et les campagnes de syndicom.","breadcrumb":{"@id":"https:\/\/syndicom.ch\/fr\/service-de-presse\/#breadcrumb"},"inLanguage":"fr-FR","potentialAction":[{"@type":"ReadAction","target":["https:\/\/syndicom.ch\/fr\/service-de-presse\/"]}]},{"@type":"BreadcrumbList","@id":"https:\/\/syndicom.ch\/fr\/service-de-presse\/#breadcrumb","itemListElement":[{"@type":"ListItem","position":1,"name":"Page d'accueil","item":"https:\/\/syndicom.ch\/fr\/"},{"@type":"ListItem","position":2,"name":"Service de presse"}]},{"@type":"WebSite","@id":"https:\/\/syndicom.ch\/fr\/#website","url":"https:\/\/syndicom.ch\/fr\/","name":"syndicom","description":"","publisher":{"@id":"https:\/\/syndicom.ch\/fr\/#organization"},"potentialAction":[{"@type":"SearchAction","target":{"@type":"EntryPoint","urlTemplate":"https:\/\/syndicom.ch\/fr\/?s={search_term_string}"},"query-input":{"@type":"PropertyValueSpecification","valueRequired":true,"valueName":"search_term_string"}}],"inLanguage":"fr-FR"},{"@type":"Organization","@id":"https:\/\/syndicom.ch\/fr\/#organization","name":"syndicom","url":"https:\/\/syndicom.ch\/fr\/","logo":{"@type":"ImageObject","inLanguage":"fr-FR","@id":"https:\/\/syndicom.ch\/fr\/#\/schema\/logo\/image\/","url":"https:\/\/syndicom.ch\/app\/uploads\/2024\/06\/logo.svg","contentUrl":"https:\/\/syndicom.ch\/app\/uploads\/2024\/06\/logo.svg","width":297,"height":51,"caption":"syndicom"},"image":{"@id":"https:\/\/syndicom.ch\/fr\/#\/schema\/logo\/image\/"}}]}},"_links":{"self":[{"href":"https:\/\/syndicom.ch\/fr\/wp-json\/wp\/v2\/pages\/8155","targetHints":{"allow":["GET"]}}],"collection":[{"href":"https:\/\/syndicom.ch\/fr\/wp-json\/wp\/v2\/pages"}],"about":[{"href":"https:\/\/syndicom.ch\/fr\/wp-json\/wp\/v2\/types\/page"}],"author":[{"embeddable":true,"href":"https:\/\/syndicom.ch\/fr\/wp-json\/wp\/v2\/users\/3"}],"replies":[{"embeddable":true,"href":"https:\/\/syndicom.ch\/fr\/wp-json\/wp\/v2\/comments?post=8155"}],"version-history":[{"count":88,"href":"https:\/\/syndicom.ch\/fr\/wp-json\/wp\/v2\/pages\/8155\/revisions"}],"predecessor-version":[{"id":60725,"href":"https:\/\/syndicom.ch\/fr\/wp-json\/wp\/v2\/pages\/8155\/revisions\/60725"}],"wp:attachment":[{"href":"https:\/\/syndicom.ch\/fr\/wp-json\/wp\/v2\/media?parent=8155"}],"wp:term":[{"taxonomy":"category","embeddable":true,"href":"https:\/\/syndicom.ch\/fr\/wp-json\/wp\/v2\/categories?post=8155"}],"curies":[{"name":"wp","href":"https:\/\/api.w.org\/{rel}","templated":true}]}}