{"id":8453,"date":"2024-08-16T13:39:09","date_gmt":"2024-08-16T11:39:09","guid":{"rendered":"https:\/\/newxeit.syndicom.ch\/?page_id=8453"},"modified":"2026-02-04T14:27:29","modified_gmt":"2026-02-04T13:27:29","slug":"devenir-membre-illustrateurs","status":"publish","type":"page","link":"https:\/\/syndicom.ch\/fr\/devenir-membre-illustrateurs\/","title":{"rendered":"Devenir membre illustration"},"content":{"rendered":"\n<div class=\"wp-block-group alignfull has-background-color has-primary-background-color has-text-color has-background has-link-color wp-elements-2aff832ac44bc345f7376887c2dee6da is-layout-constrained wp-block-group-is-layout-constrained\">\n<div class=\"wp-block-group is-style-narrow is-layout-constrained wp-block-group-is-layout-constrained\">\n<div class=\"wp-block-columns is-layout-flex wp-container-core-columns-is-layout-9d6595d7 wp-block-columns-is-layout-flex\">\n<div class=\"wp-block-column is-layout-flow wp-block-column-is-layout-flow\" style=\"flex-basis:50%\">\n<h1 class=\"wp-block-heading\"><strong>syndicom, le syndicat de l\u2019illustration<\/strong><\/h1>\n\n\n\n<div class=\"wp-block-buttons is-layout-flex wp-block-buttons-is-layout-flex\">\n<div class=\"wp-block-button is-style-syn-member-cta\"><a class=\"wp-block-button__link has-foreground-color has-text-color has-link-color wp-element-button\" href=\"https:\/\/my.syndicom.ch\/adhesion\" target=\"_blank\" rel=\"noreferrer noopener\">Devenir membre<\/a><\/div>\n<\/div>\n<\/div>\n\n\n\n<div class=\"wp-block-column is-layout-flow wp-block-column-is-layout-flow\" style=\"flex-basis:50%\">\n<figure class=\"wp-block-image size-full\"><a href=\"https:\/\/my.syndicom.ch\/adhesion\" target=\"_blank\" rel=\" noreferrer noopener\"><img loading=\"lazy\" decoding=\"async\" width=\"500\" height=\"500\" src=\"https:\/\/syndicom.ch\/app\/uploads\/2024\/11\/syndicom-syndicat-illustration-01-fr.png\" alt=\"\" class=\"wp-image-8455\" srcset=\"https:\/\/syndicom.ch\/app\/uploads\/2024\/11\/syndicom-syndicat-illustration-01-fr.png 500w, https:\/\/syndicom.ch\/app\/uploads\/2024\/11\/syndicom-syndicat-illustration-01-fr-300x300.png 300w, https:\/\/syndicom.ch\/app\/uploads\/2024\/11\/syndicom-syndicat-illustration-01-fr-150x150.png 150w\" sizes=\"auto, (max-width: 500px) 100vw, 500px\" \/><\/a><\/figure>\n<\/div>\n<\/div>\n<\/div>\n<\/div>\n\n\n\n<div class=\"wp-block-group alignfull has-background-background-color has-background is-layout-constrained wp-block-group-is-layout-constrained\">\n<div class=\"wp-block-group is-style-narrow is-layout-constrained wp-block-group-is-layout-constrained\">\n<h2 class=\"wp-block-heading\"><strong>Tou-tes<\/strong> les illustrateurs-trices uni-es!<\/h2>\n\n\n\n<p>En f\u00e9vrier 2020, nous, les illustrateurs et les illustratrices avons rejoint syndicom pour lutter contre les conditions de travail pr\u00e9caires dans notre branche et lancer la discussion sur les honoraires et les droits d\u2019auteur. Ce n\u2019est possible qu\u2019en nous unissant. Nous avons donc aussi besoin de toi!<\/p>\n\n\n\n<div class=\"wp-block-columns is-layout-flex wp-container-core-columns-is-layout-9d6595d7 wp-block-columns-is-layout-flex\">\n<div class=\"wp-block-column is-layout-flow wp-block-column-is-layout-flow\" style=\"flex-basis:33.33%\">\n<figure class=\"wp-block-image size-full\"><img decoding=\"async\" src=\"https:\/\/syndicom.ch\/app\/uploads\/2024\/08\/gewerkschaft-syndicom-illustratorinnen-how-to-stift-landingpage.png\" alt=\"\" class=\"wp-image-3277\"\/><\/figure>\n<\/div>\n\n\n\n<div class=\"wp-block-column is-layout-flow wp-block-column-is-layout-flow\" style=\"flex-basis:66.66%\">\n<h2 class=\"wp-block-heading\"><strong>Comment devenir ind\u00e9pendant-e<\/strong><\/h2>\n\n\n\n<p>En tant que membre de syndicom, tu as acc\u00e8s au kit qui comprend de multiples informations utiles et documents pour ton travail d\u2019illustrateur-trice. Des droits d\u2019auteur \u00e0 des mod\u00e8les d\u2019offres en passant par des informations sur ta pr\u00e9voyance: nous ne voulons pas faire tous toutes et tous les m\u00eames erreurs, mais plut\u00f4t apprendre les uns un-e-s des autres et avancer ensemble avec syndicom.<\/p>\n<\/div>\n<\/div>\n\n\n\n<div class=\"wp-block-columns is-layout-flex wp-container-core-columns-is-layout-9d6595d7 wp-block-columns-is-layout-flex\">\n<div class=\"wp-block-column is-layout-flow wp-block-column-is-layout-flow\" style=\"flex-basis:33.33%\">\n<figure class=\"wp-block-image size-full\"><img decoding=\"async\" src=\"https:\/\/syndicom.ch\/app\/uploads\/2024\/08\/gewerkschaft-syndicom-illustratorinnen-stift-taschenrechner-landingpage.png\" alt=\"\" class=\"wp-image-3284\"\/><\/figure>\n<\/div>\n\n\n\n<div class=\"wp-block-column is-layout-flow wp-block-column-is-layout-flow\" style=\"flex-basis:66.66%\">\n<h2 class=\"wp-block-heading\">Organis\u00e9-es collectivement \u2013 assur\u00e9-es individuellement<\/h2>\n\n\n\n<p>Nous te soutenons dans ton quotidien professionnel avec notre guide contenant un mod\u00e8le d&rsquo;\u00e9tablissement d\u2019offres, avec des exemples de calcul pour les droits d\u2019auteur, des tarifs horaires et des mod\u00e8les de conditions g\u00e9n\u00e9rales.<\/p>\n<\/div>\n<\/div>\n\n\n\n<h2 class=\"wp-block-heading\">Que co\u00fbte l&rsquo;affiliation?<\/h2>\n\n\n\n<p>La cotisation de membre d\u00e9pend du revenu annuel, afin que toutes et tous puissent se permettre une affiliation. En tant qu\u2019ind\u00e9pendant-e, tu peux m\u00eame d\u00e9duire 25% du revenu annuel brut pour des frais professionnels.<\/p>\n\n\n\n<div class=\"wp-block-buttons is-layout-flex wp-block-buttons-is-layout-flex\">\n<div class=\"wp-block-button\"><a class=\"wp-block-button__link wp-element-button\" href=\"https:\/\/syndicom.ch\/fr\/faq-affiliation\/#Combien-coute-la-cotisation\" target=\"_blank\" rel=\"noreferrer noopener\"><strong>Cotisation de membre<\/strong><\/a><\/div>\n<\/div>\n<\/div>\n<\/div>\n\n\n\n<div class=\"wp-block-group alignfull is-style-default has-background-color has-primary-background-color has-text-color has-background has-link-color wp-elements-6e4eb64d055b811d2f95f400bd9db66c is-layout-constrained wp-block-group-is-layout-constrained\">\n<div class=\"wp-block-media-text is-style-default\" style=\"grid-template-columns:26% auto\"><figure class=\"wp-block-media-text__media\"><a href=\"https:\/\/my.syndicom.ch\/adhesion\" target=\"_blank\" rel=\" noreferrer noopener\"><img loading=\"lazy\" decoding=\"async\" width=\"1024\" height=\"964\" src=\"https:\/\/syndicom.ch\/app\/uploads\/2025\/02\/vorteile-1024x964-2.webp\" alt=\"\" class=\"wp-image-27435 size-full\" srcset=\"https:\/\/syndicom.ch\/app\/uploads\/2025\/02\/vorteile-1024x964-2.webp 1024w, https:\/\/syndicom.ch\/app\/uploads\/2025\/02\/vorteile-1024x964-2-300x282.webp 300w, https:\/\/syndicom.ch\/app\/uploads\/2025\/02\/vorteile-1024x964-2-768x723.webp 768w\" sizes=\"auto, (max-width: 1024px) 100vw, 1024px\" \/><\/a><\/figure><div class=\"wp-block-media-text__content\">\n<h2 class=\"wp-block-heading\"><strong>Comme membre de syndicom, tu profites d\u2019avantages<\/strong><\/h2>\n\n\n\n<p>Tu renforces notre syndicat et donc aussi ta position professionnelle. Ainsi, tu b\u00e9n\u00e9ficies d\u2019une protection, d\u2019un soutien et de rabais attrayants.<\/p>\n\n\n\n<p><\/p>\n\n\n\n<p><\/p>\n<\/div><\/div>\n\n\n\n<div class=\"wp-block-buttons is-content-justification-center is-layout-flex wp-container-core-buttons-is-layout-16018d1d wp-block-buttons-is-layout-flex\">\n<div class=\"wp-block-button is-style-syn-member-cta\"><a class=\"wp-block-button__link wp-element-button\" href=\"https:\/\/my.syndicom.ch\/adhesion\" target=\"_blank\" rel=\"noreferrer noopener\">Deviens membre<\/a><\/div>\n\n\n\n<div class=\"wp-block-button is-style-outline is-style-outline--1\"><a class=\"wp-block-button__link has-background-color has-text-color has-link-color wp-element-button\" href=\"https:\/\/syndicom.ch\/fr\/faq-affiliation\/\" target=\"_blank\" rel=\"noreferrer noopener\">Avantages et infos sur l&rsquo;adh\u00e9sion<\/a><\/div>\n<\/div>\n<\/div>\n","protected":false},"excerpt":{"rendered":"<p>Les illustrateurs\/trices ont rejoint syndicom pour am\u00e9liorer les conditions de travail dans le secteur. Nous avons aussi besoin de toi!<\/p>\n","protected":false},"author":2,"featured_media":0,"parent":0,"menu_order":0,"comment_status":"closed","ping_status":"closed","template":"","meta":{"_acf_changed":false,"inline_featured_image":false,"_coblocks_attr":"","_coblocks_dimensions":"","_coblocks_responsive_height":"","_coblocks_accordion_ie_support":"","footnotes":""},"categories":[362],"class_list":["post-8453","page","type-page","status-publish","hentry","category-devenir-membre"],"acf":[],"yoast_head":"<!-- This site is optimized with the Yoast SEO plugin v27.3 - https:\/\/yoast.com\/product\/yoast-seo-wordpress\/ -->\n<title>Devenir membre illustration - syndicom<\/title>\n<meta name=\"description\" content=\"Les illustrateurs\/trices ont rejoint syndicom pour am\u00e9liorer les conditions de travail dans le secteur. Nous avons aussi besoin de toi!\" \/>\n<meta name=\"robots\" content=\"index, follow, max-snippet:-1, max-image-preview:large, max-video-preview:-1\" \/>\n<link rel=\"canonical\" href=\"https:\/\/syndicom.ch\/fr\/devenir-membre-illustrateurs\/\" \/>\n<meta property=\"og:locale\" content=\"fr_FR\" \/>\n<meta property=\"og:type\" content=\"article\" \/>\n<meta property=\"og:title\" content=\"Devenir membre illustration - syndicom\" \/>\n<meta property=\"og:description\" content=\"Les illustrateurs\/trices ont rejoint syndicom pour am\u00e9liorer les conditions de travail dans le secteur. Nous avons aussi besoin de toi!\" \/>\n<meta property=\"og:url\" content=\"https:\/\/syndicom.ch\/fr\/devenir-membre-illustrateurs\/\" \/>\n<meta property=\"og:site_name\" content=\"syndicom\" \/>\n<meta property=\"article:modified_time\" content=\"2026-02-04T13:27:29+00:00\" \/>\n<meta property=\"og:image\" content=\"https:\/\/syndicom.ch\/app\/uploads\/2024\/11\/syndicom-syndicat-illustration-01-fr.png\" \/>\n<meta name=\"twitter:card\" content=\"summary_large_image\" \/>\n<meta name=\"twitter:label1\" content=\"Dur\u00e9e de lecture estim\u00e9e\" \/>\n\t<meta name=\"twitter:data1\" content=\"3 minutes\" \/>\n<script type=\"application\/ld+json\" class=\"yoast-schema-graph\">{\"@context\":\"https:\\\/\\\/schema.org\",\"@graph\":[{\"@type\":\"WebPage\",\"@id\":\"https:\\\/\\\/syndicom.ch\\\/fr\\\/devenir-membre-illustrateurs\\\/\",\"url\":\"https:\\\/\\\/syndicom.ch\\\/fr\\\/devenir-membre-illustrateurs\\\/\",\"name\":\"Devenir membre illustration - syndicom\",\"isPartOf\":{\"@id\":\"https:\\\/\\\/syndicom.ch\\\/fr\\\/#website\"},\"primaryImageOfPage\":{\"@id\":\"https:\\\/\\\/syndicom.ch\\\/fr\\\/devenir-membre-illustrateurs\\\/#primaryimage\"},\"image\":{\"@id\":\"https:\\\/\\\/syndicom.ch\\\/fr\\\/devenir-membre-illustrateurs\\\/#primaryimage\"},\"thumbnailUrl\":\"https:\\\/\\\/syndicom.ch\\\/app\\\/uploads\\\/2024\\\/11\\\/syndicom-syndicat-illustration-01-fr.png\",\"datePublished\":\"2024-08-16T11:39:09+00:00\",\"dateModified\":\"2026-02-04T13:27:29+00:00\",\"description\":\"Les illustrateurs\\\/trices ont rejoint syndicom pour am\u00e9liorer les conditions de travail dans le secteur. Nous avons aussi besoin de toi!\",\"breadcrumb\":{\"@id\":\"https:\\\/\\\/syndicom.ch\\\/fr\\\/devenir-membre-illustrateurs\\\/#breadcrumb\"},\"inLanguage\":\"fr-FR\",\"potentialAction\":[{\"@type\":\"ReadAction\",\"target\":[\"https:\\\/\\\/syndicom.ch\\\/fr\\\/devenir-membre-illustrateurs\\\/\"]}]},{\"@type\":\"ImageObject\",\"inLanguage\":\"fr-FR\",\"@id\":\"https:\\\/\\\/syndicom.ch\\\/fr\\\/devenir-membre-illustrateurs\\\/#primaryimage\",\"url\":\"https:\\\/\\\/syndicom.ch\\\/app\\\/uploads\\\/2024\\\/11\\\/syndicom-syndicat-illustration-01-fr.png\",\"contentUrl\":\"https:\\\/\\\/syndicom.ch\\\/app\\\/uploads\\\/2024\\\/11\\\/syndicom-syndicat-illustration-01-fr.png\"},{\"@type\":\"BreadcrumbList\",\"@id\":\"https:\\\/\\\/syndicom.ch\\\/fr\\\/devenir-membre-illustrateurs\\\/#breadcrumb\",\"itemListElement\":[{\"@type\":\"ListItem\",\"position\":1,\"name\":\"Page d'accueil\",\"item\":\"https:\\\/\\\/syndicom.ch\\\/fr\\\/\"},{\"@type\":\"ListItem\",\"position\":2,\"name\":\"Devenir membre illustration\"}]},{\"@type\":\"WebSite\",\"@id\":\"https:\\\/\\\/syndicom.ch\\\/fr\\\/#website\",\"url\":\"https:\\\/\\\/syndicom.ch\\\/fr\\\/\",\"name\":\"syndicom\",\"description\":\"\",\"publisher\":{\"@id\":\"https:\\\/\\\/syndicom.ch\\\/fr\\\/#organization\"},\"potentialAction\":[{\"@type\":\"SearchAction\",\"target\":{\"@type\":\"EntryPoint\",\"urlTemplate\":\"https:\\\/\\\/syndicom.ch\\\/fr\\\/?s={search_term_string}\"},\"query-input\":{\"@type\":\"PropertyValueSpecification\",\"valueRequired\":true,\"valueName\":\"search_term_string\"}}],\"inLanguage\":\"fr-FR\"},{\"@type\":\"Organization\",\"@id\":\"https:\\\/\\\/syndicom.ch\\\/fr\\\/#organization\",\"name\":\"syndicom\",\"url\":\"https:\\\/\\\/syndicom.ch\\\/fr\\\/\",\"logo\":{\"@type\":\"ImageObject\",\"inLanguage\":\"fr-FR\",\"@id\":\"https:\\\/\\\/syndicom.ch\\\/fr\\\/#\\\/schema\\\/logo\\\/image\\\/\",\"url\":\"https:\\\/\\\/syndicom.ch\\\/app\\\/uploads\\\/2024\\\/06\\\/logo.svg\",\"contentUrl\":\"https:\\\/\\\/syndicom.ch\\\/app\\\/uploads\\\/2024\\\/06\\\/logo.svg\",\"width\":297,\"height\":51,\"caption\":\"syndicom\"},\"image\":{\"@id\":\"https:\\\/\\\/syndicom.ch\\\/fr\\\/#\\\/schema\\\/logo\\\/image\\\/\"}}]}<\/script>\n<!-- \/ Yoast SEO plugin. -->","yoast_head_json":{"title":"Devenir membre illustration - syndicom","description":"Les illustrateurs\/trices ont rejoint syndicom pour am\u00e9liorer les conditions de travail dans le secteur. Nous avons aussi besoin de toi!","robots":{"index":"index","follow":"follow","max-snippet":"max-snippet:-1","max-image-preview":"max-image-preview:large","max-video-preview":"max-video-preview:-1"},"canonical":"https:\/\/syndicom.ch\/fr\/devenir-membre-illustrateurs\/","og_locale":"fr_FR","og_type":"article","og_title":"Devenir membre illustration - syndicom","og_description":"Les illustrateurs\/trices ont rejoint syndicom pour am\u00e9liorer les conditions de travail dans le secteur. Nous avons aussi besoin de toi!","og_url":"https:\/\/syndicom.ch\/fr\/devenir-membre-illustrateurs\/","og_site_name":"syndicom","article_modified_time":"2026-02-04T13:27:29+00:00","og_image":[{"url":"https:\/\/syndicom.ch\/app\/uploads\/2024\/11\/syndicom-syndicat-illustration-01-fr.png","type":"","width":"","height":""}],"twitter_card":"summary_large_image","twitter_misc":{"Dur\u00e9e de lecture estim\u00e9e":"3 minutes"},"schema":{"@context":"https:\/\/schema.org","@graph":[{"@type":"WebPage","@id":"https:\/\/syndicom.ch\/fr\/devenir-membre-illustrateurs\/","url":"https:\/\/syndicom.ch\/fr\/devenir-membre-illustrateurs\/","name":"Devenir membre illustration - syndicom","isPartOf":{"@id":"https:\/\/syndicom.ch\/fr\/#website"},"primaryImageOfPage":{"@id":"https:\/\/syndicom.ch\/fr\/devenir-membre-illustrateurs\/#primaryimage"},"image":{"@id":"https:\/\/syndicom.ch\/fr\/devenir-membre-illustrateurs\/#primaryimage"},"thumbnailUrl":"https:\/\/syndicom.ch\/app\/uploads\/2024\/11\/syndicom-syndicat-illustration-01-fr.png","datePublished":"2024-08-16T11:39:09+00:00","dateModified":"2026-02-04T13:27:29+00:00","description":"Les illustrateurs\/trices ont rejoint syndicom pour am\u00e9liorer les conditions de travail dans le secteur. Nous avons aussi besoin de toi!","breadcrumb":{"@id":"https:\/\/syndicom.ch\/fr\/devenir-membre-illustrateurs\/#breadcrumb"},"inLanguage":"fr-FR","potentialAction":[{"@type":"ReadAction","target":["https:\/\/syndicom.ch\/fr\/devenir-membre-illustrateurs\/"]}]},{"@type":"ImageObject","inLanguage":"fr-FR","@id":"https:\/\/syndicom.ch\/fr\/devenir-membre-illustrateurs\/#primaryimage","url":"https:\/\/syndicom.ch\/app\/uploads\/2024\/11\/syndicom-syndicat-illustration-01-fr.png","contentUrl":"https:\/\/syndicom.ch\/app\/uploads\/2024\/11\/syndicom-syndicat-illustration-01-fr.png"},{"@type":"BreadcrumbList","@id":"https:\/\/syndicom.ch\/fr\/devenir-membre-illustrateurs\/#breadcrumb","itemListElement":[{"@type":"ListItem","position":1,"name":"Page d'accueil","item":"https:\/\/syndicom.ch\/fr\/"},{"@type":"ListItem","position":2,"name":"Devenir membre illustration"}]},{"@type":"WebSite","@id":"https:\/\/syndicom.ch\/fr\/#website","url":"https:\/\/syndicom.ch\/fr\/","name":"syndicom","description":"","publisher":{"@id":"https:\/\/syndicom.ch\/fr\/#organization"},"potentialAction":[{"@type":"SearchAction","target":{"@type":"EntryPoint","urlTemplate":"https:\/\/syndicom.ch\/fr\/?s={search_term_string}"},"query-input":{"@type":"PropertyValueSpecification","valueRequired":true,"valueName":"search_term_string"}}],"inLanguage":"fr-FR"},{"@type":"Organization","@id":"https:\/\/syndicom.ch\/fr\/#organization","name":"syndicom","url":"https:\/\/syndicom.ch\/fr\/","logo":{"@type":"ImageObject","inLanguage":"fr-FR","@id":"https:\/\/syndicom.ch\/fr\/#\/schema\/logo\/image\/","url":"https:\/\/syndicom.ch\/app\/uploads\/2024\/06\/logo.svg","contentUrl":"https:\/\/syndicom.ch\/app\/uploads\/2024\/06\/logo.svg","width":297,"height":51,"caption":"syndicom"},"image":{"@id":"https:\/\/syndicom.ch\/fr\/#\/schema\/logo\/image\/"}}]}},"_links":{"self":[{"href":"https:\/\/syndicom.ch\/fr\/wp-json\/wp\/v2\/pages\/8453","targetHints":{"allow":["GET"]}}],"collection":[{"href":"https:\/\/syndicom.ch\/fr\/wp-json\/wp\/v2\/pages"}],"about":[{"href":"https:\/\/syndicom.ch\/fr\/wp-json\/wp\/v2\/types\/page"}],"author":[{"embeddable":true,"href":"https:\/\/syndicom.ch\/fr\/wp-json\/wp\/v2\/users\/2"}],"replies":[{"embeddable":true,"href":"https:\/\/syndicom.ch\/fr\/wp-json\/wp\/v2\/comments?post=8453"}],"version-history":[{"count":14,"href":"https:\/\/syndicom.ch\/fr\/wp-json\/wp\/v2\/pages\/8453\/revisions"}],"predecessor-version":[{"id":56928,"href":"https:\/\/syndicom.ch\/fr\/wp-json\/wp\/v2\/pages\/8453\/revisions\/56928"}],"wp:attachment":[{"href":"https:\/\/syndicom.ch\/fr\/wp-json\/wp\/v2\/media?parent=8453"}],"wp:term":[{"taxonomy":"category","embeddable":true,"href":"https:\/\/syndicom.ch\/fr\/wp-json\/wp\/v2\/categories?post=8453"}],"curies":[{"name":"wp","href":"https:\/\/api.w.org\/{rel}","templated":true}]}}