{"id":9252,"date":"2024-08-15T09:23:10","date_gmt":"2024-08-15T07:23:10","guid":{"rendered":"https:\/\/newxeit.syndicom.ch\/?page_id=9252"},"modified":"2026-02-04T14:09:36","modified_gmt":"2026-02-04T13:09:36","slug":"devenir-membre","status":"publish","type":"page","link":"https:\/\/syndicom.ch\/fr\/devenir-membre\/","title":{"rendered":"Devenir membre"},"content":{"rendered":"\n<div class=\"wp-block-group alignfull has-background-color has-primary-background-color has-text-color has-background has-link-color wp-elements-23f602e33c9f06d086d4f898ebe9a984 is-layout-constrained wp-block-group-is-layout-constrained\">\n<div class=\"wp-block-group is-style-narrow is-layout-constrained wp-block-group-is-layout-constrained\">\n<h1 class=\"wp-block-heading\"><strong>Comme membre de syndicom, tu profites\u00a0!<\/strong><\/h1>\n\n\n\n<div class=\"wp-block-buttons is-layout-flex wp-block-buttons-is-layout-flex\">\n<div class=\"wp-block-button\"><a class=\"wp-block-button__link wp-element-button\" href=\"https:\/\/my.syndicom.ch\/adhesion\" target=\"_blank\" rel=\"noreferrer noopener\">Devenir membre maintenant<\/a><\/div>\n<\/div>\n<\/div>\n<\/div>\n\n\n\n<div class=\"wp-block-group alignfull has-background-background-color has-background is-layout-constrained wp-block-group-is-layout-constrained\">\n<div class=\"wp-block-group is-style-narrow is-layout-constrained wp-block-group-is-layout-constrained\">\n<p><strong>Au syndicat syndicom, nous nous engageons pour de bonnes conditions de travail, des salaires d\u00e9cents, le respect, la s\u00e9curit\u00e9 sociale et la justice<\/strong> <strong>sociale.<\/strong> Notre engagement passe par exemple par la n\u00e9gociation de <a href=\"https:\/\/syndicom.ch\/fr\/conventions-collectives-de-travail-cct\/\" target=\"_blank\" rel=\"noreferrer noopener\">conventions collectives de travail<\/a> fortes. Nous nous engageons pour que la transformation num\u00e9rique s\u2019op\u00e8re de mani\u00e8re \u00e9quitable pour toutes et tous. Nous fa\u00e7onnons le monde du travail de demain.<\/p>\n\n\n\n<h2 class=\"wp-block-heading has-text-align-center\"><strong><strong>De bonnes raisons de devenir membre de syndicom<\/strong><\/strong><\/h2>\n\n\n\n<div class=\"wp-block-media-text coblocks-animate\" style=\"grid-template-columns:25% auto\" data-coblocks-animation=\"zoomIn\"><figure class=\"wp-block-media-text__media\"><img loading=\"lazy\" decoding=\"async\" width=\"1024\" height=\"1006\" src=\"https:\/\/syndicom.ch\/app\/uploads\/2024\/08\/gewerkschaft-syndicom-icon-superman-1024x1006.jpg\" alt=\"Hellblaues Icon eines Superhelden\" class=\"wp-image-2803 size-full\" srcset=\"https:\/\/syndicom.ch\/app\/uploads\/2024\/08\/gewerkschaft-syndicom-icon-superman-1024x1006.jpg 1024w, https:\/\/syndicom.ch\/app\/uploads\/2024\/08\/gewerkschaft-syndicom-icon-superman-300x295.jpg 300w, https:\/\/syndicom.ch\/app\/uploads\/2024\/08\/gewerkschaft-syndicom-icon-superman-768x755.jpg 768w, https:\/\/syndicom.ch\/app\/uploads\/2024\/08\/gewerkschaft-syndicom-icon-superman-1536x1510.jpg 1536w, https:\/\/syndicom.ch\/app\/uploads\/2024\/08\/gewerkschaft-syndicom-icon-superman.jpg 1567w\" sizes=\"auto, (max-width: 1024px) 100vw, 1024px\" \/><\/figure><div class=\"wp-block-media-text__content\">\n<h3 class=\"wp-block-heading\"><strong>Tu nous rend plus fort-es.<\/strong><\/h3>\n\n\n\n<p>Plus nous sommes nombreux-euses, plus notre position (de n\u00e9gociation) est forte. Et avec une voix forte, nous pouvons mieux d\u00e9fendre tes int\u00e9r\u00eats&nbsp;: pour de meilleures salaires et des conditions de <a href=\"https:\/\/syndicom.ch\/fr\/ton-travail\/\" target=\"_blank\" rel=\"noreferrer noopener\">travail<\/a> plus justes.<\/p>\n<\/div><\/div>\n\n\n\n<p><\/p>\n\n\n\n<div class=\"wp-block-media-text has-media-on-the-right coblocks-animate\" style=\"grid-template-columns:auto 25%\" data-coblocks-animation=\"zoomIn\"><div class=\"wp-block-media-text__content\">\n<h3 class=\"wp-block-heading\"><strong>Tu n\u2019es pas seul-e.<\/strong><\/h3>\n\n\n\n<p>Si des probl\u00e8mes surviennent au travail, tu n\u2019es pas seul-e. Tu ne dois pas lutter seul-e pour tes droits, mais b\u00e9n\u00e9ficies d\u2019un <a href=\"https:\/\/syndicom.ch\/fr\/contact\/\" target=\"_blank\" rel=\"noreferrer noopener\">soutien<\/a> professionnel fort.<\/p>\n<\/div><figure class=\"wp-block-media-text__media\"><img decoding=\"async\" src=\"https:\/\/syndicom.ch\/app\/uploads\/2024\/08\/gewerkschaft-syndicom-icon-faust.jpg\" alt=\"Blaues Faust Icon\" class=\"wp-image-2792 size-full\"\/><\/figure><\/div>\n\n\n\n<p><\/p>\n\n\n\n<div class=\"wp-block-media-text coblocks-animate\" style=\"grid-template-columns:25% auto\" data-coblocks-animation=\"zoomIn\"><figure class=\"wp-block-media-text__media\"><img decoding=\"async\" src=\"https:\/\/syndicom.ch\/app\/uploads\/2024\/08\/gewerkschaft-syndicom-icon-schirm-recht.jpg\" alt=\"Hellblaues Icon eines Regenschirms, dessen \" class=\"wp-image-2817 size-full\"\/><\/figure><div class=\"wp-block-media-text__content\">\n<h3 class=\"wp-block-heading\"><strong>syndicom t\u2019apporte du soutien.<\/strong><\/h3>\n\n\n\n<p>Tu re\u00e7ois des conseils gratuits et une <a href=\"https:\/\/syndicom.ch\/fr\/assistance-juridique-professionnelle\/\" target=\"_blank\" rel=\"noreferrer noopener\">assistance juridique<\/a> \u2013 pour toutes les questions concernant ton job et en cas de litiges ou de probl\u00e8mes avec les assurances sociales.<\/p>\n\n\n\n<p>Nous te pr\u00eatons assistance et conseil. Nous sommes \u00e0 tes c\u00f4t\u00e9s.<\/p>\n<\/div><\/div>\n\n\n\n<p><\/p>\n\n\n\n<div class=\"wp-block-media-text has-media-on-the-right coblocks-animate\" style=\"grid-template-columns:auto 25%\" data-coblocks-animation=\"zoomIn\"><div class=\"wp-block-media-text__content\">\n<h3 class=\"wp-block-heading\"><strong>syndicom te fait avancer.<\/strong><\/h3>\n\n\n\n<p>Dans ta profession, au niveau syndical ou personnel&nbsp;: nos <a href=\"https:\/\/syndicom.ch\/fr\/formation-continue-cours-education\/\" target=\"_blank\" rel=\"noreferrer noopener\">offres de formation<\/a> te font avancer. Chaque ann\u00e9e, tu peux suivre gratuitement un cours syndicom et un cours Movendo, et fr\u00e9quenter un cours Helias \u00e0 prix r\u00e9duit.<\/p>\n<\/div><figure class=\"wp-block-media-text__media\"><img loading=\"lazy\" decoding=\"async\" width=\"1001\" height=\"1024\" src=\"https:\/\/syndicom.ch\/app\/uploads\/2024\/08\/gewerkschaft-syndicom-icon-buecher-bildung-1001x1024.jpg\" alt=\"\" class=\"wp-image-2811 size-full\" srcset=\"https:\/\/syndicom.ch\/app\/uploads\/2024\/08\/gewerkschaft-syndicom-icon-buecher-bildung-1001x1024.jpg 1001w, https:\/\/syndicom.ch\/app\/uploads\/2024\/08\/gewerkschaft-syndicom-icon-buecher-bildung-293x300.jpg 293w, https:\/\/syndicom.ch\/app\/uploads\/2024\/08\/gewerkschaft-syndicom-icon-buecher-bildung-768x785.jpg 768w, https:\/\/syndicom.ch\/app\/uploads\/2024\/08\/gewerkschaft-syndicom-icon-buecher-bildung-1502x1536.jpg 1502w, https:\/\/syndicom.ch\/app\/uploads\/2024\/08\/gewerkschaft-syndicom-icon-buecher-bildung.jpg 1553w\" sizes=\"auto, (max-width: 1001px) 100vw, 1001px\" \/><\/figure><\/div>\n\n\n\n<p><\/p>\n\n\n\n<div class=\"wp-block-media-text coblocks-animate\" style=\"grid-template-columns:25% auto\" data-coblocks-animation=\"zoomIn\"><figure class=\"wp-block-media-text__media\"><img loading=\"lazy\" decoding=\"async\" width=\"1024\" height=\"674\" src=\"https:\/\/syndicom.ch\/app\/uploads\/2024\/08\/gewerkschaft-syndicom-icon-rabatte-1024x674.jpg\" alt=\"Hellblaues Icon mit Wertmarken\" class=\"wp-image-2819 size-full\" srcset=\"https:\/\/syndicom.ch\/app\/uploads\/2024\/08\/gewerkschaft-syndicom-icon-rabatte-1024x674.jpg 1024w, https:\/\/syndicom.ch\/app\/uploads\/2024\/08\/gewerkschaft-syndicom-icon-rabatte-300x197.jpg 300w, https:\/\/syndicom.ch\/app\/uploads\/2024\/08\/gewerkschaft-syndicom-icon-rabatte-768x505.jpg 768w, https:\/\/syndicom.ch\/app\/uploads\/2024\/08\/gewerkschaft-syndicom-icon-rabatte.jpg 1345w\" sizes=\"auto, (max-width: 1024px) 100vw, 1024px\" \/><\/figure><div class=\"wp-block-media-text__content\">\n<h3 class=\"wp-block-heading\"><strong>Des rabais pour toi.<\/strong><\/h3>\n\n\n\n<p>Tu profites de <a href=\"https:\/\/syndicom.ch\/fr\/tes-avantages\/\" target=\"_blank\" rel=\"noreferrer noopener\">rabais et de r\u00e9ductions<\/a> aupr\u00e8s de nos entreprises partenaires.<\/p>\n<\/div><\/div>\n\n\n\n<div style=\"height:100px\" aria-hidden=\"true\" class=\"wp-block-spacer\"><\/div>\n\n\n\n<div class=\"wp-block-buttons is-content-justification-center is-layout-flex wp-container-core-buttons-is-layout-16018d1d wp-block-buttons-is-layout-flex\">\n<div class=\"wp-block-button\"><a class=\"wp-block-button__link wp-element-button\" href=\"https:\/\/my.syndicom.ch\/adhesion\" target=\"_blank\" rel=\"noreferrer noopener\">Devenir membre maintenant<\/a><\/div>\n<\/div>\n\n\n\n<div style=\"height:100px\" aria-hidden=\"true\" class=\"wp-block-spacer\"><\/div>\n\n\n\n<div class=\"wp-block-columns has-tertiary-background-color has-background is-layout-flex wp-container-core-columns-is-layout-9d6595d7 wp-block-columns-is-layout-flex\">\n<div class=\"wp-block-column is-layout-flow wp-block-column-is-layout-flow\">\n<h2 class=\"wp-block-heading has-text-align-center\"><strong>Combien co\u00fbte l\u2019adh\u00e9sion&nbsp;?<\/strong><\/h2>\n\n\n\n<div class=\"wp-block-buttons is-content-justification-center is-layout-flex wp-container-core-buttons-is-layout-16018d1d wp-block-buttons-is-layout-flex\">\n<div class=\"wp-block-button is-style-outline is-style-outline--1\"><a class=\"wp-block-button__link has-primary-color has-text-color has-link-color has-text-align-center wp-element-button\" href=\"https:\/\/syndicom.ch\/fr\/faq-affiliation\/\" target=\"_blank\" rel=\"noreferrer noopener\">Tu trouveras ici les avantages et les infos sur l&rsquo;adh\u00e9sion.<\/a><\/div>\n<\/div>\n<\/div>\n<\/div>\n<\/div>\n<\/div>\n\n\n\n<div class=\"wp-block-group alignfull is-style-default has-background-color has-primary-background-color has-text-color has-background has-link-color wp-elements-6e4eb64d055b811d2f95f400bd9db66c is-layout-constrained wp-block-group-is-layout-constrained\">\n<div class=\"wp-block-media-text is-style-default\" style=\"grid-template-columns:26% auto\"><figure class=\"wp-block-media-text__media\"><a href=\"https:\/\/my.syndicom.ch\/adhesion\" target=\"_blank\" rel=\" noreferrer noopener\"><img loading=\"lazy\" decoding=\"async\" width=\"1024\" height=\"964\" src=\"https:\/\/syndicom.ch\/app\/uploads\/2025\/02\/vorteile-1024x964-2.webp\" alt=\"\" class=\"wp-image-27435 size-full\" srcset=\"https:\/\/syndicom.ch\/app\/uploads\/2025\/02\/vorteile-1024x964-2.webp 1024w, https:\/\/syndicom.ch\/app\/uploads\/2025\/02\/vorteile-1024x964-2-300x282.webp 300w, https:\/\/syndicom.ch\/app\/uploads\/2025\/02\/vorteile-1024x964-2-768x723.webp 768w\" sizes=\"auto, (max-width: 1024px) 100vw, 1024px\" \/><\/a><\/figure><div class=\"wp-block-media-text__content\">\n<h2 class=\"wp-block-heading\"><strong>Comme membre de syndicom, tu profites d\u2019avantages<\/strong><\/h2>\n\n\n\n<p>Tu renforces notre syndicat et donc aussi ta position professionnelle. Ainsi, tu b\u00e9n\u00e9ficies d\u2019une protection, d\u2019un soutien et de rabais attrayants.<\/p>\n\n\n\n<p><\/p>\n\n\n\n<p><\/p>\n<\/div><\/div>\n\n\n\n<div class=\"wp-block-buttons is-content-justification-center is-layout-flex wp-container-core-buttons-is-layout-16018d1d wp-block-buttons-is-layout-flex\">\n<div class=\"wp-block-button is-style-syn-member-cta\"><a class=\"wp-block-button__link wp-element-button\" href=\"https:\/\/my.syndicom.ch\/adhesion\" target=\"_blank\" rel=\"noreferrer noopener\">Deviens membre<\/a><\/div>\n\n\n\n<div class=\"wp-block-button is-style-outline is-style-outline--2\"><a class=\"wp-block-button__link has-background-color has-text-color has-link-color wp-element-button\" href=\"https:\/\/syndicom.ch\/fr\/faq-affiliation\/\" target=\"_blank\" rel=\"noreferrer noopener\">Avantages et infos sur l&rsquo;adh\u00e9sion<\/a><\/div>\n<\/div>\n<\/div>\n","protected":false},"excerpt":{"rendered":"<p>En tant que membre syndicom, tu renforces le syndicat tout en b\u00e9n\u00e9ficiant d&rsquo;offres de formation et d&rsquo;avantages.<\/p>\n","protected":false},"author":3,"featured_media":46156,"parent":0,"menu_order":0,"comment_status":"closed","ping_status":"closed","template":"","meta":{"_acf_changed":false,"inline_featured_image":false,"_coblocks_attr":"","_coblocks_dimensions":"","_coblocks_responsive_height":"","_coblocks_accordion_ie_support":"","footnotes":""},"categories":[362],"class_list":["post-9252","page","type-page","status-publish","has-post-thumbnail","hentry","category-devenir-membre"],"acf":[],"yoast_head":"<!-- This site is optimized with the Yoast SEO plugin v27.3 - https:\/\/yoast.com\/product\/yoast-seo-wordpress\/ -->\n<title>Devenir membre - syndicom<\/title>\n<meta name=\"description\" content=\"En tant que membre syndicom, tu renforces le syndicat tout en b\u00e9n\u00e9ficiant d&#039;offres de formation et d&#039;avantages.\" \/>\n<meta name=\"robots\" content=\"index, follow, max-snippet:-1, max-image-preview:large, max-video-preview:-1\" \/>\n<link rel=\"canonical\" href=\"https:\/\/syndicom.ch\/fr\/devenir-membre\/\" \/>\n<meta property=\"og:locale\" content=\"fr_FR\" \/>\n<meta property=\"og:type\" content=\"article\" \/>\n<meta property=\"og:title\" content=\"Devenir membre - syndicom\" \/>\n<meta property=\"og:description\" content=\"En tant que membre syndicom, tu renforces le syndicat tout en b\u00e9n\u00e9ficiant d&#039;offres de formation et d&#039;avantages.\" \/>\n<meta property=\"og:url\" content=\"https:\/\/syndicom.ch\/fr\/devenir-membre\/\" \/>\n<meta property=\"og:site_name\" content=\"syndicom\" \/>\n<meta property=\"article:modified_time\" content=\"2026-02-04T13:09:36+00:00\" \/>\n<meta property=\"og:image\" content=\"https:\/\/syndicom.ch\/app\/uploads\/2025\/08\/syndicat-syndicom-icon-button-devenir-membre.png\" \/>\n\t<meta property=\"og:image:width\" content=\"776\" \/>\n\t<meta property=\"og:image:height\" content=\"765\" \/>\n\t<meta property=\"og:image:type\" content=\"image\/png\" \/>\n<meta name=\"twitter:card\" content=\"summary_large_image\" \/>\n<meta name=\"twitter:label1\" content=\"Dur\u00e9e de lecture estim\u00e9e\" \/>\n\t<meta name=\"twitter:data1\" content=\"4 minutes\" \/>\n<script type=\"application\/ld+json\" class=\"yoast-schema-graph\">{\"@context\":\"https:\\\/\\\/schema.org\",\"@graph\":[{\"@type\":\"WebPage\",\"@id\":\"https:\\\/\\\/syndicom.ch\\\/fr\\\/devenir-membre\\\/\",\"url\":\"https:\\\/\\\/syndicom.ch\\\/fr\\\/devenir-membre\\\/\",\"name\":\"Devenir membre - syndicom\",\"isPartOf\":{\"@id\":\"https:\\\/\\\/syndicom.ch\\\/fr\\\/#website\"},\"primaryImageOfPage\":{\"@id\":\"https:\\\/\\\/syndicom.ch\\\/fr\\\/devenir-membre\\\/#primaryimage\"},\"image\":{\"@id\":\"https:\\\/\\\/syndicom.ch\\\/fr\\\/devenir-membre\\\/#primaryimage\"},\"thumbnailUrl\":\"https:\\\/\\\/syndicom.ch\\\/app\\\/uploads\\\/2025\\\/08\\\/syndicat-syndicom-icon-button-devenir-membre.png\",\"datePublished\":\"2024-08-15T07:23:10+00:00\",\"dateModified\":\"2026-02-04T13:09:36+00:00\",\"description\":\"En tant que membre syndicom, tu renforces le syndicat tout en b\u00e9n\u00e9ficiant d'offres de formation et d'avantages.\",\"breadcrumb\":{\"@id\":\"https:\\\/\\\/syndicom.ch\\\/fr\\\/devenir-membre\\\/#breadcrumb\"},\"inLanguage\":\"fr-FR\",\"potentialAction\":[{\"@type\":\"ReadAction\",\"target\":[\"https:\\\/\\\/syndicom.ch\\\/fr\\\/devenir-membre\\\/\"]}]},{\"@type\":\"ImageObject\",\"inLanguage\":\"fr-FR\",\"@id\":\"https:\\\/\\\/syndicom.ch\\\/fr\\\/devenir-membre\\\/#primaryimage\",\"url\":\"https:\\\/\\\/syndicom.ch\\\/app\\\/uploads\\\/2025\\\/08\\\/syndicat-syndicom-icon-button-devenir-membre.png\",\"contentUrl\":\"https:\\\/\\\/syndicom.ch\\\/app\\\/uploads\\\/2025\\\/08\\\/syndicat-syndicom-icon-button-devenir-membre.png\",\"width\":776,\"height\":765},{\"@type\":\"BreadcrumbList\",\"@id\":\"https:\\\/\\\/syndicom.ch\\\/fr\\\/devenir-membre\\\/#breadcrumb\",\"itemListElement\":[{\"@type\":\"ListItem\",\"position\":1,\"name\":\"Page d'accueil\",\"item\":\"https:\\\/\\\/syndicom.ch\\\/fr\\\/\"},{\"@type\":\"ListItem\",\"position\":2,\"name\":\"Devenir membre\"}]},{\"@type\":\"WebSite\",\"@id\":\"https:\\\/\\\/syndicom.ch\\\/fr\\\/#website\",\"url\":\"https:\\\/\\\/syndicom.ch\\\/fr\\\/\",\"name\":\"syndicom\",\"description\":\"\",\"publisher\":{\"@id\":\"https:\\\/\\\/syndicom.ch\\\/fr\\\/#organization\"},\"potentialAction\":[{\"@type\":\"SearchAction\",\"target\":{\"@type\":\"EntryPoint\",\"urlTemplate\":\"https:\\\/\\\/syndicom.ch\\\/fr\\\/?s={search_term_string}\"},\"query-input\":{\"@type\":\"PropertyValueSpecification\",\"valueRequired\":true,\"valueName\":\"search_term_string\"}}],\"inLanguage\":\"fr-FR\"},{\"@type\":\"Organization\",\"@id\":\"https:\\\/\\\/syndicom.ch\\\/fr\\\/#organization\",\"name\":\"syndicom\",\"url\":\"https:\\\/\\\/syndicom.ch\\\/fr\\\/\",\"logo\":{\"@type\":\"ImageObject\",\"inLanguage\":\"fr-FR\",\"@id\":\"https:\\\/\\\/syndicom.ch\\\/fr\\\/#\\\/schema\\\/logo\\\/image\\\/\",\"url\":\"https:\\\/\\\/syndicom.ch\\\/app\\\/uploads\\\/2024\\\/06\\\/logo.svg\",\"contentUrl\":\"https:\\\/\\\/syndicom.ch\\\/app\\\/uploads\\\/2024\\\/06\\\/logo.svg\",\"width\":297,\"height\":51,\"caption\":\"syndicom\"},\"image\":{\"@id\":\"https:\\\/\\\/syndicom.ch\\\/fr\\\/#\\\/schema\\\/logo\\\/image\\\/\"}}]}<\/script>\n<!-- \/ Yoast SEO plugin. -->","yoast_head_json":{"title":"Devenir membre - syndicom","description":"En tant que membre syndicom, tu renforces le syndicat tout en b\u00e9n\u00e9ficiant d'offres de formation et d'avantages.","robots":{"index":"index","follow":"follow","max-snippet":"max-snippet:-1","max-image-preview":"max-image-preview:large","max-video-preview":"max-video-preview:-1"},"canonical":"https:\/\/syndicom.ch\/fr\/devenir-membre\/","og_locale":"fr_FR","og_type":"article","og_title":"Devenir membre - syndicom","og_description":"En tant que membre syndicom, tu renforces le syndicat tout en b\u00e9n\u00e9ficiant d'offres de formation et d'avantages.","og_url":"https:\/\/syndicom.ch\/fr\/devenir-membre\/","og_site_name":"syndicom","article_modified_time":"2026-02-04T13:09:36+00:00","og_image":[{"width":776,"height":765,"url":"https:\/\/syndicom.ch\/app\/uploads\/2025\/08\/syndicat-syndicom-icon-button-devenir-membre.png","type":"image\/png"}],"twitter_card":"summary_large_image","twitter_misc":{"Dur\u00e9e de lecture estim\u00e9e":"4 minutes"},"schema":{"@context":"https:\/\/schema.org","@graph":[{"@type":"WebPage","@id":"https:\/\/syndicom.ch\/fr\/devenir-membre\/","url":"https:\/\/syndicom.ch\/fr\/devenir-membre\/","name":"Devenir membre - syndicom","isPartOf":{"@id":"https:\/\/syndicom.ch\/fr\/#website"},"primaryImageOfPage":{"@id":"https:\/\/syndicom.ch\/fr\/devenir-membre\/#primaryimage"},"image":{"@id":"https:\/\/syndicom.ch\/fr\/devenir-membre\/#primaryimage"},"thumbnailUrl":"https:\/\/syndicom.ch\/app\/uploads\/2025\/08\/syndicat-syndicom-icon-button-devenir-membre.png","datePublished":"2024-08-15T07:23:10+00:00","dateModified":"2026-02-04T13:09:36+00:00","description":"En tant que membre syndicom, tu renforces le syndicat tout en b\u00e9n\u00e9ficiant d'offres de formation et d'avantages.","breadcrumb":{"@id":"https:\/\/syndicom.ch\/fr\/devenir-membre\/#breadcrumb"},"inLanguage":"fr-FR","potentialAction":[{"@type":"ReadAction","target":["https:\/\/syndicom.ch\/fr\/devenir-membre\/"]}]},{"@type":"ImageObject","inLanguage":"fr-FR","@id":"https:\/\/syndicom.ch\/fr\/devenir-membre\/#primaryimage","url":"https:\/\/syndicom.ch\/app\/uploads\/2025\/08\/syndicat-syndicom-icon-button-devenir-membre.png","contentUrl":"https:\/\/syndicom.ch\/app\/uploads\/2025\/08\/syndicat-syndicom-icon-button-devenir-membre.png","width":776,"height":765},{"@type":"BreadcrumbList","@id":"https:\/\/syndicom.ch\/fr\/devenir-membre\/#breadcrumb","itemListElement":[{"@type":"ListItem","position":1,"name":"Page d'accueil","item":"https:\/\/syndicom.ch\/fr\/"},{"@type":"ListItem","position":2,"name":"Devenir membre"}]},{"@type":"WebSite","@id":"https:\/\/syndicom.ch\/fr\/#website","url":"https:\/\/syndicom.ch\/fr\/","name":"syndicom","description":"","publisher":{"@id":"https:\/\/syndicom.ch\/fr\/#organization"},"potentialAction":[{"@type":"SearchAction","target":{"@type":"EntryPoint","urlTemplate":"https:\/\/syndicom.ch\/fr\/?s={search_term_string}"},"query-input":{"@type":"PropertyValueSpecification","valueRequired":true,"valueName":"search_term_string"}}],"inLanguage":"fr-FR"},{"@type":"Organization","@id":"https:\/\/syndicom.ch\/fr\/#organization","name":"syndicom","url":"https:\/\/syndicom.ch\/fr\/","logo":{"@type":"ImageObject","inLanguage":"fr-FR","@id":"https:\/\/syndicom.ch\/fr\/#\/schema\/logo\/image\/","url":"https:\/\/syndicom.ch\/app\/uploads\/2024\/06\/logo.svg","contentUrl":"https:\/\/syndicom.ch\/app\/uploads\/2024\/06\/logo.svg","width":297,"height":51,"caption":"syndicom"},"image":{"@id":"https:\/\/syndicom.ch\/fr\/#\/schema\/logo\/image\/"}}]}},"_links":{"self":[{"href":"https:\/\/syndicom.ch\/fr\/wp-json\/wp\/v2\/pages\/9252","targetHints":{"allow":["GET"]}}],"collection":[{"href":"https:\/\/syndicom.ch\/fr\/wp-json\/wp\/v2\/pages"}],"about":[{"href":"https:\/\/syndicom.ch\/fr\/wp-json\/wp\/v2\/types\/page"}],"author":[{"embeddable":true,"href":"https:\/\/syndicom.ch\/fr\/wp-json\/wp\/v2\/users\/3"}],"replies":[{"embeddable":true,"href":"https:\/\/syndicom.ch\/fr\/wp-json\/wp\/v2\/comments?post=9252"}],"version-history":[{"count":34,"href":"https:\/\/syndicom.ch\/fr\/wp-json\/wp\/v2\/pages\/9252\/revisions"}],"predecessor-version":[{"id":50636,"href":"https:\/\/syndicom.ch\/fr\/wp-json\/wp\/v2\/pages\/9252\/revisions\/50636"}],"wp:featuredmedia":[{"embeddable":true,"href":"https:\/\/syndicom.ch\/fr\/wp-json\/wp\/v2\/media\/46156"}],"wp:attachment":[{"href":"https:\/\/syndicom.ch\/fr\/wp-json\/wp\/v2\/media?parent=9252"}],"wp:term":[{"taxonomy":"category","embeddable":true,"href":"https:\/\/syndicom.ch\/fr\/wp-json\/wp\/v2\/categories?post=9252"}],"curies":[{"name":"wp","href":"https:\/\/api.w.org\/{rel}","templated":true}]}}