{"id":32793,"date":"2024-02-01T09:43:59","date_gmt":"2024-02-01T08:43:59","guid":{"rendered":"https:\/\/syndicom.ch\/?post_type=syn_magazine&#038;p=32793"},"modified":"2026-03-02T09:56:18","modified_gmt":"2026-03-02T08:56:18","slug":"portrait-josette-praz","status":"publish","type":"syn_magazine","link":"https:\/\/syndicom.ch\/fr\/magazine\/portrait-josette-praz\/","title":{"rendered":"\u00ab\u2009Il faut que les retrait\u00e9-es se mobilisent. \u00bb"},"content":{"rendered":"\n<div class=\"wp-block-group alignfull has-background-color has-primary-background-color has-text-color has-background has-link-color wp-elements-50caded9d22cb396f27adb37022eb3bb is-layout-constrained wp-block-group-is-layout-constrained\">\n<div class=\"wp-block-group is-style-narrow is-layout-constrained wp-block-group-is-layout-constrained\">\n<div class=\"wp-block-columns is-layout-flex wp-container-core-columns-is-layout-9d6595d7 wp-block-columns-is-layout-flex\">\n<div class=\"wp-block-column is-layout-flow wp-block-column-is-layout-flow\" style=\"flex-basis:80%\">\n<h1 class=\"wp-block-heading\"><strong>\u00ab\u2009Il faut que les retrait\u00e9-es se mobilisent. Personne ne va se battre \u00e0 notre place\u2009\u00bb<\/strong><\/h1>\n\n\n\n<p class=\"is-style-lead\">Portrait de Josette Praz<\/p>\n<\/div>\n<\/div>\n\n\n\n<div class=\"wp-block-columns is-layout-flex wp-container-core-columns-is-layout-9d6595d7 wp-block-columns-is-layout-flex\">\n<div class=\"wp-block-column is-layout-flow wp-block-column-is-layout-flow\" style=\"flex-basis:80%\">\n<p>Texte\u2009: <strong>Baptiste Fellay<\/strong><br>Photo\u2009: <strong>Jean-Patrick Di&nbsp;Silvestro<\/strong><\/p>\n<\/div>\n\n\n\n<div class=\"wp-block-column is-layout-flow wp-block-column-is-layout-flow\" style=\"flex-basis:30%\">\n<div class=\"wp-block-buttons is-layout-flex wp-block-buttons-is-layout-flex\">\n<div class=\"wp-block-button is-style-underline\"><a class=\"wp-block-button__link has-background-color has-secondary-background-color has-text-color has-background has-link-color has-text-align-center wp-element-button\" href=\"https:\/\/syndicom.ch\/fr\/magazine\/#anciens-magazines\" target=\"_blank\" rel=\"noreferrer noopener\">Cet article a \u00e9t\u00e9 publi\u00e9 pour la premi\u00e8re fois dans le syndicom magazine N\u00b0 39 \/ 2024.<\/a><\/div>\n<\/div>\n<\/div>\n<\/div>\n<\/div>\n<\/div>\n\n\n\n<div class=\"wp-block-group alignfull has-background-background-color has-background is-layout-constrained wp-block-group-is-layout-constrained\">\n<div class=\"wp-block-group is-style-narrow is-layout-constrained wp-block-group-is-layout-constrained\">\n<figure class=\"wp-block-image alignfull size-large\"><img loading=\"lazy\" decoding=\"async\" width=\"1024\" height=\"520\" src=\"https:\/\/syndicom.ch\/app\/uploads\/2025\/03\/gewerkschaft-syndicom-magazin-josette-praz-portrait-1024x520.jpg\" alt=\"\" class=\"wp-image-30854\" srcset=\"https:\/\/syndicom.ch\/app\/uploads\/2025\/03\/gewerkschaft-syndicom-magazin-josette-praz-portrait-1024x520.jpg 1024w, https:\/\/syndicom.ch\/app\/uploads\/2025\/03\/gewerkschaft-syndicom-magazin-josette-praz-portrait-300x152.jpg 300w, https:\/\/syndicom.ch\/app\/uploads\/2025\/03\/gewerkschaft-syndicom-magazin-josette-praz-portrait-768x390.jpg 768w, https:\/\/syndicom.ch\/app\/uploads\/2025\/03\/gewerkschaft-syndicom-magazin-josette-praz-portrait-1536x780.jpg 1536w, https:\/\/syndicom.ch\/app\/uploads\/2025\/03\/gewerkschaft-syndicom-magazin-josette-praz-portrait-2048x1040.jpg 2048w\" sizes=\"auto, (max-width: 1024px) 100vw, 1024px\" \/><figcaption class=\"wp-element-caption\">\u00a9 Jean-Patrick Di Silvestro<\/figcaption><\/figure>\n\n\n\n<p>Mon p\u00e8re s\u2019insurgeait contre les injustices sociales et ce qui m\u2019a tr\u00e8s t\u00f4t sensibilis\u00e9e \u00e0 la cause socialiste. Je me suis syndiqu\u00e9e au d\u00e9but de ma carri\u00e8re, j\u2019avais besoin d\u2019\u00eatre au courant des processus d\u00e9cisionnels et de pouvoir y participer. Assez rapidement, je suis devenue caissi\u00e8re de la section valaisanne, dont j\u2019ai repris la pr\u00e9sidence.<\/p>\n\n\n\n<p>Apr\u00e8s la privatisation de <a href=\"https:\/\/syndicom.ch\/fr\/entree-glossaire\/swisscom\/\" target=\"_blank\" rel=\"noreferrer noopener\">Swisscom<\/a>, nous avons senti que l\u2019ambiance de travail avait chang\u00e9, que plus de rentabilit\u00e9 \u00e9tait exig\u00e9e de notre part. J\u2019ai \u00e9t\u00e9 personnellement victime de ces nouvelles conditions de travail. En 2007, j\u2019ai d\u00fb m\u2019arr\u00eater de travailler pendant 3&nbsp;mois. J\u2019\u00e9tais un des premiers burn-out \u00e0 avoir \u00e9t\u00e9 diagnostiqu\u00e9 dans la bo\u00eete. J\u2019estime que j\u2019ai \u00e9t\u00e9 bien entour\u00e9e \u00e0 mon retour. Mais je n\u2019ai jamais voulu reprendre d\u2019\u00e9quipe, et j\u2019ai gard\u00e9 un taux d\u2019activit\u00e9 \u00e0 80&nbsp;%.<\/p>\n\n\n\n<p>Nous avons gagn\u00e9 certains combats, comme la diminution du nombre d\u2019heures hebdomadaires, qui \u00e9tait de 45, ou l\u2019obtention d\u2019une cinqui\u00e8me semaine de vacances pour les plus de 50&nbsp;ans. Mais apr\u00e8s nous avoir accord\u00e9 des avantages, il n\u2019\u00e9tait pas rare que la hi\u00e9rarchie utilise les juristes de l\u2019entreprise pour contourner ce qui avait \u00e9t\u00e9 acquis. <\/p>\n\n\n\n<h2 class=\"wp-block-heading\">Ensemble, on est plus fort-es.<\/h2>\n\n\n\n<p>Ce qui souligne l\u2019importance d\u2019entrer dans un syndicat. On y rencontre des personnes qui partagent nos probl\u00e8mes. <a href=\"https:\/\/syndicom.ch\/fr\/devenir-membre\/\" target=\"_blank\" rel=\"noreferrer noopener\">Ensemble, on est plus fort-es.<\/a> Et c\u2019est bien de rapports de force dont on parle. Les ouvri\u00e8res et ouvriers se feront toujours avoir s\u2019ils ne se montrent pas solidaires.<\/p>\n\n\n\n<p>Je me suis engag\u00e9e pour de meilleurs salaires et moins d\u2019heures de travail, mais aussi pour <a href=\"https:\/\/syndicom.ch\/fr\/femmes\/\" target=\"_blank\" rel=\"noreferrer noopener\">d\u00e9fendre la place des femmes<\/a>. J\u2019organisais des cours, pour leur apprendre \u00e0 revendiquer plus de responsabilit\u00e9s. Nous avons organis\u00e9 des manifestations pour les femmes \u00e0 Sion. Nous avons m\u00eame investi les bureaux de l\u2019\u00c9tat\u2009! Mais \u00e7a se passait toujours dans une ambiance bon enfant. Encore aujourd\u2019hui, je trouve qu\u2019il manque de femmes aux postes \u00e0 responsabilit\u00e9s, y compris dans les syndicats.<\/p>\n\n\n\n<p>Je suis un peu pr\u00e9occup\u00e9e, car les <a href=\"https:\/\/syndicom.ch\/fr\/jeunesse\/\" target=\"_blank\" rel=\"noreferrer noopener\">jeunes<\/a> ne se syndicalisent plus assez. Je ne sais pas s\u2019ils sont en moyenne plus individualistes, mais je pense qu\u2019avec le Covid, avec le t\u00e9l\u00e9travail, on a un peu perdu de notre vision collective. Je reste cependant confiante. <\/p>\n\n\n\n<h2 class=\"wp-block-heading has-text-align-left has-foreground-color has-text-color has-link-color wp-elements-35f913e7c8ec118a67c07f3f48d7121d\">Je suis un peu pr\u00e9occup\u00e9e, car les jeunes ne se syndicalisent plus assez.<\/h2>\n\n\n\n<p>Ce n\u2019est certainement qu\u2019un passage. Car la lutte collective est essentielle, en particulier en p\u00e9riode d\u2019inflation, et avec les primes d\u2019assurance maladie qui augmentent.<\/p>\n\n\n\n<p>Aujourd\u2019hui, je d\u00e9fends les droits des <a href=\"https:\/\/syndicom.ch\/fr\/retraitees\/\" target=\"_blank\" rel=\"noreferrer noopener\">retrait\u00e9-es<\/a>. Il s\u2019agit d\u2019une population qui a du temps \u00e0 disposition, et qui est donc tr\u00e8s utile \u00e0 la soci\u00e9t\u00e9. Ils sont proches aidants, ils s\u2019investissent b\u00e9n\u00e9volement dans des causes caritatives. Mais c\u2019est \u00e9galement une population qui conna\u00eet la pr\u00e9carit\u00e9. Beaucoup de mes connaissances ont d\u00fb garder des petits jobs, comme faire le m\u00e9nage de temps en temps chez des voisins. Cette pr\u00e9carit\u00e9 est plus pr\u00e9sente chez les femmes, car beaucoup d\u2019entre nous ont eu des carri\u00e8res \u00e0 temps partiel, afin de jongler entre famille et travail.<\/p>\n\n\n\n<h2 class=\"wp-block-heading\">Il faut que les retrait\u00e9-es se mobilisent.<\/h2>\n\n\n\n<p>Je me bats principalement pour de meilleures rentes AVS. La <a href=\"https:\/\/syndicom.ch\/fr\/communique-de-presse\/13e-rente-avs-progres-social-grace-aux-syndicats\/\" target=\"_blank\" rel=\"noreferrer noopener\">votation du 3&nbsp;mars pour une 13e&nbsp;rente<\/a> va \u00eatre tr\u00e8s importante. Il faut que les retrait\u00e9-es se mobilisent. Personne ne va se battre \u00e0 notre place.<\/p>\n<\/div>\n<\/div>\n\n\n\n<div class=\"wp-block-group alignfull has-tertiary-background-color has-background is-layout-constrained wp-block-group-is-layout-constrained\">\n<div class=\"wp-block-group is-style-narrow is-layout-constrained wp-block-group-is-layout-constrained\">\n<h2 class=\"wp-block-heading\">Biographie de Josette Praz<\/h2>\n\n\n\n<p><em>Josette Praz est n\u00e9e en 1960 \u00e0 Grandson. Fille de vigneron, elle se forme et commence sa vie professionnelle dans le secteur du vin. \u00c0 25&nbsp;ans, elle d\u00e9cide de changer de carri\u00e8re en devenant t\u00e9l\u00e9phoniste aux PTT, \u00e0 Lausanne puis \u00e0 Sion. Elle se syndique d\u00e8s sa premi\u00e8re ann\u00e9e au sein des PTT. En 33&nbsp;ans dans le secteur, elle conna\u00eetra la privatisation, l\u2019apparition de Swisscom et deviendra Team Leader. Retrait\u00e9e depuis janvier 2018, elle repr\u00e9sente aujourd\u2019hui les <a href=\"https:\/\/syndicom.ch\/fr\/retraitees\/\" target=\"_blank\" rel=\"noreferrer noopener\">retrait\u00e9-es<\/a> au sein du comit\u00e9 valaisan. Elle si\u00e8ge \u00e9galement dans la commission des retrait\u00e9-es de l\u2019USS.<\/em><\/p>\n<\/div>\n<\/div>\n","protected":false},"excerpt":{"rendered":"<p>Josette Praz s&rsquo;engage pour la justice sociale, de meilleures conditions de travail et les droits des femmes et des retrait\u00e9-es.<\/p>\n","protected":false},"author":3,"featured_media":30854,"template":"","syn_magazine_category":[328,247],"class_list":["post-32793","syn_magazine","type-syn_magazine","status-publish","has-post-thumbnail","hentry","syn_magazine_category-egalite","syn_magazine_category-portrait"],"acf":[],"yoast_head":"<!-- This site is optimized with the Yoast SEO plugin v27.3 - https:\/\/yoast.com\/product\/yoast-seo-wordpress\/ -->\n<title>\u00ab\u2009Il faut que les retrait\u00e9-es se mobilisent. \u00bb - syndicom<\/title>\n<meta name=\"description\" content=\"Josette Praz s&#039;engage pour la justice sociale, de meilleures conditions de travail et les droits des femmes et des retrait\u00e9-es.\" \/>\n<meta name=\"robots\" content=\"index, follow, max-snippet:-1, max-image-preview:large, max-video-preview:-1\" \/>\n<link rel=\"canonical\" href=\"https:\/\/syndicom.ch\/fr\/magazine\/portrait-josette-praz\/\" \/>\n<meta property=\"og:locale\" content=\"fr_FR\" \/>\n<meta property=\"og:type\" content=\"article\" \/>\n<meta property=\"og:title\" content=\"\u00ab\u2009Il faut que les retrait\u00e9-es se mobilisent. \u00bb - syndicom\" \/>\n<meta property=\"og:description\" content=\"Josette Praz s&#039;engage pour la justice sociale, de meilleures conditions de travail et les droits des femmes et des retrait\u00e9-es.\" \/>\n<meta property=\"og:url\" content=\"https:\/\/syndicom.ch\/fr\/magazine\/portrait-josette-praz\/\" \/>\n<meta property=\"og:site_name\" content=\"syndicom\" \/>\n<meta property=\"article:modified_time\" content=\"2026-03-02T08:56:18+00:00\" \/>\n<meta property=\"og:image\" content=\"https:\/\/syndicom.ch\/app\/uploads\/2025\/03\/gewerkschaft-syndicom-magazin-josette-praz-portrait-scaled.jpg\" \/>\n\t<meta property=\"og:image:width\" content=\"2560\" \/>\n\t<meta property=\"og:image:height\" content=\"1300\" \/>\n\t<meta property=\"og:image:type\" content=\"image\/jpeg\" \/>\n<meta name=\"twitter:card\" content=\"summary_large_image\" \/>\n<meta name=\"twitter:label1\" content=\"Dur\u00e9e de lecture estim\u00e9e\" \/>\n\t<meta name=\"twitter:data1\" content=\"5 minutes\" \/>\n<script type=\"application\/ld+json\" class=\"yoast-schema-graph\">{\"@context\":\"https:\\\/\\\/schema.org\",\"@graph\":[{\"@type\":\"WebPage\",\"@id\":\"https:\\\/\\\/syndicom.ch\\\/fr\\\/magazine\\\/portrait-josette-praz\\\/\",\"url\":\"https:\\\/\\\/syndicom.ch\\\/fr\\\/magazine\\\/portrait-josette-praz\\\/\",\"name\":\"\u00ab\u2009Il faut que les retrait\u00e9-es se mobilisent. \u00bb - syndicom\",\"isPartOf\":{\"@id\":\"https:\\\/\\\/syndicom.ch\\\/fr\\\/#website\"},\"primaryImageOfPage\":{\"@id\":\"https:\\\/\\\/syndicom.ch\\\/fr\\\/magazine\\\/portrait-josette-praz\\\/#primaryimage\"},\"image\":{\"@id\":\"https:\\\/\\\/syndicom.ch\\\/fr\\\/magazine\\\/portrait-josette-praz\\\/#primaryimage\"},\"thumbnailUrl\":\"https:\\\/\\\/syndicom.ch\\\/app\\\/uploads\\\/2025\\\/03\\\/gewerkschaft-syndicom-magazin-josette-praz-portrait-scaled.jpg\",\"datePublished\":\"2024-02-01T08:43:59+00:00\",\"dateModified\":\"2026-03-02T08:56:18+00:00\",\"description\":\"Josette Praz s'engage pour la justice sociale, de meilleures conditions de travail et les droits des femmes et des retrait\u00e9-es.\",\"breadcrumb\":{\"@id\":\"https:\\\/\\\/syndicom.ch\\\/fr\\\/magazine\\\/portrait-josette-praz\\\/#breadcrumb\"},\"inLanguage\":\"fr-FR\",\"potentialAction\":[{\"@type\":\"ReadAction\",\"target\":[\"https:\\\/\\\/syndicom.ch\\\/fr\\\/magazine\\\/portrait-josette-praz\\\/\"]}]},{\"@type\":\"ImageObject\",\"inLanguage\":\"fr-FR\",\"@id\":\"https:\\\/\\\/syndicom.ch\\\/fr\\\/magazine\\\/portrait-josette-praz\\\/#primaryimage\",\"url\":\"https:\\\/\\\/syndicom.ch\\\/app\\\/uploads\\\/2025\\\/03\\\/gewerkschaft-syndicom-magazin-josette-praz-portrait-scaled.jpg\",\"contentUrl\":\"https:\\\/\\\/syndicom.ch\\\/app\\\/uploads\\\/2025\\\/03\\\/gewerkschaft-syndicom-magazin-josette-praz-portrait-scaled.jpg\",\"width\":2560,\"height\":1300,\"caption\":\"Ardon, Valais, le 04.01.2024 Mme. Josette Praz,militante Syndicom. \u00a9 Jean-Patrick Di Silvestro\"},{\"@type\":\"BreadcrumbList\",\"@id\":\"https:\\\/\\\/syndicom.ch\\\/fr\\\/magazine\\\/portrait-josette-praz\\\/#breadcrumb\",\"itemListElement\":[{\"@type\":\"ListItem\",\"position\":1,\"name\":\"Page d'accueil\",\"item\":\"https:\\\/\\\/syndicom.ch\\\/fr\\\/\"},{\"@type\":\"ListItem\",\"position\":2,\"name\":\"\u00ab\u2009Il faut que les retrait\u00e9-es se mobilisent. \u00bb\"}]},{\"@type\":\"WebSite\",\"@id\":\"https:\\\/\\\/syndicom.ch\\\/fr\\\/#website\",\"url\":\"https:\\\/\\\/syndicom.ch\\\/fr\\\/\",\"name\":\"syndicom\",\"description\":\"\",\"publisher\":{\"@id\":\"https:\\\/\\\/syndicom.ch\\\/fr\\\/#organization\"},\"potentialAction\":[{\"@type\":\"SearchAction\",\"target\":{\"@type\":\"EntryPoint\",\"urlTemplate\":\"https:\\\/\\\/syndicom.ch\\\/fr\\\/?s={search_term_string}\"},\"query-input\":{\"@type\":\"PropertyValueSpecification\",\"valueRequired\":true,\"valueName\":\"search_term_string\"}}],\"inLanguage\":\"fr-FR\"},{\"@type\":\"Organization\",\"@id\":\"https:\\\/\\\/syndicom.ch\\\/fr\\\/#organization\",\"name\":\"syndicom\",\"url\":\"https:\\\/\\\/syndicom.ch\\\/fr\\\/\",\"logo\":{\"@type\":\"ImageObject\",\"inLanguage\":\"fr-FR\",\"@id\":\"https:\\\/\\\/syndicom.ch\\\/fr\\\/#\\\/schema\\\/logo\\\/image\\\/\",\"url\":\"https:\\\/\\\/syndicom.ch\\\/app\\\/uploads\\\/2024\\\/06\\\/logo.svg\",\"contentUrl\":\"https:\\\/\\\/syndicom.ch\\\/app\\\/uploads\\\/2024\\\/06\\\/logo.svg\",\"width\":297,\"height\":51,\"caption\":\"syndicom\"},\"image\":{\"@id\":\"https:\\\/\\\/syndicom.ch\\\/fr\\\/#\\\/schema\\\/logo\\\/image\\\/\"}}]}<\/script>\n<!-- \/ Yoast SEO plugin. -->","yoast_head_json":{"title":"\u00ab\u2009Il faut que les retrait\u00e9-es se mobilisent. \u00bb - syndicom","description":"Josette Praz s'engage pour la justice sociale, de meilleures conditions de travail et les droits des femmes et des retrait\u00e9-es.","robots":{"index":"index","follow":"follow","max-snippet":"max-snippet:-1","max-image-preview":"max-image-preview:large","max-video-preview":"max-video-preview:-1"},"canonical":"https:\/\/syndicom.ch\/fr\/magazine\/portrait-josette-praz\/","og_locale":"fr_FR","og_type":"article","og_title":"\u00ab\u2009Il faut que les retrait\u00e9-es se mobilisent. \u00bb - syndicom","og_description":"Josette Praz s'engage pour la justice sociale, de meilleures conditions de travail et les droits des femmes et des retrait\u00e9-es.","og_url":"https:\/\/syndicom.ch\/fr\/magazine\/portrait-josette-praz\/","og_site_name":"syndicom","article_modified_time":"2026-03-02T08:56:18+00:00","og_image":[{"width":2560,"height":1300,"url":"https:\/\/syndicom.ch\/app\/uploads\/2025\/03\/gewerkschaft-syndicom-magazin-josette-praz-portrait-scaled.jpg","type":"image\/jpeg"}],"twitter_card":"summary_large_image","twitter_misc":{"Dur\u00e9e de lecture estim\u00e9e":"5 minutes"},"schema":{"@context":"https:\/\/schema.org","@graph":[{"@type":"WebPage","@id":"https:\/\/syndicom.ch\/fr\/magazine\/portrait-josette-praz\/","url":"https:\/\/syndicom.ch\/fr\/magazine\/portrait-josette-praz\/","name":"\u00ab\u2009Il faut que les retrait\u00e9-es se mobilisent. \u00bb - syndicom","isPartOf":{"@id":"https:\/\/syndicom.ch\/fr\/#website"},"primaryImageOfPage":{"@id":"https:\/\/syndicom.ch\/fr\/magazine\/portrait-josette-praz\/#primaryimage"},"image":{"@id":"https:\/\/syndicom.ch\/fr\/magazine\/portrait-josette-praz\/#primaryimage"},"thumbnailUrl":"https:\/\/syndicom.ch\/app\/uploads\/2025\/03\/gewerkschaft-syndicom-magazin-josette-praz-portrait-scaled.jpg","datePublished":"2024-02-01T08:43:59+00:00","dateModified":"2026-03-02T08:56:18+00:00","description":"Josette Praz s'engage pour la justice sociale, de meilleures conditions de travail et les droits des femmes et des retrait\u00e9-es.","breadcrumb":{"@id":"https:\/\/syndicom.ch\/fr\/magazine\/portrait-josette-praz\/#breadcrumb"},"inLanguage":"fr-FR","potentialAction":[{"@type":"ReadAction","target":["https:\/\/syndicom.ch\/fr\/magazine\/portrait-josette-praz\/"]}]},{"@type":"ImageObject","inLanguage":"fr-FR","@id":"https:\/\/syndicom.ch\/fr\/magazine\/portrait-josette-praz\/#primaryimage","url":"https:\/\/syndicom.ch\/app\/uploads\/2025\/03\/gewerkschaft-syndicom-magazin-josette-praz-portrait-scaled.jpg","contentUrl":"https:\/\/syndicom.ch\/app\/uploads\/2025\/03\/gewerkschaft-syndicom-magazin-josette-praz-portrait-scaled.jpg","width":2560,"height":1300,"caption":"Ardon, Valais, le 04.01.2024 Mme. Josette Praz,militante Syndicom. \u00a9 Jean-Patrick Di Silvestro"},{"@type":"BreadcrumbList","@id":"https:\/\/syndicom.ch\/fr\/magazine\/portrait-josette-praz\/#breadcrumb","itemListElement":[{"@type":"ListItem","position":1,"name":"Page d'accueil","item":"https:\/\/syndicom.ch\/fr\/"},{"@type":"ListItem","position":2,"name":"\u00ab\u2009Il faut que les retrait\u00e9-es se mobilisent. \u00bb"}]},{"@type":"WebSite","@id":"https:\/\/syndicom.ch\/fr\/#website","url":"https:\/\/syndicom.ch\/fr\/","name":"syndicom","description":"","publisher":{"@id":"https:\/\/syndicom.ch\/fr\/#organization"},"potentialAction":[{"@type":"SearchAction","target":{"@type":"EntryPoint","urlTemplate":"https:\/\/syndicom.ch\/fr\/?s={search_term_string}"},"query-input":{"@type":"PropertyValueSpecification","valueRequired":true,"valueName":"search_term_string"}}],"inLanguage":"fr-FR"},{"@type":"Organization","@id":"https:\/\/syndicom.ch\/fr\/#organization","name":"syndicom","url":"https:\/\/syndicom.ch\/fr\/","logo":{"@type":"ImageObject","inLanguage":"fr-FR","@id":"https:\/\/syndicom.ch\/fr\/#\/schema\/logo\/image\/","url":"https:\/\/syndicom.ch\/app\/uploads\/2024\/06\/logo.svg","contentUrl":"https:\/\/syndicom.ch\/app\/uploads\/2024\/06\/logo.svg","width":297,"height":51,"caption":"syndicom"},"image":{"@id":"https:\/\/syndicom.ch\/fr\/#\/schema\/logo\/image\/"}}]}},"_links":{"self":[{"href":"https:\/\/syndicom.ch\/fr\/wp-json\/wp\/v2\/syn_magazine\/32793","targetHints":{"allow":["GET"]}}],"collection":[{"href":"https:\/\/syndicom.ch\/fr\/wp-json\/wp\/v2\/syn_magazine"}],"about":[{"href":"https:\/\/syndicom.ch\/fr\/wp-json\/wp\/v2\/types\/syn_magazine"}],"author":[{"embeddable":true,"href":"https:\/\/syndicom.ch\/fr\/wp-json\/wp\/v2\/users\/3"}],"version-history":[{"count":0,"href":"https:\/\/syndicom.ch\/fr\/wp-json\/wp\/v2\/syn_magazine\/32793\/revisions"}],"wp:featuredmedia":[{"embeddable":true,"href":"https:\/\/syndicom.ch\/fr\/wp-json\/wp\/v2\/media\/30854"}],"wp:attachment":[{"href":"https:\/\/syndicom.ch\/fr\/wp-json\/wp\/v2\/media?parent=32793"}],"wp:term":[{"taxonomy":"syn_magazine_category","embeddable":true,"href":"https:\/\/syndicom.ch\/fr\/wp-json\/wp\/v2\/syn_magazine_category?post=32793"}],"curies":[{"name":"wp","href":"https:\/\/api.w.org\/{rel}","templated":true}]}}