{"id":32932,"date":"2025-03-20T13:28:29","date_gmt":"2025-03-20T12:28:29","guid":{"rendered":"https:\/\/syndicom.ch\/?post_type=syn_magazine&#038;p=32932"},"modified":"2025-10-27T12:47:12","modified_gmt":"2025-10-27T11:47:12","slug":"imprimerie-de-bussigny","status":"publish","type":"syn_magazine","link":"https:\/\/syndicom.ch\/fr\/magazine\/imprimerie-de-bussigny\/","title":{"rendered":"Clap de fin pour l\u2019imprimerie de Bussigny"},"content":{"rendered":"\n<div class=\"wp-block-group alignfull has-background-color has-primary-background-color has-text-color has-background has-link-color wp-elements-0d3dc558567c0d72e4d0702a9ea18f75 is-layout-constrained wp-block-group-is-layout-constrained\">\n<div class=\"wp-block-group is-style-narrow is-layout-constrained wp-block-group-is-layout-constrained\">\n<div class=\"wp-block-columns is-layout-flex wp-container-core-columns-is-layout-9d6595d7 wp-block-columns-is-layout-flex\">\n<div class=\"wp-block-column is-layout-flow wp-block-column-is-layout-flow\" style=\"flex-basis:80%\">\n<h1 class=\"wp-block-heading\"><strong><strong><strong>Clap de fin pour l\u2019imprimerie de Bussigny<\/strong><\/strong><\/strong><\/h1>\n\n\n\n<p class=\"is-style-lead\">Dans la nuit du 14 au 15 mars, le dernier grand centre d\u2019impression romand a sorti ses ultimes journaux avant de mettre la cl\u00e9 sous la porte.<\/p>\n<\/div>\n<\/div>\n\n\n\n<div class=\"wp-block-columns is-layout-flex wp-container-core-columns-is-layout-9d6595d7 wp-block-columns-is-layout-flex\">\n<div class=\"wp-block-column is-layout-flow wp-block-column-is-layout-flow\" style=\"flex-basis:80%\">\n<p>Texte&nbsp;: <strong>Antoine Grosjean<\/strong><br>Paru sur le site de l\u2019\u00c9v\u00e8nement syndical le 20 mars 2025<\/p>\n<\/div>\n\n\n\n<div class=\"wp-block-column is-layout-flow wp-block-column-is-layout-flow\" style=\"flex-basis:30%\">\n<div class=\"wp-block-buttons is-layout-flex wp-block-buttons-is-layout-flex\"><\/div>\n<\/div>\n<\/div>\n<\/div>\n<\/div>\n\n\n\n<div class=\"wp-block-group alignfull has-background-background-color has-background is-layout-constrained wp-block-group-is-layout-constrained\">\n<div class=\"wp-block-group is-style-narrow is-layout-constrained wp-block-group-is-layout-constrained\">\n<figure class=\"wp-block-image alignwide size-large\"><img loading=\"lazy\" decoding=\"async\" width=\"1024\" height=\"683\" src=\"https:\/\/syndicom.ch\/app\/uploads\/2025\/04\/syndicat-syndicom-imprimerie-bussigny-1024x683.jpg\" alt=\"\" class=\"wp-image-32934\" srcset=\"https:\/\/syndicom.ch\/app\/uploads\/2025\/04\/syndicat-syndicom-imprimerie-bussigny-1024x683.jpg 1024w, https:\/\/syndicom.ch\/app\/uploads\/2025\/04\/syndicat-syndicom-imprimerie-bussigny-300x200.jpg 300w, https:\/\/syndicom.ch\/app\/uploads\/2025\/04\/syndicat-syndicom-imprimerie-bussigny-768x512.jpg 768w, https:\/\/syndicom.ch\/app\/uploads\/2025\/04\/syndicat-syndicom-imprimerie-bussigny-1536x1024.jpg 1536w, https:\/\/syndicom.ch\/app\/uploads\/2025\/04\/syndicat-syndicom-imprimerie-bussigny-2048x1365.jpg 2048w\" sizes=\"auto, (max-width: 1024px) 100vw, 1024px\" \/><figcaption class=\"wp-element-caption\">Fin septembre, le personnel du Centre d\u2019impression de Bussigny avait manifest\u00e9 pour protester contre la fermeture annonc\u00e9e de cette installation inaugur\u00e9e en 1989. Ses propositions pour sauver le site n\u2019avaient pas \u00e9t\u00e9 retenues. @ATS Salvatore Di Nolfi<\/figcaption><\/figure>\n\n\n\n<p>C\u2019est une histoire de 36 ans qui s\u2019est achev\u00e9e en catimini, \u00e0 l\u2019heure o\u00f9 la plupart des gens dorment. Dans la nuit du 14 au 15 mars, les rotatives de Bussigny ont imprim\u00e9 leurs derniers journaux avant de s\u2019\u00e9teindre \u00e0 jamais. L\u2019\u00e9ch\u00e9ance \u00e9tait connue depuis ao\u00fbt dernier, quand Tamedia, l\u2019\u00e9diteur de presse zurichois, a annonc\u00e9 qu\u2019il allait fermer ses imprimeries de Bussigny et de Zurich pour ne garder que celle de Berne.<\/p>\n\n\n\n<p>Voil\u00e0 donc le dernier grand centre d\u2019impression de Suisse romande qui dispara\u00eet. Beaucoup des journaux et des magazines lus de ce c\u00f4t\u00e9-ci de la Sarine y ont \u00e9t\u00e9 fabriqu\u00e9s, dont&nbsp;<em>24 heures<\/em>, la&nbsp;<em>Tribune de Gen\u00e8ve<\/em>, le d\u00e9funt&nbsp;<em>Matin<\/em>,&nbsp;<em>Le Matin Dimanche<\/em>,&nbsp;<em>20 minutes<\/em>,&nbsp;<em>Le Temps<\/em>,&nbsp;<em>Coop<\/em>,&nbsp;<em>Lausanne-Cit\u00e9s<\/em>, le&nbsp;<em>Journal de Morges<\/em>,&nbsp;<em>Bilan<\/em>&nbsp;ou encore&nbsp;<em>Femina<\/em>, pour ne citer que les principaux.<\/p>\n\n\n\n<p>Une partie des rotatives a d\u00e9j\u00e0 \u00e9t\u00e9 d\u00e9mont\u00e9e, et la plus grosse le sera d\u00e8s le mois d\u2019avril. \u00abUn repreneur suisse r\u00e9cup\u00e8re l\u2019ensemble des machines afin de les valoriser, nous pr\u00e9cise le service de communication de Tamedia par \u00e9crit. Certains composants ou \u00e9l\u00e9ments compatibles seront d\u00e9mont\u00e9s et r\u00e9employ\u00e9-es au DZB (Centre d\u2019impression de Berne,&nbsp;<em>ndlr<\/em>) ou stock\u00e9s afin de servir de pi\u00e8ces de rechange.\u00bb Quant aux locaux, ils seront lou\u00e9s \u00e0 des tiers.<\/p>\n\n\n\n<h2 class=\"wp-block-heading\"><strong>Restructurations \u00e0 r\u00e9p\u00e9tition<\/strong><\/h2>\n\n\n\n<p>Ces rotatives arrivaient en fin de vie. Mais quand il a \u00e9t\u00e9 inaugur\u00e9 en 1989, en pr\u00e9sence du pr\u00e9sident de la Conf\u00e9d\u00e9ration Jean-Pascal Delamuraz, le Centre d\u2019impression de Bussigny \u00e9tait \u00e0 la pointe de la modernit\u00e9. Dans les ann\u00e9es 1990, plus de 500 personnes y travaillaient. Puis, les effectifs se sont r\u00e9duits comme peau de chagrin \u00e0 coups de restructurations, notamment apr\u00e8s le rachat en 2009 des journaux et de l\u2019imprimerie d\u2019Edipresse par Tamedia. En 2023, pr\u00e8s de la moiti\u00e9 des 120 employ\u00e9s restants avaient \u00e9t\u00e9 licenci\u00e9s.&nbsp;<\/p>\n\n\n\n<p>Ces derniers temps, il y avait encore cinquante-cinq personnes \u00e0 l\u2019imprimerie et quatorze \u00e0 la logistique. Parmi ces derni\u00e8res, dix resteront \u00e0 Bussigny pour assurer la distribution en Suisse romande des journaux imprim\u00e9s \u00e0 Berne. Selon&nbsp;<em>24 heures<\/em>, une poign\u00e9e d\u2019employ\u00e9-es ont retrouv\u00e9 du travail ailleurs depuis ao\u00fbt, deux ont accept\u00e9 un poste \u00e0 l\u2019imprimerie de Berne et quelques-uns b\u00e9n\u00e9ficient d\u2019une retraite anticip\u00e9e. Mais la majorit\u00e9 reste sur le carreau\u2026<\/p>\n\n\n\n<p>\u00abLe personnel \u00e9tait tr\u00e8s choqu\u00e9 par l&rsquo;annonce de la fermeture et il s&rsquo;est fortement mobilis\u00e9\u00bb, confie Jo\u00eblle Racine, secr\u00e9taire syndicale en charge de l\u2019industrie graphique chez syndicom, qui le repr\u00e9sentait.&nbsp;Les n\u00e9gociations pour le plan social se sont achev\u00e9es en d\u00e9cembre. <\/p>\n\n\n<div class=\"wp-block-quote-wrapper\">\n<blockquote class=\"wp-block-quote is-layout-flow wp-block-quote-is-layout-flow\">\n<p>Gr\u00e2ce \u00e0 leur mobilisation, les employ\u00e9-es ont r\u00e9ussi \u00e0 obtenir de nettes am\u00e9liorations par rapport au plan social propos\u00e9 initialement par Tamedia. Mais cela reste dramatique, car nous avions d\u00e9montr\u00e9 que l\u2019imprimerie pouvait \u00eatre rentable.<\/p>\n<\/blockquote>\n<\/div><\/div>\n<\/div>\n","protected":false},"excerpt":{"rendered":"<p>Le centre d&rsquo;impression de Bussigny a ferm\u00e9 ses portes apr\u00e8s 36 ans d&rsquo;activit\u00e9. Le syndicat syndicom s&rsquo;engage pour les personnes concern\u00e9es.<\/p>\n","protected":false},"author":3,"featured_media":32934,"template":"","syn_magazine_category":[365,278,249],"class_list":["post-32932","syn_magazine","type-syn_magazine","status-publish","has-post-thumbnail","hentry","syn_magazine_category-aide-a-la-presse","syn_magazine_category-imprimerie","syn_magazine_category-service-public"],"acf":[],"yoast_head":"<!-- This site is optimized with the Yoast SEO plugin v27.3 - https:\/\/yoast.com\/product\/yoast-seo-wordpress\/ -->\n<title>Clap de fin pour l\u2019imprimerie de Bussigny - syndicom<\/title>\n<meta name=\"description\" content=\"Le centre d&#039;impression de Bussigny a ferm\u00e9 ses portes apr\u00e8s 36 ans d&#039;activit\u00e9. Le syndicat syndicom s&#039;engage pour les personnes concern\u00e9es.\" \/>\n<meta name=\"robots\" content=\"index, follow, max-snippet:-1, max-image-preview:large, max-video-preview:-1\" \/>\n<link rel=\"canonical\" href=\"https:\/\/syndicom.ch\/fr\/magazine\/imprimerie-de-bussigny\/\" \/>\n<meta property=\"og:locale\" content=\"fr_FR\" \/>\n<meta property=\"og:type\" content=\"article\" \/>\n<meta property=\"og:title\" content=\"Clap de fin pour l\u2019imprimerie de Bussigny - syndicom\" \/>\n<meta property=\"og:description\" content=\"Le centre d&#039;impression de Bussigny a ferm\u00e9 ses portes apr\u00e8s 36 ans d&#039;activit\u00e9. Le syndicat syndicom s&#039;engage pour les personnes concern\u00e9es.\" \/>\n<meta property=\"og:url\" content=\"https:\/\/syndicom.ch\/fr\/magazine\/imprimerie-de-bussigny\/\" \/>\n<meta property=\"og:site_name\" content=\"syndicom\" \/>\n<meta property=\"article:modified_time\" content=\"2025-10-27T11:47:12+00:00\" \/>\n<meta property=\"og:image\" content=\"https:\/\/syndicom.ch\/app\/uploads\/2025\/04\/syndicat-syndicom-imprimerie-bussigny-scaled.jpg\" \/>\n\t<meta property=\"og:image:width\" content=\"2560\" \/>\n\t<meta property=\"og:image:height\" content=\"1707\" \/>\n\t<meta property=\"og:image:type\" content=\"image\/jpeg\" \/>\n<meta name=\"twitter:card\" content=\"summary_large_image\" \/>\n<meta name=\"twitter:label1\" content=\"Dur\u00e9e de lecture estim\u00e9e\" \/>\n\t<meta name=\"twitter:data1\" content=\"4 minutes\" \/>\n<script type=\"application\/ld+json\" class=\"yoast-schema-graph\">{\"@context\":\"https:\\\/\\\/schema.org\",\"@graph\":[{\"@type\":\"WebPage\",\"@id\":\"https:\\\/\\\/syndicom.ch\\\/fr\\\/magazine\\\/imprimerie-de-bussigny\\\/\",\"url\":\"https:\\\/\\\/syndicom.ch\\\/fr\\\/magazine\\\/imprimerie-de-bussigny\\\/\",\"name\":\"Clap de fin pour l\u2019imprimerie de Bussigny - syndicom\",\"isPartOf\":{\"@id\":\"https:\\\/\\\/syndicom.ch\\\/fr\\\/#website\"},\"primaryImageOfPage\":{\"@id\":\"https:\\\/\\\/syndicom.ch\\\/fr\\\/magazine\\\/imprimerie-de-bussigny\\\/#primaryimage\"},\"image\":{\"@id\":\"https:\\\/\\\/syndicom.ch\\\/fr\\\/magazine\\\/imprimerie-de-bussigny\\\/#primaryimage\"},\"thumbnailUrl\":\"https:\\\/\\\/syndicom.ch\\\/app\\\/uploads\\\/2025\\\/04\\\/syndicat-syndicom-imprimerie-bussigny-scaled.jpg\",\"datePublished\":\"2025-03-20T12:28:29+00:00\",\"dateModified\":\"2025-10-27T11:47:12+00:00\",\"description\":\"Le centre d'impression de Bussigny a ferm\u00e9 ses portes apr\u00e8s 36 ans d'activit\u00e9. Le syndicat syndicom s'engage pour les personnes concern\u00e9es.\",\"breadcrumb\":{\"@id\":\"https:\\\/\\\/syndicom.ch\\\/fr\\\/magazine\\\/imprimerie-de-bussigny\\\/#breadcrumb\"},\"inLanguage\":\"fr-FR\",\"potentialAction\":[{\"@type\":\"ReadAction\",\"target\":[\"https:\\\/\\\/syndicom.ch\\\/fr\\\/magazine\\\/imprimerie-de-bussigny\\\/\"]}]},{\"@type\":\"ImageObject\",\"inLanguage\":\"fr-FR\",\"@id\":\"https:\\\/\\\/syndicom.ch\\\/fr\\\/magazine\\\/imprimerie-de-bussigny\\\/#primaryimage\",\"url\":\"https:\\\/\\\/syndicom.ch\\\/app\\\/uploads\\\/2025\\\/04\\\/syndicat-syndicom-imprimerie-bussigny-scaled.jpg\",\"contentUrl\":\"https:\\\/\\\/syndicom.ch\\\/app\\\/uploads\\\/2025\\\/04\\\/syndicat-syndicom-imprimerie-bussigny-scaled.jpg\",\"width\":2560,\"height\":1707},{\"@type\":\"BreadcrumbList\",\"@id\":\"https:\\\/\\\/syndicom.ch\\\/fr\\\/magazine\\\/imprimerie-de-bussigny\\\/#breadcrumb\",\"itemListElement\":[{\"@type\":\"ListItem\",\"position\":1,\"name\":\"Page d'accueil\",\"item\":\"https:\\\/\\\/syndicom.ch\\\/fr\\\/\"},{\"@type\":\"ListItem\",\"position\":2,\"name\":\"Clap de fin pour l\u2019imprimerie de Bussigny\"}]},{\"@type\":\"WebSite\",\"@id\":\"https:\\\/\\\/syndicom.ch\\\/fr\\\/#website\",\"url\":\"https:\\\/\\\/syndicom.ch\\\/fr\\\/\",\"name\":\"syndicom\",\"description\":\"\",\"publisher\":{\"@id\":\"https:\\\/\\\/syndicom.ch\\\/fr\\\/#organization\"},\"potentialAction\":[{\"@type\":\"SearchAction\",\"target\":{\"@type\":\"EntryPoint\",\"urlTemplate\":\"https:\\\/\\\/syndicom.ch\\\/fr\\\/?s={search_term_string}\"},\"query-input\":{\"@type\":\"PropertyValueSpecification\",\"valueRequired\":true,\"valueName\":\"search_term_string\"}}],\"inLanguage\":\"fr-FR\"},{\"@type\":\"Organization\",\"@id\":\"https:\\\/\\\/syndicom.ch\\\/fr\\\/#organization\",\"name\":\"syndicom\",\"url\":\"https:\\\/\\\/syndicom.ch\\\/fr\\\/\",\"logo\":{\"@type\":\"ImageObject\",\"inLanguage\":\"fr-FR\",\"@id\":\"https:\\\/\\\/syndicom.ch\\\/fr\\\/#\\\/schema\\\/logo\\\/image\\\/\",\"url\":\"https:\\\/\\\/syndicom.ch\\\/app\\\/uploads\\\/2024\\\/06\\\/logo.svg\",\"contentUrl\":\"https:\\\/\\\/syndicom.ch\\\/app\\\/uploads\\\/2024\\\/06\\\/logo.svg\",\"width\":297,\"height\":51,\"caption\":\"syndicom\"},\"image\":{\"@id\":\"https:\\\/\\\/syndicom.ch\\\/fr\\\/#\\\/schema\\\/logo\\\/image\\\/\"}}]}<\/script>\n<!-- \/ Yoast SEO plugin. -->","yoast_head_json":{"title":"Clap de fin pour l\u2019imprimerie de Bussigny - syndicom","description":"Le centre d'impression de Bussigny a ferm\u00e9 ses portes apr\u00e8s 36 ans d'activit\u00e9. Le syndicat syndicom s'engage pour les personnes concern\u00e9es.","robots":{"index":"index","follow":"follow","max-snippet":"max-snippet:-1","max-image-preview":"max-image-preview:large","max-video-preview":"max-video-preview:-1"},"canonical":"https:\/\/syndicom.ch\/fr\/magazine\/imprimerie-de-bussigny\/","og_locale":"fr_FR","og_type":"article","og_title":"Clap de fin pour l\u2019imprimerie de Bussigny - syndicom","og_description":"Le centre d'impression de Bussigny a ferm\u00e9 ses portes apr\u00e8s 36 ans d'activit\u00e9. Le syndicat syndicom s'engage pour les personnes concern\u00e9es.","og_url":"https:\/\/syndicom.ch\/fr\/magazine\/imprimerie-de-bussigny\/","og_site_name":"syndicom","article_modified_time":"2025-10-27T11:47:12+00:00","og_image":[{"width":2560,"height":1707,"url":"https:\/\/syndicom.ch\/app\/uploads\/2025\/04\/syndicat-syndicom-imprimerie-bussigny-scaled.jpg","type":"image\/jpeg"}],"twitter_card":"summary_large_image","twitter_misc":{"Dur\u00e9e de lecture estim\u00e9e":"4 minutes"},"schema":{"@context":"https:\/\/schema.org","@graph":[{"@type":"WebPage","@id":"https:\/\/syndicom.ch\/fr\/magazine\/imprimerie-de-bussigny\/","url":"https:\/\/syndicom.ch\/fr\/magazine\/imprimerie-de-bussigny\/","name":"Clap de fin pour l\u2019imprimerie de Bussigny - syndicom","isPartOf":{"@id":"https:\/\/syndicom.ch\/fr\/#website"},"primaryImageOfPage":{"@id":"https:\/\/syndicom.ch\/fr\/magazine\/imprimerie-de-bussigny\/#primaryimage"},"image":{"@id":"https:\/\/syndicom.ch\/fr\/magazine\/imprimerie-de-bussigny\/#primaryimage"},"thumbnailUrl":"https:\/\/syndicom.ch\/app\/uploads\/2025\/04\/syndicat-syndicom-imprimerie-bussigny-scaled.jpg","datePublished":"2025-03-20T12:28:29+00:00","dateModified":"2025-10-27T11:47:12+00:00","description":"Le centre d'impression de Bussigny a ferm\u00e9 ses portes apr\u00e8s 36 ans d'activit\u00e9. Le syndicat syndicom s'engage pour les personnes concern\u00e9es.","breadcrumb":{"@id":"https:\/\/syndicom.ch\/fr\/magazine\/imprimerie-de-bussigny\/#breadcrumb"},"inLanguage":"fr-FR","potentialAction":[{"@type":"ReadAction","target":["https:\/\/syndicom.ch\/fr\/magazine\/imprimerie-de-bussigny\/"]}]},{"@type":"ImageObject","inLanguage":"fr-FR","@id":"https:\/\/syndicom.ch\/fr\/magazine\/imprimerie-de-bussigny\/#primaryimage","url":"https:\/\/syndicom.ch\/app\/uploads\/2025\/04\/syndicat-syndicom-imprimerie-bussigny-scaled.jpg","contentUrl":"https:\/\/syndicom.ch\/app\/uploads\/2025\/04\/syndicat-syndicom-imprimerie-bussigny-scaled.jpg","width":2560,"height":1707},{"@type":"BreadcrumbList","@id":"https:\/\/syndicom.ch\/fr\/magazine\/imprimerie-de-bussigny\/#breadcrumb","itemListElement":[{"@type":"ListItem","position":1,"name":"Page d'accueil","item":"https:\/\/syndicom.ch\/fr\/"},{"@type":"ListItem","position":2,"name":"Clap de fin pour l\u2019imprimerie de Bussigny"}]},{"@type":"WebSite","@id":"https:\/\/syndicom.ch\/fr\/#website","url":"https:\/\/syndicom.ch\/fr\/","name":"syndicom","description":"","publisher":{"@id":"https:\/\/syndicom.ch\/fr\/#organization"},"potentialAction":[{"@type":"SearchAction","target":{"@type":"EntryPoint","urlTemplate":"https:\/\/syndicom.ch\/fr\/?s={search_term_string}"},"query-input":{"@type":"PropertyValueSpecification","valueRequired":true,"valueName":"search_term_string"}}],"inLanguage":"fr-FR"},{"@type":"Organization","@id":"https:\/\/syndicom.ch\/fr\/#organization","name":"syndicom","url":"https:\/\/syndicom.ch\/fr\/","logo":{"@type":"ImageObject","inLanguage":"fr-FR","@id":"https:\/\/syndicom.ch\/fr\/#\/schema\/logo\/image\/","url":"https:\/\/syndicom.ch\/app\/uploads\/2024\/06\/logo.svg","contentUrl":"https:\/\/syndicom.ch\/app\/uploads\/2024\/06\/logo.svg","width":297,"height":51,"caption":"syndicom"},"image":{"@id":"https:\/\/syndicom.ch\/fr\/#\/schema\/logo\/image\/"}}]}},"_links":{"self":[{"href":"https:\/\/syndicom.ch\/fr\/wp-json\/wp\/v2\/syn_magazine\/32932","targetHints":{"allow":["GET"]}}],"collection":[{"href":"https:\/\/syndicom.ch\/fr\/wp-json\/wp\/v2\/syn_magazine"}],"about":[{"href":"https:\/\/syndicom.ch\/fr\/wp-json\/wp\/v2\/types\/syn_magazine"}],"author":[{"embeddable":true,"href":"https:\/\/syndicom.ch\/fr\/wp-json\/wp\/v2\/users\/3"}],"version-history":[{"count":0,"href":"https:\/\/syndicom.ch\/fr\/wp-json\/wp\/v2\/syn_magazine\/32932\/revisions"}],"wp:featuredmedia":[{"embeddable":true,"href":"https:\/\/syndicom.ch\/fr\/wp-json\/wp\/v2\/media\/32934"}],"wp:attachment":[{"href":"https:\/\/syndicom.ch\/fr\/wp-json\/wp\/v2\/media?parent=32932"}],"wp:term":[{"taxonomy":"syn_magazine_category","embeddable":true,"href":"https:\/\/syndicom.ch\/fr\/wp-json\/wp\/v2\/syn_magazine_category?post=32932"}],"curies":[{"name":"wp","href":"https:\/\/api.w.org\/{rel}","templated":true}]}}