{"id":8168,"date":"2024-09-09T16:13:22","date_gmt":"2024-09-09T14:13:22","guid":{"rendered":"https:\/\/newxeit.syndicom.ch\/?post_type=glossar&#038;p=8168"},"modified":"2026-01-05T10:22:30","modified_gmt":"2026-01-05T09:22:30","slug":"autopostale-sa","status":"publish","type":"glossar","link":"https:\/\/syndicom.ch\/it\/voce-glossario\/autopostale-sa\/","title":{"rendered":"AutoPostale SA"},"content":{"rendered":"\n<div class=\"wp-block-group alignfull has-background-color has-primary-background-color has-text-color has-background has-link-color wp-elements-054badae01124a38aed981231f386bbf is-layout-constrained wp-block-group-is-layout-constrained\">\n<div class=\"wp-block-group is-style-narrow is-layout-constrained wp-block-group-is-layout-constrained\">\n<h1 class=\"wp-block-heading\">CCL AutoPostale SA<\/h1>\n\n\n\n<div class=\"wp-block-columns is-layout-flex wp-container-core-columns-is-layout-9d6595d7 wp-block-columns-is-layout-flex\">\n<div class=\"wp-block-column is-layout-flow wp-block-column-is-layout-flow\" style=\"flex-basis:70%\">\n<p class=\"is-style-lead\">Grazie al CCL, il personale beneficer\u00e0 di condizioni di lavoro migliori rispetto ai requisiti legali minimi.<\/p>\n<\/div>\n<\/div>\n\n\n\n<div class=\"wp-block-columns is-layout-flex wp-container-core-columns-is-layout-9d6595d7 wp-block-columns-is-layout-flex\">\n<div class=\"wp-block-column is-layout-flow wp-block-column-is-layout-flow\" style=\"flex-basis:30%\">\n<p><strong><strong><strong><strong>Validit\u00e0 CCL<\/strong><\/strong><\/strong><\/strong><br>01.01.2026 \u2013 31.12.2028<\/p>\n<\/div>\n\n\n\n<div class=\"wp-block-column is-layout-flow wp-block-column-is-layout-flow\" style=\"flex-basis:80%\">\n<div class=\"wp-block-buttons is-layout-flex wp-block-buttons-is-layout-flex\">\n<div class=\"wp-block-button is-style-external\"><a class=\"wp-block-button__link has-text-align-left wp-element-button\" href=\"https:\/\/syndicom.ch\/app\/uploads\/2025\/08\/sindacato-syndicom-ccl-autopostale-2026.pdf\" target=\"_blank\" rel=\"noreferrer noopener\">CCL AutoPostale SA<\/a><\/div>\n\n\n\n<div class=\"wp-block-button is-style-external\"><a class=\"wp-block-button__link has-text-align-left wp-element-button\" href=\"https:\/\/syndicom.ch\/app\/uploads\/2025\/11\/sindacato-syndicom-autopostale-lol-2026.pdf\" target=\"_blank\" rel=\"noreferrer noopener\">Regolamentazioni dell&#8217;orario di lavoro per il personale soggetto alla legge sull&#8217;orario di lavoro (LOL)<\/a><\/div>\n\n\n\n<div class=\"wp-block-button is-style-external\"><a class=\"wp-block-button__link has-text-align-left wp-element-button\" href=\"https:\/\/syndicom.ch\/app\/uploads\/2025\/08\/sindacato-syndicom-posta-piano-sociale-2025.pdf\" target=\"_blank\" rel=\"noreferrer noopener\">Piano sociale<\/a><\/div>\n<\/div>\n<\/div>\n\n\n\n<div class=\"wp-block-column is-layout-flow wp-block-column-is-layout-flow\" style=\"flex-basis:45%\">\n<p>Il cosiddetto <a href=\"https:\/\/syndicom.ch\/it\/voce-glossario\/posta-ccl-mantello\/\" target=\"_blank\" rel=\"noreferrer noopener\"><mark style=\"background-color:rgba(0, 0, 0, 0)\" class=\"has-inline-color has-background-color\">\u21aa CCL mantello<\/mark><\/a> <mark style=\"background-color:rgba(0, 0, 0, 0)\" class=\"has-inline-color has-background-color\"><\/mark>della Posta sovrasta i CCL individuali.<\/p>\n<\/div>\n<\/div>\n<\/div>\n<\/div>\n\n\n\n<div class=\"wp-block-group alignfull has-background-background-color has-background is-layout-constrained wp-block-group-is-layout-constrained\">\n<div class=\"wp-block-group is-style-narrow is-layout-constrained wp-block-group-is-layout-constrained\">\n<div class=\"wp-block-columns is-style-default has-tertiary-background-color has-background is-layout-flex wp-container-core-columns-is-layout-9d6595d7 wp-block-columns-is-layout-flex\">\n<div class=\"wp-block-column is-layout-flow wp-block-column-is-layout-flow\">\n<p>\u00c8 solo grazie ai tanti membri che lavora alla Posta che il sindacato syndicom, insieme ai suoi delegati, ha potuto negoziare questo contratto collettivo di lavoro e migliorare le tue condizioni di lavoro. <a href=\"https:\/\/my.syndicom.ch\/adesione\" target=\"_blank\" rel=\"noreferrer noopener\">Diventa anche tu membro<\/a> e rafforza cos\u00ec i tuoi diritti e il potere dei lavoratori della Posta!<\/p>\n\n\n\n<p><a href=\"https:\/\/syndicom.ch\/it\/offerte-di-lavoro\/personale-della-posta\/\" target=\"_blank\" rel=\"noreferrer noopener\">\u21aa Leggi qui cosa abbiamo gi\u00e0 ottenuto per te come dipendente della Posta<\/a><\/p>\n<\/div>\n<\/div>\n\n\n\n<h2 class=\"wp-block-heading\">Cosa abbiamo migliorato<\/h2>\n\n\n\n<p>I contratti del personale di AutoPostale e degli Imprenditori di AutoPostale saranno migliorati in punti importanti. Grazie al CCL, il personale gode di condizioni di impiego nettamente migliori rispetto a quelle previste dalla legge.<\/p>\n\n\n\n<div class=\"wp-block-group is-style-narrow is-layout-constrained wp-block-group-is-layout-constrained\">\n<div class=\"wp-block-columns is-style-accordion has-background-background-color has-background is-layout-flex wp-container-core-columns-is-layout-9d6595d7 wp-block-columns-is-layout-flex\">\n<div class=\"wp-block-column has-background-background-color has-background is-layout-flow wp-block-column-is-layout-flow\">\n<h3 class=\"wp-block-heading has-primary-color has-text-color has-link-color wp-elements-882d251a4b629d26276206364e8a3cd2\">Misure salariali: aumento salariale strutturale per rafforzare i salari pi\u00f9 bassi<\/h3>\n<\/div>\n\n\n\n<div class=\"wp-block-column is-layout-flow wp-block-column-is-layout-flow\">\n<p class=\"is-style-default\">L&#8217;aumento salariale strutturale \u00e8 concesso alle colleghe e ai colleghi che si trovano nel 60% inferiore della rispettiva fascia salariale. Per queste misure strutturali viene utilizzato lo 0,4% della massa salariale nell&#8217;ambito delle trattative salariali annuali. In questo modo vengono rafforzati i salari pi\u00f9 bassi.<\/p>\n\n\n\n<p class=\"is-style-default\">Con questo \u00abaumento salariale strutturale\u00bb viene reintrodotto nel CCL un sistema che fino al 2016 faceva parte, in forma diversa, del contratto collettivo di lavoro della Posta. Analogamente a quanto avveniva allora, viene cos\u00ec premiata l&#8217;esperienza acquisita nei primi anni di lavoro alla Posta. Tuttavia, non sono solo i giovani o i neoassunti a beneficiare di questo aumento salariale garantito, poich\u00e9 il diritto ad esso non dipende dagli anni di servizio o dall&#8217;et\u00e0, ma solo dalla posizione nella fascia salariale.<\/p>\n<\/div>\n<\/div>\n\n\n\n<div class=\"wp-block-columns is-style-accordion has-background-background-color has-background is-layout-flex wp-container-core-columns-is-layout-9d6595d7 wp-block-columns-is-layout-flex\">\n<div class=\"wp-block-column has-background-background-color has-background is-layout-flow wp-block-column-is-layout-flow\">\n<h3 class=\"wp-block-heading has-primary-color has-text-color has-link-color wp-elements-f50f7d607c8fca8c2383d16fa340e2a9\">Orario di lavoro \/ organizzazione del lavoro: miglioramenti continui<\/h3>\n<\/div>\n\n\n\n<div class=\"wp-block-column is-layout-flow wp-block-column-is-layout-flow\">\n<p class=\"is-style-default\">Lo spostamento di un giorno di riserva gi\u00e0 previsto nel programma di servizio annuale \u00e8 possibile solo previo accordo con il\/la dipendente. In questo modo si limita la pratica corrente del giorno di riserva \u00abadattabile\u00bb e si evita l&#8217;arbitrariet\u00e0. La commissione del personale partecipa alla determinazione del numero di giorni di riserva da assegnare.<\/p>\n\n\n\n<p class=\"is-style-default\">In futuro, la ripartizione mensile dei servizi per il mese successivo sar\u00e0 redatta al pi\u00f9 tardi 14 giorni prima della fine del mese. La richiesta dei congedi desiderati deve essere presentata entro il 10 del mese precedente.<\/p>\n\n\n\n<p><em>Ulteriori miglioramenti nell&#8217;organizzazione del lavoro sono stati elaborati con l&#8217;aiuto di un esperto AZG e saranno resi noti entro la fine dell&#8217;anno e implementati a partire dal 01.01.2026.<\/em><\/p>\n<\/div>\n<\/div>\n\n\n\n<div class=\"wp-block-columns is-style-accordion has-background-background-color has-background is-layout-flex wp-container-core-columns-is-layout-9d6595d7 wp-block-columns-is-layout-flex\">\n<div class=\"wp-block-column has-background-background-color has-background is-layout-flow wp-block-column-is-layout-flow\">\n<h3 class=\"wp-block-heading has-primary-color has-text-color has-link-color wp-elements-aa5cf6fab8b8af38b7d292a85ea6821c\">Controlli mensili dell&#8217;orario<\/h3>\n<\/div>\n\n\n\n<div class=\"wp-block-column is-layout-flow wp-block-column-is-layout-flow\">\n<p class=\"is-style-default\">I conti ore saranno ora controllati una volta al mese. Ci\u00f2 consentir\u00e0 una migliore panoramica delle ore in meno e in pi\u00f9. Questo permetter\u00e0 anche di avvisare il personale prima di eventuali scostamenti significativi. Inoltre, sar\u00e0 possibile pianificare meglio il recupero delle ore supplementari.<\/p>\n<\/div>\n<\/div>\n\n\n\n<div class=\"wp-block-columns is-style-accordion has-background-background-color has-background is-layout-flex wp-container-core-columns-is-layout-9d6595d7 wp-block-columns-is-layout-flex\">\n<div class=\"wp-block-column has-background-background-color has-background is-layout-flow wp-block-column-is-layout-flow\">\n<h3 class=\"wp-block-heading has-primary-color has-text-color has-link-color wp-elements-900efef4661206135317aa33f9ada2a0\" id=\"spese\">Rimborso spese, indennit\u00e0 e premi di fedelt\u00e0 saranno aumentati<\/h3>\n<\/div>\n\n\n\n<div class=\"wp-block-column is-layout-flow wp-block-column-is-layout-flow\">\n<figure id=\"auslagen\" class=\"wp-block-table is-style-stripes\"><table class=\"has-fixed-layout\"><thead><tr><th><\/th><th class=\"has-text-align-center\" data-align=\"center\">Personale LL<\/th><th class=\"has-text-align-center\" data-align=\"center\">Personale LDL<\/th><\/tr><\/thead><tbody><tr><td><strong>Premio di fedelt\u00e0<\/strong><\/td><td class=\"has-text-align-center\" data-align=\"center\" colspan=\"2\">CHF 1650.- (prima 1500.-)<\/td><\/tr><tr><td><strong>Lavoro serale e notturno<\/strong><\/td><td class=\"has-text-align-center\" data-align=\"center\" colspan=\"2\">CHF 5.80 \/ ora (+ 14%)<\/td><\/tr><tr><td><strong>Lavoro domenicale<\/strong><\/td><td class=\"has-text-align-center\" data-align=\"center\" colspan=\"2\">CHF 9.50 \/ ora (+ 14%)<\/td><\/tr><tr><td><strong>Utilizzo di veicoli privati<\/strong><\/td><td class=\"has-text-align-center\" data-align=\"center\" colspan=\"2\">70 centesimi \/ km (+ 17%)<\/td><\/tr><tr><td><strong>Utilizzo di altri veicoli<\/strong><\/td><td class=\"has-text-align-center\" data-align=\"center\" colspan=\"2\">45 centesimi \/ km (+ 50%)<\/td><\/tr><tr><td><strong>Pasti<\/strong><\/td><td class=\"has-text-align-center\" data-align=\"center\">Colazione: CHF 12.- (+ 20%)<br>Pranzo e cena: CHF 20.- (+ 17%)<\/td><td class=\"has-text-align-center\" data-align=\"center\">CHF 12.50 (+ 13%)<\/td><\/tr><tr><td><strong>Servizio di picchetto*<\/strong><\/td><td class=\"has-text-align-center\" data-align=\"center\" colspan=\"2\">CHF 5.30 \/ ora ( + 20%)<\/td><\/tr><\/tbody><\/table><\/figure>\n\n\n\n<p>*cfr. art. 2.12.9 CCL: il servizio di picchetto \u00e8 indicato nelle descrizioni delle seguenti funzioni LDL: collaboratrici\/tori centro di controllo; capogruppo centro di controllo; capogruppo personale di guida; collaboratrici\/tori disposizione personale di guida; collaboratrici\/tori disposizione veicoli.<\/p>\n<\/div>\n<\/div>\n\n\n\n<div class=\"wp-block-columns is-style-accordion has-background-background-color has-background is-layout-flex wp-container-core-columns-is-layout-9d6595d7 wp-block-columns-is-layout-flex\">\n<div class=\"wp-block-column has-background-background-color has-background is-layout-flow wp-block-column-is-layout-flow\">\n<h3 class=\"wp-block-heading has-primary-color has-text-color has-link-color wp-elements-857b469c522f5dc39fe8b4ee45f5f52f\">Meno regioni salariali<\/h3>\n<\/div>\n\n\n\n<div class=\"wp-block-column is-layout-flow wp-block-column-is-layout-flow\">\n<div class=\"wp-block-media-text is-stacked-on-mobile is-style-default\" style=\"grid-template-columns:25% auto\"><figure class=\"wp-block-media-text__media\"><a href=\"https:\/\/syndicom.ch\/app\/uploads\/2024\/09\/sindacato-syndicom-posta-regione-salariale-2026-scaled.jpg\" target=\"_blank\" rel=\" noreferrer noopener\"><img loading=\"lazy\" decoding=\"async\" width=\"1024\" height=\"655\" src=\"https:\/\/syndicom.ch\/app\/uploads\/2024\/09\/sindacato-syndicom-posta-regione-salariale-2026-1024x655.jpg\" alt=\"\" class=\"wp-image-45996 size-full\" srcset=\"https:\/\/syndicom.ch\/app\/uploads\/2024\/09\/sindacato-syndicom-posta-regione-salariale-2026-1024x655.jpg 1024w, https:\/\/syndicom.ch\/app\/uploads\/2024\/09\/sindacato-syndicom-posta-regione-salariale-2026-300x192.jpg 300w, https:\/\/syndicom.ch\/app\/uploads\/2024\/09\/sindacato-syndicom-posta-regione-salariale-2026-768x491.jpg 768w, https:\/\/syndicom.ch\/app\/uploads\/2024\/09\/sindacato-syndicom-posta-regione-salariale-2026-1536x982.jpg 1536w, https:\/\/syndicom.ch\/app\/uploads\/2024\/09\/sindacato-syndicom-posta-regione-salariale-2026-2048x1310.jpg 2048w\" sizes=\"auto, (max-width: 1024px) 100vw, 1024px\" \/><\/a><\/figure><div class=\"wp-block-media-text__content\">\n<p>Il numero delle regioni salariali viene ridotto da quattro (regioni da A a D) a due (regione salariale I e regione salariale II). Questo adeguamento comporta indirettamente anche un aumento salariale per alcune\/i collaboratrici\/tori. Inoltre, diminuisce il numero delle colleghe e dei colleghi che in precedenza si trovavano al di sopra della rispettiva fascia salariale e quindi non avevano diritto ad un aumento salariale.<\/p>\n<\/div><\/div>\n<\/div>\n<\/div>\n\n\n\n<div class=\"wp-block-columns is-style-accordion has-background-background-color has-background is-layout-flex wp-container-core-columns-is-layout-9d6595d7 wp-block-columns-is-layout-flex\">\n<div class=\"wp-block-column has-background-background-color has-background is-layout-flow wp-block-column-is-layout-flow\">\n<h3 class=\"wp-block-heading has-primary-color has-text-color has-link-color wp-elements-1d9360fd2cfec66858fdfb22386fe287\">10 giorni festivi invece di 9, ma senza diritto di recupero<\/h3>\n<\/div>\n\n\n\n<div class=\"wp-block-column is-layout-flow wp-block-column-is-layout-flow\">\n<p>La regolamentazione dei giorni festivi viene semplificata: il numero di giorni festivi retribuiti aumenta da nove a dieci. Viene abolito il complicato diritto di recupero per i giorni festivi che cadono di domenica o in un altro giorno non lavorativo.<\/p>\n<\/div>\n<\/div>\n\n\n\n<div class=\"wp-block-columns is-style-accordion has-background-background-color has-background is-layout-flex wp-container-core-columns-is-layout-9d6595d7 wp-block-columns-is-layout-flex\">\n<div class=\"wp-block-column has-background-background-color has-background is-layout-flow wp-block-column-is-layout-flow\">\n<h3 class=\"wp-block-heading has-primary-color has-text-color has-link-color wp-elements-20a50988f6d6aa8c99c750c4b229f7ab\">Accordo IA: l&#8217;accordo esistente viene mantenuto e ulteriormente migliorato<\/h3>\n<\/div>\n\n\n\n<div class=\"wp-block-column is-layout-flow wp-block-column-is-layout-flow\">\n<ul class=\"wp-block-list\">\n<li><strong>Salario e controlli:<\/strong> l&#8217;accordo ridefinisce i salari minimi e non solo i salari medi, anche per il personale retribuito su base oraria. Ci\u00f2 consente un controllo pi\u00f9 accurato dei salari anonimizzati presso i diversi Imprenditori di Autopostale in tutte le regioni della Svizzera. Ci\u00f2 migliora la trasparenza e l&#8217;equit\u00e0 salariale. L&#8217;evoluzione salariale deve essere attuata almeno nella misura dei salari messi a disposizione da AutoPostale.<\/li>\n\n\n\n<li><strong>Spese e indennit\u00e0:<\/strong> il premio di fedelt\u00e0 (ora pari a 1650 franchi) e le maggiorazioni salariali vengono adeguati in modo analogo al CCL AutoPostale (cfr. \u00abAumento del rimborso spese, delle indennit\u00e0 e dei premi di fedelt\u00e0\u00bb).<\/li>\n<\/ul>\n<\/div>\n<\/div>\n\n\n\n<h2 class=\"wp-block-heading\">Ripresa degli articoli del CCL mantello e del CCL Posta CH<\/h2>\n\n\n\n<p>I seguenti articoli (tra gli altri) sono stati ripresi e si applicano ora senza restrizioni anche al personale soggetti al CCL AutoPostale:<\/p>\n\n\n\n<ul class=\"wp-block-list\">\n<li class=\"is-style-check\">Protezione contro il licenziamento abusivo<\/li>\n\n\n\n<li class=\"is-style-check\">Protezione per il personale anziano e di lunga data<\/li>\n\n\n\n<li class=\"is-style-check\">Migliore accesso alla formazione continua<\/li>\n\n\n\n<li class=\"is-style-check\">Linee guida estese sulla protezione dei dati<\/li>\n\n\n\n<li class=\"is-style-check\">Riconoscimento degli anni di servizio precedenti la maternit\u00e0 (in caso di interruzione del lavoro)<\/li>\n<\/ul>\n\n\n\n<h2 class=\"wp-block-heading\">Molti aspetti positivi rimangono invariati<\/h2>\n\n\n\n<p>Il nuovo contratto collettivo di lavoro mantiene importanti conquiste per cui vale la pena lottare:<\/p>\n\n\n\n<ul class=\"wp-block-list\">\n<li class=\"is-style-check\">la settimana lavorativa di 41 ore<\/li>\n\n\n\n<li class=\"is-style-check\">13 salari mensili<\/li>\n\n\n\n<li class=\"is-style-check\">cinque settimane di ferie retribuite<\/li>\n\n\n\n<li class=\"is-style-check\">il noto sistema di pianificazione, ecc.<\/li>\n<\/ul>\n<\/div>\n<\/div>\n<\/div>\n","protected":false},"excerpt":{"rendered":"<p>CCL AutoPostale SA Grazie al CCL, il personale beneficer\u00e0 di condizioni di lavoro migliori rispetto ai requisiti legali minimi. Validit\u00e0 CCL01.01.2026 \u2013 31.12.2028 Il cosiddetto \u21aa CCL mantello della Posta sovrasta i CCL individuali. \u00c8 solo grazie ai tanti membri che lavora alla Posta che il sindacato syndicom, insieme ai suoi delegati, ha potuto negoziare [&hellip;]<\/p>\n","protected":false},"featured_media":34907,"template":"","meta":{"_acf_changed":false,"inline_featured_image":false,"_coblocks_attr":"","_coblocks_dimensions":"","_coblocks_responsive_height":"","_coblocks_accordion_ie_support":"","footnotes":""},"glossar-category":[94],"class_list":["post-8168","glossar","type-glossar","status-publish","has-post-thumbnail","hentry","glossar-category-gesamtarbeitsvertraege-gav-it"],"acf":[],"yoast_head":"<!-- This site is optimized with the Yoast SEO plugin v27.3 - https:\/\/yoast.com\/product\/yoast-seo-wordpress\/ -->\n<title>AutoPostale SA - syndicom<\/title>\n<meta name=\"description\" content=\"Grazie al CCL, il personale beneficer\u00e0 di condizioni di lavoro migliori rispetto ai requisiti legali minimi.\" \/>\n<meta name=\"robots\" content=\"index, follow, max-snippet:-1, max-image-preview:large, max-video-preview:-1\" \/>\n<link rel=\"canonical\" href=\"https:\/\/syndicom.ch\/it\/voce-glossario\/autopostale-sa\/\" \/>\n<meta property=\"og:locale\" content=\"it_IT\" \/>\n<meta property=\"og:type\" content=\"article\" \/>\n<meta property=\"og:title\" content=\"AutoPostale SA - syndicom\" \/>\n<meta property=\"og:description\" content=\"Grazie al CCL, il personale beneficer\u00e0 di condizioni di lavoro migliori rispetto ai requisiti legali minimi.\" \/>\n<meta property=\"og:url\" content=\"https:\/\/syndicom.ch\/it\/voce-glossario\/autopostale-sa\/\" \/>\n<meta property=\"og:site_name\" content=\"syndicom\" \/>\n<meta property=\"article:modified_time\" content=\"2026-01-05T09:22:30+00:00\" \/>\n<meta property=\"og:image\" content=\"https:\/\/syndicom.ch\/app\/uploads\/2025\/05\/gewerkschaft-syndicom-icon-dokument.png\" \/>\n\t<meta property=\"og:image:width\" content=\"500\" \/>\n\t<meta property=\"og:image:height\" content=\"500\" \/>\n\t<meta property=\"og:image:type\" content=\"image\/png\" \/>\n<meta name=\"twitter:card\" content=\"summary_large_image\" \/>\n<meta name=\"twitter:label1\" content=\"Tempo di lettura stimato\" \/>\n\t<meta name=\"twitter:data1\" content=\"6 minuti\" \/>\n<script type=\"application\/ld+json\" class=\"yoast-schema-graph\">{\"@context\":\"https:\\\/\\\/schema.org\",\"@graph\":[{\"@type\":\"WebPage\",\"@id\":\"https:\\\/\\\/syndicom.ch\\\/it\\\/voce-glossario\\\/autopostale-sa\\\/\",\"url\":\"https:\\\/\\\/syndicom.ch\\\/it\\\/voce-glossario\\\/autopostale-sa\\\/\",\"name\":\"AutoPostale SA - syndicom\",\"isPartOf\":{\"@id\":\"https:\\\/\\\/syndicom.ch\\\/it\\\/#website\"},\"primaryImageOfPage\":{\"@id\":\"https:\\\/\\\/syndicom.ch\\\/it\\\/voce-glossario\\\/autopostale-sa\\\/#primaryimage\"},\"image\":{\"@id\":\"https:\\\/\\\/syndicom.ch\\\/it\\\/voce-glossario\\\/autopostale-sa\\\/#primaryimage\"},\"thumbnailUrl\":\"https:\\\/\\\/syndicom.ch\\\/app\\\/uploads\\\/2025\\\/05\\\/gewerkschaft-syndicom-icon-dokument.png\",\"datePublished\":\"2024-09-09T14:13:22+00:00\",\"dateModified\":\"2026-01-05T09:22:30+00:00\",\"description\":\"Grazie al CCL, il personale beneficer\u00e0 di condizioni di lavoro migliori rispetto ai requisiti legali minimi.\",\"breadcrumb\":{\"@id\":\"https:\\\/\\\/syndicom.ch\\\/it\\\/voce-glossario\\\/autopostale-sa\\\/#breadcrumb\"},\"inLanguage\":\"it-IT\",\"potentialAction\":[{\"@type\":\"ReadAction\",\"target\":[\"https:\\\/\\\/syndicom.ch\\\/it\\\/voce-glossario\\\/autopostale-sa\\\/\"]}]},{\"@type\":\"ImageObject\",\"inLanguage\":\"it-IT\",\"@id\":\"https:\\\/\\\/syndicom.ch\\\/it\\\/voce-glossario\\\/autopostale-sa\\\/#primaryimage\",\"url\":\"https:\\\/\\\/syndicom.ch\\\/app\\\/uploads\\\/2025\\\/05\\\/gewerkschaft-syndicom-icon-dokument.png\",\"contentUrl\":\"https:\\\/\\\/syndicom.ch\\\/app\\\/uploads\\\/2025\\\/05\\\/gewerkschaft-syndicom-icon-dokument.png\",\"width\":500,\"height\":500},{\"@type\":\"BreadcrumbList\",\"@id\":\"https:\\\/\\\/syndicom.ch\\\/it\\\/voce-glossario\\\/autopostale-sa\\\/#breadcrumb\",\"itemListElement\":[{\"@type\":\"ListItem\",\"position\":1,\"name\":\"Pagina iniziale\",\"item\":\"https:\\\/\\\/syndicom.ch\\\/it\\\/\"},{\"@type\":\"ListItem\",\"position\":2,\"name\":\"AutoPostale SA\"}]},{\"@type\":\"WebSite\",\"@id\":\"https:\\\/\\\/syndicom.ch\\\/it\\\/#website\",\"url\":\"https:\\\/\\\/syndicom.ch\\\/it\\\/\",\"name\":\"syndicom\",\"description\":\"\",\"publisher\":{\"@id\":\"https:\\\/\\\/syndicom.ch\\\/it\\\/#organization\"},\"potentialAction\":[{\"@type\":\"SearchAction\",\"target\":{\"@type\":\"EntryPoint\",\"urlTemplate\":\"https:\\\/\\\/syndicom.ch\\\/it\\\/?s={search_term_string}\"},\"query-input\":{\"@type\":\"PropertyValueSpecification\",\"valueRequired\":true,\"valueName\":\"search_term_string\"}}],\"inLanguage\":\"it-IT\"},{\"@type\":\"Organization\",\"@id\":\"https:\\\/\\\/syndicom.ch\\\/it\\\/#organization\",\"name\":\"syndicom\",\"url\":\"https:\\\/\\\/syndicom.ch\\\/it\\\/\",\"logo\":{\"@type\":\"ImageObject\",\"inLanguage\":\"it-IT\",\"@id\":\"https:\\\/\\\/syndicom.ch\\\/it\\\/#\\\/schema\\\/logo\\\/image\\\/\",\"url\":\"https:\\\/\\\/syndicom.ch\\\/app\\\/uploads\\\/2024\\\/06\\\/logo.svg\",\"contentUrl\":\"https:\\\/\\\/syndicom.ch\\\/app\\\/uploads\\\/2024\\\/06\\\/logo.svg\",\"width\":297,\"height\":51,\"caption\":\"syndicom\"},\"image\":{\"@id\":\"https:\\\/\\\/syndicom.ch\\\/it\\\/#\\\/schema\\\/logo\\\/image\\\/\"}}]}<\/script>\n<!-- \/ Yoast SEO plugin. -->","yoast_head_json":{"title":"AutoPostale SA - syndicom","description":"Grazie al CCL, il personale beneficer\u00e0 di condizioni di lavoro migliori rispetto ai requisiti legali minimi.","robots":{"index":"index","follow":"follow","max-snippet":"max-snippet:-1","max-image-preview":"max-image-preview:large","max-video-preview":"max-video-preview:-1"},"canonical":"https:\/\/syndicom.ch\/it\/voce-glossario\/autopostale-sa\/","og_locale":"it_IT","og_type":"article","og_title":"AutoPostale SA - syndicom","og_description":"Grazie al CCL, il personale beneficer\u00e0 di condizioni di lavoro migliori rispetto ai requisiti legali minimi.","og_url":"https:\/\/syndicom.ch\/it\/voce-glossario\/autopostale-sa\/","og_site_name":"syndicom","article_modified_time":"2026-01-05T09:22:30+00:00","og_image":[{"width":500,"height":500,"url":"https:\/\/syndicom.ch\/app\/uploads\/2025\/05\/gewerkschaft-syndicom-icon-dokument.png","type":"image\/png"}],"twitter_card":"summary_large_image","twitter_misc":{"Tempo di lettura stimato":"6 minuti"},"schema":{"@context":"https:\/\/schema.org","@graph":[{"@type":"WebPage","@id":"https:\/\/syndicom.ch\/it\/voce-glossario\/autopostale-sa\/","url":"https:\/\/syndicom.ch\/it\/voce-glossario\/autopostale-sa\/","name":"AutoPostale SA - syndicom","isPartOf":{"@id":"https:\/\/syndicom.ch\/it\/#website"},"primaryImageOfPage":{"@id":"https:\/\/syndicom.ch\/it\/voce-glossario\/autopostale-sa\/#primaryimage"},"image":{"@id":"https:\/\/syndicom.ch\/it\/voce-glossario\/autopostale-sa\/#primaryimage"},"thumbnailUrl":"https:\/\/syndicom.ch\/app\/uploads\/2025\/05\/gewerkschaft-syndicom-icon-dokument.png","datePublished":"2024-09-09T14:13:22+00:00","dateModified":"2026-01-05T09:22:30+00:00","description":"Grazie al CCL, il personale beneficer\u00e0 di condizioni di lavoro migliori rispetto ai requisiti legali minimi.","breadcrumb":{"@id":"https:\/\/syndicom.ch\/it\/voce-glossario\/autopostale-sa\/#breadcrumb"},"inLanguage":"it-IT","potentialAction":[{"@type":"ReadAction","target":["https:\/\/syndicom.ch\/it\/voce-glossario\/autopostale-sa\/"]}]},{"@type":"ImageObject","inLanguage":"it-IT","@id":"https:\/\/syndicom.ch\/it\/voce-glossario\/autopostale-sa\/#primaryimage","url":"https:\/\/syndicom.ch\/app\/uploads\/2025\/05\/gewerkschaft-syndicom-icon-dokument.png","contentUrl":"https:\/\/syndicom.ch\/app\/uploads\/2025\/05\/gewerkschaft-syndicom-icon-dokument.png","width":500,"height":500},{"@type":"BreadcrumbList","@id":"https:\/\/syndicom.ch\/it\/voce-glossario\/autopostale-sa\/#breadcrumb","itemListElement":[{"@type":"ListItem","position":1,"name":"Pagina iniziale","item":"https:\/\/syndicom.ch\/it\/"},{"@type":"ListItem","position":2,"name":"AutoPostale SA"}]},{"@type":"WebSite","@id":"https:\/\/syndicom.ch\/it\/#website","url":"https:\/\/syndicom.ch\/it\/","name":"syndicom","description":"","publisher":{"@id":"https:\/\/syndicom.ch\/it\/#organization"},"potentialAction":[{"@type":"SearchAction","target":{"@type":"EntryPoint","urlTemplate":"https:\/\/syndicom.ch\/it\/?s={search_term_string}"},"query-input":{"@type":"PropertyValueSpecification","valueRequired":true,"valueName":"search_term_string"}}],"inLanguage":"it-IT"},{"@type":"Organization","@id":"https:\/\/syndicom.ch\/it\/#organization","name":"syndicom","url":"https:\/\/syndicom.ch\/it\/","logo":{"@type":"ImageObject","inLanguage":"it-IT","@id":"https:\/\/syndicom.ch\/it\/#\/schema\/logo\/image\/","url":"https:\/\/syndicom.ch\/app\/uploads\/2024\/06\/logo.svg","contentUrl":"https:\/\/syndicom.ch\/app\/uploads\/2024\/06\/logo.svg","width":297,"height":51,"caption":"syndicom"},"image":{"@id":"https:\/\/syndicom.ch\/it\/#\/schema\/logo\/image\/"}}]}},"_links":{"self":[{"href":"https:\/\/syndicom.ch\/it\/wp-json\/wp\/v2\/glossar\/8168","targetHints":{"allow":["GET"]}}],"collection":[{"href":"https:\/\/syndicom.ch\/it\/wp-json\/wp\/v2\/glossar"}],"about":[{"href":"https:\/\/syndicom.ch\/it\/wp-json\/wp\/v2\/types\/glossar"}],"version-history":[{"count":34,"href":"https:\/\/syndicom.ch\/it\/wp-json\/wp\/v2\/glossar\/8168\/revisions"}],"predecessor-version":[{"id":53061,"href":"https:\/\/syndicom.ch\/it\/wp-json\/wp\/v2\/glossar\/8168\/revisions\/53061"}],"wp:featuredmedia":[{"embeddable":true,"href":"https:\/\/syndicom.ch\/it\/wp-json\/wp\/v2\/media\/34907"}],"wp:attachment":[{"href":"https:\/\/syndicom.ch\/it\/wp-json\/wp\/v2\/media?parent=8168"}],"wp:term":[{"taxonomy":"glossar-category","embeddable":true,"href":"https:\/\/syndicom.ch\/it\/wp-json\/wp\/v2\/glossar-category?post=8168"}],"curies":[{"name":"wp","href":"https:\/\/api.w.org\/{rel}","templated":true}]}}