{"id":11133,"date":"2024-09-18T09:21:48","date_gmt":"2024-09-18T07:21:48","guid":{"rendered":"https:\/\/newxeit.syndicom.ch\/?page_id=11133"},"modified":"2026-01-16T11:40:19","modified_gmt":"2026-01-16T10:40:19","slug":"sindacato-it","status":"publish","type":"page","link":"https:\/\/syndicom.ch\/it\/offerte-di-lavoro\/sindacato-it\/","title":{"rendered":"Sindacato IT"},"content":{"rendered":"\n<div class=\"wp-block-group alignfull has-primary-background-color has-background is-layout-constrained wp-block-group-is-layout-constrained\">\n<div class=\"wp-block-group is-style-narrow is-layout-constrained wp-block-group-is-layout-constrained\">\n<h1 class=\"wp-block-heading has-background-color has-text-color has-link-color wp-elements-7d667febdec602fd9e7fd0b9e6c69c9a\">syndicom. Il tuo sindacato IT in Svizzera<\/h1>\n\n\n\n<div class=\"wp-block-columns is-layout-flex wp-container-core-columns-is-layout-9d6595d7 wp-block-columns-is-layout-flex\">\n<div class=\"wp-block-column is-layout-flow wp-block-column-is-layout-flow\" style=\"flex-basis:66.66%\">\n<p class=\"is-style-lead has-background-color has-text-color has-link-color wp-elements-68de686d46bcd32ce1dc6287145b700c\">Che tu sia un Tech worker o un Consulente IT, siamo il tuo sindacato IT e lavoriamo con i nostri associati al fine dir trovare la soluzione migliore per garantire e sviluppare buone condizioni di lavoro.<\/p>\n<\/div>\n\n\n\n<div class=\"wp-block-column is-layout-flow wp-block-column-is-layout-flow\" style=\"flex-basis:33.33%\">\n<div class=\"wp-block-group is-vertical is-nowrap is-layout-flex wp-container-core-group-is-layout-fc43baa9 wp-block-group-is-layout-flex\">\n<p><\/p>\n<\/div>\n<\/div>\n<\/div>\n<\/div>\n<\/div>\n\n\n\n<div class=\"wp-block-group alignfull has-tertiary-background-color has-background is-layout-constrained wp-block-group-is-layout-constrained\">\n<div class=\"wp-block-group is-style-narrow is-layout-constrained wp-block-group-is-layout-constrained\">\n<ul class=\"wp-block-list\">\n<li><strong><a href=\"#Cosa-abbiamo-realizzato-per-il-personale-IT\">Cosa abbiamo realizzato per il personale IT<\/a><\/strong><\/li>\n\n\n\n<li><strong>Cosa facciamo per te come sindacato<\/strong>\n<ul class=\"wp-block-list\">\n<li><a href=\"#Lavori-per-Google\">Lavori per Google?<\/a><\/li>\n\n\n\n<li><a href=\"#Lavori-per-T-Systems\">Lavori per T-Systems?<\/a><\/li>\n\n\n\n<li><a href=\"#Lavori-come-consulente-IT-ad-esempio-per-Detecon\">Lavori come consulente IT, ad esempio per Detecon?<\/a><\/li>\n\n\n\n<li><a href=\"#Lavori-per-WAGNER-SA\">Lavori per WAGNER AG?<\/a><\/li>\n\n\n\n<li><a href=\"#Lavori-nel-settore-Tech\">Lavori nel settore Tech?<\/a><\/li>\n<\/ul>\n<\/li>\n\n\n\n<li><strong><a href=\"#Il-futuro-del-personale-IT-del-settore-Tech-in-Svizzera\">Il futuro del personale IT del settore Tech in Svizzera \u2013 cosa intendiamo fare<\/a><\/strong><\/li>\n<\/ul>\n<\/div>\n<\/div>\n\n\n\n<div class=\"wp-block-group alignfull has-background-background-color has-background is-layout-constrained wp-block-group-is-layout-constrained\">\n<div class=\"wp-block-group is-style-narrow is-layout-constrained wp-block-group-is-layout-constrained\">\n<h2 class=\"wp-block-heading\" id=\"Cosa-abbiamo-realizzato-per-il-personale-IT\"><strong>Cosa abbiamo realizzato per il personale IT: <\/strong><br><strong>alcune pietre miliari \u2013 altre in arrivo<\/strong><\/h2>\n\n\n\n<p><strong>2020: stipuliamo il primo contratto collettivo di lavoro (CCL) in assoluto nel settore del consulting IT con la societ\u00e0 Detecon SA.<\/strong><\/p>\n\n\n\n<p>Il risultato: garanzia di almeno cinque settimane di ferie, homeoffice, sovranit\u00e0 del tempo e voce in capitolo sul posto di lavoro.<\/p>\n\n\n\n<p><strong>2020: con i <em>Googlers<\/em> di Zurigo, abbiamo fondato la prima rappresentanza mondiale del personale di Google.<\/strong><\/p>\n\n\n\n<p>Il risultato: i <em>Googlers<\/em> hanno ora voce in capitolo nell&#8217;azienda.<\/p>\n\n\n\n<p><strong>2023: si profilano licenziamenti di massa da parte di Google. Ci difendiamo a gran voce con centinaia di persone in due <em>Walkouts<\/em>.<\/strong><\/p>\n\n\n\n<p>Il risultato: un buon piano sociale che mitiga le conseguenze dei licenziamenti.<\/p>\n\n\n\n<p><strong>2024: sviluppiamo ulteriormente il CCL con T-Systems.<\/strong><\/p>\n\n\n\n<p>Il risultato: la settimana prevede solo 40 ore lavorative e ogni dipendente pu\u00f2 utilizzare due ore di lavoro per la formazione continua.<\/p>\n\n\n\n<p><\/p>\n\n\n\n<h2 class=\"wp-block-heading\"><strong>Cosa facciamo per te come sindacato<\/strong><\/h2>\n\n\n\n<div class=\"wp-block-group is-layout-constrained wp-block-group-is-layout-constrained\">\n<div class=\"wp-block-columns is-style-accordion has-background-background-color has-background is-layout-flex wp-container-core-columns-is-layout-9d6595d7 wp-block-columns-is-layout-flex\">\n<div class=\"wp-block-column has-background-background-color has-background is-layout-flow wp-block-column-is-layout-flow\">\n<h3 class=\"wp-block-heading has-primary-color has-text-color has-link-color wp-elements-442a9be84c5ca3893b401f3fbb5ce31d\" id=\"Lavori-per-Google\">Lavori per Google?<\/h3>\n<\/div>\n\n\n\n<div class=\"wp-block-column is-layout-flow wp-block-column-is-layout-flow\">\n<p class=\"is-style-default\">Centinaia di <em>Zooglers<\/em> (i <em>Googlers<\/em> di Zurigo) si battono con noi per ottenere buone condizioni di lavoro. Si difendono dai licenziamenti, dalla discriminazione e si battono a favore della partecipazione e della trasparenza, e insieme riescono ad ottenere dei successi. A Zurigo abbiamo fondato la prima rappresentanza del personale mondiale del Gruppo. <strong>\u00c8 la prova che i problemi sul posto di lavoro possono essere risolti meglio insieme!<\/strong><\/p>\n<\/div>\n<\/div>\n\n\n\n<div class=\"wp-block-columns is-style-accordion has-background-background-color has-background is-layout-flex wp-container-core-columns-is-layout-9d6595d7 wp-block-columns-is-layout-flex\">\n<div class=\"wp-block-column has-background-background-color has-background is-layout-flow wp-block-column-is-layout-flow\">\n<h3 class=\"wp-block-heading has-primary-color has-text-color has-link-color wp-elements-afc1183de67122e9848e958c29728c7c\" id=\"Lavori-per-T-Systems\"><strong>Lavori per T-Systems?<\/strong><\/h3>\n<\/div>\n\n\n\n<div class=\"wp-block-column is-layout-flow wp-block-column-is-layout-flow\">\n<p class=\"is-style-default\">Il nostro impegno presso T-Systems dimostra che \u00e8 possibile garantire buone condizioni di lavoro anche nel settore IT stipulando un contratto collettivo di lavoro (CCL). Quest\u2019ultimo viene negoziato tra noi e il datore di lavoro. Alla T-Systems, il CCL stabilisce un quadro vincolante per i salari, gli orari di lavoro e le ferie. Dal 2024, il CCL garantisce anche la possibilit\u00e0 di utilizzare due ore di lavoro per la formazione continua. Il personale di T-Systems decide le richieste per le trattative e vota il risultato! Anche il datore di lavoro trae vantaggio da un buon partenariato sociale, perch\u00e9 grazie alla nostra esperienza pluriennale possiamo risolvere insieme anche i problemi pi\u00f9 importanti, in modo rapido e proficuo.<\/p>\n<\/div>\n<\/div>\n\n\n\n<div class=\"wp-block-columns is-style-accordion has-background-background-color has-background is-layout-flex wp-container-core-columns-is-layout-9d6595d7 wp-block-columns-is-layout-flex\">\n<div class=\"wp-block-column has-background-background-color has-background is-layout-flow wp-block-column-is-layout-flow\">\n<h3 class=\"wp-block-heading has-primary-color has-text-color has-link-color wp-elements-fdc04fc8ccbb8abede9d1b2e093a55d8\" id=\"Lavori-come-consulente-IT-ad-esempio-per-Detecon\"><strong>Lavori come consulente IT, ad esempio per Detecon?<\/strong><\/h3>\n<\/div>\n\n\n\n<div class=\"wp-block-column is-layout-flow wp-block-column-is-layout-flow\">\n<p class=\"is-style-default\">I consulenti IT hanno un lavoro stressante ma anche appassionante. Il personale di Detecon ha quindi deciso di chiedere pi\u00f9 sicurezza con un CCL. Il nostro CCL garantisce al personale di Detecon regole vincolanti in materia di orari di lavoro, ferie, pagamento continuato del salario in caso di infortuni e malattie e partecipazione sul posto di lavoro. Inoltre, stabilisce un quadro chiaro per le spese e il lavoro a distanza (Remote work). Noi di syndicom siamo convinti che anche le\/i consulenti IT di altri datori di lavoro trarrebbero vantaggio da un simile CCL.<\/p>\n<\/div>\n<\/div>\n\n\n\n<div class=\"wp-block-columns is-style-accordion has-background-background-color has-background is-layout-flex wp-container-core-columns-is-layout-9d6595d7 wp-block-columns-is-layout-flex\">\n<div class=\"wp-block-column has-background-background-color has-background is-layout-flow wp-block-column-is-layout-flow\">\n<h3 class=\"wp-block-heading has-primary-color has-text-color has-link-color wp-elements-dea1904833feae7e9ac34997efc238b2\" id=\"Lavori-per-WAGNER-SA\"><strong>Lavori per WAGNER SA?<\/strong><\/h3>\n<\/div>\n\n\n\n<div class=\"wp-block-column is-layout-flow wp-block-column-is-layout-flow\">\n<p class=\"is-style-default\">Dal 2021 benefici di condizioni di lavoro regolamentate e negoziate dal tuo sindacato syndicom. Il CCL contiene un quadro vincolante per i salari, gli orari di lavoro, le ferie e i congedi di maternit\u00e0 e paternit\u00e0. Consente inoltre un orario di lavoro basato sulla fiducia, che garantisce una flessibilit\u00e0 regolamentata.<\/p>\n<\/div>\n<\/div>\n\n\n\n<div class=\"wp-block-columns is-style-accordion has-background-background-color has-background is-layout-flex wp-container-core-columns-is-layout-9d6595d7 wp-block-columns-is-layout-flex\">\n<div class=\"wp-block-column has-background-background-color has-background is-layout-flow wp-block-column-is-layout-flow\">\n<h3 class=\"wp-block-heading has-primary-color has-text-color has-link-color wp-elements-2e6bf2c356e47e92f758e561b7a885db\" id=\"Lavori-nel-settore-Tech\"><strong>Lavori nel settore Tech?<\/strong><\/h3>\n<\/div>\n\n\n\n<div class=\"wp-block-column is-layout-flow wp-block-column-is-layout-flow\">\n<p class=\"is-style-default\">Lavori per Meta, AWS, Nvidia, IBM o Microsoft? Anche tu puoi modellare attivamente le tue condizioni di lavoro e far valere i tuoi diritti con il tuo sindacato syndicom. Straordinari, pressione sul posto di lavoro, condizioni contrattuali incerte e preoccupazioni per il licenziamento: conosciamo tutti questi problemi e insieme possiamo trovare delle soluzioni. Offriamo una piattaforma che consente a te, e alle tue colleghe e colleghi, di ottenere collettivamente migliori condizioni di lavoro, salari pi\u00f9 trasparenti, modelli di orario di lavoro adatti a te e molto altro ancora! Rafforziamo la voce del personale delle FAANG e consentiamo loro di negoziare collettivamente buone e chiare condizioni di lavoro.<\/p>\n<\/div>\n<\/div>\n<\/div>\n<\/div>\n<\/div>\n\n\n\n<div class=\"wp-block-group alignfull has-tertiary-background-color has-background is-layout-constrained wp-block-group-is-layout-constrained\">\n<div class=\"wp-block-group is-style-narrow is-layout-constrained wp-block-group-is-layout-constrained\">\n<p><strong>Il tuo CCL:<\/strong><\/p>\n\n\n\n<div class=\"wp-block-buttons is-layout-flex wp-block-buttons-is-layout-flex\">\n<div class=\"wp-block-button\" id=\"Detecon\"><a class=\"wp-block-button__link has-secondary-background-color has-background wp-element-button\" href=\"https:\/\/syndicom.ch\/it\/voce-glossario\/localsearch\/\" target=\"_blank\" rel=\"noreferrer noopener\">localsearch<\/a><\/div>\n\n\n\n<div class=\"wp-block-button\" id=\"Detecon\"><a class=\"wp-block-button__link has-secondary-background-color has-background wp-element-button\" href=\"https:\/\/syndicom.ch\/it\/voce-glossario\/swisscom\/\" target=\"_blank\" rel=\"noreferrer noopener\">Swisscom<\/a><\/div>\n<\/div>\n<\/div>\n<\/div>\n\n\n\n<div class=\"wp-block-group alignfull has-background-color has-primary-background-color has-text-color has-background has-link-color wp-elements-988d7c2c4e965c2eb6ce80d9e5182b39 is-layout-constrained wp-block-group-is-layout-constrained\">\n<div class=\"wp-block-group is-style-narrow is-layout-constrained wp-block-group-is-layout-constrained\">\n<figure class=\"wp-block-image aligncenter size-large box-icon\"><img loading=\"lazy\" decoding=\"async\" width=\"43\" height=\"44\" src=\"https:\/\/syndicom.ch\/app\/uploads\/2024\/07\/info-alert.svg\" alt=\"\" class=\"wp-image-897\"\/><\/figure>\n\n\n\n<h2 class=\"wp-block-heading has-text-align-center\">Perch\u00e9 hai aderito a syndicom?<\/h2>\n\n\n\n<p class=\"has-text-align-center\">Video intervista con Doug di Google<\/p>\n\n\n\n<figure class=\"wp-block-video\"><video controls src=\"https:\/\/syndicom.ch\/app\/uploads\/2024\/09\/gewerkschaft-syndicom-Googler-Doug-ueber-syndicom.mp4\" playsinline><\/video><\/figure>\n<\/div>\n<\/div>\n\n\n\n<div class=\"wp-block-group alignfull has-background-background-color has-background is-layout-constrained wp-block-group-is-layout-constrained\">\n<div class=\"wp-block-group is-style-narrow is-layout-constrained wp-block-group-is-layout-constrained\">\n<h2 class=\"wp-block-heading\" id=\"Il-futuro-del-personale-IT-del-settore-Tech-in-Svizzera\"><strong>Il futuro del personale IT del settore Tech in Svizzera \u2013 cosa intendiamo fare<\/strong><\/h2>\n\n\n\n<p>Centinaia di colleghe e colleghi del settore Tech fanno gi\u00e0 parte di syndicom. Che lavorino per una grande azienda globale come Google, Microsoft o AWS o per una PMI locale, sono tutti convinti che insieme possiamo assicurare e migliorare le nostre condizioni di lavoro.<\/p>\n\n\n\n<h2 class=\"wp-block-heading\"><strong>Il nostro obiettivo: un buon lavoro per tutti \u2013 ti unisci a noi?<\/strong><\/h2>\n\n\n\n<div class=\"wp-block-buttons is-content-justification-center is-layout-flex wp-container-core-buttons-is-layout-16018d1d wp-block-buttons-is-layout-flex\">\n<div class=\"wp-block-button\"><a class=\"wp-block-button__link wp-element-button\" href=\"https:\/\/my.syndicom.ch\/adesione\">Diventa membro<\/a><\/div>\n<\/div>\n\n\n\n<p>Vogliamo un buon lavoro e posti di lavoro sicuri per tutto il personale del settore Tech, da Google, Microsoft e AWS a programmatori, sviluppatori di software e amministratori di sistema di PMI locali.<\/p>\n\n\n\n<p>Ecco perch\u00e9 da anni ci occupiamo di tematiche legate alla digitalizzazione. Siamo esperti quando si tratta dell\u2019uso dell\u2019intelligenza artificiale (IA) sul posto di lavoro. Grazie a sondaggi e analisi approfondite conosciamo i vantaggi e le sfide dell\u2019home office e del lavoro a distanza. Abbiamo una conoscenza approfondita delle grandi aziende tecnologiche e possiamo documentare i nostri successi. Siamo in costante dialogo con i politici e l\u2019amministrazione per combattere la carenza di personale qualificato. E, ultimo ma non meno importante, affrontiamo il problema dell&#8217;intensificazione del lavoro, perch\u00e9 questa \u00e8 spesso all\u2019origine di burnouts e altri problemi di salute mentale.<\/p>\n\n\n\n<p><strong>Raggiungiamo i nostri obiettivi organizzandoci e lavorando insieme.<\/strong> <strong>Ti unisci a noi?<\/strong><\/p>\n<\/div>\n<\/div>\n\n\n\n<div class=\"wp-block-group alignfull has-background-color has-primary-background-color has-text-color has-background has-link-color wp-elements-c05b35160b0b482050eac74a304ee74a is-layout-constrained wp-block-group-is-layout-constrained\">\n<div class=\"wp-block-group is-style-narrow is-layout-constrained wp-block-group-is-layout-constrained\">\n<h2 class=\"wp-block-heading has-text-align-center\">Personale, rapido, diretto<\/h2>\n\n\n\n<p class=\"has-text-align-center\">Vuoi saperne di pi\u00f9 sul sindacato syndicom? Oppure hai domande o problemi e vuoi un consiglio? Contattaci, siamo qui per te.<\/p>\n\n\n\n<div class=\"wp-block-buttons is-content-justification-center is-layout-flex wp-container-core-buttons-is-layout-16018d1d wp-block-buttons-is-layout-flex\">\n<div class=\"wp-block-button\"><a class=\"wp-block-button__link wp-element-button\" href=\"https:\/\/syndicom.ch\/it\/contatto\/\" target=\"_blank\" rel=\"noreferrer noopener\">Contattaci<\/a><\/div>\n\n\n\n<div class=\"wp-block-button is-style-outline is-style-outline--1\"><a class=\"wp-block-button__link wp-element-button\" href=\"https:\/\/syndicom.ch\/it\/faq-adesione\/\" target=\"_blank\" rel=\"noreferrer noopener\">Vantaggi e info sull\u2019adesione<\/a><\/div>\n<\/div>\n<\/div>\n<\/div>\n\n\n\n<div class=\"wp-block-group alignfull has-background-background-color has-background is-layout-constrained wp-block-group-is-layout-constrained\">\n<div class=\"wp-block-group is-style-narrow is-layout-constrained wp-block-group-is-layout-constrained\">\n<h2 class=\"wp-block-heading has-text-align-left\"><strong>I tuoi contatti<\/strong><\/h2>\n\n\n\n<div class=\"wp-block-group is-style-row-2 is-nowrap is-layout-flex wp-container-core-group-is-layout-64989fb1 wp-block-group-is-layout-flex\"><div class=\"wp-block-custom-person-item\"><div class=\"person-image\"><a class=\"employee-lightbox\" href=\"https:\/\/syndicom.ch\/app\/uploads\/2024\/08\/gewerkschaft-syndicom-tamara-balzer.jpg\" data-gallery=\"person-69f559134bc39\" ><img loading=\"lazy\" decoding=\"async\" src=\"https:\/\/syndicom.ch\/app\/uploads\/2024\/08\/gewerkschaft-syndicom-tamara-balzer.jpg\" class=\"attachment-post-thumbnail size-post-thumbnail wp-post-image \" \/><\/a><\/div><div class=\"meta-holder\"><h3 class=\"person-name\">Tamara Balzer<\/h3><div class=\"person-role\">Segretaria regionale TIC<\/div><div class=\"person-email\"><a href=\"mailto:&#105;&#110;&#102;&#111;&#64;&#115;&#121;&#110;&#100;&#105;&#99;&#111;&#109;&#46;&#99;&#104;\">&#105;&#110;&#102;&#111;&#64;&#115;&#121;&#110;&#100;&#105;&#99;&#111;&#109;&#46;&#99;&#104;<\/a><\/div><div><a href=\"tel:+41 58 817 18 18\" class=\"person-phone\">+41 58 817 18 18<\/a><\/div><\/div><\/div>\n\n<div class=\"wp-block-custom-person-item\"><div class=\"person-image\"><a class=\"employee-lightbox\" href=\"https:\/\/syndicom.ch\/app\/uploads\/2024\/08\/gewerkschaft-syndicom-miriam-berger.jpg\" data-gallery=\"person-69f559134c1fd\" ><img loading=\"lazy\" decoding=\"async\" src=\"https:\/\/syndicom.ch\/app\/uploads\/2024\/08\/gewerkschaft-syndicom-miriam-berger.jpg\" class=\"attachment-post-thumbnail size-post-thumbnail wp-post-image \" \/><\/a><\/div><div class=\"meta-holder\"><h3 class=\"person-name\">Miriam Berger<\/h3><div class=\"person-role\">Segretaria centrale del settore TIC<\/div><div class=\"person-email\"><a href=\"mailto:&#105;&#110;&#102;&#111;&#64;&#115;&#121;&#110;&#100;&#105;&#99;&#111;&#109;&#46;&#99;&#104;\">&#105;&#110;&#102;&#111;&#64;&#115;&#121;&#110;&#100;&#105;&#99;&#111;&#109;&#46;&#99;&#104;<\/a><\/div><div><a href=\"tel:+41 58 817 18 18 \" class=\"person-phone\">+41 58 817 18 18 <\/a><\/div><\/div><\/div>\n\n<div class=\"wp-block-custom-person-item\"><div class=\"person-image\"><a class=\"employee-lightbox\" href=\"https:\/\/syndicom.ch\/app\/uploads\/2024\/08\/gewerkschaft-syndicom-yusuf-kulmiye.jpg\" data-gallery=\"person-69f559134c9c9\" ><img loading=\"lazy\" decoding=\"async\" src=\"https:\/\/syndicom.ch\/app\/uploads\/2024\/08\/gewerkschaft-syndicom-yusuf-kulmiye.jpg\" class=\"attachment-post-thumbnail size-post-thumbnail wp-post-image \" \/><\/a><\/div><div class=\"meta-holder\"><h3 class=\"person-name\">Yusuf Kulmiye<\/h3><div class=\"person-role\">Segretario regionale TIC<\/div><div class=\"person-email\"><a href=\"mailto:&#105;&#110;&#102;&#111;&#64;&#115;&#121;&#110;&#100;&#105;&#99;&#111;&#109;&#46;&#99;&#104;\">&#105;&#110;&#102;&#111;&#64;&#115;&#121;&#110;&#100;&#105;&#99;&#111;&#109;&#46;&#99;&#104;<\/a><\/div><div><a href=\"tel:+41 58 817 18 18\" class=\"person-phone\">+41 58 817 18 18<\/a><\/div><\/div><\/div>\n\n<div class=\"wp-block-custom-person-item\"><div class=\"person-image\"><a class=\"employee-lightbox\" href=\"https:\/\/syndicom.ch\/app\/uploads\/2024\/08\/gewerkschaft-syndicom-dominik-oetiker.jpg\" data-gallery=\"person-69f559134cf74\" ><img loading=\"lazy\" decoding=\"async\" src=\"https:\/\/syndicom.ch\/app\/uploads\/2024\/08\/gewerkschaft-syndicom-dominik-oetiker.jpg\" class=\"attachment-post-thumbnail size-post-thumbnail wp-post-image \" \/><\/a><\/div><div class=\"meta-holder\"><h3 class=\"person-name\">Dominik Oetiker<\/h3><div class=\"person-role\">Segretario regionale TIC<\/div><div class=\"person-email\"><a href=\"mailto:&#105;&#110;&#102;&#111;&#64;&#115;&#121;&#110;&#100;&#105;&#99;&#111;&#109;&#46;&#99;&#104;\">&#105;&#110;&#102;&#111;&#64;&#115;&#121;&#110;&#100;&#105;&#99;&#111;&#109;&#46;&#99;&#104;<\/a><\/div><div><a href=\"tel:+41 58 817 18 18\" class=\"person-phone\">+41 58 817 18 18<\/a><\/div><\/div><\/div><\/div>\n<\/div>\n<\/div>\n","protected":false},"excerpt":{"rendered":"<p>Noi, in qualit\u00e0 di tuo sindacato IT in Svizzera, troviamo la soluzione migliore per garantire buone condizioni di lavoro.<\/p>\n","protected":false},"author":2,"featured_media":43785,"parent":7857,"menu_order":0,"comment_status":"closed","ping_status":"closed","template":"","meta":{"_acf_changed":false,"inline_featured_image":false,"_coblocks_attr":"","_coblocks_dimensions":"","_coblocks_responsive_height":"","_coblocks_accordion_ie_support":"","footnotes":""},"categories":[385,381],"class_list":["post-11133","page","type-page","status-publish","has-post-thumbnail","hentry","category-angebot-nach-beruf","category-il-tuo-lavoro"],"acf":[],"yoast_head":"<!-- This site is optimized with the Yoast SEO plugin v27.3 - https:\/\/yoast.com\/product\/yoast-seo-wordpress\/ -->\n<title>Sindacato IT - syndicom<\/title>\n<meta name=\"description\" content=\"Noi, in qualit\u00e0 di tuo sindacato IT in Svizzera, troviamo la soluzione migliore per garantire buone condizioni di lavoro.\" \/>\n<meta name=\"robots\" content=\"index, follow, max-snippet:-1, max-image-preview:large, max-video-preview:-1\" \/>\n<link rel=\"canonical\" href=\"https:\/\/syndicom.ch\/it\/offerte-di-lavoro\/sindacato-it\/\" \/>\n<meta property=\"og:locale\" content=\"it_IT\" \/>\n<meta property=\"og:type\" content=\"article\" \/>\n<meta property=\"og:title\" content=\"Sindacato IT - syndicom\" \/>\n<meta property=\"og:description\" content=\"Noi, in qualit\u00e0 di tuo sindacato IT in Svizzera, troviamo la soluzione migliore per garantire buone condizioni di lavoro.\" \/>\n<meta property=\"og:url\" content=\"https:\/\/syndicom.ch\/it\/offerte-di-lavoro\/sindacato-it\/\" \/>\n<meta property=\"og:site_name\" content=\"syndicom\" \/>\n<meta property=\"article:modified_time\" content=\"2026-01-16T10:40:19+00:00\" \/>\n<meta property=\"og:image\" content=\"https:\/\/syndicom.ch\/app\/uploads\/2024\/08\/gewerkschaft-syndicom-homeoffice-symbolbild-scaled.jpg\" \/>\n\t<meta property=\"og:image:width\" content=\"2560\" \/>\n\t<meta property=\"og:image:height\" content=\"1707\" \/>\n\t<meta property=\"og:image:type\" content=\"image\/jpeg\" \/>\n<meta name=\"twitter:card\" content=\"summary_large_image\" \/>\n<meta name=\"twitter:label1\" content=\"Tempo di lettura stimato\" \/>\n\t<meta name=\"twitter:data1\" content=\"6 minuti\" \/>\n<script type=\"application\/ld+json\" class=\"yoast-schema-graph\">{\"@context\":\"https:\\\/\\\/schema.org\",\"@graph\":[{\"@type\":\"WebPage\",\"@id\":\"https:\\\/\\\/syndicom.ch\\\/it\\\/offerte-di-lavoro\\\/sindacato-it\\\/\",\"url\":\"https:\\\/\\\/syndicom.ch\\\/it\\\/offerte-di-lavoro\\\/sindacato-it\\\/\",\"name\":\"Sindacato IT - syndicom\",\"isPartOf\":{\"@id\":\"https:\\\/\\\/syndicom.ch\\\/it\\\/#website\"},\"primaryImageOfPage\":{\"@id\":\"https:\\\/\\\/syndicom.ch\\\/it\\\/offerte-di-lavoro\\\/sindacato-it\\\/#primaryimage\"},\"image\":{\"@id\":\"https:\\\/\\\/syndicom.ch\\\/it\\\/offerte-di-lavoro\\\/sindacato-it\\\/#primaryimage\"},\"thumbnailUrl\":\"https:\\\/\\\/syndicom.ch\\\/app\\\/uploads\\\/2024\\\/08\\\/gewerkschaft-syndicom-homeoffice-symbolbild-scaled.jpg\",\"datePublished\":\"2024-09-18T07:21:48+00:00\",\"dateModified\":\"2026-01-16T10:40:19+00:00\",\"description\":\"Noi, in qualit\u00e0 di tuo sindacato IT in Svizzera, troviamo la soluzione migliore per garantire buone condizioni di lavoro.\",\"breadcrumb\":{\"@id\":\"https:\\\/\\\/syndicom.ch\\\/it\\\/offerte-di-lavoro\\\/sindacato-it\\\/#breadcrumb\"},\"inLanguage\":\"it-IT\",\"potentialAction\":[{\"@type\":\"ReadAction\",\"target\":[\"https:\\\/\\\/syndicom.ch\\\/it\\\/offerte-di-lavoro\\\/sindacato-it\\\/\"]}]},{\"@type\":\"ImageObject\",\"inLanguage\":\"it-IT\",\"@id\":\"https:\\\/\\\/syndicom.ch\\\/it\\\/offerte-di-lavoro\\\/sindacato-it\\\/#primaryimage\",\"url\":\"https:\\\/\\\/syndicom.ch\\\/app\\\/uploads\\\/2024\\\/08\\\/gewerkschaft-syndicom-homeoffice-symbolbild-scaled.jpg\",\"contentUrl\":\"https:\\\/\\\/syndicom.ch\\\/app\\\/uploads\\\/2024\\\/08\\\/gewerkschaft-syndicom-homeoffice-symbolbild-scaled.jpg\",\"width\":2560,\"height\":1707,\"caption\":\"Coronavirus, Frau macht Online Konferenz am Laptop, Bilddatenbank Colourbox\"},{\"@type\":\"BreadcrumbList\",\"@id\":\"https:\\\/\\\/syndicom.ch\\\/it\\\/offerte-di-lavoro\\\/sindacato-it\\\/#breadcrumb\",\"itemListElement\":[{\"@type\":\"ListItem\",\"position\":1,\"name\":\"Pagina iniziale\",\"item\":\"https:\\\/\\\/syndicom.ch\\\/it\\\/\"},{\"@type\":\"ListItem\",\"position\":2,\"name\":\"Offerte di lavoro\",\"item\":\"https:\\\/\\\/syndicom.ch\\\/it\\\/offerte-di-lavoro\\\/\"},{\"@type\":\"ListItem\",\"position\":3,\"name\":\"Sindacato IT\"}]},{\"@type\":\"WebSite\",\"@id\":\"https:\\\/\\\/syndicom.ch\\\/it\\\/#website\",\"url\":\"https:\\\/\\\/syndicom.ch\\\/it\\\/\",\"name\":\"syndicom\",\"description\":\"\",\"publisher\":{\"@id\":\"https:\\\/\\\/syndicom.ch\\\/it\\\/#organization\"},\"potentialAction\":[{\"@type\":\"SearchAction\",\"target\":{\"@type\":\"EntryPoint\",\"urlTemplate\":\"https:\\\/\\\/syndicom.ch\\\/it\\\/?s={search_term_string}\"},\"query-input\":{\"@type\":\"PropertyValueSpecification\",\"valueRequired\":true,\"valueName\":\"search_term_string\"}}],\"inLanguage\":\"it-IT\"},{\"@type\":\"Organization\",\"@id\":\"https:\\\/\\\/syndicom.ch\\\/it\\\/#organization\",\"name\":\"syndicom\",\"url\":\"https:\\\/\\\/syndicom.ch\\\/it\\\/\",\"logo\":{\"@type\":\"ImageObject\",\"inLanguage\":\"it-IT\",\"@id\":\"https:\\\/\\\/syndicom.ch\\\/it\\\/#\\\/schema\\\/logo\\\/image\\\/\",\"url\":\"https:\\\/\\\/syndicom.ch\\\/app\\\/uploads\\\/2024\\\/06\\\/logo.svg\",\"contentUrl\":\"https:\\\/\\\/syndicom.ch\\\/app\\\/uploads\\\/2024\\\/06\\\/logo.svg\",\"width\":297,\"height\":51,\"caption\":\"syndicom\"},\"image\":{\"@id\":\"https:\\\/\\\/syndicom.ch\\\/it\\\/#\\\/schema\\\/logo\\\/image\\\/\"}}]}<\/script>\n<!-- \/ Yoast SEO plugin. -->","yoast_head_json":{"title":"Sindacato IT - syndicom","description":"Noi, in qualit\u00e0 di tuo sindacato IT in Svizzera, troviamo la soluzione migliore per garantire buone condizioni di lavoro.","robots":{"index":"index","follow":"follow","max-snippet":"max-snippet:-1","max-image-preview":"max-image-preview:large","max-video-preview":"max-video-preview:-1"},"canonical":"https:\/\/syndicom.ch\/it\/offerte-di-lavoro\/sindacato-it\/","og_locale":"it_IT","og_type":"article","og_title":"Sindacato IT - syndicom","og_description":"Noi, in qualit\u00e0 di tuo sindacato IT in Svizzera, troviamo la soluzione migliore per garantire buone condizioni di lavoro.","og_url":"https:\/\/syndicom.ch\/it\/offerte-di-lavoro\/sindacato-it\/","og_site_name":"syndicom","article_modified_time":"2026-01-16T10:40:19+00:00","og_image":[{"width":2560,"height":1707,"url":"https:\/\/syndicom.ch\/app\/uploads\/2024\/08\/gewerkschaft-syndicom-homeoffice-symbolbild-scaled.jpg","type":"image\/jpeg"}],"twitter_card":"summary_large_image","twitter_misc":{"Tempo di lettura stimato":"6 minuti"},"schema":{"@context":"https:\/\/schema.org","@graph":[{"@type":"WebPage","@id":"https:\/\/syndicom.ch\/it\/offerte-di-lavoro\/sindacato-it\/","url":"https:\/\/syndicom.ch\/it\/offerte-di-lavoro\/sindacato-it\/","name":"Sindacato IT - syndicom","isPartOf":{"@id":"https:\/\/syndicom.ch\/it\/#website"},"primaryImageOfPage":{"@id":"https:\/\/syndicom.ch\/it\/offerte-di-lavoro\/sindacato-it\/#primaryimage"},"image":{"@id":"https:\/\/syndicom.ch\/it\/offerte-di-lavoro\/sindacato-it\/#primaryimage"},"thumbnailUrl":"https:\/\/syndicom.ch\/app\/uploads\/2024\/08\/gewerkschaft-syndicom-homeoffice-symbolbild-scaled.jpg","datePublished":"2024-09-18T07:21:48+00:00","dateModified":"2026-01-16T10:40:19+00:00","description":"Noi, in qualit\u00e0 di tuo sindacato IT in Svizzera, troviamo la soluzione migliore per garantire buone condizioni di lavoro.","breadcrumb":{"@id":"https:\/\/syndicom.ch\/it\/offerte-di-lavoro\/sindacato-it\/#breadcrumb"},"inLanguage":"it-IT","potentialAction":[{"@type":"ReadAction","target":["https:\/\/syndicom.ch\/it\/offerte-di-lavoro\/sindacato-it\/"]}]},{"@type":"ImageObject","inLanguage":"it-IT","@id":"https:\/\/syndicom.ch\/it\/offerte-di-lavoro\/sindacato-it\/#primaryimage","url":"https:\/\/syndicom.ch\/app\/uploads\/2024\/08\/gewerkschaft-syndicom-homeoffice-symbolbild-scaled.jpg","contentUrl":"https:\/\/syndicom.ch\/app\/uploads\/2024\/08\/gewerkschaft-syndicom-homeoffice-symbolbild-scaled.jpg","width":2560,"height":1707,"caption":"Coronavirus, Frau macht Online Konferenz am Laptop, Bilddatenbank Colourbox"},{"@type":"BreadcrumbList","@id":"https:\/\/syndicom.ch\/it\/offerte-di-lavoro\/sindacato-it\/#breadcrumb","itemListElement":[{"@type":"ListItem","position":1,"name":"Pagina iniziale","item":"https:\/\/syndicom.ch\/it\/"},{"@type":"ListItem","position":2,"name":"Offerte di lavoro","item":"https:\/\/syndicom.ch\/it\/offerte-di-lavoro\/"},{"@type":"ListItem","position":3,"name":"Sindacato IT"}]},{"@type":"WebSite","@id":"https:\/\/syndicom.ch\/it\/#website","url":"https:\/\/syndicom.ch\/it\/","name":"syndicom","description":"","publisher":{"@id":"https:\/\/syndicom.ch\/it\/#organization"},"potentialAction":[{"@type":"SearchAction","target":{"@type":"EntryPoint","urlTemplate":"https:\/\/syndicom.ch\/it\/?s={search_term_string}"},"query-input":{"@type":"PropertyValueSpecification","valueRequired":true,"valueName":"search_term_string"}}],"inLanguage":"it-IT"},{"@type":"Organization","@id":"https:\/\/syndicom.ch\/it\/#organization","name":"syndicom","url":"https:\/\/syndicom.ch\/it\/","logo":{"@type":"ImageObject","inLanguage":"it-IT","@id":"https:\/\/syndicom.ch\/it\/#\/schema\/logo\/image\/","url":"https:\/\/syndicom.ch\/app\/uploads\/2024\/06\/logo.svg","contentUrl":"https:\/\/syndicom.ch\/app\/uploads\/2024\/06\/logo.svg","width":297,"height":51,"caption":"syndicom"},"image":{"@id":"https:\/\/syndicom.ch\/it\/#\/schema\/logo\/image\/"}}]}},"_links":{"self":[{"href":"https:\/\/syndicom.ch\/it\/wp-json\/wp\/v2\/pages\/11133","targetHints":{"allow":["GET"]}}],"collection":[{"href":"https:\/\/syndicom.ch\/it\/wp-json\/wp\/v2\/pages"}],"about":[{"href":"https:\/\/syndicom.ch\/it\/wp-json\/wp\/v2\/types\/page"}],"author":[{"embeddable":true,"href":"https:\/\/syndicom.ch\/it\/wp-json\/wp\/v2\/users\/2"}],"replies":[{"embeddable":true,"href":"https:\/\/syndicom.ch\/it\/wp-json\/wp\/v2\/comments?post=11133"}],"version-history":[{"count":43,"href":"https:\/\/syndicom.ch\/it\/wp-json\/wp\/v2\/pages\/11133\/revisions"}],"predecessor-version":[{"id":55130,"href":"https:\/\/syndicom.ch\/it\/wp-json\/wp\/v2\/pages\/11133\/revisions\/55130"}],"up":[{"embeddable":true,"href":"https:\/\/syndicom.ch\/it\/wp-json\/wp\/v2\/pages\/7857"}],"wp:featuredmedia":[{"embeddable":true,"href":"https:\/\/syndicom.ch\/it\/wp-json\/wp\/v2\/media\/43785"}],"wp:attachment":[{"href":"https:\/\/syndicom.ch\/it\/wp-json\/wp\/v2\/media?parent=11133"}],"wp:term":[{"taxonomy":"category","embeddable":true,"href":"https:\/\/syndicom.ch\/it\/wp-json\/wp\/v2\/categories?post=11133"}],"curies":[{"name":"wp","href":"https:\/\/api.w.org\/{rel}","templated":true}]}}