{"id":16583,"date":"2024-11-11T07:52:00","date_gmt":"2024-11-11T06:52:00","guid":{"rendered":"https:\/\/syndicom.ch\/?page_id=16583"},"modified":"2026-04-08T09:09:36","modified_gmt":"2026-04-08T07:09:36","slug":"stampa","status":"publish","type":"page","link":"https:\/\/syndicom.ch\/it\/offerte-di-lavoro\/stampa\/","title":{"rendered":"Stampa"},"content":{"rendered":"\n<div class=\"wp-block-group alignfull has-primary-background-color has-background is-layout-constrained wp-block-group-is-layout-constrained\">\n<div class=\"wp-block-group is-style-narrow is-layout-constrained wp-block-group-is-layout-constrained\">\n<h1 class=\"wp-block-heading has-background-color has-text-color has-link-color wp-elements-7593c5a6be8d63f05f593d798989f57b\"><strong>syndicom, il sindacato della stampa<\/strong>&nbsp;<\/h1>\n\n\n\n<div class=\"wp-block-columns is-layout-flex wp-container-core-columns-is-layout-9d6595d7 wp-block-columns-is-layout-flex\">\n<div class=\"wp-block-column is-layout-flow wp-block-column-is-layout-flow\" style=\"flex-basis:66.66%\">\n<p class=\"is-style-lead has-background-color has-text-color has-link-color wp-elements-bcabd23c424ebf0ea871756e702038cc\">Lavori nel settore della stampa o dei media digitali? Noi siamo il tuo sindacato! Grazie a noi, non combatti da solo, ma fai parte di una comunit\u00e0 forte.&nbsp;<\/p>\n<\/div>\n\n\n\n<div class=\"wp-block-column is-layout-flow wp-block-column-is-layout-flow\" style=\"flex-basis:33.33%\">\n<div class=\"wp-block-group is-vertical is-nowrap is-layout-flex wp-container-core-group-is-layout-fc43baa9 wp-block-group-is-layout-flex\">\n<p><sup><a href=\"#salari-lavoro\" type=\"internal\" id=\"#salari-lavoro\"><mark style=\"background-color:rgba(0, 0, 0, 0)\" class=\"has-inline-color has-background-color\">\u279c Salari e condizioni di lavoro<\/mark><\/a><br><a href=\"#Politica-dei-media\" type=\"internal\" id=\"#Politica-dei-media\"><mark style=\"background-color:rgba(0, 0, 0, 0)\" class=\"has-inline-color has-background-color\">\u279c Politica dei media<\/mark><\/a><\/sup><br><sup><a href=\"#piani-sociali\" type=\"internal\" id=\"#piani-sociali\"><mark style=\"background-color:rgba(0, 0, 0, 0)\" class=\"has-inline-color has-background-color\">\u279c Sostegno nelle trattative sui piani sociali<\/mark><\/a><\/sup><br><sup><a href=\"#sessismo\" type=\"internal\" id=\"#sessismo\"><mark style=\"background-color:rgba(0, 0, 0, 0)\" class=\"has-inline-color has-background-color\">\u279c Contro il sessismo nelle redazioni<\/mark><\/a><\/sup><br><sup><a href=\"#nuove-leve\" type=\"internal\" id=\"#nuove-leve\"><mark style=\"background-color:rgba(0, 0, 0, 0)\" class=\"has-inline-color has-background-color\">\u279c Promozione delle nuove leve<\/mark><\/a><br><a href=\"#Associazioni\" type=\"internal\" id=\"#Associazioni\"><mark style=\"background-color:rgba(0, 0, 0, 0)\" class=\"has-inline-color has-background-color\">\u279c Associazioni internazionali e organismi di riferimento<\/mark><\/a><br><a href=\"#vantaggi\" type=\"internal\" id=\"#vantaggi\"><mark style=\"background-color:rgba(0, 0, 0, 0)\" class=\"has-inline-color has-background-color\">\u279c I tuoi vantaggi<\/mark><\/a><\/sup><\/p>\n<\/div>\n<\/div>\n<\/div>\n<\/div>\n<\/div>\n\n\n\n<div class=\"wp-block-group alignfull has-background-background-color has-background is-layout-constrained wp-block-group-is-layout-constrained\">\n<div class=\"wp-block-group is-style-narrow is-layout-constrained wp-block-group-is-layout-constrained\">\n<p>syndicom rappresenta gli interessi dei lavoratori dei media nelle aziende private (gruppi editoriali e organi di informazione). Supportiamo le commissioni del personale con la nostra competenza e fungiamo da punto di riferimento in caso di problemi sul posto di lavoro. Siamo variegati quanto il settore dei media: il nostro gruppo di riferimento non comprende solo giornalisti, ma anche personale tecnico, redattori, revisori e fotografi. Che si tratti di Ringier, Tamedia, CH Media, del Gruppo NZZ o di testate pi\u00f9 piccole, per noi tutti i dipendenti del settore dei media fanno parte del nostro movimento, indipendentemente dal datore di lavoro.<\/p>\n<\/div>\n<\/div>\n\n\n\n<div class=\"wp-block-group alignfull has-background-background-color has-background is-layout-constrained wp-block-group-is-layout-constrained\">\n<div class=\"wp-block-group is-style-narrow is-layout-constrained wp-block-group-is-layout-constrained\">\n<h2 class=\"wp-block-heading\" id=\"salari-lavoro\">Salari e condizioni di lavoro<\/h2>\n\n\n\n<p>Salari equi e buone condizioni di lavoro non sono un privilegio, ma un doverediritto! I professionisti dei media, in quanto \u00abquarto potere\u00bb, sono una parte indispensabile della democrazia. Gi\u00e0 oggi avvertiamo gli effetti sociali della disinformazione, dei troll online e dei sedicenti esperti che, sui social media, avvelenano senza filtri la cultura politica e la convivenza. Sono quindi ancora pi\u00f9 importanti i professionisti dei media che analizzano criticamente, verificano i fatti e valutano le affermazioni. Questo compito impegnativo merita salari equi e buone condizioni di lavoro.<\/p>\n\n\n\n<div class=\"wp-block-buttons is-layout-flex wp-block-buttons-is-layout-flex\">\n<div class=\"wp-block-button is-style-external\"><a class=\"wp-block-button__link wp-element-button\" href=\"https:\/\/syndicom.ch\/app\/uploads\/2024\/11\/gewerkschaft-syndicom-lohnverhandlungen-tipps.pdf\" target=\"_blank\" rel=\"noreferrer noopener\">Consigli e suggerimenti per la negoziazione salariale (in tedesco)<\/a><\/div>\n\n\n\n<div class=\"wp-block-button is-style-external\"><a class=\"wp-block-button__link wp-element-button\" href=\"https:\/\/syndicom.ch\/app\/uploads\/2024\/11\/gewerkschaft-syndicom-regulativ-mindestloehne-entgelte.pdf\" target=\"_blank\" rel=\"noreferrer noopener\">Raccomandazioni sui salari minimi e sulle retribuzioni minime 2026 (in tedesco)<\/a><\/div>\n<\/div>\n<\/div>\n<\/div>\n\n\n\n<div class=\"wp-block-group alignfull has-background-background-color has-background is-layout-constrained wp-block-group-is-layout-constrained\">\n<div class=\"wp-block-group is-style-narrow is-layout-constrained wp-block-group-is-layout-constrained\">\n<h2 class=\"wp-block-heading\" id=\"Politica-dei-media\">Politica dei media<\/h2>\n\n\n\n<p>Media funzionanti e indipendenti fanno parte del servizio pubblico. I media non sono una macchina di marketing, ma devono offrire ai propri consumatori informazioni indipendenti su politica, cultura e intrattenimento. Per questo ci impegniamo a livello federale per un forte sostegno ai media. Il sostegno ai media va a beneficio soprattutto delle testate pi\u00f9 piccole con un numero ridotto di inserzionisti. Allo stesso modo, un sostegno ai media a livello federale rafforza il giornalismo locale e garantisce che anche le regioni periferiche siano rifornite in modo affidabile di testate giornalistiche.<\/p>\n<\/div>\n<\/div>\n\n\n\n<div class=\"wp-block-group alignfull has-background-background-color has-background is-layout-constrained wp-block-group-is-layout-constrained\">\n<div class=\"wp-block-group is-style-narrow is-layout-constrained wp-block-group-is-layout-constrained\">\n<h2 class=\"wp-block-heading\" id=\"piani-sociali\">Sostegno nelle trattative sui piani sociali<\/h2>\n\n\n\n<p>Purtroppo, i licenziamenti nelle grandi case editrici non sono una rarit\u00e0. Sosteniamo il personale e le commissioni del personale nelle trattative sui piani sociali. Ove necessario, esercitiamo pressione sulle direzioni aziendali attraverso proteste e mobilitazioni.<\/p>\n\n\n\n<p><a href=\"https:\/\/syndicom.ch\/it\/servizio-stampa\/?gqs=Licenziamenti&#038;catfilter=pressrelease-category%3A116\" type=\"link\" id=\"https:\/\/syndicom.ch\/it\/servizio-stampa\/?gqs=Licenziamenti&amp;catfilter=pressrelease-category%3A116\" target=\"_blank\" rel=\"noreferrer noopener\">Il nostro impegno in caso di licenziamenti collettivi negli ultimi anni<\/a><\/p>\n<\/div>\n<\/div>\n\n\n\n<div class=\"wp-block-group alignfull has-background-background-color has-background is-layout-constrained wp-block-group-is-layout-constrained\">\n<div class=\"wp-block-group is-style-narrow is-layout-constrained wp-block-group-is-layout-constrained\">\n<h2 class=\"wp-block-heading\" id=\"sessismo\">Contro il sessismo nelle redazioni<\/h2>\n\n\n\n<p>Il sessismo e la violenza sessuale non devono avere spazio. Purtroppo, la violenza sessuale \u00e8 presente in molti ambiti professionali. Secondo l\u2019Osservatorio sui rischi del giornalismo in Svizzera pubblicato nel 2025, il 44,8% degli intervistati che hanno subito violenza sessuale ha dichiarato di aver subito molestie sul posto di lavoro. Ci impegniamo politicamente contro la violenza sessuale sul posto di lavoro, nonch\u00e9 a livello individuale.<\/p>\n\n\n\n<div class=\"wp-block-buttons is-layout-flex wp-block-buttons-is-layout-flex\">\n<div class=\"wp-block-button is-style-external\"><a class=\"wp-block-button__link wp-element-button\" href=\"https:\/\/syndicom.ch\/ratgeber-artikel\/sexismus\/\" target=\"_blank\" rel=\"noreferrer noopener\">Cliccatei qui per consultare la nostra guida (in tedesco)<\/a><\/div>\n<\/div>\n\n\n\n<p id=\"infoveranstaltungen\">Le strutture patriarcali si manifestano anche nei media e nel giornalismo. In collaborazione con l\u2019associazione professionale impressum e l\u2019Associazione svizzera degli editori VSM abbiamo quindi elaborato una guida per un giornalismo sensibile alle questioni di genere.<\/p>\n\n\n\n<div class=\"wp-block-buttons is-layout-flex wp-block-buttons-is-layout-flex\">\n<div class=\"wp-block-button is-style-external\"><a class=\"wp-block-button__link wp-element-button\" href=\"https:\/\/syndicom.ch\/app\/uploads\/2024\/11\/gewerkschaft-syndicom-gendergerechte-sprache-leitfaden.pdf\" target=\"_blank\" rel=\"noreferrer noopener\">Giornalismo sensibile alle questioni di genere (in tedesco)<\/a><\/div>\n<\/div>\n<\/div>\n<\/div>\n\n\n\n<div class=\"wp-block-group alignfull has-background-background-color has-background is-layout-constrained wp-block-group-is-layout-constrained\">\n<div class=\"wp-block-group is-style-narrow is-layout-constrained wp-block-group-is-layout-constrained\">\n<h2 class=\"wp-block-heading\" id=\"nuove-leve\">Promozione delle nuove leve<\/h2>\n\n\n\n<p>Il settore dei media \u00e8 un terreno difficile. Soprattutto per chi \u00e8 alle prime armi \u00e8 dura affermarsi nel settore. Ci\u00f2 rende ancora pi\u00f9 importante il networking tra i membri. <\/p>\n\n\n\n<ul class=\"wp-block-list\">\n<li class=\"is-style-check\">Collaboriamo strettamente con l\u2019associazione <a href=\"https:\/\/www.jjs.ch\/\">Junge Journalistinnen und Journalisten Schweiz<\/a>. <\/li>\n\n\n\n<li class=\"is-style-check\">La nostra <a href=\"https:\/\/syndicom.ch\/it\/giovani\/\" type=\"page\" id=\"5994\" target=\"_blank\" rel=\"noreferrer noopener\">commissione giovanile<\/a> \u00e8 composta di lavoratori e lavoratrici impegnati di et\u00e0 inferiore ai 30 anni. Se desiderate impegnarvi a livello sindacale per migliorare le condizioni di lavoro, potete rivolgervi a loro in qualsiasi momento.<a id=\"_msocom_1\"><\/a><\/li>\n<\/ul>\n<\/div>\n<\/div>\n\n\n\n<div class=\"wp-block-group alignfull has-background-background-color has-background is-layout-constrained wp-block-group-is-layout-constrained\">\n<div class=\"wp-block-group is-style-narrow is-layout-constrained wp-block-group-is-layout-constrained\">\n<h2 class=\"wp-block-heading\" id=\"Associazioni\">Associazioni internazionali e organismi di riferimento<\/h2>\n\n\n\n<h3 class=\"wp-block-heading\"><strong>Consiglio svizzero della stampa<\/strong><\/h3>\n\n\n\n<p>syndicom fa parte dell\u2019ente promotore del Consiglio svizzero della stampa. Esso funge da organo di ricorso per il pubblico e gli operatori dei media. Vigila sul rispetto del codice deontologico valido per tutti i giornalisti, la \u00abDichiarazione dei doveri e dei diritti dei giornalisti\u00bb. Il Consiglio della stampa si pronuncia in merito all\u2019etica professionale giornalistica, sia su reclamo che di propria iniziativa.<\/p>\n\n\n\n<div class=\"wp-block-buttons is-layout-flex wp-block-buttons-is-layout-flex\">\n<div class=\"wp-block-button is-style-external\"><a class=\"wp-block-button__link wp-element-button\" href=\"https:\/\/presserat.ch\/it\/journalistenkodex\/erklaerungen\/\" target=\"_blank\" rel=\"noreferrer noopener nofollow\">Codice deontologico dei giornalisti<\/a><\/div>\n<\/div>\n\n\n\n<h3 class=\"wp-block-heading\"><strong>Federazione Internazionale dei Giornalisti (IFJ)<\/strong><\/h3>\n\n\n\n<p>Siamo membri della Federazione Internazionale dei Giornalisti (IFJ) e ci impegniamo a livello globale per la sicurezza e la protezione degli operatori dei media.<\/p>\n\n\n\n<div class=\"wp-block-buttons is-layout-flex wp-block-buttons-is-layout-flex\">\n<div class=\"wp-block-button is-style-external\"><a class=\"wp-block-button__link wp-element-button\" href=\"https:\/\/syndicom.ch\/app\/uploads\/2025\/09\/gewerkschaft-syndicom-brief-bundesrat-medienschaffende-gaza-2025.pdf\" target=\"_blank\" rel=\"noreferrer noopener\">Brief an Bundesrat vom 26. August 2025: Was unternimmt der Bundesrat gegen die T\u00f6tung von Medienschaffenden im Gaza-Krieg?<\/a><\/div>\n<\/div>\n<\/div>\n<\/div>\n\n\n\n<div class=\"wp-block-group alignfull has-background-background-color has-background is-layout-constrained wp-block-group-is-layout-constrained\">\n<div class=\"wp-block-group is-style-narrow is-layout-constrained wp-block-group-is-layout-constrained\">\n<h2 class=\"wp-block-heading\" id=\"vantaggi\"><strong>In qualit\u00e0 di aderente, fai parte del nostro movimento, e ne benefici anche individualmente<\/strong><\/h2>\n\n\n\n<div class=\"wp-block-group is-style-narrow is-layout-constrained wp-block-group-is-layout-constrained\">\n<div class=\"wp-block-columns is-style-accordion has-background-background-color has-background is-layout-flex wp-container-core-columns-is-layout-9d6595d7 wp-block-columns-is-layout-flex\">\n<div class=\"wp-block-column has-background-background-color has-background is-layout-flow wp-block-column-is-layout-flow\">\n<h3 class=\"wp-block-heading has-primary-color has-text-color has-link-color wp-elements-8561538be44f825ec963459d6fdf8deb\"><strong>I nostri vantaggi per giornaliste e giornalisti<\/strong>&nbsp;<\/h3>\n<\/div>\n\n\n\n<div class=\"wp-block-column is-layout-flow wp-block-column-is-layout-flow\">\n<p class=\"is-style-default\">Se aderisci benefici di molti vantaggi: riceverai una tessera stampa, potrai utilizzare la banca dati dei media svizzeri SMD a tariffa ridotta, riceverai un abbonamento annuale gratuito a Mobility, riceverai la rivista dei media \u00abEDITO\u00bb e sconti sugli abbonamenti a diversi giornali e riviste.&nbsp;&nbsp;<\/p>\n\n\n\n<div class=\"wp-block-buttons is-layout-flex wp-block-buttons-is-layout-flex\">\n<div class=\"wp-block-button is-style-outline is-style-outline--1\"><a class=\"wp-block-button__link has-primary-color has-text-color has-link-color wp-element-button\" href=\"https:\/\/syndicom.ch\/it\/offerte-di-syndicom\/offerte-stampa\/\" target=\"_blank\" rel=\"noreferrer noopener\">\u279c <strong>I vantaggi in sintesi<\/strong><\/a><\/div>\n<\/div>\n<\/div>\n<\/div>\n<\/div>\n\n\n\n<hr class=\"wp-block-separator has-alpha-channel-opacity is-style-wide\"\/>\n\n\n\n<div class=\"wp-block-group is-style-narrow is-layout-constrained wp-block-group-is-layout-constrained\">\n<div class=\"wp-block-columns is-style-accordion has-background-background-color has-background is-layout-flex wp-container-core-columns-is-layout-9d6595d7 wp-block-columns-is-layout-flex\">\n<div class=\"wp-block-column has-background-background-color has-background is-layout-flow wp-block-column-is-layout-flow\">\n<h3 class=\"wp-block-heading has-primary-color has-text-color has-link-color wp-elements-8e713117d261896e0de9f33494c81ce7\"><strong>Sostegno per la formazione e la formazione continua&nbsp;<\/strong>&nbsp;<\/h3>\n<\/div>\n\n\n\n<div class=\"wp-block-column is-layout-flow wp-block-column-is-layout-flow\">\n<p class=\"is-style-default\">Sei ancora in formazione? Da noi ricevi fino a 100 franchi svizzeri per libri specialistici o altro materiale formativo.&nbsp;&nbsp;<\/p>\n\n\n\n<p class=\"is-style-default\">Stai seguendo una formazione continua professionale? Da noi ricevi un terzo del costo del corso, <a href=\"https:\/\/syndicom.ch\/it\/formazione-corsi-e-istruzione\/\" target=\"_blank\" rel=\"noreferrer noopener\">fino a 500 franchi all&#8217;anno<\/a>.&nbsp;&nbsp;<\/p>\n<\/div>\n<\/div>\n<\/div>\n\n\n\n<hr class=\"wp-block-separator has-alpha-channel-opacity is-style-wide\"\/>\n\n\n\n<div class=\"wp-block-group is-style-narrow is-layout-constrained wp-block-group-is-layout-constrained\">\n<div class=\"wp-block-columns is-style-accordion has-background-background-color has-background is-layout-flex wp-container-core-columns-is-layout-9d6595d7 wp-block-columns-is-layout-flex\">\n<div class=\"wp-block-column has-background-background-color has-background is-layout-flow wp-block-column-is-layout-flow\">\n<h3 class=\"wp-block-heading has-primary-color has-text-color has-link-color wp-elements-a57ed6b4f168c0115f3b08d64f8fbd10\"><strong>Vantaggi extra per i freelance!<\/strong><\/h3>\n<\/div>\n\n\n\n<div class=\"wp-block-column is-layout-flow wp-block-column-is-layout-flow\">\n<ul class=\"wp-block-list\">\n<li class=\"is-style-check\">Proteggiamo e promuoviamo il networking tra le professioniste e i professionisti dei media indipendenti. <\/li>\n\n\n\n<li class=\"is-style-check\">La nostra cassa pensione Freelance \u00e8 fatta su misura per le professioniste e i professionisti del settore dei media e della comunicazione. <\/li>\n\n\n\n<li class=\"is-style-check\">Organizziamo eventi in cui puoi conoscere altri freelance. <\/li>\n\n\n\n<li class=\"is-style-check\">Nella nostra area riservata alle nostre associate e associati <a href=\"https:\/\/my.syndicom.ch\/?l=it\" target=\"_blank\" rel=\"noreferrer noopener\">my.syndicom<\/a> troverai consigli e suggerimenti in materia di onorari, contratti di lavoro, assicurazioni obbligatorie e volontarie e fondi pensione.&nbsp;&nbsp;<\/li>\n<\/ul>\n\n\n\n<p>Sei un professionista indipendente nel settore dei media? <a href=\"https:\/\/syndicom.ch\/it\/offerte-di-lavoro\/freelance-il-comitato-freko\/\" type=\"link\" id=\"https:\/\/syndicom.ch\/it\/offerte-di-lavoro\/freelance-il-comitato-freko\/\">Clicca qui per scoprire il nostro impegno a favore dei professionisti indipendenti nel settore dei media.<\/a><\/p>\n<\/div>\n<\/div>\n<\/div>\n\n\n\n<hr class=\"wp-block-separator has-alpha-channel-opacity is-style-wide\"\/>\n<\/div>\n<\/div>\n\n\n\n<div class=\"wp-block-group alignfull has-background-background-color has-background is-layout-constrained wp-block-group-is-layout-constrained\">\n<div class=\"wp-block-group is-style-narrow is-layout-constrained wp-block-group-is-layout-constrained\">\n<h2 class=\"wp-block-heading has-text-align-left\"><strong>I tuoi contatti<\/strong><\/h2>\n\n\n\n<div class=\"wp-block-group is-style-row-2 is-nowrap is-layout-flex wp-container-core-group-is-layout-64989fb1 wp-block-group-is-layout-flex\"><div class=\"wp-block-custom-person-item\"><div class=\"person-image\"><a class=\"employee-lightbox\" href=\"https:\/\/syndicom.ch\/app\/uploads\/2024\/08\/gewerkschaft-syndicom-stephanie-vonarburg-scaled.jpg\" data-gallery=\"person-69f5691dead3e\" ><img loading=\"lazy\" decoding=\"async\" src=\"https:\/\/syndicom.ch\/app\/uploads\/2024\/08\/gewerkschaft-syndicom-stephanie-vonarburg-scaled.jpg\" class=\"attachment-post-thumbnail size-post-thumbnail wp-post-image \" \/><\/a><\/div><div class=\"meta-holder\"><h3 class=\"person-name\">Stephanie Vonarburg<\/h3><div class=\"person-role\">Vicepresidente, Responsabile del settore Media<\/div><div><a href=\"tel:+41 58 817 18 73\" class=\"person-phone\">+41 58 817 18 73<\/a><\/div><\/div><\/div>\n\n<div class=\"wp-block-custom-person-item\"><div class=\"person-image\"><a class=\"employee-lightbox\" href=\"https:\/\/syndicom.ch\/app\/uploads\/2024\/09\/gewerkschaft-syndicom-anina-koch.jpg\" data-gallery=\"person-69f5691deb423\" ><img loading=\"lazy\" decoding=\"async\" src=\"https:\/\/syndicom.ch\/app\/uploads\/2024\/09\/gewerkschaft-syndicom-anina-koch.jpg\" class=\"attachment-post-thumbnail size-post-thumbnail wp-post-image \" \/><\/a><\/div><div class=\"meta-holder\"><h3 class=\"person-name\">Anina Koch<\/h3><div class=\"person-role\">Segretaria regionale Media<\/div><div class=\"person-email\"><a href=\"mailto:&#105;&#110;&#102;&#111;&#64;&#115;&#121;&#110;&#100;&#105;&#99;&#111;&#109;&#46;&#99;&#104;\">&#105;&#110;&#102;&#111;&#64;&#115;&#121;&#110;&#100;&#105;&#99;&#111;&#109;&#46;&#99;&#104;<\/a><\/div><div><a href=\"tel:+41 58 817 19 03\" class=\"person-phone\">+41 58 817 19 03<\/a><\/div><div class=\"person-workdays\">Giorni lavorativi: Luned\u00ec &#8211; Gioved\u00ec<\/div><\/div><\/div>\n\n<div class=\"wp-block-custom-person-item\"><div class=\"person-image\"><a class=\"employee-lightbox\" href=\"https:\/\/syndicom.ch\/app\/uploads\/2024\/08\/gewerkschaft-syndicom-idris-djelid.jpg\" data-gallery=\"person-69f5691deba34\" ><img loading=\"lazy\" decoding=\"async\" src=\"https:\/\/syndicom.ch\/app\/uploads\/2024\/08\/gewerkschaft-syndicom-idris-djelid.jpg\" class=\"attachment-post-thumbnail size-post-thumbnail wp-post-image \" \/><\/a><\/div><div class=\"meta-holder\"><h3 class=\"person-name\">Idris Djelid<\/h3><div class=\"person-role\">Segretario regionale Media<\/div><div class=\"person-email\"><a href=\"mailto:&#105;&#110;&#102;&#111;&#64;&#115;&#121;&#110;&#100;&#105;&#99;&#111;&#109;&#46;&#99;&#104;\">&#105;&#110;&#102;&#111;&#64;&#115;&#121;&#110;&#100;&#105;&#99;&#111;&#109;&#46;&#99;&#104;<\/a><\/div><div><a href=\"tel:+41 58 817 18 18\" class=\"person-phone\">+41 58 817 18 18<\/a><\/div><div class=\"person-workdays\">Giorni lavorativi: Marted\u00ec &#8211; Gioved\u00ec<\/div><\/div><\/div><\/div>\n<\/div>\n<\/div>\n","protected":false},"excerpt":{"rendered":"<p>Lavori nel settore della stampa o dei media digitali? Noi siamo il tuo sindacato! Grazie a noi, non dovrai lottare da solo.<\/p>\n","protected":false},"author":3,"featured_media":43772,"parent":7857,"menu_order":0,"comment_status":"closed","ping_status":"closed","template":"","meta":{"_acf_changed":false,"inline_featured_image":false,"_coblocks_attr":"","_coblocks_dimensions":"","_coblocks_responsive_height":"","_coblocks_accordion_ie_support":"","footnotes":""},"categories":[385,381],"class_list":["post-16583","page","type-page","status-publish","has-post-thumbnail","hentry","category-angebot-nach-beruf","category-il-tuo-lavoro"],"acf":[],"yoast_head":"<!-- This site is optimized with the Yoast SEO plugin v27.3 - https:\/\/yoast.com\/product\/yoast-seo-wordpress\/ -->\n<title>Stampa - syndicom<\/title>\n<meta name=\"description\" content=\"Lavori nel settore della stampa o dei media digitali? Noi siamo il tuo sindacato! Grazie a noi, non dovrai lottare da solo.\" \/>\n<meta name=\"robots\" content=\"index, follow, max-snippet:-1, max-image-preview:large, max-video-preview:-1\" \/>\n<link rel=\"canonical\" href=\"https:\/\/syndicom.ch\/it\/offerte-di-lavoro\/stampa\/\" \/>\n<meta property=\"og:locale\" content=\"it_IT\" \/>\n<meta property=\"og:type\" content=\"article\" \/>\n<meta property=\"og:title\" content=\"Stampa - syndicom\" \/>\n<meta property=\"og:description\" content=\"Lavori nel settore della stampa o dei media digitali? Noi siamo il tuo sindacato! Grazie a noi, non dovrai lottare da solo.\" \/>\n<meta property=\"og:url\" content=\"https:\/\/syndicom.ch\/it\/offerte-di-lavoro\/stampa\/\" \/>\n<meta property=\"og:site_name\" content=\"syndicom\" \/>\n<meta property=\"article:modified_time\" content=\"2026-04-08T07:09:36+00:00\" \/>\n<meta property=\"og:image\" content=\"https:\/\/syndicom.ch\/app\/uploads\/2025\/07\/gewerkschaft-syndicom-zeitungen-symbolbild-scaled.jpg\" \/>\n\t<meta property=\"og:image:width\" content=\"2560\" \/>\n\t<meta property=\"og:image:height\" content=\"1707\" \/>\n\t<meta property=\"og:image:type\" content=\"image\/jpeg\" \/>\n<meta name=\"twitter:card\" content=\"summary_large_image\" \/>\n<meta name=\"twitter:label1\" content=\"Tempo di lettura stimato\" \/>\n\t<meta name=\"twitter:data1\" content=\"6 minuti\" \/>\n<script type=\"application\/ld+json\" class=\"yoast-schema-graph\">{\"@context\":\"https:\\\/\\\/schema.org\",\"@graph\":[{\"@type\":\"WebPage\",\"@id\":\"https:\\\/\\\/syndicom.ch\\\/it\\\/offerte-di-lavoro\\\/stampa\\\/\",\"url\":\"https:\\\/\\\/syndicom.ch\\\/it\\\/offerte-di-lavoro\\\/stampa\\\/\",\"name\":\"Stampa - syndicom\",\"isPartOf\":{\"@id\":\"https:\\\/\\\/syndicom.ch\\\/it\\\/#website\"},\"primaryImageOfPage\":{\"@id\":\"https:\\\/\\\/syndicom.ch\\\/it\\\/offerte-di-lavoro\\\/stampa\\\/#primaryimage\"},\"image\":{\"@id\":\"https:\\\/\\\/syndicom.ch\\\/it\\\/offerte-di-lavoro\\\/stampa\\\/#primaryimage\"},\"thumbnailUrl\":\"https:\\\/\\\/syndicom.ch\\\/app\\\/uploads\\\/2025\\\/07\\\/gewerkschaft-syndicom-zeitungen-symbolbild-scaled.jpg\",\"datePublished\":\"2024-11-11T06:52:00+00:00\",\"dateModified\":\"2026-04-08T07:09:36+00:00\",\"description\":\"Lavori nel settore della stampa o dei media digitali? Noi siamo il tuo sindacato! Grazie a noi, non dovrai lottare da solo.\",\"breadcrumb\":{\"@id\":\"https:\\\/\\\/syndicom.ch\\\/it\\\/offerte-di-lavoro\\\/stampa\\\/#breadcrumb\"},\"inLanguage\":\"it-IT\",\"potentialAction\":[{\"@type\":\"ReadAction\",\"target\":[\"https:\\\/\\\/syndicom.ch\\\/it\\\/offerte-di-lavoro\\\/stampa\\\/\"]}]},{\"@type\":\"ImageObject\",\"inLanguage\":\"it-IT\",\"@id\":\"https:\\\/\\\/syndicom.ch\\\/it\\\/offerte-di-lavoro\\\/stampa\\\/#primaryimage\",\"url\":\"https:\\\/\\\/syndicom.ch\\\/app\\\/uploads\\\/2025\\\/07\\\/gewerkschaft-syndicom-zeitungen-symbolbild-scaled.jpg\",\"contentUrl\":\"https:\\\/\\\/syndicom.ch\\\/app\\\/uploads\\\/2025\\\/07\\\/gewerkschaft-syndicom-zeitungen-symbolbild-scaled.jpg\",\"width\":2560,\"height\":1707},{\"@type\":\"BreadcrumbList\",\"@id\":\"https:\\\/\\\/syndicom.ch\\\/it\\\/offerte-di-lavoro\\\/stampa\\\/#breadcrumb\",\"itemListElement\":[{\"@type\":\"ListItem\",\"position\":1,\"name\":\"Pagina iniziale\",\"item\":\"https:\\\/\\\/syndicom.ch\\\/it\\\/\"},{\"@type\":\"ListItem\",\"position\":2,\"name\":\"Offerte di lavoro\",\"item\":\"https:\\\/\\\/syndicom.ch\\\/it\\\/offerte-di-lavoro\\\/\"},{\"@type\":\"ListItem\",\"position\":3,\"name\":\"Stampa\"}]},{\"@type\":\"WebSite\",\"@id\":\"https:\\\/\\\/syndicom.ch\\\/it\\\/#website\",\"url\":\"https:\\\/\\\/syndicom.ch\\\/it\\\/\",\"name\":\"syndicom\",\"description\":\"\",\"publisher\":{\"@id\":\"https:\\\/\\\/syndicom.ch\\\/it\\\/#organization\"},\"potentialAction\":[{\"@type\":\"SearchAction\",\"target\":{\"@type\":\"EntryPoint\",\"urlTemplate\":\"https:\\\/\\\/syndicom.ch\\\/it\\\/?s={search_term_string}\"},\"query-input\":{\"@type\":\"PropertyValueSpecification\",\"valueRequired\":true,\"valueName\":\"search_term_string\"}}],\"inLanguage\":\"it-IT\"},{\"@type\":\"Organization\",\"@id\":\"https:\\\/\\\/syndicom.ch\\\/it\\\/#organization\",\"name\":\"syndicom\",\"url\":\"https:\\\/\\\/syndicom.ch\\\/it\\\/\",\"logo\":{\"@type\":\"ImageObject\",\"inLanguage\":\"it-IT\",\"@id\":\"https:\\\/\\\/syndicom.ch\\\/it\\\/#\\\/schema\\\/logo\\\/image\\\/\",\"url\":\"https:\\\/\\\/syndicom.ch\\\/app\\\/uploads\\\/2024\\\/06\\\/logo.svg\",\"contentUrl\":\"https:\\\/\\\/syndicom.ch\\\/app\\\/uploads\\\/2024\\\/06\\\/logo.svg\",\"width\":297,\"height\":51,\"caption\":\"syndicom\"},\"image\":{\"@id\":\"https:\\\/\\\/syndicom.ch\\\/it\\\/#\\\/schema\\\/logo\\\/image\\\/\"}}]}<\/script>\n<!-- \/ Yoast SEO plugin. -->","yoast_head_json":{"title":"Stampa - syndicom","description":"Lavori nel settore della stampa o dei media digitali? Noi siamo il tuo sindacato! Grazie a noi, non dovrai lottare da solo.","robots":{"index":"index","follow":"follow","max-snippet":"max-snippet:-1","max-image-preview":"max-image-preview:large","max-video-preview":"max-video-preview:-1"},"canonical":"https:\/\/syndicom.ch\/it\/offerte-di-lavoro\/stampa\/","og_locale":"it_IT","og_type":"article","og_title":"Stampa - syndicom","og_description":"Lavori nel settore della stampa o dei media digitali? Noi siamo il tuo sindacato! Grazie a noi, non dovrai lottare da solo.","og_url":"https:\/\/syndicom.ch\/it\/offerte-di-lavoro\/stampa\/","og_site_name":"syndicom","article_modified_time":"2026-04-08T07:09:36+00:00","og_image":[{"width":2560,"height":1707,"url":"https:\/\/syndicom.ch\/app\/uploads\/2025\/07\/gewerkschaft-syndicom-zeitungen-symbolbild-scaled.jpg","type":"image\/jpeg"}],"twitter_card":"summary_large_image","twitter_misc":{"Tempo di lettura stimato":"6 minuti"},"schema":{"@context":"https:\/\/schema.org","@graph":[{"@type":"WebPage","@id":"https:\/\/syndicom.ch\/it\/offerte-di-lavoro\/stampa\/","url":"https:\/\/syndicom.ch\/it\/offerte-di-lavoro\/stampa\/","name":"Stampa - syndicom","isPartOf":{"@id":"https:\/\/syndicom.ch\/it\/#website"},"primaryImageOfPage":{"@id":"https:\/\/syndicom.ch\/it\/offerte-di-lavoro\/stampa\/#primaryimage"},"image":{"@id":"https:\/\/syndicom.ch\/it\/offerte-di-lavoro\/stampa\/#primaryimage"},"thumbnailUrl":"https:\/\/syndicom.ch\/app\/uploads\/2025\/07\/gewerkschaft-syndicom-zeitungen-symbolbild-scaled.jpg","datePublished":"2024-11-11T06:52:00+00:00","dateModified":"2026-04-08T07:09:36+00:00","description":"Lavori nel settore della stampa o dei media digitali? Noi siamo il tuo sindacato! Grazie a noi, non dovrai lottare da solo.","breadcrumb":{"@id":"https:\/\/syndicom.ch\/it\/offerte-di-lavoro\/stampa\/#breadcrumb"},"inLanguage":"it-IT","potentialAction":[{"@type":"ReadAction","target":["https:\/\/syndicom.ch\/it\/offerte-di-lavoro\/stampa\/"]}]},{"@type":"ImageObject","inLanguage":"it-IT","@id":"https:\/\/syndicom.ch\/it\/offerte-di-lavoro\/stampa\/#primaryimage","url":"https:\/\/syndicom.ch\/app\/uploads\/2025\/07\/gewerkschaft-syndicom-zeitungen-symbolbild-scaled.jpg","contentUrl":"https:\/\/syndicom.ch\/app\/uploads\/2025\/07\/gewerkschaft-syndicom-zeitungen-symbolbild-scaled.jpg","width":2560,"height":1707},{"@type":"BreadcrumbList","@id":"https:\/\/syndicom.ch\/it\/offerte-di-lavoro\/stampa\/#breadcrumb","itemListElement":[{"@type":"ListItem","position":1,"name":"Pagina iniziale","item":"https:\/\/syndicom.ch\/it\/"},{"@type":"ListItem","position":2,"name":"Offerte di lavoro","item":"https:\/\/syndicom.ch\/it\/offerte-di-lavoro\/"},{"@type":"ListItem","position":3,"name":"Stampa"}]},{"@type":"WebSite","@id":"https:\/\/syndicom.ch\/it\/#website","url":"https:\/\/syndicom.ch\/it\/","name":"syndicom","description":"","publisher":{"@id":"https:\/\/syndicom.ch\/it\/#organization"},"potentialAction":[{"@type":"SearchAction","target":{"@type":"EntryPoint","urlTemplate":"https:\/\/syndicom.ch\/it\/?s={search_term_string}"},"query-input":{"@type":"PropertyValueSpecification","valueRequired":true,"valueName":"search_term_string"}}],"inLanguage":"it-IT"},{"@type":"Organization","@id":"https:\/\/syndicom.ch\/it\/#organization","name":"syndicom","url":"https:\/\/syndicom.ch\/it\/","logo":{"@type":"ImageObject","inLanguage":"it-IT","@id":"https:\/\/syndicom.ch\/it\/#\/schema\/logo\/image\/","url":"https:\/\/syndicom.ch\/app\/uploads\/2024\/06\/logo.svg","contentUrl":"https:\/\/syndicom.ch\/app\/uploads\/2024\/06\/logo.svg","width":297,"height":51,"caption":"syndicom"},"image":{"@id":"https:\/\/syndicom.ch\/it\/#\/schema\/logo\/image\/"}}]}},"_links":{"self":[{"href":"https:\/\/syndicom.ch\/it\/wp-json\/wp\/v2\/pages\/16583","targetHints":{"allow":["GET"]}}],"collection":[{"href":"https:\/\/syndicom.ch\/it\/wp-json\/wp\/v2\/pages"}],"about":[{"href":"https:\/\/syndicom.ch\/it\/wp-json\/wp\/v2\/types\/page"}],"author":[{"embeddable":true,"href":"https:\/\/syndicom.ch\/it\/wp-json\/wp\/v2\/users\/3"}],"replies":[{"embeddable":true,"href":"https:\/\/syndicom.ch\/it\/wp-json\/wp\/v2\/comments?post=16583"}],"version-history":[{"count":32,"href":"https:\/\/syndicom.ch\/it\/wp-json\/wp\/v2\/pages\/16583\/revisions"}],"predecessor-version":[{"id":60350,"href":"https:\/\/syndicom.ch\/it\/wp-json\/wp\/v2\/pages\/16583\/revisions\/60350"}],"up":[{"embeddable":true,"href":"https:\/\/syndicom.ch\/it\/wp-json\/wp\/v2\/pages\/7857"}],"wp:featuredmedia":[{"embeddable":true,"href":"https:\/\/syndicom.ch\/it\/wp-json\/wp\/v2\/media\/43772"}],"wp:attachment":[{"href":"https:\/\/syndicom.ch\/it\/wp-json\/wp\/v2\/media?parent=16583"}],"wp:term":[{"taxonomy":"category","embeddable":true,"href":"https:\/\/syndicom.ch\/it\/wp-json\/wp\/v2\/categories?post=16583"}],"curies":[{"name":"wp","href":"https:\/\/api.w.org\/{rel}","templated":true}]}}