{"id":16686,"date":"2024-11-06T16:07:24","date_gmt":"2024-11-06T15:07:24","guid":{"rendered":"https:\/\/syndicom.ch\/?page_id=16686"},"modified":"2026-01-16T11:38:37","modified_gmt":"2026-01-16T10:38:37","slug":"personale-della-posta","status":"publish","type":"page","link":"https:\/\/syndicom.ch\/it\/offerte-di-lavoro\/personale-della-posta\/","title":{"rendered":"Personale della Posta"},"content":{"rendered":"\n<div class=\"wp-block-group alignfull has-primary-background-color has-background is-layout-constrained wp-block-group-is-layout-constrained\">\n<div class=\"wp-block-group is-style-narrow is-layout-constrained wp-block-group-is-layout-constrained\">\n<h1 class=\"wp-block-heading has-background-color has-text-color has-link-color wp-elements-f294cfe9f72b389ba8b16803ea9e7c95\">syndicom. Il tuo sindacato alla Posta Svizzera SA<\/h1>\n\n\n\n<div class=\"wp-block-columns is-layout-flex wp-container-core-columns-is-layout-9d6595d7 wp-block-columns-is-layout-flex\">\n<div class=\"wp-block-column is-layout-flow wp-block-column-is-layout-flow\" style=\"flex-basis:66.66%\">\n<p class=\"is-style-lead has-background-color has-text-color has-link-color wp-elements-f0109015d937271c6cf71a248074a502\">Lavori alla Posta? Non importa se sei postina o postino, se recapiti pacchi, se lavori come consulente alla clientela della Posta o di PostFinance, se sei conducente per Autopostale o se lavori in un centro lettere: noi siamo il sindacato del personale della Posta.<\/p>\n<\/div>\n\n\n\n<div class=\"wp-block-column is-layout-flow wp-block-column-is-layout-flow\" style=\"flex-basis:33.33%\">\n<div class=\"wp-block-group is-vertical is-nowrap is-layout-flex wp-container-core-group-is-layout-fc43baa9 wp-block-group-is-layout-flex\">\n<p><\/p>\n<\/div>\n<\/div>\n<\/div>\n<\/div>\n<\/div>\n\n\n\n<div class=\"wp-block-group alignfull has-background-background-color has-background is-layout-constrained wp-block-group-is-layout-constrained\">\n<div class=\"wp-block-group is-style-narrow is-layout-constrained wp-block-group-is-layout-constrained\">\n<p>Grazie alle associate e agli associati del sindacato della Posta syndicom, le condizioni di lavoro presso la Posta Svizzera sono garantite da un contratto collettivo di lavoro.<\/p>\n\n\n\n<p><strong>Insieme alle nostre associate e associati, troviamo modi per garantire o sviluppare ulteriormente buone condizioni di lavoro. <\/strong><\/p>\n\n\n\n<div class=\"wp-block-buttons is-content-justification-center is-layout-flex wp-container-core-buttons-is-layout-16018d1d wp-block-buttons-is-layout-flex\">\n<div class=\"wp-block-button\"><a class=\"wp-block-button__link wp-element-button\" href=\"https:\/\/my.syndicom.ch\/adesione\">Diventa membro<\/a><\/div>\n<\/div>\n\n\n\n<h2 class=\"wp-block-heading\"><strong>I successi pi\u00f9 importanti del sindacato della Posta syndicom sono: <\/strong><\/h2>\n\n\n\n<ul class=\"wp-block-list\">\n<li>Il contratto collettivo di lavoro con la Posta \u00e8 uno dei tre pilastri del partenariato sociale. \u00c8 la garanzia di salari equi e buone condizioni di lavoro.<\/li>\n<\/ul>\n\n\n\n<p><\/p>\n\n\n\n<ul class=\"wp-block-list\">\n<li>Il secondo pilastro \u00e8 il piano sociale. In caso di licenziamenti di massa, il piano sociale garantisce risarcimenti e diritti alle persone colpite.<\/li>\n<\/ul>\n\n\n\n<p><\/p>\n\n\n\n<ul class=\"wp-block-list\">\n<li>Il terzo pilastro \u00e8 la previdenza professionale: <a href=\"https:\/\/syndicom.ch\/it\/cpposta\/\" target=\"_blank\" rel=\"noreferrer noopener\">la Cassa Pensione Posta<\/a>. Gli interessi del personale della Posta sono tutelati dal consiglio di fondazione, dove il personale e il datore di lavoro sono rappresentati ciascuno da cinque persone e gestiscono il patrimonio previdenziale.<\/li>\n<\/ul>\n\n\n\n<h2 class=\"wp-block-heading\"><strong>Chi vuole modellare la \u00abPosta di domani\u00bb, ha bisogno del \u00abCCL di domani\u00bb<\/strong><\/h2>\n\n\n\n<p>Il partenariato sociale tra il sindacato syndicom e la Posta Svizzera \u00e8 solido e di lunga data. Esistono accordi scritti e punti di contatto regionali. La base sono i contratti collettivi di lavoro (CCL) stipulati con diverse aziende del gruppo Posta:<\/p>\n\n\n\n<div class=\"wp-block-group is-style-narrow is-content-justification-left is-layout-constrained wp-container-core-group-is-layout-8c890d92 wp-block-group-is-layout-constrained\">\n<div class=\"wp-block-columns is-style-accordion has-background-background-color has-background is-layout-flex wp-container-core-columns-is-layout-9d6595d7 wp-block-columns-is-layout-flex\">\n<div class=\"wp-block-column has-background-background-color has-background is-layout-flow wp-block-column-is-layout-flow\">\n<h3 class=\"wp-block-heading has-primary-color has-text-color has-link-color wp-elements-3702547daf24239640ff4b62a85b2963\">Sei una postina, un postino o lavori in un centro lettere della Posta?<\/h3>\n<\/div>\n\n\n\n<div class=\"wp-block-column is-layout-flow wp-block-column-is-layout-flow\">\n<p class=\"is-style-default\">Non importa se sei una postina, un postino, se recapiti pacchi o lavori in un centro pacchi della Posta. Per te vale il <a href=\"https:\/\/syndicom.ch\/it\/voce-glossario\/posta-ch-sa\/\" target=\"_blank\" rel=\"noreferrer noopener\">CCL Posta CH<\/a>, che garantisce un salario minimo, aumenti salariali annuali, 6 \u2013 7 settimane di ferie, pause o premi fedelt\u00e0. Regola anche l&#8217;orario di lavoro o determina l&#8217;importo delle indennit\u00e0 e delle spese.<\/p>\n<\/div>\n<\/div>\n\n\n\n<div class=\"wp-block-columns is-style-accordion has-background-background-color has-background is-layout-flex wp-container-core-columns-is-layout-9d6595d7 wp-block-columns-is-layout-flex\">\n<div class=\"wp-block-column has-background-background-color has-background is-layout-flow wp-block-column-is-layout-flow\">\n<h3 class=\"wp-block-heading has-primary-color has-text-color has-link-color wp-elements-fa161ac4ebd7f8421b36b261baeda702\">Lavori per RetePostale?<\/h3>\n<\/div>\n\n\n\n<div class=\"wp-block-column is-layout-flow wp-block-column-is-layout-flow\">\n<p class=\"is-style-default\">Per le\/i consulenti alla clientela allo sportello di una filiale della Posta o per le collaboratrici e i collaboratori del Contact Center Rete Postale. Indipendentemente dal fatto che lavori o meno all&#8217;ufficio postale, il <a href=\"https:\/\/syndicom.ch\/it\/voce-glossario\/posta-ch-sa\/\" target=\"_blank\" rel=\"noreferrer noopener\">CCL Posta CH<\/a> regola le tue condizioni di lavoro. Ad esempio la settimana di 42 ore, 6 &#8211; 7 settimane di ferie all&#8217;anno, premi fedelt\u00e0, brevi pause e molto altro ancora.<\/p>\n<\/div>\n<\/div>\n\n\n\n<div class=\"wp-block-columns is-style-accordion has-background-background-color has-background is-layout-flex wp-container-core-columns-is-layout-9d6595d7 wp-block-columns-is-layout-flex\">\n<div class=\"wp-block-column has-background-background-color has-background is-layout-flow wp-block-column-is-layout-flow\">\n<h3 class=\"wp-block-heading has-primary-color has-text-color has-link-color wp-elements-8b525ed5f9a0f0a9c27777909a479c32\">Lavori per PostFinance?<\/h3>\n<\/div>\n\n\n\n<div class=\"wp-block-column is-layout-flow wp-block-column-is-layout-flow\">\n<p class=\"is-style-default\">Che si tratti del\/della consulente di PostFinance o di uno sviluppatore di software, il <a href=\"https:\/\/syndicom.ch\/it\/voce-glossario\/postfinance-sa\/\" target=\"_blank\" rel=\"noreferrer noopener\">CCL di PostFinance<\/a> vale per le collaboratrici e i collaboratori di PostFinance. Questo regola l&#8217;importo del tuo stipendio, ti garantisce 6 \u2013 7 settimane di ferie e garantisce pause o voce in capitolo quando si tratta di telelavoro. E concede il diritto alla contrattazione salariale annuale.<\/p>\n<\/div>\n<\/div>\n\n\n\n<div class=\"wp-block-columns is-style-accordion has-background-background-color has-background is-layout-flex wp-container-core-columns-is-layout-9d6595d7 wp-block-columns-is-layout-flex\">\n<div class=\"wp-block-column has-background-background-color has-background is-layout-flow wp-block-column-is-layout-flow\">\n<h3 class=\"wp-block-heading has-primary-color has-text-color has-link-color wp-elements-8a4cce7c9ec73a4dd737f4d60f6957f8\">Sei una o un conducente di AutoPostale, un\u2019addetta o addetto al controllo biglietti o conducente per un imprenditore di Autopostale?<\/h3>\n<\/div>\n\n\n\n<div class=\"wp-block-column is-layout-flow wp-block-column-is-layout-flow\">\n<p class=\"is-style-default\">Per le\/i conducenti e il personale di controllo di AutoPostale vale il <a href=\"https:\/\/syndicom.ch\/it\/voce-glossario\/autopostale-sa\/\" target=\"_blank\" rel=\"noreferrer noopener\">CCL AutoPostale<\/a>. Definisce i modelli di orario di lavoro, i giorni di riposo o di compensazione, indennit\u00e0 per ore di viaggio, pause, premi fedelt\u00e0, ecc.<\/p>\n\n\n\n<p class=\"is-style-default\">Per le colleghe e i colleghi degli imprenditori di AutoPostale vale un<a href=\"https:\/\/syndicom.ch\/it\/voce-glossario\/imprenditori-di-autopostale\/\" target=\"_blank\" rel=\"noreferrer noopener\"> contratto di partenariato sociale<\/a>. Ci\u00f2 stabilisce requisiti minimi per le condizioni di lavoro e li standardizza.<\/p>\n<\/div>\n<\/div>\n\n\n\n<div class=\"wp-block-columns is-style-accordion has-background-background-color has-background is-layout-flex wp-container-core-columns-is-layout-9d6595d7 wp-block-columns-is-layout-flex\">\n<div class=\"wp-block-column has-background-background-color has-background is-layout-flow wp-block-column-is-layout-flow\">\n<h3 class=\"wp-block-heading has-primary-color has-text-color has-link-color wp-elements-5a9a464b4b0f277b0e43b955d3ade384\">Sei una\/o specialista della pulizia o un tecnico interno presso IMS?<\/h3>\n<\/div>\n\n\n\n<div class=\"wp-block-column is-layout-flow wp-block-column-is-layout-flow\">\n<p class=\"is-style-default\">Presso la Posta Immobili Management e Servizi SA lavorano specialisti nella pulizia (pulizia straordinaria o pulizia di manutenzione) e specialisti nei servizi di gestione immobiliare. Si occupano della manutenzione dei numerosi edifici e locali della Posta Svizzera. Il <a href=\"https:\/\/syndicom.ch\/app\/uploads\/2024\/11\/syndicom-syndicato-ccl-IMS_AG_I.pdf\" target=\"_blank\" rel=\"noreferrer noopener\">CCL IMS<\/a> regola le tue condizioni di lavoro.<\/p>\n<\/div>\n<\/div>\n\n\n\n<div class=\"wp-block-columns is-style-accordion has-background-background-color has-background is-layout-flex wp-container-core-columns-is-layout-9d6595d7 wp-block-columns-is-layout-flex\">\n<div class=\"wp-block-column has-background-background-color has-background is-layout-flow wp-block-column-is-layout-flow\">\n<h3 class=\"wp-block-heading has-primary-color has-text-color has-link-color wp-elements-649b63a7156c6466bacb49252fa420b6\">Siete addetta\/addetto alla consegna mattutina e distributore di giornali presso la Presto Presse Vertriebs AG?<\/h3>\n<\/div>\n\n\n\n<div class=\"wp-block-column is-layout-flow wp-block-column-is-layout-flow\">\n<p class=\"is-style-default\">Come distributrice o distributore di giornali con consegna mattutina, sia nei giorni feriali che la domenica, il personale di Presto lavora spesso la mattina presto. Il <a href=\"https:\/\/syndicom.ch\/it\/voce-glossario\/presto\/\" target=\"_blank\" rel=\"noreferrer noopener\">CCL Presto<\/a> fissa i salari minimi e regola le indennit\u00e0 salariali per il lavoro notturno, il diritto alle ferie o il rimborso delle spese.<\/p>\n<\/div>\n<\/div>\n\n\n\n<div class=\"wp-block-columns is-style-accordion has-background-background-color has-background is-layout-flex wp-container-core-columns-is-layout-9d6595d7 wp-block-columns-is-layout-flex\">\n<div class=\"wp-block-column has-background-background-color has-background is-layout-flow wp-block-column-is-layout-flow\">\n<h3 class=\"wp-block-heading has-primary-color has-text-color has-link-color wp-elements-4c06c26fb2f019397f1b74fe4b741b55\">Sei una\/un conduttrice\/conduttore: lavori per PostLogistics SA?<\/h3>\n<\/div>\n\n\n\n<div class=\"wp-block-column is-layout-flow wp-block-column-is-layout-flow\">\n<p class=\"is-style-default\">Per conduttrici\/conduttori, addette\/addetti alla logistica o il personale specializzato nella programmazione di PostLogistics SA vale il <a href=\"https:\/\/syndicom.ch\/it\/voce-glossario\/postlogistics-sa\/\" target=\"_blank\" rel=\"noreferrer noopener\">CCL PostLogistics SA<\/a>. Ci\u00f2 include, ad esempio, una settimana di 43 ore, un salario minimo garantito o il diritto alla negoziazione salariale annuale.<\/p>\n<\/div>\n<\/div>\n<\/div>\n\n\n\n<h3 class=\"wp-block-heading\"><strong>Il \u00abCCL mantello \u00bb della Posta Svizzera <\/strong><\/h3>\n\n\n\n<p>Il cosiddetto <a href=\"https:\/\/syndicom.ch\/it\/voce-glossario\/posta-ccl-mantello\/\" target=\"_blank\" rel=\"noreferrer noopener\">CCL mantello della Posta<\/a> sovrasta i CCL individuali. Regola i rapporti contrattuali tra le parti contraenti e stabilisce determinati standard normativi. In generale, tuttavia, garantisce pari condizioni di lavoro all&#8217;interno del Gruppo Posta, e cos\u00ec per il personale delle diverse aziende del gruppo.<\/p>\n<\/div>\n<\/div>\n\n\n\n<div class=\"wp-block-group alignfull has-background-color has-primary-background-color has-text-color has-background has-link-color wp-elements-53747b607763b18a0123dcc82e922a40 is-layout-constrained wp-block-group-is-layout-constrained\">\n<figure class=\"wp-block-embed is-type-video is-provider-youtube wp-block-embed-youtube wp-embed-aspect-16-9 wp-has-aspect-ratio\"><div class=\"wp-block-embed__wrapper\">\n<iframe loading=\"lazy\" title=\"Aumento salariale anzich\u00e9 applausi\" width=\"500\" height=\"281\" src=\"https:\/\/www.youtube.com\/embed\/xsd0_M6vvQs?feature=oembed\" frameborder=\"0\" allow=\"accelerometer; autoplay; clipboard-write; encrypted-media; gyroscope; picture-in-picture; web-share\" referrerpolicy=\"strict-origin-when-cross-origin\" allowfullscreen><\/iframe>\n<\/div><\/figure>\n<\/div>\n\n\n\n<div class=\"wp-block-group alignfull has-background-background-color has-background is-layout-constrained wp-block-group-is-layout-constrained\">\n<div class=\"wp-block-group is-style-narrow is-layout-constrained wp-block-group-is-layout-constrained\">\n<h2 class=\"wp-block-heading\"><strong>La nostra promessa: cosa facciamo per te<\/strong><\/h2>\n\n\n\n<p>Le buone condizioni di lavoro non piovono dal cielo. \u00c8 sempre stato cos\u00ec e non cambier\u00e0. \u00c8 chiaro: solo un contratto collettivo di lavoro (CCL) garantisce la piena tutela delle condizioni di lavoro e di impiego. Un CCL non pu\u00f2 essere peggiorato unilateralmente dal datore di lavoro.<\/p>\n\n\n\n<ul class=\"wp-block-list\">\n<li><strong>Presenza in loco<\/strong><br>Nella tua regione sono presenti le segretarie e i segretari sindacali. Ascolteranno le tue preoccupazioni, troveranno una soluzione e saranno sempre pronti a incontrarti di persona.<\/li>\n<\/ul>\n\n\n\n<p><\/p>\n\n\n\n<ul class=\"wp-block-list\">\n<li><strong>Diritto di accesso<\/strong><br>Le segreterie e i segretari sindacali verificano sul posto se il CCL viene applicato correttamente. In qualit\u00e0 di partner sociale, syndicom garantisce i diritti di accesso e di partecipazione a tutte le sedi operative della Posta.<\/li>\n<\/ul>\n\n\n\n<p><\/p>\n\n\n\n<ul class=\"wp-block-list\">\n<li><strong>Intervento<\/strong><br>Le segreterie e i segretari di syndicom intervengono se non \u00e8 possibile raggiungere una soluzione sul posto. Negoziano a livello aziendale per il collettivo.<\/li>\n<\/ul>\n\n\n\n<p><\/p>\n\n\n\n<ul class=\"wp-block-list\">\n<li><strong>Servizio giuridico<\/strong><br>Il servizio giuridico di syndicom con le sue giuriste e giuristi specializzati \u00e8 sempre disponibile dietro le quinte. Garantisce l&#8217;azione collettiva e si assume il chiarimento in tribunale nei casi complessi.<\/li>\n<\/ul>\n\n\n\n<p><\/p>\n\n\n\n<ul class=\"wp-block-list\">\n<li><strong>Contributo alle spese di esecuzione<\/strong><br>In questo modo il personale della Posta contribuisce all&#8217;attuazione del contratto collettivo di lavoro. Il contributo \u00e8 distribuito equamente tra tutto il personale e ammonta allo 0,35% dello stipendio base. In qualit\u00e0 di associata o associato a syndicom, il contributo per le spese di esecuzione non verr\u00e0 detratto dal tuo stipendio, ma verr\u00e0 detratta la quota associativa.<\/li>\n<\/ul>\n\n\n\n<h2 class=\"wp-block-heading\"><strong>Ti unisci anche tu a noi? <\/strong><\/h2>\n\n\n\n<p>Quasi il 60% delle lavoratrici e dei lavoratori svizzeri \u00e8 protetto da un CCL. Postine e postini ne fanno parte: lavoriamo insieme per garantire che le cose rimangano cos\u00ec! Raggiungiamo questo obiettivo organizzandoci e lavorando insieme.<\/p>\n\n\n\n<div class=\"wp-block-buttons is-content-justification-center is-layout-flex wp-container-core-buttons-is-layout-16018d1d wp-block-buttons-is-layout-flex\">\n<div class=\"wp-block-button\"><a class=\"wp-block-button__link wp-element-button\" href=\"https:\/\/my.syndicom.ch\/adesione\">Diventa membro<\/a><\/div>\n<\/div>\n<\/div>\n<\/div>\n\n\n\n<div class=\"wp-block-group alignfull has-background-color has-primary-background-color has-text-color has-background has-link-color wp-elements-c05b35160b0b482050eac74a304ee74a is-layout-constrained wp-block-group-is-layout-constrained\">\n<div class=\"wp-block-group is-style-narrow is-layout-constrained wp-block-group-is-layout-constrained\">\n<h2 class=\"wp-block-heading has-text-align-center\">Personale, rapido, diretto<\/h2>\n\n\n\n<p class=\"has-text-align-center\">Vuoi saperne di pi\u00f9 sul sindacato syndicom? Oppure hai domande o problemi e vuoi un consiglio? Contattaci, siamo qui per te.<\/p>\n\n\n\n<div class=\"wp-block-buttons is-content-justification-center is-layout-flex wp-container-core-buttons-is-layout-16018d1d wp-block-buttons-is-layout-flex\">\n<div class=\"wp-block-button\"><a class=\"wp-block-button__link wp-element-button\" href=\"https:\/\/syndicom.ch\/it\/contatto\/\" target=\"_blank\" rel=\"noreferrer noopener\">Contattaci<\/a><\/div>\n\n\n\n<div class=\"wp-block-button is-style-outline is-style-outline--1\"><a class=\"wp-block-button__link wp-element-button\" href=\"https:\/\/syndicom.ch\/it\/faq-adesione\/\" target=\"_blank\" rel=\"noreferrer noopener\">Vantaggi e info sull\u2019adesione<\/a><\/div>\n<\/div>\n<\/div>\n<\/div>\n","protected":false},"excerpt":{"rendered":"<p>Grazie ai membri del sindacato Posta syndicom, le condizioni di lavoro alla Posta sono tutelate da contratti collettivi di lavoro.<\/p>\n","protected":false},"author":3,"featured_media":43747,"parent":7857,"menu_order":0,"comment_status":"closed","ping_status":"closed","template":"","meta":{"_acf_changed":false,"inline_featured_image":false,"_coblocks_attr":"","_coblocks_dimensions":"","_coblocks_responsive_height":"","_coblocks_accordion_ie_support":"","footnotes":""},"categories":[385,381],"class_list":["post-16686","page","type-page","status-publish","has-post-thumbnail","hentry","category-angebot-nach-beruf","category-il-tuo-lavoro"],"acf":[],"yoast_head":"<!-- This site is optimized with the Yoast SEO plugin v27.3 - https:\/\/yoast.com\/product\/yoast-seo-wordpress\/ -->\n<title>Personale della Posta - syndicom<\/title>\n<meta name=\"description\" content=\"Grazie ai membri del sindacato Posta syndicom, le condizioni di lavoro alla Posta sono tutelate da contratti collettivi di lavoro.\" \/>\n<meta name=\"robots\" content=\"index, follow, max-snippet:-1, max-image-preview:large, max-video-preview:-1\" \/>\n<link rel=\"canonical\" href=\"https:\/\/syndicom.ch\/it\/offerte-di-lavoro\/personale-della-posta\/\" \/>\n<meta property=\"og:locale\" content=\"it_IT\" \/>\n<meta property=\"og:type\" content=\"article\" \/>\n<meta property=\"og:title\" content=\"Personale della Posta - syndicom\" \/>\n<meta property=\"og:description\" content=\"Grazie ai membri del sindacato Posta syndicom, le condizioni di lavoro alla Posta sono tutelate da contratti collettivi di lavoro.\" \/>\n<meta property=\"og:url\" content=\"https:\/\/syndicom.ch\/it\/offerte-di-lavoro\/personale-della-posta\/\" \/>\n<meta property=\"og:site_name\" content=\"syndicom\" \/>\n<meta property=\"article:modified_time\" content=\"2026-01-16T10:38:37+00:00\" \/>\n<meta property=\"og:image\" content=\"https:\/\/syndicom.ch\/app\/uploads\/2025\/07\/gewerkschaft-syndicom-post-logo-symbolbild-scaled.jpg\" \/>\n\t<meta property=\"og:image:width\" content=\"2560\" \/>\n\t<meta property=\"og:image:height\" content=\"1707\" \/>\n\t<meta property=\"og:image:type\" content=\"image\/jpeg\" \/>\n<meta name=\"twitter:card\" content=\"summary_large_image\" \/>\n<meta name=\"twitter:label1\" content=\"Tempo di lettura stimato\" \/>\n\t<meta name=\"twitter:data1\" content=\"7 minuti\" \/>\n<script type=\"application\/ld+json\" class=\"yoast-schema-graph\">{\"@context\":\"https:\\\/\\\/schema.org\",\"@graph\":[{\"@type\":\"WebPage\",\"@id\":\"https:\\\/\\\/syndicom.ch\\\/it\\\/offerte-di-lavoro\\\/personale-della-posta\\\/\",\"url\":\"https:\\\/\\\/syndicom.ch\\\/it\\\/offerte-di-lavoro\\\/personale-della-posta\\\/\",\"name\":\"Personale della Posta - syndicom\",\"isPartOf\":{\"@id\":\"https:\\\/\\\/syndicom.ch\\\/it\\\/#website\"},\"primaryImageOfPage\":{\"@id\":\"https:\\\/\\\/syndicom.ch\\\/it\\\/offerte-di-lavoro\\\/personale-della-posta\\\/#primaryimage\"},\"image\":{\"@id\":\"https:\\\/\\\/syndicom.ch\\\/it\\\/offerte-di-lavoro\\\/personale-della-posta\\\/#primaryimage\"},\"thumbnailUrl\":\"https:\\\/\\\/syndicom.ch\\\/app\\\/uploads\\\/2025\\\/07\\\/gewerkschaft-syndicom-post-logo-symbolbild-scaled.jpg\",\"datePublished\":\"2024-11-06T15:07:24+00:00\",\"dateModified\":\"2026-01-16T10:38:37+00:00\",\"description\":\"Grazie ai membri del sindacato Posta syndicom, le condizioni di lavoro alla Posta sono tutelate da contratti collettivi di lavoro.\",\"breadcrumb\":{\"@id\":\"https:\\\/\\\/syndicom.ch\\\/it\\\/offerte-di-lavoro\\\/personale-della-posta\\\/#breadcrumb\"},\"inLanguage\":\"it-IT\",\"potentialAction\":[{\"@type\":\"ReadAction\",\"target\":[\"https:\\\/\\\/syndicom.ch\\\/it\\\/offerte-di-lavoro\\\/personale-della-posta\\\/\"]}]},{\"@type\":\"ImageObject\",\"inLanguage\":\"it-IT\",\"@id\":\"https:\\\/\\\/syndicom.ch\\\/it\\\/offerte-di-lavoro\\\/personale-della-posta\\\/#primaryimage\",\"url\":\"https:\\\/\\\/syndicom.ch\\\/app\\\/uploads\\\/2025\\\/07\\\/gewerkschaft-syndicom-post-logo-symbolbild-scaled.jpg\",\"contentUrl\":\"https:\\\/\\\/syndicom.ch\\\/app\\\/uploads\\\/2025\\\/07\\\/gewerkschaft-syndicom-post-logo-symbolbild-scaled.jpg\",\"width\":2560,\"height\":1707},{\"@type\":\"BreadcrumbList\",\"@id\":\"https:\\\/\\\/syndicom.ch\\\/it\\\/offerte-di-lavoro\\\/personale-della-posta\\\/#breadcrumb\",\"itemListElement\":[{\"@type\":\"ListItem\",\"position\":1,\"name\":\"Pagina iniziale\",\"item\":\"https:\\\/\\\/syndicom.ch\\\/it\\\/\"},{\"@type\":\"ListItem\",\"position\":2,\"name\":\"Offerte di lavoro\",\"item\":\"https:\\\/\\\/syndicom.ch\\\/it\\\/offerte-di-lavoro\\\/\"},{\"@type\":\"ListItem\",\"position\":3,\"name\":\"Personale della Posta\"}]},{\"@type\":\"WebSite\",\"@id\":\"https:\\\/\\\/syndicom.ch\\\/it\\\/#website\",\"url\":\"https:\\\/\\\/syndicom.ch\\\/it\\\/\",\"name\":\"syndicom\",\"description\":\"\",\"publisher\":{\"@id\":\"https:\\\/\\\/syndicom.ch\\\/it\\\/#organization\"},\"potentialAction\":[{\"@type\":\"SearchAction\",\"target\":{\"@type\":\"EntryPoint\",\"urlTemplate\":\"https:\\\/\\\/syndicom.ch\\\/it\\\/?s={search_term_string}\"},\"query-input\":{\"@type\":\"PropertyValueSpecification\",\"valueRequired\":true,\"valueName\":\"search_term_string\"}}],\"inLanguage\":\"it-IT\"},{\"@type\":\"Organization\",\"@id\":\"https:\\\/\\\/syndicom.ch\\\/it\\\/#organization\",\"name\":\"syndicom\",\"url\":\"https:\\\/\\\/syndicom.ch\\\/it\\\/\",\"logo\":{\"@type\":\"ImageObject\",\"inLanguage\":\"it-IT\",\"@id\":\"https:\\\/\\\/syndicom.ch\\\/it\\\/#\\\/schema\\\/logo\\\/image\\\/\",\"url\":\"https:\\\/\\\/syndicom.ch\\\/app\\\/uploads\\\/2024\\\/06\\\/logo.svg\",\"contentUrl\":\"https:\\\/\\\/syndicom.ch\\\/app\\\/uploads\\\/2024\\\/06\\\/logo.svg\",\"width\":297,\"height\":51,\"caption\":\"syndicom\"},\"image\":{\"@id\":\"https:\\\/\\\/syndicom.ch\\\/it\\\/#\\\/schema\\\/logo\\\/image\\\/\"}}]}<\/script>\n<!-- \/ Yoast SEO plugin. -->","yoast_head_json":{"title":"Personale della Posta - syndicom","description":"Grazie ai membri del sindacato Posta syndicom, le condizioni di lavoro alla Posta sono tutelate da contratti collettivi di lavoro.","robots":{"index":"index","follow":"follow","max-snippet":"max-snippet:-1","max-image-preview":"max-image-preview:large","max-video-preview":"max-video-preview:-1"},"canonical":"https:\/\/syndicom.ch\/it\/offerte-di-lavoro\/personale-della-posta\/","og_locale":"it_IT","og_type":"article","og_title":"Personale della Posta - syndicom","og_description":"Grazie ai membri del sindacato Posta syndicom, le condizioni di lavoro alla Posta sono tutelate da contratti collettivi di lavoro.","og_url":"https:\/\/syndicom.ch\/it\/offerte-di-lavoro\/personale-della-posta\/","og_site_name":"syndicom","article_modified_time":"2026-01-16T10:38:37+00:00","og_image":[{"width":2560,"height":1707,"url":"https:\/\/syndicom.ch\/app\/uploads\/2025\/07\/gewerkschaft-syndicom-post-logo-symbolbild-scaled.jpg","type":"image\/jpeg"}],"twitter_card":"summary_large_image","twitter_misc":{"Tempo di lettura stimato":"7 minuti"},"schema":{"@context":"https:\/\/schema.org","@graph":[{"@type":"WebPage","@id":"https:\/\/syndicom.ch\/it\/offerte-di-lavoro\/personale-della-posta\/","url":"https:\/\/syndicom.ch\/it\/offerte-di-lavoro\/personale-della-posta\/","name":"Personale della Posta - syndicom","isPartOf":{"@id":"https:\/\/syndicom.ch\/it\/#website"},"primaryImageOfPage":{"@id":"https:\/\/syndicom.ch\/it\/offerte-di-lavoro\/personale-della-posta\/#primaryimage"},"image":{"@id":"https:\/\/syndicom.ch\/it\/offerte-di-lavoro\/personale-della-posta\/#primaryimage"},"thumbnailUrl":"https:\/\/syndicom.ch\/app\/uploads\/2025\/07\/gewerkschaft-syndicom-post-logo-symbolbild-scaled.jpg","datePublished":"2024-11-06T15:07:24+00:00","dateModified":"2026-01-16T10:38:37+00:00","description":"Grazie ai membri del sindacato Posta syndicom, le condizioni di lavoro alla Posta sono tutelate da contratti collettivi di lavoro.","breadcrumb":{"@id":"https:\/\/syndicom.ch\/it\/offerte-di-lavoro\/personale-della-posta\/#breadcrumb"},"inLanguage":"it-IT","potentialAction":[{"@type":"ReadAction","target":["https:\/\/syndicom.ch\/it\/offerte-di-lavoro\/personale-della-posta\/"]}]},{"@type":"ImageObject","inLanguage":"it-IT","@id":"https:\/\/syndicom.ch\/it\/offerte-di-lavoro\/personale-della-posta\/#primaryimage","url":"https:\/\/syndicom.ch\/app\/uploads\/2025\/07\/gewerkschaft-syndicom-post-logo-symbolbild-scaled.jpg","contentUrl":"https:\/\/syndicom.ch\/app\/uploads\/2025\/07\/gewerkschaft-syndicom-post-logo-symbolbild-scaled.jpg","width":2560,"height":1707},{"@type":"BreadcrumbList","@id":"https:\/\/syndicom.ch\/it\/offerte-di-lavoro\/personale-della-posta\/#breadcrumb","itemListElement":[{"@type":"ListItem","position":1,"name":"Pagina iniziale","item":"https:\/\/syndicom.ch\/it\/"},{"@type":"ListItem","position":2,"name":"Offerte di lavoro","item":"https:\/\/syndicom.ch\/it\/offerte-di-lavoro\/"},{"@type":"ListItem","position":3,"name":"Personale della Posta"}]},{"@type":"WebSite","@id":"https:\/\/syndicom.ch\/it\/#website","url":"https:\/\/syndicom.ch\/it\/","name":"syndicom","description":"","publisher":{"@id":"https:\/\/syndicom.ch\/it\/#organization"},"potentialAction":[{"@type":"SearchAction","target":{"@type":"EntryPoint","urlTemplate":"https:\/\/syndicom.ch\/it\/?s={search_term_string}"},"query-input":{"@type":"PropertyValueSpecification","valueRequired":true,"valueName":"search_term_string"}}],"inLanguage":"it-IT"},{"@type":"Organization","@id":"https:\/\/syndicom.ch\/it\/#organization","name":"syndicom","url":"https:\/\/syndicom.ch\/it\/","logo":{"@type":"ImageObject","inLanguage":"it-IT","@id":"https:\/\/syndicom.ch\/it\/#\/schema\/logo\/image\/","url":"https:\/\/syndicom.ch\/app\/uploads\/2024\/06\/logo.svg","contentUrl":"https:\/\/syndicom.ch\/app\/uploads\/2024\/06\/logo.svg","width":297,"height":51,"caption":"syndicom"},"image":{"@id":"https:\/\/syndicom.ch\/it\/#\/schema\/logo\/image\/"}}]}},"_links":{"self":[{"href":"https:\/\/syndicom.ch\/it\/wp-json\/wp\/v2\/pages\/16686","targetHints":{"allow":["GET"]}}],"collection":[{"href":"https:\/\/syndicom.ch\/it\/wp-json\/wp\/v2\/pages"}],"about":[{"href":"https:\/\/syndicom.ch\/it\/wp-json\/wp\/v2\/types\/page"}],"author":[{"embeddable":true,"href":"https:\/\/syndicom.ch\/it\/wp-json\/wp\/v2\/users\/3"}],"replies":[{"embeddable":true,"href":"https:\/\/syndicom.ch\/it\/wp-json\/wp\/v2\/comments?post=16686"}],"version-history":[{"count":16,"href":"https:\/\/syndicom.ch\/it\/wp-json\/wp\/v2\/pages\/16686\/revisions"}],"predecessor-version":[{"id":55127,"href":"https:\/\/syndicom.ch\/it\/wp-json\/wp\/v2\/pages\/16686\/revisions\/55127"}],"up":[{"embeddable":true,"href":"https:\/\/syndicom.ch\/it\/wp-json\/wp\/v2\/pages\/7857"}],"wp:featuredmedia":[{"embeddable":true,"href":"https:\/\/syndicom.ch\/it\/wp-json\/wp\/v2\/media\/43747"}],"wp:attachment":[{"href":"https:\/\/syndicom.ch\/it\/wp-json\/wp\/v2\/media?parent=16686"}],"wp:term":[{"taxonomy":"category","embeddable":true,"href":"https:\/\/syndicom.ch\/it\/wp-json\/wp\/v2\/categories?post=16686"}],"curies":[{"name":"wp","href":"https:\/\/api.w.org\/{rel}","templated":true}]}}