{"id":16720,"date":"2024-11-08T08:26:49","date_gmt":"2024-11-08T07:26:49","guid":{"rendered":"https:\/\/syndicom.ch\/?page_id=16720"},"modified":"2026-03-23T17:17:11","modified_gmt":"2026-03-23T16:17:11","slug":"corriere-consegnatario","status":"publish","type":"page","link":"https:\/\/syndicom.ch\/it\/offerte-di-lavoro\/corriere-consegnatario\/","title":{"rendered":"Corriere &amp; Consegnatario"},"content":{"rendered":"\n<div class=\"wp-block-group alignfull has-primary-background-color has-background is-layout-constrained wp-block-group-is-layout-constrained\">\n<div class=\"wp-block-group is-style-narrow is-layout-constrained wp-block-group-is-layout-constrained\">\n<h1 class=\"wp-block-heading has-background-color has-text-color has-link-color wp-elements-0a352fdd5240ebfbb678c21eca15aa9d\">syndicom. Il sindacato delle consegne e della logistica<\/h1>\n\n\n\n<div class=\"wp-block-columns is-layout-flex wp-container-core-columns-is-layout-9d6595d7 wp-block-columns-is-layout-flex\">\n<div class=\"wp-block-column is-layout-flow wp-block-column-is-layout-flow\" style=\"flex-basis:66.66%\">\n<p class=\"is-style-lead has-background-color has-text-color has-link-color wp-elements-04fc613713fedb2e6dc167b2138a69e7\">syndicom \u00e8 il sindacato delle lavoratrici e dei lavoratori del settore della consegna e della logistica per merci varie. Insieme, ci battiamo per ottenere buone condizioni di lavoro e salariali per il personale addetto alle consegne e i corrieri, nonch\u00e9 per le nostre colleghe e colleghi dei centri di smistamento e distribuzione.<\/p>\n<\/div>\n\n\n\n<div class=\"wp-block-column is-layout-flow wp-block-column-is-layout-flow\" style=\"flex-basis:33.33%\">\n<div class=\"wp-block-group is-vertical is-nowrap is-layout-flex wp-container-core-group-is-layout-fc43baa9 wp-block-group-is-layout-flex\">\n<p><\/p>\n<\/div>\n<\/div>\n<\/div>\n<\/div>\n<\/div>\n\n\n\n<div class=\"wp-block-group alignfull has-background-background-color has-background is-layout-constrained wp-block-group-is-layout-constrained\">\n<div class=\"wp-block-group is-style-narrow is-layout-constrained wp-block-group-is-layout-constrained\">\n<h2 class=\"wp-block-heading\">Quello che noi come sindacato facciamo per te <\/h2>\n\n\n\n<hr class=\"wp-block-separator has-alpha-channel-opacity is-style-wide\"\/>\n\n\n\n<div class=\"wp-block-group is-style-narrow is-layout-constrained wp-block-group-is-layout-constrained\">\n<div class=\"wp-block-columns is-style-accordion has-background-background-color has-background is-layout-flex wp-container-core-columns-is-layout-9d6595d7 wp-block-columns-is-layout-flex\">\n<div class=\"wp-block-column has-background-background-color has-background is-layout-flow wp-block-column-is-layout-flow\">\n<h3 class=\"wp-block-heading has-primary-color has-text-color has-link-color wp-elements-0125e7772bbe558c9a6eb6940f1d5550\">Lavori per DHL, DPD, UPS, FedEx, GO!, 7Days o altri?<\/h3>\n<\/div>\n\n\n\n<div class=\"wp-block-column is-layout-flow wp-block-column-is-layout-flow\">\n<p class=\"is-style-default\">Il personale addetto al recapito di pacchi ha un lavoro duro. Ha giornate lavorative molto lunghe, i percorsi di consegna sono troppo lunghi (spesso a causa di algoritmi mal calcolati). E tutto questo con salari bassi. La liberalizzazione del mercato postale ha portato a condizioni di lavoro pessime nella consegna e nello smistamento. C&#8217;\u00e8 una guerra dei prezzi in cui le aziende e i loro subappaltatori si fanno concorrenza a vicenda.<\/p>\n\n\n\n<p class=\"is-style-default\">syndicom conosce i problemi dei corrieri: come sindacato del personale della Posta, conosce bene le sfide nel settore del recapito. Insieme alle sue associate e associati, si batte per ottenere salari migliori e agevolazioni nella vita lavorativa quotidiana. Il sindacato syndicom \u00e8 attualmente impegnato nella negoziazione di un contratto collettivo di lavoro di obbligatoriet\u00e0 generale con le associazioni dei datori di lavoro del settore del recapito. Il modo migliore per sostenerci \u00e8 aderire al sindacato.<\/p>\n<\/div>\n<\/div>\n<\/div>\n\n\n\n<hr class=\"wp-block-separator has-alpha-channel-opacity is-style-wide\"\/>\n\n\n\n<div class=\"wp-block-columns is-style-accordion has-background-background-color has-background is-layout-flex wp-container-core-columns-is-layout-9d6595d7 wp-block-columns-is-layout-flex\">\n<div class=\"wp-block-column has-background-background-color has-background is-layout-flow wp-block-column-is-layout-flow\">\n<h3 class=\"wp-block-heading has-primary-color has-text-color has-link-color wp-elements-08ba10b8ab6d262757f6c82398a2a7c5\">Lavori per Planzer Pacchi?<\/h3>\n<\/div>\n\n\n\n<div class=\"wp-block-column is-layout-flow wp-block-column-is-layout-flow\">\n<p class=\"is-style-default\">Decine di addette e addetti alle consegne di \u00abPlanzer Pacchi\u00bb hanno contattato il sindacato syndicom nel 2022. Hanno riferito di rimostranze nelle loro sedi. Insieme al sindacato syndicom, la forza lavoro, organizzata, ha esercitato pressioni sul datore di lavoro finch\u00e9 quest&#8217;ultimo non \u00e8 stato disposto a negoziare un contratto collettivo di lavoro.<\/p>\n\n\n\n<p class=\"is-style-default\">Nelle trattative con il datore di lavoro sono state trovate soluzioni alla maggior parte delle preoccupazioni e delle richieste del personale. Dall&#8217;ottobre 2023, un contratto collettivo di lavoro regola i rapporti di lavoro del personale di \u00abPlanzer Pacchi\u00bb. Si tratta di un progresso importante, che ha migliorato notevolmente le condizioni di lavoro e dimostra che i problemi sul posto di lavoro possono essere risolti meglio insieme!<\/p>\n\n\n\n<div class=\"wp-block-buttons is-layout-flex wp-block-buttons-is-layout-flex\">\n<div class=\"wp-block-button is-style-external\"><a class=\"wp-block-button__link has-secondary-background-color has-background wp-element-button\" href=\"https:\/\/syndicom.ch\/it\/voce-glossario\/planzer-pacchi\/\" target=\"_blank\" rel=\"noreferrer noopener\">Contratto collettivo di lavoro Planzer<\/a><\/div>\n<\/div>\n<\/div>\n<\/div>\n\n\n\n<hr class=\"wp-block-separator has-alpha-channel-opacity is-style-wide\"\/>\n\n\n\n<div class=\"wp-block-columns is-style-accordion has-background-background-color has-background is-layout-flex wp-container-core-columns-is-layout-9d6595d7 wp-block-columns-is-layout-flex\">\n<div class=\"wp-block-column has-background-background-color has-background is-layout-flow wp-block-column-is-layout-flow\">\n<h3 class=\"wp-block-heading has-primary-color has-text-color has-link-color wp-elements-a3aaa23cc509f59dcc7e3041d75b1de6\">Lavori per Smood o Chaskis?<\/h3>\n<\/div>\n\n\n\n<div class=\"wp-block-column is-layout-flow wp-block-column-is-layout-flow\">\n<p class=\"is-style-default\">syndicom rappresenta i corrieri di Smood dal 2018. Insieme ai rappresentanti dei corrieri, abbiamo negoziato migliori condizioni di lavoro con la direzione di Smood. Le regole del gioco sono stabilite in un contratto collettivo di lavoro (CCL). I corrieri di Smood hanno approvato il CCL con una votazione della base.<\/p>\n\n\n\n<div class=\"wp-block-buttons is-layout-flex wp-block-buttons-is-layout-flex\">\n<div class=\"wp-block-button is-style-external\"><a class=\"wp-block-button__link has-secondary-background-color has-background wp-element-button\" href=\"https:\/\/syndicom.ch\/it\/voce-glossario\/smood\/\" target=\"_blank\" rel=\"noreferrer noopener\">Contratto collettivo di lavoro Smood<\/a><\/div>\n<\/div>\n\n\n\n<p>Grazie al CCL, i corrieri Smood ricevono un salario minimo di 23 franchi svizzeri all&#8217;ora (escluse le mance e i bonus), gli incarichi di lavoro durano in genere almeno due ore, vengono proposte loro almeno quattro ore di lavoro a settimana, il lavoro domenicale \u00e8 retribuito con un supplemento del 5%, hanno diritti di codeterminazione in azienda e molto altro ancora&#8230;<\/p>\n\n\n\n<p class=\"is-style-default\">Il personale di Chaskis SA consegna del cibo utilizzando l&#8217;applicazione Uber. Chaskis SA \u00e8 membro dell&#8217;associazione dei datori di lavoro dei servizi di corriere urbano \u00abSwiss Messenger Logistics\u00bb. Nel 2020, Chaskis SA ha sottoscritto il contratto collettivo di lavoro che si applica al settore dei corrieri in bicicletta e generi alimentari. L&#8217;azienda impiega il proprio personale secondo le condizioni stabilite da questo CCL. Chaskis SA \u00e8 stata quindi la prima azienda partner di Uber a riconoscere le disposizioni applicabili al settore.<\/p>\n<\/div>\n<\/div>\n\n\n\n<hr class=\"wp-block-separator has-alpha-channel-opacity is-style-wide\"\/>\n\n\n\n<div class=\"wp-block-columns is-style-accordion has-background-background-color has-background is-layout-flex wp-container-core-columns-is-layout-9d6595d7 wp-block-columns-is-layout-flex\">\n<div class=\"wp-block-column has-background-background-color has-background is-layout-flow wp-block-column-is-layout-flow\">\n<h3 class=\"wp-block-heading has-primary-color has-text-color has-link-color wp-elements-15b9d12cca51479c1e0a36099179f0bc\">Lavorate come corriere in bicicletta?<\/h3>\n<\/div>\n\n\n\n<div class=\"wp-block-column is-layout-flow wp-block-column-is-layout-flow\">\n<p class=\"is-style-default\">Il sindacato syndicom riunisce i corrieri in bicicletta di tutta la Svizzera. Insieme alle nostre associate e associati, nel 2019 siamo riusciti a negoziare un contratto collettivo di lavoro (CCL) con l&#8217;associazione dei datori di lavoro \u00abSwiss Messenger Logistics\u00bb per i corrieri in bicicletta e di generi alimentari.<\/p>\n\n\n\n<div class=\"wp-block-buttons is-layout-flex wp-block-buttons-is-layout-flex\">\n<div class=\"wp-block-button is-style-external\"><a class=\"wp-block-button__link has-secondary-background-color has-background wp-element-button\" href=\"https:\/\/syndicom.ch\/it\/voce-glossario\/corrieri-di-biciclette\/\" target=\"_blank\" rel=\"noreferrer noopener\">CCL Corrieri di biciclette<\/a><\/div>\n<\/div>\n\n\n\n<p class=\"is-style-default\">Il personale delle 17 aziende affiliate all&#8217;associazione beneficiano della protezione di un CCL che garantisce loro condizioni di lavoro eque e salari minimi. Il CCL prevede anche, ad esempio, integrazioni salariali (per il lavoro domenicale) o tariffe minime per le spese (per l&#8217;uso della propria bicicletta o telefono cellulare).<\/p>\n<\/div>\n<\/div>\n\n\n\n<hr class=\"wp-block-separator has-alpha-channel-opacity is-style-wide\"\/>\n\n\n\n<div class=\"wp-block-columns is-style-accordion has-background-background-color has-background is-layout-flex wp-container-core-columns-is-layout-9d6595d7 wp-block-columns-is-layout-flex\">\n<div class=\"wp-block-column has-background-background-color has-background is-layout-flow wp-block-column-is-layout-flow\">\n<h3 class=\"wp-block-heading has-primary-color has-text-color has-link-color wp-elements-18477d8e4bf1aab4ebd84ce1b9dfec48\">Lavori come corriere alimentari per JustEat, FWG, Just-Delivered, Bring, Chaskis, UberEats o altri?<\/h3>\n<\/div>\n\n\n\n<div class=\"wp-block-column is-layout-flow wp-block-column-is-layout-flow\">\n<p class=\"is-style-default\">Consegni cibo in auto, in e-bike o in bicicletta? I corrieri alimentari fanno parte del paesaggio urbano gi\u00e0 da prima della pandemia. I salari in questo settore sono bassi e le condizioni di lavoro pessime. Insieme alle sue associate e associati, il sindacato syndicom si impegna per ottenere miglioramenti: vogliamo un buon lavoro e posti di lavoro sicuri per tutti i corrieri alimentari.<\/p>\n\n\n\n<p>Alcuni servizi di consegna di cibo, come Smood, Chaskis e Velo-Gourmet, hanno sottoscritto il contratto collettivo di lavoro (CCL) per i corrieri in bicicletta e generi alimentari. Il loro personale beneficia della protezione di un CCL che garantisce loro condizioni di lavoro eque e salari minimi. Il CCL prevede anche, ad esempio, integrazioni salariali (per il lavoro domenicale) o tariffe minime per le spese (per l&#8217;uso della propria bicicletta o telefono cellulare).<\/p>\n\n\n\n<div class=\"wp-block-buttons is-layout-flex wp-block-buttons-is-layout-flex\">\n<div class=\"wp-block-button is-style-external\"><a class=\"wp-block-button__link has-secondary-background-color has-background wp-element-button\" href=\"https:\/\/syndicom.ch\/it\/voce-glossario\/corrieri-di-biciclette\/\" target=\"_blank\" rel=\"noreferrer noopener\">CCL Corrieri di biciclette<\/a><\/div>\n<\/div>\n<\/div>\n<\/div>\n\n\n\n<hr class=\"wp-block-separator has-alpha-channel-opacity is-style-wide\"\/>\n\n\n\n<h2 class=\"wp-block-heading\">Il futuro del settore delle consegne e della logistica \u2013 cosa intendiamo fare<\/h2>\n\n\n\n<p>Le buone condizioni di lavoro non piovono dal cielo. \u00c8 sempre stato cos\u00ec e non cambier\u00e0. \u00c8 chiaro: solo un contratto collettivo di lavoro (CCL) garantisce la piena tutela delle condizioni di lavoro e di impiego. Un CCL non pu\u00f2 essere peggiorato unilateralmente dal datore di lavoro. Quasi il 60% delle lavoratrici e dei lavoratori svizzeri \u00e8 protetto da un CCL.<\/p>\n<\/div>\n<\/div>\n\n\n\n<div class=\"wp-block-group alignfull has-background-color has-primary-background-color has-text-color has-background has-link-color wp-elements-57a49313cea2a20b4afe141503c8eca4 is-layout-constrained wp-block-group-is-layout-constrained\">\n<div class=\"wp-block-columns is-layout-flex wp-container-core-columns-is-layout-9d6595d7 wp-block-columns-is-layout-flex\">\n<div class=\"wp-block-column is-layout-flow wp-block-column-is-layout-flow\" style=\"flex-basis:20%\">\n<figure class=\"wp-block-image aligncenter size-full is-resized\"><img loading=\"lazy\" decoding=\"async\" width=\"1080\" height=\"1080\" src=\"https:\/\/syndicom.ch\/app\/uploads\/2025\/08\/gewerkschaft-syndicom-urs-zbinden-rund-1.png\" alt=\"\" class=\"wp-image-46358\" style=\"width:250px\" srcset=\"https:\/\/syndicom.ch\/app\/uploads\/2025\/08\/gewerkschaft-syndicom-urs-zbinden-rund-1.png 1080w, https:\/\/syndicom.ch\/app\/uploads\/2025\/08\/gewerkschaft-syndicom-urs-zbinden-rund-1-300x300.png 300w, https:\/\/syndicom.ch\/app\/uploads\/2025\/08\/gewerkschaft-syndicom-urs-zbinden-rund-1-1024x1024.png 1024w, https:\/\/syndicom.ch\/app\/uploads\/2025\/08\/gewerkschaft-syndicom-urs-zbinden-rund-1-150x150.png 150w, https:\/\/syndicom.ch\/app\/uploads\/2025\/08\/gewerkschaft-syndicom-urs-zbinden-rund-1-768x768.png 768w\" sizes=\"auto, (max-width: 1080px) 100vw, 1080px\" \/><\/figure>\n<\/div>\n\n\n\n<div class=\"wp-block-column is-layout-flow wp-block-column-is-layout-flow\" style=\"flex-basis:80%\"><div class=\"wp-block-quote-wrapper\">\n<blockquote class=\"wp-block-quote is-layout-flow wp-block-quote-is-layout-flow\">\n<p>Ci battiamo per migliorare i salari e le condizioni delle lavoratrici e dei i lavoratori del settore delle consegne e della logistica e vogliamo tutelarli con un contratto collettivo di lavoro.<\/p>\n<\/blockquote>\n<\/div>\n\n\n<p><strong>Urs Zbinden<\/strong>, Segretario centrale<\/p>\n<\/div>\n<\/div>\n<\/div>\n\n\n\n<div class=\"wp-block-group alignfull has-background-background-color has-background is-layout-constrained wp-block-group-is-layout-constrained\">\n<div class=\"wp-block-group is-style-narrow is-layout-constrained wp-block-group-is-layout-constrained\">\n<h2 class=\"wp-block-heading\">Il nostro obiettivo: un buon lavoro e salari migliori \u2013 ti unisci a noi?<\/h2>\n\n\n\n<p>syndicom chiede meno giornate lavorative lunghe, niente straordinari non pagati, percorsi pi\u00f9 brevi, salari migliori, pacchi pi\u00f9 leggeri e una reale tutela della salute. In breve: ci battiamo per un lavoro buono e sicuro per i corrieri e gli addetti alle consegne.<\/p>\n\n\n\n<p>Non importa se lavori come corriere di pacchi per DHL o DPD, come corriere in bicicletta in citt\u00e0, come corriere di cibo per JustEat o Smood o ancora in un centro di smistamento o di distribuzione di un altro fornitore: syndicom \u00e8 il tuo sindacato nella logistica. Conosciamo i problemi che devono affrontare i corrieri e gli addetti alle consegne e ci battiamo insieme alle nostre associate e associati per ottenere miglioramenti concreti.<\/p>\n\n\n\n<p>Il sindacato syndicom sta attualmente lavorando all\u2019ottenimento della <a href=\"https:\/\/syndicom.ch\/it\/comunicato-stampa\/il-settore-del-recapito-si-accorda-su-un-ccl\/\" target=\"_blank\" rel=\"noreferrer noopener\">dichiarazione d\u2019obbligatoriet\u00e0 generale di un contratto collettivo di lavoro per l&#8217;intero settore<\/a>. Lo facciamo nelle trattative con le organizzazioni dei datori di lavoro del settore delle consegne.<\/p>\n\n\n\n<p><strong>Raggiungiamo i nostri obiettivi organizzandoci e lavorando insieme per raggiungerli. Ti unisci anche tu a noi?<\/strong><\/p>\n\n\n\n<div class=\"wp-block-buttons is-content-justification-center is-layout-flex wp-container-core-buttons-is-layout-16018d1d wp-block-buttons-is-layout-flex\">\n<div class=\"wp-block-button is-style-syn-member-cta\"><a class=\"wp-block-button__link wp-element-button\" href=\"https:\/\/my.syndicom.ch\/adesione\" target=\"_blank\" rel=\"noreferrer noopener\">Diventa membro<\/a><\/div>\n<\/div>\n<\/div>\n<\/div>\n","protected":false},"excerpt":{"rendered":"<p>syndicom \u00e8 il sindacato dei lavoratori del settore delle consegne. Insieme lottiamo per ottenere buone condizioni di lavoro!<\/p>\n","protected":false},"author":3,"featured_media":59331,"parent":7857,"menu_order":0,"comment_status":"closed","ping_status":"closed","template":"","meta":{"_acf_changed":false,"inline_featured_image":false,"_coblocks_attr":"","_coblocks_dimensions":"","_coblocks_responsive_height":"","_coblocks_accordion_ie_support":"","footnotes":""},"categories":[385,292,381],"class_list":["post-16720","page","type-page","status-publish","has-post-thumbnail","hentry","category-angebot-nach-beruf","category-deine-arbeit","category-il-tuo-lavoro"],"acf":[],"yoast_head":"<!-- This site is optimized with the Yoast SEO plugin v27.3 - https:\/\/yoast.com\/product\/yoast-seo-wordpress\/ -->\n<title>Corriere &amp; Consegnatario - syndicom<\/title>\n<meta name=\"description\" content=\"syndicom \u00e8 il sindacato dei lavoratori del settore delle consegne. Insieme lottiamo per ottenere buone condizioni di lavoro!\" \/>\n<meta name=\"robots\" content=\"index, follow, max-snippet:-1, max-image-preview:large, max-video-preview:-1\" \/>\n<link rel=\"canonical\" href=\"https:\/\/syndicom.ch\/it\/offerte-di-lavoro\/corriere-consegnatario\/\" \/>\n<meta property=\"og:locale\" content=\"it_IT\" \/>\n<meta property=\"og:type\" content=\"article\" \/>\n<meta property=\"og:title\" content=\"Corriere &amp; Consegnatario - syndicom\" \/>\n<meta property=\"og:description\" content=\"syndicom \u00e8 il sindacato dei lavoratori del settore delle consegne. Insieme lottiamo per ottenere buone condizioni di lavoro!\" \/>\n<meta property=\"og:url\" content=\"https:\/\/syndicom.ch\/it\/offerte-di-lavoro\/corriere-consegnatario\/\" \/>\n<meta property=\"og:site_name\" content=\"syndicom\" \/>\n<meta property=\"article:modified_time\" content=\"2026-03-23T16:17:11+00:00\" \/>\n<meta property=\"og:image\" content=\"https:\/\/syndicom.ch\/app\/uploads\/2024\/07\/gewerkschaft-syndicom-frueh-drucksachenzustellung.jpg\" \/>\n\t<meta property=\"og:image:width\" content=\"384\" \/>\n\t<meta property=\"og:image:height\" content=\"215\" \/>\n\t<meta property=\"og:image:type\" content=\"image\/jpeg\" \/>\n<meta name=\"twitter:card\" content=\"summary_large_image\" \/>\n<meta name=\"twitter:label1\" content=\"Tempo di lettura stimato\" \/>\n\t<meta name=\"twitter:data1\" content=\"7 minuti\" \/>\n<script type=\"application\/ld+json\" class=\"yoast-schema-graph\">{\"@context\":\"https:\\\/\\\/schema.org\",\"@graph\":[{\"@type\":\"WebPage\",\"@id\":\"https:\\\/\\\/syndicom.ch\\\/it\\\/offerte-di-lavoro\\\/corriere-consegnatario\\\/\",\"url\":\"https:\\\/\\\/syndicom.ch\\\/it\\\/offerte-di-lavoro\\\/corriere-consegnatario\\\/\",\"name\":\"Corriere &amp; Consegnatario - syndicom\",\"isPartOf\":{\"@id\":\"https:\\\/\\\/syndicom.ch\\\/it\\\/#website\"},\"primaryImageOfPage\":{\"@id\":\"https:\\\/\\\/syndicom.ch\\\/it\\\/offerte-di-lavoro\\\/corriere-consegnatario\\\/#primaryimage\"},\"image\":{\"@id\":\"https:\\\/\\\/syndicom.ch\\\/it\\\/offerte-di-lavoro\\\/corriere-consegnatario\\\/#primaryimage\"},\"thumbnailUrl\":\"https:\\\/\\\/syndicom.ch\\\/app\\\/uploads\\\/2024\\\/07\\\/gewerkschaft-syndicom-frueh-drucksachenzustellung.jpg\",\"datePublished\":\"2024-11-08T07:26:49+00:00\",\"dateModified\":\"2026-03-23T16:17:11+00:00\",\"description\":\"syndicom \u00e8 il sindacato dei lavoratori del settore delle consegne. Insieme lottiamo per ottenere buone condizioni di lavoro!\",\"breadcrumb\":{\"@id\":\"https:\\\/\\\/syndicom.ch\\\/it\\\/offerte-di-lavoro\\\/corriere-consegnatario\\\/#breadcrumb\"},\"inLanguage\":\"it-IT\",\"potentialAction\":[{\"@type\":\"ReadAction\",\"target\":[\"https:\\\/\\\/syndicom.ch\\\/it\\\/offerte-di-lavoro\\\/corriere-consegnatario\\\/\"]}]},{\"@type\":\"ImageObject\",\"inLanguage\":\"it-IT\",\"@id\":\"https:\\\/\\\/syndicom.ch\\\/it\\\/offerte-di-lavoro\\\/corriere-consegnatario\\\/#primaryimage\",\"url\":\"https:\\\/\\\/syndicom.ch\\\/app\\\/uploads\\\/2024\\\/07\\\/gewerkschaft-syndicom-frueh-drucksachenzustellung.jpg\",\"contentUrl\":\"https:\\\/\\\/syndicom.ch\\\/app\\\/uploads\\\/2024\\\/07\\\/gewerkschaft-syndicom-frueh-drucksachenzustellung.jpg\",\"width\":384,\"height\":215},{\"@type\":\"BreadcrumbList\",\"@id\":\"https:\\\/\\\/syndicom.ch\\\/it\\\/offerte-di-lavoro\\\/corriere-consegnatario\\\/#breadcrumb\",\"itemListElement\":[{\"@type\":\"ListItem\",\"position\":1,\"name\":\"Pagina iniziale\",\"item\":\"https:\\\/\\\/syndicom.ch\\\/it\\\/\"},{\"@type\":\"ListItem\",\"position\":2,\"name\":\"Offerte di lavoro\",\"item\":\"https:\\\/\\\/syndicom.ch\\\/it\\\/offerte-di-lavoro\\\/\"},{\"@type\":\"ListItem\",\"position\":3,\"name\":\"Corriere &amp; Consegnatario\"}]},{\"@type\":\"WebSite\",\"@id\":\"https:\\\/\\\/syndicom.ch\\\/it\\\/#website\",\"url\":\"https:\\\/\\\/syndicom.ch\\\/it\\\/\",\"name\":\"syndicom\",\"description\":\"\",\"publisher\":{\"@id\":\"https:\\\/\\\/syndicom.ch\\\/it\\\/#organization\"},\"potentialAction\":[{\"@type\":\"SearchAction\",\"target\":{\"@type\":\"EntryPoint\",\"urlTemplate\":\"https:\\\/\\\/syndicom.ch\\\/it\\\/?s={search_term_string}\"},\"query-input\":{\"@type\":\"PropertyValueSpecification\",\"valueRequired\":true,\"valueName\":\"search_term_string\"}}],\"inLanguage\":\"it-IT\"},{\"@type\":\"Organization\",\"@id\":\"https:\\\/\\\/syndicom.ch\\\/it\\\/#organization\",\"name\":\"syndicom\",\"url\":\"https:\\\/\\\/syndicom.ch\\\/it\\\/\",\"logo\":{\"@type\":\"ImageObject\",\"inLanguage\":\"it-IT\",\"@id\":\"https:\\\/\\\/syndicom.ch\\\/it\\\/#\\\/schema\\\/logo\\\/image\\\/\",\"url\":\"https:\\\/\\\/syndicom.ch\\\/app\\\/uploads\\\/2024\\\/06\\\/logo.svg\",\"contentUrl\":\"https:\\\/\\\/syndicom.ch\\\/app\\\/uploads\\\/2024\\\/06\\\/logo.svg\",\"width\":297,\"height\":51,\"caption\":\"syndicom\"},\"image\":{\"@id\":\"https:\\\/\\\/syndicom.ch\\\/it\\\/#\\\/schema\\\/logo\\\/image\\\/\"}}]}<\/script>\n<!-- \/ Yoast SEO plugin. -->","yoast_head_json":{"title":"Corriere &amp; Consegnatario - syndicom","description":"syndicom \u00e8 il sindacato dei lavoratori del settore delle consegne. Insieme lottiamo per ottenere buone condizioni di lavoro!","robots":{"index":"index","follow":"follow","max-snippet":"max-snippet:-1","max-image-preview":"max-image-preview:large","max-video-preview":"max-video-preview:-1"},"canonical":"https:\/\/syndicom.ch\/it\/offerte-di-lavoro\/corriere-consegnatario\/","og_locale":"it_IT","og_type":"article","og_title":"Corriere &amp; Consegnatario - syndicom","og_description":"syndicom \u00e8 il sindacato dei lavoratori del settore delle consegne. Insieme lottiamo per ottenere buone condizioni di lavoro!","og_url":"https:\/\/syndicom.ch\/it\/offerte-di-lavoro\/corriere-consegnatario\/","og_site_name":"syndicom","article_modified_time":"2026-03-23T16:17:11+00:00","og_image":[{"width":384,"height":215,"url":"https:\/\/syndicom.ch\/app\/uploads\/2024\/07\/gewerkschaft-syndicom-frueh-drucksachenzustellung.jpg","type":"image\/jpeg"}],"twitter_card":"summary_large_image","twitter_misc":{"Tempo di lettura stimato":"7 minuti"},"schema":{"@context":"https:\/\/schema.org","@graph":[{"@type":"WebPage","@id":"https:\/\/syndicom.ch\/it\/offerte-di-lavoro\/corriere-consegnatario\/","url":"https:\/\/syndicom.ch\/it\/offerte-di-lavoro\/corriere-consegnatario\/","name":"Corriere &amp; Consegnatario - syndicom","isPartOf":{"@id":"https:\/\/syndicom.ch\/it\/#website"},"primaryImageOfPage":{"@id":"https:\/\/syndicom.ch\/it\/offerte-di-lavoro\/corriere-consegnatario\/#primaryimage"},"image":{"@id":"https:\/\/syndicom.ch\/it\/offerte-di-lavoro\/corriere-consegnatario\/#primaryimage"},"thumbnailUrl":"https:\/\/syndicom.ch\/app\/uploads\/2024\/07\/gewerkschaft-syndicom-frueh-drucksachenzustellung.jpg","datePublished":"2024-11-08T07:26:49+00:00","dateModified":"2026-03-23T16:17:11+00:00","description":"syndicom \u00e8 il sindacato dei lavoratori del settore delle consegne. Insieme lottiamo per ottenere buone condizioni di lavoro!","breadcrumb":{"@id":"https:\/\/syndicom.ch\/it\/offerte-di-lavoro\/corriere-consegnatario\/#breadcrumb"},"inLanguage":"it-IT","potentialAction":[{"@type":"ReadAction","target":["https:\/\/syndicom.ch\/it\/offerte-di-lavoro\/corriere-consegnatario\/"]}]},{"@type":"ImageObject","inLanguage":"it-IT","@id":"https:\/\/syndicom.ch\/it\/offerte-di-lavoro\/corriere-consegnatario\/#primaryimage","url":"https:\/\/syndicom.ch\/app\/uploads\/2024\/07\/gewerkschaft-syndicom-frueh-drucksachenzustellung.jpg","contentUrl":"https:\/\/syndicom.ch\/app\/uploads\/2024\/07\/gewerkschaft-syndicom-frueh-drucksachenzustellung.jpg","width":384,"height":215},{"@type":"BreadcrumbList","@id":"https:\/\/syndicom.ch\/it\/offerte-di-lavoro\/corriere-consegnatario\/#breadcrumb","itemListElement":[{"@type":"ListItem","position":1,"name":"Pagina iniziale","item":"https:\/\/syndicom.ch\/it\/"},{"@type":"ListItem","position":2,"name":"Offerte di lavoro","item":"https:\/\/syndicom.ch\/it\/offerte-di-lavoro\/"},{"@type":"ListItem","position":3,"name":"Corriere &amp; Consegnatario"}]},{"@type":"WebSite","@id":"https:\/\/syndicom.ch\/it\/#website","url":"https:\/\/syndicom.ch\/it\/","name":"syndicom","description":"","publisher":{"@id":"https:\/\/syndicom.ch\/it\/#organization"},"potentialAction":[{"@type":"SearchAction","target":{"@type":"EntryPoint","urlTemplate":"https:\/\/syndicom.ch\/it\/?s={search_term_string}"},"query-input":{"@type":"PropertyValueSpecification","valueRequired":true,"valueName":"search_term_string"}}],"inLanguage":"it-IT"},{"@type":"Organization","@id":"https:\/\/syndicom.ch\/it\/#organization","name":"syndicom","url":"https:\/\/syndicom.ch\/it\/","logo":{"@type":"ImageObject","inLanguage":"it-IT","@id":"https:\/\/syndicom.ch\/it\/#\/schema\/logo\/image\/","url":"https:\/\/syndicom.ch\/app\/uploads\/2024\/06\/logo.svg","contentUrl":"https:\/\/syndicom.ch\/app\/uploads\/2024\/06\/logo.svg","width":297,"height":51,"caption":"syndicom"},"image":{"@id":"https:\/\/syndicom.ch\/it\/#\/schema\/logo\/image\/"}}]}},"_links":{"self":[{"href":"https:\/\/syndicom.ch\/it\/wp-json\/wp\/v2\/pages\/16720","targetHints":{"allow":["GET"]}}],"collection":[{"href":"https:\/\/syndicom.ch\/it\/wp-json\/wp\/v2\/pages"}],"about":[{"href":"https:\/\/syndicom.ch\/it\/wp-json\/wp\/v2\/types\/page"}],"author":[{"embeddable":true,"href":"https:\/\/syndicom.ch\/it\/wp-json\/wp\/v2\/users\/3"}],"replies":[{"embeddable":true,"href":"https:\/\/syndicom.ch\/it\/wp-json\/wp\/v2\/comments?post=16720"}],"version-history":[{"count":11,"href":"https:\/\/syndicom.ch\/it\/wp-json\/wp\/v2\/pages\/16720\/revisions"}],"predecessor-version":[{"id":59783,"href":"https:\/\/syndicom.ch\/it\/wp-json\/wp\/v2\/pages\/16720\/revisions\/59783"}],"up":[{"embeddable":true,"href":"https:\/\/syndicom.ch\/it\/wp-json\/wp\/v2\/pages\/7857"}],"wp:featuredmedia":[{"embeddable":true,"href":"https:\/\/syndicom.ch\/it\/wp-json\/wp\/v2\/media\/59331"}],"wp:attachment":[{"href":"https:\/\/syndicom.ch\/it\/wp-json\/wp\/v2\/media?parent=16720"}],"wp:term":[{"taxonomy":"category","embeddable":true,"href":"https:\/\/syndicom.ch\/it\/wp-json\/wp\/v2\/categories?post=16720"}],"curies":[{"name":"wp","href":"https:\/\/api.w.org\/{rel}","templated":true}]}}