{"id":21755,"date":"2024-12-19T15:00:14","date_gmt":"2024-12-19T14:00:14","guid":{"rendered":"https:\/\/syndicom.ch\/?page_id=21755"},"modified":"2026-04-23T09:45:01","modified_gmt":"2026-04-23T07:45:01","slug":"pensionati","status":"publish","type":"page","link":"https:\/\/syndicom.ch\/it\/pensionati\/","title":{"rendered":"Pensionati"},"content":{"rendered":"\n<div class=\"wp-block-group alignfull has-background-color has-primary-background-color has-text-color has-background has-link-color wp-elements-b0216f72d0abf9d1c52760067cc13af3 is-layout-constrained wp-block-group-is-layout-constrained\">\n<div class=\"wp-block-group is-style-narrow is-layout-constrained wp-block-group-is-layout-constrained\">\n<div class=\"wp-block-columns is-layout-flex wp-container-core-columns-is-layout-9d6595d7 wp-block-columns-is-layout-flex\">\n<div class=\"wp-block-column is-layout-flow wp-block-column-is-layout-flow\">\n<div class=\"wp-block-buttons is-layout-flex wp-block-buttons-is-layout-flex\">\n<div class=\"wp-block-button is-style-underline\"><a class=\"wp-block-button__link has-background-color has-background-background-color has-text-color has-background has-link-color has-text-align-center wp-element-button\" href=\"https:\/\/syndicom.ch\/it\/pensionati\/temi\/\">Temi<\/a><\/div>\n<\/div>\n<\/div>\n\n\n\n<div class=\"wp-block-column is-layout-flow wp-block-column-is-layout-flow\">\n<div class=\"wp-block-buttons is-layout-flex wp-block-buttons-is-layout-flex\">\n<div class=\"wp-block-button is-style-underline\"><a class=\"wp-block-button__link has-background-color has-background-background-color has-text-color has-background has-link-color has-text-align-center wp-element-button\" href=\"https:\/\/syndicom.ch\/it\/pensionati\/muovere\/\">Movimento<\/a><\/div>\n<\/div>\n<\/div>\n\n\n\n<div class=\"wp-block-column is-layout-flow wp-block-column-is-layout-flow\">\n<div class=\"wp-block-buttons is-layout-flex wp-block-buttons-is-layout-flex\">\n<div class=\"wp-block-button is-style-underline\"><a class=\"wp-block-button__link has-background-color has-background-background-color has-text-color has-background has-link-color has-text-align-center wp-element-button\" href=\"https:\/\/syndicom.ch\/it\/pensionati\/gruppi\/\">Gruppi<\/a><\/div>\n<\/div>\n<\/div>\n\n\n\n<div class=\"wp-block-column is-layout-flow wp-block-column-is-layout-flow\">\n<div class=\"wp-block-buttons is-layout-flex wp-block-buttons-is-layout-flex\">\n<div class=\"wp-block-button is-style-underline\"><a class=\"wp-block-button__link has-background-color has-background-background-color has-text-color has-background has-link-color wp-element-button\" href=\"https:\/\/syndicom.ch\/it\/pensionati\/bollettino\/\">Bollettino<\/a><\/div>\n<\/div>\n<\/div>\n<\/div>\n\n\n\n<h1 class=\"wp-block-heading\">Pensionati syndicom<\/h1>\n\n\n\n<div class=\"wp-block-columns is-layout-flex wp-container-core-columns-is-layout-9d6595d7 wp-block-columns-is-layout-flex\">\n<div class=\"wp-block-column is-layout-flow wp-block-column-is-layout-flow\" style=\"flex-basis:50%\">\n<p class=\"is-style-lead\">impegnati per una societ\u00e0 solidale che rispetti tutte le generazioni.<\/p>\n<\/div>\n\n\n\n<div class=\"wp-block-column is-layout-flow wp-block-column-is-layout-flow\" style=\"flex-basis:50%\">\n<figure class=\"wp-block-image size-full\"><img decoding=\"async\" src=\"https:\/\/syndicom.ch\/app\/uploads\/2024\/11\/gewerkschaft-syndicom-pensionierte-event.jpg\" alt=\"\" class=\"wp-image-16629\" \/><\/figure>\n<\/div>\n<\/div>\n\n\n\n<div class=\"wp-block-group is-vertical is-layout-flex wp-container-core-group-is-layout-8cf370e7 wp-block-group-is-layout-flex\">\n<p><strong>Attuale<\/strong><\/p>\n\n\n\n<p>\u279c\u00a0<a href=\"https:\/\/syndicom.ch\/it\/pensionati\/news\/conferenza-dei-gruppi-di-pensionati-2026\/\" target=\"_blank\" rel=\"noreferrer noopener\"><mark style=\"background-color:#0D7EAC\" class=\"has-inline-color has-background-color\">Conferenza dei gruppi di pensionati 2026<\/mark><\/a><br>\u279c\u00a0<a href=\"https:\/\/syndicom.ch\/it\/pensionati\/news\/convegno-dei-delle-pensionati-e-delluss\/\" target=\"_blank\" rel=\"noreferrer noopener\"><mark style=\"background-color:#0D7EAC\" class=\"has-inline-color has-background-color\">Convegno dei-delle pensionati-e dell\u2019USS<\/mark><\/a><br>\u279c\u00a0<a href=\"https:\/\/syndicom.ch\/it\/pensionati\/news\/fares-petizione-contro-la-discriminazione-basata-sulleta\/\" target=\"_blank\" rel=\"noreferrer noopener\"><mark style=\"background-color:#0D7EAC\" class=\"has-inline-color has-background-color\">FARES: Petizione contro la discriminazione basata sull\u2019et\u00e0<\/mark><\/a>\u00a0<\/p>\n\n\n\n<hr class=\"wp-block-separator has-alpha-channel-opacity\" \/>\n\n\n\n<p>\u279c <a href=\"#siamo\"><mark style=\"background-color:#0D7EAC\" class=\"has-inline-color has-background-color\">Chi siamo<\/mark><\/a>&nbsp;<\/p>\n<\/div>\n<\/div>\n<\/div>\n\n\n\n<div class=\"wp-block-group alignfull has-background-background-color has-background is-layout-constrained wp-block-group-is-layout-constrained\">\n<div class=\"wp-block-group is-style-narrow is-layout-constrained wp-block-group-is-layout-constrained\">\n<h4 class=\"wp-block-heading\"><strong>Insieme per la giustizia sociale e la solidariet\u00e0<\/strong><\/h4>\n\n\n\n<p>I pensionati syndicom sfruttano la loro esperienza di vita per promuovere una vita dignitosa in et\u00e0 avanzata. I nostri obiettivi sono pensioni sicure, assistenza sanitaria e abitativa a prezzi accessibili, servizi pubblici completi per tutti e assistenza di qualit\u00e0 nella terza et\u00e0. Siamo auto-organizzati e ci mobilitiamo per le nostre cause. Ci riuniamo regolarmente nei nostri gruppi regionali. Siamo attivi con impegno ed entusiasmo e facciamo la differenza.<\/p>\n\n\n\n<p><strong>Entrate a far parte del nostro vivace movimento! Costruiamo insieme il presente e il futuro!<\/strong><\/p>\n<\/div>\n<\/div>\n\n\n\n<div class=\"wp-block-group alignfull has-background-background-color has-background is-layout-constrained wp-block-group-is-layout-constrained\">\n<div class=\"wp-block-group is-style-narrow is-layout-constrained wp-block-group-is-layout-constrained\">\n<h2 class=\"wp-block-heading\" id=\"siamo\">Comitato<\/h2>\n\n\n\n<p>Il Comitato dei pensionati \u00e8 responsabile della rappresentanza politica all&#8217;interno del sindacato syndicom e all&#8217;esterno.<\/p>\n\n\n\n<p>Rappresenta gli interessi specifici degli membri in pensione e si adopera per migliorare la loro situazione economica, politica e sociale nella societ\u00e0.<\/p>\n\n\n\n<ul class=\"wp-block-list\">\n<li><a href=\"#riferisce\">Il Comitato riferisce<\/a><\/li>\n\n\n\n<li><a href=\"https:\/\/syndicom.ch\/it\/pensionati\/comitato\/\" target=\"_blank\" rel=\"noreferrer noopener\">Ritratto del comitato<\/a><\/li>\n\n\n\n<li><a href=\"#memoria\">In memoria<\/a><\/li>\n<\/ul>\n<\/div>\n<\/div>\n\n\n\n<div class=\"wp-block-group alignfull has-background-background-color has-background is-layout-constrained wp-block-group-is-layout-constrained\">\n<div class=\"wp-block-group is-style-narrow is-layout-constrained wp-block-group-is-layout-constrained\">\n<h2 class=\"wp-block-heading has-text-align-left\" id=\"riferisce\">Il Comitato riferisce<\/h2>\n\n\n\n<div data-wp-context=\"{}\" data-wp-interactive=\"core\/query\" data-wp-key=\"0\" data-wp-router-region=\"query-0\" class=\"wp-block-query is-layout-flow wp-block-query-is-layout-flow\"><ul class=\"wp-block-post-template is-layout-flow wp-block-post-template-is-layout-flow\"><li data-wp-key=\"post-template-item-55870\" class=\"wp-block-post post-55870 syn_news_retirees type-syn_news_retirees status-publish hentry syn_news_retirees_category-vorstand-it syn_news_retirees_category-vorstandssitzung-it\">\n<h3 class=\"has-link-color wp-elements-e0fea9949ff33616516a5cc208365ab5 wp-block-post-title has-text-color has-primary-color\"><a href=\"https:\/\/syndicom.ch\/it\/pensionati\/news\/resoconto-della-riunione-del-comitato-del-15-gennaio-2026\/\" target=\"_self\" >Resoconto della riunione del comitato del 15 gennaio 2026<\/a><\/h3>\n\n<div class=\"wp-block-post-date\"><time datetime=\"2026-01-22T11:11:04+01:00\">22 Gennaio 2026<\/time><\/div>\n\n<a href=\"https:\/\/syndicom.ch\/it\/pensionati\/news\/resoconto-della-riunione-del-comitato-del-15-gennaio-2026\/\"><div class=\"wp-block-post-excerpt\"><p class=\"wp-block-post-excerpt__excerpt\">Resoconto della riunione del comitato del 15 gennaio 2026 Durante la prima riunione a Bienne sono stati trattati temi importanti quali lo sviluppo organizzativo dei pensionati e la composizione degli&hellip; <\/p><\/div><\/a><div class=\"syn-post-terms\" style=\"display: none\"><a href=\"#\" class=\"syn-post-terms__link\" data-term-id=\"140\">Vorstand<\/a> <a href=\"#\" class=\"syn-post-terms__link\" data-term-id=\"368\">Vorstandssitzung<\/a> <\/div>\n\n\n<\/li><li data-wp-key=\"post-template-item-50059\" class=\"wp-block-post post-50059 syn_news_retirees type-syn_news_retirees status-publish hentry syn_news_retirees_category-vorstand-it syn_news_retirees_category-vorstandssitzung-it\">\n<h3 class=\"has-link-color wp-elements-e0fea9949ff33616516a5cc208365ab5 wp-block-post-title has-text-color has-primary-color\"><a href=\"https:\/\/syndicom.ch\/it\/pensionati\/news\/ritiro-2025-nel-castello-di-burgdorf\/\" target=\"_self\" >Ritiro 2025 nel castello di Burgdorf<\/a><\/h3>\n\n<div class=\"wp-block-post-date\"><time datetime=\"2025-10-27T09:54:01+01:00\">27 Ottobre 2025<\/time><\/div>\n\n<a href=\"https:\/\/syndicom.ch\/it\/pensionati\/news\/ritiro-2025-nel-castello-di-burgdorf\/\"><div class=\"wp-block-post-excerpt\"><p class=\"wp-block-post-excerpt__excerpt\">Ritiro 2025nel castello di Burgdorf Dal 14 al 16 ottobre 2025, il comitato direttivo dei pensionati syndicom si \u00e8 riunito per il suo ritiro annuale nello storico castello di Burgdorf.&hellip; <\/p><\/div><\/a><div class=\"syn-post-terms\" style=\"display: none\"><a href=\"#\" class=\"syn-post-terms__link\" data-term-id=\"140\">Vorstand<\/a> <a href=\"#\" class=\"syn-post-terms__link\" data-term-id=\"368\">Vorstandssitzung<\/a> <\/div>\n\n\n<\/li><li data-wp-key=\"post-template-item-47022\" class=\"wp-block-post post-47022 syn_news_retirees type-syn_news_retirees status-publish hentry syn_news_retirees_category-vorstandssitzung-it\">\n<h3 class=\"has-link-color wp-elements-e0fea9949ff33616516a5cc208365ab5 wp-block-post-title has-text-color has-primary-color\"><a href=\"https:\/\/syndicom.ch\/it\/pensionati\/news\/riunione-del-comitato-direttivo-del-28-agosto-2025\/\" target=\"_self\" >Riunione del comitato direttivo del 28 agosto 2025<\/a><\/h3>\n\n<div class=\"wp-block-post-date\"><time datetime=\"2025-08-28T18:00:13+02:00\">28 Agosto 2025<\/time><\/div>\n\n<a href=\"https:\/\/syndicom.ch\/it\/pensionati\/news\/riunione-del-comitato-direttivo-del-28-agosto-2025\/\"><div class=\"wp-block-post-excerpt\"><p class=\"wp-block-post-excerpt__excerpt\">Il 28 agosto 2025 il comitato direttivo si \u00e8 riunito a Bienne per la terza riunione dell&#8217;anno. Al centro dell&#8217;attenzione c&#8217;erano la retrospettiva sul congresso 2025, la risoluzione \u00abServizio pubblico\u00bb,&hellip; <\/p><\/div><\/a><div class=\"syn-post-terms\" style=\"display: none\"><a href=\"#\" class=\"syn-post-terms__link\" data-term-id=\"368\">Vorstandssitzung<\/a> <\/div>\n\n\n<\/li><li data-wp-key=\"post-template-item-35978\" class=\"wp-block-post post-35978 syn_news_retirees type-syn_news_retirees status-publish hentry syn_news_retirees_category-vorstandssitzung syn_news_retirees_category-vorstandssitzung-it\">\n<h3 class=\"has-link-color wp-elements-e0fea9949ff33616516a5cc208365ab5 wp-block-post-title has-text-color has-primary-color\"><a href=\"https:\/\/syndicom.ch\/it\/pensionati\/news\/riunioni-del-comitato-8-maggio-2025\/\" target=\"_self\" >Riunioni del Comitato dell&#8217;8 maggio 2025<\/a><\/h3>\n\n<div class=\"wp-block-post-date\"><time datetime=\"2025-05-08T09:46:40+02:00\">8 Maggio 2025<\/time><\/div>\n\n<a href=\"https:\/\/syndicom.ch\/it\/pensionati\/news\/riunioni-del-comitato-8-maggio-2025\/\"><div class=\"wp-block-post-excerpt\"><p class=\"wp-block-post-excerpt__excerpt\">Il Comitato esecutivo si \u00e8 riunito a Biel per la prima riunione del nuovo mandato nella sua nuova composizione. I temi centrali sono stati la costituzione, lo sviluppo organizzativo, la&hellip; <\/p><\/div><\/a><div class=\"syn-post-terms\" style=\"display: none\"><a href=\"#\" class=\"syn-post-terms__link\" data-term-id=\"196\">Vorstandssitzung<\/a> <a href=\"#\" class=\"syn-post-terms__link\" data-term-id=\"368\">Vorstandssitzung<\/a> <\/div>\n\n\n<\/li><li data-wp-key=\"post-template-item-27721\" class=\"wp-block-post post-27721 syn_news_retirees type-syn_news_retirees status-publish hentry syn_news_retirees_category-vorstandssitzung syn_news_retirees_category-vorstandssitzung-it\">\n<h3 class=\"has-link-color wp-elements-e0fea9949ff33616516a5cc208365ab5 wp-block-post-title has-text-color has-primary-color\"><a href=\"https:\/\/syndicom.ch\/it\/pensionati\/news\/riunioni-del-comitato-13-febbraio-2025\/\" target=\"_self\" >Riunioni del Comitato del 13 febbraio 2025<\/a><\/h3>\n\n<div class=\"wp-block-post-date\"><time datetime=\"2025-02-13T12:04:11+01:00\">13 Febbraio 2025<\/time><\/div>\n\n<a href=\"https:\/\/syndicom.ch\/it\/pensionati\/news\/riunioni-del-comitato-13-febbraio-2025\/\"><div class=\"wp-block-post-excerpt\"><p class=\"wp-block-post-excerpt__excerpt\">Il nuovo Comitato \u00e8 pronto a partire Il Comitato direttivo si \u00e8 concentrato soprattutto sulla preparazione del congresso del Gruppo Soci Pensionati, che si terr\u00e0 il 3 aprile 2025 a&hellip; <\/p><\/div><\/a><div class=\"syn-post-terms\" style=\"display: none\"><a href=\"#\" class=\"syn-post-terms__link\" data-term-id=\"196\">Vorstandssitzung<\/a> <a href=\"#\" class=\"syn-post-terms__link\" data-term-id=\"368\">Vorstandssitzung<\/a> <\/div>\n\n\n<\/li><\/ul>\n\n<nav class=\"wp-block-query-pagination is-layout-flex wp-block-query-pagination-is-layout-flex\" aria-label=\"Paginazione\">\n\n\n<div class=\"wp-block-query-pagination-numbers\"><span data-wp-key=\"index-0\" aria-current=\"page\" class=\"page-numbers current\">1<\/span>\n<a data-wp-key=\"index-1\" data-wp-on--click=\"core\/query::actions.navigate\" class=\"page-numbers\" href=\"?query-0-page=2\">2<\/a><\/div>\n\n<a data-wp-key=\"query-pagination-next\" data-wp-on--click=\"core\/query::actions.navigate\" data-wp-on--mouseenter=\"core\/query::actions.prefetch\" data-wp-watch=\"core\/query::callbacks.prefetch\" href=\"\/it\/wp-json\/wp\/v2\/pages\/21755?query-0-page=2\" class=\"wp-block-query-pagination-next\">Pagina successiva<\/a>\n<\/nav>\n\n<\/div>\n<\/div>\n<\/div>\n\n\n\n<div class=\"wp-block-group alignfull has-background-background-color has-background is-layout-constrained wp-block-group-is-layout-constrained\">\n<div class=\"wp-block-group is-style-narrow is-layout-constrained wp-block-group-is-layout-constrained\">\n<h2 class=\"wp-block-heading has-text-align-left\" id=\"memoria\"><strong>In Memoria<\/strong><\/h2>\n\n\n\n<div data-wp-context=\"{}\" data-wp-interactive=\"core\/query\" data-wp-key=\"0\" data-wp-router-region=\"query-0\" class=\"wp-block-query is-layout-flow wp-block-query-is-layout-flow\"><ul class=\"wp-block-post-template is-layout-flow wp-block-post-template-is-layout-flow\"><li data-wp-key=\"post-template-item-56950\" class=\"wp-block-post post-56950 syn_news_retirees type-syn_news_retirees status-publish hentry syn_news_retirees_category-nachruf\">\n<h3 class=\"has-link-color wp-elements-e0fea9949ff33616516a5cc208365ab5 wp-block-post-title has-text-color has-primary-color\"><a href=\"https:\/\/syndicom.ch\/it\/pensionati\/news\/necrologio-di-mark-herbst\/\" target=\"_self\" >Necrologio di Mark Herbst<\/a><\/h3>\n\n<div class=\"wp-block-post-date\"><time datetime=\"2026-02-04T09:20:39+01:00\">4 Febbraio 2026<\/time><\/div>\n\n<a href=\"https:\/\/syndicom.ch\/it\/pensionati\/news\/necrologio-di-mark-herbst\/\"><div class=\"wp-block-post-excerpt\"><p class=\"wp-block-post-excerpt__excerpt\">Necrologio di Mark Herbst 1952 &#8211; 2025 \u00abL&#8217;argomento pubblicitario pi\u00f9 importante \u00e8 il contratto collettivo di lavoro, non i servizi\u00bb. Questo era il credo di Mark Herbst in innumerevoli corsi&hellip; <\/p><\/div><\/a><div class=\"syn-post-terms\" style=\"display: none\"><a href=\"#\" class=\"syn-post-terms__link\" data-term-id=\"202\">Nachruf<\/a> <\/div>\n\n\n<\/li><li data-wp-key=\"post-template-item-30672\" class=\"wp-block-post post-30672 syn_news_retirees type-syn_news_retirees status-publish hentry syn_news_retirees_category-nachruf\">\n<h3 class=\"has-link-color wp-elements-e0fea9949ff33616516a5cc208365ab5 wp-block-post-title has-text-color has-primary-color\"><a href=\"https:\/\/syndicom.ch\/it\/pensionati\/news\/in-memoria-di-adrian-flukiger\/\" target=\"_self\" >In memoria di Adrian Fl\u00fckiger<\/a><\/h3>\n\n<div class=\"wp-block-post-date\"><time datetime=\"2025-02-03T15:56:39+01:00\">3 Febbraio 2025<\/time><\/div>\n\n<a href=\"https:\/\/syndicom.ch\/it\/pensionati\/news\/in-memoria-di-adrian-flukiger\/\"><div class=\"wp-block-post-excerpt\"><p class=\"wp-block-post-excerpt__excerpt\">\u00c8 con profonda tristezza che salutiamo il nostro stimato collega e instancabile sindacalista Adrian Fl\u00fckiger. \u00c8 stato un collega che ha sempre vissuto le sue convinzioni e ha profuso tutte&hellip; <\/p><\/div><\/a><div class=\"syn-post-terms\" style=\"display: none\"><a href=\"#\" class=\"syn-post-terms__link\" data-term-id=\"202\">Nachruf<\/a> <\/div>\n\n\n<\/li><li data-wp-key=\"post-template-item-28611\" class=\"wp-block-post post-28611 syn_news_retirees type-syn_news_retirees status-publish hentry syn_news_retirees_category-nachruf\">\n<h3 class=\"has-link-color wp-elements-e0fea9949ff33616516a5cc208365ab5 wp-block-post-title has-text-color has-primary-color\"><a href=\"https:\/\/syndicom.ch\/it\/pensionati\/news\/in-memoria-di-marcel-pasche\/\" target=\"_self\" >In memoria di Marcel Pasche<\/a><\/h3>\n\n<div class=\"wp-block-post-date\"><time datetime=\"2024-06-14T16:55:14+02:00\">14 Giugno 2024<\/time><\/div>\n\n<a href=\"https:\/\/syndicom.ch\/it\/pensionati\/news\/in-memoria-di-marcel-pasche\/\"><div class=\"wp-block-post-excerpt\"><p class=\"wp-block-post-excerpt__excerpt\">Salutiamo con tristezza e profondo rispetto Marcel Pasche, eccellente collega sindacale e incrollabile combattente per i diritti e il benessere del personale delle PTT. Nato l&#8217;11 settembre 1930, Marcel si&hellip; <\/p><\/div><\/a><div class=\"syn-post-terms\" style=\"display: none\"><a href=\"#\" class=\"syn-post-terms__link\" data-term-id=\"202\">Nachruf<\/a> <\/div>\n\n\n<\/li><li data-wp-key=\"post-template-item-28579\" class=\"wp-block-post post-28579 syn_news_retirees type-syn_news_retirees status-publish hentry syn_news_retirees_category-nachruf\">\n<h3 class=\"has-link-color wp-elements-e0fea9949ff33616516a5cc208365ab5 wp-block-post-title has-text-color has-primary-color\"><a href=\"https:\/\/syndicom.ch\/it\/pensionati\/news\/in-memoria-di-ernesto-fenner\/\" target=\"_self\" >In memoria di Ernesto Fenner<\/a><\/h3>\n\n<div class=\"wp-block-post-date\"><time datetime=\"2023-10-02T13:29:45+02:00\">2 Ottobre 2023<\/time><\/div>\n\n<a href=\"https:\/\/syndicom.ch\/it\/pensionati\/news\/in-memoria-di-ernesto-fenner\/\"><div class=\"wp-block-post-excerpt\"><p class=\"wp-block-post-excerpt__excerpt\">Sin dall&#8217;inizio di syndicom, Ernesto \u00e8 stato molto attivo a livello nazionale con i soci pensionati. \u00c8 stato un membro estremamente impegnato e prezioso del Comitato esecutivo fino al suo&hellip; <\/p><\/div><\/a><div class=\"syn-post-terms\" style=\"display: none\"><a href=\"#\" class=\"syn-post-terms__link\" data-term-id=\"202\">Nachruf<\/a> <\/div>\n\n\n<\/li><li data-wp-key=\"post-template-item-28649\" class=\"wp-block-post post-28649 syn_news_retirees type-syn_news_retirees status-publish hentry syn_news_retirees_category-nachruf\">\n<h3 class=\"has-link-color wp-elements-e0fea9949ff33616516a5cc208365ab5 wp-block-post-title has-text-color has-primary-color\"><a href=\"https:\/\/syndicom.ch\/it\/pensionati\/news\/in-memoria-di-roland-gutmann\/\" target=\"_self\" >In memoria di Roland Gutmann<\/a><\/h3>\n\n<div class=\"wp-block-post-date\"><time datetime=\"2023-08-25T12:08:54+02:00\">25 Agosto 2023<\/time><\/div>\n\n<a href=\"https:\/\/syndicom.ch\/it\/pensionati\/news\/in-memoria-di-roland-gutmann\/\"><div class=\"wp-block-post-excerpt\"><p class=\"wp-block-post-excerpt__excerpt\">Roland Gutmann \u00e8 stato un sindacalista della vecchia scuola che ha contribuito a plasmare il sindacato da vari punti di vista. Orologiaio di formazione, ha lavorato per molti anni presso&hellip; <\/p><\/div><\/a><div class=\"syn-post-terms\" style=\"display: none\"><a href=\"#\" class=\"syn-post-terms__link\" data-term-id=\"202\">Nachruf<\/a> <\/div>\n\n\n<\/li><li data-wp-key=\"post-template-item-28656\" class=\"wp-block-post post-28656 syn_news_retirees type-syn_news_retirees status-publish hentry syn_news_retirees_category-nachruf\">\n<h3 class=\"has-link-color wp-elements-e0fea9949ff33616516a5cc208365ab5 wp-block-post-title has-text-color has-primary-color\"><a href=\"https:\/\/syndicom.ch\/it\/pensionati\/news\/in-memoria-di-christian-tirefort\/\" target=\"_self\" >In memoria di Christian Tirefort<\/a><\/h3>\n\n<div class=\"wp-block-post-date\"><time datetime=\"2022-12-14T01:01:57+01:00\">14 Dicembre 2022<\/time><\/div>\n\n<a href=\"https:\/\/syndicom.ch\/it\/pensionati\/news\/in-memoria-di-christian-tirefort\/\"><div class=\"wp-block-post-excerpt\"><p class=\"wp-block-post-excerpt__excerpt\">Il 14 dicembre 2022 ci ha lasciato una personalit\u00e0 eccezio\u00adnale, un compagno e un amico che ha dato forma e contribu\u00adito in modo significativo al movimento sindacale. Christian Tirefort \u00e8&hellip; <\/p><\/div><\/a><div class=\"syn-post-terms\" style=\"display: none\"><a href=\"#\" class=\"syn-post-terms__link\" data-term-id=\"202\">Nachruf<\/a> <\/div>\n\n\n<\/li><li data-wp-key=\"post-template-item-28669\" class=\"wp-block-post post-28669 syn_news_retirees type-syn_news_retirees status-publish hentry syn_news_retirees_category-nachruf\">\n<h3 class=\"has-link-color wp-elements-e0fea9949ff33616516a5cc208365ab5 wp-block-post-title has-text-color has-primary-color\"><a href=\"https:\/\/syndicom.ch\/it\/pensionati\/news\/in-memoria-di-franz-trummer\/\" target=\"_self\" >In memoria di Franz Trummer<\/a><\/h3>\n\n<div class=\"wp-block-post-date\"><time datetime=\"2022-04-09T17:58:29+02:00\">9 Aprile 2022<\/time><\/div>\n\n<a href=\"https:\/\/syndicom.ch\/it\/pensionati\/news\/in-memoria-di-franz-trummer\/\"><div class=\"wp-block-post-excerpt\"><p class=\"wp-block-post-excerpt__excerpt\">Franz Trummer \u00e8 morto il 9 aprile 2022 all&#8217;et\u00e0 di 89 anni. Franz Trummer era un sindacalista estremamente attivo e impegnato. Da tipografo, persona di fiducia, presidente di sezione, membro&hellip; <\/p><\/div><\/a><div class=\"syn-post-terms\" style=\"display: none\"><a href=\"#\" class=\"syn-post-terms__link\" data-term-id=\"202\">Nachruf<\/a> <\/div>\n\n\n<\/li><\/ul>\n\n\n\n<\/div>\n<\/div>\n<\/div>\n\n\n\n<p><\/p>\n","protected":false},"excerpt":{"rendered":"<p>Pensionati syndicom impegnati per una societ\u00e0 solidale che rispetti tutte le generazioni. Attuale \u279c\u00a0Conferenza dei gruppi di pensionati 2026\u279c\u00a0Convegno dei-delle pensionati-e dell\u2019USS\u279c\u00a0FARES: Petizione contro la discriminazione basata sull\u2019et\u00e0\u00a0 \u279c Chi siamo&nbsp; Insieme per la giustizia sociale e la solidariet\u00e0 I pensionati syndicom sfruttano la loro esperienza di vita per promuovere una vita dignitosa in et\u00e0 [&hellip;]<\/p>\n","protected":false},"author":3,"featured_media":0,"parent":0,"menu_order":0,"comment_status":"closed","ping_status":"closed","template":"wp-custom-template-pensionierte","meta":{"_acf_changed":false,"inline_featured_image":false,"_coblocks_attr":"","_coblocks_dimensions":"","_coblocks_responsive_height":"","_coblocks_accordion_ie_support":"","footnotes":""},"categories":[101],"class_list":["post-21755","page","type-page","status-publish","hentry","category-pensionierte-it"],"acf":[],"yoast_head":"<!-- This site is optimized with the Yoast SEO plugin v27.3 - https:\/\/yoast.com\/product\/yoast-seo-wordpress\/ -->\n<title>Pensionati - syndicom<\/title>\n<meta name=\"robots\" content=\"index, follow, max-snippet:-1, max-image-preview:large, max-video-preview:-1\" \/>\n<link rel=\"canonical\" href=\"https:\/\/syndicom.ch\/it\/pensionati\/\" \/>\n<meta property=\"og:locale\" content=\"it_IT\" \/>\n<meta property=\"og:type\" content=\"article\" \/>\n<meta property=\"og:title\" content=\"Pensionati - syndicom\" \/>\n<meta property=\"og:description\" content=\"Pensionati syndicom impegnati per una societ\u00e0 solidale che rispetti tutte le generazioni. Attuale \u279c\u00a0Conferenza dei gruppi di pensionati 2026\u279c\u00a0Convegno dei-delle pensionati-e dell\u2019USS\u279c\u00a0FARES: Petizione contro la discriminazione basata sull\u2019et\u00e0\u00a0 \u279c Chi siamo&nbsp; Insieme per la giustizia sociale e la solidariet\u00e0 I pensionati syndicom sfruttano la loro esperienza di vita per promuovere una vita dignitosa in et\u00e0 [&hellip;]\" \/>\n<meta property=\"og:url\" content=\"https:\/\/syndicom.ch\/it\/pensionati\/\" \/>\n<meta property=\"og:site_name\" content=\"syndicom\" \/>\n<meta property=\"article:modified_time\" content=\"2026-04-23T07:45:01+00:00\" \/>\n<meta name=\"twitter:card\" content=\"summary_large_image\" \/>\n<meta name=\"twitter:label1\" content=\"Tempo di lettura stimato\" \/>\n\t<meta name=\"twitter:data1\" content=\"4 minuti\" \/>\n<script type=\"application\/ld+json\" class=\"yoast-schema-graph\">{\"@context\":\"https:\\\/\\\/schema.org\",\"@graph\":[{\"@type\":\"WebPage\",\"@id\":\"https:\\\/\\\/syndicom.ch\\\/it\\\/pensionati\\\/\",\"url\":\"https:\\\/\\\/syndicom.ch\\\/it\\\/pensionati\\\/\",\"name\":\"Pensionati - syndicom\",\"isPartOf\":{\"@id\":\"https:\\\/\\\/syndicom.ch\\\/it\\\/#website\"},\"primaryImageOfPage\":{\"@id\":\"https:\\\/\\\/syndicom.ch\\\/it\\\/pensionati\\\/#primaryimage\"},\"image\":{\"@id\":\"https:\\\/\\\/syndicom.ch\\\/it\\\/pensionati\\\/#primaryimage\"},\"thumbnailUrl\":\"https:\\\/\\\/syndicom.ch\\\/app\\\/uploads\\\/2024\\\/11\\\/gewerkschaft-syndicom-pensionierte-event.jpg\",\"datePublished\":\"2024-12-19T14:00:14+00:00\",\"dateModified\":\"2026-04-23T07:45:01+00:00\",\"breadcrumb\":{\"@id\":\"https:\\\/\\\/syndicom.ch\\\/it\\\/pensionati\\\/#breadcrumb\"},\"inLanguage\":\"it-IT\",\"potentialAction\":[{\"@type\":\"ReadAction\",\"target\":[\"https:\\\/\\\/syndicom.ch\\\/it\\\/pensionati\\\/\"]}]},{\"@type\":\"ImageObject\",\"inLanguage\":\"it-IT\",\"@id\":\"https:\\\/\\\/syndicom.ch\\\/it\\\/pensionati\\\/#primaryimage\",\"url\":\"https:\\\/\\\/syndicom.ch\\\/app\\\/uploads\\\/2024\\\/11\\\/gewerkschaft-syndicom-pensionierte-event.jpg\",\"contentUrl\":\"https:\\\/\\\/syndicom.ch\\\/app\\\/uploads\\\/2024\\\/11\\\/gewerkschaft-syndicom-pensionierte-event.jpg\"},{\"@type\":\"BreadcrumbList\",\"@id\":\"https:\\\/\\\/syndicom.ch\\\/it\\\/pensionati\\\/#breadcrumb\",\"itemListElement\":[{\"@type\":\"ListItem\",\"position\":1,\"name\":\"Pagina iniziale\",\"item\":\"https:\\\/\\\/syndicom.ch\\\/it\\\/\"},{\"@type\":\"ListItem\",\"position\":2,\"name\":\"Pensionati\"}]},{\"@type\":\"WebSite\",\"@id\":\"https:\\\/\\\/syndicom.ch\\\/it\\\/#website\",\"url\":\"https:\\\/\\\/syndicom.ch\\\/it\\\/\",\"name\":\"syndicom\",\"description\":\"\",\"publisher\":{\"@id\":\"https:\\\/\\\/syndicom.ch\\\/it\\\/#organization\"},\"potentialAction\":[{\"@type\":\"SearchAction\",\"target\":{\"@type\":\"EntryPoint\",\"urlTemplate\":\"https:\\\/\\\/syndicom.ch\\\/it\\\/?s={search_term_string}\"},\"query-input\":{\"@type\":\"PropertyValueSpecification\",\"valueRequired\":true,\"valueName\":\"search_term_string\"}}],\"inLanguage\":\"it-IT\"},{\"@type\":\"Organization\",\"@id\":\"https:\\\/\\\/syndicom.ch\\\/it\\\/#organization\",\"name\":\"syndicom\",\"url\":\"https:\\\/\\\/syndicom.ch\\\/it\\\/\",\"logo\":{\"@type\":\"ImageObject\",\"inLanguage\":\"it-IT\",\"@id\":\"https:\\\/\\\/syndicom.ch\\\/it\\\/#\\\/schema\\\/logo\\\/image\\\/\",\"url\":\"https:\\\/\\\/syndicom.ch\\\/app\\\/uploads\\\/2024\\\/06\\\/logo.svg\",\"contentUrl\":\"https:\\\/\\\/syndicom.ch\\\/app\\\/uploads\\\/2024\\\/06\\\/logo.svg\",\"width\":297,\"height\":51,\"caption\":\"syndicom\"},\"image\":{\"@id\":\"https:\\\/\\\/syndicom.ch\\\/it\\\/#\\\/schema\\\/logo\\\/image\\\/\"}}]}<\/script>\n<!-- \/ Yoast SEO plugin. -->","yoast_head_json":{"title":"Pensionati - syndicom","robots":{"index":"index","follow":"follow","max-snippet":"max-snippet:-1","max-image-preview":"max-image-preview:large","max-video-preview":"max-video-preview:-1"},"canonical":"https:\/\/syndicom.ch\/it\/pensionati\/","og_locale":"it_IT","og_type":"article","og_title":"Pensionati - syndicom","og_description":"Pensionati syndicom impegnati per una societ\u00e0 solidale che rispetti tutte le generazioni. Attuale \u279c\u00a0Conferenza dei gruppi di pensionati 2026\u279c\u00a0Convegno dei-delle pensionati-e dell\u2019USS\u279c\u00a0FARES: Petizione contro la discriminazione basata sull\u2019et\u00e0\u00a0 \u279c Chi siamo&nbsp; Insieme per la giustizia sociale e la solidariet\u00e0 I pensionati syndicom sfruttano la loro esperienza di vita per promuovere una vita dignitosa in et\u00e0 [&hellip;]","og_url":"https:\/\/syndicom.ch\/it\/pensionati\/","og_site_name":"syndicom","article_modified_time":"2026-04-23T07:45:01+00:00","twitter_card":"summary_large_image","twitter_misc":{"Tempo di lettura stimato":"4 minuti"},"schema":{"@context":"https:\/\/schema.org","@graph":[{"@type":"WebPage","@id":"https:\/\/syndicom.ch\/it\/pensionati\/","url":"https:\/\/syndicom.ch\/it\/pensionati\/","name":"Pensionati - syndicom","isPartOf":{"@id":"https:\/\/syndicom.ch\/it\/#website"},"primaryImageOfPage":{"@id":"https:\/\/syndicom.ch\/it\/pensionati\/#primaryimage"},"image":{"@id":"https:\/\/syndicom.ch\/it\/pensionati\/#primaryimage"},"thumbnailUrl":"https:\/\/syndicom.ch\/app\/uploads\/2024\/11\/gewerkschaft-syndicom-pensionierte-event.jpg","datePublished":"2024-12-19T14:00:14+00:00","dateModified":"2026-04-23T07:45:01+00:00","breadcrumb":{"@id":"https:\/\/syndicom.ch\/it\/pensionati\/#breadcrumb"},"inLanguage":"it-IT","potentialAction":[{"@type":"ReadAction","target":["https:\/\/syndicom.ch\/it\/pensionati\/"]}]},{"@type":"ImageObject","inLanguage":"it-IT","@id":"https:\/\/syndicom.ch\/it\/pensionati\/#primaryimage","url":"https:\/\/syndicom.ch\/app\/uploads\/2024\/11\/gewerkschaft-syndicom-pensionierte-event.jpg","contentUrl":"https:\/\/syndicom.ch\/app\/uploads\/2024\/11\/gewerkschaft-syndicom-pensionierte-event.jpg"},{"@type":"BreadcrumbList","@id":"https:\/\/syndicom.ch\/it\/pensionati\/#breadcrumb","itemListElement":[{"@type":"ListItem","position":1,"name":"Pagina iniziale","item":"https:\/\/syndicom.ch\/it\/"},{"@type":"ListItem","position":2,"name":"Pensionati"}]},{"@type":"WebSite","@id":"https:\/\/syndicom.ch\/it\/#website","url":"https:\/\/syndicom.ch\/it\/","name":"syndicom","description":"","publisher":{"@id":"https:\/\/syndicom.ch\/it\/#organization"},"potentialAction":[{"@type":"SearchAction","target":{"@type":"EntryPoint","urlTemplate":"https:\/\/syndicom.ch\/it\/?s={search_term_string}"},"query-input":{"@type":"PropertyValueSpecification","valueRequired":true,"valueName":"search_term_string"}}],"inLanguage":"it-IT"},{"@type":"Organization","@id":"https:\/\/syndicom.ch\/it\/#organization","name":"syndicom","url":"https:\/\/syndicom.ch\/it\/","logo":{"@type":"ImageObject","inLanguage":"it-IT","@id":"https:\/\/syndicom.ch\/it\/#\/schema\/logo\/image\/","url":"https:\/\/syndicom.ch\/app\/uploads\/2024\/06\/logo.svg","contentUrl":"https:\/\/syndicom.ch\/app\/uploads\/2024\/06\/logo.svg","width":297,"height":51,"caption":"syndicom"},"image":{"@id":"https:\/\/syndicom.ch\/it\/#\/schema\/logo\/image\/"}}]}},"_links":{"self":[{"href":"https:\/\/syndicom.ch\/it\/wp-json\/wp\/v2\/pages\/21755","targetHints":{"allow":["GET"]}}],"collection":[{"href":"https:\/\/syndicom.ch\/it\/wp-json\/wp\/v2\/pages"}],"about":[{"href":"https:\/\/syndicom.ch\/it\/wp-json\/wp\/v2\/types\/page"}],"author":[{"embeddable":true,"href":"https:\/\/syndicom.ch\/it\/wp-json\/wp\/v2\/users\/3"}],"replies":[{"embeddable":true,"href":"https:\/\/syndicom.ch\/it\/wp-json\/wp\/v2\/comments?post=21755"}],"version-history":[{"count":44,"href":"https:\/\/syndicom.ch\/it\/wp-json\/wp\/v2\/pages\/21755\/revisions"}],"predecessor-version":[{"id":61644,"href":"https:\/\/syndicom.ch\/it\/wp-json\/wp\/v2\/pages\/21755\/revisions\/61644"}],"wp:attachment":[{"href":"https:\/\/syndicom.ch\/it\/wp-json\/wp\/v2\/media?parent=21755"}],"wp:term":[{"taxonomy":"category","embeddable":true,"href":"https:\/\/syndicom.ch\/it\/wp-json\/wp\/v2\/categories?post=21755"}],"curies":[{"name":"wp","href":"https:\/\/api.w.org\/{rel}","templated":true}]}}