{"id":42034,"date":"2025-05-12T17:19:43","date_gmt":"2025-05-12T15:19:43","guid":{"rendered":"https:\/\/syndicom.ch\/?page_id=42034"},"modified":"2026-03-25T11:32:29","modified_gmt":"2026-03-25T10:32:29","slug":"salario","status":"publish","type":"page","link":"https:\/\/syndicom.ch\/it\/salario\/","title":{"rendered":"Salario"},"content":{"rendered":"\n<div class=\"wp-block-group alignfull has-primary-background-color has-background is-layout-constrained wp-block-group-is-layout-constrained\">\n<div class=\"wp-block-group is-style-narrow is-layout-constrained wp-block-group-is-layout-constrained\">\n<h1 class=\"wp-block-heading has-background-color has-text-color has-link-color wp-elements-0f45e3becb90cc1cc88ebec7f1312da4\">Salario<\/h1>\n\n\n\n<div class=\"wp-block-columns is-layout-flex wp-container-core-columns-is-layout-9d6595d7 wp-block-columns-is-layout-flex\">\n<div class=\"wp-block-column is-layout-flow wp-block-column-is-layout-flow\" style=\"flex-basis:66.66%\">\n<p class=\"is-style-lead has-background-color has-text-color has-link-color wp-elements-f78f8f87cfdf8e3b61558a6e612f4b06\">Il sindacato syndicom si batte per salari equi, sia per aumenti reali che per salari minimi.<\/p>\n<\/div>\n\n\n\n<div class=\"wp-block-column is-layout-flow wp-block-column-is-layout-flow\" style=\"flex-basis:33.33%\">\n<div class=\"wp-block-group is-vertical is-nowrap is-layout-flex wp-container-core-group-is-layout-fc43baa9 wp-block-group-is-layout-flex\">\n<p><mark style=\"background-color:#0D7EAC\" class=\"has-inline-color has-background-color\"><a href=\"#introduzione\"><mark style=\"background-color:rgba(0, 0, 0, 0)\" class=\"has-inline-color has-background-color\">\u279c Introduzione<\/mark><\/a> <\/mark><br><mark style=\"background-color:#0D7EAC\" class=\"has-inline-color has-background-color\"><a href=\"#campagne-salari\"><mark style=\"background-color:rgba(0, 0, 0, 0)\" class=\"has-inline-color has-background-color\">\u279c Campagne<\/mark><\/a> <\/mark><br><mark style=\"background-color:#0D7EAC\" class=\"has-inline-color has-background-color\"><a href=\"#FAQ-salario\"><mark style=\"background-color:rgba(0, 0, 0, 0)\" class=\"has-inline-color has-background-color\">\u279c Punto Info Salario<\/mark><\/a><\/mark><\/p>\n<\/div>\n<\/div>\n<\/div>\n<\/div>\n<\/div>\n\n\n\n<div class=\"wp-block-group alignfull has-background-background-color has-background is-layout-constrained wp-block-group-is-layout-constrained\">\n<div id=\"einsatz\" class=\"wp-block-group is-style-narrow is-layout-constrained wp-block-group-is-layout-constrained\">\n<h2 class=\"wp-block-heading wp-block-coblocks-faq__title\"><strong><strong>Ci battiamo per salari equi<\/strong><\/strong><\/h2>\n\n\n\n<p class=\"is-style-default\">Solo i <a href=\"https:\/\/syndicom.ch\/it\/contratti-collettivi-di-lavoro-ccl\/\" type=\"page\" id=\"8027\" target=\"_blank\" rel=\"noreferrer noopener\">contratti collettivi di lavoro (CCL)<\/a> possono garantire negoziazioni salariali annuali. Nessuna legge prevede un diritto alle negoziazioni salariali o agli aumenti di stipendio. Quindi, si tratta di una conquista e di un vantaggio ottenuti dai sindacati. <\/p>\n\n\n\n<p class=\"has-text-align-center is-style-default\"><a href=\"https:\/\/syndicom.ch\/it\/contratti-collettivi-di-lavoro-ccl\/\" type=\"page\" id=\"8027\" target=\"_blank\" rel=\"noreferrer noopener\"><mark style=\"background-color:#0D7EAC\" class=\"has-inline-color has-background-color\">Cosa dice il tuo contratto collettivo di lavoro (CCL)?<br>Dai un&#8217;occhiata qui!<\/mark><\/a><\/p>\n<\/div>\n<\/div>\n\n\n\n<div class=\"wp-block-group alignfull has-primary-background-color has-background is-layout-constrained wp-block-group-is-layout-constrained\">\n<div class=\"wp-block-columns is-layout-flex wp-container-core-columns-is-layout-9d6595d7 wp-block-columns-is-layout-flex\">\n<div class=\"wp-block-column is-vertically-aligned-center is-layout-flow wp-block-column-is-layout-flow\" style=\"flex-basis:400px\">\n<figure class=\"wp-block-image aligncenter size-large is-resized\"><img loading=\"lazy\" decoding=\"async\" width=\"1024\" height=\"1024\" src=\"https:\/\/syndicom.ch\/app\/uploads\/2025\/07\/gewerkschaft-syndicom-matteo-antonini-kreis-1024x1024.png\" alt=\"\" class=\"wp-image-42490\" style=\"width:200px\" srcset=\"https:\/\/syndicom.ch\/app\/uploads\/2025\/07\/gewerkschaft-syndicom-matteo-antonini-kreis-1024x1024.png 1024w, https:\/\/syndicom.ch\/app\/uploads\/2025\/07\/gewerkschaft-syndicom-matteo-antonini-kreis-300x300.png 300w, https:\/\/syndicom.ch\/app\/uploads\/2025\/07\/gewerkschaft-syndicom-matteo-antonini-kreis-150x150.png 150w, https:\/\/syndicom.ch\/app\/uploads\/2025\/07\/gewerkschaft-syndicom-matteo-antonini-kreis-768x768.png 768w, https:\/\/syndicom.ch\/app\/uploads\/2025\/07\/gewerkschaft-syndicom-matteo-antonini-kreis.png 1080w\" sizes=\"auto, (max-width: 1024px) 100vw, 1024px\" \/><\/figure>\n<\/div>\n\n\n\n<div class=\"wp-block-column is-vertically-aligned-center is-layout-flow wp-block-column-is-layout-flow\">\n<p class=\"has-foreground-color has-text-color has-link-color wp-elements-f7e1d0fb1ad992c04e0600dd9aca3dc9\"><mark style=\"background-color:rgba(0, 0, 0, 0)\" class=\"has-inline-color has-background-color\">\u00abCi battiamo per i salari reali, ma anche per i salari minimi, che colpiscono le persone pi\u00f9 precarie, spesso i giovani, gli immigrati, le persone meno qualificate e il personale temporaneo. syndicom si batte anche contro la sottoquotazione dei compensi subita dai liberi professionisti.\u00bb<\/mark><\/p>\n\n\n\n<hr class=\"wp-block-separator has-text-color has-background-color has-alpha-channel-opacity has-background-background-color has-background is-style-wide\"\/>\n\n\n\n<p class=\"has-text-align-left has-foreground-color has-text-color has-link-color wp-elements-ae098bf2f805577db3e56ad106cb4d58\"><sub><mark style=\"background-color:rgba(0, 0, 0, 0)\" class=\"has-inline-color has-background-color\"><strong>Matteo Antonini<\/strong>, presidente syndicom<\/mark><\/sub><\/p>\n<\/div>\n<\/div>\n<\/div>\n\n\n\n<div class=\"wp-block-group alignfull has-background-background-color has-background is-layout-constrained wp-block-group-is-layout-constrained\">\n<div class=\"wp-block-group is-style-narrow is-layout-constrained wp-block-group-is-layout-constrained\">\n<h2 class=\"wp-block-heading wp-block-coblocks-faq__title\" id=\"lohn-pruefen\"><strong><strong>Il mio salario \u00e8 adeguato?<\/strong><\/strong><\/h2>\n\n\n\n<hr class=\"wp-block-separator has-alpha-channel-opacity is-style-wide\"\/>\n\n\n\n<div class=\"wp-block-group is-style-narrow is-layout-constrained wp-block-group-is-layout-constrained\">\n<div class=\"wp-block-columns is-style-accordion has-background-background-color has-background is-layout-flex wp-container-core-columns-is-layout-9d6595d7 wp-block-columns-is-layout-flex\">\n<div class=\"wp-block-column has-background-background-color has-background is-layout-flow wp-block-column-is-layout-flow\">\n<h3 class=\"wp-block-heading has-primary-color has-text-color has-link-color wp-elements-4a49686ce78755df29d5d5212bf895d1\">Calcolatore salariale USS<\/h3>\n<\/div>\n\n\n\n<div class=\"wp-block-column is-layout-flow wp-block-column-is-layout-flow\">\n<p class=\"is-style-default\">L&#8217;Unione sindacale svizzera ha creato uno strumento che permette di calcolare gli stipendi medi in base al settore, alla professione e al luogo di lavoro.<\/p>\n\n\n\n<div class=\"wp-block-buttons is-layout-flex wp-block-buttons-is-layout-flex\">\n<div class=\"wp-block-button is-style-outline is-style-outline--1\"><a class=\"wp-block-button__link has-primary-color has-primary-background-color has-text-color has-background has-link-color wp-element-button\" href=\"https:\/\/lohnrechner.ch\/\" target=\"_blank\" rel=\"noreferrer noopener nofollow\">vai al calcolatore salariale USS<\/a><\/div>\n<\/div>\n<\/div>\n<\/div>\n\n\n\n<hr class=\"wp-block-separator has-alpha-channel-opacity is-style-wide\"\/>\n\n\n\n<div class=\"wp-block-columns is-style-accordion has-background-background-color has-background is-layout-flex wp-container-core-columns-is-layout-9d6595d7 wp-block-columns-is-layout-flex\">\n<div class=\"wp-block-column has-background-background-color has-background is-layout-flow wp-block-column-is-layout-flow\">\n<h3 class=\"wp-block-heading has-primary-color has-text-color has-link-color wp-elements-3bf8b3e889b421282f73f236bc295665\"><strong><strong><strong><strong><strong><strong><strong><strong><strong><strong><strong><strong><mark style=\"background-color:#ffffff\" class=\"has-inline-color has-primary-color\"><a href=\"https:\/\/lohnrechner.ch\/?mtm_campaign=sgbhpde\" target=\"_blank\" rel=\"noreferrer noopener nofollow\"><strong><strong><strong><strong><strong><strong><strong><strong><strong><strong><strong><strong><mark style=\"background-color:rgba(0, 0, 0, 0)\" class=\"has-inline-color has-primary-color\"><\/mark><\/strong><\/strong><\/strong><\/strong><\/strong><\/strong><\/strong><\/strong><\/strong><\/strong><\/strong><\/strong><\/a><strong><strong><strong><a href=\"https:\/\/syndicom.ch\/it\/salario\/calcolatore-salariale-posta\/\" type=\"link\" id=\"https:\/\/syndicom.ch\/it\/salario\/calcolatore-salariale-posta\/\" target=\"_blank\" rel=\"noreferrer noopener\">\u00a0Calcolatore salariale per i dipendenti della Posta<\/a><\/strong><\/strong><\/strong><\/mark><\/strong><\/strong><\/strong><\/strong><\/strong><\/strong><\/strong><\/strong><\/strong><\/strong><\/strong><\/strong><\/h3>\n<\/div>\n\n\n\n<div class=\"wp-block-column is-layout-flow wp-block-column-is-layout-flow\">\n<p class=\"is-style-default\">Usa il calcolatore salariale per verificare il tuo aumento di salario personale.<\/p>\n\n\n\n<div class=\"wp-block-buttons is-layout-flex wp-block-buttons-is-layout-flex\">\n<div class=\"wp-block-button is-style-outline is-style-outline--2\"><a class=\"wp-block-button__link has-primary-color has-primary-background-color has-text-color has-background has-link-color wp-element-button\" href=\"https:\/\/syndicom.ch\/it\/salario\/calcolatore-salariale-posta\/\" target=\"_blank\" rel=\"noreferrer noopener\">vai al calcolatore salariale<\/a><\/div>\n<\/div>\n<\/div>\n<\/div>\n\n\n\n<hr class=\"wp-block-separator has-alpha-channel-opacity is-style-wide\"\/>\n<\/div>\n<\/div>\n<\/div>\n\n\n\n<div class=\"wp-block-group alignfull is-layout-constrained wp-block-group-is-layout-constrained\">\n<div class=\"wp-block-group is-style-narrow is-layout-constrained wp-block-group-is-layout-constrained\">\n<div class=\"wp-block-group is-style-slider is-autoplay is-style-narrow-mid mb-0 mt-0 is-layout-constrained wp-block-group-is-layout-constrained\">\n<div class=\"wp-block-media-text is-stacked-on-mobile is-style-stacked coblocks-animate\" data-coblocks-animation=\"zoomIn\"><figure class=\"wp-block-media-text__media\"><\/figure><div class=\"wp-block-media-text__content\">\n<figure data-wp-context=\"{&quot;imageId&quot;:&quot;69f558576f7ab&quot;}\" data-wp-interactive=\"core\/image\" data-wp-key=\"69f558576f7ab\" class=\"wp-block-image size-full has-lightbox wp-lightbox-container\"><img loading=\"lazy\" decoding=\"async\" width=\"1461\" height=\"540\" data-wp-class--hide=\"state.isContentHidden\" data-wp-class--show=\"state.isContentVisible\" data-wp-init=\"callbacks.setButtonStyles\" data-wp-on--click=\"actions.showLightbox\" data-wp-on--load=\"callbacks.setButtonStyles\" data-wp-on-window--resize=\"callbacks.setButtonStyles\" src=\"https:\/\/syndicom.ch\/app\/uploads\/2026\/03\/sindacato-syndicom-salario-fumetto-1.jpg\" alt=\"\" class=\"wp-image-59901\" srcset=\"https:\/\/syndicom.ch\/app\/uploads\/2026\/03\/sindacato-syndicom-salario-fumetto-1.jpg 1461w, https:\/\/syndicom.ch\/app\/uploads\/2026\/03\/sindacato-syndicom-salario-fumetto-1-300x111.jpg 300w, https:\/\/syndicom.ch\/app\/uploads\/2026\/03\/sindacato-syndicom-salario-fumetto-1-1024x378.jpg 1024w, https:\/\/syndicom.ch\/app\/uploads\/2026\/03\/sindacato-syndicom-salario-fumetto-1-768x284.jpg 768w\" sizes=\"auto, (max-width: 1461px) 100vw, 1461px\" \/><button\n\t\t\tclass=\"lightbox-trigger\"\n\t\t\ttype=\"button\"\n\t\t\taria-haspopup=\"dialog\"\n\t\t\taria-label=\"Ingrandisci\"\n\t\t\tdata-wp-init=\"callbacks.initTriggerButton\"\n\t\t\tdata-wp-on--click=\"actions.showLightbox\"\n\t\t\tdata-wp-style--right=\"state.imageButtonRight\"\n\t\t\tdata-wp-style--top=\"state.imageButtonTop\"\n\t\t>\n\t\t\t<svg xmlns=\"http:\/\/www.w3.org\/2000\/svg\" width=\"12\" height=\"12\" fill=\"none\" viewBox=\"0 0 12 12\">\n\t\t\t\t<path fill=\"#fff\" d=\"M2 0a2 2 0 0 0-2 2v2h1.5V2a.5.5 0 0 1 .5-.5h2V0H2Zm2 10.5H2a.5.5 0 0 1-.5-.5V8H0v2a2 2 0 0 0 2 2h2v-1.5ZM8 12v-1.5h2a.5.5 0 0 0 .5-.5V8H12v2a2 2 0 0 1-2 2H8Zm2-12a2 2 0 0 1 2 2v2h-1.5V2a.5.5 0 0 0-.5-.5H8V0h2Z\" \/>\n\t\t\t<\/svg>\n\t\t<\/button><\/figure>\n<\/div><\/div>\n\n\n\n<div class=\"wp-block-media-text is-stacked-on-mobile is-style-stacked coblocks-animate\" data-coblocks-animation=\"zoomIn\"><figure class=\"wp-block-media-text__media\"><\/figure><div class=\"wp-block-media-text__content\">\n<figure data-wp-context=\"{&quot;imageId&quot;:&quot;69f558576fcfa&quot;}\" data-wp-interactive=\"core\/image\" data-wp-key=\"69f558576fcfa\" class=\"wp-block-image size-full has-lightbox wp-lightbox-container\"><img loading=\"lazy\" decoding=\"async\" width=\"1435\" height=\"564\" data-wp-class--hide=\"state.isContentHidden\" data-wp-class--show=\"state.isContentVisible\" data-wp-init=\"callbacks.setButtonStyles\" data-wp-on--click=\"actions.showLightbox\" data-wp-on--load=\"callbacks.setButtonStyles\" data-wp-on-window--resize=\"callbacks.setButtonStyles\" src=\"https:\/\/syndicom.ch\/app\/uploads\/2026\/03\/sindacato-syndicom-salario-fumetto-2.jpg\" alt=\"\" class=\"wp-image-59902\" srcset=\"https:\/\/syndicom.ch\/app\/uploads\/2026\/03\/sindacato-syndicom-salario-fumetto-2.jpg 1435w, https:\/\/syndicom.ch\/app\/uploads\/2026\/03\/sindacato-syndicom-salario-fumetto-2-300x118.jpg 300w, https:\/\/syndicom.ch\/app\/uploads\/2026\/03\/sindacato-syndicom-salario-fumetto-2-1024x402.jpg 1024w, https:\/\/syndicom.ch\/app\/uploads\/2026\/03\/sindacato-syndicom-salario-fumetto-2-768x302.jpg 768w\" sizes=\"auto, (max-width: 1435px) 100vw, 1435px\" \/><button\n\t\t\tclass=\"lightbox-trigger\"\n\t\t\ttype=\"button\"\n\t\t\taria-haspopup=\"dialog\"\n\t\t\taria-label=\"Ingrandisci\"\n\t\t\tdata-wp-init=\"callbacks.initTriggerButton\"\n\t\t\tdata-wp-on--click=\"actions.showLightbox\"\n\t\t\tdata-wp-style--right=\"state.imageButtonRight\"\n\t\t\tdata-wp-style--top=\"state.imageButtonTop\"\n\t\t>\n\t\t\t<svg xmlns=\"http:\/\/www.w3.org\/2000\/svg\" width=\"12\" height=\"12\" fill=\"none\" viewBox=\"0 0 12 12\">\n\t\t\t\t<path fill=\"#fff\" d=\"M2 0a2 2 0 0 0-2 2v2h1.5V2a.5.5 0 0 1 .5-.5h2V0H2Zm2 10.5H2a.5.5 0 0 1-.5-.5V8H0v2a2 2 0 0 0 2 2h2v-1.5ZM8 12v-1.5h2a.5.5 0 0 0 .5-.5V8H12v2a2 2 0 0 1-2 2H8Zm2-12a2 2 0 0 1 2 2v2h-1.5V2a.5.5 0 0 0-.5-.5H8V0h2Z\" \/>\n\t\t\t<\/svg>\n\t\t<\/button><\/figure>\n<\/div><\/div>\n\n\n\n<div class=\"wp-block-media-text is-stacked-on-mobile is-style-stacked coblocks-animate\" data-coblocks-animation=\"zoomIn\"><figure class=\"wp-block-media-text__media\"><\/figure><div class=\"wp-block-media-text__content\">\n<figure data-wp-context=\"{&quot;imageId&quot;:&quot;69f55857701bf&quot;}\" data-wp-interactive=\"core\/image\" data-wp-key=\"69f55857701bf\" class=\"wp-block-image size-full has-lightbox wp-lightbox-container\"><img loading=\"lazy\" decoding=\"async\" width=\"1421\" height=\"459\" data-wp-class--hide=\"state.isContentHidden\" data-wp-class--show=\"state.isContentVisible\" data-wp-init=\"callbacks.setButtonStyles\" data-wp-on--click=\"actions.showLightbox\" data-wp-on--load=\"callbacks.setButtonStyles\" data-wp-on-window--resize=\"callbacks.setButtonStyles\" src=\"https:\/\/syndicom.ch\/app\/uploads\/2026\/03\/sindacato-syndicom-salario-fumetto-3.jpg\" alt=\"\" class=\"wp-image-59903\" srcset=\"https:\/\/syndicom.ch\/app\/uploads\/2026\/03\/sindacato-syndicom-salario-fumetto-3.jpg 1421w, https:\/\/syndicom.ch\/app\/uploads\/2026\/03\/sindacato-syndicom-salario-fumetto-3-300x97.jpg 300w, https:\/\/syndicom.ch\/app\/uploads\/2026\/03\/sindacato-syndicom-salario-fumetto-3-1024x331.jpg 1024w, https:\/\/syndicom.ch\/app\/uploads\/2026\/03\/sindacato-syndicom-salario-fumetto-3-768x248.jpg 768w\" sizes=\"auto, (max-width: 1421px) 100vw, 1421px\" \/><button\n\t\t\tclass=\"lightbox-trigger\"\n\t\t\ttype=\"button\"\n\t\t\taria-haspopup=\"dialog\"\n\t\t\taria-label=\"Ingrandisci\"\n\t\t\tdata-wp-init=\"callbacks.initTriggerButton\"\n\t\t\tdata-wp-on--click=\"actions.showLightbox\"\n\t\t\tdata-wp-style--right=\"state.imageButtonRight\"\n\t\t\tdata-wp-style--top=\"state.imageButtonTop\"\n\t\t>\n\t\t\t<svg xmlns=\"http:\/\/www.w3.org\/2000\/svg\" width=\"12\" height=\"12\" fill=\"none\" viewBox=\"0 0 12 12\">\n\t\t\t\t<path fill=\"#fff\" d=\"M2 0a2 2 0 0 0-2 2v2h1.5V2a.5.5 0 0 1 .5-.5h2V0H2Zm2 10.5H2a.5.5 0 0 1-.5-.5V8H0v2a2 2 0 0 0 2 2h2v-1.5ZM8 12v-1.5h2a.5.5 0 0 0 .5-.5V8H12v2a2 2 0 0 1-2 2H8Zm2-12a2 2 0 0 1 2 2v2h-1.5V2a.5.5 0 0 0-.5-.5H8V0h2Z\" \/>\n\t\t\t<\/svg>\n\t\t<\/button><\/figure>\n<\/div><\/div>\n\n\n\n<div class=\"wp-block-media-text is-stacked-on-mobile is-style-stacked coblocks-animate\" data-coblocks-animation=\"zoomIn\"><figure class=\"wp-block-media-text__media\"><\/figure><div class=\"wp-block-media-text__content\">\n<figure data-wp-context=\"{&quot;imageId&quot;:&quot;69f5585770685&quot;}\" data-wp-interactive=\"core\/image\" data-wp-key=\"69f5585770685\" class=\"wp-block-image size-full has-lightbox wp-lightbox-container\"><img loading=\"lazy\" decoding=\"async\" width=\"1431\" height=\"585\" data-wp-class--hide=\"state.isContentHidden\" data-wp-class--show=\"state.isContentVisible\" data-wp-init=\"callbacks.setButtonStyles\" data-wp-on--click=\"actions.showLightbox\" data-wp-on--load=\"callbacks.setButtonStyles\" data-wp-on-window--resize=\"callbacks.setButtonStyles\" src=\"https:\/\/syndicom.ch\/app\/uploads\/2026\/03\/sindacato-syndicom-salario-fumetto-4.jpg\" alt=\"\" class=\"wp-image-59904\" srcset=\"https:\/\/syndicom.ch\/app\/uploads\/2026\/03\/sindacato-syndicom-salario-fumetto-4.jpg 1431w, https:\/\/syndicom.ch\/app\/uploads\/2026\/03\/sindacato-syndicom-salario-fumetto-4-300x123.jpg 300w, https:\/\/syndicom.ch\/app\/uploads\/2026\/03\/sindacato-syndicom-salario-fumetto-4-1024x419.jpg 1024w, https:\/\/syndicom.ch\/app\/uploads\/2026\/03\/sindacato-syndicom-salario-fumetto-4-768x314.jpg 768w\" sizes=\"auto, (max-width: 1431px) 100vw, 1431px\" \/><button\n\t\t\tclass=\"lightbox-trigger\"\n\t\t\ttype=\"button\"\n\t\t\taria-haspopup=\"dialog\"\n\t\t\taria-label=\"Ingrandisci\"\n\t\t\tdata-wp-init=\"callbacks.initTriggerButton\"\n\t\t\tdata-wp-on--click=\"actions.showLightbox\"\n\t\t\tdata-wp-style--right=\"state.imageButtonRight\"\n\t\t\tdata-wp-style--top=\"state.imageButtonTop\"\n\t\t>\n\t\t\t<svg xmlns=\"http:\/\/www.w3.org\/2000\/svg\" width=\"12\" height=\"12\" fill=\"none\" viewBox=\"0 0 12 12\">\n\t\t\t\t<path fill=\"#fff\" d=\"M2 0a2 2 0 0 0-2 2v2h1.5V2a.5.5 0 0 1 .5-.5h2V0H2Zm2 10.5H2a.5.5 0 0 1-.5-.5V8H0v2a2 2 0 0 0 2 2h2v-1.5ZM8 12v-1.5h2a.5.5 0 0 0 .5-.5V8H12v2a2 2 0 0 1-2 2H8Zm2-12a2 2 0 0 1 2 2v2h-1.5V2a.5.5 0 0 0-.5-.5H8V0h2Z\" \/>\n\t\t\t<\/svg>\n\t\t<\/button><\/figure>\n<\/div><\/div>\n\n\n\n<div class=\"wp-block-media-text is-stacked-on-mobile is-style-stacked coblocks-animate\" data-coblocks-animation=\"zoomIn\"><figure class=\"wp-block-media-text__media\"><\/figure><div class=\"wp-block-media-text__content\">\n<figure data-wp-context=\"{&quot;imageId&quot;:&quot;69f5585770b44&quot;}\" data-wp-interactive=\"core\/image\" data-wp-key=\"69f5585770b44\" class=\"wp-block-image size-full has-lightbox wp-lightbox-container\"><img loading=\"lazy\" decoding=\"async\" width=\"1427\" height=\"525\" data-wp-class--hide=\"state.isContentHidden\" data-wp-class--show=\"state.isContentVisible\" data-wp-init=\"callbacks.setButtonStyles\" data-wp-on--click=\"actions.showLightbox\" data-wp-on--load=\"callbacks.setButtonStyles\" data-wp-on-window--resize=\"callbacks.setButtonStyles\" src=\"https:\/\/syndicom.ch\/app\/uploads\/2026\/03\/sindacato-syndicom-salario-fumetto-5.jpg\" alt=\"\" class=\"wp-image-59905\" srcset=\"https:\/\/syndicom.ch\/app\/uploads\/2026\/03\/sindacato-syndicom-salario-fumetto-5.jpg 1427w, https:\/\/syndicom.ch\/app\/uploads\/2026\/03\/sindacato-syndicom-salario-fumetto-5-300x110.jpg 300w, https:\/\/syndicom.ch\/app\/uploads\/2026\/03\/sindacato-syndicom-salario-fumetto-5-1024x377.jpg 1024w, https:\/\/syndicom.ch\/app\/uploads\/2026\/03\/sindacato-syndicom-salario-fumetto-5-768x283.jpg 768w\" sizes=\"auto, (max-width: 1427px) 100vw, 1427px\" \/><button\n\t\t\tclass=\"lightbox-trigger\"\n\t\t\ttype=\"button\"\n\t\t\taria-haspopup=\"dialog\"\n\t\t\taria-label=\"Ingrandisci\"\n\t\t\tdata-wp-init=\"callbacks.initTriggerButton\"\n\t\t\tdata-wp-on--click=\"actions.showLightbox\"\n\t\t\tdata-wp-style--right=\"state.imageButtonRight\"\n\t\t\tdata-wp-style--top=\"state.imageButtonTop\"\n\t\t>\n\t\t\t<svg xmlns=\"http:\/\/www.w3.org\/2000\/svg\" width=\"12\" height=\"12\" fill=\"none\" viewBox=\"0 0 12 12\">\n\t\t\t\t<path fill=\"#fff\" d=\"M2 0a2 2 0 0 0-2 2v2h1.5V2a.5.5 0 0 1 .5-.5h2V0H2Zm2 10.5H2a.5.5 0 0 1-.5-.5V8H0v2a2 2 0 0 0 2 2h2v-1.5ZM8 12v-1.5h2a.5.5 0 0 0 .5-.5V8H12v2a2 2 0 0 1-2 2H8Zm2-12a2 2 0 0 1 2 2v2h-1.5V2a.5.5 0 0 0-.5-.5H8V0h2Z\" \/>\n\t\t\t<\/svg>\n\t\t<\/button><\/figure>\n<\/div><\/div>\n\n\n\n<div class=\"wp-block-media-text is-stacked-on-mobile is-style-stacked coblocks-animate\" data-coblocks-animation=\"zoomIn\"><figure class=\"wp-block-media-text__media\"><\/figure><div class=\"wp-block-media-text__content\">\n<figure data-wp-context=\"{&quot;imageId&quot;:&quot;69f5585770ff5&quot;}\" data-wp-interactive=\"core\/image\" data-wp-key=\"69f5585770ff5\" class=\"wp-block-image size-full has-lightbox wp-lightbox-container\"><img loading=\"lazy\" decoding=\"async\" width=\"1444\" height=\"495\" data-wp-class--hide=\"state.isContentHidden\" data-wp-class--show=\"state.isContentVisible\" data-wp-init=\"callbacks.setButtonStyles\" data-wp-on--click=\"actions.showLightbox\" data-wp-on--load=\"callbacks.setButtonStyles\" data-wp-on-window--resize=\"callbacks.setButtonStyles\" src=\"https:\/\/syndicom.ch\/app\/uploads\/2026\/03\/sindacato-syndicom-salario-fumetto-6.jpg\" alt=\"\" class=\"wp-image-59907\" srcset=\"https:\/\/syndicom.ch\/app\/uploads\/2026\/03\/sindacato-syndicom-salario-fumetto-6.jpg 1444w, https:\/\/syndicom.ch\/app\/uploads\/2026\/03\/sindacato-syndicom-salario-fumetto-6-300x103.jpg 300w, https:\/\/syndicom.ch\/app\/uploads\/2026\/03\/sindacato-syndicom-salario-fumetto-6-1024x351.jpg 1024w, https:\/\/syndicom.ch\/app\/uploads\/2026\/03\/sindacato-syndicom-salario-fumetto-6-768x263.jpg 768w\" sizes=\"auto, (max-width: 1444px) 100vw, 1444px\" \/><button\n\t\t\tclass=\"lightbox-trigger\"\n\t\t\ttype=\"button\"\n\t\t\taria-haspopup=\"dialog\"\n\t\t\taria-label=\"Ingrandisci\"\n\t\t\tdata-wp-init=\"callbacks.initTriggerButton\"\n\t\t\tdata-wp-on--click=\"actions.showLightbox\"\n\t\t\tdata-wp-style--right=\"state.imageButtonRight\"\n\t\t\tdata-wp-style--top=\"state.imageButtonTop\"\n\t\t>\n\t\t\t<svg xmlns=\"http:\/\/www.w3.org\/2000\/svg\" width=\"12\" height=\"12\" fill=\"none\" viewBox=\"0 0 12 12\">\n\t\t\t\t<path fill=\"#fff\" d=\"M2 0a2 2 0 0 0-2 2v2h1.5V2a.5.5 0 0 1 .5-.5h2V0H2Zm2 10.5H2a.5.5 0 0 1-.5-.5V8H0v2a2 2 0 0 0 2 2h2v-1.5ZM8 12v-1.5h2a.5.5 0 0 0 .5-.5V8H12v2a2 2 0 0 1-2 2H8Zm2-12a2 2 0 0 1 2 2v2h-1.5V2a.5.5 0 0 0-.5-.5H8V0h2Z\" \/>\n\t\t\t<\/svg>\n\t\t<\/button><\/figure>\n<\/div><\/div>\n\n\n\n<div class=\"wp-block-media-text is-stacked-on-mobile is-style-stacked coblocks-animate\" data-coblocks-animation=\"zoomIn\"><figure class=\"wp-block-media-text__media\"><\/figure><div class=\"wp-block-media-text__content\">\n<figure data-wp-context=\"{&quot;imageId&quot;:&quot;69f5585771508&quot;}\" data-wp-interactive=\"core\/image\" data-wp-key=\"69f5585771508\" class=\"wp-block-image size-full has-lightbox wp-lightbox-container\"><img loading=\"lazy\" decoding=\"async\" width=\"1433\" height=\"517\" data-wp-class--hide=\"state.isContentHidden\" data-wp-class--show=\"state.isContentVisible\" data-wp-init=\"callbacks.setButtonStyles\" data-wp-on--click=\"actions.showLightbox\" data-wp-on--load=\"callbacks.setButtonStyles\" data-wp-on-window--resize=\"callbacks.setButtonStyles\" src=\"https:\/\/syndicom.ch\/app\/uploads\/2026\/03\/sindacato-syndicom-salario-fumetto-7.jpg\" alt=\"\" class=\"wp-image-59908\" srcset=\"https:\/\/syndicom.ch\/app\/uploads\/2026\/03\/sindacato-syndicom-salario-fumetto-7.jpg 1433w, https:\/\/syndicom.ch\/app\/uploads\/2026\/03\/sindacato-syndicom-salario-fumetto-7-300x108.jpg 300w, https:\/\/syndicom.ch\/app\/uploads\/2026\/03\/sindacato-syndicom-salario-fumetto-7-1024x369.jpg 1024w, https:\/\/syndicom.ch\/app\/uploads\/2026\/03\/sindacato-syndicom-salario-fumetto-7-768x277.jpg 768w\" sizes=\"auto, (max-width: 1433px) 100vw, 1433px\" \/><button\n\t\t\tclass=\"lightbox-trigger\"\n\t\t\ttype=\"button\"\n\t\t\taria-haspopup=\"dialog\"\n\t\t\taria-label=\"Ingrandisci\"\n\t\t\tdata-wp-init=\"callbacks.initTriggerButton\"\n\t\t\tdata-wp-on--click=\"actions.showLightbox\"\n\t\t\tdata-wp-style--right=\"state.imageButtonRight\"\n\t\t\tdata-wp-style--top=\"state.imageButtonTop\"\n\t\t>\n\t\t\t<svg xmlns=\"http:\/\/www.w3.org\/2000\/svg\" width=\"12\" height=\"12\" fill=\"none\" viewBox=\"0 0 12 12\">\n\t\t\t\t<path fill=\"#fff\" d=\"M2 0a2 2 0 0 0-2 2v2h1.5V2a.5.5 0 0 1 .5-.5h2V0H2Zm2 10.5H2a.5.5 0 0 1-.5-.5V8H0v2a2 2 0 0 0 2 2h2v-1.5ZM8 12v-1.5h2a.5.5 0 0 0 .5-.5V8H12v2a2 2 0 0 1-2 2H8Zm2-12a2 2 0 0 1 2 2v2h-1.5V2a.5.5 0 0 0-.5-.5H8V0h2Z\" \/>\n\t\t\t<\/svg>\n\t\t<\/button><\/figure>\n<\/div><\/div>\n\n\n\n<div class=\"wp-block-media-text is-stacked-on-mobile is-style-stacked coblocks-animate\" data-coblocks-animation=\"zoomIn\"><figure class=\"wp-block-media-text__media\"><\/figure><div class=\"wp-block-media-text__content\">\n<figure data-wp-context=\"{&quot;imageId&quot;:&quot;69f5585771a48&quot;}\" data-wp-interactive=\"core\/image\" data-wp-key=\"69f5585771a48\" class=\"wp-block-image size-full has-lightbox wp-lightbox-container\"><img loading=\"lazy\" decoding=\"async\" width=\"1436\" height=\"569\" data-wp-class--hide=\"state.isContentHidden\" data-wp-class--show=\"state.isContentVisible\" data-wp-init=\"callbacks.setButtonStyles\" data-wp-on--click=\"actions.showLightbox\" data-wp-on--load=\"callbacks.setButtonStyles\" data-wp-on-window--resize=\"callbacks.setButtonStyles\" src=\"https:\/\/syndicom.ch\/app\/uploads\/2026\/03\/sindacato-syndicom-salario-fumetto-8.jpg\" alt=\"\" class=\"wp-image-59909\" srcset=\"https:\/\/syndicom.ch\/app\/uploads\/2026\/03\/sindacato-syndicom-salario-fumetto-8.jpg 1436w, https:\/\/syndicom.ch\/app\/uploads\/2026\/03\/sindacato-syndicom-salario-fumetto-8-300x119.jpg 300w, https:\/\/syndicom.ch\/app\/uploads\/2026\/03\/sindacato-syndicom-salario-fumetto-8-1024x406.jpg 1024w, https:\/\/syndicom.ch\/app\/uploads\/2026\/03\/sindacato-syndicom-salario-fumetto-8-768x304.jpg 768w\" sizes=\"auto, (max-width: 1436px) 100vw, 1436px\" \/><button\n\t\t\tclass=\"lightbox-trigger\"\n\t\t\ttype=\"button\"\n\t\t\taria-haspopup=\"dialog\"\n\t\t\taria-label=\"Ingrandisci\"\n\t\t\tdata-wp-init=\"callbacks.initTriggerButton\"\n\t\t\tdata-wp-on--click=\"actions.showLightbox\"\n\t\t\tdata-wp-style--right=\"state.imageButtonRight\"\n\t\t\tdata-wp-style--top=\"state.imageButtonTop\"\n\t\t>\n\t\t\t<svg xmlns=\"http:\/\/www.w3.org\/2000\/svg\" width=\"12\" height=\"12\" fill=\"none\" viewBox=\"0 0 12 12\">\n\t\t\t\t<path fill=\"#fff\" d=\"M2 0a2 2 0 0 0-2 2v2h1.5V2a.5.5 0 0 1 .5-.5h2V0H2Zm2 10.5H2a.5.5 0 0 1-.5-.5V8H0v2a2 2 0 0 0 2 2h2v-1.5ZM8 12v-1.5h2a.5.5 0 0 0 .5-.5V8H12v2a2 2 0 0 1-2 2H8Zm2-12a2 2 0 0 1 2 2v2h-1.5V2a.5.5 0 0 0-.5-.5H8V0h2Z\" \/>\n\t\t\t<\/svg>\n\t\t<\/button><\/figure>\n<\/div><\/div>\n<\/div>\n\n\n\n<p class=\"has-text-align-center\">\u00a9 Kati Rickenbach<br><a href=\"https:\/\/syndicom.ch\/app\/uploads\/2026\/03\/sindacato-syndicom-salario-fumetto-2025.pdf\" type=\"link\" id=\"https:\/\/syndicom.ch\/app\/uploads\/2026\/03\/sindacato-syndicom-salario-fumetto-2025.pdf\" target=\"_blank\" rel=\"noreferrer noopener\"><strong>L&#8217;intero fumetto in una sola pagina<\/strong><\/a><\/p>\n\n\n\n<p class=\"has-text-align-center\"><\/p>\n<\/div>\n<\/div>\n\n\n\n<div class=\"wp-block-group alignfull has-background-color has-primary-background-color has-text-color has-background has-link-color wp-elements-8b3b37b480fb1d083c1118c9b03fafc8 is-layout-constrained wp-block-group-is-layout-constrained\">\n<h2 class=\"wp-block-heading has-text-align-center\"><strong>Insieme per salari equi \u2013 diventa membro adesso!<\/strong><\/h2>\n\n\n\n<p class=\"has-text-align-center\">Come membro di syndicom rafforzi la lotta comune per salari equi. Perch\u00e9 pi\u00f9 siamo, pi\u00f9 pressione possiamo fare durante le trattative salariali.<\/p>\n\n\n\n<div class=\"wp-block-buttons is-content-justification-center is-layout-flex wp-container-core-buttons-is-layout-16018d1d wp-block-buttons-is-layout-flex\">\n<div class=\"wp-block-button is-style-fill\"><a class=\"wp-block-button__link has-foreground-color has-secondary-background-color has-text-color has-background has-link-color has-text-align-left wp-element-button\" href=\"https:\/\/my.syndicom.ch\/adesione\" target=\"_blank\" rel=\"noreferrer noopener\"><strong>Diventa membro adesso!<\/strong><\/a><\/div>\n\n\n\n<div class=\"wp-block-button is-style-outline is-style-outline--3\"><a class=\"wp-block-button__link has-tertiary-color has-tertiary-background-color has-text-color has-background has-link-color has-text-align-left wp-element-button\" href=\"https:\/\/syndicom.ch\/it\/faq-adesione\/\" target=\"_blank\" rel=\"noreferrer noopener\">Vantaggi e info sull\u2019adesione<\/a><\/div>\n<\/div>\n<\/div>\n\n\n\n<div class=\"wp-block-group alignfull has-background-background-color has-background is-layout-constrained wp-block-group-is-layout-constrained\">\n<div class=\"wp-block-group is-style-narrow is-layout-constrained wp-block-group-is-layout-constrained\">\n<h2 class=\"wp-block-heading has-text-align-center\"><strong><strong><strong><strong>syndicom alla manifestazione sui salari:<\/strong><\/strong><\/strong><\/strong><\/h2>\n\n\n\n<div class=\"wp-block-group is-style-slider is-autoplay is-layout-constrained wp-container-core-group-is-layout-c266cdc3 wp-block-group-is-layout-constrained\">\n<div class=\"wp-block-group coblocks-animate is-layout-constrained wp-container-core-group-is-layout-5ca99053 wp-block-group-is-layout-constrained\" data-coblocks-animation=\"zoomIn\">\n<figure class=\"wp-block-image aligncenter size-full is-style-default has-lightbox\"><img loading=\"lazy\" decoding=\"async\" width=\"2560\" height=\"1707\" src=\"https:\/\/syndicom.ch\/app\/uploads\/2025\/07\/gewerkschaft-syndicom-lohndemo2023-zusteller-scaled.jpg\" alt=\"\" class=\"wp-image-41904\" srcset=\"https:\/\/syndicom.ch\/app\/uploads\/2025\/07\/gewerkschaft-syndicom-lohndemo2023-zusteller-scaled.jpg 2560w, https:\/\/syndicom.ch\/app\/uploads\/2025\/07\/gewerkschaft-syndicom-lohndemo2023-zusteller-300x200.jpg 300w, https:\/\/syndicom.ch\/app\/uploads\/2025\/07\/gewerkschaft-syndicom-lohndemo2023-zusteller-1024x683.jpg 1024w, https:\/\/syndicom.ch\/app\/uploads\/2025\/07\/gewerkschaft-syndicom-lohndemo2023-zusteller-768x512.jpg 768w, https:\/\/syndicom.ch\/app\/uploads\/2025\/07\/gewerkschaft-syndicom-lohndemo2023-zusteller-1536x1024.jpg 1536w, https:\/\/syndicom.ch\/app\/uploads\/2025\/07\/gewerkschaft-syndicom-lohndemo2023-zusteller-2048x1365.jpg 2048w\" sizes=\"auto, (max-width: 2560px) 100vw, 2560px\" \/><figcaption class=\"wp-element-caption\"> <\/figcaption><\/figure>\n<\/div>\n\n\n\n<div class=\"wp-block-group coblocks-animate is-layout-constrained wp-container-core-group-is-layout-5ca99053 wp-block-group-is-layout-constrained\" data-coblocks-animation=\"zoomIn\">\n<figure class=\"wp-block-image aligncenter size-full is-style-default has-lightbox\"><img loading=\"lazy\" decoding=\"async\" width=\"2560\" height=\"1890\" src=\"https:\/\/syndicom.ch\/app\/uploads\/2025\/07\/gewerkschaft-syndicom-lohndemo2023-allgemein-scaled.jpg\" alt=\"\" class=\"wp-image-41897\" srcset=\"https:\/\/syndicom.ch\/app\/uploads\/2025\/07\/gewerkschaft-syndicom-lohndemo2023-allgemein-scaled.jpg 2560w, https:\/\/syndicom.ch\/app\/uploads\/2025\/07\/gewerkschaft-syndicom-lohndemo2023-allgemein-300x222.jpg 300w, https:\/\/syndicom.ch\/app\/uploads\/2025\/07\/gewerkschaft-syndicom-lohndemo2023-allgemein-1024x756.jpg 1024w, https:\/\/syndicom.ch\/app\/uploads\/2025\/07\/gewerkschaft-syndicom-lohndemo2023-allgemein-768x567.jpg 768w, https:\/\/syndicom.ch\/app\/uploads\/2025\/07\/gewerkschaft-syndicom-lohndemo2023-allgemein-1536x1134.jpg 1536w, https:\/\/syndicom.ch\/app\/uploads\/2025\/07\/gewerkschaft-syndicom-lohndemo2023-allgemein-2048x1512.jpg 2048w\" sizes=\"auto, (max-width: 2560px) 100vw, 2560px\" \/><figcaption class=\"wp-element-caption\"> <\/figcaption><\/figure>\n<\/div>\n\n\n\n<div class=\"wp-block-group coblocks-animate is-layout-constrained wp-container-core-group-is-layout-5ca99053 wp-block-group-is-layout-constrained\" data-coblocks-animation=\"zoomIn\">\n<figure class=\"wp-block-image aligncenter size-full is-style-default has-lightbox\"><img loading=\"lazy\" decoding=\"async\" width=\"2560\" height=\"1707\" src=\"https:\/\/syndicom.ch\/app\/uploads\/2025\/07\/gewerkschaft-syndicom-lohndemo2023-pensionierte-scaled.jpg\" alt=\"\" class=\"wp-image-41893\" srcset=\"https:\/\/syndicom.ch\/app\/uploads\/2025\/07\/gewerkschaft-syndicom-lohndemo2023-pensionierte-scaled.jpg 2560w, https:\/\/syndicom.ch\/app\/uploads\/2025\/07\/gewerkschaft-syndicom-lohndemo2023-pensionierte-300x200.jpg 300w, https:\/\/syndicom.ch\/app\/uploads\/2025\/07\/gewerkschaft-syndicom-lohndemo2023-pensionierte-1024x683.jpg 1024w, https:\/\/syndicom.ch\/app\/uploads\/2025\/07\/gewerkschaft-syndicom-lohndemo2023-pensionierte-768x512.jpg 768w, https:\/\/syndicom.ch\/app\/uploads\/2025\/07\/gewerkschaft-syndicom-lohndemo2023-pensionierte-1536x1024.jpg 1536w, https:\/\/syndicom.ch\/app\/uploads\/2025\/07\/gewerkschaft-syndicom-lohndemo2023-pensionierte-2048x1365.jpg 2048w\" sizes=\"auto, (max-width: 2560px) 100vw, 2560px\" \/><figcaption class=\"wp-element-caption\"> <\/figcaption><\/figure>\n<\/div>\n\n\n\n<div class=\"wp-block-group coblocks-animate is-layout-constrained wp-container-core-group-is-layout-5ca99053 wp-block-group-is-layout-constrained\" data-coblocks-animation=\"zoomIn\">\n<figure class=\"wp-block-image aligncenter size-full is-style-default has-lightbox\"><img loading=\"lazy\" decoding=\"async\" width=\"2560\" height=\"1707\" src=\"https:\/\/syndicom.ch\/app\/uploads\/2025\/07\/gewerkschaft-syndicom-lohndemo2023-ict-scaled.jpg\" alt=\"\" class=\"wp-image-41889\" srcset=\"https:\/\/syndicom.ch\/app\/uploads\/2025\/07\/gewerkschaft-syndicom-lohndemo2023-ict-scaled.jpg 2560w, https:\/\/syndicom.ch\/app\/uploads\/2025\/07\/gewerkschaft-syndicom-lohndemo2023-ict-300x200.jpg 300w, https:\/\/syndicom.ch\/app\/uploads\/2025\/07\/gewerkschaft-syndicom-lohndemo2023-ict-1024x683.jpg 1024w, https:\/\/syndicom.ch\/app\/uploads\/2025\/07\/gewerkschaft-syndicom-lohndemo2023-ict-768x512.jpg 768w, https:\/\/syndicom.ch\/app\/uploads\/2025\/07\/gewerkschaft-syndicom-lohndemo2023-ict-1536x1024.jpg 1536w, https:\/\/syndicom.ch\/app\/uploads\/2025\/07\/gewerkschaft-syndicom-lohndemo2023-ict-2048x1365.jpg 2048w\" sizes=\"auto, (max-width: 2560px) 100vw, 2560px\" \/><figcaption class=\"wp-element-caption\"> <\/figcaption><\/figure>\n<\/div>\n\n\n\n<div class=\"wp-block-group coblocks-animate is-layout-constrained wp-container-core-group-is-layout-5ca99053 wp-block-group-is-layout-constrained\" data-coblocks-animation=\"zoomIn\">\n<figure class=\"wp-block-image aligncenter size-full is-style-default has-lightbox\"><img loading=\"lazy\" decoding=\"async\" width=\"2560\" height=\"1707\" src=\"https:\/\/syndicom.ch\/app\/uploads\/2025\/07\/gewerkschaft-syndicom-lohndemo2023-mindestlohn-scaled.jpg\" alt=\"\" class=\"wp-image-41885\" srcset=\"https:\/\/syndicom.ch\/app\/uploads\/2025\/07\/gewerkschaft-syndicom-lohndemo2023-mindestlohn-scaled.jpg 2560w, https:\/\/syndicom.ch\/app\/uploads\/2025\/07\/gewerkschaft-syndicom-lohndemo2023-mindestlohn-300x200.jpg 300w, https:\/\/syndicom.ch\/app\/uploads\/2025\/07\/gewerkschaft-syndicom-lohndemo2023-mindestlohn-1024x683.jpg 1024w, https:\/\/syndicom.ch\/app\/uploads\/2025\/07\/gewerkschaft-syndicom-lohndemo2023-mindestlohn-768x512.jpg 768w, https:\/\/syndicom.ch\/app\/uploads\/2025\/07\/gewerkschaft-syndicom-lohndemo2023-mindestlohn-1536x1024.jpg 1536w, https:\/\/syndicom.ch\/app\/uploads\/2025\/07\/gewerkschaft-syndicom-lohndemo2023-mindestlohn-2048x1365.jpg 2048w\" sizes=\"auto, (max-width: 2560px) 100vw, 2560px\" \/><figcaption class=\"wp-element-caption\"> <\/figcaption><\/figure>\n<\/div>\n\n\n\n<div class=\"wp-block-group coblocks-animate is-layout-constrained wp-container-core-group-is-layout-5ca99053 wp-block-group-is-layout-constrained\" data-coblocks-animation=\"zoomIn\">\n<figure class=\"wp-block-image aligncenter size-full is-style-default has-lightbox\"><img loading=\"lazy\" decoding=\"async\" width=\"2560\" height=\"1707\" src=\"https:\/\/syndicom.ch\/app\/uploads\/2025\/07\/gewerkschaft-syndicom-lohndemo2023-medien-scaled.jpg\" alt=\"\" class=\"wp-image-41877\" srcset=\"https:\/\/syndicom.ch\/app\/uploads\/2025\/07\/gewerkschaft-syndicom-lohndemo2023-medien-scaled.jpg 2560w, https:\/\/syndicom.ch\/app\/uploads\/2025\/07\/gewerkschaft-syndicom-lohndemo2023-medien-300x200.jpg 300w, https:\/\/syndicom.ch\/app\/uploads\/2025\/07\/gewerkschaft-syndicom-lohndemo2023-medien-1024x683.jpg 1024w, https:\/\/syndicom.ch\/app\/uploads\/2025\/07\/gewerkschaft-syndicom-lohndemo2023-medien-768x512.jpg 768w, https:\/\/syndicom.ch\/app\/uploads\/2025\/07\/gewerkschaft-syndicom-lohndemo2023-medien-1536x1024.jpg 1536w, https:\/\/syndicom.ch\/app\/uploads\/2025\/07\/gewerkschaft-syndicom-lohndemo2023-medien-2048x1365.jpg 2048w\" sizes=\"auto, (max-width: 2560px) 100vw, 2560px\" \/><figcaption class=\"wp-element-caption\"> <\/figcaption><\/figure>\n<\/div>\n<\/div>\n\n\n\n<p><\/p>\n\n\n\n<div class=\"wp-block-buttons alignwide is-content-justification-center is-layout-flex wp-container-core-buttons-is-layout-16018d1d wp-block-buttons-is-layout-flex\">\n<div class=\"wp-block-button is-style-outline is-style-outline--4\"><a class=\"wp-block-button__link has-primary-color has-text-color has-link-color has-text-align-center wp-element-button\" href=\"https:\/\/www.instagram.com\/stories\/highlights\/17858978538249403\/\" target=\"_blank\" rel=\"noreferrer noopener\">Altre foto su Instagram<\/a><\/div>\n<\/div>\n<\/div>\n<\/div>\n\n\n\n<div class=\"wp-block-group alignfull has-background-background-color has-background is-layout-constrained wp-block-group-is-layout-constrained\">\n<div class=\"wp-block-group is-style-narrow is-layout-constrained wp-block-group-is-layout-constrained\">\n<hr class=\"wp-block-separator has-alpha-channel-opacity is-style-wide\"\/>\n\n\n\n<h2 class=\"wp-block-heading has-primary-color has-text-color has-link-color wp-elements-80320e8ecefe8fca49590cf49af4c398\" id=\"FAQ-salario\">\u24d8 <mark style=\"background-color:rgba(0, 0, 0, 0)\" class=\"has-inline-color has-foreground-color\">Punto Info Salario<\/mark><\/h2>\n\n\n\n<div class=\"wp-block-coblocks-faq\" itemscope itemtype=\"https:\/\/schema.org\/FAQPage\">\n<h3 class=\"wp-block-heading has-text-align-left wp-block-coblocks-faq__title\"><strong><strong>FAQ<\/strong><\/strong><\/h3>\n\n\n\n<details class=\"wp-block-coblocks-faq-item\" itemprop=\"mainEntity\" itemscope itemtype=\"https:\/\/schema.org\/Question\"><summary class=\"wp-block-coblocks-faq-item__question\" itemprop=\"name\"><div class=\"wp-block-coblocks-faq-item__question__content\">Come viene negoziato il mio aumento del salario?<\/div><svg fill=\"none\" viewBox=\"0 0 24 24\" xmlns=\"http:\/\/www.w3.org\/2000\/svg\" width=\"24\" height=\"24\" class=\"wp-block-coblocks-faq-item__question__icon\" aria-hidden=\"true\"><path fill=\"currentColor\" fill-rule=\"evenodd\" clip-rule=\"evenodd\" d=\"M19.39 14.99l-1.41 1.41L12 10.43 6.02 16.4l-1.41-1.41L12 7.6l7.39 7.39z\"><\/path><\/svg><\/summary><div class=\"wp-block-coblocks-faq-item__answer\" itemprop=\"acceptedAnswer\" itemscope itemtype=\"https:\/\/schema.org\/Answer\"><div itemprop=\"text\">\n<p>Solo i <a href=\"https:\/\/syndicom.ch\/it\/contratti-collettivi-di-lavoro-ccl\/\" target=\"_blank\" rel=\"noreferrer noopener\">CCL<\/a> possono garantire negoziazioni salariali annuali. Nessuna legge prevede un diritto alle negoziazioni salariali o agli aumenti di stipendio. <strong>Quindi, si tratta di una conquista e di un vantaggio ottenuti dai sindacati.<\/strong> Senza disposizioni nel <a href=\"https:\/\/syndicom.ch\/it\/contratti-collettivi-di-lavoro-ccl\/\" target=\"_blank\" rel=\"noreferrer noopener\">CCL<\/a>, ciascuno dovrebbe negoziare per se stesso. Tuttavia, gli individui non sono mai forti quanto un collettivo. Le negoziazioni salariali collettive sono chiaramente migliori: producono risultati da cui traggono vantaggio tutti \u2013 i cosiddetti aumenti salariali generali.<\/p>\n\n\n\n<p>Anche per le negoziazioni salariali viene eletta una delegazione e viene identificato un pacchetto di rivendicazioni. Il risultato della negoziazione sui salari \u00e8 soggetto allo stesso processo di approvazione di quello sui <a href=\"https:\/\/syndicom.ch\/it\/contratti-collettivi-di-lavoro-ccl\/\" target=\"_blank\" rel=\"noreferrer noopener\">CCL<\/a>.<\/p>\n<\/div><\/div><\/details>\n\n\n\n<details class=\"wp-block-coblocks-faq-item\" itemprop=\"mainEntity\" itemscope itemtype=\"https:\/\/schema.org\/Question\"><summary class=\"wp-block-coblocks-faq-item__question\" itemprop=\"name\"><div class=\"wp-block-coblocks-faq-item__question__content\">Analisi salariale: cos\u2019\u00e8?<\/div><svg fill=\"none\" viewBox=\"0 0 24 24\" xmlns=\"http:\/\/www.w3.org\/2000\/svg\" width=\"24\" height=\"24\" class=\"wp-block-coblocks-faq-item__question__icon\" aria-hidden=\"true\"><path fill=\"currentColor\" fill-rule=\"evenodd\" clip-rule=\"evenodd\" d=\"M19.39 14.99l-1.41 1.41L12 10.43 6.02 16.4l-1.41-1.41L12 7.6l7.39 7.39z\"><\/path><\/svg><\/summary><div class=\"wp-block-coblocks-faq-item__answer\" itemprop=\"acceptedAnswer\" itemscope itemtype=\"https:\/\/schema.org\/Answer\"><div itemprop=\"text\">\n<p>L\u2019analisi salariale mostra se in un\u2019azienda donne e uomini sono pagati allo stesso modo per lo stesso lavoro o per un lavoro di pari valore. Solo con un\u2019analisi salariale a supporto si pu\u00f2 agire contro le violazioni per eliminare la discriminazione.<\/p>\n<\/div><\/div><\/details>\n\n\n\n<details class=\"wp-block-coblocks-faq-item\" itemprop=\"mainEntity\" itemscope itemtype=\"https:\/\/schema.org\/Question\"><summary class=\"wp-block-coblocks-faq-item__question\" itemprop=\"name\"><div class=\"wp-block-coblocks-faq-item__question__content\">Che cos\u2019\u00e8 la disuguaglianza salariale?<\/div><svg fill=\"none\" viewBox=\"0 0 24 24\" xmlns=\"http:\/\/www.w3.org\/2000\/svg\" width=\"24\" height=\"24\" class=\"wp-block-coblocks-faq-item__question__icon\" aria-hidden=\"true\"><path fill=\"currentColor\" fill-rule=\"evenodd\" clip-rule=\"evenodd\" d=\"M19.39 14.99l-1.41 1.41L12 10.43 6.02 16.4l-1.41-1.41L12 7.6l7.39 7.39z\"><\/path><\/svg><\/summary><div class=\"wp-block-coblocks-faq-item__answer\" itemprop=\"acceptedAnswer\" itemscope itemtype=\"https:\/\/schema.org\/Answer\"><div itemprop=\"text\">\n<p>In media, le donne guadagnano il 43,2% in meno degli uomini (2022). Le ragioni di questo divario sono tre: <\/p>\n\n\n\n<ul class=\"wp-block-list\">\n<li>Le donne continuano a svolgere la maggior parte del lavoro non retribuito, il che impedisce loro di svolgere pi\u00f9 lavoro retribuito. La logica conseguenza \u00e8 che le donne hanno pensioni di vecchiaia molto pi\u00f9 basse degli uomini (34,6% nel 2022).<\/li>\n\n\n\n<li>Le donne sono statisticamente sovrarappresentate nei lavori poco retribuiti e sottorappresentate nelle professioni ben retribuite. <\/li>\n\n\n\n<li>La discriminazione salariale persiste nonostante la revisione della legge sulla parit\u00e0. <\/li>\n<\/ul>\n<\/div><\/div><\/details>\n<\/div>\n\n\n\n<h2 class=\"wp-block-heading has-foreground-color has-text-color has-link-color wp-elements-70d12dd5bfc8b7ff04668148ce97a3f9\"><strong><strong><strong>Contesto e reportage: la rivista racconta<\/strong><\/strong><\/strong><\/h2>\n\n\n\n<div data-wp-context=\"{}\" data-wp-interactive=\"core\/query\" data-wp-key=\"11\" data-wp-router-region=\"query-11\" class=\"wp-block-query alignfull is-layout-flow wp-block-query-is-layout-flow\">\n<div class=\"wp-block-group alignwide is-style-default is-layout-constrained wp-block-group-is-layout-constrained\"><ul class=\"columns-3 alignwide wp-block-post-template is-layout-grid wp-container-core-post-template-is-layout-2f3213d7 wp-block-post-template-is-layout-grid\"><li data-wp-key=\"post-template-item-59960\" class=\"wp-block-post post-59960 syn_magazine type-syn_magazine status-publish has-post-thumbnail hentry syn_magazine_category-salario\">\n\n<div class=\"wp-block-media-text is-stacked-on-mobile is-style-logo has-background-background-color has-background\"><figure class=\"wp-block-media-text__media\"><\/figure><div class=\"wp-block-media-text__content\"><div class=\"has-text-align-right has-link-color wp-elements-7c87a679c4c3f9b0e01a5f088fd4271d wp-block-post-date has-text-color has-foreground-color\"><time datetime=\"2026-03-25T09:54:43+01:00\">25.3.2026<\/time><\/div>\n\n\n<div class=\"wp-block-cover is-light is-style-default\" style=\"min-height:270px;aspect-ratio:unset;\"><span aria-hidden=\"true\" class=\"wp-block-cover__background has-background-background-color has-background-dim-40 has-background-dim\"><\/span><img loading=\"lazy\" decoding=\"async\" width=\"1433\" height=\"517\" src=\"https:\/\/syndicom.ch\/app\/uploads\/2026\/03\/sindacato-syndicom-salario-fumetto-7.jpg\" class=\"wp-block-cover__image-background wp-post-image\" alt=\"\" data-object-fit=\"cover\" data-object-position=\"44% 50%\" style=\"object-position:44% 50%;\" srcset=\"https:\/\/syndicom.ch\/app\/uploads\/2026\/03\/sindacato-syndicom-salario-fumetto-7.jpg 1433w, https:\/\/syndicom.ch\/app\/uploads\/2026\/03\/sindacato-syndicom-salario-fumetto-7-300x108.jpg 300w, https:\/\/syndicom.ch\/app\/uploads\/2026\/03\/sindacato-syndicom-salario-fumetto-7-1024x369.jpg 1024w, https:\/\/syndicom.ch\/app\/uploads\/2026\/03\/sindacato-syndicom-salario-fumetto-7-768x277.jpg 768w\" sizes=\"auto, (max-width: 1433px) 100vw, 1433px\" \/><div class=\"wp-block-cover__inner-container is-layout-constrained wp-block-cover-is-layout-constrained\">\n<p><br><br><\/p>\n\n\n<h3 class=\"has-text-align-left has-link-color alignwide wp-elements-f46cbe21f6e3b1156f862cc5a4549c11 wp-block-post-title has-text-color has-primary-color has-background has-background-background-color\"><a href=\"https:\/\/syndicom.ch\/it\/rivista\/salario-minimo-in-pericolo\/\" target=\"_blank\" >Salario minimo in pericolo<\/a><\/h3><\/div><\/div>\n\n\n<a href=\"https:\/\/syndicom.ch\/it\/rivista\/salario-minimo-in-pericolo\/\"><\/a><div class=\"syn-post-terms\" style=\"display: none\"><a href=\"#\" class=\"syn-post-terms__link\" data-term-id=\"282\">Salario<\/a> <\/div>\n\n<\/div><\/div>\n\n<\/li><li data-wp-key=\"post-template-item-47938\" class=\"wp-block-post post-47938 syn_magazine type-syn_magazine status-publish has-post-thumbnail hentry syn_magazine_category-salario\">\n\n<div class=\"wp-block-media-text is-stacked-on-mobile is-style-logo has-background-background-color has-background\"><figure class=\"wp-block-media-text__media\"><\/figure><div class=\"wp-block-media-text__content\"><div class=\"has-text-align-right has-link-color wp-elements-7c87a679c4c3f9b0e01a5f088fd4271d wp-block-post-date has-text-color has-foreground-color\"><time datetime=\"2025-10-10T10:37:03+02:00\">10.10.2025<\/time><\/div>\n\n\n<div class=\"wp-block-cover is-light is-style-default\" style=\"min-height:270px;aspect-ratio:unset;\"><span aria-hidden=\"true\" class=\"wp-block-cover__background has-background-background-color has-background-dim-40 has-background-dim\"><\/span><img loading=\"lazy\" decoding=\"async\" width=\"2560\" height=\"1810\" src=\"https:\/\/syndicom.ch\/app\/uploads\/2025\/10\/sindacato-syndicom-evoluzione-salariale-2025-scaled.jpg\" class=\"wp-block-cover__image-background wp-post-image\" alt=\"\" data-object-fit=\"cover\" data-object-position=\"44% 50%\" style=\"object-position:44% 50%;\" srcset=\"https:\/\/syndicom.ch\/app\/uploads\/2025\/10\/sindacato-syndicom-evoluzione-salariale-2025-scaled.jpg 2560w, https:\/\/syndicom.ch\/app\/uploads\/2025\/10\/sindacato-syndicom-evoluzione-salariale-2025-300x212.jpg 300w, https:\/\/syndicom.ch\/app\/uploads\/2025\/10\/sindacato-syndicom-evoluzione-salariale-2025-1024x724.jpg 1024w, https:\/\/syndicom.ch\/app\/uploads\/2025\/10\/sindacato-syndicom-evoluzione-salariale-2025-768x543.jpg 768w, https:\/\/syndicom.ch\/app\/uploads\/2025\/10\/sindacato-syndicom-evoluzione-salariale-2025-1536x1086.jpg 1536w, https:\/\/syndicom.ch\/app\/uploads\/2025\/10\/sindacato-syndicom-evoluzione-salariale-2025-2048x1448.jpg 2048w\" sizes=\"auto, (max-width: 2560px) 100vw, 2560px\" \/><div class=\"wp-block-cover__inner-container is-layout-constrained wp-block-cover-is-layout-constrained\">\n<p><br><br><\/p>\n\n\n<h3 class=\"has-text-align-left has-link-color alignwide wp-elements-f46cbe21f6e3b1156f862cc5a4549c11 wp-block-post-title has-text-color has-primary-color has-background has-background-background-color\"><a href=\"https:\/\/syndicom.ch\/it\/rivista\/recuperare-il-ritardo-salariale\/\" target=\"_blank\" >Recuperare il ritardo salariale<\/a><\/h3><\/div><\/div>\n\n\n<a href=\"https:\/\/syndicom.ch\/it\/rivista\/recuperare-il-ritardo-salariale\/\"><\/a><div class=\"syn-post-terms\" style=\"display: none\"><a href=\"#\" class=\"syn-post-terms__link\" data-term-id=\"282\">Salario<\/a> <\/div>\n\n<\/div><\/div>\n\n<\/li><li data-wp-key=\"post-template-item-46957\" class=\"wp-block-post post-46957 syn_magazine type-syn_magazine status-publish has-post-thumbnail hentry syn_magazine_category-commercio-dei-libri syn_magazine_category-giovani syn_magazine_category-salario syn_magazine_category-swisscom-it\">\n\n<div class=\"wp-block-media-text is-stacked-on-mobile is-style-logo has-background-background-color has-background\"><figure class=\"wp-block-media-text__media\"><\/figure><div class=\"wp-block-media-text__content\"><div class=\"has-text-align-right has-link-color wp-elements-7c87a679c4c3f9b0e01a5f088fd4271d wp-block-post-date has-text-color has-foreground-color\"><time datetime=\"2025-09-02T16:32:55+02:00\">2.9.2025<\/time><\/div>\n\n\n<div class=\"wp-block-cover is-light is-style-default\" style=\"min-height:270px;aspect-ratio:unset;\"><span aria-hidden=\"true\" class=\"wp-block-cover__background has-background-background-color has-background-dim-40 has-background-dim\"><\/span><img loading=\"lazy\" decoding=\"async\" width=\"1067\" height=\"1067\" src=\"https:\/\/syndicom.ch\/app\/uploads\/2025\/09\/gewerkschaft-syndicom-icon-sorge-jugend.jpg\" class=\"wp-block-cover__image-background wp-post-image\" alt=\"\" data-object-fit=\"cover\" data-object-position=\"44% 50%\" style=\"object-position:44% 50%;\" srcset=\"https:\/\/syndicom.ch\/app\/uploads\/2025\/09\/gewerkschaft-syndicom-icon-sorge-jugend.jpg 1067w, https:\/\/syndicom.ch\/app\/uploads\/2025\/09\/gewerkschaft-syndicom-icon-sorge-jugend-300x300.jpg 300w, https:\/\/syndicom.ch\/app\/uploads\/2025\/09\/gewerkschaft-syndicom-icon-sorge-jugend-1024x1024.jpg 1024w, https:\/\/syndicom.ch\/app\/uploads\/2025\/09\/gewerkschaft-syndicom-icon-sorge-jugend-150x150.jpg 150w, https:\/\/syndicom.ch\/app\/uploads\/2025\/09\/gewerkschaft-syndicom-icon-sorge-jugend-768x768.jpg 768w\" sizes=\"auto, (max-width: 1067px) 100vw, 1067px\" \/><div class=\"wp-block-cover__inner-container is-layout-constrained wp-block-cover-is-layout-constrained\">\n<p><br><br><\/p>\n\n\n<h3 class=\"has-text-align-left has-link-color alignwide wp-elements-f46cbe21f6e3b1156f862cc5a4549c11 wp-block-post-title has-text-color has-primary-color has-background has-background-background-color\"><a href=\"https:\/\/syndicom.ch\/it\/rivista\/dobbiamo-fare-una-distinzione-tra-lavoro-e-lavoro-salariato\/\" target=\"_blank\" >Dobbiamo fare una distinzione tra lavoro e lavoro salariato<\/a><\/h3><\/div><\/div>\n\n\n<a href=\"https:\/\/syndicom.ch\/it\/rivista\/dobbiamo-fare-una-distinzione-tra-lavoro-e-lavoro-salariato\/\"><\/a><div class=\"syn-post-terms\" style=\"display: none\"><a href=\"#\" class=\"syn-post-terms__link\" data-term-id=\"339\">Commercio dei libri<\/a> <a href=\"#\" class=\"syn-post-terms__link\" data-term-id=\"333\">Giovani<\/a> <a href=\"#\" class=\"syn-post-terms__link\" data-term-id=\"282\">Salario<\/a> <a href=\"#\" class=\"syn-post-terms__link\" data-term-id=\"345\">Swisscom<\/a> <\/div>\n\n<\/div><\/div>\n\n<\/li><\/ul><\/div>\n\n\n<nav class=\"has-link-color aligncenter wp-elements-45c78e18884f5b0a3d3f1b788580704f wp-block-query-pagination has-text-color has-background-color has-background has-background-background-color is-horizontal is-content-justification-center is-layout-flex wp-container-core-query-pagination-is-layout-2f0dc101 wp-block-query-pagination-is-layout-flex\" aria-label=\"Paginazione\">\n\n\n<div class=\"wp-block-query-pagination-numbers\"><span data-wp-key=\"index-0\" aria-current=\"page\" class=\"page-numbers current\">1<\/span>\n<a data-wp-key=\"index-1\" data-wp-on--click=\"core\/query::actions.navigate\" class=\"page-numbers\" href=\"?query-11-page=2\">2<\/a><\/div>\n\n<a data-wp-key=\"query-pagination-next\" data-wp-on--click=\"core\/query::actions.navigate\" data-wp-on--mouseenter=\"core\/query::actions.prefetch\" data-wp-watch=\"core\/query::callbacks.prefetch\" href=\"\/it\/wp-json\/wp\/v2\/pages\/42034?query-11-page=2\" class=\"wp-block-query-pagination-next\">Pagina successiva<span class='wp-block-query-pagination-next-arrow is-arrow-chevron' aria-hidden='true'>\u00bb<\/span><\/a>\n<\/nav>\n\n<\/div>\n\n\n\n<p class=\"has-tertiary-background-color has-background\"><strong>Hai domande sul tema dello salario?<\/strong><br>Contattaci: saremo lieti di aiutarti!\u00a0<a href=\"https:\/\/syndicom.ch\/it\/contatto\/\" type=\"page\" id=\"7467\" target=\"_blank\" rel=\"noreferrer noopener\">\u279c Indirizzo di contatto<\/a><\/p>\n<\/div>\n<\/div>\n","protected":false},"excerpt":{"rendered":"<p>syndicom si batte per salari equi, sia per aumenti reali che per salari minimi. Come membro di syndicom, dai una mano a questa lotta comune.<\/p>\n","protected":false},"author":3,"featured_media":60535,"parent":0,"menu_order":0,"comment_status":"closed","ping_status":"closed","template":"","meta":{"_acf_changed":false,"inline_featured_image":false,"_coblocks_attr":"","_coblocks_dimensions":"","_coblocks_responsive_height":"","_coblocks_accordion_ie_support":"","footnotes":""},"categories":[381],"class_list":["post-42034","page","type-page","status-publish","has-post-thumbnail","hentry","category-il-tuo-lavoro"],"acf":[],"yoast_head":"<!-- This site is optimized with the Yoast SEO plugin v27.3 - https:\/\/yoast.com\/product\/yoast-seo-wordpress\/ -->\n<title>Salario - syndicom<\/title>\n<meta name=\"description\" content=\"syndicom si batte per salari equi, sia per aumenti reali che per salari minimi. Come membro di syndicom, dai una mano a questa lotta comune.\" \/>\n<meta name=\"robots\" content=\"noindex, nofollow\" \/>\n<meta property=\"og:locale\" content=\"it_IT\" \/>\n<meta property=\"og:type\" content=\"article\" \/>\n<meta property=\"og:title\" content=\"Salario - syndicom\" \/>\n<meta property=\"og:description\" content=\"syndicom si batte per salari equi, sia per aumenti reali che per salari minimi. Come membro di syndicom, dai una mano a questa lotta comune.\" \/>\n<meta property=\"og:url\" content=\"https:\/\/syndicom.ch\/it\/salario\/\" \/>\n<meta property=\"og:site_name\" content=\"syndicom\" \/>\n<meta property=\"article:modified_time\" content=\"2026-03-25T10:32:29+00:00\" \/>\n<meta property=\"og:image\" content=\"https:\/\/syndicom.ch\/app\/uploads\/2025\/07\/gewerkschaft-syndicom-lohndemo2023-allgemein-scaled.jpg\" \/>\n\t<meta property=\"og:image:width\" content=\"2560\" \/>\n\t<meta property=\"og:image:height\" content=\"1890\" \/>\n\t<meta property=\"og:image:type\" content=\"image\/jpeg\" \/>\n<meta name=\"twitter:card\" content=\"summary_large_image\" \/>\n<meta name=\"twitter:label1\" content=\"Tempo di lettura stimato\" \/>\n\t<meta name=\"twitter:data1\" content=\"7 minuti\" \/>\n<script type=\"application\/ld+json\" class=\"yoast-schema-graph\">{\"@context\":\"https:\\\/\\\/schema.org\",\"@graph\":[{\"@type\":\"WebPage\",\"@id\":\"https:\\\/\\\/syndicom.ch\\\/it\\\/salario\\\/\",\"url\":\"https:\\\/\\\/syndicom.ch\\\/it\\\/salario\\\/\",\"name\":\"Salario - syndicom\",\"isPartOf\":{\"@id\":\"https:\\\/\\\/syndicom.ch\\\/it\\\/#website\"},\"primaryImageOfPage\":{\"@id\":\"https:\\\/\\\/syndicom.ch\\\/it\\\/salario\\\/#primaryimage\"},\"image\":{\"@id\":\"https:\\\/\\\/syndicom.ch\\\/it\\\/salario\\\/#primaryimage\"},\"thumbnailUrl\":\"https:\\\/\\\/syndicom.ch\\\/app\\\/uploads\\\/2025\\\/07\\\/gewerkschaft-syndicom-lohndemo2023-allgemein-scaled.jpg\",\"datePublished\":\"2025-05-12T15:19:43+00:00\",\"dateModified\":\"2026-03-25T10:32:29+00:00\",\"description\":\"syndicom si batte per salari equi, sia per aumenti reali che per salari minimi. Come membro di syndicom, dai una mano a questa lotta comune.\",\"breadcrumb\":{\"@id\":\"https:\\\/\\\/syndicom.ch\\\/it\\\/salario\\\/#breadcrumb\"},\"inLanguage\":\"it-IT\",\"potentialAction\":[{\"@type\":\"ReadAction\",\"target\":[\"https:\\\/\\\/syndicom.ch\\\/it\\\/salario\\\/\"]}]},{\"@type\":\"ImageObject\",\"inLanguage\":\"it-IT\",\"@id\":\"https:\\\/\\\/syndicom.ch\\\/it\\\/salario\\\/#primaryimage\",\"url\":\"https:\\\/\\\/syndicom.ch\\\/app\\\/uploads\\\/2025\\\/07\\\/gewerkschaft-syndicom-lohndemo2023-allgemein-scaled.jpg\",\"contentUrl\":\"https:\\\/\\\/syndicom.ch\\\/app\\\/uploads\\\/2025\\\/07\\\/gewerkschaft-syndicom-lohndemo2023-allgemein-scaled.jpg\",\"width\":2560,\"height\":1890},{\"@type\":\"BreadcrumbList\",\"@id\":\"https:\\\/\\\/syndicom.ch\\\/it\\\/salario\\\/#breadcrumb\",\"itemListElement\":[{\"@type\":\"ListItem\",\"position\":1,\"name\":\"Pagina iniziale\",\"item\":\"https:\\\/\\\/syndicom.ch\\\/it\\\/\"},{\"@type\":\"ListItem\",\"position\":2,\"name\":\"Salario\"}]},{\"@type\":\"WebSite\",\"@id\":\"https:\\\/\\\/syndicom.ch\\\/it\\\/#website\",\"url\":\"https:\\\/\\\/syndicom.ch\\\/it\\\/\",\"name\":\"syndicom\",\"description\":\"\",\"publisher\":{\"@id\":\"https:\\\/\\\/syndicom.ch\\\/it\\\/#organization\"},\"potentialAction\":[{\"@type\":\"SearchAction\",\"target\":{\"@type\":\"EntryPoint\",\"urlTemplate\":\"https:\\\/\\\/syndicom.ch\\\/it\\\/?s={search_term_string}\"},\"query-input\":{\"@type\":\"PropertyValueSpecification\",\"valueRequired\":true,\"valueName\":\"search_term_string\"}}],\"inLanguage\":\"it-IT\"},{\"@type\":\"Organization\",\"@id\":\"https:\\\/\\\/syndicom.ch\\\/it\\\/#organization\",\"name\":\"syndicom\",\"url\":\"https:\\\/\\\/syndicom.ch\\\/it\\\/\",\"logo\":{\"@type\":\"ImageObject\",\"inLanguage\":\"it-IT\",\"@id\":\"https:\\\/\\\/syndicom.ch\\\/it\\\/#\\\/schema\\\/logo\\\/image\\\/\",\"url\":\"https:\\\/\\\/syndicom.ch\\\/app\\\/uploads\\\/2024\\\/06\\\/logo.svg\",\"contentUrl\":\"https:\\\/\\\/syndicom.ch\\\/app\\\/uploads\\\/2024\\\/06\\\/logo.svg\",\"width\":297,\"height\":51,\"caption\":\"syndicom\"},\"image\":{\"@id\":\"https:\\\/\\\/syndicom.ch\\\/it\\\/#\\\/schema\\\/logo\\\/image\\\/\"}}]}<\/script>\n<!-- \/ Yoast SEO plugin. -->","yoast_head_json":{"title":"Salario - syndicom","description":"syndicom si batte per salari equi, sia per aumenti reali che per salari minimi. Come membro di syndicom, dai una mano a questa lotta comune.","robots":{"index":"noindex","follow":"nofollow"},"og_locale":"it_IT","og_type":"article","og_title":"Salario - syndicom","og_description":"syndicom si batte per salari equi, sia per aumenti reali che per salari minimi. Come membro di syndicom, dai una mano a questa lotta comune.","og_url":"https:\/\/syndicom.ch\/it\/salario\/","og_site_name":"syndicom","article_modified_time":"2026-03-25T10:32:29+00:00","og_image":[{"width":2560,"height":1890,"url":"https:\/\/syndicom.ch\/app\/uploads\/2025\/07\/gewerkschaft-syndicom-lohndemo2023-allgemein-scaled.jpg","type":"image\/jpeg"}],"twitter_card":"summary_large_image","twitter_misc":{"Tempo di lettura stimato":"7 minuti"},"schema":{"@context":"https:\/\/schema.org","@graph":[{"@type":"WebPage","@id":"https:\/\/syndicom.ch\/it\/salario\/","url":"https:\/\/syndicom.ch\/it\/salario\/","name":"Salario - syndicom","isPartOf":{"@id":"https:\/\/syndicom.ch\/it\/#website"},"primaryImageOfPage":{"@id":"https:\/\/syndicom.ch\/it\/salario\/#primaryimage"},"image":{"@id":"https:\/\/syndicom.ch\/it\/salario\/#primaryimage"},"thumbnailUrl":"https:\/\/syndicom.ch\/app\/uploads\/2025\/07\/gewerkschaft-syndicom-lohndemo2023-allgemein-scaled.jpg","datePublished":"2025-05-12T15:19:43+00:00","dateModified":"2026-03-25T10:32:29+00:00","description":"syndicom si batte per salari equi, sia per aumenti reali che per salari minimi. Come membro di syndicom, dai una mano a questa lotta comune.","breadcrumb":{"@id":"https:\/\/syndicom.ch\/it\/salario\/#breadcrumb"},"inLanguage":"it-IT","potentialAction":[{"@type":"ReadAction","target":["https:\/\/syndicom.ch\/it\/salario\/"]}]},{"@type":"ImageObject","inLanguage":"it-IT","@id":"https:\/\/syndicom.ch\/it\/salario\/#primaryimage","url":"https:\/\/syndicom.ch\/app\/uploads\/2025\/07\/gewerkschaft-syndicom-lohndemo2023-allgemein-scaled.jpg","contentUrl":"https:\/\/syndicom.ch\/app\/uploads\/2025\/07\/gewerkschaft-syndicom-lohndemo2023-allgemein-scaled.jpg","width":2560,"height":1890},{"@type":"BreadcrumbList","@id":"https:\/\/syndicom.ch\/it\/salario\/#breadcrumb","itemListElement":[{"@type":"ListItem","position":1,"name":"Pagina iniziale","item":"https:\/\/syndicom.ch\/it\/"},{"@type":"ListItem","position":2,"name":"Salario"}]},{"@type":"WebSite","@id":"https:\/\/syndicom.ch\/it\/#website","url":"https:\/\/syndicom.ch\/it\/","name":"syndicom","description":"","publisher":{"@id":"https:\/\/syndicom.ch\/it\/#organization"},"potentialAction":[{"@type":"SearchAction","target":{"@type":"EntryPoint","urlTemplate":"https:\/\/syndicom.ch\/it\/?s={search_term_string}"},"query-input":{"@type":"PropertyValueSpecification","valueRequired":true,"valueName":"search_term_string"}}],"inLanguage":"it-IT"},{"@type":"Organization","@id":"https:\/\/syndicom.ch\/it\/#organization","name":"syndicom","url":"https:\/\/syndicom.ch\/it\/","logo":{"@type":"ImageObject","inLanguage":"it-IT","@id":"https:\/\/syndicom.ch\/it\/#\/schema\/logo\/image\/","url":"https:\/\/syndicom.ch\/app\/uploads\/2024\/06\/logo.svg","contentUrl":"https:\/\/syndicom.ch\/app\/uploads\/2024\/06\/logo.svg","width":297,"height":51,"caption":"syndicom"},"image":{"@id":"https:\/\/syndicom.ch\/it\/#\/schema\/logo\/image\/"}}]}},"_links":{"self":[{"href":"https:\/\/syndicom.ch\/it\/wp-json\/wp\/v2\/pages\/42034","targetHints":{"allow":["GET"]}}],"collection":[{"href":"https:\/\/syndicom.ch\/it\/wp-json\/wp\/v2\/pages"}],"about":[{"href":"https:\/\/syndicom.ch\/it\/wp-json\/wp\/v2\/types\/page"}],"author":[{"embeddable":true,"href":"https:\/\/syndicom.ch\/it\/wp-json\/wp\/v2\/users\/3"}],"replies":[{"embeddable":true,"href":"https:\/\/syndicom.ch\/it\/wp-json\/wp\/v2\/comments?post=42034"}],"version-history":[{"count":89,"href":"https:\/\/syndicom.ch\/it\/wp-json\/wp\/v2\/pages\/42034\/revisions"}],"predecessor-version":[{"id":59930,"href":"https:\/\/syndicom.ch\/it\/wp-json\/wp\/v2\/pages\/42034\/revisions\/59930"}],"wp:featuredmedia":[{"embeddable":true,"href":"https:\/\/syndicom.ch\/it\/wp-json\/wp\/v2\/media\/60535"}],"wp:attachment":[{"href":"https:\/\/syndicom.ch\/it\/wp-json\/wp\/v2\/media?parent=42034"}],"wp:term":[{"taxonomy":"category","embeddable":true,"href":"https:\/\/syndicom.ch\/it\/wp-json\/wp\/v2\/categories?post=42034"}],"curies":[{"name":"wp","href":"https:\/\/api.w.org\/{rel}","templated":true}]}}