{"id":45333,"date":"2025-08-13T10:56:55","date_gmt":"2025-08-13T08:56:55","guid":{"rendered":"https:\/\/syndicom.ch\/?page_id=45333"},"modified":"2025-08-22T11:13:16","modified_gmt":"2025-08-22T09:13:16","slug":"il-tuo-lavoro","status":"publish","type":"page","link":"https:\/\/syndicom.ch\/it\/il-tuo-lavoro\/","title":{"rendered":"Il tuo lavoro"},"content":{"rendered":"\n<div class=\"wp-block-group alignfull has-background-color has-primary-background-color has-text-color has-background has-link-color wp-elements-c8295d77bdc610eb36496c6ec09ad38e is-layout-constrained wp-block-group-is-layout-constrained\">\n<div class=\"wp-block-group is-style-narrow is-layout-constrained wp-block-group-is-layout-constrained\">\n<div class=\"wp-block-columns is-layout-flex wp-container-core-columns-is-layout-9d6595d7 wp-block-columns-is-layout-flex\">\n<div class=\"wp-block-column is-layout-flow wp-block-column-is-layout-flow\" style=\"flex-basis:70%\">\n<h1 class=\"wp-block-heading\">Il tuo lavoro<\/h1>\n\n\n\n<p class=\"is-style-lead\">Buone condizioni di lavoro? Noi ci battiamo per questo, insieme a te.<\/p>\n<\/div>\n<\/div>\n<\/div>\n<\/div>\n\n\n\n<div class=\"wp-block-group alignfull has-background-background-color has-background is-layout-constrained wp-block-group-is-layout-constrained\">\n<div class=\"wp-block-group is-style-narrow is-layout-constrained wp-block-group-is-layout-constrained\"><div class=\"wp-block-quote-wrapper\">\n<blockquote class=\"wp-block-quote is-layout-flow wp-block-quote-is-layout-flow\" style=\"color:#1D1C1B\">\n<p class=\"is-style-default\">Ci battiamo per salari equi, condizioni di lavoro sicure e rispetto sul posto di lavoro. Perch\u00e9 un buon lavoro non \u00e8 frutto del caso: \u00e8 il risultato dell&#8217;impegno solidale e della forza collettiva.<\/p>\n<\/blockquote>\n<\/div>\n\n\n<h2 class=\"wp-block-heading\"><strong>Ti sosteniamo sul lavoro<\/strong><\/h2>\n\n\n\n<div class=\"wp-block-columns is-layout-flex wp-container-core-columns-is-layout-9d6595d7 wp-block-columns-is-layout-flex\">\n<div class=\"wp-block-column is-layout-flow wp-block-column-is-layout-flow\" style=\"flex-basis:33.33%\">\n<figure class=\"wp-block-image aligncenter size-full is-resized is-style-default\"><img loading=\"lazy\" decoding=\"async\" width=\"1567\" height=\"1540\" src=\"https:\/\/syndicom.ch\/app\/uploads\/2024\/08\/gewerkschaft-syndicom-icon-superman.jpg\" alt=\"Hellblaues Icon eines Superhelden\" class=\"wp-image-2803\" style=\"width:150px\" srcset=\"https:\/\/syndicom.ch\/app\/uploads\/2024\/08\/gewerkschaft-syndicom-icon-superman.jpg 1567w, https:\/\/syndicom.ch\/app\/uploads\/2024\/08\/gewerkschaft-syndicom-icon-superman-300x295.jpg 300w, https:\/\/syndicom.ch\/app\/uploads\/2024\/08\/gewerkschaft-syndicom-icon-superman-1024x1006.jpg 1024w, https:\/\/syndicom.ch\/app\/uploads\/2024\/08\/gewerkschaft-syndicom-icon-superman-768x755.jpg 768w, https:\/\/syndicom.ch\/app\/uploads\/2024\/08\/gewerkschaft-syndicom-icon-superman-1536x1510.jpg 1536w\" sizes=\"auto, (max-width: 1567px) 100vw, 1567px\" \/><\/figure>\n<\/div>\n\n\n\n<div class=\"wp-block-column is-layout-flow wp-block-column-is-layout-flow\" style=\"flex-basis:66.66%\">\n<p><strong>Che tu lavori nella logistica, nel settore dei media o nelle TIC, syndicom conosce le sfide che affronti ogni giorno.<\/strong><\/p>\n<\/div>\n<\/div>\n\n\n\n<div class=\"wp-block-buttons is-content-justification-center is-layout-flex wp-container-core-buttons-is-layout-16018d1d wp-block-buttons-is-layout-flex\">\n<div class=\"wp-block-button is-style-outline is-style-outline--1\"><a class=\"wp-block-button__link has-primary-color has-text-color has-link-color wp-element-button\" href=\"https:\/\/syndicom.ch\/it\/offerte-di-lavoro\/\" target=\"_blank\" rel=\"noreferrer noopener\">Offerte per professione<\/a><\/div>\n<\/div>\n\n\n\n<p>Ti sosteniamo con consulenze, formazioni continue, coinvolgimento sindacale in azienda e negoziazioni mirate per ottenere migliori condizioni. Nella nostra guida trovi le risposte alle domande sul diritto del lavoro.<\/p>\n\n\n\n<div class=\"wp-block-buttons is-content-justification-center is-layout-flex wp-container-core-buttons-is-layout-16018d1d wp-block-buttons-is-layout-flex\">\n<div class=\"wp-block-button is-style-outline is-style-outline--2\"><a class=\"wp-block-button__link has-primary-color has-text-color has-link-color wp-element-button\" href=\"https:\/\/syndicom.ch\/it\/guida\/\" target=\"_blank\" rel=\"noreferrer noopener\">Guida<\/a><\/div>\n<\/div>\n\n\n\n<p><strong>Il nostro obiettivo:<\/strong> rendere il tuo lavoro pi\u00f9 equo e sicuro.<\/p>\n\n\n\n<h2 class=\"wp-block-heading\"><strong>Contratti collettivi di lavoro: pi\u00f9 di un semplice contratto<\/strong><\/h2>\n\n\n\n<div class=\"wp-block-columns is-layout-flex wp-container-core-columns-is-layout-9d6595d7 wp-block-columns-is-layout-flex\">\n<div class=\"wp-block-column is-layout-flow wp-block-column-is-layout-flow\" style=\"flex-basis:33.33%\">\n<figure class=\"wp-block-image aligncenter size-full is-resized\"><img loading=\"lazy\" decoding=\"async\" width=\"1403\" height=\"1566\" src=\"https:\/\/syndicom.ch\/app\/uploads\/2024\/08\/gewerkschaft-syndicom-icon-schirm-recht.jpg\" alt=\"Hellblaues Icon eines Regenschirms, dessen Stock ein Paragraphenzeichen ist\" class=\"wp-image-2815\" style=\"width:150px\" srcset=\"https:\/\/syndicom.ch\/app\/uploads\/2024\/08\/gewerkschaft-syndicom-icon-schirm-recht.jpg 1403w, https:\/\/syndicom.ch\/app\/uploads\/2024\/08\/gewerkschaft-syndicom-icon-schirm-recht-269x300.jpg 269w, https:\/\/syndicom.ch\/app\/uploads\/2024\/08\/gewerkschaft-syndicom-icon-schirm-recht-917x1024.jpg 917w, https:\/\/syndicom.ch\/app\/uploads\/2024\/08\/gewerkschaft-syndicom-icon-schirm-recht-768x857.jpg 768w, https:\/\/syndicom.ch\/app\/uploads\/2024\/08\/gewerkschaft-syndicom-icon-schirm-recht-1376x1536.jpg 1376w\" sizes=\"auto, (max-width: 1403px) 100vw, 1403px\" \/><\/figure>\n<\/div>\n\n\n\n<div class=\"wp-block-column is-layout-flow wp-block-column-is-layout-flow\" style=\"flex-basis:66.66%\">\n<p><strong><strong>Ci impegniamo per ottenere buoni contratti collettivi di lavoro (CCL) invece di contratti individuali (arbitrari). Con un CCL hai pi\u00f9 sicurezza, pi\u00f9 tempo libero e spesso anche uno stipendio pi\u00f9 alto.<\/strong><\/strong><\/p>\n<\/div>\n<\/div>\n\n\n\n<div class=\"wp-block-buttons is-content-justification-center is-layout-flex wp-container-core-buttons-is-layout-16018d1d wp-block-buttons-is-layout-flex\">\n<div class=\"wp-block-button is-style-outline is-style-outline--3\"><a class=\"wp-block-button__link has-primary-color has-text-color has-link-color has-text-align-center wp-element-button\" href=\"https:\/\/syndicom.ch\/it\/contratti-collettivi-di-lavoro-ccl\/\" target=\"_blank\" rel=\"noreferrer noopener\">Contratti collettivi di lavoro<\/a><\/div>\n<\/div>\n\n\n\n<p>syndicom negozia con la tua azienda e il risultato \u00e8 il tuo contratto collettivo di lavoro (CCL). Con un CCL hai pi\u00f9 sicurezza, pi\u00f9 tempo libero e spesso anche uno stipendio pi\u00f9 alto.<\/p>\n\n\n\n<p>In qualit\u00e0 di sindacato, syndicom rappresenta gli interessi collettivi dei propri aderenti. Pi\u00f9 siamo, pi\u00f9 peso abbiamo nelle controversie e nelle negoziazioni.<\/p>\n\n\n\n<p>In qualit\u00e0 di membro, hai voce in capitolo su ci\u00f2 che viene negoziato nel tuo CCL e sulla direzione delle richieste. Il tuo impegno e quello delle tue colleghe e colleghi \u00e8 fondamentale!<\/p>\n\n\n\n<h2 class=\"wp-block-heading\"><strong>Condizioni eque. Conquistate insieme.<\/strong><\/h2>\n\n\n\n<div class=\"wp-block-columns is-layout-flex wp-container-core-columns-is-layout-9d6595d7 wp-block-columns-is-layout-flex\">\n<div class=\"wp-block-column is-layout-flow wp-block-column-is-layout-flow\" style=\"flex-basis:33.33%\">\n<figure class=\"wp-block-image aligncenter size-full is-resized\"><img loading=\"lazy\" decoding=\"async\" width=\"1409\" height=\"1513\" src=\"https:\/\/syndicom.ch\/app\/uploads\/2024\/08\/gewerkschaft-syndicom-icon-faust.jpg\" alt=\"Blaues Faust Icon\" class=\"wp-image-2790\" style=\"width:150px\" srcset=\"https:\/\/syndicom.ch\/app\/uploads\/2024\/08\/gewerkschaft-syndicom-icon-faust.jpg 1409w, https:\/\/syndicom.ch\/app\/uploads\/2024\/08\/gewerkschaft-syndicom-icon-faust-279x300.jpg 279w, https:\/\/syndicom.ch\/app\/uploads\/2024\/08\/gewerkschaft-syndicom-icon-faust-954x1024.jpg 954w, https:\/\/syndicom.ch\/app\/uploads\/2024\/08\/gewerkschaft-syndicom-icon-faust-768x825.jpg 768w\" sizes=\"auto, (max-width: 1409px) 100vw, 1409px\" \/><\/figure>\n<\/div>\n\n\n\n<div class=\"wp-block-column is-layout-flow wp-block-column-is-layout-flow\" style=\"flex-basis:66.66%\">\n<p><strong><strong>In qualit\u00e0 di sindacato, syndicom difende i tuoi interessi sul posto di lavoro: in azienda, nei confronti dei datori di lavoro e in ambito politico.<\/strong><\/strong><\/p>\n<\/div>\n<\/div>\n\n\n\n<p>Con le nostre campagne portiamo inoltre le tue preoccupazioni all&#8217;attenzione dell&#8217;opinione pubblica. Rendiamo visibili le irregolarit\u00e0, chiediamo miglioramenti e dimostriamo cosa si pu\u00f2 ottenere con la solidariet\u00e0.<\/p>\n\n\n\n<div class=\"wp-block-buttons is-content-justification-center is-layout-flex wp-container-core-buttons-is-layout-16018d1d wp-block-buttons-is-layout-flex\">\n<div class=\"wp-block-button is-style-outline is-style-outline--4\"><a class=\"wp-block-button__link has-primary-color has-text-color has-link-color has-text-align-center wp-element-button\" href=\"https:\/\/syndicom.ch\/it\/campagne\/\" target=\"_blank\" rel=\"noreferrer noopener\">Campagne<\/a><\/div>\n<\/div>\n<\/div>\n<\/div>\n\n\n\n<div class=\"wp-block-group alignfull has-background-color has-primary-background-color has-text-color has-background has-link-color wp-elements-ec54e334f80210008161f4d3ef6ddaa8 is-layout-constrained wp-block-group-is-layout-constrained\">\n<div class=\"wp-block-group is-style-narrow is-layout-constrained wp-block-group-is-layout-constrained\">\n<h2 class=\"wp-block-heading has-text-align-center\"><strong>Insieme siamo forti.<\/strong><\/h2>\n\n\n\n<p class=\"has-text-align-center\">Pi\u00f9 siamo, pi\u00f9 forte \u00e8 la nostra posizione e la nostra voce. Per questo: aderisci!<\/p>\n\n\n\n<div class=\"wp-block-buttons is-content-justification-center is-layout-flex wp-container-core-buttons-is-layout-16018d1d wp-block-buttons-is-layout-flex\">\n<div class=\"wp-block-button\"><a class=\"wp-block-button__link wp-element-button\" href=\"https:\/\/my.syndicom.ch\/adesione\" target=\"_blank\" rel=\"noreferrer noopener\">Aderire adesso<\/a><\/div>\n\n\n\n<div class=\"wp-block-button is-style-outline is-style-outline--5\"><a class=\"wp-block-button__link wp-element-button\" href=\"https:\/\/syndicom.ch\/it\/newsletter\/\" target=\"_blank\" rel=\"noreferrer noopener\">Domande? Contattaci.<\/a><\/div>\n<\/div>\n<\/div>\n<\/div>\n","protected":false},"excerpt":{"rendered":"<p>Il sindacato syndicom si batte per salari equi, condizioni di lavoro sicure e rispetto sul posto di lavoro.<\/p>\n","protected":false},"author":3,"featured_media":0,"parent":0,"menu_order":0,"comment_status":"closed","ping_status":"closed","template":"","meta":{"_acf_changed":false,"inline_featured_image":false,"_coblocks_attr":"","_coblocks_dimensions":"","_coblocks_responsive_height":"","_coblocks_accordion_ie_support":"","footnotes":""},"categories":[],"class_list":["post-45333","page","type-page","status-publish","hentry"],"acf":[],"yoast_head":"<!-- This site is optimized with the Yoast SEO plugin v27.3 - https:\/\/yoast.com\/product\/yoast-seo-wordpress\/ -->\n<title>Il tuo lavoro - syndicom<\/title>\n<meta name=\"description\" content=\"Il sindacato syndicom si batte per salari equi, condizioni di lavoro sicure e rispetto sul posto di lavoro.\" \/>\n<meta name=\"robots\" content=\"index, follow, max-snippet:-1, max-image-preview:large, max-video-preview:-1\" \/>\n<link rel=\"canonical\" href=\"https:\/\/syndicom.ch\/it\/il-tuo-lavoro\/\" \/>\n<meta property=\"og:locale\" content=\"it_IT\" \/>\n<meta property=\"og:type\" content=\"article\" \/>\n<meta property=\"og:title\" content=\"Il tuo lavoro - syndicom\" \/>\n<meta property=\"og:description\" content=\"Il sindacato syndicom si batte per salari equi, condizioni di lavoro sicure e rispetto sul posto di lavoro.\" \/>\n<meta property=\"og:url\" content=\"https:\/\/syndicom.ch\/it\/il-tuo-lavoro\/\" \/>\n<meta property=\"og:site_name\" content=\"syndicom\" \/>\n<meta property=\"article:modified_time\" content=\"2025-08-22T09:13:16+00:00\" \/>\n<meta property=\"og:image\" content=\"https:\/\/syndicom.ch\/app\/uploads\/2024\/08\/gewerkschaft-syndicom-icon-superman.jpg\" \/>\n<meta name=\"twitter:card\" content=\"summary_large_image\" \/>\n<meta name=\"twitter:label1\" content=\"Tempo di lettura stimato\" \/>\n\t<meta name=\"twitter:data1\" content=\"3 minuti\" \/>\n<script type=\"application\/ld+json\" class=\"yoast-schema-graph\">{\"@context\":\"https:\\\/\\\/schema.org\",\"@graph\":[{\"@type\":\"WebPage\",\"@id\":\"https:\\\/\\\/syndicom.ch\\\/it\\\/il-tuo-lavoro\\\/\",\"url\":\"https:\\\/\\\/syndicom.ch\\\/it\\\/il-tuo-lavoro\\\/\",\"name\":\"Il tuo lavoro - syndicom\",\"isPartOf\":{\"@id\":\"https:\\\/\\\/syndicom.ch\\\/it\\\/#website\"},\"primaryImageOfPage\":{\"@id\":\"https:\\\/\\\/syndicom.ch\\\/it\\\/il-tuo-lavoro\\\/#primaryimage\"},\"image\":{\"@id\":\"https:\\\/\\\/syndicom.ch\\\/it\\\/il-tuo-lavoro\\\/#primaryimage\"},\"thumbnailUrl\":\"https:\\\/\\\/syndicom.ch\\\/app\\\/uploads\\\/2024\\\/08\\\/gewerkschaft-syndicom-icon-superman.jpg\",\"datePublished\":\"2025-08-13T08:56:55+00:00\",\"dateModified\":\"2025-08-22T09:13:16+00:00\",\"description\":\"Il sindacato syndicom si batte per salari equi, condizioni di lavoro sicure e rispetto sul posto di lavoro.\",\"breadcrumb\":{\"@id\":\"https:\\\/\\\/syndicom.ch\\\/it\\\/il-tuo-lavoro\\\/#breadcrumb\"},\"inLanguage\":\"it-IT\",\"potentialAction\":[{\"@type\":\"ReadAction\",\"target\":[\"https:\\\/\\\/syndicom.ch\\\/it\\\/il-tuo-lavoro\\\/\"]}]},{\"@type\":\"ImageObject\",\"inLanguage\":\"it-IT\",\"@id\":\"https:\\\/\\\/syndicom.ch\\\/it\\\/il-tuo-lavoro\\\/#primaryimage\",\"url\":\"https:\\\/\\\/syndicom.ch\\\/app\\\/uploads\\\/2024\\\/08\\\/gewerkschaft-syndicom-icon-superman.jpg\",\"contentUrl\":\"https:\\\/\\\/syndicom.ch\\\/app\\\/uploads\\\/2024\\\/08\\\/gewerkschaft-syndicom-icon-superman.jpg\"},{\"@type\":\"BreadcrumbList\",\"@id\":\"https:\\\/\\\/syndicom.ch\\\/it\\\/il-tuo-lavoro\\\/#breadcrumb\",\"itemListElement\":[{\"@type\":\"ListItem\",\"position\":1,\"name\":\"Pagina iniziale\",\"item\":\"https:\\\/\\\/syndicom.ch\\\/it\\\/\"},{\"@type\":\"ListItem\",\"position\":2,\"name\":\"Il tuo lavoro\"}]},{\"@type\":\"WebSite\",\"@id\":\"https:\\\/\\\/syndicom.ch\\\/it\\\/#website\",\"url\":\"https:\\\/\\\/syndicom.ch\\\/it\\\/\",\"name\":\"syndicom\",\"description\":\"\",\"publisher\":{\"@id\":\"https:\\\/\\\/syndicom.ch\\\/it\\\/#organization\"},\"potentialAction\":[{\"@type\":\"SearchAction\",\"target\":{\"@type\":\"EntryPoint\",\"urlTemplate\":\"https:\\\/\\\/syndicom.ch\\\/it\\\/?s={search_term_string}\"},\"query-input\":{\"@type\":\"PropertyValueSpecification\",\"valueRequired\":true,\"valueName\":\"search_term_string\"}}],\"inLanguage\":\"it-IT\"},{\"@type\":\"Organization\",\"@id\":\"https:\\\/\\\/syndicom.ch\\\/it\\\/#organization\",\"name\":\"syndicom\",\"url\":\"https:\\\/\\\/syndicom.ch\\\/it\\\/\",\"logo\":{\"@type\":\"ImageObject\",\"inLanguage\":\"it-IT\",\"@id\":\"https:\\\/\\\/syndicom.ch\\\/it\\\/#\\\/schema\\\/logo\\\/image\\\/\",\"url\":\"https:\\\/\\\/syndicom.ch\\\/app\\\/uploads\\\/2024\\\/06\\\/logo.svg\",\"contentUrl\":\"https:\\\/\\\/syndicom.ch\\\/app\\\/uploads\\\/2024\\\/06\\\/logo.svg\",\"width\":297,\"height\":51,\"caption\":\"syndicom\"},\"image\":{\"@id\":\"https:\\\/\\\/syndicom.ch\\\/it\\\/#\\\/schema\\\/logo\\\/image\\\/\"}}]}<\/script>\n<!-- \/ Yoast SEO plugin. -->","yoast_head_json":{"title":"Il tuo lavoro - syndicom","description":"Il sindacato syndicom si batte per salari equi, condizioni di lavoro sicure e rispetto sul posto di lavoro.","robots":{"index":"index","follow":"follow","max-snippet":"max-snippet:-1","max-image-preview":"max-image-preview:large","max-video-preview":"max-video-preview:-1"},"canonical":"https:\/\/syndicom.ch\/it\/il-tuo-lavoro\/","og_locale":"it_IT","og_type":"article","og_title":"Il tuo lavoro - syndicom","og_description":"Il sindacato syndicom si batte per salari equi, condizioni di lavoro sicure e rispetto sul posto di lavoro.","og_url":"https:\/\/syndicom.ch\/it\/il-tuo-lavoro\/","og_site_name":"syndicom","article_modified_time":"2025-08-22T09:13:16+00:00","og_image":[{"url":"https:\/\/syndicom.ch\/app\/uploads\/2024\/08\/gewerkschaft-syndicom-icon-superman.jpg","type":"","width":"","height":""}],"twitter_card":"summary_large_image","twitter_misc":{"Tempo di lettura stimato":"3 minuti"},"schema":{"@context":"https:\/\/schema.org","@graph":[{"@type":"WebPage","@id":"https:\/\/syndicom.ch\/it\/il-tuo-lavoro\/","url":"https:\/\/syndicom.ch\/it\/il-tuo-lavoro\/","name":"Il tuo lavoro - syndicom","isPartOf":{"@id":"https:\/\/syndicom.ch\/it\/#website"},"primaryImageOfPage":{"@id":"https:\/\/syndicom.ch\/it\/il-tuo-lavoro\/#primaryimage"},"image":{"@id":"https:\/\/syndicom.ch\/it\/il-tuo-lavoro\/#primaryimage"},"thumbnailUrl":"https:\/\/syndicom.ch\/app\/uploads\/2024\/08\/gewerkschaft-syndicom-icon-superman.jpg","datePublished":"2025-08-13T08:56:55+00:00","dateModified":"2025-08-22T09:13:16+00:00","description":"Il sindacato syndicom si batte per salari equi, condizioni di lavoro sicure e rispetto sul posto di lavoro.","breadcrumb":{"@id":"https:\/\/syndicom.ch\/it\/il-tuo-lavoro\/#breadcrumb"},"inLanguage":"it-IT","potentialAction":[{"@type":"ReadAction","target":["https:\/\/syndicom.ch\/it\/il-tuo-lavoro\/"]}]},{"@type":"ImageObject","inLanguage":"it-IT","@id":"https:\/\/syndicom.ch\/it\/il-tuo-lavoro\/#primaryimage","url":"https:\/\/syndicom.ch\/app\/uploads\/2024\/08\/gewerkschaft-syndicom-icon-superman.jpg","contentUrl":"https:\/\/syndicom.ch\/app\/uploads\/2024\/08\/gewerkschaft-syndicom-icon-superman.jpg"},{"@type":"BreadcrumbList","@id":"https:\/\/syndicom.ch\/it\/il-tuo-lavoro\/#breadcrumb","itemListElement":[{"@type":"ListItem","position":1,"name":"Pagina iniziale","item":"https:\/\/syndicom.ch\/it\/"},{"@type":"ListItem","position":2,"name":"Il tuo lavoro"}]},{"@type":"WebSite","@id":"https:\/\/syndicom.ch\/it\/#website","url":"https:\/\/syndicom.ch\/it\/","name":"syndicom","description":"","publisher":{"@id":"https:\/\/syndicom.ch\/it\/#organization"},"potentialAction":[{"@type":"SearchAction","target":{"@type":"EntryPoint","urlTemplate":"https:\/\/syndicom.ch\/it\/?s={search_term_string}"},"query-input":{"@type":"PropertyValueSpecification","valueRequired":true,"valueName":"search_term_string"}}],"inLanguage":"it-IT"},{"@type":"Organization","@id":"https:\/\/syndicom.ch\/it\/#organization","name":"syndicom","url":"https:\/\/syndicom.ch\/it\/","logo":{"@type":"ImageObject","inLanguage":"it-IT","@id":"https:\/\/syndicom.ch\/it\/#\/schema\/logo\/image\/","url":"https:\/\/syndicom.ch\/app\/uploads\/2024\/06\/logo.svg","contentUrl":"https:\/\/syndicom.ch\/app\/uploads\/2024\/06\/logo.svg","width":297,"height":51,"caption":"syndicom"},"image":{"@id":"https:\/\/syndicom.ch\/it\/#\/schema\/logo\/image\/"}}]}},"_links":{"self":[{"href":"https:\/\/syndicom.ch\/it\/wp-json\/wp\/v2\/pages\/45333","targetHints":{"allow":["GET"]}}],"collection":[{"href":"https:\/\/syndicom.ch\/it\/wp-json\/wp\/v2\/pages"}],"about":[{"href":"https:\/\/syndicom.ch\/it\/wp-json\/wp\/v2\/types\/page"}],"author":[{"embeddable":true,"href":"https:\/\/syndicom.ch\/it\/wp-json\/wp\/v2\/users\/3"}],"replies":[{"embeddable":true,"href":"https:\/\/syndicom.ch\/it\/wp-json\/wp\/v2\/comments?post=45333"}],"version-history":[{"count":4,"href":"https:\/\/syndicom.ch\/it\/wp-json\/wp\/v2\/pages\/45333\/revisions"}],"predecessor-version":[{"id":45337,"href":"https:\/\/syndicom.ch\/it\/wp-json\/wp\/v2\/pages\/45333\/revisions\/45337"}],"wp:attachment":[{"href":"https:\/\/syndicom.ch\/it\/wp-json\/wp\/v2\/media?parent=45333"}],"wp:term":[{"taxonomy":"category","embeddable":true,"href":"https:\/\/syndicom.ch\/it\/wp-json\/wp\/v2\/categories?post=45333"}],"curies":[{"name":"wp","href":"https:\/\/api.w.org\/{rel}","templated":true}]}}