{"id":45360,"date":"2025-08-22T10:21:33","date_gmt":"2025-08-22T08:21:33","guid":{"rendered":"https:\/\/syndicom.ch\/?page_id=45360"},"modified":"2025-08-22T17:44:13","modified_gmt":"2025-08-22T15:44:13","slug":"i-nostri-temi","status":"publish","type":"page","link":"https:\/\/syndicom.ch\/it\/i-nostri-temi\/","title":{"rendered":"I nostri temi"},"content":{"rendered":"\n<div class=\"wp-block-group alignfull has-background-color has-primary-background-color has-text-color has-background has-link-color wp-elements-c8295d77bdc610eb36496c6ec09ad38e is-layout-constrained wp-block-group-is-layout-constrained\">\n<div class=\"wp-block-group is-style-narrow is-layout-constrained wp-block-group-is-layout-constrained\">\n<div class=\"wp-block-columns is-layout-flex wp-container-core-columns-is-layout-9d6595d7 wp-block-columns-is-layout-flex\">\n<div class=\"wp-block-column is-layout-flow wp-block-column-is-layout-flow\" style=\"flex-basis:70%\">\n<h1 class=\"wp-block-heading\"><strong>I nostri temi<\/strong><\/h1>\n\n\n\n<p class=\"is-style-lead\">Insieme per un futuro del lavoro equo<\/p>\n<\/div>\n<\/div>\n<\/div>\n<\/div>\n\n\n\n<div class=\"wp-block-group alignfull has-background-background-color has-background is-layout-constrained wp-block-group-is-layout-constrained\">\n<div class=\"wp-block-group is-style-narrow is-layout-constrained wp-block-group-is-layout-constrained\">\n<p><strong>In qualit\u00e0 di sindacato, syndicom si occupa attivamente delle sfide attuali del mondo del lavoro. <\/strong>Mettiamo in luce temi che riguardano sia le condizioni di lavoro odierne sia gli sviluppi che modelleranno la nostra societ\u00e0 e il mercato del lavoro in futuro.<\/p>\n\n\n\n<p>Ci impegniamo in molti settori importanti per le lavoratrici e i lavoratori. Non si tratta solo di migliori condizioni di lavoro e salari equi, ma anche di grandi temi futuri come gli sviluppi tecnologici, la giustizia sociale e la definizione della politica del mercato del lavoro.<\/p>\n\n\n\n<p>Maggiori info su questi temi:<\/p>\n\n\n\n<div class=\"wp-block-columns is-layout-flex wp-container-core-columns-is-layout-9d6595d7 wp-block-columns-is-layout-flex\">\n<div class=\"wp-block-column is-layout-flow wp-block-column-is-layout-flow\">\n<div class=\"wp-block-media-text is-stacked-on-mobile is-image-fill-element is-style-logo coblocks-animate\" style=\"grid-template-columns:18% auto\" data-coblocks-animation=\"zoomIn\"><figure class=\"wp-block-media-text__media\"><a href=\"https:\/\/syndicom.ch\/it\/intelligenza-artificiale\/\" target=\"_blank\" rel=\" noreferrer noopener\"><img loading=\"lazy\" decoding=\"async\" width=\"1024\" height=\"682\" src=\"https:\/\/syndicom.ch\/app\/uploads\/2025\/03\/gewerkschaft-syndicom-ki-kuenstliche-intelligenz-symbolbild-1024x682.jpg\" alt=\"\" class=\"wp-image-43748 size-full\" style=\"object-position:50% 50%\" srcset=\"https:\/\/syndicom.ch\/app\/uploads\/2025\/03\/gewerkschaft-syndicom-ki-kuenstliche-intelligenz-symbolbild-1024x682.jpg 1024w, https:\/\/syndicom.ch\/app\/uploads\/2025\/03\/gewerkschaft-syndicom-ki-kuenstliche-intelligenz-symbolbild-300x200.jpg 300w, https:\/\/syndicom.ch\/app\/uploads\/2025\/03\/gewerkschaft-syndicom-ki-kuenstliche-intelligenz-symbolbild-768x512.jpg 768w, https:\/\/syndicom.ch\/app\/uploads\/2025\/03\/gewerkschaft-syndicom-ki-kuenstliche-intelligenz-symbolbild.jpg 1280w\" sizes=\"auto, (max-width: 1024px) 100vw, 1024px\" \/><\/a><\/figure><div class=\"wp-block-media-text__content\">\n<h3 class=\"wp-block-heading has-text-align-center has-primary-color has-text-color has-link-color wp-elements-60c769b536e7f68769c7533c5d6d0fea\"><strong>Intelligenza artificiale (IA)<\/strong><\/h3>\n<\/div><\/div>\n<\/div>\n\n\n\n<div class=\"wp-block-column is-layout-flow wp-block-column-is-layout-flow\">\n<div class=\"wp-block-media-text is-stacked-on-mobile is-image-fill-element is-style-logo coblocks-animate\" data-coblocks-animation=\"zoomIn\"><figure class=\"wp-block-media-text__media\"><a href=\"https:\/\/syndicom.ch\/it\/donne\/\" target=\"_blank\" rel=\" noreferrer noopener\"><img loading=\"lazy\" decoding=\"async\" width=\"691\" height=\"622\" src=\"https:\/\/syndicom.ch\/app\/uploads\/2025\/06\/gewerkschaft-syndicom-grafik-frau-mit-megafon-lila.jpg\" alt=\"\" class=\"wp-image-38888 size-full\" style=\"object-position:54% 27%\" srcset=\"https:\/\/syndicom.ch\/app\/uploads\/2025\/06\/gewerkschaft-syndicom-grafik-frau-mit-megafon-lila.jpg 691w, https:\/\/syndicom.ch\/app\/uploads\/2025\/06\/gewerkschaft-syndicom-grafik-frau-mit-megafon-lila-300x270.jpg 300w\" sizes=\"auto, (max-width: 691px) 100vw, 691px\" \/><\/a><\/figure><div class=\"wp-block-media-text__content\">\n<h3 class=\"wp-block-heading has-text-align-center has-primary-color has-text-color has-link-color wp-elements-1d4bd094919f36a063331c04b321f316\"><strong><strong><strong><strong><strong>Parit\u00e0<\/strong><\/strong><\/strong><\/strong><\/strong><\/h3>\n<\/div><\/div>\n<\/div>\n\n\n\n<div class=\"wp-block-column is-layout-flow wp-block-column-is-layout-flow\">\n<div class=\"wp-block-media-text is-stacked-on-mobile is-image-fill-element is-style-logo coblocks-animate\" style=\"grid-template-columns:85% auto\" data-coblocks-animation=\"zoomIn\"><figure class=\"wp-block-media-text__media\"><a href=\"https:\/\/syndicom.ch\/it\/partecipazione\/\" target=\"_blank\" rel=\" noreferrer noopener\"><img loading=\"lazy\" decoding=\"async\" width=\"1024\" height=\"683\" src=\"https:\/\/syndicom.ch\/app\/uploads\/2025\/05\/gewerkschaft-syndicom-vertrauensleute-sessa-1024x683.jpg\" alt=\"\" class=\"wp-image-38069 size-full\" style=\"object-position:55% 58%\" srcset=\"https:\/\/syndicom.ch\/app\/uploads\/2025\/05\/gewerkschaft-syndicom-vertrauensleute-sessa-1024x683.jpg 1024w, https:\/\/syndicom.ch\/app\/uploads\/2025\/05\/gewerkschaft-syndicom-vertrauensleute-sessa-300x200.jpg 300w, https:\/\/syndicom.ch\/app\/uploads\/2025\/05\/gewerkschaft-syndicom-vertrauensleute-sessa-768x512.jpg 768w, https:\/\/syndicom.ch\/app\/uploads\/2025\/05\/gewerkschaft-syndicom-vertrauensleute-sessa-1536x1024.jpg 1536w, https:\/\/syndicom.ch\/app\/uploads\/2025\/05\/gewerkschaft-syndicom-vertrauensleute-sessa-2048x1365.jpg 2048w\" sizes=\"auto, (max-width: 1024px) 100vw, 1024px\" \/><\/a><\/figure><div class=\"wp-block-media-text__content\">\n<h3 class=\"wp-block-heading has-text-align-center has-primary-color has-text-color has-link-color wp-elements-94cfb81fdb32ae8ea39c786bb6aa1dcf\"><strong>Partecipazione &amp; cogestione aziendale<\/strong><\/h3>\n<\/div><\/div>\n<\/div>\n<\/div>\n\n\n\n<div class=\"wp-block-columns is-layout-flex wp-container-core-columns-is-layout-9d6595d7 wp-block-columns-is-layout-flex\">\n<div class=\"wp-block-column is-layout-flow wp-block-column-is-layout-flow\">\n<div class=\"wp-block-media-text is-stacked-on-mobile is-image-fill-element is-style-logo coblocks-animate\" style=\"grid-template-columns:18% auto\" data-coblocks-animation=\"zoomIn\"><figure class=\"wp-block-media-text__media\"><a href=\"https:\/\/syndicom.ch\/it\/digitalizzazione-del-mondo-del-lavoro\/\" target=\"_blank\" rel=\" noreferrer noopener\"><img loading=\"lazy\" decoding=\"async\" width=\"1024\" height=\"683\" src=\"https:\/\/syndicom.ch\/app\/uploads\/2025\/03\/gewerkschaft-syndicom-arbeit-laptop-1024x683.jpg\" alt=\"\" class=\"wp-image-32338 size-full\" style=\"object-position:50% 50%\" srcset=\"https:\/\/syndicom.ch\/app\/uploads\/2025\/03\/gewerkschaft-syndicom-arbeit-laptop-1024x683.jpg 1024w, https:\/\/syndicom.ch\/app\/uploads\/2025\/03\/gewerkschaft-syndicom-arbeit-laptop-300x200.jpg 300w, https:\/\/syndicom.ch\/app\/uploads\/2025\/03\/gewerkschaft-syndicom-arbeit-laptop-768x512.jpg 768w, https:\/\/syndicom.ch\/app\/uploads\/2025\/03\/gewerkschaft-syndicom-arbeit-laptop-1536x1025.jpg 1536w, https:\/\/syndicom.ch\/app\/uploads\/2025\/03\/gewerkschaft-syndicom-arbeit-laptop-2048x1366.jpg 2048w\" sizes=\"auto, (max-width: 1024px) 100vw, 1024px\" \/><\/a><\/figure><div class=\"wp-block-media-text__content\">\n<h3 class=\"wp-block-heading has-text-align-center has-primary-color has-text-color has-link-color wp-elements-47bec494d153d8d5e7604563f7674b09\"><strong>Digitalizzazione del mondo del lavoro<\/strong><\/h3>\n<\/div><\/div>\n<\/div>\n\n\n\n<div class=\"wp-block-column is-layout-flow wp-block-column-is-layout-flow\">\n<div class=\"wp-block-media-text is-stacked-on-mobile is-image-fill-element is-style-logo coblocks-animate\" data-coblocks-animation=\"zoomIn\"><figure class=\"wp-block-media-text__media\"><a href=\"https:\/\/syndicom.ch\/it\/crowdworking-in-svizzera\/\" target=\"_blank\" rel=\" noreferrer noopener\"><img loading=\"lazy\" decoding=\"async\" width=\"760\" height=\"506\" src=\"https:\/\/syndicom.ch\/app\/uploads\/2024\/08\/gewerkschaft-syndicom-crowdworking-symbolbild-colab-impacthub-zuerich-innen.jpg\" alt=\"Crowdworkerin Symboldbild syndicom\" class=\"wp-image-3009 size-full\" style=\"object-position:50% 50%\" srcset=\"https:\/\/syndicom.ch\/app\/uploads\/2024\/08\/gewerkschaft-syndicom-crowdworking-symbolbild-colab-impacthub-zuerich-innen.jpg 760w, https:\/\/syndicom.ch\/app\/uploads\/2024\/08\/gewerkschaft-syndicom-crowdworking-symbolbild-colab-impacthub-zuerich-innen-300x200.jpg 300w\" sizes=\"auto, (max-width: 760px) 100vw, 760px\" \/><\/a><\/figure><div class=\"wp-block-media-text__content\">\n<h3 class=\"wp-block-heading has-text-align-center has-primary-color has-text-color has-link-color wp-elements-df02512b3dac9d7572b1e0909b78134d\"><strong><strong><strong><strong>&nbsp;Crowdworking in Svizzera<\/strong><\/strong><\/strong><\/strong><\/h3>\n<\/div><\/div>\n<\/div>\n\n\n\n<div class=\"wp-block-column is-layout-flow wp-block-column-is-layout-flow\"><\/div>\n<\/div>\n<\/div>\n<\/div>\n\n\n\n<div class=\"wp-block-group alignfull has-background-color has-primary-background-color has-text-color has-background has-link-color wp-elements-4f305ecfcae64322c2c309f53df96dc6 is-layout-constrained wp-block-group-is-layout-constrained\">\n<div class=\"wp-block-group is-style-narrow is-layout-constrained wp-block-group-is-layout-constrained\">\n<h2 class=\"wp-block-heading has-text-align-center\"><strong>Vuoi darti da fare e contribuire a plasmare il futuro?<\/strong><\/h2>\n\n\n\n<p class=\"has-text-align-center\">Fantastico, ci fa piacere! Ci sono molti possibili modi per partecipare.<\/p>\n\n\n\n<div class=\"wp-block-buttons is-content-justification-center is-layout-flex wp-container-core-buttons-is-layout-16018d1d wp-block-buttons-is-layout-flex\">\n<div class=\"wp-block-button\"><a class=\"wp-block-button__link wp-element-button\" href=\"https:\/\/syndicomweb.typeform.com\/to\/JwaGF0D9\" target=\"_blank\" rel=\"noreferrer noopener\"><strong><strong>Iscriviti usando il formulario<\/strong><\/strong><\/a><\/div>\n\n\n\n<div class=\"wp-block-button is-style-outline is-style-outline--1\"><a class=\"wp-block-button__link wp-element-button\" href=\"https:\/\/syndicom.ch\/it\/contatto\/\" target=\"_blank\" rel=\"noreferrer noopener\"><strong>Hai domande? Contattaci.<\/strong><\/a><\/div>\n<\/div>\n<\/div>\n<\/div>\n\n\n\n<div class=\"wp-block-group alignfull has-background-background-color has-background is-layout-constrained wp-block-group-is-layout-constrained\">\n<div class=\"wp-block-group is-style-narrow is-layout-constrained wp-block-group-is-layout-constrained\">\n<h2 class=\"wp-block-heading\"><strong>syndicom rivista: i temi del tuo sindacato in primo piano<\/strong><\/h2>\n\n\n\n<p>Il nostro mondo del lavoro \u00e8 in continua evoluzione. La rivista syndicom affronta gli sviluppi attuali e offre articoli approfonditi, interessanti reportages e opinioni di esperte e esperti. In qualit\u00e0 di membro di syndicom, riceverai quattro volte all&#8217;anno l&#8217;edizione cartacea di alta qualit\u00e0 direttamente nella tua bucalettere. Online troverai in qualsiasi momento ulteriori articoli di attualit\u00e0 e approfondimenti.<\/p>\n\n\n\n<div class=\"wp-block-buttons is-layout-flex wp-block-buttons-is-layout-flex\">\n<div class=\"wp-block-button is-style-outline is-style-outline--2\"><a class=\"wp-block-button__link has-primary-color has-text-color has-link-color wp-element-button\" href=\"https:\/\/syndicom.ch\/it\/rivista\/\" target=\"_blank\" rel=\"noreferrer noopener\">alla syndicom rivista<\/a><\/div>\n<\/div>\n<\/div>\n<\/div>\n","protected":false},"excerpt":{"rendered":"<p>In qualit\u00e0 di sindacato, syndicom si occupa attivamente delle sfide attuali del mondo del lavoro. Ci impegniamo in molti settori importanti.<\/p>\n","protected":false},"author":3,"featured_media":0,"parent":0,"menu_order":0,"comment_status":"closed","ping_status":"closed","template":"","meta":{"_acf_changed":false,"inline_featured_image":false,"_coblocks_attr":"","_coblocks_dimensions":"","_coblocks_responsive_height":"","_coblocks_accordion_ie_support":"","footnotes":""},"categories":[],"class_list":["post-45360","page","type-page","status-publish","hentry"],"acf":[],"yoast_head":"<!-- This site is optimized with the Yoast SEO plugin v27.3 - https:\/\/yoast.com\/product\/yoast-seo-wordpress\/ -->\n<title>I nostri temi - syndicom<\/title>\n<meta name=\"description\" content=\"In qualit\u00e0 di sindacato, syndicom si occupa attivamente delle sfide attuali del mondo del lavoro. Ci impegniamo in molti settori importanti.\" \/>\n<meta name=\"robots\" content=\"index, follow, max-snippet:-1, max-image-preview:large, max-video-preview:-1\" \/>\n<link rel=\"canonical\" href=\"https:\/\/syndicom.ch\/it\/i-nostri-temi\/\" \/>\n<meta property=\"og:locale\" content=\"it_IT\" \/>\n<meta property=\"og:type\" content=\"article\" \/>\n<meta property=\"og:title\" content=\"I nostri temi - syndicom\" \/>\n<meta property=\"og:description\" content=\"In qualit\u00e0 di sindacato, syndicom si occupa attivamente delle sfide attuali del mondo del lavoro. Ci impegniamo in molti settori importanti.\" \/>\n<meta property=\"og:url\" content=\"https:\/\/syndicom.ch\/it\/i-nostri-temi\/\" \/>\n<meta property=\"og:site_name\" content=\"syndicom\" \/>\n<meta property=\"article:modified_time\" content=\"2025-08-22T15:44:13+00:00\" \/>\n<meta property=\"og:image\" content=\"https:\/\/syndicom.ch\/app\/uploads\/2025\/03\/gewerkschaft-syndicom-ki-kuenstliche-intelligenz-symbolbild-1024x682.jpg\" \/>\n<meta name=\"twitter:card\" content=\"summary_large_image\" \/>\n<meta name=\"twitter:label1\" content=\"Tempo di lettura stimato\" \/>\n\t<meta name=\"twitter:data1\" content=\"3 minuti\" \/>\n<script type=\"application\/ld+json\" class=\"yoast-schema-graph\">{\"@context\":\"https:\\\/\\\/schema.org\",\"@graph\":[{\"@type\":\"WebPage\",\"@id\":\"https:\\\/\\\/syndicom.ch\\\/it\\\/i-nostri-temi\\\/\",\"url\":\"https:\\\/\\\/syndicom.ch\\\/it\\\/i-nostri-temi\\\/\",\"name\":\"I nostri temi - syndicom\",\"isPartOf\":{\"@id\":\"https:\\\/\\\/syndicom.ch\\\/it\\\/#website\"},\"primaryImageOfPage\":{\"@id\":\"https:\\\/\\\/syndicom.ch\\\/it\\\/i-nostri-temi\\\/#primaryimage\"},\"image\":{\"@id\":\"https:\\\/\\\/syndicom.ch\\\/it\\\/i-nostri-temi\\\/#primaryimage\"},\"thumbnailUrl\":\"https:\\\/\\\/syndicom.ch\\\/app\\\/uploads\\\/2025\\\/03\\\/gewerkschaft-syndicom-ki-kuenstliche-intelligenz-symbolbild-1024x682.jpg\",\"datePublished\":\"2025-08-22T08:21:33+00:00\",\"dateModified\":\"2025-08-22T15:44:13+00:00\",\"description\":\"In qualit\u00e0 di sindacato, syndicom si occupa attivamente delle sfide attuali del mondo del lavoro. Ci impegniamo in molti settori importanti.\",\"breadcrumb\":{\"@id\":\"https:\\\/\\\/syndicom.ch\\\/it\\\/i-nostri-temi\\\/#breadcrumb\"},\"inLanguage\":\"it-IT\",\"potentialAction\":[{\"@type\":\"ReadAction\",\"target\":[\"https:\\\/\\\/syndicom.ch\\\/it\\\/i-nostri-temi\\\/\"]}]},{\"@type\":\"ImageObject\",\"inLanguage\":\"it-IT\",\"@id\":\"https:\\\/\\\/syndicom.ch\\\/it\\\/i-nostri-temi\\\/#primaryimage\",\"url\":\"https:\\\/\\\/syndicom.ch\\\/app\\\/uploads\\\/2025\\\/03\\\/gewerkschaft-syndicom-ki-kuenstliche-intelligenz-symbolbild-1024x682.jpg\",\"contentUrl\":\"https:\\\/\\\/syndicom.ch\\\/app\\\/uploads\\\/2025\\\/03\\\/gewerkschaft-syndicom-ki-kuenstliche-intelligenz-symbolbild-1024x682.jpg\"},{\"@type\":\"BreadcrumbList\",\"@id\":\"https:\\\/\\\/syndicom.ch\\\/it\\\/i-nostri-temi\\\/#breadcrumb\",\"itemListElement\":[{\"@type\":\"ListItem\",\"position\":1,\"name\":\"Pagina iniziale\",\"item\":\"https:\\\/\\\/syndicom.ch\\\/it\\\/\"},{\"@type\":\"ListItem\",\"position\":2,\"name\":\"I nostri temi\"}]},{\"@type\":\"WebSite\",\"@id\":\"https:\\\/\\\/syndicom.ch\\\/it\\\/#website\",\"url\":\"https:\\\/\\\/syndicom.ch\\\/it\\\/\",\"name\":\"syndicom\",\"description\":\"\",\"publisher\":{\"@id\":\"https:\\\/\\\/syndicom.ch\\\/it\\\/#organization\"},\"potentialAction\":[{\"@type\":\"SearchAction\",\"target\":{\"@type\":\"EntryPoint\",\"urlTemplate\":\"https:\\\/\\\/syndicom.ch\\\/it\\\/?s={search_term_string}\"},\"query-input\":{\"@type\":\"PropertyValueSpecification\",\"valueRequired\":true,\"valueName\":\"search_term_string\"}}],\"inLanguage\":\"it-IT\"},{\"@type\":\"Organization\",\"@id\":\"https:\\\/\\\/syndicom.ch\\\/it\\\/#organization\",\"name\":\"syndicom\",\"url\":\"https:\\\/\\\/syndicom.ch\\\/it\\\/\",\"logo\":{\"@type\":\"ImageObject\",\"inLanguage\":\"it-IT\",\"@id\":\"https:\\\/\\\/syndicom.ch\\\/it\\\/#\\\/schema\\\/logo\\\/image\\\/\",\"url\":\"https:\\\/\\\/syndicom.ch\\\/app\\\/uploads\\\/2024\\\/06\\\/logo.svg\",\"contentUrl\":\"https:\\\/\\\/syndicom.ch\\\/app\\\/uploads\\\/2024\\\/06\\\/logo.svg\",\"width\":297,\"height\":51,\"caption\":\"syndicom\"},\"image\":{\"@id\":\"https:\\\/\\\/syndicom.ch\\\/it\\\/#\\\/schema\\\/logo\\\/image\\\/\"}}]}<\/script>\n<!-- \/ Yoast SEO plugin. -->","yoast_head_json":{"title":"I nostri temi - syndicom","description":"In qualit\u00e0 di sindacato, syndicom si occupa attivamente delle sfide attuali del mondo del lavoro. Ci impegniamo in molti settori importanti.","robots":{"index":"index","follow":"follow","max-snippet":"max-snippet:-1","max-image-preview":"max-image-preview:large","max-video-preview":"max-video-preview:-1"},"canonical":"https:\/\/syndicom.ch\/it\/i-nostri-temi\/","og_locale":"it_IT","og_type":"article","og_title":"I nostri temi - syndicom","og_description":"In qualit\u00e0 di sindacato, syndicom si occupa attivamente delle sfide attuali del mondo del lavoro. Ci impegniamo in molti settori importanti.","og_url":"https:\/\/syndicom.ch\/it\/i-nostri-temi\/","og_site_name":"syndicom","article_modified_time":"2025-08-22T15:44:13+00:00","og_image":[{"url":"https:\/\/syndicom.ch\/app\/uploads\/2025\/03\/gewerkschaft-syndicom-ki-kuenstliche-intelligenz-symbolbild-1024x682.jpg","type":"","width":"","height":""}],"twitter_card":"summary_large_image","twitter_misc":{"Tempo di lettura stimato":"3 minuti"},"schema":{"@context":"https:\/\/schema.org","@graph":[{"@type":"WebPage","@id":"https:\/\/syndicom.ch\/it\/i-nostri-temi\/","url":"https:\/\/syndicom.ch\/it\/i-nostri-temi\/","name":"I nostri temi - syndicom","isPartOf":{"@id":"https:\/\/syndicom.ch\/it\/#website"},"primaryImageOfPage":{"@id":"https:\/\/syndicom.ch\/it\/i-nostri-temi\/#primaryimage"},"image":{"@id":"https:\/\/syndicom.ch\/it\/i-nostri-temi\/#primaryimage"},"thumbnailUrl":"https:\/\/syndicom.ch\/app\/uploads\/2025\/03\/gewerkschaft-syndicom-ki-kuenstliche-intelligenz-symbolbild-1024x682.jpg","datePublished":"2025-08-22T08:21:33+00:00","dateModified":"2025-08-22T15:44:13+00:00","description":"In qualit\u00e0 di sindacato, syndicom si occupa attivamente delle sfide attuali del mondo del lavoro. Ci impegniamo in molti settori importanti.","breadcrumb":{"@id":"https:\/\/syndicom.ch\/it\/i-nostri-temi\/#breadcrumb"},"inLanguage":"it-IT","potentialAction":[{"@type":"ReadAction","target":["https:\/\/syndicom.ch\/it\/i-nostri-temi\/"]}]},{"@type":"ImageObject","inLanguage":"it-IT","@id":"https:\/\/syndicom.ch\/it\/i-nostri-temi\/#primaryimage","url":"https:\/\/syndicom.ch\/app\/uploads\/2025\/03\/gewerkschaft-syndicom-ki-kuenstliche-intelligenz-symbolbild-1024x682.jpg","contentUrl":"https:\/\/syndicom.ch\/app\/uploads\/2025\/03\/gewerkschaft-syndicom-ki-kuenstliche-intelligenz-symbolbild-1024x682.jpg"},{"@type":"BreadcrumbList","@id":"https:\/\/syndicom.ch\/it\/i-nostri-temi\/#breadcrumb","itemListElement":[{"@type":"ListItem","position":1,"name":"Pagina iniziale","item":"https:\/\/syndicom.ch\/it\/"},{"@type":"ListItem","position":2,"name":"I nostri temi"}]},{"@type":"WebSite","@id":"https:\/\/syndicom.ch\/it\/#website","url":"https:\/\/syndicom.ch\/it\/","name":"syndicom","description":"","publisher":{"@id":"https:\/\/syndicom.ch\/it\/#organization"},"potentialAction":[{"@type":"SearchAction","target":{"@type":"EntryPoint","urlTemplate":"https:\/\/syndicom.ch\/it\/?s={search_term_string}"},"query-input":{"@type":"PropertyValueSpecification","valueRequired":true,"valueName":"search_term_string"}}],"inLanguage":"it-IT"},{"@type":"Organization","@id":"https:\/\/syndicom.ch\/it\/#organization","name":"syndicom","url":"https:\/\/syndicom.ch\/it\/","logo":{"@type":"ImageObject","inLanguage":"it-IT","@id":"https:\/\/syndicom.ch\/it\/#\/schema\/logo\/image\/","url":"https:\/\/syndicom.ch\/app\/uploads\/2024\/06\/logo.svg","contentUrl":"https:\/\/syndicom.ch\/app\/uploads\/2024\/06\/logo.svg","width":297,"height":51,"caption":"syndicom"},"image":{"@id":"https:\/\/syndicom.ch\/it\/#\/schema\/logo\/image\/"}}]}},"_links":{"self":[{"href":"https:\/\/syndicom.ch\/it\/wp-json\/wp\/v2\/pages\/45360","targetHints":{"allow":["GET"]}}],"collection":[{"href":"https:\/\/syndicom.ch\/it\/wp-json\/wp\/v2\/pages"}],"about":[{"href":"https:\/\/syndicom.ch\/it\/wp-json\/wp\/v2\/types\/page"}],"author":[{"embeddable":true,"href":"https:\/\/syndicom.ch\/it\/wp-json\/wp\/v2\/users\/3"}],"replies":[{"embeddable":true,"href":"https:\/\/syndicom.ch\/it\/wp-json\/wp\/v2\/comments?post=45360"}],"version-history":[{"count":19,"href":"https:\/\/syndicom.ch\/it\/wp-json\/wp\/v2\/pages\/45360\/revisions"}],"predecessor-version":[{"id":45557,"href":"https:\/\/syndicom.ch\/it\/wp-json\/wp\/v2\/pages\/45360\/revisions\/45557"}],"wp:attachment":[{"href":"https:\/\/syndicom.ch\/it\/wp-json\/wp\/v2\/media?parent=45360"}],"wp:term":[{"taxonomy":"category","embeddable":true,"href":"https:\/\/syndicom.ch\/it\/wp-json\/wp\/v2\/categories?post=45360"}],"curies":[{"name":"wp","href":"https:\/\/api.w.org\/{rel}","templated":true}]}}