{"id":53639,"date":"2026-01-05T16:03:11","date_gmt":"2026-01-05T15:03:11","guid":{"rendered":"https:\/\/syndicom.ch\/?page_id=53639"},"modified":"2026-03-09T11:25:48","modified_gmt":"2026-03-09T10:25:48","slug":"iniziativa-anti-ssr","status":"publish","type":"page","link":"https:\/\/syndicom.ch\/it\/campagne\/iniziativa-anti-ssr\/","title":{"rendered":"No all&#8217;iniziativa SSR"},"content":{"rendered":"\n<div class=\"wp-block-cover alignfull is-style-imageheight mb-0 mt-0\" style=\"min-height:450px;aspect-ratio:unset;\"><img loading=\"lazy\" decoding=\"async\" width=\"1434\" height=\"2034\" class=\"wp-block-cover__image-background wp-image-53287 size-full\" alt=\"\" src=\"https:\/\/syndicom.ch\/app\/uploads\/2026\/01\/gewerkschaft-syndicom-srg-hintergrund.jpg\" style=\"object-position:84% 92%\" data-object-fit=\"cover\" data-object-position=\"84% 92%\" srcset=\"https:\/\/syndicom.ch\/app\/uploads\/2026\/01\/gewerkschaft-syndicom-srg-hintergrund.jpg 1434w, https:\/\/syndicom.ch\/app\/uploads\/2026\/01\/gewerkschaft-syndicom-srg-hintergrund-212x300.jpg 212w, https:\/\/syndicom.ch\/app\/uploads\/2026\/01\/gewerkschaft-syndicom-srg-hintergrund-722x1024.jpg 722w, https:\/\/syndicom.ch\/app\/uploads\/2026\/01\/gewerkschaft-syndicom-srg-hintergrund-768x1089.jpg 768w, https:\/\/syndicom.ch\/app\/uploads\/2026\/01\/gewerkschaft-syndicom-srg-hintergrund-1083x1536.jpg 1083w\" sizes=\"auto, (max-width: 1434px) 100vw, 1434px\" \/><span aria-hidden=\"true\" class=\"wp-block-cover__background has-primary-background-color has-background-dim-30 has-background-dim\"><\/span><div class=\"wp-block-cover__inner-container is-layout-flow wp-block-cover-is-layout-flow\">\n<div class=\"wp-block-group is-content-justification-center is-layout-constrained wp-block-group-is-layout-constrained\">\n<div class=\"wp-block-group is-layout-constrained wp-block-group-is-layout-constrained\">\n<div class=\"wp-block-columns is-layout-flex wp-container-core-columns-is-layout-9d6595d7 wp-block-columns-is-layout-flex\">\n<div class=\"wp-block-column is-layout-flow wp-block-column-is-layout-flow\" style=\"flex-basis:4.5%\"><\/div>\n\n\n\n<div class=\"wp-block-column is-layout-flow wp-block-column-is-layout-flow\" style=\"flex-basis:100%\">\n<h2 class=\"wp-block-heading has-text-align-left\" style=\"font-size:54px\"><mark style=\"background-color:#ffffff\" class=\"has-inline-color\">No all&#8217;iniziativa SSR (\u00ab200 franchi bastano!\u00bb) <\/mark><\/h2>\n\n\n\n<div class=\"wp-block-group is-layout-constrained wp-block-group-is-layout-constrained\">\n<p class=\"is-style-lead has-primary-background-color has-background\">Grazie al vostro impegno, al vostro voto e al vostro sostegno, l&#8217;8 marzo 2026 la Svizzera ha chiaramente respinto l&#8217;iniziativa per il dimezzamento della SSR.<\/p>\n<\/div>\n<\/div>\n<\/div>\n<\/div>\n<\/div>\n<\/div><\/div>\n\n\n\n<div class=\"wp-block-group alignfull has-background-background-color has-background is-layout-constrained wp-block-group-is-layout-constrained\">\n<div class=\"wp-block-group is-style-narrow is-layout-constrained wp-block-group-is-layout-constrained\">\n<div class=\"wp-block-group is-style-narrow is-layout-constrained wp-block-group-is-layout-constrained\">\n<h2 class=\"wp-block-heading has-text-align-center has-background-color has-primary-background-color has-text-color has-background has-link-color wp-elements-b9c5722a6eee26576b696c1b9d177850\" id=\"Danke\">Grazie<\/h2>\n\n\n\n<p>La Svizzera ha chiaramente respinto l&#8217;iniziativa per il dimezzamento della SSR.<\/p>\n\n\n\n<p>\u00c8 quindi chiaro che la popolazione sostiene un servizio pubblico forte e una SSR forte.&nbsp;<\/p>\n\n\n\n<p>Con il suo chiaro no, l&#8217;elettorato ha confermato che:&nbsp;<\/p>\n\n\n\n<ul class=\"wp-block-list\">\n<li class=\"is-style-check\">I media&nbsp;<strong>hanno bisogno di un finanziamento pubblico adeguato&nbsp;<\/strong><\/li>\n\n\n\n<li class=\"is-style-check\">Un&#8217;informazione&nbsp;<strong>equilibrata in tutte le regioni linguistiche<\/strong>&nbsp;\u00e8 indispensabile&nbsp;<\/li>\n\n\n\n<li class=\"is-style-check\">In tempi di autoritarismo e disinformazione,&nbsp;<strong>il giornalismo non deve essere distrutto da tagli<\/strong><\/li>\n<\/ul>\n\n\n\n<p><strong>Chi vuole un giornalismo credibile deve anche renderlo possibile, e precisamente con un finanziamento pubblico stabile.<\/strong><\/p>\n\n\n\n<p>Ora la palla passa al Consiglio federale, ai vertici della SSR e alle aziende mediatiche private.&nbsp;Il chiaro esito della votazione dimostra che la popolazione vuole media forti e un&#8217;ampia offerta culturale, sportiva e informativa.&nbsp;<\/p>\n\n\n\n<p>Quindi, dopo questo voto, chiediamo:&nbsp;basta con i tagli.&nbsp;Ci aspettiamo che si torni a investire nella qualit\u00e0, nella ricerca e nel personale, invece di ridurre costantemente i posti di lavoro.<\/p>\n\n\n\n<p>Grazie di cuore per il vostro impegno.&nbsp;<strong>Insieme difendiamo un panorama mediatico forte.&nbsp;<\/strong><\/p>\n\n\n\n<h2 class=\"wp-block-heading\">Avanti insieme \u2013 sguardo al 2028<\/h2>\n\n\n\n<p>La mobilitazione ha dimostrato ci\u00f2 che possiamo realizzare insieme. E continuer\u00e0 ad essere necessaria: nel 2028 scadr\u00e0 la concessione della SSR.&nbsp;Continueremo a impegnarci per garantire media forti e condizioni di lavoro eque.&nbsp;<\/p>\n\n\n\n<p>Grazie ancora di cuore per il vostro impegno.&nbsp;<strong>Insieme difendiamo un panorama mediatico forte.&nbsp;<\/strong><\/p>\n\n\n\n<div class=\"wp-block-columns has-tertiary-background-color has-background is-layout-flex wp-container-core-columns-is-layout-9d6595d7 wp-block-columns-is-layout-flex\">\n<div class=\"wp-block-column is-layout-flow wp-block-column-is-layout-flow\">\n<h3 class=\"wp-block-heading\"><strong>Maggiori informazioni<\/strong><\/h3>\n\n\n\n<div class=\"wp-block-buttons is-layout-flex wp-block-buttons-is-layout-flex\">\n<div class=\"wp-block-button is-style-external\"><a class=\"wp-block-button__link wp-element-button\" href=\"https:\/\/syndicom.ch\/it\/comunicato-stampa\/netto-rifiuto-delliniziativa-per-il-dimezzamento-ssr\/\" target=\"_blank\" rel=\"noreferrer noopener\">Comunicato stampa dell&#8217;8 marzo 2026: <strong>Netto rifiuto dell\u2019iniziativa per il dimezzamento della SSR<\/strong><\/a><\/div>\n\n\n\n<div class=\"wp-block-button is-style-external\"><a class=\"wp-block-button__link wp-element-button\" href=\"#motivi-per-votare-No\">Perch\u00e9 abbiamo votato no<\/a><\/div>\n<\/div>\n<\/div>\n<\/div>\n<\/div>\n<\/div>\n<\/div>\n\n\n\n\n\n\n\n<div class=\"wp-block-group alignfull has-background-background-color has-background is-content-justification-center is-layout-constrained wp-block-group-is-layout-constrained\">\n<div class=\"wp-block-group is-style-narrow is-layout-constrained wp-block-group-is-layout-constrained\">\n<h2 class=\"wp-block-heading has-text-align-center has-background-color has-primary-background-color has-text-color has-background has-link-color wp-elements-ad07b896610b8193b4aa2661befeef6b\" id=\"motivi-per-votare-No\">Perch\u00e9 abbiamo votato no<\/h2>\n<\/div>\n<\/div>\n\n\n\n<div class=\"wp-block-group is-layout-constrained wp-block-group-is-layout-constrained\">\n<h2 class=\"wp-block-heading has-text-align-center\">I nostri membri spiegano perch\u00e9 votano no<\/h2>\n\n\n\n<p class=\"has-text-align-center\"><\/p>\n<\/div>\n\n\n\n<div class=\"wp-block-group alignfull is-layout-constrained wp-block-group-is-layout-constrained\">\n<div class=\"wp-block-group is-style-narrow is-layout-flow wp-block-group-is-layout-flow\">\n<div class=\"wp-block-group is-style-slider is-autoplay coblocks-animate is-layout-constrained wp-container-core-group-is-layout-5ca99053 wp-block-group-is-layout-constrained\" data-coblocks-animation=\"zoomIn\">\n<div class=\"wp-block-group coblocks-animate is-layout-constrained wp-container-core-group-is-layout-1d6f4e6b wp-block-group-is-layout-constrained\" data-coblocks-animation=\"zoomIn\">\n<div class=\"wp-block-group is-layout-constrained wp-container-core-group-is-layout-b5ae9130 wp-block-group-is-layout-constrained\">\n<figure class=\"wp-block-video\"><video height=\"1350\" style=\"aspect-ratio: 1080 \/ 1350;\" width=\"1080\" controls src=\"https:\/\/syndicom.ch\/app\/uploads\/2026\/02\/gewerkschaft-syndicom-nein-srg-initiative-testimonial-olmo-cerri.mp4\"><\/video><\/figure>\n<\/div>\n<\/div>\n\n\n\n<div class=\"wp-block-group coblocks-animate is-layout-constrained wp-container-core-group-is-layout-1d6f4e6b wp-block-group-is-layout-constrained\" data-coblocks-animation=\"zoomIn\">\n<div class=\"wp-block-group is-layout-constrained wp-container-core-group-is-layout-b5ae9130 wp-block-group-is-layout-constrained\">\n<figure class=\"wp-block-video\"><video height=\"1350\" style=\"aspect-ratio: 1080 \/ 1350;\" width=\"1080\" controls src=\"https:\/\/syndicom.ch\/app\/uploads\/2026\/02\/gewerkschaft-syndicom-nein-srg-initiative-testimonial-eva-hirschi.mp4\"><\/video><\/figure>\n<\/div>\n<\/div>\n\n\n\n<div class=\"wp-block-group coblocks-animate is-layout-constrained wp-container-core-group-is-layout-1d6f4e6b wp-block-group-is-layout-constrained\" data-coblocks-animation=\"zoomIn\">\n<div class=\"wp-block-group is-layout-constrained wp-container-core-group-is-layout-b5ae9130 wp-block-group-is-layout-constrained\">\n<figure class=\"wp-block-video\"><video height=\"1350\" style=\"aspect-ratio: 1080 \/ 1350;\" width=\"1080\" controls src=\"https:\/\/syndicom.ch\/app\/uploads\/2026\/02\/gewerkschaft-syndicom-nein-srg-initiative-testimonial-barbara-roelli.mp4\"><\/video><\/figure>\n<\/div>\n<\/div>\n<\/div>\n\n\n\n<p class=\"has-text-align-center\">Troverai altre pubblicazioni e video sul nostro <a href=\"https:\/\/www.instagram.com\/syndicom\" target=\"_blank\" rel=\"noreferrer noopener nofollow\">canale Instagram<\/a>.<br>Anche la rivista syndicom parla delle persone coinvolte, analizza le conseguenze dell&#8217;iniziativa e mette in luce il contesto del mondo del lavoro e del settore dei media. <a href=\"https:\/\/syndicom.ch\/it\/rivista\/?gqs=&#038;catfilter=syn_magazine_category%3A366\" target=\"_blank\" rel=\"noreferrer noopener\">\u279c vai alla rivista syndicom<\/a><\/p>\n\n\n\n<p class=\"has-text-align-center\"><\/p>\n<\/div>\n<\/div>\n\n\n\n\n\n<div class=\"wp-block-cover alignfull is-style-imageheight mb-0 mt-0\" style=\"min-height:450px;aspect-ratio:unset;\" id=\"citazione-stephanie\"><img loading=\"lazy\" decoding=\"async\" width=\"1434\" height=\"2034\" class=\"wp-block-cover__image-background wp-image-53287 size-full\" alt=\"\" src=\"https:\/\/syndicom.ch\/app\/uploads\/2026\/01\/gewerkschaft-syndicom-srg-hintergrund.jpg\" style=\"object-position:65% 40%\" data-object-fit=\"cover\" data-object-position=\"65% 40%\" srcset=\"https:\/\/syndicom.ch\/app\/uploads\/2026\/01\/gewerkschaft-syndicom-srg-hintergrund.jpg 1434w, https:\/\/syndicom.ch\/app\/uploads\/2026\/01\/gewerkschaft-syndicom-srg-hintergrund-212x300.jpg 212w, https:\/\/syndicom.ch\/app\/uploads\/2026\/01\/gewerkschaft-syndicom-srg-hintergrund-722x1024.jpg 722w, https:\/\/syndicom.ch\/app\/uploads\/2026\/01\/gewerkschaft-syndicom-srg-hintergrund-768x1089.jpg 768w, https:\/\/syndicom.ch\/app\/uploads\/2026\/01\/gewerkschaft-syndicom-srg-hintergrund-1083x1536.jpg 1083w\" sizes=\"auto, (max-width: 1434px) 100vw, 1434px\" \/><span aria-hidden=\"true\" class=\"wp-block-cover__background has-primary-background-color has-background-dim-30 has-background-dim\"><\/span><div class=\"wp-block-cover__inner-container is-layout-flow wp-block-cover-is-layout-flow\">\n<div class=\"wp-block-group is-content-justification-center is-layout-constrained wp-block-group-is-layout-constrained\">\n<div class=\"wp-block-columns is-layout-flex wp-container-core-columns-is-layout-9d6595d7 wp-block-columns-is-layout-flex\">\n<div class=\"wp-block-column is-layout-flow wp-block-column-is-layout-flow\" style=\"flex-basis:30%\">\n<figure data-wp-context=\"{&quot;imageId&quot;:&quot;69f56a1486adb&quot;}\" data-wp-interactive=\"core\/image\" data-wp-key=\"69f56a1486adb\" class=\"wp-block-image aligncenter size-large is-resized is-style-syn-small-on-mobile has-lightbox wp-lightbox-container\"><img loading=\"lazy\" decoding=\"async\" width=\"819\" height=\"1024\" data-wp-class--hide=\"state.isContentHidden\" data-wp-class--show=\"state.isContentVisible\" data-wp-init=\"callbacks.setButtonStyles\" data-wp-on--click=\"actions.showLightbox\" data-wp-on--load=\"callbacks.setButtonStyles\" data-wp-on-window--resize=\"callbacks.setButtonStyles\" src=\"https:\/\/syndicom.ch\/app\/uploads\/2026\/01\/sindacato-syndicom-initiativa-ssr-stephanie-vonarburg-819x1024.png\" alt=\"\" class=\"wp-image-53647\" style=\"aspect-ratio:0.799836989743938;width:212px;height:auto\" srcset=\"https:\/\/syndicom.ch\/app\/uploads\/2026\/01\/sindacato-syndicom-initiativa-ssr-stephanie-vonarburg-819x1024.png 819w, https:\/\/syndicom.ch\/app\/uploads\/2026\/01\/sindacato-syndicom-initiativa-ssr-stephanie-vonarburg-240x300.png 240w, https:\/\/syndicom.ch\/app\/uploads\/2026\/01\/sindacato-syndicom-initiativa-ssr-stephanie-vonarburg-768x960.png 768w, https:\/\/syndicom.ch\/app\/uploads\/2026\/01\/sindacato-syndicom-initiativa-ssr-stephanie-vonarburg.png 1080w\" sizes=\"auto, (max-width: 819px) 100vw, 819px\" \/><button\n\t\t\tclass=\"lightbox-trigger\"\n\t\t\ttype=\"button\"\n\t\t\taria-haspopup=\"dialog\"\n\t\t\taria-label=\"Ingrandisci\"\n\t\t\tdata-wp-init=\"callbacks.initTriggerButton\"\n\t\t\tdata-wp-on--click=\"actions.showLightbox\"\n\t\t\tdata-wp-style--right=\"state.imageButtonRight\"\n\t\t\tdata-wp-style--top=\"state.imageButtonTop\"\n\t\t>\n\t\t\t<svg xmlns=\"http:\/\/www.w3.org\/2000\/svg\" width=\"12\" height=\"12\" fill=\"none\" viewBox=\"0 0 12 12\">\n\t\t\t\t<path fill=\"#fff\" d=\"M2 0a2 2 0 0 0-2 2v2h1.5V2a.5.5 0 0 1 .5-.5h2V0H2Zm2 10.5H2a.5.5 0 0 1-.5-.5V8H0v2a2 2 0 0 0 2 2h2v-1.5ZM8 12v-1.5h2a.5.5 0 0 0 .5-.5V8H12v2a2 2 0 0 1-2 2H8Zm2-12a2 2 0 0 1 2 2v2h-1.5V2a.5.5 0 0 0-.5-.5H8V0h2Z\" \/>\n\t\t\t<\/svg>\n\t\t<\/button><\/figure>\n<\/div>\n\n\n\n<div class=\"wp-block-column is-vertically-aligned-top is-layout-flow wp-block-column-is-layout-flow\">\n<p><mark style=\"background-color:#ffffff\" class=\"has-inline-color\"><strong>\u00abL&#8217;iniziativa per il dimezzamento indebolisce massicciamente il servizio pubblico. Non mette in pericolo solo la SSR, ma distrugge migliaia di posti di lavoro ben oltre l&#8217;azienda: tra i professionisti dei media indipendenti, nel settore della produzione, cos\u00ec come nella musica, nel cinema e in tutti i settori culturali.\u00bb<\/strong><\/mark><\/p>\n\n\n\n<hr class=\"wp-block-separator has-text-color has-background-color has-alpha-channel-opacity has-background-background-color has-background is-style-wide\"\/>\n\n\n\n<p class=\"has-text-align-left\"><strong>Stephanie Vonarburg<\/strong>, vicepresidente, responsabile del settore Media<\/p>\n<\/div>\n<\/div>\n<\/div>\n<\/div><\/div>\n\n\n\n\n\n\n\n\n","protected":false},"excerpt":{"rendered":"<p>No all&#8217;iniziativa distruttiva contro la SSR l&#8217;8 marzo 2026: syndicom \u00e8 impegnato nella campagna referendaria.<\/p>\n","protected":false},"author":3,"featured_media":53650,"parent":5965,"menu_order":0,"comment_status":"closed","ping_status":"closed","template":"","meta":{"_acf_changed":false,"inline_featured_image":false,"_coblocks_attr":"","_coblocks_dimensions":"","_coblocks_responsive_height":"","_coblocks_accordion_ie_support":"","footnotes":""},"categories":[371],"class_list":["post-53639","page","type-page","status-publish","has-post-thumbnail","hentry","category-campagna"],"acf":[],"yoast_head":"<!-- This site is optimized with the Yoast SEO plugin v27.3 - https:\/\/yoast.com\/product\/yoast-seo-wordpress\/ -->\n<title>No all&#039;iniziativa SSR - syndicom<\/title>\n<meta name=\"description\" content=\"No all&#039;iniziativa distruttiva contro la SSR l&#039;8 marzo 2026: syndicom \u00e8 impegnato nella campagna referendaria.\" \/>\n<meta name=\"robots\" content=\"index, follow, max-snippet:-1, max-image-preview:large, max-video-preview:-1\" \/>\n<link rel=\"canonical\" href=\"https:\/\/syndicom.ch\/it\/campagne\/iniziativa-anti-ssr\/\" \/>\n<meta property=\"og:locale\" content=\"it_IT\" \/>\n<meta property=\"og:type\" content=\"article\" \/>\n<meta property=\"og:title\" content=\"No all&#039;iniziativa SSR - syndicom\" \/>\n<meta property=\"og:description\" content=\"No all&#039;iniziativa distruttiva contro la SSR l&#039;8 marzo 2026: syndicom \u00e8 impegnato nella campagna referendaria.\" \/>\n<meta property=\"og:url\" content=\"https:\/\/syndicom.ch\/it\/campagne\/iniziativa-anti-ssr\/\" \/>\n<meta property=\"og:site_name\" content=\"syndicom\" \/>\n<meta property=\"article:modified_time\" content=\"2026-03-09T10:25:48+00:00\" \/>\n<meta property=\"og:image\" content=\"https:\/\/syndicom.ch\/app\/uploads\/2026\/01\/sindacato-syndicom-initiativa-ssr-logo.jpg\" \/>\n\t<meta property=\"og:image:width\" content=\"1488\" \/>\n\t<meta property=\"og:image:height\" content=\"1231\" \/>\n\t<meta property=\"og:image:type\" content=\"image\/jpeg\" \/>\n<meta name=\"twitter:card\" content=\"summary_large_image\" \/>\n<meta name=\"twitter:label1\" content=\"Tempo di lettura stimato\" \/>\n\t<meta name=\"twitter:data1\" content=\"10 minuti\" \/>\n<script type=\"application\/ld+json\" class=\"yoast-schema-graph\">{\"@context\":\"https:\\\/\\\/schema.org\",\"@graph\":[{\"@type\":\"WebPage\",\"@id\":\"https:\\\/\\\/syndicom.ch\\\/it\\\/campagne\\\/iniziativa-anti-ssr\\\/\",\"url\":\"https:\\\/\\\/syndicom.ch\\\/it\\\/campagne\\\/iniziativa-anti-ssr\\\/\",\"name\":\"No all'iniziativa SSR - syndicom\",\"isPartOf\":{\"@id\":\"https:\\\/\\\/syndicom.ch\\\/it\\\/#website\"},\"primaryImageOfPage\":{\"@id\":\"https:\\\/\\\/syndicom.ch\\\/it\\\/campagne\\\/iniziativa-anti-ssr\\\/#primaryimage\"},\"image\":{\"@id\":\"https:\\\/\\\/syndicom.ch\\\/it\\\/campagne\\\/iniziativa-anti-ssr\\\/#primaryimage\"},\"thumbnailUrl\":\"https:\\\/\\\/syndicom.ch\\\/app\\\/uploads\\\/2026\\\/01\\\/sindacato-syndicom-initiativa-ssr-logo.jpg\",\"datePublished\":\"2026-01-05T15:03:11+00:00\",\"dateModified\":\"2026-03-09T10:25:48+00:00\",\"description\":\"No all'iniziativa distruttiva contro la SSR l'8 marzo 2026: syndicom \u00e8 impegnato nella campagna referendaria.\",\"breadcrumb\":{\"@id\":\"https:\\\/\\\/syndicom.ch\\\/it\\\/campagne\\\/iniziativa-anti-ssr\\\/#breadcrumb\"},\"inLanguage\":\"it-IT\",\"potentialAction\":[{\"@type\":\"ReadAction\",\"target\":[\"https:\\\/\\\/syndicom.ch\\\/it\\\/campagne\\\/iniziativa-anti-ssr\\\/\"]}]},{\"@type\":\"ImageObject\",\"inLanguage\":\"it-IT\",\"@id\":\"https:\\\/\\\/syndicom.ch\\\/it\\\/campagne\\\/iniziativa-anti-ssr\\\/#primaryimage\",\"url\":\"https:\\\/\\\/syndicom.ch\\\/app\\\/uploads\\\/2026\\\/01\\\/sindacato-syndicom-initiativa-ssr-logo.jpg\",\"contentUrl\":\"https:\\\/\\\/syndicom.ch\\\/app\\\/uploads\\\/2026\\\/01\\\/sindacato-syndicom-initiativa-ssr-logo.jpg\",\"width\":1488,\"height\":1231},{\"@type\":\"BreadcrumbList\",\"@id\":\"https:\\\/\\\/syndicom.ch\\\/it\\\/campagne\\\/iniziativa-anti-ssr\\\/#breadcrumb\",\"itemListElement\":[{\"@type\":\"ListItem\",\"position\":1,\"name\":\"Pagina iniziale\",\"item\":\"https:\\\/\\\/syndicom.ch\\\/it\\\/\"},{\"@type\":\"ListItem\",\"position\":2,\"name\":\"Campagne\",\"item\":\"https:\\\/\\\/syndicom.ch\\\/it\\\/campagne\\\/\"},{\"@type\":\"ListItem\",\"position\":3,\"name\":\"No all&#8217;iniziativa SSR\"}]},{\"@type\":\"WebSite\",\"@id\":\"https:\\\/\\\/syndicom.ch\\\/it\\\/#website\",\"url\":\"https:\\\/\\\/syndicom.ch\\\/it\\\/\",\"name\":\"syndicom\",\"description\":\"\",\"publisher\":{\"@id\":\"https:\\\/\\\/syndicom.ch\\\/it\\\/#organization\"},\"potentialAction\":[{\"@type\":\"SearchAction\",\"target\":{\"@type\":\"EntryPoint\",\"urlTemplate\":\"https:\\\/\\\/syndicom.ch\\\/it\\\/?s={search_term_string}\"},\"query-input\":{\"@type\":\"PropertyValueSpecification\",\"valueRequired\":true,\"valueName\":\"search_term_string\"}}],\"inLanguage\":\"it-IT\"},{\"@type\":\"Organization\",\"@id\":\"https:\\\/\\\/syndicom.ch\\\/it\\\/#organization\",\"name\":\"syndicom\",\"url\":\"https:\\\/\\\/syndicom.ch\\\/it\\\/\",\"logo\":{\"@type\":\"ImageObject\",\"inLanguage\":\"it-IT\",\"@id\":\"https:\\\/\\\/syndicom.ch\\\/it\\\/#\\\/schema\\\/logo\\\/image\\\/\",\"url\":\"https:\\\/\\\/syndicom.ch\\\/app\\\/uploads\\\/2024\\\/06\\\/logo.svg\",\"contentUrl\":\"https:\\\/\\\/syndicom.ch\\\/app\\\/uploads\\\/2024\\\/06\\\/logo.svg\",\"width\":297,\"height\":51,\"caption\":\"syndicom\"},\"image\":{\"@id\":\"https:\\\/\\\/syndicom.ch\\\/it\\\/#\\\/schema\\\/logo\\\/image\\\/\"}}]}<\/script>\n<!-- \/ Yoast SEO plugin. -->","yoast_head_json":{"title":"No all'iniziativa SSR - syndicom","description":"No all'iniziativa distruttiva contro la SSR l'8 marzo 2026: syndicom \u00e8 impegnato nella campagna referendaria.","robots":{"index":"index","follow":"follow","max-snippet":"max-snippet:-1","max-image-preview":"max-image-preview:large","max-video-preview":"max-video-preview:-1"},"canonical":"https:\/\/syndicom.ch\/it\/campagne\/iniziativa-anti-ssr\/","og_locale":"it_IT","og_type":"article","og_title":"No all'iniziativa SSR - syndicom","og_description":"No all'iniziativa distruttiva contro la SSR l'8 marzo 2026: syndicom \u00e8 impegnato nella campagna referendaria.","og_url":"https:\/\/syndicom.ch\/it\/campagne\/iniziativa-anti-ssr\/","og_site_name":"syndicom","article_modified_time":"2026-03-09T10:25:48+00:00","og_image":[{"width":1488,"height":1231,"url":"https:\/\/syndicom.ch\/app\/uploads\/2026\/01\/sindacato-syndicom-initiativa-ssr-logo.jpg","type":"image\/jpeg"}],"twitter_card":"summary_large_image","twitter_misc":{"Tempo di lettura stimato":"10 minuti"},"schema":{"@context":"https:\/\/schema.org","@graph":[{"@type":"WebPage","@id":"https:\/\/syndicom.ch\/it\/campagne\/iniziativa-anti-ssr\/","url":"https:\/\/syndicom.ch\/it\/campagne\/iniziativa-anti-ssr\/","name":"No all'iniziativa SSR - syndicom","isPartOf":{"@id":"https:\/\/syndicom.ch\/it\/#website"},"primaryImageOfPage":{"@id":"https:\/\/syndicom.ch\/it\/campagne\/iniziativa-anti-ssr\/#primaryimage"},"image":{"@id":"https:\/\/syndicom.ch\/it\/campagne\/iniziativa-anti-ssr\/#primaryimage"},"thumbnailUrl":"https:\/\/syndicom.ch\/app\/uploads\/2026\/01\/sindacato-syndicom-initiativa-ssr-logo.jpg","datePublished":"2026-01-05T15:03:11+00:00","dateModified":"2026-03-09T10:25:48+00:00","description":"No all'iniziativa distruttiva contro la SSR l'8 marzo 2026: syndicom \u00e8 impegnato nella campagna referendaria.","breadcrumb":{"@id":"https:\/\/syndicom.ch\/it\/campagne\/iniziativa-anti-ssr\/#breadcrumb"},"inLanguage":"it-IT","potentialAction":[{"@type":"ReadAction","target":["https:\/\/syndicom.ch\/it\/campagne\/iniziativa-anti-ssr\/"]}]},{"@type":"ImageObject","inLanguage":"it-IT","@id":"https:\/\/syndicom.ch\/it\/campagne\/iniziativa-anti-ssr\/#primaryimage","url":"https:\/\/syndicom.ch\/app\/uploads\/2026\/01\/sindacato-syndicom-initiativa-ssr-logo.jpg","contentUrl":"https:\/\/syndicom.ch\/app\/uploads\/2026\/01\/sindacato-syndicom-initiativa-ssr-logo.jpg","width":1488,"height":1231},{"@type":"BreadcrumbList","@id":"https:\/\/syndicom.ch\/it\/campagne\/iniziativa-anti-ssr\/#breadcrumb","itemListElement":[{"@type":"ListItem","position":1,"name":"Pagina iniziale","item":"https:\/\/syndicom.ch\/it\/"},{"@type":"ListItem","position":2,"name":"Campagne","item":"https:\/\/syndicom.ch\/it\/campagne\/"},{"@type":"ListItem","position":3,"name":"No all&#8217;iniziativa SSR"}]},{"@type":"WebSite","@id":"https:\/\/syndicom.ch\/it\/#website","url":"https:\/\/syndicom.ch\/it\/","name":"syndicom","description":"","publisher":{"@id":"https:\/\/syndicom.ch\/it\/#organization"},"potentialAction":[{"@type":"SearchAction","target":{"@type":"EntryPoint","urlTemplate":"https:\/\/syndicom.ch\/it\/?s={search_term_string}"},"query-input":{"@type":"PropertyValueSpecification","valueRequired":true,"valueName":"search_term_string"}}],"inLanguage":"it-IT"},{"@type":"Organization","@id":"https:\/\/syndicom.ch\/it\/#organization","name":"syndicom","url":"https:\/\/syndicom.ch\/it\/","logo":{"@type":"ImageObject","inLanguage":"it-IT","@id":"https:\/\/syndicom.ch\/it\/#\/schema\/logo\/image\/","url":"https:\/\/syndicom.ch\/app\/uploads\/2024\/06\/logo.svg","contentUrl":"https:\/\/syndicom.ch\/app\/uploads\/2024\/06\/logo.svg","width":297,"height":51,"caption":"syndicom"},"image":{"@id":"https:\/\/syndicom.ch\/it\/#\/schema\/logo\/image\/"}}]}},"_links":{"self":[{"href":"https:\/\/syndicom.ch\/it\/wp-json\/wp\/v2\/pages\/53639","targetHints":{"allow":["GET"]}}],"collection":[{"href":"https:\/\/syndicom.ch\/it\/wp-json\/wp\/v2\/pages"}],"about":[{"href":"https:\/\/syndicom.ch\/it\/wp-json\/wp\/v2\/types\/page"}],"author":[{"embeddable":true,"href":"https:\/\/syndicom.ch\/it\/wp-json\/wp\/v2\/users\/3"}],"replies":[{"embeddable":true,"href":"https:\/\/syndicom.ch\/it\/wp-json\/wp\/v2\/comments?post=53639"}],"version-history":[{"count":54,"href":"https:\/\/syndicom.ch\/it\/wp-json\/wp\/v2\/pages\/53639\/revisions"}],"predecessor-version":[{"id":59343,"href":"https:\/\/syndicom.ch\/it\/wp-json\/wp\/v2\/pages\/53639\/revisions\/59343"}],"up":[{"embeddable":true,"href":"https:\/\/syndicom.ch\/it\/wp-json\/wp\/v2\/pages\/5965"}],"wp:featuredmedia":[{"embeddable":true,"href":"https:\/\/syndicom.ch\/it\/wp-json\/wp\/v2\/media\/53650"}],"wp:attachment":[{"href":"https:\/\/syndicom.ch\/it\/wp-json\/wp\/v2\/media?parent=53639"}],"wp:term":[{"taxonomy":"category","embeddable":true,"href":"https:\/\/syndicom.ch\/it\/wp-json\/wp\/v2\/categories?post=53639"}],"curies":[{"name":"wp","href":"https:\/\/api.w.org\/{rel}","templated":true}]}}