{"id":5525,"date":"2024-07-22T14:44:03","date_gmt":"2024-07-22T12:44:03","guid":{"rendered":"https:\/\/projects.atxeit.ch\/syndicom\/?page_id=5525"},"modified":"2026-01-16T12:48:11","modified_gmt":"2026-01-16T11:48:11","slug":"la-lpd","status":"publish","type":"page","link":"https:\/\/syndicom.ch\/it\/la-lpd\/","title":{"rendered":"La legge riveduta sulla protezione dei dati (LPD)"},"content":{"rendered":"\n<div class=\"wp-block-group alignfull has-primary-background-color has-background is-layout-constrained wp-block-group-is-layout-constrained\">\n<div class=\"wp-block-group is-style-narrow is-layout-constrained wp-block-group-is-layout-constrained\">\n<h1 class=\"wp-block-heading has-background-color has-text-color has-link-color wp-elements-7597b643f2ab91d2e26fb442cd0ad828\"><strong>Protezione dei tuoi dati<\/strong><\/h1>\n\n\n\n<div class=\"wp-block-columns is-layout-flex wp-container-core-columns-is-layout-9d6595d7 wp-block-columns-is-layout-flex\">\n<div class=\"wp-block-column is-layout-flow wp-block-column-is-layout-flow\" style=\"flex-basis:66.66%\">\n<p class=\"is-style-lead has-background-color has-text-color has-link-color wp-elements-fb0c035589626e98e09166b720e80b80\">Come sindacato, syndicom ha sempre attribuito particolare importanza alla protezione dei tuoi dati. Scopri qui cosa significa per te, in qualit\u00e0 di membro di syndicom, la nuova legge sulla protezione dei dati, entrata in vigore il 1\u00b0 settembre 2023.<\/p>\n<\/div>\n\n\n\n<div class=\"wp-block-column is-layout-flow wp-block-column-is-layout-flow\" style=\"flex-basis:33.33%\">\n<div class=\"wp-block-group is-vertical is-nowrap is-layout-flex wp-container-core-group-is-layout-fc43baa9 wp-block-group-is-layout-flex\">\n<p><\/p>\n<\/div>\n<\/div>\n<\/div>\n<\/div>\n<\/div>\n\n\n\n<div class=\"wp-block-group alignfull has-background-background-color has-background is-layout-constrained wp-block-group-is-layout-constrained\">\n<div class=\"wp-block-group is-style-narrow is-layout-constrained wp-block-group-is-layout-constrained\">\n<h2 class=\"wp-block-heading\">I tuoi dati sono degni di particolare protezione<\/h2>\n\n\n\n<p>I dati sindacali sono tra quelli che richiedono una particolare protezione perch\u00e9 riguardano opinioni e attivit\u00e0 politiche e ideologiche. Ci\u00f2 significa che al loro trattamento si applicano regole pi\u00f9 severe, soprattutto per quanto riguarda la comunicazione a terzi.<\/p>\n\n\n\n<p>Con&nbsp;l\u2019adesione&nbsp;a&nbsp;syndicom&nbsp;autorizzi espressamente syndicom a trattare i tuoi dati.<\/p>\n\n\n\n<div class=\"wp-block-columns has-tertiary-background-color has-background is-layout-flex wp-container-core-columns-is-layout-9d6595d7 wp-block-columns-is-layout-flex\">\n<div class=\"wp-block-column is-layout-flow wp-block-column-is-layout-flow\">\n<ul class=\"wp-block-list is-style-checkbox\">\n<li><a href=\"#I-tuoi-diritti\">I tuoi diritti<\/a><\/li>\n\n\n\n<li><a href=\"#Quali-dati-raccoglie-syndicom-e-a-quale-scopo\">Quali dati raccoglie syndicom e a quale scopo?<\/a><\/li>\n\n\n\n<li><a href=\"#Quali-principi-syndicom-deve-rispettare-nel-trattamento-dei-dati\">Quali principi syndicom deve rispettare nel trattamento dei dati?<\/a><\/li>\n\n\n\n<li><a href=\"#I-tuoi-dati-sono-trasmessi-a-terzi\">I tuoi dati sono trasmessi a terzi?<\/a><\/li>\n\n\n\n<li><a href=\"#A-chi-puoi-rivolgerti-in-materia-di-protezione-dei-dati-presso-syndicom\">A chi puoi rivolgerti in materia di protezione dei dati presso syndicom?<\/a><\/li>\n<\/ul>\n<\/div>\n<\/div>\n<\/div>\n<\/div>\n\n\n\n<div class=\"wp-block-group alignfull has-background-background-color has-background is-layout-constrained wp-block-group-is-layout-constrained\">\n<div class=\"wp-block-group is-style-narrow is-layout-constrained wp-block-group-is-layout-constrained\">\n<h2 class=\"wp-block-heading\" id=\"I-tuoi-diritti\">I tuoi diritti<\/h2>\n\n\n\n<div class=\"wp-block-columns is-layout-flex wp-container-core-columns-is-layout-9d6595d7 wp-block-columns-is-layout-flex\">\n<div class=\"wp-block-column is-layout-flow wp-block-column-is-layout-flow\">\n<div class=\"wp-block-group is-style-narrow is-layout-constrained wp-block-group-is-layout-constrained\">\n<div class=\"wp-block-columns is-style-accordion has-background-background-color has-background coblocks-animate is-layout-flex wp-container-core-columns-is-layout-9d6595d7 wp-block-columns-is-layout-flex\" data-coblocks-animation=\"zoomIn\">\n<div class=\"wp-block-column has-tertiary-background-color has-background is-layout-flow wp-block-column-is-layout-flow\">\n<h3 class=\"wp-block-heading has-primary-color has-text-color has-link-color wp-elements-e6e400f07d65029353586cfe90158289\"><strong><strong>Diritto d\u2019accesso<\/strong><\/strong><\/h3>\n<\/div>\n\n\n\n<div class=\"wp-block-column is-layout-flow wp-block-column-is-layout-flow\">\n<p class=\"is-style-default\">Puoi richiedere a syndicom in qualsiasi momento informazioni sui tuoi dati. Ci\u00f2 include<\/p>\n\n\n\n<ul class=\"wp-block-list\">\n<li>i dati personali trattati<\/li>\n\n\n\n<li>lo scopo del trattamento<\/li>\n\n\n\n<li>la durata della conservazione dei dati o i criteri per determinare la durata<\/li>\n\n\n\n<li>la provenienza dei dati<\/li>\n\n\n\n<li>e gli eventuali destinatari dei dati o le rispettive categorie.<\/li>\n<\/ul>\n<\/div>\n<\/div>\n\n\n\n<div class=\"wp-block-columns is-style-accordion has-background-background-color has-background is-layout-flex wp-container-core-columns-is-layout-9d6595d7 wp-block-columns-is-layout-flex\">\n<div class=\"wp-block-column has-tertiary-background-color has-background coblocks-animate is-layout-flow wp-block-column-is-layout-flow\" data-coblocks-animation=\"zoomIn\">\n<h3 class=\"wp-block-heading has-primary-color has-text-color has-link-color wp-elements-621614a9da6d2d07eed876247c1161ac\"><strong><strong><strong>Diritto alla rettifica dei dati errati<\/strong><\/strong><\/strong><\/h3>\n<\/div>\n\n\n\n<div class=\"wp-block-column is-layout-flow wp-block-column-is-layout-flow\">\n<p class=\"is-style-default\">Puoi richiedere a syndicom di rettificare i tuoi dati personali errati.<\/p>\n<\/div>\n<\/div>\n<\/div>\n<\/div>\n\n\n\n<div class=\"wp-block-column is-layout-flow wp-block-column-is-layout-flow\">\n<div class=\"wp-block-group is-style-narrow is-layout-constrained wp-block-group-is-layout-constrained\">\n<div class=\"wp-block-columns is-style-accordion has-background-background-color has-background coblocks-animate is-layout-flex wp-container-core-columns-is-layout-9d6595d7 wp-block-columns-is-layout-flex\" data-coblocks-animation=\"zoomIn\">\n<div class=\"wp-block-column has-tertiary-background-color has-background is-layout-flow wp-block-column-is-layout-flow\">\n<h3 class=\"wp-block-heading has-primary-color has-text-color has-link-color wp-elements-84a96f137bab6e77c89061fa3c5cd1cc\"><strong>Diritto di ottenere i dati<\/strong><\/h3>\n<\/div>\n\n\n\n<div class=\"wp-block-column is-layout-flow wp-block-column-is-layout-flow\">\n<p class=\"is-style-default\">Puoi chiedere a syndicom di consegnarti gratuitamente i tuoi dati personali in un formato elettronico standard.<\/p>\n<\/div>\n<\/div>\n\n\n\n<div class=\"wp-block-columns is-style-accordion has-background-background-color has-background coblocks-animate is-layout-flex wp-container-core-columns-is-layout-9d6595d7 wp-block-columns-is-layout-flex\" data-coblocks-animation=\"zoomIn\">\n<div class=\"wp-block-column is-layout-flow wp-block-column-is-layout-flow\">\n<h3 class=\"wp-block-heading has-primary-color has-text-color has-link-color wp-elements-7514c6f898c7bff5d84945daf61c296a\"><strong><strong>Diritto alla protezione della tua personalit\u00e0<\/strong><\/strong><\/h3>\n<\/div>\n\n\n\n<div class=\"wp-block-column is-layout-flow wp-block-column-is-layout-flow\">\n<p class=\"is-style-default\">Se syndicom non rispetta le disposizioni legali nel trattamento dei tuoi dati, li tratta contrariamente alla tua espressa volont\u00e0 o li trasmette a terzi non autorizzati, hai il diritto di proibire il trattamento di tali dati e la loro trasmissione a terzi o di richiedere di cancellare o distruggere i dati.<\/p>\n\n\n\n<ul class=\"wp-block-list\">\n<li class=\"is-style-check\">di proibire il trattamento di tali dati<\/li>\n\n\n\n<li class=\"is-style-check\">la loro trasmissione a terzi o<\/li>\n\n\n\n<li class=\"is-style-check\">i richiedere di cancellare o distruggere i dati.<\/li>\n<\/ul>\n<\/div>\n<\/div>\n<\/div>\n<\/div>\n<\/div>\n\n\n\n<h2 class=\"wp-block-heading\" id=\"Quali-dati-raccoglie-syndicom-e-a-quale-scopo\">Quali dati vengono trattati da syndicom e per quale scopo?<\/h2>\n\n\n\n<p>I dati pi\u00f9 importanti li hai forniti gi\u00e0 al momento dell&#8217;adesione. Oltre ai tuoi dati personali, come il tuo nome, il tuo indirizzo e i tuoi dati di contatto (telefono ed e-mail), syndicom tratta i seguenti dati:<\/p>\n\n\n\n<figure class=\"wp-block-table is-style-stripes coblocks-animate\" data-coblocks-animation=\"zoomIn\"><table class=\"has-fixed-layout\"><thead><tr><th><strong>Dati<\/strong><\/th><th><strong>Scopo<\/strong><\/th><\/tr><\/thead><tbody><tr><td><strong><strong>Classe salariale<\/strong><\/strong><\/td><td>per l&#8217;importo della quota associativa<\/td><\/tr><tr><td><strong><strong>Datore di lavoro, luogo di lavoro, reparto<\/strong><\/strong><\/td><td>per capire quali segretari regionali, settori o sezioni di syndicom sono competenti e quale CCT \u00e8 applicabile<\/td><\/tr><tr><td><strong><strong>Grado d\u2019occupazione<\/strong><\/strong><\/td><td>per l&#8217;importo del contributo alle spese d\u2019esecuzione e il suo rimborso<\/td><\/tr><tr><td><strong><strong>Professione<\/strong><\/strong><\/td><td>per il lavoro come indipendente, in particolare per la competenza nel settore dei media e per l\u2019applicazione della parit\u00e0 salariale<\/td><\/tr><tr><td><strong><strong><strong>In fase di formazione<\/strong><\/strong><\/strong><\/td><td>per l&#8217;importo della quota associativa e delle prestazioni conforme al regolamento per il Fondo d\u2019assistenza<\/td><\/tr><tr><td><strong><strong>Nazionalit\u00e0<\/strong><\/strong><\/td><td>per il gruppo d&#8217;interesse (GI) \u00abMigrazione\u00bb, per l&#8217;applicazione della parit\u00e0 di salario e di trattamento e per scopi statistici<\/td><\/tr><tr><td><strong><strong>Numero personale<\/strong><\/strong><\/td><td>per la deduzione diretta della quota associativa (solo Posta e Swisscom e col tuo previo consenso)<\/td><\/tr><tr><td><strong><strong>Data di nascita<\/strong><\/strong><\/td><td>per una chiara identificazione, ad esempio in caso di omonimia, per la stipulazione dell&#8217;assicurazione di protezione giuridica Coop (adulti)<\/td><\/tr><tr><td><strong><strong>Sesso<\/strong><\/strong><\/td><td>per l\u2019intestazione, per l&#8217;applicazione della parit\u00e0 salariale e di trattamento e per scopi statistici, ad esempio per la composizione dei membri<\/td><\/tr><tr><td><strong><strong>Numero di conto<\/strong><\/strong><\/td><td>per il rimborso dei costi di esecuzione e dei costi secondo il regolamento sulla protezione giuridica<\/td><\/tr><\/tbody><\/table><\/figure>\n\n\n\n<p>Questo elenco non \u00e8 esaustivo, poich\u00e9 per l&#8217;amministrazione dei soci syndicom deve raccogliere anche altri dati. Ad esempio, <\/p>\n\n\n\n<ul class=\"wp-block-list\">\n<li>la data di ingresso e di uscita<\/li>\n\n\n\n<li>i servizi utilizzati e le prestazioni percepite<\/li>\n\n\n\n<li>i corsi sindacali di formazione e di perfezionamento frequentati<\/li>\n\n\n\n<li>il numero di casi legali con eventuali periodi di blocco<\/li>\n\n\n\n<li>i contributi in sospeso e i solleciti<\/li>\n\n\n\n<li>le attivit\u00e0 per syndicom<\/li>\n\n\n\n<li>gli invii (ad es. rivista, newsletter). <\/li>\n<\/ul>\n\n\n\n<p>Questi dati sono di natura amministrativa, ma vengono utilizzati anche per statistiche interne e valutazioni di campagne politiche.<\/p>\n\n\n\n<p>Per sviluppare e coordinare gli obiettivi sindacali, collaboriamo anche con altri sindacati, e in particolare con <a href=\"https:\/\/www.sgb.ch\/aktuell\" target=\"_blank\" rel=\"noreferrer noopener nofollow\">l\u2019Unione sindacale svizzera (USS)<\/a> in quanto associazione mantello dei sindacati. Anche in questo caso vengono scambiati e elaborati dati.<\/p>\n\n\n\n<h2 class=\"wp-block-heading\" id=\"Quali-principi-syndicom-deve-rispettare-nel-trattamento-dei-dati\">Quali principi syndicom deve rispettare nel trattamento dei dati?<\/h2>\n\n\n\n<ul class=\"wp-block-list\">\n<li class=\"is-style-check\">syndicom pu\u00f2 trattare i tuoi dati solo per gli scopi necessari alle attivit\u00e0 sindacali. <\/li>\n\n\n\n<li class=\"is-style-check\">Il trattamento dev\u2019essere conforme ai principi di buona fede e della proporzionalit\u00e0, ovvero non verranno trattati dati non necessari per le attivit\u00e0 di syndicom.<\/li>\n\n\n\n<li class=\"is-style-check\">I dati saranno conservati solo per il tempo necessario allo scopo del trattamento. <\/li>\n\n\n\n<li class=\"is-style-check\">Dobbiamo garantire che i dati siano corretti e possano essere rettificati, cancellati o distrutti in qualsiasi momento.<\/li>\n<\/ul>\n\n\n\n<h2 class=\"wp-block-heading\" id=\"I-tuoi-dati-sono-trasmessi-a-terzi\">I tuoi dati sono trasmessi a terzi?<\/h2>\n\n\n\n<p>syndicom garantisce che i tuoi dati vengano utilizzati solo per le attivit\u00e0 sindacali e di principio non vengano trasmessi a terzi. <\/p>\n\n\n\n<p>syndicom collabora con terzi per l&#8217;invio della&nbsp;nostra&nbsp;rivista, per i sondaggi e per i servizi che offriamo. Questi servizi riceveranno solo i dati strettamente necessari allo scopo e solo con il tuo previo consenso. syndicom si assicura che anche i terzi incaricati garantiscano le disposizioni richieste in materia di protezione dei dati.<\/p>\n\n\n\n<p>Quando si visita la homepage di syndicom, i dati vengono raccolti da terzi a fini statistici. Troverai le informazioni pertinenti nella nostra <a href=\"https:\/\/syndicom.ch\/it\/informativa-sulla-privacy\/\" target=\"_blank\" rel=\"noreferrer noopener\">dichiarazione sulla protezione<\/a> dei dati. <\/p>\n\n\n\n<h2 class=\"wp-block-heading\" id=\"A-chi-puoi-rivolgerti-in-materia-di-protezione-dei-dati-presso-syndicom\">A chi puoi rivolgerti in materia di protezione dei dati presso syndicom?<\/h2>\n\n\n\n<p>Il responsabile del trattamento ai sensi della nuova legge sulla protezione dei dati \u00e8 il Comitato direttivo di syndicom.<\/p>\n\n\n\n<p class=\"has-tertiary-background-color has-background\">Per qualsiasi domanda o informazione:<br><a href=\"mailto:&#112;&#114;&#105;&#118;&#97;&#99;&#121;&#64;&#115;&#121;&#110;&#100;&#105;&#99;&#111;&#109;&#46;&#99;&#104;\">&#112;&#114;&#105;&#118;&#97;&#99;&#121;&#64;&#115;&#121;&#110;&#100;&#105;&#99;&#111;&#109;&#46;&#99;&#104;<\/a>&nbsp;o Tel. <a href=\"tel:+41 58&nbsp;817&nbsp;18&nbsp;18\">+41 58&nbsp;817&nbsp;18&nbsp;18<\/a><\/p>\n\n\n\n<p>Affinch\u00e9 syndicom possa garantire l&#8217;esattezza dei tuoi dati, ti chiediamo di comunicarci immediatamente qualsiasi modifica dei tuoi dati. Puoi farlo direttamente sul sito&nbsp;<a href=\"https:\/\/my.syndicom.ch\/?l=it\" target=\"_blank\" rel=\"noreferrer noopener\">my.syndicom.ch<\/a>&nbsp;o all&#8217;indirizzo&nbsp;<a href=\"mailto:&#105;&#110;&#102;&#111;&#64;&#115;&#121;&#110;&#100;&#105;&#99;&#111;&#109;&#46;&#99;&#104;\">&#105;&#110;&#102;&#111;&#64;&#115;&#121;&#110;&#100;&#105;&#99;&#111;&#109;&#46;&#99;&#104;<\/a>.<\/p>\n<\/div>\n<\/div>\n\n\n\n<div class=\"wp-block-group alignfull is-style-default has-background-color has-primary-background-color has-text-color has-background has-link-color wp-elements-6a42f3387f45cbd81ec839ff8dc1fcc9 is-layout-constrained wp-block-group-is-layout-constrained\">\n<div class=\"wp-block-media-text is-style-default\" style=\"grid-template-columns:26% auto\"><figure class=\"wp-block-media-text__media\"><a href=\"https:\/\/my.syndicom.ch\/adesione\" target=\"_blank\" rel=\" noreferrer noopener\"><img loading=\"lazy\" decoding=\"async\" width=\"1024\" height=\"964\" src=\"https:\/\/syndicom.ch\/app\/uploads\/2025\/02\/vorteile-1024x964-2.webp\" alt=\"\" class=\"wp-image-27435 size-full\" srcset=\"https:\/\/syndicom.ch\/app\/uploads\/2025\/02\/vorteile-1024x964-2.webp 1024w, https:\/\/syndicom.ch\/app\/uploads\/2025\/02\/vorteile-1024x964-2-300x282.webp 300w, https:\/\/syndicom.ch\/app\/uploads\/2025\/02\/vorteile-1024x964-2-768x723.webp 768w\" sizes=\"auto, (max-width: 1024px) 100vw, 1024px\" \/><\/a><\/figure><div class=\"wp-block-media-text__content\">\n<h2 class=\"wp-block-heading\"><strong><strong>Approfitta subito dei vantaggi come membro di syndicom!<\/strong><\/strong><\/h2>\n\n\n\n<p>Come membro rafforzi il nostro sindacato e quindi anche la tua posizione nella vita professionale. Benefici di protezione, sostegno e vantaggi interessanti: sul lavoro, nella vita di tutti i giorni e nella tutela dei tuoi diritti.<\/p>\n\n\n\n<p><\/p>\n\n\n\n<p><\/p>\n<\/div><\/div>\n\n\n\n<div class=\"wp-block-buttons is-content-justification-center is-layout-flex wp-container-core-buttons-is-layout-16018d1d wp-block-buttons-is-layout-flex\">\n<div class=\"wp-block-button\"><a class=\"wp-block-button__link wp-element-button\" href=\"https:\/\/my.syndicom.ch\/adesione\" target=\"_blank\" rel=\"noreferrer noopener\">Diventa membro di syndicom<\/a><\/div>\n\n\n\n<div class=\"wp-block-button is-style-outline is-style-outline--1\"><a class=\"wp-block-button__link has-background-color has-text-color has-link-color wp-element-button\" href=\"https:\/\/syndicom.ch\/it\/faq-adesione\/\" target=\"_blank\" rel=\"noreferrer noopener\">Vantaggi e info sull\u2019adesione<\/a><\/div>\n<\/div>\n<\/div>\n","protected":false},"excerpt":{"rendered":"<p>Protezione dei tuoi dati Come sindacato, syndicom ha sempre attribuito particolare importanza alla protezione dei tuoi dati. Scopri qui cosa significa per te, in qualit\u00e0 di membro di syndicom, la nuova legge sulla protezione dei dati, entrata in vigore il 1\u00b0 settembre 2023. I tuoi dati sono degni di particolare protezione I dati sindacali sono [&hellip;]<\/p>\n","protected":false},"author":2,"featured_media":0,"parent":0,"menu_order":0,"comment_status":"closed","ping_status":"closed","template":"","meta":{"_acf_changed":false,"inline_featured_image":false,"_coblocks_attr":"","_coblocks_dimensions":"","_coblocks_responsive_height":"","_coblocks_accordion_ie_support":"","footnotes":""},"categories":[357,359],"class_list":["post-5525","page","type-page","status-publish","hentry","category-deine-vorteile","category-i-tuoi-vantaggi"],"acf":[],"yoast_head":"<!-- This site is optimized with the Yoast SEO plugin v27.3 - https:\/\/yoast.com\/product\/yoast-seo-wordpress\/ -->\n<title>La legge riveduta sulla protezione dei dati (LPD) - syndicom<\/title>\n<meta name=\"description\" content=\"Come sindacato dei media e della comunicazione, syndicom ha sempre attribuito particolare importanza alla protezione dei tuoi dati.\" \/>\n<meta name=\"robots\" content=\"index, follow, max-snippet:-1, max-image-preview:large, max-video-preview:-1\" \/>\n<link rel=\"canonical\" href=\"https:\/\/syndicom.ch\/it\/la-lpd\/\" \/>\n<meta property=\"og:locale\" content=\"it_IT\" \/>\n<meta property=\"og:type\" content=\"article\" \/>\n<meta property=\"og:title\" content=\"La legge riveduta sulla protezione dei dati (LPD) - syndicom\" \/>\n<meta property=\"og:description\" content=\"Come sindacato dei media e della comunicazione, syndicom ha sempre attribuito particolare importanza alla protezione dei tuoi dati.\" \/>\n<meta property=\"og:url\" content=\"https:\/\/syndicom.ch\/it\/la-lpd\/\" \/>\n<meta property=\"og:site_name\" content=\"syndicom\" \/>\n<meta property=\"article:modified_time\" content=\"2026-01-16T11:48:11+00:00\" \/>\n<meta name=\"twitter:card\" content=\"summary_large_image\" \/>\n<meta name=\"twitter:label1\" content=\"Tempo di lettura stimato\" \/>\n\t<meta name=\"twitter:data1\" content=\"6 minuti\" \/>\n<script type=\"application\/ld+json\" class=\"yoast-schema-graph\">{\"@context\":\"https:\\\/\\\/schema.org\",\"@graph\":[{\"@type\":\"WebPage\",\"@id\":\"https:\\\/\\\/syndicom.ch\\\/it\\\/la-lpd\\\/\",\"url\":\"https:\\\/\\\/syndicom.ch\\\/it\\\/la-lpd\\\/\",\"name\":\"La legge riveduta sulla protezione dei dati (LPD) - syndicom\",\"isPartOf\":{\"@id\":\"https:\\\/\\\/syndicom.ch\\\/it\\\/#website\"},\"datePublished\":\"2024-07-22T12:44:03+00:00\",\"dateModified\":\"2026-01-16T11:48:11+00:00\",\"description\":\"Come sindacato dei media e della comunicazione, syndicom ha sempre attribuito particolare importanza alla protezione dei tuoi dati.\",\"breadcrumb\":{\"@id\":\"https:\\\/\\\/syndicom.ch\\\/it\\\/la-lpd\\\/#breadcrumb\"},\"inLanguage\":\"it-IT\",\"potentialAction\":[{\"@type\":\"ReadAction\",\"target\":[\"https:\\\/\\\/syndicom.ch\\\/it\\\/la-lpd\\\/\"]}]},{\"@type\":\"BreadcrumbList\",\"@id\":\"https:\\\/\\\/syndicom.ch\\\/it\\\/la-lpd\\\/#breadcrumb\",\"itemListElement\":[{\"@type\":\"ListItem\",\"position\":1,\"name\":\"Pagina iniziale\",\"item\":\"https:\\\/\\\/syndicom.ch\\\/it\\\/\"},{\"@type\":\"ListItem\",\"position\":2,\"name\":\"La legge riveduta sulla protezione dei dati (LPD)\"}]},{\"@type\":\"WebSite\",\"@id\":\"https:\\\/\\\/syndicom.ch\\\/it\\\/#website\",\"url\":\"https:\\\/\\\/syndicom.ch\\\/it\\\/\",\"name\":\"syndicom\",\"description\":\"\",\"publisher\":{\"@id\":\"https:\\\/\\\/syndicom.ch\\\/it\\\/#organization\"},\"potentialAction\":[{\"@type\":\"SearchAction\",\"target\":{\"@type\":\"EntryPoint\",\"urlTemplate\":\"https:\\\/\\\/syndicom.ch\\\/it\\\/?s={search_term_string}\"},\"query-input\":{\"@type\":\"PropertyValueSpecification\",\"valueRequired\":true,\"valueName\":\"search_term_string\"}}],\"inLanguage\":\"it-IT\"},{\"@type\":\"Organization\",\"@id\":\"https:\\\/\\\/syndicom.ch\\\/it\\\/#organization\",\"name\":\"syndicom\",\"url\":\"https:\\\/\\\/syndicom.ch\\\/it\\\/\",\"logo\":{\"@type\":\"ImageObject\",\"inLanguage\":\"it-IT\",\"@id\":\"https:\\\/\\\/syndicom.ch\\\/it\\\/#\\\/schema\\\/logo\\\/image\\\/\",\"url\":\"https:\\\/\\\/syndicom.ch\\\/app\\\/uploads\\\/2024\\\/06\\\/logo.svg\",\"contentUrl\":\"https:\\\/\\\/syndicom.ch\\\/app\\\/uploads\\\/2024\\\/06\\\/logo.svg\",\"width\":297,\"height\":51,\"caption\":\"syndicom\"},\"image\":{\"@id\":\"https:\\\/\\\/syndicom.ch\\\/it\\\/#\\\/schema\\\/logo\\\/image\\\/\"}}]}<\/script>\n<!-- \/ Yoast SEO plugin. -->","yoast_head_json":{"title":"La legge riveduta sulla protezione dei dati (LPD) - syndicom","description":"Come sindacato dei media e della comunicazione, syndicom ha sempre attribuito particolare importanza alla protezione dei tuoi dati.","robots":{"index":"index","follow":"follow","max-snippet":"max-snippet:-1","max-image-preview":"max-image-preview:large","max-video-preview":"max-video-preview:-1"},"canonical":"https:\/\/syndicom.ch\/it\/la-lpd\/","og_locale":"it_IT","og_type":"article","og_title":"La legge riveduta sulla protezione dei dati (LPD) - syndicom","og_description":"Come sindacato dei media e della comunicazione, syndicom ha sempre attribuito particolare importanza alla protezione dei tuoi dati.","og_url":"https:\/\/syndicom.ch\/it\/la-lpd\/","og_site_name":"syndicom","article_modified_time":"2026-01-16T11:48:11+00:00","twitter_card":"summary_large_image","twitter_misc":{"Tempo di lettura stimato":"6 minuti"},"schema":{"@context":"https:\/\/schema.org","@graph":[{"@type":"WebPage","@id":"https:\/\/syndicom.ch\/it\/la-lpd\/","url":"https:\/\/syndicom.ch\/it\/la-lpd\/","name":"La legge riveduta sulla protezione dei dati (LPD) - syndicom","isPartOf":{"@id":"https:\/\/syndicom.ch\/it\/#website"},"datePublished":"2024-07-22T12:44:03+00:00","dateModified":"2026-01-16T11:48:11+00:00","description":"Come sindacato dei media e della comunicazione, syndicom ha sempre attribuito particolare importanza alla protezione dei tuoi dati.","breadcrumb":{"@id":"https:\/\/syndicom.ch\/it\/la-lpd\/#breadcrumb"},"inLanguage":"it-IT","potentialAction":[{"@type":"ReadAction","target":["https:\/\/syndicom.ch\/it\/la-lpd\/"]}]},{"@type":"BreadcrumbList","@id":"https:\/\/syndicom.ch\/it\/la-lpd\/#breadcrumb","itemListElement":[{"@type":"ListItem","position":1,"name":"Pagina iniziale","item":"https:\/\/syndicom.ch\/it\/"},{"@type":"ListItem","position":2,"name":"La legge riveduta sulla protezione dei dati (LPD)"}]},{"@type":"WebSite","@id":"https:\/\/syndicom.ch\/it\/#website","url":"https:\/\/syndicom.ch\/it\/","name":"syndicom","description":"","publisher":{"@id":"https:\/\/syndicom.ch\/it\/#organization"},"potentialAction":[{"@type":"SearchAction","target":{"@type":"EntryPoint","urlTemplate":"https:\/\/syndicom.ch\/it\/?s={search_term_string}"},"query-input":{"@type":"PropertyValueSpecification","valueRequired":true,"valueName":"search_term_string"}}],"inLanguage":"it-IT"},{"@type":"Organization","@id":"https:\/\/syndicom.ch\/it\/#organization","name":"syndicom","url":"https:\/\/syndicom.ch\/it\/","logo":{"@type":"ImageObject","inLanguage":"it-IT","@id":"https:\/\/syndicom.ch\/it\/#\/schema\/logo\/image\/","url":"https:\/\/syndicom.ch\/app\/uploads\/2024\/06\/logo.svg","contentUrl":"https:\/\/syndicom.ch\/app\/uploads\/2024\/06\/logo.svg","width":297,"height":51,"caption":"syndicom"},"image":{"@id":"https:\/\/syndicom.ch\/it\/#\/schema\/logo\/image\/"}}]}},"_links":{"self":[{"href":"https:\/\/syndicom.ch\/it\/wp-json\/wp\/v2\/pages\/5525","targetHints":{"allow":["GET"]}}],"collection":[{"href":"https:\/\/syndicom.ch\/it\/wp-json\/wp\/v2\/pages"}],"about":[{"href":"https:\/\/syndicom.ch\/it\/wp-json\/wp\/v2\/types\/page"}],"author":[{"embeddable":true,"href":"https:\/\/syndicom.ch\/it\/wp-json\/wp\/v2\/users\/2"}],"replies":[{"embeddable":true,"href":"https:\/\/syndicom.ch\/it\/wp-json\/wp\/v2\/comments?post=5525"}],"version-history":[{"count":20,"href":"https:\/\/syndicom.ch\/it\/wp-json\/wp\/v2\/pages\/5525\/revisions"}],"predecessor-version":[{"id":55159,"href":"https:\/\/syndicom.ch\/it\/wp-json\/wp\/v2\/pages\/5525\/revisions\/55159"}],"wp:attachment":[{"href":"https:\/\/syndicom.ch\/it\/wp-json\/wp\/v2\/media?parent=5525"}],"wp:term":[{"taxonomy":"category","embeddable":true,"href":"https:\/\/syndicom.ch\/it\/wp-json\/wp\/v2\/categories?post=5525"}],"curies":[{"name":"wp","href":"https:\/\/api.w.org\/{rel}","templated":true}]}}