{"id":57454,"date":"2026-02-05T14:47:33","date_gmt":"2026-02-05T13:47:33","guid":{"rendered":"https:\/\/syndicom.ch\/?page_id=57454"},"modified":"2026-04-15T11:24:29","modified_gmt":"2026-04-15T09:24:29","slug":"rafforzare-cablex-salvaguardare-i-posti-di-lavoro","status":"publish","type":"page","link":"https:\/\/syndicom.ch\/it\/campagne\/rafforzare-cablex-salvaguardare-i-posti-di-lavoro\/","title":{"rendered":"Rafforzare cablex \u2013 Salvaguardare i posti di lavoro!"},"content":{"rendered":"\n<div class=\"wp-block-group alignfull has-primary-background-color has-background is-layout-constrained wp-block-group-is-layout-constrained\">\n<div class=\"wp-block-group is-style-narrow is-layout-constrained wp-block-group-is-layout-constrained\">\n<h1 class=\"wp-block-heading has-background-color has-text-color has-link-color wp-elements-9b83a600ddc57afe406f678e8427ec3b\"><strong><strong>Rafforzare cablex \u2013 Salvaguardare i posti di lavoro!<\/strong><\/strong><\/h1>\n\n\n\n<div class=\"wp-block-columns is-layout-flex wp-container-core-columns-is-layout-9d6595d7 wp-block-columns-is-layout-flex\">\n<div class=\"wp-block-column is-layout-flow wp-block-column-is-layout-flow\" style=\"flex-basis:66.66%\">\n<p class=\"is-style-lead has-background-color has-text-color has-link-color wp-elements-362e803e3a39e5283ab6001c99953c9f\">Chiediamo a Swisscom e cablex di porre fine alla rovinosa pressione sui prezzi, di assegnare a cablex contratti che coprano i costi e di garantire la trasparenza.<\/p>\n<\/div>\n\n\n\n<div class=\"wp-block-column is-layout-flow wp-block-column-is-layout-flow\" style=\"flex-basis:33.33%\">\n<div class=\"wp-block-group is-vertical is-nowrap is-layout-flex wp-container-core-group-is-layout-fc43baa9 wp-block-group-is-layout-flex\">\n<p><a href=\"#richieste\" type=\"internal\" id=\"#richieste\"><mark style=\"background-color:#0D7EAC\" class=\"has-inline-color has-background-color\">\u279c Le nostre richieste<\/mark><\/a><mark style=\"background-color:#0D7EAC\" class=\"has-inline-color has-background-color\"><br><\/mark><a href=\"#FAQ\" type=\"internal\" id=\"#FAQ\"><mark style=\"background-color:#0D7EAC\" class=\"has-inline-color has-background-color\">\u279c Domande frequenti<\/mark><\/a><\/p>\n<\/div>\n<\/div>\n<\/div>\n<\/div>\n<\/div>\n\n\n\n<div class=\"wp-block-group alignfull has-background-background-color has-background is-layout-constrained wp-block-group-is-layout-constrained\">\n<div class=\"wp-block-group is-style-narrow is-layout-constrained wp-block-group-is-layout-constrained\">\n<h2 class=\"wp-block-heading\"><strong>Per la sicurezza dell\u2019impiego \u2013 contro i licenziamenti<\/strong><\/h2>\n\n\n\n<p>cablex ha effettuato un licenziamento di massa che ha un impatto esistenziale sulle e sui dipendenti licenziate\/i e che in pi\u00f9 crea insicurezza e stress in coloro che rimangono.<\/p>\n\n\n\n<p>Il settore delle infrastrutture di rete \u00e8 sottoposto a forti pressioni. A peggiorare la situa-zione c\u2019\u00e8 la responsabilit\u00e0 di Swisscom, che assegna sempre pi\u00f9 contratti relativi alle infrastrutture di rete ad altre aziende, mettendo cos\u00ec sotto pressione cablex.<\/p>\n\n\n\n<h2 class=\"wp-block-heading\" id=\"richieste\">Le nostre richieste<\/h2>\n\n\n\n<h3 class=\"wp-block-heading\"><strong>I firmatari chiedono ai responsabili di Swisscom:<\/strong><\/h3>\n\n\n\n<ul class=\"wp-block-list\">\n<li class=\"is-style-check\">Di porre fine alla rovinosa pressione sui prezzi esercitata da Swisscom nel settore delle infrastrutture di rete.<\/li>\n\n\n\n<li class=\"is-style-check\">Dare la priorit\u00e0 alla propria affiliata cablex nell&#8217;assegnazione degli appalti.<\/li>\n\n\n\n<li class=\"is-style-check\">Di assegnare ordini redditizi a cablex.<\/li>\n<\/ul>\n\n\n\n<p class=\"has-tertiary-background-color has-background\">L&#8217;obiettivo di Swisscom deve essere quello di garantire il pieno utilizzo della capacit\u00e0 lavorativa delle collaboratrici e dei collaboratori di cablex ed evitare ulteriori licenziamenti.<\/p>\n\n\n\n<h3 class=\"wp-block-heading\"><strong><strong><strong>I firmatari chiedono ai responsabili di cablex:<\/strong><\/strong><\/strong><\/h3>\n\n\n\n<ul class=\"wp-block-list\">\n<li class=\"is-style-check\">Nessun ulteriore licenziamento presso cablex.<\/li>\n\n\n\n<li class=\"is-style-check\">Sicurezza del posto di lavoro per le\/i dipendenti di cablex.<\/li>\n\n\n\n<li class=\"is-style-check\">Nessun subappalto.<\/li>\n\n\n\n<li class=\"is-style-check\">Avviare una campagna di formazione e perfezionamento professionale e riqualificare tempestivamente le\/i dipendenti per nuovi settori di attivit\u00e0.<\/li>\n\n\n\n<li class=\"is-style-check\">Acquisire contratti da terzi e sviluppare nuovi settori di attivit\u00e0 per garantire un buon carico di lavoro alle\/ai dipendenti.<\/li>\n\n\n\n<li class=\"is-style-check\">Nessuna esternalizzazione di dipendenti a societ\u00e0 terze.<\/li>\n\n\n\n<li class=\"is-style-check\">Maggiore trasparenza per tutte\/i le\/i dipendenti in merito allo sviluppo e al futuro dell&#8217;azienda.<\/li>\n<\/ul>\n\n\n\n<p class=\"has-tertiary-background-color has-background\">L&#8217;obiettivo di cablex dev\u2019essere quello di garantire la sicurezza del posto di lavoro alle\/ai collaboratrici\/tori di lunga data.<\/p>\n<\/div>\n<\/div>\n\n\n\n\n\n\n","protected":false},"excerpt":{"rendered":"<p>Chiediamo a Swisscom e cablex di porre fine alla rovinosa pressione sui prezzi, di assegnare a cablex contratti che coprano i costi e di garantire la trasparenza.<\/p>\n","protected":false},"author":3,"featured_media":0,"parent":5965,"menu_order":0,"comment_status":"closed","ping_status":"closed","template":"","meta":{"_acf_changed":false,"inline_featured_image":false,"_coblocks_attr":"","_coblocks_dimensions":"","_coblocks_responsive_height":"","_coblocks_accordion_ie_support":"","footnotes":""},"categories":[371],"class_list":["post-57454","page","type-page","status-publish","hentry","category-campagna"],"acf":[],"yoast_head":"<!-- This site is optimized with the Yoast SEO plugin v27.3 - https:\/\/yoast.com\/product\/yoast-seo-wordpress\/ -->\n<title>Rafforzare cablex \u2013 Salvaguardare i posti di lavoro! - syndicom<\/title>\n<meta name=\"description\" content=\"Chiediamo a Swisscom e cablex di porre fine alla rovinosa pressione sui prezzi, di assegnare a cablex contratti che coprano i costi e di garantire la trasparenza.\" \/>\n<meta name=\"robots\" content=\"index, follow, max-snippet:-1, max-image-preview:large, max-video-preview:-1\" \/>\n<link rel=\"canonical\" href=\"https:\/\/syndicom.ch\/it\/campagne\/rafforzare-cablex-salvaguardare-i-posti-di-lavoro\/\" \/>\n<meta property=\"og:locale\" content=\"it_IT\" \/>\n<meta property=\"og:type\" content=\"article\" \/>\n<meta property=\"og:title\" content=\"Rafforzare cablex \u2013 Salvaguardare i posti di lavoro! - syndicom\" \/>\n<meta property=\"og:description\" content=\"Chiediamo a Swisscom e cablex di porre fine alla rovinosa pressione sui prezzi, di assegnare a cablex contratti che coprano i costi e di garantire la trasparenza.\" \/>\n<meta property=\"og:url\" content=\"https:\/\/syndicom.ch\/it\/campagne\/rafforzare-cablex-salvaguardare-i-posti-di-lavoro\/\" \/>\n<meta property=\"og:site_name\" content=\"syndicom\" \/>\n<meta property=\"article:modified_time\" content=\"2026-04-15T09:24:29+00:00\" \/>\n<meta name=\"twitter:card\" content=\"summary_large_image\" \/>\n<meta name=\"twitter:label1\" content=\"Tempo di lettura stimato\" \/>\n\t<meta name=\"twitter:data1\" content=\"4 minuti\" \/>\n<script type=\"application\/ld+json\" class=\"yoast-schema-graph\">{\"@context\":\"https:\\\/\\\/schema.org\",\"@graph\":[{\"@type\":\"WebPage\",\"@id\":\"https:\\\/\\\/syndicom.ch\\\/it\\\/campagne\\\/rafforzare-cablex-salvaguardare-i-posti-di-lavoro\\\/\",\"url\":\"https:\\\/\\\/syndicom.ch\\\/it\\\/campagne\\\/rafforzare-cablex-salvaguardare-i-posti-di-lavoro\\\/\",\"name\":\"Rafforzare cablex \u2013 Salvaguardare i posti di lavoro! - syndicom\",\"isPartOf\":{\"@id\":\"https:\\\/\\\/syndicom.ch\\\/it\\\/#website\"},\"datePublished\":\"2026-02-05T13:47:33+00:00\",\"dateModified\":\"2026-04-15T09:24:29+00:00\",\"description\":\"Chiediamo a Swisscom e cablex di porre fine alla rovinosa pressione sui prezzi, di assegnare a cablex contratti che coprano i costi e di garantire la trasparenza.\",\"breadcrumb\":{\"@id\":\"https:\\\/\\\/syndicom.ch\\\/it\\\/campagne\\\/rafforzare-cablex-salvaguardare-i-posti-di-lavoro\\\/#breadcrumb\"},\"inLanguage\":\"it-IT\",\"potentialAction\":[{\"@type\":\"ReadAction\",\"target\":[\"https:\\\/\\\/syndicom.ch\\\/it\\\/campagne\\\/rafforzare-cablex-salvaguardare-i-posti-di-lavoro\\\/\"]}]},{\"@type\":\"BreadcrumbList\",\"@id\":\"https:\\\/\\\/syndicom.ch\\\/it\\\/campagne\\\/rafforzare-cablex-salvaguardare-i-posti-di-lavoro\\\/#breadcrumb\",\"itemListElement\":[{\"@type\":\"ListItem\",\"position\":1,\"name\":\"Pagina iniziale\",\"item\":\"https:\\\/\\\/syndicom.ch\\\/it\\\/\"},{\"@type\":\"ListItem\",\"position\":2,\"name\":\"Campagne\",\"item\":\"https:\\\/\\\/syndicom.ch\\\/it\\\/campagne\\\/\"},{\"@type\":\"ListItem\",\"position\":3,\"name\":\"Rafforzare cablex \u2013 Salvaguardare i posti di lavoro!\"}]},{\"@type\":\"WebSite\",\"@id\":\"https:\\\/\\\/syndicom.ch\\\/it\\\/#website\",\"url\":\"https:\\\/\\\/syndicom.ch\\\/it\\\/\",\"name\":\"syndicom\",\"description\":\"\",\"publisher\":{\"@id\":\"https:\\\/\\\/syndicom.ch\\\/it\\\/#organization\"},\"potentialAction\":[{\"@type\":\"SearchAction\",\"target\":{\"@type\":\"EntryPoint\",\"urlTemplate\":\"https:\\\/\\\/syndicom.ch\\\/it\\\/?s={search_term_string}\"},\"query-input\":{\"@type\":\"PropertyValueSpecification\",\"valueRequired\":true,\"valueName\":\"search_term_string\"}}],\"inLanguage\":\"it-IT\"},{\"@type\":\"Organization\",\"@id\":\"https:\\\/\\\/syndicom.ch\\\/it\\\/#organization\",\"name\":\"syndicom\",\"url\":\"https:\\\/\\\/syndicom.ch\\\/it\\\/\",\"logo\":{\"@type\":\"ImageObject\",\"inLanguage\":\"it-IT\",\"@id\":\"https:\\\/\\\/syndicom.ch\\\/it\\\/#\\\/schema\\\/logo\\\/image\\\/\",\"url\":\"https:\\\/\\\/syndicom.ch\\\/app\\\/uploads\\\/2024\\\/06\\\/logo.svg\",\"contentUrl\":\"https:\\\/\\\/syndicom.ch\\\/app\\\/uploads\\\/2024\\\/06\\\/logo.svg\",\"width\":297,\"height\":51,\"caption\":\"syndicom\"},\"image\":{\"@id\":\"https:\\\/\\\/syndicom.ch\\\/it\\\/#\\\/schema\\\/logo\\\/image\\\/\"}}]}<\/script>\n<!-- \/ Yoast SEO plugin. -->","yoast_head_json":{"title":"Rafforzare cablex \u2013 Salvaguardare i posti di lavoro! - syndicom","description":"Chiediamo a Swisscom e cablex di porre fine alla rovinosa pressione sui prezzi, di assegnare a cablex contratti che coprano i costi e di garantire la trasparenza.","robots":{"index":"index","follow":"follow","max-snippet":"max-snippet:-1","max-image-preview":"max-image-preview:large","max-video-preview":"max-video-preview:-1"},"canonical":"https:\/\/syndicom.ch\/it\/campagne\/rafforzare-cablex-salvaguardare-i-posti-di-lavoro\/","og_locale":"it_IT","og_type":"article","og_title":"Rafforzare cablex \u2013 Salvaguardare i posti di lavoro! - syndicom","og_description":"Chiediamo a Swisscom e cablex di porre fine alla rovinosa pressione sui prezzi, di assegnare a cablex contratti che coprano i costi e di garantire la trasparenza.","og_url":"https:\/\/syndicom.ch\/it\/campagne\/rafforzare-cablex-salvaguardare-i-posti-di-lavoro\/","og_site_name":"syndicom","article_modified_time":"2026-04-15T09:24:29+00:00","twitter_card":"summary_large_image","twitter_misc":{"Tempo di lettura stimato":"4 minuti"},"schema":{"@context":"https:\/\/schema.org","@graph":[{"@type":"WebPage","@id":"https:\/\/syndicom.ch\/it\/campagne\/rafforzare-cablex-salvaguardare-i-posti-di-lavoro\/","url":"https:\/\/syndicom.ch\/it\/campagne\/rafforzare-cablex-salvaguardare-i-posti-di-lavoro\/","name":"Rafforzare cablex \u2013 Salvaguardare i posti di lavoro! - syndicom","isPartOf":{"@id":"https:\/\/syndicom.ch\/it\/#website"},"datePublished":"2026-02-05T13:47:33+00:00","dateModified":"2026-04-15T09:24:29+00:00","description":"Chiediamo a Swisscom e cablex di porre fine alla rovinosa pressione sui prezzi, di assegnare a cablex contratti che coprano i costi e di garantire la trasparenza.","breadcrumb":{"@id":"https:\/\/syndicom.ch\/it\/campagne\/rafforzare-cablex-salvaguardare-i-posti-di-lavoro\/#breadcrumb"},"inLanguage":"it-IT","potentialAction":[{"@type":"ReadAction","target":["https:\/\/syndicom.ch\/it\/campagne\/rafforzare-cablex-salvaguardare-i-posti-di-lavoro\/"]}]},{"@type":"BreadcrumbList","@id":"https:\/\/syndicom.ch\/it\/campagne\/rafforzare-cablex-salvaguardare-i-posti-di-lavoro\/#breadcrumb","itemListElement":[{"@type":"ListItem","position":1,"name":"Pagina iniziale","item":"https:\/\/syndicom.ch\/it\/"},{"@type":"ListItem","position":2,"name":"Campagne","item":"https:\/\/syndicom.ch\/it\/campagne\/"},{"@type":"ListItem","position":3,"name":"Rafforzare cablex \u2013 Salvaguardare i posti di lavoro!"}]},{"@type":"WebSite","@id":"https:\/\/syndicom.ch\/it\/#website","url":"https:\/\/syndicom.ch\/it\/","name":"syndicom","description":"","publisher":{"@id":"https:\/\/syndicom.ch\/it\/#organization"},"potentialAction":[{"@type":"SearchAction","target":{"@type":"EntryPoint","urlTemplate":"https:\/\/syndicom.ch\/it\/?s={search_term_string}"},"query-input":{"@type":"PropertyValueSpecification","valueRequired":true,"valueName":"search_term_string"}}],"inLanguage":"it-IT"},{"@type":"Organization","@id":"https:\/\/syndicom.ch\/it\/#organization","name":"syndicom","url":"https:\/\/syndicom.ch\/it\/","logo":{"@type":"ImageObject","inLanguage":"it-IT","@id":"https:\/\/syndicom.ch\/it\/#\/schema\/logo\/image\/","url":"https:\/\/syndicom.ch\/app\/uploads\/2024\/06\/logo.svg","contentUrl":"https:\/\/syndicom.ch\/app\/uploads\/2024\/06\/logo.svg","width":297,"height":51,"caption":"syndicom"},"image":{"@id":"https:\/\/syndicom.ch\/it\/#\/schema\/logo\/image\/"}}]}},"_links":{"self":[{"href":"https:\/\/syndicom.ch\/it\/wp-json\/wp\/v2\/pages\/57454","targetHints":{"allow":["GET"]}}],"collection":[{"href":"https:\/\/syndicom.ch\/it\/wp-json\/wp\/v2\/pages"}],"about":[{"href":"https:\/\/syndicom.ch\/it\/wp-json\/wp\/v2\/types\/page"}],"author":[{"embeddable":true,"href":"https:\/\/syndicom.ch\/it\/wp-json\/wp\/v2\/users\/3"}],"replies":[{"embeddable":true,"href":"https:\/\/syndicom.ch\/it\/wp-json\/wp\/v2\/comments?post=57454"}],"version-history":[{"count":28,"href":"https:\/\/syndicom.ch\/it\/wp-json\/wp\/v2\/pages\/57454\/revisions"}],"predecessor-version":[{"id":61055,"href":"https:\/\/syndicom.ch\/it\/wp-json\/wp\/v2\/pages\/57454\/revisions\/61055"}],"up":[{"embeddable":true,"href":"https:\/\/syndicom.ch\/it\/wp-json\/wp\/v2\/pages\/5965"}],"wp:attachment":[{"href":"https:\/\/syndicom.ch\/it\/wp-json\/wp\/v2\/media?parent=57454"}],"wp:term":[{"taxonomy":"category","embeddable":true,"href":"https:\/\/syndicom.ch\/it\/wp-json\/wp\/v2\/categories?post=57454"}],"curies":[{"name":"wp","href":"https:\/\/api.w.org\/{rel}","templated":true}]}}