{"id":5868,"date":"2024-07-24T15:00:45","date_gmt":"2024-07-24T13:00:45","guid":{"rendered":"https:\/\/projects.atxeit.ch\/syndicom\/?page_id=5868"},"modified":"2026-02-12T10:59:07","modified_gmt":"2026-02-12T09:59:07","slug":"donne","status":"publish","type":"page","link":"https:\/\/syndicom.ch\/it\/donne\/","title":{"rendered":"Donne"},"content":{"rendered":"\n<div class=\"wp-block-group alignfull has-foreground-color has-primary-background-color has-text-color has-background has-link-color wp-elements-48b7b6fa68f9c74fcaaa7118a1cbeaf4 is-layout-constrained wp-block-group-is-layout-constrained\">\n<div class=\"wp-block-group is-style-narrow is-layout-constrained wp-block-group-is-layout-constrained\">\n<div class=\"wp-block-columns is-layout-flex wp-container-core-columns-is-layout-9d6595d7 wp-block-columns-is-layout-flex\">\n<div class=\"wp-block-column is-layout-flow wp-block-column-is-layout-flow\" style=\"flex-basis:70%\">\n<h1 class=\"wp-block-heading has-background-color has-text-color has-link-color wp-elements-e7388c90ca7091691c65c925632b97a9\"><strong><strong>Parit\u00e0<\/strong><\/strong><\/h1>\n\n\n\n<p class=\"is-style-lead has-background-color has-text-color has-link-color wp-elements-a1c346ee185e126c82fdf7f28172766b\">La parit\u00e0 non \u00e8 scontata. Ci impegniamo tutto l&#8217;anno: l&#8217;8 marzo, il 14 giugno e tutti i giorni.<\/p>\n<\/div>\n<\/div>\n<\/div>\n<\/div>\n\n\n\n<div class=\"wp-block-group alignfull has-background-background-color has-background is-layout-constrained wp-block-group-is-layout-constrained\">\n<div class=\"wp-block-group is-style-narrow is-layout-constrained wp-block-group-is-layout-constrained\">\n<h2 class=\"wp-block-heading\">Stessi diritti, conquistati insieme!<\/h2>\n\n\n\n<p>Le persone \u00abFINTAQ\u00bb (donne, persone intersessuali, non binarie, trans, agender e queer) continuano a subire discriminazioni nel mondo del lavoro, nella previdenza per la vecchiaia e nella ricerca di un equilibrio tra lavoro e vita familiare. Per questo ci impegniamo insieme per salari migliori, orari di lavoro equi e rispetto sul posto di lavoro.<\/p>\n\n\n\n<h2 class=\"wp-block-heading\"><strong>La parit\u00e0 non \u00e8 un evento \u2013 \u00e8 un incarico permanente<\/strong><\/h2>\n\n\n\n<p>Ma per ottenere risultati servono segnali forti e visibili. <strong>Partecipa anche tu e lotta insieme a noi per la parit\u00e0!<\/strong><\/p>\n\n\n\n<p class=\"has-text-align-left has-tertiary-background-color has-background\"><em><em>Qui pubblicheremo al pi\u00f9 presto gli eventi a cui partecipiamo.<\/em><\/em><\/p>\n<\/div>\n<\/div>\n\n\n\n<div class=\"wp-block-group alignfull has-background-color has-rosa-background-color has-text-color has-background has-link-color wp-elements-afc2901493328493f12c891f457ccb3d is-layout-constrained wp-block-group-is-layout-constrained\">\n<div class=\"wp-block-group is-style-narrow is-layout-constrained wp-block-group-is-layout-constrained\">\n<h2 class=\"wp-block-heading has-text-align-center\"><strong>Impegnati con noi per la parit\u00e0!<\/strong><\/h2>\n\n\n\n<p class=\"has-text-align-center\"><a href=\"mailto:gleichstellung@syndicom.ch\"><mark style=\"background-color:rgba(0, 0, 0, 0)\" class=\"has-inline-color has-background-color\"><strong>Aspettiamo il tuo messaggio!<\/strong><\/mark><\/a><\/p>\n<\/div>\n<\/div>\n\n\n\n<div class=\"wp-block-group alignfull has-background-background-color has-background is-layout-constrained wp-block-group-is-layout-constrained\">\n<div class=\"wp-block-group is-style-narrow is-layout-constrained wp-block-group-is-layout-constrained\">\n<h2 class=\"wp-block-heading\"><strong><strong><strong>Le nostre rivendicazioni sono chiare:<\/strong><\/strong><\/strong><\/h2>\n\n\n\n<h3 class=\"wp-block-heading\"><strong><strong>Salario!<\/strong><\/strong><\/h3>\n\n\n\n<ul class=\"wp-block-list\">\n<li class=\"is-style-check\">Stesso salario per lavoro di pari valore<\/li>\n\n\n\n<li class=\"is-style-check\">Trasparenza salariale e diritto di controllo per i sindacati e le commissioni del personale<\/li>\n\n\n\n<li class=\"is-style-check\">Contratti collettivi di lavoro in tutti i settori<\/li>\n\n\n\n<li class=\"is-style-check\">Pensioni pi\u00f9 alte invece che tagli, anche per chi lavora a tempo parziale<\/li>\n<\/ul>\n\n\n\n<p><\/p>\n\n\n\n<h3 class=\"wp-block-heading\"><strong><strong>Tempo!<\/strong><\/strong><\/h3>\n\n\n\n<ul class=\"wp-block-list\">\n<li class=\"is-style-check\">Diritto a una riduzione temporanea dell&#8217;orario di lavoro con diritto di rientro<\/li>\n\n\n\n<li class=\"is-style-check\">Congedo parentale pi\u00f9 lungo<\/li>\n\n\n\n<li class=\"is-style-check\">Asili aziendali o sostegno finanziario<\/li>\n\n\n\n<li class=\"is-style-check\">Orari di lavoro pianificabili e a misura di famiglia con modelli flessibili<\/li>\n<\/ul>\n\n\n\n<p><\/p>\n\n\n\n<h3 class=\"wp-block-heading\"><strong><strong>Rispetto!<\/strong><\/strong><\/h3>\n\n\n\n<ul class=\"wp-block-list\">\n<li class=\"is-style-check\">Tolleranza zero verso sessismo, violenza sessuale e mobbing<\/li>\n\n\n\n<li class=\"is-style-check\">Concetti di prevenzione e sanzione nelle aziende<\/li>\n\n\n\n<li class=\"is-style-check\">Promozione mirata e sostegno alle persone FINTAQ nelle aziende<\/li>\n\n\n\n<li class=\"is-style-check\">Maggiore tutela della salute sul posto di lavoro<\/li>\n\n\n\n<li class=\"is-style-check\">Riconoscimento del lavoro di cura nel sistema salariale<\/li>\n<\/ul>\n<\/div>\n<\/div>\n\n\n\n<div class=\"wp-block-group alignfull has-background-background-color has-background is-layout-constrained wp-block-group-is-layout-constrained\">\n<div class=\"wp-block-group is-style-narrow is-layout-constrained wp-block-group-is-layout-constrained\">\n<h2 class=\"wp-block-heading\" id=\"congresso-femminista-2025\">syndicom al Congresso femminista dell&#8217;USS<\/h2>\n\n\n\n<div class=\"wp-block-columns is-layout-flex wp-container-core-columns-is-layout-9d6595d7 wp-block-columns-is-layout-flex\">\n<div class=\"wp-block-column is-layout-flow wp-block-column-is-layout-flow\" style=\"flex-basis:33.33%\">\n<figure data-wp-context=\"{&quot;imageId&quot;:&quot;69f558f90b806&quot;}\" data-wp-interactive=\"core\/image\" data-wp-key=\"69f558f90b806\" class=\"wp-block-image size-large has-lightbox wp-lightbox-container\"><img loading=\"lazy\" decoding=\"async\" width=\"1024\" height=\"678\" data-wp-class--hide=\"state.isContentHidden\" data-wp-class--show=\"state.isContentVisible\" data-wp-init=\"callbacks.setButtonStyles\" data-wp-on--click=\"actions.showLightbox\" data-wp-on--load=\"callbacks.setButtonStyles\" data-wp-on-window--resize=\"callbacks.setButtonStyles\" src=\"https:\/\/syndicom.ch\/app\/uploads\/2025\/11\/gewerkschaft-syndicom-femkongress-sgb-2025-aktion-1024x678.jpg\" alt=\"\" class=\"wp-image-51645\" srcset=\"https:\/\/syndicom.ch\/app\/uploads\/2025\/11\/gewerkschaft-syndicom-femkongress-sgb-2025-aktion-1024x678.jpg 1024w, https:\/\/syndicom.ch\/app\/uploads\/2025\/11\/gewerkschaft-syndicom-femkongress-sgb-2025-aktion-300x199.jpg 300w, https:\/\/syndicom.ch\/app\/uploads\/2025\/11\/gewerkschaft-syndicom-femkongress-sgb-2025-aktion-768x508.jpg 768w, https:\/\/syndicom.ch\/app\/uploads\/2025\/11\/gewerkschaft-syndicom-femkongress-sgb-2025-aktion-1536x1017.jpg 1536w, https:\/\/syndicom.ch\/app\/uploads\/2025\/11\/gewerkschaft-syndicom-femkongress-sgb-2025-aktion-2048x1356.jpg 2048w\" sizes=\"auto, (max-width: 1024px) 100vw, 1024px\" \/><button\n\t\t\tclass=\"lightbox-trigger\"\n\t\t\ttype=\"button\"\n\t\t\taria-haspopup=\"dialog\"\n\t\t\taria-label=\"Ingrandisci\"\n\t\t\tdata-wp-init=\"callbacks.initTriggerButton\"\n\t\t\tdata-wp-on--click=\"actions.showLightbox\"\n\t\t\tdata-wp-style--right=\"state.imageButtonRight\"\n\t\t\tdata-wp-style--top=\"state.imageButtonTop\"\n\t\t>\n\t\t\t<svg xmlns=\"http:\/\/www.w3.org\/2000\/svg\" width=\"12\" height=\"12\" fill=\"none\" viewBox=\"0 0 12 12\">\n\t\t\t\t<path fill=\"#fff\" d=\"M2 0a2 2 0 0 0-2 2v2h1.5V2a.5.5 0 0 1 .5-.5h2V0H2Zm2 10.5H2a.5.5 0 0 1-.5-.5V8H0v2a2 2 0 0 0 2 2h2v-1.5ZM8 12v-1.5h2a.5.5 0 0 0 .5-.5V8H12v2a2 2 0 0 1-2 2H8Zm2-12a2 2 0 0 1 2 2v2h-1.5V2a.5.5 0 0 0-.5-.5H8V0h2Z\" \/>\n\t\t\t<\/svg>\n\t\t<\/button><\/figure>\n<\/div>\n\n\n\n<div class=\"wp-block-column is-layout-flow wp-block-column-is-layout-flow\" style=\"flex-basis:66.66%\">\n<p>Insieme a oltre 200 sindacalisti,&nbsp;20 colleghi di syndicom hanno discusso su come non solo rendere visibile la discriminazione basata sul sesso e sull&#8217;identit\u00e0 di genere, ma anche eliminarla.<\/p>\n<\/div>\n<\/div>\n\n\n\n<p><strong>Lottiamo per condizioni di lavoro eque per tutte e tutti!<\/strong>&nbsp;Ogni voce conta, ogni azione fa la differenza.<\/p>\n\n\n\n<p>Posizioni chiare per un futuro equo! Le nostre risoluzioni:<\/p>\n\n\n\n<div class=\"wp-block-buttons is-layout-flex wp-block-buttons-is-layout-flex\">\n<div class=\"wp-block-button is-style-external\"><a class=\"wp-block-button__link wp-element-button\" href=\"https:\/\/syndicom.ch\/app\/uploads\/2025\/11\/sindacato-syndicom-congresso-femminista-uss-2025-risoluzione7.pdf\" target=\"_blank\" rel=\"noreferrer noopener\">Non siamo buoni da rottamare! Occorre sostenere maggiormente i lavoratori e le lavoratrici di et\u00e0 superiore ai 55 anni!<\/a><\/div>\n\n\n\n<div class=\"wp-block-button is-style-external\"><a class=\"wp-block-button__link wp-element-button\" href=\"https:\/\/syndicom.ch\/app\/uploads\/2025\/11\/sindacato-syndicom-congresso-femminista-uss-2025-risoluzione8.pdf\" target=\"_blank\" rel=\"noreferrer noopener\">404 Uguaglianza non trovata \u2013 Promozione delle persone FINTA* nel settore tecnologico e informatico e pari opportunit\u00e0 nella digitalizzazione!<\/a><\/div>\n\n\n\n<div class=\"wp-block-button is-style-external\"><a class=\"wp-block-button__link wp-element-button\" href=\"https:\/\/syndicom.ch\/app\/uploads\/2025\/11\/sindacato-syndicom-congresso-femminista-uss-2025-risoluzione15.pdf\" target=\"_blank\" rel=\"noreferrer noopener\">Rivendicazioni sindacali volte a migliorare la situazione delle donne rifugiate e<br>straniere e delle persone FINTA* in Svizzera<\/a><\/div>\n\n\n\n<div class=\"wp-block-button is-style-external\"><a class=\"wp-block-button__link wp-element-button\" href=\"https:\/\/syndicom.ch\/app\/uploads\/2025\/11\/sindacato-syndicom-congresso-femminista-uss-2025-risoluzione16.pdf\" target=\"_blank\" rel=\"noreferrer noopener\">Solidariet\u00e0 con il popolo di Gaza e della Palestina \u2013 protezione degli operatori dei media, delle donne e delle ragazze nelle zone di guerra<\/a><\/div>\n<\/div>\n\n\n\n<p>Tutte le informazioni e le risoluzioni adottate durante il congresso femminista dell&#8217;USS del 21 e 22 novembre (<a href=\"https:\/\/www.uss.ch\/luss\/organes\/detail\/davantage-de-mesures-pour-realiser-legalite-au-travail-congres-feministe\" target=\"_blank\" rel=\"noreferrer noopener nofollow\">qui in francese<\/a> o <a href=\"https:\/\/www.sgb.ch\/gremien\/detail\/mehr-massnahmen-zur-verwirklichung-der-gleichstellung-am-arbeitsplatz-feministischer-kongress-2025\" target=\"_blank\" rel=\"noreferrer noopener nofollow\">qui in tedesco<\/a>)<\/p>\n<\/div>\n<\/div>\n\n\n\n<div style=\"height:100px\" aria-hidden=\"true\" class=\"wp-block-spacer\"><\/div>\n\n\n\n<div class=\"wp-block-group alignfull is-style-default has-background-color has-primary-background-color has-text-color has-background has-link-color wp-elements-6a42f3387f45cbd81ec839ff8dc1fcc9 is-layout-constrained wp-block-group-is-layout-constrained\">\n<div class=\"wp-block-media-text is-style-default\" style=\"grid-template-columns:26% auto\"><figure class=\"wp-block-media-text__media\"><a href=\"https:\/\/my.syndicom.ch\/adesione\" target=\"_blank\" rel=\" noreferrer noopener\"><img loading=\"lazy\" decoding=\"async\" width=\"1024\" height=\"964\" src=\"https:\/\/syndicom.ch\/app\/uploads\/2025\/02\/vorteile-1024x964-2.webp\" alt=\"\" class=\"wp-image-27435 size-full\" srcset=\"https:\/\/syndicom.ch\/app\/uploads\/2025\/02\/vorteile-1024x964-2.webp 1024w, https:\/\/syndicom.ch\/app\/uploads\/2025\/02\/vorteile-1024x964-2-300x282.webp 300w, https:\/\/syndicom.ch\/app\/uploads\/2025\/02\/vorteile-1024x964-2-768x723.webp 768w\" sizes=\"auto, (max-width: 1024px) 100vw, 1024px\" \/><\/a><\/figure><div class=\"wp-block-media-text__content\">\n<h2 class=\"wp-block-heading\"><strong><strong>Approfitta subito dei vantaggi come membro di syndicom!<\/strong><\/strong><\/h2>\n\n\n\n<p>Come membro rafforzi il nostro sindacato e quindi anche la tua posizione nella vita professionale. Benefici di protezione, sostegno e vantaggi interessanti: sul lavoro, nella vita di tutti i giorni e nella tutela dei tuoi diritti.<\/p>\n\n\n\n<p><\/p>\n\n\n\n<p><\/p>\n<\/div><\/div>\n\n\n\n<div class=\"wp-block-buttons is-content-justification-center is-layout-flex wp-container-core-buttons-is-layout-16018d1d wp-block-buttons-is-layout-flex\">\n<div class=\"wp-block-button\"><a class=\"wp-block-button__link wp-element-button\" href=\"https:\/\/my.syndicom.ch\/adesione\" target=\"_blank\" rel=\"noreferrer noopener\">Diventa membro di syndicom<\/a><\/div>\n\n\n\n<div class=\"wp-block-button is-style-outline is-style-outline--1\"><a class=\"wp-block-button__link has-background-color has-text-color has-link-color wp-element-button\" href=\"https:\/\/syndicom.ch\/it\/faq-adesione\/\" target=\"_blank\" rel=\"noreferrer noopener\">Vantaggi e info sull\u2019adesione<\/a><\/div>\n<\/div>\n<\/div>\n","protected":false},"excerpt":{"rendered":"<p>Parit\u00e0 La parit\u00e0 non \u00e8 scontata. Ci impegniamo tutto l&#8217;anno: l&#8217;8 marzo, il 14 giugno e tutti i giorni. Stessi diritti, conquistati insieme! Le persone \u00abFINTAQ\u00bb (donne, persone intersessuali, non binarie, trans, agender e queer) continuano a subire discriminazioni nel mondo del lavoro, nella previdenza per la vecchiaia e nella ricerca di un equilibrio tra [&hellip;]<\/p>\n","protected":false},"author":2,"featured_media":0,"parent":0,"menu_order":0,"comment_status":"closed","ping_status":"closed","template":"","meta":{"_acf_changed":false,"inline_featured_image":false,"_coblocks_attr":"","_coblocks_dimensions":"","_coblocks_responsive_height":"","_coblocks_accordion_ie_support":"","footnotes":""},"categories":[],"class_list":["post-5868","page","type-page","status-publish","hentry"],"acf":[],"yoast_head":"<!-- This site is optimized with the Yoast SEO plugin v27.3 - https:\/\/yoast.com\/product\/yoast-seo-wordpress\/ -->\n<title>Donne - syndicom<\/title>\n<meta name=\"description\" content=\"La tua adesione conta e fa la differenza! Vuoi contribuire ai lavori di un gruppo syndicom a favore dell\u2019uguaglianza o saperne di pi\u00f9?\" \/>\n<meta name=\"robots\" content=\"index, follow, max-snippet:-1, max-image-preview:large, max-video-preview:-1\" \/>\n<link rel=\"canonical\" href=\"https:\/\/syndicom.ch\/it\/donne\/\" \/>\n<meta property=\"og:locale\" content=\"it_IT\" \/>\n<meta property=\"og:type\" content=\"article\" \/>\n<meta property=\"og:title\" content=\"Donne - syndicom\" \/>\n<meta property=\"og:description\" content=\"La tua adesione conta e fa la differenza! Vuoi contribuire ai lavori di un gruppo syndicom a favore dell\u2019uguaglianza o saperne di pi\u00f9?\" \/>\n<meta property=\"og:url\" content=\"https:\/\/syndicom.ch\/it\/donne\/\" \/>\n<meta property=\"og:site_name\" content=\"syndicom\" \/>\n<meta property=\"article:modified_time\" content=\"2026-02-12T09:59:07+00:00\" \/>\n<meta property=\"og:image\" content=\"https:\/\/syndicom.ch\/app\/uploads\/2025\/11\/gewerkschaft-syndicom-femkongress-sgb-2025-aktion-1024x678.jpg\" \/>\n<meta name=\"twitter:card\" content=\"summary_large_image\" \/>\n<meta name=\"twitter:label1\" content=\"Tempo di lettura stimato\" \/>\n\t<meta name=\"twitter:data1\" content=\"4 minuti\" \/>\n<script type=\"application\/ld+json\" class=\"yoast-schema-graph\">{\"@context\":\"https:\\\/\\\/schema.org\",\"@graph\":[{\"@type\":\"WebPage\",\"@id\":\"https:\\\/\\\/syndicom.ch\\\/it\\\/donne\\\/\",\"url\":\"https:\\\/\\\/syndicom.ch\\\/it\\\/donne\\\/\",\"name\":\"Donne - syndicom\",\"isPartOf\":{\"@id\":\"https:\\\/\\\/syndicom.ch\\\/it\\\/#website\"},\"primaryImageOfPage\":{\"@id\":\"https:\\\/\\\/syndicom.ch\\\/it\\\/donne\\\/#primaryimage\"},\"image\":{\"@id\":\"https:\\\/\\\/syndicom.ch\\\/it\\\/donne\\\/#primaryimage\"},\"thumbnailUrl\":\"https:\\\/\\\/syndicom.ch\\\/app\\\/uploads\\\/2025\\\/11\\\/gewerkschaft-syndicom-femkongress-sgb-2025-aktion-1024x678.jpg\",\"datePublished\":\"2024-07-24T13:00:45+00:00\",\"dateModified\":\"2026-02-12T09:59:07+00:00\",\"description\":\"La tua adesione conta e fa la differenza! Vuoi contribuire ai lavori di un gruppo syndicom a favore dell\u2019uguaglianza o saperne di pi\u00f9?\",\"breadcrumb\":{\"@id\":\"https:\\\/\\\/syndicom.ch\\\/it\\\/donne\\\/#breadcrumb\"},\"inLanguage\":\"it-IT\",\"potentialAction\":[{\"@type\":\"ReadAction\",\"target\":[\"https:\\\/\\\/syndicom.ch\\\/it\\\/donne\\\/\"]}]},{\"@type\":\"ImageObject\",\"inLanguage\":\"it-IT\",\"@id\":\"https:\\\/\\\/syndicom.ch\\\/it\\\/donne\\\/#primaryimage\",\"url\":\"https:\\\/\\\/syndicom.ch\\\/app\\\/uploads\\\/2025\\\/11\\\/gewerkschaft-syndicom-femkongress-sgb-2025-aktion-1024x678.jpg\",\"contentUrl\":\"https:\\\/\\\/syndicom.ch\\\/app\\\/uploads\\\/2025\\\/11\\\/gewerkschaft-syndicom-femkongress-sgb-2025-aktion-1024x678.jpg\"},{\"@type\":\"BreadcrumbList\",\"@id\":\"https:\\\/\\\/syndicom.ch\\\/it\\\/donne\\\/#breadcrumb\",\"itemListElement\":[{\"@type\":\"ListItem\",\"position\":1,\"name\":\"Pagina iniziale\",\"item\":\"https:\\\/\\\/syndicom.ch\\\/it\\\/\"},{\"@type\":\"ListItem\",\"position\":2,\"name\":\"Donne\"}]},{\"@type\":\"WebSite\",\"@id\":\"https:\\\/\\\/syndicom.ch\\\/it\\\/#website\",\"url\":\"https:\\\/\\\/syndicom.ch\\\/it\\\/\",\"name\":\"syndicom\",\"description\":\"\",\"publisher\":{\"@id\":\"https:\\\/\\\/syndicom.ch\\\/it\\\/#organization\"},\"potentialAction\":[{\"@type\":\"SearchAction\",\"target\":{\"@type\":\"EntryPoint\",\"urlTemplate\":\"https:\\\/\\\/syndicom.ch\\\/it\\\/?s={search_term_string}\"},\"query-input\":{\"@type\":\"PropertyValueSpecification\",\"valueRequired\":true,\"valueName\":\"search_term_string\"}}],\"inLanguage\":\"it-IT\"},{\"@type\":\"Organization\",\"@id\":\"https:\\\/\\\/syndicom.ch\\\/it\\\/#organization\",\"name\":\"syndicom\",\"url\":\"https:\\\/\\\/syndicom.ch\\\/it\\\/\",\"logo\":{\"@type\":\"ImageObject\",\"inLanguage\":\"it-IT\",\"@id\":\"https:\\\/\\\/syndicom.ch\\\/it\\\/#\\\/schema\\\/logo\\\/image\\\/\",\"url\":\"https:\\\/\\\/syndicom.ch\\\/app\\\/uploads\\\/2024\\\/06\\\/logo.svg\",\"contentUrl\":\"https:\\\/\\\/syndicom.ch\\\/app\\\/uploads\\\/2024\\\/06\\\/logo.svg\",\"width\":297,\"height\":51,\"caption\":\"syndicom\"},\"image\":{\"@id\":\"https:\\\/\\\/syndicom.ch\\\/it\\\/#\\\/schema\\\/logo\\\/image\\\/\"}}]}<\/script>\n<!-- \/ Yoast SEO plugin. -->","yoast_head_json":{"title":"Donne - syndicom","description":"La tua adesione conta e fa la differenza! Vuoi contribuire ai lavori di un gruppo syndicom a favore dell\u2019uguaglianza o saperne di pi\u00f9?","robots":{"index":"index","follow":"follow","max-snippet":"max-snippet:-1","max-image-preview":"max-image-preview:large","max-video-preview":"max-video-preview:-1"},"canonical":"https:\/\/syndicom.ch\/it\/donne\/","og_locale":"it_IT","og_type":"article","og_title":"Donne - syndicom","og_description":"La tua adesione conta e fa la differenza! Vuoi contribuire ai lavori di un gruppo syndicom a favore dell\u2019uguaglianza o saperne di pi\u00f9?","og_url":"https:\/\/syndicom.ch\/it\/donne\/","og_site_name":"syndicom","article_modified_time":"2026-02-12T09:59:07+00:00","og_image":[{"url":"https:\/\/syndicom.ch\/app\/uploads\/2025\/11\/gewerkschaft-syndicom-femkongress-sgb-2025-aktion-1024x678.jpg","type":"","width":"","height":""}],"twitter_card":"summary_large_image","twitter_misc":{"Tempo di lettura stimato":"4 minuti"},"schema":{"@context":"https:\/\/schema.org","@graph":[{"@type":"WebPage","@id":"https:\/\/syndicom.ch\/it\/donne\/","url":"https:\/\/syndicom.ch\/it\/donne\/","name":"Donne - syndicom","isPartOf":{"@id":"https:\/\/syndicom.ch\/it\/#website"},"primaryImageOfPage":{"@id":"https:\/\/syndicom.ch\/it\/donne\/#primaryimage"},"image":{"@id":"https:\/\/syndicom.ch\/it\/donne\/#primaryimage"},"thumbnailUrl":"https:\/\/syndicom.ch\/app\/uploads\/2025\/11\/gewerkschaft-syndicom-femkongress-sgb-2025-aktion-1024x678.jpg","datePublished":"2024-07-24T13:00:45+00:00","dateModified":"2026-02-12T09:59:07+00:00","description":"La tua adesione conta e fa la differenza! Vuoi contribuire ai lavori di un gruppo syndicom a favore dell\u2019uguaglianza o saperne di pi\u00f9?","breadcrumb":{"@id":"https:\/\/syndicom.ch\/it\/donne\/#breadcrumb"},"inLanguage":"it-IT","potentialAction":[{"@type":"ReadAction","target":["https:\/\/syndicom.ch\/it\/donne\/"]}]},{"@type":"ImageObject","inLanguage":"it-IT","@id":"https:\/\/syndicom.ch\/it\/donne\/#primaryimage","url":"https:\/\/syndicom.ch\/app\/uploads\/2025\/11\/gewerkschaft-syndicom-femkongress-sgb-2025-aktion-1024x678.jpg","contentUrl":"https:\/\/syndicom.ch\/app\/uploads\/2025\/11\/gewerkschaft-syndicom-femkongress-sgb-2025-aktion-1024x678.jpg"},{"@type":"BreadcrumbList","@id":"https:\/\/syndicom.ch\/it\/donne\/#breadcrumb","itemListElement":[{"@type":"ListItem","position":1,"name":"Pagina iniziale","item":"https:\/\/syndicom.ch\/it\/"},{"@type":"ListItem","position":2,"name":"Donne"}]},{"@type":"WebSite","@id":"https:\/\/syndicom.ch\/it\/#website","url":"https:\/\/syndicom.ch\/it\/","name":"syndicom","description":"","publisher":{"@id":"https:\/\/syndicom.ch\/it\/#organization"},"potentialAction":[{"@type":"SearchAction","target":{"@type":"EntryPoint","urlTemplate":"https:\/\/syndicom.ch\/it\/?s={search_term_string}"},"query-input":{"@type":"PropertyValueSpecification","valueRequired":true,"valueName":"search_term_string"}}],"inLanguage":"it-IT"},{"@type":"Organization","@id":"https:\/\/syndicom.ch\/it\/#organization","name":"syndicom","url":"https:\/\/syndicom.ch\/it\/","logo":{"@type":"ImageObject","inLanguage":"it-IT","@id":"https:\/\/syndicom.ch\/it\/#\/schema\/logo\/image\/","url":"https:\/\/syndicom.ch\/app\/uploads\/2024\/06\/logo.svg","contentUrl":"https:\/\/syndicom.ch\/app\/uploads\/2024\/06\/logo.svg","width":297,"height":51,"caption":"syndicom"},"image":{"@id":"https:\/\/syndicom.ch\/it\/#\/schema\/logo\/image\/"}}]}},"_links":{"self":[{"href":"https:\/\/syndicom.ch\/it\/wp-json\/wp\/v2\/pages\/5868","targetHints":{"allow":["GET"]}}],"collection":[{"href":"https:\/\/syndicom.ch\/it\/wp-json\/wp\/v2\/pages"}],"about":[{"href":"https:\/\/syndicom.ch\/it\/wp-json\/wp\/v2\/types\/page"}],"author":[{"embeddable":true,"href":"https:\/\/syndicom.ch\/it\/wp-json\/wp\/v2\/users\/2"}],"replies":[{"embeddable":true,"href":"https:\/\/syndicom.ch\/it\/wp-json\/wp\/v2\/comments?post=5868"}],"version-history":[{"count":33,"href":"https:\/\/syndicom.ch\/it\/wp-json\/wp\/v2\/pages\/5868\/revisions"}],"predecessor-version":[{"id":57614,"href":"https:\/\/syndicom.ch\/it\/wp-json\/wp\/v2\/pages\/5868\/revisions\/57614"}],"wp:attachment":[{"href":"https:\/\/syndicom.ch\/it\/wp-json\/wp\/v2\/media?parent=5868"}],"wp:term":[{"taxonomy":"category","embeddable":true,"href":"https:\/\/syndicom.ch\/it\/wp-json\/wp\/v2\/categories?post=5868"}],"curies":[{"name":"wp","href":"https:\/\/api.w.org\/{rel}","templated":true}]}}