{"id":5994,"date":"2024-07-24T14:43:21","date_gmt":"2024-07-24T12:43:21","guid":{"rendered":"https:\/\/projects.atxeit.ch\/syndicom\/?page_id=5994"},"modified":"2026-04-14T10:42:41","modified_gmt":"2026-04-14T08:42:41","slug":"giovani","status":"publish","type":"page","link":"https:\/\/syndicom.ch\/it\/giovani\/","title":{"rendered":"Giovani"},"content":{"rendered":"\n<div class=\"wp-block-group alignfull has-primary-background-color has-background is-layout-constrained wp-block-group-is-layout-constrained\">\n<div class=\"wp-block-group is-style-narrow is-layout-constrained wp-block-group-is-layout-constrained\">\n<h1 class=\"wp-block-heading has-background-color has-text-color has-link-color wp-elements-3915893167e9d4d216423146d5d9c0a0\">Lavora in modo intelligente. Sii forte. Rendi equa la formazione. Con il tuo sindacato!<\/h1>\n\n\n\n<div class=\"wp-block-columns is-layout-flex wp-container-core-columns-is-layout-9d6595d7 wp-block-columns-is-layout-flex\">\n<div class=\"wp-block-column is-layout-flow wp-block-column-is-layout-flow\" style=\"flex-basis:66.66%\">\n<p class=\"is-style-lead has-background-color has-text-color has-link-color wp-elements-54fe4e30cb07876a7bc0df6e28df5a08\">Il gruppo di interesse (GI) Giovani di syndicom riunisce tutti i membri del sindacato sotto i 30 anni. Che tu sia durante o dopo l\u2019apprendistato o la formazione, ci impegniamo a difendere i diritti dei lavoratori nei settori della logistica, dell\u2019ICT e dei media. Lottiamo insieme per migliorare le condizioni di lavoro e di formazione e ti aiutiamo a far valere i tuoi diritti.<\/p>\n<\/div>\n\n\n\n<div class=\"wp-block-column is-layout-flow wp-block-column-is-layout-flow\" style=\"flex-basis:33.33%\">\n<div class=\"wp-block-group is-vertical is-nowrap is-layout-flex wp-container-core-group-is-layout-fc43baa9 wp-block-group-is-layout-flex\">\n<p><sup><a href=\"#sindacato\" type=\"internal\" id=\"#sindacato\"><mark style=\"background-color:#0D7EAC\" class=\"has-inline-color has-background-color\">\u279c Che cos\u2019\u00e8 un sindacato<\/mark><\/a><mark style=\"background-color:#0D7EAC\" class=\"has-inline-color has-background-color\"><br><\/mark><a href=\"#formazione\" type=\"internal\" id=\"#formazione\"><mark style=\"background-color:#0D7EAC\" class=\"has-inline-color has-background-color\">\u279cFormazione anzich\u00e9 sfruttamento: i tuoi diritti durante l\u2019apprendistato<\/mark><\/a><mark style=\"background-color:#0D7EAC\" class=\"has-inline-color has-background-color\"><br><\/mark><a href=\"#lavoro\" type=\"internal\" id=\"#lavoro\"><mark style=\"background-color:#0D7EAC\" class=\"has-inline-color has-background-color\">\u279c L\u2019ingresso nel mondo del lavoro<\/mark><\/a><br><a href=\"#adesione\" type=\"internal\" id=\"#adesione\"><mark style=\"background-color:#0D7EAC\" class=\"has-inline-color has-background-color\">\u279c Pi\u00f9 forti insieme: ecco perch\u00e9 vale la pena aderire<\/mark><\/a><\/sup><\/p>\n<\/div>\n<\/div>\n<\/div>\n<\/div>\n<\/div>\n\n\n\n<div class=\"wp-block-group alignfull has-background-background-color has-background is-layout-constrained wp-block-group-is-layout-constrained\">\n<div class=\"wp-block-group is-style-narrow is-layout-constrained wp-block-group-is-layout-constrained\">\n<h2 class=\"wp-block-heading\" id=\"sindacato\"><strong>Che cos&#8217;\u00e8 un sindacato?<\/strong><\/h2>\n\n\n\n<p>I lavoratori e le lavoratrici si organizzano in un sindacato per ottenere insieme migliori condizioni di lavoro. <strong>Il nostro strumento pi\u00f9 potente \u00e8 il contratto collettivo di lavoro (CCL). <\/strong>Un CCL si applica a tutti i dipendenti di un determinato settore o di una determinata azienda. <strong>Esso garantisce che tutti i dipendenti abbiano gli stessi diritti. <\/strong>In esso possono essere regolati anche <strong>l\u2019ammontare dei salari<\/strong>, il <strong>numero di giorni di ferie <\/strong>e gli <strong>orari di lavoro<\/strong>. Sosteniamo e accompagniamo i lavoratori per far valere le loro rivendicazioni nei confronti dei datori di lavoro. <strong>Lottiamo anche al fianco dei lavoratori nelle aziende in cui non abbiamo un CCL.<\/strong><\/p>\n\n\n\n<div class=\"wp-block-group is-style-default is-nowrap is-layout-flex wp-container-core-group-is-layout-ad2f72ca wp-block-group-is-layout-flex\">\n<p>Nella tua azienda vige un CCL?<\/p>\n\n\n\n<div class=\"wp-block-group is-layout-constrained wp-block-group-is-layout-constrained\">\n<div class=\"wp-block-buttons is-layout-flex wp-block-buttons-is-layout-flex\">\n<div class=\"wp-block-button is-style-outline is-style-outline--1\"><a class=\"wp-block-button__link has-primary-color has-text-color has-link-color wp-element-button\" href=\"https:\/\/syndicom.ch\/it\/contratti-collettivi-di-lavoro-ccl\/\" target=\"_blank\" rel=\"noreferrer noopener\">Qui trovi tutti i nostri CCL<\/a><\/div>\n<\/div>\n<\/div>\n<\/div>\n\n\n\n<div style=\"height:100px\" aria-hidden=\"true\" class=\"wp-block-spacer\"><\/div>\n\n\n\n<h3 class=\"wp-block-heading has-text-align-center\"><strong>Ecco perch\u00e9 i nostri membri si impegnano con noi<\/strong><\/h3>\n\n\n\n<div class=\"wp-block-query alignfull is-layout-flow wp-block-query-is-layout-flow\">\n<div class=\"wp-block-group alignwide is-style-default is-layout-constrained wp-block-group-is-layout-constrained\"><ul class=\"columns-3 alignwide wp-block-post-template is-layout-grid wp-container-core-post-template-is-layout-2f3213d7 wp-block-post-template-is-layout-grid\"><li class=\"wp-block-post post-46957 syn_magazine type-syn_magazine status-publish has-post-thumbnail hentry syn_magazine_category-commercio-dei-libri syn_magazine_category-giovani syn_magazine_category-salario syn_magazine_category-swisscom-it\">\n\n<div class=\"wp-block-media-text is-stacked-on-mobile is-style-logo\"><figure class=\"wp-block-media-text__media\"><\/figure><div class=\"wp-block-media-text__content\"><div class=\"has-text-align-right wp-block-post-date\"><time datetime=\"2025-09-02T16:32:55+02:00\">2.9.2025<\/time><\/div>\n\n\n<div class=\"wp-block-cover is-light is-style-default\" style=\"min-height:270px;aspect-ratio:unset;\"><span aria-hidden=\"true\" class=\"wp-block-cover__background has-background-background-color has-background-dim-40 has-background-dim\"><\/span><img loading=\"lazy\" decoding=\"async\" width=\"1067\" height=\"1067\" src=\"https:\/\/syndicom.ch\/app\/uploads\/2025\/09\/gewerkschaft-syndicom-icon-sorge-jugend.jpg\" class=\"wp-block-cover__image-background wp-post-image\" alt=\"\" data-object-fit=\"cover\" data-object-position=\"44% 50%\" style=\"object-position:44% 50%;\" srcset=\"https:\/\/syndicom.ch\/app\/uploads\/2025\/09\/gewerkschaft-syndicom-icon-sorge-jugend.jpg 1067w, https:\/\/syndicom.ch\/app\/uploads\/2025\/09\/gewerkschaft-syndicom-icon-sorge-jugend-300x300.jpg 300w, https:\/\/syndicom.ch\/app\/uploads\/2025\/09\/gewerkschaft-syndicom-icon-sorge-jugend-1024x1024.jpg 1024w, https:\/\/syndicom.ch\/app\/uploads\/2025\/09\/gewerkschaft-syndicom-icon-sorge-jugend-150x150.jpg 150w, https:\/\/syndicom.ch\/app\/uploads\/2025\/09\/gewerkschaft-syndicom-icon-sorge-jugend-768x768.jpg 768w\" sizes=\"auto, (max-width: 1067px) 100vw, 1067px\" \/><div class=\"wp-block-cover__inner-container is-layout-constrained wp-block-cover-is-layout-constrained\">\n<p><br><br><\/p>\n\n\n<h3 class=\"has-text-align-left has-link-color alignwide wp-elements-f46cbe21f6e3b1156f862cc5a4549c11 wp-block-post-title has-text-color has-primary-color has-background has-background-background-color\"><a href=\"https:\/\/syndicom.ch\/it\/rivista\/dobbiamo-fare-una-distinzione-tra-lavoro-e-lavoro-salariato\/\" target=\"_blank\" >Dobbiamo fare una distinzione tra lavoro e lavoro salariato<\/a><\/h3><\/div><\/div>\n\n\n<a href=\"https:\/\/syndicom.ch\/it\/rivista\/dobbiamo-fare-una-distinzione-tra-lavoro-e-lavoro-salariato\/\"><\/a><div class=\"syn-post-terms\" style=\"display: none\"><a href=\"#\" class=\"syn-post-terms__link\" data-term-id=\"339\">Commercio dei libri<\/a> <a href=\"#\" class=\"syn-post-terms__link\" data-term-id=\"333\">Giovani<\/a> <a href=\"#\" class=\"syn-post-terms__link\" data-term-id=\"282\">Salario<\/a> <a href=\"#\" class=\"syn-post-terms__link\" data-term-id=\"345\">Swisscom<\/a> <\/div>\n\n<\/div><\/div>\n\n<\/li><li class=\"wp-block-post post-38372 syn_magazine type-syn_magazine status-publish has-post-thumbnail hentry syn_magazine_category-commercio-dei-libri syn_magazine_category-giovani syn_magazine_category-portrait-it\">\n\n<div class=\"wp-block-media-text is-stacked-on-mobile is-style-logo\"><figure class=\"wp-block-media-text__media\"><\/figure><div class=\"wp-block-media-text__content\"><div class=\"has-text-align-right wp-block-post-date\"><time datetime=\"2025-06-04T14:50:52+02:00\">4.6.2025<\/time><\/div>\n\n\n<div class=\"wp-block-cover is-light is-style-default\" style=\"min-height:270px;aspect-ratio:unset;\"><span aria-hidden=\"true\" class=\"wp-block-cover__background has-background-background-color has-background-dim-40 has-background-dim\"><\/span><img loading=\"lazy\" decoding=\"async\" width=\"2560\" height=\"1902\" src=\"https:\/\/syndicom.ch\/app\/uploads\/2025\/06\/gewerkschaft-syndicom-portrait-zoe-sutter-scaled.jpg\" class=\"wp-block-cover__image-background wp-post-image\" alt=\"\" data-object-fit=\"cover\" data-object-position=\"44% 50%\" style=\"object-position:44% 50%;\" srcset=\"https:\/\/syndicom.ch\/app\/uploads\/2025\/06\/gewerkschaft-syndicom-portrait-zoe-sutter-scaled.jpg 2560w, https:\/\/syndicom.ch\/app\/uploads\/2025\/06\/gewerkschaft-syndicom-portrait-zoe-sutter-300x223.jpg 300w, https:\/\/syndicom.ch\/app\/uploads\/2025\/06\/gewerkschaft-syndicom-portrait-zoe-sutter-1024x761.jpg 1024w, https:\/\/syndicom.ch\/app\/uploads\/2025\/06\/gewerkschaft-syndicom-portrait-zoe-sutter-768x571.jpg 768w, https:\/\/syndicom.ch\/app\/uploads\/2025\/06\/gewerkschaft-syndicom-portrait-zoe-sutter-1536x1141.jpg 1536w, https:\/\/syndicom.ch\/app\/uploads\/2025\/06\/gewerkschaft-syndicom-portrait-zoe-sutter-2048x1521.jpg 2048w\" sizes=\"auto, (max-width: 2560px) 100vw, 2560px\" \/><div class=\"wp-block-cover__inner-container is-layout-constrained wp-block-cover-is-layout-constrained\">\n<p><br><br><\/p>\n\n\n<h3 class=\"has-text-align-left has-link-color alignwide wp-elements-f46cbe21f6e3b1156f862cc5a4549c11 wp-block-post-title has-text-color has-primary-color has-background has-background-background-color\"><a href=\"https:\/\/syndicom.ch\/it\/rivista\/ritratto-zoe-sutter\/\" target=\"_blank\" >\u00abMi sono sentita molto impotente\u00bb<\/a><\/h3><\/div><\/div>\n\n\n<a href=\"https:\/\/syndicom.ch\/it\/rivista\/ritratto-zoe-sutter\/\"><\/a><div class=\"syn-post-terms\" style=\"display: none\"><a href=\"#\" class=\"syn-post-terms__link\" data-term-id=\"339\">Commercio dei libri<\/a> <a href=\"#\" class=\"syn-post-terms__link\" data-term-id=\"333\">Giovani<\/a> <a href=\"#\" class=\"syn-post-terms__link\" data-term-id=\"349\">Ritratto<\/a> <\/div>\n\n<\/div><\/div>\n\n<\/li><\/ul><\/div>\n\n\n\n\n<\/div>\n\n\n\n<div style=\"height:151px\" aria-hidden=\"true\" class=\"wp-block-spacer\"><\/div>\n\n\n\n<h2 class=\"wp-block-heading\" id=\"formazione\"><strong><strong>Focus sugli apprendisti: formazione anzich\u00e9 sfruttamento<\/strong><\/strong><\/h2>\n\n\n\n<p>La Svizzera \u00e8 orgogliosa del proprio sistema di apprendistato! Noi riteniamo che gli apprendisti apportino un contributo estremamente importante alle loro aziende. Secondo alcune stime, <a href=\"https:\/\/www.suffp.swiss\/ricerca\/rilevamento-costi-benefici\/2025\" target=\"_blank\" rel=\"noreferrer noopener nofollow\">gli apprendisti generano 5,7 miliardi di CHF per l\u2019economia svizzera !<\/a> Ci\u00f2 ha un prezzo: <strong>molti apprendisti lamentano stanchezza e stress.<\/strong> Si tratta di un chiaro segnale d\u2019allarme!<\/p>\n\n\n\n<p><a href=\"https:\/\/syndicom.ch\/it\/guida\/?gqs=giov&#038;catfilter=\" type=\"link\" id=\"https:\/\/syndicom.ch\/it\/guida\/?gqs=giov&amp;catfilter=\" target=\"_blank\" rel=\"noreferrer noopener\"><a href=\"https:\/\/syndicom.ch\/it\/guida\/?gqs=lehre&#038;catfilter=\">Qui rispondiamo a tutte le tue domande sull&#8217;apprendistato.<\/a><\/a><\/p>\n\n\n\n<p><strong>Non devi dire di s\u00ec a tutto!<\/strong> In qualit\u00e0 di apprendista, per te valgono regole particolari. Soprattutto se non hai ancora compiuto 18 anni. La tua formazione \u00e8 l&#8217;obiettivo principale. Ecco perch\u00e9 \u00e8 importante che tu conosca i tuoi diritti. In questa guida pratica troverai gratuitamente tante risposte alle tue domande dalla A alla Z: www.rechte-der-lernenden.ch <a href=\"http:\/\/www.diritti-degli-apprendisti.ch\" type=\"link\" id=\"www.diritti-degli-apprendisti.ch\" target=\"_blank\" rel=\"noreferrer noopener nofollow\">www.diritti-degli-apprendisti.ch<\/a><\/p>\n\n\n\n<p><\/p>\n\n\n\n<h3 class=\"wp-block-heading has-text-align-center\"><strong><strong>Ti aiutiamo a far valere i tuoi diritti<\/strong><\/strong><br><strong><strong>\u2013 durante e dopo la formazione<\/strong><\/strong><\/h3>\n\n\n\n<p class=\"has-text-align-center\">\u00a9 Samira Belorf<br><strong><a href=\"https:\/\/syndicom.ch\/app\/uploads\/2025\/07\/sindacato-syndicom-giovani-fumetto.pdf\" type=\"link\" id=\"https:\/\/syndicom.ch\/app\/uploads\/2025\/07\/sindacato-syndicom-giovani-fumetto.pdf\" target=\"_blank\" rel=\"noreferrer noopener\"><strong><strong>L\u2019intero fumetto in una pagina<\/strong><\/strong><\/a><\/strong><\/p>\n\n\n\n<div class=\"wp-block-group is-style-slider is-autoplay is-style-narrow-mid is-layout-constrained wp-block-group-is-layout-constrained\">\n<div class=\"wp-block-group coblocks-animate is-layout-constrained wp-block-group-is-layout-constrained\" data-coblocks-animation=\"zoomIn\">\n<figure data-wp-context=\"{&quot;imageId&quot;:&quot;69f55857f239e&quot;}\" data-wp-interactive=\"core\/image\" data-wp-key=\"69f55857f239e\" class=\"wp-block-image aligncenter size-full has-lightbox wp-lightbox-container\"><img loading=\"lazy\" decoding=\"async\" width=\"2133\" height=\"1039\" data-wp-class--hide=\"state.isContentHidden\" data-wp-class--show=\"state.isContentVisible\" data-wp-init=\"callbacks.setButtonStyles\" data-wp-on--click=\"actions.showLightbox\" data-wp-on--load=\"callbacks.setButtonStyles\" data-wp-on-window--resize=\"callbacks.setButtonStyles\" src=\"https:\/\/syndicom.ch\/app\/uploads\/2025\/07\/sindacato-syndicom-giovani-fumetto-1.jpg\" alt=\"\" class=\"wp-image-42982\" srcset=\"https:\/\/syndicom.ch\/app\/uploads\/2025\/07\/sindacato-syndicom-giovani-fumetto-1.jpg 2133w, https:\/\/syndicom.ch\/app\/uploads\/2025\/07\/sindacato-syndicom-giovani-fumetto-1-300x146.jpg 300w, https:\/\/syndicom.ch\/app\/uploads\/2025\/07\/sindacato-syndicom-giovani-fumetto-1-1024x499.jpg 1024w, https:\/\/syndicom.ch\/app\/uploads\/2025\/07\/sindacato-syndicom-giovani-fumetto-1-768x374.jpg 768w, https:\/\/syndicom.ch\/app\/uploads\/2025\/07\/sindacato-syndicom-giovani-fumetto-1-1536x748.jpg 1536w, https:\/\/syndicom.ch\/app\/uploads\/2025\/07\/sindacato-syndicom-giovani-fumetto-1-2048x998.jpg 2048w\" sizes=\"auto, (max-width: 2133px) 100vw, 2133px\" \/><button\n\t\t\tclass=\"lightbox-trigger\"\n\t\t\ttype=\"button\"\n\t\t\taria-haspopup=\"dialog\"\n\t\t\taria-label=\"Ingrandisci\"\n\t\t\tdata-wp-init=\"callbacks.initTriggerButton\"\n\t\t\tdata-wp-on--click=\"actions.showLightbox\"\n\t\t\tdata-wp-style--right=\"state.imageButtonRight\"\n\t\t\tdata-wp-style--top=\"state.imageButtonTop\"\n\t\t>\n\t\t\t<svg xmlns=\"http:\/\/www.w3.org\/2000\/svg\" width=\"12\" height=\"12\" fill=\"none\" viewBox=\"0 0 12 12\">\n\t\t\t\t<path fill=\"#fff\" d=\"M2 0a2 2 0 0 0-2 2v2h1.5V2a.5.5 0 0 1 .5-.5h2V0H2Zm2 10.5H2a.5.5 0 0 1-.5-.5V8H0v2a2 2 0 0 0 2 2h2v-1.5ZM8 12v-1.5h2a.5.5 0 0 0 .5-.5V8H12v2a2 2 0 0 1-2 2H8Zm2-12a2 2 0 0 1 2 2v2h-1.5V2a.5.5 0 0 0-.5-.5H8V0h2Z\" \/>\n\t\t\t<\/svg>\n\t\t<\/button><\/figure>\n<\/div>\n\n\n\n<div class=\"wp-block-group coblocks-animate is-layout-constrained wp-block-group-is-layout-constrained\" data-coblocks-animation=\"zoomIn\">\n<figure data-wp-context=\"{&quot;imageId&quot;:&quot;69f55857f278a&quot;}\" data-wp-interactive=\"core\/image\" data-wp-key=\"69f55857f278a\" class=\"wp-block-image aligncenter size-full has-lightbox wp-lightbox-container\"><img loading=\"lazy\" decoding=\"async\" width=\"2063\" height=\"1268\" data-wp-class--hide=\"state.isContentHidden\" data-wp-class--show=\"state.isContentVisible\" data-wp-init=\"callbacks.setButtonStyles\" data-wp-on--click=\"actions.showLightbox\" data-wp-on--load=\"callbacks.setButtonStyles\" data-wp-on-window--resize=\"callbacks.setButtonStyles\" src=\"https:\/\/syndicom.ch\/app\/uploads\/2025\/07\/sindacato-syndicom-giovani-fumetto-2.jpg\" alt=\"\" class=\"wp-image-42986\" srcset=\"https:\/\/syndicom.ch\/app\/uploads\/2025\/07\/sindacato-syndicom-giovani-fumetto-2.jpg 2063w, https:\/\/syndicom.ch\/app\/uploads\/2025\/07\/sindacato-syndicom-giovani-fumetto-2-300x184.jpg 300w, https:\/\/syndicom.ch\/app\/uploads\/2025\/07\/sindacato-syndicom-giovani-fumetto-2-1024x629.jpg 1024w, https:\/\/syndicom.ch\/app\/uploads\/2025\/07\/sindacato-syndicom-giovani-fumetto-2-768x472.jpg 768w, https:\/\/syndicom.ch\/app\/uploads\/2025\/07\/sindacato-syndicom-giovani-fumetto-2-1536x944.jpg 1536w, https:\/\/syndicom.ch\/app\/uploads\/2025\/07\/sindacato-syndicom-giovani-fumetto-2-2048x1259.jpg 2048w\" sizes=\"auto, (max-width: 2063px) 100vw, 2063px\" \/><button\n\t\t\tclass=\"lightbox-trigger\"\n\t\t\ttype=\"button\"\n\t\t\taria-haspopup=\"dialog\"\n\t\t\taria-label=\"Ingrandisci\"\n\t\t\tdata-wp-init=\"callbacks.initTriggerButton\"\n\t\t\tdata-wp-on--click=\"actions.showLightbox\"\n\t\t\tdata-wp-style--right=\"state.imageButtonRight\"\n\t\t\tdata-wp-style--top=\"state.imageButtonTop\"\n\t\t>\n\t\t\t<svg xmlns=\"http:\/\/www.w3.org\/2000\/svg\" width=\"12\" height=\"12\" fill=\"none\" viewBox=\"0 0 12 12\">\n\t\t\t\t<path fill=\"#fff\" d=\"M2 0a2 2 0 0 0-2 2v2h1.5V2a.5.5 0 0 1 .5-.5h2V0H2Zm2 10.5H2a.5.5 0 0 1-.5-.5V8H0v2a2 2 0 0 0 2 2h2v-1.5ZM8 12v-1.5h2a.5.5 0 0 0 .5-.5V8H12v2a2 2 0 0 1-2 2H8Zm2-12a2 2 0 0 1 2 2v2h-1.5V2a.5.5 0 0 0-.5-.5H8V0h2Z\" \/>\n\t\t\t<\/svg>\n\t\t<\/button><\/figure>\n<\/div>\n\n\n\n<div class=\"wp-block-group coblocks-animate is-layout-constrained wp-block-group-is-layout-constrained\" data-coblocks-animation=\"zoomIn\">\n<figure data-wp-context=\"{&quot;imageId&quot;:&quot;69f55857f2aec&quot;}\" data-wp-interactive=\"core\/image\" data-wp-key=\"69f55857f2aec\" class=\"wp-block-image aligncenter size-full has-lightbox wp-lightbox-container\"><img loading=\"lazy\" decoding=\"async\" width=\"2040\" height=\"1162\" data-wp-class--hide=\"state.isContentHidden\" data-wp-class--show=\"state.isContentVisible\" data-wp-init=\"callbacks.setButtonStyles\" data-wp-on--click=\"actions.showLightbox\" data-wp-on--load=\"callbacks.setButtonStyles\" data-wp-on-window--resize=\"callbacks.setButtonStyles\" src=\"https:\/\/syndicom.ch\/app\/uploads\/2025\/07\/sindacato-syndicom-giovani-fumetto-3.jpg\" alt=\"\" class=\"wp-image-42990\" srcset=\"https:\/\/syndicom.ch\/app\/uploads\/2025\/07\/sindacato-syndicom-giovani-fumetto-3.jpg 2040w, https:\/\/syndicom.ch\/app\/uploads\/2025\/07\/sindacato-syndicom-giovani-fumetto-3-300x171.jpg 300w, https:\/\/syndicom.ch\/app\/uploads\/2025\/07\/sindacato-syndicom-giovani-fumetto-3-1024x583.jpg 1024w, https:\/\/syndicom.ch\/app\/uploads\/2025\/07\/sindacato-syndicom-giovani-fumetto-3-768x437.jpg 768w, https:\/\/syndicom.ch\/app\/uploads\/2025\/07\/sindacato-syndicom-giovani-fumetto-3-1536x875.jpg 1536w\" sizes=\"auto, (max-width: 2040px) 100vw, 2040px\" \/><button\n\t\t\tclass=\"lightbox-trigger\"\n\t\t\ttype=\"button\"\n\t\t\taria-haspopup=\"dialog\"\n\t\t\taria-label=\"Ingrandisci\"\n\t\t\tdata-wp-init=\"callbacks.initTriggerButton\"\n\t\t\tdata-wp-on--click=\"actions.showLightbox\"\n\t\t\tdata-wp-style--right=\"state.imageButtonRight\"\n\t\t\tdata-wp-style--top=\"state.imageButtonTop\"\n\t\t>\n\t\t\t<svg xmlns=\"http:\/\/www.w3.org\/2000\/svg\" width=\"12\" height=\"12\" fill=\"none\" viewBox=\"0 0 12 12\">\n\t\t\t\t<path fill=\"#fff\" d=\"M2 0a2 2 0 0 0-2 2v2h1.5V2a.5.5 0 0 1 .5-.5h2V0H2Zm2 10.5H2a.5.5 0 0 1-.5-.5V8H0v2a2 2 0 0 0 2 2h2v-1.5ZM8 12v-1.5h2a.5.5 0 0 0 .5-.5V8H12v2a2 2 0 0 1-2 2H8Zm2-12a2 2 0 0 1 2 2v2h-1.5V2a.5.5 0 0 0-.5-.5H8V0h2Z\" \/>\n\t\t\t<\/svg>\n\t\t<\/button><\/figure>\n<\/div>\n\n\n\n<div class=\"wp-block-group coblocks-animate is-layout-constrained wp-block-group-is-layout-constrained\" data-coblocks-animation=\"zoomIn\">\n<figure data-wp-context=\"{&quot;imageId&quot;:&quot;69f55857f2e45&quot;}\" data-wp-interactive=\"core\/image\" data-wp-key=\"69f55857f2e45\" class=\"wp-block-image aligncenter size-full has-lightbox wp-lightbox-container\"><img loading=\"lazy\" decoding=\"async\" width=\"2071\" height=\"1284\" data-wp-class--hide=\"state.isContentHidden\" data-wp-class--show=\"state.isContentVisible\" data-wp-init=\"callbacks.setButtonStyles\" data-wp-on--click=\"actions.showLightbox\" data-wp-on--load=\"callbacks.setButtonStyles\" data-wp-on-window--resize=\"callbacks.setButtonStyles\" src=\"https:\/\/syndicom.ch\/app\/uploads\/2025\/07\/sindacato-syndicom-giovani-fumetto-4.jpg\" alt=\"\" class=\"wp-image-42994\" srcset=\"https:\/\/syndicom.ch\/app\/uploads\/2025\/07\/sindacato-syndicom-giovani-fumetto-4.jpg 2071w, https:\/\/syndicom.ch\/app\/uploads\/2025\/07\/sindacato-syndicom-giovani-fumetto-4-300x186.jpg 300w, https:\/\/syndicom.ch\/app\/uploads\/2025\/07\/sindacato-syndicom-giovani-fumetto-4-1024x635.jpg 1024w, https:\/\/syndicom.ch\/app\/uploads\/2025\/07\/sindacato-syndicom-giovani-fumetto-4-768x476.jpg 768w, https:\/\/syndicom.ch\/app\/uploads\/2025\/07\/sindacato-syndicom-giovani-fumetto-4-1536x952.jpg 1536w, https:\/\/syndicom.ch\/app\/uploads\/2025\/07\/sindacato-syndicom-giovani-fumetto-4-2048x1270.jpg 2048w\" sizes=\"auto, (max-width: 2071px) 100vw, 2071px\" \/><button\n\t\t\tclass=\"lightbox-trigger\"\n\t\t\ttype=\"button\"\n\t\t\taria-haspopup=\"dialog\"\n\t\t\taria-label=\"Ingrandisci\"\n\t\t\tdata-wp-init=\"callbacks.initTriggerButton\"\n\t\t\tdata-wp-on--click=\"actions.showLightbox\"\n\t\t\tdata-wp-style--right=\"state.imageButtonRight\"\n\t\t\tdata-wp-style--top=\"state.imageButtonTop\"\n\t\t>\n\t\t\t<svg xmlns=\"http:\/\/www.w3.org\/2000\/svg\" width=\"12\" height=\"12\" fill=\"none\" viewBox=\"0 0 12 12\">\n\t\t\t\t<path fill=\"#fff\" d=\"M2 0a2 2 0 0 0-2 2v2h1.5V2a.5.5 0 0 1 .5-.5h2V0H2Zm2 10.5H2a.5.5 0 0 1-.5-.5V8H0v2a2 2 0 0 0 2 2h2v-1.5ZM8 12v-1.5h2a.5.5 0 0 0 .5-.5V8H12v2a2 2 0 0 1-2 2H8Zm2-12a2 2 0 0 1 2 2v2h-1.5V2a.5.5 0 0 0-.5-.5H8V0h2Z\" \/>\n\t\t\t<\/svg>\n\t\t<\/button><\/figure>\n<\/div>\n\n\n\n<div class=\"wp-block-group coblocks-animate is-layout-constrained wp-block-group-is-layout-constrained\" data-coblocks-animation=\"zoomIn\">\n<figure data-wp-context=\"{&quot;imageId&quot;:&quot;69f55857f3193&quot;}\" data-wp-interactive=\"core\/image\" data-wp-key=\"69f55857f3193\" class=\"wp-block-image aligncenter size-full has-lightbox wp-lightbox-container\"><img loading=\"lazy\" decoding=\"async\" width=\"2277\" height=\"1458\" data-wp-class--hide=\"state.isContentHidden\" data-wp-class--show=\"state.isContentVisible\" data-wp-init=\"callbacks.setButtonStyles\" data-wp-on--click=\"actions.showLightbox\" data-wp-on--load=\"callbacks.setButtonStyles\" data-wp-on-window--resize=\"callbacks.setButtonStyles\" src=\"https:\/\/syndicom.ch\/app\/uploads\/2025\/07\/sindacato-syndicom-giovani-fumetto-5.jpg\" alt=\"\" class=\"wp-image-42998\" srcset=\"https:\/\/syndicom.ch\/app\/uploads\/2025\/07\/sindacato-syndicom-giovani-fumetto-5.jpg 2277w, https:\/\/syndicom.ch\/app\/uploads\/2025\/07\/sindacato-syndicom-giovani-fumetto-5-300x192.jpg 300w, https:\/\/syndicom.ch\/app\/uploads\/2025\/07\/sindacato-syndicom-giovani-fumetto-5-1024x656.jpg 1024w, https:\/\/syndicom.ch\/app\/uploads\/2025\/07\/sindacato-syndicom-giovani-fumetto-5-768x492.jpg 768w, https:\/\/syndicom.ch\/app\/uploads\/2025\/07\/sindacato-syndicom-giovani-fumetto-5-1536x984.jpg 1536w, https:\/\/syndicom.ch\/app\/uploads\/2025\/07\/sindacato-syndicom-giovani-fumetto-5-2048x1311.jpg 2048w\" sizes=\"auto, (max-width: 2277px) 100vw, 2277px\" \/><button\n\t\t\tclass=\"lightbox-trigger\"\n\t\t\ttype=\"button\"\n\t\t\taria-haspopup=\"dialog\"\n\t\t\taria-label=\"Ingrandisci\"\n\t\t\tdata-wp-init=\"callbacks.initTriggerButton\"\n\t\t\tdata-wp-on--click=\"actions.showLightbox\"\n\t\t\tdata-wp-style--right=\"state.imageButtonRight\"\n\t\t\tdata-wp-style--top=\"state.imageButtonTop\"\n\t\t>\n\t\t\t<svg xmlns=\"http:\/\/www.w3.org\/2000\/svg\" width=\"12\" height=\"12\" fill=\"none\" viewBox=\"0 0 12 12\">\n\t\t\t\t<path fill=\"#fff\" d=\"M2 0a2 2 0 0 0-2 2v2h1.5V2a.5.5 0 0 1 .5-.5h2V0H2Zm2 10.5H2a.5.5 0 0 1-.5-.5V8H0v2a2 2 0 0 0 2 2h2v-1.5ZM8 12v-1.5h2a.5.5 0 0 0 .5-.5V8H12v2a2 2 0 0 1-2 2H8Zm2-12a2 2 0 0 1 2 2v2h-1.5V2a.5.5 0 0 0-.5-.5H8V0h2Z\" \/>\n\t\t\t<\/svg>\n\t\t<\/button><\/figure>\n<\/div>\n\n\n\n<div class=\"wp-block-group coblocks-animate is-layout-constrained wp-block-group-is-layout-constrained\" data-coblocks-animation=\"zoomIn\">\n<figure data-wp-context=\"{&quot;imageId&quot;:&quot;69f55857f34df&quot;}\" data-wp-interactive=\"core\/image\" data-wp-key=\"69f55857f34df\" class=\"wp-block-image aligncenter size-large has-lightbox wp-lightbox-container\"><img loading=\"lazy\" decoding=\"async\" width=\"1024\" height=\"591\" data-wp-class--hide=\"state.isContentHidden\" data-wp-class--show=\"state.isContentVisible\" data-wp-init=\"callbacks.setButtonStyles\" data-wp-on--click=\"actions.showLightbox\" data-wp-on--load=\"callbacks.setButtonStyles\" data-wp-on-window--resize=\"callbacks.setButtonStyles\" src=\"https:\/\/syndicom.ch\/app\/uploads\/2025\/07\/sindacato-syndicom-giovani-fumetto-6-1024x591.jpg\" alt=\"\" class=\"wp-image-43002\" srcset=\"https:\/\/syndicom.ch\/app\/uploads\/2025\/07\/sindacato-syndicom-giovani-fumetto-6-1024x591.jpg 1024w, https:\/\/syndicom.ch\/app\/uploads\/2025\/07\/sindacato-syndicom-giovani-fumetto-6-300x173.jpg 300w, https:\/\/syndicom.ch\/app\/uploads\/2025\/07\/sindacato-syndicom-giovani-fumetto-6-768x443.jpg 768w, https:\/\/syndicom.ch\/app\/uploads\/2025\/07\/sindacato-syndicom-giovani-fumetto-6.jpg 1161w\" sizes=\"auto, (max-width: 1024px) 100vw, 1024px\" \/><button\n\t\t\tclass=\"lightbox-trigger\"\n\t\t\ttype=\"button\"\n\t\t\taria-haspopup=\"dialog\"\n\t\t\taria-label=\"Ingrandisci\"\n\t\t\tdata-wp-init=\"callbacks.initTriggerButton\"\n\t\t\tdata-wp-on--click=\"actions.showLightbox\"\n\t\t\tdata-wp-style--right=\"state.imageButtonRight\"\n\t\t\tdata-wp-style--top=\"state.imageButtonTop\"\n\t\t>\n\t\t\t<svg xmlns=\"http:\/\/www.w3.org\/2000\/svg\" width=\"12\" height=\"12\" fill=\"none\" viewBox=\"0 0 12 12\">\n\t\t\t\t<path fill=\"#fff\" d=\"M2 0a2 2 0 0 0-2 2v2h1.5V2a.5.5 0 0 1 .5-.5h2V0H2Zm2 10.5H2a.5.5 0 0 1-.5-.5V8H0v2a2 2 0 0 0 2 2h2v-1.5ZM8 12v-1.5h2a.5.5 0 0 0 .5-.5V8H12v2a2 2 0 0 1-2 2H8Zm2-12a2 2 0 0 1 2 2v2h-1.5V2a.5.5 0 0 0-.5-.5H8V0h2Z\" \/>\n\t\t\t<\/svg>\n\t\t<\/button><\/figure>\n<\/div>\n<\/div>\n\n\n\n<div style=\"height:100px\" aria-hidden=\"true\" class=\"wp-block-spacer\"><\/div>\n\n\n\n<h2 class=\"wp-block-heading\" id=\"lavoro\"><strong><strong>L\u2019ingresso nel mondo del lavoro<\/strong><\/strong><\/h2>\n\n\n\n<p>Hai completato con successo il tuo apprendistato e i tuoi studi? Ora inizia davvero la tua carriera professionale. Ecco i settori in cui operiamo:<\/p>\n\n\n\n<div class=\"wp-block-group is-style-narrow is-layout-constrained wp-block-group-is-layout-constrained\">\n<hr class=\"wp-block-separator has-alpha-channel-opacity is-style-wide\"\/>\n\n\n\n<div class=\"wp-block-columns is-style-accordion has-background-background-color has-background is-layout-flex wp-container-core-columns-is-layout-9d6595d7 wp-block-columns-is-layout-flex\">\n<div class=\"wp-block-column has-background-background-color has-background is-layout-flow wp-block-column-is-layout-flow\">\n<h3 class=\"wp-block-heading has-primary-color has-text-color has-link-color wp-elements-9a39e1b3dc75b75001a9f5a8beb956d6\"><strong><strong>Parit\u00e0<\/strong><\/strong><\/h3>\n<\/div>\n\n\n\n<div class=\"wp-block-column is-layout-flow wp-block-column-is-layout-flow\">\n<p class=\"is-style-default\">Purtroppo \u00e8 un tema ricorrente da noi: le persone FINTA (donne, intersessuali, non binarie, trans e agender) continuano a subire discriminazioni. <a href=\"https:\/\/syndicom.ch\/it\/donne\/\" type=\"page\" id=\"5868\" target=\"_blank\" rel=\"noreferrer noopener\">Qui trovi il nostro impegno contro la discriminazione di genere sul posto di lavoro.<\/a><\/p>\n\n\n\n<p class=\"is-style-default\">Se vuoi impegnarti per un mondo del lavoro femminista, la nostra commissione donne \u00e8 aperta a tutti i membri di FINTA: <a href=\"mailto:gleichstellung@syndicom.ch\">gleichstellung@syndicom.ch<\/a><\/p>\n<\/div>\n<\/div>\n\n\n\n<hr class=\"wp-block-separator has-alpha-channel-opacity is-style-wide\"\/>\n\n\n\n<div class=\"wp-block-columns is-style-accordion has-background-background-color has-background is-layout-flex wp-container-core-columns-is-layout-9d6595d7 wp-block-columns-is-layout-flex\">\n<div class=\"wp-block-column has-background-background-color has-background is-layout-flow wp-block-column-is-layout-flow\">\n<h3 class=\"wp-block-heading has-primary-color has-text-color has-link-color wp-elements-a16800dd736467e73a91a2df59b80903\"><strong><strong><strong>Salari<\/strong><\/strong><\/strong><\/h3>\n<\/div>\n\n\n\n<div class=\"wp-block-column is-layout-flow wp-block-column-is-layout-flow\">\n<p class=\"is-style-default\">Tutti dovrebbero poter vivere del proprio salario. Soprattutto i giovani lavoratori, le donne e i migranti lavorano spesso in settori a bassa retribuzione. Per questo ci impegniamo a favore di salari equi e di un buon salario minimo: <a href=\"https:\/\/syndicom.ch\/it\/salario\/\" type=\"page\" id=\"42034\" target=\"_blank\" rel=\"noreferrer noopener\">syndicom.ch\/it\/salario\/<\/a><\/p>\n<\/div>\n<\/div>\n\n\n\n<hr class=\"wp-block-separator has-alpha-channel-opacity is-style-wide\"\/>\n\n\n\n<div class=\"wp-block-columns is-style-accordion has-background-background-color has-background is-layout-flex wp-container-core-columns-is-layout-9d6595d7 wp-block-columns-is-layout-flex\">\n<div class=\"wp-block-column has-background-background-color has-background is-layout-flow wp-block-column-is-layout-flow\">\n<h3 class=\"wp-block-heading has-primary-color has-text-color has-link-color wp-elements-8f7509ebdd1434a4e671e071a8111d23\"><strong><strong><strong><strong>La generazione dei tirocini?<\/strong><\/strong><\/strong><\/strong><\/h3>\n<\/div>\n\n\n\n<div class=\"wp-block-column is-layout-flow wp-block-column-is-layout-flow\">\n<p class=\"is-style-default\">Hai finito la formazione o gli studi, ma non riesci a trovare un lavoro a tempo indeterminato e vieni sballottato da un tirocinio all\u2019altro? Non sei l\u2019unico ad avere questo problema. Purtroppo in Svizzera i tirocini non sono regolamentati dalla legge. Sii consapevole del tuo valore!<\/p>\n\n\n\n<p class=\"is-style-default\">Importante: un tirocinio <strong>dovrebbe facilitarti l&#8217;ingresso nel mondo del lavoro<\/strong> e <strong>non sfruttare<\/strong> la tua forza lavoro. Un buon tirocinio deve avere carattere formativo. Ci\u00f2 include un <strong>ambito di mansioni chiaro<\/strong>, una <strong>durata limitata<\/strong> a un massimo di un anno e <strong>ferie pagate.<\/strong><\/p>\n<\/div>\n<\/div>\n\n\n\n<hr class=\"wp-block-separator has-alpha-channel-opacity is-style-wide\"\/>\n\n\n\n<div class=\"wp-block-columns is-style-accordion has-background-background-color has-background is-layout-flex wp-container-core-columns-is-layout-9d6595d7 wp-block-columns-is-layout-flex\">\n<div class=\"wp-block-column has-background-background-color has-background is-layout-flow wp-block-column-is-layout-flow\">\n<h3 class=\"wp-block-heading has-primary-color has-text-color has-link-color wp-elements-0f956658635b0b150a63e75f78cf1e62\"><strong><strong><strong><strong><strong>Operatori dei media sotto i 30 anni<\/strong><\/strong><\/strong><\/strong><\/strong><\/h3>\n<\/div>\n\n\n\n<div class=\"wp-block-column is-layout-flow wp-block-column-is-layout-flow\">\n<p class=\"is-style-default\">Come sindacato dei lavoratori dei media, ci battiamo per condizioni di lavoro eque nel settore dei media. Soprattutto per chi \u00e8 agli inizi della carriera, entrare nel mondo del giornalismo \u00e8 diventato difficile. Per questo collaboriamo strettamente con i Giovani Giornalisti Svizzeri (JJS): <a href=\"https:\/\/www.jjs.ch\/\" target=\"_blank\" rel=\"noreferrer noopener nofollow\">www.jjs.ch<\/a><\/p>\n<\/div>\n<\/div>\n\n\n\n<hr class=\"wp-block-separator has-alpha-channel-opacity is-style-wide\"\/>\n<\/div>\n<\/div>\n<\/div>\n\n\n\n<p><\/p>\n\n\n\n<div class=\"wp-block-group alignfull has-tertiary-background-color has-background is-layout-constrained wp-block-group-is-layout-constrained\">\n<div class=\"wp-block-group is-style-narrow is-layout-constrained wp-block-group-is-layout-constrained\">\n<div class=\"wp-block-group is-style-narrow is-layout-constrained wp-block-group-is-layout-constrained\">\n<h2 class=\"wp-block-heading\" id=\"adesione\"><strong>Adesione: insieme siamo forti!<\/strong><\/h2>\n\n\n\n<p>Che si tratti delle ferie pagate, della settimana lavorativa di 5 giorni, dell\u2019AVS o della giornata lavorativa di 8 ore: tutto questo l\u2019abbiamo ottenuto noi sindacati unendo le nostre forze. Pi\u00f9 siamo, pi\u00f9 \u00e8 facile lottare insieme per buone condizioni di lavoro e salari equi. Che tu sia un socio passivo o un membro attivo, insieme siamo pi\u00f9 forti che da soli!<\/p>\n\n\n\n<div class=\"wp-block-group is-style-default is-nowrap is-layout-flex wp-container-core-group-is-layout-ad2f72ca wp-block-group-is-layout-flex\">\n<p>Quali sono i vantaggi di aderire?<\/p>\n\n\n\n<div class=\"wp-block-group is-layout-constrained wp-block-group-is-layout-constrained\">\n<div class=\"wp-block-buttons is-layout-flex wp-block-buttons-is-layout-flex\">\n<div class=\"wp-block-button is-style-outline is-style-outline--2\"><a class=\"wp-block-button__link has-primary-color has-text-color has-link-color wp-element-button\" href=\"https:\/\/syndicom.ch\/it\/faq-adesione\/\" target=\"_blank\" rel=\"noreferrer noopener\">Qui trovi le risposte.<\/a><\/div>\n<\/div>\n<\/div>\n<\/div>\n<\/div>\n<\/div>\n<\/div>\n\n\n\n<p><\/p>\n\n\n\n<div class=\"wp-block-group alignfull has-background-background-color has-background is-layout-constrained wp-block-group-is-layout-constrained\">\n<div class=\"wp-block-group is-style-narrow is-layout-constrained wp-block-group-is-layout-constrained\">\n<div class=\"wp-block-group is-style-narrow is-layout-constrained wp-block-group-is-layout-constrained\">\n<h3 class=\"wp-block-heading\"><strong><strong><strong>Avete domande sul GI Giovani, idee per un progetto o volete impegnarvi in prima persona nel lavoro con i giovani?<\/strong><\/strong><\/strong><\/h3>\n\n\n\n<div class=\"wp-block-group is-style-default is-nowrap is-layout-flex wp-container-core-group-is-layout-ad2f72ca wp-block-group-is-layout-flex\">\n<figure data-wp-context=\"{&quot;imageId&quot;:&quot;69f5585801c47&quot;}\" data-wp-interactive=\"core\/image\" data-wp-key=\"69f5585801c47\" class=\"wp-block-image size-full is-style-default has-lightbox wp-container-content-29dca9c1 wp-lightbox-container\"><img decoding=\"async\" data-wp-class--hide=\"state.isContentHidden\" data-wp-class--show=\"state.isContentVisible\" data-wp-init=\"callbacks.setButtonStyles\" data-wp-on--click=\"actions.showLightbox\" data-wp-on--load=\"callbacks.setButtonStyles\" data-wp-on-window--resize=\"callbacks.setButtonStyles\" src=\"https:\/\/syndicom.ch\/app\/uploads\/2025\/01\/gewerkschaft-syndicom-jane-bossard-scaled.jpg\" alt=\"Jeannine \u00abJane\u00bb Bossard\" class=\"wp-image-2640\" style=\"aspect-ratio:1;object-fit:cover\"\/><button\n\t\t\tclass=\"lightbox-trigger\"\n\t\t\ttype=\"button\"\n\t\t\taria-haspopup=\"dialog\"\n\t\t\taria-label=\"Ingrandisci\"\n\t\t\tdata-wp-init=\"callbacks.initTriggerButton\"\n\t\t\tdata-wp-on--click=\"actions.showLightbox\"\n\t\t\tdata-wp-style--right=\"state.imageButtonRight\"\n\t\t\tdata-wp-style--top=\"state.imageButtonTop\"\n\t\t>\n\t\t\t<svg xmlns=\"http:\/\/www.w3.org\/2000\/svg\" width=\"12\" height=\"12\" fill=\"none\" viewBox=\"0 0 12 12\">\n\t\t\t\t<path fill=\"#fff\" d=\"M2 0a2 2 0 0 0-2 2v2h1.5V2a.5.5 0 0 1 .5-.5h2V0H2Zm2 10.5H2a.5.5 0 0 1-.5-.5V8H0v2a2 2 0 0 0 2 2h2v-1.5ZM8 12v-1.5h2a.5.5 0 0 0 .5-.5V8H12v2a2 2 0 0 1-2 2H8Zm2-12a2 2 0 0 1 2 2v2h-1.5V2a.5.5 0 0 0-.5-.5H8V0h2Z\" \/>\n\t\t\t<\/svg>\n\t\t<\/button><\/figure>\n\n\n\n<div class=\"wp-block-group is-layout-constrained wp-block-group-is-layout-constrained\">\n<p>Allora contattate <strong>Jeannine \u00abJane\u00bb Bossard<\/strong>, segretaria dei giovani:<br><br>E-mail: <a href=\"mailto:jugend@syndicom.ch\">jugend@syndicom.ch<\/a><br>Telefono: <a href=\"tel:+41 58 817 18 18\">+41 58 817 18 18<\/a><\/p>\n<\/div>\n<\/div>\n<\/div>\n<\/div>\n<\/div>\n","protected":false},"excerpt":{"rendered":"<p>Lavora in modo intelligente. Sii forte. Rendi equa la formazione. Con il tuo sindacato! Il gruppo di interesse (GI) Giovani di syndicom riunisce tutti i membri del sindacato sotto i 30 anni. Che tu sia durante o dopo l\u2019apprendistato o la formazione, ci impegniamo a difendere i diritti dei lavoratori nei settori della logistica, dell\u2019ICT [&hellip;]<\/p>\n","protected":false},"author":2,"featured_media":0,"parent":0,"menu_order":0,"comment_status":"closed","ping_status":"closed","template":"","meta":{"_acf_changed":false,"inline_featured_image":false,"_coblocks_attr":"","_coblocks_dimensions":"","_coblocks_responsive_height":"","_coblocks_accordion_ie_support":"","footnotes":""},"categories":[],"class_list":["post-5994","page","type-page","status-publish","hentry"],"acf":[],"yoast_head":"<!-- This site is optimized with the Yoast SEO plugin v27.3 - https:\/\/yoast.com\/product\/yoast-seo-wordpress\/ -->\n<title>Giovani - syndicom<\/title>\n<meta name=\"description\" content=\"Giovani di syndicom. Le nostre principali preoccupazioni: migliori condizioni di lavoro per apprendisti e giovani dipendenti!\" \/>\n<meta name=\"robots\" content=\"index, follow, max-snippet:-1, max-image-preview:large, max-video-preview:-1\" \/>\n<link rel=\"canonical\" href=\"https:\/\/syndicom.ch\/it\/giovani\/\" \/>\n<meta property=\"og:locale\" content=\"it_IT\" \/>\n<meta property=\"og:type\" content=\"article\" \/>\n<meta property=\"og:title\" content=\"Giovani - syndicom\" \/>\n<meta property=\"og:description\" content=\"Giovani di syndicom. Le nostre principali preoccupazioni: migliori condizioni di lavoro per apprendisti e giovani dipendenti!\" \/>\n<meta property=\"og:url\" content=\"https:\/\/syndicom.ch\/it\/giovani\/\" \/>\n<meta property=\"og:site_name\" content=\"syndicom\" \/>\n<meta property=\"article:modified_time\" content=\"2026-04-14T08:42:41+00:00\" \/>\n<meta property=\"og:image\" content=\"https:\/\/syndicom.ch\/app\/uploads\/2025\/07\/sindacato-syndicom-giovani-fumetto-1.jpg\" \/>\n<meta name=\"twitter:card\" content=\"summary_large_image\" \/>\n<meta name=\"twitter:label1\" content=\"Tempo di lettura stimato\" \/>\n\t<meta name=\"twitter:data1\" content=\"6 minuti\" \/>\n<script type=\"application\/ld+json\" class=\"yoast-schema-graph\">{\"@context\":\"https:\\\/\\\/schema.org\",\"@graph\":[{\"@type\":\"WebPage\",\"@id\":\"https:\\\/\\\/syndicom.ch\\\/it\\\/giovani\\\/\",\"url\":\"https:\\\/\\\/syndicom.ch\\\/it\\\/giovani\\\/\",\"name\":\"Giovani - syndicom\",\"isPartOf\":{\"@id\":\"https:\\\/\\\/syndicom.ch\\\/it\\\/#website\"},\"primaryImageOfPage\":{\"@id\":\"https:\\\/\\\/syndicom.ch\\\/it\\\/giovani\\\/#primaryimage\"},\"image\":{\"@id\":\"https:\\\/\\\/syndicom.ch\\\/it\\\/giovani\\\/#primaryimage\"},\"thumbnailUrl\":\"https:\\\/\\\/syndicom.ch\\\/app\\\/uploads\\\/2025\\\/07\\\/sindacato-syndicom-giovani-fumetto-1.jpg\",\"datePublished\":\"2024-07-24T12:43:21+00:00\",\"dateModified\":\"2026-04-14T08:42:41+00:00\",\"description\":\"Giovani di syndicom. Le nostre principali preoccupazioni: migliori condizioni di lavoro per apprendisti e giovani dipendenti!\",\"breadcrumb\":{\"@id\":\"https:\\\/\\\/syndicom.ch\\\/it\\\/giovani\\\/#breadcrumb\"},\"inLanguage\":\"it-IT\",\"potentialAction\":[{\"@type\":\"ReadAction\",\"target\":[\"https:\\\/\\\/syndicom.ch\\\/it\\\/giovani\\\/\"]}]},{\"@type\":\"ImageObject\",\"inLanguage\":\"it-IT\",\"@id\":\"https:\\\/\\\/syndicom.ch\\\/it\\\/giovani\\\/#primaryimage\",\"url\":\"https:\\\/\\\/syndicom.ch\\\/app\\\/uploads\\\/2025\\\/07\\\/sindacato-syndicom-giovani-fumetto-1.jpg\",\"contentUrl\":\"https:\\\/\\\/syndicom.ch\\\/app\\\/uploads\\\/2025\\\/07\\\/sindacato-syndicom-giovani-fumetto-1.jpg\"},{\"@type\":\"BreadcrumbList\",\"@id\":\"https:\\\/\\\/syndicom.ch\\\/it\\\/giovani\\\/#breadcrumb\",\"itemListElement\":[{\"@type\":\"ListItem\",\"position\":1,\"name\":\"Pagina iniziale\",\"item\":\"https:\\\/\\\/syndicom.ch\\\/it\\\/\"},{\"@type\":\"ListItem\",\"position\":2,\"name\":\"Giovani\"}]},{\"@type\":\"WebSite\",\"@id\":\"https:\\\/\\\/syndicom.ch\\\/it\\\/#website\",\"url\":\"https:\\\/\\\/syndicom.ch\\\/it\\\/\",\"name\":\"syndicom\",\"description\":\"\",\"publisher\":{\"@id\":\"https:\\\/\\\/syndicom.ch\\\/it\\\/#organization\"},\"potentialAction\":[{\"@type\":\"SearchAction\",\"target\":{\"@type\":\"EntryPoint\",\"urlTemplate\":\"https:\\\/\\\/syndicom.ch\\\/it\\\/?s={search_term_string}\"},\"query-input\":{\"@type\":\"PropertyValueSpecification\",\"valueRequired\":true,\"valueName\":\"search_term_string\"}}],\"inLanguage\":\"it-IT\"},{\"@type\":\"Organization\",\"@id\":\"https:\\\/\\\/syndicom.ch\\\/it\\\/#organization\",\"name\":\"syndicom\",\"url\":\"https:\\\/\\\/syndicom.ch\\\/it\\\/\",\"logo\":{\"@type\":\"ImageObject\",\"inLanguage\":\"it-IT\",\"@id\":\"https:\\\/\\\/syndicom.ch\\\/it\\\/#\\\/schema\\\/logo\\\/image\\\/\",\"url\":\"https:\\\/\\\/syndicom.ch\\\/app\\\/uploads\\\/2024\\\/06\\\/logo.svg\",\"contentUrl\":\"https:\\\/\\\/syndicom.ch\\\/app\\\/uploads\\\/2024\\\/06\\\/logo.svg\",\"width\":297,\"height\":51,\"caption\":\"syndicom\"},\"image\":{\"@id\":\"https:\\\/\\\/syndicom.ch\\\/it\\\/#\\\/schema\\\/logo\\\/image\\\/\"}}]}<\/script>\n<!-- \/ Yoast SEO plugin. -->","yoast_head_json":{"title":"Giovani - syndicom","description":"Giovani di syndicom. Le nostre principali preoccupazioni: migliori condizioni di lavoro per apprendisti e giovani dipendenti!","robots":{"index":"index","follow":"follow","max-snippet":"max-snippet:-1","max-image-preview":"max-image-preview:large","max-video-preview":"max-video-preview:-1"},"canonical":"https:\/\/syndicom.ch\/it\/giovani\/","og_locale":"it_IT","og_type":"article","og_title":"Giovani - syndicom","og_description":"Giovani di syndicom. Le nostre principali preoccupazioni: migliori condizioni di lavoro per apprendisti e giovani dipendenti!","og_url":"https:\/\/syndicom.ch\/it\/giovani\/","og_site_name":"syndicom","article_modified_time":"2026-04-14T08:42:41+00:00","og_image":[{"url":"https:\/\/syndicom.ch\/app\/uploads\/2025\/07\/sindacato-syndicom-giovani-fumetto-1.jpg","type":"","width":"","height":""}],"twitter_card":"summary_large_image","twitter_misc":{"Tempo di lettura stimato":"6 minuti"},"schema":{"@context":"https:\/\/schema.org","@graph":[{"@type":"WebPage","@id":"https:\/\/syndicom.ch\/it\/giovani\/","url":"https:\/\/syndicom.ch\/it\/giovani\/","name":"Giovani - syndicom","isPartOf":{"@id":"https:\/\/syndicom.ch\/it\/#website"},"primaryImageOfPage":{"@id":"https:\/\/syndicom.ch\/it\/giovani\/#primaryimage"},"image":{"@id":"https:\/\/syndicom.ch\/it\/giovani\/#primaryimage"},"thumbnailUrl":"https:\/\/syndicom.ch\/app\/uploads\/2025\/07\/sindacato-syndicom-giovani-fumetto-1.jpg","datePublished":"2024-07-24T12:43:21+00:00","dateModified":"2026-04-14T08:42:41+00:00","description":"Giovani di syndicom. Le nostre principali preoccupazioni: migliori condizioni di lavoro per apprendisti e giovani dipendenti!","breadcrumb":{"@id":"https:\/\/syndicom.ch\/it\/giovani\/#breadcrumb"},"inLanguage":"it-IT","potentialAction":[{"@type":"ReadAction","target":["https:\/\/syndicom.ch\/it\/giovani\/"]}]},{"@type":"ImageObject","inLanguage":"it-IT","@id":"https:\/\/syndicom.ch\/it\/giovani\/#primaryimage","url":"https:\/\/syndicom.ch\/app\/uploads\/2025\/07\/sindacato-syndicom-giovani-fumetto-1.jpg","contentUrl":"https:\/\/syndicom.ch\/app\/uploads\/2025\/07\/sindacato-syndicom-giovani-fumetto-1.jpg"},{"@type":"BreadcrumbList","@id":"https:\/\/syndicom.ch\/it\/giovani\/#breadcrumb","itemListElement":[{"@type":"ListItem","position":1,"name":"Pagina iniziale","item":"https:\/\/syndicom.ch\/it\/"},{"@type":"ListItem","position":2,"name":"Giovani"}]},{"@type":"WebSite","@id":"https:\/\/syndicom.ch\/it\/#website","url":"https:\/\/syndicom.ch\/it\/","name":"syndicom","description":"","publisher":{"@id":"https:\/\/syndicom.ch\/it\/#organization"},"potentialAction":[{"@type":"SearchAction","target":{"@type":"EntryPoint","urlTemplate":"https:\/\/syndicom.ch\/it\/?s={search_term_string}"},"query-input":{"@type":"PropertyValueSpecification","valueRequired":true,"valueName":"search_term_string"}}],"inLanguage":"it-IT"},{"@type":"Organization","@id":"https:\/\/syndicom.ch\/it\/#organization","name":"syndicom","url":"https:\/\/syndicom.ch\/it\/","logo":{"@type":"ImageObject","inLanguage":"it-IT","@id":"https:\/\/syndicom.ch\/it\/#\/schema\/logo\/image\/","url":"https:\/\/syndicom.ch\/app\/uploads\/2024\/06\/logo.svg","contentUrl":"https:\/\/syndicom.ch\/app\/uploads\/2024\/06\/logo.svg","width":297,"height":51,"caption":"syndicom"},"image":{"@id":"https:\/\/syndicom.ch\/it\/#\/schema\/logo\/image\/"}}]}},"_links":{"self":[{"href":"https:\/\/syndicom.ch\/it\/wp-json\/wp\/v2\/pages\/5994","targetHints":{"allow":["GET"]}}],"collection":[{"href":"https:\/\/syndicom.ch\/it\/wp-json\/wp\/v2\/pages"}],"about":[{"href":"https:\/\/syndicom.ch\/it\/wp-json\/wp\/v2\/types\/page"}],"author":[{"embeddable":true,"href":"https:\/\/syndicom.ch\/it\/wp-json\/wp\/v2\/users\/2"}],"replies":[{"embeddable":true,"href":"https:\/\/syndicom.ch\/it\/wp-json\/wp\/v2\/comments?post=5994"}],"version-history":[{"count":54,"href":"https:\/\/syndicom.ch\/it\/wp-json\/wp\/v2\/pages\/5994\/revisions"}],"predecessor-version":[{"id":60930,"href":"https:\/\/syndicom.ch\/it\/wp-json\/wp\/v2\/pages\/5994\/revisions\/60930"}],"wp:attachment":[{"href":"https:\/\/syndicom.ch\/it\/wp-json\/wp\/v2\/media?parent=5994"}],"wp:term":[{"taxonomy":"category","embeddable":true,"href":"https:\/\/syndicom.ch\/it\/wp-json\/wp\/v2\/categories?post=5994"}],"curies":[{"name":"wp","href":"https:\/\/api.w.org\/{rel}","templated":true}]}}