{"id":61761,"date":"2026-04-24T13:26:14","date_gmt":"2026-04-24T11:26:14","guid":{"rendered":"https:\/\/syndicom.ch\/?page_id=61761"},"modified":"2026-04-27T10:41:06","modified_gmt":"2026-04-27T08:41:06","slug":"no-alliniziativa-del-caos","status":"publish","type":"page","link":"https:\/\/syndicom.ch\/it\/no-alliniziativa-del-caos\/","title":{"rendered":"NO all\u2019iniziativa del caos"},"content":{"rendered":"\n<div class=\"wp-block-group alignfull has-primary-background-color has-background is-layout-constrained wp-block-group-is-layout-constrained\">\n<div class=\"wp-block-group is-style-narrow is-layout-constrained wp-block-group-is-layout-constrained\">\n<h1 class=\"wp-block-heading has-background-color has-text-color has-link-color wp-elements-203cb23c3117b8e21cb0a55ffed9c9ed\"><strong>NO all\u2019iniziativa del caos il 14 giugno 2026<\/strong><\/h1>\n\n\n\n<div class=\"wp-block-columns is-layout-flex wp-container-core-columns-is-layout-9d6595d7 wp-block-columns-is-layout-flex\">\n<div class=\"wp-block-column is-layout-flow wp-block-column-is-layout-flow\" style=\"flex-basis:66.66%\">\n<p class=\"is-style-lead has-background-color has-text-color has-link-color wp-elements-7055b8f7a7b76f8538254db8b29d43b8\">Il 14 giugno voteremo sull\u2019iniziativa del caos. syndicom dir\u00e0 NO, perch\u00e9 l\u2019iniziativa mette a rischio i nostri salari, le nostre pensioni e i nostri posti di lavoro.<\/p>\n<\/div>\n\n\n\n<div class=\"wp-block-column is-layout-flow wp-block-column-is-layout-flow\" style=\"flex-basis:33.33%\">\n<div class=\"wp-block-group is-vertical is-nowrap is-layout-flex wp-container-core-group-is-layout-fc43baa9 wp-block-group-is-layout-flex\">\n<p><sup><a href=\"#Di-cosa-si-tratta\" type=\"internal\" id=\"#Di-cosa-si-tratta\"><mark style=\"background-color:#0D7EAC\" class=\"has-inline-color has-background-color\">\u279c Di cosa si tratta<\/mark><\/a><br><a href=\"#argomenti\" type=\"internal\" id=\"#argomenti\"><mark style=\"background-color:#0D7EAC\" class=\"has-inline-color has-background-color\">\u279c Ecco perch\u00e9 diciamo no<\/mark><\/a><br><a href=\"#tuo-sostegno\" type=\"internal\" id=\"#tuo-sostegno\"><mark style=\"background-color:#0D7EAC\" class=\"has-inline-color has-background-color\">\u279c Il tuo sostegno \u00e8 fondamentale<\/mark><\/a><\/sup><\/p>\n<\/div>\n<\/div>\n<\/div>\n<\/div>\n<\/div>\n\n\n\n<div class=\"wp-block-group alignfull has-background-background-color has-background is-layout-constrained wp-block-group-is-layout-constrained\">\n<div class=\"wp-block-group is-style-narrow is-layout-constrained wp-block-group-is-layout-constrained\">\n<div class=\"wp-block-group is-style-narrow is-layout-constrained wp-block-group-is-layout-constrained\">\n<h2 class=\"wp-block-heading has-text-align-center has-background-color has-primary-background-color has-text-color has-background has-link-color wp-elements-f51000d53483b5dcde5585ce4b2d7177\" id=\"Di-cosa-si-tratta\"><strong>Di cosa si tratta<\/strong><\/h2>\n\n\n\n<p>Il 14 giugno 2026 voteremo in Svizzera sull\u2019iniziativa popolare \u00abNo a una Svizzera da 10 milioni di abitanti! (Iniziativa per la sostenibilit\u00e0)\u00bb, la cosiddetta \u00abIniziativa del caos\u00bb.<\/p>\n\n\n\n<p>L\u2019iniziativa vuole limitare l\u2019immigrazione e mira quindi alla denuncia della libera circolazione delle persone e, di conseguenza, degli accordi bilaterali con l\u2019Unione Europea. Ci\u00f2 avrebbe conseguenze disastrose per molti aspetti della nostra vita quotidiana e del mondo del lavoro.<\/p>\n\n\n\n<p>Questa iniziativa mette a rischio<\/p>\n\n\n\n<ul class=\"wp-block-list\">\n<li class=\"is-style-check\">i salari<\/li>\n\n\n\n<li class=\"is-style-check\">le pensioni<\/li>\n\n\n\n<li class=\"is-style-check\">i posti di lavoro e<\/li>\n\n\n\n<li class=\"is-style-check\">il servizio pubblico.<\/li>\n<\/ul>\n<\/div>\n<\/div>\n<\/div>\n\n\n\n<figure data-wp-context=\"{&quot;imageId&quot;:&quot;69f5eb5507b16&quot;}\" data-wp-interactive=\"core\/image\" data-wp-key=\"69f5eb5507b16\" class=\"wp-block-image alignwide size-full has-lightbox wp-lightbox-container\"><img loading=\"lazy\" decoding=\"async\" width=\"1207\" height=\"712\" data-wp-class--hide=\"state.isContentHidden\" data-wp-class--show=\"state.isContentVisible\" data-wp-init=\"callbacks.setButtonStyles\" data-wp-on--click=\"actions.showLightbox\" data-wp-on--load=\"callbacks.setButtonStyles\" data-wp-on-window--resize=\"callbacks.setButtonStyles\" src=\"https:\/\/syndicom.ch\/app\/uploads\/2026\/04\/sindacato-syndicom-uss-iniziativa-caos-2026-visual-uomo.png\" alt=\"\" class=\"wp-image-61791\" srcset=\"https:\/\/syndicom.ch\/app\/uploads\/2026\/04\/sindacato-syndicom-uss-iniziativa-caos-2026-visual-uomo.png 1207w, https:\/\/syndicom.ch\/app\/uploads\/2026\/04\/sindacato-syndicom-uss-iniziativa-caos-2026-visual-uomo-300x177.png 300w, https:\/\/syndicom.ch\/app\/uploads\/2026\/04\/sindacato-syndicom-uss-iniziativa-caos-2026-visual-uomo-1024x604.png 1024w, https:\/\/syndicom.ch\/app\/uploads\/2026\/04\/sindacato-syndicom-uss-iniziativa-caos-2026-visual-uomo-768x453.png 768w\" sizes=\"auto, (max-width: 1207px) 100vw, 1207px\" \/><button\n\t\t\tclass=\"lightbox-trigger\"\n\t\t\ttype=\"button\"\n\t\t\taria-haspopup=\"dialog\"\n\t\t\taria-label=\"Ingrandisci\"\n\t\t\tdata-wp-init=\"callbacks.initTriggerButton\"\n\t\t\tdata-wp-on--click=\"actions.showLightbox\"\n\t\t\tdata-wp-style--right=\"state.imageButtonRight\"\n\t\t\tdata-wp-style--top=\"state.imageButtonTop\"\n\t\t>\n\t\t\t<svg xmlns=\"http:\/\/www.w3.org\/2000\/svg\" width=\"12\" height=\"12\" fill=\"none\" viewBox=\"0 0 12 12\">\n\t\t\t\t<path fill=\"#fff\" d=\"M2 0a2 2 0 0 0-2 2v2h1.5V2a.5.5 0 0 1 .5-.5h2V0H2Zm2 10.5H2a.5.5 0 0 1-.5-.5V8H0v2a2 2 0 0 0 2 2h2v-1.5ZM8 12v-1.5h2a.5.5 0 0 0 .5-.5V8H12v2a2 2 0 0 1-2 2H8Zm2-12a2 2 0 0 1 2 2v2h-1.5V2a.5.5 0 0 0-.5-.5H8V0h2Z\" \/>\n\t\t\t<\/svg>\n\t\t<\/button><\/figure>\n\n\n\n<div class=\"wp-block-group alignfull has-background-background-color has-background is-layout-constrained wp-block-group-is-layout-constrained\">\n<div class=\"wp-block-group is-style-narrow is-layout-constrained wp-block-group-is-layout-constrained\">\n<div class=\"wp-block-group is-style-narrow is-layout-constrained wp-block-group-is-layout-constrained\">\n<h2 class=\"wp-block-heading has-text-align-center has-background-color has-primary-background-color has-text-color has-background has-link-color wp-elements-9d28351cf1517e8e460e4757a6ba6d17\" id=\"argomenti\"><strong>Per questo syndicom dir\u00e0 NO il 14 giugno<\/strong><\/h2>\n\n\n\n<p>La Svizzera deve affrontare sfide concrete. Ma questa iniziativa non le risolver\u00e0. Creer\u00e0 invece nuovi problemi: maggiori incertezze, maggiori pressioni sulle lavoratrici e i lavoratori e maggiori difficolt\u00e0 per il Paese nella vita quotidiana.<\/p>\n\n\n\n<div class=\"wp-block-group is-nowrap is-layout-flex wp-container-core-group-is-layout-ad2f72ca wp-block-group-is-layout-flex\">\n<div class=\"wp-block-group is-layout-constrained wp-container-core-group-is-layout-6fdff0fd wp-block-group-is-layout-constrained\">\n<figure data-wp-context=\"{&quot;imageId&quot;:&quot;69f5eb55082bd&quot;}\" data-wp-interactive=\"core\/image\" data-wp-key=\"69f5eb55082bd\" class=\"wp-block-image size-full has-lightbox wp-lightbox-container\"><img loading=\"lazy\" decoding=\"async\" width=\"886\" height=\"756\" data-wp-class--hide=\"state.isContentHidden\" data-wp-class--show=\"state.isContentVisible\" data-wp-init=\"callbacks.setButtonStyles\" data-wp-on--click=\"actions.showLightbox\" data-wp-on--load=\"callbacks.setButtonStyles\" data-wp-on-window--resize=\"callbacks.setButtonStyles\" src=\"https:\/\/syndicom.ch\/app\/uploads\/2026\/04\/sindacato-syndicom-uss-iniziativa-caos-2026-logo.png\" alt=\"\" class=\"wp-image-61790\" srcset=\"https:\/\/syndicom.ch\/app\/uploads\/2026\/04\/sindacato-syndicom-uss-iniziativa-caos-2026-logo.png 886w, https:\/\/syndicom.ch\/app\/uploads\/2026\/04\/sindacato-syndicom-uss-iniziativa-caos-2026-logo-300x256.png 300w, https:\/\/syndicom.ch\/app\/uploads\/2026\/04\/sindacato-syndicom-uss-iniziativa-caos-2026-logo-768x655.png 768w\" sizes=\"auto, (max-width: 886px) 100vw, 886px\" \/><button\n\t\t\tclass=\"lightbox-trigger\"\n\t\t\ttype=\"button\"\n\t\t\taria-haspopup=\"dialog\"\n\t\t\taria-label=\"Ingrandisci\"\n\t\t\tdata-wp-init=\"callbacks.initTriggerButton\"\n\t\t\tdata-wp-on--click=\"actions.showLightbox\"\n\t\t\tdata-wp-style--right=\"state.imageButtonRight\"\n\t\t\tdata-wp-style--top=\"state.imageButtonTop\"\n\t\t>\n\t\t\t<svg xmlns=\"http:\/\/www.w3.org\/2000\/svg\" width=\"12\" height=\"12\" fill=\"none\" viewBox=\"0 0 12 12\">\n\t\t\t\t<path fill=\"#fff\" d=\"M2 0a2 2 0 0 0-2 2v2h1.5V2a.5.5 0 0 1 .5-.5h2V0H2Zm2 10.5H2a.5.5 0 0 1-.5-.5V8H0v2a2 2 0 0 0 2 2h2v-1.5ZM8 12v-1.5h2a.5.5 0 0 0 .5-.5V8H12v2a2 2 0 0 1-2 2H8Zm2-12a2 2 0 0 1 2 2v2h-1.5V2a.5.5 0 0 0-.5-.5H8V0h2Z\" \/>\n\t\t\t<\/svg>\n\t\t<\/button><\/figure>\n<\/div>\n\n\n\n<h3 class=\"wp-block-heading has-primary-color has-text-color has-link-color wp-elements-6928877a4f563c9670df6503291d330c\">NO<strong>, perch\u00e9 i posti di lavoro verranno messi a rischio<\/strong><\/h3>\n<\/div>\n\n\n\n<p>Molte aziende in Svizzera collaborano strettamente con l\u2019Europa. Se questa collaborazione si deteriora, l\u2019economia ne risentir\u00e0. Ci saranno meno investimenti e le aziende saranno pi\u00f9 propense a tagliare posti di lavoro o a delocalizzare delle attivit\u00e0 all&#8217;estero. Questo metter\u00e0 a rischio i posti di lavoro in Svizzera.<\/p>\n\n\n\n<hr class=\"wp-block-separator has-alpha-channel-opacity is-style-wide\"\/>\n\n\n\n<div class=\"wp-block-group is-nowrap is-layout-flex wp-container-core-group-is-layout-ad2f72ca wp-block-group-is-layout-flex\">\n<div class=\"wp-block-group is-layout-constrained wp-container-core-group-is-layout-6fdff0fd wp-block-group-is-layout-constrained\">\n<figure data-wp-context=\"{&quot;imageId&quot;:&quot;69f5eb55087d2&quot;}\" data-wp-interactive=\"core\/image\" data-wp-key=\"69f5eb55087d2\" class=\"wp-block-image size-full has-lightbox wp-lightbox-container\"><img loading=\"lazy\" decoding=\"async\" width=\"886\" height=\"756\" data-wp-class--hide=\"state.isContentHidden\" data-wp-class--show=\"state.isContentVisible\" data-wp-init=\"callbacks.setButtonStyles\" data-wp-on--click=\"actions.showLightbox\" data-wp-on--load=\"callbacks.setButtonStyles\" data-wp-on-window--resize=\"callbacks.setButtonStyles\" src=\"https:\/\/syndicom.ch\/app\/uploads\/2026\/04\/sindacato-syndicom-uss-iniziativa-caos-2026-logo.png\" alt=\"\" class=\"wp-image-61790\" srcset=\"https:\/\/syndicom.ch\/app\/uploads\/2026\/04\/sindacato-syndicom-uss-iniziativa-caos-2026-logo.png 886w, https:\/\/syndicom.ch\/app\/uploads\/2026\/04\/sindacato-syndicom-uss-iniziativa-caos-2026-logo-300x256.png 300w, https:\/\/syndicom.ch\/app\/uploads\/2026\/04\/sindacato-syndicom-uss-iniziativa-caos-2026-logo-768x655.png 768w\" sizes=\"auto, (max-width: 886px) 100vw, 886px\" \/><button\n\t\t\tclass=\"lightbox-trigger\"\n\t\t\ttype=\"button\"\n\t\t\taria-haspopup=\"dialog\"\n\t\t\taria-label=\"Ingrandisci\"\n\t\t\tdata-wp-init=\"callbacks.initTriggerButton\"\n\t\t\tdata-wp-on--click=\"actions.showLightbox\"\n\t\t\tdata-wp-style--right=\"state.imageButtonRight\"\n\t\t\tdata-wp-style--top=\"state.imageButtonTop\"\n\t\t>\n\t\t\t<svg xmlns=\"http:\/\/www.w3.org\/2000\/svg\" width=\"12\" height=\"12\" fill=\"none\" viewBox=\"0 0 12 12\">\n\t\t\t\t<path fill=\"#fff\" d=\"M2 0a2 2 0 0 0-2 2v2h1.5V2a.5.5 0 0 1 .5-.5h2V0H2Zm2 10.5H2a.5.5 0 0 1-.5-.5V8H0v2a2 2 0 0 0 2 2h2v-1.5ZM8 12v-1.5h2a.5.5 0 0 0 .5-.5V8H12v2a2 2 0 0 1-2 2H8Zm2-12a2 2 0 0 1 2 2v2h-1.5V2a.5.5 0 0 0-.5-.5H8V0h2Z\" \/>\n\t\t\t<\/svg>\n\t\t<\/button><\/figure>\n<\/div>\n\n\n\n<h3 class=\"wp-block-heading has-primary-color has-text-color has-link-color wp-elements-6793116be7abc1f46276a8351f0d9c58\">NO<strong>, perch\u00e9 i salari devono rimanere meglio tutelati<\/strong><\/h3>\n<\/div>\n\n\n\n<p>Oggi esistono regole che impediscono alle aziende di pagare semplicemente salari pi\u00f9 bassi. Queste norme sono importanti per tutte le lavoratrici e i lavoratori. Se questa protezione si indebolir\u00e0, le aziende potranno esercitare pi\u00f9 facilmente pressioni sui salari. In definitiva, molte persone guadagneranno meno o avranno condizioni di lavoro peggiori.<\/p>\n\n\n\n<hr class=\"wp-block-separator has-alpha-channel-opacity is-style-wide\"\/>\n\n\n\n<div class=\"wp-block-group is-nowrap is-layout-flex wp-container-core-group-is-layout-ad2f72ca wp-block-group-is-layout-flex\">\n<div class=\"wp-block-group is-layout-constrained wp-container-core-group-is-layout-6fdff0fd wp-block-group-is-layout-constrained\">\n<figure data-wp-context=\"{&quot;imageId&quot;:&quot;69f5eb5508ccf&quot;}\" data-wp-interactive=\"core\/image\" data-wp-key=\"69f5eb5508ccf\" class=\"wp-block-image size-full has-lightbox wp-lightbox-container\"><img loading=\"lazy\" decoding=\"async\" width=\"886\" height=\"756\" data-wp-class--hide=\"state.isContentHidden\" data-wp-class--show=\"state.isContentVisible\" data-wp-init=\"callbacks.setButtonStyles\" data-wp-on--click=\"actions.showLightbox\" data-wp-on--load=\"callbacks.setButtonStyles\" data-wp-on-window--resize=\"callbacks.setButtonStyles\" src=\"https:\/\/syndicom.ch\/app\/uploads\/2026\/04\/sindacato-syndicom-uss-iniziativa-caos-2026-logo.png\" alt=\"\" class=\"wp-image-61790\" srcset=\"https:\/\/syndicom.ch\/app\/uploads\/2026\/04\/sindacato-syndicom-uss-iniziativa-caos-2026-logo.png 886w, https:\/\/syndicom.ch\/app\/uploads\/2026\/04\/sindacato-syndicom-uss-iniziativa-caos-2026-logo-300x256.png 300w, https:\/\/syndicom.ch\/app\/uploads\/2026\/04\/sindacato-syndicom-uss-iniziativa-caos-2026-logo-768x655.png 768w\" sizes=\"auto, (max-width: 886px) 100vw, 886px\" \/><button\n\t\t\tclass=\"lightbox-trigger\"\n\t\t\ttype=\"button\"\n\t\t\taria-haspopup=\"dialog\"\n\t\t\taria-label=\"Ingrandisci\"\n\t\t\tdata-wp-init=\"callbacks.initTriggerButton\"\n\t\t\tdata-wp-on--click=\"actions.showLightbox\"\n\t\t\tdata-wp-style--right=\"state.imageButtonRight\"\n\t\t\tdata-wp-style--top=\"state.imageButtonTop\"\n\t\t>\n\t\t\t<svg xmlns=\"http:\/\/www.w3.org\/2000\/svg\" width=\"12\" height=\"12\" fill=\"none\" viewBox=\"0 0 12 12\">\n\t\t\t\t<path fill=\"#fff\" d=\"M2 0a2 2 0 0 0-2 2v2h1.5V2a.5.5 0 0 1 .5-.5h2V0H2Zm2 10.5H2a.5.5 0 0 1-.5-.5V8H0v2a2 2 0 0 0 2 2h2v-1.5ZM8 12v-1.5h2a.5.5 0 0 0 .5-.5V8H12v2a2 2 0 0 1-2 2H8Zm2-12a2 2 0 0 1 2 2v2h-1.5V2a.5.5 0 0 0-.5-.5H8V0h2Z\" \/>\n\t\t\t<\/svg>\n\t\t<\/button><\/figure>\n<\/div>\n\n\n\n<h3 class=\"wp-block-heading has-primary-color has-text-color has-link-color wp-elements-221a97eaa0101fd04d285c5e0ff28ce4\">NO<strong>, perch\u00e9 l&#8217;AVS e le pensioni hanno bisogno di fondi<\/strong><\/h3>\n<\/div>\n\n\n\n<p>L&#8217;AVS e le pensioni funzionano solo se un numero sufficiente di persone lavora e versa i contributi. Questo diventer\u00e0 pi\u00f9 difficile se in Svizzera arriveranno meno persone in et\u00e0 lavorativa. Di conseguenza, mancheranno i soldi necessari per l&#8217;AVS e le rendite di vecchiaia.<\/p>\n\n\n\n<hr class=\"wp-block-separator has-alpha-channel-opacity is-style-wide\"\/>\n\n\n\n<div class=\"wp-block-group is-nowrap is-layout-flex wp-container-core-group-is-layout-ad2f72ca wp-block-group-is-layout-flex\">\n<div class=\"wp-block-group is-layout-constrained wp-container-core-group-is-layout-6fdff0fd wp-block-group-is-layout-constrained\">\n<figure data-wp-context=\"{&quot;imageId&quot;:&quot;69f5eb55091fd&quot;}\" data-wp-interactive=\"core\/image\" data-wp-key=\"69f5eb55091fd\" class=\"wp-block-image size-full has-lightbox wp-lightbox-container\"><img loading=\"lazy\" decoding=\"async\" width=\"886\" height=\"756\" data-wp-class--hide=\"state.isContentHidden\" data-wp-class--show=\"state.isContentVisible\" data-wp-init=\"callbacks.setButtonStyles\" data-wp-on--click=\"actions.showLightbox\" data-wp-on--load=\"callbacks.setButtonStyles\" data-wp-on-window--resize=\"callbacks.setButtonStyles\" src=\"https:\/\/syndicom.ch\/app\/uploads\/2026\/04\/sindacato-syndicom-uss-iniziativa-caos-2026-logo.png\" alt=\"\" class=\"wp-image-61790\" srcset=\"https:\/\/syndicom.ch\/app\/uploads\/2026\/04\/sindacato-syndicom-uss-iniziativa-caos-2026-logo.png 886w, https:\/\/syndicom.ch\/app\/uploads\/2026\/04\/sindacato-syndicom-uss-iniziativa-caos-2026-logo-300x256.png 300w, https:\/\/syndicom.ch\/app\/uploads\/2026\/04\/sindacato-syndicom-uss-iniziativa-caos-2026-logo-768x655.png 768w\" sizes=\"auto, (max-width: 886px) 100vw, 886px\" \/><button\n\t\t\tclass=\"lightbox-trigger\"\n\t\t\ttype=\"button\"\n\t\t\taria-haspopup=\"dialog\"\n\t\t\taria-label=\"Ingrandisci\"\n\t\t\tdata-wp-init=\"callbacks.initTriggerButton\"\n\t\t\tdata-wp-on--click=\"actions.showLightbox\"\n\t\t\tdata-wp-style--right=\"state.imageButtonRight\"\n\t\t\tdata-wp-style--top=\"state.imageButtonTop\"\n\t\t>\n\t\t\t<svg xmlns=\"http:\/\/www.w3.org\/2000\/svg\" width=\"12\" height=\"12\" fill=\"none\" viewBox=\"0 0 12 12\">\n\t\t\t\t<path fill=\"#fff\" d=\"M2 0a2 2 0 0 0-2 2v2h1.5V2a.5.5 0 0 1 .5-.5h2V0H2Zm2 10.5H2a.5.5 0 0 1-.5-.5V8H0v2a2 2 0 0 0 2 2h2v-1.5ZM8 12v-1.5h2a.5.5 0 0 0 .5-.5V8H12v2a2 2 0 0 1-2 2H8Zm2-12a2 2 0 0 1 2 2v2h-1.5V2a.5.5 0 0 0-.5-.5H8V0h2Z\" \/>\n\t\t\t<\/svg>\n\t\t<\/button><\/figure>\n<\/div>\n\n\n\n<h3 class=\"wp-block-heading has-primary-color has-text-color has-link-color wp-elements-424f0df8e1aee9a431fc122287f4149b\">NO<strong>, perch\u00e9 nel settore sanitario c\u2019\u00e8 carenza di personale<\/strong><\/h3>\n<\/div>\n\n\n\n<p>Gi\u00e0 oggi in molti ospedali, case di cura e studi medici mancano di personale. Molte dottoresse e dottori, molte infermiere e infermieri provengono dall&#8217;estero. Se per loro diventasse pi\u00f9 difficile lavorare in Svizzera, questa carenza si aggraverebbe ulteriormente. In definitiva, questo avr\u00e0 ripercussioni negative su tutti coloro che necessitano di cure e assistenza medica di qualit\u00e0.<\/p>\n\n\n\n<hr class=\"wp-block-separator has-alpha-channel-opacity is-style-wide\"\/>\n\n\n\n<p class=\"has-text-align-center has-tertiary-background-color has-background\">Ulteriori informazioni e argomentazioni dettagliate sono disponibili qui:<br><a href=\"https:\/\/caos-no.ch\/\" type=\"link\" id=\"https:\/\/caos-no.ch\/\" target=\"_blank\" rel=\"noreferrer noopener nofollow\">caos-no.ch<\/a><\/p>\n<\/div>\n<\/div>\n<\/div>\n\n\n\n<div class=\"wp-block-group alignfull has-background-background-color has-background is-layout-constrained wp-block-group-is-layout-constrained\">\n<div class=\"wp-block-group is-style-narrow is-layout-constrained wp-block-group-is-layout-constrained\">\n<div class=\"wp-block-group is-style-narrow is-layout-constrained wp-block-group-is-layout-constrained\">\n<h2 class=\"wp-block-heading has-text-align-center has-background-color has-primary-background-color has-text-color has-background has-link-color wp-elements-3b91a316d4f4cc605e58b6b520ad99fa\" id=\"tuo-sostegno\">Il tuo sostegno \u00e8 fondamentale<\/h2>\n\n\n\n<p><\/p>\n\n\n\n<p>Per vincere questa votazione abbiamo bisogno di te. Insieme possiamo fare la differenza.<\/p>\n\n\n\n<hr class=\"wp-block-separator has-alpha-channel-opacity is-style-wide\"\/>\n\n\n\n<div class=\"wp-block-group is-style-narrow is-layout-constrained wp-block-group-is-layout-constrained\">\n<div class=\"wp-block-columns is-style-accordion has-background-background-color has-background is-layout-flex wp-container-core-columns-is-layout-9d6595d7 wp-block-columns-is-layout-flex\">\n<div class=\"wp-block-column has-background-background-color has-background is-layout-flow wp-block-column-is-layout-flow\">\n<div class=\"wp-block-group is-nowrap is-layout-flex wp-container-core-group-is-layout-ad2f72ca wp-block-group-is-layout-flex\"><div class=\"wp-block-coblocks-icon is-style-outlined\">\n\t\t\t\t<div class=\"wp-block-coblocks-icon__inner has-text-color has-primary-color\" style=\"height: 60px; width: 60px;\">\n\t\t\t\t\t<svg fill=\"none\" viewBox=\"0 0 24 24\" xmlns=\"http:\/\/www.w3.org\/2000\/svg\"><path d=\"m12 0.0585938c-6.5916562 0-11.9414062 5.34975-11.9414062 11.9414062s5.34975 11.9414062 11.9414062 11.9414062 11.9414062-5.34975 11.9414062-11.9414062-5.34975-11.9414062-11.9414062-11.9414062zm0 21.7138671c-5.3870691 0-9.7724609-4.3853918-9.7724609-9.7724609s4.3853918-9.7724609 9.7724609-9.7724609 9.7724609 4.3853918 9.7724609 9.7724609-4.3853918 9.7724609-9.7724609 9.7724609zm4.59-14.1924609-6.59 6.59-2.59-2.58-1.41 1.41 4 4 8-8z\" fill=\"currentColor\" \/><\/svg>\n\t\t\t\t<\/div>\n\t\t\t<\/div>\n\n\n<p class=\"has-primary-color has-text-color has-link-color wp-elements-071f0a7ea87bae9bb3ae839cab06882d\"><strong>Parla della votazione nella tua cerchia di conoscenti<\/strong><\/p>\n<\/div>\n<\/div>\n\n\n\n<div class=\"wp-block-column is-layout-flow wp-block-column-is-layout-flow\">\n<p class=\"is-style-default\">Spiega ad amici, familiari o colleghi perch\u00e9 un NO all&#8217;iniziativa del caos \u00e8 importante. I buoni argomenti aiutano a convincere. <a href=\"#argomenti\" type=\"internal\" id=\"#argomenti\">\u279c ai argomenti principali<\/a><\/p>\n<\/div>\n<\/div>\n\n\n\n<hr class=\"wp-block-separator has-alpha-channel-opacity is-style-wide\"\/>\n\n\n\n\n\n\n\n<div class=\"wp-block-columns is-style-accordion has-background-background-color has-background is-layout-flex wp-container-core-columns-is-layout-9d6595d7 wp-block-columns-is-layout-flex\">\n<div class=\"wp-block-column has-background-background-color has-background is-layout-flow wp-block-column-is-layout-flow\">\n<div class=\"wp-block-group is-nowrap is-layout-flex wp-container-core-group-is-layout-ad2f72ca wp-block-group-is-layout-flex\"><div class=\"wp-block-coblocks-icon is-style-outlined\">\n\t\t\t\t<div class=\"wp-block-coblocks-icon__inner has-text-color has-primary-color\" style=\"height: 60px; width: 60px;\">\n\t\t\t\t\t<svg fill=\"none\" viewBox=\"0 0 24 24\" xmlns=\"http:\/\/www.w3.org\/2000\/svg\"><path d=\"m12 0.0585938c-6.5916562 0-11.9414062 5.34975-11.9414062 11.9414062s5.34975 11.9414062 11.9414062 11.9414062 11.9414062-5.34975 11.9414062-11.9414062-5.34975-11.9414062-11.9414062-11.9414062zm0 21.7138671c-5.3870691 0-9.7724609-4.3853918-9.7724609-9.7724609s4.3853918-9.7724609 9.7724609-9.7724609 9.7724609 4.3853918 9.7724609 9.7724609-4.3853918 9.7724609-9.7724609 9.7724609zm4.59-14.1924609-6.59 6.59-2.59-2.58-1.41 1.41 4 4 8-8z\" fill=\"currentColor\" \/><\/svg>\n\t\t\t\t<\/div>\n\t\t\t<\/div>\n\n\n<p class=\"has-primary-color has-text-color has-link-color wp-elements-3764ae80861ec0d1107fc7c5bc77d932\"><strong><strong>Condividi i nostri post sui social media<\/strong><\/strong><\/p>\n<\/div>\n<\/div>\n\n\n\n<div class=\"wp-block-column is-layout-flow wp-block-column-is-layout-flow\">\n<p class=\"is-style-default\">Sui nostri canali social trovi video, argomenti e informazioni sulle azioni: <a href=\"https:\/\/linktr.ee\/syndicomsocials\" target=\"_blank\" rel=\"noreferrer noopener nofollow\">https:\/\/linktr.ee\/syndicomsocials<\/a> \u2013 Grazie per i tuoi like e condivisioni!<\/p>\n\n\n\n<p class=\"is-style-default\"><\/p>\n<\/div>\n<\/div>\n\n\n\n<hr class=\"wp-block-separator has-alpha-channel-opacity is-style-wide\"\/>\n\n\n\n<div class=\"wp-block-columns is-style-accordion has-background-background-color has-background is-layout-flex wp-container-core-columns-is-layout-9d6595d7 wp-block-columns-is-layout-flex\">\n<div class=\"wp-block-column has-background-background-color has-background is-layout-flow wp-block-column-is-layout-flow\">\n<div class=\"wp-block-group is-nowrap is-layout-flex wp-container-core-group-is-layout-ad2f72ca wp-block-group-is-layout-flex\"><div class=\"wp-block-coblocks-icon is-style-outlined\">\n\t\t\t\t<div class=\"wp-block-coblocks-icon__inner has-text-color has-primary-color\" style=\"height: 60px; width: 60px;\">\n\t\t\t\t\t<svg fill=\"none\" viewBox=\"0 0 24 24\" xmlns=\"http:\/\/www.w3.org\/2000\/svg\"><path d=\"m12 0.0585938c-6.5916562 0-11.9414062 5.34975-11.9414062 11.9414062s5.34975 11.9414062 11.9414062 11.9414062 11.9414062-5.34975 11.9414062-11.9414062-5.34975-11.9414062-11.9414062-11.9414062zm0 21.7138671c-5.3870691 0-9.7724609-4.3853918-9.7724609-9.7724609s4.3853918-9.7724609 9.7724609-9.7724609 9.7724609 4.3853918 9.7724609 9.7724609-4.3853918 9.7724609-9.7724609 9.7724609zm4.59-14.1924609-6.59 6.59-2.59-2.58-1.41 1.41 4 4 8-8z\" fill=\"currentColor\" \/><\/svg>\n\t\t\t\t<\/div>\n\t\t\t<\/div>\n\n\n<p class=\"has-primary-color has-text-color has-link-color wp-elements-5e6d842c1c5973d35663eaf855f08aa6\"><strong><strong>Non dimenticare: vota NO<\/strong><\/strong><\/p>\n<\/div>\n<\/div>\n\n\n\n<div class=\"wp-block-column is-layout-flow wp-block-column-is-layout-flow\">\n<p class=\"is-style-default\">Alla domanda: \u00abVolete accettare l\u2019iniziativa popolare \u2039No a una Svizzera da 10 milioni! (Iniziativa per la sostenibilit\u00e0)\u203a?\u00bb<strong> crocia il NO<\/strong>.<\/p>\n\n\n\n<p class=\"is-style-default\">Rinvia il materiale in tempo utile:<br>\u2709\ufe0f <strong>Per posta<\/strong> \u2013 Posta A: entro il 11 giugno, Posta B: entro il 9 giugno<br>\ud83d\uddf3\ufe0f Oppure <strong>alle urne<\/strong><br>Gli orari e i luoghi per votare di persona sono indicati sulla busta del materiale di voto.<\/p>\n<\/div>\n<\/div>\n\n\n\n<hr class=\"wp-block-separator has-alpha-channel-opacity is-style-wide\"\/>\n\n\n\n<p><strong>Grazie di cuore per il tuo sostegno!<\/strong><br>Insieme possiamo ottenere un NO il 14 giugno.<\/p>\n<\/div>\n<\/div>\n<\/div>\n<\/div>\n\n\n\n<figure data-wp-context=\"{&quot;imageId&quot;:&quot;69f5eb550c640&quot;}\" data-wp-interactive=\"core\/image\" data-wp-key=\"69f5eb550c640\" class=\"wp-block-image alignwide size-full has-lightbox wp-lightbox-container\"><img loading=\"lazy\" decoding=\"async\" width=\"1500\" height=\"1439\" data-wp-class--hide=\"state.isContentHidden\" data-wp-class--show=\"state.isContentVisible\" data-wp-init=\"callbacks.setButtonStyles\" data-wp-on--click=\"actions.showLightbox\" data-wp-on--load=\"callbacks.setButtonStyles\" data-wp-on-window--resize=\"callbacks.setButtonStyles\" src=\"https:\/\/syndicom.ch\/app\/uploads\/2026\/04\/gewerkschaft-syndicom-sgb-chaos-initiative-2026-foto-syndicom.jpg\" alt=\"\" class=\"wp-image-61714\" srcset=\"https:\/\/syndicom.ch\/app\/uploads\/2026\/04\/gewerkschaft-syndicom-sgb-chaos-initiative-2026-foto-syndicom.jpg 1500w, https:\/\/syndicom.ch\/app\/uploads\/2026\/04\/gewerkschaft-syndicom-sgb-chaos-initiative-2026-foto-syndicom-300x288.jpg 300w, https:\/\/syndicom.ch\/app\/uploads\/2026\/04\/gewerkschaft-syndicom-sgb-chaos-initiative-2026-foto-syndicom-1024x982.jpg 1024w, https:\/\/syndicom.ch\/app\/uploads\/2026\/04\/gewerkschaft-syndicom-sgb-chaos-initiative-2026-foto-syndicom-768x737.jpg 768w\" sizes=\"auto, (max-width: 1500px) 100vw, 1500px\" \/><button\n\t\t\tclass=\"lightbox-trigger\"\n\t\t\ttype=\"button\"\n\t\t\taria-haspopup=\"dialog\"\n\t\t\taria-label=\"Ingrandisci\"\n\t\t\tdata-wp-init=\"callbacks.initTriggerButton\"\n\t\t\tdata-wp-on--click=\"actions.showLightbox\"\n\t\t\tdata-wp-style--right=\"state.imageButtonRight\"\n\t\t\tdata-wp-style--top=\"state.imageButtonTop\"\n\t\t>\n\t\t\t<svg xmlns=\"http:\/\/www.w3.org\/2000\/svg\" width=\"12\" height=\"12\" fill=\"none\" viewBox=\"0 0 12 12\">\n\t\t\t\t<path fill=\"#fff\" d=\"M2 0a2 2 0 0 0-2 2v2h1.5V2a.5.5 0 0 1 .5-.5h2V0H2Zm2 10.5H2a.5.5 0 0 1-.5-.5V8H0v2a2 2 0 0 0 2 2h2v-1.5ZM8 12v-1.5h2a.5.5 0 0 0 .5-.5V8H12v2a2 2 0 0 1-2 2H8Zm2-12a2 2 0 0 1 2 2v2h-1.5V2a.5.5 0 0 0-.5-.5H8V0h2Z\" \/>\n\t\t\t<\/svg>\n\t\t<\/button><\/figure>\n","protected":false},"excerpt":{"rendered":"<p>Il 14 giugno syndicom dir\u00e0 NO, perch\u00e9 l\u2019iniziativa mette a rischio i nostri salari, le nostre pensioni e i nostri posti di lavoro.<\/p>\n","protected":false},"author":3,"featured_media":61790,"parent":0,"menu_order":0,"comment_status":"closed","ping_status":"closed","template":"","meta":{"_acf_changed":false,"inline_featured_image":false,"_coblocks_attr":"","_coblocks_dimensions":"","_coblocks_responsive_height":"","_coblocks_accordion_ie_support":"","footnotes":""},"categories":[],"class_list":["post-61761","page","type-page","status-publish","has-post-thumbnail","hentry"],"acf":[],"yoast_head":"<!-- This site is optimized with the Yoast SEO plugin v27.3 - https:\/\/yoast.com\/product\/yoast-seo-wordpress\/ -->\n<title>NO all\u2019iniziativa del caos - syndicom<\/title>\n<meta name=\"description\" content=\"Il 14 giugno syndicom dir\u00e0 NO, perch\u00e9 l\u2019iniziativa mette a rischio i nostri salari, le nostre pensioni e i nostri posti di lavoro.\" \/>\n<meta name=\"robots\" content=\"index, follow, max-snippet:-1, max-image-preview:large, max-video-preview:-1\" \/>\n<link rel=\"canonical\" href=\"https:\/\/syndicom.ch\/it\/no-alliniziativa-del-caos\/\" \/>\n<meta property=\"og:locale\" content=\"it_IT\" \/>\n<meta property=\"og:type\" content=\"article\" \/>\n<meta property=\"og:title\" content=\"NO all\u2019iniziativa del caos - syndicom\" \/>\n<meta property=\"og:description\" content=\"Il 14 giugno syndicom dir\u00e0 NO, perch\u00e9 l\u2019iniziativa mette a rischio i nostri salari, le nostre pensioni e i nostri posti di lavoro.\" \/>\n<meta property=\"og:url\" content=\"https:\/\/syndicom.ch\/it\/no-alliniziativa-del-caos\/\" \/>\n<meta property=\"og:site_name\" content=\"syndicom\" \/>\n<meta property=\"article:modified_time\" content=\"2026-04-27T08:41:06+00:00\" \/>\n<meta property=\"og:image\" content=\"https:\/\/syndicom.ch\/app\/uploads\/2026\/04\/sindacato-syndicom-uss-iniziativa-caos-2026-logo.png\" \/>\n\t<meta property=\"og:image:width\" content=\"886\" \/>\n\t<meta property=\"og:image:height\" content=\"756\" \/>\n\t<meta property=\"og:image:type\" content=\"image\/png\" \/>\n<meta name=\"twitter:card\" content=\"summary_large_image\" \/>\n<meta name=\"twitter:label1\" content=\"Tempo di lettura stimato\" \/>\n\t<meta name=\"twitter:data1\" content=\"5 minuti\" \/>\n<script type=\"application\/ld+json\" class=\"yoast-schema-graph\">{\"@context\":\"https:\\\/\\\/schema.org\",\"@graph\":[{\"@type\":\"WebPage\",\"@id\":\"https:\\\/\\\/syndicom.ch\\\/it\\\/no-alliniziativa-del-caos\\\/\",\"url\":\"https:\\\/\\\/syndicom.ch\\\/it\\\/no-alliniziativa-del-caos\\\/\",\"name\":\"NO all\u2019iniziativa del caos - syndicom\",\"isPartOf\":{\"@id\":\"https:\\\/\\\/syndicom.ch\\\/it\\\/#website\"},\"primaryImageOfPage\":{\"@id\":\"https:\\\/\\\/syndicom.ch\\\/it\\\/no-alliniziativa-del-caos\\\/#primaryimage\"},\"image\":{\"@id\":\"https:\\\/\\\/syndicom.ch\\\/it\\\/no-alliniziativa-del-caos\\\/#primaryimage\"},\"thumbnailUrl\":\"https:\\\/\\\/syndicom.ch\\\/app\\\/uploads\\\/2026\\\/04\\\/sindacato-syndicom-uss-iniziativa-caos-2026-logo.png\",\"datePublished\":\"2026-04-24T11:26:14+00:00\",\"dateModified\":\"2026-04-27T08:41:06+00:00\",\"description\":\"Il 14 giugno syndicom dir\u00e0 NO, perch\u00e9 l\u2019iniziativa mette a rischio i nostri salari, le nostre pensioni e i nostri posti di lavoro.\",\"breadcrumb\":{\"@id\":\"https:\\\/\\\/syndicom.ch\\\/it\\\/no-alliniziativa-del-caos\\\/#breadcrumb\"},\"inLanguage\":\"it-IT\",\"potentialAction\":[{\"@type\":\"ReadAction\",\"target\":[\"https:\\\/\\\/syndicom.ch\\\/it\\\/no-alliniziativa-del-caos\\\/\"]}]},{\"@type\":\"ImageObject\",\"inLanguage\":\"it-IT\",\"@id\":\"https:\\\/\\\/syndicom.ch\\\/it\\\/no-alliniziativa-del-caos\\\/#primaryimage\",\"url\":\"https:\\\/\\\/syndicom.ch\\\/app\\\/uploads\\\/2026\\\/04\\\/sindacato-syndicom-uss-iniziativa-caos-2026-logo.png\",\"contentUrl\":\"https:\\\/\\\/syndicom.ch\\\/app\\\/uploads\\\/2026\\\/04\\\/sindacato-syndicom-uss-iniziativa-caos-2026-logo.png\",\"width\":886,\"height\":756},{\"@type\":\"BreadcrumbList\",\"@id\":\"https:\\\/\\\/syndicom.ch\\\/it\\\/no-alliniziativa-del-caos\\\/#breadcrumb\",\"itemListElement\":[{\"@type\":\"ListItem\",\"position\":1,\"name\":\"Pagina iniziale\",\"item\":\"https:\\\/\\\/syndicom.ch\\\/it\\\/\"},{\"@type\":\"ListItem\",\"position\":2,\"name\":\"NO all\u2019iniziativa del caos\"}]},{\"@type\":\"WebSite\",\"@id\":\"https:\\\/\\\/syndicom.ch\\\/it\\\/#website\",\"url\":\"https:\\\/\\\/syndicom.ch\\\/it\\\/\",\"name\":\"syndicom\",\"description\":\"\",\"publisher\":{\"@id\":\"https:\\\/\\\/syndicom.ch\\\/it\\\/#organization\"},\"potentialAction\":[{\"@type\":\"SearchAction\",\"target\":{\"@type\":\"EntryPoint\",\"urlTemplate\":\"https:\\\/\\\/syndicom.ch\\\/it\\\/?s={search_term_string}\"},\"query-input\":{\"@type\":\"PropertyValueSpecification\",\"valueRequired\":true,\"valueName\":\"search_term_string\"}}],\"inLanguage\":\"it-IT\"},{\"@type\":\"Organization\",\"@id\":\"https:\\\/\\\/syndicom.ch\\\/it\\\/#organization\",\"name\":\"syndicom\",\"url\":\"https:\\\/\\\/syndicom.ch\\\/it\\\/\",\"logo\":{\"@type\":\"ImageObject\",\"inLanguage\":\"it-IT\",\"@id\":\"https:\\\/\\\/syndicom.ch\\\/it\\\/#\\\/schema\\\/logo\\\/image\\\/\",\"url\":\"https:\\\/\\\/syndicom.ch\\\/app\\\/uploads\\\/2024\\\/06\\\/logo.svg\",\"contentUrl\":\"https:\\\/\\\/syndicom.ch\\\/app\\\/uploads\\\/2024\\\/06\\\/logo.svg\",\"width\":297,\"height\":51,\"caption\":\"syndicom\"},\"image\":{\"@id\":\"https:\\\/\\\/syndicom.ch\\\/it\\\/#\\\/schema\\\/logo\\\/image\\\/\"}}]}<\/script>\n<!-- \/ Yoast SEO plugin. -->","yoast_head_json":{"title":"NO all\u2019iniziativa del caos - syndicom","description":"Il 14 giugno syndicom dir\u00e0 NO, perch\u00e9 l\u2019iniziativa mette a rischio i nostri salari, le nostre pensioni e i nostri posti di lavoro.","robots":{"index":"index","follow":"follow","max-snippet":"max-snippet:-1","max-image-preview":"max-image-preview:large","max-video-preview":"max-video-preview:-1"},"canonical":"https:\/\/syndicom.ch\/it\/no-alliniziativa-del-caos\/","og_locale":"it_IT","og_type":"article","og_title":"NO all\u2019iniziativa del caos - syndicom","og_description":"Il 14 giugno syndicom dir\u00e0 NO, perch\u00e9 l\u2019iniziativa mette a rischio i nostri salari, le nostre pensioni e i nostri posti di lavoro.","og_url":"https:\/\/syndicom.ch\/it\/no-alliniziativa-del-caos\/","og_site_name":"syndicom","article_modified_time":"2026-04-27T08:41:06+00:00","og_image":[{"width":886,"height":756,"url":"https:\/\/syndicom.ch\/app\/uploads\/2026\/04\/sindacato-syndicom-uss-iniziativa-caos-2026-logo.png","type":"image\/png"}],"twitter_card":"summary_large_image","twitter_misc":{"Tempo di lettura stimato":"5 minuti"},"schema":{"@context":"https:\/\/schema.org","@graph":[{"@type":"WebPage","@id":"https:\/\/syndicom.ch\/it\/no-alliniziativa-del-caos\/","url":"https:\/\/syndicom.ch\/it\/no-alliniziativa-del-caos\/","name":"NO all\u2019iniziativa del caos - syndicom","isPartOf":{"@id":"https:\/\/syndicom.ch\/it\/#website"},"primaryImageOfPage":{"@id":"https:\/\/syndicom.ch\/it\/no-alliniziativa-del-caos\/#primaryimage"},"image":{"@id":"https:\/\/syndicom.ch\/it\/no-alliniziativa-del-caos\/#primaryimage"},"thumbnailUrl":"https:\/\/syndicom.ch\/app\/uploads\/2026\/04\/sindacato-syndicom-uss-iniziativa-caos-2026-logo.png","datePublished":"2026-04-24T11:26:14+00:00","dateModified":"2026-04-27T08:41:06+00:00","description":"Il 14 giugno syndicom dir\u00e0 NO, perch\u00e9 l\u2019iniziativa mette a rischio i nostri salari, le nostre pensioni e i nostri posti di lavoro.","breadcrumb":{"@id":"https:\/\/syndicom.ch\/it\/no-alliniziativa-del-caos\/#breadcrumb"},"inLanguage":"it-IT","potentialAction":[{"@type":"ReadAction","target":["https:\/\/syndicom.ch\/it\/no-alliniziativa-del-caos\/"]}]},{"@type":"ImageObject","inLanguage":"it-IT","@id":"https:\/\/syndicom.ch\/it\/no-alliniziativa-del-caos\/#primaryimage","url":"https:\/\/syndicom.ch\/app\/uploads\/2026\/04\/sindacato-syndicom-uss-iniziativa-caos-2026-logo.png","contentUrl":"https:\/\/syndicom.ch\/app\/uploads\/2026\/04\/sindacato-syndicom-uss-iniziativa-caos-2026-logo.png","width":886,"height":756},{"@type":"BreadcrumbList","@id":"https:\/\/syndicom.ch\/it\/no-alliniziativa-del-caos\/#breadcrumb","itemListElement":[{"@type":"ListItem","position":1,"name":"Pagina iniziale","item":"https:\/\/syndicom.ch\/it\/"},{"@type":"ListItem","position":2,"name":"NO all\u2019iniziativa del caos"}]},{"@type":"WebSite","@id":"https:\/\/syndicom.ch\/it\/#website","url":"https:\/\/syndicom.ch\/it\/","name":"syndicom","description":"","publisher":{"@id":"https:\/\/syndicom.ch\/it\/#organization"},"potentialAction":[{"@type":"SearchAction","target":{"@type":"EntryPoint","urlTemplate":"https:\/\/syndicom.ch\/it\/?s={search_term_string}"},"query-input":{"@type":"PropertyValueSpecification","valueRequired":true,"valueName":"search_term_string"}}],"inLanguage":"it-IT"},{"@type":"Organization","@id":"https:\/\/syndicom.ch\/it\/#organization","name":"syndicom","url":"https:\/\/syndicom.ch\/it\/","logo":{"@type":"ImageObject","inLanguage":"it-IT","@id":"https:\/\/syndicom.ch\/it\/#\/schema\/logo\/image\/","url":"https:\/\/syndicom.ch\/app\/uploads\/2024\/06\/logo.svg","contentUrl":"https:\/\/syndicom.ch\/app\/uploads\/2024\/06\/logo.svg","width":297,"height":51,"caption":"syndicom"},"image":{"@id":"https:\/\/syndicom.ch\/it\/#\/schema\/logo\/image\/"}}]}},"_links":{"self":[{"href":"https:\/\/syndicom.ch\/it\/wp-json\/wp\/v2\/pages\/61761","targetHints":{"allow":["GET"]}}],"collection":[{"href":"https:\/\/syndicom.ch\/it\/wp-json\/wp\/v2\/pages"}],"about":[{"href":"https:\/\/syndicom.ch\/it\/wp-json\/wp\/v2\/types\/page"}],"author":[{"embeddable":true,"href":"https:\/\/syndicom.ch\/it\/wp-json\/wp\/v2\/users\/3"}],"replies":[{"embeddable":true,"href":"https:\/\/syndicom.ch\/it\/wp-json\/wp\/v2\/comments?post=61761"}],"version-history":[{"count":11,"href":"https:\/\/syndicom.ch\/it\/wp-json\/wp\/v2\/pages\/61761\/revisions"}],"predecessor-version":[{"id":61793,"href":"https:\/\/syndicom.ch\/it\/wp-json\/wp\/v2\/pages\/61761\/revisions\/61793"}],"wp:featuredmedia":[{"embeddable":true,"href":"https:\/\/syndicom.ch\/it\/wp-json\/wp\/v2\/media\/61790"}],"wp:attachment":[{"href":"https:\/\/syndicom.ch\/it\/wp-json\/wp\/v2\/media?parent=61761"}],"wp:term":[{"taxonomy":"category","embeddable":true,"href":"https:\/\/syndicom.ch\/it\/wp-json\/wp\/v2\/categories?post=61761"}],"curies":[{"name":"wp","href":"https:\/\/api.w.org\/{rel}","templated":true}]}}