{"id":8027,"date":"2024-09-09T08:59:38","date_gmt":"2024-09-09T06:59:38","guid":{"rendered":"https:\/\/newxeit.syndicom.ch\/?page_id=8027"},"modified":"2026-01-19T12:04:14","modified_gmt":"2026-01-19T11:04:14","slug":"contratti-collettivi-di-lavoro-ccl","status":"publish","type":"page","link":"https:\/\/syndicom.ch\/it\/contratti-collettivi-di-lavoro-ccl\/","title":{"rendered":"Contratti collettivi di lavoro &#8211; CCL"},"content":{"rendered":"\n<div class=\"wp-block-group alignfull has-primary-background-color has-background is-layout-constrained wp-block-group-is-layout-constrained\">\n<div class=\"wp-block-group is-style-narrow is-layout-constrained wp-block-group-is-layout-constrained\">\n<h1 class=\"wp-block-heading has-background-color has-text-color has-link-color wp-elements-594378789e7c3477fa95cead759fbbb7\">Contratti collettivi di lavoro \u2013 CCL<\/h1>\n\n\n\n<div class=\"wp-block-columns is-layout-flex wp-container-core-columns-is-layout-9d6595d7 wp-block-columns-is-layout-flex\">\n<div class=\"wp-block-column is-layout-flow wp-block-column-is-layout-flow\" style=\"flex-basis:66.66%\">\n<p class=\"is-style-lead has-background-color has-text-color has-link-color wp-elements-ac497be2fc111c06541791cbc0e5f2b8\">Il tuo sindacato negozia contratti collettivi di lavoro (CCL) progressivi.<\/p>\n<\/div>\n\n\n\n<div class=\"wp-block-column is-layout-flow wp-block-column-is-layout-flow\" style=\"flex-basis:33.33%\">\n<div class=\"wp-block-group is-vertical is-nowrap is-layout-flex wp-container-core-group-is-layout-fc43baa9 wp-block-group-is-layout-flex\">\n<p><a href=\"#FAQ-CCL\"><mark style=\"background-color:rgba(0, 0, 0, 0)\" class=\"has-inline-color has-background-color\">\u279c Cos&#8217;\u00e8 un CCL?<\/mark><\/a><br><a href=\"#ricerca-ccl\"><mark style=\"background-color:rgba(0, 0, 0, 0)\" class=\"has-inline-color has-background-color\">\u279c Trova il tuo CCL<\/mark><\/a><\/p>\n<\/div>\n<\/div>\n<\/div>\n<\/div>\n<\/div>\n\n\n\n<div class=\"wp-block-group alignfull has-background-background-color has-background is-layout-constrained wp-block-group-is-layout-constrained\">\n<div class=\"wp-block-group is-style-narrow is-layout-constrained wp-block-group-is-layout-constrained\">\n<h2 class=\"wp-block-heading wp-block-coblocks-faq__title\" id=\"FAQ-CCL\"><mark style=\"background-color:rgba(0, 0, 0, 0)\" class=\"has-inline-color has-primary-color\">\u24d8&nbsp;<\/mark>Il contratto collettivo di lavoro (CCL) in breve<\/h2>\n\n\n\n<div class=\"wp-block-group is-style-narrow is-layout-constrained wp-block-group-is-layout-constrained\">\n<div class=\"wp-block-columns is-style-accordion has-background-background-color has-background is-layout-flex wp-container-core-columns-is-layout-9d6595d7 wp-block-columns-is-layout-flex\">\n<div class=\"wp-block-column is-layout-flow wp-block-column-is-layout-flow\">\n<p class=\"has-foreground-color has-text-color has-link-color wp-elements-9c3f0898156d6518e278193d17a5beb9\"><strong>Cos\u2019\u00e8 un CCL?<\/strong><\/p>\n<\/div>\n\n\n\n<div class=\"wp-block-column is-layout-flow wp-block-column-is-layout-flow\">\n<p class=\"is-style-default\">Il contratto collettivo di lavoro \u00e8 un accordo tra un singolo datore di lavoro e uno o pi\u00f9<br>sindacati. Oppure, ancora meglio, \u00e8 un accordo tra diverse associazioni padronali e sindacati che regola un intero settore.<\/p>\n\n\n\n<p class=\"is-style-default\">Obiettivo: regolare le condizioni di lavoro dei dipendenti e i diritti delle parti contrattuali in modo vincolante e progressivo, andando oltre quanto previsto dal Codice delle obbligazioni e dalla legge sul lavoro. <\/p>\n\n\n\n<p class=\"is-style-default\">Queste leggi vengono applicate quando non esiste ancora un CCL. I contratti di lavoro dei singoli dipendenti vengono poi elaborati collettivamente e sono in molti punti identici. Le maggiori eccezioni sono rappresentate dai salari (importo individuale) e dal diritto alle vacanze, che dipende dall\u2019et\u00e0.<\/p>\n<\/div>\n<\/div>\n\n\n\n<hr class=\"wp-block-separator has-alpha-channel-opacity is-style-wide\"\/>\n\n\n\n<div class=\"wp-block-columns is-style-accordion has-background-background-color has-background is-layout-flex wp-container-core-columns-is-layout-9d6595d7 wp-block-columns-is-layout-flex\">\n<div class=\"wp-block-column is-layout-flow wp-block-column-is-layout-flow\">\n<p class=\"has-foreground-color has-text-color has-link-color wp-elements-be4ee287758e538498f937581c0c6d8a\"><strong>Cosa regola un CCL?<\/strong><\/p>\n<\/div>\n\n\n\n<div class=\"wp-block-column is-layout-flow wp-block-column-is-layout-flow\">\n<p class=\"is-style-default\">Nella parte generale, il CCL chiarisce le condizioni su cui le parti contrattuali si sono accordate, come la partecipazione, la pace sociale o la garanzia delle negoziazioni salariali annue: per chi \u00e8 valido il CCL? Quali diritti e doveri hanno datori di lavoro, lavoratori e sindacati?<\/p>\n\n\n\n<p class=\"is-style-default\">Le condizioni di lavoro concrete si trovano nella seconda parte, detta \u00abnormativa\u00bb, attorno alla quale si accendono i conflitti. I sistemi salariali, il tempo di lavoro, la sua rilevazione, le indennit\u00e0, le spese, l\u2019uguaglianza eccetera.<\/p>\n<\/div>\n<\/div>\n\n\n\n<hr class=\"wp-block-separator has-alpha-channel-opacity is-style-wide\"\/>\n\n\n\n<div class=\"wp-block-columns is-style-accordion has-background-background-color has-background is-layout-flex wp-container-core-columns-is-layout-9d6595d7 wp-block-columns-is-layout-flex\">\n<div class=\"wp-block-column is-vertically-aligned-center is-layout-flow wp-block-column-is-layout-flow\" style=\"flex-basis:334px\">\n<p class=\"has-foreground-color has-text-color has-link-color wp-elements-5694aeb2314b55498f6a5ed6001623e2\"><strong>Che cos\u2019\u00e8 l\u2019obbligatoriet\u00e0 generale?<\/strong><\/p>\n<\/div>\n\n\n\n<div class=\"wp-block-column is-layout-flow wp-block-column-is-layout-flow\">\n<p class=\"is-style-default\">I CCL dichiarati di obbligatoriet\u00e0 generale si applicano a tutte le aziende del settore corrispondente. Il pi\u00f9 grande CCL \u00e8 quello del settore principale della costruzione. Ogni azienda del settore deve rispettare le condizioni di lavoro concordate. I CCL di obbligatoriet\u00e0 generale sono messi in vigore dal Consiglio federale.<\/p>\n<\/div>\n<\/div>\n\n\n\n<hr class=\"wp-block-separator has-alpha-channel-opacity is-style-wide\"\/>\n\n\n\n<div class=\"wp-block-columns is-style-accordion has-background-background-color has-background is-layout-flex wp-container-core-columns-is-layout-9d6595d7 wp-block-columns-is-layout-flex\">\n<div class=\"wp-block-column is-layout-flow wp-block-column-is-layout-flow\">\n<p class=\"has-foreground-color has-text-color has-link-color wp-elements-bdbb6738fae32679b8531085ecee175a\"><strong>Come si negozia un CCL?<\/strong><\/p>\n<\/div>\n\n\n\n<div class=\"wp-block-column is-layout-flow wp-block-column-is-layout-flow\">\n<p class=\"is-style-default\">Entrambe le parti contrattuali istituiscono una delegazione negoziale. Da parte del sindacato, questa \u00e8 composta da segretari a tempo pieno del rispettivo settore e da dipendenti dell\u2019azienda. Questi colleghi sono eletti, ad esempio, in occasione di una conferenza aziendale. Ci\u00f2 implica anche l\u2019ottenimento di un mandato di negoziazione da tale conferenza, ovvero un diritto di rappresentanza. La partecipazione di tutti i membri garantisce che il risultato finale si basi su un ampio consenso.<\/p>\n<\/div>\n<\/div>\n\n\n\n<hr class=\"wp-block-separator has-alpha-channel-opacity is-style-wide\"\/>\n\n\n\n<div class=\"wp-block-columns is-style-accordion has-background-background-color has-background is-layout-flex wp-container-core-columns-is-layout-9d6595d7 wp-block-columns-is-layout-flex\">\n<div class=\"wp-block-column is-layout-flow wp-block-column-is-layout-flow\">\n<p class=\"has-foreground-color has-text-color has-link-color wp-elements-aaa211b3f86f757946393171afebe0a7\"><strong>Come si applica un CCL?<\/strong><\/p>\n<\/div>\n\n\n\n<div class=\"wp-block-column is-layout-flow wp-block-column-is-layout-flow\">\n<p class=\"is-style-default\">I segretari sindacali controllano, attraverso i documenti contrattuali e salariali e in loco, che il CCL sia messo correttamente in pratica. In qualit\u00e0 di partner sociale, syndicom ha il diritto di accesso e di partecipazione. Anche le commissioni del personale svolgono un ruolo fondamentale. Esse sono infatti le prime a constatare quando la prassi lavorativa non segue il risultato delle negoziazioni.<\/p>\n<\/div>\n<\/div>\n\n\n\n<hr class=\"wp-block-separator has-alpha-channel-opacity is-style-wide\"\/>\n\n\n\n<div class=\"wp-block-columns is-style-accordion has-background-background-color has-background is-layout-flex wp-container-core-columns-is-layout-9d6595d7 wp-block-columns-is-layout-flex\">\n<div class=\"wp-block-column is-layout-flow wp-block-column-is-layout-flow\">\n<p class=\"has-foreground-color has-text-color has-link-color wp-elements-66d1ca41e40c1a75cdc20d5edf56f547\"><strong>Cos\u2019\u00e8 il contributo CCL?<\/strong><\/p>\n<\/div>\n\n\n\n<div class=\"wp-block-column is-layout-flow wp-block-column-is-layout-flow\">\n<ul class=\"wp-block-list\">\n<li>I membri del sindacato pagano una quota mensile. <\/li>\n\n\n\n<li>Chi non \u00e8 membro del sindacato paga una quota di solidariet\u00e0 o di esecuzione per i CCL.<\/li>\n<\/ul>\n\n\n\n<p class=\"is-style-default\">Questo permette a chi non \u00e8 membro di contribuire alle spese sostenute dai sindacati per la negoziazione e l\u2019attuazione dei contratti. \u00c8 una forma di giustizia. Se a beneficiare dei vantaggi sono tutti i lavoratori, \u00e8 anche giusto che tutti contribuiscano alle spese. Queste entrate vanno in un fondo che finanzia anche offerte di <a href=\"https:\/\/syndicom.ch\/it\/formazione-corsi-e-istruzione\/\" target=\"_blank\" rel=\"noreferrer noopener\">corsi<\/a> sui contenuti del CCL e la sua attuazione.<\/p>\n\n\n\n<p>syndicom rimborsa a tutti i membri eventuali <a href=\"https:\/\/syndicom.ch\/it\/faq-adesione\/\" target=\"_blank\" rel=\"noreferrer noopener\">contributi CCL<\/a> trattenuti dal salario.<\/p>\n<\/div>\n<\/div>\n\n\n\n<hr class=\"wp-block-separator has-alpha-channel-opacity is-style-wide\"\/>\n\n\n\n<div class=\"wp-block-columns is-style-accordion has-background-background-color has-background is-layout-flex wp-container-core-columns-is-layout-9d6595d7 wp-block-columns-is-layout-flex\">\n<div class=\"wp-block-column is-layout-flow wp-block-column-is-layout-flow\">\n<p class=\"has-foreground-color has-text-color has-link-color wp-elements-3a6a00959708cd9d8c335a7ead14fc01\"><strong>Nella mia azienda non c\u2019\u00e8 ancora alcun CCL, cosa posso fare?<\/strong><\/p>\n<\/div>\n\n\n\n<div class=\"wp-block-column is-layout-flow wp-block-column-is-layout-flow\">\n<p>Rivolgiti ai nostri <a href=\"https:\/\/syndicom.ch\/it\/contatto\/\" target=\"_blank\" rel=\"noreferrer noopener\">segretari regionali<\/a>! Possono spiegarti il processo passo dopo passo e offrirti supporto.<\/p>\n<\/div>\n<\/div>\n\n\n\n<hr class=\"wp-block-separator has-alpha-channel-opacity is-style-wide\"\/>\n<\/div>\n\n\n\n<p class=\"has-text-align-left\"><\/p>\n<\/div>\n<\/div>\n\n\n\n<div class=\"wp-block-group alignfull has-background-color has-primary-background-color has-text-color has-background has-link-color wp-elements-c05b35160b0b482050eac74a304ee74a is-layout-constrained wp-block-group-is-layout-constrained\">\n<div class=\"wp-block-group is-style-narrow is-layout-constrained wp-block-group-is-layout-constrained\">\n<h2 class=\"wp-block-heading has-text-align-center\">Personale, rapido, diretto<\/h2>\n\n\n\n<p class=\"has-text-align-center\">Vuoi saperne di pi\u00f9 sul sindacato syndicom? Oppure hai domande o problemi e vuoi un consiglio? Contattaci, siamo qui per te.<\/p>\n\n\n\n<div class=\"wp-block-buttons is-content-justification-center is-layout-flex wp-container-core-buttons-is-layout-16018d1d wp-block-buttons-is-layout-flex\">\n<div class=\"wp-block-button\"><a class=\"wp-block-button__link wp-element-button\" href=\"https:\/\/syndicom.ch\/it\/contatto\/\" target=\"_blank\" rel=\"noreferrer noopener\">Contattaci<\/a><\/div>\n\n\n\n<div class=\"wp-block-button is-style-outline is-style-outline--1\"><a class=\"wp-block-button__link wp-element-button\" href=\"https:\/\/syndicom.ch\/it\/faq-adesione\/\" target=\"_blank\" rel=\"noreferrer noopener\">Vantaggi e info sull\u2019adesione<\/a><\/div>\n<\/div>\n<\/div>\n<\/div>\n\n\n\n<div class=\"wp-block-group alignfull has-background-background-color has-background is-layout-constrained wp-block-group-is-layout-constrained\">\n<div class=\"wp-block-group is-style-narrow is-layout-constrained wp-block-group-is-layout-constrained\">\n<h2 class=\"wp-block-heading\" id=\"ricerca-ccl\">Panoramica dei nostri contratti collettivi di lavoro<\/h2>\n\n\n\n<p><mark style=\"background-color:rgba(0, 0, 0, 0)\" class=\"has-inline-color has-foreground-color\"><strong><strong>Per te, un CCL di syndicom significa:<\/strong><\/strong><\/mark><\/p>\n\n\n\n<ul class=\"wp-block-list\">\n<li class=\"is-style-check\"><mark style=\"background-color:rgba(0, 0, 0, 0)\" class=\"has-inline-color has-foreground-color\">miglioramento delle condizioni salariali<\/mark><\/li>\n\n\n\n<li class=\"is-style-check\"><mark style=\"background-color:rgba(0, 0, 0, 0)\" class=\"has-inline-color has-foreground-color\">adeguamento annuale all&#8217;inflazione attraverso trattative salariali obbligatorie <\/mark><\/li>\n\n\n\n<li class=\"is-style-check\"><mark style=\"background-color:rgba(0, 0, 0, 0)\" class=\"has-inline-color has-foreground-color\">diritti di partecipazione dei rappresentanti dei lavoratori nella vostra azienda.<\/mark><\/li>\n<\/ul>\n\n\n<div  class=\"syn-block-search\" data-target-id=\"Finde deinen Gesamtarbeitsvertrag\">\n    <form method=\"GET\">\n        <button type=\"submit\" class=\"syn-block-search__button\">\n            <svg xmlns=\"http:\/\/www.w3.org\/2000\/svg\" width=\"34\" height=\"35\" viewBox=\"0 0 34 35\"><g transform=\"translate(5464 13900.09)\"><circle cx=\"13\" cy=\"13\" r=\"13\" transform=\"translate(-5464 -13900.09)\" fill=\"#fff\"\/><path d=\"M13,2A11,11,0,0,0,5.222,20.778,11,11,0,1,0,20.778,5.222,10.928,10.928,0,0,0,13,2m0-2A13,13,0,1,1,0,13,13,13,0,0,1,13,0Z\" transform=\"translate(-5464 -13900.09)\" fill=\"#575757\"\/><path d=\"M11,13a1,1,0,0,1-.737-.324l-11-12A1,1,0,0,1-.676-.737,1,1,0,0,1,.737-.676l11,12A1,1,0,0,1,11,13Z\" transform=\"translate(-5442 -13878.09)\" fill=\"#575757\"\/><\/g><\/svg>\n        <\/button>\n        <input class=\"syn-block-search__input\" type=\"text\" name=\"gqs\" placeholder=\"Ricercare\" value=\"\" \/>\n    <\/form>\n<\/div>\n\n\n<p><\/p>\n\n\n\n<div class=\"wp-block-columns is-layout-flex wp-container-core-columns-is-layout-9d6595d7 wp-block-columns-is-layout-flex\">\n<div class=\"wp-block-column is-layout-flow wp-block-column-is-layout-flow\">\n<div class=\"wp-block-query location-query is-layout-flow wp-block-query-is-layout-flow\"><ul class=\"location-item wp-block-post-template is-layout-flow wp-block-post-template-is-layout-flow\"><li class=\"wp-block-post post-8168 glossar type-glossar status-publish has-post-thumbnail hentry glossar-category-gesamtarbeitsvertraege-gav-it\">\n<h3 class=\"wp-block-post-title\"><a href=\"https:\/\/syndicom.ch\/it\/voce-glossario\/autopostale-sa\/\" target=\"_blank\" >AutoPostale SA<\/a><\/h3>\n\n\n<\/li><li class=\"wp-block-post post-23538 glossar type-glossar status-publish hentry glossar-category-gesamtarbeitsvertraege-gav-it\">\n<h3 class=\"wp-block-post-title\"><a href=\"https:\/\/syndicom.ch\/it\/voce-glossario\/cablex\/\" target=\"_blank\" >Cablex<\/a><\/h3>\n\n\n<\/li><li class=\"wp-block-post post-8127 glossar type-glossar status-publish hentry glossar-category-gesamtarbeitsvertraege-gav-it\">\n<h3 class=\"wp-block-post-title\"><a href=\"https:\/\/syndicom.ch\/it\/voce-glossario\/commercio-dei-libri-e-dei-media\/\" target=\"_blank\" >Commercio dei libri e dei media<\/a><\/h3>\n\n\n<\/li><li class=\"wp-block-post post-17516 glossar type-glossar status-publish hentry glossar-category-gesamtarbeitsvertraege-gav-en\">\n<h3 class=\"wp-block-post-title\"><a href=\"https:\/\/syndicom.ch\/it\/voce-glossario\/contact-center-e-call-center\/\" target=\"_blank\" >Contact center e call center<\/a><\/h3>\n\n\n<\/li><li class=\"wp-block-post post-8073 glossar type-glossar status-publish hentry glossar-category-gesamtarbeitsvertraege-gav-it\">\n<h3 class=\"wp-block-post-title\"><a href=\"https:\/\/syndicom.ch\/it\/voce-glossario\/corrieri-di-biciclette\/\" target=\"_blank\" >Corrieri di biciclette<\/a><\/h3>\n\n\n<\/li><li class=\"wp-block-post post-23527 glossar type-glossar status-publish hentry glossar-category-gesamtarbeitsvertraege-gav-it\">\n<h3 class=\"wp-block-post-title\"><a href=\"https:\/\/syndicom.ch\/it\/voce-glossario\/detecon\/\" target=\"_blank\" >Detecon<\/a><\/h3>\n\n\n<\/li><li class=\"wp-block-post post-23530 glossar type-glossar status-publish hentry glossar-category-gesamtarbeitsvertraege-gav-it\">\n<h3 class=\"wp-block-post-title\"><a href=\"https:\/\/syndicom.ch\/it\/voce-glossario\/fulfillment-ms-direct\/\" target=\"_blank\" >Fulfillment (MS Direct)<\/a><\/h3>\n\n\n<\/li><li class=\"wp-block-post post-23556 glossar type-glossar status-publish hentry glossar-category-gesamtarbeitsvertraege-gav-it\">\n<h3 class=\"wp-block-post-title\"><a href=\"https:\/\/syndicom.ch\/it\/voce-glossario\/imprenditori-di-autopostale\/\" target=\"_blank\" >Imprenditori di AutoPostale<\/a><\/h3>\n\n\n<\/li><li class=\"wp-block-post post-23534 glossar type-glossar status-publish hentry glossar-category-gesamtarbeitsvertraege-gav-it\">\n<h3 class=\"wp-block-post-title\"><a href=\"https:\/\/syndicom.ch\/it\/voce-glossario\/industria-grafica\/\" target=\"_blank\" >Industria grafica<\/a><\/h3>\n\n\n<\/li><li class=\"wp-block-post post-8172 glossar type-glossar status-publish hentry glossar-category-gesamtarbeitsvertraege-gav-it\">\n<h3 class=\"wp-block-post-title\"><a href=\"https:\/\/syndicom.ch\/it\/voce-glossario\/infrastruttura-di-rete\/\" target=\"_blank\" >Infrastruttura di rete<\/a><\/h3>\n\n\n<\/li><li class=\"wp-block-post post-8177 glossar type-glossar status-publish hentry glossar-category-gesamtarbeitsvertraege-gav-it\">\n<h3 class=\"wp-block-post-title\"><a href=\"https:\/\/syndicom.ch\/it\/voce-glossario\/localsearch\/\" target=\"_blank\" >localsearch<\/a><\/h3>\n\n\n<\/li><li class=\"wp-block-post post-23550 glossar type-glossar status-publish hentry glossar-category-gesamtarbeitsvertraege-gav-it\">\n<h3 class=\"wp-block-post-title\"><a href=\"https:\/\/syndicom.ch\/it\/voce-glossario\/planzer-pacchi\/\" target=\"_blank\" >Planzer Pacchi<\/a><\/h3>\n\n\n<\/li><li class=\"wp-block-post post-8051 glossar type-glossar status-publish hentry glossar-category-gesamtarbeitsvertraege-gav-it\">\n<h3 class=\"wp-block-post-title\"><a href=\"https:\/\/syndicom.ch\/it\/voce-glossario\/posta-ccl-mantello\/\" target=\"_blank\" >Posta CCL mantello<\/a><\/h3>\n\n\n<\/li><li class=\"wp-block-post post-23554 glossar type-glossar status-publish hentry glossar-category-gesamtarbeitsvertraege-gav-it\">\n<h3 class=\"wp-block-post-title\"><a href=\"https:\/\/syndicom.ch\/it\/voce-glossario\/posta-ch-sa\/\" target=\"_blank\" >Posta CH SA<\/a><\/h3>\n\n\n<\/li><li class=\"wp-block-post post-23422 glossar type-glossar status-publish hentry glossar-category-gesamtarbeitsvertraege-gav-it\">\n<h3 class=\"wp-block-post-title\"><a href=\"https:\/\/syndicom.ch\/it\/voce-glossario\/ims\/\" target=\"_blank\" >Posta Immobili Management e Servizi (IMS) SA<\/a><\/h3>\n\n\n<\/li><li class=\"wp-block-post post-8164 glossar type-glossar status-publish hentry glossar-category-gesamtarbeitsvertraege-gav-it\">\n<h3 class=\"wp-block-post-title\"><a href=\"https:\/\/syndicom.ch\/it\/voce-glossario\/postfinance-sa\/\" target=\"_blank\" >PostFinance SA<\/a><\/h3>\n\n\n<\/li><li class=\"wp-block-post post-8122 glossar type-glossar status-publish hentry glossar-category-gesamtarbeitsvertraege-gav-it\">\n<h3 class=\"wp-block-post-title\"><a href=\"https:\/\/syndicom.ch\/it\/voce-glossario\/presto\/\" target=\"_blank\" >Presto<\/a><\/h3>\n\n\n<\/li><li class=\"wp-block-post post-8103 glossar type-glossar status-publish hentry glossar-category-gesamtarbeitsvertraege-gav-it\">\n<h3 class=\"wp-block-post-title\"><a href=\"https:\/\/syndicom.ch\/it\/voce-glossario\/skyguide\/\" target=\"_blank\" >Skyguide<\/a><\/h3>\n\n\n<\/li><li class=\"wp-block-post post-8099 glossar type-glossar status-publish hentry glossar-category-gesamtarbeitsvertraege-gav-it\">\n<h3 class=\"wp-block-post-title\"><a href=\"https:\/\/syndicom.ch\/it\/voce-glossario\/smood\/\" target=\"_blank\" >Smood SA<\/a><\/h3>\n\n\n<\/li><li class=\"wp-block-post post-23596 glossar type-glossar status-publish hentry glossar-category-gesamtarbeitsvertraege-gav-it\">\n<h3 class=\"wp-block-post-title\"><a href=\"https:\/\/syndicom.ch\/it\/voce-glossario\/sps-switzerland\/\" target=\"_blank\" >SPS Switzerland SA<\/a><\/h3>\n\n\n<\/li><li class=\"wp-block-post post-8095 glossar type-glossar status-publish hentry glossar-category-gesamtarbeitsvertraege-gav-it\">\n<h3 class=\"wp-block-post-title\"><a href=\"https:\/\/syndicom.ch\/it\/voce-glossario\/sunrise\/\" target=\"_blank\" >Sunrise<\/a><\/h3>\n\n\n<\/li><li class=\"wp-block-post post-8151 glossar type-glossar status-publish hentry glossar-category-gesamtarbeitsvertraege-gav-it\">\n<h3 class=\"wp-block-post-title\"><a href=\"https:\/\/syndicom.ch\/it\/voce-glossario\/swiss-post-cargo-ch-sa\/\" target=\"_blank\" >Swiss Post Cargo CH SA<\/a><\/h3>\n\n\n<\/li><li class=\"wp-block-post post-8091 glossar type-glossar status-publish hentry glossar-category-gesamtarbeitsvertraege-gav-it\">\n<h3 class=\"wp-block-post-title\"><a href=\"https:\/\/syndicom.ch\/it\/voce-glossario\/swisscom\/\" target=\"_blank\" >Swisscom<\/a><\/h3>\n\n\n<\/li><li class=\"wp-block-post post-8087 glossar type-glossar status-publish hentry glossar-category-gesamtarbeitsvertraege-gav-it\">\n<h3 class=\"wp-block-post-title\"><a href=\"https:\/\/syndicom.ch\/it\/voce-glossario\/t-systems\/\" target=\"_blank\" >T-Systems<\/a><\/h3>\n\n\n<\/li><li class=\"wp-block-post post-23599 glossar type-glossar status-publish hentry glossar-category-gesamtarbeitsvertraege-gav-it\">\n<h3 class=\"wp-block-post-title\"><a href=\"https:\/\/syndicom.ch\/it\/voce-glossario\/wagner\/\" target=\"_blank\" >WAGNER AG<\/a><\/h3>\n\n\n<\/li><\/ul>\n\n\n\n<\/div>\n<\/div>\n\n\n\n<div class=\"wp-block-column is-layout-flow wp-block-column-is-layout-flow\">\n<div class=\"wp-block-group alignfull has-tertiary-background-color has-background is-layout-constrained wp-block-group-is-layout-constrained\">\n<div class=\"wp-block-group is-style-narrow is-layout-constrained wp-block-group-is-layout-constrained\">\n<p><strong>Il tuo contratto collettivo di lavoro non \u00e8 qui?<\/strong> Contattaci: ti aiuteremo volentieri! <a href=\"https:\/\/syndicom.ch\/it\/contatto\/\" target=\"_blank\" rel=\"noreferrer noopener\">\u279c Indirizzo di contatto<\/a><\/p>\n<\/div>\n<\/div>\n<\/div>\n<\/div>\n<\/div>\n<\/div>\n\n\n\n<div class=\"wp-block-group alignfull is-style-default has-background-color has-primary-background-color has-text-color has-background has-link-color wp-elements-6a42f3387f45cbd81ec839ff8dc1fcc9 is-layout-constrained wp-block-group-is-layout-constrained\">\n<div class=\"wp-block-media-text is-style-default\" style=\"grid-template-columns:26% auto\"><figure class=\"wp-block-media-text__media\"><a href=\"https:\/\/my.syndicom.ch\/adesione\" target=\"_blank\" rel=\" noreferrer noopener\"><img loading=\"lazy\" decoding=\"async\" width=\"1024\" height=\"964\" src=\"https:\/\/syndicom.ch\/app\/uploads\/2025\/02\/vorteile-1024x964-2.webp\" alt=\"\" class=\"wp-image-27435 size-full\" srcset=\"https:\/\/syndicom.ch\/app\/uploads\/2025\/02\/vorteile-1024x964-2.webp 1024w, https:\/\/syndicom.ch\/app\/uploads\/2025\/02\/vorteile-1024x964-2-300x282.webp 300w, https:\/\/syndicom.ch\/app\/uploads\/2025\/02\/vorteile-1024x964-2-768x723.webp 768w\" sizes=\"auto, (max-width: 1024px) 100vw, 1024px\" \/><\/a><\/figure><div class=\"wp-block-media-text__content\">\n<h2 class=\"wp-block-heading\"><strong><strong>Approfitta subito dei vantaggi come membro di syndicom!<\/strong><\/strong><\/h2>\n\n\n\n<p>Come membro rafforzi il nostro sindacato e quindi anche la tua posizione nella vita professionale. Benefici di protezione, sostegno e vantaggi interessanti: sul lavoro, nella vita di tutti i giorni e nella tutela dei tuoi diritti.<\/p>\n\n\n\n<p><\/p>\n\n\n\n<p><\/p>\n<\/div><\/div>\n\n\n\n<div class=\"wp-block-buttons is-content-justification-center is-layout-flex wp-container-core-buttons-is-layout-16018d1d wp-block-buttons-is-layout-flex\">\n<div class=\"wp-block-button\"><a class=\"wp-block-button__link wp-element-button\" href=\"https:\/\/my.syndicom.ch\/adesione\" target=\"_blank\" rel=\"noreferrer noopener\">Diventa membro di syndicom<\/a><\/div>\n\n\n\n<div class=\"wp-block-button is-style-outline is-style-outline--2\"><a class=\"wp-block-button__link has-background-color has-text-color has-link-color wp-element-button\" href=\"https:\/\/syndicom.ch\/it\/faq-adesione\/\" target=\"_blank\" rel=\"noreferrer noopener\">Vantaggi e info sull\u2019adesione<\/a><\/div>\n<\/div>\n<\/div>\n","protected":false},"excerpt":{"rendered":"<p>syndicom negozia contratti collettivi di lavoro (CCL) progressivi: salari migliori, compensazione del rincaro, diritti di partecipazione.<\/p>\n","protected":false},"author":2,"featured_media":0,"parent":0,"menu_order":0,"comment_status":"closed","ping_status":"closed","template":"","meta":{"_acf_changed":false,"inline_featured_image":false,"_coblocks_attr":"","_coblocks_dimensions":"","_coblocks_responsive_height":"","_coblocks_accordion_ie_support":"","footnotes":""},"categories":[381],"class_list":["post-8027","page","type-page","status-publish","hentry","category-il-tuo-lavoro"],"acf":[],"yoast_head":"<!-- This site is optimized with the Yoast SEO plugin v27.3 - https:\/\/yoast.com\/product\/yoast-seo-wordpress\/ -->\n<title>Contratti collettivi di lavoro - CCL - syndicom<\/title>\n<meta name=\"description\" content=\"syndicom negozia contratti collettivi di lavoro (CCL) progressivi: salari migliori, compensazione del rincaro, diritti di partecipazione.\" \/>\n<meta name=\"robots\" content=\"index, follow, max-snippet:-1, max-image-preview:large, max-video-preview:-1\" \/>\n<link rel=\"canonical\" href=\"https:\/\/syndicom.ch\/it\/contratti-collettivi-di-lavoro-ccl\/\" \/>\n<meta property=\"og:locale\" content=\"it_IT\" \/>\n<meta property=\"og:type\" content=\"article\" \/>\n<meta property=\"og:title\" content=\"Contratti collettivi di lavoro - CCL - syndicom\" \/>\n<meta property=\"og:description\" content=\"syndicom negozia contratti collettivi di lavoro (CCL) progressivi: salari migliori, compensazione del rincaro, diritti di partecipazione.\" \/>\n<meta property=\"og:url\" content=\"https:\/\/syndicom.ch\/it\/contratti-collettivi-di-lavoro-ccl\/\" \/>\n<meta property=\"og:site_name\" content=\"syndicom\" \/>\n<meta property=\"article:modified_time\" content=\"2026-01-19T11:04:14+00:00\" \/>\n<meta name=\"twitter:card\" content=\"summary_large_image\" \/>\n<meta name=\"twitter:label1\" content=\"Tempo di lettura stimato\" \/>\n\t<meta name=\"twitter:data1\" content=\"5 minuti\" \/>\n<script type=\"application\/ld+json\" class=\"yoast-schema-graph\">{\"@context\":\"https:\\\/\\\/schema.org\",\"@graph\":[{\"@type\":\"WebPage\",\"@id\":\"https:\\\/\\\/syndicom.ch\\\/it\\\/contratti-collettivi-di-lavoro-ccl\\\/\",\"url\":\"https:\\\/\\\/syndicom.ch\\\/it\\\/contratti-collettivi-di-lavoro-ccl\\\/\",\"name\":\"Contratti collettivi di lavoro - CCL - syndicom\",\"isPartOf\":{\"@id\":\"https:\\\/\\\/syndicom.ch\\\/it\\\/#website\"},\"datePublished\":\"2024-09-09T06:59:38+00:00\",\"dateModified\":\"2026-01-19T11:04:14+00:00\",\"description\":\"syndicom negozia contratti collettivi di lavoro (CCL) progressivi: salari migliori, compensazione del rincaro, diritti di partecipazione.\",\"breadcrumb\":{\"@id\":\"https:\\\/\\\/syndicom.ch\\\/it\\\/contratti-collettivi-di-lavoro-ccl\\\/#breadcrumb\"},\"inLanguage\":\"it-IT\",\"potentialAction\":[{\"@type\":\"ReadAction\",\"target\":[\"https:\\\/\\\/syndicom.ch\\\/it\\\/contratti-collettivi-di-lavoro-ccl\\\/\"]}]},{\"@type\":\"BreadcrumbList\",\"@id\":\"https:\\\/\\\/syndicom.ch\\\/it\\\/contratti-collettivi-di-lavoro-ccl\\\/#breadcrumb\",\"itemListElement\":[{\"@type\":\"ListItem\",\"position\":1,\"name\":\"Pagina iniziale\",\"item\":\"https:\\\/\\\/syndicom.ch\\\/it\\\/\"},{\"@type\":\"ListItem\",\"position\":2,\"name\":\"Contratti collettivi di lavoro &#8211; CCL\"}]},{\"@type\":\"WebSite\",\"@id\":\"https:\\\/\\\/syndicom.ch\\\/it\\\/#website\",\"url\":\"https:\\\/\\\/syndicom.ch\\\/it\\\/\",\"name\":\"syndicom\",\"description\":\"\",\"publisher\":{\"@id\":\"https:\\\/\\\/syndicom.ch\\\/it\\\/#organization\"},\"potentialAction\":[{\"@type\":\"SearchAction\",\"target\":{\"@type\":\"EntryPoint\",\"urlTemplate\":\"https:\\\/\\\/syndicom.ch\\\/it\\\/?s={search_term_string}\"},\"query-input\":{\"@type\":\"PropertyValueSpecification\",\"valueRequired\":true,\"valueName\":\"search_term_string\"}}],\"inLanguage\":\"it-IT\"},{\"@type\":\"Organization\",\"@id\":\"https:\\\/\\\/syndicom.ch\\\/it\\\/#organization\",\"name\":\"syndicom\",\"url\":\"https:\\\/\\\/syndicom.ch\\\/it\\\/\",\"logo\":{\"@type\":\"ImageObject\",\"inLanguage\":\"it-IT\",\"@id\":\"https:\\\/\\\/syndicom.ch\\\/it\\\/#\\\/schema\\\/logo\\\/image\\\/\",\"url\":\"https:\\\/\\\/syndicom.ch\\\/app\\\/uploads\\\/2024\\\/06\\\/logo.svg\",\"contentUrl\":\"https:\\\/\\\/syndicom.ch\\\/app\\\/uploads\\\/2024\\\/06\\\/logo.svg\",\"width\":297,\"height\":51,\"caption\":\"syndicom\"},\"image\":{\"@id\":\"https:\\\/\\\/syndicom.ch\\\/it\\\/#\\\/schema\\\/logo\\\/image\\\/\"}}]}<\/script>\n<!-- \/ Yoast SEO plugin. -->","yoast_head_json":{"title":"Contratti collettivi di lavoro - CCL - syndicom","description":"syndicom negozia contratti collettivi di lavoro (CCL) progressivi: salari migliori, compensazione del rincaro, diritti di partecipazione.","robots":{"index":"index","follow":"follow","max-snippet":"max-snippet:-1","max-image-preview":"max-image-preview:large","max-video-preview":"max-video-preview:-1"},"canonical":"https:\/\/syndicom.ch\/it\/contratti-collettivi-di-lavoro-ccl\/","og_locale":"it_IT","og_type":"article","og_title":"Contratti collettivi di lavoro - CCL - syndicom","og_description":"syndicom negozia contratti collettivi di lavoro (CCL) progressivi: salari migliori, compensazione del rincaro, diritti di partecipazione.","og_url":"https:\/\/syndicom.ch\/it\/contratti-collettivi-di-lavoro-ccl\/","og_site_name":"syndicom","article_modified_time":"2026-01-19T11:04:14+00:00","twitter_card":"summary_large_image","twitter_misc":{"Tempo di lettura stimato":"5 minuti"},"schema":{"@context":"https:\/\/schema.org","@graph":[{"@type":"WebPage","@id":"https:\/\/syndicom.ch\/it\/contratti-collettivi-di-lavoro-ccl\/","url":"https:\/\/syndicom.ch\/it\/contratti-collettivi-di-lavoro-ccl\/","name":"Contratti collettivi di lavoro - CCL - syndicom","isPartOf":{"@id":"https:\/\/syndicom.ch\/it\/#website"},"datePublished":"2024-09-09T06:59:38+00:00","dateModified":"2026-01-19T11:04:14+00:00","description":"syndicom negozia contratti collettivi di lavoro (CCL) progressivi: salari migliori, compensazione del rincaro, diritti di partecipazione.","breadcrumb":{"@id":"https:\/\/syndicom.ch\/it\/contratti-collettivi-di-lavoro-ccl\/#breadcrumb"},"inLanguage":"it-IT","potentialAction":[{"@type":"ReadAction","target":["https:\/\/syndicom.ch\/it\/contratti-collettivi-di-lavoro-ccl\/"]}]},{"@type":"BreadcrumbList","@id":"https:\/\/syndicom.ch\/it\/contratti-collettivi-di-lavoro-ccl\/#breadcrumb","itemListElement":[{"@type":"ListItem","position":1,"name":"Pagina iniziale","item":"https:\/\/syndicom.ch\/it\/"},{"@type":"ListItem","position":2,"name":"Contratti collettivi di lavoro &#8211; CCL"}]},{"@type":"WebSite","@id":"https:\/\/syndicom.ch\/it\/#website","url":"https:\/\/syndicom.ch\/it\/","name":"syndicom","description":"","publisher":{"@id":"https:\/\/syndicom.ch\/it\/#organization"},"potentialAction":[{"@type":"SearchAction","target":{"@type":"EntryPoint","urlTemplate":"https:\/\/syndicom.ch\/it\/?s={search_term_string}"},"query-input":{"@type":"PropertyValueSpecification","valueRequired":true,"valueName":"search_term_string"}}],"inLanguage":"it-IT"},{"@type":"Organization","@id":"https:\/\/syndicom.ch\/it\/#organization","name":"syndicom","url":"https:\/\/syndicom.ch\/it\/","logo":{"@type":"ImageObject","inLanguage":"it-IT","@id":"https:\/\/syndicom.ch\/it\/#\/schema\/logo\/image\/","url":"https:\/\/syndicom.ch\/app\/uploads\/2024\/06\/logo.svg","contentUrl":"https:\/\/syndicom.ch\/app\/uploads\/2024\/06\/logo.svg","width":297,"height":51,"caption":"syndicom"},"image":{"@id":"https:\/\/syndicom.ch\/it\/#\/schema\/logo\/image\/"}}]}},"_links":{"self":[{"href":"https:\/\/syndicom.ch\/it\/wp-json\/wp\/v2\/pages\/8027","targetHints":{"allow":["GET"]}}],"collection":[{"href":"https:\/\/syndicom.ch\/it\/wp-json\/wp\/v2\/pages"}],"about":[{"href":"https:\/\/syndicom.ch\/it\/wp-json\/wp\/v2\/types\/page"}],"author":[{"embeddable":true,"href":"https:\/\/syndicom.ch\/it\/wp-json\/wp\/v2\/users\/2"}],"replies":[{"embeddable":true,"href":"https:\/\/syndicom.ch\/it\/wp-json\/wp\/v2\/comments?post=8027"}],"version-history":[{"count":102,"href":"https:\/\/syndicom.ch\/it\/wp-json\/wp\/v2\/pages\/8027\/revisions"}],"predecessor-version":[{"id":55519,"href":"https:\/\/syndicom.ch\/it\/wp-json\/wp\/v2\/pages\/8027\/revisions\/55519"}],"wp:attachment":[{"href":"https:\/\/syndicom.ch\/it\/wp-json\/wp\/v2\/media?parent=8027"}],"wp:term":[{"taxonomy":"category","embeddable":true,"href":"https:\/\/syndicom.ch\/it\/wp-json\/wp\/v2\/categories?post=8027"}],"curies":[{"name":"wp","href":"https:\/\/api.w.org\/{rel}","templated":true}]}}